{"id":6439,"date":"2016-04-12T09:06:42","date_gmt":"2016-04-12T07:06:42","guid":{"rendered":"http:\/\/740jw955i52c.brive.org\/?page_id=6439"},"modified":"2024-10-02T16:56:42","modified_gmt":"2024-10-02T14:56:42","slug":"fourriere-automobile","status":"publish","type":"page","link":"http:\/\/740jw955i52c.brive.org\/index.php\/fourriere-automobile\/","title":{"rendered":"Fourri\u00e8re automobile"},"content":{"rendered":"<p>[vc_row][vc_column]<div class=\"uxb-exte\"><h3 class=\"   has-line   uxb-heading\">Mise en fourri\u00e8re d'un v\u00e9hicule<\/h3><\/div>[vc_column_text]<\/p>\n<p>La mise en fourri\u00e8re d&#8217;un v\u00e9hicule peut \u00eatre d\u00e9cid\u00e9e afin de pr\u00e9server notamment la s\u00e9curit\u00e9 des usagers de la route, la protection des sites ou la tranquillit\u00e9 publique. Elle doit respecter les r\u00e8gles relatives \u00e0 la comp\u00e9tence de la personne qui prend la d\u00e9cision et au d\u00e9roulement de la proc\u00e9dure. Des sanctions sont pr\u00e9vues en cas de tentatives d&#8217;emp\u00eachement de la proc\u00e9dure.<\/p>\n<p>[\/vc_column_text][\/vc_column][\/vc_row][vc_row][vc_column][vc_tta_accordion style=&#8221;outline&#8221; color=&#8221;sky&#8221; c_icon=&#8221;triangle&#8221; active_section=&#8221;&#8221; no_fill=&#8221;true&#8221; collapsible_all=&#8221;true&#8221;][vc_tta_section title=&#8221;Conditions de la mise en fourri\u00e8re&#8221; tab_id=&#8221;1550500378384-cce653a5-dc34&#8243;][vc_column_text]<strong>Cas de mise en fourri\u00e8re<\/strong><\/p>\n<p>Un v\u00e9hicule peut \u00eatre mis en fourri\u00e8re :<\/p>\n<ul class=\"spTexteListe\">\n<li class=\"spTexteListe\">en cas d&#8217;entrave \u00e0 la circulation,<\/li>\n<li class=\"spTexteListe\">pour stationnement irr\u00e9gulier, g\u00eanant, abusif ou dangereux,<\/li>\n<li class=\"spTexteListe\">pour d\u00e9faut de pr\u00e9sentation aux contr\u00f4les techniques ou de non-ex\u00e9cution des r\u00e9parations prescrites,<\/li>\n<li class=\"spTexteListe\">pour infraction \u00e0 la protection des sites et paysages class\u00e9s,<\/li>\n<li class=\"spTexteListe\">en cas de circulation dans les espaces naturels,<\/li>\n<li class=\"spTexteListe\">si l&#8217;infraction qui avait motiv\u00e9 l&#8217;immobilisation du v\u00e9hicule n&#8217;a pas cess\u00e9 dans les 48 heures suivantes.<\/li>\n<\/ul>\n<p>[\/vc_column_text][\/vc_tta_section][vc_tta_section title=&#8221;D\u00e9cision de mise en fourri\u00e8re&#8221; tab_id=&#8221;1550500378472-59b002b5-43e4&#8243;][vc_column_text]Dans tous les cas, la mise en fourri\u00e8re d&#8217;un v\u00e9hicule peut \u00eatre ordonn\u00e9e :<\/p>\n<ul>\n<li class=\"spTexteListe\">par un officier de police judiciaire ou un agent de police judiciaire adjoint (police nationale ou municipale, gendarmerie),<\/li>\n<li class=\"spTexteListe\">par le maire ou, \u00e0 Paris, par le Pr\u00e9fet de police en cas d&#8217;infraction \u00e0 la protection des sites et des paysages class\u00e9s.<\/li>\n<\/ul>\n<div class=\"spTexteSousChapitreNote\"><span class=\"bold\">Attention\u00a0:\u00a0<\/span>seul l&#8217;officier de police judiciaire est comp\u00e9tent lorsque le v\u00e9hicule a \u00e9t\u00e9 vol\u00e9 et\/ou que son propri\u00e9taire n&#8217;a pu \u00eatre identifi\u00e9 et\/ou lorsqu&#8217;il est muni de fausses plaques.<\/div>\n<div class=\"spTexteSousChapitre\">\n<p><strong>V\u00e9rification avant mise en fourri\u00e8re<\/strong><\/p>\n<p>Toute prescription de mise en fourri\u00e8re est pr\u00e9c\u00e9d\u00e9e d&#8217;une v\u00e9rification permettant de savoir si le v\u00e9hicule a \u00e9t\u00e9 vol\u00e9.Si tel est le cas, le propri\u00e9taire et son assureur sont imm\u00e9diatement inform\u00e9s de la d\u00e9couverte du v\u00e9hicule, qui est mis en fourri\u00e8re \u00e0 titre conservatoire.<\/p>\n<\/div>\n<p>[\/vc_column_text][\/vc_tta_section][vc_tta_section title=&#8221;Formalit\u00e9s requises pour la mise en fourri\u00e8re&#8221; tab_id=&#8221;1550500491122-b885edd5-2e77&#8243;][vc_column_text]L&#8217;officier de police judiciaire, ou l&#8217;agent de police judiciaire adjoint (chef de la police municipale), ou l&#8217;agent plac\u00e9 sous leur autorit\u00e9 :<\/p>\n<ul>\n<li>d\u00e9signe la fourri\u00e8re dans laquelle est transf\u00e9r\u00e9 le v\u00e9hicule,<\/li>\n<li>dresse, si possible contradictoirement en pr\u00e9sence du propri\u00e9taire ou du conducteur du v\u00e9hicule et du pr\u00e9pos\u00e9 \u00e0 l&#8217;enl\u00e8vement, un \u00e9tat sommaire du v\u00e9hicule au moyen d&#8217;une fiche descriptive,<\/li>\n<li>remet \u00e0 ce propri\u00e9taire ou ce conducteur, s&#8217;il est pr\u00e9sent, un double de la fiche relative \u00e0 l&#8217;\u00e9tat du v\u00e9hicule,<\/li>\n<li>relate sur le proc\u00e8s verbal de constatation ou le rapport les motifs de la mise en fourri\u00e8re,<\/li>\n<li>informe l&#8217;autorit\u00e9 dont rel\u00e8ve la fourri\u00e8re dans les plus brefs d\u00e9lais (le pr\u00e9fet, ou le pr\u00e9sident de conseil g\u00e9n\u00e9ral etc&#8230;). Il y fait mention du retrait provisoire du certificat d&#8217;immatriculation et de l&#8217;heure d&#8217;appel du v\u00e9hicule d&#8217;enl\u00e8vement.<\/li>\n<\/ul>\n<p>[\/vc_column_text][\/vc_tta_section][vc_tta_section title=&#8221;Mise en fourri\u00e8re&#8221; tab_id=&#8221;1550500527583-cca3df5a-7e39&#8243;][vc_column_text]<\/p>\n<div class=\"spTexteSousChapitre\">\n<p><strong>Commencement d&#8217;ex\u00e9cution de la mise en fourri\u00e8re<\/strong><\/p>\n<p class=\"spTexteParagraphe\">Si la personne int\u00e9ress\u00e9e arrive avant que l&#8217;enl\u00e8vement ne soit effectif, c&#8217;est \u00e0 dire\u00a0:<\/p>\n<ul class=\"spTexteListe\">\n<li class=\"spTexteListe\">\n<p class=\"spTexteParagraphe\">avant que 2 roues au moins du v\u00e9hicule aient quitt\u00e9 le sol quand il s&#8217;agit d&#8217;un transfert r\u00e9alis\u00e9 au moyen d&#8217;un v\u00e9hicule d&#8217;enl\u00e8vement,<\/p>\n<\/li>\n<li class=\"spTexteListe\">\n<p class=\"spTexteParagraphe\">avant le d\u00e9but du d\u00e9placement du v\u00e9hicule vers la fourri\u00e8re quel que soit le proc\u00e9d\u00e9 utilis\u00e9 \u00e0 cet effet,<\/p>\n<\/li>\n<\/ul>\n<p class=\"spTexteParagraphe\">le v\u00e9hicule ne sera pas envoy\u00e9 en fourri\u00e8re et la personne int\u00e9ress\u00e9e pourra le r\u00e9cup\u00e9rer.<\/p>\n<p class=\"spTexteParagraphe\">Lorsque l&#8217;enl\u00e8vement est effectif (commencement du d\u00e9placement vers la fourri\u00e8re), la personne int\u00e9ress\u00e9e peut \u00eatre autoris\u00e9e \u00e0 reprendre son v\u00e9hicule :<\/p>\n<ul class=\"spTexteListe\">\n<li class=\"spTexteListe\">\n<p class=\"spTexteParagraphe\">si elle r\u00e8gle les frais d&#8217;op\u00e9rations pr\u00e9alables \u00e0 la mise en fourri\u00e8re,<\/p>\n<\/li>\n<li class=\"spTexteListe\">\n<p class=\"spTexteParagraphe\">ou si elle s&#8217;engage par \u00e9crit \u00e0 les r\u00e9gler,<\/p>\n<\/li>\n<li class=\"spTexteListe\">\n<p class=\"spTexteParagraphe\">et si elle s&#8217;engage \u00e0 rendre imm\u00e9diatement son usage normal \u00e0 la voie publique.<\/p>\n<\/li>\n<\/ul>\n<\/div>\n<p>[\/vc_column_text][\/vc_tta_section][vc_tta_section title=&#8221;Enl\u00e8vement du v\u00e9hicule&#8221; tab_id=&#8221;1550500572635-2f2b5e56-34a9&#8243;][vc_column_text]<\/p>\n<p class=\"spTexteParagraphe\">Le v\u00e9hicule est g\u00e9n\u00e9ralement enlev\u00e9 par une soci\u00e9t\u00e9 de remorquage.<\/p>\n<p class=\"spTexteParagraphe\">Il peut toutefois \u00eatre conduit jusqu&#8217;\u00e0 la fourri\u00e8re :<\/p>\n<ul class=\"spTexteListe\">\n<li class=\"spTexteListe\">\n<p class=\"spTexteParagraphe\">par un officier de police judiciaire,<\/p>\n<\/li>\n<li class=\"spTexteListe\">\n<p class=\"spTexteParagraphe\">un agent de police judiciaire adjoint (chef de la police municipale),<\/p>\n<\/li>\n<li class=\"spTexteListe\">\n<p class=\"spTexteParagraphe\">un agent de police en tenue,<\/p>\n<\/li>\n<li class=\"spTexteListe\">\n<p class=\"spTexteParagraphe\">un gendarme habilit\u00e9,<\/p>\n<\/li>\n<li class=\"spTexteListe\">\n<p class=\"spTexteParagraphe\">ou par un tiers requis par eux, en leur pr\u00e9sence.<\/p>\n<\/li>\n<\/ul>\n<p class=\"spTexteParagraphe\">Le v\u00e9hicule sera gard\u00e9 dans une fourri\u00e8re cl\u00f4tur\u00e9e.<\/p>\n<p>[\/vc_column_text][\/vc_tta_section][vc_tta_section title=&#8221;Peines en cas d&#8217;entrave \u00e0 la mise en fourri\u00e8re du v\u00e9hicule&#8221; tab_id=&#8221;1550500609378-93eadabe-c4e8&#8243;][vc_column_text]<\/p>\n<p class=\"spTexteParagraphe\">Le fait, pour tout conducteur d&#8217;un v\u00e9hicule, de faire obstacle \u00e0 la mise en fourri\u00e8re de celui-ci est puni de :<\/p>\n<ul class=\"spTexteListe\">\n<li class=\"spTexteListe\">\n<p class=\"spTexteParagraphe\">3 mois d&#8217;emprisonnement,<\/p>\n<\/li>\n<li class=\"spTexteListe\">\n<p class=\"spTexteParagraphe\">et\u00a0 <span class=\"spTexteMontant\">3 750 <abbr title=\"Euros\">\u20ac<\/abbr><\/span> \u00a0d&#8217;amende.<\/p>\n<\/li>\n<\/ul>\n<p class=\"spTexteParagraphe\">Des peines compl\u00e9mentaires peuvent \u00eatre prononc\u00e9es.<\/p>\n<p>[\/vc_column_text][\/vc_tta_section][vc_tta_section title=&#8221;Recours&#8221; tab_id=&#8221;1550500642321-c7e59d61-f3e7&#8243;][vc_column_text]<\/p>\n<p class=\"spTexteParagraphe\">Si l&#8217;int\u00e9ress\u00e9 conteste l&#8217;envoi en fourri\u00e8re de son v\u00e9hicule, il doit s&#8217;adresser :<\/p>\n<ul class=\"spTexteListe\">\n<li class=\"spTexteListe\">\n<p class=\"spTexteParagraphe\">au procureur de la R\u00e9publique, au tribunal de grande instance du lieu d&#8217;enl\u00e8vement du v\u00e9hicule, lorsque la proc\u00e9dure est cons\u00e9cutive \u00e0 une infraction,<\/p>\n<\/li>\n<li class=\"spTexteListe\">\n<p class=\"spTexteParagraphe\">aupr\u00e8s du pr\u00e9fet du lieu d&#8217;enl\u00e8vement du v\u00e9hicule, dans les autres cas.<\/p>\n<\/li>\n<\/ul>\n<p class=\"spTexteParagraphe\">L&#8217;autorit\u00e9 comp\u00e9tente dispose d&#8217;un d\u00e9lai de 5 jours ouvrables pour confirmer la mise en fourri\u00e8re ou ordonner que le v\u00e9hicule soit rendu.<\/p>\n<p class=\"spTexteParagraphe\">Elle en informe sans d\u00e9lai l&#8217;auteur de la mise en fourri\u00e8re.<\/p>\n<p><strong>O\u00f9 s&#8217;adresser ?<\/strong><\/p>\n<div class=\"spPublicationPivotOSA\">\n<div class=\"spPublicationPivotOSATitle\">\n<p>Brigade de gendarmerie<\/p>\n<p>&#8211; Pour se renseigner (en cas de mise en fourri\u00e8re d&#8217;un v\u00e9hicule)<\/p>\n<\/div>\n<\/div>\n<div class=\"spPublicationPivotOSA\">\n<div class=\"spPublicationPivotOSATitle\">\n<p>Commissariat de police<\/p>\n<p>&#8211; Pour se renseigner (en cas de mise en fourri\u00e8re d&#8217;un v\u00e9hicule)<\/p>\n<\/div>\n<\/div>\n<p>[\/vc_column_text][\/vc_tta_section][\/vc_tta_accordion][\/vc_column][\/vc_row][vc_row][vc_column]<div class=\"uxb-exte\"><h3 class=\"   has-line   uxb-heading\">R\u00e9cup\u00e9ration d'un v\u00e9hicule mis en fourri\u00e8re<\/h3><\/div>[vc_column_text]<\/p>\n<p>Pour r\u00e9cup\u00e9rer votre v\u00e9hicule en fourri\u00e8re, vous devez respecter des d\u00e9lais qui varient suivant sa valeur, effectuer \u00e9ventuellement les r\u00e9parations demand\u00e9es et vous acquitter du montant des frais de garde.<\/p>\n<p>[\/vc_column_text][\/vc_column][\/vc_row][vc_row][vc_column][vc_tta_accordion style=&#8221;outline&#8221; color=&#8221;sky&#8221; c_icon=&#8221;triangle&#8221; active_section=&#8221;&#8221; no_fill=&#8221;true&#8221; collapsible_all=&#8221;true&#8221;][vc_tta_section title=&#8221;Notification de l&#8217;envoi en fourri\u00e8re&#8221; tab_id=&#8221;1550499836832-77fde8ae-27db&#8221;][vc_column_text]<\/p>\n<p class=\"spTexteParagraphe\">Le jour de l&#8217;enl\u00e8vement, si vous n&#8217;\u00e9tiez pas pr\u00e9sent au moment o\u00f9 votre v\u00e9hicule a \u00e9t\u00e9 enlev\u00e9, vous devez vous adresser au commissariat ou \u00e0 la gendarmerie la plus proche du lieu o\u00f9 il \u00e9tait gar\u00e9 pour savoir s&#8217;il a \u00e9t\u00e9 enlev\u00e9 et quelle est la fourri\u00e8re concern\u00e9e.<\/p>\n<p class=\"spTexteParagraphe\">Si vous \u00eates absent pendant plusieurs jours, la notification de la mise en fourri\u00e8re vous est envoy\u00e9e par lettre recommand\u00e9e avec accus\u00e9 de r\u00e9ception dans les 5 jours ouvrables suivant la mise en fourri\u00e8re.<\/p>\n<p class=\"spTexteParagraphe\">La notification doit mentionner :<\/p>\n<ul class=\"spTexteListe\">\n<li class=\"spTexteListe\">\n<p class=\"spTexteParagraphe\">l&#8217;autorit\u00e9 qui a d\u00e9cid\u00e9 la mise en fourri\u00e8re et l&#8217;adresse de la fourri\u00e8re ainsi que le motif de la sanction,<\/p>\n<\/li>\n<li class=\"spTexteListe\">\n<p class=\"spTexteParagraphe\">le classement du v\u00e9hicule (v\u00e9hicule pouvant \u00eatre restitu\u00e9 en l&#8217;\u00e9tat, v\u00e9hicule n\u00e9cessitant des travaux avant d&#8217;\u00eatre rendu d\u00e9finitivement, v\u00e9hicule \u00e0 d\u00e9truire apr\u00e8s expertise),<\/p>\n<\/li>\n<li class=\"spTexteListe\">\n<p class=\"spTexteParagraphe\">l&#8217;autorit\u00e9 qualifi\u00e9e pour permettre la restitution du v\u00e9hicule,<\/p>\n<\/li>\n<li class=\"spTexteListe\">\n<p class=\"spTexteParagraphe\">l&#8217;injonction de remettre la carte grise et les sanctions en cas de non-remise de celle-ci,<\/p>\n<\/li>\n<li class=\"spTexteListe\">\n<p class=\"spTexteParagraphe\">la mise en demeure de retirer son v\u00e9hicule et le d\u00e9lai maximum de ce retrait,<\/p>\n<\/li>\n<li class=\"spTexteListe\">\n<p class=\"spTexteParagraphe\">et l&#8217;avertissement qu&#8217;au del\u00e0 de ce d\u00e9lai, le v\u00e9hicule sera d\u00e9truit ou remis au service des Domaines, en vue de sa vente,<\/p>\n<\/li>\n<li class=\"spTexteListe\">\n<p class=\"spTexteParagraphe\">la nature et le montant des frais \u00e0 rembourser,<\/p>\n<\/li>\n<li class=\"spTexteListe\">\n<p class=\"spTexteParagraphe\">les voies de recours.<\/p>\n<\/li>\n<\/ul>\n<p class=\"spTexteParagraphe\">Il y est joint un double de la fiche descriptive de l&#8217;\u00e9tat du v\u00e9hicule, s&#8217;il n&#8217;a pas \u00e9t\u00e9 remis personnellement au moment de l&#8217;enl\u00e8vement, \u00e9tabli par l&#8217;agent verbalisateur avant l&#8217;enl\u00e8vement du v\u00e9hicule, sans que celui-ci ait \u00e9t\u00e9 ouvert.<\/p>\n<p>[\/vc_column_text][\/vc_tta_section][vc_tta_section title=&#8221;Formalit\u00e9s pour r\u00e9cup\u00e9rer votre v\u00e9hicule&#8221; tab_id=&#8221;1550499836900-199fec87-679f&#8221;][vc_column_text]<\/p>\n<p class=\"spTexteParagraphe\">Les formalit\u00e9s pour r\u00e9cup\u00e9rer votre v\u00e9hicule, que vous soyez le propri\u00e9taire ou le conducteur, d\u00e9pendent de la date \u00e0 laquelle vous vous pr\u00e9sentez \u00e0 la fourri\u00e8re et de l&#8217;\u00e9tat de votre v\u00e9hicule.<\/p>\n<p class=\"spTexteParagraphe\">Dans tous les cas, la mise en fourri\u00e8re prend fin par une d\u00e9cision de main-lev\u00e9e d\u00e9cid\u00e9e par l&#8217;autorit\u00e9 qui a ordonn\u00e9 la mise en fourri\u00e8re ou par l&#8217;officier de police judiciaire charg\u00e9 de son ex\u00e9cution.<\/p>\n<p>[\/vc_column_text][\/vc_tta_section][vc_tta_section tab_id=&#8221;1550499908337-d20aa358-609f&#8221; title=&#8221;R\u00e9cup\u00e9ration dans les 3 jours&#8221;][vc_column_text]<\/p>\n<p>Si vous vous pr\u00e9sentez dans les 3 jours apr\u00e8s la mise en fourri\u00e8re, vous pouvez r\u00e9cup\u00e9rer votre v\u00e9hicule et le certificat d&#8217;immatriculation s&#8217;il vous a \u00e9t\u00e9 retir\u00e9,sur simple demande et apr\u00e8s avoir acquitt\u00e9 les frais.<\/p>\n<p>[\/vc_column_text][\/vc_tta_section][vc_tta_section title=&#8221;R\u00e9cup\u00e9ration apr\u00e8s 3 jours&#8221; tab_id=&#8221;1550499965984-0928455b-042e&#8221;][vc_column_text]<\/p>\n<p class=\"spTexteParagraphe\">Si vous vous pr\u00e9sentez plus de 3 jours apr\u00e8s la mise en fourri\u00e8re, les formalit\u00e9s seront diff\u00e9rentes selon la cat\u00e9gorie dans laquelle votre v\u00e9hicule aura \u00e9t\u00e9 class\u00e9\u00a0:<\/p>\n<ul class=\"spTexteListe\">\n<li class=\"spTexteListe\">\n<p class=\"spTexteParagraphe\">v\u00e9hicule pouvant \u00eatre restitu\u00e9 en l&#8217;\u00e9tat \u00e0 son propri\u00e9taire ou conducteur,<\/p>\n<\/li>\n<li class=\"spTexteListe\">\n<p class=\"spTexteParagraphe\">v\u00e9hicule ne pouvant \u00eatre restitu\u00e9 \u00e0 son propri\u00e9taire ou conducteur qu&#8217;apr\u00e8s travaux indispensables ou contr\u00f4les techniques,<\/p>\n<\/li>\n<li class=\"spTexteListe\">\n<p class=\"spTexteParagraphe\">v\u00e9hicule hors d&#8217;\u00e9tat de circuler \u00e0 d\u00e9truire apr\u00e8s expertise.<\/p>\n<\/li>\n<\/ul>\n<p class=\"spTexteParagraphe\">Le classement dans la 2\u00e8me ou 3\u00e8me cat\u00e9gorie est d\u00e9cid\u00e9 apr\u00e8s avis d&#8217;un expert en automobile.<\/p>\n<table class=\"spTexteTableau\" summary=\"Tableau - \u00c9tat du v\u00e9hicule - Formalit\u00e9s pour le r\u00e9cup\u00e9rer\" cellspacing=\"0\">\n<tbody>\n<tr class=\"spTexteTableau\">\n<th class=\"spTexteTableau\">\n<p class=\"spTexteParagraphe\">\u00c9tat du v\u00e9hicule<\/p>\n<\/th>\n<th class=\"spTexteTableau\">\n<p class=\"spTexteParagraphe\">Formalit\u00e9s pour le r\u00e9cup\u00e9rer<\/p>\n<\/th>\n<\/tr>\n<tr class=\"spTexteTableau\">\n<td class=\"spTexteTableau\">\n<p class=\"spTexteParagraphe\">V\u00e9hicule en bon \u00e9tat<\/p>\n<\/td>\n<td class=\"spTexteTableau\">\n<p class=\"spTexteParagraphe\">Simple demande et r\u00e8glement des frais<\/p>\n<\/td>\n<\/tr>\n<tr class=\"spTexteTableau\">\n<td class=\"spTexteTableau\">\n<p class=\"spTexteParagraphe\">V\u00e9hicule n\u00e9cessitant des r\u00e9parations et\/ou un contr\u00f4le technique<\/p>\n<\/td>\n<td class=\"spTexteTableau\">\n<p class=\"spTexteParagraphe\">Demande et r\u00e8glement des frais accompagn\u00e9s\u00a0:<\/p>\n<ul class=\"spTexteListe\">\n<li class=\"spTexteListe\">\n<p class=\"spTexteParagraphe\">soit de la facture d\u00e9taill\u00e9e du r\u00e9parateur certifiant l&#8217;ex\u00e9cution des travaux reconnus indispensables par l&#8217;expert,<\/p>\n<\/li>\n<li class=\"spTexteListe\">\n<p class=\"spTexteParagraphe\">soit du r\u00e9c\u00e9piss\u00e9 d\u00e9livr\u00e9 par un centre de contr\u00f4le technique agr\u00e9\u00e9.<\/p>\n<\/li>\n<\/ul>\n<\/td>\n<\/tr>\n<\/tbody>\n<\/table>\n<p class=\"spTexteParagraphe\">Si votre v\u00e9hicule est consid\u00e9r\u00e9 comme hors d&#8217;\u00e9tat de circuler, vous pouvez demander une contre-expertise. Pour proc\u00e9der \u00e0 cette contre-expertise, une autorisation de sortie de fourri\u00e8re doit \u00eatre demand\u00e9e \u00e0 l&#8217;autorit\u00e9 dont rel\u00e8ve la fourri\u00e8re. Elle ne peut \u00eatre refus\u00e9e.<\/p>\n<p class=\"spTexteParagraphe\">Les frais d&#8217;expertise et de contre-expertise sont \u00e0 votre charge seulement si la contre-expertise confirme l&#8217;expertise.<\/p>\n<p class=\"spTexteParagraphe\">Selon sa valeur et son \u00e9tat, vous disposez de 10 \u00e0 30 jours pour r\u00e9cup\u00e9rer votre v\u00e9hicule. Ce d\u00e9lai commence \u00e0 courir <strong>un jour franc<\/strong> apr\u00e8s la date de notification.<\/p>\n<p class=\"spTexteParagraphe\">Pass\u00e9 ce d\u00e9lai, il est vendu par le service des Domaines (service de l&#8217;\u00c9tat) ou d\u00e9truit.<\/p>\n<p class=\"spTexteParagraphe\">Il y a transfert de propri\u00e9t\u00e9 du v\u00e9hicule :<\/p>\n<ul class=\"spTexteListe\">\n<li class=\"spTexteListe\">\n<p class=\"spTexteParagraphe\">soit le jour de sa prise en charge par le service des domaines,<\/p>\n<\/li>\n<li class=\"spTexteListe\">\n<p class=\"spTexteParagraphe\">soit le jour de sa remise \u00e0 la personne charg\u00e9e de sa destruction.<\/p>\n<\/li>\n<\/ul>\n<p>[\/vc_column_text][\/vc_tta_section][vc_tta_section title=&#8221;Frais occasionn\u00e9s&#8221; tab_id=&#8221;1550500005188-bc40636e-c98f&#8221;][vc_column_text]Pour que le gardien de la fourri\u00e8re puisse vous restituer votre v\u00e9hicule, tous les frais de fourri\u00e8re doivent \u00eatre pay\u00e9s, en plus de l&#8217;amende li\u00e9e \u00e0 l&#8217;infraction initiale.<\/p>\n<p>Les tarifs varient en fonction\u00a0:<\/p>\n<ul class=\"spTexteListe\">\n<li class=\"spTexteListe\">du nombre d&#8217;habitants de la commune,<\/li>\n<li class=\"spTexteListe\">du nombre d&#8217;enl\u00e8vements de v\u00e9hicules par ann\u00e9e,<\/li>\n<li class=\"spTexteListe\">de la longueur de voirie publique,<\/li>\n<li class=\"spTexteListe\">du nombre de places de stationnement, gratuites et payantes.<\/li>\n<\/ul>\n<p>Consulter le tableau \u00ab <a class=\"spTexteLienExterne\" title=\"Montants maxima des diff\u00e9rents frais de fourri\u00e8re - http:\/\/vosdroits.service-public.fr\/particuliers\/F12918.xhtml (nouvelle fen\u00eatre) \" href=\"http:\/\/vosdroits.service-public.fr\/particuliers\/F12918.xhtml\" target=\"_blank\" rel=\"nofollow noopener noreferrer\">Montants maxima des diff\u00e9rents frais de fourri\u00e8re<\/a> \u00bb<\/p>\n<div class=\"spTexteSousChapitre\">\n<div class=\"spTexteSousChapitreNote\"><span class=\"bold\">Attention\u00a0:\u00a0<\/span> si le v\u00e9hicule est vendu, vous devrez r\u00e9gler les frais de vente du v\u00e9hicule.<\/div>\n<\/div>\n<p>[\/vc_column_text][\/vc_tta_section][\/vc_tta_accordion][\/vc_column][\/vc_row]<\/p>\n","protected":false},"excerpt":{"rendered":"<p>[vc_row][vc_column][vc_column_text] La mise en fourri\u00e8re d&#8217;un v\u00e9hicule peut \u00eatre d\u00e9cid\u00e9e afin de pr\u00e9server notamment la s\u00e9curit\u00e9 des usagers de la route, la protection des sites ou la tranquillit\u00e9 publique. Elle &#8230; <\/p>\n","protected":false},"author":3,"featured_media":0,"parent":0,"menu_order":0,"comment_status":"closed","ping_status":"closed","template":"","meta":[],"yoast_head":"<!-- This site is optimized with the Yoast SEO plugin v17.8 - https:\/\/yoast.com\/wordpress\/plugins\/seo\/ -->\n<title>Fourri\u00e8re automobile - Ville de Brive<\/title>\n<meta name=\"robots\" content=\"index, follow, max-snippet:-1, max-image-preview:large, max-video-preview:-1\" \/>\n<link rel=\"canonical\" href=\"http:\/\/740jw955i52c.brive.org\/index.php\/fourriere-automobile\/\" \/>\n<meta property=\"og:locale\" content=\"fr_FR\" \/>\n<meta property=\"og:type\" content=\"article\" \/>\n<meta property=\"og:title\" content=\"Fourri\u00e8re automobile - Ville de Brive\" \/>\n<meta property=\"og:description\" content=\"[vc_row][vc_column][vc_column_text] La mise en fourri\u00e8re d&#8217;un v\u00e9hicule peut \u00eatre d\u00e9cid\u00e9e afin de pr\u00e9server notamment la s\u00e9curit\u00e9 des usagers de la route, la protection des sites ou la tranquillit\u00e9 publique. Elle ...\" \/>\n<meta property=\"og:url\" content=\"http:\/\/740jw955i52c.brive.org\/index.php\/fourriere-automobile\/\" \/>\n<meta property=\"og:site_name\" content=\"Ville de Brive\" \/>\n<meta property=\"article:modified_time\" content=\"2024-10-02T14:56:42+00:00\" \/>\n<meta name=\"twitter:card\" content=\"summary_large_image\" \/>\n<meta name=\"twitter:label1\" content=\"Dur\u00e9e de lecture estim\u00e9e\" \/>\n\t<meta name=\"twitter:data1\" content=\"11 minutes\" \/>\n<script type=\"application\/ld+json\" class=\"yoast-schema-graph\">{\"@context\":\"https:\/\/schema.org\",\"@graph\":[{\"@type\":\"WebSite\",\"@id\":\"http:\/\/740jw955i52c.brive.org\/#website\",\"url\":\"http:\/\/740jw955i52c.brive.org\/\",\"name\":\"Ville de Brive\",\"description\":\"Bienvenue sur le site de la ville de Brive-la-Gaillarde. Vous y trouverez l&#039;actualit\\u00e9 de la commune, des informations pratiques et vos d\\u00e9marches administratives.\",\"potentialAction\":[{\"@type\":\"SearchAction\",\"target\":{\"@type\":\"EntryPoint\",\"urlTemplate\":\"http:\/\/740jw955i52c.brive.org\/?s={search_term_string}\"},\"query-input\":\"required name=search_term_string\"}],\"inLanguage\":\"fr-FR\"},{\"@type\":\"WebPage\",\"@id\":\"http:\/\/740jw955i52c.brive.org\/index.php\/fourriere-automobile\/#webpage\",\"url\":\"http:\/\/740jw955i52c.brive.org\/index.php\/fourriere-automobile\/\",\"name\":\"Fourri\\u00e8re automobile - Ville de Brive\",\"isPartOf\":{\"@id\":\"http:\/\/740jw955i52c.brive.org\/#website\"},\"datePublished\":\"2016-04-12T07:06:42+00:00\",\"dateModified\":\"2024-10-02T14:56:42+00:00\",\"breadcrumb\":{\"@id\":\"http:\/\/740jw955i52c.brive.org\/index.php\/fourriere-automobile\/#breadcrumb\"},\"inLanguage\":\"fr-FR\",\"potentialAction\":[{\"@type\":\"ReadAction\",\"target\":[\"http:\/\/740jw955i52c.brive.org\/index.php\/fourriere-automobile\/\"]}]},{\"@type\":\"BreadcrumbList\",\"@id\":\"http:\/\/740jw955i52c.brive.org\/index.php\/fourriere-automobile\/#breadcrumb\",\"itemListElement\":[{\"@type\":\"ListItem\",\"position\":1,\"name\":\"Accueil\",\"item\":\"http:\/\/740jw955i52c.brive.org\/\"},{\"@type\":\"ListItem\",\"position\":2,\"name\":\"Fourri\\u00e8re automobile\"}]}]}<\/script>\n<!-- \/ Yoast SEO plugin. -->","yoast_head_json":{"title":"Fourri\u00e8re automobile - Ville de Brive","robots":{"index":"index","follow":"follow","max-snippet":"max-snippet:-1","max-image-preview":"max-image-preview:large","max-video-preview":"max-video-preview:-1"},"canonical":"http:\/\/740jw955i52c.brive.org\/index.php\/fourriere-automobile\/","og_locale":"fr_FR","og_type":"article","og_title":"Fourri\u00e8re automobile - Ville de Brive","og_description":"[vc_row][vc_column][vc_column_text] La mise en fourri\u00e8re d&#8217;un v\u00e9hicule peut \u00eatre d\u00e9cid\u00e9e afin de pr\u00e9server notamment la s\u00e9curit\u00e9 des usagers de la route, la protection des sites ou la tranquillit\u00e9 publique. Elle ...","og_url":"http:\/\/740jw955i52c.brive.org\/index.php\/fourriere-automobile\/","og_site_name":"Ville de Brive","article_modified_time":"2024-10-02T14:56:42+00:00","twitter_card":"summary_large_image","twitter_misc":{"Dur\u00e9e de lecture estim\u00e9e":"11 minutes"},"schema":{"@context":"https:\/\/schema.org","@graph":[{"@type":"WebSite","@id":"http:\/\/740jw955i52c.brive.org\/#website","url":"http:\/\/740jw955i52c.brive.org\/","name":"Ville de Brive","description":"Bienvenue sur le site de la ville de Brive-la-Gaillarde. Vous y trouverez l&#039;actualit\u00e9 de la commune, des informations pratiques et vos d\u00e9marches administratives.","potentialAction":[{"@type":"SearchAction","target":{"@type":"EntryPoint","urlTemplate":"http:\/\/740jw955i52c.brive.org\/?s={search_term_string}"},"query-input":"required name=search_term_string"}],"inLanguage":"fr-FR"},{"@type":"WebPage","@id":"http:\/\/740jw955i52c.brive.org\/index.php\/fourriere-automobile\/#webpage","url":"http:\/\/740jw955i52c.brive.org\/index.php\/fourriere-automobile\/","name":"Fourri\u00e8re automobile - Ville de Brive","isPartOf":{"@id":"http:\/\/740jw955i52c.brive.org\/#website"},"datePublished":"2016-04-12T07:06:42+00:00","dateModified":"2024-10-02T14:56:42+00:00","breadcrumb":{"@id":"http:\/\/740jw955i52c.brive.org\/index.php\/fourriere-automobile\/#breadcrumb"},"inLanguage":"fr-FR","potentialAction":[{"@type":"ReadAction","target":["http:\/\/740jw955i52c.brive.org\/index.php\/fourriere-automobile\/"]}]},{"@type":"BreadcrumbList","@id":"http:\/\/740jw955i52c.brive.org\/index.php\/fourriere-automobile\/#breadcrumb","itemListElement":[{"@type":"ListItem","position":1,"name":"Accueil","item":"http:\/\/740jw955i52c.brive.org\/"},{"@type":"ListItem","position":2,"name":"Fourri\u00e8re automobile"}]}]}},"_links":{"self":[{"href":"http:\/\/740jw955i52c.brive.org\/index.php\/wp-json\/wp\/v2\/pages\/6439"}],"collection":[{"href":"http:\/\/740jw955i52c.brive.org\/index.php\/wp-json\/wp\/v2\/pages"}],"about":[{"href":"http:\/\/740jw955i52c.brive.org\/index.php\/wp-json\/wp\/v2\/types\/page"}],"author":[{"embeddable":true,"href":"http:\/\/740jw955i52c.brive.org\/index.php\/wp-json\/wp\/v2\/users\/3"}],"replies":[{"embeddable":true,"href":"http:\/\/740jw955i52c.brive.org\/index.php\/wp-json\/wp\/v2\/comments?post=6439"}],"version-history":[{"count":15,"href":"http:\/\/740jw955i52c.brive.org\/index.php\/wp-json\/wp\/v2\/pages\/6439\/revisions"}],"predecessor-version":[{"id":38929,"href":"http:\/\/740jw955i52c.brive.org\/index.php\/wp-json\/wp\/v2\/pages\/6439\/revisions\/38929"}],"wp:attachment":[{"href":"http:\/\/740jw955i52c.brive.org\/index.php\/wp-json\/wp\/v2\/media?parent=6439"}],"curies":[{"name":"wp","href":"https:\/\/api.w.org\/{rel}","templated":true}]}}