{"id":616,"date":"2015-10-06T10:12:16","date_gmt":"2015-10-06T08:12:16","guid":{"rendered":"http:\/\/740jw955i52c.brive.org?page_id=616"},"modified":"2021-09-20T10:31:14","modified_gmt":"2021-09-20T08:31:14","slug":"les-aides","status":"publish","type":"page","link":"http:\/\/740jw955i52c.brive.org\/index.php\/les-aides\/","title":{"rendered":"Les aides"},"content":{"rendered":"<p>[vc_row][vc_column][vc_empty_space height=&#8221;42px&#8221;][\/vc_column][\/vc_row][vc_row css=&#8221;.vc_custom_1503318951866{background-color: #f2f2f2 !important;}&#8221;][vc_column width=&#8221;2\/3&#8243;]<div class=\"uxb-exte\"><h4 class=\"   has-line   uxb-heading\">L'aide L\u00e9gale<\/h4><\/div>[vc_column_text]L\u2019aide l\u00e9gale regroupe l\u2019ensemble des d\u00e9cisions minist\u00e9rielles relatives \u00e0 l\u2019aide sociale et dont les dossiers sont instruits dans n\u2019importe quelle commune de France.<\/p>\n<p>Elle comprend :<br \/>\n&#8211; l\u2019<strong>Allocation Personnalis\u00e9e \u00e0 l\u2019Autonomie<\/strong>, les prestations MDPH, l\u2019ASPA, la CMU, l\u2019ACS.<br \/>\n&#8211; la d\u00e9livrance des<strong> cartes d\u2019invalidit\u00e9<\/strong> et de <strong>stationnement<\/strong>,<br \/>\n&#8211; les <strong>aides m\u00e9nag\u00e8res<\/strong>,<br \/>\n&#8211; les dossiers d\u2019inscription en <strong>centres d\u2019h\u00e9bergement<\/strong>, en <strong>foyers<\/strong> <strong>occupationnels<\/strong>, et en <strong>famille d\u2019accueil<\/strong>.<br \/>\n&#8211; les dossiers de <strong>fonds d\u2019aide aux jeunes<\/strong>, r\u00e9serv\u00e9s aux 18\/25 ans.<br \/>\n&#8211; le <strong>Fonds Social Logement<\/strong>.<br \/>\n&#8211; le <strong>Fonds d\u2019aide aux impay\u00e9s d\u2019\u00e9nergie.<\/strong><\/p>\n<p>Tous ces dossiers sont ensuite transmis aux commissions du Conseil G\u00e9n\u00e9ral pour examen.<br \/>\nSeul le Conseil D\u00e9partemental est habilit\u00e9 \u00e0 donner son accord pour ces dossiers.[\/vc_column_text][\/vc_column][vc_column width=&#8221;1\/3&#8243;][vc_single_image image=&#8221;12170&#8243;][\/vc_column][\/vc_row][vc_row css=&#8221;.vc_custom_1503318973650{background-color: #f2f2f2 !important;}&#8221;][vc_column width=&#8221;2\/3&#8243;]<div class=\"uxb-exte\"><h4 class=\"   has-line   uxb-heading\">L'aide Facultative<\/h4><\/div>[vc_column_text]Elle concerne tous les services, qui par d\u00e9cision du Conseil d\u2019Administration, ont \u00e9t\u00e9 cr\u00e9\u00e9s \u00e0 Brive.<br \/>\nIl s\u2019agit donc d\u2019<strong>initiatives locales<\/strong>, propres \u00e0 la commune, destin\u00e9es \u00e0 <strong>aider dans le long terme les personnes en difficult\u00e9<\/strong> et \u00e0 intervenir ponctuellement pour favoriser la r\u00e9solution d\u2019un probl\u00e8me pr\u00e9cis.[\/vc_column_text][vc_accordion active_tab=&#8221;false&#8221; collapsible=&#8221;yes&#8221; use_as=&#8221;toggle&#8221; active_section=&#8221;1&#8243; expanded=&#8221;false&#8221;][vc_accordion_tab title=&#8221;Aides financi\u00e8res&#8221;][vc_column_text]<\/p>\n<p>Des aides ponctuelles peuvent \u00eatre accord\u00e9es par le biais de \u00ab prestations en esp\u00e8ces, remboursables ou non, et de prestations en nature \u00bb (article R.123-2 du CASF) pour les personnes brivistes qui rencontrent des difficult\u00e9s.<\/p>\n<p>[\/vc_column_text][\/vc_accordion_tab][vc_accordion_tab title=&#8221;Ch\u00e8ques taxi&#8221;][vc_column_text]<\/p>\n<p>Des ch\u00e8ques taxi sont d\u00e9livr\u00e9s par une commission du CCAS et permettent aux plus de 60 ans et aux personnes handicap\u00e9es dont l\u2019\u00e9tat de sant\u00e9 ne permet pas de prendre les transports en commun de pouvoir se d\u00e9placer en taxi. La d\u00e9livrance et le nombre de ces coupons sont soumis \u00e0 des conditions de ressources.<\/p>\n<p>[\/vc_column_text][\/vc_accordion_tab][vc_accordion_tab title=&#8221;Cartes bus&#8221;][vc_column_text]<\/p>\n<div id=\"ui-id-18\" class=\"ui-accordion-content ui-helper-reset ui-widget-content ui-corner-bottom ui-accordion-content-active\">\n<div class=\"wpb_text_column wpb_content_element \">\n<div class=\"wpb_wrapper\">\n<p>La carte bus est attribu\u00e9e aux demandeurs en recherche active d\u2019emploi sous conditions de ressources. La demande est instruite par les agents d\u2019accueil du CCAS, sur pr\u00e9sentation de justificatifs de ressources des trois derniers mois ainsi que des preuves de recherche d\u2019emploi.<\/p>\n<p>Toute personne retrait\u00e9e et non-imposable peut aussi b\u00e9n\u00e9ficier de carnets de bus qui lui donne droit au transport en commun gratuit.<\/p>\n<\/div>\n<\/div>\n<\/div>\n<p>[\/vc_column_text][\/vc_accordion_tab][vc_accordion_tab title=&#8221;Pass sport&#8221;][vc_column_text]Le P<strong>ass sport<\/strong> est un dispositif qui vise \u00e0 aider les brivistes ayant des revenus modestes \u00e0 acc\u00e9der \u00e0 une activit\u00e9 sportive avec une prise en charge du co\u00fbt de la licence et de la cotisation en fonction des ressources et dans un plafond de 80 euros.<\/p>\n<blockquote>\n<ul>\n<li><strong><a href=\"http:\/\/740jw955i52c.brive.org\/wp-content\/uploads\/2021\/09\/Pass-sport-2021-22-Presentation.pdf\">Pass sport 2021-22 Pr\u00e9sentation<\/a><\/strong><\/li>\n<li><a href=\"http:\/\/740jw955i52c.brive.org\/wp-content\/uploads\/2021\/09\/Pass-sport-2021-22-Renseignements.pdf\">Pass sport 2021-22 Renseignements<\/a><\/li>\n<li><a href=\"http:\/\/740jw955i52c.brive.org\/wp-content\/uploads\/2021\/09\/Pass-sport-2021-22-attestation-club.pdf\">Pass sport 2021-22 attestation club<\/a><\/li>\n<\/ul>\n<\/blockquote>\n<p>[\/vc_column_text][\/vc_accordion_tab][vc_accordion_tab title=&#8221;Domiciliation&#8221;][vc_column_text]<\/p>\n<p>La domiciliation ouvre la possibilit\u00e9, aux personnes qui ne peuvent pas d\u00e9clarer de domicile ou d\u2019adresse, d\u2019acc\u00e9der \u00e0 des droits et prestations. La demande d\u2019\u00e9lection se fait suite \u00e0 un entretien avec un travailleur social et est valid\u00e9e par le Pr\u00e9sident du CCAS ou par la vice-pr\u00e9sidence.<\/p>\n<p>[\/vc_column_text][\/vc_accordion_tab][vc_accordion_tab title=&#8221;S&#8217;ins\u00e9rer en d\u00e9m\u00e9nageant&#8221;][vc_column_text]<\/p>\n<p>Cette action permet de rendre le d\u00e9m\u00e9nagement accessible \u00e0 tous. Le co\u00fbt du d\u00e9m\u00e9nagement, qui est moindre, est assur\u00e9 par le b\u00e9n\u00e9ficiaire, une prise en charge partielle ou totale par le CCAS peut intervenir en fonction des ressources et charges de l\u2019int\u00e9ress\u00e9. Cette action s\u2019articule autour d\u2019un partenariat avec le Secours populaire et la Structure d\u2019insertion par l\u2019activit\u00e9 \u00e9conomique et sociale, le Point Travail Service (PTS).<\/p>\n<p>[\/vc_column_text][\/vc_accordion_tab][\/vc_accordion][vc_separator color=&#8221;white&#8221;][\/vc_column][vc_column width=&#8221;1\/3&#8243;][vc_single_image image=&#8221;44288&#8243;][\/vc_column][\/vc_row][vc_row][vc_column width=&#8221;1\/2&#8243;][vc_btn title=&#8221;Retour Social&#8221; style=&#8221;classic&#8221; shape=&#8221;rounded&#8221; size=&#8221;sm&#8221; align=&#8221;left&#8221; link=&#8221;url:http%3A%2F%2F740jw955i52c.brive.org%2Findex.php%2Fsocial%2F||&#8221;][\/vc_column][vc_column width=&#8221;1\/2&#8243;][vc_btn title=&#8221;Retour S\u00e9niors&#8221; style=&#8221;classic&#8221; shape=&#8221;rounded&#8221; size=&#8221;sm&#8221; align=&#8221;right&#8221; link=&#8221;url:http%3A%2F%2F740jw955i52c.brive.org%2Findex.php%2Faccueil%2Fseniors%2F|title:s%C3%A9niors|&#8221;][\/vc_column][\/vc_row]<\/p>\n","protected":false},"excerpt":{"rendered":"<p>[vc_row][vc_column][vc_empty_space height=&#8221;42px&#8221;][\/vc_column][\/vc_row][vc_row css=&#8221;.vc_custom_1503318951866{background-color: #f2f2f2 !important;}&#8221;][vc_column width=&#8221;2\/3&#8243;][vc_column_text]L\u2019aide l\u00e9gale regroupe l\u2019ensemble des d\u00e9cisions minist\u00e9rielles relatives \u00e0 l\u2019aide sociale et dont les dossiers sont instruits dans n\u2019importe quelle commune de France. Elle comprend &#8230; <\/p>\n","protected":false},"author":3,"featured_media":0,"parent":0,"menu_order":0,"comment_status":"closed","ping_status":"closed","template":"","meta":[],"yoast_head":"<!-- This site is optimized with the Yoast SEO plugin v17.8 - https:\/\/yoast.com\/wordpress\/plugins\/seo\/ -->\n<title>Les aides - Ville de Brive<\/title>\n<meta name=\"robots\" content=\"index, follow, max-snippet:-1, max-image-preview:large, max-video-preview:-1\" \/>\n<link rel=\"canonical\" href=\"http:\/\/740jw955i52c.brive.org\/index.php\/les-aides\/\" \/>\n<meta property=\"og:locale\" content=\"fr_FR\" \/>\n<meta property=\"og:type\" content=\"article\" \/>\n<meta property=\"og:title\" content=\"Les aides - Ville de Brive\" \/>\n<meta property=\"og:description\" content=\"[vc_row][vc_column][vc_empty_space height=&#8221;42px&#8221;][\/vc_column][\/vc_row][vc_row css=&#8221;.vc_custom_1503318951866{background-color: #f2f2f2 !important;}&#8221;][vc_column width=&#8221;2\/3&#8243;][vc_column_text]L\u2019aide l\u00e9gale regroupe l\u2019ensemble des d\u00e9cisions minist\u00e9rielles relatives \u00e0 l\u2019aide sociale et dont les dossiers sont instruits dans n\u2019importe quelle commune de France. Elle comprend ...\" \/>\n<meta property=\"og:url\" content=\"http:\/\/740jw955i52c.brive.org\/index.php\/les-aides\/\" \/>\n<meta property=\"og:site_name\" content=\"Ville de Brive\" \/>\n<meta property=\"article:modified_time\" content=\"2021-09-20T08:31:14+00:00\" \/>\n<meta name=\"twitter:card\" content=\"summary_large_image\" \/>\n<meta name=\"twitter:label1\" content=\"Dur\u00e9e de lecture estim\u00e9e\" \/>\n\t<meta name=\"twitter:data1\" content=\"4 minutes\" \/>\n<script type=\"application\/ld+json\" class=\"yoast-schema-graph\">{\"@context\":\"https:\/\/schema.org\",\"@graph\":[{\"@type\":\"WebSite\",\"@id\":\"http:\/\/740jw955i52c.brive.org\/#website\",\"url\":\"http:\/\/740jw955i52c.brive.org\/\",\"name\":\"Ville de Brive\",\"description\":\"Bienvenue sur le site de la ville de Brive-la-Gaillarde. Vous y trouverez l&#039;actualit\\u00e9 de la commune, des informations pratiques et vos d\\u00e9marches administratives.\",\"potentialAction\":[{\"@type\":\"SearchAction\",\"target\":{\"@type\":\"EntryPoint\",\"urlTemplate\":\"http:\/\/740jw955i52c.brive.org\/?s={search_term_string}\"},\"query-input\":\"required name=search_term_string\"}],\"inLanguage\":\"fr-FR\"},{\"@type\":\"WebPage\",\"@id\":\"http:\/\/740jw955i52c.brive.org\/index.php\/les-aides\/#webpage\",\"url\":\"http:\/\/740jw955i52c.brive.org\/index.php\/les-aides\/\",\"name\":\"Les aides - Ville de Brive\",\"isPartOf\":{\"@id\":\"http:\/\/740jw955i52c.brive.org\/#website\"},\"datePublished\":\"2015-10-06T08:12:16+00:00\",\"dateModified\":\"2021-09-20T08:31:14+00:00\",\"breadcrumb\":{\"@id\":\"http:\/\/740jw955i52c.brive.org\/index.php\/les-aides\/#breadcrumb\"},\"inLanguage\":\"fr-FR\",\"potentialAction\":[{\"@type\":\"ReadAction\",\"target\":[\"http:\/\/740jw955i52c.brive.org\/index.php\/les-aides\/\"]}]},{\"@type\":\"BreadcrumbList\",\"@id\":\"http:\/\/740jw955i52c.brive.org\/index.php\/les-aides\/#breadcrumb\",\"itemListElement\":[{\"@type\":\"ListItem\",\"position\":1,\"name\":\"Accueil\",\"item\":\"http:\/\/740jw955i52c.brive.org\/\"},{\"@type\":\"ListItem\",\"position\":2,\"name\":\"Les aides\"}]}]}<\/script>\n<!-- \/ Yoast SEO plugin. -->","yoast_head_json":{"title":"Les aides - Ville de Brive","robots":{"index":"index","follow":"follow","max-snippet":"max-snippet:-1","max-image-preview":"max-image-preview:large","max-video-preview":"max-video-preview:-1"},"canonical":"http:\/\/740jw955i52c.brive.org\/index.php\/les-aides\/","og_locale":"fr_FR","og_type":"article","og_title":"Les aides - Ville de Brive","og_description":"[vc_row][vc_column][vc_empty_space height=&#8221;42px&#8221;][\/vc_column][\/vc_row][vc_row css=&#8221;.vc_custom_1503318951866{background-color: #f2f2f2 !important;}&#8221;][vc_column width=&#8221;2\/3&#8243;][vc_column_text]L\u2019aide l\u00e9gale regroupe l\u2019ensemble des d\u00e9cisions minist\u00e9rielles relatives \u00e0 l\u2019aide sociale et dont les dossiers sont instruits dans n\u2019importe quelle commune de France. Elle comprend ...","og_url":"http:\/\/740jw955i52c.brive.org\/index.php\/les-aides\/","og_site_name":"Ville de Brive","article_modified_time":"2021-09-20T08:31:14+00:00","twitter_card":"summary_large_image","twitter_misc":{"Dur\u00e9e de lecture estim\u00e9e":"4 minutes"},"schema":{"@context":"https:\/\/schema.org","@graph":[{"@type":"WebSite","@id":"http:\/\/740jw955i52c.brive.org\/#website","url":"http:\/\/740jw955i52c.brive.org\/","name":"Ville de Brive","description":"Bienvenue sur le site de la ville de Brive-la-Gaillarde. Vous y trouverez l&#039;actualit\u00e9 de la commune, des informations pratiques et vos d\u00e9marches administratives.","potentialAction":[{"@type":"SearchAction","target":{"@type":"EntryPoint","urlTemplate":"http:\/\/740jw955i52c.brive.org\/?s={search_term_string}"},"query-input":"required name=search_term_string"}],"inLanguage":"fr-FR"},{"@type":"WebPage","@id":"http:\/\/740jw955i52c.brive.org\/index.php\/les-aides\/#webpage","url":"http:\/\/740jw955i52c.brive.org\/index.php\/les-aides\/","name":"Les aides - Ville de Brive","isPartOf":{"@id":"http:\/\/740jw955i52c.brive.org\/#website"},"datePublished":"2015-10-06T08:12:16+00:00","dateModified":"2021-09-20T08:31:14+00:00","breadcrumb":{"@id":"http:\/\/740jw955i52c.brive.org\/index.php\/les-aides\/#breadcrumb"},"inLanguage":"fr-FR","potentialAction":[{"@type":"ReadAction","target":["http:\/\/740jw955i52c.brive.org\/index.php\/les-aides\/"]}]},{"@type":"BreadcrumbList","@id":"http:\/\/740jw955i52c.brive.org\/index.php\/les-aides\/#breadcrumb","itemListElement":[{"@type":"ListItem","position":1,"name":"Accueil","item":"http:\/\/740jw955i52c.brive.org\/"},{"@type":"ListItem","position":2,"name":"Les aides"}]}]}},"_links":{"self":[{"href":"http:\/\/740jw955i52c.brive.org\/index.php\/wp-json\/wp\/v2\/pages\/616"}],"collection":[{"href":"http:\/\/740jw955i52c.brive.org\/index.php\/wp-json\/wp\/v2\/pages"}],"about":[{"href":"http:\/\/740jw955i52c.brive.org\/index.php\/wp-json\/wp\/v2\/types\/page"}],"author":[{"embeddable":true,"href":"http:\/\/740jw955i52c.brive.org\/index.php\/wp-json\/wp\/v2\/users\/3"}],"replies":[{"embeddable":true,"href":"http:\/\/740jw955i52c.brive.org\/index.php\/wp-json\/wp\/v2\/comments?post=616"}],"version-history":[{"count":38,"href":"http:\/\/740jw955i52c.brive.org\/index.php\/wp-json\/wp\/v2\/pages\/616\/revisions"}],"predecessor-version":[{"id":44301,"href":"http:\/\/740jw955i52c.brive.org\/index.php\/wp-json\/wp\/v2\/pages\/616\/revisions\/44301"}],"wp:attachment":[{"href":"http:\/\/740jw955i52c.brive.org\/index.php\/wp-json\/wp\/v2\/media?parent=616"}],"curies":[{"name":"wp","href":"https:\/\/api.w.org\/{rel}","templated":true}]}}