{"id":6066,"date":"2016-03-15T10:33:53","date_gmt":"2016-03-15T09:33:53","guid":{"rendered":"http:\/\/740jw955i52c.brive.org\/?page_id=6066"},"modified":"2023-08-17T09:58:50","modified_gmt":"2023-08-17T07:58:50","slug":"ccas","status":"publish","type":"page","link":"http:\/\/740jw955i52c.brive.org\/index.php\/ccas\/","title":{"rendered":"Centre Communal d&#8217;Action Sociale"},"content":{"rendered":"<p>[vc_row][vc_column width=&#8221;1\/3&#8243;][vc_btn title=&#8221;Les d\u00e9lib\u00e9rations&#8221; style=&#8221;outline&#8221; color=&#8221;primary&#8221; size=&#8221;lg&#8221; align=&#8221;center&#8221; button_block=&#8221;true&#8221; link=&#8221;url:https%3A%2F%2Fdoc.brive.org%2Fservice30_publication_reglementaire%2F%3Fsite%3DkUhox6VvK3IcPy0Nn3CjTiJNsqN8hQk%252BusttGQJsCzq%2FqZOSNcGWznIw92rmghrFq%252BvhLP7oH987bOQcwfqw%252B%2F7Oh32palCF0wRX90cGsP3O0l43vsGezou%252BPDcMksi1AmeJP%2Fbt2lS%2FpItgPPRRxg||target:%20_blank|&#8221;][\/vc_column][vc_column width=&#8221;1\/3&#8243;][vc_btn title=&#8221;Les d\u00e9cisions&#8221; style=&#8221;outline&#8221; color=&#8221;primary&#8221; size=&#8221;lg&#8221; align=&#8221;center&#8221; button_block=&#8221;true&#8221; link=&#8221;url:https%3A%2F%2Fdoc.brive.org%2Fservice30_publication_reglementaire%2F%3Fsite%3DrhvkqldZ%252Bz6GCLFkYBhM6oKRqk%2FKnRqUGuwA%252BxtnVCRJSBxP7Zb7EUMRKQeKUctVBr29ok3kOg72ga7LpWmuCNWU6n0aqEwF0%252BKyX9Qmyr%252BEvOKwZWRIfqkTst%2F8WEhAMBLgbYSyUuvsUjdd3yUXJg||target:%20_blank|&#8221;][\/vc_column][vc_column width=&#8221;1\/3&#8243;][vc_btn title=&#8221;Les arr\u00eat\u00e9s&#8221; style=&#8221;outline&#8221; color=&#8221;primary&#8221; size=&#8221;lg&#8221; align=&#8221;center&#8221; button_block=&#8221;true&#8221; link=&#8221;url:https%3A%2F%2Fdoc.brive.org%2Fservice30_publication_reglementaire%2F%3Fsite%3DsUzkG033TlWvn0lcx70su3sMkaaQbeQirBN7sn7EZkad7%2F02VsVSg90bZhdTQGuOVu79O3BvnIFtbDkO0e%2FC1xWgho8PYvNzXypJNbftpzmxUfyi4E3542rOKr5Ka%252BBSyN0N2MSjxLs3yM6J95IMog||target:%20_blank|&#8221;][\/vc_column][\/vc_row][vc_row css=&#8221;.vc_custom_1503319089736{background-color: #f2f2f2 !important;}&#8221;][vc_column]<div class=\"uxb-exte\"><h4 class=\"   has-line   uxb-heading\">Le fonctionnement<\/h4><\/div>[vc_column_text]Le <strong>C<\/strong>entre <strong>C<\/strong>ommunal d\u2019<strong>A<\/strong>ction <strong>S<\/strong>ociale est un \u00e9tablissement public administratif communal, dot\u00e9 de la personnalit\u00e9 juridique et d\u2019un budget autonome.<br \/>\nIl anime une <strong>action g\u00e9n\u00e9rale <\/strong>de<strong> pr\u00e9vention <\/strong>et de<strong> d\u00e9veloppement social<\/strong> dans la commune.<\/p>\n<p>Le <strong>CCAS<\/strong> de Brive est organis\u00e9 selon <strong>3 p\u00f4les de comp\u00e9tences<\/strong> : le <strong>p\u00f4le<\/strong> <strong>coh\u00e9sion sociale<\/strong>, le <strong>p\u00f4le autonomie<\/strong> et le <strong>p\u00f4le<\/strong> <strong>administration<\/strong> <strong>g\u00e9n\u00e9ral<\/strong><em><strong>e<\/strong>.<\/em>[\/vc_column_text][vc_empty_space][vc_accordion active_tab=&#8221;false&#8221; collapsible=&#8221;yes&#8221; use_as=&#8221;toggle&#8221; active_section=&#8221;1&#8243; expanded=&#8221;false&#8221;][vc_accordion_tab title=&#8221;Conseil d\u2019administration&#8221;][vc_column_text]Le Conseil d\u2019administration r\u00e8gle par ses d\u00e9lib\u00e9rations les affaires du Centre Communal d\u2019Action Sociale. Il participe \u00e0 l\u2019instruction des demandes d\u2019aide sociale et verse des secours en nature et en esp\u00e8ces, pour pr\u00e9venir et lutter contre l\u2019isolement et la pr\u00e9carit\u00e9, sur des fonds communaux. Il assure le suivi et l\u2019accompagnement social des publics. Il g\u00e8re \u00e9galement des \u00e9tablissements \u00e0 caract\u00e8re social ou m\u00e9dico-social. Il est le \u00ab d\u00e9positaire \u00bb de la politique sociale de la Commune.<\/p>\n<p>Le Conseil d&#8217;administration, pr\u00e9sid\u00e9 par le maire de la Commune, est compos\u00e9, \u00e0 parit\u00e9, de membres \u00e9lus en son sein \u00e0 la repr\u00e9sentation proportionnelle par le Conseil municipal, et de membres nomm\u00e9s par le maire parmi les personnes participant \u00e0 des actions de pr\u00e9vention, d\u2019animation ou de d\u00e9veloppement social men\u00e9es dans la Commune de Brive.[\/vc_column_text][\/vc_accordion_tab][vc_accordion_tab title=&#8221;La commission permanente&#8221;][vc_column_text]La commission permanente a qualit\u00e9 pour traiter tous les dossiers d&#8217;aides facultatives qui lui sont pr\u00e9sent\u00e9s afin de r\u00e9pondre aux besoins de la population.<\/p>\n<p>Ses d\u00e9cisions font l&#8217;objet d&#8217;un compte-rendu, pr\u00e9sent\u00e9 au Conseil d&#8217;administration par la Vice-pr\u00e9sidence, \u00e0 l&#8217;occasion de la premi\u00e8re r\u00e9union suivante.<\/p>\n<p>La commission permanente est pr\u00e9sid\u00e9e par le Vice-pr\u00e9sident et est compos\u00e9e paritairement de 6 membres issus du Conseil d\u2019administration : <span style=\"font-family: 'Trebuchet MS','sans-serif';font-size: 10.5pt\">3 d\u00e9sign\u00e9s parmi les membres \u00e9lus, 3 d\u00e9sign\u00e9s parmi les membres nomm\u00e9s.<\/span>[\/vc_column_text][\/vc_accordion_tab][vc_accordion_tab title=&#8221;Les conseils de la vie sociale&#8221;][vc_column_text]Conform\u00e9ment au d\u00e9cret du 25 mars 2004, un conseil de la vie sociale est institu\u00e9 au sein des \u00e9tablissements et services assurant un h\u00e9bergement ou un accueil de jour continu ou une activit\u00e9 d\u2019aide par le travail.<\/p>\n<p>Au sein du CCAS, des CVS (ou instances de participation) sont mis en place dans chaque \u00e9tablissement h\u00e9bergeant du public :<\/p>\n<ul>\n<li>1 CVS commun aux 4 r\u00e9sidences autonomie<\/li>\n<li>1 CVS au Service Habitat Jeunes<\/li>\n<li>1 Groupe d\u2019expression au CHRS.<\/li>\n<\/ul>\n<p>Le Conseil de la vie sociale, associant repr\u00e9sentants des r\u00e9sidents, du personnel et de l\u2019organisme gestionnaire, donne son avis et fait des propositions sur toute question int\u00e9ressant le fonctionnement de l\u2019\u00e9tablissement, notamment l\u2019organisation int\u00e9rieure et la vie quotidienne, la nature et le prix des services rendus, les relogements pr\u00e9vus en cas de travaux ou de fermeture.<\/p>\n<p>Concernant le CHRS Patier, le groupe d\u2019expression est une instance plus souple et plus adapt\u00e9 \u00e0 la sp\u00e9cificit\u00e9 du public accueilli et \u00e0 la dur\u00e9e des s\u00e9jours, que les CVS. Il est compos\u00e9 de r\u00e9sidents, sur la base du volontariat, d\u2019un professionnel engag\u00e9 sur l\u2019action, et de membres de l\u2019organisme gestionnaire d\u00e9sign\u00e9s.[\/vc_column_text][\/vc_accordion_tab][\/vc_accordion][\/vc_column][\/vc_row][vc_row][vc_column][vc_column_text]<br \/>\n[\/vc_column_text][\/vc_column][\/vc_row][vc_row][vc_column width=&#8221;1\/2&#8243;][vc_btn title=&#8221;Retour Social&#8221; style=&#8221;classic&#8221; shape=&#8221;rounded&#8221; size=&#8221;sm&#8221; align=&#8221;left&#8221; link=&#8221;url:http%3A%2F%2F740jw955i52c.brive.org%2Findex.php%2Fsocial%2F|title:Social|&#8221;][\/vc_column][vc_column width=&#8221;1\/2&#8243;][vc_btn title=&#8221;Retour S\u00e9niors&#8221; style=&#8221;classic&#8221; shape=&#8221;rounded&#8221; size=&#8221;sm&#8221; align=&#8221;right&#8221; link=&#8221;url:http%3A%2F%2F740jw955i52c.brive.org%2Findex.php%2Faccueil%2Fhabiter%2Fvous-etes%2Fseniors%2F|title:S%C3%A9niors|&#8221;][\/vc_column][\/vc_row]<\/p>\n","protected":false},"excerpt":{"rendered":"<p>[vc_row][vc_column width=&#8221;1\/3&#8243;][vc_btn title=&#8221;Les d\u00e9lib\u00e9rations&#8221; style=&#8221;outline&#8221; color=&#8221;primary&#8221; size=&#8221;lg&#8221; align=&#8221;center&#8221; button_block=&#8221;true&#8221; link=&#8221;url:https%3A%2F%2Fdoc.brive.org%2Fservice30_publication_reglementaire%2F%3Fsite%3DkUhox6VvK3IcPy0Nn3CjTiJNsqN8hQk%252BusttGQJsCzq%2FqZOSNcGWznIw92rmghrFq%252BvhLP7oH987bOQcwfqw%252B%2F7Oh32palCF0wRX90cGsP3O0l43vsGezou%252BPDcMksi1AmeJP%2Fbt2lS%2FpItgPPRRxg||target:%20_blank|&#8221;][\/vc_column][vc_column width=&#8221;1\/3&#8243;][vc_btn title=&#8221;Les d\u00e9cisions&#8221; style=&#8221;outline&#8221; color=&#8221;primary&#8221; size=&#8221;lg&#8221; align=&#8221;center&#8221; button_block=&#8221;true&#8221; link=&#8221;url:https%3A%2F%2Fdoc.brive.org%2Fservice30_publication_reglementaire%2F%3Fsite%3DrhvkqldZ%252Bz6GCLFkYBhM6oKRqk%2FKnRqUGuwA%252BxtnVCRJSBxP7Zb7EUMRKQeKUctVBr29ok3kOg72ga7LpWmuCNWU6n0aqEwF0%252BKyX9Qmyr%252BEvOKwZWRIfqkTst%2F8WEhAMBLgbYSyUuvsUjdd3yUXJg||target:%20_blank|&#8221;][\/vc_column][vc_column width=&#8221;1\/3&#8243;][vc_btn title=&#8221;Les arr\u00eat\u00e9s&#8221; style=&#8221;outline&#8221; color=&#8221;primary&#8221; size=&#8221;lg&#8221; align=&#8221;center&#8221; button_block=&#8221;true&#8221; link=&#8221;url:https%3A%2F%2Fdoc.brive.org%2Fservice30_publication_reglementaire%2F%3Fsite%3DsUzkG033TlWvn0lcx70su3sMkaaQbeQirBN7sn7EZkad7%2F02VsVSg90bZhdTQGuOVu79O3BvnIFtbDkO0e%2FC1xWgho8PYvNzXypJNbftpzmxUfyi4E3542rOKr5Ka%252BBSyN0N2MSjxLs3yM6J95IMog||target:%20_blank|&#8221;][\/vc_column][\/vc_row][vc_row css=&#8221;.vc_custom_1503319089736{background-color: #f2f2f2 &#8230; <\/p>\n","protected":false},"author":3,"featured_media":0,"parent":0,"menu_order":0,"comment_status":"closed","ping_status":"closed","template":"","meta":[],"yoast_head":"<!-- This site is optimized with the Yoast SEO plugin v17.8 - https:\/\/yoast.com\/wordpress\/plugins\/seo\/ -->\n<title>Centre Communal d&#039;Action Sociale - Ville de Brive<\/title>\n<meta name=\"robots\" content=\"index, follow, max-snippet:-1, max-image-preview:large, max-video-preview:-1\" \/>\n<link rel=\"canonical\" href=\"http:\/\/740jw955i52c.brive.org\/index.php\/ccas\/\" \/>\n<meta property=\"og:locale\" content=\"fr_FR\" \/>\n<meta property=\"og:type\" content=\"article\" \/>\n<meta property=\"og:title\" content=\"Centre Communal d&#039;Action Sociale - Ville de Brive\" \/>\n<meta property=\"og:description\" content=\"[vc_row][vc_column width=&#8221;1\/3&#8243;][vc_btn title=&#8221;Les d\u00e9lib\u00e9rations&#8221; style=&#8221;outline&#8221; color=&#8221;primary&#8221; size=&#8221;lg&#8221; align=&#8221;center&#8221; button_block=&#8221;true&#8221; link=&#8221;url:https%3A%2F%2Fdoc.brive.org%2Fservice30_publication_reglementaire%2F%3Fsite%3DkUhox6VvK3IcPy0Nn3CjTiJNsqN8hQk%252BusttGQJsCzq%2FqZOSNcGWznIw92rmghrFq%252BvhLP7oH987bOQcwfqw%252B%2F7Oh32palCF0wRX90cGsP3O0l43vsGezou%252BPDcMksi1AmeJP%2Fbt2lS%2FpItgPPRRxg||target:%20_blank|&#8221;][\/vc_column][vc_column width=&#8221;1\/3&#8243;][vc_btn title=&#8221;Les d\u00e9cisions&#8221; style=&#8221;outline&#8221; color=&#8221;primary&#8221; size=&#8221;lg&#8221; align=&#8221;center&#8221; button_block=&#8221;true&#8221; link=&#8221;url:https%3A%2F%2Fdoc.brive.org%2Fservice30_publication_reglementaire%2F%3Fsite%3DrhvkqldZ%252Bz6GCLFkYBhM6oKRqk%2FKnRqUGuwA%252BxtnVCRJSBxP7Zb7EUMRKQeKUctVBr29ok3kOg72ga7LpWmuCNWU6n0aqEwF0%252BKyX9Qmyr%252BEvOKwZWRIfqkTst%2F8WEhAMBLgbYSyUuvsUjdd3yUXJg||target:%20_blank|&#8221;][\/vc_column][vc_column width=&#8221;1\/3&#8243;][vc_btn title=&#8221;Les arr\u00eat\u00e9s&#8221; style=&#8221;outline&#8221; color=&#8221;primary&#8221; size=&#8221;lg&#8221; align=&#8221;center&#8221; button_block=&#8221;true&#8221; link=&#8221;url:https%3A%2F%2Fdoc.brive.org%2Fservice30_publication_reglementaire%2F%3Fsite%3DsUzkG033TlWvn0lcx70su3sMkaaQbeQirBN7sn7EZkad7%2F02VsVSg90bZhdTQGuOVu79O3BvnIFtbDkO0e%2FC1xWgho8PYvNzXypJNbftpzmxUfyi4E3542rOKr5Ka%252BBSyN0N2MSjxLs3yM6J95IMog||target:%20_blank|&#8221;][\/vc_column][\/vc_row][vc_row css=&#8221;.vc_custom_1503319089736{background-color: #f2f2f2 ...\" \/>\n<meta property=\"og:url\" content=\"http:\/\/740jw955i52c.brive.org\/index.php\/ccas\/\" \/>\n<meta property=\"og:site_name\" content=\"Ville de Brive\" \/>\n<meta property=\"article:modified_time\" content=\"2023-08-17T07:58:50+00:00\" \/>\n<meta name=\"twitter:card\" content=\"summary_large_image\" \/>\n<meta name=\"twitter:label1\" content=\"Dur\u00e9e de lecture estim\u00e9e\" \/>\n\t<meta name=\"twitter:data1\" content=\"4 minutes\" \/>\n<script type=\"application\/ld+json\" class=\"yoast-schema-graph\">{\"@context\":\"https:\/\/schema.org\",\"@graph\":[{\"@type\":\"WebSite\",\"@id\":\"http:\/\/740jw955i52c.brive.org\/#website\",\"url\":\"http:\/\/740jw955i52c.brive.org\/\",\"name\":\"Ville de Brive\",\"description\":\"Bienvenue sur le site de la ville de Brive-la-Gaillarde. Vous y trouverez l&#039;actualit\\u00e9 de la commune, des informations pratiques et vos d\\u00e9marches administratives.\",\"potentialAction\":[{\"@type\":\"SearchAction\",\"target\":{\"@type\":\"EntryPoint\",\"urlTemplate\":\"http:\/\/740jw955i52c.brive.org\/?s={search_term_string}\"},\"query-input\":\"required name=search_term_string\"}],\"inLanguage\":\"fr-FR\"},{\"@type\":\"WebPage\",\"@id\":\"http:\/\/740jw955i52c.brive.org\/index.php\/ccas\/#webpage\",\"url\":\"http:\/\/740jw955i52c.brive.org\/index.php\/ccas\/\",\"name\":\"Centre Communal d'Action Sociale - Ville de Brive\",\"isPartOf\":{\"@id\":\"http:\/\/740jw955i52c.brive.org\/#website\"},\"datePublished\":\"2016-03-15T09:33:53+00:00\",\"dateModified\":\"2023-08-17T07:58:50+00:00\",\"breadcrumb\":{\"@id\":\"http:\/\/740jw955i52c.brive.org\/index.php\/ccas\/#breadcrumb\"},\"inLanguage\":\"fr-FR\",\"potentialAction\":[{\"@type\":\"ReadAction\",\"target\":[\"http:\/\/740jw955i52c.brive.org\/index.php\/ccas\/\"]}]},{\"@type\":\"BreadcrumbList\",\"@id\":\"http:\/\/740jw955i52c.brive.org\/index.php\/ccas\/#breadcrumb\",\"itemListElement\":[{\"@type\":\"ListItem\",\"position\":1,\"name\":\"Accueil\",\"item\":\"http:\/\/740jw955i52c.brive.org\/\"},{\"@type\":\"ListItem\",\"position\":2,\"name\":\"Centre Communal d&#8217;Action Sociale\"}]}]}<\/script>\n<!-- \/ Yoast SEO plugin. -->","yoast_head_json":{"title":"Centre Communal d'Action Sociale - Ville de Brive","robots":{"index":"index","follow":"follow","max-snippet":"max-snippet:-1","max-image-preview":"max-image-preview:large","max-video-preview":"max-video-preview:-1"},"canonical":"http:\/\/740jw955i52c.brive.org\/index.php\/ccas\/","og_locale":"fr_FR","og_type":"article","og_title":"Centre Communal d'Action Sociale - Ville de Brive","og_description":"[vc_row][vc_column width=&#8221;1\/3&#8243;][vc_btn title=&#8221;Les d\u00e9lib\u00e9rations&#8221; style=&#8221;outline&#8221; color=&#8221;primary&#8221; size=&#8221;lg&#8221; align=&#8221;center&#8221; button_block=&#8221;true&#8221; link=&#8221;url:https%3A%2F%2Fdoc.brive.org%2Fservice30_publication_reglementaire%2F%3Fsite%3DkUhox6VvK3IcPy0Nn3CjTiJNsqN8hQk%252BusttGQJsCzq%2FqZOSNcGWznIw92rmghrFq%252BvhLP7oH987bOQcwfqw%252B%2F7Oh32palCF0wRX90cGsP3O0l43vsGezou%252BPDcMksi1AmeJP%2Fbt2lS%2FpItgPPRRxg||target:%20_blank|&#8221;][\/vc_column][vc_column width=&#8221;1\/3&#8243;][vc_btn title=&#8221;Les d\u00e9cisions&#8221; style=&#8221;outline&#8221; color=&#8221;primary&#8221; size=&#8221;lg&#8221; align=&#8221;center&#8221; button_block=&#8221;true&#8221; link=&#8221;url:https%3A%2F%2Fdoc.brive.org%2Fservice30_publication_reglementaire%2F%3Fsite%3DrhvkqldZ%252Bz6GCLFkYBhM6oKRqk%2FKnRqUGuwA%252BxtnVCRJSBxP7Zb7EUMRKQeKUctVBr29ok3kOg72ga7LpWmuCNWU6n0aqEwF0%252BKyX9Qmyr%252BEvOKwZWRIfqkTst%2F8WEhAMBLgbYSyUuvsUjdd3yUXJg||target:%20_blank|&#8221;][\/vc_column][vc_column width=&#8221;1\/3&#8243;][vc_btn title=&#8221;Les arr\u00eat\u00e9s&#8221; style=&#8221;outline&#8221; color=&#8221;primary&#8221; size=&#8221;lg&#8221; align=&#8221;center&#8221; button_block=&#8221;true&#8221; link=&#8221;url:https%3A%2F%2Fdoc.brive.org%2Fservice30_publication_reglementaire%2F%3Fsite%3DsUzkG033TlWvn0lcx70su3sMkaaQbeQirBN7sn7EZkad7%2F02VsVSg90bZhdTQGuOVu79O3BvnIFtbDkO0e%2FC1xWgho8PYvNzXypJNbftpzmxUfyi4E3542rOKr5Ka%252BBSyN0N2MSjxLs3yM6J95IMog||target:%20_blank|&#8221;][\/vc_column][\/vc_row][vc_row css=&#8221;.vc_custom_1503319089736{background-color: #f2f2f2 ...","og_url":"http:\/\/740jw955i52c.brive.org\/index.php\/ccas\/","og_site_name":"Ville de Brive","article_modified_time":"2023-08-17T07:58:50+00:00","twitter_card":"summary_large_image","twitter_misc":{"Dur\u00e9e de lecture estim\u00e9e":"4 minutes"},"schema":{"@context":"https:\/\/schema.org","@graph":[{"@type":"WebSite","@id":"http:\/\/740jw955i52c.brive.org\/#website","url":"http:\/\/740jw955i52c.brive.org\/","name":"Ville de Brive","description":"Bienvenue sur le site de la ville de Brive-la-Gaillarde. Vous y trouverez l&#039;actualit\u00e9 de la commune, des informations pratiques et vos d\u00e9marches administratives.","potentialAction":[{"@type":"SearchAction","target":{"@type":"EntryPoint","urlTemplate":"http:\/\/740jw955i52c.brive.org\/?s={search_term_string}"},"query-input":"required name=search_term_string"}],"inLanguage":"fr-FR"},{"@type":"WebPage","@id":"http:\/\/740jw955i52c.brive.org\/index.php\/ccas\/#webpage","url":"http:\/\/740jw955i52c.brive.org\/index.php\/ccas\/","name":"Centre Communal d'Action Sociale - Ville de Brive","isPartOf":{"@id":"http:\/\/740jw955i52c.brive.org\/#website"},"datePublished":"2016-03-15T09:33:53+00:00","dateModified":"2023-08-17T07:58:50+00:00","breadcrumb":{"@id":"http:\/\/740jw955i52c.brive.org\/index.php\/ccas\/#breadcrumb"},"inLanguage":"fr-FR","potentialAction":[{"@type":"ReadAction","target":["http:\/\/740jw955i52c.brive.org\/index.php\/ccas\/"]}]},{"@type":"BreadcrumbList","@id":"http:\/\/740jw955i52c.brive.org\/index.php\/ccas\/#breadcrumb","itemListElement":[{"@type":"ListItem","position":1,"name":"Accueil","item":"http:\/\/740jw955i52c.brive.org\/"},{"@type":"ListItem","position":2,"name":"Centre Communal d&#8217;Action Sociale"}]}]}},"_links":{"self":[{"href":"http:\/\/740jw955i52c.brive.org\/index.php\/wp-json\/wp\/v2\/pages\/6066"}],"collection":[{"href":"http:\/\/740jw955i52c.brive.org\/index.php\/wp-json\/wp\/v2\/pages"}],"about":[{"href":"http:\/\/740jw955i52c.brive.org\/index.php\/wp-json\/wp\/v2\/types\/page"}],"author":[{"embeddable":true,"href":"http:\/\/740jw955i52c.brive.org\/index.php\/wp-json\/wp\/v2\/users\/3"}],"replies":[{"embeddable":true,"href":"http:\/\/740jw955i52c.brive.org\/index.php\/wp-json\/wp\/v2\/comments?post=6066"}],"version-history":[{"count":66,"href":"http:\/\/740jw955i52c.brive.org\/index.php\/wp-json\/wp\/v2\/pages\/6066\/revisions"}],"predecessor-version":[{"id":50449,"href":"http:\/\/740jw955i52c.brive.org\/index.php\/wp-json\/wp\/v2\/pages\/6066\/revisions\/50449"}],"wp:attachment":[{"href":"http:\/\/740jw955i52c.brive.org\/index.php\/wp-json\/wp\/v2\/media?parent=6066"}],"curies":[{"name":"wp","href":"https:\/\/api.w.org\/{rel}","templated":true}]}}