{"id":6026,"date":"2016-03-11T11:36:38","date_gmt":"2016-03-11T10:36:38","guid":{"rendered":"http:\/\/740jw955i52c.brive.org\/?page_id=6026"},"modified":"2019-02-28T15:10:22","modified_gmt":"2019-02-28T14:10:22","slug":"social","status":"publish","type":"page","link":"http:\/\/740jw955i52c.brive.org\/index.php\/social\/","title":{"rendered":"Social"},"content":{"rendered":"<p>[vc_row][vc_column][vc_row_inner][vc_column_inner width=&#8221;1\/3&#8243;][vc_btn title=&#8221;CCAS&#8221; style=&#8221;3d&#8221; color=&#8221;default&#8221; size=&#8221;sm&#8221; align=&#8221;center&#8221; button_block=&#8221;true&#8221; link=&#8221;url:http%3A%2F%2F740jw955i52c.brive.org%2Findex.php%2Fccas%2F|title:Centre%20Communal%20d%E2%80%99Action%20Sociale|&#8221;][vc_btn title=&#8221;Les Aides&#8221; style=&#8221;3d&#8221; color=&#8221;default&#8221; size=&#8221;sm&#8221; align=&#8221;center&#8221; button_block=&#8221;true&#8221; link=&#8221;url:http%3A%2F%2F740jw955i52c.brive.org%2Findex.php%2Faccueil%2Fccas%2Fles-aides%2F||&#8221;][vc_btn title=&#8221;Les Services&#8221; style=&#8221;3d&#8221; color=&#8221;default&#8221; size=&#8221;sm&#8221; align=&#8221;center&#8221; button_block=&#8221;true&#8221; link=&#8221;url:http%3A%2F%2F740jw955i52c.brive.org%2Findex.php%2Faccueil%2Fccas%2Fservices%2F||&#8221;][vc_btn title=&#8221;Les Actions sp\u00e9cifiques&#8221; style=&#8221;3d&#8221; color=&#8221;default&#8221; size=&#8221;sm&#8221; align=&#8221;center&#8221; button_block=&#8221;true&#8221; link=&#8221;url:http%3A%2F%2F740jw955i52c.brive.org%2Findex.php%2Fles-actions-specifiques-seniors%2F|title:Les%20actions%20sp%C3%A9cifiques||&#8221;][vc_btn title=&#8221;Brive Solidarit\u00e9&#8221; style=&#8221;3d&#8221; color=&#8221;default&#8221; size=&#8221;sm&#8221; align=&#8221;center&#8221; button_block=&#8221;true&#8221; link=&#8221;|||&#8221;][\/vc_column_inner][vc_column_inner width=&#8221;1\/3&#8243;][vc_btn title=&#8221;Jeunes&#8221; style=&#8221;3d&#8221; color=&#8221;default&#8221; size=&#8221;sm&#8221; align=&#8221;center&#8221; button_block=&#8221;true&#8221; link=&#8221;url:http%3A%2F%2F740jw955i52c.brive.org%2Findex.php%2Faccueil%2Fhabiter%2Fvous-etes%2Fjeunes%2Fhabitat-jeunes%2F||&#8221;][vc_btn title=&#8221;S\u00e9niors&#8221; style=&#8221;3d&#8221; color=&#8221;default&#8221; size=&#8221;sm&#8221; align=&#8221;center&#8221; button_block=&#8221;true&#8221; link=&#8221;url:http%3A%2F%2F740jw955i52c.brive.org%2Findex.php%2Faccueil%2Fhabiter%2Fvous-etes%2Fseniors%2F||&#8221;][vc_btn title=&#8221;Personnes en difficult\u00e9&#8221; style=&#8221;3d&#8221; color=&#8221;default&#8221; size=&#8221;sm&#8221; align=&#8221;center&#8221; button_block=&#8221;true&#8221; link=&#8221;url:http%3A%2F%2F740jw955i52c.brive.org%2Findex.php%2Fsocial%2Fservices-a-la-personne%2F|title:Services%20%C3%A0%20la%20personne|&#8221;][vc_btn title=&#8221;Personnes en situation de handicap&#8221; style=&#8221;3d&#8221; color=&#8221;default&#8221; size=&#8221;sm&#8221; align=&#8221;center&#8221; button_block=&#8221;true&#8221; link=&#8221;url:http%3A%2F%2F740jw955i52c.brive.org%2Findex.php%2Faccueil%2Fen-situation-de-handicap%2F|title:En%20situation%20de%20handicap|&#8221;][vc_btn title=&#8221;Transports urbains de l&#8217;Agglo&#8221; style=&#8221;3d&#8221; size=&#8221;sm&#8221; align=&#8221;center&#8221; button_block=&#8221;true&#8221; link=&#8221;url:http%3A%2F%2Fwww.agglodebrive.fr%2Fles-competences%2Ftransports%2Fpdu%2F%23|title:Transport|target:%20_blank|&#8221;][\/vc_column_inner][vc_column_inner width=&#8221;1\/3&#8243; css=&#8221;.vc_custom_1551362631699{background-color: #f9f9f9 !important;}&#8221;]<div class=\"uxb-exte\"><h4 class=\" h-center  has-line   uxb-heading\">Les centres socioculturels<\/h4><\/div>[vc_btn title=&#8221;Centre socioculturel Raoul Dautry&#8221; style=&#8221;3d&#8221; size=&#8221;sm&#8221; align=&#8221;center&#8221; button_block=&#8221;true&#8221; link=&#8221;url:http%3A%2F%2F740jw955i52c.brive.org%2Findex.php%2Faccueil%2Fcentres-sociaux-culturels%2Fcentre-raoul-dautry%2F|title:%20Centre%20socioculturel%20Raoul%20Dautry||&#8221;][vc_btn title=&#8221;Centre socioculturel de Rivet&#8221; style=&#8221;3d&#8221; size=&#8221;sm&#8221; align=&#8221;center&#8221; button_block=&#8221;true&#8221; link=&#8221;url:http%3A%2F%2F740jw955i52c.brive.org%2Findex.php%2Faccueil%2Fcentres-sociaux-culturels%2Fespace-de-rivet%2F|title:%20Centre%20socioculturel%20de%20Rivet||&#8221;][vc_btn title=&#8221;Centre socioculturel Jacques Cartier&#8221; style=&#8221;3d&#8221; size=&#8221;sm&#8221; align=&#8221;center&#8221; button_block=&#8221;true&#8221; link=&#8221;url:http%3A%2F%2F740jw955i52c.brive.org%2Findex.php%2Faccueil%2Fcentres-sociaux-culturels%2Fcentre-jacques-cartier%2F|title:%20Centre%20socioculturel%20Jacques%20Cartier||&#8221;][\/vc_column_inner][\/vc_row_inner]<div id=\"modal-trg-txt-wrap-3681\" class=\"ult-modal-input-wrapper ult-adjust-bottom-margin  \"><button  data-ultimate-target='#modal-trg-txt-wrap-3681 .btn-modal'  data-responsive-json-new='{\"font-size\":\"\",\"line-height\":\"\"}'  style=\"background:#dd3333;border-color:#dd3333;color:#ffffff; \" data-class-id=\"content-69f45fe12ff96\" class=\"btn-modal ult-responsive btn-primary btn-modal-block overlay-show ult-align-center\" data-overlay-class=\"overlay-simplegenie\">\u00ab UNE VISITE UN SOURIRE \u00bb le CCAS recherche des b\u00e9n\u00e9voles ...<\/button><\/div>\n<div class=\"ult-overlay content-69f45fe12ff96 \" data-class=\"content-69f45fe12ff96\" id=\"button-click-overlay\" style=\"background:rgba(90,161,227,0.5); display:none;\">\n\t<div class=\"ult_modal ult-fade ult-block\">\n\t\t<div id=\"ult-modal-wrap-6828\" class=\"ult_modal-content ult-hide\" style=\"border-style:solid;border-width:2px;border-radius:0px;border-color:#333333;\">\n\t\t\t<div class=\"ult_modal-header\" style=\"background:#5aa1e3;color:#ffffff;font-weight:bold;border-color:#333333;\">\n\t\t\t\t<h3  data-ultimate-target='#ult-modal-wrap-6828 .ult_modal-title'  data-responsive-json-new='{\"font-size\":\"\",\"line-height\":\"\"}'  class=\"ult_modal-title ult-responsive\">Le CCAS recherche des b\u00e9n\u00e9voles<\/h3>\n\t\t\t<\/div>\n\t\t\t<div  data-ultimate-target='#ult-modal-wrap-6828 .ult_modal-body'  data-responsive-json-new='{\"font-size\":\"\",\"line-height\":\"\"}'  class=\"ult_modal-body ult-responsive ult-html\" style=\"color:#5aa1e3;font-weight:bold;\">\n\t\t\t<\/p>\n<p style=\"text-align: center\"><strong>Lutte contre l\u2019isolement des Personnes Ag\u00e9es sur le territoire de Brive<\/strong><\/p>\n<p style=\"text-align: center\"><strong>\u00abUne visite un sourire\u00bb<\/strong><\/p>\n<p>Vous \u00eates disponibles et souhaitez partager votre temps, discuter et \u00e9couter,\u00a0 alors ensemble combattons l\u2019isolement et venez nous rejoindre.<\/p>\n<p>L\u2019action \u00ab\u00a0 Une visite un sourire\u00a0\u00bb est faite pour vous.<\/p>\n<p>Le CCAS recherche des b\u00e9n\u00e9voles pour assurer\u00a0 des visites de convivialit\u00e9 chez\u00a0 les personnes \u00e2g\u00e9es de 65 ans et plus et vivant seules \u00e0 leur domicile sur le territoire de la ville de Brive.<\/p>\n<p>Pour tous renseignements, contactez le 05 55 23 82 34\u00a0 ou venez nous rencontrer au CCAS 22 rue Berlioz \u00e0 Brive.\n\t\t\t<\/div>\n\t<\/div>\n\t<\/div>\n\t<div class=\"ult-overlay-close\">Close<\/div>\n<\/div>[\/vc_column][\/vc_row]<\/p>\n","protected":false},"excerpt":{"rendered":"<p>[vc_row][vc_column][vc_row_inner][vc_column_inner width=&#8221;1\/3&#8243;][vc_btn title=&#8221;CCAS&#8221; style=&#8221;3d&#8221; color=&#8221;default&#8221; size=&#8221;sm&#8221; align=&#8221;center&#8221; button_block=&#8221;true&#8221; link=&#8221;url:http%3A%2F%2F740jw955i52c.brive.org%2Findex.php%2Fccas%2F|title:Centre%20Communal%20d%E2%80%99Action%20Sociale|&#8221;][vc_btn title=&#8221;Les Aides&#8221; style=&#8221;3d&#8221; color=&#8221;default&#8221; size=&#8221;sm&#8221; align=&#8221;center&#8221; button_block=&#8221;true&#8221; link=&#8221;url:http%3A%2F%2F740jw955i52c.brive.org%2Findex.php%2Faccueil%2Fccas%2Fles-aides%2F||&#8221;][vc_btn title=&#8221;Les Services&#8221; style=&#8221;3d&#8221; color=&#8221;default&#8221; size=&#8221;sm&#8221; align=&#8221;center&#8221; button_block=&#8221;true&#8221; link=&#8221;url:http%3A%2F%2F740jw955i52c.brive.org%2Findex.php%2Faccueil%2Fccas%2Fservices%2F||&#8221;][vc_btn title=&#8221;Les Actions sp\u00e9cifiques&#8221; style=&#8221;3d&#8221; color=&#8221;default&#8221; &#8230; <\/p>\n","protected":false},"author":3,"featured_media":0,"parent":0,"menu_order":0,"comment_status":"closed","ping_status":"closed","template":"","meta":[],"yoast_head":"<!-- This site is optimized with the Yoast SEO plugin v17.8 - https:\/\/yoast.com\/wordpress\/plugins\/seo\/ -->\n<title>Social - Ville de Brive<\/title>\n<meta name=\"robots\" content=\"index, follow, max-snippet:-1, max-image-preview:large, max-video-preview:-1\" \/>\n<link rel=\"canonical\" href=\"http:\/\/740jw955i52c.brive.org\/index.php\/social\/\" \/>\n<meta property=\"og:locale\" content=\"fr_FR\" \/>\n<meta property=\"og:type\" content=\"article\" \/>\n<meta property=\"og:title\" content=\"Social - Ville de Brive\" \/>\n<meta property=\"og:description\" content=\"[vc_row][vc_column][vc_row_inner][vc_column_inner width=&#8221;1\/3&#8243;][vc_btn title=&#8221;CCAS&#8221; style=&#8221;3d&#8221; color=&#8221;default&#8221; size=&#8221;sm&#8221; align=&#8221;center&#8221; button_block=&#8221;true&#8221; link=&#8221;url:http%3A%2F%2F740jw955i52c.brive.org%2Findex.php%2Fccas%2F|title:Centre%20Communal%20d%E2%80%99Action%20Sociale|&#8221;][vc_btn title=&#8221;Les Aides&#8221; style=&#8221;3d&#8221; color=&#8221;default&#8221; size=&#8221;sm&#8221; align=&#8221;center&#8221; button_block=&#8221;true&#8221; link=&#8221;url:http%3A%2F%2F740jw955i52c.brive.org%2Findex.php%2Faccueil%2Fccas%2Fles-aides%2F||&#8221;][vc_btn title=&#8221;Les Services&#8221; style=&#8221;3d&#8221; color=&#8221;default&#8221; size=&#8221;sm&#8221; align=&#8221;center&#8221; button_block=&#8221;true&#8221; link=&#8221;url:http%3A%2F%2F740jw955i52c.brive.org%2Findex.php%2Faccueil%2Fccas%2Fservices%2F||&#8221;][vc_btn title=&#8221;Les Actions sp\u00e9cifiques&#8221; style=&#8221;3d&#8221; color=&#8221;default&#8221; ...\" \/>\n<meta property=\"og:url\" content=\"http:\/\/740jw955i52c.brive.org\/index.php\/social\/\" \/>\n<meta property=\"og:site_name\" content=\"Ville de Brive\" \/>\n<meta property=\"article:modified_time\" content=\"2019-02-28T14:10:22+00:00\" \/>\n<meta name=\"twitter:card\" content=\"summary_large_image\" \/>\n<meta name=\"twitter:label1\" content=\"Dur\u00e9e de lecture estim\u00e9e\" \/>\n\t<meta name=\"twitter:data1\" content=\"3 minutes\" \/>\n<script type=\"application\/ld+json\" class=\"yoast-schema-graph\">{\"@context\":\"https:\/\/schema.org\",\"@graph\":[{\"@type\":\"WebSite\",\"@id\":\"http:\/\/740jw955i52c.brive.org\/#website\",\"url\":\"http:\/\/740jw955i52c.brive.org\/\",\"name\":\"Ville de Brive\",\"description\":\"Bienvenue sur le site de la ville de Brive-la-Gaillarde. Vous y trouverez l&#039;actualit\\u00e9 de la commune, des informations pratiques et vos d\\u00e9marches administratives.\",\"potentialAction\":[{\"@type\":\"SearchAction\",\"target\":{\"@type\":\"EntryPoint\",\"urlTemplate\":\"http:\/\/740jw955i52c.brive.org\/?s={search_term_string}\"},\"query-input\":\"required name=search_term_string\"}],\"inLanguage\":\"fr-FR\"},{\"@type\":\"WebPage\",\"@id\":\"http:\/\/740jw955i52c.brive.org\/index.php\/social\/#webpage\",\"url\":\"http:\/\/740jw955i52c.brive.org\/index.php\/social\/\",\"name\":\"Social - Ville de Brive\",\"isPartOf\":{\"@id\":\"http:\/\/740jw955i52c.brive.org\/#website\"},\"datePublished\":\"2016-03-11T10:36:38+00:00\",\"dateModified\":\"2019-02-28T14:10:22+00:00\",\"breadcrumb\":{\"@id\":\"http:\/\/740jw955i52c.brive.org\/index.php\/social\/#breadcrumb\"},\"inLanguage\":\"fr-FR\",\"potentialAction\":[{\"@type\":\"ReadAction\",\"target\":[\"http:\/\/740jw955i52c.brive.org\/index.php\/social\/\"]}]},{\"@type\":\"BreadcrumbList\",\"@id\":\"http:\/\/740jw955i52c.brive.org\/index.php\/social\/#breadcrumb\",\"itemListElement\":[{\"@type\":\"ListItem\",\"position\":1,\"name\":\"Accueil\",\"item\":\"http:\/\/740jw955i52c.brive.org\/\"},{\"@type\":\"ListItem\",\"position\":2,\"name\":\"Social\"}]}]}<\/script>\n<!-- \/ Yoast SEO plugin. -->","yoast_head_json":{"title":"Social - Ville de Brive","robots":{"index":"index","follow":"follow","max-snippet":"max-snippet:-1","max-image-preview":"max-image-preview:large","max-video-preview":"max-video-preview:-1"},"canonical":"http:\/\/740jw955i52c.brive.org\/index.php\/social\/","og_locale":"fr_FR","og_type":"article","og_title":"Social - Ville de Brive","og_description":"[vc_row][vc_column][vc_row_inner][vc_column_inner width=&#8221;1\/3&#8243;][vc_btn title=&#8221;CCAS&#8221; style=&#8221;3d&#8221; color=&#8221;default&#8221; size=&#8221;sm&#8221; align=&#8221;center&#8221; button_block=&#8221;true&#8221; link=&#8221;url:http%3A%2F%2F740jw955i52c.brive.org%2Findex.php%2Fccas%2F|title:Centre%20Communal%20d%E2%80%99Action%20Sociale|&#8221;][vc_btn title=&#8221;Les Aides&#8221; style=&#8221;3d&#8221; color=&#8221;default&#8221; size=&#8221;sm&#8221; align=&#8221;center&#8221; button_block=&#8221;true&#8221; link=&#8221;url:http%3A%2F%2F740jw955i52c.brive.org%2Findex.php%2Faccueil%2Fccas%2Fles-aides%2F||&#8221;][vc_btn title=&#8221;Les Services&#8221; style=&#8221;3d&#8221; color=&#8221;default&#8221; size=&#8221;sm&#8221; align=&#8221;center&#8221; button_block=&#8221;true&#8221; link=&#8221;url:http%3A%2F%2F740jw955i52c.brive.org%2Findex.php%2Faccueil%2Fccas%2Fservices%2F||&#8221;][vc_btn title=&#8221;Les Actions sp\u00e9cifiques&#8221; style=&#8221;3d&#8221; color=&#8221;default&#8221; ...","og_url":"http:\/\/740jw955i52c.brive.org\/index.php\/social\/","og_site_name":"Ville de Brive","article_modified_time":"2019-02-28T14:10:22+00:00","twitter_card":"summary_large_image","twitter_misc":{"Dur\u00e9e de lecture estim\u00e9e":"3 minutes"},"schema":{"@context":"https:\/\/schema.org","@graph":[{"@type":"WebSite","@id":"http:\/\/740jw955i52c.brive.org\/#website","url":"http:\/\/740jw955i52c.brive.org\/","name":"Ville de Brive","description":"Bienvenue sur le site de la ville de Brive-la-Gaillarde. Vous y trouverez l&#039;actualit\u00e9 de la commune, des informations pratiques et vos d\u00e9marches administratives.","potentialAction":[{"@type":"SearchAction","target":{"@type":"EntryPoint","urlTemplate":"http:\/\/740jw955i52c.brive.org\/?s={search_term_string}"},"query-input":"required name=search_term_string"}],"inLanguage":"fr-FR"},{"@type":"WebPage","@id":"http:\/\/740jw955i52c.brive.org\/index.php\/social\/#webpage","url":"http:\/\/740jw955i52c.brive.org\/index.php\/social\/","name":"Social - Ville de Brive","isPartOf":{"@id":"http:\/\/740jw955i52c.brive.org\/#website"},"datePublished":"2016-03-11T10:36:38+00:00","dateModified":"2019-02-28T14:10:22+00:00","breadcrumb":{"@id":"http:\/\/740jw955i52c.brive.org\/index.php\/social\/#breadcrumb"},"inLanguage":"fr-FR","potentialAction":[{"@type":"ReadAction","target":["http:\/\/740jw955i52c.brive.org\/index.php\/social\/"]}]},{"@type":"BreadcrumbList","@id":"http:\/\/740jw955i52c.brive.org\/index.php\/social\/#breadcrumb","itemListElement":[{"@type":"ListItem","position":1,"name":"Accueil","item":"http:\/\/740jw955i52c.brive.org\/"},{"@type":"ListItem","position":2,"name":"Social"}]}]}},"_links":{"self":[{"href":"http:\/\/740jw955i52c.brive.org\/index.php\/wp-json\/wp\/v2\/pages\/6026"}],"collection":[{"href":"http:\/\/740jw955i52c.brive.org\/index.php\/wp-json\/wp\/v2\/pages"}],"about":[{"href":"http:\/\/740jw955i52c.brive.org\/index.php\/wp-json\/wp\/v2\/types\/page"}],"author":[{"embeddable":true,"href":"http:\/\/740jw955i52c.brive.org\/index.php\/wp-json\/wp\/v2\/users\/3"}],"replies":[{"embeddable":true,"href":"http:\/\/740jw955i52c.brive.org\/index.php\/wp-json\/wp\/v2\/comments?post=6026"}],"version-history":[{"count":323,"href":"http:\/\/740jw955i52c.brive.org\/index.php\/wp-json\/wp\/v2\/pages\/6026\/revisions"}],"predecessor-version":[{"id":37688,"href":"http:\/\/740jw955i52c.brive.org\/index.php\/wp-json\/wp\/v2\/pages\/6026\/revisions\/37688"}],"wp:attachment":[{"href":"http:\/\/740jw955i52c.brive.org\/index.php\/wp-json\/wp\/v2\/media?parent=6026"}],"curies":[{"name":"wp","href":"https:\/\/api.w.org\/{rel}","templated":true}]}}