{"id":576,"date":"2015-10-06T09:53:13","date_gmt":"2015-10-06T07:53:13","guid":{"rendered":"http:\/\/740jw955i52c.brive.org?page_id=576"},"modified":"2024-10-30T11:43:54","modified_gmt":"2024-10-30T10:43:54","slug":"foires-et-marches","status":"publish","type":"page","link":"http:\/\/740jw955i52c.brive.org\/index.php\/foires-et-marches\/","title":{"rendered":"Manifestations agricoles, commerciales, foires et march\u00e9s"},"content":{"rendered":"<p>[vc_row][vc_column][vc_cta h2=&#8221;D\u00e9placement brocante mensuelle&#8221; shape=&#8221;rounded&#8221; style=&#8221;classic&#8221; color=&#8221;vista-blue&#8221;]En raison du montage de la foire du livre, la brocante mensuelle du dimanche 3 novembre prendra ses quartiers sur l\u2019esplanade Bernard Murat et la place du 14 juillet de 8h \u00e0 17h.<\/p>\n<p>Venez chiner meubles, objets, livres, vinyles\u2026[\/vc_cta][vc_cta h2=&#8221;March\u00e9 d\u00e9plac\u00e9&#8221; shape=&#8221;rounded&#8221; style=&#8221;classic&#8221; color=&#8221;vista-blue&#8221;]March\u00e9s d\u00e9plac\u00e9s du mardi 29 octobre au jeudi 14 novembre 2024 inclus en raison de l\u2019installation de la Foire du Livre.[\/vc_cta][vc_btn title=&#8221;plan promenade des tilleuls&#8221; link=&#8221;url:http%3A%2F%2F740jw955i52c.brive.org%2Fwp-content%2Fuploads%2F2024%2F10%2FPlan-Promenade-des-tilleuls-n1-a-91-scaled.jpg||target:%20_blank|&#8221;][vc_btn title=&#8221;plan place du 14 juillet&#8221; link=&#8221;url:http%3A%2F%2F740jw955i52c.brive.org%2Fwp-content%2Fuploads%2F2024%2F10%2Fplan-Pl-14-juillet-n-92-a-140-1.jpg||target:%20_blank|&#8221;][vc_btn title=&#8221;Liste commer\u00e7ants d\u00e9plac\u00e9s&#8221; link=&#8221;url:http%3A%2F%2F740jw955i52c.brive.org%2Fwp-content%2Fuploads%2F2024%2F10%2FMarche-deplace-FDL-2024.pdf||target:%20_blank|&#8221;][vc_tta_accordion style=&#8221;flat&#8221; c_icon=&#8221;triangle&#8221; active_section=&#8221;&#8221; no_fill=&#8221;true&#8221; collapsible_all=&#8221;true&#8221;][vc_tta_section title=&#8221;Halle Gaillarde (place Thiers)&#8221; tab_id=&#8221;1539598053356-82147f61-97d9&#8243;][vc_column_text]<img decoding=\"async\" loading=\"lazy\" class=\"alignleft wp-image-46033 size-thumbnail\" src=\"http:\/\/740jw955i52c.brive.org\/wp-content\/uploads\/2022\/03\/Halle-Gaillarde-187x300.jpg\" alt=\"\" width=\"187\" height=\"300\" srcset=\"http:\/\/740jw955i52c.brive.org\/wp-content\/uploads\/2022\/03\/Halle-Gaillarde-187x300.jpg 187w, http:\/\/740jw955i52c.brive.org\/wp-content\/uploads\/2022\/03\/Halle-Gaillarde-281x450.jpg 281w, http:\/\/740jw955i52c.brive.org\/wp-content\/uploads\/2022\/03\/Halle-Gaillarde-703x1125.jpg 703w, http:\/\/740jw955i52c.brive.org\/wp-content\/uploads\/2022\/03\/Halle-Gaillarde-600x960.jpg 600w, http:\/\/740jw955i52c.brive.org\/wp-content\/uploads\/2022\/03\/Halle-Gaillarde-960x1536.jpg 960w, http:\/\/740jw955i52c.brive.org\/wp-content\/uploads\/2022\/03\/Halle-Gaillarde-916x1466.jpg 916w, http:\/\/740jw955i52c.brive.org\/wp-content\/uploads\/2022\/03\/Halle-Gaillarde-590x944.jpg 590w, http:\/\/740jw955i52c.brive.org\/wp-content\/uploads\/2022\/03\/Halle-Gaillarde-363x581.jpg 363w, http:\/\/740jw955i52c.brive.org\/wp-content\/uploads\/2022\/03\/Halle-Gaillarde.jpg 1181w, http:\/\/740jw955i52c.brive.org\/wp-content\/uploads\/2022\/03\/Halle-Gaillarde-187x300@2x.jpg 374w, http:\/\/740jw955i52c.brive.org\/wp-content\/uploads\/2022\/03\/Halle-Gaillarde-281x450@2x.jpg 562w\" sizes=\"(max-width: 187px) 100vw, 187px\" \/>La Halle Gaillarde fonctionne, sauf le lundi, tous les matins m\u00eame le dimanche et toute la journ\u00e9e du samedi. Elle regroupe 14 commer\u00e7ants\u00a0: des m\u00e9tiers de bouche, mais aussi un fleuriste et un kiosque \u00e0 journaux ouverts les deux toute la journ\u00e9e.<\/p>\n<p>Horaires\u00a0:<\/p>\n<p>Du mardi au jeudi de 7h30 \u00e0 14, vendredi et samedi de 7h30 \u00e0 19h et le dimanche de 9h \u00e0 14h !<\/p>\n<p>Pour le fleuriste et le kiosque \u00e0 journaux : du mardi au samedi de 7h30 \u00e0 19h, samedi de 7h30 \u00e0 20h et dimanche de 9h \u00e0 16h<\/p>\n<p>Retrouvez-les sur leur page Facebook : <strong><a href=\"https:\/\/www.facebook.com\/lahallegaillarde\/\">facebook.com\/lahallegaillarde\/<\/a><\/strong><\/p>\n<p>L\u2019acquisition d\u2019\u00e9quipements au sein de la halle alimentaire afin de structurer les espaces publics et soutenir les actions collectives est cofinanc\u00e9 par l\u2019Union europ\u00e9enne avec le <a href=\"http:\/\/740jw955i52c.brive.org\/wp-content\/uploads\/2022\/10\/AFF_A3_GeneriqueFEADER_LEADER_09092019.pdf\" target=\"_blank\" rel=\"noopener\">Fonds Europ\u00e9en Agricole pour le D\u00e9veloppement Rural (FEADER).\u00a0<\/a>[\/vc_column_text][\/vc_tta_section][vc_tta_section title=&#8221;Brocantes \u2013 Brassens des antiquaires&#8221; tab_id=&#8221;1648049306240-cf74be33-b7d8&#8243;][vc_row_inner][vc_column_inner width=&#8221;1\/2&#8243;][vc_column_text]<strong>Brocantes :<\/strong> le premier dimanche de chaque mois sous la halle Brassens.[\/vc_column_text][\/vc_column_inner][vc_column_inner width=&#8221;1\/2&#8243;][vc_column_text]<strong>Brassens des antiquaires, 17 et 18 avril 2022<\/strong><\/p>\n<p><img decoding=\"async\" loading=\"lazy\" class=\"wp-image-46017 size-medium alignleft\" src=\"http:\/\/740jw955i52c.brive.org\/wp-content\/uploads\/2022\/03\/Le-Brassens-des-Antiquaires-Ville-de-Brive-01-300x420.jpg\" alt=\"\" width=\"300\" height=\"420\" srcset=\"http:\/\/740jw955i52c.brive.org\/wp-content\/uploads\/2022\/03\/Le-Brassens-des-Antiquaires-Ville-de-Brive-01-300x420.jpg 300w, http:\/\/740jw955i52c.brive.org\/wp-content\/uploads\/2022\/03\/Le-Brassens-des-Antiquaires-Ville-de-Brive-01-750x1050.jpg 750w, http:\/\/740jw955i52c.brive.org\/wp-content\/uploads\/2022\/03\/Le-Brassens-des-Antiquaires-Ville-de-Brive-01-200x280.jpg 200w, http:\/\/740jw955i52c.brive.org\/wp-content\/uploads\/2022\/03\/Le-Brassens-des-Antiquaires-Ville-de-Brive-01-600x840.jpg 600w, http:\/\/740jw955i52c.brive.org\/wp-content\/uploads\/2022\/03\/Le-Brassens-des-Antiquaires-Ville-de-Brive-01-916x1282.jpg 916w, http:\/\/740jw955i52c.brive.org\/wp-content\/uploads\/2022\/03\/Le-Brassens-des-Antiquaires-Ville-de-Brive-01-590x826.jpg 590w, http:\/\/740jw955i52c.brive.org\/wp-content\/uploads\/2022\/03\/Le-Brassens-des-Antiquaires-Ville-de-Brive-01-363x508.jpg 363w, http:\/\/740jw955i52c.brive.org\/wp-content\/uploads\/2022\/03\/Le-Brassens-des-Antiquaires-Ville-de-Brive-01.jpg 1080w, http:\/\/740jw955i52c.brive.org\/wp-content\/uploads\/2022\/03\/Le-Brassens-des-Antiquaires-Ville-de-Brive-01-200x280@2x.jpg 400w\" sizes=\"(max-width: 300px) 100vw, 300px\" \/><\/p>\n<p>&nbsp;<\/p>\n<p>La 3\u00e8me \u00e9dition du Brassens des Antiquaires de Brive se tiendra dimanche 17 et lundi 18 avril.<\/p>\n<p>Diff\u00e9rents univers dans un m\u00eame \u00e9v\u00e8nement : antiquit\u00e9s, brocante, art contemporain, viendront ainsi s\u00e9duire les diff\u00e9rents profils d\u2019amateurs de belles pi\u00e8ces.<\/p>\n<p>Une compl\u00e9mentarit\u00e9 qui fera de ce salon un \u00e9v\u00e8nement diversifi\u00e9 pour tous publics<\/p>\n<p>Exposants : 30<\/p>\n<p>Lieu : Salle Brassens<\/p>\n<p>Dates : 17 et 18 avril 2022<\/p>\n<p>Horaires : 9h &#8211; 18h<\/p>\n<p>Entr\u00e9e 2\u20ac50<\/p>\n<p>Parking gratuit : Place du 14 juillet<\/p>\n<p>Contact Alain Mazet 06 18 67 72 93[\/vc_column_text][\/vc_column_inner][\/vc_row_inner][\/vc_tta_section][vc_tta_section title=&#8221;Festival de l&#8217;\u00e9levage, du Bien \u00c9lever au Bien Manger&#8221; tab_id=&#8221;1648049343664-378b6d7f-971c&#8221;][vc_video link=&#8221;https:\/\/youtu.be\/B4l6Dr_qjWU&#8221;][vc_column_text]<\/p>\n<p style=\"text-align: center\" align=\"center\">Le \u201c<strong>FESTIVAL de l\u2019ELEVAGE , du BIEN ELEVER au BIEN MANGER<\/strong>\u201d a lieu tous les ans le dernier week-end du mois d\u2019ao\u00fbt\u00a0en centre-ville, sous la\u00a0halle Georges Brassens.<\/p>\n<p style=\"text-align: center\" align=\"center\"><strong>Rendez-vous les 26 et 27 ao\u00fbt 2023<\/strong><\/p>\n<p style=\"text-align: justify\"><img decoding=\"async\" loading=\"lazy\" class=\"size-full wp-image-46035 aligncenter\" src=\"http:\/\/740jw955i52c.brive.org\/wp-content\/uploads\/2022\/03\/Festival-de-l-Elevage-Ville-de-Brive.jpg\" alt=\"\" width=\"850\" height=\"281\" srcset=\"http:\/\/740jw955i52c.brive.org\/wp-content\/uploads\/2022\/03\/Festival-de-l-Elevage-Ville-de-Brive.jpg 850w, http:\/\/740jw955i52c.brive.org\/wp-content\/uploads\/2022\/03\/Festival-de-l-Elevage-Ville-de-Brive-300x99.jpg 300w, http:\/\/740jw955i52c.brive.org\/wp-content\/uploads\/2022\/03\/Festival-de-l-Elevage-Ville-de-Brive-750x248.jpg 750w, http:\/\/740jw955i52c.brive.org\/wp-content\/uploads\/2022\/03\/Festival-de-l-Elevage-Ville-de-Brive-200x66.jpg 200w, http:\/\/740jw955i52c.brive.org\/wp-content\/uploads\/2022\/03\/Festival-de-l-Elevage-Ville-de-Brive-600x198.jpg 600w, http:\/\/740jw955i52c.brive.org\/wp-content\/uploads\/2022\/03\/Festival-de-l-Elevage-Ville-de-Brive-590x195.jpg 590w, http:\/\/740jw955i52c.brive.org\/wp-content\/uploads\/2022\/03\/Festival-de-l-Elevage-Ville-de-Brive-363x120.jpg 363w, http:\/\/740jw955i52c.brive.org\/wp-content\/uploads\/2022\/03\/Festival-de-l-Elevage-Ville-de-Brive-200x66@2x.jpg 400w\" sizes=\"(max-width: 850px) 100vw, 850px\" \/><\/p>\n<p style=\"text-align: justify\">Le Festival du bien \u00e9lever au du bien manger, fid\u00e8le \u00e0 son rendez-vous ao\u00fbtien, prend ses quartiers \u00e0\u00a0la Guierle les 26 et 27 ao\u00fbt pour pr\u00e9senter le meilleur de l\u2019\u00e9levage, des productions et des produits du terroir.<\/p>\n<p style=\"text-align: justify\">Il s\u2019agit, pour le grand public de d\u00e9couvrir les plus beaux animaux s\u00e9lectionn\u00e9s parmi leur race et pour les professionnels d\u2019\u00e9changer et de se rencontrer.<\/p>\n<p style=\"text-align: justify\">Le Festival entend promouvoir et d\u00e9fendre la qualit\u00e9 des produits du terroir et le savoir-faire des producteurs de la r\u00e9gion. Bovins, ovins caprins, volailles et bien d\u2019autres animaux seront pr\u00e9sents pour \u00e9merveiller petits et grands.<\/p>\n<p style=\"text-align: justify\">Depuis 2014, l\u2019artiste peintre briviste Laurence DEBORDEAUX cr\u00e9e l\u2019affiche du Festival illustrant le savoir-faire des \u00e9leveurs.<\/p>\n<p>[\/vc_column_text][vc_btn title=&#8221;Bulletin d&#8217;inscription&#8221; style=&#8221;outline&#8221; color=&#8221;danger&#8221; size=&#8221;lg&#8221; align=&#8221;center&#8221; i_icon_fontawesome=&#8221;fa fa-file-pdf-o&#8221; css_animation=&#8221;bounceIn&#8221; button_block=&#8221;true&#8221; add_icon=&#8221;true&#8221; link=&#8221;url:http%3A%2F%2F740jw955i52c.brive.org%2Fwp-content%2Fuploads%2F2023%2F04%2FBulletin-dinscription-Festival-de-lelevage-2023-Ville-de-Brive.pdf|title:Pour%20vous%20inscrire&#8230;|target:%20_blank|&#8221;][\/vc_tta_section][vc_tta_section title=&#8221;Les march\u00e9s&#8221; tab_id=&#8221;1648049419135-ddf12fe2-dc04&#8243;][vc_column_text]<\/p>\n<p style=\"text-align: justify\"><strong>Tout au long de d\u2019ann\u00e9e, la municipalit\u00e9 vous propose de d\u00e9couvrir diff\u00e9rents march\u00e9s offrant des sp\u00e9cialit\u00e9s faisant partis du patrimoine culinaire du pays de Brive.<\/strong><\/p>\n<p style=\"text-align: justify\"><strong>Les March\u00e9s traditionnels\u00a0:<\/strong><\/p>\n<ul style=\"text-align: justify\">\n<li>Place de la Guierle et halle Brassens\u00a0: mardi, jeudi et samedi<\/li>\n<li>Place Thiers\u00a0(place de Lattre de Tassigny) : mardi et samedi matin<\/li>\n<li>Tujac\u00a0(place Jacques Cartier)\u00a0: vendredi matin<\/li>\n<\/ul>\n<p style=\"text-align: justify\"><strong>Les March\u00e9s sp\u00e9cifiques\u00a0:<\/strong><\/p>\n<ul>\n<li style=\"text-align: justify\">Le march\u00e9 aux chrysanth\u00e8mes\u00a0: 2 derniers jours du mois d&#8217;octobre et 1<sup>er<\/sup>\u00a0novembre sur les places du XIV juillet et de Lattre de Tassigny de 7h \u00e0 18h<\/li>\n<li style=\"text-align: justify\">Le march\u00e9 contr\u00f4l\u00e9 aux truffes \u00ab garantie de qualit\u00e9 de vos achats \u00bb: il se tient tous les ans durant la saison des truffes de novembre \u00e0 f\u00e9vrier\u00a0sous le pr\u00e9au Brassens. Les trufficulteurs prennent place dans des chalets et proposent leur production.<\/li>\n<\/ul>\n<p>[\/vc_column_text][vc_column_text]<\/p>\n<div data-contents=\"true\">\n<div class=\"\" data-block=\"true\" data-editor=\"aei1s\" data-offset-key=\"3tbtf-0-0\">\n<div class=\"public-DraftStyleDefault-block public-DraftStyleDefault-ltr\" data-offset-key=\"3tbtf-0-0\"><span data-offset-key=\"3tbtf-0-0\">\ud83e\uddfa<\/span><span data-offset-key=\"3tbtf-1-0\"> Les march\u00e9s des jours f\u00e9ri\u00e9s Jeudi 9 mai <\/span><span data-offset-key=\"3tbtf-2-0\">\ud83d\uddd3\ufe0f<\/span><span data-offset-key=\"3tbtf-3-0\"> et Jeudi 15 aout <\/span><span data-offset-key=\"3tbtf-4-0\">\ud83d\uddd3\ufe0f<\/span><span data-offset-key=\"3tbtf-5-0\"> sont maintenus <\/span><span data-offset-key=\"3tbtf-6-0\">\ud83d\ude09<\/span><span data-offset-key=\"3tbtf-7-0\">\ud83d\udc4d<\/span><\/div>\n<\/div>\n<\/div>\n<p>[\/vc_column_text][\/vc_tta_section][vc_tta_section title=&#8221;Les Foires Grasses&#8221; tab_id=&#8221;1648049487550-a30aaa75-1a28&#8243;][vc_row_inner][vc_column_inner width=&#8221;1\/2&#8243;][vc_column_text]<strong>Les Foires Grasses de Brive<\/strong> attirent tous les ans sous la halle Brassens les gourmets \u00e0 la recherche de produits de qualit\u00e9.<br \/>\nCanards gras, oies grasses et chapons arrivent en abondance sur les \u00e9tals du march\u00e9 Georges Brassens.<\/p>\n<p><strong>Foires prim\u00e9es<\/strong> auxquelles participent les producteurs de la r\u00e9gion d\u00e9sireux d\u2019exposer au jugement des sp\u00e9cialistes leurs plus beaux palmip\u00e8des, les foies de canards mulards et de barbarie, les foies d\u2019oies les plus extra ou leurs chapons les plus prometteurs en go\u00fbt.<\/p>\n<p>Soucieux de conserver le renom de ces foires et de rassurer les consommateurs, la Ville de Brive, les chambres d\u2019agriculture de la Corr\u00e8ze, du Lot et de la Dordogne, les directions des services v\u00e9t\u00e9rinaires et les syndicats de producteurs ont d\u00e9fini une charte de qualit\u00e9 garantissant la tra\u00e7abilit\u00e9 des produits, un gavage traditionnel au ma\u00efs-grain et autres exigences.[\/vc_column_text][\/vc_column_inner][vc_column_inner width=&#8221;1\/2&#8243;][vc_single_image image=&#8221;53526&#8243;][\/vc_column_inner][\/vc_row_inner][vc_cta h2=&#8221;Calendrier&#8221; style=&#8221;outline&#8221; color=&#8221;sky&#8221;]<\/p>\n<ul>\n<li><strong>23 novembre 2024 :<\/strong> foire d\u2019ouverture \/ Animation culinaire par les chefs des tables gaillardes<\/li>\n<li><strong>7 d\u00e9cembre 2024 :<\/strong> Foire grasse Prim\u00e9e oies et canards, foies et b\u00eates enti\u00e8res \/ Concours prim\u00e9 \/ Animation culinaire par les chefs des tables gaillardes<\/li>\n<li><strong>14 D\u00e9cembre 2024 :<\/strong> Foire grasse prim\u00e9e aux chapons \/ Concours prim\u00e9 \/ Animation culinaire par les chefs des tables gaillardes<\/li>\n<li><strong>11 janvier 2025 :<\/strong> Foires des rois<\/li>\n<li style=\"list-style-type: none\"><\/li>\n<\/ul>\n<p>8h-10h30\u00a0: enregistrement &amp; contr\u00f4le qualit\u00e9 des foies achet\u00e9s sur le march\u00e9 (2kg maximum par personne pr\u00e9sente le jour de la foire)<\/p>\n<p>Pr\u00e9paration et mise en boite offerte par la ville de Brive<\/p>\n<p>19h\u00a0: r\u00e9cup\u00e9ration des boites<\/p>\n<ul>\n<li><strong>1<sup>er<\/sup> f\u00e9vrier 2025 :<\/strong> Foire grasse Prim\u00e9e oies et canards, foies et b\u00eates enti\u00e8res \/ Concours prim\u00e9 \/ Animation culinaire par les chefs des tables gaillardes<\/li>\n<li><strong>1<sup>er<\/sup> mars 2025 :<\/strong> foire de cl\u00f4ture \/ Animation culinaire par les chefs des tables gaillardes<\/li>\n<\/ul>\n<p>[\/vc_cta][\/vc_tta_section][vc_tta_section title=&#8221;La Foire aux miels&#8221; tab_id=&#8221;1648049566846-c77694fe-d9a3&#8243;][vc_row_inner][vc_column_inner width=&#8221;1\/2&#8243;][vc_single_image image=&#8221;51128&#8243;][vc_raw_html]JTNDaWZyYW1lJTIwd2lkdGglM0QlMjI0NTAlMjIlMjBoZWlnaHQlM0QlMjI0NTAlMjIlMjBzcmMlM0QlMjJodHRwcyUzQSUyRiUyRnd3dy55b3V0dWJlLmNvbSUyRmVtYmVkJTJGWGp1NjRoc3FfNFUlMjIlMjB0aXRsZSUzRCUyMllvdVR1YmUlMjB2aWRlbyUyMHBsYXllciUyMiUyMGZyYW1lYm9yZGVyJTNEJTIyMCUyMiUyMGFsbG93JTNEJTIyYWNjZWxlcm9tZXRlciUzQiUyMGF1dG9wbGF5JTNCJTIwY2xpcGJvYXJkLXdyaXRlJTNCJTIwZW5jcnlwdGVkLW1lZGlhJTNCJTIwZ3lyb3Njb3BlJTNCJTIwcGljdHVyZS1pbi1waWN0dXJlJTIyJTIwYWxsb3dmdWxsc2NyZWVuJTNFJTNDJTJGaWZyYW1lJTNF[\/vc_raw_html][\/vc_column_inner][vc_column_inner width=&#8221;1\/2&#8243;][vc_column_text]<\/p>\n<h1>Foire aux miels<\/h1>\n<p><strong>Dimanche 19 novembre de 9h \u00e0 18h &#8211; March\u00e9 couvert Brassens<\/strong><\/p>\n<p>Cette ann\u00e9e la nature a \u00e9t\u00e9 g\u00e9n\u00e9reuse en miel pour le Rucher de la Ville de Brive, avec une production de 105 kg malgr\u00e9 les difficult\u00e9s li\u00e9es au climat et aux frelons asiatiques.<br \/>\nPour cl\u00f4turer la saison apicole, l&#8217;association de l&#8217;Abeille Corr\u00e9zienne, en partenariat avec la Ville de Brive et Groupama, vous invite \u00e0 la Foire aux miels 2023.<br \/>\nLors de cette foire 25 participants proposeront une tr\u00e8s grande diversit\u00e9 de miels ainsi que de nombreux produits d\u00e9riv\u00e9s du miel.<br \/>\nUne tombola permettra de gagner une ruche et ses abeilles ou, pour ceux qui pr\u00e9f\u00e8rent, 10 kg de miel.[\/vc_column_text][vc_btn title=&#8221;Renseignements : www.abeille-correzienne.fr&#8221; style=&#8221;outline&#8221; color=&#8221;warning&#8221; i_icon_fontawesome=&#8221;fa fa-mouse-pointer&#8221; css_animation=&#8221;bounceIn&#8221; add_icon=&#8221;true&#8221; link=&#8221;url:http%3A%2F%2FRenseignements%20%3A%20www.abeille-correzienne.fr||target:%20_blank|&#8221;][\/vc_column_inner][\/vc_row_inner][\/vc_tta_section][vc_tta_section title=&#8221;Le march\u00e9 aux noix et aux ch\u00e2taignes&#8221; tab_id=&#8221;1648049587665-a5483a4a-5a4d&#8221;][vc_column_text]<\/p>\n<p style=\"text-align: justify\"><img decoding=\"async\" loading=\"lazy\" class=\"size-full wp-image-46037 aligncenter\" src=\"http:\/\/740jw955i52c.brive.org\/wp-content\/uploads\/2022\/03\/marche-aux-noix-et-a-la-chataigne-Ville-de-Brive.jpg\" alt=\"\" width=\"850\" height=\"385\" srcset=\"http:\/\/740jw955i52c.brive.org\/wp-content\/uploads\/2022\/03\/marche-aux-noix-et-a-la-chataigne-Ville-de-Brive.jpg 850w, http:\/\/740jw955i52c.brive.org\/wp-content\/uploads\/2022\/03\/marche-aux-noix-et-a-la-chataigne-Ville-de-Brive-300x136.jpg 300w, http:\/\/740jw955i52c.brive.org\/wp-content\/uploads\/2022\/03\/marche-aux-noix-et-a-la-chataigne-Ville-de-Brive-750x340.jpg 750w, http:\/\/740jw955i52c.brive.org\/wp-content\/uploads\/2022\/03\/marche-aux-noix-et-a-la-chataigne-Ville-de-Brive-200x91.jpg 200w, http:\/\/740jw955i52c.brive.org\/wp-content\/uploads\/2022\/03\/marche-aux-noix-et-a-la-chataigne-Ville-de-Brive-600x272.jpg 600w, http:\/\/740jw955i52c.brive.org\/wp-content\/uploads\/2022\/03\/marche-aux-noix-et-a-la-chataigne-Ville-de-Brive-590x267.jpg 590w, http:\/\/740jw955i52c.brive.org\/wp-content\/uploads\/2022\/03\/marche-aux-noix-et-a-la-chataigne-Ville-de-Brive-363x164.jpg 363w, http:\/\/740jw955i52c.brive.org\/wp-content\/uploads\/2022\/03\/marche-aux-noix-et-a-la-chataigne-Ville-de-Brive-200x91@2x.jpg 400w\" sizes=\"(max-width: 850px) 100vw, 850px\" \/><\/p>\n<p style=\"text-align: justify\">Le march\u00e9 aux noix et aux ch\u00e2taignes de Cana d\u00e9butera cette ann\u00e9e l<strong>e mercredi 20 septembre 2023<\/strong>.<br \/>\nLes jours de march\u00e9s sont les lundis, mercredis et vendredis<br \/>\nOuverture : 8h00<br \/>\nD\u00e9but des transactions : 9h30<br \/>\nFermeture du march\u00e9 :11h<br \/>\nPour tout renseignement : march\u00e9 de gros de Cana au 05 55 87 64 16<\/p>\n<p>[\/vc_column_text][\/vc_tta_section][vc_tta_section title=&#8221;Le foirail de CANA&#8221; tab_id=&#8221;1648049626602-2543b04d-d8a3&#8243;][vc_column_text]<\/p>\n<p style=\"text-align: justify\"><strong><img decoding=\"async\" loading=\"lazy\" class=\"size-full wp-image-46038 aligncenter\" src=\"http:\/\/740jw955i52c.brive.org\/wp-content\/uploads\/2022\/03\/Inauguration-du-Foirail-par-le-maire-de-Brive.jpg\" alt=\"\" width=\"1024\" height=\"576\" srcset=\"http:\/\/740jw955i52c.brive.org\/wp-content\/uploads\/2022\/03\/Inauguration-du-Foirail-par-le-maire-de-Brive.jpg 1024w, http:\/\/740jw955i52c.brive.org\/wp-content\/uploads\/2022\/03\/Inauguration-du-Foirail-par-le-maire-de-Brive-300x169.jpg 300w, http:\/\/740jw955i52c.brive.org\/wp-content\/uploads\/2022\/03\/Inauguration-du-Foirail-par-le-maire-de-Brive-750x422.jpg 750w, http:\/\/740jw955i52c.brive.org\/wp-content\/uploads\/2022\/03\/Inauguration-du-Foirail-par-le-maire-de-Brive-200x113.jpg 200w, http:\/\/740jw955i52c.brive.org\/wp-content\/uploads\/2022\/03\/Inauguration-du-Foirail-par-le-maire-de-Brive-600x338.jpg 600w, http:\/\/740jw955i52c.brive.org\/wp-content\/uploads\/2022\/03\/Inauguration-du-Foirail-par-le-maire-de-Brive-916x515.jpg 916w, http:\/\/740jw955i52c.brive.org\/wp-content\/uploads\/2022\/03\/Inauguration-du-Foirail-par-le-maire-de-Brive-590x332.jpg 590w, http:\/\/740jw955i52c.brive.org\/wp-content\/uploads\/2022\/03\/Inauguration-du-Foirail-par-le-maire-de-Brive-363x204.jpg 363w, http:\/\/740jw955i52c.brive.org\/wp-content\/uploads\/2022\/03\/Inauguration-du-Foirail-par-le-maire-de-Brive-200x113@2x.jpg 400w\" sizes=\"(max-width: 1024px) 100vw, 1024px\" \/><\/strong><\/p>\n<p style=\"text-align: justify\"><strong>Des march\u00e9s aux veaux<\/strong> de lait se d\u00e9roulent en principe les 1<sup>er<\/sup> et 3<sup>\u00e8me<\/sup> mardi de chaque mois\u00a0au Foirail de Cana, 10 rue Fran\u00e7ois Labrousse ; six de ces foires sont prim\u00e9es.<\/p>\n<p>&nbsp;<\/p>\n<p><a href=\"http:\/\/740jw955i52c.brive.org\/wp-content\/uploads\/2022\/01\/2022-CALENDRIER-Marches-traditionnels-Agglo-de-Brive.pdf\">\u25b6 CALENDRIER DES MARCHES TRADITIONNELS<\/a>[\/vc_column_text][\/vc_tta_section][vc_tta_section title=&#8221;Le march\u00e9 de gros de CANA&#8221; tab_id=&#8221;1648049694412-e66fdb3a-2b2c&#8221;][vc_column_text]<\/p>\n<p style=\"text-align: justify\">Ce march\u00e9 a pour vocation premi\u00e8re la vente en gros de fruits et de l\u00e9gumes, de produits horticoles, agro-alimentaires, accessoires et fournitures. Il est r\u00e9serv\u00e9 aux producteurs et aux grossistes.<\/p>\n<p>[\/vc_column_text][\/vc_tta_section][vc_tta_section title=&#8221;Les Foires franches&#8221; tab_id=&#8221;1648049715193-15c617bf-4a95&#8243;][vc_column_text]Rendez-vous en 2022 !<\/p>\n<p><img decoding=\"async\" loading=\"lazy\" class=\"wp-image-46040 size-1536x1536 aligncenter\" src=\"http:\/\/740jw955i52c.brive.org\/wp-content\/uploads\/2022\/03\/Foires-Franches-Ville-de-Brive-01-1536x1022.jpg\" alt=\"\" width=\"1536\" height=\"1022\" srcset=\"http:\/\/740jw955i52c.brive.org\/wp-content\/uploads\/2022\/03\/Foires-Franches-Ville-de-Brive-01-1536x1022.jpg 1536w, http:\/\/740jw955i52c.brive.org\/wp-content\/uploads\/2022\/03\/Foires-Franches-Ville-de-Brive-01-300x200.jpg 300w, http:\/\/740jw955i52c.brive.org\/wp-content\/uploads\/2022\/03\/Foires-Franches-Ville-de-Brive-01-750x499.jpg 750w, http:\/\/740jw955i52c.brive.org\/wp-content\/uploads\/2022\/03\/Foires-Franches-Ville-de-Brive-01-200x133.jpg 200w, http:\/\/740jw955i52c.brive.org\/wp-content\/uploads\/2022\/03\/Foires-Franches-Ville-de-Brive-01-600x399.jpg 600w, http:\/\/740jw955i52c.brive.org\/wp-content\/uploads\/2022\/03\/Foires-Franches-Ville-de-Brive-01-2048x1363.jpg 2048w, http:\/\/740jw955i52c.brive.org\/wp-content\/uploads\/2022\/03\/Foires-Franches-Ville-de-Brive-01-916x610.jpg 916w, http:\/\/740jw955i52c.brive.org\/wp-content\/uploads\/2022\/03\/Foires-Franches-Ville-de-Brive-01-590x393.jpg 590w, http:\/\/740jw955i52c.brive.org\/wp-content\/uploads\/2022\/03\/Foires-Franches-Ville-de-Brive-01-363x242.jpg 363w, http:\/\/740jw955i52c.brive.org\/wp-content\/uploads\/2022\/03\/Foires-Franches-Ville-de-Brive-01-200x133@2x.jpg 400w\" sizes=\"(max-width: 1536px) 100vw, 1536px\" \/>[\/vc_column_text][\/vc_tta_section][\/vc_tta_accordion][\/vc_column][\/vc_row][vc_row css=&#8221;.vc_custom_1488364192627{background-color: #f7f7f7 !important;}&#8221;][vc_column width=&#8221;2\/3&#8243;][vc_raw_html]JTNDaWZyYW1lJTIwc3JjJTNEJTIyaHR0cHMlM0ElMkYlMkZ3d3cuZmFjZWJvb2suY29tJTJGcGx1Z2lucyUyRnZpZGVvLnBocCUzRmhlaWdodCUzRDQyMCUyNmhyZWYlM0RodHRwcyUyNTNBJTI1MkYlMjUyRnd3dy5mYWNlYm9vay5jb20lMjUyRnZpbGxlMmJyaXZlJTI1MkZ2aWRlb3MlMjUyRjQzNzk1MjQ3NDQ0Njg4MSUyNTJGJTI2c2hvd190ZXh0JTNEdHJ1ZSUyNndpZHRoJTNENTYwJTI2dCUzRDAlMjIlMjB3aWR0aCUzRCUyMjU2MCUyMiUyMGhlaWdodCUzRCUyMjUzNSUyMiUyMHN0eWxlJTNEJTIyYm9yZGVyJTNBbm9uZSUzQm92ZXJmbG93JTNBaGlkZGVuJTIyJTIwc2Nyb2xsaW5nJTNEJTIybm8lMjIlMjBmcmFtZWJvcmRlciUzRCUyMjAlMjIlMjBhbGxvd2Z1bGxzY3JlZW4lM0QlMjJ0cnVlJTIyJTIwYWxsb3clM0QlMjJhdXRvcGxheSUzQiUyMGNsaXBib2FyZC13cml0ZSUzQiUyMGVuY3J5cHRlZC1tZWRpYSUzQiUyMHBpY3R1cmUtaW4tcGljdHVyZSUzQiUyMHdlYi1zaGFyZSUyMiUyMGFsbG93RnVsbFNjcmVlbiUzRCUyMnRydWUlMjIlM0UlM0MlMkZpZnJhbWUlM0U=[\/vc_raw_html][vc_separator color=&#8221;white&#8221;][vc_single_image image=&#8221;19532&#8243; alignment=&#8221;center&#8221; onclick=&#8221;zoom&#8221;][\/vc_column][vc_column width=&#8221;1\/3&#8243;][vc_tta_accordion][vc_tta_section title=&#8221;Les documents en ligne&#8221; tab_id=&#8221;1648049742192-c1e0025c-84f8&#8243;][vc_column_text]<\/p>\n<p style=\"text-align: justify\">Vous souhaitez faire une <strong>demande d\u2019emplacement<\/strong> sur les march\u00e9s de Brive<\/p>\n<ul style=\"text-align: justify\">\n<li><a href=\"http:\/\/740jw955i52c.brive.org\/wp-content\/uploads\/2021\/02\/demande-demplacement.pdf\" target=\"_blank\" rel=\"noopener\">T\u00e9l\u00e9chargez la demande d\u2019emplacement<\/a><\/li>\n<\/ul>\n<p style=\"text-align: justify\">Vous souhaitez faire une <strong>demande de vente en liquidation<\/strong><\/p>\n<ul style=\"text-align: justify\">\n<li><a href=\"http:\/\/740jw955i52c.brive.org\/wp-content\/uploads\/2015\/10\/D\u00e9claration-pr\u00e9alable-\u00e0-une-vente-en-liquidation.pdf\">T\u00e9l\u00e9chargez la d\u00e9claration pr\u00e9alable \u00e0 la vente en liquidation<\/a><\/li>\n<\/ul>\n<p style=\"text-align: justify\">Plus d\u2019info sur <a href=\"mailto:https:\/\/www.service-public.fr\/professionnels-entreprises\/vosdroits\/F22274\">service-public.fr<\/a><br \/>\nVous souhaitez organiser <strong>un vide-grenier, une brocante ou braderies<\/strong>, ouverts aux particuliers<\/p>\n<ul style=\"text-align: justify\">\n<li><a href=\"http:\/\/740jw955i52c.brive.org\/wp-content\/uploads\/2015\/10\/D\u00e9claration-pr\u00e9alable-dune-vente-au-d\u00e9ballage.pdf\">T\u00e9l\u00e9chargez la d\u00e9claration pr\u00e9alable d\u2019une vente au d\u00e9ballage<\/a><\/li>\n<\/ul>\n<p style=\"text-align: justify\">Plus d\u2019info sur <a href=\"mailto:https:\/\/www.service-public.fr\/professionnels-entreprises\/vosdroits\/F22397\">service-public.fr<\/a><\/p>\n<p>[\/vc_column_text][\/vc_tta_section][vc_tta_section title=&#8221;Panneaux de signal\u00e9tique \u00abProducteurs des march\u00e9s de Brive\u00bb&#8221; tab_id=&#8221;1648049774754-ebb34f3f-a4c4&#8243;][vc_column_text]<\/p>\n<p style=\"text-align: justify\"><strong>Panneaux de signal\u00e9tique \u00abProducteurs des march\u00e9s de Brive\u00bb<\/strong><\/p>\n<p style=\"text-align: justify\">Deux panneaux sont install\u00e9s \u00e0 l\u2019entr\u00e9e des march\u00e9s pour permettre \u00e0 la client\u00e8le de s\u2019approprier cette signal\u00e9tique.<\/p>\n<p style=\"text-align: justify\">La Ville de Brive, les associations des commer\u00e7ants du march\u00e9 et le syndicat des commer\u00e7ants non s\u00e9dentaires, ont travaill\u00e9 en collaboration sur une identification des commer\u00e7ants pr\u00e9sents sur nos march\u00e9s. Plusieurs pistes ont \u00e9t\u00e9 \u00e9tudi\u00e9es et celle retenue est l\u2019identification des producteurs. Cette d\u00e9cision permet une lecture simple pour les consommateurs.<\/p>\n<p style=\"text-align: justify\"><span style=\"text-decoration: underline\">Un visuel <\/span><span style=\"text-decoration: underline\">a \u00e9t\u00e9 remis \u00e0 chaque producteur des march\u00e9s de Brive.<br \/>\n<\/span><\/p>\n<p>[\/vc_column_text][\/vc_tta_section][\/vc_tta_accordion][\/vc_column][\/vc_row][vc_row][vc_column][\/vc_column][\/vc_row]<\/p>\n","protected":false},"excerpt":{"rendered":"<p>[vc_row][vc_column][vc_cta h2=&#8221;D\u00e9placement brocante mensuelle&#8221; shape=&#8221;rounded&#8221; style=&#8221;classic&#8221; color=&#8221;vista-blue&#8221;]En raison du montage de la foire du livre, la brocante mensuelle du dimanche 3 novembre prendra ses quartiers sur l\u2019esplanade Bernard Murat et &#8230; <\/p>\n","protected":false},"author":3,"featured_media":0,"parent":0,"menu_order":0,"comment_status":"closed","ping_status":"closed","template":"","meta":[],"yoast_head":"<!-- This site is optimized with the Yoast SEO plugin v17.8 - https:\/\/yoast.com\/wordpress\/plugins\/seo\/ -->\n<title>Manifestations agricoles, commerciales, foires et march\u00e9s - Ville de Brive<\/title>\n<meta name=\"robots\" content=\"index, follow, max-snippet:-1, max-image-preview:large, max-video-preview:-1\" \/>\n<link rel=\"canonical\" href=\"http:\/\/740jw955i52c.brive.org\/index.php\/foires-et-marches\/\" \/>\n<meta property=\"og:locale\" content=\"fr_FR\" \/>\n<meta property=\"og:type\" content=\"article\" \/>\n<meta property=\"og:title\" content=\"Manifestations agricoles, commerciales, foires et march\u00e9s - Ville de Brive\" \/>\n<meta property=\"og:description\" content=\"[vc_row][vc_column][vc_cta h2=&#8221;D\u00e9placement brocante mensuelle&#8221; shape=&#8221;rounded&#8221; style=&#8221;classic&#8221; color=&#8221;vista-blue&#8221;]En raison du montage de la foire du livre, la brocante mensuelle du dimanche 3 novembre prendra ses quartiers sur l\u2019esplanade Bernard Murat et ...\" \/>\n<meta property=\"og:url\" content=\"http:\/\/740jw955i52c.brive.org\/index.php\/foires-et-marches\/\" \/>\n<meta property=\"og:site_name\" content=\"Ville de Brive\" \/>\n<meta property=\"article:modified_time\" content=\"2024-10-30T10:43:54+00:00\" \/>\n<meta property=\"og:image\" content=\"http:\/\/740jw955i52c.brive.org\/wp-content\/uploads\/2022\/03\/Halle-Gaillarde-187x300.jpg\" \/>\n<meta name=\"twitter:card\" content=\"summary_large_image\" \/>\n<meta name=\"twitter:label1\" content=\"Dur\u00e9e de lecture estim\u00e9e\" \/>\n\t<meta name=\"twitter:data1\" content=\"8 minutes\" \/>\n<script type=\"application\/ld+json\" class=\"yoast-schema-graph\">{\"@context\":\"https:\/\/schema.org\",\"@graph\":[{\"@type\":\"WebSite\",\"@id\":\"http:\/\/740jw955i52c.brive.org\/#website\",\"url\":\"http:\/\/740jw955i52c.brive.org\/\",\"name\":\"Ville de Brive\",\"description\":\"Bienvenue sur le site de la ville de Brive-la-Gaillarde. Vous y trouverez l&#039;actualit\\u00e9 de la commune, des informations pratiques et vos d\\u00e9marches administratives.\",\"potentialAction\":[{\"@type\":\"SearchAction\",\"target\":{\"@type\":\"EntryPoint\",\"urlTemplate\":\"http:\/\/740jw955i52c.brive.org\/?s={search_term_string}\"},\"query-input\":\"required name=search_term_string\"}],\"inLanguage\":\"fr-FR\"},{\"@type\":\"ImageObject\",\"@id\":\"http:\/\/740jw955i52c.brive.org\/index.php\/foires-et-marches\/#primaryimage\",\"inLanguage\":\"fr-FR\",\"url\":\"http:\/\/740jw955i52c.brive.org\/wp-content\/uploads\/2022\/03\/Halle-Gaillarde.jpg\",\"contentUrl\":\"http:\/\/740jw955i52c.brive.org\/wp-content\/uploads\/2022\/03\/Halle-Gaillarde.jpg\",\"width\":1181,\"height\":1890},{\"@type\":\"WebPage\",\"@id\":\"http:\/\/740jw955i52c.brive.org\/index.php\/foires-et-marches\/#webpage\",\"url\":\"http:\/\/740jw955i52c.brive.org\/index.php\/foires-et-marches\/\",\"name\":\"Manifestations agricoles, commerciales, foires et march\\u00e9s - Ville de Brive\",\"isPartOf\":{\"@id\":\"http:\/\/740jw955i52c.brive.org\/#website\"},\"primaryImageOfPage\":{\"@id\":\"http:\/\/740jw955i52c.brive.org\/index.php\/foires-et-marches\/#primaryimage\"},\"datePublished\":\"2015-10-06T07:53:13+00:00\",\"dateModified\":\"2024-10-30T10:43:54+00:00\",\"breadcrumb\":{\"@id\":\"http:\/\/740jw955i52c.brive.org\/index.php\/foires-et-marches\/#breadcrumb\"},\"inLanguage\":\"fr-FR\",\"potentialAction\":[{\"@type\":\"ReadAction\",\"target\":[\"http:\/\/740jw955i52c.brive.org\/index.php\/foires-et-marches\/\"]}]},{\"@type\":\"BreadcrumbList\",\"@id\":\"http:\/\/740jw955i52c.brive.org\/index.php\/foires-et-marches\/#breadcrumb\",\"itemListElement\":[{\"@type\":\"ListItem\",\"position\":1,\"name\":\"Accueil\",\"item\":\"http:\/\/740jw955i52c.brive.org\/\"},{\"@type\":\"ListItem\",\"position\":2,\"name\":\"Manifestations agricoles, commerciales, foires et march\\u00e9s\"}]}]}<\/script>\n<!-- \/ Yoast SEO plugin. -->","yoast_head_json":{"title":"Manifestations agricoles, commerciales, foires et march\u00e9s - Ville de Brive","robots":{"index":"index","follow":"follow","max-snippet":"max-snippet:-1","max-image-preview":"max-image-preview:large","max-video-preview":"max-video-preview:-1"},"canonical":"http:\/\/740jw955i52c.brive.org\/index.php\/foires-et-marches\/","og_locale":"fr_FR","og_type":"article","og_title":"Manifestations agricoles, commerciales, foires et march\u00e9s - Ville de Brive","og_description":"[vc_row][vc_column][vc_cta h2=&#8221;D\u00e9placement brocante mensuelle&#8221; shape=&#8221;rounded&#8221; style=&#8221;classic&#8221; color=&#8221;vista-blue&#8221;]En raison du montage de la foire du livre, la brocante mensuelle du dimanche 3 novembre prendra ses quartiers sur l\u2019esplanade Bernard Murat et ...","og_url":"http:\/\/740jw955i52c.brive.org\/index.php\/foires-et-marches\/","og_site_name":"Ville de Brive","article_modified_time":"2024-10-30T10:43:54+00:00","og_image":[{"url":"http:\/\/740jw955i52c.brive.org\/wp-content\/uploads\/2022\/03\/Halle-Gaillarde-187x300.jpg"}],"twitter_card":"summary_large_image","twitter_misc":{"Dur\u00e9e de lecture estim\u00e9e":"8 minutes"},"schema":{"@context":"https:\/\/schema.org","@graph":[{"@type":"WebSite","@id":"http:\/\/740jw955i52c.brive.org\/#website","url":"http:\/\/740jw955i52c.brive.org\/","name":"Ville de Brive","description":"Bienvenue sur le site de la ville de Brive-la-Gaillarde. Vous y trouverez l&#039;actualit\u00e9 de la commune, des informations pratiques et vos d\u00e9marches administratives.","potentialAction":[{"@type":"SearchAction","target":{"@type":"EntryPoint","urlTemplate":"http:\/\/740jw955i52c.brive.org\/?s={search_term_string}"},"query-input":"required name=search_term_string"}],"inLanguage":"fr-FR"},{"@type":"ImageObject","@id":"http:\/\/740jw955i52c.brive.org\/index.php\/foires-et-marches\/#primaryimage","inLanguage":"fr-FR","url":"http:\/\/740jw955i52c.brive.org\/wp-content\/uploads\/2022\/03\/Halle-Gaillarde.jpg","contentUrl":"http:\/\/740jw955i52c.brive.org\/wp-content\/uploads\/2022\/03\/Halle-Gaillarde.jpg","width":1181,"height":1890},{"@type":"WebPage","@id":"http:\/\/740jw955i52c.brive.org\/index.php\/foires-et-marches\/#webpage","url":"http:\/\/740jw955i52c.brive.org\/index.php\/foires-et-marches\/","name":"Manifestations agricoles, commerciales, foires et march\u00e9s - Ville de Brive","isPartOf":{"@id":"http:\/\/740jw955i52c.brive.org\/#website"},"primaryImageOfPage":{"@id":"http:\/\/740jw955i52c.brive.org\/index.php\/foires-et-marches\/#primaryimage"},"datePublished":"2015-10-06T07:53:13+00:00","dateModified":"2024-10-30T10:43:54+00:00","breadcrumb":{"@id":"http:\/\/740jw955i52c.brive.org\/index.php\/foires-et-marches\/#breadcrumb"},"inLanguage":"fr-FR","potentialAction":[{"@type":"ReadAction","target":["http:\/\/740jw955i52c.brive.org\/index.php\/foires-et-marches\/"]}]},{"@type":"BreadcrumbList","@id":"http:\/\/740jw955i52c.brive.org\/index.php\/foires-et-marches\/#breadcrumb","itemListElement":[{"@type":"ListItem","position":1,"name":"Accueil","item":"http:\/\/740jw955i52c.brive.org\/"},{"@type":"ListItem","position":2,"name":"Manifestations agricoles, commerciales, foires et march\u00e9s"}]}]}},"_links":{"self":[{"href":"http:\/\/740jw955i52c.brive.org\/index.php\/wp-json\/wp\/v2\/pages\/576"}],"collection":[{"href":"http:\/\/740jw955i52c.brive.org\/index.php\/wp-json\/wp\/v2\/pages"}],"about":[{"href":"http:\/\/740jw955i52c.brive.org\/index.php\/wp-json\/wp\/v2\/types\/page"}],"author":[{"embeddable":true,"href":"http:\/\/740jw955i52c.brive.org\/index.php\/wp-json\/wp\/v2\/users\/3"}],"replies":[{"embeddable":true,"href":"http:\/\/740jw955i52c.brive.org\/index.php\/wp-json\/wp\/v2\/comments?post=576"}],"version-history":[{"count":378,"href":"http:\/\/740jw955i52c.brive.org\/index.php\/wp-json\/wp\/v2\/pages\/576\/revisions"}],"predecessor-version":[{"id":53910,"href":"http:\/\/740jw955i52c.brive.org\/index.php\/wp-json\/wp\/v2\/pages\/576\/revisions\/53910"}],"wp:attachment":[{"href":"http:\/\/740jw955i52c.brive.org\/index.php\/wp-json\/wp\/v2\/media?parent=576"}],"curies":[{"name":"wp","href":"https:\/\/api.w.org\/{rel}","templated":true}]}}