{"id":572,"date":"2015-10-06T09:52:10","date_gmt":"2015-10-06T07:52:10","guid":{"rendered":"http:\/\/740jw955i52c.brive.org?page_id=572"},"modified":"2024-03-08T10:09:55","modified_gmt":"2024-03-08T09:09:55","slug":"developpement-urbain","status":"publish","type":"page","link":"http:\/\/740jw955i52c.brive.org\/index.php\/developpement-urbain\/","title":{"rendered":"Urbanisme"},"content":{"rendered":"<p>[vc_row][vc_column width=&#8221;1\/2&#8243;][vc_btn title=&#8221;\u25b6 Enqu\u00eate publique et concertation&#8221; style=&#8221;outline&#8221; color=&#8221;primary&#8221; size=&#8221;lg&#8221; align=&#8221;left&#8221; button_block=&#8221;true&#8221; link=&#8221;url:http%3A%2F%2F740jw955i52c.brive.org%2Findex.php%2Fenquete-publique-et-concertation%2F|||&#8221;][\/vc_column][vc_column width=&#8221;1\/2&#8243;][vc_btn title=&#8221;\u25b6 Plan Local d&#8217;Urbanisme (PLU)&#8221; style=&#8221;outline&#8221; color=&#8221;primary&#8221; size=&#8221;lg&#8221; align=&#8221;left&#8221; button_block=&#8221;true&#8221; link=&#8221;url:http%3A%2F%2F740jw955i52c.brive.org%2Findex.php%2Fplan-local-urbanisme-plu%2F|||&#8221;][\/vc_column][\/vc_row][vc_row disable_element=&#8221;yes&#8221;][vc_column width=&#8221;1\/2&#8243;][vc_single_image image=&#8221;51488&#8243; onclick=&#8221;custom_link&#8221;][\/vc_column][vc_column width=&#8221;1\/2&#8243;][vc_cta h2=&#8221;Avis d&#8217;enqu\u00eate publique&#8221; style=&#8221;outline&#8221; color=&#8221;sky&#8221;]<\/p>\n<p style=\"text-align: justify\">Le public est inform\u00e9 qu&#8217;une <strong>enqu\u00eate publique unique<\/strong> est ouverte <strong>du 29 janvier 2024 au 29 f\u00e9vrier 2024 inclus<\/strong> (32 jours), pour recueillir l&#8217;avis du public sur le projet pr\u00e9sent\u00e9 par la SARL J. LACHAUX. Cette enqu\u00eate publique unique regroupe une enqu\u00eate publique portant sur une <strong>demande pour le renouvellement de l&#8217;exploitation et l&#8217;extension de la carri\u00e8re en roches massives de gr\u00e8s de Lissouli\u00e8re<\/strong> implant\u00e9e sur le territoire de la commune de Brive\u00ad-la-Gaillarde, et une <strong>enqu\u00eate publique relative \u00e0 la d\u00e9claration de projet du plan local d&#8217;urbanisme (PLU)<\/strong> pour la mise en conformit\u00e9 du document d&#8217;urbanisme de la commune de Brive-la-Gaillarde.<\/p>\n<p>\u25b6 <a href=\"http:\/\/740jw955i52c.brive.org\/wp-content\/uploads\/2024\/01\/1-avis-enquete.pdf\">1 &#8211; avis enqu\u00eate<\/a><\/p>\n<p>\u25b6 <a href=\"https:\/\/www.correze.gouv.fr\/Publications\/Annonces-avis\/Enquetes-publiques\/Les-enquetes\/I.C.P.E.-Arrete-d-enquete-publique-unique-ICPE-et-urbanisme-SARL-J.-LACHAUX\" target=\"_blank\" rel=\"noopener\">2 &#8211; ICPE Arr\u00eat\u00e9 d&#8217;Enqu\u00eate publique<\/a>[\/vc_cta][\/vc_column][\/vc_row][vc_row disable_element=&#8221;yes&#8221;][vc_column width=&#8221;1\/2&#8243;][vc_single_image image=&#8221;45828&#8243; onclick=&#8221;custom_link&#8221; link=&#8221;http:\/\/740jw955i52c.brive.org\/index.php\/enquete-publique-et-concertation\/&#8221;][\/vc_column][vc_column width=&#8221;1\/2&#8243;][vc_single_image image=&#8221;46143&#8243; onclick=&#8221;custom_link&#8221; link=&#8221;http:\/\/740jw955i52c.brive.org\/index.php\/enquete-publique-et-concertation\/&#8221;][\/vc_column][\/vc_row][vc_row disable_element=&#8221;yes&#8221;][vc_column width=&#8221;1\/2&#8243;][vc_single_image image=&#8221;51098&#8243; onclick=&#8221;custom_link&#8221;][\/vc_column][vc_column width=&#8221;1\/2&#8243;][vc_cta h2=&#8221;Concertation ZAEnR&#8221; style=&#8221;outline&#8221; color=&#8221;vista-blue&#8221;]<\/p>\n<p style=\"text-align: justify\">Actuellement en France, les deux tiers de notre consommation d\u2019\u00e9nergie finale reposent toujours sur des \u00e9nergies fossiles, tr\u00e8s \u00e9mettrices de gaz \u00e0 effet de serre. Le d\u00e9veloppement massif des \u00e9nergies renouvelables peut nous permettre de continuer \u00e0 nous chauffer, nous d\u00e9placer, communiquer, tout en contribuant \u00e0 r\u00e9duire notre empreinte \u00e9cologique.<br \/>\nDans cet objectif la loi relative \u00e0 <strong>l&#8217;acc\u00e9l\u00e9ration de la production d&#8217;\u00e9nergies renouvelables<\/strong> (dite loi APER) encourage la planification du d\u00e9veloppement des \u00e9nergies renouvelables sur les territoires en proposant aux communes de d\u00e9finir des <strong>Zones d\u2019Acc\u00e9l\u00e9ration des Energies Renouvelables (ZAEnR)<\/strong> : sur ces secteurs, les porteurs de projet pourront \u00e9ventuellement b\u00e9n\u00e9ficier de r\u00e9duction des d\u00e9lais d\u2019instruction et obtenir des aides financi\u00e8res.<\/p>\n<p>[\/vc_cta][\/vc_column][\/vc_row][vc_row disable_element=&#8221;yes&#8221;][vc_column width=&#8221;1\/2&#8243;][vc_cta h2=&#8221;Concertation ZAEnR&#8221; style=&#8221;outline&#8221; color=&#8221;vista-blue&#8221;]La commune de Brive a donc rep\u00e9r\u00e9 des secteurs susceptibles d\u2019accueillir en priorit\u00e9 les projets d\u2019installations de production d\u2019\u00e9nergie renouvelables (photovolta\u00efque, r\u00e9seaux de chaleur, g\u00e9othermie, bois \u00e9nergie, solaire thermique) et souhaite consulter la population sur ces propositions. Celles-ci sont conformes aux orientations envisag\u00e9es par la Communaut\u00e9 d\u2019Agglom\u00e9ration du Bassin de Brive en mati\u00e8re de production d\u2019\u00e9nergie renouvelable, et doivent permettre d\u2019atteindre les objectifs d\u00e9finis dans le Plan Climat-Air-\u00c9nergie Territorial.<\/p>\n<p>Dans le cadre de cette <strong>concertation<\/strong>, les documents graphiques seront disponibles jusqu\u2019au 13 novembre sur le site de la ville de Brive (onglet urbanisme) et au service planification territoriale, 1er \u00e9tage de l\u2019immeuble consulaire, 10 avenue du Mar\u00e9chal Leclerc, 19 100 Brive.<\/p>\n<p><strong>Les observations sont \u00e0 formuler avant le lundi 13 novembre 2023 \u00e0 17 heures<\/strong>, \u00e0 l\u2019adresse mail suivante : <a href=\"mailto:urba.planif@agglodebrive.fr\" target=\"_blank\" rel=\"noopener\">urba.planif@agglodebrive.fr<\/a><br \/>\nPour toute information, vous pouvez contacter le service Planification Territoriale &#8211; La\u00ebtitia Chartrain 05 55 74 70 00 \/ Brigitte Nironi 05 19 59 14 33[\/vc_cta][\/vc_column][vc_column width=&#8221;1\/2&#8243;][vc_cta h2=&#8221;Documents de la Concertation&#8221; style=&#8221;outline&#8221; color=&#8221;vista-blue&#8221;]\u25b6 <a href=\"http:\/\/740jw955i52c.brive.org\/wp-content\/uploads\/2023\/11\/1_zonage_PVToiture.pdf\">1_zonage_PVToiture<\/a><\/p>\n<p>\u25b6 <a href=\"http:\/\/740jw955i52c.brive.org\/wp-content\/uploads\/2023\/11\/2_zonage_SolaireTherm.pdf\">2_zonage_SolaireTherm<\/a><\/p>\n<p>\u25b6 <a href=\"http:\/\/740jw955i52c.brive.org\/wp-content\/uploads\/2023\/11\/3_zonage_PVOmbrierePark.pdf\">3_zonage_PVOmbrierePark<\/a><\/p>\n<p>\u25b6 <a href=\"http:\/\/740jw955i52c.brive.org\/wp-content\/uploads\/2023\/11\/4_zonage_ReseauChaleur.pdf\">4_zonage_ReseauChaleur<\/a><\/p>\n<p>\u25b6 <a href=\"http:\/\/740jw955i52c.brive.org\/wp-content\/uploads\/2023\/11\/5_zonage_Geothermie.pdf\">5_zonage_Geothermie<\/a><\/p>\n<p>\u25b6 <a href=\"http:\/\/740jw955i52c.brive.org\/wp-content\/uploads\/2023\/11\/6_zonage_BoisEnergie.pdf\">6_zonage_BoisEnergie<\/a>[\/vc_cta][\/vc_column][\/vc_row][vc_row disable_element=&#8221;yes&#8221;][vc_column width=&#8221;1\/2&#8243;][vc_single_image image=&#8221;45828&#8243; onclick=&#8221;custom_link&#8221; link=&#8221;http:\/\/740jw955i52c.brive.org\/index.php\/enquete-publique-et-concertation\/&#8221;][vc_btn title=&#8221;Registre d&#8217;enqu\u00eate, cliquez ici ! \u25b6&#8221; style=&#8221;custom&#8221; custom_background=&#8221;#75d69c&#8221; custom_text=&#8221;#ffffff&#8221; shape=&#8221;rounded&#8221; size=&#8221;lg&#8221; align=&#8221;center&#8221; css_animation=&#8221;bounceIn&#8221; button_block=&#8221;true&#8221; link=&#8221;url:http%3A%2F%2F740jw955i52c.brive.org%2Findex.php%2Fenquete-publique%2F||target:%20_blank|&#8221;][\/vc_column][vc_column width=&#8221;1\/2&#8243;][vc_cta h2=&#8221;Avis d&#8217;enqu\u00eate publique&#8221; style=&#8221;outline&#8221; color=&#8221;vista-blue&#8221;]Le Maire de <strong>Brive<\/strong> a ordonn\u00e9 <u>par arr\u00eat\u00e9 \u00a0N\u00b0 2022\/771<\/u> l\u2019ouverture de <strong>l\u2019enqu\u00eate publique<\/strong> relative au projet de <strong>modification n\u00b01 du Plan Local d\u2019Urbanisme (PLU) de Brive<\/strong>.<\/p>\n<p>Cette proc\u00e9dure n\u2019\u00e9tant pas soumise \u00e0 \u00e9valuation environnementale (avis de l\u2019autorit\u00e9 environnementale comp\u00e9tente joint au dossier d\u2019enqu\u00eate), l\u2019enqu\u00eate publique se d\u00e9roulera en mairie <strong>du mercredi 23 mars 2022 au mercredi 6 avril 2022 inclus<\/strong>, aux heures et jours habituels d\u2019ouverture.<\/p>\n<p>Le dossier sera \u00e9galement consultable sur le site internet de la ville de Brive : <a href=\"http:\/\/740jw955i52c.brive.org\/index.php\/accueil-2\/developpement-urbain\/\">740jw955i52c.brive.org<\/a> ou depuis un poste informatique mis \u00e0 disposition \u00e0 la mairie.<\/p>\n<p><a href=\"http:\/\/740jw955i52c.brive.org\/wp-content\/uploads\/2022\/03\/Arrete-EP-M1-signe-vise.pdf\" target=\"_blank\" rel=\"noopener\">\u25b6 Arr\u00eat\u00e9 d\u2019enqu\u00eate publique N\u00b0 2022\/771 <\/a><\/p>\n<p><a href=\"http:\/\/740jw955i52c.brive.org\/wp-content\/uploads\/2022\/03\/AFFICHE-AVIS-Enquete-pub-M1-bis.pdf\" target=\"_blank\" rel=\"noopener\">\u25b6 Avis d\u2019enqu\u00eate publique <\/a><\/p>\n<p><a href=\"http:\/\/740jw955i52c.brive.org\/Docs\/PLU\/\" target=\"_blank\" rel=\"noopener\">\u25b6 Dossier Enqu\u00eate Publique : ENV_7453_FIC_14258.pdf<\/a>[\/vc_cta][\/vc_column][\/vc_row][vc_row][vc_column][vc_column_text css_animation=&#8221;bounceIn&#8221;]<a href=\"https:\/\/gnau35.operis.fr\/bassindebrive\/gnau\/#\/\" target=\"_blank\" rel=\"! Autorisations Cliquez Guichet Num\u00e9rique acc\u00e9der au d&#039;Urbanisme des ici noopener pour\"><img decoding=\"async\" loading=\"lazy\" class=\"alignnone wp-image-45599 size-full\" title=\"Cliquez ici pour acc\u00e9der au Guichet Num\u00e9rique des Autorisations d'Urbanisme !\" src=\"http:\/\/740jw955i52c.brive.org\/wp-content\/uploads\/2022\/02\/Bandeau-Guichet-Numerique-des-Autorisations-dUrbanisme-Agglo-de-Brive-V1.jpg\" alt=\"Cliquez ici pour acc\u00e9der au Guichet Num\u00e9rique des Autorisations d'Urbanisme !\" width=\"1158\" height=\"280\" srcset=\"http:\/\/740jw955i52c.brive.org\/wp-content\/uploads\/2022\/02\/Bandeau-Guichet-Numerique-des-Autorisations-dUrbanisme-Agglo-de-Brive-V1.jpg 1158w, http:\/\/740jw955i52c.brive.org\/wp-content\/uploads\/2022\/02\/Bandeau-Guichet-Numerique-des-Autorisations-dUrbanisme-Agglo-de-Brive-V1-300x73.jpg 300w, http:\/\/740jw955i52c.brive.org\/wp-content\/uploads\/2022\/02\/Bandeau-Guichet-Numerique-des-Autorisations-dUrbanisme-Agglo-de-Brive-V1-750x181.jpg 750w, http:\/\/740jw955i52c.brive.org\/wp-content\/uploads\/2022\/02\/Bandeau-Guichet-Numerique-des-Autorisations-dUrbanisme-Agglo-de-Brive-V1-200x48.jpg 200w, http:\/\/740jw955i52c.brive.org\/wp-content\/uploads\/2022\/02\/Bandeau-Guichet-Numerique-des-Autorisations-dUrbanisme-Agglo-de-Brive-V1-600x145.jpg 600w, http:\/\/740jw955i52c.brive.org\/wp-content\/uploads\/2022\/02\/Bandeau-Guichet-Numerique-des-Autorisations-dUrbanisme-Agglo-de-Brive-V1-916x221.jpg 916w, http:\/\/740jw955i52c.brive.org\/wp-content\/uploads\/2022\/02\/Bandeau-Guichet-Numerique-des-Autorisations-dUrbanisme-Agglo-de-Brive-V1-590x143.jpg 590w, http:\/\/740jw955i52c.brive.org\/wp-content\/uploads\/2022\/02\/Bandeau-Guichet-Numerique-des-Autorisations-dUrbanisme-Agglo-de-Brive-V1-363x88.jpg 363w, http:\/\/740jw955i52c.brive.org\/wp-content\/uploads\/2022\/02\/Bandeau-Guichet-Numerique-des-Autorisations-dUrbanisme-Agglo-de-Brive-V1-200x48@2x.jpg 400w\" sizes=\"(max-width: 1158px) 100vw, 1158px\" \/><\/a>[\/vc_column_text][vc_cta h2=&#8221;&#8221; style=&#8221;outline&#8221; color=&#8221;sky&#8221;]<em>\u201cLe territoire fran\u00e7ais est le patrimoine commun de la nation. Chaque collectivit\u00e9 publique en est le gestionnaire et le garant dans le cadre de ses comp\u00e9tences\u201d (Code de l\u2019Urbanisme).<\/em><\/p>\n<p>Pour r\u00e9pondre \u00e0 ces exigences, la <strong>Direction mutualis\u00e9e Agglo et Ville de Brive de l\u2019am\u00e9nagement du territoire\u00a0<\/strong> est compos\u00e9e de trois entit\u00e9s :<\/p>\n<ul>\n<li><strong>le service Strat\u00e9gie et Planification Territorial<\/strong><strong>e<\/strong> a un r\u00f4le de gestionnaire, \u00e9labore et assure le suivi des documents d\u2019urbanisme, \u00e9crit son projet de territoire et supervise des documents d\u2019urbanisme supra communaux.<\/li>\n<li><strong>le service Urbanisme Op\u00e9rationnel<\/strong> s\u2019occupe de l\u2019instruction des autorisations du droit du sol, ainsi que de l&#8217;accueil du public pour la commune de Brive et apporte son aide aux particuliers, constructeurs et architectes pour le suivi de leur dossier d&#8217;urbanisme.<\/li>\n<li><strong>le service Politiques de l\u2019Habitat <\/strong>propose un lieu d\u2019accueil et d\u2019information ainsi que des aides financi\u00e8res pour vous accompagner dans vos projets d\u2019habitat.<\/li>\n<\/ul>\n<p>\u00c0 partir du 1er mars 2022, pour d\u00e9poser vos dossiers de demandes d\u2019autorisations d\u2019urbanisme en ligne sur le Guichet Num\u00e9rique des Autorisations d&#8217;Urbanisme (GNAU).[\/vc_cta][\/vc_column][\/vc_row][vc_row css=&#8221;.vc_custom_1548067061068{background-color: #f7f7f7 !important;}&#8221;][vc_column][vc_tta_accordion style=&#8221;outline&#8221; shape=&#8221;square&#8221; color=&#8221;sky&#8221; spacing=&#8221;25&#8243; c_icon=&#8221;triangle&#8221; active_section=&#8221;&#8221; no_fill=&#8221;true&#8221; collapsible_all=&#8221;true&#8221;][vc_tta_section title=&#8221;Droit de Pr\u00e9emption &#8211; DP&#8221; tab_id=&#8221;1548930151417-a310cd92-0781&#8243;][vc_column_text]<strong>\u00ab\u00a0Mon bien est-il soumis au droit de pr\u00e9emption\u00a0?\u00a0\u00bb<\/strong><\/p>\n<p><a href=\"https:\/\/sig.agglodebrive.org\/adws\/app\/f0d24dd6-ca19-11ec-bb75-672abbe964ef\/\" target=\"_blank\" rel=\"noopener\">\u25b6 Consulter la carte<\/a><br \/>\n<a href=\"http:\/\/740jw955i52c.brive.org\/wp-content\/uploads\/2022\/08\/20220816_Tuto_CarteNotaires.pdf\" target=\"_blank\" rel=\"noopener\">\u25b6 mode d\u2019emploi<\/a><\/p>\n<p>&nbsp;<\/p>\n<ul>\n<li><a href=\"http:\/\/740jw955i52c.brive.org\/wp-content\/uploads\/2022\/02\/DELIB_DPU-RENFORCE-COMMERCE-161220.pdf\" target=\"_blank\" rel=\"noopener\">Droit de pr\u00e9emption renforc\u00e9 et droit de pr\u00e9emption commercial\u00a0<\/a><\/li>\n<li><a href=\"http:\/\/740jw955i52c.brive.org\/wp-content\/uploads\/2019\/01\/Droit-de-pr\u00e9emption-simple.pdf\" target=\"_blank\" rel=\"noopener\">Droit de pr\u00e9emption simple<\/a><\/li>\n<li><a href=\"http:\/\/740jw955i52c.brive.org\/wp-content\/uploads\/2019\/01\/Droit-de-pr\u00e9emption-voie-verte.pdf\" target=\"_blank\" rel=\"noopener\">Droit de pr\u00e9emption voie verte<\/a><\/li>\n<li><a href=\"http:\/\/740jw955i52c.brive.org\/wp-content\/uploads\/2019\/01\/Droit-de-pr\u00e9emption-zac-Brive-Laroche.pdf\" target=\"_blank\" rel=\"noopener\">Droit de pr\u00e9emption zac Brive Laroche<\/a><\/li>\n<\/ul>\n<p>[\/vc_column_text][\/vc_tta_section][vc_tta_section title=&#8221;Site Patrimonial Remarquable &#8211; SPR&#8221; tab_id=&#8221;1547799134165-7681e51d-16e3&#8243;][vc_column_text]<\/p>\n<ul>\n<li><a href=\"http:\/\/740jw955i52c.brive.org\/wp-content\/uploads\/2019\/01\/1-Deliberation-prescription.pdf\" target=\"_blank\" rel=\"noopener\">D\u00e9lib\u00e9ration prescription<\/a><\/li>\n<li><a href=\"http:\/\/740jw955i52c.brive.org\/wp-content\/uploads\/2019\/01\/2-Deliberation-arret.pdf\" target=\"_blank\" rel=\"noopener\">D\u00e9lib\u00e9ration arr\u00eat<\/a><\/li>\n<li><a href=\"http:\/\/740jw955i52c.brive.org\/wp-content\/uploads\/2019\/01\/3-Deliberation-approbation.pdf\" target=\"_blank\" rel=\"noopener\">D\u00e9lib\u00e9ration approbation<\/a><\/li>\n<li><a href=\"http:\/\/740jw955i52c.brive.org\/wp-content\/uploads\/2019\/01\/4-D\u00e9lib\u00e9ration-modification-prescription.pdf\" target=\"_blank\" rel=\"noopener\">D\u00e9lib\u00e9ration modification prescription<\/a><\/li>\n<li><a href=\"http:\/\/740jw955i52c.brive.org\/wp-content\/uploads\/2019\/01\/5-D\u00e9liberation-modification-approbation.pdf\" target=\"_blank\" rel=\"noopener\">D\u00e9lib\u00e9ration modification approbation<\/a><\/li>\n<li><a href=\"http:\/\/740jw955i52c.brive.org\/wp-content\/uploads\/2019\/01\/6-Rapport-de-pr\u00e9sentation.pdf\" target=\"_blank\" rel=\"noopener\">Rapport de pr\u00e9sentation<\/a><\/li>\n<li><a href=\"http:\/\/740jw955i52c.brive.org\/wp-content\/uploads\/2019\/01\/7-Presentation-modification.pdf\" target=\"_blank\" rel=\"noopener\">Pr\u00e9sentation modification<\/a><\/li>\n<li><a href=\"http:\/\/740jw955i52c.brive.org\/wp-content\/uploads\/2019\/01\/8-R\u00e9glement.pdf\" target=\"_blank\" rel=\"noopener\">R\u00e9glement<\/a><\/li>\n<li><a href=\"http:\/\/740jw955i52c.brive.org\/wp-content\/uploads\/2019\/01\/9-Plan-de-zonage-paysage-1.pdf\" target=\"_blank\" rel=\"noopener\">Plan de zonage paysage<\/a><\/li>\n<li><a href=\"http:\/\/740jw955i52c.brive.org\/wp-content\/uploads\/2019\/01\/10-Plan-de-zonage-patrimoine-1.pdf\" target=\"_blank\" rel=\"noopener\">Plan de zonage patrimoine<\/a><\/li>\n<li><a href=\"http:\/\/740jw955i52c.brive.org\/wp-content\/uploads\/2019\/01\/11-Plan-de-zonage-secteurs.pdf\" target=\"_blank\" rel=\"noopener\">Plan de zonage secteurs<\/a><\/li>\n<\/ul>\n<p><strong>T\u00e9l\u00e9charger le dossier complet :<\/strong> <a href=\"http:\/\/documents.brive.fr\/SPR_Brive_20171115.php\" target=\"_blank\" rel=\"noopener\">Dossier SPR<\/a>[\/vc_column_text][\/vc_tta_section][vc_tta_section title=&#8221;Plan de pr\u00e9vention Risques Inondations &#8211; PPRI&#8221; tab_id=&#8221;1536242691196-5ee96fc0-51d3&#8243;][vc_column_text]<\/p>\n<ul>\n<li><a href=\"http:\/\/740jw955i52c.brive.org\/wp-content\/uploads\/2019\/02\/1_Arr\u00eat\u00e9_Prefectoral.pdf\" target=\"_blank\" rel=\"noopener\">Arr\u00eat\u00e9 Pr\u00e9fectoral<\/a><\/li>\n<li><a href=\"http:\/\/740jw955i52c.brive.org\/wp-content\/uploads\/2019\/02\/2_Reglement_PPRI.pdf\" target=\"_blank\" rel=\"noopener\">R\u00e9glement PPRI<\/a><\/li>\n<li><a href=\"http:\/\/740jw955i52c.brive.org\/wp-content\/uploads\/2019\/02\/Plan_de_zonage.pdf\" target=\"_blank\" rel=\"noopener\">Plan de zonage<\/a><\/li>\n<li><a href=\"http:\/\/740jw955i52c.brive.org\/wp-content\/uploads\/2019\/02\/4_Fiche_autodiagnostic.pdf\" target=\"_blank\" rel=\"noopener\">Fiche autodiagnostic<\/a><\/li>\n<li><a href=\"http:\/\/740jw955i52c.brive.org\/wp-content\/uploads\/2019\/02\/5_Aide_evaluation_hauteur_eau.pdf\" target=\"_blank\" rel=\"noopener\">Aide \u00e9valuation hauteur de l&#8217;eau<\/a><\/li>\n<li><a href=\"http:\/\/740jw955i52c.brive.org\/wp-content\/uploads\/2019\/07\/Plaquette-PPRi-Correze-et-affluents.pdf\" target=\"_blank\" rel=\"noopener\">Plaquette PPRI Corr\u00e8ze et affluents<\/a><\/li>\n<\/ul>\n<p>[\/vc_column_text][\/vc_tta_section][vc_tta_section title=&#8221;R\u00e9glement local de publicit\u00e9 &#8211; RLP&#8221; tab_id=&#8221;1547799679527-13640dd3-c7fd&#8221;][vc_column_text]<\/p>\n<ul>\n<li><a href=\"http:\/\/740jw955i52c.brive.org\/wp-content\/uploads\/2019\/01\/1-D\u00e9liberation-prescription-RLP.pdf\" target=\"_blank\" rel=\"noopener\">D\u00e9lib\u00e9ration prescription RLP<\/a><\/li>\n<li><a href=\"http:\/\/740jw955i52c.brive.org\/wp-content\/uploads\/2019\/01\/2-D\u00e9liberation-arret-RLP.pdf\" target=\"_blank\" rel=\"noopener\">D\u00e9lib\u00e9ration arr\u00eat RLP<\/a><\/li>\n<li><a href=\"http:\/\/740jw955i52c.brive.org\/wp-content\/uploads\/2019\/01\/3-D\u00e9liberation-appro-RLP.pdf\" target=\"_blank\" rel=\"noopener\">D\u00e9lib\u00e9ration approbation RLP<\/a><\/li>\n<li><a href=\"http:\/\/740jw955i52c.brive.org\/wp-content\/uploads\/2019\/01\/4-Rapport-de-pr\u00e9sentation.pdf\" target=\"_blank\" rel=\"noopener\">Rapport de pr\u00e9sentation<\/a><\/li>\n<li><a href=\"http:\/\/740jw955i52c.brive.org\/wp-content\/uploads\/2019\/01\/5-R\u00e9glement.pdf\" target=\"_blank\" rel=\"noopener\">R\u00e9glement<\/a><\/li>\n<li><a href=\"http:\/\/740jw955i52c.brive.org\/wp-content\/uploads\/2019\/01\/6-Plan-de-zonage.pdf\" target=\"_blank\" rel=\"noopener\">Plan de zonage<\/a><\/li>\n<\/ul>\n<p>[\/vc_column_text][\/vc_tta_section][vc_tta_section title=&#8221;Taxe locale de publicit\u00e9 exterieure &#8211; TLPE&#8221; tab_id=&#8221;1536242736384-6c8edffd-a194&#8243;][vc_column_text]<\/p>\n<ul>\n<li><a href=\"http:\/\/740jw955i52c.brive.org\/wp-content\/uploads\/2019\/01\/1-Deliberation-tarifs.pdf\" target=\"_blank\" rel=\"noopener\">D\u00e9lib\u00e9ration sur les tarifs<\/a><\/li>\n<li><a href=\"http:\/\/740jw955i52c.brive.org\/wp-content\/uploads\/2019\/01\/2-Formulaire-declaration.pdf\" target=\"_blank\" rel=\"noopener\">Formulaire de d\u00e9claration<\/a><\/li>\n<\/ul>\n<p>[\/vc_column_text][\/vc_tta_section][vc_tta_section title=&#8221;Affichage municipal des autorisations d&#8217;urbanisme&#8221; tab_id=&#8221;1697009249192-df0560c4-5254&#8243;][vc_column_text]<\/p>\n<ul>\n<li><a href=\"https:\/\/doc.brive.org\/service30_publication_reglementaire\/?site=fnfFCroMAZiskk4CBlVv4hp1tFHWY04OfbKE1uUnvc2DiIxHj6vlQUa%2ByGoq07J\/Gihb8QBzzb3FFAoe\/vrcHHrhcIc9PEgUys5A\/QzUab1aDQyDXWGLxuaE5pm94%2B0fXwMef69E%2BzTK0mIL6Chejg\" target=\"_blank\" rel=\"noopener\">Affichage num\u00e9rique des autorisations d\u2019urbanisme<\/a><\/li>\n<\/ul>\n<p>[\/vc_column_text][\/vc_tta_section][\/vc_tta_accordion][\/vc_column][\/vc_row][vc_row][vc_column][vc_tta_accordion style=&#8221;outline&#8221; shape=&#8221;square&#8221; color=&#8221;chino&#8221; c_icon=&#8221;triangle&#8221; active_section=&#8221;&#8221; no_fill=&#8221;true&#8221; collapsible_all=&#8221;true&#8221;][vc_tta_section title=&#8221;Documents d&#8217;urbanisme (cerfa)&#8221; tab_id=&#8221;1536239776454-f998acaa-0edd&#8221;][vc_column_text]<em>Les documents d&#8217;urbanisme (cerfa) sont t\u00e9l\u00e9chargeables sur le site du<\/em> <a href=\"https:\/\/www.service-public.fr\/particuliers\/vosdroits\/N319\" target=\"_blank\" rel=\"noopener noreferrer\">Service public<\/a>.<\/p>\n<p><em>Vous pouvez les imprimer, les remplir et les d\u00e9poser<\/em><em> au service de l&#8217;urbanisme.<\/em>[\/vc_column_text][\/vc_tta_section][\/vc_tta_accordion][\/vc_column][\/vc_row][vc_row][vc_column][vc_gmaps latitude=&#8221;45.154760&#8243; longitude=&#8221;1.533766&#8243; zoom=&#8221;14&#8243; size=&#8221;200&#8243;][\/vc_column][\/vc_row][vc_row][vc_column width=&#8221;1\/3&#8243;][vc_btn title=&#8221;Service public&#8221; style=&#8221;custom&#8221; custom_background=&#8221;#5aa1e3&#8243; custom_text=&#8221;#ffffff&#8221; align=&#8221;center&#8221; button_block=&#8221;true&#8221; link=&#8221;url:https%3A%2F%2Fwww.service-public.fr%2F|title:Service%20public|target:%20_blank&#8221;][\/vc_column][vc_column width=&#8221;1\/3&#8243;][vc_btn title=&#8221;Maison Urbanisme et Habitat&#8221; style=&#8221;custom&#8221; custom_background=&#8221;#5aa1e3&#8243; custom_text=&#8221;#ffffff&#8221; align=&#8221;center&#8221; button_block=&#8221;true&#8221; link=&#8221;url:http%3A%2F%2Fwww.agglodebrive.fr%2Fles-competences%2Fhabitat-et-urbanisme%2Factions-et-dispositifs%2F|title:Maison%20de%20l&#8217;Urbanisme|target:%20_blank|&#8221;][\/vc_column][\/vc_row][vc_row disable_element=&#8221;yes&#8221;][vc_column width=&#8221;2\/3&#8243;][\/vc_column][vc_column width=&#8221;1\/3&#8243;]<div class=\"ult_pricing_table_wrap ult_design_6  ult-cs-blue  \">\n\t\t\t\t\t<div class=\"ult_pricing_table \" style=\" \"><div id=\"price-table-wrap-7153\" class=\"ult_pricing_heading\" style=\"\">\n\t\t\t\t\t\t\t<h3 class=\"ult-responsive cust-headformat\"  data-ultimate-target='#price-table-wrap-7153 .cust-headformat'  data-responsive-json-new='{\"font-size\":\"\",\"line-height\":\"\"}'  style=\"font-weight:bold;color:#ffffff;\">Enqu\u00eates publiques<\/h3><\/div><!--ult_pricing_heading--><div class=\"ult_price_body_block\" style=\"\">\n\t\t\t\t\t\t\t<div class=\"ult_price_body\">\n\t\t\t\t\t\t\t\t<div id=\"price-table-wrap-6703\"  class=\"ult_price\">\n\t\t\t\t\t\t\t\t\t<span  data-ultimate-target='#price-table-wrap-6703 .ult_price_figure'  data-responsive-json-new='{\"font-size\":\"\",\"line-height\":\"\"}'  class=\"ult_price_figure ult-responsive\" style=\"font-weight:bold;color:#1e73be;\"><\/span>\n\t\t\t\t\t\t\t\t\t<span  data-ultimate-target='#price-table-wrap-6703 .ult_price_term'  data-responsive-json-new='{\"font-size\":\"\",\"line-height\":\"\"}'  class=\"ult_price_term ult-responsive\" style=\"font-weight:bold;color:#1e73be;\">CONSULTATIONS<\/span>\n\t\t\t\t\t\t\t\t<\/div>\n\t\t\t\t\t\t\t<\/div>\n\t\t\t\t\t\t<\/div><!--ult_price_body_block--><div id=\"price-table-features-wrap-2134\" class=\"ult_price_features ult-responsive\"  data-ultimate-target='#price-table-features-wrap-2134'  data-responsive-json-new='{\"font-size\":\"\",\"line-height\":\"\"}'  style=\"font-weight:bold;color:#1e73be;color:#1e73be;\">\n\t\t\t\t\t\t\t<h4><span style=\"color: #ffffff\">.<\/span><\/h4>\n<h4>Pas de<\/h4>\n<h4>proc\u00e9dure en cours<\/h4>\n<p><span style=\"color: #ffffff\">.<\/span><\/p>\n<p><span style=\"color: #ffffff\">.<\/span><\/p>\n\n\t\t\t\t\t\t<\/div><!--ult_price_features--><div id=\"price-table-button-wrap-6468\" class=\"ult_price_link\" style=\"\">\n\t\t\t\t\t\t\t<a  data-ultimate-target='#price-table-button-wrap-6468 .ult_price_action_button'  data-responsive-json-new='{\"font-size\":\"\",\"line-height\":\"\"}'  href=\"http:\/\/740jw955i52c.brive.org\/index.php\/enquete-publique\/\" target=\" _blank\" class=\"ult_price_action_button ult-responsive\" style=\" font-weight:bold;color:#ffffff;\">Posez vos questions ICI<\/a>\n\t\t\t\t\t\t<\/div><!--ult_price_link--><div class=\"ult_clr\"><\/div>\n\t\t\t<\/div><!--pricing_table-->\n\t\t<\/div><!--pricing_table_wrap-->[\/vc_column][\/vc_row]<\/p>\n","protected":false},"excerpt":{"rendered":"<p>[vc_row][vc_column width=&#8221;1\/2&#8243;][vc_btn title=&#8221;\u25b6 Enqu\u00eate publique et concertation&#8221; style=&#8221;outline&#8221; color=&#8221;primary&#8221; size=&#8221;lg&#8221; align=&#8221;left&#8221; button_block=&#8221;true&#8221; link=&#8221;url:http%3A%2F%2F740jw955i52c.brive.org%2Findex.php%2Fenquete-publique-et-concertation%2F|||&#8221;][\/vc_column][vc_column width=&#8221;1\/2&#8243;][vc_btn title=&#8221;\u25b6 Plan Local d&#8217;Urbanisme (PLU)&#8221; style=&#8221;outline&#8221; color=&#8221;primary&#8221; size=&#8221;lg&#8221; align=&#8221;left&#8221; button_block=&#8221;true&#8221; link=&#8221;url:http%3A%2F%2F740jw955i52c.brive.org%2Findex.php%2Fplan-local-urbanisme-plu%2F|||&#8221;][\/vc_column][\/vc_row][vc_row disable_element=&#8221;yes&#8221;][vc_column width=&#8221;1\/2&#8243;][vc_single_image image=&#8221;51488&#8243; onclick=&#8221;custom_link&#8221;][\/vc_column][vc_column width=&#8221;1\/2&#8243;][vc_cta &#8230; <\/p>\n","protected":false},"author":3,"featured_media":0,"parent":0,"menu_order":0,"comment_status":"closed","ping_status":"closed","template":"","meta":[],"yoast_head":"<!-- This site is optimized with the Yoast SEO plugin v17.8 - https:\/\/yoast.com\/wordpress\/plugins\/seo\/ -->\n<title>Urbanisme - Ville de Brive<\/title>\n<meta name=\"robots\" content=\"index, follow, max-snippet:-1, max-image-preview:large, max-video-preview:-1\" \/>\n<link rel=\"canonical\" href=\"http:\/\/740jw955i52c.brive.org\/index.php\/developpement-urbain\/\" \/>\n<meta property=\"og:locale\" content=\"fr_FR\" \/>\n<meta property=\"og:type\" content=\"article\" \/>\n<meta property=\"og:title\" content=\"Urbanisme - Ville de Brive\" \/>\n<meta property=\"og:description\" content=\"[vc_row][vc_column width=&#8221;1\/2&#8243;][vc_btn title=&#8221;\u25b6 Enqu\u00eate publique et concertation&#8221; style=&#8221;outline&#8221; color=&#8221;primary&#8221; size=&#8221;lg&#8221; align=&#8221;left&#8221; button_block=&#8221;true&#8221; link=&#8221;url:http%3A%2F%2F740jw955i52c.brive.org%2Findex.php%2Fenquete-publique-et-concertation%2F|||&#8221;][\/vc_column][vc_column width=&#8221;1\/2&#8243;][vc_btn title=&#8221;\u25b6 Plan Local d&#8217;Urbanisme (PLU)&#8221; style=&#8221;outline&#8221; color=&#8221;primary&#8221; size=&#8221;lg&#8221; align=&#8221;left&#8221; button_block=&#8221;true&#8221; link=&#8221;url:http%3A%2F%2F740jw955i52c.brive.org%2Findex.php%2Fplan-local-urbanisme-plu%2F|||&#8221;][\/vc_column][\/vc_row][vc_row disable_element=&#8221;yes&#8221;][vc_column width=&#8221;1\/2&#8243;][vc_single_image image=&#8221;51488&#8243; onclick=&#8221;custom_link&#8221;][\/vc_column][vc_column width=&#8221;1\/2&#8243;][vc_cta ...\" \/>\n<meta property=\"og:url\" content=\"http:\/\/740jw955i52c.brive.org\/index.php\/developpement-urbain\/\" \/>\n<meta property=\"og:site_name\" content=\"Ville de Brive\" \/>\n<meta property=\"article:modified_time\" content=\"2024-03-08T09:09:55+00:00\" \/>\n<meta property=\"og:image\" content=\"http:\/\/740jw955i52c.brive.org\/wp-content\/uploads\/2022\/02\/Bandeau-Guichet-Numerique-des-Autorisations-dUrbanisme-Agglo-de-Brive-V1.jpg\" \/>\n<meta name=\"twitter:card\" content=\"summary_large_image\" \/>\n<meta name=\"twitter:label1\" content=\"Dur\u00e9e de lecture estim\u00e9e\" \/>\n\t<meta name=\"twitter:data1\" content=\"9 minutes\" \/>\n<script type=\"application\/ld+json\" class=\"yoast-schema-graph\">{\"@context\":\"https:\/\/schema.org\",\"@graph\":[{\"@type\":\"WebSite\",\"@id\":\"http:\/\/740jw955i52c.brive.org\/#website\",\"url\":\"http:\/\/740jw955i52c.brive.org\/\",\"name\":\"Ville de Brive\",\"description\":\"Bienvenue sur le site de la ville de Brive-la-Gaillarde. Vous y trouverez l&#039;actualit\\u00e9 de la commune, des informations pratiques et vos d\\u00e9marches administratives.\",\"potentialAction\":[{\"@type\":\"SearchAction\",\"target\":{\"@type\":\"EntryPoint\",\"urlTemplate\":\"http:\/\/740jw955i52c.brive.org\/?s={search_term_string}\"},\"query-input\":\"required name=search_term_string\"}],\"inLanguage\":\"fr-FR\"},{\"@type\":\"ImageObject\",\"@id\":\"http:\/\/740jw955i52c.brive.org\/index.php\/developpement-urbain\/#primaryimage\",\"inLanguage\":\"fr-FR\",\"url\":\"http:\/\/740jw955i52c.brive.org\/wp-content\/uploads\/2022\/02\/Bandeau-Guichet-Numerique-des-Autorisations-dUrbanisme-Agglo-de-Brive-V1.jpg\",\"contentUrl\":\"http:\/\/740jw955i52c.brive.org\/wp-content\/uploads\/2022\/02\/Bandeau-Guichet-Numerique-des-Autorisations-dUrbanisme-Agglo-de-Brive-V1.jpg\",\"width\":1158,\"height\":280},{\"@type\":\"WebPage\",\"@id\":\"http:\/\/740jw955i52c.brive.org\/index.php\/developpement-urbain\/#webpage\",\"url\":\"http:\/\/740jw955i52c.brive.org\/index.php\/developpement-urbain\/\",\"name\":\"Urbanisme - Ville de Brive\",\"isPartOf\":{\"@id\":\"http:\/\/740jw955i52c.brive.org\/#website\"},\"primaryImageOfPage\":{\"@id\":\"http:\/\/740jw955i52c.brive.org\/index.php\/developpement-urbain\/#primaryimage\"},\"datePublished\":\"2015-10-06T07:52:10+00:00\",\"dateModified\":\"2024-03-08T09:09:55+00:00\",\"breadcrumb\":{\"@id\":\"http:\/\/740jw955i52c.brive.org\/index.php\/developpement-urbain\/#breadcrumb\"},\"inLanguage\":\"fr-FR\",\"potentialAction\":[{\"@type\":\"ReadAction\",\"target\":[\"http:\/\/740jw955i52c.brive.org\/index.php\/developpement-urbain\/\"]}]},{\"@type\":\"BreadcrumbList\",\"@id\":\"http:\/\/740jw955i52c.brive.org\/index.php\/developpement-urbain\/#breadcrumb\",\"itemListElement\":[{\"@type\":\"ListItem\",\"position\":1,\"name\":\"Accueil\",\"item\":\"http:\/\/740jw955i52c.brive.org\/\"},{\"@type\":\"ListItem\",\"position\":2,\"name\":\"Urbanisme\"}]}]}<\/script>\n<!-- \/ Yoast SEO plugin. -->","yoast_head_json":{"title":"Urbanisme - Ville de Brive","robots":{"index":"index","follow":"follow","max-snippet":"max-snippet:-1","max-image-preview":"max-image-preview:large","max-video-preview":"max-video-preview:-1"},"canonical":"http:\/\/740jw955i52c.brive.org\/index.php\/developpement-urbain\/","og_locale":"fr_FR","og_type":"article","og_title":"Urbanisme - Ville de Brive","og_description":"[vc_row][vc_column width=&#8221;1\/2&#8243;][vc_btn title=&#8221;\u25b6 Enqu\u00eate publique et concertation&#8221; style=&#8221;outline&#8221; color=&#8221;primary&#8221; size=&#8221;lg&#8221; align=&#8221;left&#8221; button_block=&#8221;true&#8221; link=&#8221;url:http%3A%2F%2F740jw955i52c.brive.org%2Findex.php%2Fenquete-publique-et-concertation%2F|||&#8221;][\/vc_column][vc_column width=&#8221;1\/2&#8243;][vc_btn title=&#8221;\u25b6 Plan Local d&#8217;Urbanisme (PLU)&#8221; style=&#8221;outline&#8221; color=&#8221;primary&#8221; size=&#8221;lg&#8221; align=&#8221;left&#8221; button_block=&#8221;true&#8221; link=&#8221;url:http%3A%2F%2F740jw955i52c.brive.org%2Findex.php%2Fplan-local-urbanisme-plu%2F|||&#8221;][\/vc_column][\/vc_row][vc_row disable_element=&#8221;yes&#8221;][vc_column width=&#8221;1\/2&#8243;][vc_single_image image=&#8221;51488&#8243; onclick=&#8221;custom_link&#8221;][\/vc_column][vc_column width=&#8221;1\/2&#8243;][vc_cta ...","og_url":"http:\/\/740jw955i52c.brive.org\/index.php\/developpement-urbain\/","og_site_name":"Ville de Brive","article_modified_time":"2024-03-08T09:09:55+00:00","og_image":[{"url":"http:\/\/740jw955i52c.brive.org\/wp-content\/uploads\/2022\/02\/Bandeau-Guichet-Numerique-des-Autorisations-dUrbanisme-Agglo-de-Brive-V1.jpg"}],"twitter_card":"summary_large_image","twitter_misc":{"Dur\u00e9e de lecture estim\u00e9e":"9 minutes"},"schema":{"@context":"https:\/\/schema.org","@graph":[{"@type":"WebSite","@id":"http:\/\/740jw955i52c.brive.org\/#website","url":"http:\/\/740jw955i52c.brive.org\/","name":"Ville de Brive","description":"Bienvenue sur le site de la ville de Brive-la-Gaillarde. Vous y trouverez l&#039;actualit\u00e9 de la commune, des informations pratiques et vos d\u00e9marches administratives.","potentialAction":[{"@type":"SearchAction","target":{"@type":"EntryPoint","urlTemplate":"http:\/\/740jw955i52c.brive.org\/?s={search_term_string}"},"query-input":"required name=search_term_string"}],"inLanguage":"fr-FR"},{"@type":"ImageObject","@id":"http:\/\/740jw955i52c.brive.org\/index.php\/developpement-urbain\/#primaryimage","inLanguage":"fr-FR","url":"http:\/\/740jw955i52c.brive.org\/wp-content\/uploads\/2022\/02\/Bandeau-Guichet-Numerique-des-Autorisations-dUrbanisme-Agglo-de-Brive-V1.jpg","contentUrl":"http:\/\/740jw955i52c.brive.org\/wp-content\/uploads\/2022\/02\/Bandeau-Guichet-Numerique-des-Autorisations-dUrbanisme-Agglo-de-Brive-V1.jpg","width":1158,"height":280},{"@type":"WebPage","@id":"http:\/\/740jw955i52c.brive.org\/index.php\/developpement-urbain\/#webpage","url":"http:\/\/740jw955i52c.brive.org\/index.php\/developpement-urbain\/","name":"Urbanisme - Ville de Brive","isPartOf":{"@id":"http:\/\/740jw955i52c.brive.org\/#website"},"primaryImageOfPage":{"@id":"http:\/\/740jw955i52c.brive.org\/index.php\/developpement-urbain\/#primaryimage"},"datePublished":"2015-10-06T07:52:10+00:00","dateModified":"2024-03-08T09:09:55+00:00","breadcrumb":{"@id":"http:\/\/740jw955i52c.brive.org\/index.php\/developpement-urbain\/#breadcrumb"},"inLanguage":"fr-FR","potentialAction":[{"@type":"ReadAction","target":["http:\/\/740jw955i52c.brive.org\/index.php\/developpement-urbain\/"]}]},{"@type":"BreadcrumbList","@id":"http:\/\/740jw955i52c.brive.org\/index.php\/developpement-urbain\/#breadcrumb","itemListElement":[{"@type":"ListItem","position":1,"name":"Accueil","item":"http:\/\/740jw955i52c.brive.org\/"},{"@type":"ListItem","position":2,"name":"Urbanisme"}]}]}},"_links":{"self":[{"href":"http:\/\/740jw955i52c.brive.org\/index.php\/wp-json\/wp\/v2\/pages\/572"}],"collection":[{"href":"http:\/\/740jw955i52c.brive.org\/index.php\/wp-json\/wp\/v2\/pages"}],"about":[{"href":"http:\/\/740jw955i52c.brive.org\/index.php\/wp-json\/wp\/v2\/types\/page"}],"author":[{"embeddable":true,"href":"http:\/\/740jw955i52c.brive.org\/index.php\/wp-json\/wp\/v2\/users\/3"}],"replies":[{"embeddable":true,"href":"http:\/\/740jw955i52c.brive.org\/index.php\/wp-json\/wp\/v2\/comments?post=572"}],"version-history":[{"count":272,"href":"http:\/\/740jw955i52c.brive.org\/index.php\/wp-json\/wp\/v2\/pages\/572\/revisions"}],"predecessor-version":[{"id":51802,"href":"http:\/\/740jw955i52c.brive.org\/index.php\/wp-json\/wp\/v2\/pages\/572\/revisions\/51802"}],"wp:attachment":[{"href":"http:\/\/740jw955i52c.brive.org\/index.php\/wp-json\/wp\/v2\/media?parent=572"}],"curies":[{"name":"wp","href":"https:\/\/api.w.org\/{rel}","templated":true}]}}