{"id":568,"date":"2015-10-06T09:50:44","date_gmt":"2015-10-06T07:50:44","guid":{"rendered":"http:\/\/740jw955i52c.brive.org?page_id=568"},"modified":"2024-04-22T14:12:20","modified_gmt":"2024-04-22T12:12:20","slug":"service-education","status":"publish","type":"page","link":"http:\/\/740jw955i52c.brive.org\/index.php\/service-education\/","title":{"rendered":"Education"},"content":{"rendered":"<p>[vc_row][vc_column][vc_cta h2=&#8221;&#8221; style=&#8221;outline&#8221; color=&#8221;sky&#8221; add_icon=&#8221;left&#8221; i_icon_fontawesome=&#8221;fa fa-leanpub&#8221; i_color=&#8221;sky&#8221; i_background_style=&#8221;boxed-outline&#8221; i_background_color=&#8221;sky&#8221; i_size=&#8221;sm&#8221; i_on_border=&#8221;true&#8221;]\u2731 Il est encore temps de faire <strong>vos d\u00e9marches d\u2019inscription scolaire<\/strong>. Vous pouvez le faire directement au service \u00e9ducation situ\u00e9 place Saint Pierre, ou en ligne depuis votre <a href=\"https:\/\/www.espace-citoyens.net\/cabbrive\/espace-citoyens\/\">espace famille<\/a>. Une fois le certificat d\u2019inscription en mains, <strong>n\u2019oubliez pas de prendre rendez-vous avec l\u2019\u00e9cole avant les vacances scolaires afin de finaliser l\u2019inscription aupr\u00e8s de la directrice ou du directeur<\/strong>.[\/vc_cta][\/vc_column][\/vc_row][vc_row][vc_column width=&#8221;2\/3&#8243;][vc_tta_accordion style=&#8221;classic&#8221; c_icon=&#8221;triangle&#8221; active_section=&#8221;0&#8243; collapsible_all=&#8221;true&#8221;][vc_tta_section title=&#8221;Inscriptions Rentr\u00e9e scolaire 2024\/2025&#8243; tab_id=&#8221;1586506115115-9705c993-1aa7&#8243;][vc_column_text]<strong><u>Rentr\u00e9e scolaire 2024\/2025<\/u><\/strong><strong> : les inscriptions scolaires et p\u00e9riscolaires ont lieu du 9 avril au 14 juin 2024. <\/strong><\/p>\n<p>&nbsp;<\/p>\n<p>Votre enfant est inscrit dans une \u00e9cole ou dans un accueil de loisirs de la Ville de Brive.<\/p>\n<p>Vous devez obligatoirement proc\u00e9der \u00e0\u00a0:<\/p>\n<p>&nbsp;<\/p>\n<p>&#8211; l\u2019inscription scolaire pour la premi\u00e8re ann\u00e9e en maternelle, le passage au CP ou en cas de changement d\u2019\u00e9cole <em>(d\u00e9m\u00e9nagement)<\/em><\/p>\n<p>&#8211; \u00e0 la r\u00e9inscription aux activit\u00e9s p\u00e9riscolaires (cantine, garderie, \u00e9tude) quelle que soit la classe<\/p>\n<p>&#8211; \u00e0 l\u2019inscription \u00e0 l\u2019accueil de loisirs<\/p>\n<p>&nbsp;<\/p>\n<p>Pour cela, vous pouvez\u00a0:<\/p>\n<ul>\n<li>proc\u00e9der \u00e0 l\u2019inscription ou r\u00e9inscription en ligne sur <a href=\"https:\/\/www.espace-citoyens.net\/cabbrive\/espace-citoyens\/\" target=\"_blank\" rel=\"noopener\">espace-citoyens.net\/brive<\/a><\/li>\n<li>ou t\u00e9l\u00e9charger les documents dans l&#8217;onglet &#8220;documents \u00e0 t\u00e9l\u00e9charger&#8221; ci-dessous<\/li>\n<li>ou vous rendre au :<\/li>\n<li><em>service \u00c9ducation de la Ville de Brive <strong>(inscriptions scolaires, p\u00e9riscolaires et accueils de loisirs)<\/strong><\/em><\/li>\n<li><em>service Enfance Jeunesse ou directement sur l\u2019ALSH de votre choix <strong>(inscriptions p\u00e9riscolaires et accueils de loisirs)<\/strong><\/em><\/li>\n<li><em>sur le centre social de votre choix <strong>(inscriptions p\u00e9riscolaires et accueils de loisirs)<\/strong><\/em><\/li>\n<\/ul>\n<p><strong>\u00a0<\/strong><\/p>\n<p><strong>Sans renouvellement du dossier de votre part, vous ne pourrez proc\u00e9der aux r\u00e9servations en accueil de loisirs et le tarif le plus \u00e9lev\u00e9 vous sera appliqu\u00e9.<\/strong><\/p>\n<p>&nbsp;<\/p>\n<p><strong><u>Accueil Service \u00c9ducation Place St Pierre pour :<\/u><\/strong><\/p>\n<p><strong>\u00a0\u00a0\u00a0\u00a0\u00a0 &#8211;\u00a01\u00a0<sup>\u00e8re<\/sup> ann\u00e9e de maternelle<\/strong><\/p>\n<p><strong>\u00a0\u00a0\u00a0\u00a0\u00a0 &#8211; passage au CP<\/strong><\/p>\n<p><strong>&#8211; nouveaux arrivants sur Brive<\/strong><\/p>\n<p><strong>\u00a0\u00a0\u00a0\u00a0\u00a0 &#8211;\u00a0en cas de changement d&#8217;\u00e9cole<\/strong><\/p>\n<p>&nbsp;<\/p>\n<p><strong>Votre enfant est d\u00e9j\u00e0 inscrit \u00e0 l\u2019\u00e9cole, renouvelez son dossier pour la cantine, la garderie, l\u2019\u00e9tude, et l&#8217;accueil de loisirs.<\/strong><\/p>\n<p><strong>Ou 24h\/24 sur votre compte personnel de l\u2019<a href=\"https:\/\/www.espace-citoyens.net\/cabbrive\/espace-citoyens\/\" target=\"_blank\" rel=\"noopener\">Espace Citoyens<\/a><br \/>\n<\/strong><\/p>\n<p>Renseignements au 05.55.18.15.80 <a href=\"mailto:\/contact-education@brive.fr\">\/contact-education@brive.fr<\/a> ou brive.fr[\/vc_column_text][\/vc_tta_section][vc_tta_section title=&#8221;Inscription \u00e0 l&#8217;\u00e9cole maternelle ou \u00e9l\u00e9mentaire&#8221; tab_id=&#8221;1489999581681-bfe4ec83-4d4d&#8221;][vc_column_text]<\/p>\n<p style=\"text-align: justify\">Toutes les familles doivent obligatoirement remplir le dossier d\u2019inscription aupr\u00e8s de la Ville de Brive, que les enfants fr\u00e9quentent ou non les restaurants scolaires, la garderie et l\u2019\u00e9tude.<\/p>\n<p style=\"text-align: justify\"><a href=\"http:\/\/740jw955i52c.brive.org\/index.php\/accueil\/habiter\/vous-etes\/jeunes\/etudier\/\" rel=\"noopener noreferrer\">Liste des \u00e9tablissements scolaires<\/a><\/p>\n<p>[\/vc_column_text][\/vc_tta_section][vc_tta_section title=&#8221;Documents \u00e0 t\u00e9l\u00e9charger par les familles&#8221; tab_id=&#8221;1589791494009-2102ea43-7b0f&#8221;][vc_column_text]<\/p>\n<ul>\n<li><a href=\"http:\/\/740jw955i52c.brive.org\/wp-content\/uploads\/2024\/04\/2024-2025-Dossier-famille.pdf\">2024-2025 Dossier famille<\/a><\/li>\n<li><a href=\"http:\/\/740jw955i52c.brive.org\/wp-content\/uploads\/2024\/04\/2024-2025-Fiche-enfant-V2.pdf\">2024-2025 Fiche enfant V2<\/a><\/li>\n<li><a href=\"http:\/\/740jw955i52c.brive.org\/wp-content\/uploads\/2024\/04\/informations-inscription-2024-2025-Ville.pdf\">informations inscription 2024-2025-Ville<\/a><\/li>\n<li><a href=\"http:\/\/740jw955i52c.brive.org\/wp-content\/uploads\/2024\/04\/Fiche-sanitaire-de-liaison.pdf\">Fiche sanitaire de liaison<\/a><\/li>\n<li><a href=\"http:\/\/740jw955i52c.brive.org\/wp-content\/uploads\/2023\/03\/Mandat-SEPA-Concerto-recurrent-RVF.pdf\">Mandat SEPA Concerto r\u00e9current RVF<\/a><\/li>\n<\/ul>\n<p>[\/vc_column_text][\/vc_tta_section][\/vc_tta_accordion][vc_empty_space height=&#8221;25px&#8221;][vc_tta_accordion style=&#8221;classic&#8221; c_icon=&#8221;triangle&#8221; active_section=&#8221;0&#8243; collapsible_all=&#8221;true&#8221;][vc_tta_section title=&#8221;Activit\u00e9s p\u00e9ri-scolaires (\u00e9l\u00e9mentaires et maternelles)&#8221; tab_id=&#8221;1489999647384-9007b3a9-9c7f&#8221;][vc_column_text]<\/p>\n<p style=\"text-align: justify\">La Ville de Brive vous propose divers services autour du p\u00e9riscolaire :<\/p>\n<ul>\n<li style=\"text-align: justify\">Les ateliers p\u00e9ri-\u00e9ducatifs : gratuits et encadr\u00e9s par du personnel municipal qualifi\u00e9 dans le secteur de l\u2019animation et par des intervenants du milieu associatif ou des professionnels sportifs et culturels.<\/li>\n<li style=\"text-align: justify\">Le restaurant scolaire, la garderie et l\u2019\u00e9tude<\/li>\n<\/ul>\n<p>[\/vc_column_text][\/vc_tta_section][\/vc_tta_accordion][vc_empty_space height=&#8221;25px&#8221;][vc_empty_space height=&#8221;25px&#8221;][vc_tta_accordion style=&#8221;outline&#8221; color=&#8221;sky&#8221; c_icon=&#8221;chevron&#8221; active_section=&#8221;0&#8243; collapsible_all=&#8221;true&#8221;][vc_tta_section title=&#8221;Inscription en ligne&#8221; tab_id=&#8221;1489999629594-09a0790d-31e3&#8243;][vc_column_text]Vous souhaitez inscrire votre enfant dans un \u00e9tablissement scolaire de Brive, \u00e0 la cantine, \u00e9tude garderie et \/ ou en accueil de loisirs.<\/p>\n<p>Afin de r\u00e9aliser l&#8217;inscription en ligne, vous avez besoin :<\/p>\n<ul>\n<li>de l&#8217;application Acrobat Reader pour lire les fichier PDF\u00a0en t\u00e9l\u00e9chargement <a href=\"http:\/\/get.adobe.com\/fr\/reader\/\" target=\"_blank\" rel=\"noopener noreferrer\">ici<\/a><\/li>\n<li>d&#8217;un scanner pour transf\u00e9rer les justificatifs n\u00e9cessaires.<\/li>\n<\/ul>\n<p>Tout dossier doit \u00eatre complet afin d&#8217;\u00eatre valid\u00e9 par nos services.[\/vc_column_text][vc_btn title=&#8221;Inscription en ligne&#8221; style=&#8221;gradient&#8221; gradient_color_1=&#8221;white&#8221; gradient_color_2=&#8221;sky&#8221; shape=&#8221;rounded&#8221; align=&#8221;left&#8221; button_block=&#8221;true&#8221; link=&#8221;url:https%3A%2F%2Fwww.espace-citoyens.net%2Fcabbrive%2Fespace-citoyens%2FHome%2FAccueilPublic|title:Services%20en%20ligne|target:%20_blank|&#8221;][\/vc_tta_section][\/vc_tta_accordion][vc_empty_space height=&#8221;25px&#8221;][vc_tta_accordion style=&#8221;outline&#8221; color=&#8221;juicy-pink&#8221; c_icon=&#8221;chevron&#8221; active_section=&#8221;0&#8243; collapsible_all=&#8221;true&#8221;][vc_tta_section title=&#8221;Paiement en ligne&#8221; tab_id=&#8221;1489999628496-c2e4c4ae-8232&#8243;][vc_column_text]Vous avez la possibilit\u00e9 de payer vos factures en ligne &gt;<\/p>\n<p>Afin de r\u00e9aliser ce paiement, vous avez besoin :<\/p>\n<ul>\n<li>de votre facture.<\/li>\n<li>de votre carte bancaire.<\/li>\n<\/ul>\n<p>[\/vc_column_text][vc_btn title=&#8221;Paiement en ligne&#8221; style=&#8221;gradient&#8221; gradient_color_1=&#8221;white&#8221; gradient_color_2=&#8221;juicy-pink&#8221; align=&#8221;left&#8221; button_block=&#8221;true&#8221; link=&#8221;url:https%3A%2F%2Fwww.espace-citoyens.net%2Fcabbrive%2Fespace-citoyens%2F|title:Services%20en%20ligne|target:%20_blank|&#8221;][\/vc_tta_section][\/vc_tta_accordion][vc_empty_space height=&#8221;25px&#8221;][vc_tta_accordion style=&#8221;classic&#8221; active_section=&#8221;0&#8243; collapsible_all=&#8221;true&#8221;][vc_tta_section title=&#8221;Gr\u00e8ve dans les \u00e9coles, comment fait-on ?&#8221; tab_id=&#8221;1489999627293-d6fdd813-86fc&#8221;][vc_column_text]Lors des journ\u00e9es de gr\u00e8ve des enseignants, un service minimum d\u2019accueil est assur\u00e9 au centre de loisirs Cap Ouest.<br \/>\nLes enfants des \u00e9coles \u00e9l\u00e9mentaires et maternelles, moyennes et grandes sections, dont les enseignants font gr\u00e8ve et dont les parents n\u2019ont pas d\u2019autres moyens de garde, peuvent \u00eatre accueillis dans la limite des places disponibles et sous r\u00e9serve d\u2019une inscription pr\u00e9alable avant le lundi 14h pr\u00e9c\u00e9dent le jour de gr\u00e8ve au service de l\u2019\u00e9ducation, place St Pierre, t\u00e9l : 05 55 18 17 30.[\/vc_column_text][\/vc_tta_section][\/vc_tta_accordion][\/vc_column][vc_column width=&#8221;1\/3&#8243;][vc_single_image image=&#8221;52251&#8243; onclick=&#8221;zoom&#8221;][vc_btn title=&#8221;Accueil de loisirs sans h\u00e9bergement&#8221; style=&#8221;custom&#8221; custom_background=&#8221;#5aa1e3&#8243; custom_text=&#8221;#ffffff&#8221; shape=&#8221;rounded&#8221; align=&#8221;center&#8221; button_block=&#8221;true&#8221; link=&#8221;url:http%3A%2F%2F740jw955i52c.brive.org%2Findex.php%2Falsh%2F|title:%20Accueil%20loisirs%20sans%20h%C3%A9bergement|&#8221;][vc_btn title=&#8221;Centres socioculturels&#8221; style=&#8221;custom&#8221; custom_background=&#8221;#5aa1e3&#8243; custom_text=&#8221;#ffffff&#8221; shape=&#8221;rounded&#8221; align=&#8221;center&#8221; button_block=&#8221;true&#8221; link=&#8221;url:http%3A%2F%2F740jw955i52c.brive.org%2Findex.php%2Fcentres-socioculturels%2F|title:%20Accueil%20loisirs%20sans%20h%C3%A9bergement||&#8221;][\/vc_column][\/vc_row][vc_row][vc_column][vc_cta h2=&#8221;&#8221; style=&#8221;outline&#8221; color=&#8221;sky&#8221; add_icon=&#8221;left&#8221; i_icon_fontawesome=&#8221;fa fa-leanpub&#8221; i_color=&#8221;sky&#8221; i_background_style=&#8221;boxed-outline&#8221; i_background_color=&#8221;sky&#8221; i_size=&#8221;sm&#8221; i_on_border=&#8221;true&#8221;]<strong><span style=\"color: #5aa1e3\">Chaque ann\u00e9e le Maire de Brive se rend dans les \u00e9coles pour remettre\u00a0 des livres r\u00e9compenses et un marque page avec\u00a0 le mot du maire, en vue de leur entr\u00e9e au coll\u00e8ge.<\/span><\/strong><strong><span style=\"color: #5aa1e3\"> <span style=\"text-decoration: underline\">Toutes les \u00e9coles sont concern\u00e9es, priv\u00e9es comme publiques<\/span>.<\/span><\/strong>[\/vc_cta][\/vc_column][\/vc_row]<\/p>\n","protected":false},"excerpt":{"rendered":"<p>[vc_row][vc_column][vc_cta h2=&#8221;&#8221; style=&#8221;outline&#8221; color=&#8221;sky&#8221; add_icon=&#8221;left&#8221; i_icon_fontawesome=&#8221;fa fa-leanpub&#8221; i_color=&#8221;sky&#8221; i_background_style=&#8221;boxed-outline&#8221; i_background_color=&#8221;sky&#8221; i_size=&#8221;sm&#8221; i_on_border=&#8221;true&#8221;]\u2731 Il est encore temps de faire vos d\u00e9marches d\u2019inscription scolaire. Vous pouvez le faire directement au service \u00e9ducation &#8230; <\/p>\n","protected":false},"author":3,"featured_media":0,"parent":0,"menu_order":0,"comment_status":"closed","ping_status":"closed","template":"","meta":[],"yoast_head":"<!-- This site is optimized with the Yoast SEO plugin v17.8 - https:\/\/yoast.com\/wordpress\/plugins\/seo\/ -->\n<title>Education - Ville de Brive<\/title>\n<meta name=\"robots\" content=\"index, follow, max-snippet:-1, max-image-preview:large, max-video-preview:-1\" \/>\n<link rel=\"canonical\" href=\"http:\/\/740jw955i52c.brive.org\/index.php\/service-education\/\" \/>\n<meta property=\"og:locale\" content=\"fr_FR\" \/>\n<meta property=\"og:type\" content=\"article\" \/>\n<meta property=\"og:title\" content=\"Education - Ville de Brive\" \/>\n<meta property=\"og:description\" content=\"[vc_row][vc_column][vc_cta h2=&#8221;&#8221; style=&#8221;outline&#8221; color=&#8221;sky&#8221; add_icon=&#8221;left&#8221; i_icon_fontawesome=&#8221;fa fa-leanpub&#8221; i_color=&#8221;sky&#8221; i_background_style=&#8221;boxed-outline&#8221; i_background_color=&#8221;sky&#8221; i_size=&#8221;sm&#8221; i_on_border=&#8221;true&#8221;]\u2731 Il est encore temps de faire vos d\u00e9marches d\u2019inscription scolaire. Vous pouvez le faire directement au service \u00e9ducation ...\" \/>\n<meta property=\"og:url\" content=\"http:\/\/740jw955i52c.brive.org\/index.php\/service-education\/\" \/>\n<meta property=\"og:site_name\" content=\"Ville de Brive\" \/>\n<meta property=\"article:modified_time\" content=\"2024-04-22T12:12:20+00:00\" \/>\n<meta name=\"twitter:card\" content=\"summary_large_image\" \/>\n<meta name=\"twitter:label1\" content=\"Dur\u00e9e de lecture estim\u00e9e\" \/>\n\t<meta name=\"twitter:data1\" content=\"6 minutes\" \/>\n<script type=\"application\/ld+json\" class=\"yoast-schema-graph\">{\"@context\":\"https:\/\/schema.org\",\"@graph\":[{\"@type\":\"WebSite\",\"@id\":\"http:\/\/740jw955i52c.brive.org\/#website\",\"url\":\"http:\/\/740jw955i52c.brive.org\/\",\"name\":\"Ville de Brive\",\"description\":\"Bienvenue sur le site de la ville de Brive-la-Gaillarde. Vous y trouverez l&#039;actualit\\u00e9 de la commune, des informations pratiques et vos d\\u00e9marches administratives.\",\"potentialAction\":[{\"@type\":\"SearchAction\",\"target\":{\"@type\":\"EntryPoint\",\"urlTemplate\":\"http:\/\/740jw955i52c.brive.org\/?s={search_term_string}\"},\"query-input\":\"required name=search_term_string\"}],\"inLanguage\":\"fr-FR\"},{\"@type\":\"WebPage\",\"@id\":\"http:\/\/740jw955i52c.brive.org\/index.php\/service-education\/#webpage\",\"url\":\"http:\/\/740jw955i52c.brive.org\/index.php\/service-education\/\",\"name\":\"Education - Ville de Brive\",\"isPartOf\":{\"@id\":\"http:\/\/740jw955i52c.brive.org\/#website\"},\"datePublished\":\"2015-10-06T07:50:44+00:00\",\"dateModified\":\"2024-04-22T12:12:20+00:00\",\"breadcrumb\":{\"@id\":\"http:\/\/740jw955i52c.brive.org\/index.php\/service-education\/#breadcrumb\"},\"inLanguage\":\"fr-FR\",\"potentialAction\":[{\"@type\":\"ReadAction\",\"target\":[\"http:\/\/740jw955i52c.brive.org\/index.php\/service-education\/\"]}]},{\"@type\":\"BreadcrumbList\",\"@id\":\"http:\/\/740jw955i52c.brive.org\/index.php\/service-education\/#breadcrumb\",\"itemListElement\":[{\"@type\":\"ListItem\",\"position\":1,\"name\":\"Accueil\",\"item\":\"http:\/\/740jw955i52c.brive.org\/\"},{\"@type\":\"ListItem\",\"position\":2,\"name\":\"Education\"}]}]}<\/script>\n<!-- \/ Yoast SEO plugin. -->","yoast_head_json":{"title":"Education - Ville de Brive","robots":{"index":"index","follow":"follow","max-snippet":"max-snippet:-1","max-image-preview":"max-image-preview:large","max-video-preview":"max-video-preview:-1"},"canonical":"http:\/\/740jw955i52c.brive.org\/index.php\/service-education\/","og_locale":"fr_FR","og_type":"article","og_title":"Education - Ville de Brive","og_description":"[vc_row][vc_column][vc_cta h2=&#8221;&#8221; style=&#8221;outline&#8221; color=&#8221;sky&#8221; add_icon=&#8221;left&#8221; i_icon_fontawesome=&#8221;fa fa-leanpub&#8221; i_color=&#8221;sky&#8221; i_background_style=&#8221;boxed-outline&#8221; i_background_color=&#8221;sky&#8221; i_size=&#8221;sm&#8221; i_on_border=&#8221;true&#8221;]\u2731 Il est encore temps de faire vos d\u00e9marches d\u2019inscription scolaire. Vous pouvez le faire directement au service \u00e9ducation ...","og_url":"http:\/\/740jw955i52c.brive.org\/index.php\/service-education\/","og_site_name":"Ville de Brive","article_modified_time":"2024-04-22T12:12:20+00:00","twitter_card":"summary_large_image","twitter_misc":{"Dur\u00e9e de lecture estim\u00e9e":"6 minutes"},"schema":{"@context":"https:\/\/schema.org","@graph":[{"@type":"WebSite","@id":"http:\/\/740jw955i52c.brive.org\/#website","url":"http:\/\/740jw955i52c.brive.org\/","name":"Ville de Brive","description":"Bienvenue sur le site de la ville de Brive-la-Gaillarde. Vous y trouverez l&#039;actualit\u00e9 de la commune, des informations pratiques et vos d\u00e9marches administratives.","potentialAction":[{"@type":"SearchAction","target":{"@type":"EntryPoint","urlTemplate":"http:\/\/740jw955i52c.brive.org\/?s={search_term_string}"},"query-input":"required name=search_term_string"}],"inLanguage":"fr-FR"},{"@type":"WebPage","@id":"http:\/\/740jw955i52c.brive.org\/index.php\/service-education\/#webpage","url":"http:\/\/740jw955i52c.brive.org\/index.php\/service-education\/","name":"Education - Ville de Brive","isPartOf":{"@id":"http:\/\/740jw955i52c.brive.org\/#website"},"datePublished":"2015-10-06T07:50:44+00:00","dateModified":"2024-04-22T12:12:20+00:00","breadcrumb":{"@id":"http:\/\/740jw955i52c.brive.org\/index.php\/service-education\/#breadcrumb"},"inLanguage":"fr-FR","potentialAction":[{"@type":"ReadAction","target":["http:\/\/740jw955i52c.brive.org\/index.php\/service-education\/"]}]},{"@type":"BreadcrumbList","@id":"http:\/\/740jw955i52c.brive.org\/index.php\/service-education\/#breadcrumb","itemListElement":[{"@type":"ListItem","position":1,"name":"Accueil","item":"http:\/\/740jw955i52c.brive.org\/"},{"@type":"ListItem","position":2,"name":"Education"}]}]}},"_links":{"self":[{"href":"http:\/\/740jw955i52c.brive.org\/index.php\/wp-json\/wp\/v2\/pages\/568"}],"collection":[{"href":"http:\/\/740jw955i52c.brive.org\/index.php\/wp-json\/wp\/v2\/pages"}],"about":[{"href":"http:\/\/740jw955i52c.brive.org\/index.php\/wp-json\/wp\/v2\/types\/page"}],"author":[{"embeddable":true,"href":"http:\/\/740jw955i52c.brive.org\/index.php\/wp-json\/wp\/v2\/users\/3"}],"replies":[{"embeddable":true,"href":"http:\/\/740jw955i52c.brive.org\/index.php\/wp-json\/wp\/v2\/comments?post=568"}],"version-history":[{"count":253,"href":"http:\/\/740jw955i52c.brive.org\/index.php\/wp-json\/wp\/v2\/pages\/568\/revisions"}],"predecessor-version":[{"id":52345,"href":"http:\/\/740jw955i52c.brive.org\/index.php\/wp-json\/wp\/v2\/pages\/568\/revisions\/52345"}],"wp:attachment":[{"href":"http:\/\/740jw955i52c.brive.org\/index.php\/wp-json\/wp\/v2\/media?parent=568"}],"curies":[{"name":"wp","href":"https:\/\/api.w.org\/{rel}","templated":true}]}}