{"id":53111,"date":"2024-07-30T14:28:36","date_gmt":"2024-07-30T12:28:36","guid":{"rendered":"http:\/\/740jw955i52c.brive.org\/?page_id=53111"},"modified":"2024-09-20T14:51:17","modified_gmt":"2024-09-20T12:51:17","slug":"office-municipal-de-lenvironnement","status":"publish","type":"page","link":"http:\/\/740jw955i52c.brive.org\/index.php\/vie-associative\/office-municipal-de-lenvironnement\/","title":{"rendered":"Office Municipal de l&#8217;Environnement"},"content":{"rendered":"<p>[vc_row][vc_column width=&#8221;1\/2&#8243;][vc_column_text]Dans la continuit\u00e9 du Plan Climat Air Energie Territorial et de Territoire en Transition port\u00e9s par la CABB, la ville de Brive souhaite renforcer l&#8217;action environnementale au sein de la ville.<\/p>\n<p>Cet Office sous la d\u00e9nomination de &#8220;Brive Transition&#8221; aura pour objet de r\u00e9unir l&#8217;ensemble des acteurs \u0153uvrant en faveur de l&#8217;Environnement sur le p\u00e9rim\u00e8tre de Brive : l&#8217;am\u00e9nagement urbain, la v\u00e9g\u00e9talisation, la pr\u00e9servation de la biodiversit\u00e9, la gestion des d\u00e9chets, les mobilit\u00e9s douces, l&#8217;alimentation durable, les \u00e9nergies renouvelables, la ressource en eau et la qualit\u00e9 de l&#8217;air.<\/p>\n<p>Il a pour missions d&#8217;\u00eatre une instance :<\/p>\n<p>&#8211; de concertation sur les projets d&#8217;am\u00e9nagement de la ville de Brive :<\/p>\n<ul>\n<li>De renforcer un dialogue permanent entre les acteurs locaux membres<\/li>\n<li>De permettre une meilleure analyse du territoire par le partage de connaissances, d&#8217;exp\u00e9riences, de constats, et par le croisement de donn\u00e9es.<\/li>\n<li>D&#8217;\u00e9mettre des avis constructifs et des propositions d&#8217;am\u00e9lioration<\/li>\n<\/ul>\n<p>&#8211; de partage d&#8217;initiatives et de co-construction :<\/p>\n<ul>\n<li>D&#8217;impulser des projets d&#8217;actions adapt\u00e9es aux besoins identifi\u00e9s et co- d\u00e9finis.<\/li>\n<li>De coordonner (et co-partager en fonction) les actions de sensibilisation<\/li>\n<li>De mener des r\u00e9flexions partag\u00e9es sur les diff\u00e9rentes th\u00e9matiques<\/li>\n<\/ul>\n<p>&#8211; de suivi des actions du PCAET sur le p\u00e9rim\u00e8tre de Brive. Une r\u00e9union pl\u00e9ni\u00e8re sp\u00e9cifique se tiendra tous les ans au cours du 1er trimestre afin d&#8217;aborder sp\u00e9cifiquement le bilan de l&#8217;ann\u00e9e N-1.<\/p>\n<p>[\/vc_column_text][\/vc_column][vc_column width=&#8221;1\/2&#8243;][vc_single_image image=&#8221;53120&#8243;][\/vc_column][\/vc_row][vc_row][vc_column][vc_text_separator title=&#8221;Programme semaine(s) europ\u00e9enne du D\u00e9veloppement Durable&#8221; color=&#8221;green&#8221; style=&#8221;dotted&#8221; border_width=&#8221;6&#8243;][\/vc_column][\/vc_row][vc_row][vc_column][vc_column_text]<\/p>\n<h3>18 septembre \u2013 8 octobre 2024<\/h3>\n<h4><strong>Le mercredi 18 septembre 2024<\/strong><\/h4>\n<ul>\n<li><strong>Appartement p\u00e9dagogique Face Limousin\u00a0\u00e0 Tujac<\/strong> (44, rue Jean Baptiste Toulzac : Atelier de fabrication de marque-verre et \u00e9conomie d\u2019eau \u2013 Inscription aupr\u00e8s de Mme M\u00e9lanie ROUX, Animatrice appartement p\u00e9dagogique au 06 14 51 37 41.<\/li>\n<li><strong>Animation au Parc des Perri\u00e8res de Brive<\/strong> : journ\u00e9e d\u00e9di\u00e9e aux centres sociaux de Brive ainsi qu\u2019au grand public, sur le th\u00e8me de l\u2019eau et de la biodiversit\u00e9 avec trois animations :<\/li>\n<\/ul>\n<p>&#8211; La r\u00e9alisation d\u2019une fresque de l\u2019eau par le SIAV &#8211; 5 \u00e0 8 personnes \u2013 dur\u00e9e de 3h avec l\u2019association EAU\u2019DYSSEE<\/p>\n<p>&#8211; Une animation ludique sur le cycle de l\u2019eau, ponctu\u00e9e d\u2019exp\u00e9riences scientifiques pour d\u00e9couvrir le parcours de l\u2019eau domestique et l\u2019importance de pr\u00e9server les ressources en eau du territoire<\/p>\n<p>&#8211; Une visite du Rucher de Brive par l\u2019association de l\u2019Abeille Corr\u00e9zienne \u2013 le r\u00f4le des abeilles dans la biodiversit\u00e9, comment se produit le miel, la pollinisation etc.. Pr\u00e9sentation de la ruche vitr\u00e9e et film sur les abeilles.<\/p>\n<ul>\n<li><strong><a href=\"http:\/\/740jw955i52c.brive.org\/wp-content\/uploads\/2024\/09\/SORTIE.jpg\"><img decoding=\"async\" loading=\"lazy\" class=\" wp-image-53297 alignleft\" src=\"http:\/\/740jw955i52c.brive.org\/wp-content\/uploads\/2024\/09\/SORTIE.jpg\" alt=\"\" width=\"219\" height=\"309\" srcset=\"http:\/\/740jw955i52c.brive.org\/wp-content\/uploads\/2024\/09\/SORTIE.jpg 286w, http:\/\/740jw955i52c.brive.org\/wp-content\/uploads\/2024\/09\/SORTIE-200x283.jpg 200w\" sizes=\"(max-width: 219px) 100vw, 219px\" \/><\/a>Sortie Nature<\/strong> <strong>organis\u00e9e par le Conservatoire d&#8217;Espaces Naturels Nouvelle-Aquitaine<\/strong> :<\/li>\n<\/ul>\n<p>A l&#8217;abri des grottes et des falaises de la Vall\u00e9e (RDV 13h45)- Venez d\u00e9couvrir les communaut\u00e9s v\u00e9g\u00e9tales particuli\u00e8res des grottes et falaises de la Vall\u00e9e de Planchetorte.<\/p>\n<p>Pr\u00e9voir chaussures de marche et v\u00eatements adapt\u00e9s \u00e0 la m\u00e9t\u00e9o.<\/p>\n<p><strong>Inscription obligatoire aupr\u00e8s de M. Bruno Labrousse au 06.95.67.37.46 ou par mail \u00e0 <\/strong><a href=\"mailto:b.labrousse@cen-na.org\"><strong>b.labrousse@cen-na.org<\/strong><\/a><\/p>\n<ul>\n<li>Visite du centre de tri de St Jean Lagineste (LOT) \u2013 d\u00e9part en bus (gratuit) 13h30 parking des 3 Provinces pour une arriv\u00e9e \u00e0 14h30. Pr\u00e9voir une visite de 2h sur place.<\/li>\n<\/ul>\n<p><strong>Inscription obligatoire aupr\u00e8s de Mme Pagnon du SIRTOM\u00a0: mpagnon@sirtom-brive.fr<\/strong><\/p>\n<p>&nbsp;<\/p>\n<ul>\n<li>Dans le cadre de la<strong> Semaine de la Mobilit\u00e9<\/strong> :<\/li>\n<\/ul>\n<p>&#8211; <strong>Visite des coulisses<\/strong> du d\u00e9p\u00f4t<\/p>\n<p>&#8211; <strong>Jeu concours<\/strong><\/p>\n<p>&#8211; <strong>Stand<\/strong>, lors du march\u00e9, pour la promotion de l&#8217;application, de l&#8217;information en temps r\u00e9el et du covoiturage \u00e0 <strong>la Halle Gaillarde entre 12h et 14h<\/strong>[\/vc_column_text][vc_column_text]<strong>Le jeudi 19 septembre 2024<\/strong><\/p>\n<ul>\n<li>Appartement p\u00e9dagogique de Face Limousin \u00e0 Tujac\u00a0(44, rue Jean Baptiste Toulzac) : Visite au fil de l\u2019eau de l\u2019appartement p\u00e9dagogique \u00e0 14h30. Inscription aupr\u00e8s de Mme M\u00e9lanie ROUX, Animatrice appartement p\u00e9dagogique au 06 14 51 37 41.<\/li>\n<\/ul>\n<p>[\/vc_column_text][vc_column_text]<\/p>\n<h4><strong>Le vendredi 20 septembre 2024<\/strong><\/h4>\n<ul>\n<li><strong>Ap\u00e9ro Z\u00e9ro D\u00e9chet<\/strong>, \u00e0 l\u2019initiative de l\u2019association Brive Z\u00e9ro D\u00e9chet au square Auboiroux en partenariat avec les commer\u00e7ants de la Halle Gaillarde.<\/li>\n<\/ul>\n<p>Chaque personne apporte ce qu\u2019elle souhaite mais \u00e0 la fin aucun d\u00e9chet ne doit rester.<\/p>\n<p>La ville de Brive\/OME offrira un pot \u00e0 l\u2019occasion de cette manifestation afin de marquer le d\u00e9but des 3 semaines de programme<\/p>\n<p>&#8211; Animation d\u2019une Bar \u00e0 Eaux de Suez pour promouvoir l\u2019eau du robinet<\/p>\n<p>&#8211; Valorisation du partenariat Brive Ville Amie des Enfants et lien avec les actions de l\u2019UNICEF<\/p>\n<p>&#8211; La ressourcerie Gaillarde : atelier de r\u00e9paration de v\u00e9los avec accompagnement p\u00e9dagogique de la part d\u2019Atout V\u00e9lo et atelier v\u00e9lo-\u00e9cole avec cours th\u00e9orique et pratique de la part de ADER mobilit\u00e9<\/p>\n<p>&#8211; Brive Ville Cyclable : action de sensibilisation aux r\u00e8gles de circulation en milieu urbain et cyclotour<\/p>\n<ul>\n<li><strong>L\u2019association Ath\u00e9na Studio<\/strong>: atelier de fabrication de synth\u00e9tiseurs avec de vieux jouets<\/li>\n<\/ul>\n<p>[\/vc_column_text][vc_column_text]<\/p>\n<h4><strong>Le samedi 21 septembre 2024<\/strong><\/h4>\n<ul>\n<li><strong>L\u2019association Z\u00e9ro d\u00e9chet Brive<\/strong>: Le matin\u00a0: atelier et stand de sensibilisation durant la vente au sein de la boutique Emma\u00fcs de Brive<\/li>\n<li><strong>L\u2019association Z\u00e9ro d\u00e9chet Brive<\/strong>: L\u2019apr\u00e8s-midi\u00a0: de 14h \u00e0 17h atelier z\u00e9ro d\u00e9chet Fresque du Climat au centre culturel de Brive en partenariat avec la MAIF &#8211; GRATUIT \/\/ Sur Inscription au 05 55 74 20 51<\/li>\n<li>Dans le cadre de la<strong> Semaine de la Mobilit\u00e9<\/strong> :<\/li>\n<\/ul>\n<p>&#8211; <strong>Visite des coulisses<\/strong> du d\u00e9p\u00f4t<\/p>\n<p>&#8211; <strong>Jeu concours<\/strong><\/p>\n<p>&#8211; <strong>Stand<\/strong>, sur le march\u00e9 place du 14 juillet, pour la promotion de l&#8217;application, de l&#8217;information en temps r\u00e9el et du covoiturage de<strong> 8h30 \u00e0 12h30<\/strong><\/p>\n<h4><strong><a href=\"http:\/\/740jw955i52c.brive.org\/wp-content\/uploads\/2024\/08\/Affiche-officielle-WCD-2024.webp\"><img decoding=\"async\" loading=\"lazy\" class=\"wp-image-53186 alignleft\" src=\"http:\/\/740jw955i52c.brive.org\/wp-content\/uploads\/2024\/08\/Affiche-officielle-WCD-2024.webp\" alt=\"\" width=\"173\" height=\"245\" srcset=\"http:\/\/740jw955i52c.brive.org\/wp-content\/uploads\/2024\/08\/Affiche-officielle-WCD-2024.webp 1414w, http:\/\/740jw955i52c.brive.org\/wp-content\/uploads\/2024\/08\/Affiche-officielle-WCD-2024-300x424.webp 300w, http:\/\/740jw955i52c.brive.org\/wp-content\/uploads\/2024\/08\/Affiche-officielle-WCD-2024-750x1061.webp 750w, http:\/\/740jw955i52c.brive.org\/wp-content\/uploads\/2024\/08\/Affiche-officielle-WCD-2024-200x283.webp 200w, http:\/\/740jw955i52c.brive.org\/wp-content\/uploads\/2024\/08\/Affiche-officielle-WCD-2024-600x849.webp 600w, http:\/\/740jw955i52c.brive.org\/wp-content\/uploads\/2024\/08\/Affiche-officielle-WCD-2024-1086x1536.webp 1086w, http:\/\/740jw955i52c.brive.org\/wp-content\/uploads\/2024\/08\/Affiche-officielle-WCD-2024-916x1296.webp 916w, http:\/\/740jw955i52c.brive.org\/wp-content\/uploads\/2024\/08\/Affiche-officielle-WCD-2024-590x835.webp 590w, http:\/\/740jw955i52c.brive.org\/wp-content\/uploads\/2024\/08\/Affiche-officielle-WCD-2024-363x513.webp 363w, http:\/\/740jw955i52c.brive.org\/wp-content\/uploads\/2024\/08\/Affiche-officielle-WCD-2024-200x283@2x.webp 400w\" sizes=\"(max-width: 173px) 100vw, 173px\" \/><\/a><\/strong><\/h4>\n<h4><\/h4>\n<h4><strong>Les samedi 21 et d<\/strong><strong>imanche 22 septembre 2024<\/strong><\/h4>\n<ul>\n<li><strong>Clean Up Day\u00a0: <\/strong>Les quartiers de la ville de Brive se mobilisent \u00e0 cette occasion. Action citoyenne de nettoyage avec ramassage des d\u00e9chets abandonn\u00e9s polluant l\u2019environnement. Participations des quartiers 2, 5, 7, 9, 12 et 17 de la Ville de Brive.<\/li>\n<\/ul>\n<p><strong>Les clean up le samedi\u00a0:<\/strong><\/p>\n<p><strong><u>Q7\u00a0<\/u><\/strong>: \u00a0\u00a0\u00a0\u00a0\u00a0 Samedi 21 septembre de 10h \u00e0 12h, devant le centre socioculturel municipal Raoul Dautry<\/p>\n<p>Contact\u00a0: <a href=\"mailto:cecile.hironde@gmail.com\">cecile.hironde@gmail.com<\/a><\/p>\n<p><strong><u>Q1<\/u><\/strong>\u00a0: \u00a0\u00a0\u00a0\u00a0\u00a0 En partenariat avec des conseillers du Q8<\/p>\n<p>Samedi 21 septembre (horaire et lieu \u00e0 pr\u00e9ciser)<\/p>\n<p>Contact\u00a0: <a href=\"mailto:emeritjpa@wanadoo.fr\">emeritjpa@wanadoo.fr<\/a><\/p>\n<p><strong><u>Q17<\/u><\/strong> : \u00a0\u00a0 Samedi 21 septembre de 9h30 \u00e0 12h, rendez-vous sur le parking devant l\u2019\u00e9cole des Vergnes<\/p>\n<p>Contact\u00a0: <a href=\"mailto:jean-claude.chaauvignat@wanadoo.fr\">jean-claude.chaauvignat@wanadoo.fr<\/a><\/p>\n<p><strong><u>Q12<\/u><\/strong>\u00a0:\u00a0\u00a0\u00a0\u00a0Samedi 21 septembre de 9h \u00e0 12h , rendez-vous parking de l\u2019Espace Marc Chadourne<\/p>\n<p>Contact\u00a0: <a href=\"mailto:cjpcalinou@orange.fr\">cjpcalinou@orange.fr<\/a><\/p>\n<p><strong>Les clean up le dimanche\u00a0:<\/strong><\/p>\n<p><strong><u>Q5\u00a0<\/u><\/strong><u>:<\/u> \u00a0\u00a0\u00a0\u00a0\u00a0 Dimanche 22 septembre de 10h \u00e0 12h\u00a0; rendez-vous devant l\u2019Espace des Trois Provinces<\/p>\n<p>Contact\u00a0: <a href=\"mailto:francoisemourigeau@orange.fr\">francoisemourigeau@orange.fr<\/a><\/p>\n<p><a href=\"https:\/\/www.worldcleanupday.fr\/\">https:\/\/www.worldcleanupday.fr\/<\/a><\/p>\n<p><strong>Inscription aupr\u00e8s du quartier participant ou via le service de la Vie des Quartiers 0\u00a0801\u00a0800 900<\/strong>[\/vc_column_text][vc_column_text]<\/p>\n<h4><strong>Le lundi 23 septembre 2024 <\/strong><\/h4>\n<ul>\n<li>Objat\u00a0: <strong>intervention du service habitat de l\u2019Agglo de Brive<\/strong> : de 9h \u00e0 18h, journ\u00e9e d\u2019information sur les logements \u00e0 destination des bailleurs <strong>\u00e0 la mairie d\u2019Objat. <\/strong><\/li>\n<\/ul>\n<p>Echanges personnalis\u00e9s sans rendez-vous.<\/p>\n<p>&nbsp;<\/p>\n<ul>\n<li>MEDEF LIMOUSIN organise le <strong>23<\/strong> septembre <strong>2024<\/strong> \u00e0 <strong>BRIVE (Pont de la Bouvie) <\/strong>pour la <strong>premi\u00e8re <\/strong>ann\u00e9e, la Journ\u00e9e mondiale du nettoyage de notre plan\u00e8te autrement connue sous le nom de \u00ab World Cleanup Day \u00bb Cet \u00e9v\u00e9nement se d\u00e9roulera :<strong>Pont de la Bouvie \u2013 le long de la voie verte (rue l\u2019Ile du roi) de<\/strong> <strong>12 h \u00e0 14 h<\/strong> (20 personnes max) :<\/li>\n<\/ul>\n<p><strong>11h45<\/strong> Arriv\u00e9e des participants pour briefing s\u00e9curit\u00e9 et distribution du mat\u00e9riel<\/p>\n<p><strong>12h00 <\/strong>D\u00e9part en groupe le long de la voie verte<\/p>\n<p><strong>13h45<\/strong> Retour au lieu de rassemblement des participants avec leurs sacs de d\u00e9chets et mat\u00e9riels de collecte<\/p>\n<p>Pes\u00e9e des d\u00e9chets et potentielles animations autour du tri r\u00e9alis\u00e9<\/p>\n<h4><strong>Le mardi 24 septembre 2024<\/strong><\/h4>\n<ul>\n<li><strong>La r\u00e9gie des espaces verts de la ville de Brive vous propose\u00a0<\/strong><strong>une apr\u00e8s-midi\u00a0visite guid\u00e9e du patrimoine arbor\u00e9<\/strong> (arbres remarquables) du centre-ville de Brive par Monsieur Arbre \u2013 Partez \u00e0 la d\u00e9couverte des arbres gaillards de la ville en d\u00e9ambulant dans les rues, squares et jardins.<\/li>\n<\/ul>\n<p><strong>Rendez-vous \u00e0 14h \u00e0 cot\u00e9 du Kiosque au Parc de la Guierle.<\/strong><\/p>\n<p><strong>Inscription obligatoire au 05.55.74.99.23 ou par mail <\/strong><a href=\"mailto:pascale.meissonnier@agglodebrive.fr\"><strong>pascale.meissonnier@agglodebrive.fr<\/strong><\/a>[\/vc_column_text][vc_column_text]<\/p>\n<h4><strong>Le mercredi 25 septembre 2024<\/strong><\/h4>\n<ul>\n<li>Brive\u00a0: Service habitat de l\u2019Agglo de Brive\u00a0de 9h \u00e0 17h\u00a0: <strong>Journ\u00e9e porte ouverte sur les logements<\/strong> &#8211; 56 avenue du Mar\u00e9chal Bugeaud 19100 Brive \u2013 05.55.74.08.08.<\/li>\n<li><strong>Appartement p\u00e9dagogique de Face Limousin \u00e0 Tujac<\/strong>\u00a0(44, rue Jean Baptiste Toulzac) : Fabrication de papier recycl\u00e9, tri des d\u00e9chets papier en partenariat avec le SIRTOM de Brive &#8211; Inscription aupr\u00e8s de Mme M\u00e9lanie ROUX, Animatrice appartement p\u00e9dagogique au 06 14 51 37 41.<\/li>\n<li><strong>Visite de l\u2019Ecopole de la Perbousie<\/strong> (route de Lissac \u2013 Brive) \u2013 site de Paprec : rendez-vous sur place le mercredi 25 septembre \u00e0 14h &#8211; visite d\u2019au moins deux heures \u2013 gilet jaune et chaussures ferm\u00e9es obligatoires \u2013 25 personnes maximum \u2013<\/li>\n<\/ul>\n<p><strong>Inscription obligatoire au 05.55.74.99.23. ou par mail pascale.meissonnier@agglodebrive.fr<\/strong>[\/vc_column_text][vc_column_text]<\/p>\n<h4><strong>Le jeudi 26 septembre 2024<\/strong><\/h4>\n<ul>\n<li>L\u2019association Z\u00e9ro d\u00e9chet Brive\u00a0:\u00a0<strong> Atelier et stand de sensibilisation durant la vente dans la boutique Emmaus de Brive<\/strong><\/li>\n<\/ul>\n<h4><strong>Le vendredi 27 septembre 2024<\/strong><\/h4>\n<ul>\n<li>Caf\u00e9 d\u00e9bat \u00e0 Ayen\u00a0: la faune de la Corr\u00e8ze avec Pascal Aymard photographe animalier \u2013 19h30 au pavillon de l\u2019Arboretum de la Tuilli\u00e8re au Soulet d\u2019Ayen.<\/li>\n<\/ul>\n<p><strong>Le mardi 1<sup>er<\/sup> octobre 2024<\/strong><\/p>\n<ul>\n<li><strong>La r\u00e9gie des espaces verts de la ville de Brive vous propose\u00a0\u00e0 partir de 14h un atelier pratique au sein des serres municipales de Brive<\/strong> (chemin des Baysses \u2013 St Pantal\u00e9on de Larche) \u2013 Venez les mains nues ou avec votre plante verte et son contenant et d\u00e9couvrez comment bien les entretenir \u2013<\/li>\n<\/ul>\n<p><strong>Inscription obligatoire au 05.55.74.99.23 ou par mail <\/strong><a href=\"mailto:pascale.meissonnier@agglodebrive.fr\"><strong>pascale.meissonnier@agglodebrive.fr<\/strong><\/a>[\/vc_column_text][vc_column_text]<\/p>\n<h4><strong>Le mercredi 2 octobre 2024<\/strong><\/h4>\n<ul>\n<li><strong>Appartement p\u00e9dagogique Face Limousin \u00e0 Tujac<\/strong> (44, rue Jean Baptiste Toulzac)\u00a0: atelier sur les \u00e9cogestes &#8211; Inscription aupr\u00e8s de Mme M\u00e9lanie ROUX, Animatrice appartement p\u00e9dagogique au 06 14 51 37 41.<\/li>\n<li><strong>Visite de la station d\u2019\u00e9puration de Brive pour les enfants des centres sociaux de Brive<\/strong><\/li>\n<li><strong>Conservatoire d&#8217;Espaces Naturels Nouvelle-Aquitaine propose un chantier participatif<\/strong>\u00a0: \u00ab\u00a0De la vall\u00e9e humide aux coteaux secs\u00a0\u00bb \u00e0 partir de 9h30\u00a0: la matin\u00e9e sera d\u00e9di\u00e9e \u00e0 la cl\u00f4ture de plusieurs mares afin de pr\u00e9server leurs abords du pi\u00e9tinement bovins. L\u2019apr\u00e8s-midi sera d\u00e9di\u00e9e \u00e0 contrecarrer la dynamique d\u2019embroussaillement sur une pelouse marnicole. Selon les temp\u00e9ratures de la journ\u00e9e, ces deux chantiers pourront \u00eatre intervertis \u2013 Pr\u00e9vois v\u00eatements adapt\u00e9s et pique-nique.<\/li>\n<\/ul>\n<p><strong>Inscription obligatoire aupr\u00e8s de M. Bruno Labrousse au 06.95.67.37.46 ou par mail \u00e0 <\/strong><a href=\"mailto:b.labrousse@cen-na.org\"><strong>b.labrousse@cen-na.org<\/strong><\/a><\/p>\n<h4><strong>Du vendredi 4 octobre au samedi 12 octobre 2024<\/strong><\/h4>\n<ul>\n<li>Hall de la m\u00e9diath\u00e8que de Brive\u00a0: <strong>exposition de photo amateur du concours photo 2024<\/strong> organis\u00e9 par l\u2019Agglo de Brive sur le th\u00e8me \u00ab\u00a0la nature sauvage comestible\u00a0\u00bb &#8211; <a href=\"http:\/\/www.agglodebrive.fr\/concours-photo-2024\/\">http:\/\/www.agglodebrive.fr\/concours-photo-2024\/<\/a><\/li>\n<\/ul>\n<p>&nbsp;<\/p>\n<h4><strong>D<\/strong><strong>imanche 6 octobre 2024<\/strong><\/h4>\n<ul>\n<li><strong><a href=\"http:\/\/740jw955i52c.brive.org\/wp-content\/uploads\/2024\/09\/Affiche-troc-de-plantes-octobre-2024_page-0001.jpg\"><img decoding=\"async\" loading=\"lazy\" class=\" wp-image-53467 alignleft\" src=\"http:\/\/740jw955i52c.brive.org\/wp-content\/uploads\/2024\/09\/Affiche-troc-de-plantes-octobre-2024_page-0001.jpg\" alt=\"\" width=\"157\" height=\"222\" srcset=\"http:\/\/740jw955i52c.brive.org\/wp-content\/uploads\/2024\/09\/Affiche-troc-de-plantes-octobre-2024_page-0001.jpg 1755w, http:\/\/740jw955i52c.brive.org\/wp-content\/uploads\/2024\/09\/Affiche-troc-de-plantes-octobre-2024_page-0001-300x424.jpg 300w, http:\/\/740jw955i52c.brive.org\/wp-content\/uploads\/2024\/09\/Affiche-troc-de-plantes-octobre-2024_page-0001-750x1060.jpg 750w, http:\/\/740jw955i52c.brive.org\/wp-content\/uploads\/2024\/09\/Affiche-troc-de-plantes-octobre-2024_page-0001-200x283.jpg 200w, http:\/\/740jw955i52c.brive.org\/wp-content\/uploads\/2024\/09\/Affiche-troc-de-plantes-octobre-2024_page-0001-600x848.jpg 600w, http:\/\/740jw955i52c.brive.org\/wp-content\/uploads\/2024\/09\/Affiche-troc-de-plantes-octobre-2024_page-0001-1087x1536.jpg 1087w, http:\/\/740jw955i52c.brive.org\/wp-content\/uploads\/2024\/09\/Affiche-troc-de-plantes-octobre-2024_page-0001-1449x2048.jpg 1449w, http:\/\/740jw955i52c.brive.org\/wp-content\/uploads\/2024\/09\/Affiche-troc-de-plantes-octobre-2024_page-0001-916x1295.jpg 916w, http:\/\/740jw955i52c.brive.org\/wp-content\/uploads\/2024\/09\/Affiche-troc-de-plantes-octobre-2024_page-0001-590x834.jpg 590w, http:\/\/740jw955i52c.brive.org\/wp-content\/uploads\/2024\/09\/Affiche-troc-de-plantes-octobre-2024_page-0001-363x513.jpg 363w, http:\/\/740jw955i52c.brive.org\/wp-content\/uploads\/2024\/09\/Affiche-troc-de-plantes-octobre-2024_page-0001-200x283@2x.jpg 400w\" sizes=\"(max-width: 157px) 100vw, 157px\" \/><\/a>Troc de plantes au Square Auboiroux<\/strong> \u00e0 partir de 9h30. Avec un accueil petit d\u00e9jeuner pour les participants \u2013\u00a0 la manifestation est gratuite et ouverte \u00e0 tous, et elle r\u00e9unit des amateurs et des passionn\u00e9s dans une ambiance conviviale. De quoi \u00e9changer boutures, plantes, conseils et astuces, voire revues et autre mat\u00e9riel se rapportant au jardin<\/li>\n<\/ul>\n<h4><strong>Lundi 7 octobre 2024<\/strong><\/h4>\n<ul>\n<li>Association Face Limousin\u00a0: \u00e9cogestes sur la vaisselle et fabrication de tawashi, \u00e9ponges recycl\u00e9es au centre social Jacques Cartier &#8211; Inscription aupr\u00e8s de Mme M\u00e9lanie ROUX, Animatrice appartement p\u00e9dagogique au 06 14 51 37 41.<\/li>\n<\/ul>\n<h4>Mardi 8 octobre 2024<\/h4>\n<ul>\n<li><strong><a href=\"http:\/\/740jw955i52c.brive.org\/wp-content\/uploads\/2024\/09\/riviere.jpg\"><img decoding=\"async\" loading=\"lazy\" class=\" wp-image-53414 alignleft\" src=\"http:\/\/740jw955i52c.brive.org\/wp-content\/uploads\/2024\/09\/riviere.jpg\" alt=\"\" width=\"200\" height=\"299\" srcset=\"http:\/\/740jw955i52c.brive.org\/wp-content\/uploads\/2024\/09\/riviere.jpg 314w, http:\/\/740jw955i52c.brive.org\/wp-content\/uploads\/2024\/09\/riviere-300x450.jpg 300w, http:\/\/740jw955i52c.brive.org\/wp-content\/uploads\/2024\/09\/riviere-200x300.jpg 200w\" sizes=\"(max-width: 200px) 100vw, 200px\" \/><\/a>Cin\u00e9-d\u00e9bat \u00e9tudiant LA RIVI\u00c8RE &#8211; \u00e9change \u00e0 la suite de la projection<\/strong> \u00e0 20h30 au Cin\u00e9ma Rex de Brive &#8211; En partenariat avec le Campus du V\u00e9g\u00e9tal de Voutezac<\/li>\n<\/ul>\n<p>LA RIVI\u00c8RE de Dominique Marchais<\/p>\n<p>France\u00a0| 2023\u00a0|\u00a01h44\u00a0| Documentaire<\/p>\n<p>Entre Pyr\u00e9n\u00e9es et Atlantique coulent des rivi\u00e8res puissantes qu\u2019on appelle les gaves. Les champs de ma\u00efs les assoiffent, les barrages bloquent la circulation du saumon. L\u2019activit\u00e9 humaine bouleverse le cycle de l\u2019eau et la biodiversit\u00e9 de la rivi\u00e8re. Des hommes et des femmes tendent leur regard curieux et amoureux vers ce monde fascinant fait de beaut\u00e9 et de d\u00e9sastre.<\/p>\n<p>Tarifs habituels du Rex<\/p>\n<p>Plein 7 \u20ac, r\u00e9duit 5,50 \u20ac<\/p>\n<h4><strong>De septembre \u00e0 d\u00e9cembre\u00a0:<\/strong><\/h4>\n<ul>\n<li><strong>L\u2019association ARBRE propose deux actions\u00a0: <\/strong><\/li>\n<\/ul>\n<p>&#8211; ARBRE : Collecte de Livres en partenariat avec le service \u00e9ducation et les \u00e9coles de la ville de Brive<\/p>\n<p>&#8211; Collecte de piles usag\u00e9es dans les \u00e9tablissements scolaires.[\/vc_column_text][\/vc_column][\/vc_row][vc_row][vc_column][vc_single_image image=&#8221;53299&#8243;][\/vc_column][\/vc_row]<\/p>\n","protected":false},"excerpt":{"rendered":"<p>[vc_row][vc_column width=&#8221;1\/2&#8243;][vc_column_text]Dans la continuit\u00e9 du Plan Climat Air Energie Territorial et de Territoire en Transition port\u00e9s par la CABB, la ville de Brive souhaite renforcer l&#8217;action environnementale au sein de &#8230; <\/p>\n","protected":false},"author":1,"featured_media":0,"parent":29149,"menu_order":0,"comment_status":"closed","ping_status":"closed","template":"","meta":[],"yoast_head":"<!-- This site is optimized with the Yoast SEO plugin v17.8 - https:\/\/yoast.com\/wordpress\/plugins\/seo\/ -->\n<title>Office Municipal de l&#039;Environnement - Ville de Brive<\/title>\n<meta name=\"robots\" content=\"index, follow, max-snippet:-1, max-image-preview:large, max-video-preview:-1\" \/>\n<link rel=\"canonical\" href=\"http:\/\/740jw955i52c.brive.org\/index.php\/vie-associative\/office-municipal-de-lenvironnement\/\" \/>\n<meta property=\"og:locale\" content=\"fr_FR\" \/>\n<meta property=\"og:type\" content=\"article\" \/>\n<meta property=\"og:title\" content=\"Office Municipal de l&#039;Environnement - Ville de Brive\" \/>\n<meta property=\"og:description\" content=\"[vc_row][vc_column width=&#8221;1\/2&#8243;][vc_column_text]Dans la continuit\u00e9 du Plan Climat Air Energie Territorial et de Territoire en Transition port\u00e9s par la CABB, la ville de Brive souhaite renforcer l&#8217;action environnementale au sein de ...\" \/>\n<meta property=\"og:url\" content=\"http:\/\/740jw955i52c.brive.org\/index.php\/vie-associative\/office-municipal-de-lenvironnement\/\" \/>\n<meta property=\"og:site_name\" content=\"Ville de Brive\" \/>\n<meta property=\"article:modified_time\" content=\"2024-09-20T12:51:17+00:00\" \/>\n<meta property=\"og:image\" content=\"http:\/\/740jw955i52c.brive.org\/wp-content\/uploads\/2024\/09\/SORTIE.jpg\" \/>\n<meta name=\"twitter:card\" content=\"summary_large_image\" \/>\n<meta name=\"twitter:label1\" content=\"Dur\u00e9e de lecture estim\u00e9e\" \/>\n\t<meta name=\"twitter:data1\" content=\"10 minutes\" \/>\n<script type=\"application\/ld+json\" class=\"yoast-schema-graph\">{\"@context\":\"https:\/\/schema.org\",\"@graph\":[{\"@type\":\"WebSite\",\"@id\":\"http:\/\/740jw955i52c.brive.org\/#website\",\"url\":\"http:\/\/740jw955i52c.brive.org\/\",\"name\":\"Ville de Brive\",\"description\":\"Bienvenue sur le site de la ville de Brive-la-Gaillarde. Vous y trouverez l&#039;actualit\\u00e9 de la commune, des informations pratiques et vos d\\u00e9marches administratives.\",\"potentialAction\":[{\"@type\":\"SearchAction\",\"target\":{\"@type\":\"EntryPoint\",\"urlTemplate\":\"http:\/\/740jw955i52c.brive.org\/?s={search_term_string}\"},\"query-input\":\"required name=search_term_string\"}],\"inLanguage\":\"fr-FR\"},{\"@type\":\"ImageObject\",\"@id\":\"http:\/\/740jw955i52c.brive.org\/index.php\/vie-associative\/office-municipal-de-lenvironnement\/#primaryimage\",\"inLanguage\":\"fr-FR\",\"url\":\"http:\/\/740jw955i52c.brive.org\/wp-content\/uploads\/2024\/09\/SORTIE.jpg\",\"contentUrl\":\"http:\/\/740jw955i52c.brive.org\/wp-content\/uploads\/2024\/09\/SORTIE.jpg\",\"width\":286,\"height\":404},{\"@type\":\"WebPage\",\"@id\":\"http:\/\/740jw955i52c.brive.org\/index.php\/vie-associative\/office-municipal-de-lenvironnement\/#webpage\",\"url\":\"http:\/\/740jw955i52c.brive.org\/index.php\/vie-associative\/office-municipal-de-lenvironnement\/\",\"name\":\"Office Municipal de l'Environnement - Ville de Brive\",\"isPartOf\":{\"@id\":\"http:\/\/740jw955i52c.brive.org\/#website\"},\"primaryImageOfPage\":{\"@id\":\"http:\/\/740jw955i52c.brive.org\/index.php\/vie-associative\/office-municipal-de-lenvironnement\/#primaryimage\"},\"datePublished\":\"2024-07-30T12:28:36+00:00\",\"dateModified\":\"2024-09-20T12:51:17+00:00\",\"breadcrumb\":{\"@id\":\"http:\/\/740jw955i52c.brive.org\/index.php\/vie-associative\/office-municipal-de-lenvironnement\/#breadcrumb\"},\"inLanguage\":\"fr-FR\",\"potentialAction\":[{\"@type\":\"ReadAction\",\"target\":[\"http:\/\/740jw955i52c.brive.org\/index.php\/vie-associative\/office-municipal-de-lenvironnement\/\"]}]},{\"@type\":\"BreadcrumbList\",\"@id\":\"http:\/\/740jw955i52c.brive.org\/index.php\/vie-associative\/office-municipal-de-lenvironnement\/#breadcrumb\",\"itemListElement\":[{\"@type\":\"ListItem\",\"position\":1,\"name\":\"Accueil\",\"item\":\"http:\/\/740jw955i52c.brive.org\/\"},{\"@type\":\"ListItem\",\"position\":2,\"name\":\"Vie Associative\",\"item\":\"http:\/\/740jw955i52c.brive.org\/index.php\/vie-associative\/\"},{\"@type\":\"ListItem\",\"position\":3,\"name\":\"Office Municipal de l&#8217;Environnement\"}]}]}<\/script>\n<!-- \/ Yoast SEO plugin. -->","yoast_head_json":{"title":"Office Municipal de l'Environnement - Ville de Brive","robots":{"index":"index","follow":"follow","max-snippet":"max-snippet:-1","max-image-preview":"max-image-preview:large","max-video-preview":"max-video-preview:-1"},"canonical":"http:\/\/740jw955i52c.brive.org\/index.php\/vie-associative\/office-municipal-de-lenvironnement\/","og_locale":"fr_FR","og_type":"article","og_title":"Office Municipal de l'Environnement - Ville de Brive","og_description":"[vc_row][vc_column width=&#8221;1\/2&#8243;][vc_column_text]Dans la continuit\u00e9 du Plan Climat Air Energie Territorial et de Territoire en Transition port\u00e9s par la CABB, la ville de Brive souhaite renforcer l&#8217;action environnementale au sein de ...","og_url":"http:\/\/740jw955i52c.brive.org\/index.php\/vie-associative\/office-municipal-de-lenvironnement\/","og_site_name":"Ville de Brive","article_modified_time":"2024-09-20T12:51:17+00:00","og_image":[{"url":"http:\/\/740jw955i52c.brive.org\/wp-content\/uploads\/2024\/09\/SORTIE.jpg"}],"twitter_card":"summary_large_image","twitter_misc":{"Dur\u00e9e de lecture estim\u00e9e":"10 minutes"},"schema":{"@context":"https:\/\/schema.org","@graph":[{"@type":"WebSite","@id":"http:\/\/740jw955i52c.brive.org\/#website","url":"http:\/\/740jw955i52c.brive.org\/","name":"Ville de Brive","description":"Bienvenue sur le site de la ville de Brive-la-Gaillarde. Vous y trouverez l&#039;actualit\u00e9 de la commune, des informations pratiques et vos d\u00e9marches administratives.","potentialAction":[{"@type":"SearchAction","target":{"@type":"EntryPoint","urlTemplate":"http:\/\/740jw955i52c.brive.org\/?s={search_term_string}"},"query-input":"required name=search_term_string"}],"inLanguage":"fr-FR"},{"@type":"ImageObject","@id":"http:\/\/740jw955i52c.brive.org\/index.php\/vie-associative\/office-municipal-de-lenvironnement\/#primaryimage","inLanguage":"fr-FR","url":"http:\/\/740jw955i52c.brive.org\/wp-content\/uploads\/2024\/09\/SORTIE.jpg","contentUrl":"http:\/\/740jw955i52c.brive.org\/wp-content\/uploads\/2024\/09\/SORTIE.jpg","width":286,"height":404},{"@type":"WebPage","@id":"http:\/\/740jw955i52c.brive.org\/index.php\/vie-associative\/office-municipal-de-lenvironnement\/#webpage","url":"http:\/\/740jw955i52c.brive.org\/index.php\/vie-associative\/office-municipal-de-lenvironnement\/","name":"Office Municipal de l'Environnement - Ville de Brive","isPartOf":{"@id":"http:\/\/740jw955i52c.brive.org\/#website"},"primaryImageOfPage":{"@id":"http:\/\/740jw955i52c.brive.org\/index.php\/vie-associative\/office-municipal-de-lenvironnement\/#primaryimage"},"datePublished":"2024-07-30T12:28:36+00:00","dateModified":"2024-09-20T12:51:17+00:00","breadcrumb":{"@id":"http:\/\/740jw955i52c.brive.org\/index.php\/vie-associative\/office-municipal-de-lenvironnement\/#breadcrumb"},"inLanguage":"fr-FR","potentialAction":[{"@type":"ReadAction","target":["http:\/\/740jw955i52c.brive.org\/index.php\/vie-associative\/office-municipal-de-lenvironnement\/"]}]},{"@type":"BreadcrumbList","@id":"http:\/\/740jw955i52c.brive.org\/index.php\/vie-associative\/office-municipal-de-lenvironnement\/#breadcrumb","itemListElement":[{"@type":"ListItem","position":1,"name":"Accueil","item":"http:\/\/740jw955i52c.brive.org\/"},{"@type":"ListItem","position":2,"name":"Vie Associative","item":"http:\/\/740jw955i52c.brive.org\/index.php\/vie-associative\/"},{"@type":"ListItem","position":3,"name":"Office Municipal de l&#8217;Environnement"}]}]}},"_links":{"self":[{"href":"http:\/\/740jw955i52c.brive.org\/index.php\/wp-json\/wp\/v2\/pages\/53111"}],"collection":[{"href":"http:\/\/740jw955i52c.brive.org\/index.php\/wp-json\/wp\/v2\/pages"}],"about":[{"href":"http:\/\/740jw955i52c.brive.org\/index.php\/wp-json\/wp\/v2\/types\/page"}],"author":[{"embeddable":true,"href":"http:\/\/740jw955i52c.brive.org\/index.php\/wp-json\/wp\/v2\/users\/1"}],"replies":[{"embeddable":true,"href":"http:\/\/740jw955i52c.brive.org\/index.php\/wp-json\/wp\/v2\/comments?post=53111"}],"version-history":[{"count":27,"href":"http:\/\/740jw955i52c.brive.org\/index.php\/wp-json\/wp\/v2\/pages\/53111\/revisions"}],"predecessor-version":[{"id":53468,"href":"http:\/\/740jw955i52c.brive.org\/index.php\/wp-json\/wp\/v2\/pages\/53111\/revisions\/53468"}],"up":[{"embeddable":true,"href":"http:\/\/740jw955i52c.brive.org\/index.php\/wp-json\/wp\/v2\/pages\/29149"}],"wp:attachment":[{"href":"http:\/\/740jw955i52c.brive.org\/index.php\/wp-json\/wp\/v2\/media?parent=53111"}],"curies":[{"name":"wp","href":"https:\/\/api.w.org\/{rel}","templated":true}]}}