{"id":531,"date":"2015-10-06T09:39:36","date_gmt":"2015-10-06T07:39:36","guid":{"rendered":"http:\/\/740jw955i52c.brive.org?page_id=531"},"modified":"2019-12-06T16:58:31","modified_gmt":"2019-12-06T15:58:31","slug":"villes-jumelees","status":"publish","type":"page","link":"http:\/\/740jw955i52c.brive.org\/index.php\/accueil-2\/villes-jumelees\/","title":{"rendered":"Villes jumel\u00e9es"},"content":{"rendered":"<p>[vc_row][vc_column]<div class=\"uxb-exte\"><h3 class=\" h-center   uxb-heading\">Villes jumel\u00e9es avec la ville de Brive<\/h3><\/div>[vc_empty_space height=&#8221;20px&#8221;][vc_tta_tabs style=&#8221;classic&#8221; color=&#8221;sky&#8221; spacing=&#8221;35&#8243; gap=&#8221;35&#8243; active_section=&#8221;1&#8243; pagination_style=&#8221;flat-rounded&#8221; pagination_color=&#8221;sky&#8221; no_fill_content_area=&#8221;true&#8221;][vc_tta_section i_icon_fontawesome=&#8221;fa fa-globe&#8221; add_icon=&#8221;true&#8221; tab_id=&#8221;1486630995955-affce6d5-e088&#8243;][vc_empty_space height=&#8221;20px&#8221;][vc_row_inner][vc_column_inner][vc_cta h2=&#8221;&#8221; shape=&#8221;rounded&#8221; style=&#8221;3d&#8221;]<\/p>\n<div>\n<p style=\"text-align: justify\"><a href=\"http:\/\/740jw955i52c.brive.org\/wp-content\/uploads\/2016\/08\/LogoBrive300x300.jpg\"><img decoding=\"async\" loading=\"lazy\" class=\"alignleft wp-image-17452\" src=\"http:\/\/740jw955i52c.brive.org\/wp-content\/uploads\/2016\/08\/LogoBrive300x300.jpg\" width=\"200\" height=\"200\" srcset=\"http:\/\/740jw955i52c.brive.org\/wp-content\/uploads\/2016\/08\/LogoBrive300x300.jpg 300w, http:\/\/740jw955i52c.brive.org\/wp-content\/uploads\/2016\/08\/LogoBrive300x300-230x230.jpg 230w, http:\/\/740jw955i52c.brive.org\/wp-content\/uploads\/2016\/08\/LogoBrive300x300-198x198.jpg 198w, http:\/\/740jw955i52c.brive.org\/wp-content\/uploads\/2016\/08\/LogoBrive300x300-280x280.jpg 280w, http:\/\/740jw955i52c.brive.org\/wp-content\/uploads\/2016\/08\/LogoBrive300x300-60x60@2x.jpg 120w, http:\/\/740jw955i52c.brive.org\/wp-content\/uploads\/2016\/08\/LogoBrive300x300-60x60.jpg 60w, http:\/\/740jw955i52c.brive.org\/wp-content\/uploads\/2016\/08\/LogoBrive300x300-285x285.jpg 285w, http:\/\/740jw955i52c.brive.org\/wp-content\/uploads\/2016\/08\/LogoBrive300x300-206x206.jpg 206w, http:\/\/740jw955i52c.brive.org\/wp-content\/uploads\/2016\/08\/LogoBrive300x300-120x120@2x.jpg 240w\" sizes=\"(max-width: 200px) 100vw, 200px\" \/><\/a><br \/>\nAvec des pays aussi diff\u00e9rents que l\u2019<strong>Allemagne<\/strong>, le <strong>Qu\u00e9bec<\/strong> ou encore le <strong>Mali<\/strong>, ce sont <strong>huit villes <\/strong>qui<strong> sont jumel\u00e9es avec notre cit\u00e9<\/strong>.\u00a0 Les \u00e9changes sont de nature sociale, \u00e9conomique et touristique et <strong>les rencontres<\/strong> organis\u00e9es r\u00e9guli\u00e8rement <strong>favorisent le rassemblement des peuples et des cultures<\/strong>.<\/p>\n<p style=\"text-align: justify\">Seuls quatre jumelages sont actuellement tr\u00e8s actifs : <strong>Sikasso<\/strong> au Mali, <strong>Guimar\u00e3es<\/strong>\u00a0au Portugal, <strong>Joliette<\/strong> au Qu\u00e9bec et <strong>Lauf<\/strong> en Allemagne.<\/p>\n<p><span style=\"color: #ffffff\">.<\/span><\/p>\n<\/div>\n<p>[\/vc_cta][\/vc_column_inner][\/vc_row_inner][\/vc_tta_section][vc_tta_section title=&#8221;Sikasso&#8221; tab_id=&#8221;1486566453632-27424835-b0d4&#8243;][vc_row_inner][vc_column_inner][vc_single_image image=&#8221;24553&#8243; alignment=&#8221;center&#8221;][vc_cta h2=&#8221;&#8221; shape=&#8221;rounded&#8221; style=&#8221;outline&#8221; color=&#8221;sky&#8221;]<\/p>\n<p style=\"text-align: justify\"><strong>Sikasso<\/strong> est une grande ville situ\u00e9e au sud-est du <strong>Mali<\/strong> \u00e0 375 kilom\u00e8tres de la capitale Bamako, \u00e0 100 kilom\u00e8tres de la fronti\u00e8re de la C\u00f4te d\u2019Ivoire et \u00e0 45 kilom\u00e8tres de celle du Burkina-Faso.<\/p>\n<p style=\"text-align: justify\">C\u2019est une ville carrefour entre les pays c\u00f4tiers et les pays enclav\u00e9s. Elle est la capitale de la troisi\u00e8me r\u00e9gion administrative et compte environ 300 000 habitants, ce qui en fait la 2\u00e8me ville du pays par sa population et son rayonnement.<\/p>\n<div id=\"attachment_11408\" class=\"wp-caption alignleft\" style=\"text-align: justify\">\n<p><img decoding=\"async\" loading=\"lazy\" class=\"size-full wp-image-11408\" src=\"http:\/\/740jw955i52c.brive.org\/wp-content\/uploads\/2016\/06\/001-4.jpg\" alt=\"SIKASSO\" width=\"200\" height=\"138\" srcset=\"http:\/\/740jw955i52c.brive.org\/wp-content\/uploads\/2016\/06\/001-4.jpg 200w, http:\/\/740jw955i52c.brive.org\/wp-content\/uploads\/2016\/06\/001-4-198x138.jpg 198w\" sizes=\"(max-width: 200px) 100vw, 200px\" \/><\/p>\n<p class=\"wp-caption-text\">SIKASSO<\/p>\n<\/div>\n<p style=\"text-align: justify\">La ville de <strong>Sikasso<\/strong> a \u00e9t\u00e9 fond\u00e9e au 17\u00e8me si\u00e8cle, elle se d\u00e9veloppe \u00e0 partir du 19\u00e8me si\u00e8cle sous l&#8217;impulsion de Mansa Daoula TRAORE et fut la capitale du royaume du K\u00e9n\u00e9dougou. Elle devient une commune de plein exercice le 18 novembre 1955.<\/p>\n<p style=\"text-align: justify\">D\u2019un point de vue \u00e9conomique, ses ressources sont essentiellement agricoles ( mangue, poix sucr\u00e9e, s\u00e9same, noix de cajou, gingembre), une importante partie de ces derni\u00e8res est export\u00e9e dans l\u2019ensemble du Mali ainsi que dans les pays limitrophes, Burkina-Faso et C\u00f4te-d\u2019Ivoire. Sans oublier la\u00a0transformation du coton et des huileries.<\/p>\n<p style=\"text-align: justify\">Le jumelage date du 3 septembre 1982 et se concr\u00e9tise par des \u00e9changes m\u00e9dico-sociaux, scolaires et culturels, des\u00a0formations et des projets \u00e0 caract\u00e8re \u00e9conomique.<\/p>\n<p style=\"text-align: justify\">Il a \u00e9t\u00e9 r\u00e9affirm\u00e9 le 24 octobre 2012, \u00e0 l\u2019occasion des <strong>30 ans<\/strong> de son existence, par la signature entre les deux villes d\u2019une charte de coop\u00e9ration.<\/p>\n<p>[\/vc_cta][\/vc_column_inner][\/vc_row_inner][\/vc_tta_section][vc_tta_section title=&#8221;Guimar\u00e3es&#8221; tab_id=&#8221;1486566558977-aaf58ab8-2c9b&#8221;][vc_row_inner][vc_column_inner][vc_cta h2=&#8221;&#8221; shape=&#8221;rounded&#8221; style=&#8221;outline&#8221; color=&#8221;sky&#8221;]<\/p>\n<p style=\"text-align: justify\">Situ\u00e9 dans le district de Braga, au nord du pays et \u00e0 50 kilom\u00e8tres de Porto, <strong>Guimar\u00e3es<\/strong> est consid\u00e9r\u00e9e comme le \u00ab berceau \u00bb de l\u2019identit\u00e9 et de la culture portugaise.<br \/>\nEn effet, n\u00e9e sur l\u2019axe de communication le plus important du d\u00e9but du moyen-\u00e2ge, elle reliait Mon\u00e7a\u00f5 et Braga \u00e0 Viseu et Caminha, le fief des comtes portugais \u00e0 partir du X\u00e8me si\u00e8cle.<\/p>\n<div id=\"attachment_11403\" style=\"width: 210px\" class=\"wp-caption alignleft\"><a href=\"http:\/\/740jw955i52c.brive.org\/wp-content\/uploads\/2016\/06\/001-1.jpg\" rel=\"attachment wp-att-11403\"><img aria-describedby=\"caption-attachment-11403\" decoding=\"async\" loading=\"lazy\" class=\"size-full wp-image-11403\" src=\"http:\/\/740jw955i52c.brive.org\/wp-content\/uploads\/2016\/06\/001-1.jpg\" alt=\"GUIMARAES\" width=\"200\" height=\"137\" srcset=\"http:\/\/740jw955i52c.brive.org\/wp-content\/uploads\/2016\/06\/001-1.jpg 200w, http:\/\/740jw955i52c.brive.org\/wp-content\/uploads\/2016\/06\/001-1-198x137.jpg 198w\" sizes=\"(max-width: 200px) 100vw, 200px\" \/><\/a><p id=\"caption-attachment-11403\" class=\"wp-caption-text\">GUIMARAES<\/p><\/div>\n<p style=\"text-align: justify\">Guimar\u00e3es est la ville des premiers souverains portugais. La r\u00e9gion a \u00e9t\u00e9 \u00e0 l\u2019origine de la cr\u00e9ation du pays au XII\u00e8me si\u00e8cle, lequel a acquis son ind\u00e9pendance en 1139.<\/p>\n<p style=\"text-align: justify\">Guimar\u00e3es compte aujourd\u2019hui 170 000 habitants, dont 30% ont moins de 30 ans. La ville dispose d\u2019un patrimoine important dont le centre historique est inscrit depuis 2001 sur la liste du Patrimoine Mondial de l\u2019UNESCO.<\/p>\n<p style=\"text-align: justify\">Guimar\u00e3es a longtemps prosp\u00e9r\u00e9 dans les textiles, la coutellerie et le cuir et a su \u00e9laborer un important r\u00e9seau de machines culturelles : centre des activit\u00e9s pour l\u2019art et l\u2019architecture, institut du design ou p\u00f4le de la cr\u00e9ativit\u00e9. D\u2019ailleurs l\u2019ann\u00e9e 2012 l\u2019a couronn\u00e9e \u00ab Capitale Europ\u00e9enne de la Culture \u00bb.<\/p>\n<p style=\"text-align: justify\">Sign\u00e9 entre les deux villes le 24 septembre 1993. le jumelage se concr\u00e9tise par des \u00e9changes sportifs, scolaires et culturels.<\/p>\n<p>[\/vc_cta][\/vc_column_inner][\/vc_row_inner][\/vc_tta_section][vc_tta_section title=&#8221;Joliette&#8221; tab_id=&#8221;1486566618989-0613bf27-4568&#8243;][vc_row_inner][vc_column_inner][vc_cta h2=&#8221;&#8221; shape=&#8221;rounded&#8221; style=&#8221;outline&#8221; color=&#8221;sky&#8221;]<\/p>\n<p style=\"text-align: justify\"><strong>Joliette<\/strong> est situ\u00e9e dans la Municipalit\u00e9 R\u00e9gionale du Comt\u00e9 (MRC) de Joliette et la r\u00e9gion administrative de Lanaudi\u00e8re, une des plus belles r\u00e9gions du <strong>Qu\u00e9bec<\/strong>.<\/p>\n<div id=\"attachment_11404\" style=\"width: 210px\" class=\"wp-caption alignleft\"><a href=\"http:\/\/740jw955i52c.brive.org\/wp-content\/uploads\/2016\/06\/001-2.jpg\" rel=\"attachment wp-att-11404\"><img aria-describedby=\"caption-attachment-11404\" decoding=\"async\" loading=\"lazy\" class=\"size-full wp-image-11404\" src=\"http:\/\/740jw955i52c.brive.org\/wp-content\/uploads\/2016\/06\/001-2.jpg\" alt=\"JOLIETTE\" width=\"200\" height=\"95\" srcset=\"http:\/\/740jw955i52c.brive.org\/wp-content\/uploads\/2016\/06\/001-2.jpg 200w, http:\/\/740jw955i52c.brive.org\/wp-content\/uploads\/2016\/06\/001-2-198x95.jpg 198w\" sizes=\"(max-width: 200px) 100vw, 200px\" \/><\/a><p id=\"caption-attachment-11404\" class=\"wp-caption-text\">JOLIETTE<\/p><\/div>\n<p style=\"text-align: justify\">Joliette compte plus de 20 000 habitants. C\u2019est une ville d\u2019industries, de culture, de services et de nature, reconnue pour ses nombreux attraits touristiques, son dynamisme \u00e9conomique et artistique.<\/p>\n<p style=\"text-align: justify\">Sign\u00e9 entre les deux villes le 5 novembre 1985, le jumelage se concr\u00e9tise par des \u00e9changes culturels, scolaires, sociaux, sportifs et touristiques. Ainsi chaque ann\u00e9e, depuis 1986, le dispositif \u00ab Inter-Municipalit\u00e9s \u00bb permet d\u2019accueillir deux jeunes \u00e9tudiants joliettains, tandis que deux jeunes brivistes se rendent \u00e0 Joliette dans les m\u00eames conditions.<\/p>\n<p>[\/vc_cta][\/vc_column_inner][\/vc_row_inner][\/vc_tta_section][vc_tta_section title=&#8221;Lauf&#8221; tab_id=&#8221;1486566664296-2f01d6fa-1664&#8243;][vc_row_inner][vc_column_inner][vc_cta h2=&#8221;&#8221; shape=&#8221;rounded&#8221; style=&#8221;outline&#8221; color=&#8221;sky&#8221;]<\/p>\n<p style=\"text-align: justify\"><strong>Lauf and der Pegnitz<\/strong> est situ\u00e9e dans l\u2019arrondissement du Nuremberg-Campagne (Bavi\u00e8re) dont elle est le chef lieu.<\/p>\n<p style=\"text-align: justify\">Le nom de Lauf \u00e0 l\u2019origine \u00ab Loufen \u00bb qui signifie : \u00ab\u00a0cours de la rivi\u00e8re\u00a0\u00bb appara\u00eet pour la premi\u00e8re fois en 1243.<\/p>\n<p>La cit\u00e9 obtient l\u2019attribution du droit de ville le 23 ao\u00fbt 1355.<\/p>\n<p>Lauf compte aujourd\u2019hui environ 26 000 habitants et t\u00e9moigne d\u2019un riche pass\u00e9, au travers de ses monuments soigneusement conserv\u00e9s.<\/p>\n<div id=\"attachment_11405\" style=\"width: 210px\" class=\"wp-caption alignleft\"><a href=\"http:\/\/740jw955i52c.brive.org\/wp-content\/uploads\/2016\/06\/001-3.jpg\" rel=\"attachment wp-att-11405\"><img aria-describedby=\"caption-attachment-11405\" decoding=\"async\" loading=\"lazy\" class=\"size-full wp-image-11405\" src=\"http:\/\/740jw955i52c.brive.org\/wp-content\/uploads\/2016\/06\/001-3.jpg\" alt=\"LAUF\" width=\"200\" height=\"138\" srcset=\"http:\/\/740jw955i52c.brive.org\/wp-content\/uploads\/2016\/06\/001-3.jpg 200w, http:\/\/740jw955i52c.brive.org\/wp-content\/uploads\/2016\/06\/001-3-198x138.jpg 198w\" sizes=\"(max-width: 200px) 100vw, 200px\" \/><\/a><p id=\"caption-attachment-11405\" class=\"wp-caption-text\">LAUF<\/p><\/div>\n<p style=\"text-align: justify\">Ses voies de communication, notamment fluviales ont contribu\u00e9 \u00e0 son d\u00e9veloppement \u00e9conomique, social et culturel.<br \/>\nLauf r\u00e9alise un savant \u00e9quilibre entre la tradition, le pr\u00e9sent et une dynamique orient\u00e9e vers le futur.<\/p>\n<p style=\"text-align: justify\">Sign\u00e9 entre les deux villes le 11 mai 1985, le jumelage se concr\u00e9tise par des \u00e9changes sportifs, scolaires et culturels.<\/p>\n<p>[\/vc_cta][\/vc_column_inner][\/vc_row_inner][\/vc_tta_section][vc_tta_section title=&#8221;Douala III&#8221; tab_id=&#8221;1486566899982-f8a7aa6d-4ade&#8221;][vc_row_inner][vc_column_inner][vc_cta h2=&#8221;&#8221; shape=&#8221;rounded&#8221; style=&#8221;outline&#8221; color=&#8221;sky&#8221;]<\/p>\n<p style=\"text-align: justify\">Commune urbaine d\u2019arrondissement, <strong>Douala III<\/strong>, cr\u00e9\u00e9e par la loi du 15 juillet 1987, couvre une superficie de 113 kilom\u00e8tres environ, pour une population estim\u00e9e \u00e0 1 million d\u2019habitants. Son si\u00e8ge est \u00e0 Logbaba.<\/p>\n<div id=\"attachment_11401\" style=\"width: 170px\" class=\"wp-caption alignleft\"><a href=\"http:\/\/740jw955i52c.brive.org\/wp-content\/uploads\/2016\/06\/006-e1464788784561.jpg\" rel=\"attachment wp-att-11401\"><img aria-describedby=\"caption-attachment-11401\" decoding=\"async\" loading=\"lazy\" class=\"size-medium wp-image-11401\" src=\"http:\/\/740jw955i52c.brive.org\/wp-content\/uploads\/2016\/06\/006-160x300.jpg\" alt=\"DOUALA\" width=\"160\" height=\"300\" \/><\/a><p id=\"caption-attachment-11401\" class=\"wp-caption-text\">DOUALA<\/p><\/div>\n<p style=\"text-align: justify\">Douala III est territorialement limit\u00e9e au nord par la commune de Douala V, au sud par le fleuve de la Dibamba et le d\u00e9partement de la Sanaga Maritime, \u00e0 l\u2019est par le d\u00e9partement du Nkam et \u00e0 l\u2019ouest par la commune d\u2019arrondissement de Douala I.<br \/>\nCosmopolite par excellence, y cohabitent en harmonie les populations locales (Bassa et Bakoko), les 250 autres ethnies venant de l\u2019ensemble du Cameroun et les ressortissants \u00e9trangers.<br \/>\nSemi urbaine, Douala III dispose de vastes terres favorables aux cultures vivri\u00e8res et de rentes ainsi que d\u2019un potentiel industriel implant\u00e9 depuis plus d\u2019un quart de si\u00e8cle.<\/p>\n<p style=\"text-align: justify\">Un pacte d\u2019amiti\u00e9 a \u00e9t\u00e9 sign\u00e9 entre les deux villes le 3 novembre 2008 afin de faciliter les \u00e9changes de solidarit\u00e9, de co-d\u00e9veloppement sur le plan \u00e9conomique, \u00e9ducatif, culturel et institutionnel.<br \/>\nSign\u00e9 le 28 novembre 2009. le jumelage entre les deux villes se concr\u00e9tise principalement par des \u00e9changes \u00e9conomiques.<\/p>\n<p>[\/vc_cta][\/vc_column_inner][\/vc_row_inner][\/vc_tta_section][vc_tta_section title=&#8221;Dunstable&#8221; tab_id=&#8221;1486566996048-1aa5055e-6091&#8243;][vc_row_inner][vc_column_inner][vc_cta h2=&#8221;&#8221; shape=&#8221;rounded&#8221; style=&#8221;outline&#8221; color=&#8221;sky&#8221;]<\/p>\n<p style=\"text-align: justify\"><strong>Dunstable<\/strong> est une ville du comt\u00e9 de Bedfordshire, situ\u00e9e \u00e0 50 kilom\u00e8tres au nord-ouest de Londres sur le carrefour de la route romaine de Watling Street (aujourd\u2019hui route nationale A5) qui va d\u2019Edgware Road dans le centre de Londres jusqu\u2019\u00e0 Holyhead au Pays de Galles.<\/p>\n<div id=\"attachment_11402\" style=\"width: 201px\" class=\"wp-caption alignleft\"><a href=\"http:\/\/740jw955i52c.brive.org\/wp-content\/uploads\/2016\/06\/001-e1464788931398.jpg\" rel=\"attachment wp-att-11402\"><img aria-describedby=\"caption-attachment-11402\" decoding=\"async\" loading=\"lazy\" class=\"size-full wp-image-11402\" src=\"http:\/\/740jw955i52c.brive.org\/wp-content\/uploads\/2016\/06\/001-e1464788931398.jpg\" alt=\"DUNSTABLE\" width=\"191\" height=\"264\" \/><\/a><p id=\"caption-attachment-11402\" class=\"wp-caption-text\">DUNSTABLE<\/p><\/div>\n<p>&nbsp;<\/p>\n<p style=\"text-align: justify\">A l\u2019\u00e9poque romaine Dunstable s\u2019appelait \u00ab Ducorobrivis \u00bb. L\u2019origine du nom de la ville repose sur deux th\u00e9ories : un bandit c\u00e9l\u00e8bre pr\u00e9nomm\u00e9 Dunn (Dunn\u2019s Stable : l\u2019\u00e9curie de Dunn) ou le mot anglo-saxon Dunstaple signifiant \u00ab march\u00e9 sur la butte \u00bb.<\/p>\n<p style=\"text-align: justify\">C\u2019est \u00e0 Dunstable que furent jou\u00e9es les premi\u00e8res pi\u00e8ces de th\u00e9\u00e2tre en Angleterre, au milieu du XVI\u00e8me si\u00e8cle, et que furent livr\u00e9es les premi\u00e8res batailles de la guerre civile anglaise en 1642.<br \/>\nLa ville compte aujourd\u2019hui 36 000 habitants. Forte de son riche patrimoine, elle a su d\u00e9velopper une vari\u00e9t\u00e9 d\u2019\u00e9v\u00e8nements \u00e0 l\u2019image de l\u2019identit\u00e9 culturelle de la r\u00e9gion.<\/p>\n<p style=\"text-align: justify\">Sign\u00e9 entre les deux villes en mai 1957, il est actuellement en sommeil.<\/p>\n<p>[\/vc_cta][\/vc_column_inner][\/vc_row_inner][\/vc_tta_section][vc_tta_section title=&#8221;M\u00e9litopol&#8221; tab_id=&#8221;1486567060867-f8a65871-30f5&#8243;][vc_row_inner][vc_column_inner][vc_cta h2=&#8221;&#8221; shape=&#8221;rounded&#8221; style=&#8221;outline&#8221; color=&#8221;sky&#8221;]<\/p>\n<p style=\"text-align: justify\"><strong>M\u00e9litopol<\/strong> est situ\u00e9e au sud-est de l\u2019<strong>Ukraine<\/strong> sur la rivi\u00e8re Molotchana et au sud de Zaparijia.<\/p>\n<div id=\"attachment_11406\" style=\"width: 179px\" class=\"wp-caption alignleft\"><a href=\"http:\/\/740jw955i52c.brive.org\/wp-content\/uploads\/2016\/06\/005-e1464788880737.jpg\" rel=\"attachment wp-att-11406\"><img aria-describedby=\"caption-attachment-11406\" decoding=\"async\" loading=\"lazy\" class=\"size-full wp-image-11406\" src=\"http:\/\/740jw955i52c.brive.org\/wp-content\/uploads\/2016\/06\/005-e1464788880737.jpg\" alt=\"MELITOPOL\" width=\"169\" height=\"200\" \/><\/a><p id=\"caption-attachment-11406\" class=\"wp-caption-text\">MELITOPOL<\/p><\/div>\n<p style=\"text-align: justify\">Deux grandes routes europ\u00e9ennes s\u2019y croisent. La E58 (Vienne \u2013 Kiev \u2013 Rostov sur le Don) et la E105 (Saint-Petersbourg \u2013 Moscou \u2013 Kiev \u2013 Yalta). Elle se trouve \u00e9galement sur la ligne de chemin de fer internationale qui relie Saint-Petersbourg en Russie \u00e0 Silferopol en Crim\u00e9e.<\/p>\n<p style=\"text-align: justify\">La ville est fond\u00e9e en 1784 par un d\u00e9cret de l\u2019imp\u00e9ratrice Catherine II. Le 7 janvier 1842, elle re\u00e7oit le statut de ville et le nom de M\u00e9litopol qui signifie \u00ab miel \u00bb.<br \/>\nM\u00e9litopol compte aujourd\u2019hui environ 157 000 habitants. Elle est devenue un centre de pleine croissance scientifique et industrielle.<\/p>\n<p style=\"text-align: justify\">Sign\u00e9 entre les deux villes en 1967, le jumelage est r\u00e9affirm\u00e9 le 27 ao\u00fbt 2012, lors de la signature du nouveau protocole d\u2019amiti\u00e9 en Mairie de Brive.<\/p>\n<p>[\/vc_cta][\/vc_column_inner][\/vc_row_inner][\/vc_tta_section][vc_tta_section title=&#8221;Platja d\u2019Aro&#8221; tab_id=&#8221;1486567127895-a4b7cf2b-bec8&#8243;][vc_row_inner][vc_column_inner][vc_cta h2=&#8221;&#8221; shape=&#8221;rounded&#8221; style=&#8221;outline&#8221; color=&#8221;sky&#8221;]<\/p>\n<p style=\"text-align: justify\"><strong>Platja d\u2019Aro<\/strong> est situ\u00e9e dans la r\u00e9gion g\u00e9ographique de la Costa Brava, au pied de la mer M\u00e9diterran\u00e9e et appartient \u00e0 la province de G\u00e9rone (<strong>Catalogne<\/strong>).<\/p>\n<div id=\"attachment_12689\" style=\"width: 161px\" class=\"wp-caption alignleft\"><a href=\"http:\/\/740jw955i52c.brive.org\/wp-content\/uploads\/2015\/10\/platjadaro.png\" rel=\"attachment wp-att-12689\"><img aria-describedby=\"caption-attachment-12689\" decoding=\"async\" loading=\"lazy\" class=\"size-full wp-image-12689\" src=\"http:\/\/740jw955i52c.brive.org\/wp-content\/uploads\/2015\/10\/platjadaro.png\" alt=\"PLATJA D'ARO \" width=\"151\" height=\"200\" \/><\/a><p id=\"caption-attachment-12689\" class=\"wp-caption-text\">PLATJA D&#8217;ARO<\/p><\/div>\n<p style=\"text-align: justify\">Plusieurs monuments fun\u00e9raires pr\u00e9historiques d\u00e9montrent que Platja d\u2019Aro \u00e9tait une importante zone d\u2019\u00e9tablissement humaine. Le site arch\u00e9ologique de Pl\u00e1 de Palol t\u00e9moigne \u00e9galement de la pr\u00e9sence romaine dans la ville. Mais le noyau originel de cette derni\u00e8re s\u2019est constitu\u00e9 au moyen-\u00e2ge autour de l\u2019\u00e9glise de Santa-Mari\u00e1 (XI\u00e8me si\u00e8cle), \u00e9poque \u00e0 laquelle d\u00e9bute la construction du ch\u00e2teau de Benedormiens (\u00e0 l\u2019origine de Castell d\u2019Aro).<br \/>\nPlatja d\u2019Aro compte aujourd\u2019hui plus de 10 000 habitants.<br \/>\nElle constitue l\u2019un des principaux centres de distraction de la Costa Brava et maintient tout au long de l\u2019ann\u00e9e une multitude d\u2019activit\u00e9s et d\u2019\u00e9v\u00e8nements planifi\u00e9s, tels le Carnaval, la F\u00eate de la Bi\u00e8re, le March\u00e9 m\u00e9di\u00e9val de Castell d\u2019Aro.<br \/>\nSign\u00e9 entre les deux villes le 27 mai 2000, le jumelage est actuellement en sommeil.<\/p>\n<p>[\/vc_cta][\/vc_column_inner][\/vc_row_inner][\/vc_tta_section][\/vc_tta_tabs][\/vc_column][\/vc_row][vc_row][vc_column width=&#8221;1\/4&#8243;][vc_btn title=&#8221;Relations Internationales&#8221; style=&#8221;custom&#8221; custom_background=&#8221;#5aa1e3&#8243; custom_text=&#8221;#ffffff&#8221; shape=&#8221;rounded&#8221; size=&#8221;xs&#8221; align=&#8221;center&#8221; button_block=&#8221;true&#8221; link=&#8221;url:http%3A%2F%2F740jw955i52c.brive.org%2Findex.php%2Frelations-internationales%2F|||&#8221;][\/vc_column][vc_column width=&#8221;1\/2&#8243;][vc_empty_space height=&#8221;15px&#8221;][vc_separator color=&#8221;sky&#8221; style=&#8221;shadow&#8221;][\/vc_column][vc_column width=&#8221;1\/4&#8243;][vc_btn title=&#8221;Solidarit\u00e9 internationale&#8221; style=&#8221;custom&#8221; custom_background=&#8221;#5aa1e3&#8243; custom_text=&#8221;#ffffff&#8221; shape=&#8221;rounded&#8221; size=&#8221;xs&#8221; align=&#8221;center&#8221; button_block=&#8221;true&#8221; link=&#8221;url:http%3A%2F%2F740jw955i52c.brive.org%2Findex.php%2Fsolidarite-internationale%2F|||&#8221;][\/vc_column][\/vc_row][vc_row][vc_column][\/vc_column][\/vc_row]<\/p>\n","protected":false},"excerpt":{"rendered":"<p>[vc_row][vc_column][vc_empty_space height=&#8221;20px&#8221;][vc_tta_tabs style=&#8221;classic&#8221; color=&#8221;sky&#8221; spacing=&#8221;35&#8243; gap=&#8221;35&#8243; active_section=&#8221;1&#8243; pagination_style=&#8221;flat-rounded&#8221; pagination_color=&#8221;sky&#8221; no_fill_content_area=&#8221;true&#8221;][vc_tta_section i_icon_fontawesome=&#8221;fa fa-globe&#8221; add_icon=&#8221;true&#8221; tab_id=&#8221;1486630995955-affce6d5-e088&#8243;][vc_empty_space height=&#8221;20px&#8221;][vc_row_inner][vc_column_inner][vc_cta h2=&#8221;&#8221; shape=&#8221;rounded&#8221; style=&#8221;3d&#8221;] Avec des pays aussi diff\u00e9rents que l\u2019Allemagne, le Qu\u00e9bec ou encore le &#8230; <\/p>\n","protected":false},"author":3,"featured_media":0,"parent":38015,"menu_order":6,"comment_status":"closed","ping_status":"closed","template":"","meta":[],"yoast_head":"<!-- This site is optimized with the Yoast SEO plugin v17.8 - https:\/\/yoast.com\/wordpress\/plugins\/seo\/ -->\n<title>Villes jumel\u00e9es - Ville de Brive<\/title>\n<meta name=\"robots\" content=\"index, follow, max-snippet:-1, max-image-preview:large, max-video-preview:-1\" \/>\n<link rel=\"canonical\" href=\"http:\/\/740jw955i52c.brive.org\/index.php\/accueil-2\/villes-jumelees\/\" \/>\n<meta property=\"og:locale\" content=\"fr_FR\" \/>\n<meta property=\"og:type\" content=\"article\" \/>\n<meta property=\"og:title\" content=\"Villes jumel\u00e9es - Ville de Brive\" \/>\n<meta property=\"og:description\" content=\"[vc_row][vc_column][vc_empty_space height=&#8221;20px&#8221;][vc_tta_tabs style=&#8221;classic&#8221; color=&#8221;sky&#8221; spacing=&#8221;35&#8243; gap=&#8221;35&#8243; active_section=&#8221;1&#8243; pagination_style=&#8221;flat-rounded&#8221; pagination_color=&#8221;sky&#8221; no_fill_content_area=&#8221;true&#8221;][vc_tta_section i_icon_fontawesome=&#8221;fa fa-globe&#8221; add_icon=&#8221;true&#8221; tab_id=&#8221;1486630995955-affce6d5-e088&#8243;][vc_empty_space height=&#8221;20px&#8221;][vc_row_inner][vc_column_inner][vc_cta h2=&#8221;&#8221; shape=&#8221;rounded&#8221; style=&#8221;3d&#8221;] Avec des pays aussi diff\u00e9rents que l\u2019Allemagne, le Qu\u00e9bec ou encore le ...\" \/>\n<meta property=\"og:url\" content=\"http:\/\/740jw955i52c.brive.org\/index.php\/accueil-2\/villes-jumelees\/\" \/>\n<meta property=\"og:site_name\" content=\"Ville de Brive\" \/>\n<meta property=\"article:modified_time\" content=\"2019-12-06T15:58:31+00:00\" \/>\n<meta property=\"og:image\" content=\"http:\/\/740jw955i52c.brive.org\/wp-content\/uploads\/2016\/08\/LogoBrive300x300.jpg\" \/>\n<meta name=\"twitter:card\" content=\"summary_large_image\" \/>\n<meta name=\"twitter:label1\" content=\"Dur\u00e9e de lecture estim\u00e9e\" \/>\n\t<meta name=\"twitter:data1\" content=\"10 minutes\" \/>\n<script type=\"application\/ld+json\" class=\"yoast-schema-graph\">{\"@context\":\"https:\/\/schema.org\",\"@graph\":[{\"@type\":\"WebSite\",\"@id\":\"http:\/\/740jw955i52c.brive.org\/#website\",\"url\":\"http:\/\/740jw955i52c.brive.org\/\",\"name\":\"Ville de Brive\",\"description\":\"Bienvenue sur le site de la ville de Brive-la-Gaillarde. Vous y trouverez l&#039;actualit\\u00e9 de la commune, des informations pratiques et vos d\\u00e9marches administratives.\",\"potentialAction\":[{\"@type\":\"SearchAction\",\"target\":{\"@type\":\"EntryPoint\",\"urlTemplate\":\"http:\/\/740jw955i52c.brive.org\/?s={search_term_string}\"},\"query-input\":\"required name=search_term_string\"}],\"inLanguage\":\"fr-FR\"},{\"@type\":\"ImageObject\",\"@id\":\"http:\/\/740jw955i52c.brive.org\/index.php\/accueil-2\/villes-jumelees\/#primaryimage\",\"inLanguage\":\"fr-FR\",\"url\":\"http:\/\/740jw955i52c.brive.org\/wp-content\/uploads\/2016\/08\/LogoBrive300x300.jpg\",\"contentUrl\":\"http:\/\/740jw955i52c.brive.org\/wp-content\/uploads\/2016\/08\/LogoBrive300x300.jpg\",\"width\":300,\"height\":300},{\"@type\":\"WebPage\",\"@id\":\"http:\/\/740jw955i52c.brive.org\/index.php\/accueil-2\/villes-jumelees\/#webpage\",\"url\":\"http:\/\/740jw955i52c.brive.org\/index.php\/accueil-2\/villes-jumelees\/\",\"name\":\"Villes jumel\\u00e9es - Ville de Brive\",\"isPartOf\":{\"@id\":\"http:\/\/740jw955i52c.brive.org\/#website\"},\"primaryImageOfPage\":{\"@id\":\"http:\/\/740jw955i52c.brive.org\/index.php\/accueil-2\/villes-jumelees\/#primaryimage\"},\"datePublished\":\"2015-10-06T07:39:36+00:00\",\"dateModified\":\"2019-12-06T15:58:31+00:00\",\"breadcrumb\":{\"@id\":\"http:\/\/740jw955i52c.brive.org\/index.php\/accueil-2\/villes-jumelees\/#breadcrumb\"},\"inLanguage\":\"fr-FR\",\"potentialAction\":[{\"@type\":\"ReadAction\",\"target\":[\"http:\/\/740jw955i52c.brive.org\/index.php\/accueil-2\/villes-jumelees\/\"]}]},{\"@type\":\"BreadcrumbList\",\"@id\":\"http:\/\/740jw955i52c.brive.org\/index.php\/accueil-2\/villes-jumelees\/#breadcrumb\",\"itemListElement\":[{\"@type\":\"ListItem\",\"position\":1,\"name\":\"Accueil\",\"item\":\"http:\/\/740jw955i52c.brive.org\/\"},{\"@type\":\"ListItem\",\"position\":2,\"name\":\"Accueil\",\"item\":\"http:\/\/740jw955i52c.brive.org\/?page_id=38015\"},{\"@type\":\"ListItem\",\"position\":3,\"name\":\"Villes jumel\\u00e9es\"}]}]}<\/script>\n<!-- \/ Yoast SEO plugin. -->","yoast_head_json":{"title":"Villes jumel\u00e9es - Ville de Brive","robots":{"index":"index","follow":"follow","max-snippet":"max-snippet:-1","max-image-preview":"max-image-preview:large","max-video-preview":"max-video-preview:-1"},"canonical":"http:\/\/740jw955i52c.brive.org\/index.php\/accueil-2\/villes-jumelees\/","og_locale":"fr_FR","og_type":"article","og_title":"Villes jumel\u00e9es - Ville de Brive","og_description":"[vc_row][vc_column][vc_empty_space height=&#8221;20px&#8221;][vc_tta_tabs style=&#8221;classic&#8221; color=&#8221;sky&#8221; spacing=&#8221;35&#8243; gap=&#8221;35&#8243; active_section=&#8221;1&#8243; pagination_style=&#8221;flat-rounded&#8221; pagination_color=&#8221;sky&#8221; no_fill_content_area=&#8221;true&#8221;][vc_tta_section i_icon_fontawesome=&#8221;fa fa-globe&#8221; add_icon=&#8221;true&#8221; tab_id=&#8221;1486630995955-affce6d5-e088&#8243;][vc_empty_space height=&#8221;20px&#8221;][vc_row_inner][vc_column_inner][vc_cta h2=&#8221;&#8221; shape=&#8221;rounded&#8221; style=&#8221;3d&#8221;] Avec des pays aussi diff\u00e9rents que l\u2019Allemagne, le Qu\u00e9bec ou encore le ...","og_url":"http:\/\/740jw955i52c.brive.org\/index.php\/accueil-2\/villes-jumelees\/","og_site_name":"Ville de Brive","article_modified_time":"2019-12-06T15:58:31+00:00","og_image":[{"url":"http:\/\/740jw955i52c.brive.org\/wp-content\/uploads\/2016\/08\/LogoBrive300x300.jpg"}],"twitter_card":"summary_large_image","twitter_misc":{"Dur\u00e9e de lecture estim\u00e9e":"10 minutes"},"schema":{"@context":"https:\/\/schema.org","@graph":[{"@type":"WebSite","@id":"http:\/\/740jw955i52c.brive.org\/#website","url":"http:\/\/740jw955i52c.brive.org\/","name":"Ville de Brive","description":"Bienvenue sur le site de la ville de Brive-la-Gaillarde. Vous y trouverez l&#039;actualit\u00e9 de la commune, des informations pratiques et vos d\u00e9marches administratives.","potentialAction":[{"@type":"SearchAction","target":{"@type":"EntryPoint","urlTemplate":"http:\/\/740jw955i52c.brive.org\/?s={search_term_string}"},"query-input":"required name=search_term_string"}],"inLanguage":"fr-FR"},{"@type":"ImageObject","@id":"http:\/\/740jw955i52c.brive.org\/index.php\/accueil-2\/villes-jumelees\/#primaryimage","inLanguage":"fr-FR","url":"http:\/\/740jw955i52c.brive.org\/wp-content\/uploads\/2016\/08\/LogoBrive300x300.jpg","contentUrl":"http:\/\/740jw955i52c.brive.org\/wp-content\/uploads\/2016\/08\/LogoBrive300x300.jpg","width":300,"height":300},{"@type":"WebPage","@id":"http:\/\/740jw955i52c.brive.org\/index.php\/accueil-2\/villes-jumelees\/#webpage","url":"http:\/\/740jw955i52c.brive.org\/index.php\/accueil-2\/villes-jumelees\/","name":"Villes jumel\u00e9es - Ville de Brive","isPartOf":{"@id":"http:\/\/740jw955i52c.brive.org\/#website"},"primaryImageOfPage":{"@id":"http:\/\/740jw955i52c.brive.org\/index.php\/accueil-2\/villes-jumelees\/#primaryimage"},"datePublished":"2015-10-06T07:39:36+00:00","dateModified":"2019-12-06T15:58:31+00:00","breadcrumb":{"@id":"http:\/\/740jw955i52c.brive.org\/index.php\/accueil-2\/villes-jumelees\/#breadcrumb"},"inLanguage":"fr-FR","potentialAction":[{"@type":"ReadAction","target":["http:\/\/740jw955i52c.brive.org\/index.php\/accueil-2\/villes-jumelees\/"]}]},{"@type":"BreadcrumbList","@id":"http:\/\/740jw955i52c.brive.org\/index.php\/accueil-2\/villes-jumelees\/#breadcrumb","itemListElement":[{"@type":"ListItem","position":1,"name":"Accueil","item":"http:\/\/740jw955i52c.brive.org\/"},{"@type":"ListItem","position":2,"name":"Accueil","item":"http:\/\/740jw955i52c.brive.org\/?page_id=38015"},{"@type":"ListItem","position":3,"name":"Villes jumel\u00e9es"}]}]}},"_links":{"self":[{"href":"http:\/\/740jw955i52c.brive.org\/index.php\/wp-json\/wp\/v2\/pages\/531"}],"collection":[{"href":"http:\/\/740jw955i52c.brive.org\/index.php\/wp-json\/wp\/v2\/pages"}],"about":[{"href":"http:\/\/740jw955i52c.brive.org\/index.php\/wp-json\/wp\/v2\/types\/page"}],"author":[{"embeddable":true,"href":"http:\/\/740jw955i52c.brive.org\/index.php\/wp-json\/wp\/v2\/users\/3"}],"replies":[{"embeddable":true,"href":"http:\/\/740jw955i52c.brive.org\/index.php\/wp-json\/wp\/v2\/comments?post=531"}],"version-history":[{"count":163,"href":"http:\/\/740jw955i52c.brive.org\/index.php\/wp-json\/wp\/v2\/pages\/531\/revisions"}],"predecessor-version":[{"id":39015,"href":"http:\/\/740jw955i52c.brive.org\/index.php\/wp-json\/wp\/v2\/pages\/531\/revisions\/39015"}],"up":[{"embeddable":true,"href":"http:\/\/740jw955i52c.brive.org\/index.php\/wp-json\/wp\/v2\/pages\/38015"}],"wp:attachment":[{"href":"http:\/\/740jw955i52c.brive.org\/index.php\/wp-json\/wp\/v2\/media?parent=531"}],"curies":[{"name":"wp","href":"https:\/\/api.w.org\/{rel}","templated":true}]}}