{"id":52081,"date":"2024-03-14T11:10:10","date_gmt":"2024-03-14T10:10:10","guid":{"rendered":"http:\/\/740jw955i52c.brive.org\/?page_id=52081"},"modified":"2024-03-14T11:44:16","modified_gmt":"2024-03-14T10:44:16","slug":"ambroisie-et-allergie-respiratoire-aux-pollens","status":"publish","type":"page","link":"http:\/\/740jw955i52c.brive.org\/index.php\/ambroisie-et-allergie-respiratoire-aux-pollens\/","title":{"rendered":"Ambroisie et allergie respiratoire aux pollens"},"content":{"rendered":"<p>[vc_row][vc_column][vc_column_text]Plus de 20 % de la population fran\u00e7aise souffre d\u00b4allergie respiratoire. De nombreux facteurs peuvent \u00eatre \u00e0 l&#8217;origine de ces manifestations.[\/vc_column_text][vc_column_text]<strong>Les plantes exotiques envahissantes<\/strong> sont l\u2019objet d\u2019une attention particuli\u00e8re en France et dans le d\u00e9partement, en raison des risques pour la sant\u00e9 publique et la biodiversit\u00e9. Surveiller et signaler le cas \u00e9ch\u00e9ant, les plantes exotiques envahissantes qui pourraient appara\u00eetre sur votre terrain et aux alentours. Certaines sont toxiques par ingestion (le raisin d\u2019Am\u00e9rique), responsables d\u2019allergies (l\u2019ambroisie \u00e0 feuilles d\u2019armoise) ou de br\u00fblures (la Berce du Caucase). Pour plus d\u2019informations n\u2019h\u00e9sitez pas \u00e0 vous rendre sur le site de <a href=\"http:\/\/www.plantes-exotiques-envahissantes-limousin.fr\/\">l\u2019observatoire des plantes exotiques envahissantes du limousin<\/a> et \u00e0 contacter le <a href=\"mailto:http:\/\/www.cpiecorreze.com\/index.php\">CPIE<\/a> (Centre Permanent d\u2019Information sur l\u2019Environnement) de la Corr\u00e8ze au 05 55 20 88 91.<\/p>\n<p><strong>Participez \u00e0 la lutte contre l\u2019expansion de l\u2019ambroisie \u00e0 feuilles d\u2019armoise<\/strong> en signalant directement vos observations.[\/vc_column_text][vc_cta h2=&#8221;Consulter :&#8221; style=&#8221;outline&#8221; color=&#8221;pink&#8221;]- le <a href=\"https:\/\/www.pollens.fr\/le-reseau\/allergie\">site Internet du RNSA, rubrique relative aux allergies<\/a><\/p>\n<p>&#8211; les bons gestes et conseils pour <em>Bien vivre avec mon allergie aux pollens en Nouvelle-Aquitaine<\/em> sur les <a href=\"https:\/\/www.nouvelle-aquitaine.ars.sante.fr\/les-pollens-bien-vivre-avec-mon-allergie-en-nouvelle-aquitaine\">site Internet de l\u2019ARS Nouvelle-Aquitaine<\/a><\/p>\n<p>&#8211; les bulletins hebdomadaires d\u2019ATMO Nouvelle-Aquitaine pour conna\u00eetre les risques allergiques pour la semaine suivante\u00a0 <a href=\"http:\/\/www.atmo-nouvelleaquitaine.org\/abonnements\">www.atmo-nouvelleaquitaine.org\/abonnements<\/a><\/p>\n<p>&#8211; la newsletter Alerte Pollens\u00a0! de l\u2019APSF pour conna\u00eetre les dates de d\u00e9but\/fin de floraison des plantes allergisantes <a href=\"http:\/\/www.alertepollens.org\">www.alertepollens.org<\/a>[\/vc_cta][\/vc_column][\/vc_row][vc_row][vc_column width=&#8221;2\/3&#8243;][vc_column_text]<strong>L\u2019allergie au pollen d\u2019ambroisie<\/strong><\/p>\n<p>\u201cL\u2019ambroisie est une plante invasive dont le pollen est particuli\u00e8rement allergisant. Il suffit de quelques grains de pollen par m\u00e8tre cube d\u2019air pour que les sympt\u00f4mes apparaissent chez les sujets sensibles.<\/p>\n<p>Sur le d\u00e9partement de la Corr\u00e8ze, la plante a \u00e9t\u00e9 signal\u00e9e pour la premi\u00e8re fois \u00e0 Bort-les-Orgues en 2004. Depuis elle est observ\u00e9e r\u00e9guli\u00e8rement. \u00c0 ce jour, les donn\u00e9es sur l\u2019Ambroisie en Corr\u00e8ze recensent 300 signalements dans 55 communes du d\u00e9partement.<\/p>\n<p>L\u2019essentiel des signalements se concentre dans la communaut\u00e9 d\u2019agglom\u00e9ration du bassin de Brive (135 signalements). Au cours des 4 derni\u00e8res ann\u00e9es, les signalements d\u2019Ambroisie r\u00e9alis\u00e9s sont \u00e0 80% sur les bords de routes et d\u2019autoroutes, 10% en situation rud\u00e9rale (zones artisanale, habitations, zone industrielles) et 10% en contexte agricole.[\/vc_column_text][vc_column_text]Le pr\u00e9fet de la Corr\u00e8ze a adopt\u00e9 deux arr\u00eat\u00e9s pr\u00e9fectoraux\u00a0:<\/p>\n<p>&#8211; <a href=\"https:\/\/ambroisie-risque.info\/wp-content\/uploads\/2022\/08\/Correze-2022.pdf\">les modalit\u00e9s de surveillance, de pr\u00e9vention et de lutte contre les ambroisies, en date du 30 mai 2022<\/a><\/p>\n<p>&#8211; un <a href=\"https:\/\/www.correze.gouv.fr\/contenu\/telechargement\/27058\/199027\/file\/Plan%20d'action%20ambroisie%20Corr%C3%A8ze_LJ%20CP_LCH%20V3.pdf%C2%A0\">plan d\u00e9partemental de lutte contre la prolif\u00e9ration de cette plante exotique envahissante et nuisible \u00e0 la sant\u00e9 humaine, en date du 15 f\u00e9vrier 2023<\/a>[\/vc_column_text][\/vc_column][vc_column width=&#8221;1\/3&#8243;][vc_column_text]<a href=\"http:\/\/740jw955i52c.brive.org\/wp-content\/uploads\/2024\/03\/SENS06-AMBROISIE_19.pdf\" target=\"_blank\" rel=\"noopener\"><img decoding=\"async\" loading=\"lazy\" class=\"aligncenter size-full wp-image-52092\" src=\"http:\/\/740jw955i52c.brive.org\/wp-content\/uploads\/2024\/03\/AMBROISIE-Attention-Allergies-1.png\" alt=\"\" width=\"406\" height=\"890\" srcset=\"http:\/\/740jw955i52c.brive.org\/wp-content\/uploads\/2024\/03\/AMBROISIE-Attention-Allergies-1.png 406w, http:\/\/740jw955i52c.brive.org\/wp-content\/uploads\/2024\/03\/AMBROISIE-Attention-Allergies-1-205x450.png 205w, http:\/\/740jw955i52c.brive.org\/wp-content\/uploads\/2024\/03\/AMBROISIE-Attention-Allergies-1-137x300.png 137w, http:\/\/740jw955i52c.brive.org\/wp-content\/uploads\/2024\/03\/AMBROISIE-Attention-Allergies-1-363x796.png 363w, http:\/\/740jw955i52c.brive.org\/wp-content\/uploads\/2024\/03\/AMBROISIE-Attention-Allergies-1-137x300@2x.png 274w\" sizes=\"(max-width: 406px) 100vw, 406px\" \/><\/a>[\/vc_column_text][\/vc_column][\/vc_row][vc_row][vc_column][vc_single_image image=&#8221;52089&#8243;][vc_column_text]Pour en savoir plus<a href=\"https:\/\/www.nouvelle-aquitaine.ars.sante.fr\/ambroisie-une-plante-hautement-allergisante-pour-lhomme\">, consulter le site de l\u2019ARS Nouvelle-Aquitaine<\/a><\/p>\n<p>&#8211; Fiche <strong><a href=\"http:\/\/740jw955i52c.brive.org\/wp-content\/uploads\/2024\/03\/SENS06-AMBROISIE_19.pdf\" target=\"_blank\" rel=\"noopener\">Ambroisie Attention Allergies<\/a><\/strong><\/p>\n<p>&#8211; Fiche <strong><a href=\"https:\/\/ambroisie-risque.info\/wp-content\/uploads\/2023\/06\/GEST21_flyer-permis-construire-ambroisieDocument-A5.pdf\">Construire sans Ambroisie<\/a><\/strong>[\/vc_column_text][vc_cta h2=&#8221;Signaler de l&#8217;ambroisie !&#8221; style=&#8221;outline&#8221; color=&#8221;pink&#8221;]Toute personne a la possibilit\u00e9 de signaler la pr\u00e9sence de l\u2019Ambroisie par diff\u00e9rents canaux\u00a0:<\/p>\n<p>&#8211; Sur la plateforme nationale de signalement\u00a0: <a href=\"http:\/\/signalement-ambroisie.fr\">http:\/\/signalement-ambroisie.fr<\/a> ou sur Smartphone\/tablette par t\u00e9l\u00e9chargement gratuit de l\u2019application Signalement Ambroise<\/p>\n<p>&#8211; Sur la plateforme de l\u2019observatoire de la biodiversit\u00e9 v\u00e9g\u00e9tale de Nouvelle-Aquitaine\u00a0: <a href=\"https:\/\/obv-na.fr\">https:\/\/obv-na.fr<\/a><\/p>\n<p>&#8211; En prenant directement contact avec le <strong>CPIE de la Corr\u00e8ze<\/strong> (Facebook, courriel ou t\u00e9l\u00e9phone\u00a0: <a href=\"mailto:ambroisie@cpiecorreze.com\">ambroisie@cpiecorreze.com<\/a>)[\/vc_cta][vc_column_text]Apr\u00e8s chaque signalement, une \u00e9tape de validation de l\u2019observation s\u2019impose, elle est assur\u00e9e en <strong>Corr\u00e8ze par le CPIE<\/strong>. Il est n\u00e9cessaire de s\u2019assurer qu\u2019il n\u2019y a pas eu confusion avec une autre plante. La validation peut s\u2019effectuer sur clich\u00e9 d\u00e9pos\u00e9 sur les plateformes ou encore \u00e0 la suite d\u2019un d\u00e9placement sur site si cela est n\u00e9cessaire.<\/p>\n<p>Une fois la validation du signalement r\u00e9alis\u00e9e, le CPIE prendra contact avec propri\u00e9taire\/gestionnaire de la parcelle signal\u00e9e et mettre en \u0153uvre les moyens de lutte adapt\u00e9s en concertation avec le propri\u00e9taire\/gestionnaire.[\/vc_column_text][\/vc_column][\/vc_row]<\/p>\n","protected":false},"excerpt":{"rendered":"<p>[vc_row][vc_column][vc_column_text]Plus de 20 % de la population fran\u00e7aise souffre d\u00b4allergie respiratoire. De nombreux facteurs peuvent \u00eatre \u00e0 l&#8217;origine de ces manifestations.[\/vc_column_text][vc_column_text]Les plantes exotiques envahissantes sont l\u2019objet d\u2019une attention particuli\u00e8re en &#8230; <\/p>\n","protected":false},"author":1,"featured_media":0,"parent":0,"menu_order":0,"comment_status":"closed","ping_status":"closed","template":"","meta":[],"yoast_head":"<!-- This site is optimized with the Yoast SEO plugin v17.8 - https:\/\/yoast.com\/wordpress\/plugins\/seo\/ -->\n<title>Ambroisie et allergie respiratoire aux pollens - Ville de Brive<\/title>\n<meta name=\"robots\" content=\"index, follow, max-snippet:-1, max-image-preview:large, max-video-preview:-1\" \/>\n<link rel=\"canonical\" href=\"http:\/\/740jw955i52c.brive.org\/index.php\/ambroisie-et-allergie-respiratoire-aux-pollens\/\" \/>\n<meta property=\"og:locale\" content=\"fr_FR\" \/>\n<meta property=\"og:type\" content=\"article\" \/>\n<meta property=\"og:title\" content=\"Ambroisie et allergie respiratoire aux pollens - Ville de Brive\" \/>\n<meta property=\"og:description\" content=\"[vc_row][vc_column][vc_column_text]Plus de 20 % de la population fran\u00e7aise souffre d\u00b4allergie respiratoire. De nombreux facteurs peuvent \u00eatre \u00e0 l&#8217;origine de ces manifestations.[\/vc_column_text][vc_column_text]Les plantes exotiques envahissantes sont l\u2019objet d\u2019une attention particuli\u00e8re en ...\" \/>\n<meta property=\"og:url\" content=\"http:\/\/740jw955i52c.brive.org\/index.php\/ambroisie-et-allergie-respiratoire-aux-pollens\/\" \/>\n<meta property=\"og:site_name\" content=\"Ville de Brive\" \/>\n<meta property=\"article:modified_time\" content=\"2024-03-14T10:44:16+00:00\" \/>\n<meta property=\"og:image\" content=\"http:\/\/740jw955i52c.brive.org\/wp-content\/uploads\/2024\/03\/AMBROISIE-Attention-Allergies-1.png\" \/>\n<meta name=\"twitter:card\" content=\"summary_large_image\" \/>\n<meta name=\"twitter:label1\" content=\"Dur\u00e9e de lecture estim\u00e9e\" \/>\n\t<meta name=\"twitter:data1\" content=\"4 minutes\" \/>\n<script type=\"application\/ld+json\" class=\"yoast-schema-graph\">{\"@context\":\"https:\/\/schema.org\",\"@graph\":[{\"@type\":\"WebSite\",\"@id\":\"http:\/\/740jw955i52c.brive.org\/#website\",\"url\":\"http:\/\/740jw955i52c.brive.org\/\",\"name\":\"Ville de Brive\",\"description\":\"Bienvenue sur le site de la ville de Brive-la-Gaillarde. Vous y trouverez l&#039;actualit\\u00e9 de la commune, des informations pratiques et vos d\\u00e9marches administratives.\",\"potentialAction\":[{\"@type\":\"SearchAction\",\"target\":{\"@type\":\"EntryPoint\",\"urlTemplate\":\"http:\/\/740jw955i52c.brive.org\/?s={search_term_string}\"},\"query-input\":\"required name=search_term_string\"}],\"inLanguage\":\"fr-FR\"},{\"@type\":\"ImageObject\",\"@id\":\"http:\/\/740jw955i52c.brive.org\/index.php\/ambroisie-et-allergie-respiratoire-aux-pollens\/#primaryimage\",\"inLanguage\":\"fr-FR\",\"url\":\"http:\/\/740jw955i52c.brive.org\/wp-content\/uploads\/2024\/03\/AMBROISIE-Attention-Allergies-1.png\",\"contentUrl\":\"http:\/\/740jw955i52c.brive.org\/wp-content\/uploads\/2024\/03\/AMBROISIE-Attention-Allergies-1.png\",\"width\":406,\"height\":890},{\"@type\":\"WebPage\",\"@id\":\"http:\/\/740jw955i52c.brive.org\/index.php\/ambroisie-et-allergie-respiratoire-aux-pollens\/#webpage\",\"url\":\"http:\/\/740jw955i52c.brive.org\/index.php\/ambroisie-et-allergie-respiratoire-aux-pollens\/\",\"name\":\"Ambroisie et allergie respiratoire aux pollens - Ville de Brive\",\"isPartOf\":{\"@id\":\"http:\/\/740jw955i52c.brive.org\/#website\"},\"primaryImageOfPage\":{\"@id\":\"http:\/\/740jw955i52c.brive.org\/index.php\/ambroisie-et-allergie-respiratoire-aux-pollens\/#primaryimage\"},\"datePublished\":\"2024-03-14T10:10:10+00:00\",\"dateModified\":\"2024-03-14T10:44:16+00:00\",\"breadcrumb\":{\"@id\":\"http:\/\/740jw955i52c.brive.org\/index.php\/ambroisie-et-allergie-respiratoire-aux-pollens\/#breadcrumb\"},\"inLanguage\":\"fr-FR\",\"potentialAction\":[{\"@type\":\"ReadAction\",\"target\":[\"http:\/\/740jw955i52c.brive.org\/index.php\/ambroisie-et-allergie-respiratoire-aux-pollens\/\"]}]},{\"@type\":\"BreadcrumbList\",\"@id\":\"http:\/\/740jw955i52c.brive.org\/index.php\/ambroisie-et-allergie-respiratoire-aux-pollens\/#breadcrumb\",\"itemListElement\":[{\"@type\":\"ListItem\",\"position\":1,\"name\":\"Accueil\",\"item\":\"http:\/\/740jw955i52c.brive.org\/\"},{\"@type\":\"ListItem\",\"position\":2,\"name\":\"Ambroisie et allergie respiratoire aux pollens\"}]}]}<\/script>\n<!-- \/ Yoast SEO plugin. -->","yoast_head_json":{"title":"Ambroisie et allergie respiratoire aux pollens - Ville de Brive","robots":{"index":"index","follow":"follow","max-snippet":"max-snippet:-1","max-image-preview":"max-image-preview:large","max-video-preview":"max-video-preview:-1"},"canonical":"http:\/\/740jw955i52c.brive.org\/index.php\/ambroisie-et-allergie-respiratoire-aux-pollens\/","og_locale":"fr_FR","og_type":"article","og_title":"Ambroisie et allergie respiratoire aux pollens - Ville de Brive","og_description":"[vc_row][vc_column][vc_column_text]Plus de 20 % de la population fran\u00e7aise souffre d\u00b4allergie respiratoire. De nombreux facteurs peuvent \u00eatre \u00e0 l&#8217;origine de ces manifestations.[\/vc_column_text][vc_column_text]Les plantes exotiques envahissantes sont l\u2019objet d\u2019une attention particuli\u00e8re en ...","og_url":"http:\/\/740jw955i52c.brive.org\/index.php\/ambroisie-et-allergie-respiratoire-aux-pollens\/","og_site_name":"Ville de Brive","article_modified_time":"2024-03-14T10:44:16+00:00","og_image":[{"url":"http:\/\/740jw955i52c.brive.org\/wp-content\/uploads\/2024\/03\/AMBROISIE-Attention-Allergies-1.png"}],"twitter_card":"summary_large_image","twitter_misc":{"Dur\u00e9e de lecture estim\u00e9e":"4 minutes"},"schema":{"@context":"https:\/\/schema.org","@graph":[{"@type":"WebSite","@id":"http:\/\/740jw955i52c.brive.org\/#website","url":"http:\/\/740jw955i52c.brive.org\/","name":"Ville de Brive","description":"Bienvenue sur le site de la ville de Brive-la-Gaillarde. Vous y trouverez l&#039;actualit\u00e9 de la commune, des informations pratiques et vos d\u00e9marches administratives.","potentialAction":[{"@type":"SearchAction","target":{"@type":"EntryPoint","urlTemplate":"http:\/\/740jw955i52c.brive.org\/?s={search_term_string}"},"query-input":"required name=search_term_string"}],"inLanguage":"fr-FR"},{"@type":"ImageObject","@id":"http:\/\/740jw955i52c.brive.org\/index.php\/ambroisie-et-allergie-respiratoire-aux-pollens\/#primaryimage","inLanguage":"fr-FR","url":"http:\/\/740jw955i52c.brive.org\/wp-content\/uploads\/2024\/03\/AMBROISIE-Attention-Allergies-1.png","contentUrl":"http:\/\/740jw955i52c.brive.org\/wp-content\/uploads\/2024\/03\/AMBROISIE-Attention-Allergies-1.png","width":406,"height":890},{"@type":"WebPage","@id":"http:\/\/740jw955i52c.brive.org\/index.php\/ambroisie-et-allergie-respiratoire-aux-pollens\/#webpage","url":"http:\/\/740jw955i52c.brive.org\/index.php\/ambroisie-et-allergie-respiratoire-aux-pollens\/","name":"Ambroisie et allergie respiratoire aux pollens - Ville de Brive","isPartOf":{"@id":"http:\/\/740jw955i52c.brive.org\/#website"},"primaryImageOfPage":{"@id":"http:\/\/740jw955i52c.brive.org\/index.php\/ambroisie-et-allergie-respiratoire-aux-pollens\/#primaryimage"},"datePublished":"2024-03-14T10:10:10+00:00","dateModified":"2024-03-14T10:44:16+00:00","breadcrumb":{"@id":"http:\/\/740jw955i52c.brive.org\/index.php\/ambroisie-et-allergie-respiratoire-aux-pollens\/#breadcrumb"},"inLanguage":"fr-FR","potentialAction":[{"@type":"ReadAction","target":["http:\/\/740jw955i52c.brive.org\/index.php\/ambroisie-et-allergie-respiratoire-aux-pollens\/"]}]},{"@type":"BreadcrumbList","@id":"http:\/\/740jw955i52c.brive.org\/index.php\/ambroisie-et-allergie-respiratoire-aux-pollens\/#breadcrumb","itemListElement":[{"@type":"ListItem","position":1,"name":"Accueil","item":"http:\/\/740jw955i52c.brive.org\/"},{"@type":"ListItem","position":2,"name":"Ambroisie et allergie respiratoire aux pollens"}]}]}},"_links":{"self":[{"href":"http:\/\/740jw955i52c.brive.org\/index.php\/wp-json\/wp\/v2\/pages\/52081"}],"collection":[{"href":"http:\/\/740jw955i52c.brive.org\/index.php\/wp-json\/wp\/v2\/pages"}],"about":[{"href":"http:\/\/740jw955i52c.brive.org\/index.php\/wp-json\/wp\/v2\/types\/page"}],"author":[{"embeddable":true,"href":"http:\/\/740jw955i52c.brive.org\/index.php\/wp-json\/wp\/v2\/users\/1"}],"replies":[{"embeddable":true,"href":"http:\/\/740jw955i52c.brive.org\/index.php\/wp-json\/wp\/v2\/comments?post=52081"}],"version-history":[{"count":9,"href":"http:\/\/740jw955i52c.brive.org\/index.php\/wp-json\/wp\/v2\/pages\/52081\/revisions"}],"predecessor-version":[{"id":52099,"href":"http:\/\/740jw955i52c.brive.org\/index.php\/wp-json\/wp\/v2\/pages\/52081\/revisions\/52099"}],"wp:attachment":[{"href":"http:\/\/740jw955i52c.brive.org\/index.php\/wp-json\/wp\/v2\/media?parent=52081"}],"curies":[{"name":"wp","href":"https:\/\/api.w.org\/{rel}","templated":true}]}}