{"id":51933,"date":"2024-03-05T15:58:51","date_gmt":"2024-03-05T14:58:51","guid":{"rendered":"http:\/\/740jw955i52c.brive.org\/?page_id=51933"},"modified":"2024-12-12T15:49:55","modified_gmt":"2024-12-12T14:49:55","slug":"enseignement-superieur-et-formation-2-2-2-2-2","status":"publish","type":"page","link":"http:\/\/740jw955i52c.brive.org\/index.php\/etudier\/enseignement-superieur-et-formation-2-2-2-2-2\/","title":{"rendered":"Enseignement Sup\u00e9rieur et Formation"},"content":{"rendered":"<p>[vc_row][vc_column][vc_btn title=&#8221;Retour&#8221; style=&#8221;modern&#8221; shape=&#8221;rounded&#8221; color=&#8221;danger&#8221; link=&#8221;url:http%3A%2F%2F740jw955i52c.brive.org%2Findex.php%2Fmairie%2Fenseignement-superieur-et-formation%2F|||&#8221;][\/vc_column][\/vc_row][vc_row][vc_column][vc_column_text]<\/p>\n<h1><strong>JOBS, STAGES, ALTERNANCES<br \/>\n<\/strong><\/h1>\n<p>[\/vc_column_text][\/vc_column][\/vc_row][vc_row][vc_column][vc_text_separator title=&#8221;Des \u00e9v\u00e8nements \u00e0 ne pas manquer :&#8221;][\/vc_column][\/vc_row][vc_row][vc_column][vc_column_text]Pour mieux conna\u00eetre les entreprises du territoire et trouver votre potentiel futur employeur, ma\u00eetre de stage ou tuteur dans le cadre d\u2019une alternance, venez visiter les diff\u00e9rents forums organis\u00e9s chaque ann\u00e9e\u00a0:[\/vc_column_text][\/vc_column][\/vc_row][vc_row][vc_column][vc_tta_accordion][vc_tta_section title=&#8221;Forum du Futur Juriste&#8221; tab_id=&#8221;1709650615682-165fd7c1-8b85&#8243;][vc_column_text]Vous \u00eates \u00e9tudiant en droit, en licence comme en master, sur Brive, Limoges ou ailleurs\u00a0? vous \u00eates au lyc\u00e9e et vous vous interrogez quant \u00e0 votre orientation sur Parcoursup\u00a0? Vous aimeriez rencontrer des professionnels pour construire ou consolider votre projet\u00a0? Vous ne savez pas quels sont les d\u00e9bouch\u00e9s potentiels des \u00e9tudes de droit\u00a0?<\/p>\n<p>Ce forum peut vous apporter des r\u00e9ponses et vous aider \u00e0 choisir votre m\u00e9tier.<\/p>\n<p>Venez rencontrer, dans les locaux de la Facult\u00e9 de Droit de Brive, des sp\u00e9cialistes et praticiens tels que notaire, huissier de justice, avocats dans diff\u00e9rents domaines d\u2019interventions, magistrat, commissaire-priseur, greffier, juriste d\u2019entreprise, m\u00e9tiers de la police, m\u00e9tiers de la gendarmerie, m\u00e9tiers de la p\u00e9nitentiaire, g\u00e9n\u00e9alogiste, enseignant-chercheur, fonctions publiques d\u2019Etat\/territoriale\/hospitali\u00e8re\u2026<\/p>\n<p>Jeudi 25 Janvier 2024, Facult\u00e9 de Droit \u00e0 Brive, 16 rue Jules Vall\u00e8s \u2013 de 14h \u00e0 18h<\/p>\n<p>Entr\u00e9e libre et gratuite<\/p>\n<p>Plus d\u2019informations au 05 55 18 81 88<\/p>\n<p><a href=\"http:\/\/740jw955i52c.brive.org\/wp-content\/uploads\/2024\/03\/Capture.jpg\"><img decoding=\"async\" loading=\"lazy\" class=\"alignleft wp-image-51958 size-medium\" src=\"http:\/\/740jw955i52c.brive.org\/wp-content\/uploads\/2024\/03\/Capture-300x298.jpg\" alt=\"\" width=\"300\" height=\"298\" srcset=\"http:\/\/740jw955i52c.brive.org\/wp-content\/uploads\/2024\/03\/Capture-300x298.jpg 300w, http:\/\/740jw955i52c.brive.org\/wp-content\/uploads\/2024\/03\/Capture-200x199.jpg 200w, http:\/\/740jw955i52c.brive.org\/wp-content\/uploads\/2024\/03\/Capture-198x198.jpg 198w, http:\/\/740jw955i52c.brive.org\/wp-content\/uploads\/2024\/03\/Capture-60x60.jpg 60w, http:\/\/740jw955i52c.brive.org\/wp-content\/uploads\/2024\/03\/Capture-206x206.jpg 206w, http:\/\/740jw955i52c.brive.org\/wp-content\/uploads\/2024\/03\/Capture-363x361.jpg 363w, http:\/\/740jw955i52c.brive.org\/wp-content\/uploads\/2024\/03\/Capture.jpg 441w, http:\/\/740jw955i52c.brive.org\/wp-content\/uploads\/2024\/03\/Capture-200x199@2x.jpg 400w\" sizes=\"(max-width: 300px) 100vw, 300px\" \/><\/a>[\/vc_column_text][\/vc_tta_section][vc_tta_section title=&#8221;Forum de l\u2019Emploi&#8221; tab_id=&#8221;1709650615704-4651181d-34b0&#8243;][vc_column_text]Si vous cherchez un emploi, si vous vous interrogez sur le fait de r\u00e9aliser une formation ou le fait de vous reconvertir, ce Forum est l\u2019\u00e9v\u00e8nement \u00e0 ne pas rater. Des entreprises du territoire, tous secteurs d\u2019activit\u00e9s confondus, y sont pr\u00e9sentes pour des entretiens d\u2019embauche avec des offres \u00e0 pourvoir en CDI, CDD et int\u00e9rim.<\/p>\n<p>Jeudi 23 Mai 2024 , Espace des Trois Provinces \u00e0 Brive \u2013 de 9h \u00e0 13h<\/p>\n<p>Entr\u00e9e libre et gratuite<\/p>\n<p>Plus d\u2019informations au 05 55 18 81 88<\/p>\n<p><a href=\"http:\/\/740jw955i52c.brive.org\/wp-content\/uploads\/2024\/05\/Forum-Emploi-site.jpg\"><img decoding=\"async\" loading=\"lazy\" class=\"aligncenter size-full wp-image-52482\" src=\"http:\/\/740jw955i52c.brive.org\/wp-content\/uploads\/2024\/05\/Forum-Emploi-site.jpg\" alt=\"\" width=\"567\" height=\"567\" srcset=\"http:\/\/740jw955i52c.brive.org\/wp-content\/uploads\/2024\/05\/Forum-Emploi-site.jpg 567w, http:\/\/740jw955i52c.brive.org\/wp-content\/uploads\/2024\/05\/Forum-Emploi-site-300x300.jpg 300w, http:\/\/740jw955i52c.brive.org\/wp-content\/uploads\/2024\/05\/Forum-Emploi-site-200x200.jpg 200w, http:\/\/740jw955i52c.brive.org\/wp-content\/uploads\/2024\/05\/Forum-Emploi-site-230x230.jpg 230w, http:\/\/740jw955i52c.brive.org\/wp-content\/uploads\/2024\/05\/Forum-Emploi-site-198x198.jpg 198w, http:\/\/740jw955i52c.brive.org\/wp-content\/uploads\/2024\/05\/Forum-Emploi-site-60x60.jpg 60w, http:\/\/740jw955i52c.brive.org\/wp-content\/uploads\/2024\/05\/Forum-Emploi-site-285x285.jpg 285w, http:\/\/740jw955i52c.brive.org\/wp-content\/uploads\/2024\/05\/Forum-Emploi-site-206x206.jpg 206w, http:\/\/740jw955i52c.brive.org\/wp-content\/uploads\/2024\/05\/Forum-Emploi-site-363x363.jpg 363w, http:\/\/740jw955i52c.brive.org\/wp-content\/uploads\/2024\/05\/Forum-Emploi-site-200x200@2x.jpg 400w\" sizes=\"(max-width: 567px) 100vw, 567px\" \/><\/a>[\/vc_column_text][\/vc_tta_section][vc_tta_section title=&#8221;Forum de l\u2019Industrie&#8221; tab_id=&#8221;1709650674019-a04498d8-281d&#8221;][vc_column_text]Si vous \u00eates \u00e9tudiant(e) ou lyc\u00e9e(nne) et que vous cherchez un stage, une alternance ou que vous \u00eates en fin de cursus ou m\u00eame jeune dipl\u00f4m\u00e9(e), c\u2019est l\u2019\u00e9v\u00e8nement incontournable en lien avec le monde industriel.<\/p>\n<p>Venez rencontrer les entreprises pr\u00e9sentes \u00e0 cette occasion et qui proposent des postes en lien avec les fili\u00e8res industrielles et techniques, administratives, commerciales, RH, communication et marketing\u2026<\/p>\n<p>Mardi 19 novembre 2024, Espace des Trois Provinces \u00e0 Brive \u2013 de 14h \u00e0 18h<\/p>\n<p>Entr\u00e9e libre et gratuite<\/p>\n<p>Plus d\u2019informations au 05 55 18 81 88<\/p>\n<p><a href=\"http:\/\/740jw955i52c.brive.org\/wp-content\/uploads\/2024\/09\/FORUM-INDUSTRIE-2024-POST-INSTA.jpg\"><img decoding=\"async\" loading=\"lazy\" class=\" wp-image-53555 alignleft\" src=\"http:\/\/740jw955i52c.brive.org\/wp-content\/uploads\/2024\/09\/FORUM-INDUSTRIE-2024-POST-INSTA.jpg\" alt=\"\" width=\"584\" height=\"584\" srcset=\"http:\/\/740jw955i52c.brive.org\/wp-content\/uploads\/2024\/09\/FORUM-INDUSTRIE-2024-POST-INSTA.jpg 1080w, http:\/\/740jw955i52c.brive.org\/wp-content\/uploads\/2024\/09\/FORUM-INDUSTRIE-2024-POST-INSTA-300x300.jpg 300w, http:\/\/740jw955i52c.brive.org\/wp-content\/uploads\/2024\/09\/FORUM-INDUSTRIE-2024-POST-INSTA-750x750.jpg 750w, http:\/\/740jw955i52c.brive.org\/wp-content\/uploads\/2024\/09\/FORUM-INDUSTRIE-2024-POST-INSTA-200x200.jpg 200w, http:\/\/740jw955i52c.brive.org\/wp-content\/uploads\/2024\/09\/FORUM-INDUSTRIE-2024-POST-INSTA-600x600.jpg 600w, http:\/\/740jw955i52c.brive.org\/wp-content\/uploads\/2024\/09\/FORUM-INDUSTRIE-2024-POST-INSTA-230x230.jpg 230w, http:\/\/740jw955i52c.brive.org\/wp-content\/uploads\/2024\/09\/FORUM-INDUSTRIE-2024-POST-INSTA-198x198.jpg 198w, http:\/\/740jw955i52c.brive.org\/wp-content\/uploads\/2024\/09\/FORUM-INDUSTRIE-2024-POST-INSTA-60x60.jpg 60w, http:\/\/740jw955i52c.brive.org\/wp-content\/uploads\/2024\/09\/FORUM-INDUSTRIE-2024-POST-INSTA-285x285.jpg 285w, http:\/\/740jw955i52c.brive.org\/wp-content\/uploads\/2024\/09\/FORUM-INDUSTRIE-2024-POST-INSTA-206x206.jpg 206w, http:\/\/740jw955i52c.brive.org\/wp-content\/uploads\/2024\/09\/FORUM-INDUSTRIE-2024-POST-INSTA-916x916.jpg 916w, http:\/\/740jw955i52c.brive.org\/wp-content\/uploads\/2024\/09\/FORUM-INDUSTRIE-2024-POST-INSTA-590x590.jpg 590w, http:\/\/740jw955i52c.brive.org\/wp-content\/uploads\/2024\/09\/FORUM-INDUSTRIE-2024-POST-INSTA-363x363.jpg 363w, http:\/\/740jw955i52c.brive.org\/wp-content\/uploads\/2024\/09\/FORUM-INDUSTRIE-2024-POST-INSTA-200x200@2x.jpg 400w\" sizes=\"(max-width: 584px) 100vw, 584px\" \/><\/a>Chaque ann\u00e9e, la Ville et l\u2019Agglo de Brive, aux c\u00f4t\u00e9s de leurs partenaires, coordonnent les actions organis\u00e9es dans le cadre de la Semaine de l\u2019Industrie. Ce grand rendez-vous national contribue \u00e0 renforcer l\u2019attracteur du secteur, plus particuli\u00e8rement aupr\u00e8s des jeunes du coll\u00e8ge \u00e0 l\u2019universit\u00e9 en proposant des \u00e9v\u00e8nements de toutes sortes\u00a0: forum m\u00ealant recrutement (CDD, CDI, int\u00e9rim), recherches de stages ou d\u2019alternances, d\u00e9couverte des formations et des m\u00e9tiers associ\u00e9s, visites d\u2019entreprises et de centres de formations, interventions en classe, ateliers th\u00e9matiques et animations diverses.<\/p>\n<p>[\/vc_column_text][vc_btn title=&#8221;programme&#8221; link=&#8221;url:http%3A%2F%2F740jw955i52c.brive.org%2Fwp-content%2Fuploads%2F2024%2F10%2FProgramme-industrie-2024-2_compressed.pdf||target:%20_blank|&#8221;][\/vc_tta_section][vc_tta_section title=&#8221;Forum Alternactif&#8221; tab_id=&#8221;1709650697308-88214e4c-017a&#8221;][vc_column_text]Chaque ann\u00e9e, la Mission Locale de l\u2019Arrondissement de Brive organise le Forum Alternactif, quant \u00e0 lui d\u00e9di\u00e9 \u00e0 la recherche d\u2019une alternance infrabac ou post bac.<\/p>\n<p>Mercredi 15 Mai 2024, Espace des Trois Provinces \u00e0 Brive \u2013 de 9h \u00e0 17h30<\/p>\n<p>Entr\u00e9e libre et gratuite<\/p>\n<p>Plus d\u2019informations au 05 55 17 73 00<\/p>\n<p><a href=\"http:\/\/740jw955i52c.brive.org\/wp-content\/uploads\/2024\/05\/Capture.png\"><img decoding=\"async\" loading=\"lazy\" class=\"aligncenter size-full wp-image-52483\" src=\"http:\/\/740jw955i52c.brive.org\/wp-content\/uploads\/2024\/05\/Capture.png\" alt=\"\" width=\"504\" height=\"626\" srcset=\"http:\/\/740jw955i52c.brive.org\/wp-content\/uploads\/2024\/05\/Capture.png 504w, http:\/\/740jw955i52c.brive.org\/wp-content\/uploads\/2024\/05\/Capture-300x373.png 300w, http:\/\/740jw955i52c.brive.org\/wp-content\/uploads\/2024\/05\/Capture-200x248.png 200w, http:\/\/740jw955i52c.brive.org\/wp-content\/uploads\/2024\/05\/Capture-363x451.png 363w, http:\/\/740jw955i52c.brive.org\/wp-content\/uploads\/2024\/05\/Capture-200x248@2x.png 400w\" sizes=\"(max-width: 504px) 100vw, 504px\" \/><\/a>[\/vc_column_text][\/vc_tta_section][\/vc_tta_accordion][\/vc_column][\/vc_row][vc_row][vc_column][vc_text_separator title=&#8221;Jobs d\u2019\u00e9t\u00e9s :&#8221;][\/vc_column][\/vc_row][vc_row][vc_column width=&#8221;1\/2&#8243;][vc_column_text]A la recherche d\u2019un job pour l\u2019\u00e9t\u00e9, retrouvez toutes les offres recens\u00e9es sur le territoire sur la page d\u2019accueil du site de la Ville de Brive et sur le compte instagram \u00ab\u00a0Etudier \u00e0 Brive\u00a0\u00bb \u00e0 compter du mois d\u2019avril.<\/p>\n<p>Plus d&#8217;informations au 05 55 18 81 88[\/vc_column_text][\/vc_column][vc_column width=&#8221;1\/2&#8243;][vc_single_image image=&#8221;51951&#8243;][\/vc_column][\/vc_row][vc_row][vc_column][vc_text_separator title=&#8221;R\u00e9aliser un service civique&#8221;][\/vc_column][\/vc_row][vc_row][vc_column][vc_column_text]Ouvert \u00e0 <strong>tous les jeunes<\/strong> de 16 \u00e0 25 ans, jusqu\u2019\u00e0 30 ans en <strong>situation de handicap<\/strong>, il offre un cadre d\u2019engagement o\u00f9 les jeunes pourront se c\u00f4toyer et vivre une exp\u00e9rience humaine unique.\u00a0Ce n\u2019est pas un stage, ni du b\u00e9n\u00e9volat ni m\u00eame un emploi salari\u00e9, c\u2019est un engagement volontaire pour une dur\u00e9e de 6 \u00e0 12 mois.<\/p>\n<p>Le statut de volontaire en Service Civique donne droit au <strong>versement d\u2019une indemnit\u00e9<\/strong> prise en charge par l\u2019Etat, et d\u2019un soutien compl\u00e9mentaire, en nature ou argent, pris en charge par la structure d\u2019accueil, pour un total\u00a0minimal de 619,83 \u20ac par mois, \u00e0 des cong\u00e9s ainsi qu\u2019\u00e0 un <strong>r\u00e9gime complet de protection sociale<\/strong> financ\u00e9 par l\u2019Etat. Il permet aussi aux jeunes volontaires de b\u00e9n\u00e9ficier d\u2019avantages li\u00e9s \u00e0 la carte du volontaire et identiques \u00e0 ceux d\u2019une carte \u00e9tudiante ainsi qu\u2019\u00e0 d\u2019autres dispositifs sp\u00e9cifiques\u00a0: aides au d\u00e9part en vacances, offres sp\u00e9ciales d\u2019assurance habitation, de compl\u00e9mentaire sant\u00e9, d\u2019abonnement presse ou transports, etc.<\/p>\n<p>Vous souhaitez \u00eatre volontaire, allez d\u00e9couvrir l\u2019ensemble des missions et offres en ligne sur la <a href=\"https:\/\/www.service-civique.gouv.fr\/\">plateforme nationale.<\/a>[\/vc_column_text][vc_text_separator title=&#8221;Pr\u00e9parer ta candidature&#8221;][vc_column_text]Besoin d\u2019aide pour r\u00e9diger ta lettre de motivation, concevoir ton CV et te pr\u00e9parer \u00e0 l\u2019entretien ?<\/p>\n<p>A la recherche d\u2019un stage, d\u2019une alternance ou d\u2019un job \u00e9tudiant ?<\/p>\n<p>Prends rendez-vous avec le service enseignement sup\u00e9rieur et formation au 05 55 18 81 88 !<\/p>\n<p>Nous t\u2019accompagnerons pour cr\u00e9er ces documents et te donnerons les bons conseils pour valoriser ton profil en fonction de tes connaissances, ta formation, ton exp\u00e9rience et toutes tes autres qualit\u00e9s.<\/p>\n<p>Nous pourrons aussi t\u2019aider \u00e0 identifier les entreprises qui correspondent \u00e0 tes recherches sur le territoire.[\/vc_column_text][\/vc_column][\/vc_row][vc_row][vc_column][vc_text_separator title=&#8221;Infos et contacts utiles :&#8221;][\/vc_column][\/vc_row][vc_row][vc_column][vc_column_text]<\/p>\n<ul>\n<li>Mission Locale de l\u2019Arrondissement de Brive<\/li>\n<\/ul>\n<p>8 avenue Andr\u00e9 Jalinat 19100 BRIVE<\/p>\n<p>05 55 17 73 00<\/p>\n<p><a href=\"https:\/\/www.missionlocalebrive.fr\/\">https:\/\/www.missionlocalebrive.fr\/<\/a><\/p>\n<p>&nbsp;<\/p>\n<ul>\n<li>France Travail (ex P\u00f4le Emploi)<\/li>\n<\/ul>\n<p>Rue Ernest Comt\u00e9 19100 BRIVE<\/p>\n<p>09 72 72 39 49<\/p>\n<p><a href=\"https:\/\/www.francetravail.fr\/annuaire\/\">https:\/\/www.francetravail.fr\/annuaire\/<\/a><\/p>\n<p>&nbsp;<\/p>\n<ul>\n<li>Aide de l\u2019Etat pour l\u2019accueil d\u2019un alternant en contrat d\u2019apprentissage ou de professionnalisation\u00a0:<\/li>\n<\/ul>\n<p>L&#8217;aide \u00e0 l&#8217;embauche d&#8217;un alternant est prolong\u00e9e pour les <strong>contrats sign\u00e9s<\/strong> entre le <strong>1<sup>er<\/sup> janvier 2023<\/strong> et le <strong>31 d\u00e9cembre 2024<\/strong>. Son montant est \u00e9gal \u00e0 6 000\u00a0\u20ac.<\/p>\n<p><a href=\"https:\/\/entreprendre.service-public.fr\/vosdroits\/F23556\">En savoir plus<\/a>[\/vc_column_text][\/vc_column][\/vc_row][vc_row][vc_column][vc_video link=&#8221;https:\/\/youtu.be\/mwS50j9Hg0M?si=UVFpcZuZzi2HUgcN&#8221; align=&#8221;center&#8221; css_animation=&#8221;none&#8221;][\/vc_column][\/vc_row]<\/p>\n","protected":false},"excerpt":{"rendered":"<p>[vc_row][vc_column][vc_btn title=&#8221;Retour&#8221; style=&#8221;modern&#8221; shape=&#8221;rounded&#8221; color=&#8221;danger&#8221; link=&#8221;url:http%3A%2F%2F740jw955i52c.brive.org%2Findex.php%2Fmairie%2Fenseignement-superieur-et-formation%2F|||&#8221;][\/vc_column][\/vc_row][vc_row][vc_column][vc_column_text] JOBS, STAGES, ALTERNANCES [\/vc_column_text][\/vc_column][\/vc_row][vc_row][vc_column][vc_text_separator title=&#8221;Des \u00e9v\u00e8nements \u00e0 ne pas manquer :&#8221;][\/vc_column][\/vc_row][vc_row][vc_column][vc_column_text]Pour mieux conna\u00eetre les entreprises du territoire et trouver votre potentiel futur employeur, ma\u00eetre &#8230; <\/p>\n","protected":false},"author":1,"featured_media":0,"parent":378,"menu_order":0,"comment_status":"closed","ping_status":"closed","template":"","meta":[],"yoast_head":"<!-- This site is optimized with the Yoast SEO plugin v17.8 - https:\/\/yoast.com\/wordpress\/plugins\/seo\/ -->\n<title>Enseignement Sup\u00e9rieur et Formation - Ville de Brive<\/title>\n<meta name=\"robots\" content=\"index, follow, max-snippet:-1, max-image-preview:large, max-video-preview:-1\" \/>\n<link rel=\"canonical\" href=\"http:\/\/740jw955i52c.brive.org\/index.php\/etudier\/enseignement-superieur-et-formation-2-2-2-2-2\/\" \/>\n<meta property=\"og:locale\" content=\"fr_FR\" \/>\n<meta property=\"og:type\" content=\"article\" \/>\n<meta property=\"og:title\" content=\"Enseignement Sup\u00e9rieur et Formation - Ville de Brive\" \/>\n<meta property=\"og:description\" content=\"[vc_row][vc_column][vc_btn title=&#8221;Retour&#8221; style=&#8221;modern&#8221; shape=&#8221;rounded&#8221; color=&#8221;danger&#8221; link=&#8221;url:http%3A%2F%2F740jw955i52c.brive.org%2Findex.php%2Fmairie%2Fenseignement-superieur-et-formation%2F|||&#8221;][\/vc_column][\/vc_row][vc_row][vc_column][vc_column_text] JOBS, STAGES, ALTERNANCES [\/vc_column_text][\/vc_column][\/vc_row][vc_row][vc_column][vc_text_separator title=&#8221;Des \u00e9v\u00e8nements \u00e0 ne pas manquer :&#8221;][\/vc_column][\/vc_row][vc_row][vc_column][vc_column_text]Pour mieux conna\u00eetre les entreprises du territoire et trouver votre potentiel futur employeur, ma\u00eetre ...\" \/>\n<meta property=\"og:url\" content=\"http:\/\/740jw955i52c.brive.org\/index.php\/etudier\/enseignement-superieur-et-formation-2-2-2-2-2\/\" \/>\n<meta property=\"og:site_name\" content=\"Ville de Brive\" \/>\n<meta property=\"article:modified_time\" content=\"2024-12-12T14:49:55+00:00\" \/>\n<meta property=\"og:image\" content=\"http:\/\/740jw955i52c.brive.org\/wp-content\/uploads\/2024\/03\/Capture-300x298.jpg\" \/>\n<meta name=\"twitter:card\" content=\"summary_large_image\" \/>\n<meta name=\"twitter:label1\" content=\"Dur\u00e9e de lecture estim\u00e9e\" \/>\n\t<meta name=\"twitter:data1\" content=\"6 minutes\" \/>\n<script type=\"application\/ld+json\" class=\"yoast-schema-graph\">{\"@context\":\"https:\/\/schema.org\",\"@graph\":[{\"@type\":\"WebSite\",\"@id\":\"http:\/\/740jw955i52c.brive.org\/#website\",\"url\":\"http:\/\/740jw955i52c.brive.org\/\",\"name\":\"Ville de Brive\",\"description\":\"Bienvenue sur le site de la ville de Brive-la-Gaillarde. Vous y trouverez l&#039;actualit\\u00e9 de la commune, des informations pratiques et vos d\\u00e9marches administratives.\",\"potentialAction\":[{\"@type\":\"SearchAction\",\"target\":{\"@type\":\"EntryPoint\",\"urlTemplate\":\"http:\/\/740jw955i52c.brive.org\/?s={search_term_string}\"},\"query-input\":\"required name=search_term_string\"}],\"inLanguage\":\"fr-FR\"},{\"@type\":\"ImageObject\",\"@id\":\"http:\/\/740jw955i52c.brive.org\/index.php\/etudier\/enseignement-superieur-et-formation-2-2-2-2-2\/#primaryimage\",\"inLanguage\":\"fr-FR\",\"url\":\"http:\/\/740jw955i52c.brive.org\/wp-content\/uploads\/2024\/03\/Capture.jpg\",\"contentUrl\":\"http:\/\/740jw955i52c.brive.org\/wp-content\/uploads\/2024\/03\/Capture.jpg\",\"width\":441,\"height\":438},{\"@type\":\"WebPage\",\"@id\":\"http:\/\/740jw955i52c.brive.org\/index.php\/etudier\/enseignement-superieur-et-formation-2-2-2-2-2\/#webpage\",\"url\":\"http:\/\/740jw955i52c.brive.org\/index.php\/etudier\/enseignement-superieur-et-formation-2-2-2-2-2\/\",\"name\":\"Enseignement Sup\\u00e9rieur et Formation - Ville de Brive\",\"isPartOf\":{\"@id\":\"http:\/\/740jw955i52c.brive.org\/#website\"},\"primaryImageOfPage\":{\"@id\":\"http:\/\/740jw955i52c.brive.org\/index.php\/etudier\/enseignement-superieur-et-formation-2-2-2-2-2\/#primaryimage\"},\"datePublished\":\"2024-03-05T14:58:51+00:00\",\"dateModified\":\"2024-12-12T14:49:55+00:00\",\"breadcrumb\":{\"@id\":\"http:\/\/740jw955i52c.brive.org\/index.php\/etudier\/enseignement-superieur-et-formation-2-2-2-2-2\/#breadcrumb\"},\"inLanguage\":\"fr-FR\",\"potentialAction\":[{\"@type\":\"ReadAction\",\"target\":[\"http:\/\/740jw955i52c.brive.org\/index.php\/etudier\/enseignement-superieur-et-formation-2-2-2-2-2\/\"]}]},{\"@type\":\"BreadcrumbList\",\"@id\":\"http:\/\/740jw955i52c.brive.org\/index.php\/etudier\/enseignement-superieur-et-formation-2-2-2-2-2\/#breadcrumb\",\"itemListElement\":[{\"@type\":\"ListItem\",\"position\":1,\"name\":\"Accueil\",\"item\":\"http:\/\/740jw955i52c.brive.org\/\"},{\"@type\":\"ListItem\",\"position\":2,\"name\":\"\\u00c9tudier\",\"item\":\"http:\/\/740jw955i52c.brive.org\/index.php\/etudier\/\"},{\"@type\":\"ListItem\",\"position\":3,\"name\":\"Enseignement Sup\\u00e9rieur et Formation\"}]}]}<\/script>\n<!-- \/ Yoast SEO plugin. -->","yoast_head_json":{"title":"Enseignement Sup\u00e9rieur et Formation - Ville de Brive","robots":{"index":"index","follow":"follow","max-snippet":"max-snippet:-1","max-image-preview":"max-image-preview:large","max-video-preview":"max-video-preview:-1"},"canonical":"http:\/\/740jw955i52c.brive.org\/index.php\/etudier\/enseignement-superieur-et-formation-2-2-2-2-2\/","og_locale":"fr_FR","og_type":"article","og_title":"Enseignement Sup\u00e9rieur et Formation - Ville de Brive","og_description":"[vc_row][vc_column][vc_btn title=&#8221;Retour&#8221; style=&#8221;modern&#8221; shape=&#8221;rounded&#8221; color=&#8221;danger&#8221; link=&#8221;url:http%3A%2F%2F740jw955i52c.brive.org%2Findex.php%2Fmairie%2Fenseignement-superieur-et-formation%2F|||&#8221;][\/vc_column][\/vc_row][vc_row][vc_column][vc_column_text] JOBS, STAGES, ALTERNANCES [\/vc_column_text][\/vc_column][\/vc_row][vc_row][vc_column][vc_text_separator title=&#8221;Des \u00e9v\u00e8nements \u00e0 ne pas manquer :&#8221;][\/vc_column][\/vc_row][vc_row][vc_column][vc_column_text]Pour mieux conna\u00eetre les entreprises du territoire et trouver votre potentiel futur employeur, ma\u00eetre ...","og_url":"http:\/\/740jw955i52c.brive.org\/index.php\/etudier\/enseignement-superieur-et-formation-2-2-2-2-2\/","og_site_name":"Ville de Brive","article_modified_time":"2024-12-12T14:49:55+00:00","og_image":[{"url":"http:\/\/740jw955i52c.brive.org\/wp-content\/uploads\/2024\/03\/Capture-300x298.jpg"}],"twitter_card":"summary_large_image","twitter_misc":{"Dur\u00e9e de lecture estim\u00e9e":"6 minutes"},"schema":{"@context":"https:\/\/schema.org","@graph":[{"@type":"WebSite","@id":"http:\/\/740jw955i52c.brive.org\/#website","url":"http:\/\/740jw955i52c.brive.org\/","name":"Ville de Brive","description":"Bienvenue sur le site de la ville de Brive-la-Gaillarde. Vous y trouverez l&#039;actualit\u00e9 de la commune, des informations pratiques et vos d\u00e9marches administratives.","potentialAction":[{"@type":"SearchAction","target":{"@type":"EntryPoint","urlTemplate":"http:\/\/740jw955i52c.brive.org\/?s={search_term_string}"},"query-input":"required name=search_term_string"}],"inLanguage":"fr-FR"},{"@type":"ImageObject","@id":"http:\/\/740jw955i52c.brive.org\/index.php\/etudier\/enseignement-superieur-et-formation-2-2-2-2-2\/#primaryimage","inLanguage":"fr-FR","url":"http:\/\/740jw955i52c.brive.org\/wp-content\/uploads\/2024\/03\/Capture.jpg","contentUrl":"http:\/\/740jw955i52c.brive.org\/wp-content\/uploads\/2024\/03\/Capture.jpg","width":441,"height":438},{"@type":"WebPage","@id":"http:\/\/740jw955i52c.brive.org\/index.php\/etudier\/enseignement-superieur-et-formation-2-2-2-2-2\/#webpage","url":"http:\/\/740jw955i52c.brive.org\/index.php\/etudier\/enseignement-superieur-et-formation-2-2-2-2-2\/","name":"Enseignement Sup\u00e9rieur et Formation - Ville de Brive","isPartOf":{"@id":"http:\/\/740jw955i52c.brive.org\/#website"},"primaryImageOfPage":{"@id":"http:\/\/740jw955i52c.brive.org\/index.php\/etudier\/enseignement-superieur-et-formation-2-2-2-2-2\/#primaryimage"},"datePublished":"2024-03-05T14:58:51+00:00","dateModified":"2024-12-12T14:49:55+00:00","breadcrumb":{"@id":"http:\/\/740jw955i52c.brive.org\/index.php\/etudier\/enseignement-superieur-et-formation-2-2-2-2-2\/#breadcrumb"},"inLanguage":"fr-FR","potentialAction":[{"@type":"ReadAction","target":["http:\/\/740jw955i52c.brive.org\/index.php\/etudier\/enseignement-superieur-et-formation-2-2-2-2-2\/"]}]},{"@type":"BreadcrumbList","@id":"http:\/\/740jw955i52c.brive.org\/index.php\/etudier\/enseignement-superieur-et-formation-2-2-2-2-2\/#breadcrumb","itemListElement":[{"@type":"ListItem","position":1,"name":"Accueil","item":"http:\/\/740jw955i52c.brive.org\/"},{"@type":"ListItem","position":2,"name":"\u00c9tudier","item":"http:\/\/740jw955i52c.brive.org\/index.php\/etudier\/"},{"@type":"ListItem","position":3,"name":"Enseignement Sup\u00e9rieur et Formation"}]}]}},"_links":{"self":[{"href":"http:\/\/740jw955i52c.brive.org\/index.php\/wp-json\/wp\/v2\/pages\/51933"}],"collection":[{"href":"http:\/\/740jw955i52c.brive.org\/index.php\/wp-json\/wp\/v2\/pages"}],"about":[{"href":"http:\/\/740jw955i52c.brive.org\/index.php\/wp-json\/wp\/v2\/types\/page"}],"author":[{"embeddable":true,"href":"http:\/\/740jw955i52c.brive.org\/index.php\/wp-json\/wp\/v2\/users\/1"}],"replies":[{"embeddable":true,"href":"http:\/\/740jw955i52c.brive.org\/index.php\/wp-json\/wp\/v2\/comments?post=51933"}],"version-history":[{"count":19,"href":"http:\/\/740jw955i52c.brive.org\/index.php\/wp-json\/wp\/v2\/pages\/51933\/revisions"}],"predecessor-version":[{"id":54131,"href":"http:\/\/740jw955i52c.brive.org\/index.php\/wp-json\/wp\/v2\/pages\/51933\/revisions\/54131"}],"up":[{"embeddable":true,"href":"http:\/\/740jw955i52c.brive.org\/index.php\/wp-json\/wp\/v2\/pages\/378"}],"wp:attachment":[{"href":"http:\/\/740jw955i52c.brive.org\/index.php\/wp-json\/wp\/v2\/media?parent=51933"}],"curies":[{"name":"wp","href":"https:\/\/api.w.org\/{rel}","templated":true}]}}