{"id":51923,"date":"2024-03-05T15:36:11","date_gmt":"2024-03-05T14:36:11","guid":{"rendered":"http:\/\/740jw955i52c.brive.org\/?page_id=51923"},"modified":"2024-03-06T15:23:47","modified_gmt":"2024-03-06T14:23:47","slug":"enseignement-superieur-et-formation-2-2-2","status":"publish","type":"page","link":"http:\/\/740jw955i52c.brive.org\/index.php\/etudier\/enseignement-superieur-et-formation-2-2-2\/","title":{"rendered":"Enseignement Sup\u00e9rieur et Formation"},"content":{"rendered":"<p>[vc_row][vc_column][vc_btn title=&#8221;Retour&#8221; style=&#8221;modern&#8221; shape=&#8221;rounded&#8221; color=&#8221;danger&#8221; link=&#8221;url:http%3A%2F%2F740jw955i52c.brive.org%2Findex.php%2Fmairie%2Fenseignement-superieur-et-formation%2F|||&#8221;][\/vc_column][\/vc_row][vc_row][vc_column][vc_column_text]<\/p>\n<h1><strong>SE DIVERTIR <\/strong>:<\/h1>\n<p>[\/vc_column_text][\/vc_column][\/vc_row][vc_row][vc_column][vc_tta_accordion][vc_tta_section title=&#8221;Les Bons Plans de Brive Tourisme&#8221; tab_id=&#8221;1709649224614-29154f46-07e5&#8243;][vc_column_text]Brive-la-Gaillarde, c\u2019est d\u00e9j\u00e0 le sud\u00a0! Les portes du Midi, comme on dit chez nous. \u00a0L\u2019accent y est l\u00e9g\u00e8rement chantant, on y mange bien, on y est tranquille et on aime bien y faire la f\u00eate\u00a0!<\/p>\n<p>Certes, Brive n\u2019est pas une grande M\u00e9tropole mais offre de nombreux atouts pour la vie \u00e9tudiante. Ici le rythme de vie est plus d\u00e9tendu et tu b\u00e9n\u00e9ficies d\u2019un environnement moins stressant pour tes \u00e9tudes. De plus, le co\u00fbt de la vie y est plus abordable que dans les grandes villes fran\u00e7aises. Bref, Brive a tout d\u2019une grande et on t\u2019explique comment en profiter :<\/p>\n<p>Tout ce qu\u2019il faut savoir quand on est \u00e9tudiant \u00e0 Brive-la-Gaillarde, retrouve le guide de Brive Tourisme\u00a0:<\/p>\n<ol>\n<li><a href=\"https:\/\/www.brive-tourisme.com\/fr\/idees-sejours\/les-bons-plans-etudiants-de-brive-tourisme\/#ou-sortir\">O\u00f9 sortir quand on est \u00e9tudiant \u00e0 Brive ?<\/a><\/li>\n<li><a href=\"https:\/\/www.brive-tourisme.com\/fr\/idees-sejours\/les-bons-plans-etudiants-de-brive-tourisme\/#rugby-cab\">Suivre l&#8217;\u00e9quipe de rugby<\/a><\/li>\n<li><a href=\"https:\/\/www.brive-tourisme.com\/fr\/idees-sejours\/les-bons-plans-etudiants-de-brive-tourisme\/#ville-sportive\">Brive : ville sportive !<\/a><\/li>\n<li><a href=\"https:\/\/www.brive-tourisme.com\/fr\/idees-sejours\/les-bons-plans-etudiants-de-brive-tourisme\/#activites-exterieures\">Prendre un bol d&#8217;air<\/a><\/li>\n<li><a href=\"https:\/\/www.brive-tourisme.com\/fr\/idees-sejours\/les-bons-plans-etudiants-de-brive-tourisme\/#indoor\">Pratiquer des activit\u00e9s indoor<\/a><\/li>\n<li><a href=\"https:\/\/www.brive-tourisme.com\/fr\/idees-sejours\/les-bons-plans-etudiants-de-brive-tourisme\/#bons-plans-manger\">Les bons plans pour bien manger quand on est \u00e9tudiant<\/a><\/li>\n<li><a href=\"https:\/\/www.brive-tourisme.com\/fr\/idees-sejours\/les-bons-plans-etudiants-de-brive-tourisme\/#se-deplacer\">Comment se d\u00e9placer \u00e0 Brive ?<\/a><\/li>\n<li><a href=\"https:\/\/www.brive-tourisme.com\/fr\/idees-sejours\/les-bons-plans-etudiants-de-brive-tourisme\/#animations\">Profiter des animations de la ville toute l&#8217;ann\u00e9e<\/a><\/li>\n<li><a href=\"https:\/\/www.brive-tourisme.com\/fr\/idees-sejours\/les-bons-plans-etudiants-de-brive-tourisme\/#job\">Trouver un job<\/a><\/li>\n<\/ol>\n<p>[\/vc_column_text][\/vc_tta_section][vc_tta_section title=&#8221;Les grands \u00e9v\u00e8nements&#8221; tab_id=&#8221;1709649224628-dcc487a7-4e5e&#8221;][vc_column_text]<strong>La Foire du Livre<\/strong><\/p>\n<p>Chaque ann\u00e9e en novembre, la Ville de Brive accueille ce rendez-vous litt\u00e9raire de renomm\u00e9e nationale et r\u00e9put\u00e9 pour la diversit\u00e9 des auteurs pr\u00e9sents. Lecteurs assidus ou curieux, tout le monde y trouve son compte parmi tous les genres\u00a0: romans, BD, livres de recettes, livres pour enfants\u2026<\/p>\n<p>Retrouvez toutes les infos pratiques, le programme et les auteurs sur le <a href=\"http:\/\/www.foiredulivredebrive.net\/index.html\">site de la Foire du Livre<\/a> et <a href=\"https:\/\/www.brive-tourisme.com\/fr\/agenda\/grands-rendez-vous\/foire-du-livre-brive\/\">Brive Tourisme.<\/a><\/p>\n<p>&nbsp;<\/p>\n<p><strong>Brive Festival<\/strong><\/p>\n<p>Chaque ann\u00e9e, il accueille le meilleur des artistes de la sc\u00e8ne fran\u00e7aise. Quatre jours de live et plus de 24h de concerts dans un d\u00e9cor totalement immersif pour faire vivre une exp\u00e9rience unique Le Lovely Brive Festival, un festival estival, urbain, familial, proche des artistes et de ses festivaliers\u00a0!<\/p>\n<p>Retrouvez toutes les infos pratiques, la programmation et la billetterie sur le <a href=\"https:\/\/brivefestival.com\/\">site de Brive Festival.<\/a><\/p>\n<p>&nbsp;<\/p>\n<p>Brive Tourisme recense <a href=\"https:\/\/www.brive-tourisme.com\/fr\/agenda\/grands-rendez-vous\/\">les grands rendez-vous<\/a> ponctuant l\u2019ann\u00e9e sur notre territoire\u00a0: les <a href=\"https:\/\/www.brive-tourisme.com\/fr\/agenda\/grands-rendez-vous\/foires-franches\/\">Foires Franches<\/a>, le <a href=\"https:\/\/www.brive-tourisme.com\/fr\/agenda\/grands-rendez-vous\/rencontres-internationales-moyen-metrage\/\">Festival du moyen m\u00e9trage<\/a>, la <a href=\"https:\/\/www.brive-tourisme.com\/fr\/agenda\/grands-rendez-vous\/saison-cabcl-rugby\/\">saison du CABCL<\/a> (rugby), le <a href=\"https:\/\/www.brive-tourisme.com\/fr\/agenda\/grands-rendez-vous\/festival-elevage-brive\/\">Festival de l\u2019\u00e9levage<\/a>, les <a href=\"https:\/\/www.brive-tourisme.com\/fr\/agenda\/grands-rendez-vous\/festivals-musique\/\">festivals de musique<\/a>\u00a0: le Festival de la V\u00e9z\u00e8re, Festival de Saint-Robert, Festi\u2019Malemort, Du Bleu en Hiver et bien d\u2019autres \u00e9v\u00e8nements \u00e0 d\u00e9couvrir.<\/p>\n<p><a href=\"http:\/\/740jw955i52c.brive.org\/wp-content\/uploads\/2024\/03\/Defi-Gaillard-format-post.png\"><img decoding=\"async\" loading=\"lazy\" class=\"alignleft wp-image-51946 size-medium\" src=\"http:\/\/740jw955i52c.brive.org\/wp-content\/uploads\/2024\/03\/Defi-Gaillard-format-post-300x300.png\" alt=\"\" width=\"300\" height=\"300\" srcset=\"http:\/\/740jw955i52c.brive.org\/wp-content\/uploads\/2024\/03\/Defi-Gaillard-format-post-300x300.png 300w, http:\/\/740jw955i52c.brive.org\/wp-content\/uploads\/2024\/03\/Defi-Gaillard-format-post-750x750.png 750w, http:\/\/740jw955i52c.brive.org\/wp-content\/uploads\/2024\/03\/Defi-Gaillard-format-post-200x200.png 200w, http:\/\/740jw955i52c.brive.org\/wp-content\/uploads\/2024\/03\/Defi-Gaillard-format-post-600x600.png 600w, http:\/\/740jw955i52c.brive.org\/wp-content\/uploads\/2024\/03\/Defi-Gaillard-format-post-230x230.png 230w, http:\/\/740jw955i52c.brive.org\/wp-content\/uploads\/2024\/03\/Defi-Gaillard-format-post-198x198.png 198w, http:\/\/740jw955i52c.brive.org\/wp-content\/uploads\/2024\/03\/Defi-Gaillard-format-post-60x60.png 60w, http:\/\/740jw955i52c.brive.org\/wp-content\/uploads\/2024\/03\/Defi-Gaillard-format-post-285x285.png 285w, http:\/\/740jw955i52c.brive.org\/wp-content\/uploads\/2024\/03\/Defi-Gaillard-format-post-206x206.png 206w, http:\/\/740jw955i52c.brive.org\/wp-content\/uploads\/2024\/03\/Defi-Gaillard-format-post-916x916.png 916w, http:\/\/740jw955i52c.brive.org\/wp-content\/uploads\/2024\/03\/Defi-Gaillard-format-post-590x590.png 590w, http:\/\/740jw955i52c.brive.org\/wp-content\/uploads\/2024\/03\/Defi-Gaillard-format-post-363x363.png 363w, http:\/\/740jw955i52c.brive.org\/wp-content\/uploads\/2024\/03\/Defi-Gaillard-format-post.png 1080w, http:\/\/740jw955i52c.brive.org\/wp-content\/uploads\/2024\/03\/Defi-Gaillard-format-post-200x200@2x.png 400w\" sizes=\"(max-width: 300px) 100vw, 300px\" \/><\/a><\/p>\n<p><strong>Le D\u00e9fi Gaillard<\/strong><\/p>\n<p>En octobre a lieu, chaque ann\u00e9e, la Journ\u00e9e d\u2019Accueil des Nouveaux Etudiants (JANE), localement appel\u00e9e \u00ab\u00a0D\u00e9fi Gaillard\u00a0\u00bb, afin de r\u00e9unir les \u00e9tudiants de premi\u00e8re ann\u00e9e (environ 900 sur les 2\u00a0000 que comptabilise le territoire) dans l\u2019objectif de rapprocher les diff\u00e9rentes formations post bac existantes sur Brive mais aussi de susciter la cr\u00e9ation d\u2019une identit\u00e9 \u00e9tudiante dans une ambiance festive.<\/p>\n<p>Il est notamment propos\u00e9 une course d\u2019orientation en \u00e9quipes, animation ludique m\u00ealant vitesse et connaissance du patrimoine, au d\u00e9part de la place de la Guierle et dont le parcours leur permet de d\u00e9couvrir le centre-ville de Brive.<\/p>\n<p>Renseignements et inscriptions aupr\u00e8s de votre \u00e9tablissement ou du service enseignement sup\u00e9rieur et formation \u2013 05 55 18 81 88 \u2013 4 rue Marie Rose Guillot \u00e0 Brive.<\/p>\n<p>&nbsp;<\/p>\n<p><strong><a href=\"http:\/\/740jw955i52c.brive.org\/wp-content\/uploads\/2024\/03\/Color-Gaillarde-Post-Insta\uf022FB.jpg\"><img decoding=\"async\" loading=\"lazy\" class=\"alignleft wp-image-51945 size-medium\" src=\"http:\/\/740jw955i52c.brive.org\/wp-content\/uploads\/2024\/03\/Color-Gaillarde-Post-Insta\uf022FB-300x300.jpg\" alt=\"\" width=\"300\" height=\"300\" srcset=\"http:\/\/740jw955i52c.brive.org\/wp-content\/uploads\/2024\/03\/Color-Gaillarde-Post-Insta\uf022FB-300x300.jpg 300w, http:\/\/740jw955i52c.brive.org\/wp-content\/uploads\/2024\/03\/Color-Gaillarde-Post-Insta\uf022FB-750x750.jpg 750w, http:\/\/740jw955i52c.brive.org\/wp-content\/uploads\/2024\/03\/Color-Gaillarde-Post-Insta\uf022FB-200x200.jpg 200w, http:\/\/740jw955i52c.brive.org\/wp-content\/uploads\/2024\/03\/Color-Gaillarde-Post-Insta\uf022FB-600x600.jpg 600w, http:\/\/740jw955i52c.brive.org\/wp-content\/uploads\/2024\/03\/Color-Gaillarde-Post-Insta\uf022FB-230x230.jpg 230w, http:\/\/740jw955i52c.brive.org\/wp-content\/uploads\/2024\/03\/Color-Gaillarde-Post-Insta\uf022FB-198x198.jpg 198w, http:\/\/740jw955i52c.brive.org\/wp-content\/uploads\/2024\/03\/Color-Gaillarde-Post-Insta\uf022FB-60x60.jpg 60w, http:\/\/740jw955i52c.brive.org\/wp-content\/uploads\/2024\/03\/Color-Gaillarde-Post-Insta\uf022FB-285x285.jpg 285w, http:\/\/740jw955i52c.brive.org\/wp-content\/uploads\/2024\/03\/Color-Gaillarde-Post-Insta\uf022FB-206x206.jpg 206w, http:\/\/740jw955i52c.brive.org\/wp-content\/uploads\/2024\/03\/Color-Gaillarde-Post-Insta\uf022FB-916x916.jpg 916w, http:\/\/740jw955i52c.brive.org\/wp-content\/uploads\/2024\/03\/Color-Gaillarde-Post-Insta\uf022FB-590x590.jpg 590w, http:\/\/740jw955i52c.brive.org\/wp-content\/uploads\/2024\/03\/Color-Gaillarde-Post-Insta\uf022FB-363x363.jpg 363w, http:\/\/740jw955i52c.brive.org\/wp-content\/uploads\/2024\/03\/Color-Gaillarde-Post-Insta\uf022FB.jpg 1080w, http:\/\/740jw955i52c.brive.org\/wp-content\/uploads\/2024\/03\/Color-Gaillarde-Post-Insta\uf022FB-200x200@2x.jpg 400w\" sizes=\"(max-width: 300px) 100vw, 300px\" \/><\/a>Color Gaillarde<\/strong><\/p>\n<p>Au printemps, chaque ann\u00e9e, a lieu une course sur le concept bien connu d\u2019une Color Run m\u00ealant \u00e9tudiants (toutes formations et niveaux confondus) et lyc\u00e9ens inscrits en terminale\u00a0; cette rencontre ayant pour enjeu principal de favoriser la coh\u00e9sion entre ces deux publics.<\/p>\n<p>Le parcours s\u2019\u00e9tend sur une portion de 5 kilom\u00e8tres de la voie verte avec obstacles \u00e0 franchir et jets de poudre de couleur.<\/p>\n<p>Renseignements et inscriptions aupr\u00e8s de votre \u00e9tablissement ou du service enseignement sup\u00e9rieur et formation \u2013 05 55 18 81 88 \u2013 4 rue Marie Rose Guillot \u00e0 Brive.[\/vc_column_text][\/vc_tta_section][\/vc_tta_accordion][\/vc_column][\/vc_row][vc_row][vc_column][vc_text_separator title=&#8221;Quelques lieux et contacts utiles :&#8221;][\/vc_column][\/vc_row][vc_row][vc_column][vc_column_text]<\/p>\n<ul>\n<li>La piscine, centre aquatique de Brive \u2013 Boulevard Voltaire 19100 BRIVE \u2013 05 55 74 37 27<\/li>\n<\/ul>\n<p>Plus d\u2019informations <a href=\"http:\/\/740jw955i52c.brive.org\/index.php\/la-piscine\/\">ici<\/a>.<\/p>\n<ul>\n<li>Patinoire municipale \u2013 4 avenue L\u00e9o Lagrange 19100 BRIVE \u2013 05 55 74 34 62<\/li>\n<\/ul>\n<p>Plus d\u2019informations <a href=\"http:\/\/740jw955i52c.brive.org\/index.php\/patinoire\/\">ici<\/a><\/p>\n<ul>\n<li>Cin\u00e9ma REX \u2013 3 Boulevard G\u00e9n\u00e9ral Koenig 19100 BRIVE \u2013 05 55 22 41 69<\/li>\n<\/ul>\n<p>Infos pratiques et programme <a href=\"http:\/\/cinema-rex-brive.fr\/\">ici<\/a><\/p>\n<ul>\n<li>Cin\u00e9ma CGR \u2013 4 avenue Jacques et Bernadette Chirac 19100 BRIVE \u2013 0\u00a0892 68 85 88<\/li>\n<\/ul>\n<p>Infos pratiques et programme <a href=\"https:\/\/www.cgrcinemas.fr\/brive\/\">ici<\/a><\/p>\n<ul>\n<li>Bowling \u2013 6 avenue L\u00e9o Lagrange 19100 BRIVE \u2013 05 55 23 61 54<\/li>\n<\/ul>\n<p>Plus d\u2019informations <a href=\"http:\/\/www.bowling-brive.com\/\">ici<\/a><\/p>\n<ul>\n<li>Golf de Planchetorte Chemin de la Jargasse 19100 BRIVE &#8211; 05 55 87 57 57<\/li>\n<\/ul>\n<p>Plus d\u2019informations <a href=\"http:\/\/740jw955i52c.brive.org\/index.php\/golf-de-planchetorte\/\">ici<\/a><\/p>\n<ul>\n<li>SUAPS (Service Universitaire des Activit\u00e9s Physiques et Sportives) &#8211; <a href=\"mailto:suaps-com@unilim.fr\">suaps-com@unilim.fr<\/a><\/li>\n<\/ul>\n<p>Activit\u00e9s, lieux et horaires <a href=\"https:\/\/community-suaps.unilim.fr\/\">ici<\/a><\/p>\n<ul>\n<li>Conservatoire de Brive \u2013 12 rue Massenat 19100 BRIVE \u2013 05 55 18 17 80<\/li>\n<\/ul>\n<p>Plus d\u2019informations <a href=\"http:\/\/conservatoire.brive.fr\/\">ici<\/a>[\/vc_column_text][\/vc_column][\/vc_row]<\/p>\n","protected":false},"excerpt":{"rendered":"<p>[vc_row][vc_column][vc_btn title=&#8221;Retour&#8221; style=&#8221;modern&#8221; shape=&#8221;rounded&#8221; color=&#8221;danger&#8221; link=&#8221;url:http%3A%2F%2F740jw955i52c.brive.org%2Findex.php%2Fmairie%2Fenseignement-superieur-et-formation%2F|||&#8221;][\/vc_column][\/vc_row][vc_row][vc_column][vc_column_text] SE DIVERTIR : [\/vc_column_text][\/vc_column][\/vc_row][vc_row][vc_column][vc_tta_accordion][vc_tta_section title=&#8221;Les Bons Plans de Brive Tourisme&#8221; tab_id=&#8221;1709649224614-29154f46-07e5&#8243;][vc_column_text]Brive-la-Gaillarde, c\u2019est d\u00e9j\u00e0 le sud\u00a0! Les portes du Midi, comme on dit chez nous. &#8230; <\/p>\n","protected":false},"author":1,"featured_media":0,"parent":378,"menu_order":0,"comment_status":"closed","ping_status":"closed","template":"","meta":[],"yoast_head":"<!-- This site is optimized with the Yoast SEO plugin v17.8 - https:\/\/yoast.com\/wordpress\/plugins\/seo\/ -->\n<title>Enseignement Sup\u00e9rieur et Formation - Ville de Brive<\/title>\n<meta name=\"robots\" content=\"index, follow, max-snippet:-1, max-image-preview:large, max-video-preview:-1\" \/>\n<link rel=\"canonical\" href=\"http:\/\/740jw955i52c.brive.org\/index.php\/etudier\/enseignement-superieur-et-formation-2-2-2\/\" \/>\n<meta property=\"og:locale\" content=\"fr_FR\" \/>\n<meta property=\"og:type\" content=\"article\" \/>\n<meta property=\"og:title\" content=\"Enseignement Sup\u00e9rieur et Formation - Ville de Brive\" \/>\n<meta property=\"og:description\" content=\"[vc_row][vc_column][vc_btn title=&#8221;Retour&#8221; style=&#8221;modern&#8221; shape=&#8221;rounded&#8221; color=&#8221;danger&#8221; link=&#8221;url:http%3A%2F%2F740jw955i52c.brive.org%2Findex.php%2Fmairie%2Fenseignement-superieur-et-formation%2F|||&#8221;][\/vc_column][\/vc_row][vc_row][vc_column][vc_column_text] SE DIVERTIR : [\/vc_column_text][\/vc_column][\/vc_row][vc_row][vc_column][vc_tta_accordion][vc_tta_section title=&#8221;Les Bons Plans de Brive Tourisme&#8221; tab_id=&#8221;1709649224614-29154f46-07e5&#8243;][vc_column_text]Brive-la-Gaillarde, c\u2019est d\u00e9j\u00e0 le sud\u00a0! Les portes du Midi, comme on dit chez nous. ...\" \/>\n<meta property=\"og:url\" content=\"http:\/\/740jw955i52c.brive.org\/index.php\/etudier\/enseignement-superieur-et-formation-2-2-2\/\" \/>\n<meta property=\"og:site_name\" content=\"Ville de Brive\" \/>\n<meta property=\"article:modified_time\" content=\"2024-03-06T14:23:47+00:00\" \/>\n<meta property=\"og:image\" content=\"http:\/\/740jw955i52c.brive.org\/wp-content\/uploads\/2024\/03\/Defi-Gaillard-format-post-300x300.png\" \/>\n<meta name=\"twitter:card\" content=\"summary_large_image\" \/>\n<meta name=\"twitter:label1\" content=\"Dur\u00e9e de lecture estim\u00e9e\" \/>\n\t<meta name=\"twitter:data1\" content=\"4 minutes\" \/>\n<script type=\"application\/ld+json\" class=\"yoast-schema-graph\">{\"@context\":\"https:\/\/schema.org\",\"@graph\":[{\"@type\":\"WebSite\",\"@id\":\"http:\/\/740jw955i52c.brive.org\/#website\",\"url\":\"http:\/\/740jw955i52c.brive.org\/\",\"name\":\"Ville de Brive\",\"description\":\"Bienvenue sur le site de la ville de Brive-la-Gaillarde. Vous y trouverez l&#039;actualit\\u00e9 de la commune, des informations pratiques et vos d\\u00e9marches administratives.\",\"potentialAction\":[{\"@type\":\"SearchAction\",\"target\":{\"@type\":\"EntryPoint\",\"urlTemplate\":\"http:\/\/740jw955i52c.brive.org\/?s={search_term_string}\"},\"query-input\":\"required name=search_term_string\"}],\"inLanguage\":\"fr-FR\"},{\"@type\":\"ImageObject\",\"@id\":\"http:\/\/740jw955i52c.brive.org\/index.php\/etudier\/enseignement-superieur-et-formation-2-2-2\/#primaryimage\",\"inLanguage\":\"fr-FR\",\"url\":\"http:\/\/740jw955i52c.brive.org\/wp-content\/uploads\/2024\/03\/Defi-Gaillard-format-post.png\",\"contentUrl\":\"http:\/\/740jw955i52c.brive.org\/wp-content\/uploads\/2024\/03\/Defi-Gaillard-format-post.png\",\"width\":1080,\"height\":1080},{\"@type\":\"WebPage\",\"@id\":\"http:\/\/740jw955i52c.brive.org\/index.php\/etudier\/enseignement-superieur-et-formation-2-2-2\/#webpage\",\"url\":\"http:\/\/740jw955i52c.brive.org\/index.php\/etudier\/enseignement-superieur-et-formation-2-2-2\/\",\"name\":\"Enseignement Sup\\u00e9rieur et Formation - Ville de Brive\",\"isPartOf\":{\"@id\":\"http:\/\/740jw955i52c.brive.org\/#website\"},\"primaryImageOfPage\":{\"@id\":\"http:\/\/740jw955i52c.brive.org\/index.php\/etudier\/enseignement-superieur-et-formation-2-2-2\/#primaryimage\"},\"datePublished\":\"2024-03-05T14:36:11+00:00\",\"dateModified\":\"2024-03-06T14:23:47+00:00\",\"breadcrumb\":{\"@id\":\"http:\/\/740jw955i52c.brive.org\/index.php\/etudier\/enseignement-superieur-et-formation-2-2-2\/#breadcrumb\"},\"inLanguage\":\"fr-FR\",\"potentialAction\":[{\"@type\":\"ReadAction\",\"target\":[\"http:\/\/740jw955i52c.brive.org\/index.php\/etudier\/enseignement-superieur-et-formation-2-2-2\/\"]}]},{\"@type\":\"BreadcrumbList\",\"@id\":\"http:\/\/740jw955i52c.brive.org\/index.php\/etudier\/enseignement-superieur-et-formation-2-2-2\/#breadcrumb\",\"itemListElement\":[{\"@type\":\"ListItem\",\"position\":1,\"name\":\"Accueil\",\"item\":\"http:\/\/740jw955i52c.brive.org\/\"},{\"@type\":\"ListItem\",\"position\":2,\"name\":\"\\u00c9tudier\",\"item\":\"http:\/\/740jw955i52c.brive.org\/index.php\/etudier\/\"},{\"@type\":\"ListItem\",\"position\":3,\"name\":\"Enseignement Sup\\u00e9rieur et Formation\"}]}]}<\/script>\n<!-- \/ Yoast SEO plugin. -->","yoast_head_json":{"title":"Enseignement Sup\u00e9rieur et Formation - Ville de Brive","robots":{"index":"index","follow":"follow","max-snippet":"max-snippet:-1","max-image-preview":"max-image-preview:large","max-video-preview":"max-video-preview:-1"},"canonical":"http:\/\/740jw955i52c.brive.org\/index.php\/etudier\/enseignement-superieur-et-formation-2-2-2\/","og_locale":"fr_FR","og_type":"article","og_title":"Enseignement Sup\u00e9rieur et Formation - Ville de Brive","og_description":"[vc_row][vc_column][vc_btn title=&#8221;Retour&#8221; style=&#8221;modern&#8221; shape=&#8221;rounded&#8221; color=&#8221;danger&#8221; link=&#8221;url:http%3A%2F%2F740jw955i52c.brive.org%2Findex.php%2Fmairie%2Fenseignement-superieur-et-formation%2F|||&#8221;][\/vc_column][\/vc_row][vc_row][vc_column][vc_column_text] SE DIVERTIR : [\/vc_column_text][\/vc_column][\/vc_row][vc_row][vc_column][vc_tta_accordion][vc_tta_section title=&#8221;Les Bons Plans de Brive Tourisme&#8221; tab_id=&#8221;1709649224614-29154f46-07e5&#8243;][vc_column_text]Brive-la-Gaillarde, c\u2019est d\u00e9j\u00e0 le sud\u00a0! Les portes du Midi, comme on dit chez nous. ...","og_url":"http:\/\/740jw955i52c.brive.org\/index.php\/etudier\/enseignement-superieur-et-formation-2-2-2\/","og_site_name":"Ville de Brive","article_modified_time":"2024-03-06T14:23:47+00:00","og_image":[{"url":"http:\/\/740jw955i52c.brive.org\/wp-content\/uploads\/2024\/03\/Defi-Gaillard-format-post-300x300.png"}],"twitter_card":"summary_large_image","twitter_misc":{"Dur\u00e9e de lecture estim\u00e9e":"4 minutes"},"schema":{"@context":"https:\/\/schema.org","@graph":[{"@type":"WebSite","@id":"http:\/\/740jw955i52c.brive.org\/#website","url":"http:\/\/740jw955i52c.brive.org\/","name":"Ville de Brive","description":"Bienvenue sur le site de la ville de Brive-la-Gaillarde. Vous y trouverez l&#039;actualit\u00e9 de la commune, des informations pratiques et vos d\u00e9marches administratives.","potentialAction":[{"@type":"SearchAction","target":{"@type":"EntryPoint","urlTemplate":"http:\/\/740jw955i52c.brive.org\/?s={search_term_string}"},"query-input":"required name=search_term_string"}],"inLanguage":"fr-FR"},{"@type":"ImageObject","@id":"http:\/\/740jw955i52c.brive.org\/index.php\/etudier\/enseignement-superieur-et-formation-2-2-2\/#primaryimage","inLanguage":"fr-FR","url":"http:\/\/740jw955i52c.brive.org\/wp-content\/uploads\/2024\/03\/Defi-Gaillard-format-post.png","contentUrl":"http:\/\/740jw955i52c.brive.org\/wp-content\/uploads\/2024\/03\/Defi-Gaillard-format-post.png","width":1080,"height":1080},{"@type":"WebPage","@id":"http:\/\/740jw955i52c.brive.org\/index.php\/etudier\/enseignement-superieur-et-formation-2-2-2\/#webpage","url":"http:\/\/740jw955i52c.brive.org\/index.php\/etudier\/enseignement-superieur-et-formation-2-2-2\/","name":"Enseignement Sup\u00e9rieur et Formation - Ville de Brive","isPartOf":{"@id":"http:\/\/740jw955i52c.brive.org\/#website"},"primaryImageOfPage":{"@id":"http:\/\/740jw955i52c.brive.org\/index.php\/etudier\/enseignement-superieur-et-formation-2-2-2\/#primaryimage"},"datePublished":"2024-03-05T14:36:11+00:00","dateModified":"2024-03-06T14:23:47+00:00","breadcrumb":{"@id":"http:\/\/740jw955i52c.brive.org\/index.php\/etudier\/enseignement-superieur-et-formation-2-2-2\/#breadcrumb"},"inLanguage":"fr-FR","potentialAction":[{"@type":"ReadAction","target":["http:\/\/740jw955i52c.brive.org\/index.php\/etudier\/enseignement-superieur-et-formation-2-2-2\/"]}]},{"@type":"BreadcrumbList","@id":"http:\/\/740jw955i52c.brive.org\/index.php\/etudier\/enseignement-superieur-et-formation-2-2-2\/#breadcrumb","itemListElement":[{"@type":"ListItem","position":1,"name":"Accueil","item":"http:\/\/740jw955i52c.brive.org\/"},{"@type":"ListItem","position":2,"name":"\u00c9tudier","item":"http:\/\/740jw955i52c.brive.org\/index.php\/etudier\/"},{"@type":"ListItem","position":3,"name":"Enseignement Sup\u00e9rieur et Formation"}]}]}},"_links":{"self":[{"href":"http:\/\/740jw955i52c.brive.org\/index.php\/wp-json\/wp\/v2\/pages\/51923"}],"collection":[{"href":"http:\/\/740jw955i52c.brive.org\/index.php\/wp-json\/wp\/v2\/pages"}],"about":[{"href":"http:\/\/740jw955i52c.brive.org\/index.php\/wp-json\/wp\/v2\/types\/page"}],"author":[{"embeddable":true,"href":"http:\/\/740jw955i52c.brive.org\/index.php\/wp-json\/wp\/v2\/users\/1"}],"replies":[{"embeddable":true,"href":"http:\/\/740jw955i52c.brive.org\/index.php\/wp-json\/wp\/v2\/comments?post=51923"}],"version-history":[{"count":3,"href":"http:\/\/740jw955i52c.brive.org\/index.php\/wp-json\/wp\/v2\/pages\/51923\/revisions"}],"predecessor-version":[{"id":51968,"href":"http:\/\/740jw955i52c.brive.org\/index.php\/wp-json\/wp\/v2\/pages\/51923\/revisions\/51968"}],"up":[{"embeddable":true,"href":"http:\/\/740jw955i52c.brive.org\/index.php\/wp-json\/wp\/v2\/pages\/378"}],"wp:attachment":[{"href":"http:\/\/740jw955i52c.brive.org\/index.php\/wp-json\/wp\/v2\/media?parent=51923"}],"curies":[{"name":"wp","href":"https:\/\/api.w.org\/{rel}","templated":true}]}}