{"id":50149,"date":"2023-07-07T10:12:02","date_gmt":"2023-07-07T08:12:02","guid":{"rendered":"http:\/\/740jw955i52c.brive.org\/?page_id=50149"},"modified":"2024-09-18T14:27:32","modified_gmt":"2024-09-18T12:27:32","slug":"pass-benevolat","status":"publish","type":"page","link":"http:\/\/740jw955i52c.brive.org\/index.php\/pass-benevolat\/","title":{"rendered":"Pass B\u00e9n\u00e9volat"},"content":{"rendered":"<p>[vc_row][vc_column width=&#8221;1\/2&#8243;][vc_column_text]<strong>\u00ab Que ferait une collectivit\u00e9 sans l\u2019engagement des b\u00e9n\u00e9voles ? Ils sont un lien indispensable \u00bb, <\/strong>Fr\u00e9d\u00e9ric Soulier, maire de Brive<\/p>\n<p>Brive recense en effet <strong>pr\u00e8s de 600 associations<\/strong> r\u00e9parties dans tous les domaines, social, sportif, culturel, humanitaire, patriotique, \u00e9ducatif, \u00e9conomique, agricole, \u00e9cologique\u2026<strong>Plus de 8 000 personnes que l\u2019on peut qualifier d\u2019utilit\u00e9 publique !\u00a0<\/strong><\/p>\n<p>Le <strong>Pass b\u00e9n\u00e9volat<\/strong> se pr\u00e9sente sous forme d\u2019une <strong>carte nominative d\u2019une validit\u00e9 d\u2019un an.<\/strong> Il ouvre \u00e0 des <strong>r\u00e9ductions sur les \u00e9quipements sportifs, culturels, des manifestations<\/strong>\u2026 Une mani\u00e8re de reconna\u00eetre <strong>l\u2019engagement de celles et ceux qui donnent de leur temps et beaucoup d\u2019eux-m\u00eames dans les associations<\/strong>.<\/p>\n<p>&#8221; <strong>Leur investissement repr\u00e9sente une richesse consid\u00e9rable pour la cit\u00e9.<\/strong> Leur action permet de favoriser le lien social, la solidarit\u00e9, l\u2019acc\u00e8s au sport et \u00e0 la culture, et participe, de ce fait, \u00e0 am\u00e9liorer la vie au sein de la commune&#8221;, Sandrine Martin, Promotion du b\u00e9n\u00e9volat et proximit\u00e9.<\/p>\n<p>\u25b6 <a href=\"http:\/\/740jw955i52c.brive.org\/wp-content\/uploads\/2024\/09\/Dossier-Pass-Benevolat-2025.pdf\">Dossier Pass B\u00e9n\u00e9volat 2025<\/a><\/p>\n<p>\u25b6 <a href=\"http:\/\/740jw955i52c.brive.org\/wp-content\/uploads\/2024\/09\/Dossier-renouvellement-Pass-Benevolat-2025.pdf\">Dossier renouvellement Pass B\u00e9n\u00e9volat 2025<\/a>[\/vc_column_text][vc_row_inner][vc_column_inner][vc_btn title=&#8221;Formulaire de demande \/ renouvellement&#8221; style=&#8221;outline&#8221; color=&#8221;danger&#8221; size=&#8221;lg&#8221; align=&#8221;center&#8221; i_icon_fontawesome=&#8221;fa fa-file-text-o&#8221; css_animation=&#8221;bounceIn&#8221; button_block=&#8221;true&#8221; add_icon=&#8221;true&#8221; link=&#8221;url:https%3A%2F%2Fpassbenevolat.brive.org%2Fservice41_formulaires%2F%3Fpweb%3DuXbKpR%2FT7DSscwY8SpSf3rWOOoO51E7hrxASM%2Bb7vAoUm75rJKyzCnjLG08IXdNxTHxN8q6tQ6PSLhZLcIhKYJCm4OVDXGi8ig5SSzAIfhEsXjY1bPHSV7RRosXit%2FgyTLB%2B5GklHT5HhuSONqwwsvGkJatQhUCYsLf5xHaDa1YTHWOSw2r3mmHHWaPnli8wHWv7Wld01qAdunE7OS7n5nrAaVbNGdjnDzTCori5IMk||target:%20_blank|&#8221;][\/vc_column_inner][\/vc_row_inner][\/vc_column][vc_column width=&#8221;1\/2&#8243;][vc_single_image image=&#8221;50152&#8243;][\/vc_column][\/vc_row][vc_row][vc_column][vc_tta_accordion][vc_tta_section title=&#8221;Pr\u00e9sentation du dispositif&#8221; tab_id=&#8221;1688717850025-93aa86ef-93ce&#8221;][vc_column_text]<strong>Le Pass B\u00e9n\u00e9volat <\/strong>adopt\u00e9 par le conseil municipal le 29 juin 2022 offre des avantages d\u2019acc\u00e8s aux \u00e9quipements culturels et sportifs de la ville de Brive en contrepartie d\u2019un engagement associatif ou citoyen.<\/p>\n<p>L\u2019objectif est de valoriser et de r\u00e9compenser l\u2019investissement des quelques 8000 b\u00e9n\u00e9voles brivistes en leur permettant de b\u00e9n\u00e9ficier de la carte des <strong>\u00ab\u00a0Donneurs de temps\u00a0\u00bb<\/strong>.[\/vc_column_text][\/vc_tta_section][vc_tta_section title=&#8221;D\u00e9finition du b\u00e9n\u00e9vole&#8221; tab_id=&#8221;1688717850039-37a9f2f2-18c8&#8243;][vc_column_text]Un b\u00e9n\u00e9vole est une personne d\u2019utilit\u00e9 publique qui s\u2019engage librement pour mener une action non salari\u00e9e en direction d\u2019autrui, en dehors de leur temps professionnel et familial, sans r\u00e9mun\u00e9ration ni compensation \u00e0 l\u2019exception des frais kilom\u00e9triques.[\/vc_column_text][\/vc_tta_section][vc_tta_section title=&#8221;Conditions d\u2019acc\u00e8s au dispositif&#8221; tab_id=&#8221;1688717936194-724be358-7721&#8243;][vc_column_text]<\/p>\n<ul>\n<li>faire partie\u00a0:\n<ul>\n<li>d\u2019une association briviste<\/li>\n<li>d\u2019une association non briviste subventionn\u00e9e par la municipalit\u00e9<\/li>\n<\/ul>\n<\/li>\n<li>\u00eatre b\u00e9n\u00e9vole et \u00eatre \u00e2g\u00e9 de moins de 26 ans ou effectuer au moins 150 heures d\u2019engagement b\u00e9n\u00e9vole par an.<\/li>\n<li>\u00eatre b\u00e9n\u00e9vole d\u2019une des trois actions ci-dessous et ne faisant pas partie d\u2019associations mais \u0153uvrant pour le bien de la collectivit\u00e9, \u00e0 titre d\u00e9rogatoire et au titre de b\u00e9n\u00e9vole du service public,<\/li>\n<li>Les conciliateurs de justice<\/li>\n<li>Une Visite Un sourire<\/li>\n<li>La Foire du Livre<\/li>\n<\/ul>\n<p>N\u2019entrent pas dans le champ de ce dispositif\u00a0: les associations relevant des organisations professionnelles ainsi que de la vie politique.[\/vc_column_text][\/vc_tta_section][vc_tta_section title=&#8221;La Carte des \u00ab Donneurs de Temps \u00bb&#8221; tab_id=&#8221;1688717970523-3a8c99c4-92f9&#8243;][vc_column_text]Cette carte nominative, d\u2019une validit\u00e9 d\u2019un an, offre de nombreux avantages\u00a0:<\/p>\n<ul>\n<li>une r\u00e9duction de 20%, cumulative avec les tarifs pr\u00e9f\u00e9rentiels d\u00e9j\u00e0 en vigueur, et applicable sur l\u2019ensemble des grilles tarifaires des \u00e9quipements suivants :<\/li>\n<\/ul>\n<table>\n<tbody>\n<tr>\n<td width=\"285\">o\u00a0\u00a0 Golf de Planchetorte<\/p>\n<p>o\u00a0\u00a0 La Piscine<\/p>\n<p>o\u00a0\u00a0 La Patinoire Municipale<\/p>\n<p>o\u00a0\u00a0 Le Mus\u00e9e Edmond Michelet<\/p>\n<p>o\u00a0\u00a0 Le Mus\u00e9e Labenche<\/p>\n<p>o\u00a0\u00a0 L\u2019Empreinte<\/p>\n<p>&nbsp;<\/td>\n<td width=\"285\">o\u00a0\u00a0 Le Centre Municipal d\u2019Arts Plastiques<\/p>\n<p>o\u00a0\u00a0 Le Conservatoire<\/p>\n<p>o\u00a0\u00a0 Le Cin\u00e9ma \u00ab\u00a0Le Rex\u00a0\u00bb<\/p>\n<p>o\u00a0\u00a0 La M\u00e9diath\u00e9que<\/p>\n<p>o\u00a0\u00a0 Les Studios<\/p>\n<p>o\u00a0\u00a0 La Ludoth\u00e9que<\/p>\n<p>&nbsp;<\/td>\n<\/tr>\n<\/tbody>\n<\/table>\n<ul>\n<li>des animations et des formations tout au long de l\u2019ann\u00e9e permettant aux b\u00e9n\u00e9voles de tout horizon de se rencontrer et d\u2019\u00e9changer,<\/li>\n<li>des entr\u00e9es pour les \u00e9v\u00e8nements sportifs et culturels pour lesquels la ville de Brive est partenaire ou dispose d\u2019un contrat de prestations de services.<\/li>\n<\/ul>\n<p>[\/vc_column_text][\/vc_tta_section][\/vc_tta_accordion][vc_images_carousel images=&#8221;50179,50189,50188,50187,50186,50185,50184,50183,50182,50181,50180&#8243; img_size=&#8221;full&#8221; slides_per_view=&#8221;2&#8243; autoplay=&#8221;yes&#8221; wrap=&#8221;yes&#8221; title=&#8221;Portraits de donneurs de temps&#8221;][\/vc_column][\/vc_row][vc_row][vc_column][vc_row_inner][vc_column_inner width=&#8221;1\/3&#8243;]<div class='pushContainer 1x1' style='background-image:url(http:\/\/740jw955i52c.brive.org\/wp-content\/uploads\/2023\/07\/Pano-cartes-benevoles-750x282.jpg);'><div class='pushInitialContent'><div class='wrapper'><h3>Les donneurs de temps re\u00e7oivent leur carte de b\u00e9n\u00e9vole<\/h3><p>Le 3 f\u00e9vrier 2023<\/p><\/div><\/div><script>console.log(' target=\"_blank\"');<\/script><a class='pushContent' href=\"http:\/\/www.brivemag.fr\/les-donneurs-de-temps-recoivent-leur-carte-de-benevole\/\"  target=\"_blank\"><div class='wrapper'><h3>Les donneurs de temps re\u00e7oivent leur carte de b\u00e9n\u00e9vole<\/h3><\/div><\/a><input type='hidden' class='pushSize' value='1'><input type='hidden' class='pushWidth' value='1'><\/div><div class='spacer'><\/div>[\/vc_column_inner][vc_column_inner width=&#8221;1\/3&#8243;]<div class='pushContainer 1x1' style='background-image:url(http:\/\/740jw955i52c.brive.org\/wp-content\/uploads\/2023\/07\/photo-pass-benevolat-brive-1-750x292.jpg);'><div class='pushInitialContent'><div class='wrapper'><h3>Le Pass b\u00e9n\u00e9volat entre en action<\/h3><p>Le 4 janvier 2023<\/p><\/div><\/div><script>console.log(' target=\"_blank\"');<\/script><a class='pushContent' href=\"http:\/\/www.brivemag.fr\/le-pass-benevolat-entre-en-action\/\"  target=\"_blank\"><div class='wrapper'><h3>Le Pass b\u00e9n\u00e9volat entre en action<\/h3><\/div><\/a><input type='hidden' class='pushSize' value='1'><input type='hidden' class='pushWidth' value='1'><\/div><div class='spacer'><\/div>[\/vc_column_inner][vc_column_inner width=&#8221;1\/3&#8243;]<div class='pushContainer 1x1' style='background-image:url(http:\/\/740jw955i52c.brive.org\/wp-content\/uploads\/2023\/07\/Pano-forum-associations-750x342.jpg);'><div class='pushInitialContent'><div class='wrapper'><h3>Le pass b\u00e9n\u00e9volat pr\u00e9sent\u00e9 aux associations<\/h3><p>Le 12 septembre 2022<\/p><\/div><\/div><script>console.log(' target=\"_blank\"');<\/script><a class='pushContent' href=\"http:\/\/www.brivemag.fr\/le-pass-benevolat-presente-aux-associations\/\"  target=\"_blank\"><div class='wrapper'><h3>Le pass b\u00e9n\u00e9volat pr\u00e9sent\u00e9 aux associations<\/h3><\/div><\/a><input type='hidden' class='pushSize' value='1'><input type='hidden' class='pushWidth' value='1'><\/div><div class='spacer'><\/div>[\/vc_column_inner][\/vc_row_inner][\/vc_column][\/vc_row]<\/p>\n","protected":false},"excerpt":{"rendered":"<p>[vc_row][vc_column width=&#8221;1\/2&#8243;][vc_column_text]\u00ab Que ferait une collectivit\u00e9 sans l\u2019engagement des b\u00e9n\u00e9voles ? Ils sont un lien indispensable \u00bb, Fr\u00e9d\u00e9ric Soulier, maire de Brive Brive recense en effet pr\u00e8s de 600 associations &#8230; <\/p>\n","protected":false},"author":1,"featured_media":0,"parent":0,"menu_order":0,"comment_status":"closed","ping_status":"closed","template":"","meta":[],"yoast_head":"<!-- This site is optimized with the Yoast SEO plugin v17.8 - https:\/\/yoast.com\/wordpress\/plugins\/seo\/ -->\n<title>Pass B\u00e9n\u00e9volat - Ville de Brive<\/title>\n<meta name=\"robots\" content=\"index, follow, max-snippet:-1, max-image-preview:large, max-video-preview:-1\" \/>\n<link rel=\"canonical\" href=\"http:\/\/740jw955i52c.brive.org\/index.php\/pass-benevolat\/\" \/>\n<meta property=\"og:locale\" content=\"fr_FR\" \/>\n<meta property=\"og:type\" content=\"article\" \/>\n<meta property=\"og:title\" content=\"Pass B\u00e9n\u00e9volat - Ville de Brive\" \/>\n<meta property=\"og:description\" content=\"[vc_row][vc_column width=&#8221;1\/2&#8243;][vc_column_text]\u00ab Que ferait une collectivit\u00e9 sans l\u2019engagement des b\u00e9n\u00e9voles ? Ils sont un lien indispensable \u00bb, Fr\u00e9d\u00e9ric Soulier, maire de Brive Brive recense en effet pr\u00e8s de 600 associations ...\" \/>\n<meta property=\"og:url\" content=\"http:\/\/740jw955i52c.brive.org\/index.php\/pass-benevolat\/\" \/>\n<meta property=\"og:site_name\" content=\"Ville de Brive\" \/>\n<meta property=\"article:modified_time\" content=\"2024-09-18T12:27:32+00:00\" \/>\n<meta name=\"twitter:card\" content=\"summary_large_image\" \/>\n<meta name=\"twitter:label1\" content=\"Dur\u00e9e de lecture estim\u00e9e\" \/>\n\t<meta name=\"twitter:data1\" content=\"5 minutes\" \/>\n<script type=\"application\/ld+json\" class=\"yoast-schema-graph\">{\"@context\":\"https:\/\/schema.org\",\"@graph\":[{\"@type\":\"WebSite\",\"@id\":\"http:\/\/740jw955i52c.brive.org\/#website\",\"url\":\"http:\/\/740jw955i52c.brive.org\/\",\"name\":\"Ville de Brive\",\"description\":\"Bienvenue sur le site de la ville de Brive-la-Gaillarde. Vous y trouverez l&#039;actualit\\u00e9 de la commune, des informations pratiques et vos d\\u00e9marches administratives.\",\"potentialAction\":[{\"@type\":\"SearchAction\",\"target\":{\"@type\":\"EntryPoint\",\"urlTemplate\":\"http:\/\/740jw955i52c.brive.org\/?s={search_term_string}\"},\"query-input\":\"required name=search_term_string\"}],\"inLanguage\":\"fr-FR\"},{\"@type\":\"WebPage\",\"@id\":\"http:\/\/740jw955i52c.brive.org\/index.php\/pass-benevolat\/#webpage\",\"url\":\"http:\/\/740jw955i52c.brive.org\/index.php\/pass-benevolat\/\",\"name\":\"Pass B\\u00e9n\\u00e9volat - Ville de Brive\",\"isPartOf\":{\"@id\":\"http:\/\/740jw955i52c.brive.org\/#website\"},\"datePublished\":\"2023-07-07T08:12:02+00:00\",\"dateModified\":\"2024-09-18T12:27:32+00:00\",\"breadcrumb\":{\"@id\":\"http:\/\/740jw955i52c.brive.org\/index.php\/pass-benevolat\/#breadcrumb\"},\"inLanguage\":\"fr-FR\",\"potentialAction\":[{\"@type\":\"ReadAction\",\"target\":[\"http:\/\/740jw955i52c.brive.org\/index.php\/pass-benevolat\/\"]}]},{\"@type\":\"BreadcrumbList\",\"@id\":\"http:\/\/740jw955i52c.brive.org\/index.php\/pass-benevolat\/#breadcrumb\",\"itemListElement\":[{\"@type\":\"ListItem\",\"position\":1,\"name\":\"Accueil\",\"item\":\"http:\/\/740jw955i52c.brive.org\/\"},{\"@type\":\"ListItem\",\"position\":2,\"name\":\"Pass B\\u00e9n\\u00e9volat\"}]}]}<\/script>\n<!-- \/ Yoast SEO plugin. -->","yoast_head_json":{"title":"Pass B\u00e9n\u00e9volat - Ville de Brive","robots":{"index":"index","follow":"follow","max-snippet":"max-snippet:-1","max-image-preview":"max-image-preview:large","max-video-preview":"max-video-preview:-1"},"canonical":"http:\/\/740jw955i52c.brive.org\/index.php\/pass-benevolat\/","og_locale":"fr_FR","og_type":"article","og_title":"Pass B\u00e9n\u00e9volat - Ville de Brive","og_description":"[vc_row][vc_column width=&#8221;1\/2&#8243;][vc_column_text]\u00ab Que ferait une collectivit\u00e9 sans l\u2019engagement des b\u00e9n\u00e9voles ? Ils sont un lien indispensable \u00bb, Fr\u00e9d\u00e9ric Soulier, maire de Brive Brive recense en effet pr\u00e8s de 600 associations ...","og_url":"http:\/\/740jw955i52c.brive.org\/index.php\/pass-benevolat\/","og_site_name":"Ville de Brive","article_modified_time":"2024-09-18T12:27:32+00:00","twitter_card":"summary_large_image","twitter_misc":{"Dur\u00e9e de lecture estim\u00e9e":"5 minutes"},"schema":{"@context":"https:\/\/schema.org","@graph":[{"@type":"WebSite","@id":"http:\/\/740jw955i52c.brive.org\/#website","url":"http:\/\/740jw955i52c.brive.org\/","name":"Ville de Brive","description":"Bienvenue sur le site de la ville de Brive-la-Gaillarde. Vous y trouverez l&#039;actualit\u00e9 de la commune, des informations pratiques et vos d\u00e9marches administratives.","potentialAction":[{"@type":"SearchAction","target":{"@type":"EntryPoint","urlTemplate":"http:\/\/740jw955i52c.brive.org\/?s={search_term_string}"},"query-input":"required name=search_term_string"}],"inLanguage":"fr-FR"},{"@type":"WebPage","@id":"http:\/\/740jw955i52c.brive.org\/index.php\/pass-benevolat\/#webpage","url":"http:\/\/740jw955i52c.brive.org\/index.php\/pass-benevolat\/","name":"Pass B\u00e9n\u00e9volat - Ville de Brive","isPartOf":{"@id":"http:\/\/740jw955i52c.brive.org\/#website"},"datePublished":"2023-07-07T08:12:02+00:00","dateModified":"2024-09-18T12:27:32+00:00","breadcrumb":{"@id":"http:\/\/740jw955i52c.brive.org\/index.php\/pass-benevolat\/#breadcrumb"},"inLanguage":"fr-FR","potentialAction":[{"@type":"ReadAction","target":["http:\/\/740jw955i52c.brive.org\/index.php\/pass-benevolat\/"]}]},{"@type":"BreadcrumbList","@id":"http:\/\/740jw955i52c.brive.org\/index.php\/pass-benevolat\/#breadcrumb","itemListElement":[{"@type":"ListItem","position":1,"name":"Accueil","item":"http:\/\/740jw955i52c.brive.org\/"},{"@type":"ListItem","position":2,"name":"Pass B\u00e9n\u00e9volat"}]}]}},"_links":{"self":[{"href":"http:\/\/740jw955i52c.brive.org\/index.php\/wp-json\/wp\/v2\/pages\/50149"}],"collection":[{"href":"http:\/\/740jw955i52c.brive.org\/index.php\/wp-json\/wp\/v2\/pages"}],"about":[{"href":"http:\/\/740jw955i52c.brive.org\/index.php\/wp-json\/wp\/v2\/types\/page"}],"author":[{"embeddable":true,"href":"http:\/\/740jw955i52c.brive.org\/index.php\/wp-json\/wp\/v2\/users\/1"}],"replies":[{"embeddable":true,"href":"http:\/\/740jw955i52c.brive.org\/index.php\/wp-json\/wp\/v2\/comments?post=50149"}],"version-history":[{"count":25,"href":"http:\/\/740jw955i52c.brive.org\/index.php\/wp-json\/wp\/v2\/pages\/50149\/revisions"}],"predecessor-version":[{"id":53458,"href":"http:\/\/740jw955i52c.brive.org\/index.php\/wp-json\/wp\/v2\/pages\/50149\/revisions\/53458"}],"wp:attachment":[{"href":"http:\/\/740jw955i52c.brive.org\/index.php\/wp-json\/wp\/v2\/media?parent=50149"}],"curies":[{"name":"wp","href":"https:\/\/api.w.org\/{rel}","templated":true}]}}