{"id":46867,"date":"2022-06-16T11:06:47","date_gmt":"2022-06-16T09:06:47","guid":{"rendered":"http:\/\/740jw955i52c.brive.org\/?page_id=46867"},"modified":"2024-11-25T14:26:37","modified_gmt":"2024-11-25T13:26:37","slug":"ville-amie-des-enfants","status":"publish","type":"page","link":"http:\/\/740jw955i52c.brive.org\/index.php\/ville-amie-des-enfants\/","title":{"rendered":"Ville amie des enfants"},"content":{"rendered":"<p>[vc_row][vc_column][vc_single_image image=&#8221;46874&#8243; css_animation=&#8221;bounceIn&#8221;][vc_column_text]<span id=\"page3R_mcid18\" class=\"markedContent\"><span dir=\"ltr\" role=\"presentation\">Dans la continuit\u00e9<\/span><\/span><span id=\"page3R_mcid19\" class=\"markedContent\"><\/span><span id=\"page3R_mcid20\" class=\"markedContent\"> <span dir=\"ltr\" role=\"presentation\">de la cr\u00e9ation du conseil municipal des enfants, la Ville de Brive est <\/span><\/span><span id=\"page3R_mcid21\" class=\"markedContent\"><span dir=\"ltr\" role=\"presentation\">devenue partenaire d\u2019UNICEF France et a obtenu en 2021 le titre <a href=\"https:\/\/www.villeamiedesenfants.fr\/\" target=\"_blank\" rel=\"noopener\"><strong>Ville amie des enfants<\/strong><\/a> pour la p\u00e9riode <\/span><\/span><span id=\"page3R_mcid22\" class=\"markedContent\"><span dir=\"ltr\" role=\"presentation\">2020\/2026.<\/span><\/span><span id=\"page3R_mcid23\" class=\"markedContent\"><\/span><span id=\"page3R_mcid24\" class=\"markedContent\"><\/span><span id=\"page3R_mcid25\" class=\"markedContent\"><\/span><\/p>\n<p><span id=\"page3R_mcid25\" class=\"markedContent\"><span dir=\"ltr\" role=\"presentation\">L\u2019obtention de ce titre se d\u00e9cline avec un plan d\u2019action municipal et d<\/span><\/span><span id=\"page3R_mcid26\" class=\"markedContent\"><span dir=\"ltr\" role=\"presentation\">oit r\u00e9pondre aux <\/span><\/span><span id=\"page3R_mcid27\" class=\"markedContent\"><span dir=\"ltr\" role=\"presentation\">engagements<\/span><\/span><span id=\"page3R_mcid28\" class=\"markedContent\"> <span dir=\"ltr\" role=\"presentation\">suivants, communs \u00e0 toutes les villes du r\u00e9seau<\/span><\/span><span id=\"page3R_mcid29\" class=\"markedContent\"><\/span><span id=\"page3R_mcid30\" class=\"markedContent\"> <span dir=\"ltr\" role=\"presentation\">:<\/span><\/span><span id=\"page3R_mcid31\" class=\"markedContent\"><\/span><span id=\"page3R_mcid32\" class=\"markedContent\"><\/span><span id=\"page3R_mcid33\" class=\"markedContent\"><\/span><span id=\"page3R_mcid34\" class=\"markedContent\"><br role=\"presentation\" \/><\/span><span id=\"page3R_mcid36\" class=\"markedContent\"><\/span><\/p>\n<ul>\n<li><span id=\"page3R_mcid36\" class=\"markedContent\"><span dir=\"ltr\" role=\"presentation\">le bien<\/span><\/span><span id=\"page3R_mcid37\" class=\"markedContent\"><span dir=\"ltr\" role=\"presentation\">&#8211;<\/span><\/span><span id=\"page3R_mcid38\" class=\"markedContent\"><span dir=\"ltr\" role=\"presentation\">\u00eatre de chaque enfant et chaque jeune,<\/span><\/span><\/li>\n<li><span id=\"page3R_mcid39\" class=\"markedContent\"><\/span><span id=\"page3R_mcid40\" class=\"markedContent\">l<\/span><span id=\"page3R_mcid42\" class=\"markedContent\"><span dir=\"ltr\" role=\"presentation\">a lutte contre l\u2019exclusion,<\/span><\/span><span id=\"page3R_mcid43\" class=\"markedContent\"> <span dir=\"ltr\" role=\"presentation\">la discrimination et pour l\u2019\u00e9quit\u00e9,<\/span><\/span><\/li>\n<li><span id=\"page3R_mcid44\" class=\"markedContent\"><\/span><span id=\"page3R_mcid45\" class=\"markedContent\"><\/span><span id=\"page3R_mcid47\" class=\"markedContent\"><span dir=\"ltr\" role=\"presentation\">un parcours \u00e9ducatif de qualit\u00e9,<\/span><\/span><\/li>\n<li><span id=\"page3R_mcid48\" class=\"markedContent\"><\/span><span id=\"page3R_mcid49\" class=\"markedContent\"><\/span><span id=\"page3R_mcid51\" class=\"markedContent\"><span dir=\"ltr\" role=\"presentation\">la participation et l\u2019engagement de chaque enfant et chaque jeune,<\/span><\/span><\/li>\n<li><span id=\"page3R_mcid52\" class=\"markedContent\"><\/span><span id=\"page3R_mcid53\" class=\"markedContent\"><\/span><span id=\"page3R_mcid55\" class=\"markedContent\"><span dir=\"ltr\" role=\"presentation\">le partenariat avec<\/span><\/span><span id=\"page3R_mcid56\" class=\"markedContent\"> <span dir=\"ltr\" role=\"presentation\">UNICEF France<\/span><\/span><\/li>\n<\/ul>\n<p>En int\u00e9grant le r\u00e9seau Ville amie des enfants, les droits des enfants devient la ligne directrice de l\u2019action publique et des choix politiques de la ville sur son territoire. Unicef et notre collectivit\u00e9 ont un engagement commun pour aller ensemble vers une meilleure effectivit\u00e9 et application des droits de l&#8217;enfant.[\/vc_column_text][\/vc_column][\/vc_row][vc_row][vc_column][vc_text_separator title=&#8221;Consultation Nationale&#8221; color=&#8221;sky&#8221; style=&#8221;dotted&#8221; border_width=&#8221;5&#8243;][\/vc_column][\/vc_row][vc_row][vc_column width=&#8221;1\/2&#8243;][vc_single_image image=&#8221;51724&#8243;][\/vc_column][vc_column width=&#8221;1\/2&#8243;][vc_cta h2=&#8221;#tavoixtesdroits&#8221; style=&#8221;outline&#8221; color=&#8221;sky&#8221;]<\/p>\n<div class=\"\" dir=\"auto\">\n<div id=\":ra3:\" class=\"x1iorvi4 x1pi30zi x1l90r2v x1swvt13\" data-ad-comet-preview=\"message\" data-ad-preview=\"message\">\n<div class=\"x78zum5 xdt5ytf xz62fqu x16ldp7u\">\n<div class=\"xu06os2 x1ok221b\">\n<div class=\"xdj266r x11i5rnm xat24cr x1mh8g0r x1vvkbs x126k92a\">\n<div dir=\"auto\"><span class=\"x3nfvp2 x1j61x8r x1fcty0u xdj266r xhhsvwb xat24cr xgzva0m xxymvpz xlup9mm x1kky2od\"><img decoding=\"async\" loading=\"lazy\" class=\"xz74otr\" src=\"https:\/\/static.xx.fbcdn.net\/images\/emoji.php\/v9\/tba\/1\/16\/1f4e3.png\" alt=\"\ud83d\udce3\" width=\"16\" height=\"16\" \/><\/span> Brive, Ville Amie des Enfants ! <span class=\"x3nfvp2 x1j61x8r x1fcty0u xdj266r xhhsvwb xat24cr xgzva0m xxymvpz xlup9mm x1kky2od\"><img decoding=\"async\" loading=\"lazy\" class=\"xz74otr\" src=\"https:\/\/static.xx.fbcdn.net\/images\/emoji.php\/v9\/t57\/1\/16\/1f609.png\" alt=\"\ud83d\ude09\" width=\"16\" height=\"16\" \/><\/span> <a class=\"x1i10hfl xjbqb8w x1ejq31n xd10rxx x1sy0etr x17r0tee x972fbf xcfux6l x1qhh985 xm0m39n x9f619 x1ypdohk xt0psk2 xe8uvvx xdj266r x11i5rnm xat24cr x1mh8g0r xexx8yu x4uap5 x18d9i69 xkhd6sd x16tdsg8 x1hl2dhg xggy1nq x1a2a7pz xt0b8zv x1fey0fg xo1l8bm\" role=\"link\" href=\"https:\/\/www.facebook.com\/UNICEF.France?__cft__[0]=AZWddPWdIaex9tvl3gEtFWlZlg8t4J3Req29MaiITHOBwb7UDneVv8TvAb6RRIFxq2I2omNAtKBIwVz4iyy0mGc7lm4DCaaRReD25e6T2AALO6nb3k4TcJ3qW8pbJmt5i5A&amp;__tn__=-]K-R\"><span class=\"xt0psk2\">UNICEF France<\/span><\/a> lance une consultation nationale des 6\/18 ans sur le th\u00e8me de la pauvret\u00e9 et de l&#8217;exclusion sociale <span class=\"x3nfvp2 x1j61x8r x1fcty0u xdj266r xhhsvwb xat24cr xgzva0m xxymvpz xlup9mm x1kky2od\"><img decoding=\"async\" loading=\"lazy\" class=\"xz74otr\" src=\"https:\/\/static.xx.fbcdn.net\/images\/emoji.php\/v9\/t80\/1\/16\/1f5e8.png\" alt=\"\ud83d\udde8\ufe0f\" width=\"16\" height=\"16\" \/><\/span> Enfants et adolescents exprimez-vous nombreux jusqu&#8217;au 15 mars <span class=\"x3nfvp2 x1j61x8r x1fcty0u xdj266r xhhsvwb xat24cr xgzva0m xxymvpz xlup9mm x1kky2od\"><img decoding=\"async\" loading=\"lazy\" class=\"xz74otr\" src=\"https:\/\/static.xx.fbcdn.net\/images\/emoji.php\/v9\/t5c\/1\/16\/1f5d3.png\" alt=\"\ud83d\uddd3\ufe0f\" width=\"16\" height=\"16\" \/><\/span> <a class=\"x1i10hfl xjbqb8w x1ejq31n xd10rxx x1sy0etr x17r0tee x972fbf xcfux6l x1qhh985 xm0m39n x9f619 x1ypdohk xt0psk2 xe8uvvx xdj266r x11i5rnm xat24cr x1mh8g0r xexx8yu x4uap5 x18d9i69 xkhd6sd x16tdsg8 x1hl2dhg xggy1nq x1a2a7pz xt0b8zv x1fey0fg xo1l8bm\" role=\"link\" href=\"https:\/\/www.facebook.com\/hashtag\/droitsdelenfant?__eep__=6&amp;__cft__[0]=AZWddPWdIaex9tvl3gEtFWlZlg8t4J3Req29MaiITHOBwb7UDneVv8TvAb6RRIFxq2I2omNAtKBIwVz4iyy0mGc7lm4DCaaRReD25e6T2AALO6nb3k4TcJ3qW8pbJmt5i5A&amp;__tn__=*NK-R\">#droitsdelenfant<\/a><\/div>\n<\/div>\n<\/div>\n<\/div>\n<\/div>\n<\/div>\n<div dir=\"auto\"><\/div>\n<div dir=\"auto\">\n<p>L\u2019<a href=\"https:\/\/www.unicef.fr\/\" target=\"_blank\" rel=\"noopener\">UNICEF France<\/a> a con\u00e7u la Consultation nationale des 6\/18 ans\u00a0pour mesurer l\u2019application de la Convention internationale des droits de l\u2019enfant\u00a0au quotidien et permettre aux enfants et adolescents de\u00a0s\u2019exprimer et de prendre part aux d\u00e9cisions qui les concernent.<\/p>\n<p>La campagne 2024 est en cours, et les jeunes de 6 \u00e0 18 ans sont invit\u00e9s \u00e0 compl\u00e9ter un questionnaire en ligne, avant le 15 mars, afin d\u2019exprimer leur vision, notamment sur les <u>th\u00e9matiques de la pauvret\u00e9 et de l\u2019exclusion sociale.<\/u><\/p>\n<p>Pour participer, rien de plus simple, tous les jeunes sont invit\u00e9s \u00e0 se connecter sur la plateforme en ligne qui donne un acc\u00e8s direct au questionnaire : <a href=\"https:\/\/lp.unicef.fr\/consultation-nationale\/ _blank\" target=\"_blank\" rel=\"noopener\">tavoixtesdroits.unicef.fr<\/a><\/p>\n<\/div>\n<p>[\/vc_cta][\/vc_column][\/vc_row][vc_row][vc_column][vc_text_separator title=&#8221;Actualit\u00e9s sur le sujet&#8221; color=&#8221;sky&#8221; style=&#8221;dotted&#8221; border_width=&#8221;5&#8243;][\/vc_column][\/vc_row][vc_row][vc_column width=&#8221;1\/3&#8243;]<div class='pushContainer 1x1' style='background-image:url(http:\/\/740jw955i52c.brive.org\/wp-content\/uploads\/2024\/02\/Fete-de-leau-Unicef-piscine-de-Brive.jpg);'><div class='pushInitialContent'><div class='wrapper'><h3>F\u00eate de l'eau Unicef<\/h3><p>Le 30 janvier 2024<\/p><\/div><\/div><script>console.log(' target=\"_blank\"');<\/script><a class='pushContent' href=\"http:\/\/www.brivemag.fr\/une-fete-de-leau-petillante\/\"  target=\"_blank\"><div class='wrapper'><h3>F\u00eate de l'eau Unicef<\/h3>Vendredi 2 f\u00e9vrier de 18h \u00e0 22h, l\u2019UNICEF propose une soir\u00e9e de mobilisation autour de nombreuses activit\u00e9s aquatiques pour finir par un spectacle. Entr\u00e9e ouverte \u00e0 tous, participation libre.<\/div><\/a><input type='hidden' class='pushSize' value='1'><input type='hidden' class='pushWidth' value='1'><\/div><div class='spacer'><\/div>[\/vc_column][vc_column width=&#8221;1\/3&#8243;]<div class='pushContainer 1x1' style='background-image:url(http:\/\/740jw955i52c.brive.org\/wp-content\/uploads\/2024\/02\/Stand-Unicef-Foire-du-Livre-750x1125.jpg);'><div class='pushInitialContent'><div class='wrapper'><h3>Stand Unicef \u00e0 la Foire du Livre<\/h3><p>Le 02 Novembre 2022<\/p><\/div><\/div><script>console.log(' target=\"_blank\"');<\/script><a class='pushContent' href=\"http:\/\/www.brivemag.fr\/foire-du-livre-lunicef-presente-autour-dun-stand\/\"  target=\"_blank\"><div class='wrapper'><h3>Stand Unicef \u00e0 la Foire du Livre<\/h3>La Foire du Livre de Brive approche et, comme chaque ann\u00e9e, la D\u00e9l\u00e9gation Corr\u00e8ze de l\u2019Unicef sera pr\u00e9sente. Elle tiendra un stand \u00e0 l\u2019Espace des Trois Provinces et mettra particuli\u00e8rement en avant ses ouvrages.<\/div><\/a><input type='hidden' class='pushSize' value='1'><input type='hidden' class='pushWidth' value='1'><\/div><div class='spacer'><\/div>[\/vc_column][vc_column width=&#8221;1\/3&#8243;]<div class='pushContainer 1x1' style='background-image:url(http:\/\/740jw955i52c.brive.org\/wp-content\/uploads\/2024\/02\/pano-mairie-en-bleu-750x347.jpg);'><div class='pushInitialContent'><div class='wrapper'><h3>Les enfants du CME mobilis\u00e9s pour leurs droits<\/h3><p>Le 21 novembre 2023<\/p><\/div><\/div><script>console.log(' target=\"_blank\"');<\/script><a class='pushContent' href=\"http:\/\/www.brivemag.fr\/les-enfants-du-cme-mobilises-pour-leurs-droits\/\"  target=\"_blank\"><div class='wrapper'><h3>Les enfants du CME mobilis\u00e9s pour leurs droits<\/h3>Louise, Gabor, Mathis et L\u00e9o, ceints de leur \u00e9charpe tricolore de conseilleurs municipaux, ont lu hier soir devant la mairie les droits fondamentaux, leurs droits, inscrits dans la Convention internationale des droits de l\u2019enfant dont on marquait l\u2019anniversaire. L\u2019H\u00f4tel de Ville s\u2019est ensuite par\u00e9 du bleu Unicef.<\/div><\/a><input type='hidden' class='pushSize' value='1'><input type='hidden' class='pushWidth' value='1'><\/div><div class='spacer'><\/div>[\/vc_column][\/vc_row][vc_row][vc_column width=&#8221;1\/3&#8243;]<div class='pushContainer 1x1' style='background-image:url(http:\/\/740jw955i52c.brive.org\/wp-content\/uploads\/2024\/02\/pano-trousse-solidaire-750x314.jpg);'><div class='pushInitialContent'><div class='wrapper'><h3>Les enfants du CME vous attendent samedi avec une \u00ab trousse solidaire \u00bb<\/h3><p>Le 16 Novembre 2024<\/p><\/div><\/div><script>console.log(' target=\"_blank\"');<\/script><a class='pushContent' href=\"http:\/\/www.brivemag.fr\/les-enfants-du-cme-vous-attendent-samedi-avec-une-trousse-solidaire-2\/\"  target=\"_blank\"><div class='wrapper'><h3>Les enfants du CME vous attendent samedi avec une \u00ab trousse solidaire \u00bb<\/h3>Comme l\u2019an dernier, le Conseil municipal des enfants r\u00e9coltera ce samedi 18 novembre des fournitures scolaires pour \u00e9l\u00e8ves maliens de Sikasso. Sept associations participent \u00e9galement \u00e0 cette \u00e9dition du march\u00e9 de la solidarit\u00e9 internationale qui se tiendra de 10h \u00e0 18h sur la place Charles de Gaulle.<\/div><\/a><input type='hidden' class='pushSize' value='1'><input type='hidden' class='pushWidth' value='1'><\/div><div class='spacer'><\/div>[\/vc_column][vc_column width=&#8221;1\/3&#8243;]<div class='pushContainer 1x1' style='background-image:url(http:\/\/740jw955i52c.brive.org\/wp-content\/uploads\/2024\/02\/Cap-Est-enfants-1536x798-1-750x390.jpg);'><div class='pushInitialContent'><div class='wrapper'><h3>\u201cTous diff\u00e9rents, tous \u00e9gaux\u201d<\/h3><p>Le 31 Mai 2023<\/p><\/div><\/div><script>console.log(' target=\"_blank\"');<\/script><a class='pushContent' href=\"http:\/\/www.brivemag.fr\/tous-differents-tous-egaux\/\"  target=\"_blank\"><div class='wrapper'><h3>\u201cTous diff\u00e9rents, tous \u00e9gaux\u201d<\/h3>Aujourd\u2019hui, en ce dernier mercredi de mai, c\u2019est UNIday, une journ\u00e9e festive port\u00e9e par l\u2019Unicef qui c\u00e9l\u00e8bre les droits de l\u2019enfant. Brive, \u201cVille amie des enfants\u201d, la relaie et les jeunes qui fr\u00e9quentent ses centres de loisirs ont \u00e9t\u00e9 cette ann\u00e9e sensibilis\u00e9 \u00e0 la non discrimination. Ceux de Cap Est ont r\u00e9alis\u00e9 une fresque.<\/div><\/a><input type='hidden' class='pushSize' value='1'><input type='hidden' class='pushWidth' value='1'><\/div><div class='spacer'><\/div>[\/vc_column][vc_column width=&#8221;1\/3&#8243;][\/vc_column][\/vc_row]<\/p>\n","protected":false},"excerpt":{"rendered":"<p>[vc_row][vc_column][vc_single_image image=&#8221;46874&#8243; css_animation=&#8221;bounceIn&#8221;][vc_column_text]Dans la continuit\u00e9 de la cr\u00e9ation du conseil municipal des enfants, la Ville de Brive est devenue partenaire d\u2019UNICEF France et a obtenu en 2021 le titre Ville &#8230; <\/p>\n","protected":false},"author":1,"featured_media":0,"parent":0,"menu_order":0,"comment_status":"closed","ping_status":"closed","template":"","meta":[],"yoast_head":"<!-- This site is optimized with the Yoast SEO plugin v17.8 - https:\/\/yoast.com\/wordpress\/plugins\/seo\/ -->\n<title>Ville amie des enfants - Ville de Brive<\/title>\n<meta name=\"robots\" content=\"index, follow, max-snippet:-1, max-image-preview:large, max-video-preview:-1\" \/>\n<link rel=\"canonical\" href=\"http:\/\/740jw955i52c.brive.org\/index.php\/ville-amie-des-enfants\/\" \/>\n<meta property=\"og:locale\" content=\"fr_FR\" \/>\n<meta property=\"og:type\" content=\"article\" \/>\n<meta property=\"og:title\" content=\"Ville amie des enfants - Ville de Brive\" \/>\n<meta property=\"og:description\" content=\"[vc_row][vc_column][vc_single_image image=&#8221;46874&#8243; css_animation=&#8221;bounceIn&#8221;][vc_column_text]Dans la continuit\u00e9 de la cr\u00e9ation du conseil municipal des enfants, la Ville de Brive est devenue partenaire d\u2019UNICEF France et a obtenu en 2021 le titre Ville ...\" \/>\n<meta property=\"og:url\" content=\"http:\/\/740jw955i52c.brive.org\/index.php\/ville-amie-des-enfants\/\" \/>\n<meta property=\"og:site_name\" content=\"Ville de Brive\" \/>\n<meta property=\"article:modified_time\" content=\"2024-11-25T13:26:37+00:00\" \/>\n<meta property=\"og:image\" content=\"https:\/\/static.xx.fbcdn.net\/images\/emoji.php\/v9\/tba\/1\/16\/1f4e3.png\" \/>\n<meta name=\"twitter:card\" content=\"summary_large_image\" \/>\n<meta name=\"twitter:label1\" content=\"Dur\u00e9e de lecture estim\u00e9e\" \/>\n\t<meta name=\"twitter:data1\" content=\"4 minutes\" \/>\n<script type=\"application\/ld+json\" class=\"yoast-schema-graph\">{\"@context\":\"https:\/\/schema.org\",\"@graph\":[{\"@type\":\"WebSite\",\"@id\":\"http:\/\/740jw955i52c.brive.org\/#website\",\"url\":\"http:\/\/740jw955i52c.brive.org\/\",\"name\":\"Ville de Brive\",\"description\":\"Bienvenue sur le site de la ville de Brive-la-Gaillarde. Vous y trouverez l&#039;actualit\\u00e9 de la commune, des informations pratiques et vos d\\u00e9marches administratives.\",\"potentialAction\":[{\"@type\":\"SearchAction\",\"target\":{\"@type\":\"EntryPoint\",\"urlTemplate\":\"http:\/\/740jw955i52c.brive.org\/?s={search_term_string}\"},\"query-input\":\"required name=search_term_string\"}],\"inLanguage\":\"fr-FR\"},{\"@type\":\"ImageObject\",\"@id\":\"http:\/\/740jw955i52c.brive.org\/index.php\/ville-amie-des-enfants\/#primaryimage\",\"inLanguage\":\"fr-FR\",\"url\":\"https:\/\/static.xx.fbcdn.net\/images\/emoji.php\/v9\/tba\/1\/16\/1f4e3.png\",\"contentUrl\":\"https:\/\/static.xx.fbcdn.net\/images\/emoji.php\/v9\/tba\/1\/16\/1f4e3.png\"},{\"@type\":\"WebPage\",\"@id\":\"http:\/\/740jw955i52c.brive.org\/index.php\/ville-amie-des-enfants\/#webpage\",\"url\":\"http:\/\/740jw955i52c.brive.org\/index.php\/ville-amie-des-enfants\/\",\"name\":\"Ville amie des enfants - Ville de Brive\",\"isPartOf\":{\"@id\":\"http:\/\/740jw955i52c.brive.org\/#website\"},\"primaryImageOfPage\":{\"@id\":\"http:\/\/740jw955i52c.brive.org\/index.php\/ville-amie-des-enfants\/#primaryimage\"},\"datePublished\":\"2022-06-16T09:06:47+00:00\",\"dateModified\":\"2024-11-25T13:26:37+00:00\",\"breadcrumb\":{\"@id\":\"http:\/\/740jw955i52c.brive.org\/index.php\/ville-amie-des-enfants\/#breadcrumb\"},\"inLanguage\":\"fr-FR\",\"potentialAction\":[{\"@type\":\"ReadAction\",\"target\":[\"http:\/\/740jw955i52c.brive.org\/index.php\/ville-amie-des-enfants\/\"]}]},{\"@type\":\"BreadcrumbList\",\"@id\":\"http:\/\/740jw955i52c.brive.org\/index.php\/ville-amie-des-enfants\/#breadcrumb\",\"itemListElement\":[{\"@type\":\"ListItem\",\"position\":1,\"name\":\"Accueil\",\"item\":\"http:\/\/740jw955i52c.brive.org\/\"},{\"@type\":\"ListItem\",\"position\":2,\"name\":\"Ville amie des enfants\"}]}]}<\/script>\n<!-- \/ Yoast SEO plugin. -->","yoast_head_json":{"title":"Ville amie des enfants - Ville de Brive","robots":{"index":"index","follow":"follow","max-snippet":"max-snippet:-1","max-image-preview":"max-image-preview:large","max-video-preview":"max-video-preview:-1"},"canonical":"http:\/\/740jw955i52c.brive.org\/index.php\/ville-amie-des-enfants\/","og_locale":"fr_FR","og_type":"article","og_title":"Ville amie des enfants - Ville de Brive","og_description":"[vc_row][vc_column][vc_single_image image=&#8221;46874&#8243; css_animation=&#8221;bounceIn&#8221;][vc_column_text]Dans la continuit\u00e9 de la cr\u00e9ation du conseil municipal des enfants, la Ville de Brive est devenue partenaire d\u2019UNICEF France et a obtenu en 2021 le titre Ville ...","og_url":"http:\/\/740jw955i52c.brive.org\/index.php\/ville-amie-des-enfants\/","og_site_name":"Ville de Brive","article_modified_time":"2024-11-25T13:26:37+00:00","og_image":[{"url":"https:\/\/static.xx.fbcdn.net\/images\/emoji.php\/v9\/tba\/1\/16\/1f4e3.png"}],"twitter_card":"summary_large_image","twitter_misc":{"Dur\u00e9e de lecture estim\u00e9e":"4 minutes"},"schema":{"@context":"https:\/\/schema.org","@graph":[{"@type":"WebSite","@id":"http:\/\/740jw955i52c.brive.org\/#website","url":"http:\/\/740jw955i52c.brive.org\/","name":"Ville de Brive","description":"Bienvenue sur le site de la ville de Brive-la-Gaillarde. Vous y trouverez l&#039;actualit\u00e9 de la commune, des informations pratiques et vos d\u00e9marches administratives.","potentialAction":[{"@type":"SearchAction","target":{"@type":"EntryPoint","urlTemplate":"http:\/\/740jw955i52c.brive.org\/?s={search_term_string}"},"query-input":"required name=search_term_string"}],"inLanguage":"fr-FR"},{"@type":"ImageObject","@id":"http:\/\/740jw955i52c.brive.org\/index.php\/ville-amie-des-enfants\/#primaryimage","inLanguage":"fr-FR","url":"https:\/\/static.xx.fbcdn.net\/images\/emoji.php\/v9\/tba\/1\/16\/1f4e3.png","contentUrl":"https:\/\/static.xx.fbcdn.net\/images\/emoji.php\/v9\/tba\/1\/16\/1f4e3.png"},{"@type":"WebPage","@id":"http:\/\/740jw955i52c.brive.org\/index.php\/ville-amie-des-enfants\/#webpage","url":"http:\/\/740jw955i52c.brive.org\/index.php\/ville-amie-des-enfants\/","name":"Ville amie des enfants - Ville de Brive","isPartOf":{"@id":"http:\/\/740jw955i52c.brive.org\/#website"},"primaryImageOfPage":{"@id":"http:\/\/740jw955i52c.brive.org\/index.php\/ville-amie-des-enfants\/#primaryimage"},"datePublished":"2022-06-16T09:06:47+00:00","dateModified":"2024-11-25T13:26:37+00:00","breadcrumb":{"@id":"http:\/\/740jw955i52c.brive.org\/index.php\/ville-amie-des-enfants\/#breadcrumb"},"inLanguage":"fr-FR","potentialAction":[{"@type":"ReadAction","target":["http:\/\/740jw955i52c.brive.org\/index.php\/ville-amie-des-enfants\/"]}]},{"@type":"BreadcrumbList","@id":"http:\/\/740jw955i52c.brive.org\/index.php\/ville-amie-des-enfants\/#breadcrumb","itemListElement":[{"@type":"ListItem","position":1,"name":"Accueil","item":"http:\/\/740jw955i52c.brive.org\/"},{"@type":"ListItem","position":2,"name":"Ville amie des enfants"}]}]}},"_links":{"self":[{"href":"http:\/\/740jw955i52c.brive.org\/index.php\/wp-json\/wp\/v2\/pages\/46867"}],"collection":[{"href":"http:\/\/740jw955i52c.brive.org\/index.php\/wp-json\/wp\/v2\/pages"}],"about":[{"href":"http:\/\/740jw955i52c.brive.org\/index.php\/wp-json\/wp\/v2\/types\/page"}],"author":[{"embeddable":true,"href":"http:\/\/740jw955i52c.brive.org\/index.php\/wp-json\/wp\/v2\/users\/1"}],"replies":[{"embeddable":true,"href":"http:\/\/740jw955i52c.brive.org\/index.php\/wp-json\/wp\/v2\/comments?post=46867"}],"version-history":[{"count":17,"href":"http:\/\/740jw955i52c.brive.org\/index.php\/wp-json\/wp\/v2\/pages\/46867\/revisions"}],"predecessor-version":[{"id":53978,"href":"http:\/\/740jw955i52c.brive.org\/index.php\/wp-json\/wp\/v2\/pages\/46867\/revisions\/53978"}],"wp:attachment":[{"href":"http:\/\/740jw955i52c.brive.org\/index.php\/wp-json\/wp\/v2\/media?parent=46867"}],"curies":[{"name":"wp","href":"https:\/\/api.w.org\/{rel}","templated":true}]}}