{"id":459,"date":"2015-10-06T09:09:15","date_gmt":"2015-10-06T07:09:15","guid":{"rendered":"http:\/\/740jw955i52c.brive.org?page_id=459"},"modified":"2021-08-30T09:48:34","modified_gmt":"2021-08-30T07:48:34","slug":"residences-autonomie","status":"publish","type":"page","link":"http:\/\/740jw955i52c.brive.org\/index.php\/accueil-2\/seniors\/residences-autonomie\/","title":{"rendered":"R\u00e9sidences autonomie"},"content":{"rendered":"<p>[vc_row][vc_column width=&#8221;1\/2&#8243;][vc_raw_html]JTNDYmxvY2txdW90ZSUyMGNsYXNzJTNEJTIydHdpdHRlci10d2VldCUyMiUzRSUzQ3AlMjBsYW5nJTNEJTIyZnIlMjIlMjBkaXIlM0QlMjJsdHIlMjIlM0UlRjAlOUYlOEYlQTAlMjBSJUMzJUE5c2lkZW5jZSUyMExlcyUyMEdlbmV0cyUyMCVDMyVBMCUyMCUzQ2ElMjBocmVmJTNEJTIyaHR0cHMlM0ElMkYlMkZ0d2l0dGVyLmNvbSUyRmhhc2h0YWclMkZCcml2ZSUzRnNyYyUzRGhhc2glMjZhbXAlM0JyZWZfc3JjJTNEdHdzcmMlMjU1RXRmdyUyMiUzRSUyM0JyaXZlJTNDJTJGYSUzRSUyMCUzQSUyMHN1aXRlJTIwY2hhbmdlbWVudCUyMGQlRTIlODAlOTlvcCVDMyVBOXJhdGV1ciUzQ2JyJTNFJUUyJTk4JThFJUVGJUI4JThGJTIwTnVtJUMzJUE5cm8lMjBkZSUyMHQlQzMlQTlsJUMzJUE5cGhvbmUlMjBkZSUyMGQlQzMlQTlwYW5uYWdlJTI4JTIwam91ciUyMCUyOWp1c3F1JUUyJTgwJTk5YXUlMjAwMyUyRnNlcHRlbWJyZSUyMDIwMjElMjAlM0ElMjAwNSUyRjE5JTJGNTklMkYxOCUyRjIzJTIwJUYwJTlGJTkzJTlFJTIwTGUlMjAlMjBUJUMzJUE5bCVDMyVBOXBob25lJTIwZGUlMjBudWl0JTIwZXN0JTIwaW5jaGFuZyVDMyVBOSUyMCUzQSUyMDA2JTJGMTclMkY1NiUyRjc4JTJGNDclMjAlM0NhJTIwaHJlZiUzRCUyMmh0dHBzJTNBJTJGJTJGdC5jbyUyRnpmWEJVVndlRzklMjIlM0VwaWMudHdpdHRlci5jb20lMkZ6ZlhCVVZ3ZUc5JTNDJTJGYSUzRSUzQyUyRnAlM0UlMjZtZGFzaCUzQiUyMFZpbGxlJTIwZGUlMjBCcml2ZSUyMCUyOCU0MHZpbGxlZGVicml2ZSUyOSUyMCUzQ2ElMjBocmVmJTNEJTIyaHR0cHMlM0ElMkYlMkZ0d2l0dGVyLmNvbSUyRnZpbGxlZGVicml2ZSUyRnN0YXR1cyUyRjE0MzIyNDYyNTE4ODI0MzA0NjclM0ZyZWZfc3JjJTNEdHdzcmMlMjU1RXRmdyUyMiUzRUF1Z3VzdCUyMDMwJTJDJTIwMjAyMSUzQyUyRmElM0UlM0MlMkZibG9ja3F1b3RlJTNFJTIwJTNDc2NyaXB0JTIwYXN5bmMlMjBzcmMlM0QlMjJodHRwcyUzQSUyRiUyRnBsYXRmb3JtLnR3aXR0ZXIuY29tJTJGd2lkZ2V0cy5qcyUyMiUyMGNoYXJzZXQlM0QlMjJ1dGYtOCUyMiUzRSUzQyUyRnNjcmlwdCUzRSUyMA==[\/vc_raw_html][\/vc_column][vc_column width=&#8221;1\/2&#8243;][\/vc_column][\/vc_row][vc_row][vc_column]<div class=\"uxb-exte\"><h3 class=\"   has-line   uxb-heading\">Les r\u00e9sidences autonomie : une solution de logement s\u00e9curisante pour les s\u00e9niors<\/h3><\/div>[vc_tta_accordion style=&#8221;modern&#8221; c_icon=&#8221;triangle&#8221; active_section=&#8221;&#8221; no_fill=&#8221;true&#8221; collapsible_all=&#8221;true&#8221;][vc_tta_section title=&#8221;Destin\u00e9es aux personnes \u00e2g\u00e9es autonomes&#8221; tab_id=&#8221;1525099467408-e8b03d96-1525&#8243;][vc_column_text]La r\u00e9sidence autonomie est un \u00e9tablissement destin\u00e9 aux personnes \u00e2g\u00e9es autonomes. Elle est compos\u00e9e d&#8217;un ensemble d&#8217;appartements et de parties communes. Les personnes \u00e2g\u00e9es, seules ou en couple, emm\u00e9nagent avec leurs propres meubles, et disposent d&#8217;un coin cuisine et de toutes les commodit\u00e9s d&#8217;un appartement.<\/p>\n<p>La\u00a0 r\u00e9sidence autonomie est une solution interm\u00e9diaire entre le domicile et les \u00e9tablissements m\u00e9dicalis\u00e9s. Elle permet aux r\u00e9sidents de rompre l\u2019isolement, d\u2019\u00e9voluer dans un cadre de vie s\u00e9curis\u00e9, et de pouvoir profiter d\u2019activit\u00e9s communes.<\/p>\n<p>Un certain nombre de prestations sont propos\u00e9es (gratuites ou payantes)\u00a0: restauration, animations, blanchisserie, accompagnement aux courses,\u2026.<\/p>\n<p>Le CCAS de Brive g\u00e8re 4 r\u00e9sidences autonomie (au total 213 appartements) situ\u00e9s sur diff\u00e9rents quartiers de la ville, \u00e0 proximit\u00e9 des moyens de transport et de zones d\u2019activit\u00e9s. Du personnel est pr\u00e9sent 24h\/24, 7j\/7 afin de garantir la s\u00e9curit\u00e9 et le bien \u00eatre des r\u00e9sidents.<\/p>\n<p>Une offre d\u2019h\u00e9bergement temporaire est \u00e9galement d\u00e9velopp\u00e9e dans chaque \u00e9tablissement permettant ainsi \u00e0 la personne \u00e2g\u00e9e de d\u00e9couvrir la r\u00e9sidence avant une \u00e9ventuelle int\u00e9gration d\u00e9finitive, de rompre ponctuellement l\u2019isolement, d\u2019assurer une solution logement pendant l\u2019absence des aidants, ou tout autre \u00e9v\u00e8nement inattendu (hospitalisation du conjoint \u2026).<\/p>\n<p>Le service de restauration des r\u00e9sidences autonomie est \u00e9galement ouvert \u00e0 toutes les personnes \u00e2g\u00e9es de plus de 60 ans, habitant la commune de Brive-la-Gaillarde, apr\u00e8s r\u00e9servation pr\u00e9alable aupr\u00e8s de la structure.[\/vc_column_text][\/vc_tta_section][\/vc_tta_accordion][\/vc_column][\/vc_row][vc_row][vc_column width=&#8221;2\/3&#8243;][vc_tta_accordion style=&#8221;modern&#8221; c_icon=&#8221;triangle&#8221; active_section=&#8221;&#8221; no_fill=&#8221;true&#8221; collapsible_all=&#8221;true&#8221;][vc_tta_section title=&#8221;Conditions d\u2019acc\u00e8s :&#8221; tab_id=&#8221;1525099595544-e904321f-c1cd&#8221;][vc_column_text]Peuvent entrer en r\u00e9sidences autonomie\u00a0:<\/p>\n<ul>\n<li>les personnes \u00e2g\u00e9es de plus de 60 ans (les deux pour un couple), capables de vivre de fa\u00e7on autonome, apr\u00e8s constitution d\u2019un dossier d\u2019admission aupr\u00e8s du <a href=\"http:\/\/740jw955i52c.brive.org\/index.php\/le-clic\/\">CLIC. <\/a><\/li>\n<\/ul>\n<p>[\/vc_column_text][\/vc_tta_section][\/vc_tta_accordion][vc_empty_space height=&#8221;20px&#8221;][vc_tta_accordion style=&#8221;modern&#8221; c_icon=&#8221;triangle&#8221; active_section=&#8221;&#8221; no_fill=&#8221;true&#8221; collapsible_all=&#8221;true&#8221;][vc_tta_section title=&#8221;Aides financi\u00e8res mobilisables :&#8221; tab_id=&#8221;1525099634099-49786279-79b1&#8243;][vc_column_text]<\/p>\n<ul>\n<li>Etablissements conventionn\u00e9s APL et AL<\/li>\n<li>Etablissements habilit\u00e9s \u00e0 l\u2019aide sociale (7 logements) pour les personnes \u00e2g\u00e9es pr\u00e9sentant des ressources insuffisantes<em>.<\/em><\/li>\n<\/ul>\n<p>[\/vc_column_text][\/vc_tta_section][\/vc_tta_accordion][vc_empty_space height=&#8221;20px&#8221;][vc_tta_accordion style=&#8221;modern&#8221; c_icon=&#8221;triangle&#8221; active_section=&#8221;&#8221; no_fill=&#8221;true&#8221; collapsible_all=&#8221;true&#8221;][vc_tta_section title=&#8221;En savoir plus :&#8221; tab_id=&#8221;1525099647198-54ce80b3-fdd7&#8243;][vc_column_text]<\/p>\n<p><span style=\"color: #ff0000\">Pi\u00e8ces du dossier \/ r\u00e8glement de fonctionnement \/ d\u00e9tail des prestations propos\u00e9es \/ grille des tarifs t\u00e9l\u00e9chargeables (lien vers documents)<\/span><\/p>\n<p>[\/vc_column_text][\/vc_tta_section][\/vc_tta_accordion][vc_empty_space height=&#8221;20px&#8221;]<hr class=\"thin  divider uxb-divider\" \/>[\/vc_column][vc_column width=&#8221;1\/3&#8243;][vc_single_image image=&#8221;11962&#8243; img_size=&#8221;medium&#8221; alignment=&#8221;center&#8221; style=&#8221;vc_box_border&#8221; border_color=&#8221;sky&#8221; image_position=&#8221;normal-align-right&#8221; has_link=&#8221;false&#8221; link_type=&#8221;normal&#8221;][\/vc_column][\/vc_row][vc_row css=&#8221;.vc_custom_1487071330150{background-color: #f7f7f7 !important;}&#8221;][vc_column width=&#8221;2\/3&#8243;][vc_tta_accordion style=&#8221;modern&#8221; c_icon=&#8221;triangle&#8221; active_section=&#8221;1&#8243; no_fill=&#8221;true&#8221; collapsible_all=&#8221;true&#8221;][vc_tta_section title=&#8221;R\u00e9sidence Le Chapeau Rouge&#8221; tab_id=&#8221;1525100175253-ea3172d6-2648&#8243;][vc_column_text]<img decoding=\"async\" loading=\"lazy\" class=\"alignleft size-full wp-image-11978\" src=\"http:\/\/740jw955i52c.brive.org\/wp-content\/uploads\/2015\/10\/002-8.jpg\" alt=\"002\" width=\"290\" height=\"193\" \/>Rue du Chapeau Rouge<br \/>\n19100 Brive<br \/>\nT\u00e9l. 05 55 23 68 39<\/p>\n<p>Situ\u00e9 au c\u0153ur de la ville, \u00e0 proximit\u00e9 de tous les commerces, de l\u2019\u00e9glise, de la poste, de la mairie et de la biblioth\u00e8que. La r\u00e9sidence comporte 65 appartements, dont 2 h\u00e9bergements temporaires\u00a0et 1 habilit\u00e9 aide sociale : 2 F1, 53 F1 bis, 9 F2 et 1 F3.[\/vc_column_text][\/vc_tta_section][\/vc_tta_accordion][\/vc_column][vc_column width=&#8221;1\/3&#8243;][vc_empty_space height=&#8221;35px&#8221;][vc_gallery interval=&#8221;0&#8243; images=&#8221;12439,12440,12438,12443,12441,12428,12429,12434,12430,12431,12432,12433,12435&#8243; img_size=&#8221;full&#8221; grid_style=&#8221;circle&#8221; show_bullets=&#8221;true&#8221;][\/vc_column][\/vc_row][vc_row css=&#8221;.vc_custom_1487071306350{background-color: #f7f7f7 !important;}&#8221;][vc_column width=&#8221;2\/3&#8243;][vc_tta_accordion style=&#8221;modern&#8221; c_icon=&#8221;triangle&#8221; active_section=&#8221;1&#8243; no_fill=&#8221;true&#8221; collapsible_all=&#8221;true&#8221;][vc_tta_section title=&#8221;R\u00e9sidence Les Jardins de Rivet&#8221; tab_id=&#8221;1525100228236-d0383cd1-1fc2&#8243;][vc_column_text]<img decoding=\"async\" loading=\"lazy\" class=\"alignleft size-medium wp-image-11963\" src=\"http:\/\/740jw955i52c.brive.org\/wp-content\/uploads\/2015\/10\/002-7-300x200.jpg\" alt=\"002\" width=\"300\" height=\"200\" srcset=\"http:\/\/740jw955i52c.brive.org\/wp-content\/uploads\/2015\/10\/002-7-300x200.jpg 300w, http:\/\/740jw955i52c.brive.org\/wp-content\/uploads\/2015\/10\/002-7.jpg 302w\" sizes=\"(max-width: 300px) 100vw, 300px\" \/>Impasse Abrizio<br \/>\n19100 Brive<br \/>\nT\u00e9l. 05 55 87 50 50<\/p>\n<p>Situ\u00e9 au nord-ouest de la ville dans un quartier r\u00e9sidentiel dominant toute la vall\u00e9e. De nombreux commerces et services (pharmacie, coiffeur, \u00e9picerie, infirmi\u00e8res, m\u00e9decins), ainsi qu\u2019une annexe de la mairie et de la poste se trouvent \u00e0 proximit\u00e9 imm\u00e9diate.<\/p>\n<p>La r\u00e9sidence comporte 45 appartements dont 1 h\u00e9bergement temporaire et 2 habilit\u00e9s aide sociale, r\u00e9partis sur 3 b\u00e2timents\u00a0: 26 F1 bis et 19 F2.[\/vc_column_text][\/vc_tta_section][\/vc_tta_accordion][\/vc_column][vc_column width=&#8221;1\/3&#8243;][vc_empty_space height=&#8221;45px&#8221;][vc_gallery interval=&#8221;0&#8243; images=&#8221;12454,12453,12455,12456,12457,12452,12458,12459&#8243; img_size=&#8221;full&#8221; grid_style=&#8221;circle&#8221; show_bullets=&#8221;true&#8221;][\/vc_column][\/vc_row][vc_row css=&#8221;.vc_custom_1487071377921{background-color: #f7f7f7 !important;}&#8221;][vc_column width=&#8221;2\/3&#8243;][vc_tta_accordion style=&#8221;modern&#8221; c_icon=&#8221;triangle&#8221; active_section=&#8221;1&#8243; no_fill=&#8221;true&#8221; collapsible_all=&#8221;true&#8221;][vc_tta_section title=&#8221;R\u00e9sidence Les Gen\u00e9ts&#8221; tab_id=&#8221;1525100167168-9fdb695b-c15e&#8221;][vc_column_text]<img decoding=\"async\" loading=\"lazy\" class=\"alignleft size-medium wp-image-12426\" src=\"http:\/\/740jw955i52c.brive.org\/wp-content\/uploads\/2015\/10\/foyer-genets-1-300x200.jpg\" alt=\"foyer genets 1\" width=\"300\" height=\"200\" \/>1, rue Le Corbusier<br \/>\n19100 Brive<br \/>\nT\u00e9l. 05 55 17 18 96<\/p>\n<p>Situ\u00e9 \u00e0 l\u2019est de la ville, \u00e0 proximit\u00e9 de nombreux commerces et d\u2019une antenne administrative de la biblioth\u00e8que, annexe du centre socioculturel Raoul-Dautry.<\/p>\n<p>La r\u00e9sidence comporte 47 appartements\u00a0dont 2 h\u00e9bergements temporaires et 2 habilit\u00e9s aide sociale : 38 F1 bis, et 9 F2.[\/vc_column_text][\/vc_tta_section][\/vc_tta_accordion][\/vc_column][vc_column width=&#8221;1\/3&#8243;][vc_empty_space height=&#8221;45px&#8221;][vc_gallery interval=&#8221;0&#8243; images=&#8221;12473,12474&#8243; img_size=&#8221;full&#8221; grid_style=&#8221;circle&#8221; show_bullets=&#8221;true&#8221;][\/vc_column][\/vc_row][vc_row css=&#8221;.vc_custom_1487071406345{background-color: #f7f7f7 !important;}&#8221;][vc_column width=&#8221;2\/3&#8243;][vc_tta_accordion style=&#8221;modern&#8221; c_icon=&#8221;triangle&#8221; active_section=&#8221;1&#8243; no_fill=&#8221;true&#8221; collapsible_all=&#8221;true&#8221;][vc_tta_section title=&#8221;R\u00e9sidence Odette Neuville&#8221; tab_id=&#8221;1525100240336-750f3124-329b&#8221;][vc_column_text]<img decoding=\"async\" loading=\"lazy\" class=\"alignleft size-full wp-image-11979\" src=\"http:\/\/740jw955i52c.brive.org\/wp-content\/uploads\/2015\/10\/002-9.jpg\" alt=\"002\" width=\"290\" height=\"193\" \/>Rue Jules-Romains<br \/>\n19100 Brive<br \/>\nT\u00e9l. 05 55 87 29 26<\/p>\n<p>Situ\u00e9 au sud-ouest de la ville, \u00e0 proximit\u00e9 d\u2019un immense parc arbor\u00e9 d\u00e9di\u00e9 aux sports de plein air et aux promenades, repos, ainsi que de nombreux commerces, dont une pharmacie.<\/p>\n<p>La r\u00e9sidence comporte 56 appartements dont 2 h\u00e9bergements temporaires\u00a0et 2 habilit\u00e9s aide sociale: 4 F1, 51 F1 bis et 1 F2.[\/vc_column_text][\/vc_tta_section][\/vc_tta_accordion][\/vc_column][vc_column width=&#8221;1\/3&#8243;][vc_empty_space height=&#8221;45px&#8221;][vc_gallery interval=&#8221;0&#8243; images=&#8221;12465,12466,12467,12468,12470,12471&#8243; img_size=&#8221;full&#8221; grid_style=&#8221;circle&#8221; show_bullets=&#8221;true&#8221;][\/vc_column][\/vc_row][vc_row][vc_column width=&#8221;1\/2&#8243;][vc_btn title=&#8221;S\u00e9niors&#8221; style=&#8221;classic&#8221; shape=&#8221;rounded&#8221; color=&#8221;default&#8221; size=&#8221;sm&#8221; align=&#8221;left&#8221; link=&#8221;url:http%3A%2F%2F740jw955i52c.brive.org%2Findex.php%2Faccueil%2Fhabiter%2Fvous-etes%2Fseniors%2F|title:S%C3%A9niors|&#8221;][\/vc_column][vc_column width=&#8221;1\/2&#8243;][vc_btn title=&#8221;Social&#8221; style=&#8221;classic&#8221; shape=&#8221;rounded&#8221; color=&#8221;default&#8221; size=&#8221;sm&#8221; align=&#8221;right&#8221; link=&#8221;url:http%3A%2F%2F740jw955i52c.brive.org%2Findex.php%2Fsocial%2F|title:S%C3%A9niors||&#8221;][\/vc_column][\/vc_row]<\/p>\n","protected":false},"excerpt":{"rendered":"<p>[vc_row][vc_column width=&#8221;1\/2&#8243;][vc_raw_html]JTNDYmxvY2txdW90ZSUyMGNsYXNzJTNEJTIydHdpdHRlci10d2VldCUyMiUzRSUzQ3AlMjBsYW5nJTNEJTIyZnIlMjIlMjBkaXIlM0QlMjJsdHIlMjIlM0UlRjAlOUYlOEYlQTAlMjBSJUMzJUE5c2lkZW5jZSUyMExlcyUyMEdlbmV0cyUyMCVDMyVBMCUyMCUzQ2ElMjBocmVmJTNEJTIyaHR0cHMlM0ElMkYlMkZ0d2l0dGVyLmNvbSUyRmhhc2h0YWclMkZCcml2ZSUzRnNyYyUzRGhhc2glMjZhbXAlM0JyZWZfc3JjJTNEdHdzcmMlMjU1RXRmdyUyMiUzRSUyM0JyaXZlJTNDJTJGYSUzRSUyMCUzQSUyMHN1aXRlJTIwY2hhbmdlbWVudCUyMGQlRTIlODAlOTlvcCVDMyVBOXJhdGV1ciUzQ2JyJTNFJUUyJTk4JThFJUVGJUI4JThGJTIwTnVtJUMzJUE5cm8lMjBkZSUyMHQlQzMlQTlsJUMzJUE5cGhvbmUlMjBkZSUyMGQlQzMlQTlwYW5uYWdlJTI4JTIwam91ciUyMCUyOWp1c3F1JUUyJTgwJTk5YXUlMjAwMyUyRnNlcHRlbWJyZSUyMDIwMjElMjAlM0ElMjAwNSUyRjE5JTJGNTklMkYxOCUyRjIzJTIwJUYwJTlGJTkzJTlFJTIwTGUlMjAlMjBUJUMzJUE5bCVDMyVBOXBob25lJTIwZGUlMjBudWl0JTIwZXN0JTIwaW5jaGFuZyVDMyVBOSUyMCUzQSUyMDA2JTJGMTclMkY1NiUyRjc4JTJGNDclMjAlM0NhJTIwaHJlZiUzRCUyMmh0dHBzJTNBJTJGJTJGdC5jbyUyRnpmWEJVVndlRzklMjIlM0VwaWMudHdpdHRlci5jb20lMkZ6ZlhCVVZ3ZUc5JTNDJTJGYSUzRSUzQyUyRnAlM0UlMjZtZGFzaCUzQiUyMFZpbGxlJTIwZGUlMjBCcml2ZSUyMCUyOCU0MHZpbGxlZGVicml2ZSUyOSUyMCUzQ2ElMjBocmVmJTNEJTIyaHR0cHMlM0ElMkYlMkZ0d2l0dGVyLmNvbSUyRnZpbGxlZGVicml2ZSUyRnN0YXR1cyUyRjE0MzIyNDYyNTE4ODI0MzA0NjclM0ZyZWZfc3JjJTNEdHdzcmMlMjU1RXRmdyUyMiUzRUF1Z3VzdCUyMDMwJTJDJTIwMjAyMSUzQyUyRmElM0UlM0MlMkZibG9ja3F1b3RlJTNFJTIwJTNDc2NyaXB0JTIwYXN5bmMlMjBzcmMlM0QlMjJodHRwcyUzQSUyRiUyRnBsYXRmb3JtLnR3aXR0ZXIuY29tJTJGd2lkZ2V0cy5qcyUyMiUyMGNoYXJzZXQlM0QlMjJ1dGYtOCUyMiUzRSUzQyUyRnNjcmlwdCUzRSUyMA==[\/vc_raw_html][\/vc_column][vc_column width=&#8221;1\/2&#8243;][\/vc_column][\/vc_row][vc_row][vc_column][vc_tta_accordion style=&#8221;modern&#8221; c_icon=&#8221;triangle&#8221; active_section=&#8221;&#8221; no_fill=&#8221;true&#8221; collapsible_all=&#8221;true&#8221;][vc_tta_section title=&#8221;Destin\u00e9es aux personnes \u00e2g\u00e9es autonomes&#8221; tab_id=&#8221;1525099467408-e8b03d96-1525&#8243;][vc_column_text]La r\u00e9sidence autonomie est un \u00e9tablissement destin\u00e9 aux personnes \u00e2g\u00e9es autonomes. Elle est compos\u00e9e d&#8217;un ensemble d&#8217;appartements &#8230; <\/p>\n","protected":false},"author":3,"featured_media":0,"parent":374,"menu_order":0,"comment_status":"closed","ping_status":"closed","template":"","meta":[],"yoast_head":"<!-- This site is optimized with the Yoast SEO plugin v17.8 - https:\/\/yoast.com\/wordpress\/plugins\/seo\/ -->\n<title>R\u00e9sidences autonomie - Ville de Brive<\/title>\n<meta name=\"robots\" content=\"index, follow, max-snippet:-1, max-image-preview:large, max-video-preview:-1\" \/>\n<link rel=\"canonical\" href=\"http:\/\/740jw955i52c.brive.org\/index.php\/accueil-2\/seniors\/residences-autonomie\/\" \/>\n<meta property=\"og:locale\" content=\"fr_FR\" \/>\n<meta property=\"og:type\" content=\"article\" \/>\n<meta property=\"og:title\" content=\"R\u00e9sidences autonomie - Ville de Brive\" \/>\n<meta property=\"og:description\" content=\"[vc_row][vc_column width=&#8221;1\/2&#8243;][vc_raw_html]JTNDYmxvY2txdW90ZSUyMGNsYXNzJTNEJTIydHdpdHRlci10d2VldCUyMiUzRSUzQ3AlMjBsYW5nJTNEJTIyZnIlMjIlMjBkaXIlM0QlMjJsdHIlMjIlM0UlRjAlOUYlOEYlQTAlMjBSJUMzJUE5c2lkZW5jZSUyMExlcyUyMEdlbmV0cyUyMCVDMyVBMCUyMCUzQ2ElMjBocmVmJTNEJTIyaHR0cHMlM0ElMkYlMkZ0d2l0dGVyLmNvbSUyRmhhc2h0YWclMkZCcml2ZSUzRnNyYyUzRGhhc2glMjZhbXAlM0JyZWZfc3JjJTNEdHdzcmMlMjU1RXRmdyUyMiUzRSUyM0JyaXZlJTNDJTJGYSUzRSUyMCUzQSUyMHN1aXRlJTIwY2hhbmdlbWVudCUyMGQlRTIlODAlOTlvcCVDMyVBOXJhdGV1ciUzQ2JyJTNFJUUyJTk4JThFJUVGJUI4JThGJTIwTnVtJUMzJUE5cm8lMjBkZSUyMHQlQzMlQTlsJUMzJUE5cGhvbmUlMjBkZSUyMGQlQzMlQTlwYW5uYWdlJTI4JTIwam91ciUyMCUyOWp1c3F1JUUyJTgwJTk5YXUlMjAwMyUyRnNlcHRlbWJyZSUyMDIwMjElMjAlM0ElMjAwNSUyRjE5JTJGNTklMkYxOCUyRjIzJTIwJUYwJTlGJTkzJTlFJTIwTGUlMjAlMjBUJUMzJUE5bCVDMyVBOXBob25lJTIwZGUlMjBudWl0JTIwZXN0JTIwaW5jaGFuZyVDMyVBOSUyMCUzQSUyMDA2JTJGMTclMkY1NiUyRjc4JTJGNDclMjAlM0NhJTIwaHJlZiUzRCUyMmh0dHBzJTNBJTJGJTJGdC5jbyUyRnpmWEJVVndlRzklMjIlM0VwaWMudHdpdHRlci5jb20lMkZ6ZlhCVVZ3ZUc5JTNDJTJGYSUzRSUzQyUyRnAlM0UlMjZtZGFzaCUzQiUyMFZpbGxlJTIwZGUlMjBCcml2ZSUyMCUyOCU0MHZpbGxlZGVicml2ZSUyOSUyMCUzQ2ElMjBocmVmJTNEJTIyaHR0cHMlM0ElMkYlMkZ0d2l0dGVyLmNvbSUyRnZpbGxlZGVicml2ZSUyRnN0YXR1cyUyRjE0MzIyNDYyNTE4ODI0MzA0NjclM0ZyZWZfc3JjJTNEdHdzcmMlMjU1RXRmdyUyMiUzRUF1Z3VzdCUyMDMwJTJDJTIwMjAyMSUzQyUyRmElM0UlM0MlMkZibG9ja3F1b3RlJTNFJTIwJTNDc2NyaXB0JTIwYXN5bmMlMjBzcmMlM0QlMjJodHRwcyUzQSUyRiUyRnBsYXRmb3JtLnR3aXR0ZXIuY29tJTJGd2lkZ2V0cy5qcyUyMiUyMGNoYXJzZXQlM0QlMjJ1dGYtOCUyMiUzRSUzQyUyRnNjcmlwdCUzRSUyMA==[\/vc_raw_html][\/vc_column][vc_column width=&#8221;1\/2&#8243;][\/vc_column][\/vc_row][vc_row][vc_column][vc_tta_accordion style=&#8221;modern&#8221; c_icon=&#8221;triangle&#8221; active_section=&#8221;&#8221; no_fill=&#8221;true&#8221; collapsible_all=&#8221;true&#8221;][vc_tta_section title=&#8221;Destin\u00e9es aux personnes \u00e2g\u00e9es autonomes&#8221; tab_id=&#8221;1525099467408-e8b03d96-1525&#8243;][vc_column_text]La r\u00e9sidence autonomie est un \u00e9tablissement destin\u00e9 aux personnes \u00e2g\u00e9es autonomes. Elle est compos\u00e9e d&#8217;un ensemble d&#8217;appartements ...\" \/>\n<meta property=\"og:url\" content=\"http:\/\/740jw955i52c.brive.org\/index.php\/accueil-2\/seniors\/residences-autonomie\/\" \/>\n<meta property=\"og:site_name\" content=\"Ville de Brive\" \/>\n<meta property=\"article:modified_time\" content=\"2021-08-30T07:48:34+00:00\" \/>\n<meta property=\"og:image\" content=\"http:\/\/740jw955i52c.brive.org\/wp-content\/uploads\/2015\/10\/002-8.jpg\" \/>\n<meta name=\"twitter:card\" content=\"summary_large_image\" \/>\n<meta name=\"twitter:label1\" content=\"Dur\u00e9e de lecture estim\u00e9e\" \/>\n\t<meta name=\"twitter:data1\" content=\"7 minutes\" \/>\n<script type=\"application\/ld+json\" class=\"yoast-schema-graph\">{\"@context\":\"https:\/\/schema.org\",\"@graph\":[{\"@type\":\"WebSite\",\"@id\":\"http:\/\/740jw955i52c.brive.org\/#website\",\"url\":\"http:\/\/740jw955i52c.brive.org\/\",\"name\":\"Ville de Brive\",\"description\":\"Bienvenue sur le site de la ville de Brive-la-Gaillarde. Vous y trouverez l&#039;actualit\\u00e9 de la commune, des informations pratiques et vos d\\u00e9marches administratives.\",\"potentialAction\":[{\"@type\":\"SearchAction\",\"target\":{\"@type\":\"EntryPoint\",\"urlTemplate\":\"http:\/\/740jw955i52c.brive.org\/?s={search_term_string}\"},\"query-input\":\"required name=search_term_string\"}],\"inLanguage\":\"fr-FR\"},{\"@type\":\"ImageObject\",\"@id\":\"http:\/\/740jw955i52c.brive.org\/index.php\/accueil-2\/seniors\/residences-autonomie\/#primaryimage\",\"inLanguage\":\"fr-FR\",\"url\":\"http:\/\/740jw955i52c.brive.org\/wp-content\/uploads\/2015\/10\/002-8.jpg\",\"contentUrl\":\"http:\/\/740jw955i52c.brive.org\/wp-content\/uploads\/2015\/10\/002-8.jpg\",\"width\":290,\"height\":193},{\"@type\":\"WebPage\",\"@id\":\"http:\/\/740jw955i52c.brive.org\/index.php\/accueil-2\/seniors\/residences-autonomie\/#webpage\",\"url\":\"http:\/\/740jw955i52c.brive.org\/index.php\/accueil-2\/seniors\/residences-autonomie\/\",\"name\":\"R\\u00e9sidences autonomie - Ville de Brive\",\"isPartOf\":{\"@id\":\"http:\/\/740jw955i52c.brive.org\/#website\"},\"primaryImageOfPage\":{\"@id\":\"http:\/\/740jw955i52c.brive.org\/index.php\/accueil-2\/seniors\/residences-autonomie\/#primaryimage\"},\"datePublished\":\"2015-10-06T07:09:15+00:00\",\"dateModified\":\"2021-08-30T07:48:34+00:00\",\"breadcrumb\":{\"@id\":\"http:\/\/740jw955i52c.brive.org\/index.php\/accueil-2\/seniors\/residences-autonomie\/#breadcrumb\"},\"inLanguage\":\"fr-FR\",\"potentialAction\":[{\"@type\":\"ReadAction\",\"target\":[\"http:\/\/740jw955i52c.brive.org\/index.php\/accueil-2\/seniors\/residences-autonomie\/\"]}]},{\"@type\":\"BreadcrumbList\",\"@id\":\"http:\/\/740jw955i52c.brive.org\/index.php\/accueil-2\/seniors\/residences-autonomie\/#breadcrumb\",\"itemListElement\":[{\"@type\":\"ListItem\",\"position\":1,\"name\":\"Accueil\",\"item\":\"http:\/\/740jw955i52c.brive.org\/\"},{\"@type\":\"ListItem\",\"position\":2,\"name\":\"Accueil\",\"item\":\"http:\/\/740jw955i52c.brive.org\/?page_id=38015\"},{\"@type\":\"ListItem\",\"position\":3,\"name\":\"S\\u00e9niors\",\"item\":\"http:\/\/740jw955i52c.brive.org\/index.php\/accueil-2\/seniors\/\"},{\"@type\":\"ListItem\",\"position\":4,\"name\":\"R\\u00e9sidences autonomie\"}]}]}<\/script>\n<!-- \/ Yoast SEO plugin. -->","yoast_head_json":{"title":"R\u00e9sidences autonomie - Ville de Brive","robots":{"index":"index","follow":"follow","max-snippet":"max-snippet:-1","max-image-preview":"max-image-preview:large","max-video-preview":"max-video-preview:-1"},"canonical":"http:\/\/740jw955i52c.brive.org\/index.php\/accueil-2\/seniors\/residences-autonomie\/","og_locale":"fr_FR","og_type":"article","og_title":"R\u00e9sidences autonomie - Ville de Brive","og_description":"[vc_row][vc_column width=&#8221;1\/2&#8243;][vc_raw_html]JTNDYmxvY2txdW90ZSUyMGNsYXNzJTNEJTIydHdpdHRlci10d2VldCUyMiUzRSUzQ3AlMjBsYW5nJTNEJTIyZnIlMjIlMjBkaXIlM0QlMjJsdHIlMjIlM0UlRjAlOUYlOEYlQTAlMjBSJUMzJUE5c2lkZW5jZSUyMExlcyUyMEdlbmV0cyUyMCVDMyVBMCUyMCUzQ2ElMjBocmVmJTNEJTIyaHR0cHMlM0ElMkYlMkZ0d2l0dGVyLmNvbSUyRmhhc2h0YWclMkZCcml2ZSUzRnNyYyUzRGhhc2glMjZhbXAlM0JyZWZfc3JjJTNEdHdzcmMlMjU1RXRmdyUyMiUzRSUyM0JyaXZlJTNDJTJGYSUzRSUyMCUzQSUyMHN1aXRlJTIwY2hhbmdlbWVudCUyMGQlRTIlODAlOTlvcCVDMyVBOXJhdGV1ciUzQ2JyJTNFJUUyJTk4JThFJUVGJUI4JThGJTIwTnVtJUMzJUE5cm8lMjBkZSUyMHQlQzMlQTlsJUMzJUE5cGhvbmUlMjBkZSUyMGQlQzMlQTlwYW5uYWdlJTI4JTIwam91ciUyMCUyOWp1c3F1JUUyJTgwJTk5YXUlMjAwMyUyRnNlcHRlbWJyZSUyMDIwMjElMjAlM0ElMjAwNSUyRjE5JTJGNTklMkYxOCUyRjIzJTIwJUYwJTlGJTkzJTlFJTIwTGUlMjAlMjBUJUMzJUE5bCVDMyVBOXBob25lJTIwZGUlMjBudWl0JTIwZXN0JTIwaW5jaGFuZyVDMyVBOSUyMCUzQSUyMDA2JTJGMTclMkY1NiUyRjc4JTJGNDclMjAlM0NhJTIwaHJlZiUzRCUyMmh0dHBzJTNBJTJGJTJGdC5jbyUyRnpmWEJVVndlRzklMjIlM0VwaWMudHdpdHRlci5jb20lMkZ6ZlhCVVZ3ZUc5JTNDJTJGYSUzRSUzQyUyRnAlM0UlMjZtZGFzaCUzQiUyMFZpbGxlJTIwZGUlMjBCcml2ZSUyMCUyOCU0MHZpbGxlZGVicml2ZSUyOSUyMCUzQ2ElMjBocmVmJTNEJTIyaHR0cHMlM0ElMkYlMkZ0d2l0dGVyLmNvbSUyRnZpbGxlZGVicml2ZSUyRnN0YXR1cyUyRjE0MzIyNDYyNTE4ODI0MzA0NjclM0ZyZWZfc3JjJTNEdHdzcmMlMjU1RXRmdyUyMiUzRUF1Z3VzdCUyMDMwJTJDJTIwMjAyMSUzQyUyRmElM0UlM0MlMkZibG9ja3F1b3RlJTNFJTIwJTNDc2NyaXB0JTIwYXN5bmMlMjBzcmMlM0QlMjJodHRwcyUzQSUyRiUyRnBsYXRmb3JtLnR3aXR0ZXIuY29tJTJGd2lkZ2V0cy5qcyUyMiUyMGNoYXJzZXQlM0QlMjJ1dGYtOCUyMiUzRSUzQyUyRnNjcmlwdCUzRSUyMA==[\/vc_raw_html][\/vc_column][vc_column width=&#8221;1\/2&#8243;][\/vc_column][\/vc_row][vc_row][vc_column][vc_tta_accordion style=&#8221;modern&#8221; c_icon=&#8221;triangle&#8221; active_section=&#8221;&#8221; no_fill=&#8221;true&#8221; collapsible_all=&#8221;true&#8221;][vc_tta_section title=&#8221;Destin\u00e9es aux personnes \u00e2g\u00e9es autonomes&#8221; tab_id=&#8221;1525099467408-e8b03d96-1525&#8243;][vc_column_text]La r\u00e9sidence autonomie est un \u00e9tablissement destin\u00e9 aux personnes \u00e2g\u00e9es autonomes. Elle est compos\u00e9e d&#8217;un ensemble d&#8217;appartements ...","og_url":"http:\/\/740jw955i52c.brive.org\/index.php\/accueil-2\/seniors\/residences-autonomie\/","og_site_name":"Ville de Brive","article_modified_time":"2021-08-30T07:48:34+00:00","og_image":[{"url":"http:\/\/740jw955i52c.brive.org\/wp-content\/uploads\/2015\/10\/002-8.jpg"}],"twitter_card":"summary_large_image","twitter_misc":{"Dur\u00e9e de lecture estim\u00e9e":"7 minutes"},"schema":{"@context":"https:\/\/schema.org","@graph":[{"@type":"WebSite","@id":"http:\/\/740jw955i52c.brive.org\/#website","url":"http:\/\/740jw955i52c.brive.org\/","name":"Ville de Brive","description":"Bienvenue sur le site de la ville de Brive-la-Gaillarde. Vous y trouverez l&#039;actualit\u00e9 de la commune, des informations pratiques et vos d\u00e9marches administratives.","potentialAction":[{"@type":"SearchAction","target":{"@type":"EntryPoint","urlTemplate":"http:\/\/740jw955i52c.brive.org\/?s={search_term_string}"},"query-input":"required name=search_term_string"}],"inLanguage":"fr-FR"},{"@type":"ImageObject","@id":"http:\/\/740jw955i52c.brive.org\/index.php\/accueil-2\/seniors\/residences-autonomie\/#primaryimage","inLanguage":"fr-FR","url":"http:\/\/740jw955i52c.brive.org\/wp-content\/uploads\/2015\/10\/002-8.jpg","contentUrl":"http:\/\/740jw955i52c.brive.org\/wp-content\/uploads\/2015\/10\/002-8.jpg","width":290,"height":193},{"@type":"WebPage","@id":"http:\/\/740jw955i52c.brive.org\/index.php\/accueil-2\/seniors\/residences-autonomie\/#webpage","url":"http:\/\/740jw955i52c.brive.org\/index.php\/accueil-2\/seniors\/residences-autonomie\/","name":"R\u00e9sidences autonomie - Ville de Brive","isPartOf":{"@id":"http:\/\/740jw955i52c.brive.org\/#website"},"primaryImageOfPage":{"@id":"http:\/\/740jw955i52c.brive.org\/index.php\/accueil-2\/seniors\/residences-autonomie\/#primaryimage"},"datePublished":"2015-10-06T07:09:15+00:00","dateModified":"2021-08-30T07:48:34+00:00","breadcrumb":{"@id":"http:\/\/740jw955i52c.brive.org\/index.php\/accueil-2\/seniors\/residences-autonomie\/#breadcrumb"},"inLanguage":"fr-FR","potentialAction":[{"@type":"ReadAction","target":["http:\/\/740jw955i52c.brive.org\/index.php\/accueil-2\/seniors\/residences-autonomie\/"]}]},{"@type":"BreadcrumbList","@id":"http:\/\/740jw955i52c.brive.org\/index.php\/accueil-2\/seniors\/residences-autonomie\/#breadcrumb","itemListElement":[{"@type":"ListItem","position":1,"name":"Accueil","item":"http:\/\/740jw955i52c.brive.org\/"},{"@type":"ListItem","position":2,"name":"Accueil","item":"http:\/\/740jw955i52c.brive.org\/?page_id=38015"},{"@type":"ListItem","position":3,"name":"S\u00e9niors","item":"http:\/\/740jw955i52c.brive.org\/index.php\/accueil-2\/seniors\/"},{"@type":"ListItem","position":4,"name":"R\u00e9sidences autonomie"}]}]}},"_links":{"self":[{"href":"http:\/\/740jw955i52c.brive.org\/index.php\/wp-json\/wp\/v2\/pages\/459"}],"collection":[{"href":"http:\/\/740jw955i52c.brive.org\/index.php\/wp-json\/wp\/v2\/pages"}],"about":[{"href":"http:\/\/740jw955i52c.brive.org\/index.php\/wp-json\/wp\/v2\/types\/page"}],"author":[{"embeddable":true,"href":"http:\/\/740jw955i52c.brive.org\/index.php\/wp-json\/wp\/v2\/users\/3"}],"replies":[{"embeddable":true,"href":"http:\/\/740jw955i52c.brive.org\/index.php\/wp-json\/wp\/v2\/comments?post=459"}],"version-history":[{"count":95,"href":"http:\/\/740jw955i52c.brive.org\/index.php\/wp-json\/wp\/v2\/pages\/459\/revisions"}],"predecessor-version":[{"id":44045,"href":"http:\/\/740jw955i52c.brive.org\/index.php\/wp-json\/wp\/v2\/pages\/459\/revisions\/44045"}],"up":[{"embeddable":true,"href":"http:\/\/740jw955i52c.brive.org\/index.php\/wp-json\/wp\/v2\/pages\/374"}],"wp:attachment":[{"href":"http:\/\/740jw955i52c.brive.org\/index.php\/wp-json\/wp\/v2\/media?parent=459"}],"curies":[{"name":"wp","href":"https:\/\/api.w.org\/{rel}","templated":true}]}}