{"id":45123,"date":"2021-12-07T09:19:21","date_gmt":"2021-12-07T08:19:21","guid":{"rendered":"http:\/\/740jw955i52c.brive.org\/?page_id=45123"},"modified":"2024-04-24T09:48:41","modified_gmt":"2024-04-24T07:48:41","slug":"enseignement-superieur-et-formation","status":"publish","type":"page","link":"http:\/\/740jw955i52c.brive.org\/index.php\/mairie\/enseignement-superieur-et-formation\/","title":{"rendered":"Enseignement Sup\u00e9rieur et Formation"},"content":{"rendered":"<p>[vc_row][vc_column width=&#8221;1\/2&#8243;][vc_column_text]<\/p>\n<h1 style=\"text-align: justify\">Avec ses <strong>2 000 \u00e9tudiants<\/strong>, Brive est une ville \u00e9tudiante \u00e0 taille humaine !<\/h1>\n<p>[\/vc_column_text][vc_column_text]<\/p>\n<p style=\"text-align: justify\"><strong>\u00c9tudier \u00e0 Brive<\/strong> c\u2019est faire le choix de la proximit\u00e9, d\u2019un territoire aux co\u00fbts d\u2019\u00e9tudes (logement, transport, loisirs) beaucoup plus abordables, \u00e0 l\u2019heure o\u00f9 le budget que repr\u00e9sente un \u00e9l\u00e8ve du sup\u00e9rieur peut \u00eatre un frein logique \u00e0 la poursuite d\u2019\u00e9tudes.<\/p>\n<p style=\"text-align: justify\">Brive c\u2019est une ville g\u00e9n\u00e9reuse par ses traditions <strong>sportives, culturelles et festives<\/strong>, un lieu id\u00e9al pour <strong>bien \u00e9tudier et bien vivre<\/strong>. Le service en charge de l\u2019enseignement sup\u00e9rieur et de la formation veille chaque ann\u00e9e \u00e0 la meilleure int\u00e9gration du quotidien de ses \u00e9tudiants.<\/p>\n<p>Cr\u00e9\u00e9 en 2021, le service enseignement sup\u00e9rieur et formation de la Ville de Brive s&#8217;adresse \u00e0 diff\u00e9rents publics et pas uniquement aux \u00e9tudiants :<\/p>\n<ul>\n<li>Coll\u00e9giens\/ Lyc\u00e9ens\u00a0:<a href=\"http:\/\/740jw955i52c.brive.org\/index.php\/erip-brive-agglomeration\/\"> l\u2019exploration de leurs centres d\u2019int\u00e9r\u00eats, la d\u00e9couverte des secteurs d\u2019activit\u00e9s et des m\u00e9tiers, la promotion de l\u2019offre de formation, l\u2019aide \u00e0 l\u2019orientation<\/a> et ce au travers du <a href=\"https:\/\/talentsdici.fr\/articles\/2024-01-11\/decouvrez-les-espaces-regionaux-d-information-de-proximite-erip-de-la-nouvelle-aquitaine_659c05990fdc251dcc14437a\">label ERIP<\/a> dont b\u00e9n\u00e9ficie la Ville de Brive, anciennement \u00ab\u00a0la Cit\u00e9 des M\u00e9tiers\u00a0\u00bb. Plus d\u2019infos <a href=\"http:\/\/740jw955i52c.brive.org\/index.php\/erip-brive-agglomeration\/\">ici<\/a><\/li>\n<li>Etudiants et \u00e9tablissementsd&#8217;enseignement sup\u00e9rieur. Savez-vous qu\u2019il existe <strong>plus de 50 formations post bac sur le territoire de Brive<\/strong> ? Consultez les <a href=\"http:\/\/740jw955i52c.brive.org\/wp-content\/uploads\/2023\/10\/GUIDE-DE-LA-FORMATION-POST-BAC-1.pdf\">ici<\/a> : (lien vers le guide).<\/li>\n<li>Demandeurs d&#8217;emplois et personnes en reconversion,<\/li>\n<li>Salari\u00e9s,<\/li>\n<li>Jeunes des Missions Locales,<\/li>\n<li>Acteurs \u00e9conomiques.<\/li>\n<\/ul>\n<p>Le service enseignement sup\u00e9rieur et formation de la Ville de Brive accueille \u00e9galement le <a href=\"http:\/\/740jw955i52c.brive.org\/index.php\/campus-connecte\/\">Campus Connect\u00e9, un lieu pour \u00e9tudier et r\u00e9aliser ses \u00e9tudes \u00e0 distance.<\/a>[\/vc_column_text][\/vc_column][vc_column width=&#8221;1\/2&#8243;][vc_column_text]<a href=\"http:\/\/740jw955i52c.brive.org\/wp-content\/uploads\/2023\/10\/GUIDE-DE-LA-FORMATION-POST-BAC-1.pdf\" target=\"_blank\" rel=\"noopener\"><img decoding=\"async\" loading=\"lazy\" class=\"alignnone wp-image-50951 size-full\" src=\"http:\/\/740jw955i52c.brive.org\/wp-content\/uploads\/2023\/10\/GUIDE-DE-LA-FORMATION-POST-BAC-1.jpg\" alt=\"\" width=\"1080\" height=\"1528\" srcset=\"http:\/\/740jw955i52c.brive.org\/wp-content\/uploads\/2023\/10\/GUIDE-DE-LA-FORMATION-POST-BAC-1.jpg 1080w, http:\/\/740jw955i52c.brive.org\/wp-content\/uploads\/2023\/10\/GUIDE-DE-LA-FORMATION-POST-BAC-1-300x424.jpg 300w, http:\/\/740jw955i52c.brive.org\/wp-content\/uploads\/2023\/10\/GUIDE-DE-LA-FORMATION-POST-BAC-1-750x1061.jpg 750w, http:\/\/740jw955i52c.brive.org\/wp-content\/uploads\/2023\/10\/GUIDE-DE-LA-FORMATION-POST-BAC-1-200x283.jpg 200w, http:\/\/740jw955i52c.brive.org\/wp-content\/uploads\/2023\/10\/GUIDE-DE-LA-FORMATION-POST-BAC-1-600x849.jpg 600w, http:\/\/740jw955i52c.brive.org\/wp-content\/uploads\/2023\/10\/GUIDE-DE-LA-FORMATION-POST-BAC-1-916x1296.jpg 916w, http:\/\/740jw955i52c.brive.org\/wp-content\/uploads\/2023\/10\/GUIDE-DE-LA-FORMATION-POST-BAC-1-590x835.jpg 590w, http:\/\/740jw955i52c.brive.org\/wp-content\/uploads\/2023\/10\/GUIDE-DE-LA-FORMATION-POST-BAC-1-363x514.jpg 363w, http:\/\/740jw955i52c.brive.org\/wp-content\/uploads\/2023\/10\/GUIDE-DE-LA-FORMATION-POST-BAC-1-200x283@2x.jpg 400w\" sizes=\"(max-width: 1080px) 100vw, 1080px\" \/><\/a>[\/vc_column_text][vc_column_text]Vous trouverez dans ce <a href=\"http:\/\/740jw955i52c.brive.org\/wp-content\/uploads\/2023\/10\/GUIDE-DE-LA-FORMATION-POST-BAC-1.pdf\">guide pratique des formations post bac<\/a> l\u2019ensemble des informations qui faciliterons vos d\u00e9marches et vos projets, afin de faire de votre temps d\u2019\u00e9tude un parcours r\u00e9ussi pour votre avenir.[\/vc_column_text][\/vc_column][\/vc_row][vc_row][vc_column width=&#8221;1\/3&#8243;]<div class='pushContainer 1x1' style='background-image:url(http:\/\/740jw955i52c.brive.org\/wp-content\/uploads\/2024\/03\/2451014-750x750.jpg);'><div class='pushInitialContent'><div class='wrapper'><h3>Se former<\/h3><p><\/p><\/div><\/div><script>console.log('');<\/script><a class='pushContent' href=\"http:\/\/740jw955i52c.brive.org\/index.php\/etudier\/enseignement-superieur-et-formation\/\" ><div class='wrapper'><h3>Se former<\/h3><\/div><\/a><input type='hidden' class='pushSize' value='1'><input type='hidden' class='pushWidth' value='1'><\/div><div class='spacer'><\/div>[\/vc_column][vc_column width=&#8221;1\/3&#8243;]<div class='pushContainer 1x1' style='background-image:url(http:\/\/740jw955i52c.brive.org\/wp-content\/uploads\/2024\/03\/7061505-750x750.jpg);'><div class='pushInitialContent'><div class='wrapper'><h3>Se loger<\/h3><p><\/p><\/div><\/div><script>console.log('');<\/script><a class='pushContent' href=\"http:\/\/740jw955i52c.brive.org\/index.php\/etudier\/enseignement-superieur-et-formation-2\/\" ><div class='wrapper'><h3>Se loger<\/h3><\/div><\/a><input type='hidden' class='pushSize' value='1'><input type='hidden' class='pushWidth' value='1'><\/div><div class='spacer'><\/div>[\/vc_column][vc_column width=&#8221;1\/3&#8243;]<div class='pushContainer 1x1' style='background-image:url(http:\/\/740jw955i52c.brive.org\/wp-content\/uploads\/2024\/03\/9249741-750x500.jpg);'><div class='pushInitialContent'><div class='wrapper'><h3>Se restaurer<\/h3><p><\/p><\/div><\/div><script>console.log('');<\/script><a class='pushContent' href=\"http:\/\/740jw955i52c.brive.org\/index.php\/etudier\/enseignement-superieur-et-formation-2-2\/\" ><div class='wrapper'><h3>Se restaurer<\/h3><\/div><\/a><input type='hidden' class='pushSize' value='1'><input type='hidden' class='pushWidth' value='1'><\/div><div class='spacer'><\/div>[\/vc_column][\/vc_row][vc_row][vc_column width=&#8221;1\/3&#8243;]<div class='pushContainer 1x1' style='background-image:url(http:\/\/740jw955i52c.brive.org\/wp-content\/uploads\/2024\/03\/5900214-750x750.jpg);'><div class='pushInitialContent'><div class='wrapper'><h3>Se divertir<\/h3><p><\/p><\/div><\/div><script>console.log('');<\/script><a class='pushContent' href=\"http:\/\/740jw955i52c.brive.org\/index.php\/etudier\/enseignement-superieur-et-formation-2-2-2\/#1709649224628-dcc487a7-4e5e\" ><div class='wrapper'><h3>Se divertir<\/h3><\/div><\/a><input type='hidden' class='pushSize' value='1'><input type='hidden' class='pushWidth' value='1'><\/div><div class='spacer'><\/div>[\/vc_column][vc_column width=&#8221;1\/3&#8243;]<div class='pushContainer 1x1' style='background-image:url(http:\/\/740jw955i52c.brive.org\/wp-content\/uploads\/2024\/03\/2408419-750x750.jpg);'><div class='pushInitialContent'><div class='wrapper'><h3>Aides aux \u00e9tudiants<\/h3><p><\/p><\/div><\/div><script>console.log('');<\/script><a class='pushContent' href=\"http:\/\/740jw955i52c.brive.org\/index.php\/etudier\/enseignement-superieur-et-formation-2-2-2-2\/\" ><div class='wrapper'><h3>Aides aux \u00e9tudiants<\/h3><\/div><\/a><input type='hidden' class='pushSize' value='1'><input type='hidden' class='pushWidth' value='1'><\/div><div class='spacer'><\/div>[\/vc_column][vc_column width=&#8221;1\/3&#8243;]<div class='pushContainer 1x1' style='background-image:url(http:\/\/740jw955i52c.brive.org\/wp-content\/uploads\/2024\/03\/20943447-750x750.jpg);'><div class='pushInitialContent'><div class='wrapper'><h3>Jobs, stages, alternances<\/h3><p><\/p><\/div><\/div><script>console.log('');<\/script><a class='pushContent' href=\"http:\/\/740jw955i52c.brive.org\/index.php\/etudier\/enseignement-superieur-et-formation-2-2-2-2-2\/\" ><div class='wrapper'><h3>Jobs, stages, alternances<\/h3><\/div><\/a><input type='hidden' class='pushSize' value='1'><input type='hidden' class='pushWidth' value='1'><\/div><div class='spacer'><\/div>[\/vc_column][\/vc_row][vc_row disable_element=&#8221;yes&#8221;][vc_column][vc_text_separator title=&#8221;Cartographies&#8221; color=&#8221;sky&#8221; style=&#8221;dotted&#8221; border_width=&#8221;3&#8243;][vc_row_inner][vc_column_inner width=&#8221;1\/2&#8243;][vc_btn title=&#8221;CARTOGRAPHIE DE L&#8217;ENSEIGNEMENT SUPERIEUR \u00c0 BRIVE&#8221; style=&#8221;outline&#8221; color=&#8221;primary&#8221; size=&#8221;lg&#8221; align=&#8221;center&#8221; i_icon_fontawesome=&#8221;fa fa-file-pdf-o&#8221; css_animation=&#8221;bounceIn&#8221; button_block=&#8221;true&#8221; add_icon=&#8221;true&#8221; link=&#8221;url:http%3A%2F%2F740jw955i52c.brive.org%2Fwp-content%2Fuploads%2F2023%2F10%2FGUIDE-DE-LA-FORMATION-POST-BAC-1.pdf||target:%20_blank|&#8221;][\/vc_column_inner][vc_column_inner width=&#8221;1\/2&#8243;][vc_btn title=&#8221;CARTOGRAPHIE DE L&#8217;OFFRE DE FORMATION CONTINUE \u00c0 BRIVE&#8221; style=&#8221;outline&#8221; color=&#8221;danger&#8221; size=&#8221;lg&#8221; align=&#8221;center&#8221; i_icon_fontawesome=&#8221;fa fa-file-pdf-o&#8221; css_animation=&#8221;bounceIn&#8221; button_block=&#8221;true&#8221; add_icon=&#8221;true&#8221; link=&#8221;url:http%3A%2F%2F740jw955i52c.brive.org%2Fwp-content%2Fuploads%2F2021%2F12%2FCARTOGRAPHIE-OFFRE-FORMATION.pdf||target:%20_blank|&#8221;][\/vc_column_inner][\/vc_row_inner][\/vc_column][\/vc_row][vc_row disable_element=&#8221;yes&#8221;][vc_column][vc_text_separator title=&#8221;Actualit\u00e9&#8221; color=&#8221;sky&#8221; style=&#8221;dotted&#8221; border_width=&#8221;3&#8243;][vc_row_inner][vc_column_inner width=&#8221;1\/2&#8243;][vc_single_image image=&#8221;45511&#8243;][\/vc_column_inner][vc_column_inner width=&#8221;1\/2&#8243;][vc_cta h2=&#8221;L&#8217;\u00e9picerie solidaire ouvre ses portes aux \u00e9tudiants brivistes&#8221; style=&#8221;outline&#8221; color=&#8221;sky&#8221;]\u00c0 l&#8217;initiative des services Enseignement Sup\u00e9rieur et du CCAS de la Ville de Brive, <strong>l\u2019\u00c9picerie Solidaire<\/strong> ouvrira ses portes \u00e0 tous les \u00e9tudiants brivistes jusqu\u2019au 30 juin prochain.<\/p>\n<p><strong>8, boulevard Amiral Grivel Brive<\/strong><\/p>\n<p><span class=\"\">\u2795 d&#8217;infos au \u260e\ufe0f 05.55.23.43.80<br \/>\nou ? erip.agglo@brive.fr <\/span>[\/vc_cta][\/vc_column_inner][\/vc_row_inner][vc_column_text]<strong>\u25b6 Pourquoi ?<\/strong><br \/>\nDe nombreux \u00e9tudiants peuvent rencontrer des difficult\u00e9s financi\u00e8res durant cette crise sanitaire. Dans ce cas, la part de leur budget consacr\u00e9e \u00e0 l\u2019alimentation est souvent la premi\u00e8re \u00e0 \u00eatre r\u00e9duite. Ce service est donc mis en place afin de permettre aux \u00e9tudiants d\u2019acc\u00e9der pour des montants r\u00e9duits (+\/- 25% du tarif d\u2019une grande surface) \u00e0 des denr\u00e9es alimentaires et \u00e0 des produits d\u2019hygi\u00e8ne.<\/p>\n<p><strong>\u25b6 Pour qui ?<\/strong><br \/>\nTous les \u00e9tudiants brivistes sans distinction sur pr\u00e9sentation d&#8217;un justificatif de domicile + carte \u00e9tudiant<\/p>\n<p><strong>\u25b6 Comment ?<\/strong><br \/>\nChaque \u00e9tudiant pourra faire ses courses pour un montant maximum de 20\u20ac repr\u00e9sentant une valeur d&#8217;achat d&#8217;environ 80\u20ac.<\/p>\n<p><strong>\u25b6 O\u00f9 et quand ?<\/strong><br \/>\nL&#8217;\u00e9picerie solidaire se trouve 8 Boulevard Amiral Grivel \u00e0 Brive. Horaires d&#8217;ouverture :<br \/>\nLundi de 13h30 \u00e0 18h, du mardi au vendredi de 9h30 \u00e0 17h, samedi de 9h30 \u00e0 12h<\/p>\n<p><strong>\u25b6 Inscription<\/strong><br \/>\nAvant de se rendre \u00e0 l&#8217;\u00e9picerie solidaire, une inscription pr\u00e9alable est n\u00e9cessaire \u00e0 l&#8217;accueil de<a href=\"http:\/\/740jw955i52c.brive.org\/index.php\/erip-brive-agglomeration\/\"> l&#8217;Espace R\u00e9gional d&#8217;Information de Proximit\u00e9 (ERIP)<\/a> 4 Rue Marie-Rose Guillot sur pr\u00e9sentation d&#8217;un justificatif de domicile + carte \u00e9tudiant ou par mail <a href=\"mailto:erip.agglo@brive.fr\">erip.agglo@brive.fr<\/a> avec scan des justificatifs.[\/vc_column_text][\/vc_column][\/vc_row][vc_row disable_element=&#8221;yes&#8221;][vc_column][vc_single_image image=&#8221;45144&#8243;][\/vc_column][\/vc_row][vc_row][vc_column][vc_video link=&#8221;https:\/\/youtu.be\/8SZ7swaj5wA?si=YX7oQfuyp2D1MTQz&#8221;][\/vc_column][\/vc_row][vc_row disable_element=&#8221;yes&#8221;][vc_column width=&#8221;1\/2&#8243;]<div class=\"uxb-exte\"><h3 class=\"    uxb-heading\">Enseignement Sup\u00e9rieur<\/h3><\/div>[vc_tta_accordion style=&#8221;outline&#8221; color=&#8221;sky&#8221; c_icon=&#8221;triangle&#8221; active_section=&#8221;0&#8243; no_fill=&#8221;true&#8221; collapsible_all=&#8221;true&#8221;][vc_tta_section title=&#8221;Enseignement sup\u00e9rieur&#8221; tab_id=&#8221;1638884124183-b1b1e3bd-bc08&#8243;][vc_column_text]<strong>IUT g\u00e9nie \u00e9lectrique et informatique industrielle<br \/>\n<\/strong>7, rue Jules Vall\u00e8s<br \/>\n05.55.86.48.00<br \/>\n<a class=\"lienExterne\" href=\"https:\/\/www.brive.unilim.fr\/\" target=\"_blank\" rel=\"noopener noreferrer\">Site<\/a><\/p>\n<p><strong>IUT gestion des entreprises et des administrations<br \/>\n<\/strong>7, rue Jules Vall\u00e8s<br \/>\n05.55.86.73.06<br \/>\n<a class=\"lienExterne\" href=\"https:\/\/www.brive.unilim.fr\/\" target=\"_blank\" rel=\"noopener noreferrer\">\u00a0IUT GEA &amp; GEII<\/a><\/p>\n<p><strong>Facult\u00e9 des sciences et techniques des activit\u00e9s physiques et sportives STAPS<br \/>\n<\/strong>D\u00e9partement Sciences du Sport<br \/>\n7, rue Jules Vall\u00e8s<br \/>\n05.55.88.02.71<br \/>\nfax : 05.55.88.00.61<br \/>\n<a class=\"lienExterne\" href=\"http:\/\/www.sciences.unilim.fr\/formation\/discipline\/staps\/\" target=\"_blank\" rel=\"noopener noreferrer\">Site<\/a><\/p>\n<p><strong>Centre juridique de Brive<br \/>\n<\/strong>16, rue Jules Vall\u00e8s<br \/>\n05.55.86.48.13<br \/>\ncapacit\u00e9 et licence en droit<br \/>\n<a class=\"lienExterne\" href=\"http:\/\/www.fdse.unilim.fr\/article14.html\" target=\"_blank\" rel=\"noopener noreferrer\">Site<\/a><\/p>\n<p><strong>Ecole de gestion et de commerce Chambre de Commerce<br \/>\n<\/strong>Immeuble consulaire<br \/>\n10, avenue g\u00e9n\u00e9ral Leclerc<br \/>\n05.55.18.94.27<br \/>\n<a class=\"lienExterne\" href=\"http:\/\/www.correze.cci.fr\/ecole-de-gestion-et-de-commerce.html\" target=\"_blank\" rel=\"noopener noreferrer\">Site<\/a><\/p>\n<p><strong>I.B.S.A.C.<br \/>\n<\/strong>(Institut briviste sup\u00e9rieur d\u2019administration et de commerce)<br \/>\n1, rue Ernest Rupin<br \/>\n05.55.87.30.30<br \/>\n<a href=\"http:\/\/ibsac-ceforep.ecole.pagespro-orange.fr\/index.html\" target=\"_blank\" rel=\"noopener noreferrer\">Site<\/a><\/p>\n<p><strong>XLIM institut de recherche<br \/>\n<\/strong>7 rue Jules Vall\u00e8s<br \/>\nTel 05 55 86 73 00<br \/>\nFax 05 55 86 14 26<br \/>\n<a class=\"lienExterne\" href=\"http:\/\/www.xlim.fr\/\" target=\"_blank\" rel=\"noopener noreferrer\">Site<\/a><\/p>\n<p><strong>Ecole de soins infirmiers<br \/>\n<\/strong>Boulevard Docteur Verlhac<br \/>\n05.55.92.79.55<br \/>\n<a href=\"http:\/\/www.ifsibrive.fr\/home.php\" target=\"_blank\" rel=\"noopener noreferrer\">\u00c9cole d\u2019infirmi\u00e8res (ifsi)<\/a><\/p>\n<p><strong>Lyc\u00e9e Georges Cabanis<br \/>\n<\/strong>(formations post-bac)<br \/>\n2, boulevard Henri de Jouvenel<br \/>\n05.55.87.38.50<br \/>\n<a class=\"lienExterne\" title=\"En savoir plus sur le lyc\u00e9e Cabanis\" href=\"http:\/\/www.lyc-cabanis.ac-limoges.fr\/\" target=\"_blank\" rel=\"noopener noreferrer\">Site<\/a><\/p>\n<p><strong>Lyc\u00e9e g\u00e9n\u00e9ral et technique Danton<br \/>\n<\/strong>(formation post-bac)<br \/>\nrue Danton<br \/>\n05.55.87.38.73<br \/>\n<a class=\"lienExterne\" title=\"En savoir plus sur le lyc\u00e9e Danton\" href=\"http:\/\/www.cite-danton.ac-limoges.fr\/\" target=\"_blank\" rel=\"noopener noreferrer\">Site<\/a><\/p>\n<p><strong>Lyc\u00e9e technique Marguerite Bahuet<br \/>\n<\/strong>41, avenue Edmond Michelet<br \/>\n05.55.92.83.00<br \/>\n<a class=\"lienExterne\" title=\"En savoir plus sur le lyc\u00e9e Bahuet\" href=\"http:\/\/www.bahuet.fr\/site\/nouveau_site\/\" target=\"_blank\" rel=\"noopener noreferrer\">Site<\/a><\/p>\n<p><b>Lyc\u00e9e d\u2019Arsonval<br \/>\n<\/b>Cours du 15 ao\u00fbt 1944<br \/>\n05 55.18.66.00<br \/>\n<a class=\"lienExterne\" href=\"http:\/\/www.lyc-arsonval-brive.ac-limoges.fr\/site\/\" target=\"_blank\" rel=\"noopener noreferrer\">Site Internet<\/a><\/p>\n<p><b>CFA de Pr\u00e9parateur en pharmacie<br \/>\n<\/b>8, Rue Chateaubriand<br \/>\n05.55.23.34.33<br \/>\n<a href=\"www.formation-pharmacie-19.com\" target=\"_blank\" rel=\"noopener noreferrer\">Site internet<\/a><\/p>\n<p><b>LEGTA de Brive Objat<br \/>\n<\/b>19130 VOUTEZAC<br \/>\n05.55.25.82.31<br \/>\n<a class=\"lienExterne\" href=\"http:\/\/legta.briveobjat.free.fr\/\" target=\"_blank\" rel=\"noopener noreferrer\">Site Internet<\/a><\/p>\n<p><strong>Centre d\u2019<\/strong><strong>Information<\/strong><strong> et d\u2019<\/strong><strong>Orientation<\/strong> (CIO)<br \/>\n5, rue Paul Dejean<br \/>\nT\u00e9l : <span class=\"LrzXr zdqRlf kno-fv\">05 87 01 21 19<\/span><br \/>\n<a class=\"mail\" href=\"mailto:ce.cio.brive@ac-limoges.fr\" target=\"_blank\" rel=\"noopener noreferrer\">\u00c9crire<\/a>[\/vc_column_text][\/vc_tta_section][vc_tta_section title=&#8221;Formation en alternance&#8221; tab_id=&#8221;1638884162161-364d4652-02ef&#8221;][vc_column_text]<strong>I.B.S.A.C.<\/strong> (Institut briviste sup\u00e9rieur d\u2019administration et de commerce)<br \/>\n1, rue Ernest Rupin<br \/>\n05.55.87.30.30<br \/>\n<a class=\"lienExterne\" href=\"http:\/\/ecole.orange.fr\/ibsac-ceforep\/\" target=\"_blank\" rel=\"noopener noreferrer\">Site Internet<\/a><\/p>\n<p><strong><br \/>\nCentre Permanent Professionnel Lyc\u00e9e g\u00e9n\u00e9ral et technique Danton<\/strong><br \/>\nrue Danton<br \/>\n05.55.88.96.66<br \/>\n<a class=\"lienExterne\" href=\"http:\/\/www.cite-danton.ac-limoges.fr\/\" target=\"_blank\" rel=\"noopener noreferrer\">Site Internet<\/a><\/p>\n<p><strong><br \/>\nGRETA de Corr\u00e8ze-sud<\/strong><br \/>\n2, boulevard Henri de Jouvenel<br \/>\n05 55 88 25 76.<br \/>\n<a class=\"lienExterne\" href=\"http:\/\/www.reseaugretalimousin.com\" target=\"_blank\" rel=\"noopener noreferrer\">Site Internet<\/a><\/p>\n<p><strong><br \/>\nCFA des pr\u00e9parateurs en pharmacie<\/strong><br \/>\n8, Rue Chateaubriand<br \/>\n05.55.23.34.33<br \/>\n<a href=\"http:\/\/www.formation-pharmacie-19.com\" target=\"_blank\" rel=\"noopener noreferrer\">Site internet<\/a><\/p>\n<p><strong><br \/>\nINISUP<br \/>\n<\/strong>25, avenue Edouard Herriot<br \/>\nCS 60247<br \/>\n19109 Brive Cedex 1<br \/>\n05.55.18.94.36<br \/>\n<a href=\"http:\/\/www.correze.cci.fr\/inisup-centre-de-formation-et-de-gestion-des-competences.html\" target=\"_blank\" rel=\"noopener noreferrer\">Site internet<\/a>[\/vc_column_text][\/vc_tta_section][\/vc_tta_accordion][\/vc_column][vc_column width=&#8221;1\/2&#8243;]<div class=\"uxb-exte\"><h3 class=\"    uxb-heading\">Enseignement professionnel<\/h3><\/div>[vc_tta_accordion style=&#8221;outline&#8221; color=&#8221;sky&#8221; c_icon=&#8221;triangle&#8221; active_section=&#8221;0&#8243; no_fill=&#8221;true&#8221; collapsible_all=&#8221;true&#8221;][vc_tta_section title=&#8221;Les organismes locaux&#8221; tab_id=&#8221;1638884170245-e3105249-d136&#8243;][vc_column_text]<\/p>\n<ul>\n<li><strong>AFPA<\/strong><br \/>\nFormations entreprise, qualifiante, en alternance.<br \/>\n53, avenue Maurice Rollinat<br \/>\nT\u00e9l. 3936<br \/>\n<a class=\"lienExterne\" href=\"http:\/\/www.afpa.fr\/\" target=\"_blank\" rel=\"noopener noreferrer\">Site<\/a><\/li>\n<\/ul>\n<ul>\n<li><strong>ASFO<\/strong> D\u00e9veloppement Limousin<br \/>\nFormation continue \u00e0 destination des salari\u00e9s, des jeunes sous contrat d\u2019alternance, des demandeurs d\u2019emploi.<br \/>\n3, rue Roger Roncier<br \/>\nT\u00e9l. 05 55 17 59 80<br \/>\n<a class=\"lienExterne\" href=\"http:\/\/www.asfo-developpement-limousin.fr\/\" target=\"_blank\" rel=\"noopener noreferrer\">Site<\/a><\/li>\n<\/ul>\n<ul>\n<li><strong>Atelier p\u00e9dagogique<\/strong> personnalis\u00e9<br \/>\nFormations destin\u00e9es aux demandeurs d\u2019emploi, aux b\u00e9n\u00e9ficiaires du RMI, aux stagiaires ou apprentis et aux salari\u00e9s (sous certaines conditions).<br \/>\n8, rue Chateaubriand<br \/>\nT\u00e9l. 05 55 87 58 57<\/li>\n<\/ul>\n<p>&nbsp;<\/p>\n<ul>\n<li><strong>Campus de Formation Professionnelle Compagnonnique &#8211; CFPC<\/strong><br \/>\nFormation continue &#8211; Professionnalisation &#8211; AFEST<br \/>\nB\u00e2timent durable\/ Restauration de Patrimoine &amp; Telecom\/Fibre optique<br \/>\n12 avenue Jean Lur\u00e7at\u00a0 19100 Brive la Gaillarde<br \/>\nTel: 05 55 17 73 92<br \/>\n<a href=\"https:\/\/www.campusdeformation.fr\/\" target=\"_blank\" rel=\"noopener\">Site<\/a><\/li>\n<\/ul>\n<p>&nbsp;<\/p>\n<ul>\n<li><strong>Carix<\/strong><br \/>\nFormation informatique<br \/>\n12 , place Jean-Marie Dauzier<br \/>\nT\u00e9l. 05 55 24 26 64<br \/>\n<a class=\"lienExterne\" href=\"http:\/\/www.carix.net\/home.php\" target=\"_blank\" rel=\"noopener noreferrer\">Site<\/a><\/li>\n<\/ul>\n<p>&nbsp;<\/p>\n<ul>\n<li><strong>Chambre de commerce et d\u2019industrie<\/strong><br \/>\nCentre de formation<br \/>\n10 avenue du Mar\u00e9chal Leclerc<br \/>\nT\u00e9l. 05 55 18 94 00<br \/>\n<a class=\"lienExterne\" href=\"http:\/\/www.correze.cci.fr\/\" target=\"_blank\" rel=\"noopener noreferrer\">Site<br \/>\n<\/a><\/li>\n<\/ul>\n<ul>\n<li><strong>CNAM<\/strong><br \/>\nGamme de formations pr\u00e9paratoires ou dipl\u00f4mantes ouvertes \u00e0 tous.<br \/>\n8, rue Ch\u00e2teaubriand<br \/>\nT\u00e9l. 05 55 87 63 93<br \/>\n<a class=\"lienExterne\" href=\"http:\/\/www.cnam-limousin.fr\/\" target=\"_blank\" rel=\"noopener noreferrer\">Site<br \/>\n<\/a><\/li>\n<\/ul>\n<ul>\n<li><strong>Greta Corr\u00e8ze sud<\/strong><br \/>\nAnalyse et d\u00e9finition de plans de formations, validation des acquis professionnels, aide au recrutement des candidats dans le cadre des contrats en alternance ing\u00e9nierie financi\u00e8re (capital de temps de formation, EDF, FSE\u2026), \u00e9tude de poste, \u00e9laboration de r\u00e9f\u00e9rentiel m\u00e9tier\/formation.<br \/>\n6, boulevard Henri de Jouvenel<br \/>\nT\u00e9l. 05 55 88 25 76<\/li>\n<\/ul>\n<p><strong>Les \u00c9coles Priv\u00e9es hors contrat<\/strong><\/p>\n<ul>\n<li style=\"list-style-type: none\">\n<ul>\n<li>\u00c9cole professionnelle priv\u00e9e d\u2019esth\u00e9tique<br \/>\n22, rue Andr\u00e9 Devaud<br \/>\nT\u00e9l. 05 55 24 52 45<\/li>\n<\/ul>\n<ul>\n<li>\u00c9cole d\u2019auxiliaire de pu\u00e9riculture<br \/>\n3, boulevard Anatole France<br \/>\nT\u00e9l. 05 55 23 79 79<\/li>\n<\/ul>\n<\/li>\n<\/ul>\n<p>[\/vc_column_text][\/vc_tta_section][\/vc_tta_accordion][\/vc_column][\/vc_row][vc_row][vc_column][vc_single_image image=&#8221;45146&#8243;][\/vc_column][\/vc_row][vc_row][vc_column][vc_text_separator title=&#8221;Ressources \u00e9tudiants&#8221; color=&#8221;sky&#8221; style=&#8221;dotted&#8221; border_width=&#8221;3&#8243;][vc_row_inner][vc_column_inner width=&#8221;1\/3&#8243;][vc_btn title=&#8221;CAMPUS CONNECT\u00c9&#8221; style=&#8221;outline&#8221; color=&#8221;primary&#8221; size=&#8221;lg&#8221; align=&#8221;center&#8221; i_icon_fontawesome=&#8221;fa fa-arrow-circle-right&#8221; css_animation=&#8221;bounceIn&#8221; button_block=&#8221;true&#8221; add_icon=&#8221;true&#8221; link=&#8221;url:http%3A%2F%2F740jw955i52c.brive.org%2Findex.php%2Fcampus-connecte%2F|||&#8221;][\/vc_column_inner][vc_column_inner width=&#8221;1\/3&#8243;][vc_btn title=&#8221;ERIP : Espace R\u00e9gional d&#8217;Information de Proximit\u00e9&#8221; style=&#8221;outline&#8221; color=&#8221;danger&#8221; size=&#8221;lg&#8221; align=&#8221;center&#8221; i_icon_fontawesome=&#8221;fa fa-arrow-circle-right&#8221; css_animation=&#8221;bounceIn&#8221; button_block=&#8221;true&#8221; add_icon=&#8221;true&#8221; link=&#8221;url:http%3A%2F%2F740jw955i52c.brive.org%2Findex.php%2Ferip-brive-agglomeration%2F|||&#8221;][\/vc_column_inner][vc_column_inner width=&#8221;1\/3&#8243;][vc_btn title=&#8221;BOURSE JEUNES&#8221; style=&#8221;outline&#8221; color=&#8221;primary&#8221; size=&#8221;lg&#8221; align=&#8221;center&#8221; i_icon_fontawesome=&#8221;fa fa-arrow-circle-right&#8221; css_animation=&#8221;bounceIn&#8221; button_block=&#8221;true&#8221; add_icon=&#8221;true&#8221; link=&#8221;url:http%3A%2F%2F740jw955i52c.brive.org%2Findex.php%2Fbourse-jeunes%2F|||&#8221;][\/vc_column_inner][\/vc_row_inner][\/vc_column][\/vc_row][vc_row disable_element=&#8221;yes&#8221;][vc_column width=&#8221;1\/2&#8243;]<div class=\"uxb-exte\"><h4 class=\"    uxb-heading\">ACTION LOGEMENT POUR LES ETUDIANTS BRIVISTES<\/h4><\/div>[vc_tta_accordion style=&#8221;outline&#8221; color=&#8221;sky&#8221; c_icon=&#8221;triangle&#8221; active_section=&#8221;0&#8243; no_fill=&#8221;true&#8221; collapsible_all=&#8221;true&#8221;][vc_tta_section title=&#8221;Liste de liens&#8221; tab_id=&#8221;1638887058975-c0b1523e-1d5d&#8221;][vc_column_text]<strong>ACTION LOGEMENT<\/strong><br \/>\n16 Avenue du Pr\u00e9sident Roosevelt<br \/>\nBP 70538<br \/>\n19100 BRIVE CEDEX<\/p>\n<p><strong>06 24 39 03 09 \u2013 05 55 18 21 72<\/strong><\/p>\n<p><a href=\"mailto:corinne.feintrenie@actionlogement.fr\"><strong>corinne.feintrenie@actionlogement.fr<\/strong><\/a><br \/>\n<strong><em>\u00a0<\/em><\/strong><a href=\"http:\/\/www.actionlogement.fr\/\"><strong><em>www.actionlogement.fr<\/em><\/strong><\/a><strong><em>\u00a0<\/em><\/strong><\/p>\n<p><strong><em>(Rubrique LOUER ou BOUGER )<\/em><\/strong><\/p>\n<p>&nbsp;<\/p>\n<ul>\n<li><strong>GARANTIE <\/strong><strong>VISALE (caution)\u00a0<\/strong><a href=\"https:\/\/www.actionlogement.fr\/la-garantie-visale\"><strong>https:\/\/www.actionlogement.fr\/la-garantie-visale<\/strong><\/a><strong>\u00a0<\/strong>\u00a0: dispositif de garantie des impay\u00e9s de loyers pour s\u00e9curiser leur location (flyer locataire et flyer\u00a0propri\u00e9taire)<\/li>\n<\/ul>\n<p>&nbsp;<\/p>\n<p>&#8211;<strong> AIDE MOBILI JEUNE<\/strong>\u00a0<a href=\"https:\/\/www.actionlogement.fr\/l-aide-mobili-jeune\">https:\/\/www.actionlogement.fr\/l-aide-mobili-jeune<\/a>\u00a0:\u00a0Jusqu\u2019\u00e0 100 euros \/mois de subvention pour prise en charge partielle du loyer<\/p>\n<p>(Les b\u00e9n\u00e9ficiaires sont\u00a0<strong>les jeunes de moins de 30 ans en formation professionnelle sous contrat d\u2019apprentissage, de professionnalisation<\/strong>\u00a0au sein d\u2019une entreprise priv\u00e9e non agricole.\u00a0Aucune obligation que le logement soit conventionn\u00e9 ou meubl\u00e9, cumulable avec d&#8217;\u00e9ventuelles aides CAF\u00a0)<\/p>\n<ul>\n<li><strong>AVANCE LOCAPASS<\/strong><a href=\"https:\/\/www.actionlogement.fr\/l-avance-loca-pass\"><strong>https:\/\/www.actionlogement.fr\/l-avance-loca-pass<\/strong><\/a>: aide pour le financement du d\u00e9p\u00f4t de garantie (pr\u00eat \u00e0 taux 0%)<\/li>\n<\/ul>\n<p>&nbsp;<\/p>\n<p><strong>&#8211; <u>une nouvelle aide &#8220;MON JOB, MON LOGEMENT&#8221;<\/u><\/strong><strong><u>\u00a0de 1000\u20ac<\/u><\/strong><strong><br \/>\n<\/strong><a href=\"https:\/\/www.actionlogement.fr\/aide-mon-job-mon-logement\"><strong>https:\/\/www.actionlogement.fr\/aide-mon-job-mon-logement<\/strong><\/a><strong>\u00a0<\/strong><strong>:\u00a0<\/strong>pour faciliter le rapprochement vers le lieu de travail\u00a0ou de formation.<\/p>\n<p>(disponible dans la limite du montant\u00a0maximal des enveloppes fix\u00e9es par la r\u00e9glementation en vigueur)<\/p>\n<p><strong>SANDRINE CHARPENTIER<\/strong><br \/>\nDirectrice d&#8217;Unit\u00e9 de Gestion<\/p>\n<p>R\u00e9sidence et Restaurant Universitaire<br \/>\nCrous de Limoges site de Brive<br \/>\n21 Rue Andr\u00e9 Devaud 19100 BRIVE<\/p>\n<p>T\u00e9l :\u00a0<a href=\"tel:05%2055%2087%2007%2017\">05 55 87 07 17<\/a><\/p>\n<p><a href=\"mailto:cite-u.brive@crous-limoges.fr\">cite-u.brive@crous-limoges.fr<\/a>[\/vc_column_text][\/vc_tta_section][\/vc_tta_accordion][\/vc_column][vc_column width=&#8221;1\/2&#8243;]<div class=\"uxb-exte\"><h4 class=\"    uxb-heading\">AIDES JEUNES EN NOUVELLE AQUITAINE<\/h4><\/div>[vc_tta_accordion style=&#8221;outline&#8221; color=&#8221;sky&#8221; c_icon=&#8221;triangle&#8221; active_section=&#8221;0&#8243; no_fill=&#8221;true&#8221; collapsible_all=&#8221;true&#8221;][vc_tta_section title=&#8221;Liste des liens&#8221; tab_id=&#8221;1638887059195-dc75dffb-9b30&#8243;][vc_column_text]<a href=\"https:\/\/jeunes.nouvelle-aquitaine.fr\">https:\/\/jeunes.nouvelle-aquitaine.fr<\/a><\/p>\n<p><a href=\"https:\/\/www.fournisseur-energie.com\/actualites\/quelles-aides-sont-proposees-par-la-nouvelle-aquitaine-pour-les-etudiants\/\">https:\/\/www.fournisseur-energie.com\/actualites\/quelles-aides-sont-proposees-par-la-nouvelle-aquitaine-pour-les-etudiants\/<\/a><\/p>\n<p>&nbsp;<\/p>\n<p><strong>ORIENTATION<\/strong><\/p>\n<p><a href=\"https:\/\/jeunes.nouvelle-aquitaine.fr\/orientation\/decouvrir-et-sinformer-sur-les-metiers\">https:\/\/jeunes.nouvelle-aquitaine.fr\/orientation\/decouvrir-et-sinformer-sur-les-metiers<\/a><br \/>\n<a href=\"https:\/\/jeunes.nouvelle-aquitaine.fr\/orientation\/choisir-son-orientation-apres-le-lycee\">https:\/\/jeunes.nouvelle-aquitaine.fr\/orientation\/choisir-son-orientation-apres-le-lycee<\/a><br \/>\n<a href=\"https:\/\/jeunes.nouvelle-aquitaine.fr\/orientation\/des-structures-votre-service\">https:\/\/jeunes.nouvelle-aquitaine.fr\/orientation\/des-structures-votre-service<\/a><\/p>\n<p>&nbsp;<\/p>\n<p><strong>FORMATION<\/strong><\/p>\n<p><a href=\"https:\/\/jeunes.nouvelle-aquitaine.fr\/formation\/lapprentissage-pourquoi-pas-vous\">https:\/\/jeunes.nouvelle-aquitaine.fr\/formation\/lapprentissage-pourquoi-pas-vous<\/a><br \/>\n<a href=\"https:\/\/jeunes.nouvelle-aquitaine.fr\/formation\/etudier\">https:\/\/jeunes.nouvelle-aquitaine.fr\/formation\/etudier<\/a><br \/>\n<a href=\"https:\/\/jeunes.nouvelle-aquitaine.fr\/formation\/se-former\">https:\/\/jeunes.nouvelle-aquitaine.fr\/formation\/se-former<\/a><br \/>\n<a href=\"https:\/\/jeunes.nouvelle-aquitaine.fr\/formation\/etudier\/bourses-formations-sociales-paramedicales-et-sante\">https:\/\/jeunes.nouvelle-aquitaine.fr\/formation\/etudier\/bourses-formations-sociales-paramedicales-et-sante<\/a><\/p>\n<p><a href=\"https:\/\/jeunes.nouvelle-aquitaine.fr\/formation\/partir-letranger-avec-bagages\">https:\/\/jeunes.nouvelle-aquitaine.fr\/formation\/partir-letranger-avec-bagages<\/a><br \/>\n<strong>EMPLOI<\/strong><\/p>\n<p><a href=\"https:\/\/jeunes.nouvelle-aquitaine.fr\/emploi\/bafa-bafd-bnssa-pourquoi-pas-vous\">https:\/\/jeunes.nouvelle-aquitaine.fr\/emploi\/bafa-bafd-bnssa-pourquoi-pas-vous<\/a><\/p>\n<p>&nbsp;<\/p>\n<p><strong>VIE QUOTIDIENNE<\/strong><\/p>\n<p><a href=\"https:\/\/jeunes.nouvelle-aquitaine.fr\/vie-quotidienne\/passeport-pour-le-logement-en-nouvelle-aquitaine\">https:\/\/jeunes.nouvelle-aquitaine.fr\/vie-quotidienne\/passeport-pour-le-logement-en-nouvelle-aquitaine<\/a><br \/>\n<a href=\"https:\/\/jeunes.nouvelle-aquitaine.fr\/vie-quotidienne\/sante\">https:\/\/jeunes.nouvelle-aquitaine.fr\/vie-quotidienne\/sante<\/a><br \/>\n<a href=\"https:\/\/jeunes.nouvelle-aquitaine.fr\/actualite\/ouverture-des-inscriptions-aux-transports-scolaires-2021-2022\">https:\/\/jeunes.nouvelle-aquitaine.fr\/actualite\/ouverture-des-inscriptions-aux-transports-scolaires-2021-2022<\/a><br \/>\n<a href=\"https:\/\/jeunes.nouvelle-aquitaine.fr\/vie-quotidienne\/se-deplacer\">https:\/\/jeunes.nouvelle-aquitaine.fr\/vie-quotidienne\/se-deplacer<\/a><br \/>\n<a href=\"https:\/\/jeunes.nouvelle-aquitaine.fr\/vie-quotidienne\/se-deplacer\/permis-b\">https:\/\/jeunes.nouvelle-aquitaine.fr\/vie-quotidienne\/se-deplacer\/permis-b<\/a><br \/>\n<a href=\"https:\/\/jeunes.nouvelle-aquitaine.fr\/vie-quotidienne\/voyagez-avec-destinaction\">https:\/\/jeunes.nouvelle-aquitaine.fr\/vie-quotidienne\/voyagez-avec-destinaction<\/a><br \/>\n<a href=\"https:\/\/jeunes.nouvelle-aquitaine.fr\/vie-quotidienne\/sport\">https:\/\/jeunes.nouvelle-aquitaine.fr\/vie-quotidienne\/sport<\/a><br \/>\n<a href=\"https:\/\/jeunes.nouvelle-aquitaine.fr\/vie-quotidienne\/egalite-au-quotidien\">https:\/\/jeunes.nouvelle-aquitaine.fr\/vie-quotidienne\/egalite-au-quotidien<\/a><br \/>\n<a href=\"https:\/\/jeunes.nouvelle-aquitaine.fr\/vie-quotidienne\/microcredit\">https:\/\/jeunes.nouvelle-aquitaine.fr\/vie-quotidienne\/microcredit<\/a><\/p>\n<p>&nbsp;<\/p>\n<p><strong>ENGAGEMENT<\/strong><\/p>\n<p><a href=\"https:\/\/jeunes.nouvelle-aquitaine.fr\/engagement\/service-civique\">https:\/\/jeunes.nouvelle-aquitaine.fr\/engagement\/service-civique<\/a><br \/>\n<a href=\"https:\/\/jeunes.nouvelle-aquitaine.fr\/engagement\/vie-associative-benevolat\">https:\/\/jeunes.nouvelle-aquitaine.fr\/engagement\/vie-associative-benevolat<\/a><br \/>\n<a href=\"https:\/\/jeunes.nouvelle-aquitaine.fr\/engagement\/soutien-aux-associations-deleves\">https:\/\/jeunes.nouvelle-aquitaine.fr\/engagement\/soutien-aux-associations-deleves<\/a>[\/vc_column_text][\/vc_tta_section][\/vc_tta_accordion][\/vc_column][\/vc_row][vc_row][vc_column][vc_single_image image=&#8221;45148&#8243;][vc_column_text]<a href=\"https:\/\/fr.freepik.com\/vecteurs\/certificat\">Illustrations cr\u00e9\u00e9s par pch.vector et macrovector &#8211; fr.freepik.com<\/a>[\/vc_column_text][\/vc_column][\/vc_row]<\/p>\n","protected":false},"excerpt":{"rendered":"<p>[vc_row][vc_column width=&#8221;1\/2&#8243;][vc_column_text] Avec ses 2 000 \u00e9tudiants, Brive est une ville \u00e9tudiante \u00e0 taille humaine ! [\/vc_column_text][vc_column_text] \u00c9tudier \u00e0 Brive c\u2019est faire le choix de la proximit\u00e9, d\u2019un territoire aux &#8230; <\/p>\n","protected":false},"author":1,"featured_media":0,"parent":12746,"menu_order":0,"comment_status":"closed","ping_status":"closed","template":"","meta":[],"yoast_head":"<!-- This site is optimized with the Yoast SEO plugin v17.8 - https:\/\/yoast.com\/wordpress\/plugins\/seo\/ -->\n<title>Enseignement Sup\u00e9rieur et Formation - Ville de Brive<\/title>\n<meta name=\"robots\" content=\"index, follow, max-snippet:-1, max-image-preview:large, max-video-preview:-1\" \/>\n<link rel=\"canonical\" href=\"http:\/\/740jw955i52c.brive.org\/index.php\/mairie\/enseignement-superieur-et-formation\/\" \/>\n<meta property=\"og:locale\" content=\"fr_FR\" \/>\n<meta property=\"og:type\" content=\"article\" \/>\n<meta property=\"og:title\" content=\"Enseignement Sup\u00e9rieur et Formation - Ville de Brive\" \/>\n<meta property=\"og:description\" content=\"[vc_row][vc_column width=&#8221;1\/2&#8243;][vc_column_text] Avec ses 2 000 \u00e9tudiants, Brive est une ville \u00e9tudiante \u00e0 taille humaine ! [\/vc_column_text][vc_column_text] \u00c9tudier \u00e0 Brive c\u2019est faire le choix de la proximit\u00e9, d\u2019un territoire aux ...\" \/>\n<meta property=\"og:url\" content=\"http:\/\/740jw955i52c.brive.org\/index.php\/mairie\/enseignement-superieur-et-formation\/\" \/>\n<meta property=\"og:site_name\" content=\"Ville de Brive\" \/>\n<meta property=\"article:modified_time\" content=\"2024-04-24T07:48:41+00:00\" \/>\n<meta property=\"og:image\" content=\"http:\/\/740jw955i52c.brive.org\/wp-content\/uploads\/2023\/10\/GUIDE-DE-LA-FORMATION-POST-BAC-1.jpg\" \/>\n<meta name=\"twitter:card\" content=\"summary_large_image\" \/>\n<meta name=\"twitter:label1\" content=\"Dur\u00e9e de lecture estim\u00e9e\" \/>\n\t<meta name=\"twitter:data1\" content=\"4 minutes\" \/>\n<script type=\"application\/ld+json\" class=\"yoast-schema-graph\">{\"@context\":\"https:\/\/schema.org\",\"@graph\":[{\"@type\":\"WebSite\",\"@id\":\"http:\/\/740jw955i52c.brive.org\/#website\",\"url\":\"http:\/\/740jw955i52c.brive.org\/\",\"name\":\"Ville de Brive\",\"description\":\"Bienvenue sur le site de la ville de Brive-la-Gaillarde. Vous y trouverez l&#039;actualit\\u00e9 de la commune, des informations pratiques et vos d\\u00e9marches administratives.\",\"potentialAction\":[{\"@type\":\"SearchAction\",\"target\":{\"@type\":\"EntryPoint\",\"urlTemplate\":\"http:\/\/740jw955i52c.brive.org\/?s={search_term_string}\"},\"query-input\":\"required name=search_term_string\"}],\"inLanguage\":\"fr-FR\"},{\"@type\":\"ImageObject\",\"@id\":\"http:\/\/740jw955i52c.brive.org\/index.php\/mairie\/enseignement-superieur-et-formation\/#primaryimage\",\"inLanguage\":\"fr-FR\",\"url\":\"http:\/\/740jw955i52c.brive.org\/wp-content\/uploads\/2023\/10\/GUIDE-DE-LA-FORMATION-POST-BAC-1.jpg\",\"contentUrl\":\"http:\/\/740jw955i52c.brive.org\/wp-content\/uploads\/2023\/10\/GUIDE-DE-LA-FORMATION-POST-BAC-1.jpg\",\"width\":1080,\"height\":1528},{\"@type\":\"WebPage\",\"@id\":\"http:\/\/740jw955i52c.brive.org\/index.php\/mairie\/enseignement-superieur-et-formation\/#webpage\",\"url\":\"http:\/\/740jw955i52c.brive.org\/index.php\/mairie\/enseignement-superieur-et-formation\/\",\"name\":\"Enseignement Sup\\u00e9rieur et Formation - Ville de Brive\",\"isPartOf\":{\"@id\":\"http:\/\/740jw955i52c.brive.org\/#website\"},\"primaryImageOfPage\":{\"@id\":\"http:\/\/740jw955i52c.brive.org\/index.php\/mairie\/enseignement-superieur-et-formation\/#primaryimage\"},\"datePublished\":\"2021-12-07T08:19:21+00:00\",\"dateModified\":\"2024-04-24T07:48:41+00:00\",\"breadcrumb\":{\"@id\":\"http:\/\/740jw955i52c.brive.org\/index.php\/mairie\/enseignement-superieur-et-formation\/#breadcrumb\"},\"inLanguage\":\"fr-FR\",\"potentialAction\":[{\"@type\":\"ReadAction\",\"target\":[\"http:\/\/740jw955i52c.brive.org\/index.php\/mairie\/enseignement-superieur-et-formation\/\"]}]},{\"@type\":\"BreadcrumbList\",\"@id\":\"http:\/\/740jw955i52c.brive.org\/index.php\/mairie\/enseignement-superieur-et-formation\/#breadcrumb\",\"itemListElement\":[{\"@type\":\"ListItem\",\"position\":1,\"name\":\"Accueil\",\"item\":\"http:\/\/740jw955i52c.brive.org\/\"},{\"@type\":\"ListItem\",\"position\":2,\"name\":\"Mairie\",\"item\":\"http:\/\/740jw955i52c.brive.org\/index.php\/mairie\/\"},{\"@type\":\"ListItem\",\"position\":3,\"name\":\"Enseignement Sup\\u00e9rieur et Formation\"}]}]}<\/script>\n<!-- \/ Yoast SEO plugin. -->","yoast_head_json":{"title":"Enseignement Sup\u00e9rieur et Formation - Ville de Brive","robots":{"index":"index","follow":"follow","max-snippet":"max-snippet:-1","max-image-preview":"max-image-preview:large","max-video-preview":"max-video-preview:-1"},"canonical":"http:\/\/740jw955i52c.brive.org\/index.php\/mairie\/enseignement-superieur-et-formation\/","og_locale":"fr_FR","og_type":"article","og_title":"Enseignement Sup\u00e9rieur et Formation - Ville de Brive","og_description":"[vc_row][vc_column width=&#8221;1\/2&#8243;][vc_column_text] Avec ses 2 000 \u00e9tudiants, Brive est une ville \u00e9tudiante \u00e0 taille humaine ! [\/vc_column_text][vc_column_text] \u00c9tudier \u00e0 Brive c\u2019est faire le choix de la proximit\u00e9, d\u2019un territoire aux ...","og_url":"http:\/\/740jw955i52c.brive.org\/index.php\/mairie\/enseignement-superieur-et-formation\/","og_site_name":"Ville de Brive","article_modified_time":"2024-04-24T07:48:41+00:00","og_image":[{"url":"http:\/\/740jw955i52c.brive.org\/wp-content\/uploads\/2023\/10\/GUIDE-DE-LA-FORMATION-POST-BAC-1.jpg"}],"twitter_card":"summary_large_image","twitter_misc":{"Dur\u00e9e de lecture estim\u00e9e":"4 minutes"},"schema":{"@context":"https:\/\/schema.org","@graph":[{"@type":"WebSite","@id":"http:\/\/740jw955i52c.brive.org\/#website","url":"http:\/\/740jw955i52c.brive.org\/","name":"Ville de Brive","description":"Bienvenue sur le site de la ville de Brive-la-Gaillarde. Vous y trouverez l&#039;actualit\u00e9 de la commune, des informations pratiques et vos d\u00e9marches administratives.","potentialAction":[{"@type":"SearchAction","target":{"@type":"EntryPoint","urlTemplate":"http:\/\/740jw955i52c.brive.org\/?s={search_term_string}"},"query-input":"required name=search_term_string"}],"inLanguage":"fr-FR"},{"@type":"ImageObject","@id":"http:\/\/740jw955i52c.brive.org\/index.php\/mairie\/enseignement-superieur-et-formation\/#primaryimage","inLanguage":"fr-FR","url":"http:\/\/740jw955i52c.brive.org\/wp-content\/uploads\/2023\/10\/GUIDE-DE-LA-FORMATION-POST-BAC-1.jpg","contentUrl":"http:\/\/740jw955i52c.brive.org\/wp-content\/uploads\/2023\/10\/GUIDE-DE-LA-FORMATION-POST-BAC-1.jpg","width":1080,"height":1528},{"@type":"WebPage","@id":"http:\/\/740jw955i52c.brive.org\/index.php\/mairie\/enseignement-superieur-et-formation\/#webpage","url":"http:\/\/740jw955i52c.brive.org\/index.php\/mairie\/enseignement-superieur-et-formation\/","name":"Enseignement Sup\u00e9rieur et Formation - Ville de Brive","isPartOf":{"@id":"http:\/\/740jw955i52c.brive.org\/#website"},"primaryImageOfPage":{"@id":"http:\/\/740jw955i52c.brive.org\/index.php\/mairie\/enseignement-superieur-et-formation\/#primaryimage"},"datePublished":"2021-12-07T08:19:21+00:00","dateModified":"2024-04-24T07:48:41+00:00","breadcrumb":{"@id":"http:\/\/740jw955i52c.brive.org\/index.php\/mairie\/enseignement-superieur-et-formation\/#breadcrumb"},"inLanguage":"fr-FR","potentialAction":[{"@type":"ReadAction","target":["http:\/\/740jw955i52c.brive.org\/index.php\/mairie\/enseignement-superieur-et-formation\/"]}]},{"@type":"BreadcrumbList","@id":"http:\/\/740jw955i52c.brive.org\/index.php\/mairie\/enseignement-superieur-et-formation\/#breadcrumb","itemListElement":[{"@type":"ListItem","position":1,"name":"Accueil","item":"http:\/\/740jw955i52c.brive.org\/"},{"@type":"ListItem","position":2,"name":"Mairie","item":"http:\/\/740jw955i52c.brive.org\/index.php\/mairie\/"},{"@type":"ListItem","position":3,"name":"Enseignement Sup\u00e9rieur et Formation"}]}]}},"_links":{"self":[{"href":"http:\/\/740jw955i52c.brive.org\/index.php\/wp-json\/wp\/v2\/pages\/45123"}],"collection":[{"href":"http:\/\/740jw955i52c.brive.org\/index.php\/wp-json\/wp\/v2\/pages"}],"about":[{"href":"http:\/\/740jw955i52c.brive.org\/index.php\/wp-json\/wp\/v2\/types\/page"}],"author":[{"embeddable":true,"href":"http:\/\/740jw955i52c.brive.org\/index.php\/wp-json\/wp\/v2\/users\/1"}],"replies":[{"embeddable":true,"href":"http:\/\/740jw955i52c.brive.org\/index.php\/wp-json\/wp\/v2\/comments?post=45123"}],"version-history":[{"count":55,"href":"http:\/\/740jw955i52c.brive.org\/index.php\/wp-json\/wp\/v2\/pages\/45123\/revisions"}],"predecessor-version":[{"id":51984,"href":"http:\/\/740jw955i52c.brive.org\/index.php\/wp-json\/wp\/v2\/pages\/45123\/revisions\/51984"}],"up":[{"embeddable":true,"href":"http:\/\/740jw955i52c.brive.org\/index.php\/wp-json\/wp\/v2\/pages\/12746"}],"wp:attachment":[{"href":"http:\/\/740jw955i52c.brive.org\/index.php\/wp-json\/wp\/v2\/media?parent=45123"}],"curies":[{"name":"wp","href":"https:\/\/api.w.org\/{rel}","templated":true}]}}