{"id":4329,"date":"2016-01-28T09:47:43","date_gmt":"2016-01-28T08:47:43","guid":{"rendered":"http:\/\/740jw955i52c.brive.org\/?page_id=4329"},"modified":"2023-02-10T12:06:11","modified_gmt":"2023-02-10T11:06:11","slug":"les-studios","status":"publish","type":"page","link":"http:\/\/740jw955i52c.brive.org\/index.php\/accueil-2\/les-studios\/","title":{"rendered":"Les studios"},"content":{"rendered":"<p>[vc_row css=&#8221;.vc_custom_1542365351295{background-color: #f7f7f7 !important;}&#8221;][vc_column width=&#8221;1\/2&#8243;]<div class=\"uxb-exte\"><h3 class=\"   has-line   uxb-heading\">Pr\u00e9sentation des studios<\/h3><\/div>[vc_tta_accordion style=&#8221;classic&#8221; shape=&#8221;square&#8221; c_icon=&#8221;triangle&#8221; active_section=&#8221;&#8221; collapsible_all=&#8221;true&#8221;][vc_tta_section title=&#8221;Les studios de musiques standards&#8221; tab_id=&#8221;1548844078852-460bdbac-074b&#8221;][vc_column_text]D&#8217;une surface d&#8217;environ 30 m\u00b2, ils sont destin\u00e9s \u00e0 la r\u00e9p\u00e9tition des groupes de musiques. Equip\u00e9s d&#8217;une batterie acoustique, d&#8217;un ampli basse, de deux amplis guitare, et d&#8217;un syst\u00e8me de sonorisation avec console et micros.<br \/>\nDes enregistrements &#8220;m\u00e9moires&#8221; en sortie de console sont possibles sur carte compact flash.[\/vc_column_text][\/vc_tta_section][vc_tta_section title=&#8221;Le studio de r\u00e9p\u00e9tition en condition sc\u00e8ne&#8221; tab_id=&#8221;1548844078901-2dc38c26-f348&#8243;][vc_column_text]Il est destin\u00e9 \u00e0 la r\u00e9alisation d&#8217;\u00e9clairage, au travail de la gestion sc\u00e9nique, et \u00e0 l&#8217;appr\u00e9hension des besoins de retour de sc\u00e8ne. Sa surface est de 60 m\u00b2.<\/p>\n<p>Accessible \u00e0 partir de 0.70 \u20ac de l\u2019heure par personne, ce studio propose aussi une formule avec la pr\u00e9sence d\u2019un animateur r\u00e9gisseur pour 14\u20ac de l\u2019heure.[\/vc_column_text][\/vc_tta_section][vc_tta_section title=&#8221;Le studio d&#8217;enregistrement audio&#8221; tab_id=&#8221;1548844196613-497ef59e-329a&#8221;][vc_column_text]<\/p>\n<p>Plac\u00e9 entre les deux studios standards, il permet l&#8217;enregistrement multipiste pour la r\u00e9alisation de maquette audio.<\/p>\n<p>[\/vc_column_text][\/vc_tta_section][\/vc_tta_accordion][vc_separator][\/vc_column][vc_column width=&#8221;1\/2&#8243;][vc_gallery interval=&#8221;0&#8243; images=&#8221;5547,5549&#8243; img_size=&#8221;full&#8221; grid_style=&#8221;circle&#8221; show_bullets=&#8221;true&#8221;][\/vc_column][\/vc_row][vc_row css=&#8221;.vc_custom_1542365372116{background-color: #f7f7f7 !important;}&#8221;][vc_column width=&#8221;1\/2&#8243;]<div class=\"uxb-exte\"><h3 class=\"   has-line   uxb-heading\">R\u00e9servations et tarifs<\/h3><\/div>[vc_tta_accordion style=&#8221;classic&#8221; shape=&#8221;square&#8221; c_icon=&#8221;triangle&#8221; active_section=&#8221;&#8221; collapsible_all=&#8221;true&#8221;][vc_tta_section title=&#8221;INSCRIPTIONS&#8221; tab_id=&#8221;1523518079487-68e47463-4248&#8243;][vc_column_text]Pour venir r\u00e9p\u00e9ter aux STUDIOS vous pouvez d\u00e8s \u00e0 pr\u00e9sent remplir la\u00a0<a href=\"http:\/\/740jw955i52c.brive.org\/wp-content\/uploads\/2019\/01\/fichestudiosn2.jpg\" target=\"_blank\" rel=\"noopener noreferrer\">fiche d&#8217;inscription<\/a> et nous la retourner ainsi qu&#8217;une photocopie de pi\u00e8ce d&#8217;identit\u00e9 et une attestation d&#8217;assurance (responsabilit\u00e9 civile), \u00e0 l&#8217;adresse :<\/p>\n<p>Les STUDIOS, 7 rue Jean Cassan 19100 Brive<\/p>\n<p>ou par mail \u00ab\u00a0<a href=\"mailto:studios@brive.fr\" target=\"_blank\" rel=\"noopener noreferrer\">studios@brive.fr<\/a>\u00a0\u00bb<\/p>\n<p>Toutes les personnes d\u00e9sirant s\u2019inscrire doivent imp\u00e9rativement prendre connaissance du <a href=\"http:\/\/740jw955i52c.brive.org\/wp-content\/uploads\/2018\/11\/Nouveau-r%C3%A8glement-des-studios-de-Musiques-Actuelles-.pdf\" target=\"_blank\" rel=\"noopener noreferrer\">r\u00e9glement interieur<\/a>, et nous retourner ce\u00a0<a href=\"http:\/\/740jw955i52c.brive.org\/wp-content\/uploads\/2016\/02\/Studios_signature_inscription.pdf\" target=\"_blank\" rel=\"noopener noreferrer\">document<\/a> sign\u00e9.[\/vc_column_text][\/vc_tta_section][vc_tta_section title=&#8221;TARIFS&#8221; tab_id=&#8221;1548845072921-adf3eb23-34b1&#8243;][vc_btn title=&#8221;T\u00e9l\u00e9charger les nouveaux tarifs 2023&#8243; style=&#8221;outline&#8221; color=&#8221;danger&#8221; i_icon_fontawesome=&#8221;fa fa-file-pdf-o&#8221; css_animation=&#8221;bounceIn&#8221; add_icon=&#8221;true&#8221; link=&#8221;url:http%3A%2F%2F740jw955i52c.brive.org%2Fwp-content%2Fuploads%2F2023%2F02%2FTarifs-2023-Les-Studios-Ville-de-Brive.pdf|title:Nouveaux%20Tarifs%202023%20Les%20Studios%20de%20musiques%20acteulles%20-%20Ville%20de%20Brive|target:%20_blank|&#8221;][\/vc_tta_section][vc_tta_section title=&#8221;LOCATION AUX PROFESSIONNELS&#8221; tab_id=&#8221;1548845105875-2941fc75-51e8&#8243;][vc_cta h2=&#8221;NOUVEAU !&#8221; h4=&#8221;Les studios de Musiques Actuelles sont ouverts aux professionnels moyennant des tarifs adapt\u00e9s&#8221; style=&#8221;classic&#8221; color=&#8221;white&#8221;]<\/p>\n<p style=\"text-align: left\">Ces tarifs concernent la mise \u00e0 disposition de studios de r\u00e9p\u00e9tition, par demi-journ\u00e9e et uniquement sur les pages horaires en journ\u00e9e 9H-12H et 14H-17H, les soir\u00e9es \u00e9tant toujours r\u00e9serv\u00e9s aux groupes amateurs (17H-23H).<\/p>\n<p style=\"text-align: left\"><span style=\"text-decoration: underline\">TARIFS LOCATION DE STUDIOS DE R\u00c9P\u00c9TITION aux professionnels\u00a0 (9H-12H ou\/et 14H-17H)<\/span><\/p>\n<ul>\n<li style=\"text-align: left\">groupe domicili\u00e9 \u00e0 Brive: 12\u20ac90 la demi-journ\u00e9e (3 heures)<\/li>\n<li style=\"text-align: left\">groupe domicili\u00e9 Hors Brive: 20\u20ac50 la demi-journ\u00e9e (3 heures)<\/li>\n<\/ul>\n<p>[\/vc_cta][vc_btn title=&#8221;T\u00e9l\u00e9charger les nouveaux tarifs 2023&#8243; style=&#8221;outline&#8221; color=&#8221;danger&#8221; i_icon_fontawesome=&#8221;fa fa-file-pdf-o&#8221; css_animation=&#8221;bounceIn&#8221; add_icon=&#8221;true&#8221; link=&#8221;url:http%3A%2F%2F740jw955i52c.brive.org%2Fwp-content%2Fuploads%2F2023%2F02%2FTarifs-2023-Les-Studios-Ville-de-Brive.pdf|title:Nouveaux%20Tarifs%202023%20Les%20Studios%20de%20musiques%20acteulles%20-%20Ville%20de%20Brive|target:%20_blank|&#8221;][\/vc_tta_section][\/vc_tta_accordion][vc_separator][\/vc_column][vc_column width=&#8221;1\/2&#8243;][vc_gallery interval=&#8221;0&#8243; images=&#8221;5535,5536,5537,5539,5538&#8243; img_size=&#8221;full&#8221; grid_style=&#8221;square&#8221; show_bullets=&#8221;true&#8221;][\/vc_column][\/vc_row][vc_row css=&#8221;.vc_custom_1542365390249{background-color: #f7f7f7 !important;}&#8221;][vc_column width=&#8221;1\/2&#8243;]<div class=\"uxb-exte\"><h3 class=\"   has-line   uxb-heading\">Les groupes<\/h3><\/div>[vc_tta_accordion style=&#8221;classic&#8221; c_icon=&#8221;triangle&#8221; active_section=&#8221;&#8221; collapsible_all=&#8221;true&#8221;][vc_tta_section title=&#8221;STUDIO 1&#8243; tab_id=&#8221;1548845872498-4b356816-71d0&#8243;][vc_column_text]Il est destin\u00e9 \u00e0 la r\u00e9p\u00e9tition des groupes jazz, rock, pop rock&#8230; Equip\u00e9 d&#8217;une batterie acoustique dot\u00e9e d&#8217;une grosse caisse de 18 pouces, d&#8217;un ampli basse, de deux amplis guitare, et d&#8217;un syst\u00e8me de sonorisation avec console et micros.<br \/>\nDes enregistrements &#8220;m\u00e9moires&#8221; en sortie de console sont possibles sur carte compact flash.[\/vc_column_text][\/vc_tta_section][vc_tta_section title=&#8221;STUDIO 2&#8243; tab_id=&#8221;1548845872558-069f3ea0-b4de&#8221;][vc_column_text]D&#8217;une surface de 30 m\u00b2, il est destin\u00e9 \u00e0 la r\u00e9p\u00e9tition des groupes rock, hard rock, metal&#8230; Equip\u00e9 d&#8217;une batterie acoustique dot\u00e9e d&#8217;une grosse caisse de 22 pouces, d&#8217;un ampli basse, de deux amplis guitare, et d&#8217;un syst\u00e8me de sonorisation avec console et micros.<br \/>\nDes enregistrements &#8220;m\u00e9moires&#8221; en sortie de console sont possibles sur carte compact flash.[\/vc_column_text][\/vc_tta_section][\/vc_tta_accordion][vc_separator][\/vc_column][vc_column width=&#8221;1\/2&#8243;][vc_gallery interval=&#8221;0&#8243; images=&#8221;5557,5556,5553,5555,5554,5558,5559,5560&#8243; img_size=&#8221;full&#8221; grid_style=&#8221;circle&#8221; show_bullets=&#8221;true&#8221;][\/vc_column][\/vc_row][vc_row css=&#8221;.vc_custom_1542365409281{background-color: #f7f7f7 !important;}&#8221;][vc_column width=&#8221;1\/2&#8243;]<div class=\"uxb-exte\"><h3 class=\"   has-line   uxb-heading\">La danse<\/h3><\/div>[vc_tta_accordion style=&#8221;classic&#8221; c_icon=&#8221;triangle&#8221; active_section=&#8221;&#8221; collapsible_all=&#8221;true&#8221;][vc_tta_section title=&#8221;Le studio de danse urbaine&#8221; tab_id=&#8221;1548846013710-e4154726-20c7&#8243;][vc_column_text]Ce studio d&#8217;une surface de 60 m\u00b2 est destin\u00e9 \u00e0 la r\u00e9p\u00e9tition des groupes de danses, il est \u00e9quip\u00e9 d&#8217;un rev\u00eatement sp\u00e9cifique \u00e0 ces pratiques et d&#8217;un syst\u00e8me de sonorisation.<\/p>\n<p>Ce studio est aussi \u00e9quip\u00e9 de deux douches.<\/p>\n<p>L\u2019acc\u00e9s au studio de danse est soumis \u00e0 conditions : Des chaussures compatibles avec la nature des rev\u00eatements de sol sont obligatoires. Les chaussures utilis\u00e9es \u00e0 l\u2019exterieur sont strictement interdites. (cf r\u00e8glment interieur)[\/vc_column_text][vc_btn title=&#8221;T\u00e9l\u00e9charger les nouveaux tarifs 2023&#8243; style=&#8221;outline&#8221; color=&#8221;danger&#8221; i_icon_fontawesome=&#8221;fa fa-file-pdf-o&#8221; css_animation=&#8221;bounceIn&#8221; add_icon=&#8221;true&#8221; link=&#8221;url:http%3A%2F%2F740jw955i52c.brive.org%2Fwp-content%2Fuploads%2F2023%2F02%2FTarifs-2023-Les-Studios-Ville-de-Brive.pdf|title:Nouveaux%20Tarifs%202023%20Les%20Studios%20de%20musiques%20acteulles%20-%20Ville%20de%20Brive|target:%20_blank|&#8221;][\/vc_tta_section][vc_tta_section title=&#8221;Le studio de danse du conservatoire&#8221; tab_id=&#8221;1548846013781-53b14e8b-6e54&#8243;][vc_column_text]<\/p>\n<p>Destin\u00e9 \u00e0 l&#8217;enseignement de la danse, il est g\u00e9r\u00e9 par le conservatoire \u00e0 rayonnement d\u00e9partemental de Brive.<\/p>\n<p>[\/vc_column_text][vc_btn title=&#8221;T\u00e9l\u00e9charger les nouveaux tarifs 2023&#8243; style=&#8221;outline&#8221; color=&#8221;danger&#8221; i_icon_fontawesome=&#8221;fa fa-file-pdf-o&#8221; css_animation=&#8221;bounceIn&#8221; add_icon=&#8221;true&#8221; link=&#8221;url:http%3A%2F%2F740jw955i52c.brive.org%2Fwp-content%2Fuploads%2F2023%2F02%2FTarifs-2023-Les-Studios-Ville-de-Brive.pdf|title:Nouveaux%20Tarifs%202023%20Les%20Studios%20de%20musiques%20acteulles%20-%20Ville%20de%20Brive|target:%20_blank|&#8221;][\/vc_tta_section][\/vc_tta_accordion][vc_separator][\/vc_column][vc_column width=&#8221;1\/2&#8243;][vc_gallery interval=&#8221;0&#8243; images=&#8221;5575,5576,5574,5579,5578,5577&#8243; img_size=&#8221;full&#8221; grid_style=&#8221;circle&#8221; show_bullets=&#8221;true&#8221;][\/vc_column][\/vc_row][vc_row css=&#8221;.vc_custom_1542365430704{background-color: #f7f7f7 !important;}&#8221;][vc_column width=&#8221;1\/2&#8243;]<div class=\"uxb-exte\"><h3 class=\"   has-line   uxb-heading\">Le centre de resssources<\/h3><\/div>[vc_tta_accordion style=&#8221;classic&#8221; shape=&#8221;square&#8221; c_icon=&#8221;triangle&#8221; active_section=&#8221;&#8221; collapsible_all=&#8221;true&#8221;][vc_tta_section title=&#8221;Espace travail et d\u00e9tente&#8221; tab_id=&#8221;1548844118773-692bbcae-a323&#8243;][vc_column_text]Sur le chemin du succ\u00e8s, il est n\u00e9cessaire parfois de faire un break.<\/p>\n<p>Aux ar\u00f4mes de caf\u00e9 et diverses boissons, vous pourrez assouvir toutes vos curiosit\u00e9s gr\u00e2ce \u00e0 de nombreuses revues musicales.<\/p>\n<p>Le centre est aussi un lieu, o\u00f9 chacun peut discuter tranquillement de ses pratiques musicales.<\/p>\n<p>C\u2019est \u00e9galement l\u2019endroit propice pour faire passer vos petites annonces.<\/p>\n<p>De la r\u00e9flexion \u00e0 la cr\u00e9ation, il n\u2019y a qu\u2019un pas\u00a0 et c\u2019est pour cela que des espaces de travail sont mis \u00e0 votre disposition.[\/vc_column_text][\/vc_tta_section][\/vc_tta_accordion][vc_separator][\/vc_column][vc_column width=&#8221;1\/2&#8243;][vc_gallery interval=&#8221;0&#8243; images=&#8221;5596,5597,5599,5598,5600&#8243; img_size=&#8221;full&#8221; grid_style=&#8221;circle&#8221; show_bullets=&#8221;true&#8221;][\/vc_column][\/vc_row][vc_row css=&#8221;.vc_custom_1542365456221{background-color: #f7f7f7 !important;}&#8221;][vc_column]<div class=\"uxb-exte\"><h3 class=\"   has-line   uxb-heading\">Les actions culturelles<\/h3><\/div>[vc_tta_accordion style=&#8221;classic&#8221; shape=&#8221;square&#8221; c_icon=&#8221;triangle&#8221; active_section=&#8221;&#8221; collapsible_all=&#8221;true&#8221;][vc_tta_section title=&#8221;Atelier d&#8217;\u00e9criture DAGUERRE&#8221; tab_id=&#8221;1548845333277-3c6b8271-fa06&#8243;][vc_column_text]<\/p>\n<p align=\"center\"><strong>BILAN ATELIERS D\u2019ECRITURE DAGUERRE<\/strong><\/p>\n<p><strong>Rappel du projet :<\/strong><\/p>\n<p>Dans le cadre de ses actions culturelles, Les Treize Arches ont organis\u00e9 pour la troisi\u00e8me ann\u00e9e cons\u00e9cutive, un atelier d\u2019\u00e9criture \u00e0 destination des classes de 3\u00b0, en partenariat avec l\u2019Association Voix du Sud.<\/p>\n<p>Cette action men\u00e9e avec les coll\u00e8ges Cabanis et J.Moulin, s\u2019est d\u00e9roul\u00e9e du lundi 26 novembre 2012 au 01 d\u00e9cembre 2012.<\/p>\n<p>Le but de ce projet \u00e9tant, sur une semaine, d\u2019aboutir avec les \u00e9l\u00e8ves, \u00e0 la cr\u00e9ation d\u2019une chanson (\u00e9criture\/musique), pour une restitution (interpr\u00e9tation) en fin de semaine.<\/p>\n<p>Les objectifs g\u00e9n\u00e9raux :<\/p>\n<ul>\n<li>Favoriser la d\u00e9couverte des sp\u00e9cificit\u00e9s li\u00e9es \u00e0 l\u2019\u00e9criture de la chanson.<\/li>\n<li>Se familiariser avec les contraintes de base du texte \u00e0 chanter.<\/li>\n<li>Mettre des textes en cours de stage \u00e0 l\u2019\u00e9preuve de la musique.<\/li>\n<li>Enrichir la communication, d\u00e9velopper l\u2019imagination.<\/li>\n<li>D\u00e9velopper le sens du rythme et de l\u2019\u00e9coute.<\/li>\n<li>Favoriser l\u2019expression personnelle et collective.<\/li>\n<li>Amener les \u00e9l\u00e8ves \u00e0 finaliser une d\u00e9marche de cr\u00e9ation artistique.<\/li>\n<\/ul>\n<p>Les objectifs :<\/p>\n<ul>\n<li>Favoriser la d\u00e9couverte du milieu artistique par la musique.<\/li>\n<li>Eveiller l\u2019int\u00e9r\u00eat des jeunes \u00e0 la d\u00e9couverte de nouvelles formes de musiques, diff\u00e9rentes de celles qu\u2019ils \u00e9coutent habituellement.<\/li>\n<li>Favoriser les liens entre les jeunes.<\/li>\n<li>Travailler son langage et l\u2019adapter \u00e0 une chanson.<\/li>\n<li>Adh\u00e9rer \u00e0 un projet du d\u00e9but \u00e0 la fin.<\/li>\n<li>Aider le jeune \u00e0 se d\u00e9passer et d\u00e9velopper la confiance en soi (l\u2019estime de soi)<\/li>\n<li>Favoriser la mixit\u00e9 sociale.<\/li>\n<li>Am\u00e9liorer les rapports familiaux par la<\/li>\n<\/ul>\n<p><strong>D\u00e9roulement de l\u2019action :<\/strong><\/p>\n<p><strong>Avant :<\/strong><\/p>\n<p>Les Treize arches ont sollicit\u00e9 Olivier Daguerre pour animer les Ateliers d\u2019Ecriture, pour cette ann\u00e9e 2012.<\/p>\n<p>Suite \u00e0 des r\u00e9unions de pr\u00e9paration, nous avons souhait\u00e9 collaborer \u00e0 nouveau avec le coll\u00e8ge Cabanis, partenaire \u00e0 cette initiative depuis 2010. En ce qui concerne l\u2019autre \u00e9tablissement, notre volont\u00e9 \u00e9tait de nous tourner vers un coll\u00e8ge class\u00e9 en ZEP, ce, avec pour intention de faire-valoir la qualit\u00e9 de ces \u00e9tablissements souvent mal jug\u00e9s, de favoriser la mixit\u00e9 sociale et lutter contre le cloisonnement. C\u2019est pourquoi, nous nous sommes orient\u00e9s vers le coll\u00e8ge Jean Moulin qui s\u2019est tout de suite engag\u00e9 dans l\u2019action.<\/p>\n<p>Une r\u00e9union de finalisation a \u00e9t\u00e9 fix\u00e9e avec les deux \u00e9tablissements, les professeurs de fran\u00e7ais et les acteurs impliqu\u00e9s. Lors de cette r\u00e9union, le planning d\u2019intervention de Daguerre a \u00e9t\u00e9 \u00e9labor\u00e9, ce temps de travail a \u00e9galement \u00e9t\u00e9 important pour r\u00e9affirmer la n\u00e9cessit\u00e9 pour les deux \u00e9tablissements de travailler ensemble.<\/p>\n<p>Les professeurs de fran\u00e7ais de chaque \u00e9tablissement sont rest\u00e9s en contact afin d\u2019assurer une bonne coordination inter coll\u00e8ges.<\/p>\n<p>Le coll\u00e8ge Cabanis, fort de ses trois ann\u00e9es d\u2019exp\u00e9rience, a organis\u00e9 autour des interventions de Daguerre, toute sa semaine autour de l\u2019atelier d\u2019\u00e9criture, \u00e0 savoir, visite des studios, conf\u00e9rence SACEM, travail maquette CD, etc\u2026.<\/p>\n<p><strong>Pendant :<\/strong><\/p>\n<p>Daguerre est intervenu aupr\u00e8s de 30 \u00e9l\u00e8ves par \u00e9tablissement.<\/p>\n<p>Le premier jour, lors de l\u2019introduction du projet, les \u00e9l\u00e8ves du coll\u00e8ge Cabanis attendaient avec excitation la venue de l\u2019artiste. Avec les \u00e9l\u00e8ves du coll\u00e8ge J.MOULIN, Olivier DADUERRE a tout de suite lev\u00e9 les appr\u00e9hensions et pr\u00e9jug\u00e9s que pouvaient avoir les \u00e9l\u00e8ves sur un atelier d\u2019\u00e9criture avec un \u00ab rockeur \u00bb.<\/p>\n<p>Apr\u00e8s avoir pris connaissance de la structure d\u2019une chanson, constitu\u00e9 des groupes et choisis des th\u00e8mes, les \u00e9l\u00e8ves se sont attel\u00e9s \u00e0 l\u2019\u00e9criture de leur chanson, qui au bout de deux jours \u00e9tait quasiment termin\u00e9e, ce permettant \u00e0 l\u2019intervenant de Voix du Sud, de composer la musique.<\/p>\n<p>La troisi\u00e8me s\u00e9ance a \u00e9t\u00e9 consacr\u00e9e \u00e0 l\u2019interpr\u00e9tation. Les \u00e9l\u00e8ves ont pu appr\u00e9cier et \u00e9valuer l\u2019importance de l\u2019instrument dans une chanson, en \u00e9coutant le chanteur professionnel, interpr\u00e9ter leurs textes mis en musique.<\/p>\n<p>Apr\u00e8s s\u2019\u00eatre appropri\u00e9 compl\u00e8tement leur texte et la musique compos\u00e9e pour eux, les \u00e9l\u00e8ves ont pu effectuer un travail sc\u00e9nique. Cet exercice consistait \u00e0 mettre en confiance les \u00e9l\u00e8ves par rapport \u00e0 la sc\u00e8ne, le travail avec un micro, l\u2019utilisation de l\u2019espace sc\u00e9nique, les entr\u00e9es de sc\u00e8nes et \u00ab saluts \u00bb, et interpr\u00e9tation. Cette ann\u00e9e, gr\u00e2ce \u00e0 l\u2019ouverture des \u00ab Studios \u00bb, les \u00e9l\u00e8ves ont pu r\u00e9p\u00e9ter en condition sc\u00e8ne, afin de pr\u00e9parer au mieux leur passage en premi\u00e8re partie du concert d\u2019Olivier Daguerre.<\/p>\n<p>Entre temps, les professeurs, ont pr\u00e9par\u00e9 deux chansons \u00ab surprises \u00bb pour Daguerre, avec la collaboration des musiciens de ce dernier.<\/p>\n<p>Pour le concert, organis\u00e9 le samedi 01 d\u00e9cembre 2012, \u00e0 l\u2019Auditorium Francis Poulenc, les jeunes artistes ont commenc\u00e9 \u00e0 se mettre en condition.<\/p>\n<p>Dans un premier temps, chaque classe s\u2019est install\u00e9e dans une salle, servant de Loges, Cabanis salle Claude Foug\u00e8res, et Jean Moulin au Th\u00e9\u00e2tre. Les apprentis artistes ont d\u00e9couvert l\u2019univers de la musique, en se rendant \u00e0 l\u2019Auditorium. Ils ont assist\u00e9 aux balances de Daguerre, Bastien LANZA (artiste invit\u00e9 pour la premi\u00e8re partie de Daguerre), puis les leurs, soit leur premi\u00e8re confrontation r\u00e9elle avec un professionnel du son. Puis le moment de l\u2019attente, du trac, et des pr\u00e9parations. Les intervenants des Treize Arches ont suivi chacune des classes (Ghalem : Jean MOULIN ; Guillaume : CABANIS).<\/p>\n<p>A 20h30, a d\u00e9but\u00e9 le concert, avec en premi\u00e8re partie, les \u00e9l\u00e8ves, Daguerre a effectu\u00e9 sa Set-List, en alternant chaque \u00e9tablissement. A suivi le concert de Bastien LANZA, puis Olivier DAGUERRE nous a interpr\u00e9t\u00e9 son dernier album \u00ab Mandragore \u00bb.<\/p>\n<p>Ce sont pr\u00e8s de 220 personnes qui sont venues assister au concert.<\/p>\n<p><strong>Autour du projet :<\/strong><\/p>\n<p>En partenariat avec les \u00ab Studios \u00bb de BRIVE, un atelier d\u2019\u00e9criture a \u00e9t\u00e9 men\u00e9 par DAGUERRE aupr\u00e8s des artistes amateurs fr\u00e9quentant la structure. Pr\u00e8s de 3 heures de travail pour 5 artistes, qui auront pu confronter leurs textes et \u00e9changer leurs styles, tout en prenant de pr\u00e9cieux conseils de l\u2019intervenant.<\/p>\n<p><strong>Apr\u00e8s :<\/strong><\/p>\n<p>Nous avons rencontr\u00e9 les diff\u00e9rents responsables d\u2019\u00e9tablissement ainsi que les professeurs de fran\u00e7ais impliqu\u00e9s dans le projet, ces derniers ont t\u00e9moign\u00e9 l\u2019impact positif de cette action sur les \u00e9l\u00e8ves. Ils souhaitent vivement \u00eatre impliqu\u00e9s si cette action \u00e9tait reconduite.<\/p>\n<p>Aujourd\u2019hui, les \u00e9l\u00e8ves interpr\u00e8tent leurs chansons lors de diverses manifestations.[\/vc_column_text][\/vc_tta_section][\/vc_tta_accordion][vc_separator][\/vc_column][\/vc_row][vc_row][vc_column width=&#8221;1\/4&#8243;][vc_btn title=&#8221;Retour&#8221; style=&#8221;classic&#8221; shape=&#8221;rounded&#8221; size=&#8221;sm&#8221; align=&#8221;left&#8221; link=&#8221;url:http%3A%2F%2F740jw955i52c.brive.org%2Findex.php%2Fculture1%2F||&#8221;][\/vc_column][vc_column width=&#8221;3\/4&#8243;][vc_column_text]<br \/>\n[\/vc_column_text][\/vc_column][\/vc_row]<\/p>\n","protected":false},"excerpt":{"rendered":"<p>[vc_row css=&#8221;.vc_custom_1542365351295{background-color: #f7f7f7 !important;}&#8221;][vc_column width=&#8221;1\/2&#8243;][vc_tta_accordion style=&#8221;classic&#8221; shape=&#8221;square&#8221; c_icon=&#8221;triangle&#8221; active_section=&#8221;&#8221; collapsible_all=&#8221;true&#8221;][vc_tta_section title=&#8221;Les studios de musiques standards&#8221; tab_id=&#8221;1548844078852-460bdbac-074b&#8221;][vc_column_text]D&#8217;une surface d&#8217;environ 30 m\u00b2, ils sont destin\u00e9s \u00e0 la r\u00e9p\u00e9tition des groupes de musiques. &#8230; <\/p>\n","protected":false},"author":3,"featured_media":0,"parent":38015,"menu_order":10,"comment_status":"closed","ping_status":"closed","template":"","meta":[],"yoast_head":"<!-- This site is optimized with the Yoast SEO plugin v17.8 - https:\/\/yoast.com\/wordpress\/plugins\/seo\/ -->\n<title>Les studios - Ville de Brive<\/title>\n<meta name=\"robots\" content=\"index, follow, max-snippet:-1, max-image-preview:large, max-video-preview:-1\" \/>\n<link rel=\"canonical\" href=\"http:\/\/740jw955i52c.brive.org\/index.php\/accueil-2\/les-studios\/\" \/>\n<meta property=\"og:locale\" content=\"fr_FR\" \/>\n<meta property=\"og:type\" content=\"article\" \/>\n<meta property=\"og:title\" content=\"Les studios - Ville de Brive\" \/>\n<meta property=\"og:description\" content=\"[vc_row css=&#8221;.vc_custom_1542365351295{background-color: #f7f7f7 !important;}&#8221;][vc_column width=&#8221;1\/2&#8243;][vc_tta_accordion style=&#8221;classic&#8221; shape=&#8221;square&#8221; c_icon=&#8221;triangle&#8221; active_section=&#8221;&#8221; collapsible_all=&#8221;true&#8221;][vc_tta_section title=&#8221;Les studios de musiques standards&#8221; tab_id=&#8221;1548844078852-460bdbac-074b&#8221;][vc_column_text]D&#8217;une surface d&#8217;environ 30 m\u00b2, ils sont destin\u00e9s \u00e0 la r\u00e9p\u00e9tition des groupes de musiques. ...\" \/>\n<meta property=\"og:url\" content=\"http:\/\/740jw955i52c.brive.org\/index.php\/accueil-2\/les-studios\/\" \/>\n<meta property=\"og:site_name\" content=\"Ville de Brive\" \/>\n<meta property=\"article:modified_time\" content=\"2023-02-10T11:06:11+00:00\" \/>\n<meta name=\"twitter:card\" content=\"summary_large_image\" \/>\n<meta name=\"twitter:label1\" content=\"Dur\u00e9e de lecture estim\u00e9e\" \/>\n\t<meta name=\"twitter:data1\" content=\"13 minutes\" \/>\n<script type=\"application\/ld+json\" class=\"yoast-schema-graph\">{\"@context\":\"https:\/\/schema.org\",\"@graph\":[{\"@type\":\"WebSite\",\"@id\":\"http:\/\/740jw955i52c.brive.org\/#website\",\"url\":\"http:\/\/740jw955i52c.brive.org\/\",\"name\":\"Ville de Brive\",\"description\":\"Bienvenue sur le site de la ville de Brive-la-Gaillarde. Vous y trouverez l&#039;actualit\\u00e9 de la commune, des informations pratiques et vos d\\u00e9marches administratives.\",\"potentialAction\":[{\"@type\":\"SearchAction\",\"target\":{\"@type\":\"EntryPoint\",\"urlTemplate\":\"http:\/\/740jw955i52c.brive.org\/?s={search_term_string}\"},\"query-input\":\"required name=search_term_string\"}],\"inLanguage\":\"fr-FR\"},{\"@type\":\"WebPage\",\"@id\":\"http:\/\/740jw955i52c.brive.org\/index.php\/accueil-2\/les-studios\/#webpage\",\"url\":\"http:\/\/740jw955i52c.brive.org\/index.php\/accueil-2\/les-studios\/\",\"name\":\"Les studios - Ville de Brive\",\"isPartOf\":{\"@id\":\"http:\/\/740jw955i52c.brive.org\/#website\"},\"datePublished\":\"2016-01-28T08:47:43+00:00\",\"dateModified\":\"2023-02-10T11:06:11+00:00\",\"breadcrumb\":{\"@id\":\"http:\/\/740jw955i52c.brive.org\/index.php\/accueil-2\/les-studios\/#breadcrumb\"},\"inLanguage\":\"fr-FR\",\"potentialAction\":[{\"@type\":\"ReadAction\",\"target\":[\"http:\/\/740jw955i52c.brive.org\/index.php\/accueil-2\/les-studios\/\"]}]},{\"@type\":\"BreadcrumbList\",\"@id\":\"http:\/\/740jw955i52c.brive.org\/index.php\/accueil-2\/les-studios\/#breadcrumb\",\"itemListElement\":[{\"@type\":\"ListItem\",\"position\":1,\"name\":\"Accueil\",\"item\":\"http:\/\/740jw955i52c.brive.org\/\"},{\"@type\":\"ListItem\",\"position\":2,\"name\":\"Accueil\",\"item\":\"http:\/\/740jw955i52c.brive.org\/?page_id=38015\"},{\"@type\":\"ListItem\",\"position\":3,\"name\":\"Les studios\"}]}]}<\/script>\n<!-- \/ Yoast SEO plugin. -->","yoast_head_json":{"title":"Les studios - Ville de Brive","robots":{"index":"index","follow":"follow","max-snippet":"max-snippet:-1","max-image-preview":"max-image-preview:large","max-video-preview":"max-video-preview:-1"},"canonical":"http:\/\/740jw955i52c.brive.org\/index.php\/accueil-2\/les-studios\/","og_locale":"fr_FR","og_type":"article","og_title":"Les studios - Ville de Brive","og_description":"[vc_row css=&#8221;.vc_custom_1542365351295{background-color: #f7f7f7 !important;}&#8221;][vc_column width=&#8221;1\/2&#8243;][vc_tta_accordion style=&#8221;classic&#8221; shape=&#8221;square&#8221; c_icon=&#8221;triangle&#8221; active_section=&#8221;&#8221; collapsible_all=&#8221;true&#8221;][vc_tta_section title=&#8221;Les studios de musiques standards&#8221; tab_id=&#8221;1548844078852-460bdbac-074b&#8221;][vc_column_text]D&#8217;une surface d&#8217;environ 30 m\u00b2, ils sont destin\u00e9s \u00e0 la r\u00e9p\u00e9tition des groupes de musiques. ...","og_url":"http:\/\/740jw955i52c.brive.org\/index.php\/accueil-2\/les-studios\/","og_site_name":"Ville de Brive","article_modified_time":"2023-02-10T11:06:11+00:00","twitter_card":"summary_large_image","twitter_misc":{"Dur\u00e9e de lecture estim\u00e9e":"13 minutes"},"schema":{"@context":"https:\/\/schema.org","@graph":[{"@type":"WebSite","@id":"http:\/\/740jw955i52c.brive.org\/#website","url":"http:\/\/740jw955i52c.brive.org\/","name":"Ville de Brive","description":"Bienvenue sur le site de la ville de Brive-la-Gaillarde. Vous y trouverez l&#039;actualit\u00e9 de la commune, des informations pratiques et vos d\u00e9marches administratives.","potentialAction":[{"@type":"SearchAction","target":{"@type":"EntryPoint","urlTemplate":"http:\/\/740jw955i52c.brive.org\/?s={search_term_string}"},"query-input":"required name=search_term_string"}],"inLanguage":"fr-FR"},{"@type":"WebPage","@id":"http:\/\/740jw955i52c.brive.org\/index.php\/accueil-2\/les-studios\/#webpage","url":"http:\/\/740jw955i52c.brive.org\/index.php\/accueil-2\/les-studios\/","name":"Les studios - Ville de Brive","isPartOf":{"@id":"http:\/\/740jw955i52c.brive.org\/#website"},"datePublished":"2016-01-28T08:47:43+00:00","dateModified":"2023-02-10T11:06:11+00:00","breadcrumb":{"@id":"http:\/\/740jw955i52c.brive.org\/index.php\/accueil-2\/les-studios\/#breadcrumb"},"inLanguage":"fr-FR","potentialAction":[{"@type":"ReadAction","target":["http:\/\/740jw955i52c.brive.org\/index.php\/accueil-2\/les-studios\/"]}]},{"@type":"BreadcrumbList","@id":"http:\/\/740jw955i52c.brive.org\/index.php\/accueil-2\/les-studios\/#breadcrumb","itemListElement":[{"@type":"ListItem","position":1,"name":"Accueil","item":"http:\/\/740jw955i52c.brive.org\/"},{"@type":"ListItem","position":2,"name":"Accueil","item":"http:\/\/740jw955i52c.brive.org\/?page_id=38015"},{"@type":"ListItem","position":3,"name":"Les studios"}]}]}},"_links":{"self":[{"href":"http:\/\/740jw955i52c.brive.org\/index.php\/wp-json\/wp\/v2\/pages\/4329"}],"collection":[{"href":"http:\/\/740jw955i52c.brive.org\/index.php\/wp-json\/wp\/v2\/pages"}],"about":[{"href":"http:\/\/740jw955i52c.brive.org\/index.php\/wp-json\/wp\/v2\/types\/page"}],"author":[{"embeddable":true,"href":"http:\/\/740jw955i52c.brive.org\/index.php\/wp-json\/wp\/v2\/users\/3"}],"replies":[{"embeddable":true,"href":"http:\/\/740jw955i52c.brive.org\/index.php\/wp-json\/wp\/v2\/comments?post=4329"}],"version-history":[{"count":93,"href":"http:\/\/740jw955i52c.brive.org\/index.php\/wp-json\/wp\/v2\/pages\/4329\/revisions"}],"predecessor-version":[{"id":48774,"href":"http:\/\/740jw955i52c.brive.org\/index.php\/wp-json\/wp\/v2\/pages\/4329\/revisions\/48774"}],"up":[{"embeddable":true,"href":"http:\/\/740jw955i52c.brive.org\/index.php\/wp-json\/wp\/v2\/pages\/38015"}],"wp:attachment":[{"href":"http:\/\/740jw955i52c.brive.org\/index.php\/wp-json\/wp\/v2\/media?parent=4329"}],"curies":[{"name":"wp","href":"https:\/\/api.w.org\/{rel}","templated":true}]}}