{"id":40487,"date":"2020-06-12T14:20:48","date_gmt":"2020-06-12T12:20:48","guid":{"rendered":"http:\/\/740jw955i52c.brive.org\/?page_id=40487"},"modified":"2024-12-05T14:26:19","modified_gmt":"2024-12-05T13:26:19","slug":"espace-presse","status":"publish","type":"page","link":"http:\/\/740jw955i52c.brive.org\/index.php\/espace-presse\/","title":{"rendered":"Espace Presse"},"content":{"rendered":"<p>[vc_row][vc_column][vc_text_separator title=&#8221;T\u00e9l\u00e9chargez notre logo&#8221;][vc_row_inner][vc_column_inner width=&#8221;1\/4&#8243;][vc_column_text]<a href=\"http:\/\/740jw955i52c.brive.org\/wp-content\/uploads\/2020\/06\/Logo-Ville-de-Brive-rouge.pdf\"><img decoding=\"async\" loading=\"lazy\" class=\"alignnone size-full wp-image-40528 aligncenter\" src=\"http:\/\/740jw955i52c.brive.org\/wp-content\/uploads\/2020\/06\/icon-pdf.png\" alt=\"\" width=\"96\" height=\"96\" srcset=\"http:\/\/740jw955i52c.brive.org\/wp-content\/uploads\/2020\/06\/icon-pdf.png 96w, http:\/\/740jw955i52c.brive.org\/wp-content\/uploads\/2020\/06\/icon-pdf-60x60.png 60w\" sizes=\"(max-width: 96px) 100vw, 96px\" \/><\/a><\/p>\n<p style=\"text-align: center\"><a href=\"http:\/\/740jw955i52c.brive.org\/wp-content\/uploads\/2021\/01\/Charte-logo-Brive.pdf\">Charte logo Brive<\/a><\/p>\n<p style=\"text-align: center\">(2433 Ko)<\/p>\n<p>[\/vc_column_text][\/vc_column_inner][vc_column_inner width=&#8221;1\/4&#8243;][vc_column_text]<a href=\"http:\/\/740jw955i52c.brive.org\/wp-content\/uploads\/2020\/06\/Logo-Ville-de-Brive-rouge.jpg\"><img decoding=\"async\" loading=\"lazy\" class=\"size-full wp-image-40533 aligncenter\" src=\"http:\/\/740jw955i52c.brive.org\/wp-content\/uploads\/2020\/06\/icon-jpg.png\" alt=\"\" width=\"96\" height=\"96\" srcset=\"http:\/\/740jw955i52c.brive.org\/wp-content\/uploads\/2020\/06\/icon-jpg.png 96w, http:\/\/740jw955i52c.brive.org\/wp-content\/uploads\/2020\/06\/icon-jpg-60x60.png 60w\" sizes=\"(max-width: 96px) 100vw, 96px\" \/><\/a><\/p>\n<p style=\"text-align: center\"><a href=\"http:\/\/740jw955i52c.brive.org\/wp-content\/uploads\/2021\/01\/Logo-Brive-Web-2021.jpg\" target=\"_blank\" rel=\"noopener noreferrer\">Logo Ville de Brive rouge jpg<\/a><\/p>\n<p style=\"text-align: center\">(104 Ko)<\/p>\n<p>[\/vc_column_text][\/vc_column_inner][vc_column_inner width=&#8221;1\/4&#8243;][vc_column_text]<a href=\"http:\/\/740jw955i52c.brive.org\/wp-content\/uploads\/2020\/06\/Brive_seul.ai_.zip\"><img decoding=\"async\" loading=\"lazy\" class=\"alignnone size-full wp-image-40531 aligncenter\" src=\"http:\/\/740jw955i52c.brive.org\/wp-content\/uploads\/2020\/06\/icon-ai.png\" alt=\"\" width=\"96\" height=\"96\" srcset=\"http:\/\/740jw955i52c.brive.org\/wp-content\/uploads\/2020\/06\/icon-ai.png 96w, http:\/\/740jw955i52c.brive.org\/wp-content\/uploads\/2020\/06\/icon-ai-60x60.png 60w\" sizes=\"(max-width: 96px) 100vw, 96px\" \/><\/a><\/p>\n<p style=\"text-align: center\"><a href=\"http:\/\/740jw955i52c.brive.org\/wp-content\/uploads\/2020\/06\/Brive_seul.ai_.zip\">Logo Ville de Brive .ai<\/a><\/p>\n<p style=\"text-align: center\">(1.68 Mo)<\/p>\n<p>[\/vc_column_text][\/vc_column_inner][vc_column_inner width=&#8221;1\/4&#8243;][vc_column_text]<\/p>\n<p style=\"text-align: center\"><a href=\"http:\/\/740jw955i52c.brive.org\/wp-content\/uploads\/2020\/06\/Logo-Ville-de-Brive-rouge-transparent.png\"><img decoding=\"async\" loading=\"lazy\" class=\"alignnone size-full wp-image-40537\" src=\"http:\/\/740jw955i52c.brive.org\/wp-content\/uploads\/2020\/06\/icon-png.png\" alt=\"\" width=\"96\" height=\"96\" srcset=\"http:\/\/740jw955i52c.brive.org\/wp-content\/uploads\/2020\/06\/icon-png.png 96w, http:\/\/740jw955i52c.brive.org\/wp-content\/uploads\/2020\/06\/icon-png-60x60.png 60w\" sizes=\"(max-width: 96px) 100vw, 96px\" \/><\/a><\/p>\n<p style=\"text-align: center\"><a href=\"http:\/\/740jw955i52c.brive.org\/wp-content\/uploads\/2021\/01\/Logo_Rouge-texteBlanc_2020.png\" target=\"_blank\" rel=\"noopener noreferrer\">Logo Ville de Brive png<\/a><\/p>\n<p style=\"text-align: center\">(32 Ko)<\/p>\n<p>[\/vc_column_text][\/vc_column_inner][\/vc_row_inner][\/vc_column][\/vc_row][vc_row][vc_column][vc_text_separator title=&#8221;Communiqu\u00e9s de Presse&#8221;][vc_column_text]<img decoding=\"async\" loading=\"lazy\" class=\"alignnone wp-image-40591 size-theme-tiny-square\" src=\"http:\/\/740jw955i52c.brive.org\/wp-content\/uploads\/2020\/06\/icon-newspaper-60x60.png\" alt=\"\" width=\"60\" height=\"60\" srcset=\"http:\/\/740jw955i52c.brive.org\/wp-content\/uploads\/2020\/06\/icon-newspaper-60x60.png 60w, http:\/\/740jw955i52c.brive.org\/wp-content\/uploads\/2020\/06\/icon-newspaper.png 96w\" sizes=\"(max-width: 60px) 100vw, 60px\" \/> Retrouvez ici l&#8217;ensemble de nos <strong>Communiqu\u00e9s de Presse<\/strong>\u00a0<span style=\"color: #993300\"><strong>\u25bc<\/strong><\/span>[\/vc_column_text][vc_tta_accordion active_section=&#8221;1&#8243;][vc_tta_section title=&#8221;D\u00e9cembre 2024&#8243; tab_id=&#8221;1685956985818-e683e4a2-cfdb&#8221;][vc_column_text]\u25b6 <a href=\"http:\/\/740jw955i52c.brive.org\/wp-content\/uploads\/2024\/12\/CP-seniors-en-fete.pdf\">CP s\u00e9niors en f\u00eate<\/a><\/p>\n<p>\u25b6 <a href=\"http:\/\/740jw955i52c.brive.org\/wp-content\/uploads\/2024\/12\/Plan-parade-2024.pdf\">Plan parade 2024<\/a><\/p>\n<p>\u25b6 <a href=\"http:\/\/740jw955i52c.brive.org\/wp-content\/uploads\/2024\/12\/Lancement-animations-de-Noel-2024.pdf\">Lancement animations de No\u00ebl 2024<\/a>[\/vc_column_text][\/vc_tta_section][vc_tta_section title=&#8221;Novembre 2024&#8243; tab_id=&#8221;1733146242513-4189aca0-2dfb&#8221;][vc_column_text]\u25b6 <a href=\"http:\/\/740jw955i52c.brive.org\/wp-content\/uploads\/2024\/11\/CP-Greve-du-5-dec-2024.pdf\">CP- Gr\u00e8ve du 5 dec 2024<\/a><\/p>\n<p>\u25b6 <a href=\"http:\/\/740jw955i52c.brive.org\/wp-content\/uploads\/2024\/11\/CP-Journee-du-20-novembre-2024.pdf\">CP-Journ\u00e9e du 20 novembre Journ\u00e9e des droits de l\u2019enfant et le centenaire de la convention de Gen\u00e8ve2024<\/a><\/p>\n<p>\u25b6 <a href=\"http:\/\/740jw955i52c.brive.org\/wp-content\/uploads\/2024\/11\/CP-residence-Sara-Bourre.pdf\">CP-r\u00e9sidence Sara Bourre<\/a><\/p>\n<p>\u25b6 <a href=\"http:\/\/740jw955i52c.brive.org\/wp-content\/uploads\/2024\/11\/CP-La-foire-vous-fait-bouger.pdf\">CP La foire vous fait bouger<\/a><\/p>\n<p>\u25b6 <a href=\"http:\/\/740jw955i52c.brive.org\/wp-content\/uploads\/2024\/11\/FDL24-CP-bilan-chiffre.pdf\">FDL24 &#8211; CP bilan chiffr\u00e9<\/a><\/p>\n<p>\u25b6 <a href=\"http:\/\/740jw955i52c.brive.org\/wp-content\/uploads\/2024\/11\/FDL24-CP-Bilan.pdf\">FDL24 &#8211; CP Bilan<\/a><\/p>\n<p>\u25b6 <a href=\"http:\/\/740jw955i52c.brive.org\/wp-content\/uploads\/2024\/11\/FDL24-CP-Laureats-Prix.pdf\">FDL24 &#8211; CP Laure\u0301ats Prix<\/a>[\/vc_column_text][\/vc_tta_section][vc_tta_section title=&#8221;Octobre 2024&#8243; tab_id=&#8221;1730734396212-95f24c16-2838&#8243;][vc_column_text]\u25b6 <a href=\"http:\/\/740jw955i52c.brive.org\/wp-content\/uploads\/2024\/10\/CP-Fabricolleur-dimage-8-novembre.pdf\">CP- Fabricolleur d&#8217;image-8 novembre<\/a><\/p>\n<p>\u25b6 <a href=\"http:\/\/740jw955i52c.brive.org\/wp-content\/uploads\/2024\/10\/CP-Ecoles-municipales-de-sport-places-dispo-Enfants-et-Adultes-.pdf\">CP- \u00c9coles municipales de sport places dispo Enfants et Adultes !<\/a><\/p>\n<p>\u25b6 <a href=\"http:\/\/740jw955i52c.brive.org\/wp-content\/uploads\/2024\/10\/CP-stage-sportif-automne.pdf\">CP- stage sportif automne<\/a><\/p>\n<p>\u25b6 <a href=\"http:\/\/740jw955i52c.brive.org\/wp-content\/uploads\/2024\/10\/FDL24_Prix-des-lecteurs.pdf\">FDL24_Prix des lecteurs<\/a><\/p>\n<p>\u25b6 <a href=\"http:\/\/740jw955i52c.brive.org\/wp-content\/uploads\/2024\/10\/CP-Conseil-de-Developpement-Appel-a-participation_compressed.pdf\">CP &#8211; Conseil de D\u00e9veloppement- Appel \u00e0 participation_compressed<\/a><\/p>\n<p>\u25b6 <a href=\"http:\/\/740jw955i52c.brive.org\/wp-content\/uploads\/2024\/10\/Communique-de-presse-conference-10-2024.pdf\">Communiqu\u00e9 de presse conf\u00e9rence 10 2024<\/a><\/p>\n<p>\u25b6 <a href=\"http:\/\/740jw955i52c.brive.org\/wp-content\/uploads\/2024\/10\/CP-Subventions-2025-aux-associations.pdf\">CP &#8211; Subventions 2025 aux associations<\/a><\/p>\n<p>\u25b6 <a href=\"http:\/\/740jw955i52c.brive.org\/wp-content\/uploads\/2024\/10\/FDL24-CP-Premiers-noms.pdf\">FDL24 &#8211; CP Premiers noms<\/a>[\/vc_column_text][\/vc_tta_section][vc_tta_section title=&#8221;Septembre 2024&#8243; tab_id=&#8221;1727787051004-9e33e05e-d5e0&#8243;][vc_column_text]\u25b6<\/p>\n<p>\u25b6 <a href=\"http:\/\/740jw955i52c.brive.org\/wp-content\/uploads\/2024\/09\/Invitation-Michelet-12-octobre-2024.pdf\">Invitation Michelet 12 octobre 2024<\/a><\/p>\n<p>\u25b6 <a href=\"http:\/\/740jw955i52c.brive.org\/wp-content\/uploads\/2024\/09\/FDL24_CP_Prix-tu-las-lu.pdf\">FDL24_CP_Prix tu l&#8217;as lu<\/a><\/p>\n<p>\u25b6 <a href=\"http:\/\/740jw955i52c.brive.org\/wp-content\/uploads\/2024\/09\/CP-Greve-du-1er-oct-2024.pdf\">CP- Gr\u00e8ve du 1er oct 2024<\/a><\/p>\n<p>\u25b6 <a href=\"http:\/\/740jw955i52c.brive.org\/wp-content\/uploads\/2024\/09\/CP-la-Semaine-Bleue.pdf\">CP-la Semaine Bleue<\/a><\/p>\n<p>\u25b6 <a href=\"http:\/\/740jw955i52c.brive.org\/wp-content\/uploads\/2024\/09\/CP-medailles-VilleCABB-CCAS-2024.pdf\">CP-m\u00e9daill\u00e9s Ville,CABB, CCAS -2024<\/a><\/p>\n<p>\u25b6 <a href=\"http:\/\/740jw955i52c.brive.org\/wp-content\/uploads\/2024\/09\/CP-Semaines-du-Developpement-Durable-18-septembre-au-8-octobre-2024.pdf\">CP- Semaines du D\u00e9veloppement Durable 18 septembre au 8 octobre 2024<\/a> + <a href=\"http:\/\/740jw955i52c.brive.org\/wp-content\/uploads\/2024\/09\/Programme-Semaine-DD-2024-V7.pdf\">Programme Semaine DD 2024 V7<\/a><\/p>\n<p>\u25b6 <a href=\"http:\/\/740jw955i52c.brive.org\/wp-content\/uploads\/2024\/09\/Forum-des-associations-Brive-2024.pdf\">Forum des associations Brive 2024<\/a><\/p>\n<p>\u25b6 <a href=\"http:\/\/740jw955i52c.brive.org\/wp-content\/uploads\/2024\/09\/carton-H-GERARD.pdf\">carton H GERARD<\/a> + <a href=\"http:\/\/740jw955i52c.brive.org\/wp-content\/uploads\/2024\/09\/Deroule-Dojo-H-GERARD-SC.pdf\">D\u00e9roul\u00e9 Dojo H GERARD SC<\/a><\/p>\n<p>\u25b6 <a href=\"http:\/\/740jw955i52c.brive.org\/wp-content\/uploads\/2024\/09\/CP-Reprise-conc.-perpetuelles-2eme-PV.pdf\">CP- Reprise conc. perp\u00e9tuelles (2\u00e8me PV)<\/a><\/p>\n<p>\u25b6 <a href=\"http:\/\/740jw955i52c.brive.org\/wp-content\/uploads\/2024\/09\/Inauguration-Pont-du-Buy-19-09-2024.pdf\">Inauguration Pont du Buy 19 09 2024<\/a><\/p>\n<p>\u25b6 <a href=\"http:\/\/740jw955i52c.brive.org\/wp-content\/uploads\/2024\/09\/CP-Agglo-de-Brive-_-Libeo-Daily-B2G-Partnership.pdf\">CP Agglo de Brive _ Libe\u0301o &#8211; Daily B2G Partnership<\/a><\/p>\n<p>\u25b6 <a href=\"http:\/\/740jw955i52c.brive.org\/wp-content\/uploads\/2024\/09\/Inauguration-aire-de-jeux-Gaetan-Devaud-06-09-2024.pdf\">Inauguration aire de jeux Ga\u00ebtan Devaud 06 09 2024<\/a><\/p>\n<p>\u25b6 <a href=\"http:\/\/740jw955i52c.brive.org\/wp-content\/uploads\/2024\/09\/Inauguration-city-stade-Bouygue-05-09-2024.pdf\">Inauguration city stade Bouygue 05 09 2024<\/a><\/p>\n<p>\u25b6 <a href=\"http:\/\/740jw955i52c.brive.org\/wp-content\/uploads\/2024\/08\/DEROULEMENT-DE-LA-JOURNEE-DU-02-SEPTEMBRE-2024.pdf\">DEROULEMENT DE LA JOURNEE DU 02 SEPTEMBRE 2024<\/a><\/p>\n<p>+\u00a0 <a href=\"http:\/\/740jw955i52c.brive.org\/wp-content\/uploads\/2024\/09\/INVITATION-PRESSE-Visite-rentree-2-sept.pdf\">INVITATION PRESSE &#8211; Visite rentr\u00e9e 2 sept<\/a>[\/vc_column_text][\/vc_tta_section][vc_tta_section title=&#8221;Ao\u00fbt 2024&#8243; tab_id=&#8221;1725521685314-d7bb80b2-c293&#8243;][vc_column_text]\u25b6 <a href=\"http:\/\/740jw955i52c.brive.org\/wp-content\/uploads\/2024\/08\/DEROULEMENT-DE-LA-JOURNEE-DU-02-SEPTEMBRE-2024.pdf\">DEROULEMENT DE LA JOURNEE DU 02 SEPTEMBRE 2024<\/a><\/p>\n<p>\u25b6 <a href=\"http:\/\/740jw955i52c.brive.org\/wp-content\/uploads\/2024\/08\/CP-Conference-Piscine-29-aout.pdf\">CP- Conference Piscine &#8211; 29 ao\u00fbt<\/a><\/p>\n<p>\u25b6 <a href=\"http:\/\/740jw955i52c.brive.org\/wp-content\/uploads\/2024\/08\/Champions-brivistes.pdf\">Champions brivistes<\/a><\/p>\n<p>\u25b6 <a href=\"http:\/\/740jw955i52c.brive.org\/wp-content\/uploads\/2024\/08\/Pass-sport-2024-25-XPress.pdf\">Pass sport 2024-25 Ville de Brive<\/a><\/p>\n<p>\u25b6 <a href=\"http:\/\/740jw955i52c.brive.org\/wp-content\/uploads\/2024\/08\/CP-2025-associations-sportives.pdf\">CP 2025 &#8211; associations sportives<\/a><\/p>\n<p>\u25b6 <a href=\"http:\/\/740jw955i52c.brive.org\/wp-content\/uploads\/2024\/08\/CP-Ecoles-municipales-de-sport-2024-2025.pdf\">CP &#8211; \u00c9coles municipales de sport 2024-2025<\/a><\/p>\n<p>\u25b6 <a href=\"http:\/\/740jw955i52c.brive.org\/wp-content\/uploads\/2024\/08\/CP-sport-dans-ma-ville-2024-7-septembre.pdf\">CP &#8211; sport dans ma ville 2024 &#8211; 7 septembre<\/a><\/p>\n<p>\u25b6 <a href=\"http:\/\/740jw955i52c.brive.org\/wp-content\/uploads\/2024\/08\/communique-ville-de-Brive-80-ans.pdf\" target=\"_blank\" rel=\"noopener\">Communiqu\u00e9 ville de Brive 80 ans<\/a><\/p>\n<p>\u25b6 <a href=\"http:\/\/740jw955i52c.brive.org\/wp-content\/uploads\/2024\/08\/FESTIVAL-ELEVAGE_INVITATION_2024.pdf\" target=\"_blank\" rel=\"noopener\">FESTIVAL \u00c9LEVAGE_INVITATION_2024<\/a><\/p>\n<p>\u25b6 <a href=\"http:\/\/740jw955i52c.brive.org\/wp-content\/uploads\/2024\/08\/cp-vtc-agglo.pdf\" target=\"_blank\" rel=\"noopener\">CP VTC agglo<\/a><\/p>\n<p>\u25b6 <a href=\"http:\/\/740jw955i52c.brive.org\/wp-content\/uploads\/2024\/08\/CP-Programme-ceremonie-15-aout-liberation.pdf\">CP-Programme c\u00e9r\u00e9monie 15 aout-lib\u00e9ration<\/a>[\/vc_column_text][\/vc_tta_section][vc_tta_section title=&#8221;Juillet 2024&#8243; tab_id=&#8221;1723446059967-4f1df025-500b&#8221;][vc_column_text]\u25b6 <a href=\"http:\/\/740jw955i52c.brive.org\/wp-content\/uploads\/2024\/08\/INVITATION-PRESSE-sejour-JO-23-07.pdf\">INVITATION PRESSE &#8211; s\u00e9jour JO -23 07<\/a><\/p>\n<p>\u25b6 <a href=\"http:\/\/740jw955i52c.brive.org\/wp-content\/uploads\/2024\/07\/CP-Rencontre-Delegation-suisse-daviron-17-juillet.pdf\">CP- Rencontre D\u00e9l\u00e9gation suisse d&#8217;aviron- 17 juillet<\/a><\/p>\n<p>\u25b6 <a href=\"http:\/\/740jw955i52c.brive.org\/wp-content\/uploads\/2024\/07\/CP-Avenue-Pasteur-a-partir-de-jeudi-11-juillet.pdf\">CP &#8211; Avenue Pasteur \u00e0 partir de jeudi 11 juillet<\/a><\/p>\n<p>\u25b6 <a href=\"http:\/\/740jw955i52c.brive.org\/wp-content\/uploads\/2024\/07\/CP-Deces-Simone-DU-BREUIL-07-2024.pdf\" target=\"_blank\" rel=\"noopener\">CP- D\u00e9c\u00e8s Simone DU BREUIL 07 2024<\/a><\/p>\n<p>\u25b6 <a href=\"http:\/\/740jw955i52c.brive.org\/wp-content\/uploads\/2024\/07\/Programme-14-juillet-2024-1.pdf\">Programme 14 juillet 2024<\/a>[\/vc_column_text][\/vc_tta_section][vc_tta_section title=&#8221;Juin 2024&#8243; tab_id=&#8221;1720517621457-2b538c4c-975a&#8221;][vc_column_text]\u25b6 <a href=\"http:\/\/740jw955i52c.brive.org\/wp-content\/uploads\/2024\/07\/CP-Selection-Tu-las-lu-2024.pdf\">CP S\u00e9lection Tu l&#8217;as lu 2024<\/a><\/p>\n<p>\u25b6 <a href=\"http:\/\/740jw955i52c.brive.org\/wp-content\/uploads\/2024\/06\/Dossier-de-presse-Faunes-Francois-Lelong-Brive-2024-1.pdf\">Dossier de presse Faunes Fran\u00e7ois Lelong Brive 2024<\/a><\/p>\n<p>\u25b6 <a href=\"http:\/\/740jw955i52c.brive.org\/wp-content\/uploads\/2024\/06\/CP-Mathieu-Persan-2.pdf\">CP Mathieu Persan<\/a><\/p>\n<p>\u25b6 <a href=\"http:\/\/740jw955i52c.brive.org\/wp-content\/uploads\/2024\/06\/DP_EchappeeGaillarde.pdf\">DP_Echappe\u0301eGaillarde<\/a><\/p>\n<p>\u25b6 <a href=\"http:\/\/740jw955i52c.brive.org\/wp-content\/uploads\/2024\/06\/Dossier-Presse-Expo-Archives-Juin-2024-V01-Ville-de-Brive.pdf\">Dossier Presse Expo Archives Juin 2024 V01 Ville de Brive<\/a><\/p>\n<p>\u25b6 <a href=\"http:\/\/740jw955i52c.brive.org\/wp-content\/uploads\/2024\/06\/CP-Mathieu-Persan.pdf\">CP Mathieu Persan<\/a><\/p>\n<p>\u25b6 <a href=\"http:\/\/740jw955i52c.brive.org\/wp-content\/uploads\/2024\/06\/CP-foire-franche-apres-midi-handicap-juin.pdf\">CP-foire franche apr\u00e8s-midi handicap-juin<\/a><\/p>\n<p>\u25b6 <a href=\"http:\/\/740jw955i52c.brive.org\/wp-content\/uploads\/2024\/06\/La-derniere-dictee-de-Labenche-21-juin.pdf\">La derni\u00e8re dict\u00e9e de Labenche &#8211; 21 juin<\/a><\/p>\n<p>\u25b6 <a href=\"http:\/\/740jw955i52c.brive.org\/wp-content\/uploads\/2024\/06\/Dossier-de-presse-Faunes-Francois-Lelong-Brive-2024.pdf\">Dossier de presse Faunes Fran\u00e7ois Lelong Brive 2024<\/a><\/p>\n<p>\u25b6 <a href=\"http:\/\/740jw955i52c.brive.org\/wp-content\/uploads\/2024\/06\/DP-Partir-en-livre-2024-Brive.pdf\">DP Partir en livre 2024 Brive<\/a><\/p>\n<p>\u25b6 <a href=\"http:\/\/740jw955i52c.brive.org\/wp-content\/uploads\/2024\/06\/Brive-Journees-Europeennes-de-lArcheologie-15-15-16-Juin-2024-Brive.pdf\">Brive Journ\u00e9es Europ\u00e9ennes de l&#8217;Arch\u00e9ologie 15 15 16 Juin 2024 Brive<\/a><\/p>\n<p>\u25b6 <a href=\"http:\/\/740jw955i52c.brive.org\/wp-content\/uploads\/2024\/06\/CP-Christophe-Alline-en-residence-17-juin.pdf\">CP-Christophe Alline en r\u00e9sidence -17 juin<\/a>[\/vc_column_text][\/vc_tta_section][vc_tta_section title=&#8221;Mai 2024&#8243; tab_id=&#8221;1717490161079-aae22c3f-0635&#8243;][vc_column_text]\u25b6 <a href=\"http:\/\/740jw955i52c.brive.org\/wp-content\/uploads\/2024\/05\/CP-FJT-14-juin.pdf\">CP &#8211; FJT &#8211; 14 juin<\/a><\/p>\n<p>\u25b6 <a href=\"http:\/\/740jw955i52c.brive.org\/wp-content\/uploads\/2024\/05\/The-Dansant-CCAS-13-juin.pdf\">Th\u00e9-Dansant CCAS &#8211; 13 juin<\/a><\/p>\n<p>\u25b6 <a href=\"http:\/\/740jw955i52c.brive.org\/wp-content\/uploads\/2024\/05\/CP-stages-sportifs-4-juin.pdf\">CP- stages sportifs &#8211; 4 juin<\/a><\/p>\n<p>\u25b6 <a href=\"http:\/\/740jw955i52c.brive.org\/wp-content\/uploads\/2024\/05\/CP-la-fete-des-abeilles-Correzienne-Parc-des-Perrieres-a-Brive-6-juin.pdf\">CP- la f\u00eate des abeilles Corr\u00e9zienne Parc des Perri\u00e8res \u00e0 Brive- 6 juin<\/a><\/p>\n<p>\u25b6 <a href=\"http:\/\/740jw955i52c.brive.org\/wp-content\/uploads\/2024\/05\/CP-Zic-en-scene-22-05-24.pdf\">CP Zic en sc\u00e8ne 22-05-24<\/a><\/p>\n<p>\u25b6 <a href=\"http:\/\/740jw955i52c.brive.org\/wp-content\/uploads\/2024\/05\/Dossier-de-presse-expo-Anna-Garcin-Mayade.pdf\">Dossier de presse expo Anna Garcin-Mayade<\/a><\/p>\n<p>\u25b6 <a href=\"http:\/\/740jw955i52c.brive.org\/wp-content\/uploads\/2024\/05\/DP-Le-Conservatoire-au-theatre-2024-V2.pdf\">DP &#8211; Le Conservatoire au th\u00e9\u00e2tre 2024 V2<\/a><\/p>\n<p>\u25b6 <a href=\"http:\/\/740jw955i52c.brive.org\/wp-content\/uploads\/2024\/05\/DP-Scenes-ouvertes-2024-1.pdf\">DP Sc\u00e8nes ouvertes 2024<\/a><\/p>\n<p>\u25b6 <a href=\"http:\/\/740jw955i52c.brive.org\/wp-content\/uploads\/2024\/05\/CP-Nuit-des-musees-2024.pdf\">CP- Nuit des mus\u00e9es 2024<\/a> modifications<\/p>\n<p>\u25b6 <a href=\"http:\/\/740jw955i52c.brive.org\/wp-content\/uploads\/2024\/05\/Foire-du-Livre-de-Brive-2024-CP-President.pdf\">Foire du Livre de Brive 2024 &#8211; CP Pre\u0301sident<\/a><\/p>\n<p>\u25b6 <a href=\"http:\/\/740jw955i52c.brive.org\/wp-content\/uploads\/2024\/05\/PRESSE-MuseeLabenche-expo-Illustres-Inconnus.pdf\">PRESSE &#8211; MuseeLabenche &#8211; expo Illustres Inconnus<\/a><\/p>\n<p>\u25b6 <a href=\"http:\/\/740jw955i52c.brive.org\/wp-content\/uploads\/2024\/05\/DP-Scenes-ouvertes-2024.pdf\">DP Sc\u00e8nes ouvertes 2024<\/a><\/p>\n<p>\u25b6 <a href=\"http:\/\/740jw955i52c.brive.org\/wp-content\/uploads\/2024\/05\/dossier-de-presse-semaine-de-lemploi-1.pdf\">dossier de presse semaine de l&#8217;emploi-1<\/a><\/p>\n<p>\u25b6 <a href=\"http:\/\/740jw955i52c.brive.org\/wp-content\/uploads\/2024\/04\/CP-Nuit-europeenne-des-Musees-a-Brive-18-mai-2024.pdf\">CP Nuit europ\u00e9enne des Mus\u00e9es \u00e0 Brive -18 mai 2024<\/a>[\/vc_column_text][\/vc_tta_section][vc_tta_section title=&#8221;Avril 2024&#8243; tab_id=&#8221;1715586840918-e2b78a0b-10d9&#8243;][vc_column_text]\u25b6 <a href=\"http:\/\/740jw955i52c.brive.org\/wp-content\/uploads\/2024\/04\/CP-Nuit-europeenne-des-Musees-a-Brive-18-mai-2024.pdf\">CP Nuit europ\u00e9enne des Mus\u00e9es \u00e0 Brive -18 mai 2024<\/a><\/p>\n<p>\u25b6 <a href=\"http:\/\/740jw955i52c.brive.org\/wp-content\/uploads\/2024\/04\/CP-Arret-de-lexperimentation-illicov-16042024.pdf\">CP- Arr\u00eat de l&#8217;exp\u00e9rimentation illicov 16042024<\/a><\/p>\n<p>\u25b6 <a href=\"http:\/\/740jw955i52c.brive.org\/wp-content\/uploads\/2024\/04\/CP-Point-Presse-2024_V19.04.24.pdf\">CP &#8211; Point Presse 2024_V19.04.24<\/a><\/p>\n<p>\u25b6 <a href=\"http:\/\/740jw955i52c.brive.org\/wp-content\/uploads\/2024\/04\/CP-Les-Impromptus.pdf\">CP Les Impromptus<\/a><\/p>\n<p>\u25b6 <a href=\"http:\/\/740jw955i52c.brive.org\/wp-content\/uploads\/2024\/04\/CP-exposition-Esprits-relies-2.pdf\">CP exposition Esprits reli\u00e9s<\/a><\/p>\n<p>\u25b6<a href=\"http:\/\/740jw955i52c.brive.org\/wp-content\/uploads\/2024\/04\/Programme-28-avril-2024.pdf\" target=\"_blank\" rel=\"noopener\"> Programme 28 avril 2024<\/a><\/p>\n<p>\u25b6\u00a0<a href=\"http:\/\/740jw955i52c.brive.org\/wp-content\/uploads\/2024\/04\/CP-residence-decriture-Beatrice-Bonhomme.pdf\">CP r\u00e9sidence d&#8217;\u00e9criture B\u00e9atrice Bonhomme<\/a><\/p>\n<p>\u25b6 <a href=\"http:\/\/740jw955i52c.brive.org\/wp-content\/uploads\/2024\/04\/plan-de-deviation-College-cabanis-RCU-BRIVE.pdf\">plan de d\u00e9viation &#8211; Coll\u00e8ge cabanis &#8211; RCU BRIVE<\/a><\/p>\n<p>\u25b6 <a href=\"http:\/\/740jw955i52c.brive.org\/wp-content\/uploads\/2024\/04\/CP-Travaux-avenue-Roosevelt.pdf\">CP- Travaux avenue Roosevelt<\/a><\/p>\n<p>\u25b6 <a href=\"http:\/\/740jw955i52c.brive.org\/wp-content\/uploads\/2024\/04\/20240403_CP_Vers-une-mobilite-plus-durable-et-plus-inclusive_LAgglo-de-Brive-confie-le-reseau-de-transport-public-Libeo-a-RATP-Dev.pdf\">20240403_CP_Vers une mobilit\u00e9 plus durable et plus inclusive_LAgglo de Brive confie le r\u00e9seau de transport public Lib\u00e9o \u00e0 RATP Dev<\/a><\/p>\n<p>\u25b6 <a href=\"http:\/\/740jw955i52c.brive.org\/wp-content\/uploads\/2024\/04\/CP-Rentree-scolaire-2024.pdf\" target=\"_blank\" rel=\"noopener\">CP-Rentr\u00e9e scolaire 2024<\/a> +<\/p>\n<p>\u25b6 <a href=\"http:\/\/740jw955i52c.brive.org\/wp-content\/uploads\/2024\/04\/CP-exposition-Esprits-relies-1.pdf\" target=\"_blank\" rel=\"noopener\">CP exposition Esprits reli\u00e9s<\/a><\/p>\n<p>\u25b6 <a href=\"http:\/\/740jw955i52c.brive.org\/wp-content\/uploads\/2024\/04\/CP-Des-equilibre-sde-Sebastien-Layral-DAlessandro.pdf\" target=\"_blank\" rel=\"noopener\">CP- Des \u00e9quilibre S\u00e9bastien Layral D&#8217;Alessandro<\/a><\/p>\n<p>\u25b6 <a href=\"http:\/\/740jw955i52c.brive.org\/wp-content\/uploads\/2024\/04\/CP-exposition-Esprits-relies.pdf\">CP exposition Esprits reli\u00e9s<\/a><\/p>\n<p>\u25b6 <a href=\"http:\/\/740jw955i52c.brive.org\/wp-content\/uploads\/2024\/03\/CP-rectificatif-Fermeture-du-passage-a-niveau-Pilou-16-avril.pdf\">CP- rectificatif &#8211; Fermeture du passage \u00e0 niveau Pilou &#8211; 16 avril<\/a><\/p>\n<p>\u25b6 <a href=\"http:\/\/740jw955i52c.brive.org\/wp-content\/uploads\/2024\/03\/CP-Concert-de-printemps-Harmonie-Sainte-Cecile-1.pdf\">CP &#8211; Concert de printemps Harmonie Sainte C\u00e9cile<\/a><\/p>\n<p>\u25b6 <a href=\"http:\/\/740jw955i52c.brive.org\/wp-content\/uploads\/2024\/03\/CP-Fermeture-du-passage-a-niveau-Pilou-3-avril.pdf\">CP- Fermeture du passage \u00e0 niveau Pilou &#8211; 3 avril<\/a>[\/vc_column_text][\/vc_tta_section][vc_tta_section title=&#8221;Mars 2024&#8243; tab_id=&#8221;1712130685873-105d1f74-0c0a&#8221;][vc_column_text]\u25b6 <a href=\"http:\/\/740jw955i52c.brive.org\/wp-content\/uploads\/2024\/03\/Zic-en-scene-29-mars.pdf\">Zic en sc\u00e8ne 29 mars<\/a><\/p>\n<p>\u25b6 <a href=\"http:\/\/740jw955i52c.brive.org\/wp-content\/uploads\/2024\/03\/CP-Concert-de-printemps-Harmonie-Sainte-Cecile.pdf\">CP &#8211; Concert de printemps Harmonie Sainte C\u00e9cile<\/a><\/p>\n<p>\u25b6 <a href=\"http:\/\/740jw955i52c.brive.org\/wp-content\/uploads\/2024\/03\/CP-Travaux-Avenue-Guyemer-31-mars-2024.pdf\">CP- Travaux Avenue Guyemer-31 mars 2024<\/a><\/p>\n<p>\u25b6 <a href=\"http:\/\/740jw955i52c.brive.org\/wp-content\/uploads\/2024\/03\/INVITATION-BIG-FUNK-BRASS-30-Mars-2024.pdf\">INVITATION BIG FUNK BRASS 30 Mars 2024<\/a><\/p>\n<p>\u25b6 <a href=\"http:\/\/740jw955i52c.brive.org\/wp-content\/uploads\/2024\/03\/DP-Le-cinema-en-Correze.pdf\">DP Le cin\u00e9ma en Corr\u00e8ze<\/a><\/p>\n<p>\u25b6 <a href=\"http:\/\/740jw955i52c.brive.org\/wp-content\/uploads\/2024\/03\/Dossier-de-presse-Salon-de-lhabitat-Brive-2024_compressed.pdf\">Dossier de presse Salon de l&#8217;habitat Brive 2024_compressed<\/a><\/p>\n<p>\u25b6 <a href=\"http:\/\/740jw955i52c.brive.org\/wp-content\/uploads\/2024\/03\/CP-Mercredi-Michelet-20-mars.pdf\">CP &#8211; Mercredi Michelet &#8211; 20 mars<\/a><\/p>\n<p>\u25b6 <a href=\"http:\/\/740jw955i52c.brive.org\/wp-content\/uploads\/2024\/03\/CP-Ceremonie-19-mars-2024.pdf\">CP- C\u00e9r\u00e9monie 19 mars 2024<\/a><\/p>\n<p>\u25b6 <a href=\"http:\/\/740jw955i52c.brive.org\/wp-content\/uploads\/2024\/03\/CP-Zic-en-scene.pdf\">CP &#8211; Zic en sc\u00e8ne<\/a><\/p>\n<p>\u25b6 <a href=\"http:\/\/740jw955i52c.brive.org\/wp-content\/uploads\/2024\/03\/CP-Quart-dheure-lecture.pdf\">CP Quart d&#8217;heure lecture<\/a>[\/vc_column_text][\/vc_tta_section][vc_tta_section title=&#8221;F\u00e9vrier 2024&#8243; tab_id=&#8221;1709800272726-ca33c913-8c88&#8243;][vc_column_text]\u25b6 <a href=\"http:\/\/740jw955i52c.brive.org\/wp-content\/uploads\/2024\/03\/DP-Printemps-des-poetes-29-022024.pdf\">DP Printemps des po\u00e8tes 29-022024<\/a><\/p>\n<p>\u25b6 <a href=\"http:\/\/740jw955i52c.brive.org\/wp-content\/uploads\/2024\/02\/CP-Travaux-rue-hotel-de-ville-4-mars.pdf\">CP -Travaux rue hotel de ville &#8211; 4 mars<\/a><\/p>\n<p>\u25b6 <a href=\"http:\/\/740jw955i52c.brive.org\/wp-content\/uploads\/2024\/02\/CP-Travaux-rue-lion-dor-11-mars.pdf\">CP -Travaux rue lion d&#8217;or &#8211; 11 mars<\/a> + <a href=\"http:\/\/740jw955i52c.brive.org\/wp-content\/uploads\/2024\/02\/document-1.pdf\">document-1<\/a><\/p>\n<p>\u25b6 <a href=\"http:\/\/740jw955i52c.brive.org\/wp-content\/uploads\/2024\/02\/CP-residence-Isa-Slivance-4-mars.pdf\">CP r\u00e9sidence Isa Slivance- 4 mars<\/a><\/p>\n<p>\u25b6 <a href=\"http:\/\/740jw955i52c.brive.org\/wp-content\/uploads\/2024\/02\/CP-La-dictee-de-Labenche-8-mars-2024.pdf\">CP- La dict\u00e9e de Labenche &#8211; 8 mars 2024<\/a><\/p>\n<p>\u25b6 <a href=\"http:\/\/740jw955i52c.brive.org\/wp-content\/uploads\/2024\/02\/DP-Printemps-des-poetes-16-022024.pdf\">DP Printemps des po\u00e8tes 16-022024<\/a><\/p>\n<p>\u25b6 <a href=\"http:\/\/740jw955i52c.brive.org\/wp-content\/uploads\/2024\/02\/AQUAGYM-LATINO-Cmque-fevrier-2024.pdf\">AQUAGYM LATINO &#8211; Cmqu\u00e9 &#8211; fevrier 2024<\/a><\/p>\n<p>\u25b6 <a href=\"http:\/\/740jw955i52c.brive.org\/wp-content\/uploads\/2024\/02\/DP-Les-Myceliades-2024-1.pdf\">DP Les Myce\u0301liades 2024 (1)<\/a><\/p>\n<p>\u25b6 <a href=\"http:\/\/740jw955i52c.brive.org\/wp-content\/uploads\/2024\/02\/DP-Un-Rodin-a-Brive-.pdf\">DP Un Rodin \u00e0 Brive !<\/a> + <a href=\"http:\/\/740jw955i52c.brive.org\/wp-content\/uploads\/2024\/02\/QR-code-Rodin-Brive.pdf\">QR code Rodin Brive<\/a>[\/vc_column_text][\/vc_tta_section][vc_tta_section title=&#8221;Janvier 2024&#8243; tab_id=&#8221;1706799472642-01d33326-5c42&#8243;][vc_column_text]\u25b6 <a href=\"http:\/\/740jw955i52c.brive.org\/wp-content\/uploads\/2024\/01\/CP-DEMENAGEMENT-service-urbanisme-et-maison-de-lhabitat-1er-fevrier.pdf\">CP &#8211; DEMENAGEMENT service urbanisme et maison de l&#8217;habitat- 1er fevrier<\/a><\/p>\n<p>\u25b6 <a href=\"http:\/\/740jw955i52c.brive.org\/wp-content\/uploads\/2024\/01\/DP-Forum-du-futur-etudiant.pdf\">DP Forum du futur \u00e9tudiant<\/a><\/p>\n<p>\u25b6 <a href=\"http:\/\/740jw955i52c.brive.org\/wp-content\/uploads\/2024\/01\/DP-Les-Myceliades-2024.pdf\">DP Les Myc\u00e9liades 2024<\/a><\/p>\n<p>\u25b6 <a href=\"http:\/\/740jw955i52c.brive.org\/wp-content\/uploads\/2024\/01\/CP-Greve-du-1er-fevrier-2024.pdf\">CP- Gr\u00e8ve du 1er f\u00e9vrier 2024<\/a><\/p>\n<p>\u25b6 <a href=\"http:\/\/740jw955i52c.brive.org\/wp-content\/uploads\/2024\/01\/CP-LAEP-AGGLO-de-BRIVE.pdf\">CP &#8211; LAEP AGGLO de BRIVE<\/a><\/p>\n<p>\u25b6 <a href=\"http:\/\/740jw955i52c.brive.org\/wp-content\/uploads\/2024\/01\/CP-Travail-en-en-cours-3.pdf\">CP Travail en en cours #3<\/a><\/p>\n<p>\u25b6 <a href=\"http:\/\/740jw955i52c.brive.org\/wp-content\/uploads\/2024\/01\/CP-La-Nuit-des-Conservatoires-2024.pdf\">CP &#8211; La Nuit des Conservatoires 2024<\/a><\/p>\n<p>\u25b6 <a href=\"http:\/\/740jw955i52c.brive.org\/wp-content\/uploads\/2024\/01\/STAGES-SPORTIFS-HIVER-2024-V-1.pdf\">STAGES SPORTIFS HIVER 2024 &#8211; V<\/a> + <a href=\"http:\/\/740jw955i52c.brive.org\/wp-content\/uploads\/2024\/01\/CP-Inscriptions-stages-sportifs-dHiver-15-janvier.pdf\">CP- Inscriptions stages sportifs d&#8217;Hiver- 15 janvier<\/a><\/p>\n<p>\u25b6 <a href=\"http:\/\/740jw955i52c.brive.org\/wp-content\/uploads\/2024\/01\/CP-ExpositionTralalat-art-22-janvier.pdf\">CP- ExpositionTralalat art 22 janvier<\/a><\/p>\n<p>\u25b6 <a href=\"http:\/\/740jw955i52c.brive.org\/wp-content\/uploads\/2024\/01\/CP-La-nuit-de-la-lecture-a-la-mediatheque-19-janvier.pdf\" target=\"_blank\" rel=\"noopener\">CP- La nuit de la lecture \u00e0 la m\u00e9diath\u00e8que &#8211; 19 janvier<\/a><\/p>\n<p>\u25b6 <a href=\"http:\/\/740jw955i52c.brive.org\/wp-content\/uploads\/2024\/01\/CP-Mercredi-de-Michelet-24-Janvier.pdf\">CP- Mercredi de Michelet &#8211; 24 Janvier<\/a><\/p>\n<p>\u25b6 <a href=\"http:\/\/740jw955i52c.brive.org\/wp-content\/uploads\/2024\/01\/INVITATION-concert-20-janvier-2024.pdf\">INVITATION concert 20 janvier 2024<\/a><\/p>\n<p>\u25b6 <a href=\"http:\/\/740jw955i52c.brive.org\/wp-content\/uploads\/2024\/01\/CP-La-Dictee-de-Labenche-2024-26-janvier.pdf\">CP-La Dict\u00e9e de Labenche 2024 &#8211; 26 janvier<\/a>[\/vc_column_text][\/vc_tta_section][vc_tta_section title=&#8221;D\u00e9cembre 2023&#8243; tab_id=&#8221;1704269468079-dc3a4dd5-3e62&#8243;][vc_column_text]\u25b6 <a href=\"http:\/\/740jw955i52c.brive.org\/wp-content\/uploads\/2023\/12\/Communique-de-presse-equipe-Suisse-dAviron.pdf\">Communiqu\u00e9 de presse &#8211; equipe Suisse d&#8217;Aviron<\/a><\/p>\n<p>\u25b6 <a href=\"http:\/\/740jw955i52c.brive.org\/wp-content\/uploads\/2023\/12\/CP-Inscriptions-Lundis-Decouvertes-et-Mercredis-sportifs.pdf\">CP &#8211; Inscriptions Lundis D\u00e9couvertes et Mercredis sportifs<\/a><\/p>\n<p>\u25b6 <a href=\"http:\/\/740jw955i52c.brive.org\/wp-content\/uploads\/2023\/12\/CP-Tableaux-dhiver.pdf\" target=\"_blank\" rel=\"noopener\">CP Tableaux d&#8217;hiver<\/a><\/p>\n<p>\u25b6 <a href=\"http:\/\/740jw955i52c.brive.org\/wp-content\/uploads\/2023\/12\/colloque-michelet-2023-programme_compressed.pdf\" target=\"_blank\" rel=\"noopener\">Colloque-michelet-2023-programme_compressed<\/a><\/p>\n<p>\u25b6 <a href=\"http:\/\/740jw955i52c.brive.org\/wp-content\/uploads\/2023\/12\/DP-CONF-DE-PRESSE-NOEL-2023.pdf\">DP CONF DE PRESSE NO\u00cbL 2023<\/a><\/p>\n<p>\u25b6 <a href=\"http:\/\/740jw955i52c.brive.org\/wp-content\/uploads\/2023\/12\/CP-Ceremonie-la-journee-nationale-dhommage-aux-Morts-pour-la-France-5-decembre.pdf\">CP- C\u00e9r\u00e9monie la journ\u00e9e nationale d&#8217;hommage aux Morts pour la France &#8211; 5 d\u00e9cembre<\/a><\/p>\n<p>\u25b6 <a href=\"http:\/\/740jw955i52c.brive.org\/wp-content\/uploads\/2023\/12\/Communique-de-presse-Brune_Brive.pdf\">Communique de presse-Brune_Brive<\/a><\/p>\n<p>\u25b6 <a href=\"http:\/\/740jw955i52c.brive.org\/wp-content\/uploads\/2023\/12\/CP-CALENDRIER-AVENT.pdf\">CP- CALENDRIER AVENT<\/a>[\/vc_column_text][\/vc_tta_section][vc_tta_section title=&#8221;Novembre 2023&#8243; tab_id=&#8221;1701416429110-56bd419c-42a7&#8243;][vc_column_text]\u25b6 <a href=\"http:\/\/740jw955i52c.brive.org\/wp-content\/uploads\/2023\/11\/Communique-de-presse-Brune_Brive.pdf\">Communique de presse-Brune_Brive<\/a><\/p>\n<p>\u25b6 <a href=\"http:\/\/740jw955i52c.brive.org\/wp-content\/uploads\/2023\/11\/CP-LIGNES-DE-COVOITURAGE-29112023.pdf\">CP &#8211; LIGNES DE COVOITURAGE 29112023<\/a><\/p>\n<p>\u25b6 <a href=\"http:\/\/740jw955i52c.brive.org\/wp-content\/uploads\/2023\/11\/Cine-The-CCAS-15-dec.pdf\">Cin\u00e9 -Th\u00e9 CCAS &#8211; 15 dec<\/a><\/p>\n<p>\u25b6 <a href=\"http:\/\/740jw955i52c.brive.org\/wp-content\/uploads\/2023\/11\/CP-concert-dhiver-conservatoire2.pdf\">CP concert d&#8217;hiver conservatoire(2)<\/a><\/p>\n<p>\u25b6 <a href=\"http:\/\/740jw955i52c.brive.org\/wp-content\/uploads\/2023\/11\/CP-conservatoire-calendrier-avent.pdf\">CP conservatoire calendrier avent<\/a><\/p>\n<p>\u25b6 <a href=\"http:\/\/740jw955i52c.brive.org\/wp-content\/uploads\/2023\/11\/CP-Lettres-du-monde-2023.pdf\">CP Lettres du monde 2023<\/a><\/p>\n<p>\u25b6 <a href=\"http:\/\/740jw955i52c.brive.org\/wp-content\/uploads\/2023\/11\/CP-Eclairage-Mairie-pour-Droits-des-enfants-20-novembre.pdf\">CP &#8211; Eclairage Mairie pour Droits des enfants &#8211; 20 novembre<\/a><\/p>\n<p>\u25b6 <a href=\"http:\/\/740jw955i52c.brive.org\/wp-content\/uploads\/2023\/11\/PATINAGE-Stage-2023-recto-et-verso.pdf\">PATINAGE &#8211; Stage 2023 &#8211; recto et verso<\/a> + <a href=\"http:\/\/740jw955i52c.brive.org\/wp-content\/uploads\/2023\/11\/Stages-de-Patinage-vacances-scolaires-.pdf\">Stages de Patinage vacances scolaires &#8211;<\/a><\/p>\n<p>\u25b6 <a href=\"http:\/\/740jw955i52c.brive.org\/wp-content\/uploads\/2023\/11\/FDL23-CP-bilan-chiffre.pdf\">FDL23 &#8211; CP bilan chiffr\u00e9<\/a> +\u00a0<a href=\"http:\/\/740jw955i52c.brive.org\/wp-content\/uploads\/2023\/11\/FDL23_CP_bilan-VDEF.pdf\">FDL23_CP_bilan VDEF<\/a><\/p>\n<p>\u25b6 <a href=\"http:\/\/740jw955i52c.brive.org\/wp-content\/uploads\/2023\/11\/CP-Foire-aux-miels-19-novembre.pdf\">CP-Foire aux miels &#8211; 19 novembre<\/a><\/p>\n<p>\u25b6 <a href=\"http:\/\/740jw955i52c.brive.org\/wp-content\/uploads\/2023\/11\/CP-inscriptions-SENIORS-EN-FETE.pdf\">CP- inscriptions SENIORS EN FETE<\/a><\/p>\n<p>\u25b6 <a href=\"http:\/\/740jw955i52c.brive.org\/wp-content\/uploads\/2023\/11\/Carton-invitation-9-11-2023.pdf\">Carton invitation 9 11 2023<\/a> + <a href=\"http:\/\/740jw955i52c.brive.org\/wp-content\/uploads\/2023\/11\/Programme-du-9-novembre-2023.pdf\">Programme du 9 novembre 2023<\/a><\/p>\n<p>\u25b6 <a href=\"http:\/\/740jw955i52c.brive.org\/wp-content\/uploads\/2023\/11\/CP-Exposition-Reves-sauvages-.pdf\">CP &#8211; Exposition \u00ab R\u00eaves sauvages \u00bb<\/a> + <a href=\"http:\/\/740jw955i52c.brive.org\/wp-content\/uploads\/2023\/11\/Affiche-recto-illu-mail_compressed.pdf\">Affiche recto &#8211; illu mail_compressed<\/a>[\/vc_column_text][\/vc_tta_section][vc_tta_section title=&#8221;Octobre 2023&#8243; tab_id=&#8221;1698920811854-90ca197e-5a46&#8243;][vc_column_text]\u25b6 <a href=\"http:\/\/740jw955i52c.brive.org\/wp-content\/uploads\/2023\/10\/DP-Campagne-contre-moustique-tigreToussaint-2023_compressed.pdf\">DP &#8211; Campagne contre moustique tigreToussaint 2023_compressed<\/a><\/p>\n<p>\u25b6 <a href=\"http:\/\/740jw955i52c.brive.org\/wp-content\/uploads\/2023\/10\/CP-JANE-Defi-Gaillard1.pdf\">CP &#8211; JANE- D\u00e9fi Gaillard(1)<\/a> +\u00a0<a href=\"http:\/\/740jw955i52c.brive.org\/wp-content\/uploads\/2023\/10\/Deroule-Defi-Gaillard.pdf\">D\u00e9roul\u00e9 D\u00e9fi Gaillard<\/a><\/p>\n<p>\u25b6 <a href=\"http:\/\/740jw955i52c.brive.org\/wp-content\/uploads\/2023\/10\/CP-Service-Minimum-greve-du-13-octobre-2023.pdf\">CP- Service Minimum gr\u00e8ve du 13 octobre 2023<\/a><\/p>\n<p>\u25b6 <a href=\"http:\/\/740jw955i52c.brive.org\/wp-content\/uploads\/2023\/10\/20231006-CP-FrAlerte.pdf\">20231006 CP FrAlerte<\/a><a href=\"http:\/\/740jw955i52c.brive.org\/wp-content\/uploads\/2023\/10\/20231006-IP-Exercice-Butagaz.pdf\">20231006 IP Exercice Butagaz<\/a><\/p>\n<p>\u25b6 <a href=\"http:\/\/740jw955i52c.brive.org\/wp-content\/uploads\/2023\/10\/Foire-du-Livre-de-Brive-2023_DP-5-10-23.pdf\">Foire du Livre de Brive 2023_DP 5-10-23<\/a><\/p>\n<p>\u25b6 <a href=\"http:\/\/740jw955i52c.brive.org\/wp-content\/uploads\/2023\/10\/CP-Remise-de-Prix-Concours-photo-6-octobre.pdf\">CP- Remise de Prix Concours photo &#8211; 6 octobre<\/a><\/p>\n<p>\u25b6 <a href=\"http:\/\/740jw955i52c.brive.org\/wp-content\/uploads\/2023\/10\/CP-Mercredis-Michelet-18-oct.pdf\">CP- Mercredis Michelet &#8211; 18 oct<\/a><\/p>\n<p>\u25b6 <a href=\"http:\/\/740jw955i52c.brive.org\/wp-content\/uploads\/2023\/10\/Communique-de-presse-permanence-du-maire.pdf\">Communiqu\u00e9 de presse permanence du maire<\/a><\/p>\n<p>\u25b6 <a href=\"http:\/\/740jw955i52c.brive.org\/wp-content\/uploads\/2023\/10\/CP-Residence-dartistes-Mickael-Mazaleyrat.pdf\">CP &#8211; R\u00e9sidence d&#8217;artistes Micka\u00ebl Mazaleyrat<\/a>[\/vc_column_text][\/vc_tta_section][vc_tta_section title=&#8221;Septembre 2023&#8243; tab_id=&#8221;1696235001571-c9689835-dabf&#8221;][vc_column_text]\u25b6 <a href=\"http:\/\/740jw955i52c.brive.org\/wp-content\/uploads\/2023\/09\/FDL23_CP_premiers-invites.pdf\">FDL23_CP_premiers invites<\/a><\/p>\n<p>\u25b6 <a href=\"http:\/\/740jw955i52c.brive.org\/wp-content\/uploads\/2023\/09\/INVITATION-PRESSE-Convention-Intracting-banque-des-territoires-27-09.pdf\">INVITATION PRESSE Convention Intracting banque des territoires-27 09<\/a><\/p>\n<p>\u25b6 <a href=\"http:\/\/740jw955i52c.brive.org\/wp-content\/uploads\/2023\/09\/CP-Musee-Labenche-et-Sophrologie.pdf\">CP Mus\u00e9e Labenche et Sophrologie<\/a><\/p>\n<p>\u25b6 <a href=\"http:\/\/740jw955i52c.brive.org\/wp-content\/uploads\/2023\/09\/CP-Semaine-bleue-6-octobre.pdf\">CP &#8211; Semaine bleue &#8211; 6 octobre<\/a><\/p>\n<p>\u25b6 <a href=\"http:\/\/740jw955i52c.brive.org\/wp-content\/uploads\/2023\/09\/FDL23_CP_Prix-tu-las-lu-2023.pdf\">FDL23_CP_Prix tu l&#8217;as lu 2023<\/a><\/p>\n<p>\u25b6 <a href=\"http:\/\/740jw955i52c.brive.org\/wp-content\/uploads\/2023\/09\/DP-Brive-Ville-sanctuaire-20-sept_c.pdf\">DP- Brive Ville sanctuaire 20 sept_c<\/a><\/p>\n<p>\u25b6 <a href=\"http:\/\/740jw955i52c.brive.org\/wp-content\/uploads\/2023\/09\/CP-Marches-aux-noix-20-septembre.pdf\">CP- March\u00e9s aux noix &#8211; 20 septembre<\/a><\/p>\n<p>\u25b6 <a href=\"http:\/\/740jw955i52c.brive.org\/wp-content\/uploads\/2023\/09\/CP-collecte-de-dons-pour-le-Maroc.pdf\">CP-collecte de dons pour le Maroc<\/a><\/p>\n<p>\u25b6 <a href=\"http:\/\/740jw955i52c.brive.org\/wp-content\/uploads\/2023\/09\/DP-Journees-de-la-culture-et-du-patrimoine-2023-16-au-17-septembre.pdf\">DP Journ\u00e9es de la culture et du patrimoine 2023 &#8211; 16 au 17 septembre<\/a><\/p>\n<p>\u25b6 <a href=\"http:\/\/740jw955i52c.brive.org\/wp-content\/uploads\/2023\/09\/CP-Jeunes-Talents-Sportifs-Brivistes-12-septembre.pdf\">CP &#8211; Jeunes Talents Sportifs Brivistes &#8211; 12 septembre<\/a><\/p>\n<p>\u25b6 <a href=\"http:\/\/740jw955i52c.brive.org\/wp-content\/uploads\/2023\/09\/CP-Medailles-Ville-de-Brive-5-septembre.pdf\">CP M\u00e9daill\u00e9s Ville de Brive &#8211; 5 septembre<\/a><\/p>\n<p>\u25b6 <a href=\"http:\/\/740jw955i52c.brive.org\/wp-content\/uploads\/2023\/09\/FDL23_CP_Grands-invites.pdf\">FDL23_CP_Grands invite\u0301s<\/a><\/p>\n<p>\u25b6 <a href=\"http:\/\/740jw955i52c.brive.org\/wp-content\/uploads\/2023\/09\/CP-Nos-aines-ont-du-talent-11-septembre.pdf\">CP- Nos ain\u00e9s ont du talent &#8211; 11 septembre<\/a><\/p>\n<p>\u25b6 <a href=\"http:\/\/740jw955i52c.brive.org\/wp-content\/uploads\/2023\/09\/CP-Exposition-Jean-Maurice-Souchaud.pdf\">CP &#8211; Exposition Jean-Maurice Souchaud<\/a><\/p>\n<p>\u25b6 <a href=\"http:\/\/740jw955i52c.brive.org\/wp-content\/uploads\/2023\/09\/DOSSIER-DE-PRESSE-RENTREE.pdf\">DOSSIER DE PRESSE RENTREE<\/a><\/p>\n<p>\u25b6 <a href=\"http:\/\/740jw955i52c.brive.org\/wp-content\/uploads\/2023\/09\/VISITE-DES-ECOLES-DEROULEMENT-DE-LA-JOURNEE-4-septembre.pdf\">VISITE DES ECOLES DEROULEMENT DE LA JOURNEE &#8211; 4 septembre<\/a><\/p>\n<p>\u25b6 <a href=\"http:\/\/740jw955i52c.brive.org\/wp-content\/uploads\/2023\/08\/CP-FORUM-DES-ASSOCIATIONS-2023.pdf\">CP FORUM DES ASSOCIATIONS 2023<\/a><\/p>\n<p>\u25b6 <a href=\"http:\/\/740jw955i52c.brive.org\/wp-content\/uploads\/2023\/08\/CP-benevoles-2023.pdf\">CP b\u00e9n\u00e9voles 2023<\/a>[\/vc_column_text][\/vc_tta_section][vc_tta_section title=&#8221;Ao\u00fbt 2023&#8243; tab_id=&#8221;1693813597457-9127e6dd-0eb1&#8243;][vc_column_text]\u25b6 <a href=\"http:\/\/740jw955i52c.brive.org\/wp-content\/uploads\/2023\/08\/CP-FORUM-DES-ASSOCIATIONS-2023.pdf\">CP FORUM DES ASSOCIATIONS 2023<\/a><\/p>\n<p>\u25b6 <a href=\"http:\/\/740jw955i52c.brive.org\/wp-content\/uploads\/2023\/08\/CP-benevoles-2023.pdf\">CP b\u00e9n\u00e9voles 2023<\/a><\/p>\n<p>\u25b6 <a href=\"http:\/\/740jw955i52c.brive.org\/wp-content\/uploads\/2023\/08\/CP-Ecrire-a-Brive-avec-Christophe-Mahy.pdf\">CP \u00c9crire \u00e0 Brive avec Christophe Mahy<\/a><\/p>\n<p>\u25b6 <a href=\"http:\/\/740jw955i52c.brive.org\/wp-content\/uploads\/2023\/08\/CP-Inscription-aux-Ecoles-de-sports-29-aout.pdf\" target=\"_blank\" rel=\"noopener\">CP- Inscription aux Ecoles de sports &#8211; 29 ao\u00fbt<\/a><\/p>\n<p>\u25b6 <a href=\"http:\/\/740jw955i52c.brive.org\/wp-content\/uploads\/2023\/08\/dossier-de-presse-FDE-2023_compressed-1.pdf\" target=\"_blank\" rel=\"noopener\">Dossier de presse FDE 2023_compressed-1<\/a><\/p>\n<p>\u25b6 <a href=\"http:\/\/740jw955i52c.brive.org\/wp-content\/uploads\/2023\/08\/Communique-de-presse-Match-samoa-Barbarians-18-aout1.pdf\" target=\"_blank\" rel=\"noopener\">Communiqu\u00e9 de presse Match samoa- Barbarians &#8211; 18 ao\u00fbt(1)<\/a><\/p>\n<p>\u25b6 <a href=\"http:\/\/740jw955i52c.brive.org\/wp-content\/uploads\/2023\/08\/CP-Demande-subvention-2024-associations-sportives-septembre.pdf\" target=\"_blank\" rel=\"noopener\">CP-Demande subvention 2024 &#8211; associations sportives septembre<\/a><\/p>\n<p>\u25b6 <a href=\"http:\/\/740jw955i52c.brive.org\/wp-content\/uploads\/2023\/08\/Le-Sport-dans-ma-Ville.pdf\">Le Sport dans ma Ville<\/a> + <a href=\"http:\/\/740jw955i52c.brive.org\/wp-content\/uploads\/2023\/08\/CP-sport-dans-ma-ville-2-sept.pdf\" target=\"_blank\" rel=\"noopener\">CP- sport dans ma ville &#8211; 2 sept<\/a><\/p>\n<p>\u25b6 <a href=\"http:\/\/740jw955i52c.brive.org\/wp-content\/uploads\/2023\/08\/Ceremonies-15-aout-2023.pdf\" target=\"_blank\" rel=\"noopener\">C\u00e9r\u00e9monies 15 ao\u00fbt 2023<\/a> + <a href=\"http:\/\/740jw955i52c.brive.org\/wp-content\/uploads\/2023\/08\/Programme-du-15-aout-2023.pdf\">Programme du 15 ao\u00fbt 2023<\/a>[\/vc_column_text][\/vc_tta_section][vc_tta_section title=&#8221;Juillet 2023&#8243; tab_id=&#8221;1692168687609-a1ba701c-6fa8&#8243;][vc_column_text]\u25b6 <a href=\"http:\/\/740jw955i52c.brive.org\/wp-content\/uploads\/2023\/07\/Programme-14-juillet-2023-2.pdf\">Programme 14 juillet 2023<\/a><\/p>\n<p>\u25b6 <a href=\"http:\/\/740jw955i52c.brive.org\/wp-content\/uploads\/2023\/07\/CP-Travaux-Chabannes-20-28-Juillet.pdf\">CP -Travaux Chabannes 20-28 Juillet<\/a> + <a href=\"http:\/\/740jw955i52c.brive.org\/wp-content\/uploads\/2023\/07\/FLYER-Chabannes.pdf\">FLYER Chabannes<\/a><\/p>\n<p>\u25b6 <a href=\"http:\/\/740jw955i52c.brive.org\/wp-content\/uploads\/2023\/07\/CP-Feu-artifice-13-juillet.pdf\">CP- Feu artifice 13 juillet<\/a><\/p>\n<p>\u25b6 <a href=\"http:\/\/740jw955i52c.brive.org\/wp-content\/uploads\/2023\/07\/CP-CNL-Livrodrome-Brive.pdf\">CP CNL Livrodrome Brive<\/a><\/p>\n<p>\u25b6 <a href=\"http:\/\/740jw955i52c.brive.org\/wp-content\/uploads\/2023\/07\/CP-Travaux-4-au-7-juillet-Roger-COMBE.pdf\">CP -Travaux 4 au 7 juillet Roger COMBE<\/a> + <a href=\"http:\/\/740jw955i52c.brive.org\/wp-content\/uploads\/2023\/07\/DEVIATIONS-Rue-Combe.pdf\">DEVIATIONS Rue Combe<\/a><\/p>\n<p>\u25b6 <a href=\"http:\/\/740jw955i52c.brive.org\/wp-content\/uploads\/2023\/07\/CP-Prixdes-lecteurs-2023.pdf\" target=\"_blank\" rel=\"noopener\">CP Prix des lecteurs 2023<\/a><\/p>\n<p>\u25b6 <a href=\"http:\/\/740jw955i52c.brive.org\/wp-content\/uploads\/2023\/07\/DP-Foire-du-Livre-de-Brive-2023.pdf\">DP Foire du Livre de Brive 2023<\/a>[\/vc_column_text][\/vc_tta_section][vc_tta_section title=&#8221;Juin 2023&#8243; tab_id=&#8221;1688390689117-825c4295-f688&#8243;][vc_column_text]\u25b6 <a href=\"http:\/\/740jw955i52c.brive.org\/wp-content\/uploads\/2023\/07\/DP-28-JUIN.pdf\">DP 28 JUIN<\/a><\/p>\n<p>\u25b6 <a href=\"http:\/\/740jw955i52c.brive.org\/wp-content\/uploads\/2023\/06\/CP-Fete-de-la-musique.pdf\">CP- F\u00eate de la musique<\/a><\/p>\n<p>\u25b6 <a href=\"http:\/\/740jw955i52c.brive.org\/wp-content\/uploads\/2023\/06\/CP-Ete-sportif-pour-les-enfants-et-adolescents.pdf\">CP- \u00c9t\u00e9 sportif pour les enfants et adolescents<\/a><\/p>\n<p>\u25b6 <a href=\"http:\/\/740jw955i52c.brive.org\/wp-content\/uploads\/2023\/06\/CP-Mercredi-de-michelet.-21-juin.pdf\">CP- Mercredi de michelet.- 21 juin<\/a><\/p>\n<p>\u25b6 <a href=\"http:\/\/740jw955i52c.brive.org\/wp-content\/uploads\/2023\/06\/DP-Fete-de-la-musique-2023.pdf\">DP F\u00eate de la musique 2023<\/a><\/p>\n<p>\u25b6 <a href=\"http:\/\/740jw955i52c.brive.org\/wp-content\/uploads\/2023\/06\/CP-Journee-nationale-commemorative-18-juin.pdf\">CP- Journ\u00e9e nationale comm\u00e9morative &#8211; 18 juin<\/a><\/p>\n<p>\u25b6 <a href=\"http:\/\/740jw955i52c.brive.org\/wp-content\/uploads\/2023\/06\/INVITATION-Espace-Biodiversite.pdf\">INVITATION Espace Biodiversit\u00e9<\/a><\/p>\n<p>\u25b6 <a href=\"http:\/\/740jw955i52c.brive.org\/wp-content\/uploads\/2023\/06\/CP-CNI-5-juin.pdf\">CP- CNI &#8211; 5 juin<\/a><\/p>\n<p>\u25b6 <a href=\"http:\/\/740jw955i52c.brive.org\/wp-content\/uploads\/2023\/05\/Dossier-de-presse-expo-Spirou_cd.pdf\">Dossier de presse expo Spirou_cd<\/a><\/p>\n<p>\u25b6 <a href=\"http:\/\/740jw955i52c.brive.org\/wp-content\/uploads\/2023\/05\/CP-service-minimum-greve-du-06-06-2023.pdf\">CP- service minimum gr\u00e8ve du 06-06-2023<\/a><\/p>\n<p>\u25b6 <a href=\"http:\/\/740jw955i52c.brive.org\/wp-content\/uploads\/2023\/05\/INVITATION-Inauguration-terrain-Jean-Santos.pdf\">INVITATION Inauguration terrain Jean Santos<\/a><\/p>\n<p>\u25b6 <a href=\"http:\/\/740jw955i52c.brive.org\/wp-content\/uploads\/2023\/05\/CP-PO-EMA.pdf\">CP PO EMA<\/a><\/p>\n<p>\u25b6 <a href=\"http:\/\/740jw955i52c.brive.org\/wp-content\/uploads\/2023\/05\/CP-Inscriptions-Stages-sportifs-vacances-ete-5-juin-1.pdf\">CP &#8211; Inscriptions Stages sportifs vacances \u00e9t\u00e9 &#8211; 5 juin<\/a><\/p>\n<p>\u25b6 <a href=\"http:\/\/740jw955i52c.brive.org\/wp-content\/uploads\/2023\/05\/DP-Le-Conservatoire-au-theatre-2023.pdf\">DP &#8211; Le Conservatoire au th\u00e9\u00e2tre 2023<\/a><\/p>\n<p>\u25b6 <a href=\"http:\/\/740jw955i52c.brive.org\/wp-content\/uploads\/2023\/05\/CP-Braderie-de-la-mediatheque-3-JUIN.pdf\">CP-Braderie de la m\u00e9diath\u00e8que &#8211; 3 JUIN<\/a>[\/vc_column_text][\/vc_tta_section][vc_tta_section title=&#8221;Mai 2023&#8243; tab_id=&#8221;1676017539973-72e035f9-60f8&#8243;][vc_column_text]\u25b6 <a href=\"http:\/\/740jw955i52c.brive.org\/wp-content\/uploads\/2023\/05\/CP-PO-EMA.pdf\">CP PO EMA<\/a><\/p>\n<p>\u25b6 <a href=\"http:\/\/740jw955i52c.brive.org\/wp-content\/uploads\/2023\/05\/CP-Inscriptions-Stages-sportifs-vacances-ete-5-juin-1.pdf\">CP &#8211; Inscriptions Stages sportifs vacances \u00e9t\u00e9 &#8211; 5 juin<\/a><\/p>\n<p>\u25b6 <a href=\"http:\/\/740jw955i52c.brive.org\/wp-content\/uploads\/2023\/05\/DP-Le-Conservatoire-au-theatre-2023.pdf\">DP &#8211; Le Conservatoire au th\u00e9\u00e2tre 2023<\/a><\/p>\n<p>\u25b6 <a href=\"http:\/\/740jw955i52c.brive.org\/wp-content\/uploads\/2023\/05\/CP-Braderie-de-la-mediatheque-3-JUIN.pdf\">CP-Braderie de la m\u00e9diath\u00e8que &#8211; 3 JUIN<\/a><\/p>\n<p>\u25b6 <a href=\"http:\/\/740jw955i52c.brive.org\/wp-content\/uploads\/2023\/05\/CP-Mercredi-Michelet-17-mai.pdf\">CP- Mercredi Michelet &#8211; 17 mai<\/a><\/p>\n<p>\u25b6 <a href=\"http:\/\/740jw955i52c.brive.org\/wp-content\/uploads\/2023\/05\/CP-fete-du-Jeu-27-Mai.pdf\">CP &#8211; fete du Jeu -27 Mai<\/a><\/p>\n<p>\u25b6 <a href=\"http:\/\/740jw955i52c.brive.org\/wp-content\/uploads\/2023\/05\/DP-La-nuit-des-musees-2023_compressed.pdf\">DP La nuit des mus\u00e9es 2023_compressed<\/a><\/p>\n<p>\u25b6 <a href=\"http:\/\/740jw955i52c.brive.org\/wp-content\/uploads\/2023\/05\/CP-Bilan-defi-Kaminsky.pdf\">CP Bilan d\u00e9fi Kaminsky<\/a><\/p>\n<p>\u25b6 <a href=\"http:\/\/740jw955i52c.brive.org\/wp-content\/uploads\/2023\/05\/Evenements-SPORT-du-5-au-8-mai-2023.pdf\" target=\"_blank\" rel=\"noopener\">\u00c9v\u00e9nements SPORT du 5 au 8 mai 2023<\/a><\/p>\n<p>\u25b6 <a href=\"http:\/\/740jw955i52c.brive.org\/wp-content\/uploads\/2023\/05\/CP-Ceremonie-de-commemoration-du-8-mai.pdf\">CP- C\u00e9r\u00e9monie de comm\u00e9moration du 8 mai<\/a><\/p>\n<p>\u25b6 <a href=\"http:\/\/740jw955i52c.brive.org\/wp-content\/uploads\/2023\/05\/CP-MADONE-Expo-Graffitis-et-photos.pdf\">CP- MADONE Expo Graffitis et photos<\/a><\/p>\n<p>\u25b6 <a href=\"http:\/\/740jw955i52c.brive.org\/wp-content\/uploads\/2023\/04\/CP-10km-de-Brive-2023.pdf\">CP- 10km de Brive 2023<\/a> + <a href=\"http:\/\/740jw955i52c.brive.org\/wp-content\/uploads\/2023\/04\/Courir-a-Brive-2023.pdf\">Courir \u00e0 Brive 2023<\/a> + <a href=\"http:\/\/740jw955i52c.brive.org\/wp-content\/uploads\/2023\/04\/parcours.pdf\">parcours<\/a><\/p>\n<p>\u25b6 <a href=\"http:\/\/740jw955i52c.brive.org\/wp-content\/uploads\/2023\/04\/Communique-de-presse-Mondiaux-Militaires-1.pdf\">Communiqu\u00e9 de presse Mondiaux Militaires<\/a> + <a href=\"http:\/\/740jw955i52c.brive.org\/wp-content\/uploads\/2023\/04\/Trajet-Navettes.jpg\" target=\"_blank\" rel=\"noopener\">Trajet navettes<\/a> + <a href=\"http:\/\/740jw955i52c.brive.org\/wp-content\/uploads\/2023\/04\/Arret-3-Navettes.jpg\" target=\"_blank\" rel=\"noopener\">Arr\u00eat 3 navettes<\/a> + <a href=\"http:\/\/740jw955i52c.brive.org\/wp-content\/uploads\/2023\/04\/Arrets-12-Navettes.jpg\" target=\"_blank\" rel=\"noopener\">Arr\u00eats 1 et 2<\/a><\/p>\n<p>\u25b6 <a href=\"http:\/\/740jw955i52c.brive.org\/wp-content\/uploads\/2023\/04\/CP-JOURNEE-NATIONALE-DU-SOUVENIR-30-avril.pdf\">CP -JOURN\u00c9E NATIONALE DU SOUVENIR- 30 avril<\/a><\/p>\n<p>\u25b6 <a href=\"http:\/\/740jw955i52c.brive.org\/wp-content\/uploads\/2023\/04\/Communique-de-presse-Mondiaux-Militaires.pdf\" target=\"_blank\" rel=\"noopener\">CP &#8211; Mondiaux Militaires<\/a><\/p>\n<p>\u25b6 <a href=\"http:\/\/740jw955i52c.brive.org\/wp-content\/uploads\/2023\/04\/CP-Les-Impromptus-2023-20-mai.pdf\">CP &#8211; Les Impromptus 2023 &#8211; 20 mai<\/a>[\/vc_column_text][\/vc_tta_section][vc_tta_section title=&#8221;Avril 2023&#8243; tab_id=&#8221;1683102334547-29d2d894-dec7&#8243;][vc_column_text]\u25b6 <a href=\"http:\/\/740jw955i52c.brive.org\/wp-content\/uploads\/2023\/04\/CP-10km-de-Brive-2023.pdf\">CP- 10km de Brive 2023<\/a> + <a href=\"http:\/\/740jw955i52c.brive.org\/wp-content\/uploads\/2023\/04\/Courir-a-Brive-2023.pdf\">Courir \u00e0 Brive 2023<\/a> + <a href=\"http:\/\/740jw955i52c.brive.org\/wp-content\/uploads\/2023\/04\/parcours.pdf\">parcours<\/a><\/p>\n<p>\u25b6 <a href=\"http:\/\/740jw955i52c.brive.org\/wp-content\/uploads\/2023\/04\/Communique-de-presse-Mondiaux-Militaires-1.pdf\">Communiqu\u00e9 de presse Mondiaux Militaires<\/a> + <a href=\"http:\/\/740jw955i52c.brive.org\/wp-content\/uploads\/2023\/04\/Trajet-Navettes.jpg\" target=\"_blank\" rel=\"noopener\">Trajet navettes<\/a> + <a href=\"http:\/\/740jw955i52c.brive.org\/wp-content\/uploads\/2023\/04\/Arret-3-Navettes.jpg\" target=\"_blank\" rel=\"noopener\">Arr\u00eat 3 navettes<\/a> + <a href=\"http:\/\/740jw955i52c.brive.org\/wp-content\/uploads\/2023\/04\/Arrets-12-Navettes.jpg\" target=\"_blank\" rel=\"noopener\">Arr\u00eats 1 et 2<\/a><\/p>\n<p>\u25b6 <a href=\"http:\/\/740jw955i52c.brive.org\/wp-content\/uploads\/2023\/04\/CP-JOURNEE-NATIONALE-DU-SOUVENIR-30-avril.pdf\">CP -JOURN\u00c9E NATIONALE DU SOUVENIR- 30 avril<\/a><\/p>\n<p>\u25b6 <a href=\"http:\/\/740jw955i52c.brive.org\/wp-content\/uploads\/2023\/04\/Communique-de-presse-Mondiaux-Militaires.pdf\" target=\"_blank\" rel=\"noopener\">CP &#8211; Mondiaux Militaires<\/a><\/p>\n<p>\u25b6 <a href=\"http:\/\/740jw955i52c.brive.org\/wp-content\/uploads\/2023\/04\/CP-Les-Impromptus-2023-20-mai.pdf\">CP &#8211; Les Impromptus 2023 &#8211; 20 mai<\/a><\/p>\n<p>\u25b6 <a href=\"http:\/\/740jw955i52c.brive.org\/wp-content\/uploads\/2023\/04\/CP-Travaux-17-avril-1.pdf\" target=\"_blank\" rel=\"noopener\">CP -Travaux &#8211; 17 avril<\/a><\/p>\n<p>\u25b6 <a href=\"http:\/\/740jw955i52c.brive.org\/wp-content\/uploads\/2023\/04\/CP-arreter-17-avril-3.pdf\" target=\"_blank\" rel=\"noopener\">CP &#8211; arreter &#8211; 17 avril<\/a><\/p>\n<p>\u25b6 <a href=\"http:\/\/740jw955i52c.brive.org\/wp-content\/uploads\/2023\/04\/CP-Rencontre-Aristide-Tarnagda-15-avril.pdf\">CP- Rencontre Aristide Tarnagda -15 avril<\/a><\/p>\n<p>\u25b6 <a href=\"http:\/\/740jw955i52c.brive.org\/wp-content\/uploads\/2023\/04\/CP-Brassens-des-antiquaires-9-avril.pdf\">CP- Brassens des antiquaires &#8211; 9 avril<\/a><\/p>\n<p>\u25b6 <a href=\"http:\/\/740jw955i52c.brive.org\/wp-content\/uploads\/2023\/04\/CP-Semaine-Europeenne-Vaccination-25-avril.pdf\" target=\"_blank\" rel=\"noopener\">CP- Semaine Europ\u00e9enne Vaccination &#8211; 25 avril<\/a><\/p>\n<p>\u25b6 <a href=\"http:\/\/740jw955i52c.brive.org\/wp-content\/uploads\/2023\/03\/CP-service-minimum-greve-du-06-04-2023.pdf\">CP- service minimum gr\u00e8ve du 06-04-2023<\/a><\/p>\n<p>\u25b6 <a href=\"http:\/\/740jw955i52c.brive.org\/wp-content\/uploads\/2023\/03\/CP-Reprise-concessions-perpetuelles.pdf\" target=\"_blank\" rel=\"noopener\">CP- Reprise concessions perp\u00e9tuelles<\/a>[\/vc_column_text][\/vc_tta_section][vc_tta_section title=&#8221;Mars 2023&#8243; tab_id=&#8221;1680247597062-fe40920e-b7ea&#8221;][vc_column_text]\u25b6 <a href=\"http:\/\/740jw955i52c.brive.org\/wp-content\/uploads\/2023\/03\/CP-Reprise-concessions-perpetuelles.pdf\">CP- Reprise concessions perp\u00e9tuelles<\/a><\/p>\n<p>\u25b6 <a href=\"http:\/\/740jw955i52c.brive.org\/wp-content\/uploads\/2023\/03\/CP-Vivons-Velo-1er-avril.pdf\">CP- Vivons Velo &#8211; 1er avril<\/a><\/p>\n<p>\u25b6 <a href=\"http:\/\/740jw955i52c.brive.org\/wp-content\/uploads\/2023\/03\/CP-Exposition-Sylvain-Ciavaldini.pdf\">CP Exposition Sylvain Ciavaldini<\/a><\/p>\n<p>\u25b6 <a href=\"http:\/\/740jw955i52c.brive.org\/wp-content\/uploads\/2023\/03\/CP-service-minimum-greve-du-28-03-2023.pdf\">CP- service minimum gr\u00e8ve du 28-03-2023<\/a><\/p>\n<p>\u25b6 <a href=\"http:\/\/740jw955i52c.brive.org\/wp-content\/uploads\/2023\/03\/CP-ISIS-Opera.pdf\">CP ISIS Op\u00e9ra<\/a><\/p>\n<p>\u25b6 <a href=\"http:\/\/740jw955i52c.brive.org\/wp-content\/uploads\/2023\/03\/Affiche-Inscription-scolaire-2023-BD.pdf\">Affiche Inscription scolaire 2023 BD<\/a> + <a href=\"http:\/\/740jw955i52c.brive.org\/wp-content\/uploads\/2023\/03\/CP-Inscriptions-Scolaire-2023.pdf\">CP- Inscriptions Scolaire 2023<\/a><\/p>\n<p>\u25b6 <a href=\"http:\/\/740jw955i52c.brive.org\/wp-content\/uploads\/2023\/03\/CP-Musique-percutee.pdf\">CP Musique percut\u00e9e<\/a><\/p>\n<p>\u25b6 <a href=\"http:\/\/740jw955i52c.brive.org\/wp-content\/uploads\/2023\/03\/CP-service-minimum-greve-du-23-03-2023.pdf\">CP- service minimum gr\u00e8ve du 23-03-2023<\/a><\/p>\n<p>\u25b6 <a href=\"http:\/\/740jw955i52c.brive.org\/wp-content\/uploads\/2023\/03\/CP-Illicov.pdf\">CP &#8211; Illicov<\/a><\/p>\n<p>\u25b6 <a href=\"http:\/\/740jw955i52c.brive.org\/wp-content\/uploads\/2023\/03\/Programme-Ceremonie-19-Mars-1.pdf\" target=\"_blank\" rel=\"noopener\">Programme C\u00e9r\u00e9monie 19 Mars<\/a><\/p>\n<p>\u25b6 <a href=\"http:\/\/740jw955i52c.brive.org\/wp-content\/uploads\/2023\/03\/CP-Les-oubliees-de-la-victoire-15-mars.pdf\" target=\"_blank\" rel=\"noopener\">CP- Les oubli\u00e9es de la victoire-15 mars<\/a><\/p>\n<p>\u25b6 <a href=\"http:\/\/740jw955i52c.brive.org\/wp-content\/uploads\/2023\/03\/DP-Le-printemps-des-poetes-2023.pdf\" target=\"_blank\" rel=\"noopener\">DP Le printemps des po\u00e8tes 2023<\/a><\/p>\n<p>\u25b6 <a href=\"http:\/\/740jw955i52c.brive.org\/wp-content\/uploads\/2023\/03\/STAGES-SPORTIFS-PRINTEMPS-2023.pdf\" target=\"_blank\" rel=\"noopener\">STAGES SPORTIFS PRINTEMPS 2023<\/a> + <a href=\"http:\/\/740jw955i52c.brive.org\/wp-content\/uploads\/2023\/03\/CP-inscriptions-Stages-sportifs-vacances-de-Printemps.pdf\" target=\"_blank\" rel=\"noopener\">CP-inscriptions Stages sportifs vacances de Printemps<\/a>[\/vc_column_text][\/vc_tta_section][vc_tta_section title=&#8221;F\u00e9vrier 2023&#8243; tab_id=&#8221;1677849769367-2aa159a6-063b&#8221;][vc_column_text]\u25b6 <a href=\"http:\/\/740jw955i52c.brive.org\/wp-content\/uploads\/2023\/03\/CP-service-minimum-greve-du-07-03-2023.pdf\">CP- service minimum gr\u00e8ve du 07-03-2023<\/a><\/p>\n<p>\u25b6 <a href=\"http:\/\/740jw955i52c.brive.org\/wp-content\/uploads\/2023\/02\/CP-PROJET-DE-LIGNES-DE-COVOITURAGE-Illicov.pdf\">CP- PROJET DE LIGNES DE COVOITURAGE Illicov<\/a><\/p>\n<p>\u25b6 <a href=\"http:\/\/740jw955i52c.brive.org\/wp-content\/uploads\/2023\/02\/INVITATION-signature-ANRU-Gaubre-08-03-2023.pdf\">INVITATION signature ANRU Gaubre 08 03 2023<\/a><\/p>\n<p>\u25b6 <a href=\"http:\/\/740jw955i52c.brive.org\/wp-content\/uploads\/2023\/02\/CP-4eme-forum-eleves-de-3eme.pdf\">CP 4eme forum \u00e9leves de 3\u00e8me<\/a><\/p>\n<p>\u25b6 <a href=\"http:\/\/740jw955i52c.brive.org\/wp-content\/uploads\/2023\/02\/Coupe-Briviste-PAB-fevrier-2023_compressed.pdf\">Coupe Briviste &#8211; PAB &#8211; f\u00e9vrier 2023_compressed<\/a><\/p>\n<p>\u25b6 <a href=\"http:\/\/740jw955i52c.brive.org\/wp-content\/uploads\/2023\/02\/CP-Carnaval-de-Malemort-22-Fevrier.pdf\">CP- Carnaval de Malemort &#8211; 22 F\u00e9vrier<\/a><\/p>\n<p>\u25b6 <a href=\"http:\/\/740jw955i52c.brive.org\/wp-content\/uploads\/2023\/02\/CP-Appel-a-candidatures-Exploitation-dun-bar-restaurant-au-Golf.pdf\">CP- Appel \u00e0 candidatures Exploitation d\u2019un bar restaurant au Golf<\/a><\/p>\n<p>\u25b6 <a href=\"http:\/\/740jw955i52c.brive.org\/wp-content\/uploads\/2023\/02\/Dossier-de-presse-defi-photographique-similikaminsky.pdf\">Dossier de presse d\u00e9fi photographique #similikaminsky<\/a><\/p>\n<p>\u25b6 <a href=\"http:\/\/740jw955i52c.brive.org\/wp-content\/uploads\/2023\/02\/CP-Soiree-DJ-Patinoire-11-fevrier.pdf\">CP Soir\u00e9e DJ Patinoire &#8211; 11 f\u00e9vrier<\/a><\/p>\n<p>\u25b6 <a href=\"http:\/\/740jw955i52c.brive.org\/wp-content\/uploads\/2023\/01\/CP_Bornes-de-recharge_ce-qui-change-en-2023.pdf\">CP_Bornes de recharge_ce qui change en 2023<\/a>[\/vc_column_text][\/vc_tta_section][vc_tta_section title=&#8221;Janvier 2023&#8243; tab_id=&#8221;1670485246670-1423f4f9-f5f0&#8243;][vc_column_text]<\/p>\n<p>\u25b6 <a href=\"http:\/\/740jw955i52c.brive.org\/wp-content\/uploads\/2023\/01\/CP-service-minimum-greve-du-31-01-2023.pdf\">CP- service minimum gr\u00e8ve du 31-01-2023<\/a><\/p>\n<p>\u25b6 <a href=\"http:\/\/740jw955i52c.brive.org\/wp-content\/uploads\/2023\/01\/Programme_REX_Me\u0301diatheque.pdf\">Programme_REX_Me\u0301diatheque<\/a><\/p>\n<p>\u25b6 <a href=\"http:\/\/740jw955i52c.brive.org\/wp-content\/uploads\/2023\/01\/DP-Nuit-des-conservatoire-23.pdf\">DP Nuit des conservatoire 23<\/a><\/p>\n<p>\u25b6 <a href=\"http:\/\/740jw955i52c.brive.org\/wp-content\/uploads\/2023\/01\/CP-mercredis-Michelet-La-resurgence-du-passe-3-fevrier-Brive.pdf\">CP- mercredis Michelet &#8211; La r\u00e9surgence du pass\u00e9- 3 fevrier Brive<\/a><\/p>\n<p>\u25b6 <a href=\"http:\/\/740jw955i52c.brive.org\/wp-content\/uploads\/2023\/01\/CP-Nuits-de-la-lecture-20-et-21-janvier-2023.pdf\">CP &#8211; Nuits de la lecture 20 et 21 janvier 2023<\/a><\/p>\n<p>\u25b6 <a href=\"http:\/\/740jw955i52c.brive.org\/wp-content\/uploads\/2023\/01\/Invitation-Hommage-Adrien-et-Eva-Faure.pdf\">Invitation Hommage Adrien et Eva Faure<\/a><\/p>\n<p>\u25b6 <a href=\"http:\/\/740jw955i52c.brive.org\/wp-content\/uploads\/2023\/01\/INVITATION-Inauguration-Place-Andre-Marcou.pdf\">INVITATION Inauguration Place Andr\u00e9 Marcou<\/a><\/p>\n<p>\u25b6 <a href=\"http:\/\/740jw955i52c.brive.org\/wp-content\/uploads\/2023\/01\/Invitation-reouverture-musee-Labenche-exposition-Curiosites.pdf\">Invitation r\u00e9ouverture mus\u00e9e Labenche exposition Curiosit\u00e9s<\/a><\/p>\n<p>\u25b6 <a href=\"http:\/\/740jw955i52c.brive.org\/wp-content\/uploads\/2023\/01\/Les-causeries-dErnest-R.-au-musee-Labenche.pdf\">Les causeries d&#8217;Ernest R. au mus\u00e9e Labenche<\/a><\/p>\n<p>\u25b6 <a href=\"http:\/\/740jw955i52c.brive.org\/wp-content\/uploads\/2023\/01\/CP-service-minimum-greve-du-19-01-2023.pdf\">CP- service minimum gr\u00e8ve du 19-01-2023<\/a><\/p>\n<p>\u25b6 <a href=\"http:\/\/740jw955i52c.brive.org\/wp-content\/uploads\/2023\/01\/CP-Stages-sportifs-vacances-Hiver.pdf\">CP &#8211; Stages sportifs vacances Hiver<\/a> + <a href=\"http:\/\/740jw955i52c.brive.org\/wp-content\/uploads\/2023\/01\/STAGES-SPORTIFS-HIVER-2023.pdf\">STAGES SPORTIFS HIVER 2023<\/a><\/p>\n<p>\u25b6 <a href=\"http:\/\/740jw955i52c.brive.org\/wp-content\/uploads\/2022\/12\/CP-Recensement-2023.pdf\">CP- Recensement 2023<\/a>[\/vc_column_text][\/vc_tta_section][vc_tta_section title=&#8221;D\u00e9cembre 2022&#8243; tab_id=&#8221;1673601462941-4559b5e3-009a&#8221;][vc_column_text]\u25b6 <a href=\"http:\/\/740jw955i52c.brive.org\/wp-content\/uploads\/2022\/12\/CP-Recensement-2023.pdf\">CP- Recensement 2023<\/a><\/p>\n<p>\u25b6 <a href=\"http:\/\/740jw955i52c.brive.org\/wp-content\/uploads\/2022\/12\/CP-feu-dartifice-match-France-Maroc.pdf\">CP &#8211; feu d&#8217;artifice match France- Maroc<\/a><\/p>\n<p>\u25b6 <a href=\"http:\/\/740jw955i52c.brive.org\/wp-content\/uploads\/2022\/12\/PPT-pleniere-BS-16.12.2022.pdf\" target=\"_blank\" rel=\"noopener\">PPT pl\u00e9ni\u00e8re BS 16.12.2022<\/a><\/p>\n<p>\u25b6 <a href=\"http:\/\/740jw955i52c.brive.org\/wp-content\/uploads\/2022\/12\/CP-Promotion-du-latin-et-des-langues-anciennes-15-decembre.pdf\">CP &#8211; Promotion du latin et des langues anciennes &#8211; 15 decembre<\/a><\/p>\n<p>\u25b6 <a href=\"http:\/\/740jw955i52c.brive.org\/wp-content\/uploads\/2022\/12\/CP-Mercredis-de-Michelet-21-decembre.pdf\" target=\"_blank\" rel=\"noopener\">CP- Mercredis de Michelet &#8211; 21 d\u00e9cembre<\/a><\/p>\n<p>\u25b6 <a href=\"http:\/\/740jw955i52c.brive.org\/wp-content\/uploads\/2022\/11\/Concert-dhiver-harmonie-11-decembre-2022.pdf\">Concert d&#8217;hiver harmonie 11 d\u00e9cembre 2022<\/a><\/p>\n<p>\u25b6 <a href=\"http:\/\/740jw955i52c.brive.org\/wp-content\/uploads\/2022\/11\/Programme-5-decembre-2022-1.pdf\">Programme 5 d\u00e9cembre 2022<\/a>[\/vc_column_text][\/vc_tta_section][vc_tta_section title=&#8221;Novembre 2022&#8243; tab_id=&#8221;1667813485383-6e785d7a-1301&#8243;][vc_column_text]\u25b6 <a href=\"http:\/\/740jw955i52c.brive.org\/wp-content\/uploads\/2022\/11\/Presentation-exposition-Contrastes-et-Resilience-SOS-VC-25-novembre-2022.pdf\">Pr\u00e9sentation exposition Contrastes et R\u00e9silience &#8211; SOS VC 25 novembre 2022<\/a><\/p>\n<p>\u25b6 <a href=\"http:\/\/740jw955i52c.brive.org\/wp-content\/uploads\/2022\/11\/Invitation-actions-25-novembre-22-SOS-Violences-Conjugales.pdf\">Invitation actions 25 novembre 22 SOS Violences Conjugales<\/a><\/p>\n<p>\u25b6 <a href=\"http:\/\/740jw955i52c.brive.org\/wp-content\/uploads\/2022\/11\/CP-CIMETIERE-LA-FOURNADE-Reprise-cases-Colombarium.pdf\">CP &#8211; CIMETIERE LA FOURNADE &#8211; Reprise cases Colombarium<\/a><\/p>\n<p>\u25b6 <a href=\"http:\/\/740jw955i52c.brive.org\/wp-content\/uploads\/2022\/11\/CP-CME-et-Droit-des-enfants-20-novembre..pdf\">CP &#8211; CME et Droit des enfants &#8211; 20 novembre.<\/a><\/p>\n<p>\u25b6 <a href=\"http:\/\/740jw955i52c.brive.org\/wp-content\/uploads\/2022\/11\/CP-semaine-de-linsdustrie.pdf\" target=\"_blank\" rel=\"noopener\">CP &#8211; semaine de l&#8217;industrie<\/a><\/p>\n<p>\u25b6 <a href=\"http:\/\/740jw955i52c.brive.org\/wp-content\/uploads\/2022\/11\/CP-Apres-midi-evenement-autour-de-lAmerique-du-Sud-Mediatheque-26-nov.pdf\" target=\"_blank\" rel=\"noopener\">CP &#8211; Apr\u00e8s-midi \u00e9v\u00e9nement autour de l&#8217;Am\u00e9rique du Sud- M\u00e9diath\u00e8que &#8211; 26 nov<\/a><\/p>\n<p>\u25b6 <a href=\"http:\/\/740jw955i52c.brive.org\/wp-content\/uploads\/2022\/11\/Programme-Semaine-Industrie.pdf\" target=\"_blank\" rel=\"noopener\">Programme Semaine Industrie<\/a><\/p>\n<p>\u25b6 <a href=\"http:\/\/740jw955i52c.brive.org\/wp-content\/uploads\/2022\/11\/CP-Concert-Jumelage-Brive-Sikasso-14-novembre.pdf\" target=\"_blank\" rel=\"noopener\">CP &#8211; Concert Jumelage Brive Sikasso &#8211; 14 novembre<\/a><\/p>\n<p>\u25b6 <a href=\"http:\/\/740jw955i52c.brive.org\/wp-content\/uploads\/2022\/11\/CP-Trio-piano-violoncelle-clarinette-19-nov.pdf\">CP- Trio piano, violoncelle, clarinette- 19 nov<\/a><\/p>\n<p>\u25b6 <a href=\"http:\/\/740jw955i52c.brive.org\/wp-content\/uploads\/2022\/11\/Dossier-de-presse-expo-Adolfo-Kaminsky.pdf\" target=\"_blank\" rel=\"noopener\">Dossier de presse expo Adolfo Kaminsky<\/a><\/p>\n<p>\u25b6 <a href=\"http:\/\/740jw955i52c.brive.org\/wp-content\/uploads\/2022\/11\/CP-Seniors-en-fete-2023-Inscriptions.pdf\" target=\"_blank\" rel=\"noopener\">CP-Seniors en f\u00eate 2023- Inscriptions<\/a><\/p>\n<p>\u25b6 <a href=\"http:\/\/740jw955i52c.brive.org\/wp-content\/uploads\/2022\/11\/CP-Mercredis-Michelet.pdf\" target=\"_blank\" rel=\"noopener\">CP- Mercredis Michelet<\/a> + <a href=\"http:\/\/740jw955i52c.brive.org\/wp-content\/uploads\/2022\/11\/mercredis-16-nov.jpg\" target=\"_blank\" rel=\"noopener\">affiche<\/a><\/p>\n<p>\u25b6 <a href=\"http:\/\/740jw955i52c.brive.org\/wp-content\/uploads\/2022\/11\/FDL22_CP_bilan.pdf\" target=\"_blank\" rel=\"noopener\">Bilan de la Foire du Livre de Brive 2022<\/a><\/p>\n<p>\u25b6 <a href=\"http:\/\/740jw955i52c.brive.org\/wp-content\/uploads\/2022\/11\/CP-Travaux-rue-Antoine-Dubayle.pdf\" target=\"_blank\" rel=\"noopener\">CP &#8211; Travaux rue Antoine Dubayle<\/a><\/p>\n<p>\u25b6 <a href=\"http:\/\/740jw955i52c.brive.org\/wp-content\/uploads\/2022\/11\/Armistice-Brive-Programme-du-11-11-2022-1.pdf\" target=\"_blank\" rel=\"noopener\">Armistice Brive Programme du 11 11 2022<\/a><\/p>\n<p>\u25b6 <a href=\"http:\/\/740jw955i52c.brive.org\/wp-content\/uploads\/2022\/11\/CP-Solidarite-28-novembre.pdf\" target=\"_blank\" rel=\"noopener\">CP Solidarit\u00e9 &#8211; 28 novembre<\/a> +\u00a0<a href=\"http:\/\/740jw955i52c.brive.org\/wp-content\/uploads\/2022\/11\/solidarite.pdf\" target=\"_blank\" rel=\"noopener\">Affiche Festival des solidarit\u00e9s Brive 2022<\/a>[\/vc_column_text][\/vc_tta_section][vc_tta_section title=&#8221;Octobre 2022&#8243; tab_id=&#8221;1664865488304-3bd0742b-12a1&#8243;][vc_column_text]\u25b6 <a href=\"http:\/\/740jw955i52c.brive.org\/wp-content\/uploads\/2022\/10\/Invitation-Aubade-aux-elus-2022.pdf\">Invitation Aubade aux \u00e9lus 2022<\/a><\/p>\n<p>\u25b6 <a href=\"http:\/\/740jw955i52c.brive.org\/wp-content\/uploads\/2022\/10\/Affiche-Rencontre-Michelet-10-11.pdf\">Affiche Rencontre Michelet 10-11<\/a><\/p>\n<p>\u25b6 <a href=\"http:\/\/740jw955i52c.brive.org\/wp-content\/uploads\/2022\/10\/Programme-Ceremonies-Toussaint-2022.pdf\">Programme C\u00e9r\u00e9monies Toussaint 2022<\/a><\/p>\n<p>\u25b6 <a href=\"http:\/\/740jw955i52c.brive.org\/wp-content\/uploads\/2022\/10\/INVITATION-Ceremonies-Toussaint-2022.pdf\">INVITATION C\u00e9r\u00e9monies Toussaint 2022<\/a><\/p>\n<p>\u25b6 <a href=\"http:\/\/740jw955i52c.brive.org\/wp-content\/uploads\/2022\/10\/CP-Expo-Cache-cache-carotte-4-novembre.pdf\">CP- Expo Cache cache carotte &#8211; 4 novembre<\/a><\/p>\n<p>\u25b6 <a href=\"http:\/\/740jw955i52c.brive.org\/wp-content\/uploads\/2022\/10\/FDL22_CP_PLF.pdf\" target=\"_blank\" rel=\"noopener\">CP Prix de la Langue Fran\u00e7aise Foire du Livre 2022<\/a><\/p>\n<p>\u25b6 <a href=\"http:\/\/740jw955i52c.brive.org\/wp-content\/uploads\/2022\/10\/CP-Halloween-a-la-Patinoire-29-oct.pdf\">CP &#8211; Halloween \u00e0 la Patinoire- 29 oct<\/a> + <a href=\"http:\/\/740jw955i52c.brive.org\/wp-content\/uploads\/2022\/10\/Patinoire-Halloween-2022.pdf\">Patinoire Halloween 2022<\/a><\/p>\n<p>\u25b6 <a href=\"http:\/\/740jw955i52c.brive.org\/wp-content\/uploads\/2022\/10\/CP-Cine-the-28-octobre.pdf\">CP- Cin\u00e9 th\u00e9 &#8211; 28 octobre<\/a><\/p>\n<p>\u25b6 <a href=\"http:\/\/740jw955i52c.brive.org\/wp-content\/uploads\/2022\/10\/CP-Reprise-2023-concessions-echues-et-non-renouvelees-Cimetieres-Ville-de-Brive-.pdf\">CP- Reprise 2023 concessions \u00e9chues et non renouvel\u00e9es Cimeti\u00e8res Ville de Brive &#8211;<\/a><\/p>\n<p>\u25b6 <a href=\"http:\/\/740jw955i52c.brive.org\/wp-content\/uploads\/2022\/10\/CP-Jean-Teule-2.pdf\" target=\"_blank\" rel=\"noopener\">CP Disparition de Jean Teul\u00e9 <\/a><\/p>\n<p>\u25b6 <a href=\"http:\/\/740jw955i52c.brive.org\/wp-content\/uploads\/2022\/10\/CP-JANE-Defi-Gaillard.pdf\">CP &#8211; JANE- D\u00e9fi Gaillard<\/a><\/p>\n<p>\u25b6 <a href=\"http:\/\/740jw955i52c.brive.org\/wp-content\/uploads\/2022\/10\/CP-Subvention-Association-et-Association-Culturelle-2023.pdf\">CP &#8211; Subvention Association et Association Culturelle 2023<\/a><\/p>\n<p><strong>\u25b6<\/strong> <a href=\"http:\/\/740jw955i52c.brive.org\/wp-content\/uploads\/2022\/10\/CP-3eme-Murder-Party-a-la-mediatheque-du-centre-22-oct.pdf\">CP &#8211; 3\u00e8me Murder<\/a><a href=\"http:\/\/740jw955i52c.brive.org\/wp-content\/uploads\/2022\/10\/CP-3eme-Murder-Party-a-la-mediatheque-du-centre-22-oct.pdf\"> P<\/a><a href=\"http:\/\/740jw955i52c.brive.org\/wp-content\/uploads\/2022\/10\/CP-3eme-Murder-Party-a-la-mediatheque-du-centre-22-oct.pdf\">arty<\/a><a href=\"http:\/\/740jw955i52c.brive.org\/wp-content\/uploads\/2022\/10\/CP-3eme-Murder-Party-a-la-mediatheque-du-centre-22-oct.pdf\"> \u00e0 la m\u00e9diath\u00e8que du centre- 22 oct<\/a><\/p>\n<p>\u25b6 <a href=\"http:\/\/740jw955i52c.brive.org\/wp-content\/uploads\/2022\/10\/CP-Des-places-disponibles-stage-sportifsdautomne.pdf\">CP &#8211; Des places disponibles stage sportifs d&#8217;automne<\/a><\/p>\n<p>\u25b6 <a href=\"http:\/\/740jw955i52c.brive.org\/wp-content\/uploads\/2022\/10\/CP-Mercedis-de-michelet-Deracine-de-la-guerre-19-oct.pdf\">CP- Mercredis de Michelet D\u00e9racin\u00e9 de la guerre &#8211; 19 oct<\/a><\/p>\n<p>\u25b6 <a href=\"http:\/\/740jw955i52c.brive.org\/wp-content\/uploads\/2022\/10\/CP-Laureat-prix-des-lecteurs-2022.pdf\">CP Laur\u00e9at prix des lecteurs 2022<\/a><\/p>\n<p>\u25b6 <a href=\"http:\/\/740jw955i52c.brive.org\/wp-content\/uploads\/2022\/10\/CP-Les-mercredis-de-Michelet.pdf\">CP Les mercredis de Michelet<\/a><\/p>\n<p>\u25b6 <a href=\"http:\/\/740jw955i52c.brive.org\/wp-content\/uploads\/2022\/10\/CP-CIMETIERES-SANS-PESTICIDE-2022.pdf\">CP &#8211; CIMETI\u00c8RES SANS PESTICIDE 2022<\/a><\/p>\n<p>\u25b6 <a href=\"http:\/\/740jw955i52c.brive.org\/wp-content\/uploads\/2022\/10\/INVITATION-Inauguration-terrain-synthetique-et-fresque-Tujac.pdf\">INVITATION Inauguration terrain synth\u00e9tique et fresque Tujac<\/a><\/p>\n<p>\u25b6 <a href=\"http:\/\/740jw955i52c.brive.org\/wp-content\/uploads\/2022\/10\/INVITATION-EXPO-THOREAU.pdf\">INVITATION EXPO THOREAU<\/a><\/p>\n<p>\u25b6 <a href=\"http:\/\/740jw955i52c.brive.org\/wp-content\/uploads\/2022\/10\/CP-Liste-des-auteurs-de-la-40e-Foire-du-Livre-de-Brive-3-10-22.pdf\">CP Liste des auteurs de la 40e Foire du Livre de Brive 3-10-22<\/a><\/p>\n<p>\u25b6 <a href=\"http:\/\/740jw955i52c.brive.org\/wp-content\/uploads\/2022\/10\/CP-Prix-Tu-la-lu-2022.pdf\">CP Prix Tu l&#8217;a lu 2022<\/a><\/p>\n<p>\u25b6 <a href=\"http:\/\/740jw955i52c.brive.org\/wp-content\/uploads\/2022\/10\/CP-Eclairage-Hausse-du-prix-de-l.pdf\" target=\"_blank\" rel=\"noopener\">CP &#8211; \u00c9clairage Hausse du prix de l<\/a><\/p>\n<p>\u25b6 <a href=\"http:\/\/740jw955i52c.brive.org\/wp-content\/uploads\/2022\/10\/Invitation-ceremonie-7-octobre-2022.pdf\" target=\"_blank\" rel=\"noopener\">Invitation c\u00e9r\u00e9monie 7 octobre 2022<\/a><\/p>\n<p>\u25b6 <a href=\"http:\/\/740jw955i52c.brive.org\/wp-content\/uploads\/2022\/09\/Semaine-bleue-2022-Marchons-ensemble_compressed.pdf\" target=\"_blank\" rel=\"noopener\">Semaine bleue 2022 Marchons ensemble<\/a>[\/vc_column_text][\/vc_tta_section][vc_tta_section title=&#8221;Septembre 2022&#8243; tab_id=&#8221;1662453551249-88161a18-2182&#8243;][vc_column_text]\u25b6 <a href=\"http:\/\/740jw955i52c.brive.org\/wp-content\/uploads\/2022\/09\/Semaine-bleue-2022-Marchons-ensemble_compressed.pdf\" target=\"_blank\" rel=\"noopener\">Semaine bleue 2022 Marchons ensemble<\/a><\/p>\n<p>\u25b6 <a href=\"http:\/\/740jw955i52c.brive.org\/wp-content\/uploads\/2022\/09\/STAGES-SPORTIFS-AUTOMNE-2022-2-1.pdf\">STAGES SPORTIFS AUTOMNE 2022-2<\/a><\/p>\n<p>\u25b6 <a href=\"http:\/\/740jw955i52c.brive.org\/wp-content\/uploads\/2022\/09\/CP-Residence-Martine-Lafon-Baillou.pdf\">CP &#8211; R\u00e9sidence Martine Lafon-Baillou<\/a> + <a href=\"http:\/\/740jw955i52c.brive.org\/wp-content\/uploads\/2022\/09\/Martine-Lafon-Baillou-\u00a9DR.jpg\" target=\"_blank\" rel=\"noopener\">Photo<\/a><\/p>\n<p>\u25b6 <a href=\"http:\/\/740jw955i52c.brive.org\/wp-content\/uploads\/2022\/09\/CP-service-minimum-greve-du-29-09-2022.pdf\">CP- service minimum gr\u00e8ve du 29-09-2022<\/a><\/p>\n<p>\u25b6 <a href=\"http:\/\/740jw955i52c.brive.org\/wp-content\/uploads\/2022\/09\/CP-Noix-et-Chataignes-campagne-2022-14-septembre.pdf\">CP &#8211; Noix et Ch\u00e2taignes campagne 2022 &#8211; 14 septembre<\/a><\/p>\n<p>\u25b6 <a href=\"http:\/\/740jw955i52c.brive.org\/wp-content\/uploads\/2022\/09\/CP-Liste-medailles-Ville-de-Brive-6-septembre.pdf\">CP- Liste m\u00e9daill\u00e9s Ville de Brive- 6 septembre<\/a><\/p>\n<p>\u25b6 <a href=\"http:\/\/740jw955i52c.brive.org\/wp-content\/uploads\/2022\/09\/CP-Forum-des-Associations-11-septembre-2022.pdf\">CP- Forum des Associations -11 septembre 2022<\/a><\/p>\n<p>\u25b6 <a href=\"http:\/\/740jw955i52c.brive.org\/wp-content\/uploads\/2022\/09\/CP-Moutiques-tigres-demoustication.pdf\">CP- Moutiques tigres- d\u00e9moustication<\/a>[\/vc_column_text][\/vc_tta_section][vc_tta_section title=&#8221;Ao\u00fbt 2022&#8243; tab_id=&#8221;1661148473397-f8dbb2cc-9ba0&#8243;][vc_column_text]\u25b6 <a href=\"http:\/\/740jw955i52c.brive.org\/wp-content\/uploads\/2022\/08\/CP-Forum-des-Associations-11-septembre-2022.pdf\">CP- Forum des Associations -11 septembre 2022<\/a> + <a href=\"http:\/\/740jw955i52c.brive.org\/wp-content\/uploads\/2022\/08\/Affiche-Forum-2022.pdf\">Affiche Forum 2022<\/a><\/p>\n<p>\u25b6 <a href=\"http:\/\/740jw955i52c.brive.org\/wp-content\/uploads\/2022\/08\/CP-subvention-associations-sportives-2023.pdf\">CP subvention associations sportives 2023<\/a><\/p>\n<p>\u25b6 <a href=\"http:\/\/740jw955i52c.brive.org\/wp-content\/uploads\/2022\/08\/FESTIVAL-ELEVAGE-2022.pdf\">FESTIVAL \u00c9LEVAGE 2022<\/a><\/p>\n<p>\u25b6 <a href=\"http:\/\/740jw955i52c.brive.org\/wp-content\/uploads\/2022\/08\/Programme-du-15-aout-Anniversaire-de-la-Liberation-de-Brive-par-la-Resistance.pdf\">Programme du 15 ao\u00fbt -Anniversaire de la Lib\u00e9ration de Brive par la R\u00e9sistance<\/a>[\/vc_column_text][\/vc_tta_section][vc_tta_section title=&#8221;Juillet 2022&#8243; tab_id=&#8221;1656682151858-fa345a00-c30f&#8221;][vc_column_text]<span class=\"_aacl _aaco _aacu _aacx _aad7 _aade\">\u25b6<\/span><a href=\"http:\/\/740jw955i52c.brive.org\/wp-content\/uploads\/2022\/07\/CP-Places-disponibles-stages-sportifs-ete-2022.pdf\">CP &#8211; Places disponibles stages sportifs \u00e9t\u00e9 2022<\/a><\/p>\n<p><span class=\"_aacl _aaco _aacu _aacx _aad7 _aade\">\u25b6<\/span> <a href=\"http:\/\/740jw955i52c.brive.org\/wp-content\/uploads\/2022\/07\/Programme-14-juillet-2022.pdf\">Programme 14 juillet 2022<\/a><\/p>\n<p><span class=\"_aacl _aaco _aacu _aacx _aad7 _aade\">\u25b6 <a href=\"http:\/\/740jw955i52c.brive.org\/wp-content\/uploads\/2022\/07\/CP-Residence-decriture-Frederique-Albaz.pdf\">CP- R\u00e9sidence d&#8217;\u00e9criture Fr\u00e9d\u00e9rique Albaz<\/a><\/span><\/p>\n<p>\u25b6 <a href=\"http:\/\/740jw955i52c.brive.org\/wp-content\/uploads\/2022\/07\/CP-Exposition-Fier-et-Vaillant.pdf\" target=\"_blank\" rel=\"noopener\">CP Exposition Fier et Vaillant<\/a> + <a href=\"http:\/\/740jw955i52c.brive.org\/wp-content\/uploads\/2022\/07\/Affiche-expo-Fier-et-Vaillant-scaled.jpg\" target=\"_blank\" rel=\"noopener\">Affiche<\/a>[\/vc_column_text][\/vc_tta_section][vc_tta_section title=&#8221;Juin 2022&#8243; tab_id=&#8221;1654002504190-61ace612-c984&#8243;][vc_column_text]<\/p>\n<p>\u25b6 <a href=\"http:\/\/740jw955i52c.brive.org\/wp-content\/uploads\/2022\/06\/CP-Prix-tu-las-lu-2022.pdf\">CP Prix tu l&#8217;as lu 2022<\/a><\/p>\n<p>\u25b6 <a href=\"http:\/\/740jw955i52c.brive.org\/wp-content\/uploads\/2022\/06\/CP-Stages-sportifs-ete-des-places-disponibles.pdf\">CP &#8211; Stages sportifs \u00e9t\u00e9 des places disponibles<\/a><\/p>\n<p>\u25b6 <a href=\"http:\/\/740jw955i52c.brive.org\/wp-content\/uploads\/2022\/06\/CP-Le-Conservatoire-aux-Perrieres-29-06-2022.pdf\">CP Le Conservatoire aux Perri\u00e8res 29 06 2022<\/a><\/p>\n<p>\u25b6 <a href=\"http:\/\/740jw955i52c.brive.org\/wp-content\/uploads\/2022\/06\/EMA-Ateliers-tous-publics-JPO-2022.pdf\">EMA-Ateliers tous publics JPO-2022<\/a><\/p>\n<p>\u25b6 <a href=\"http:\/\/740jw955i52c.brive.org\/wp-content\/uploads\/2022\/06\/Foire-Du-Livre-2022-DP-15-06-22.pdf\">Foire Du Livre 2022 DP 15-06-22<\/a><\/p>\n<p>\u25b6 <a href=\"http:\/\/740jw955i52c.brive.org\/wp-content\/uploads\/2022\/06\/CP-Vigilance-plan-canicule-2022-1.pdf\">CP Vigilance plan canicule 2022<\/a><\/p>\n<p>\u25b6 <a href=\"http:\/\/740jw955i52c.brive.org\/wp-content\/uploads\/2022\/06\/CP-Expo-PLYTAGORE-15-juin.pdf\" target=\"_blank\" rel=\"noopener\">CP- Expo PLYTHAGORE &#8211; 15 juin<\/a><\/p>\n<p>\u25b6 <a href=\"http:\/\/740jw955i52c.brive.org\/wp-content\/uploads\/2022\/06\/INVITATION-EXPO-METAPHORES-SPORTIVES.pdf\" target=\"_blank\" rel=\"noopener\">INVITATION EXPO M\u00c9TAPHORES SPORTIVES &#8211; 9 juillet 2022<\/a><\/p>\n<p>\u25b6 <a href=\"http:\/\/740jw955i52c.brive.org\/wp-content\/uploads\/2022\/06\/INVITATION-EXPO-COSTA.pdf\" target=\"_blank\" rel=\"noopener\">INVITATION EXPO COSTA &#8211; 2 juillet 2022<\/a><\/p>\n<p>\u25b6 <a href=\"http:\/\/740jw955i52c.brive.org\/wp-content\/uploads\/2022\/06\/INVITATION-BISON-Samedi-25-juin-2022.pdf\">INVITATION BISON &#8211; Samedi 25 juin 2022<\/a><\/p>\n<p>\u25b6 <a href=\"http:\/\/740jw955i52c.brive.org\/wp-content\/uploads\/2022\/06\/communique-de-presse-exposition-Metaphores-sportives.pdf\" target=\"_blank\" rel=\"noopener\">Communiqu\u00e9 de presse exposition M\u00e9taphores sportives<\/a><\/p>\n<p>\u25b6 <a href=\"http:\/\/740jw955i52c.brive.org\/wp-content\/uploads\/2022\/06\/Communique-de-presse-definitif-COSTA.pdf\" target=\"_blank\" rel=\"noopener\">Communiqu\u00e9 de presse d\u00e9finitif COSTA<\/a><\/p>\n<p>\u25b6 <a href=\"http:\/\/740jw955i52c.brive.org\/wp-content\/uploads\/2022\/06\/CP-PS5-a-la-Mediateque-de-Brive.pdf\">CP- PS5 \u00e0 la M\u00e9diath\u00e8que de Brive<\/a><\/p>\n<p>\u25b6 <a href=\"http:\/\/740jw955i52c.brive.org\/wp-content\/uploads\/2022\/06\/CP-Journees-europeennes-de-larcheologie-18-juin.pdf\">CP &#8211; Journ\u00e9es europ\u00e9ennes de l&#8217;arch\u00e9ologie- 18 juin<\/a> + <a href=\"http:\/\/740jw955i52c.brive.org\/wp-content\/uploads\/2022\/06\/archeologie.jpg\" target=\"_blank\" rel=\"noopener\">Affiche<\/a><\/p>\n<p>\u25b6 <a href=\"http:\/\/740jw955i52c.brive.org\/wp-content\/uploads\/2022\/06\/CP-Partir-en-livre-a-Brive-22-juin.pdf\">CP- Partir en livre \u00e0 Brive &#8211; 22 juin<\/a><\/p>\n<p>\u25b6 <a href=\"http:\/\/740jw955i52c.brive.org\/wp-content\/uploads\/2022\/06\/CP-Vigilance-plan-canicule-2022.pdf\">CP Vigilance plan canicule 2022<\/a><\/p>\n<p>\u25b6 <a href=\"http:\/\/740jw955i52c.brive.org\/wp-content\/uploads\/2022\/05\/CP-initiation-Golf-4-juin.pdf\">CP &#8211; initiation Golf &#8211; 4 juin<\/a><\/p>\n<p>\u25b6 <a href=\"http:\/\/740jw955i52c.brive.org\/wp-content\/uploads\/2022\/05\/CP-Exposition-Mediatheque-31-mai.pdf\">CP- Exposition M\u00e9diath\u00e8que &#8211; 31 mai<\/a> + <a href=\"http:\/\/740jw955i52c.brive.org\/wp-content\/uploads\/2022\/05\/Affiche-Gaiardes.pdf\" target=\"_blank\" rel=\"noopener\">Affiche<\/a>[\/vc_column_text][\/vc_tta_section][vc_tta_section title=&#8221;Mai 2022&#8243; tab_id=&#8221;1649142647669-29031fb4-a721&#8243;][vc_column_text]\u25b6 <a href=\"http:\/\/740jw955i52c.brive.org\/wp-content\/uploads\/2022\/05\/Programme-27-mai-2022.pdf\">Programme 27 mai 2022<\/a><\/p>\n<p>\u25b6 <a href=\"http:\/\/740jw955i52c.brive.org\/wp-content\/uploads\/2022\/05\/CP-Animation-intergenerationnel-residence-les-genets-25-mai.pdf\">CP &#8211; Animation interg\u00e9n\u00e9rationnel residence les genets &#8211; 25 mai<\/a><\/p>\n<p>\u25b6 <a href=\"http:\/\/740jw955i52c.brive.org\/wp-content\/uploads\/2022\/05\/DP-Le-Conservatoire-au-theatre-2022-18-mai-1.pdf\">DP &#8211; Le Conservatoire au th\u00e9\u00e2tre 2022 -18 mai<\/a><\/p>\n<p>\u25b6 <a href=\"http:\/\/740jw955i52c.brive.org\/wp-content\/uploads\/2022\/05\/CP-Journee-thematique-Notre-territoire-de-demain-Entreprendre-pour-Apprendre-30-05-2022.pdf\">CP &#8211; Journ\u00e9e th\u00e9matique Notre territoire de demain- Entreprendre pour Apprendre 30-05-2022<\/a><\/p>\n<p>\u25b6 <a href=\"http:\/\/740jw955i52c.brive.org\/wp-content\/uploads\/2022\/05\/Dossier-de-presse-Nuit-des-musees-2022.pdf\">Dossier de presse &#8211; Nuit des mus\u00e9es 2022<\/a><\/p>\n<p>\u25b6 <a href=\"http:\/\/740jw955i52c.brive.org\/wp-content\/uploads\/2022\/05\/CP-concert-duo-harpe-saxo-20-mai.pdf\" target=\"_blank\" rel=\"noopener\">CP- concert duo harpe &#8211; saxo- 20 mai<\/a> + <a href=\"http:\/\/740jw955i52c.brive.org\/wp-content\/uploads\/2022\/05\/affiche-saxo-harpe.jpg\" target=\"_blank\" rel=\"noopener\">Affiche<\/a><\/p>\n<p>\u25b6 <a href=\"http:\/\/740jw955i52c.brive.org\/wp-content\/uploads\/2022\/05\/CP-journee-de-lEurope-1.pdf\">CP journ\u00e9e de l&#8217;Europe<\/a><\/p>\n<p>\u25b6 <a href=\"http:\/\/740jw955i52c.brive.org\/wp-content\/uploads\/2022\/05\/CP-Journees-portes-ouvertes-au-conservatoire-18-et-21-mai.pdf\">CP-Journ\u00e9es portes ouvertes au conservatoire &#8211; 18 et 21 mai<\/a> + <a href=\"http:\/\/740jw955i52c.brive.org\/wp-content\/uploads\/2022\/05\/JPO-Conservatoire.jpg\" target=\"_blank\" rel=\"noopener\">Affiche<\/a><\/p>\n<p>\u25b6 <a href=\"http:\/\/740jw955i52c.brive.org\/wp-content\/uploads\/2022\/05\/CP-The-Dansant-12-mai.pdf\">CP &#8211; Th\u00e9 Dansant 12 mai<\/a><\/p>\n<p>\u25b6 <a href=\"http:\/\/740jw955i52c.brive.org\/wp-content\/uploads\/2022\/05\/Nuit-europeenne-des-musees-programme-14-mai-2022.pdf\">Nuit europ\u00e9enne des mus\u00e9es programme -14 mai 2022<\/a><\/p>\n<p>\u25b6 <a href=\"http:\/\/740jw955i52c.brive.org\/wp-content\/uploads\/2022\/05\/CP-dates-limites-inscriptions-Legislatives.pdf\">CP- dates limites inscriptions L\u00e9gislatives<\/a><\/p>\n<p>\u25b6 <a href=\"http:\/\/740jw955i52c.brive.org\/wp-content\/uploads\/2022\/05\/CP_Mini-S-Brive-Entreprendre_100522.pdf\">CP_Mini S Brive Entreprendre_100522<\/a>[\/vc_column_text][\/vc_tta_section][vc_tta_section title=&#8221;Avril 2022&#8243; tab_id=&#8221;1652106907178-92d2b736-4ce3&#8243;][vc_column_text]\u25b6 <a href=\"http:\/\/740jw955i52c.brive.org\/wp-content\/uploads\/2022\/04\/Carton-invitation-8-mai-2022.pdf\">Carton invitation 8 mai 2022<\/a> + <a href=\"http:\/\/740jw955i52c.brive.org\/wp-content\/uploads\/2022\/04\/Programme-8-mai-2022.pdf\">Programme 8 mai 2022<\/a><\/p>\n<p>\u25b6 <a href=\"http:\/\/740jw955i52c.brive.org\/wp-content\/uploads\/2022\/04\/CP-Marie-Bazin-09-mai.pdf\">CP &#8211; Marie Bazin 09 mai<\/a> + <a href=\"http:\/\/740jw955i52c.brive.org\/wp-content\/uploads\/2022\/04\/affiche-MB-def-verso-marge.pdf\">affiche MB def verso marge<\/a><\/p>\n<p>\u25b6 <a href=\"http:\/\/740jw955i52c.brive.org\/wp-content\/uploads\/2022\/04\/INVITATION-EXPO-VASILEV-VILLE-DE-BRIVE.pdf\">INVITATION EXPO VASILEV VILLE DE BRIVE<\/a><\/p>\n<p>\u25b6 <a href=\"http:\/\/740jw955i52c.brive.org\/wp-content\/uploads\/2022\/04\/Reception-des-nouveaux-bus-electriques-Libeo.pdf\">R\u00e9ception des nouveaux bus \u00e9lectriques Lib\u00e9o<\/a><\/p>\n<p>\u25b6 <a href=\"http:\/\/740jw955i52c.brive.org\/wp-content\/uploads\/2022\/04\/CP-Tavaux-E.Zola-22-avril.pdf\" target=\"_blank\" rel=\"noopener\">CP &#8211; Travaux E.Zola &#8211; 22 avril<\/a> + <a href=\"http:\/\/740jw955i52c.brive.org\/wp-content\/uploads\/2022\/04\/Phasage-3.pdf\">Phasage 3<\/a><\/p>\n<p>\u25b6 <a href=\"http:\/\/740jw955i52c.brive.org\/wp-content\/uploads\/2022\/04\/CP-concerts-les-Impromptus.pdf\">CP &#8211; concerts les Impromptus<\/a><\/p>\n<p>\u25b6 <a href=\"http:\/\/740jw955i52c.brive.org\/wp-content\/uploads\/2022\/04\/CP-Devenir-membre-du-jury-du-Prix-des-lecteurs-de-la-Ville-de-Brive.pdf\">CP- Devenir membre du jury du Prix des lecteurs de la Ville de Brive<\/a><\/p>\n<p>\u25b6 <a href=\"http:\/\/740jw955i52c.brive.org\/wp-content\/uploads\/2022\/04\/Programme-22-avril-2022.pdf\">Programme 22 avril 2022<\/a><\/p>\n<p>\u25b6 <a href=\"http:\/\/740jw955i52c.brive.org\/wp-content\/uploads\/2022\/04\/CP-Stages-Sportifs-de-Printemps.pdf\">CP-Stages Sportifs de Printemps<\/a> + <a href=\"http:\/\/740jw955i52c.brive.org\/wp-content\/uploads\/2022\/04\/STAGES-SPORTIFS-PRINTEMPS-2022-fuz2.pdf\">STAGES SPORTIFS PRINTEMPS 2022 &#8211; fuz2<\/a><\/p>\n<p>\u25b6 <a href=\"http:\/\/740jw955i52c.brive.org\/wp-content\/uploads\/2022\/04\/CP-Grippe-aviaire.pdf\">CP- Grippe aviaire<\/a><\/p>\n<p>\u25b6 <a href=\"http:\/\/740jw955i52c.brive.org\/wp-content\/uploads\/2022\/04\/CP-Laurent-Delmas-Trio-15-avril.pdf\">CP Laurent Delmas Trio -15 avril<\/a> + <a href=\"http:\/\/740jw955i52c.brive.org\/wp-content\/uploads\/2022\/04\/Affiche-scaled.jpg\" target=\"_blank\" rel=\"noopener\">Affiche<\/a>[\/vc_column_text][\/vc_tta_section][vc_tta_section title=&#8221;Mars 2022&#8243; tab_id=&#8221;1646294050509-399b0a9c-1ee0&#8243;][vc_column_text]\u25b6 <a href=\"http:\/\/740jw955i52c.brive.org\/wp-content\/uploads\/2022\/03\/Dossier-de-presse-Les-artistes-des-tranchees-Musee-Michelet-Ville-de-Brive.pdf\">Dossier de presse Les artistes des tranch\u00e9es Mus\u00e9e Michelet &#8211; Ville de Brive<\/a><\/p>\n<p>\u25b6 <a href=\"http:\/\/740jw955i52c.brive.org\/wp-content\/uploads\/2022\/03\/CP-Concert-de-Printemps-10-avril.pdf\">CP Concert de Printemps -10 avril<\/a> + <a href=\"http:\/\/740jw955i52c.brive.org\/wp-content\/uploads\/2022\/03\/Affiche-concert-de-printemps-2022-V4.jpg\">Affiche<\/a><\/p>\n<p>\u25b6 <a href=\"http:\/\/740jw955i52c.brive.org\/wp-content\/uploads\/2022\/03\/CP-Defi-Gaillard-31-mars.pdf\">CP D\u00e9fi Gaillard &#8211; 31 mars<\/a><\/p>\n<p>\u25b6 <a href=\"http:\/\/740jw955i52c.brive.org\/wp-content\/uploads\/2022\/03\/CP-Ceremonie-du-19-mars-2022.pdf\">CP- C\u00e9r\u00e9monie du 19 mars 2022<\/a><\/p>\n<p>\u25b6 <a href=\"http:\/\/740jw955i52c.brive.org\/wp-content\/uploads\/2022\/03\/CP-Stages-sportifs-vacances-printemps.pdf\">CP &#8211; Stages sportifs vacances printemps<\/a> + <a href=\"http:\/\/740jw955i52c.brive.org\/wp-content\/uploads\/2022\/03\/STAGES-SPORTIFS-PRINTEMPS-2022-Ville-de-Brive.pdf\">STAGES SPORTIFS PRINTEMPS 2022 &#8211; Ville de Brive<\/a><\/p>\n<p>\u25b6 <a href=\"http:\/\/740jw955i52c.brive.org\/wp-content\/uploads\/2022\/03\/CP-Reprise-administrative-au-Cimetiere-la-Fournade.pdf\">CP &#8211; Reprise administrative au Cimeti\u00e8re la Fournade<\/a><\/p>\n<p>\u25b6 <a href=\"http:\/\/740jw955i52c.brive.org\/wp-content\/uploads\/2022\/03\/DP-Printemps-des-Poetes-12-mars.pdf\">DP- Printemps des Po\u00e8tes- 12 mars<\/a><\/p>\n<p>\u25b6 <a href=\"http:\/\/740jw955i52c.brive.org\/wp-content\/uploads\/2022\/03\/CP-Residence-Christian-Viguie.pdf\">CP R\u00e9sidence Christian Vigui\u00e9<\/a><\/p>\n<p>\u25b6 <a href=\"http:\/\/740jw955i52c.brive.org\/wp-content\/uploads\/2022\/03\/CP-EMS-Mars.pdf\">CP &#8211; \u00c9cole Municipales de Sport &#8211; Mars<\/a>[\/vc_column_text][\/vc_tta_section][vc_tta_section title=&#8221;F\u00e9vrier 2022&#8243; tab_id=&#8221;1643797079300-d5cd32ea-b74e&#8221;][vc_column_text]\u25b6 <a href=\"http:\/\/740jw955i52c.brive.org\/wp-content\/uploads\/2022\/02\/DP-Exposition-archives-1er-mars.pdf\">DP Exposition archives &#8211; 1er mars<\/a><\/p>\n<p>\u25b6 <a href=\"http:\/\/740jw955i52c.brive.org\/wp-content\/uploads\/2022\/02\/CP-Tralalart-A-LA-MER.pdf\">CP- Tralalart A LA MER<\/a> + <a href=\"http:\/\/740jw955i52c.brive.org\/wp-content\/uploads\/2022\/02\/mer-recto-marges.pdf\">mer recto marges<\/a> + <a href=\"http:\/\/740jw955i52c.brive.org\/wp-content\/uploads\/2022\/02\/mer-verso-marges.pdf\">mer verso marges<\/a><\/p>\n<p><a href=\"http:\/\/740jw955i52c.brive.org\/wp-content\/uploads\/2022\/02\/CP-Election-2022.pdf\">\u25b6 CP &#8211; \u00c9lection 2022<\/a><\/p>\n<p><a href=\"http:\/\/740jw955i52c.brive.org\/wp-content\/uploads\/2022\/02\/CP-Residence-Jean-Le-Boel-7-fevrier.pdf\">\u25b6 CP- R\u00e9sidence Jean Le Boel &#8211; 7 fevrier<\/a>[\/vc_column_text][\/vc_tta_section][vc_tta_section title=&#8221;Janvier 2022&#8243; tab_id=&#8221;1641821553446-3080fc65-47d1&#8243;][vc_column_text]<img decoding=\"async\" class=\"emoji\" role=\"img\" src=\"https:\/\/s.w.org\/images\/core\/emoji\/13.0.1\/svg\/25b6.svg\" alt=\"\u25b6\" \/> <a href=\"http:\/\/740jw955i52c.brive.org\/wp-content\/uploads\/2022\/01\/CP-service-minimum-greve-du-27-janvier-2022.pdf\">CP- service minimum gr\u00e8ve du 27 janvier 2022<\/a><\/p>\n<p><img decoding=\"async\" class=\"emoji\" role=\"img\" src=\"https:\/\/s.w.org\/images\/core\/emoji\/13.0.1\/svg\/25b6.svg\" alt=\"\u25b6\" \/> <a href=\"http:\/\/740jw955i52c.brive.org\/wp-content\/uploads\/2022\/01\/CP-Cimetieres-Ville-de-Brive-reprise-concessions-echues-et-non-renouvelees.pdf\">CP &#8211; Cimeti\u00e8res Ville de Brive reprise concessions \u00e9chues et non renouvel\u00e9es<\/a><br \/>\n<img decoding=\"async\" class=\"emoji\" role=\"img\" src=\"https:\/\/s.w.org\/images\/core\/emoji\/13.0.1\/svg\/25b6.svg\" alt=\"\u25b6\" \/> <a href=\"http:\/\/740jw955i52c.brive.org\/wp-content\/uploads\/2022\/01\/DP-100-ans-Michel-Peyramaure.pdf\">DP- 100 ans Michel Peyramaure<\/a><br \/>\n<img decoding=\"async\" class=\"emoji\" role=\"img\" src=\"https:\/\/s.w.org\/images\/core\/emoji\/13.0.1\/svg\/25b6.svg\" alt=\"\u25b6\" \/> <a href=\"http:\/\/740jw955i52c.brive.org\/wp-content\/uploads\/2022\/01\/CP_musee-labenche_l-enfance-de-l-art.pdf\">CP_mus\u00e9e labenche_l enfance de l art<\/a><br \/>\n<a href=\"http:\/\/740jw955i52c.brive.org\/wp-content\/uploads\/2022\/01\/Le-gouter-Charles-Bertrand-dEntraygues-scaled.jpg\" target=\"_blank\" rel=\"noopener\">+ Le gouter -Charles-Bertrand d&#8217;Entraygues<\/a><br \/>\n<a href=\"http:\/\/740jw955i52c.brive.org\/wp-content\/uploads\/2022\/01\/Portrait-de-Christiane-Green-de-Saint-Marsault-Pierre-Henri-Mayeux.jpg\" target=\"_blank\" rel=\"noopener\">+ Portrait de Christiane Green de Saint-Marsault &#8211; Pierre-Henri Mayeux<\/a><br \/>\n<a href=\"http:\/\/740jw955i52c.brive.org\/wp-content\/uploads\/2022\/01\/Portrait-de-jeune-garcon-anonyme.jpg\" target=\"_blank\" rel=\"noopener\">+ Portrait de jeune gar\u00e7on &#8211; anonyme<\/a><br \/>\n<a href=\"http:\/\/740jw955i52c.brive.org\/wp-content\/uploads\/2022\/01\/Portrait-photographique-de-garcon-Ernest-Rupin.jpg\" target=\"_blank\" rel=\"noopener\">+ Portrait photographique de gar\u00e7on &#8211; Ernest Rupin<\/a><br \/>\n<img decoding=\"async\" class=\"emoji\" role=\"img\" src=\"https:\/\/s.w.org\/images\/core\/emoji\/13.0.1\/svg\/25b6.svg\" alt=\"\u25b6\" \/> <a href=\"http:\/\/740jw955i52c.brive.org\/wp-content\/uploads\/2022\/01\/DP-nuit-de-la-lecture-22-01-2022.pdf\">DP nuit de la lecture &#8211; 22 01 2022<\/a><br \/>\n<img decoding=\"async\" class=\"emoji\" role=\"img\" src=\"https:\/\/s.w.org\/images\/core\/emoji\/13.0.1\/svg\/25b6.svg\" alt=\"\u25b6\" \/> <a href=\"http:\/\/740jw955i52c.brive.org\/wp-content\/uploads\/2022\/01\/Programme-2022Musee-Labenche-de-Brive-Lescauseries-dErnest-R..pdf\" target=\"_blank\" rel=\"noopener\">Programme 2022 Mus\u00e9e Labenche de Brive Lescauseries d&#8217;Ernest R.<\/a><br \/>\n<img decoding=\"async\" class=\"emoji\" role=\"img\" src=\"https:\/\/s.w.org\/images\/core\/emoji\/13.0.1\/svg\/25b6.svg\" alt=\"\u25b6\" \/> <a href=\"http:\/\/740jw955i52c.brive.org\/wp-content\/uploads\/2022\/01\/STAGES-SPORTIFS-HIVER-2022-1.pdf\">STAGES SPORTIFS HIVER 2022<\/a> + <a href=\"http:\/\/740jw955i52c.brive.org\/wp-content\/uploads\/2022\/01\/CP-Inscription-stage-sportif-dhiver-10-janvier.pdf\">CP- Inscription stage sportif d&#8217;hiver &#8211; 10 janvier<\/a><br \/>\n<img decoding=\"async\" class=\"emoji\" role=\"img\" src=\"https:\/\/s.w.org\/images\/core\/emoji\/13.0.1\/svg\/25b6.svg\" alt=\"\u25b6\" \/> <a href=\"http:\/\/740jw955i52c.brive.org\/wp-content\/uploads\/2022\/01\/CP-Perspectives-du-sport-2022-pour-Brive-et-son-Agglo.pdf\">CP &#8211; Perspectives du sport 2022 pour Brive et son Agglo<\/a><br \/>\n<img decoding=\"async\" class=\"emoji\" role=\"img\" src=\"https:\/\/s.w.org\/images\/core\/emoji\/13.0.1\/svg\/25b6.svg\" alt=\"\u25b6\" \/> <a href=\"http:\/\/740jw955i52c.brive.org\/wp-content\/uploads\/2022\/01\/CP-service-minimum-greve-du-13-janvier-2022.pdf\">CP- service minimum gr\u00e8ve du 13 janvier 2022<\/a>[\/vc_column_text][\/vc_tta_section][vc_tta_section title=&#8221;D\u00e9cembre 2021&#8243; tab_id=&#8221;1639557258035-c6c769cc-a1a0&#8243;][vc_column_text]<img decoding=\"async\" class=\"emoji\" role=\"img\" src=\"https:\/\/s.w.org\/images\/core\/emoji\/13.0.1\/svg\/25b6.svg\" alt=\"\u25b6\" \/> <a href=\"http:\/\/740jw955i52c.brive.org\/wp-content\/uploads\/2021\/12\/CP-Covid-19-Annulation-Seniors-en-fete.pdf\">CP &#8211; Covid-19 Annulation Seniors en f\u00eate<\/a><\/p>\n<p><img decoding=\"async\" class=\"emoji\" role=\"img\" src=\"https:\/\/s.w.org\/images\/core\/emoji\/13.0.1\/svg\/25b6.svg\" alt=\"\u25b6\" \/> <a href=\"http:\/\/740jw955i52c.brive.org\/wp-content\/uploads\/2021\/12\/CP-Concert-de-Noel-du-Conservatoire.pdf\">CP-Concert de No\u00ebl du Conservatoire<\/a><\/p>\n<p><img decoding=\"async\" class=\"emoji\" role=\"img\" src=\"https:\/\/s.w.org\/images\/core\/emoji\/13.0.1\/svg\/25b6.svg\" alt=\"\u25b6\" \/> <a href=\"http:\/\/740jw955i52c.brive.org\/wp-content\/uploads\/2021\/12\/CP-Inscriptions-Ecoles-Municipales-des-sports.pdf\">CP- Inscriptions \u00c9coles Municipales des sports<\/a><\/p>\n<p><img decoding=\"async\" class=\"emoji\" role=\"img\" src=\"https:\/\/s.w.org\/images\/core\/emoji\/13.0.1\/svg\/25b6.svg\" alt=\"\u25b6\" \/> <a href=\"http:\/\/740jw955i52c.brive.org\/wp-content\/uploads\/2021\/11\/CP-Trio-AKATSUKI-2-decembre.pdf\">CP -Trio AKATSUKI &#8211; 2 d\u00e9cembre<\/a> + <a href=\"http:\/\/740jw955i52c.brive.org\/wp-content\/uploads\/2021\/11\/CONCERT-TRIO-AKATSUKI.png\">Affiche<\/a><\/p>\n<p><img decoding=\"async\" class=\"emoji\" role=\"img\" src=\"https:\/\/s.w.org\/images\/core\/emoji\/13.0.1\/svg\/25b6.svg\" alt=\"\u25b6\" \/> <a href=\"http:\/\/740jw955i52c.brive.org\/wp-content\/uploads\/2021\/11\/CP-Ceremonie-du-5-decembre-2021.pdf\">CP- C\u00e9r\u00e9monie du 5 d\u00e9cembre 2021<\/a><\/p>\n<p><img decoding=\"async\" class=\"emoji\" role=\"img\" src=\"https:\/\/s.w.org\/images\/core\/emoji\/13.0.1\/svg\/25b6.svg\" alt=\"\u25b6\" \/> <a href=\"http:\/\/740jw955i52c.brive.org\/wp-content\/uploads\/2021\/11\/COMMUNIQUE-DE-PRESSE-INCENDIE-V2.pdf\">COMMUNIQUE DE PRESSE INCENDIE V2<\/a><\/p>\n<p><img decoding=\"async\" class=\"emoji\" role=\"img\" src=\"https:\/\/s.w.org\/images\/core\/emoji\/13.0.1\/svg\/25b6.svg\" alt=\"\u25b6\" \/> <a href=\"http:\/\/740jw955i52c.brive.org\/wp-content\/uploads\/2021\/11\/CP-Inscriptions-Seniors-en-Fetes-2021.pdf\">CP Inscriptions S\u00e9niors en F\u00eates 2021<\/a>[\/vc_column_text][\/vc_tta_section][vc_tta_section title=&#8221;Novembre 2021&#8243; tab_id=&#8221;1635858761419-50d054de-6eab&#8221;][vc_column_text]<img decoding=\"async\" class=\"emoji\" role=\"img\" src=\"https:\/\/s.w.org\/images\/core\/emoji\/13.0.1\/svg\/25b6.svg\" alt=\"\u25b6\" \/> <a href=\"http:\/\/740jw955i52c.brive.org\/wp-content\/uploads\/2021\/11\/CP-Semaine-de-lindustrie-22-novembre.pdf\">CP- Semaine de l&#8217;industrie &#8211; 22 novembre<\/a> + <a href=\"http:\/\/740jw955i52c.brive.org\/wp-content\/uploads\/2021\/11\/Programme-Semaine-Industrie.pdf\">Programme Semaine Industrie<\/a><\/p>\n<p><img decoding=\"async\" loading=\"lazy\" class=\"alignnone wp-image-44935 size-large\" src=\"http:\/\/740jw955i52c.brive.org\/wp-content\/uploads\/2021\/11\/Table-ronde-26.11-750x422.jpg\" alt=\"\" width=\"750\" height=\"422\" srcset=\"http:\/\/740jw955i52c.brive.org\/wp-content\/uploads\/2021\/11\/Table-ronde-26.11-750x422.jpg 750w, http:\/\/740jw955i52c.brive.org\/wp-content\/uploads\/2021\/11\/Table-ronde-26.11-300x169.jpg 300w, http:\/\/740jw955i52c.brive.org\/wp-content\/uploads\/2021\/11\/Table-ronde-26.11-200x113.jpg 200w, http:\/\/740jw955i52c.brive.org\/wp-content\/uploads\/2021\/11\/Table-ronde-26.11-600x338.jpg 600w, http:\/\/740jw955i52c.brive.org\/wp-content\/uploads\/2021\/11\/Table-ronde-26.11-1536x865.jpg 1536w, http:\/\/740jw955i52c.brive.org\/wp-content\/uploads\/2021\/11\/Table-ronde-26.11-2048x1153.jpg 2048w, http:\/\/740jw955i52c.brive.org\/wp-content\/uploads\/2021\/11\/Table-ronde-26.11-916x516.jpg 916w, http:\/\/740jw955i52c.brive.org\/wp-content\/uploads\/2021\/11\/Table-ronde-26.11-590x332.jpg 590w, http:\/\/740jw955i52c.brive.org\/wp-content\/uploads\/2021\/11\/Table-ronde-26.11-363x204.jpg 363w\" sizes=\"(max-width: 750px) 100vw, 750px\" \/><\/p>\n<p><img decoding=\"async\" class=\"emoji\" role=\"img\" src=\"https:\/\/s.w.org\/images\/core\/emoji\/13.0.1\/svg\/25b6.svg\" alt=\"\u25b6\" \/> <a href=\"http:\/\/740jw955i52c.brive.org\/wp-content\/uploads\/2021\/11\/CP_BilanFoireduLivre2021.pdf\">CP_BilanFoireduLivre2021<\/a><\/p>\n<p><img decoding=\"async\" class=\"emoji\" role=\"img\" src=\"https:\/\/s.w.org\/images\/core\/emoji\/13.0.1\/svg\/25b6.svg\" alt=\"\u25b6\" \/> <a href=\"http:\/\/740jw955i52c.brive.org\/wp-content\/uploads\/2021\/11\/CP-Duo-Violon-Piano-19-novembre.pdf\">CP- Duo Violon Piano- 19 novembre<\/a> + <a href=\"http:\/\/740jw955i52c.brive.org\/wp-content\/uploads\/2021\/11\/affiche-duo-violon.pdf\">affiche duo violon<\/a><\/p>\n<p><img decoding=\"async\" class=\"emoji\" role=\"img\" src=\"https:\/\/s.w.org\/images\/core\/emoji\/13.0.1\/svg\/25b6.svg\" alt=\"\u25b6\" \/> <a href=\"http:\/\/740jw955i52c.brive.org\/wp-content\/uploads\/2021\/11\/Foire-du-Livre-de-Brive-2021-CP-Bilan.pdf\">Foire du Livre de Brive 2021 &#8211; CP Bilan<\/a><\/p>\n<p><img decoding=\"async\" class=\"emoji\" role=\"img\" src=\"https:\/\/s.w.org\/images\/core\/emoji\/13.0.1\/svg\/25b6.svg\" alt=\"\u25b6\" \/> <a href=\"http:\/\/740jw955i52c.brive.org\/wp-content\/uploads\/2021\/11\/Musee-Labenche-communique-de-presse.pdf\">Mus\u00e9e Labenche &#8211; communiqu\u00e9 de presse<\/a><\/p>\n<p><img decoding=\"async\" class=\"emoji\" role=\"img\" src=\"https:\/\/s.w.org\/images\/core\/emoji\/13.0.1\/svg\/25b6.svg\" alt=\"\u25b6\" \/> <a href=\"http:\/\/740jw955i52c.brive.org\/wp-content\/uploads\/2021\/11\/CP-Foires-aux-miels-14-novembre.pdf\">CP Foires aux miels &#8211; 14 novembre<\/a> + <a href=\"http:\/\/740jw955i52c.brive.org\/wp-content\/uploads\/2021\/10\/Brive-Foire-aux-Miels-2021-Recto-1.jpg\">Affiche<\/a> + <a href=\"http:\/\/740jw955i52c.brive.org\/wp-content\/uploads\/2021\/10\/Brive-Foire-aux-Miels-2021-Verso-1.jpg\">Flyer<\/a>[\/vc_column_text][\/vc_tta_section][vc_tta_section title=&#8221;Octobre 2021&#8243; tab_id=&#8221;1633427548314-dc1e7f2f-d123&#8243;][vc_column_text]\u25b6 <a href=\"http:\/\/740jw955i52c.brive.org\/wp-content\/uploads\/2021\/10\/CP-Exposition-Les-Indociles-3-novembre.pdf\">CP &#8211; Exposition Les Indociles &#8211; 3 novembre<\/a><\/p>\n<p>\u25b6 <a href=\"http:\/\/740jw955i52c.brive.org\/wp-content\/uploads\/2021\/10\/CP-Ceremonies-Toussaint-2021.pdf\">CP- C\u00e9r\u00e9monies Toussaint 2021<\/a><\/p>\n<p>\u25b6 <a href=\"http:\/\/740jw955i52c.brive.org\/wp-content\/uploads\/2021\/10\/CP-Demande-de-subvention-associations-2022.pdf\">CP Demande de subvention associations -2022<\/a><\/p>\n<p>\u25b6 <a href=\"http:\/\/740jw955i52c.brive.org\/wp-content\/uploads\/2021\/10\/CP-Renouvellement-des-commissions-communales-et-intercommunales.pdf\">CP Renouvellement des commissions communales et intercommunales<\/a><\/p>\n<p>\u25b6 <a href=\"http:\/\/740jw955i52c.brive.org\/wp-content\/uploads\/2021\/10\/CP-Stages-Sportifs-d.pdf\">CP- Stages Sportifs d<\/a> + <a href=\"http:\/\/740jw955i52c.brive.org\/wp-content\/uploads\/2021\/10\/STAGES-SPORTIFS-AUTOMNE-2021.pdf\">STAGES SPORTIFS AUTOMNE 2021<\/a><\/p>\n<p>\u25b6 <a href=\"http:\/\/740jw955i52c.brive.org\/wp-content\/uploads\/2021\/10\/CP-Cluedo-Mediatheque-23-octobre.pdf\">CP- Cluedo M\u00e9diath\u00e8que &#8211; 23 octobre<\/a><\/p>\n<p>\u25b6 <a href=\"http:\/\/740jw955i52c.brive.org\/wp-content\/uploads\/2021\/10\/CP-Forum-des-Associations-2021-17-octobre.pdf\">CP- Forum des Associations 2021 -17 octobre<\/a> + <a href=\"http:\/\/740jw955i52c.brive.org\/wp-content\/uploads\/2021\/10\/Affiche-Forum.pdf\">Affiche Forum<\/a><\/p>\n<p>\u25b6 <a href=\"http:\/\/740jw955i52c.brive.org\/wp-content\/uploads\/2021\/10\/CP-Concert-OWA-15-octobre.pdf\">CP- Concert OWA &#8211; 15 octobre<\/a><\/p>\n<p>\u25b6 <a href=\"http:\/\/740jw955i52c.brive.org\/wp-content\/uploads\/2021\/09\/CP-Fete-du-jeu-9-octobre.pdf\">CP- F\u00eate du jeu &#8211; 9 octobre<\/a><\/p>\n<p>\u25b6 <a href=\"http:\/\/740jw955i52c.brive.org\/wp-content\/uploads\/2021\/09\/CP-Service-minimum-daccueil-5-octobre.pdf\">CP &#8211; Service minimum d\u2019accueil &#8211; 5 octobre<\/a><\/p>\n<p>\u25b6 <a href=\"http:\/\/740jw955i52c.brive.org\/wp-content\/uploads\/2021\/09\/CP-Mediatheque-du-centre.pdf\">CP &#8211; M\u00e9diath\u00e8que du centre 02 octobre<\/a><\/p>\n<p>\u25b6 <a href=\"http:\/\/740jw955i52c.brive.org\/wp-content\/uploads\/2021\/09\/CP-100-ans-du-Stadium.pdf\">CP- 100 ans du Stadium 02 octobre<\/a>[\/vc_column_text][\/vc_tta_section][vc_tta_section title=&#8221;Septembre 2021&#8243; tab_id=&#8221;1631006489842-815edeff-6eb3&#8243;][vc_column_text]\u25b6 <a href=\"http:\/\/740jw955i52c.brive.org\/wp-content\/uploads\/2021\/09\/CP-Service-minimum-daccueil-23-septembre.pdf\">CP &#8211; Service minimum d\u2019accueil &#8211; 23 septembre<\/a><\/p>\n<p>\u25b6 <a href=\"http:\/\/740jw955i52c.brive.org\/wp-content\/uploads\/2021\/09\/CP-Stage-sportifs-dautomne.pdf\">CP &#8211; Stage sportifs d&#8217;automne<\/a> + <a href=\"http:\/\/740jw955i52c.brive.org\/wp-content\/uploads\/2021\/09\/STAGES-SPORTIFS-AUTOMNE-2021-1.pdf\">STAGES SPORTIFS AUTOMNE 2021<\/a><\/p>\n<p>\u25b6 <a href=\"http:\/\/740jw955i52c.brive.org\/wp-content\/uploads\/2021\/09\/CP-Journee-du-patrimone-18-et-19-septembre.pdf\">CP Journ\u00e9e du patrimone 18 et 19 septembre<\/a> + <a href=\"http:\/\/740jw955i52c.brive.org\/wp-content\/uploads\/2021\/09\/Brive-JEP-2021-V2-1.pdf\">Brive JEP 2021 &#8211; V2<\/a><\/p>\n<p>\u25b6 <a href=\"http:\/\/740jw955i52c.brive.org\/wp-content\/uploads\/2021\/09\/Dossier-de-Presse-Zone-30KmH-Brive-Laroche.pdf\" target=\"_blank\" rel=\"noopener\">Dossier de Presse &#8211; Zone 30KmH &#8211; Brive Laroche &#8211; 10.09.2021<\/a><\/p>\n<p>\u25b6 <a href=\"http:\/\/740jw955i52c.brive.org\/wp-content\/uploads\/2021\/09\/CP-recital-Chantal-Stigliani.pdf\" target=\"_blank\" rel=\"noopener\">CP r\u00e9cital Chantal Stigliani &#8211; 11.09.2021<\/a><\/p>\n<p>\u25b6 <a href=\"http:\/\/740jw955i52c.brive.org\/wp-content\/uploads\/2021\/09\/CP-Programme-conferences-musee-Labenche-septembre-2021.pdf\">CP -Programme conf\u00e9rences mus\u00e9e Labenche septembre 2021<\/a><\/p>\n<p>\u25b6 <a href=\"http:\/\/740jw955i52c.brive.org\/wp-content\/uploads\/2021\/09\/DP-Visite-de-Rentree-2-09-2021-version-du-19-aout.pdf\">DP- Visite de Rentr\u00e9e 2 09 2021 version du 19 ao\u00fbt<\/a>[\/vc_column_text][\/vc_tta_section][vc_tta_section title=&#8221;Ao\u00fbt 2021&#8243; tab_id=&#8221;1625124544236-5eb32c77-6eb0&#8243;][vc_column_text]\u25b6 <a href=\"http:\/\/740jw955i52c.brive.org\/wp-content\/uploads\/2021\/09\/DP-inauguration-Place-des-arcades-31-08-2021.pdf\">DP inauguration Place des arcades-31 08 2021<\/a><\/p>\n<p>\u25b6 <a href=\"http:\/\/740jw955i52c.brive.org\/wp-content\/uploads\/2021\/09\/DP-1ere-poutre-Hyperfrequence-210805-V2.pdf\">DP &#8211; 1ere poutre Hyperfr\u00e9quence 210805 V2<\/a><\/p>\n<p>\u25b6 <a href=\"http:\/\/740jw955i52c.brive.org\/wp-content\/uploads\/2021\/07\/CP-ete-haut-en-couleurs-aout.pdf\">CP \u00e9t\u00e9 haut en couleurs &#8211; ao\u00fbt<\/a> 2021<\/p>\n<p>\u25b6 <a href=\"http:\/\/740jw955i52c.brive.org\/wp-content\/uploads\/2021\/08\/CP-stage-golf-21-aout.pdf\">CP stage golf 21 ao\u00fbt<\/a><\/p>\n<p>\u25b6 <a href=\"http:\/\/740jw955i52c.brive.org\/wp-content\/uploads\/2021\/08\/CP-Deviation-pour-travaux-Avenue-Georges-Pompidou-25-aout.pdf\">CP &#8211; D\u00e9viation pour travaux Avenue Georges Pompidou &#8211; 25 ao\u00fbt<\/a><\/p>\n<p>\u25b6 <a href=\"http:\/\/740jw955i52c.brive.org\/wp-content\/uploads\/2021\/08\/Pass-sanitaire-du-Golf-de-Brive.pdf\">Pass sanitaire du Golf de Brive<\/a><\/p>\n<p>\u25b6 <a href=\"http:\/\/740jw955i52c.brive.org\/wp-content\/uploads\/2021\/08\/CP-Ceremonie-du-15-aout-2021.pdf\">CP C\u00e9r\u00e9monie du 15 ao\u00fbt 2021<\/a><\/p>\n<p>\u25b6 <a href=\"http:\/\/740jw955i52c.brive.org\/wp-content\/uploads\/2021\/08\/CP-demande-subvention-2022-associations-sportives-.pdf\">CP- demande subvention 2022 &#8211; associations sportives<\/a><\/p>\n<p>\u25b6 <a href=\"http:\/\/740jw955i52c.brive.org\/wp-content\/uploads\/2021\/08\/Plaquette-EMS-2021-2022-2.pdf\">Plaquette EMS 2021 &#8211; 2022<\/a><\/p>\n<p>\u25b6 <a href=\"http:\/\/740jw955i52c.brive.org\/wp-content\/uploads\/2021\/08\/CP-Inscriptions-ecoles-municipales-de-sport-25-aout.pdf\">CP &#8211; Inscriptions \u00e9coles municipales de sport &#8211; 25 ao\u00fbt<\/a>[\/vc_column_text][\/vc_tta_section][vc_tta_section title=&#8221;Juillet 2021&#8243; tab_id=&#8221;1627565129465-47c17657-7cd4&#8243;][vc_column_text]\u25b6 <a href=\"http:\/\/740jw955i52c.brive.org\/wp-content\/uploads\/2021\/07\/CP-Libeo-Prix-voyage-100-electrique.pdf\">CP &#8211; Lib\u00e9o Prix voyage 100% electrique<\/a><\/p>\n<p>\u25b6 <a href=\"http:\/\/740jw955i52c.brive.org\/wp-content\/uploads\/2021\/07\/CP-Expo-Reves-marins-9-juillet.pdf\">CP &#8211; Expo R\u00eaves marins &#8211; 9 juillet<\/a><\/p>\n<p>\u25b6 <a href=\"http:\/\/740jw955i52c.brive.org\/wp-content\/uploads\/2021\/07\/CP-Transports-scolaires.pdf\">CP &#8211; Transports scolaires (07\/07\/2021)<\/a><\/p>\n<p>\u25b6 <a href=\"http:\/\/740jw955i52c.brive.org\/wp-content\/uploads\/2021\/07\/CP-Nuit-des-musees-3-juillet.pdf\" target=\"_blank\" rel=\"noopener\">CP Nuit des mus\u00e9es (03\/07\/2021)<\/a><\/p>\n<p>\u25b6 <a href=\"http:\/\/740jw955i52c.brive.org\/wp-content\/uploads\/2021\/07\/DP-Campus-connecte.pdf\" target=\"_blank\" rel=\"noopener\">DP Campus connect\u00e9 (01\/07\/2021)<\/a>[\/vc_column_text][\/vc_tta_section][vc_tta_section title=&#8221;Juin 2021&#8243; tab_id=&#8221;1622550825158-9a61935c-53d3&#8243;][vc_column_text]\u25b6 <a href=\"http:\/\/740jw955i52c.brive.org\/wp-content\/uploads\/2021\/06\/CP-Exposition-Eves-K.-Bourdarel.pdf\">CP &#8211; Exposition Eves K. Bourdarel<\/a> + <a href=\"http:\/\/740jw955i52c.brive.org\/wp-content\/uploads\/2021\/06\/expo-Katia-Bourdarel.jpg\">Affiche<\/a><\/p>\n<p>\u25b6 <a href=\"http:\/\/740jw955i52c.brive.org\/wp-content\/uploads\/2021\/06\/CP-STAGE-GOLF-ETE.pdf\">CP- STAGE GOLF ETE<\/a> + <a href=\"http:\/\/740jw955i52c.brive.org\/wp-content\/uploads\/2021\/06\/STAGES-GOLF-ETE-2021-CALENDRIER.pdf\">STAGES GOLF \u00c9T\u00c9 2021 &#8211; CALENDRIER<\/a><\/p>\n<p>\u25b6 <a href=\"http:\/\/740jw955i52c.brive.org\/wp-content\/uploads\/2021\/06\/Inauguration-ecoles-Michel-Peyramaure.pdf\">Inauguration \u00e9coles Michel Peyramaure<\/a><\/p>\n<p>\u25b6 <a href=\"http:\/\/740jw955i52c.brive.org\/wp-content\/uploads\/2021\/06\/CP-Journee-olympique-23-Juin.pdf\">CP &#8211; Journ\u00e9e olympique 23 Juin<\/a><\/p>\n<p>\u25b6 <a href=\"http:\/\/740jw955i52c.brive.org\/wp-content\/uploads\/2021\/06\/CP-Fete-de-la-musique-a-Brive-21-juin.pdf\">CP F\u00eate de la musique \u00e0 Brive- 21 juin<\/a><\/p>\n<p>\u25b6 <a href=\"http:\/\/740jw955i52c.brive.org\/wp-content\/uploads\/2021\/06\/CP-Jeunes-talents-24-juin.pdf\">CP &#8211; Jeunes talents 24 juin<\/a><\/p>\n<p>\u25b6 <a href=\"http:\/\/740jw955i52c.brive.org\/wp-content\/uploads\/2021\/06\/Doc-JNArcheo-2021.pdf\">Journ\u00e9es Europ\u00e9ennes de l\u2019Arch\u00e9ologie du samedi 19 juin et dimanche 20 juin 2021<\/a><\/p>\n<p>\u25b6 <a href=\"http:\/\/740jw955i52c.brive.org\/wp-content\/uploads\/2021\/06\/CP-Programme-du-18-juin-2021.pdf\">CP -Programme du 18 juin 2021<\/a><\/p>\n<p>\u25b6 <a href=\"http:\/\/740jw955i52c.brive.org\/wp-content\/uploads\/2021\/06\/CP-INITIATION-GOLF-E-12-juin.pdf\">CP- INITIATION GOLF E-12 juin<\/a> + <a href=\"http:\/\/740jw955i52c.brive.org\/wp-content\/uploads\/2021\/06\/samedi-12-JUIN-2021.png\" target=\"_blank\" rel=\"noopener noreferrer\">Affiche<\/a><\/p>\n<p>\u25b6 <a href=\"http:\/\/740jw955i52c.brive.org\/wp-content\/uploads\/2021\/06\/CP-R\u00e9cital-de-Guitare-et-Mandoline-11-juin.pdf\">CP R\u00e9cital de Guitare et Mandoline &#8211; 11 juin<\/a> + <strong><a href=\"http:\/\/740jw955i52c.brive.org\/wp-content\/uploads\/2021\/06\/Recital-Guitare-et-mandoline.png\" target=\"_blank\" rel=\"noopener noreferrer\">Affiche<\/a><\/strong>[\/vc_column_text][\/vc_tta_section][vc_tta_section title=&#8221;Mai 2020&#8243; tab_id=&#8221;1620138750552-ed987ad0-9bd8&#8243;][vc_column_text]\u25b6 <a href=\"http:\/\/740jw955i52c.brive.org\/wp-content\/uploads\/2021\/05\/2021-CP-Vigilance-plan-canicule.pdf\">2021 &#8211; CP Vigilance plan canicule<\/a><\/p>\n<p>\u25b6 <a href=\"http:\/\/740jw955i52c.brive.org\/wp-content\/uploads\/2021\/05\/CP-Report-Foires-Franches-juin.pdf\">CP &#8211; Report Foires Franches juin<\/a><\/p>\n<p>\u25b6 <a href=\"http:\/\/740jw955i52c.brive.org\/wp-content\/uploads\/2021\/05\/CP-PRATIQUES-SPORTIVES-19-mai.pdf\">CP &#8211; PRATIQUES SPORTIVES 19 mai<\/a><\/p>\n<p>\u25b6 <a href=\"http:\/\/740jw955i52c.brive.org\/wp-content\/uploads\/2021\/05\/CP-r\u00e9ouverture-culture.pdf\">CP r\u00e9ouverture culture<\/a><\/p>\n<p>\u25b6 <a href=\"http:\/\/740jw955i52c.brive.org\/wp-content\/uploads\/2021\/05\/CP-Les-Indes-Galantes.pdf\">CP &#8211; Les Indes Galantes<\/a><\/p>\n<p><a href=\"http:\/\/740jw955i52c.brive.org\/wp-content\/uploads\/2021\/05\/visuel-expo-Cogitore.pdf\">visuel expo Cogitore<\/a><\/p>\n<p>\u25b6 <a href=\"http:\/\/740jw955i52c.brive.org\/wp-content\/uploads\/2021\/05\/CP-musique-au-balcon.pdf\">CP musique au balcon<\/a><\/p>\n<p>&nbsp;<\/p>\n<p>&nbsp;<\/p>\n<p>\u25b6 <a href=\"http:\/\/740jw955i52c.brive.org\/wp-content\/uploads\/2021\/05\/CP-INITIATION-GOLF-E-15-mai.pdf\">CP- INITIATION GOLF E- 15 mai<\/a><\/p>\n<p>\u25b6 <a href=\"http:\/\/740jw955i52c.brive.org\/wp-content\/uploads\/2021\/05\/CP-PARAPLIS-ABRIS-ORIGAMIS.pdf\">CP- PARAPLIS ABRIS ORIGAMIS<\/a><\/p>\n<p><a href=\"http:\/\/740jw955i52c.brive.org\/wp-content\/uploads\/2021\/05\/Installations-PARAPLIS-ABRIS-ORIGAMI-Ville-de-Brive.pdf\">Installations PARAPLIS ABRIS ORIGAMI Ville de Brive<\/a><\/p>\n<p>\u25b6 <a href=\"http:\/\/740jw955i52c.brive.org\/wp-content\/uploads\/2021\/05\/CP-Visio-conf\u00e9rence-sur-la-nutrition-gratuite.pdf\" target=\"_blank\" rel=\"noopener noreferrer\">CP- Visio-conf\u00e9rence sur la nutrition gratuite &#8211; 12\/05\/2020<\/a><\/p>\n<p><a href=\"http:\/\/740jw955i52c.brive.org\/wp-content\/uploads\/2021\/05\/visioconf\u00e9rence-Nutrition.pdf\" target=\"_blank\" rel=\"noopener noreferrer\">Affiche Visioconf\u00e9rence Nutrition<\/a>[\/vc_column_text][\/vc_tta_section][vc_tta_section title=&#8221;Avril 2021&#8243; tab_id=&#8221;1617982648985-a14c9e9b-55ce&#8221;][vc_column_text]&gt; <a href=\"http:\/\/740jw955i52c.brive.org\/wp-content\/uploads\/2021\/04\/CP-La-Semaine-Europ\u00e9enne-de-la-vaccination-17-mai.pdf\">CP-La Semaine Europ\u00e9enne de la vaccination- 17 mai<\/a><\/p>\n<p>&gt; <a href=\"http:\/\/740jw955i52c.brive.org\/wp-content\/uploads\/2021\/04\/CP-Abbattage-arbre-malade-12-avril.pdf\">CP- Abbattage arbre malade 12 avril<\/a><\/p>\n<p><a href=\"http:\/\/740jw955i52c.brive.org\/wp-content\/uploads\/2021\/04\/Abattage-arbre-malade-ville-de-Brive-Avril-2021-scaled.jpg\">Photo<\/a>[\/vc_column_text][\/vc_tta_section][vc_tta_section title=&#8221;Mars 2021&#8243; tab_id=&#8221;1614669462157-d6b3c58d-b10f&#8221;][vc_column_text]<a href=\"http:\/\/740jw955i52c.brive.org\/wp-content\/uploads\/2021\/03\/CP-BROCANTE-de-P\u00c2QUES-4-et-5-AVRIL-2021.pdf\" target=\"_blank\" rel=\"noopener noreferrer\">&gt; CP &#8211; BROCANTE de P\u00c2QUES 4 et 5 AVRIL 2021<\/a><\/p>\n<p><a href=\"http:\/\/740jw955i52c.brive.org\/wp-content\/uploads\/2021\/03\/CP-conf\u00e9rence-M\u00e9diath\u00e8que-Thierry-Braillard-17-avril.pdf\" target=\"_blank\" rel=\"noopener noreferrer\">&gt; CP &#8211; conf\u00e9rence M\u00e9diath\u00e8que Thierry Braillard -17 avril<\/a><\/p>\n<p><a href=\"http:\/\/740jw955i52c.brive.org\/wp-content\/uploads\/2021\/03\/CP-Concours-BD-m\u00e9diath\u00e8que.pdf\" target=\"_blank\" rel=\"noopener noreferrer\">&gt; CP &#8211; Concours BD m\u00e9diath\u00e8que &#8211; 16.03.2021<\/a><\/p>\n<p><a href=\"http:\/\/740jw955i52c.brive.org\/wp-content\/uploads\/2021\/03\/CP-initiation-Golf-20-mars.pdf\" target=\"_blank\" rel=\"noopener noreferrer\">&gt; CP- initiation Golf -20 mars &#8211; 16.03.2021<\/a><\/p>\n<p><a href=\"http:\/\/740jw955i52c.brive.org\/wp-content\/uploads\/2021\/03\/Communique\u0301-e\u0301picerie-solidaire.pdf\" target=\"_blank\" rel=\"noopener noreferrer\">&gt; Communique\u0301 e\u0301picerie solidaire &#8211; 15.03.2021<\/a><\/p>\n<p><a href=\"http:\/\/740jw955i52c.brive.org\/wp-content\/uploads\/2021\/03\/CP-Grainoth\u00e8que-Michel-Dumas.pdf\" target=\"_blank\" rel=\"noopener noreferrer\">&gt; CP &#8211; Grainoth\u00e8que Michel Dumas &#8211; 15.03.2021<\/a><\/p>\n<p><a href=\"http:\/\/740jw955i52c.brive.org\/wp-content\/uploads\/2021\/03\/CP-R\u00e9sidence-Roland-Fuent\u00e8s.pdf\" target=\"_blank\" rel=\"noopener noreferrer\">&gt; CP &#8211; R\u00e9sidence Roland Fuent\u00e8s &#8211; 09.03.2021<\/a><\/p>\n<p><a href=\"http:\/\/740jw955i52c.brive.org\/wp-content\/uploads\/2021\/03\/CP-stages-sportifs-vacances-de-Printemps.pdf\">&gt; CP- stages sportifs vacances de Printemps &#8211; 04.03.2021<\/a><\/p>\n<p><a href=\"http:\/\/740jw955i52c.brive.org\/wp-content\/uploads\/2021\/03\/CP-Pr\u00eat-dinstrument-de-musique-\u00e0-la-m\u00e9diath\u00e8que.pdf\">&gt; CP- Pr\u00eat d&#8217;instrument de musique \u00e0 la m\u00e9diath\u00e8que &#8211; 01.03.2021<\/a>[\/vc_column_text][\/vc_tta_section][vc_tta_section title=&#8221;F\u00e9vrier 2021&#8243; tab_id=&#8221;1612284846855-426c9d58-d817&#8243;][vc_column_text]&gt; <a href=\"http:\/\/740jw955i52c.brive.org\/wp-content\/uploads\/2021\/02\/Liste-\u00e9lectorale-Inscription-et-changement-dadresse.pdf\">Liste \u00e9lectorale &#8211; Inscription et changement d&#8217;adresse<\/a><\/p>\n<p>&gt; <a href=\"http:\/\/740jw955i52c.brive.org\/wp-content\/uploads\/2021\/02\/Cimeti\u00e8res-Ville-de-Brive-Reprise-concessions-\u00e9chues-et-non-renouvel\u00e9es.pdf\">Cimeti\u00e8res Ville de Brive &#8211; Reprise concessions \u00e9chues et non renouvel\u00e9es<\/a><\/p>\n<p>&gt; <a href=\"http:\/\/740jw955i52c.brive.org\/wp-content\/uploads\/2021\/02\/CP-Service-minimum-d\u2019accueil-4-f\u00e9vrier.pdf\">CP &#8211; Service minimum d\u2019accueil &#8211; 4 f\u00e9vrier<\/a><\/p>\n<p><a href=\"http:\/\/740jw955i52c.brive.org\/wp-content\/uploads\/2021\/01\/CP-Participation-\u00e9coles-de-Sports-\u00e0-la-semaine-olympique-et-paralympique.pdf\" target=\"_blank\" rel=\"noopener noreferrer\">&gt; CP-Participation \u00e9coles de Sports \u00e0 la semaine olympique et paralympique<\/a>[\/vc_column_text][\/vc_tta_section][vc_tta_section title=&#8221;Janvier 2021&#8243; tab_id=&#8221;1610009152510-c1cebba2-b114&#8243;][vc_column_text]<a href=\"http:\/\/740jw955i52c.brive.org\/wp-content\/uploads\/2021\/01\/CP-Demande-de-subvention-Asssociation-pour-2021.pdf\" target=\"_blank\" rel=\"noopener noreferrer\">&gt; CP &#8211; Demande de subvention Asssociation pour 2021<\/a><br \/>\n<a href=\"http:\/\/740jw955i52c.brive.org\/wp-content\/uploads\/2021\/01\/CP-Service-minimum-d\u2019accueil-26-janvier-1.pdf\" target=\"_blank\" rel=\"noopener noreferrer\">&gt; CP &#8211; Service minimum d\u2019accueil &#8211; 26 janvier<\/a><br \/>\n<a href=\"http:\/\/740jw955i52c.brive.org\/wp-content\/uploads\/2021\/01\/CP-Murder-party.pdf\" target=\"_blank\" rel=\"noopener noreferrer\">&gt; CP &#8211; Murder party \u00e0 la M\u00e9diath\u00e8que<\/a><br \/>\n<a href=\"http:\/\/740jw955i52c.brive.org\/wp-content\/uploads\/2021\/01\/CP-Covid-19-Annulation-de-manifestations..pdf\">&gt; CP &#8211; Covid 19 Annulation de manifestations.<\/a><br \/>\n<a href=\"http:\/\/740jw955i52c.brive.org\/wp-content\/uploads\/2021\/01\/CP-Exposition-Promenons-nous-dans-les-bois-Jacques-Cartier.pdf\">&gt; CP &#8211; Exposition Promenons nous dans les bois &#8211; Jacques Cartier<\/a><br \/>\n<span style=\"color: #ff0000\"><strong>L\u2019exposition est uniquement destin\u00e9e \u00e0 un public scolaire<\/strong><\/span><br \/>\n<a href=\"http:\/\/740jw955i52c.brive.org\/wp-content\/uploads\/2021\/01\/CP-Stages-sportifs-Hiver-11-janvier.pdf\">&gt; CP &#8211; Stages sportifs Hiver &#8211; 11 janvier<\/a><br \/>\n<a href=\"http:\/\/740jw955i52c.brive.org\/wp-content\/uploads\/2021\/01\/STAGES-SPORTIFS-HIVER-2021-1.pdf\">&gt; STAGES SPORTIFS HIVER 2021<\/a>[\/vc_column_text][\/vc_tta_section][vc_tta_section title=&#8221;D\u00e9cembre 2020&#8243; tab_id=&#8221;1606732596989-9f3d8a68-8955&#8243;][vc_column_text]&gt; <a href=\"http:\/\/740jw955i52c.brive.org\/wp-content\/uploads\/2021\/01\/CP-Grippe-aviaire.pdf\">CP- Grippe aviaire<\/a><br \/>\n&gt; <a href=\"http:\/\/740jw955i52c.brive.org\/wp-content\/uploads\/2021\/01\/fiche_biosecurite_ia-basses_cours-724x1024-1.pdf\">Fiche_biosecurite_ia-basses_cours-724&#215;1024<\/a><br \/>\n&gt; <a href=\"http:\/\/740jw955i52c.brive.org\/wp-content\/uploads\/2020\/12\/CP-Illuminations-2020-12-dec.pdf\">CP &#8211; Illuminations 2020 &#8211; 12 D\u00e9cembre<\/a><br \/>\n&gt; <a href=\"http:\/\/740jw955i52c.brive.org\/wp-content\/uploads\/2020\/12\/CP-Journ\u00e9e-de-deuil-national-pour-le-d\u00e9c\u00e8s-de-Val\u00e9rie-GISCARD.pdf\">CP &#8211; Journ\u00e9e de deuil national pour le d\u00e9c\u00e8s de Val\u00e9rie GISCARD<\/a><br \/>\n&gt; <a href=\"http:\/\/740jw955i52c.brive.org\/wp-content\/uploads\/2020\/12\/Cqu\u00e9-initiation-golf-d\u00e9cembre-2020.pdf\" target=\"_blank\" rel=\"noopener noreferrer\">CP &#8211; Initiation golf d\u00e9cembre 2020<\/a><br \/>\n&gt; <a href=\"http:\/\/740jw955i52c.brive.org\/wp-content\/uploads\/2020\/12\/CP-Foire-grasses-5-d\u00e9cembre.pdf\">CP -Foire grasses -5 d\u00e9cembre<\/a><br \/>\n&gt; <a href=\"http:\/\/740jw955i52c.brive.org\/wp-content\/uploads\/2020\/12\/CP-CCAS-colis-s\u00e9niors-inscriptions.pdf\">CP CCAS colis s\u00e9niors inscriptions<\/a><br \/>\n&gt; <a href=\"http:\/\/740jw955i52c.brive.org\/wp-content\/uploads\/2020\/12\/CP-C\u00e9r\u00e9monie-5-d\u00e9cembre.pdf\">CP &#8211; C\u00e9r\u00e9monie 5 d\u00e9cembre<\/a><br \/>\n&gt; <a href=\"http:\/\/740jw955i52c.brive.org\/wp-content\/uploads\/2020\/11\/CP-Etat-civil-15-d\u00e9cembre.pdf\">CP- \u00c9tat civil 15 d\u00e9cembre<\/a>[\/vc_column_text][\/vc_tta_section][vc_tta_section title=&#8221;Novembre 2020&#8243; tab_id=&#8221;1606732502116-4eaded8e-b529&#8243;][vc_column_text]<\/p>\n<p><a href=\"http:\/\/740jw955i52c.brive.org\/wp-content\/uploads\/2020\/11\/CP-demande-de-subvention-association-2021.pdf\" target=\"_blank\" rel=\"noopener noreferrer\">&gt; CP &#8211; demande de subvention association 2021<\/a><br \/>\n<a href=\"http:\/\/740jw955i52c.brive.org\/wp-content\/uploads\/2020\/11\/CP-Confinement-Organisation-ville-de-Brive.pdf\" target=\"_blank\" rel=\"noopener noreferrer\">&gt; CP &#8211; Confinement Organisation ville de Brive (m\u00e0j)<\/a><br \/>\n<a href=\"http:\/\/740jw955i52c.brive.org\/wp-content\/uploads\/2020\/11\/CP-C\u00e9r\u00e9monie-11-novembre.pdf\" target=\"_blank\" rel=\"noopener noreferrer\">&gt; CP &#8211; C\u00e9r\u00e9monie 11 novembre (09\/11\/2020)<\/a><br \/>\n<a href=\"http:\/\/740jw955i52c.brive.org\/wp-content\/uploads\/2020\/10\/2020-4573-Autorisant-maintien-de-louverture-des-commerces-non-alimentaires-sur-la-commune-de-Brive.pdf\" target=\"_blank\" rel=\"noopener noreferrer\">&gt; Arr\u00eat\u00e9 2020-4573 Autorisant maintien de l&#8217;ouverture des commerces non-alimentaires sur la commune de Brive<\/a><br \/>\n<a href=\"http:\/\/740jw955i52c.brive.org\/wp-content\/uploads\/2020\/10\/CP-Confinement-Organisation-ville-de-Brive.pdf\" target=\"_blank\" rel=\"noopener noreferrer\">&gt; CP &#8211; Confinement Organisation ville de Brive (30\/10\/2020)<\/a><br \/>\n<a href=\"http:\/\/740jw955i52c.brive.org\/wp-content\/uploads\/2020\/10\/CP-C\u00e9r\u00e9monies-de-la-Toussaint-1er-novembre.pdf\" target=\"_blank\" rel=\"noopener noreferrer\">&gt; CP &#8211; C\u00e9r\u00e9monies de la Toussaint- 1er novembre<\/a>[\/vc_column_text][\/vc_tta_section][vc_tta_section title=&#8221;Octobre 2020&#8243; tab_id=&#8221;1601908506948-4a4256fe-00a3&#8243;][vc_column_text]<a href=\"http:\/\/740jw955i52c.brive.org\/wp-content\/uploads\/2020\/10\/CP-march\u00e9-aux-chrysanth\u00e8mes-2020-30-oct.pdf\" target=\"_blank\" rel=\"noopener noreferrer\">&gt; CP march\u00e9 aux chrysanth\u00e8mes 2020 &#8211; 30 oct<\/a><br \/>\n<a href=\"http:\/\/740jw955i52c.brive.org\/wp-content\/uploads\/2020\/10\/CP-Hommage-national-Samuel-PATY-21-octobre.pdf\" target=\"_blank\" rel=\"noopener noreferrer\">&gt; CP &#8211; Hommage national -Samuel PATY &#8211; 21 octobre<\/a><br \/>\n<a href=\"http:\/\/740jw955i52c.brive.org\/wp-content\/uploads\/2020\/10\/CP-Exposition-Promenons-nous-dans-les-bois-Jacques-Cartier.pdf\" target=\"_blank\" rel=\"noopener noreferrer\">&gt; CP &#8211; Exposition Promenons nous dans les bois &#8211; Jacques Cartier (19\/10\/2020)<\/a><br \/>\n<a href=\"http:\/\/740jw955i52c.brive.org\/wp-content\/uploads\/2020\/10\/CP-Foire-du-Livre-report-2020.pdf\" target=\"_blank\" rel=\"noopener noreferrer\">&gt; CP Foire du Livre report 2020 (06\/10\/2020)<\/a><br \/>\n<a href=\"http:\/\/740jw955i52c.brive.org\/wp-content\/uploads\/2020\/10\/Arr\u00eat\u00e9-imposant-le-port-du-masques-centre-ville-de-Brive.pdf\" target=\"_blank\" rel=\"noopener noreferrer\">&gt; Arr\u00eat\u00e9 imposant le port du masques centre ville de Brive (06\/10\/2020)<\/a><br \/>\n<a href=\"http:\/\/740jw955i52c.brive.org\/wp-content\/uploads\/2020\/10\/CP-JO-2024.pdf\" target=\"_blank\" rel=\"noopener noreferrer\">&gt; CP JO 2024 : Brive retenue ! (05\/10\/2020)<\/a>[\/vc_column_text][\/vc_tta_section][vc_tta_section title=&#8221;Septembre 2020&#8243; tab_id=&#8221;1598254575213-ca08054f-42a1&#8243;][vc_column_text]<a href=\"http:\/\/740jw955i52c.brive.org\/wp-content\/uploads\/2020\/09\/CP-Stage-sportif-dautomne.pdf\" target=\"_blank\" rel=\"noopener noreferrer\">&gt; CP- Stage sportif d&#8217;automne (23\/09\/2020)<\/a><\/p>\n<p><a href=\"http:\/\/740jw955i52c.brive.org\/wp-content\/uploads\/2020\/09\/STAGES-SPORTIFS-AUTOMNE-2020-bleu-1.pdf\" target=\"_blank\" rel=\"noopener noreferrer\">&gt; STAGES SPORTIFS AUTOMNE 2020 (23\/09\/2020)<\/a><\/p>\n<p><a href=\"http:\/\/740jw955i52c.brive.org\/wp-content\/uploads\/2020\/09\/Communiqu\u00e9-de-presse-colloque-Edmond-Michelet.pdf\" target=\"_blank\" rel=\"noopener noreferrer\">&gt; Communiqu\u00e9 de presse colloque Edmond Michelet (23\/09\/2020)<\/a><\/p>\n<p><a href=\"http:\/\/740jw955i52c.brive.org\/wp-content\/uploads\/2020\/09\/COLLOQUE-MICHELET-2020-PROGRAMME.pdf\" target=\"_blank\" rel=\"noopener noreferrer\">&gt; COLLOQUE-MICHELET-2020-PROGRAMME<\/a><\/p>\n<p><a href=\"http:\/\/740jw955i52c.brive.org\/wp-content\/uploads\/2020\/09\/CP-March\u00e9-Gros-Cana-21-septembre.pdf\" target=\"_blank\" rel=\"noopener noreferrer\">&gt; CP &#8211; March\u00e9 Gros Cana -21 septembre (16\/09\/2020)<\/a><\/p>\n<p><a href=\"http:\/\/740jw955i52c.brive.org\/wp-content\/uploads\/2020\/09\/DP-JEP-2020-Programme-19-et-20-septembre.pdf\" target=\"_blank\" rel=\"noopener noreferrer\">&gt; DP-JEP 2020 Programme 19 et 20 septembre (08\/09\/2020)<\/a><br \/>\n<a href=\"http:\/\/740jw955i52c.brive.org\/wp-content\/uploads\/2020\/08\/CP-subvention-sport-2021-7-sept.pdf\">&gt; CP subvention sport 2021 (07\/09\/2020)<\/a><br \/>\n<a href=\"http:\/\/740jw955i52c.brive.org\/wp-content\/uploads\/2020\/08\/Affiche-Le-sport-dans-ma-ville-2020.pdf\">&gt; Affiche Le sport dans ma ville 2020 (05\/09\/2020)<\/a><br \/>\n<a href=\"http:\/\/740jw955i52c.brive.org\/wp-content\/uploads\/2020\/08\/Dossier-de-presse-Les-enfants-de-la-R\u00e9sistance.pdf\">&gt; Dossier de presse Les enfants de la R\u00e9sistance (03\/09\/2020)<\/a><br \/>\n<a href=\"http:\/\/740jw955i52c.brive.org\/wp-content\/uploads\/2020\/08\/CP-Sport-dans-ma-ville-2020-5-septembre.pdf\" target=\"_blank\" rel=\"noopener noreferrer\">&gt; CP &#8211; Sport dans ma ville 2020 (05\/09\/2020)<\/a><br \/>\n<a href=\"http:\/\/740jw955i52c.brive.org\/wp-content\/uploads\/2020\/09\/CP-Passsport-2020-2021.pdf\" target=\"_blank\" rel=\"noopener noreferrer\">&gt; CP- Pass&#8217;sport 2020-2021 (03\/09\/2020)<\/a><br \/>\n<a href=\"http:\/\/740jw955i52c.brive.org\/wp-content\/uploads\/2020\/09\/CP-conf\u00e9rences-Mus\u00e9e-Labenche-2020-2021.pdf\">&gt; CP conf\u00e9rences Mus\u00e9e Labenche 2020-2021<\/a><br \/>\n<a href=\"http:\/\/740jw955i52c.brive.org\/wp-content\/uploads\/2020\/09\/Visite-des-\u00e9coles-01-09-2020-Monsieur-le-Maire-version-d\u00e9finitive.pdf\" target=\"_blank\" rel=\"noopener noreferrer\">&gt; Visite des \u00e9coles 01 09 2020 Monsieur le Maire (01\/09\/2020)<\/a>[\/vc_column_text][\/vc_tta_section][vc_tta_section title=&#8221;Ao\u00fbt 2020&#8243; tab_id=&#8221;1598254025090-0a7643e9-11ef&#8221;][vc_column_text]&gt; <a href=\"http:\/\/740jw955i52c.brive.org\/wp-content\/uploads\/2020\/08\/CP-r\u00e9ouverture-march\u00e9-salle-Brassens.pdf\"><strong>CP r\u00e9ouverture march\u00e9 salle Brassens (24\/08\/2020)<\/strong><\/a><\/p>\n<p><strong>&gt; <a href=\"http:\/\/740jw955i52c.brive.org\/wp-content\/uploads\/2020\/08\/Affiche_d\u00e9pistage_Brive-24-ao\u00fbt-2020.pdf\">Affiche_d\u00e9pistage_Brive (24\/08\/2020)<\/a><\/strong><br \/>\n<strong>&gt; <a href=\"http:\/\/740jw955i52c.brive.org\/wp-content\/uploads\/2020\/08\/CP_operation_depistage-Brive-24-08-2020.pdf\">CP_operation_depistage &#8211; Brive (24\/08\/2020)<\/a><\/strong><\/p>\n<p><strong>&gt; <a href=\"http:\/\/740jw955i52c.brive.org\/wp-content\/uploads\/2020\/08\/Communiqu\u00e9-de-presse-d\u00e9c\u00e8s-Jean-Santos.pdf\">Communiqu\u00e9 de presse &#8211; d\u00e9c\u00e8s Jean Santos (20\/08\/2020)<\/a><\/strong><br \/>\n<a href=\"http:\/\/740jw955i52c.brive.org\/wp-content\/uploads\/2020\/08\/Jean-Santos.jpg\">Portrait de Jean Santos<\/a><br \/>\n<a href=\"http:\/\/740jw955i52c.brive.org\/wp-content\/uploads\/2020\/08\/A07X7763-scaled.jpg\">Photo de Jean Santos<\/a><\/p>\n<p><strong>&gt; <a href=\"http:\/\/740jw955i52c.brive.org\/wp-content\/uploads\/2020\/08\/CP-march\u00e9-du-15-aout.pdf\">CP march\u00e9 du 15 aout<\/a><\/strong><br \/>\n<strong>&gt; <a href=\"http:\/\/740jw955i52c.brive.org\/wp-content\/uploads\/2020\/08\/CP-76-anniversaire-de-la-lib\u00e9ration-de-Brive.pdf\">CP &#8211; 76 anniversaire de la lib\u00e9ration de Brive (15\/08\/2020)<\/a><\/strong><br \/>\n<strong>&gt; <a href=\"http:\/\/740jw955i52c.brive.org\/wp-content\/uploads\/2020\/08\/CP-Covid-19-Port-du-masque.pdf\">CP &#8211; Covid 19 &#8211; Port du masque (14\/08\/2020)<\/a><\/strong><br \/>\n<strong>&gt; <a href=\"http:\/\/740jw955i52c.brive.org\/wp-content\/uploads\/2020\/08\/CP-D\u00e9marchage-t\u00e9l\u00e9phonique-frauduleux.pdf\">CP -D\u00e9marchage t\u00e9l\u00e9phonique frauduleux (06\/08\/2020)<\/a><\/strong>[\/vc_column_text][\/vc_tta_section][vc_tta_section title=&#8221;Juillet 2020&#8243; tab_id=&#8221;1598253945452-cd337219-08fc&#8221;][vc_column_text]<strong>&gt; <a href=\"http:\/\/740jw955i52c.brive.org\/wp-content\/uploads\/2020\/07\/CP-Salle-Brassens-Ville-de-Brive-17-07-2020.pdf\" target=\"_blank\" rel=\"noopener noreferrer\">CP &#8211; Salle Brassens &#8211; Ville de Brive (17\/07\/2020)<\/a><\/strong><\/p>\n<p><strong>&gt; <a href=\"http:\/\/740jw955i52c.brive.org\/wp-content\/uploads\/2020\/07\/DP-14-juillet-2020-Ville-de-Brive.pdf\" target=\"_blank\" rel=\"noopener noreferrer\">DP 14 juillet 2020 Ville de Brive (10\/07\/2020)<\/a><\/strong><\/p>\n<p><strong>&gt; <a href=\"http:\/\/740jw955i52c.brive.org\/wp-content\/uploads\/2020\/07\/FDL20_CP_President.pdf\" target=\"_blank\" rel=\"noopener noreferrer\">CP &#8211; Foire du Livre 2020 &#8211; Didier Decoin Pr\u00e9sident (07\/07\/2020)<\/a><\/strong><br \/>\n<strong><a href=\"http:\/\/740jw955i52c.brive.org\/wp-content\/uploads\/2020\/07\/Affiche-Foire-du-livre-de-Brive-2020.jpg\"><img decoding=\"async\" loading=\"lazy\" class=\"alignnone size-full wp-image-40533\" src=\"http:\/\/740jw955i52c.brive.org\/wp-content\/uploads\/2020\/06\/icon-jpg.png\" alt=\"\" width=\"96\" height=\"96\" srcset=\"http:\/\/740jw955i52c.brive.org\/wp-content\/uploads\/2020\/06\/icon-jpg.png 96w, http:\/\/740jw955i52c.brive.org\/wp-content\/uploads\/2020\/06\/icon-jpg-60x60.png 60w\" sizes=\"(max-width: 96px) 100vw, 96px\" \/>Affiche de la Foire du Livre 2020 format portrait<\/a><br \/>\n<\/strong><\/p>\n<p><strong><span data-wp-editing=\"1\"><a href=\"http:\/\/740jw955i52c.brive.org\/wp-content\/uploads\/2020\/07\/Foire-du-Livre-de-Brive-2020-paysage.jpg\"><img decoding=\"async\" loading=\"lazy\" class=\"alignnone size-full wp-image-40533\" src=\"http:\/\/740jw955i52c.brive.org\/wp-content\/uploads\/2020\/06\/icon-jpg.png\" alt=\"\" width=\"96\" height=\"96\" srcset=\"http:\/\/740jw955i52c.brive.org\/wp-content\/uploads\/2020\/06\/icon-jpg.png 96w, http:\/\/740jw955i52c.brive.org\/wp-content\/uploads\/2020\/06\/icon-jpg-60x60.png 60w\" sizes=\"(max-width: 96px) 100vw, 96px\" \/>Affiche de la Foire du Livre 2020 format paysage<\/a><br \/>\n<\/span><\/strong><\/p>\n<p><strong>&gt; <a href=\"http:\/\/740jw955i52c.brive.org\/wp-content\/uploads\/2020\/07\/CP-C\u00e9r\u00e9monie-du-14-juillet.pdf\" target=\"_blank\" rel=\"noopener noreferrer\">CP &#8211; C\u00e9r\u00e9monie du 14 juillet (08\/07\/2020)<\/a><\/strong>[\/vc_column_text][\/vc_tta_section][vc_tta_section title=&#8221;Juin 2020&#8243; tab_id=&#8221;1591967299115-5e18bb95-7fe4&#8243;][vc_column_text]<strong><span style=\"color: #da291c\">&gt;<\/span> <a href=\"http:\/\/740jw955i52c.brive.org\/wp-content\/uploads\/2020\/06\/CP-Centre-aquatique-de-Brive.pdf\" target=\"_blank\" rel=\"noopener noreferrer\">CP &#8211; Centre aquatique de Brive (30\/06\/2020)<\/a><\/strong><br \/>\n<strong><span style=\"color: #da291c\">&gt;<\/span> <a href=\"http:\/\/740jw955i52c.brive.org\/wp-content\/uploads\/2020\/06\/Communiqu\u00e9-de-presse-travaux-r\u00e9seau-de-chaleur-1.pdf\" target=\"_blank\" rel=\"noopener noreferrer\">Communiqu\u00e9 de presse travaux r\u00e9seau de chaleur (29\/06\/2020)<\/a><\/strong><\/p>\n<p><strong><span style=\"color: #da291c\"><a href=\"http:\/\/740jw955i52c.brive.org\/wp-content\/uploads\/2020\/06\/Travaux-1.jpg\" target=\"_blank\" rel=\"noopener noreferrer\"><img decoding=\"async\" loading=\"lazy\" class=\"alignnone wp-image-40725 size-thumbnail\" src=\"http:\/\/740jw955i52c.brive.org\/wp-content\/uploads\/2020\/06\/Travaux-1-200x143.jpg\" alt=\"\" width=\"200\" height=\"143\" srcset=\"http:\/\/740jw955i52c.brive.org\/wp-content\/uploads\/2020\/06\/Travaux-1-200x143.jpg 200w, http:\/\/740jw955i52c.brive.org\/wp-content\/uploads\/2020\/06\/Travaux-1-300x214.jpg 300w, http:\/\/740jw955i52c.brive.org\/wp-content\/uploads\/2020\/06\/Travaux-1-750x536.jpg 750w, http:\/\/740jw955i52c.brive.org\/wp-content\/uploads\/2020\/06\/Travaux-1-600x429.jpg 600w, http:\/\/740jw955i52c.brive.org\/wp-content\/uploads\/2020\/06\/Travaux-1-1536x1097.jpg 1536w, http:\/\/740jw955i52c.brive.org\/wp-content\/uploads\/2020\/06\/Travaux-1-2048x1463.jpg 2048w, http:\/\/740jw955i52c.brive.org\/wp-content\/uploads\/2020\/06\/Travaux-1-916x654.jpg 916w, http:\/\/740jw955i52c.brive.org\/wp-content\/uploads\/2020\/06\/Travaux-1-590x422.jpg 590w, http:\/\/740jw955i52c.brive.org\/wp-content\/uploads\/2020\/06\/Travaux-1-363x259.jpg 363w\" sizes=\"(max-width: 200px) 100vw, 200px\" \/><\/a><\/span><\/strong><\/p>\n<p><strong><span style=\"color: #da291c\"><a href=\"http:\/\/740jw955i52c.brive.org\/wp-content\/uploads\/2020\/06\/Travaux-2.jpg\" target=\"_blank\" rel=\"noopener noreferrer\"><img decoding=\"async\" loading=\"lazy\" class=\"alignnone wp-image-40726 size-thumbnail\" src=\"http:\/\/740jw955i52c.brive.org\/wp-content\/uploads\/2020\/06\/Travaux-2-200x143.jpg\" alt=\"\" width=\"200\" height=\"143\" srcset=\"http:\/\/740jw955i52c.brive.org\/wp-content\/uploads\/2020\/06\/Travaux-2-200x143.jpg 200w, http:\/\/740jw955i52c.brive.org\/wp-content\/uploads\/2020\/06\/Travaux-2-300x214.jpg 300w, http:\/\/740jw955i52c.brive.org\/wp-content\/uploads\/2020\/06\/Travaux-2-750x536.jpg 750w, http:\/\/740jw955i52c.brive.org\/wp-content\/uploads\/2020\/06\/Travaux-2-600x429.jpg 600w, http:\/\/740jw955i52c.brive.org\/wp-content\/uploads\/2020\/06\/Travaux-2-1536x1097.jpg 1536w, http:\/\/740jw955i52c.brive.org\/wp-content\/uploads\/2020\/06\/Travaux-2-2048x1463.jpg 2048w, http:\/\/740jw955i52c.brive.org\/wp-content\/uploads\/2020\/06\/Travaux-2-916x654.jpg 916w, http:\/\/740jw955i52c.brive.org\/wp-content\/uploads\/2020\/06\/Travaux-2-590x422.jpg 590w, http:\/\/740jw955i52c.brive.org\/wp-content\/uploads\/2020\/06\/Travaux-2-363x259.jpg 363w\" sizes=\"(max-width: 200px) 100vw, 200px\" \/><\/a><\/span><\/strong><\/p>\n<p><strong><span style=\"color: #da291c\"><a href=\"http:\/\/740jw955i52c.brive.org\/wp-content\/uploads\/2020\/06\/Travaux-3.jpg\" target=\"_blank\" rel=\"noopener noreferrer\"><img decoding=\"async\" loading=\"lazy\" class=\"alignnone wp-image-40727 size-thumbnail\" src=\"http:\/\/740jw955i52c.brive.org\/wp-content\/uploads\/2020\/06\/Travaux-3-200x143.jpg\" alt=\"\" width=\"200\" height=\"143\" srcset=\"http:\/\/740jw955i52c.brive.org\/wp-content\/uploads\/2020\/06\/Travaux-3-200x143.jpg 200w, http:\/\/740jw955i52c.brive.org\/wp-content\/uploads\/2020\/06\/Travaux-3-300x214.jpg 300w, http:\/\/740jw955i52c.brive.org\/wp-content\/uploads\/2020\/06\/Travaux-3-750x536.jpg 750w, http:\/\/740jw955i52c.brive.org\/wp-content\/uploads\/2020\/06\/Travaux-3-600x429.jpg 600w, http:\/\/740jw955i52c.brive.org\/wp-content\/uploads\/2020\/06\/Travaux-3-1536x1097.jpg 1536w, http:\/\/740jw955i52c.brive.org\/wp-content\/uploads\/2020\/06\/Travaux-3-2048x1463.jpg 2048w, http:\/\/740jw955i52c.brive.org\/wp-content\/uploads\/2020\/06\/Travaux-3-916x654.jpg 916w, http:\/\/740jw955i52c.brive.org\/wp-content\/uploads\/2020\/06\/Travaux-3-590x422.jpg 590w, http:\/\/740jw955i52c.brive.org\/wp-content\/uploads\/2020\/06\/Travaux-3-363x259.jpg 363w\" sizes=\"(max-width: 200px) 100vw, 200px\" \/><\/a><\/span><\/strong><\/p>\n<p><strong><span style=\"color: #da291c\">&gt;<\/span> <a href=\"http:\/\/740jw955i52c.brive.org\/wp-content\/uploads\/2020\/06\/Commniqu\u00e9-de-presse-exposition-Julien-Beneyton.pdf\" target=\"_blank\" rel=\"noopener noreferrer\">CP Exposition Julien Beneyton Chapelle Saint-Lib\u00e9ral (24\/06\/2020)<\/a><\/strong><\/p>\n<p data-wp-editing=\"1\"><a href=\"http:\/\/740jw955i52c.brive.org\/wp-content\/uploads\/2020\/06\/Affiche-Beneyton-d\u00e9finitive-2020-1-scaled.jpg\"><img decoding=\"async\" loading=\"lazy\" class=\"alignnone size-full wp-image-40533\" src=\"http:\/\/740jw955i52c.brive.org\/wp-content\/uploads\/2020\/06\/icon-jpg.png\" alt=\"\" width=\"96\" height=\"96\" srcset=\"http:\/\/740jw955i52c.brive.org\/wp-content\/uploads\/2020\/06\/icon-jpg.png 96w, http:\/\/740jw955i52c.brive.org\/wp-content\/uploads\/2020\/06\/icon-jpg-60x60.png 60w\" sizes=\"(max-width: 96px) 100vw, 96px\" \/>Affiche de l&#8217;expo<\/a><\/p>\n<p data-wp-editing=\"1\"><strong><span style=\"color: #da291c\">&gt;<\/span> <a href=\"http:\/\/740jw955i52c.brive.org\/wp-content\/uploads\/2020\/06\/Commniqu\u00e9-de-presse-exposition-nudsus-et-molas-du-Panama-Mus\u00e9e-Labenche.pdf\" target=\"_blank\" rel=\"noopener noreferrer\">CP Exposition nudsus et molas du Panama Mus\u00e9e Labenche (24\/06\/2020)<\/a><\/strong><\/p>\n<p data-wp-editing=\"1\"><a href=\"http:\/\/740jw955i52c.brive.org\/wp-content\/uploads\/2020\/06\/affiche-Nudsus-d\u00e9finitive-2020-1-scaled.jpg\"><img decoding=\"async\" loading=\"lazy\" class=\"alignnone size-full wp-image-40533\" src=\"http:\/\/740jw955i52c.brive.org\/wp-content\/uploads\/2020\/06\/icon-jpg.png\" alt=\"\" width=\"96\" height=\"96\" srcset=\"http:\/\/740jw955i52c.brive.org\/wp-content\/uploads\/2020\/06\/icon-jpg.png 96w, http:\/\/740jw955i52c.brive.org\/wp-content\/uploads\/2020\/06\/icon-jpg-60x60.png 60w\" sizes=\"(max-width: 96px) 100vw, 96px\" \/>Affiche de l&#8217;expo<\/a><\/p>\n<p data-wp-editing=\"1\"><strong><span style=\"color: #da291c\">&gt;<\/span> <a href=\"http:\/\/740jw955i52c.brive.org\/wp-content\/uploads\/2020\/06\/Communiqu\u00e9-de-presse-travaux-r\u00e9seau-de-chaleur.pdf\" target=\"_blank\" rel=\"noopener noreferrer\">Communiqu\u00e9 de presse travaux r\u00e9seau de chaleur (23\/06\/2020)<\/a><\/strong><\/p>\n<p><strong><span style=\"color: #da291c\">&gt;<\/span> <a href=\"http:\/\/740jw955i52c.brive.org\/wp-content\/uploads\/2020\/06\/DP_FCB_Aout2020.pdf\" target=\"_blank\" rel=\"noopener noreferrer\">DP du 23\u00e9me Festival du Cin\u00e9ma de Brive (23\/06\/2020)<\/a><\/strong><\/p>\n<p><strong><span style=\"color: #da291c\">&gt;<\/span> <a href=\"http:\/\/740jw955i52c.brive.org\/wp-content\/uploads\/2020\/06\/CP-concert-sur-le-pouce-du-25-juin.pdf\">CP concert sur le pouce du 25 juin<\/a><\/strong><br \/>\n<strong><span style=\"color: #da291c\">&gt;<\/span> <a href=\"http:\/\/740jw955i52c.brive.org\/wp-content\/uploads\/2020\/06\/CP-Report-de-l\u2019ouverture-du-centre-aquatique-1.pdf\" target=\"_blank\" rel=\"noopener noreferrer\">CP- Report de l\u2019ouverture du centre aquatique (19\/06\/2020)<\/a><\/strong><br \/>\n<strong><span style=\"color: #da291c\">&gt;<\/span> <a href=\"http:\/\/740jw955i52c.brive.org\/wp-content\/uploads\/2020\/06\/2020-CP-Vigilance-plan-canicule.pdf\" target=\"_blank\" rel=\"noopener noreferrer\">2020 &#8211; CP Vigilance plan canicule (18\/06\/2020)<\/a><\/strong><br \/>\n<strong><span style=\"color: #da291c\">&gt;<\/span> <a href=\"http:\/\/740jw955i52c.brive.org\/wp-content\/uploads\/2020\/06\/CP-\u00c9t\u00e9-sportif-pour-les-enfants-et-ados-1.pdf\">CP \u00c9t\u00e9 sportif pour les enfants et ados (15\/06\/2020)<\/a><\/strong><br \/>\n<strong><span style=\"color: #da291c\">&gt;<\/span> <a href=\"http:\/\/740jw955i52c.brive.org\/wp-content\/uploads\/2020\/06\/CP-concert-sur-le-pouce-18-juin.pdf\" target=\"_blank\" rel=\"noopener noreferrer\">Les concerts sur le pouce s\u2019adaptent jeudi 18 juin \u00e0 12h30 via la chaine Youtube (15\/06\/2020)<\/a><\/strong><br \/>\n<strong><span style=\"color: #da291c\">&gt;<\/span> <a href=\"http:\/\/740jw955i52c.brive.org\/wp-content\/uploads\/2020\/06\/CP-Participation-au-Prix-des-lecteurs-FDL.pdf\" target=\"_blank\" rel=\"noopener noreferrer\">Participez au Jury du prix des lecteurs de la Ville de Brive (03\/06\/2020)<\/a> <\/strong>[\/vc_column_text][\/vc_tta_section][vc_tta_section title=&#8221;Mai 2020&#8243; tab_id=&#8221;1591967299137-04e90b2b-2586&#8243;][vc_column_text]<strong><span style=\"color: #da291c\">&gt;<\/span> <a href=\"http:\/\/740jw955i52c.brive.org\/wp-content\/uploads\/2020\/06\/CP-Le-r\u00e9seau-public-de-lecture-se-met-au-drive.pdf\">Le r\u00e9seau public de lecture se met au drive (27\/05\/2020)<\/a><\/strong><br \/>\n<strong><span style=\"color: #da291c\">&gt;<\/span> <a href=\"http:\/\/740jw955i52c.brive.org\/wp-content\/uploads\/2020\/06\/CP-Reprise-des-\u00e9coles-municipale-de-sport-25-mai.pdf\">Reprise des \u00e9coles municipale de sport -25 mai (20\/05\/2020)<\/a><\/strong><br \/>\n<strong><span style=\"color: #da291c\">&gt;<\/span> <a href=\"http:\/\/740jw955i52c.brive.org\/wp-content\/uploads\/2020\/06\/CP-march\u00e9-du-21-mai.pdf\">March\u00e9 du jeudi de l&#8217;ascension Halle Brassens (20\/05\/2020)<\/a><\/strong><br \/>\n<strong><span style=\"color: #da291c\">&gt;<\/span> <a href=\"http:\/\/740jw955i52c.brive.org\/wp-content\/uploads\/2020\/06\/CP-Reprise-\u00e9conomique-Brive-et-son-Agglo-14-05.pdf\">Plan de Soutien \u00e0 l\u2019\u00c9conomie et aux Entrepreneurs du Bassin de Brive (14\/05\/2020)<\/a><\/strong><br \/>\n<strong><span style=\"color: #da291c\">&gt;<\/span> <a href=\"http:\/\/740jw955i52c.brive.org\/wp-content\/uploads\/2020\/06\/CP-March\u00e9-de-Brive-13-05-2020.pdf\" target=\"_blank\" rel=\"noopener noreferrer\">R\u00e9ouverture de l\u2019ensemble des march\u00e9s de Brive (13\/05\/2020)<\/a><\/strong><br \/>\n<strong><span style=\"color: #da291c\">&gt;<\/span> <a href=\"http:\/\/740jw955i52c.brive.org\/wp-content\/uploads\/2020\/06\/Communiqu\u00e9-de-presse-07-05-2020.pdf\">Lev\u00e9e du confinement service par service (07\/05\/2020)<\/a>\u00a0<\/strong>[\/vc_column_text][\/vc_tta_section][vc_tta_section title=&#8221;Avril 2020&#8243; tab_id=&#8221;1592207160623-b338ace8-72d8&#8243;][vc_column_text]<strong><span style=\"color: #da291c\">&gt;<\/span> <a href=\"http:\/\/740jw955i52c.brive.org\/wp-content\/uploads\/2020\/06\/CP-CEREMONIE.docx\" target=\"_blank\" rel=\"noopener noreferrer\">Journ\u00e9e nationale d&#8217;hommage du souvenir des victimes et des h\u00e9ros de la d\u00e9portation (26\/04\/2020)<\/a><br \/>\n<strong><span style=\"color: #da291c\">&gt;<\/span> <a href=\"http:\/\/740jw955i52c.brive.org\/wp-content\/uploads\/2020\/06\/CP-21-04-2020.docx\">La lev\u00e9e progressive du confinement \u00e0 partir du 11 mai (21\/04\/2020)<\/a><\/strong><\/strong><br \/>\n<strong><span style=\"color: #da291c\">&gt;<\/span> <a href=\"http:\/\/740jw955i52c.brive.org\/wp-content\/uploads\/2020\/06\/CP-06-04-2020.pdf\">Distribution de gel hydro-alcoolique aux personnels de sant\u00e9 lib\u00e9raux (06\/04\/2020)<\/a><\/strong>[\/vc_column_text][\/vc_tta_section][vc_tta_section title=&#8221;Mars 2020&#8243; tab_id=&#8221;1592229879192-0813ebb1-afda&#8221;][vc_column_text]<strong><span style=\"color: #da291c\">&gt;<\/span> <a href=\"http:\/\/740jw955i52c.brive.org\/wp-content\/uploads\/2020\/06\/CP-Cin\u00e9-Th\u00e9-27-mars.pdf\">CP Cin\u00e9 Th\u00e9 -27 mars : projection du film &#8220;La bonne \u00e9pouse&#8221; (27\/03\/2020)<\/a><\/strong><br \/>\n<strong><span style=\"color: #da291c\">&gt;<\/span> <a href=\"http:\/\/740jw955i52c.brive.org\/wp-content\/uploads\/2020\/06\/CP-c\u00e9r\u00e9monie-du-19-mars-2020.pdf\">CP c\u00e9r\u00e9monie du 19 mars 2020 (19\/03\/2020)<\/a><\/strong><br \/>\n<strong><span style=\"color: #da291c\">&gt;<\/span> <a href=\"http:\/\/740jw955i52c.brive.org\/wp-content\/uploads\/2020\/06\/CP-Animation-ann\u00e9e-80-\u00e0-la-Patinoire-8-mars.pdf\">CP- Animation ann\u00e9e 80 \u00e0 la Patinoire (08\/03\/2020)<\/a><\/strong><br \/>\n<strong><span style=\"color: #da291c\">&gt;<\/span> <a href=\"http:\/\/740jw955i52c.brive.org\/wp-content\/uploads\/2020\/06\/CP-Exposition-CMAP-V.MOINS-J.-VILLATTE.pdf\">CP- Exposition CMAP V.MOINS J. VILLATTE (13\/03\/2020)<\/a><\/strong><br \/>\n<strong><span style=\"color: #da291c\">&gt;<\/span> <a href=\"http:\/\/740jw955i52c.brive.org\/wp-content\/uploads\/2020\/06\/CP-D\u00e9lai-dinstruction-CNI-et-Passeports.pdf\">CP &#8211; D\u00e9lai d&#8217;instruction CNI et Passeports<\/a><\/strong><br \/>\n<strong><span style=\"color: #da291c\">&gt;<\/span> <a href=\"http:\/\/740jw955i52c.brive.org\/index.php\/espace-presse\/\" target=\"_blank\" rel=\"noopener noreferrer\">CP Coronavirus \u00e9lections municipales (10\/03\/2020)<\/a><\/strong>[\/vc_column_text][\/vc_tta_section][vc_tta_section title=&#8221;F\u00e9vrier 2020&#8243; tab_id=&#8221;1592230599897-750abd9d-f3d7&#8243;][vc_column_text]<\/p>\n<blockquote><p><strong> <a href=\"http:\/\/740jw955i52c.brive.org\/wp-content\/uploads\/2020\/06\/CP-visites-insolites-27-02-2020.pdf\" target=\"_blank\" rel=\"noopener noreferrer\">CP visites insolites (27\/02\/2020)<\/a><\/strong><br \/>\n<strong><span style=\"color: #da291c\">&gt;<\/span> <a href=\"http:\/\/740jw955i52c.brive.org\/wp-content\/uploads\/2020\/06\/CP-Chaufferie-biomasse.pdf\" target=\"_blank\" rel=\"noopener noreferrer\">La Chaufferie Biomasse de Brive entame ses phases d\u2019essais (20\/02\/2020)<\/a><\/strong><br \/>\n<strong><span style=\"color: #da291c\">&gt;<\/span> <a href=\"http:\/\/740jw955i52c.brive.org\/wp-content\/uploads\/2020\/06\/CP-D\u00e9lai-dinstruction-CNI-et-Passeports-1.pdf\" target=\"_blank\" rel=\"noopener noreferrer\">Allongement du d\u00e9lai d\u2019instruction des passeports et cartes d\u2019identit\u00e9 (18\/02\/2020)<\/a> <\/strong><br \/>\n<strong><span style=\"color: #da291c\">&gt;<\/span> <a href=\"http:\/\/740jw955i52c.brive.org\/wp-content\/uploads\/2020\/06\/CP-centre-m\u00e9dico-sportif.pdf\" target=\"_blank\" rel=\"noopener noreferrer\">Centre M\u00e9dico Sportif Maison municipale des Sports (12\/02\/2020)<\/a> <\/strong><br \/>\n<strong><span style=\"color: #da291c\">&gt;<\/span> <a href=\"http:\/\/740jw955i52c.brive.org\/wp-content\/uploads\/2020\/06\/CP-Activit\u00e9s-Piscine.pdf\" target=\"_blank\" rel=\"noopener noreferrer\">Vacances d\u2019hiver \u00e0 la Pisc!ne : Inscriptions d\u00e8s jeudi 13 f\u00e9vrier (07\/02\/2020)<\/a><\/strong><br \/>\n<strong><span style=\"color: #da291c\">&gt;<\/span> <a href=\"http:\/\/740jw955i52c.brive.org\/wp-content\/uploads\/2020\/06\/CP-Mercredis-de-Michelet-19-FEV.pdf\">CP Mercredis de Michelet -19 FEV (06\/02\/2020)<\/a><\/strong><br \/>\n<strong><span style=\"color: #da291c\">&gt;<\/span> <a href=\"http:\/\/740jw955i52c.brive.org\/wp-content\/uploads\/2020\/06\/CP-Taille-des-rosiers-25-et-26-fev.pdf\">CP &#8211; Taille des rosiers &#8211; 25 et 26 fev<\/a><\/strong><br \/>\n<strong><span style=\"color: #da291c\">&gt;<\/span> <a href=\"http:\/\/740jw955i52c.brive.org\/wp-content\/uploads\/2021\/01\/CP-Conf\u00e9rence-musicale-de-S\u00e9bastien-FARGE-8-f\u00e9v.pdf\" target=\"_blank\" rel=\"noopener noreferrer\">CP- Conf\u00e9rence musicale de S\u00e9bastien FARGE -8 f\u00e9v<\/a><\/strong><br \/>\n<strong><span style=\"color: #da291c\">&gt;<\/span> <a href=\"http:\/\/740jw955i52c.brive.org\/wp-content\/uploads\/2020\/06\/CP-Exposition-tralalart-jusquau-21-f\u00e9vrier..pdf\">CP &#8211; Exposition tralal&#8217;art &#8211; jusqu&#8217;au 21 f\u00e9vrier (04\/02\/2020)<\/a><\/strong>[\/vc_column_text][\/vc_tta_section][vc_tta_section title=&#8221;Janvier 2020&#8243; tab_id=&#8221;1592231832822-affeb3bd-7e09&#8243;][vc_column_text]<strong><span style=\"color: #da291c\">&gt;<\/span> <a href=\"http:\/\/740jw955i52c.brive.org\/wp-content\/uploads\/2020\/06\/C-P-Th\u00e9-dansant-20-f\u00e9vrier.pdf\">CP &#8211; Th\u00e9 dansant &#8211; 20 f\u00e9vrierr (31\/01\/2020)<\/a><\/strong><br \/>\n<strong><span style=\"color: #da291c\">&gt;<\/span> <a href=\"http:\/\/740jw955i52c.brive.org\/wp-content\/uploads\/2020\/06\/CP-Conf\u00e9rence-musicale-de-S\u00e9bastien-FARGE-8-f\u00e9v.pdf\">CP &#8211; Conf\u00e9rence musicale de S\u00e9bastien FARGE -8 f\u00e9v (28\/01\/2020)<\/a><\/strong><br \/>\n<strong><span style=\"color: #da291c\">&gt;<\/span> <a href=\"http:\/\/740jw955i52c.brive.org\/wp-content\/uploads\/2020\/06\/CDP-24h-chrono-2020.pdf\">CP &#8211; 24h chrono 20200 (22\/01\/2020)<\/a><br \/>\n<strong><span style=\"color: #da291c\">&gt;<\/span> <a href=\"http:\/\/740jw955i52c.brive.org\/wp-content\/uploads\/2020\/06\/CP-Service-minimum-d\u2019accueil-24-janvier.pdf\">CP &#8211; Service minimum d\u2019accueil &#8211; 24 janvier (22\/01\/2020)<\/a><\/strong><br \/>\n<strong><span style=\"color: #da291c\">&gt;<\/span> <a href=\"http:\/\/740jw955i52c.brive.org\/wp-content\/uploads\/2020\/06\/CP-Exposition-tralalart-27-janvier.pdf\">CP &#8211; Exposition tralal&#8217;art &#8211; 27 janvier (16\/01\/2020)<\/a><br \/>\n<strong><span style=\"color: #da291c\">&gt;<\/span> <a href=\"http:\/\/740jw955i52c.brive.org\/wp-content\/uploads\/2020\/06\/CP-Mercredis-de-Michelet-22-janvier.pdf\">CP &#8211; Mercredis de Michelet &#8211; 22 janvier (15\/01\/2020)<\/a><\/strong><br \/>\n<strong><span style=\"color: #da291c\">&gt;<\/span> <a href=\"http:\/\/740jw955i52c.brive.org\/wp-content\/uploads\/2020\/06\/CP-Seniors-en-f\u00eate-14-et-15-janvier-2020.pdf\">CP &#8211; Seniors en f\u00eate 14 et 15 janvier 2020 (10\/01\/2020)<\/a><\/strong><br \/>\n<strong><span style=\"color: #da291c\">&gt;<\/span> <a href=\"http:\/\/740jw955i52c.brive.org\/wp-content\/uploads\/2020\/06\/CP-Service-minimum-d\u2019accueil-9-janvier.pdf\">CP &#8211; Service minimum d\u2019accueil &#8211; 9 janvier (06\/01\/2020)<\/a><\/strong><br \/>\n<strong><span style=\"color: #da291c\">&gt;<\/span> <a href=\"http:\/\/740jw955i52c.brive.org\/wp-content\/uploads\/2020\/06\/CP-Temp\u00eate-de-neige-s-5-janvier.pdf\">CP &#8211; Temp\u00eate de neige s &#8211; 5 janvier (05\/01\/2020)<\/a><\/strong><\/strong><\/strong>[\/vc_column_text][\/vc_tta_section][vc_tta_section title=&#8221;D\u00e9cembre 2019&#8243; tab_id=&#8221;1611649386529-46f209f4-0d87&#8243;][vc_column_text]<a href=\"http:\/\/740jw955i52c.brive.org\/wp-content\/uploads\/2021\/01\/CP-Concert-sur-le-pouce-du-5-d\u00e9cembre-2019.docx\">CP &#8211; Concert sur le pouce du 5 d\u00e9cembre 2019<\/a>[\/vc_column_text][\/vc_tta_section][vc_tta_section title=&#8221;Novembre 2019&#8243; tab_id=&#8221;1611647347871-da25603b-c024&#8243;][vc_column_text]<strong><span style=\"color: #da291c\">&gt;<\/span> <a href=\"http:\/\/740jw955i52c.brive.org\/wp-content\/uploads\/2021\/01\/Flyer-Conf\u00e9rence-Selosse.pdf\">Flyer Conf\u00e9rence Selosse<\/a><\/strong><br \/>\n<strong><span style=\"color: #da291c\">&gt;<\/span> <a href=\"http:\/\/740jw955i52c.brive.org\/wp-content\/uploads\/2021\/01\/40X60-EXPO-MARCIANO.pdf\">40X60 EXPO MARCIANO<\/a><\/strong><br \/>\n<strong><span style=\"color: #da291c\">&gt;<\/span> <a href=\"http:\/\/740jw955i52c.brive.org\/wp-content\/uploads\/2021\/01\/INVITATION-EXPO-MARCIANO.pdf\">INVITATION EXPO MARCIANO<\/a><\/strong><br \/>\n<strong><span style=\"color: #da291c\">&gt;<\/span> <a href=\"http:\/\/740jw955i52c.brive.org\/wp-content\/uploads\/2021\/01\/40X60-EXPO-OISEAUX.pdf\">40X60 EXPO OISEAUX<\/a><br \/>\n<strong><span style=\"color: #da291c\">&gt;<\/span> <a href=\"http:\/\/740jw955i52c.brive.org\/wp-content\/uploads\/2021\/01\/CARTE-INVITATION-EXPO-OISEAUX.pdf\">CARTE INVITATION EXPO OISEAUX<\/a><br \/>\n<strong><span style=\"color: #da291c\">&gt;<\/span> <a href=\"http:\/\/740jw955i52c.brive.org\/wp-content\/uploads\/2021\/01\/DP-exposition-Les-oiseaux-sortent-de-leur-r\u00e9serve-mus\u00e9e-Labenche-2019.pdf\">DP exposition Les oiseaux sortent de leur r\u00e9serve mus\u00e9e Labenche 2019<\/a><\/strong><\/strong><\/strong>[\/vc_column_text][\/vc_tta_section][\/vc_tta_accordion][vc_text_separator title=&#8221;Conseils municipaux&#8221;][vc_column_text]<span style=\"color: #000000\"><img decoding=\"async\" loading=\"lazy\" class=\"alignnone wp-image-40706 size-theme-tiny-square\" src=\"http:\/\/740jw955i52c.brive.org\/wp-content\/uploads\/2020\/06\/icon-conseil-municipal-60x60.png\" alt=\"\" width=\"60\" height=\"60\" srcset=\"http:\/\/740jw955i52c.brive.org\/wp-content\/uploads\/2020\/06\/icon-conseil-municipal-60x60.png 60w, http:\/\/740jw955i52c.brive.org\/wp-content\/uploads\/2020\/06\/icon-conseil-municipal.png 96w\" sizes=\"(max-width: 60px) 100vw, 60px\" \/> Un espace est d\u00e9di\u00e9 aux <strong><a href=\"http:\/\/740jw955i52c.brive.org\/index.php\/mairie\/conseil-municipal\/\">conseils municipaux<\/a><\/strong>. Il vous permet de connaitre les prochaines dates des conseils municipaux, de t\u00e9l\u00e9charger le dossier des <strong><a href=\"http:\/\/740jw955i52c.brive.org\/index.php\/mairie\/conseil-municipal\/les-deliberations\/\">s\u00e9ances et d\u00e9lib\u00e9rations<\/a><\/strong>, de consulter les archives pdf et <strong><a href=\"http:\/\/740jw955i52c.brive.org\/index.php\/mairie\/conseil-municipal\/conseil-en-video\/\">vid\u00e9o<\/a><\/strong> \u25b6 <a href=\"http:\/\/740jw955i52c.brive.org\/index.php\/mairie\/conseil-municipal\/\"><strong>http:\/\/740jw955i52c.brive.org\/index.php\/mairie\/conseil-municipal\/<\/strong><\/a><br \/>\n<\/span>[\/vc_column_text][vc_text_separator title=&#8221;Autorisation de tournage&#8221;][vc_column_text]<\/p>\n<p style=\"text-align: justify\"><img decoding=\"async\" loading=\"lazy\" class=\"size-full wp-image-40543 alignright\" src=\"http:\/\/740jw955i52c.brive.org\/wp-content\/uploads\/2020\/06\/Reportage-Brive.jpg\" alt=\"\" width=\"450\" height=\"300\" srcset=\"http:\/\/740jw955i52c.brive.org\/wp-content\/uploads\/2020\/06\/Reportage-Brive.jpg 450w, http:\/\/740jw955i52c.brive.org\/wp-content\/uploads\/2020\/06\/Reportage-Brive-300x200.jpg 300w, http:\/\/740jw955i52c.brive.org\/wp-content\/uploads\/2020\/06\/Reportage-Brive-200x133.jpg 200w, http:\/\/740jw955i52c.brive.org\/wp-content\/uploads\/2020\/06\/Reportage-Brive-363x242.jpg 363w\" sizes=\"(max-width: 450px) 100vw, 450px\" \/>Vous envisagez de r\u00e9aliser un <strong>reportage\/tournage\/prise de vues<\/strong> sur la ville de Brive\u00a0 ou son Agglom\u00e9ration ? Nous vous remercions de l&#8217;int\u00e9r\u00eat que vous portez \u00e0 notre ville et son territoire.<\/p>\n<p style=\"text-align: justify\">Pensez \u00e0 faire une <strong>demande d&#8217;autorisation<\/strong>. Pour faciliter le bon d\u00e9roulement de votre venue, il est n\u00e9cessaire de faire votre demande aupr\u00e8s de nos services :<\/p>\n<p style=\"text-align: justify\"><strong><img decoding=\"async\" loading=\"lazy\" class=\"alignnone wp-image-40588\" src=\"http:\/\/740jw955i52c.brive.org\/wp-content\/uploads\/2020\/06\/icon-mail-60x60.png\" alt=\"\" width=\"32\" height=\"32\" srcset=\"http:\/\/740jw955i52c.brive.org\/wp-content\/uploads\/2020\/06\/icon-mail-60x60.png 60w, http:\/\/740jw955i52c.brive.org\/wp-content\/uploads\/2020\/06\/icon-mail.png 96w\" sizes=\"(max-width: 32px) 100vw, 32px\" \/>\u00a0 <a href=\"mailto:coraline.santos-combezou@agglodebrive.fr\">coraline.santos-combezou@agglodebrive.fr<\/a><\/strong><\/p>\n<p>&#8230; Et n&#8217;oubliez pas de partager vos diffusions avec nous ;-)[\/vc_column_text][\/vc_column][\/vc_row][vc_row][vc_column][vc_text_separator title=&#8221;Suivez-nous sur les r\u00e9seaux sociaux&#8221;][\/vc_column][\/vc_row][vc_row][vc_column width=&#8221;1\/2&#8243;][vc_cta h2=&#8221;R\u00e9seaux sociaux :&#8221; h4_font_container=&#8221;color:%23da291c&#8221; h4_use_theme_fonts=&#8221;yes&#8221; use_custom_fonts_h4=&#8221;true&#8221;]<img decoding=\"async\" loading=\"lazy\" class=\"alignnone wp-image-44311\" src=\"http:\/\/740jw955i52c.brive.org\/wp-content\/uploads\/2021\/09\/icons-Twitter-Ville-de-Brive-Rouge.png\" alt=\"\" width=\"50\" height=\"50\" srcset=\"http:\/\/740jw955i52c.brive.org\/wp-content\/uploads\/2021\/09\/icons-Twitter-Ville-de-Brive-Rouge.png 138w, http:\/\/740jw955i52c.brive.org\/wp-content\/uploads\/2021\/09\/icons-Twitter-Ville-de-Brive-Rouge-60x60.png 60w\" sizes=\"(max-width: 50px) 100vw, 50px\" \/>\u00a0 <span style=\"color: #da291c\"><strong>\u25b6<\/strong><\/span> Notre compte Twitter : <strong><a href=\"https:\/\/twitter.com\/villedebrive\" target=\"_blank\" rel=\"noopener noreferrer\">@villedebrive<\/a><\/strong><\/p>\n<p><img decoding=\"async\" loading=\"lazy\" class=\"alignnone wp-image-44312\" src=\"http:\/\/740jw955i52c.brive.org\/wp-content\/uploads\/2021\/09\/icons-facebook-Ville-de-Brive-Rouge.png\" alt=\"\" width=\"50\" height=\"50\" srcset=\"http:\/\/740jw955i52c.brive.org\/wp-content\/uploads\/2021\/09\/icons-facebook-Ville-de-Brive-Rouge.png 138w, http:\/\/740jw955i52c.brive.org\/wp-content\/uploads\/2021\/09\/icons-facebook-Ville-de-Brive-Rouge-60x60.png 60w\" sizes=\"(max-width: 50px) 100vw, 50px\" \/>\u00a0 <span style=\"color: #da291c\"><strong>\u25b6<\/strong><\/span> Notre page Facebook : <strong><a href=\"https:\/\/www.facebook.com\/ville2brive\/\" target=\"_blank\" rel=\"noopener noreferrer\">@ville2brive<\/a><\/strong><\/p>\n<p><img decoding=\"async\" loading=\"lazy\" class=\"alignnone wp-image-44313\" src=\"http:\/\/740jw955i52c.brive.org\/wp-content\/uploads\/2021\/09\/icons-instagram-Ville-de-Brive-Rouge.png\" alt=\"\" width=\"50\" height=\"50\" srcset=\"http:\/\/740jw955i52c.brive.org\/wp-content\/uploads\/2021\/09\/icons-instagram-Ville-de-Brive-Rouge.png 138w, http:\/\/740jw955i52c.brive.org\/wp-content\/uploads\/2021\/09\/icons-instagram-Ville-de-Brive-Rouge-60x60.png 60w\" sizes=\"(max-width: 50px) 100vw, 50px\" \/>\u00a0<span style=\"color: #da291c\"><strong>\u25b6<\/strong><\/span> Notre galerie Instagram : <strong><a href=\"https:\/\/www.instagram.com\/ville2brive\/\" target=\"_blank\" rel=\"noopener noreferrer\">@ville2brive<\/a><\/strong><\/p>\n<p><img decoding=\"async\" loading=\"lazy\" class=\"alignnone wp-image-44315\" src=\"http:\/\/740jw955i52c.brive.org\/wp-content\/uploads\/2021\/09\/icons-YouTube-Ville-de-Brive-Rouge.png\" alt=\"\" width=\"50\" height=\"50\" srcset=\"http:\/\/740jw955i52c.brive.org\/wp-content\/uploads\/2021\/09\/icons-YouTube-Ville-de-Brive-Rouge.png 138w, http:\/\/740jw955i52c.brive.org\/wp-content\/uploads\/2021\/09\/icons-YouTube-Ville-de-Brive-Rouge-60x60.png 60w\" sizes=\"(max-width: 50px) 100vw, 50px\" \/>\u00a0<span style=\"color: #da291c\"><strong>\u25b6<\/strong><\/span> Notre cha\u00eene YouTube : <strong><a href=\"https:\/\/www.youtube.com\/c\/Ville2Brive\/videos\" target=\"_blank\" rel=\"noopener noreferrer\">Ville de Brive<\/a><\/strong><\/p>\n<p><img decoding=\"async\" loading=\"lazy\" class=\"alignnone wp-image-44314\" src=\"http:\/\/740jw955i52c.brive.org\/wp-content\/uploads\/2021\/09\/icons-tiktok-Ville-de-Brive-Rouge.png\" alt=\"\" width=\"50\" height=\"50\" srcset=\"http:\/\/740jw955i52c.brive.org\/wp-content\/uploads\/2021\/09\/icons-tiktok-Ville-de-Brive-Rouge.png 138w, http:\/\/740jw955i52c.brive.org\/wp-content\/uploads\/2021\/09\/icons-tiktok-Ville-de-Brive-Rouge-60x60.png 60w\" sizes=\"(max-width: 50px) 100vw, 50px\" \/>\u00a0<strong>\u25b6<\/strong> Notre compte TikTok : <strong><a href=\"https:\/\/www.tiktok.com\/@ville2brive?\" target=\"_blank\" rel=\"noopener noreferrer\">ville2brive<\/a><\/strong>[\/vc_cta][\/vc_column][vc_column width=&#8221;1\/2&#8243;][vc_column_text]<a href=\"http:\/\/740jw955i52c.brive.org\/index.php\/appli-brivenpoche\/\" target=\"_blank\" rel=\"noopener noreferrer\"><img decoding=\"async\" loading=\"lazy\" class=\"alignnone wp-image-39377 size-uxb-port-single\" src=\"http:\/\/740jw955i52c.brive.org\/wp-content\/uploads\/2020\/01\/promo-appli-brivenpoche-Ville-de-Brive-916x916.jpg\" alt=\"\" width=\"916\" height=\"916\" srcset=\"http:\/\/740jw955i52c.brive.org\/wp-content\/uploads\/2020\/01\/promo-appli-brivenpoche-Ville-de-Brive-916x916.jpg 916w, http:\/\/740jw955i52c.brive.org\/wp-content\/uploads\/2020\/01\/promo-appli-brivenpoche-Ville-de-Brive-200x200.jpg 200w, http:\/\/740jw955i52c.brive.org\/wp-content\/uploads\/2020\/01\/promo-appli-brivenpoche-Ville-de-Brive-300x300.jpg 300w, http:\/\/740jw955i52c.brive.org\/wp-content\/uploads\/2020\/01\/promo-appli-brivenpoche-Ville-de-Brive-750x750.jpg 750w, http:\/\/740jw955i52c.brive.org\/wp-content\/uploads\/2020\/01\/promo-appli-brivenpoche-Ville-de-Brive-600x600.jpg 600w, http:\/\/740jw955i52c.brive.org\/wp-content\/uploads\/2020\/01\/promo-appli-brivenpoche-Ville-de-Brive-230x230.jpg 230w, http:\/\/740jw955i52c.brive.org\/wp-content\/uploads\/2020\/01\/promo-appli-brivenpoche-Ville-de-Brive-198x198.jpg 198w, http:\/\/740jw955i52c.brive.org\/wp-content\/uploads\/2020\/01\/promo-appli-brivenpoche-Ville-de-Brive-60x60.jpg 60w, http:\/\/740jw955i52c.brive.org\/wp-content\/uploads\/2020\/01\/promo-appli-brivenpoche-Ville-de-Brive-285x285.jpg 285w, http:\/\/740jw955i52c.brive.org\/wp-content\/uploads\/2020\/01\/promo-appli-brivenpoche-Ville-de-Brive-206x206.jpg 206w, http:\/\/740jw955i52c.brive.org\/wp-content\/uploads\/2020\/01\/promo-appli-brivenpoche-Ville-de-Brive-590x590.jpg 590w, http:\/\/740jw955i52c.brive.org\/wp-content\/uploads\/2020\/01\/promo-appli-brivenpoche-Ville-de-Brive-363x363.jpg 363w\" sizes=\"(max-width: 916px) 100vw, 916px\" \/><\/a>[\/vc_column_text][\/vc_column][\/vc_row][vc_row][vc_column][vc_column_text]<\/p>\n<p style=\"text-align: right\">[ \u00a9 Visuel cr\u00e9\u00e9 par pch.vector &#8211; fr.freepik.com ]<\/p>\n<p>[\/vc_column_text][\/vc_column][\/vc_row][vc_row][vc_column][vc_column_text]<\/p><\/blockquote>\n<p>[\/vc_column_text][\/vc_column][\/vc_row]<\/p>\n","protected":false},"excerpt":{"rendered":"<p>[vc_row][vc_column][vc_text_separator title=&#8221;T\u00e9l\u00e9chargez notre logo&#8221;][vc_row_inner][vc_column_inner width=&#8221;1\/4&#8243;][vc_column_text] Charte logo Brive (2433 Ko) [\/vc_column_text][\/vc_column_inner][vc_column_inner width=&#8221;1\/4&#8243;][vc_column_text] Logo Ville de Brive rouge jpg (104 Ko) [\/vc_column_text][\/vc_column_inner][vc_column_inner width=&#8221;1\/4&#8243;][vc_column_text] Logo Ville de Brive .ai (1.68 Mo) [\/vc_column_text][\/vc_column_inner][vc_column_inner &#8230; <\/p>\n","protected":false},"author":1,"featured_media":0,"parent":0,"menu_order":0,"comment_status":"closed","ping_status":"closed","template":"","meta":[],"yoast_head":"<!-- This site is optimized with the Yoast SEO plugin v17.8 - https:\/\/yoast.com\/wordpress\/plugins\/seo\/ -->\n<title>Espace Presse - Ville de Brive<\/title>\n<meta name=\"robots\" content=\"index, follow, max-snippet:-1, max-image-preview:large, max-video-preview:-1\" \/>\n<link rel=\"canonical\" href=\"http:\/\/740jw955i52c.brive.org\/index.php\/espace-presse\/\" \/>\n<meta property=\"og:locale\" content=\"fr_FR\" \/>\n<meta property=\"og:type\" content=\"article\" \/>\n<meta property=\"og:title\" content=\"Espace Presse - Ville de Brive\" \/>\n<meta property=\"og:description\" content=\"[vc_row][vc_column][vc_text_separator title=&#8221;T\u00e9l\u00e9chargez notre logo&#8221;][vc_row_inner][vc_column_inner width=&#8221;1\/4&#8243;][vc_column_text] Charte logo Brive (2433 Ko) [\/vc_column_text][\/vc_column_inner][vc_column_inner width=&#8221;1\/4&#8243;][vc_column_text] Logo Ville de Brive rouge jpg (104 Ko) [\/vc_column_text][\/vc_column_inner][vc_column_inner width=&#8221;1\/4&#8243;][vc_column_text] Logo Ville de Brive .ai (1.68 Mo) [\/vc_column_text][\/vc_column_inner][vc_column_inner ...\" \/>\n<meta property=\"og:url\" content=\"http:\/\/740jw955i52c.brive.org\/index.php\/espace-presse\/\" \/>\n<meta property=\"og:site_name\" content=\"Ville de Brive\" \/>\n<meta property=\"article:modified_time\" content=\"2024-12-05T13:26:19+00:00\" \/>\n<meta property=\"og:image\" content=\"http:\/\/740jw955i52c.brive.org\/wp-content\/uploads\/2020\/06\/icon-pdf.png\" \/>\n<meta name=\"twitter:card\" content=\"summary_large_image\" \/>\n<meta name=\"twitter:label1\" content=\"Dur\u00e9e de lecture estim\u00e9e\" \/>\n\t<meta name=\"twitter:data1\" content=\"25 minutes\" \/>\n<script type=\"application\/ld+json\" class=\"yoast-schema-graph\">{\"@context\":\"https:\/\/schema.org\",\"@graph\":[{\"@type\":\"WebSite\",\"@id\":\"http:\/\/740jw955i52c.brive.org\/#website\",\"url\":\"http:\/\/740jw955i52c.brive.org\/\",\"name\":\"Ville de Brive\",\"description\":\"Bienvenue sur le site de la ville de Brive-la-Gaillarde. Vous y trouverez l&#039;actualit\\u00e9 de la commune, des informations pratiques et vos d\\u00e9marches administratives.\",\"potentialAction\":[{\"@type\":\"SearchAction\",\"target\":{\"@type\":\"EntryPoint\",\"urlTemplate\":\"http:\/\/740jw955i52c.brive.org\/?s={search_term_string}\"},\"query-input\":\"required name=search_term_string\"}],\"inLanguage\":\"fr-FR\"},{\"@type\":\"ImageObject\",\"@id\":\"http:\/\/740jw955i52c.brive.org\/index.php\/espace-presse\/#primaryimage\",\"inLanguage\":\"fr-FR\",\"url\":\"http:\/\/740jw955i52c.brive.org\/wp-content\/uploads\/2020\/06\/icon-pdf.png\",\"contentUrl\":\"http:\/\/740jw955i52c.brive.org\/wp-content\/uploads\/2020\/06\/icon-pdf.png\",\"width\":96,\"height\":96},{\"@type\":\"WebPage\",\"@id\":\"http:\/\/740jw955i52c.brive.org\/index.php\/espace-presse\/#webpage\",\"url\":\"http:\/\/740jw955i52c.brive.org\/index.php\/espace-presse\/\",\"name\":\"Espace Presse - Ville de Brive\",\"isPartOf\":{\"@id\":\"http:\/\/740jw955i52c.brive.org\/#website\"},\"primaryImageOfPage\":{\"@id\":\"http:\/\/740jw955i52c.brive.org\/index.php\/espace-presse\/#primaryimage\"},\"datePublished\":\"2020-06-12T12:20:48+00:00\",\"dateModified\":\"2024-12-05T13:26:19+00:00\",\"breadcrumb\":{\"@id\":\"http:\/\/740jw955i52c.brive.org\/index.php\/espace-presse\/#breadcrumb\"},\"inLanguage\":\"fr-FR\",\"potentialAction\":[{\"@type\":\"ReadAction\",\"target\":[\"http:\/\/740jw955i52c.brive.org\/index.php\/espace-presse\/\"]}]},{\"@type\":\"BreadcrumbList\",\"@id\":\"http:\/\/740jw955i52c.brive.org\/index.php\/espace-presse\/#breadcrumb\",\"itemListElement\":[{\"@type\":\"ListItem\",\"position\":1,\"name\":\"Accueil\",\"item\":\"http:\/\/740jw955i52c.brive.org\/\"},{\"@type\":\"ListItem\",\"position\":2,\"name\":\"Espace Presse\"}]}]}<\/script>\n<!-- \/ Yoast SEO plugin. -->","yoast_head_json":{"title":"Espace Presse - Ville de Brive","robots":{"index":"index","follow":"follow","max-snippet":"max-snippet:-1","max-image-preview":"max-image-preview:large","max-video-preview":"max-video-preview:-1"},"canonical":"http:\/\/740jw955i52c.brive.org\/index.php\/espace-presse\/","og_locale":"fr_FR","og_type":"article","og_title":"Espace Presse - Ville de Brive","og_description":"[vc_row][vc_column][vc_text_separator title=&#8221;T\u00e9l\u00e9chargez notre logo&#8221;][vc_row_inner][vc_column_inner width=&#8221;1\/4&#8243;][vc_column_text] Charte logo Brive (2433 Ko) [\/vc_column_text][\/vc_column_inner][vc_column_inner width=&#8221;1\/4&#8243;][vc_column_text] Logo Ville de Brive rouge jpg (104 Ko) [\/vc_column_text][\/vc_column_inner][vc_column_inner width=&#8221;1\/4&#8243;][vc_column_text] Logo Ville de Brive .ai (1.68 Mo) [\/vc_column_text][\/vc_column_inner][vc_column_inner ...","og_url":"http:\/\/740jw955i52c.brive.org\/index.php\/espace-presse\/","og_site_name":"Ville de Brive","article_modified_time":"2024-12-05T13:26:19+00:00","og_image":[{"url":"http:\/\/740jw955i52c.brive.org\/wp-content\/uploads\/2020\/06\/icon-pdf.png"}],"twitter_card":"summary_large_image","twitter_misc":{"Dur\u00e9e de lecture estim\u00e9e":"25 minutes"},"schema":{"@context":"https:\/\/schema.org","@graph":[{"@type":"WebSite","@id":"http:\/\/740jw955i52c.brive.org\/#website","url":"http:\/\/740jw955i52c.brive.org\/","name":"Ville de Brive","description":"Bienvenue sur le site de la ville de Brive-la-Gaillarde. Vous y trouverez l&#039;actualit\u00e9 de la commune, des informations pratiques et vos d\u00e9marches administratives.","potentialAction":[{"@type":"SearchAction","target":{"@type":"EntryPoint","urlTemplate":"http:\/\/740jw955i52c.brive.org\/?s={search_term_string}"},"query-input":"required name=search_term_string"}],"inLanguage":"fr-FR"},{"@type":"ImageObject","@id":"http:\/\/740jw955i52c.brive.org\/index.php\/espace-presse\/#primaryimage","inLanguage":"fr-FR","url":"http:\/\/740jw955i52c.brive.org\/wp-content\/uploads\/2020\/06\/icon-pdf.png","contentUrl":"http:\/\/740jw955i52c.brive.org\/wp-content\/uploads\/2020\/06\/icon-pdf.png","width":96,"height":96},{"@type":"WebPage","@id":"http:\/\/740jw955i52c.brive.org\/index.php\/espace-presse\/#webpage","url":"http:\/\/740jw955i52c.brive.org\/index.php\/espace-presse\/","name":"Espace Presse - Ville de Brive","isPartOf":{"@id":"http:\/\/740jw955i52c.brive.org\/#website"},"primaryImageOfPage":{"@id":"http:\/\/740jw955i52c.brive.org\/index.php\/espace-presse\/#primaryimage"},"datePublished":"2020-06-12T12:20:48+00:00","dateModified":"2024-12-05T13:26:19+00:00","breadcrumb":{"@id":"http:\/\/740jw955i52c.brive.org\/index.php\/espace-presse\/#breadcrumb"},"inLanguage":"fr-FR","potentialAction":[{"@type":"ReadAction","target":["http:\/\/740jw955i52c.brive.org\/index.php\/espace-presse\/"]}]},{"@type":"BreadcrumbList","@id":"http:\/\/740jw955i52c.brive.org\/index.php\/espace-presse\/#breadcrumb","itemListElement":[{"@type":"ListItem","position":1,"name":"Accueil","item":"http:\/\/740jw955i52c.brive.org\/"},{"@type":"ListItem","position":2,"name":"Espace Presse"}]}]}},"_links":{"self":[{"href":"http:\/\/740jw955i52c.brive.org\/index.php\/wp-json\/wp\/v2\/pages\/40487"}],"collection":[{"href":"http:\/\/740jw955i52c.brive.org\/index.php\/wp-json\/wp\/v2\/pages"}],"about":[{"href":"http:\/\/740jw955i52c.brive.org\/index.php\/wp-json\/wp\/v2\/types\/page"}],"author":[{"embeddable":true,"href":"http:\/\/740jw955i52c.brive.org\/index.php\/wp-json\/wp\/v2\/users\/1"}],"replies":[{"embeddable":true,"href":"http:\/\/740jw955i52c.brive.org\/index.php\/wp-json\/wp\/v2\/comments?post=40487"}],"version-history":[{"count":566,"href":"http:\/\/740jw955i52c.brive.org\/index.php\/wp-json\/wp\/v2\/pages\/40487\/revisions"}],"predecessor-version":[{"id":54109,"href":"http:\/\/740jw955i52c.brive.org\/index.php\/wp-json\/wp\/v2\/pages\/40487\/revisions\/54109"}],"wp:attachment":[{"href":"http:\/\/740jw955i52c.brive.org\/index.php\/wp-json\/wp\/v2\/media?parent=40487"}],"curies":[{"name":"wp","href":"https:\/\/api.w.org\/{rel}","templated":true}]}}