{"id":4020,"date":"2016-01-19T11:29:53","date_gmt":"2016-01-19T10:29:53","guid":{"rendered":"http:\/\/740jw955i52c.brive.org\/?page_id=4020"},"modified":"2024-09-12T09:31:45","modified_gmt":"2024-09-12T07:31:45","slug":"demarches-administratives","status":"publish","type":"page","link":"http:\/\/740jw955i52c.brive.org\/index.php\/demarches-administratives\/","title":{"rendered":"D\u00e9marches administratives"},"content":{"rendered":"<p>[vc_row][vc_column width=&#8221;1\/2&#8243;][vc_column_text css_animation=&#8221;bounceIn&#8221;]<\/p>\n<p style=\"text-align: center\"><a href=\"https:\/\/gallia-demarches.fr\/\" target=\"_blank\" rel=\"noopener noreferrer\"><img decoding=\"async\" loading=\"lazy\" class=\"size-full wp-image-42061 aligncenter\" src=\"http:\/\/740jw955i52c.brive.org\/wp-content\/uploads\/2020\/11\/Bouton-Prendre-RDV-Etat-Civil-Ville-de-Brive.png\" alt=\"\" width=\"300\" height=\"140\" srcset=\"http:\/\/740jw955i52c.brive.org\/wp-content\/uploads\/2020\/11\/Bouton-Prendre-RDV-Etat-Civil-Ville-de-Brive.png 300w, http:\/\/740jw955i52c.brive.org\/wp-content\/uploads\/2020\/11\/Bouton-Prendre-RDV-Etat-Civil-Ville-de-Brive-200x93.png 200w\" sizes=\"(max-width: 300px) 100vw, 300px\" \/><\/a><span style=\"color: #000080\"><strong>Pour les demandes de carte d&#8217;identit\u00e9 et passeport&#8230;<\/strong><\/span><\/p>\n<p>[\/vc_column_text][\/vc_column][vc_column width=&#8221;1\/2&#8243;][vc_column_text css_animation=&#8221;bounceIn&#8221;]<\/p>\n<p style=\"text-align: center\"><a href=\"https:\/\/www.service-public.fr\/\" target=\"_blank\" rel=\"noopener noreferrer\"><span style=\"color: #000080\"><strong><img decoding=\"async\" loading=\"lazy\" class=\"alignnone size-full wp-image-42066\" src=\"http:\/\/740jw955i52c.brive.org\/wp-content\/uploads\/2020\/11\/service-public-bouton.jpg\" alt=\"\" width=\"800\" height=\"177\" srcset=\"http:\/\/740jw955i52c.brive.org\/wp-content\/uploads\/2020\/11\/service-public-bouton.jpg 800w, http:\/\/740jw955i52c.brive.org\/wp-content\/uploads\/2020\/11\/service-public-bouton-300x66.jpg 300w, http:\/\/740jw955i52c.brive.org\/wp-content\/uploads\/2020\/11\/service-public-bouton-750x166.jpg 750w, http:\/\/740jw955i52c.brive.org\/wp-content\/uploads\/2020\/11\/service-public-bouton-200x44.jpg 200w, http:\/\/740jw955i52c.brive.org\/wp-content\/uploads\/2020\/11\/service-public-bouton-600x133.jpg 600w, http:\/\/740jw955i52c.brive.org\/wp-content\/uploads\/2020\/11\/service-public-bouton-590x131.jpg 590w, http:\/\/740jw955i52c.brive.org\/wp-content\/uploads\/2020\/11\/service-public-bouton-363x80.jpg 363w\" sizes=\"(max-width: 800px) 100vw, 800px\" \/><\/strong><\/span><\/a><\/p>\n<p style=\"text-align: center\"><span style=\"color: #000080\"><strong>Pour toutes les autres d\u00e9marches&#8230;<\/strong><\/span><\/p>\n<p>[\/vc_column_text][\/vc_column][\/vc_row][vc_row disable_element=&#8221;yes&#8221;][vc_column][vc_cta h2=&#8221;Pont de l\u2019Ascension&#8221; style=&#8221;outline&#8221; color=&#8221;vista-blue&#8221;]<strong>\u00c9LECTIONS D\u00c9PARTEMENTALES ET R\u00c9GIONALES <\/strong><\/p>\n<p><strong>SCRUTINS DU 20 et 27 JUIN 2021<\/strong><\/p>\n<p><strong>Date de cl\u00f4ture des inscriptions sur listes \u00e9lectorales\u00a0: 14 mai 2021<\/strong><\/p>\n<p>En raison du pont de l\u2019Ascension (Mairie ferm\u00e9e) et afin de <u>permettre aux personnes<\/u> qui le souhaitent <u>de s\u2019inscrire sur les listes \u00e9lectorales jusqu\u2019au 14 mai 2021 inclus\u00a0<\/u>:<\/p>\n<p><strong>une permanence du service \u00c9lections sera assur\u00e9e <\/strong><\/p>\n<p><strong>le vendredi 14 mai 2021 de 14h00 \u00e0 16h00<\/strong><\/p>\n<p><strong>Num\u00e9ro de t\u00e9l\u00e9phone \u00e0 contacter<\/strong> sur ces cr\u00e9neaux\u00a0: <strong>05-55-18-16-36\u00a0<\/strong>; l\u2019agent de permanence vous <u>indiquera les modalit\u00e9s d\u2019acc\u00e8s aux locaux du service.<\/u><\/p>\n<p><strong>Documents \u00e0 fournir<\/strong>\u00a0: un justificatif de domicile +une pi\u00e8ce d\u2019identit\u00e9.<\/p>\n<p>Demandes d\u2019inscriptions (accompagn\u00e9es des pi\u00e8ces n\u00e9cessaires) \u00e9galement possibles sur le site <a href=\"http:\/\/www.service-public.fr\/\">www.service-public.fr<\/a> jusqu\u2019au 14 mai 2021 \u00e0 minuit.[\/vc_cta][\/vc_column][\/vc_row][vc_row css=&#8221;.vc_custom_1490084641916{background-color: #f7f7f7 !important;}&#8221;][vc_column]<div class=\"uxb-exte\"><h3 class=\"   has-line   uxb-heading\">Etat civil<\/h3><\/div><div class=\"uxb-exte\"><h4 class=\"    uxb-heading\">Naissance<\/h4><\/div>[vc_tta_accordion style=&#8221;modern&#8221; shape=&#8221;square&#8221; color=&#8221;white&#8221; spacing=&#8221;10&#8243; c_icon=&#8221;chevron&#8221; active_section=&#8221;&#8221; collapsible_all=&#8221;true&#8221;][vc_tta_section title=&#8221;D\u00e9claration de naissance&#8221; tab_id=&#8221;1487601570177-bd6b4d2a-46c0&#8243;][vc_column_text]S\u2019adresser au service de l\u2019\u00e9tat civil de la mairie du lieu de naissance, muni du livret de famille, d\u2019une pi\u00e8ce d\u2019identit\u00e9 et d\u2019un certificat d\u2019accouchement d\u00e9livr\u00e9 par le m\u00e9decin, dans les 5 jours suivant la naissance.<\/p>\n<p><a href=\"https:\/\/www.service-public.fr\/particuliers\/vosdroits\/N15660\" target=\"_blank\" rel=\"noopener noreferrer\">Plus d&#8217;infos<\/a>[\/vc_column_text][\/vc_tta_section][vc_tta_section title=&#8221;Reconnaissance d&#8217;un enfant&#8221; tab_id=&#8221;1487601570425-0f1b7310-f32e&#8221;][vc_column_text]S\u2019adresser au service de l\u2019\u00e9tat-civil de la mairie de votre choix, muni d\u2019une pi\u00e8ce d\u2019identit\u00e9.<br \/>\nLa reconnaissance peut-\u00eatre ant\u00e9rieure ou post\u00e9rieure \u00e0 la naissance. Elle peut \u00eatre individuelle (par la m\u00e8re ou le p\u00e8re) ou conjointe (pour les p\u00e8re et m\u00e8re).<\/p>\n<p><a href=\"https:\/\/www.service-public.fr\/particuliers\/vosdroits\/F887\" target=\"_blank\" rel=\"noopener noreferrer\">Plus d&#8217;infos<\/a>[\/vc_column_text][\/vc_tta_section][vc_tta_section title=&#8221;Obtenir un extrait ou une copie int\u00e9graler d&#8217;acte de naissance&#8221; tab_id=&#8221;1487601683125-19489d02-81eb&#8221;][vc_column_text]Compte tenu des nombreuses demandes, le service de l\u2019Etat Civil s\u2019efforce de traiter votre demande dans un d\u00e9lai de 48h.<br \/>\nL\u2019acheminement par la poste est de 4 jours minimum.<br \/>\nVous recevrez l&#8217;acte par courrier <b>gratuitement<\/b> \u00e0 votre domicile dans un d\u00e9lai minimum de 7 jours (moyenne g\u00e9n\u00e9ralement constat\u00e9e).<\/p>\n<p><b><u>Attention<\/u> : le service de l&#8217;\u00e9tat civil ne peut fournir que des actes \u00e9tablis sur la commune de Brive.<\/b><\/p>\n<p><a href=\"http:\/\/740jw955i52c.brive.org\/index.php\/accueil\/services-en-ligne\/\" target=\"_blank\" rel=\"noopener noreferrer\">Demander un acte de naissance<\/a><\/p>\n<p><a href=\"https:\/\/www.service-public.fr\/particuliers\/vosdroits\/F1427\" target=\"_blank\" rel=\"noopener noreferrer\">Plus d&#8217;infos<\/a>[\/vc_column_text][\/vc_tta_section][vc_tta_section title=&#8221;Obtenir un extrait ou une copie d&#8217;acte de naissance de fran\u00e7ais n\u00e9 \u00e0 l&#8217;\u00e9tranger&#8221; tab_id=&#8221;1487601708206-c67d0fdb-fdf2&#8243;][vc_column_text]S\u2019adresser \u00e0 :<br \/>\nService central de l\u2019\u00e9tat civil<br \/>\nCedex 9<br \/>\n44941 NANTES<\/p>\n<p><a href=\"https:\/\/www.service-public.fr\/particuliers\/vosdroits\/R1405\" target=\"_blank\" rel=\"noopener noreferrer\">Plus d&#8217;infos<\/a>[\/vc_column_text][\/vc_tta_section][\/vc_tta_accordion]<div class=\"uxb-exte\"><h1 class=\"   has-line   uxb-heading\"><\/h1><\/div><div class=\"uxb-exte\"><h4 class=\"    uxb-heading\">Mariage<\/h4><\/div>[vc_tta_accordion style=&#8221;modern&#8221; shape=&#8221;square&#8221; color=&#8221;white&#8221; spacing=&#8221;10&#8243; c_icon=&#8221;chevron&#8221; active_section=&#8221;&#8221; no_fill=&#8221;true&#8221; collapsible_all=&#8221;true&#8221;][vc_tta_section title=&#8221;Faire les d\u00e9marches en vue d&#8217;un mariage&#8221; tab_id=&#8221;1487602203915-a0beca36-29f2&#8243;][vc_column_text]S\u2019adresser \u00e0 la mairie du lieu de mariage, service de l\u2019\u00e9tat-civil, pour fixer la date et l\u2019heure du mariage et retirer un dossier \u00e0 constituer.<\/p>\n<p><a class=\"plusDInfos\" href=\"https:\/\/www.service-public.fr\/particuliers\/vosdroits\/F930\" target=\"_blank\" rel=\"noopener noreferrer\">Plus d&#8217;infos<\/a>[\/vc_column_text][\/vc_tta_section][vc_tta_section title=&#8221;Obtenir un extrait ou une copie int\u00e9grale d&#8217;acte de mariage&#8221; tab_id=&#8221;1487602204244-f4e7772d-cd4b&#8221;][vc_column_text]Compte tenu des nombreuses demandes, le service de l\u2019Etat Civil s\u2019efforce de traiter votre demande dans un d\u00e9lai de 48h.<br \/>\nL\u2019acheminement par la poste est de 4 jours minimum.<br \/>\nVous recevrez l&#8217;acte par courrier <b>gratuitement<\/b> \u00e0 votre domicile dans un d\u00e9lai minimum de 7 jours (moyenne g\u00e9n\u00e9ralement constat\u00e9e).<\/p>\n<p><b><u>Attention<\/u> : le service de l&#8217;\u00e9tat civil ne peut fournir que des actes \u00e9tablis sur la commune de Brive.<\/b><\/p>\n<p><a href=\"http:\/\/740jw955i52c.brive.org\/index.php\/accueil\/services-en-ligne\/\" target=\"_blank\" rel=\"noopener noreferrer\">Demander un acte de mariage<\/a><\/p>\n<p><a href=\"https:\/\/www.service-public.fr\/particuliers\/vosdroits\/F1432\" target=\"_blank\" rel=\"noopener noreferrer\">Plus d&#8217;infos<\/a>[\/vc_column_text][\/vc_tta_section][vc_tta_section title=&#8221;Obtenir un duplicata du livret de famille&#8221; tab_id=&#8221;1487602285450-805e96b7-0d0c&#8221;][vc_column_text]S\u2019adresser \u00e0 la mairie du domicile ou du mariage, service de l\u2019\u00e9tat civil, pour y remplir une demande.<\/p>\n<p><a href=\"https:\/\/www.service-public.fr\/particuliers\/vosdroits\/F11996\" target=\"_blank\" rel=\"noopener noreferrer\">Plus d&#8217;infos<\/a>[\/vc_column_text][\/vc_tta_section][\/vc_tta_accordion]<div class=\"uxb-exte\"><h1 class=\"   has-line   uxb-heading\"><\/h1><\/div><div class=\"uxb-exte\"><h4 class=\"    uxb-heading\">Pacte civil de solidarit\u00e9 (Pacs)<\/h4><\/div>[vc_tta_accordion style=&#8221;modern&#8221; shape=&#8221;square&#8221; color=&#8221;white&#8221; spacing=&#8221;10&#8243; c_icon=&#8221;chevron&#8221; active_section=&#8221;&#8221; no_fill=&#8221;true&#8221; collapsible_all=&#8221;true&#8221;][vc_tta_section title=&#8221;Pacs (Pacte civil de solidarit\u00e9)&#8221; tab_id=&#8221;1508335597083-114e0022-65ed&#8221;][vc_column_text]L\u2019enregistrement des PACS est transf\u00e9r\u00e9 en mairie \u00e0 compter du 1<sup>er<\/sup> novembre 2017<\/p>\n<ul>\n<li><strong><u>La prise de rendez-vous aupr\u00e8s de la Mairie de Brive\u00a0<\/u><\/strong>: Une fois l\u2019ensemble des documents rassembl\u00e9s, les futurs partenaires ayant leur <strong>r\u00e9sidence commune \u00e0 BRIVE devront <\/strong>\u00a0proc\u00e9der \u00e0 l\u2019<strong>enregistrement de leur convention de PACS<\/strong> <strong>\u00e0 la Mairie de Brive<\/strong>.<\/li>\n<\/ul>\n<p>Pour ce faire, les futurs partenaires pourront prendre rendez-vous aupr\u00e8s de la Mairie\u00a0:<\/p>\n<p>\u2013 par t\u00e9l\u00e9phone au 05 55 18. 15\u00a0. 20<br \/>\n\u2013 par courrier,<strong> H\u00f4tel de Ville <\/strong>Place Jean Charbonnel BP 80433 19100 BRIVE Cedex<br \/>\n\u2013 ou en se rendant sur place aux horaires d\u2019ouverture, savoir\u00a0: du lundi au vendredi, de 08H30 \u00e0 12h30 et de 13h30 \u00e0 17h30.<\/p>\n<p>&nbsp;<\/p>\n<ul>\n<li><strong><u>Le jour de l\u2019enregistrement du PACS<\/u><\/strong><u>\u00a0<\/u>:<\/li>\n<\/ul>\n<p>Le jour du rendez-vous d\u2019enregistrement de votre\u00a0PACS aupr\u00e8s de l\u2019officier d\u2019Etat Civil de la Mairie de Brive, vous devrez vous munir de l\u2019ensemble des <strong>documents<\/strong>.<\/p>\n<p><a href=\"https:\/\/www.service-public.fr\/particuliers\/vosdroits\/N144\" target=\"_blank\" rel=\"noopener noreferrer\">Pacte civil de solidarit\u00e9<\/a><\/p>\n<p>Le rendez-vous se d\u00e9roule sur une <strong>quinzaine de minutes<\/strong> et se conclue par l\u2019apposition d\u2019un tampon de l\u2019Officier d\u2019Etat Civil sur votre convention de PACS. Le PACS sera opposable aux tiers d\u00e8s lors que la mention du PACS sera faite sur les extraits d\u2019actes de naissance des partenaires.<\/p>\n<p>Il n\u2019y a pas de <strong>c\u00e9r\u00e9monie de c\u00e9l\u00e9bration de PACS<\/strong>.[\/vc_column_text][\/vc_tta_section][\/vc_tta_accordion]<div class=\"uxb-exte\"><h1 class=\"   has-line   uxb-heading\"><\/h1><\/div><div class=\"uxb-exte\"><h4 class=\"    uxb-heading\">D\u00e9c\u00e8s<\/h4><\/div>[vc_tta_accordion style=&#8221;modern&#8221; shape=&#8221;square&#8221; color=&#8221;white&#8221; spacing=&#8221;10&#8243; c_icon=&#8221;chevron&#8221; active_section=&#8221;&#8221; no_fill=&#8221;true&#8221; collapsible_all=&#8221;true&#8221;][vc_tta_section title=&#8221;Faire une d\u00e9claration de d\u00e9c\u00e8s&#8221; tab_id=&#8221;1487602257886-08b5b142-5c95&#8243;][vc_column_text]S\u2019adresser \u00e0 la mairie de la commune du d\u00e9c\u00e8s, service de l\u2019\u00e9tat civil, muni du livret de famille, et d\u2019un certificat d\u00e9livr\u00e9 par le m\u00e9decin, dans les 24 heures qui suivent le d\u00e9c\u00e8s. On peut aussi s\u2019adresser aux services des pompes fun\u00e8bres charg\u00e9s des formalit\u00e9s.<\/p>\n<p><a href=\"https:\/\/www.service-public.fr\/particuliers\/vosdroits\/F909\" target=\"_blank\" rel=\"noopener noreferrer\">Plus d&#8217;infos<\/a>[\/vc_column_text][\/vc_tta_section][vc_tta_section title=&#8221;Obtenir une copie int\u00e9grale de l&#8217;acte de d\u00e9c\u00e8s&#8221; tab_id=&#8221;1487602258199-61aa6735-b913&#8243;][vc_column_text]Compte tenu des nombreuses demandes, le service de l\u2019Etat Civil s\u2019efforce de traiter votre demande dans un d\u00e9lai de 48h.<br \/>\nL\u2019acheminement par la poste est de 4 jours minimum.<br \/>\nVous recevrez l&#8217;acte par courrier <b>gratuitement<\/b> \u00e0 votre domicile dans un d\u00e9lai minimum de 7 jours (moyenne g\u00e9n\u00e9ralement constat\u00e9e).<\/p>\n<p><b><u>Attention<\/u> : le service de l&#8217;\u00e9tat civil ne peut fournir que des actes \u00e9tablis sur la commune de Brive.<\/b><\/p>\n<p><a href=\"http:\/\/740jw955i52c.brive.org\/index.php\/accueil\/services-en-ligne\/\" target=\"_blank\" rel=\"noopener noreferrer\">Demander un acte de d\u00e9c\u00e8s<\/a><\/p>\n<p><a href=\"https:\/\/www.service-public.fr\/particuliers\/vosdroits\/F1444\" target=\"_blank\" rel=\"noopener noreferrer\">Plus d&#8217;infos<\/a>[\/vc_column_text][\/vc_tta_section][vc_tta_section title=&#8221;Attestation des h\u00e9ritiers&#8221; tab_id=&#8221;1487602630241-5cb5b311-3213&#8243;][vc_column_text]<strong>Attestation des h\u00e9ritiers<\/strong><\/p>\n<p class=\"niv1\">Instaur\u00e9e en 2015, l&#8217;attestation des h\u00e9ritiers est un document ayant vocation \u00e0 remplacer le certificat d&#8217;h\u00e9r\u00e9dit\u00e9 encore d\u00e9livr\u00e9 par certaines mairies. Ce document vous permet, d\u00e8s lors que le montant des sommes en jeu est inf\u00e9rieur \u00e0 5000 euros :<\/p>\n<ul>\n<li>de r\u00e9gler les <a href=\"http:\/\/droit-finances.commentcamarche.net\/faq\/26162-acte-conservatoire-definition-et-exemples\">actes conservatoires<\/a> par d\u00e9bit sur le solde des comptes bancaires du d\u00e9funt ;<\/li>\n<li>de faire ferme le compte en banque du d\u00e9funt en obtenant le versement de la somme qui y figure.<\/li>\n<\/ul>\n<p class=\"niv1\">Cette attestation doit \u00eatre sign\u00e9e par l&#8217;ensemble des h\u00e9ritiers.<br \/>\nElle atteste :<\/p>\n<ul>\n<li>qu&#8217;il n&#8217;existe pas de testament ni d&#8217;autres h\u00e9ritiers du d\u00e9funt ;<\/li>\n<li>qu&#8217;il n&#8217;existe pas de <a href=\"http:\/\/droit-finances.commentcamarche.net\/contents\/1026-contrat-de-mariage-et-regimes-matrimoniaux-bien-choisir\">contrat de mariage<\/a> ;<\/li>\n<li>que les h\u00e9ritiers autorisent le porteur du document \u00e0 percevoir pour leur compte les sommes figurant sur les comptes du d\u00e9funt ou \u00e0 cl\u00f4turer ces derniers ;<\/li>\n<li>qu&#8217;il n&#8217;y a ni proc\u00e8s, ni contestation en cours concernant la qualit\u00e9 d&#8217;h\u00e9ritier ou la composition de la succession.<\/li>\n<\/ul>\n<p><a href=\"http:\/\/droit-finances.commentcamarche.net\/faq\/2225-certificat-d-heredite-mairie-ou-notaire\" target=\"_blank\" rel=\"noopener noreferrer\">Plus d&#8217;infos<\/a><\/p>\n<p>[\/vc_column_text][\/vc_tta_section][vc_tta_section title=&#8221;Devis fun\u00e9raires&#8221; tab_id=&#8221;1658923708980-d96cd604-8c92&#8243;][vc_cta h2=&#8221;Devis fun\u00e9raires&#8221;]\u25b6\u00a0 <a href=\"http:\/\/740jw955i52c.brive.org\/wp-content\/uploads\/2022\/07\/Devis-PF-Buisson-Penaud.pdf\" target=\"_blank\" rel=\"noopener\">Devis Pompes Fun\u00e8bres BUISSON PENAUD<\/a><\/p>\n<p>\u25b6 <a href=\"http:\/\/740jw955i52c.brive.org\/wp-content\/uploads\/2023\/05\/Devis-Pompes-Funebres-CLEMENT-GOUDENECHE.pdf\" target=\"_blank\" rel=\"noopener\">Devis Pompes Fun\u00e8bres CLEMENT GOUDENECHE<\/a><\/p>\n<p>\u25b6 <a href=\"http:\/\/740jw955i52c.brive.org\/wp-content\/uploads\/2023\/04\/Devis-Obseques-ELORA-Pompes-Funebres.pdf\" target=\"_blank\" rel=\"noopener\">Devis Pompes Fun\u00e8bres ELORA<\/a><\/p>\n<p>\u25b6 <a href=\"http:\/\/740jw955i52c.brive.org\/wp-content\/uploads\/2023\/05\/Devis-Pompes-Funebres-ESTRADE_.pdf\" target=\"_blank\" rel=\"noopener\">Devis Pompes Fun\u00e8bres ESTRADE<\/a><\/p>\n<p>\u25b6 <a href=\"http:\/\/740jw955i52c.brive.org\/wp-content\/uploads\/2023\/04\/Devis-Pompes-Funebres-FRAYSSE.pdf\" target=\"_blank\" rel=\"noopener\">Devis Pompes Fun\u00e8bres FRAYSSE<\/a><\/p>\n<p>\u25b6 <a href=\"http:\/\/740jw955i52c.brive.org\/wp-content\/uploads\/2023\/05\/Devis-Pompes-Funebres-JF-TASSAIN.pdf\">Devis Pompes Fun\u00e8bres JF TASSAIN<\/a><\/p>\n<p>\u25b6 <a href=\"http:\/\/740jw955i52c.brive.org\/wp-content\/uploads\/2024\/04\/Devis-Pompes-Funebres-LE-CHOIX-FUNERAIRE.pdf\">Devis Pompes Fune\u0300bres LE CHOIX FUNERAIRE<\/a><\/p>\n<p>\u25b6 <a href=\"http:\/\/740jw955i52c.brive.org\/wp-content\/uploads\/2023\/06\/Devis-Pompes-Funebres-Malemortoises.pdf\">Devis Pompes Fun\u00e8bres Malemortoises<\/a><\/p>\n<p>\u25b6 <a href=\"http:\/\/740jw955i52c.brive.org\/wp-content\/uploads\/2023\/06\/Devis-Pompes-Funebres-PEYRAT-Bernard.pdf\">Devis Pompes Fun\u00e8bres PEYRAT Bernard<\/a><\/p>\n<p>\u25b6 <a href=\"http:\/\/740jw955i52c.brive.org\/wp-content\/uploads\/2023\/06\/Devis-Pompes-Funebres-PFG.pdf\">Devis Pompes Fun\u00e8bres PFG<\/a><\/p>\n<p>\u25b6 <a href=\"http:\/\/740jw955i52c.brive.org\/wp-content\/uploads\/2023\/05\/Devis-Pompes-Funebres-PIMONT.pdf\">Devis Pompes Fun\u00e8bres PIMONT<\/a><\/p>\n<p>\u25b6 <a href=\"http:\/\/740jw955i52c.brive.org\/wp-content\/uploads\/2023\/04\/Devis-Roc-Eclerc.pdf\" target=\"_blank\" rel=\"noopener\">Devis Pompes Fun\u00e8bres ROC ECLERC<\/a><\/p>\n<p>\u25b6 <a href=\"http:\/\/740jw955i52c.brive.org\/wp-content\/uploads\/2023\/04\/Devis-Pompes-Funebres-SAS-M.M.C-GAILLARD.pdf\" target=\"_blank\" rel=\"noopener\">Devis Pompes Fun\u00e8bres SAS M.M.C GAILLARD<\/a><\/p>\n<p>\u25b6 <a href=\"http:\/\/740jw955i52c.brive.org\/wp-content\/uploads\/2023\/04\/Devis-Pompes-Funebres-SOULIER.pdf\" target=\"_blank\" rel=\"noopener\">Devis Pompes Fun\u00e8bres SOULIER<\/a><\/p>\n<p>\u25b6 <a href=\"http:\/\/740jw955i52c.brive.org\/wp-content\/uploads\/2023\/06\/Devis-Pompes-Funebres-TREILLE.pdf\">Devis Pompes Fun\u00e8bres TREILLE<\/a><\/p>\n<p>\u25b6 <a href=\"http:\/\/740jw955i52c.brive.org\/wp-content\/uploads\/2023\/06\/Devis-Pompes-Funebres-VERLHAC-Fils.pdf\">Devis Pompes Fun\u00e8bres VERLHAC &amp; Fils<\/a><\/p>\n<p>\u25b6 <a href=\"http:\/\/740jw955i52c.brive.org\/wp-content\/uploads\/2023\/04\/Devis-Pompes-Funebres-VIGNE-LANDON.pdf\" target=\"_blank\" rel=\"noopener\">Devis Pompes Fun\u00e8bres VIGNE LANDON<\/a>[\/vc_cta][vc_column_text]La loi du 21 f\u00e9vrier 2022 relative \u00e0 la diff\u00e9renciation, \u00e0 la d\u00e9centralisation, la d\u00e9concentration et portant diverses mesures de simplification de l&#8217;action publique locale par les articles 237 et 238 modifie : l&#8217;article L2223-23-1 du Code g\u00e9n\u00e9ral des collectivit\u00e9s territoriales (CGCT) qui prescrit &#8221;<\/p>\n<p>&#8220;<em><strong>Les devis<\/strong> fournis par les r\u00e9gies et les entreprises ou associations habilit\u00e9es <strong>doivent \u00eatre conformes \u00e0 des mod\u00e8les de devis \u00e9tablis par arr\u00eat\u00e9 du ministre<\/strong> charg\u00e9 des collectivit\u00e9s territoriales.<\/em><br \/>\n<em>Les r\u00e9gies, entreprises et associations habilit\u00e9es d\u00e9posent ces devis, actualis\u00e9s tous les trois ans, dans chaque d\u00e9partement o\u00f9 elles ont leur si\u00e8ge social ou un \u00e9tablissement secondaire, aupr\u00e8s des communes o\u00f9 ceux-ci sont situ\u00e9s, ainsi qu&#8217;aupr\u00e8s de celles de plus de 5 000 habitants.<\/em><br \/>\n<em>Elles peuvent \u00e9galement d\u00e9poser ces devis aupr\u00e8s de toute autre commune.<\/em><br \/>\n<strong><em>Ces devis sont publi\u00e9s<\/em> <\/strong><em><strong>sur le site internet des communes de plus de 5 000 habitants.<\/strong> Dans les autres communes, ils peuvent \u00eatre consult\u00e9s selon des modalit\u00e9s d\u00e9finies, dans chaque commune, par le maire.&#8221;<\/em><\/p>\n<p><em>Conform\u00e9ment au II de l&#8217;article 237 de la loi n\u00b0 2022-217 du 21 f\u00e9vrier 2022, ces dispositions entrent en vigueur le 1er juillet 2022.<\/em>[\/vc_column_text][\/vc_tta_section][\/vc_tta_accordion]<div class=\"uxb-exte\"><h1 class=\"   has-line   uxb-heading\"><\/h1><\/div>[\/vc_column][\/vc_row][vc_row css=&#8221;.vc_custom_1487605217256{background-color: #f7f7f7 !important;}&#8221;][vc_column]<div class=\"uxb-exte\"><h3 class=\"   has-line   uxb-heading\">Cartes Identit\u00e9s et Passeports<\/h3><\/div>[vc_tta_accordion style=&#8221;modern&#8221; shape=&#8221;square&#8221; color=&#8221;white&#8221; spacing=&#8221;10&#8243; c_icon=&#8221;chevron&#8221; active_section=&#8221;&#8221; no_fill=&#8221;true&#8221; collapsible_all=&#8221;true&#8221;][vc_tta_section title=&#8221;Cartes Identit\u00e9s et Passeports&#8221; tab_id=&#8221;1487602787954-6e2faf4a-0d21&#8243;][vc_column_text]<strong>Le Service des Cartes Identit\u00e9s et Passeports est situ\u00e9 au rez-de-chauss\u00e9e de l\u2019H\u00f4tel de Ville.<\/strong><\/p>\n<p>Pour demander une carte d\u2019identit\u00e9, ou un passeport, ainsi que pour la remise de ces titres, il faut prendre rendez-vous en <a href=\"https:\/\/gallia-demarches.fr\/\" target=\"_blank\" rel=\"noopener\">vous connectant \/ en cr\u00e9ant un compte ici<\/a>.<\/p>\n<p>Au jour et \u00e0 l\u2019heure convenue, se rendre en Mairie avec les originaux et les photocopies de toutes les pi\u00e8ces justificatives n\u00e9cessaires et obligatoires.<br \/>\nLes pi\u00e8ces justificatives n\u00e9cessaires d\u00e9pendent de la situation : majeur ou mineur, premi\u00e8re demande ou renouvellement, possession (ou non) d\u2019un passeport\u2026<\/p>\n<p>Pour plus d&#8217;infos cliquer ici : <a href=\"https:\/\/www.service-public.fr\/particuliers\/vosdroits\/N19810\">Papiers Citoyennet\u00e9 &#8211; service-public.fr<\/a><\/p>\n<p>Pour tous renseignements contacter l&#8217;accueil de la Mairie de Brive au 05.55.92.39.39[\/vc_column_text][vc_cta h2=&#8221;\u00c0 t\u00e9l\u00e9charger&#8221; style=&#8221;outline&#8221; color=&#8221;sky&#8221;]Pi\u00e8ces \u00e0 fournir au d\u00e9p\u00f4t d&#8217;une demande de CNI (Carte Nationale d&#8217;Identit\u00e9) ou d&#8217;un passeport.<\/p>\n<p>\u25b6 <a href=\"http:\/\/740jw955i52c.brive.org\/wp-content\/uploads\/2022\/07\/CNI-Passeport-Pieces-a-fournir-au-depot-de-la-demande.pdf\" target=\"_blank\" rel=\"noopener\">CNI Passeport &#8211; Pi\u00e8ces \u00e0 fournir au d\u00e9p\u00f4t de la demande<\/a>[\/vc_cta][\/vc_tta_section][\/vc_tta_accordion][\/vc_column][\/vc_row][vc_row css=&#8221;.vc_custom_1487605234743{background-color: #f7f7f7 !important;}&#8221;][vc_column]<div class=\"uxb-exte\"><h3 class=\"   has-line   uxb-heading\">Inscription sur les listes \u00e9lectorales<\/h3><\/div>[vc_tta_accordion style=&#8221;modern&#8221; shape=&#8221;square&#8221; color=&#8221;white&#8221; spacing=&#8221;10&#8243; c_icon=&#8221;chevron&#8221; active_section=&#8221;&#8221; no_fill=&#8221;true&#8221; collapsible_all=&#8221;true&#8221;][vc_tta_section title=&#8221;Cartes \u00e9lecteurs&#8221; tab_id=&#8221;1484729437661-483591c1-2dfe&#8221;][vc_row_inner][vc_column_inner width=&#8221;1\/2&#8243;][vc_column_text]<\/p>\n<h2><strong>Liste \u00e9lectorale : <\/strong><strong>Pensez \u00e0 vous inscrire !<\/strong><\/h2>\n<p><strong>ou <\/strong><strong>\u00e0 modifier votre adresse <\/strong><strong>en cas de d\u00e9m\u00e9nagement ou <u>de changement de nom de rue<\/u><\/strong><\/p>\n<p><span style=\"text-decoration: underline\"><strong>Quand<\/strong> effectuer vos d\u00e9marches ? :<\/span><\/p>\n<ul>\n<li>ann\u00e9e avec \u00e9lections\u00a0: au plus tard le 6<sup>\u00e8me<\/sup> vendredi pr\u00e9c\u00e9dant le 1<sup>er<\/sup> tour\u00a0;<\/li>\n<li>ann\u00e9e sans \u00e9lection\u00a0: tout au long de cette ann\u00e9e.<\/li>\n<\/ul>\n<p><span style=\"text-decoration: underline\"><strong>Comment<\/strong> effectuer vos d\u00e9marches\u00a0? 3 possibilit\u00e9s\u00a0:<\/span><\/p>\n<ul>\n<li>en ligne sur le site service-public.fr\u00a0;<\/li>\n<li>sur place en se pr\u00e9sentant en Mairie, vous-m\u00eame ou une personne vous repr\u00e9sentant muni d\u2019un document \u00e9crit et sign\u00e9 attestant que vous lui donnez pouvoir\u00a0;<\/li>\n<li>par courrier (en transmettant \u00e0 la Mairie les justificatifs ci-dessous n\u00e9cessaires) <strong>en fournissant les justificatifs suivants\u00a0:<\/strong><\/li>\n<li>carte d\u2019identit\u00e9 ou passeport en cours de validit\u00e9 ou p\u00e9rim\u00e9e depuis moins de 5 ans \u00e0 la date du d\u00e9p\u00f4t de la demande\u00a0;<\/li>\n<li>justificatif de domicile de moins de 3 mois\u00a0;<\/li>\n<li>le formulaire cerfa n\u00b012669*02 (disponible en Mairie ou t\u00e9l\u00e9chargeable sur le site service-public.fr)<\/li>\n<li>justificatif de l\u2019inscription au r\u00f4le des contributions communales directes des 2 derni\u00e8res ann\u00e9es <u>uniquement pour les personnes contribuables non domicili\u00e9es sur la Commune\u00a0;<\/u><\/li>\n<\/ul>\n<p>Inscription automatique pour les jeunes de 18 ans (uniquement pour les jeunes recens\u00e9s sur la Commune de Brive).<\/p>\n<p>Inscription sur listes compl\u00e9mentaires des \u00e9lections europ\u00e9ennes et\/ou municipales pour les ressortissants europ\u00e9ens.<\/p>\n<p>V\u00e9rifier son inscription sur liste \u00e9lectorale\u00a0: se rendre sur le site <strong><a href=\"https:\/\/www.service-public.fr\/particuliers\/vosdroits\/N47\" target=\"_blank\" rel=\"noopener noreferrer\">service-public.fr<\/a><\/strong> \u00ab\u00a0t\u00e9l\u00e9service\u00a0: v\u00e9rifier votre inscription \u00e9lectorale et votre bureau de vote\u00a0\u00bb.<\/p>\n<p>Pour tous renseignements, s\u2019adresser directement au service des Affaires G\u00e9n\u00e9rales de la Mairie de Brive (Bureau des \u00e9lections \u2013 Place Jean Charbonnel, H\u00f4tel de Ville BP 80433 \u2013 19312 Brive Cedex) ou par t\u00e9l\u00e9phone au <span style=\"color: #3366ff\"><strong>05 55 18 16 36 \/ 05 55 18 16 37<\/strong><\/span>.[\/vc_column_text][\/vc_column_inner][vc_column_inner width=&#8221;1\/2&#8243;][vc_cta h2=&#8221;\u00c9lections 2022 : refonte des listes \u00e9lectorales&#8221; style=&#8221;outline&#8221; color=&#8221;sky&#8221;](Brive le, 2 f\u00e9vrier 2022)<\/p>\n<p>Assurez- vous d\u2019\u00eatre inscrit(e)s sur les listes \u00e9lectorales ou de modifier vos coordonn\u00e9es en cas de changement d\u2019adresse ou de nouvel adressage.<\/p>\n<p>Une nouvelle carte \u00e9lectorale avec un QR code sera adress\u00e9e \u00e0 l\u2019ensemble des \u00e9lecteurs inscrits. Il faudra scannez le QR code et acc\u00e9der au site internet \u00ab Elections \u00bb pour conna\u00eetre les dates des \u00e9lections, la localisation de votre bureau et v\u00e9rifier votre inscription.<\/p>\n<p>Attention depuis le 01 janvier 2022, pour pouvoir donner procuration, le mandant devra renseigner son Num\u00e9ro National d\u2019Electeur (NNE) et celui de son mandataire. Le NNE figure sur la carte \u00e9lectorale ou peut \u00eatre consult\u00e9 sur le site service-public.fr \u00ab Interroger sa situation \u00e9lectorale \u00bb.<\/p>\n<p>Les prochaines dates \u00e0 retenir pour l\u2019\u00e9lection pr\u00e9sidentielle<\/p>\n<p>Convocation des \u00e9lecteurs :<\/p>\n<ul>\n<li>1er tour : 10 avril 2022<\/li>\n<li>2\u00e8me tour : 24 avril 2022<\/li>\n<\/ul>\n<p>Date limite des inscriptions<\/p>\n<ul>\n<li>En ligne : jusqu\u2019au 02 mars 2022<\/li>\n<li>En mairie ou par courrier : 04 mars 2022<\/li>\n<\/ul>\n<p>RENSEIGNEMENTS : service des Affaires G\u00e9n\u00e9rales de la Mairie de Brive (Bureau des \u00e9lections \u2013 Place Jean Charbonnel, H\u00f4tel de Ville BP 80433 \u2013 19312 Brive Cedex) ou par t\u00e9l\u00e9phone au 05 55 18 16 36 \/ 05 55 18 16 37.<br \/>\nNB : Dates pr\u00e9vues pour les prochaines \u00e9lections l\u00e9gislatives : 12 juin 2022 (1er tour) et 19 juin 2022 (2\u00e8me tour).[\/vc_cta][\/vc_column_inner][\/vc_row_inner][\/vc_tta_section][\/vc_tta_accordion][\/vc_column][\/vc_row][vc_row css=&#8221;.vc_custom_1487605234743{background-color: #f7f7f7 !important;}&#8221;][vc_column]<div class=\"uxb-exte\"><h3 class=\"   has-line   uxb-heading\">Formalit\u00e9s administratives diverses<\/h3><\/div>[vc_tta_accordion style=&#8221;classic&#8221; shape=&#8221;square&#8221; color=&#8221;white&#8221; spacing=&#8221;10&#8243; c_icon=&#8221;chevron&#8221; active_section=&#8221;&#8221; no_fill=&#8221;true&#8221; collapsible_all=&#8221;true&#8221;][vc_tta_section tab_id=&#8221;1487603216916-de6d8794-284e&#8221; title=&#8221;Recensement militaire&#8221;][vc_column_text]<\/p>\n<p>Tous les jeunes, gar\u00e7ons et filles doivent se faire recenser entre la date \u00e0 laquelle ils atteignent l\u2019\u00e2ge de 16 ans et la fin du troisi\u00e8me mois suivant, \u00e0 la mairie de leur domicile ou au consulat s\u2019ils r\u00e9sident \u00e0 l\u2019\u00e9tranger. Une attestation de recensement leur est remise \u00e0 cette occasion.<\/p>\n<p>[\/vc_column_text][\/vc_tta_section][vc_tta_section title=&#8221;Certificat d&#8217;union libre ou de concubinage&#8221; tab_id=&#8221;1487603267695-ed70f4be-5fd1&#8243;][vc_column_text]<\/p>\n<p>S\u2019adresser \u00e0 la mairie du domicile, service des affaires g\u00e9n\u00e9rales, une simple attestation sur papier libre est suffisante, en pr\u00e9cisant les noms, pr\u00e9noms, la date et le lieu de naissance ainsi que l\u2019adresse des int\u00e9ress\u00e9s; elle devra \u00e9galement \u00eatre dat\u00e9e et sign\u00e9e par les d\u00e9clarants.<\/p>\n<p>[\/vc_column_text][\/vc_tta_section][vc_tta_section title=&#8221;L\u00e9galisation de signature&#8221; tab_id=&#8221;1487603269325-7fe8ba46-c42f&#8221;][vc_column_text]<\/p>\n<p>S\u2019adresser \u00e0 la mairie du domicile, service des affaires g\u00e9n\u00e9rales, muni d\u2019une pi\u00e8ce d\u2019identit\u00e9 (la signature \u00e0 l\u00e9galiser doit \u00eatre effectu\u00e9e devant un employ\u00e9 municipal).<\/p>\n<p>[\/vc_column_text][\/vc_tta_section][vc_tta_section title=&#8221;Cimeti\u00e8res&#8221; tab_id=&#8221;1487603271006-513241ad-338a&#8221;][vc_column_text]<\/p>\n<h2><strong>CIMETI\u00c8RES COMMUNE DE BRIVE : <\/strong><\/h2>\n<p>S\u2019adresser \u00e0 la mairie, service des cimeti\u00e8res, pour la gestion des concessions (achat, renouvellement), ou pour les exhumations et inhumations.<\/p>\n<p>Il y a 3 cimeti\u00e8res :<\/p>\n<ul>\n<li>Cimeti\u00e8re Thiers, Avenue Georges Pompidou. T\u00e9l : 05 55 17 04 24<\/li>\n<li>Cimeti\u00e8re d\u2019Estavel, Rue Georges Braque. T\u00e9l : 05 55 86 94 47<\/li>\n<li>Cimeti\u00e8re de la Fournade, Rue Louis Taurisson. T\u00e9l : 05 55 86 00 37<\/li>\n<\/ul>\n<h2>Reprise administrative des concessions perp\u00e9tuelles<\/h2>\n<p>La Ville de Brive informe qu\u2019une proc\u00e9dure de reprise de concessions d\u00e9livr\u00e9es \u00e0 titre perp\u00e9tuel caract\u00e9ris\u00e9es par des signes ext\u00e9rieurs d\u2019abandon a \u00e9t\u00e9 engag\u00e9e en 2023 au cimeti\u00e8re Thiers sis avenue Georges Pompidou \u00e0 Brive (19100).<\/p>\n<p>La liste de ces concessions est affich\u00e9e aux entr\u00e9es du cimeti\u00e8re Thiers et en Mairie.<\/p>\n<p>Conform\u00e9ment \u00e0 la r\u00e9glementation, le 2\u00e8me constat d\u2019abandon sera effectu\u00e9 sur place, au cimeti\u00e8re Thiers,<strong> le 23 octobre 2024, \u00e0 partir de 9h00.<\/strong><br \/>\nToutes personnes concern\u00e9es par ces s\u00e9pultures (descendants ou successeurs du concessionnaire, personnes charg\u00e9es de l\u2019entretien de la concession ou mandataires d\u00fbment autoris\u00e9s par \u00e9crit) sont invit\u00e9es \u00e0 y assister.<\/p>\n<p>Pour tous renseignements, s\u2019adresser directement au service des Affaires G\u00e9n\u00e9rales de la Mairie de Brive (p\u00f4le \u00ab Gestion des Cimeti\u00e8res \u00bb \u2013 Place Jean Charbonnel, H\u00f4tel de Ville BP 80433 \u2013 19312 Brive Cedex) ou par t\u00e9l\u00e9phone au 05 55 18 16 36 \/ 05 55 18 16 37.<\/p>\n<p>&nbsp;<\/p>\n<p><strong>REPRISE ADMINISTRATIVE DES CONCESSIONS \u00c9CHUES ET NON RENOUVEL\u00c9ES<\/strong><\/p>\n<p>Les concessions des cimeti\u00e8res THIERS, ESTAVEL, LA FOURNADE, \u00e9chues et non renouvel\u00e9es par les familles, depuis plus de 2 ans, feront l\u2019objet d\u2019une reprise administrative par la Commune, <strong>\u00e0 partir du 15 janvier 2023<\/strong>.<\/p>\n<p>A partir de cette date\u00a0:<\/p>\n<ul>\n<li>les objets fun\u00e9raires qui existent sur les emplacements vis\u00e9s ci-dessus et qui n\u2019auront pas \u00e9t\u00e9 retir\u00e9s par les familles seront d\u00e9barrass\u00e9s par les soins de la Commune qui pourra en disposer pour l\u2019entretien et l\u2019am\u00e9lioration des cimeti\u00e8res\u00a0;<\/li>\n<\/ul>\n<p>&nbsp;<\/p>\n<ul>\n<li>\u00e0 d\u00e9faut pour les familles d\u2019avoir fait proc\u00e9der dans les conditions r\u00e9glementaires \u00e0 l\u2019exhumation des restes mortels avant la date fix\u00e9e pour la reprise des terrains, ceux-ci seront recueillis et d\u00e9pos\u00e9s, avec toute la d\u00e9cence convenable, dans l\u2019ossuaire sp\u00e9cialement am\u00e9nag\u00e9 \u00e0 cet effet, dans chaque cimeti\u00e8re communal.<\/li>\n<\/ul>\n<p>Pour tous renseignements, s\u2019adresser directement au<strong> service des Affaires G\u00e9n\u00e9rales de la Mairie de Brive (p\u00f4le \u00ab\u00a0Gestion des Cimeti\u00e8res\u00a0\u00bb<\/strong> \u2013 Place Jean Charbonnel, H\u00f4tel de Ville BP 80433 \u2013 19312 Brive Cedex) ou par t\u00e9l\u00e9phone au <strong>05 55 18 16 36 \/ 05 55 18 16 37<\/strong>.[\/vc_column_text][\/vc_tta_section][vc_tta_section title=&#8221;Attestation d&#8217;accueil&#8221; tab_id=&#8221;1487603272592-7df8d6b9-817f&#8221;][vc_column_text]<\/p>\n<p>Un document essentiel pour l\u2019accueil des \u00e9trangers en France. S\u2019adresser \u00e0 la mairie du domicile, service des affaires g\u00e9n\u00e9rales, muni d\u2019une pi\u00e8ce d\u2019identit\u00e9, de deux justificatifs de domicile et les coordonn\u00e9es de la personne souhaitant s\u00e9journer en France.<\/p>\n<p>[\/vc_column_text][\/vc_tta_section][vc_tta_section title=&#8221;Objets trouv\u00e9s&#8221; tab_id=&#8221;1487603273919-2e074c21-9b1a&#8221;][vc_column_text]<\/p>\n<p>Ils sont conserv\u00e9s pendant un an et remis, si elle en fait la d\u00e9marche, \u00e0 la personne ayant d\u00e9clar\u00e9 son identit\u00e9 lors du d\u00e9p\u00f4t de l\u2019objet.<\/p>\n<p>[\/vc_column_text][\/vc_tta_section][vc_tta_section title=&#8221;Permis de chasse&#8221; tab_id=&#8221;1487603275399-1bce8771-9a1f&#8221;][vc_column_text]<\/p>\n<p>Depuis 2000, le renouvellement du permis de chasser n\u2019est plus assur\u00e9 par les mairies. Il faut remplir un formulaire de validation de permis de chasse disponible aupr\u00e8s de la f\u00e9d\u00e9ration des chasseurs de la Corr\u00e8ze \u00e0 Tulle : t\u00e9l : 05.55.29.95.75.<\/p>\n<p>[\/vc_column_text][\/vc_tta_section][vc_tta_section title=&#8221;Recencement citoyen&#8221; tab_id=&#8221;1487603276941-28cfc00c-0f0d&#8221;][vc_column_text]<strong>Tous les jeunes fran\u00e7ais, gar\u00e7ons et filles, doivent se faire recenser \u00e0 la mairie de leur domicile.<\/strong><\/p>\n<div class=\"wpb_text_column wpb_content_element \">\n<div class=\"wpb_wrapper\">\n<p><strong>Cette d\u00e9marche doit s\u2019effectuer le mois de leur seizi\u00e8me anniversaire et dans les trois mois suivants.<\/strong><\/p>\n<p><strong>Vous devez vous munir des pi\u00e8ces suivantes\u00a0:<\/strong><\/p>\n<ul>\n<li>d\u2019une pi\u00e8ce d\u2019identit\u00e9 (carte nationale d\u2019identit\u00e9 ou passeport).<\/li>\n<li>du livret de famille de vos parents.<\/li>\n<li>d\u2019un justificatif de domicile.<\/li>\n<\/ul>\n<p>La mairie vous remettra une attestation de recensement qu\u2019il est primordial de conserver dans l\u2019attente de la convocation \u00e0 la Journ\u00e9e d\u00e9fense et citoyennet\u00e9.<\/p>\n<p>Cette attestation vous sera r\u00e9clam\u00e9e, notamment, lors de l\u2019inscription \u00e0 la conduite accompagn\u00e9e ou de tous examens et concours soumis au contr\u00f4le de l\u2019autorit\u00e9 publique.<\/p>\n<p>Vous pouvez \u00e9galement effectuer cette d\u00e9marche en ligne sur le site \u00ab\u00a0service-public.fr\u00a0\u00bb<\/p>\n<p><em><a href=\"https:\/\/mdel.mon.service-public.fr\/recensement-citoyen.html\" target=\"_blank\" rel=\"noopener noreferrer\">Acc\u00e9der au site &gt;&gt;&gt; <\/a><\/em><\/p>\n<p><i><a href=\"http:\/\/www.defense.gouv.fr\/educadef\/defense-et-citoyennete\/parcours-de-citoyennete\" target=\"_blank\" rel=\"noopener noreferrer\">Plus d\u2019infos : le parcours citoyennet\u00e9 <\/a><\/i><br \/>\n[\/vc_column_text][\/vc_tta_section][vc_tta_section title=&#8221;Recencement de la population en 2016&#8243; tab_id=&#8221;1508493143385-faaa864c-0f24&#8243;][\/vc_tta_section][\/vc_tta_accordion][vc_column_text]<\/p>\n<\/div>\n<\/div>\n<p>[\/vc_column_text][\/vc_column][\/vc_row][vc_row css=&#8221;.vc_custom_1508493734939{background-color: #f7f7f7 !important;}&#8221;][vc_column][vc_tta_accordion style=&#8221;modern&#8221; shape=&#8221;square&#8221; color=&#8221;white&#8221; spacing=&#8221;10&#8243; c_icon=&#8221;chevron&#8221; active_section=&#8221;&#8221; no_fill=&#8221;true&#8221; collapsible_all=&#8221;true&#8221;][vc_tta_section title=&#8221;Recencement de la population en 2023&#8243; tab_id=&#8221;1508493418469-7468ad84-1afd&#8221;][vc_row_inner][vc_column_inner][vc_single_image image=&#8221;48493&#8243;][vc_column_text]<strong>Le recensement est utile<\/strong> pour vivre aujourd\u2019hui et construire demain !<\/p>\n<p>Les chiffres du recensement de la population permettent de conna\u00eetre les besoins de la population actuelle (transports, logements, \u00e9coles, \u00e9tablissements de sant\u00e9 et de retraite, etc.) et de <strong>construire l&#8217;avenir en d\u00e9terminant le budget des communes<\/strong>.<\/p>\n<p><strong>Le recensement est obligatoire<\/strong> et a lieu tous les ans. Ceux qui seront recens\u00e9 cette ann\u00e9e, seront pr\u00e9venus par la mairie.Les \u00e9trangers sont concern\u00e9s s\u2019il r\u00e9side en France depuis un an.<\/p>\n<p><strong>C\u2019est encore plus simple sur Internet !<\/strong><br \/>\nDes codes seront remis pour se recenser <strong>\u00e0 compter du 19 janvier 2023<\/strong>.<\/p>\n<p><strong>C&#8217;est s\u00fbr !<\/strong><br \/>\nLes donn\u00e9es sont prot\u00e9g\u00e9es. L\u2019Insee est le seul organisme habilit\u00e9 \u00e0 exploiter les questionnaires et cela de fa\u00e7on anonyme.<\/p>\n<p>Pour en savoir plus <a href=\"http:\/\/le-recensement-et-moi.fr\/\" target=\"_blank\" rel=\"noopener\">le-recensement-et-moi.fr<\/a> ou se renseigner aupr\u00e8s de la mairie.<\/p>\n<p>Le recensement de la population est <strong>gratuit !<\/strong>[\/vc_column_text][\/vc_column_inner][\/vc_row_inner][\/vc_tta_section][\/vc_tta_accordion][\/vc_column][\/vc_row][vc_row][vc_column][vc_column_text]<\/p>\n<div style=\"padding: 3px;border: 3px solid #5aa1e3\">\n<div style=\"padding: 3px;background-color: #f7f7f7;text-align: center\">Vous recherchez des informations administratives ?\u00a0pour conna\u00eetre vos droits, r\u00e9aliser et suivre vos d\u00e9marches en ligne, voir le site<\/div>\n<div style=\"padding: 3px;background-color: #f7f7f7;text-align: center\"><a href=\"https:\/\/www.service-public.fr\/\" target=\"_blank\" rel=\"noopener noreferrer\">Service public.fr<\/a><\/div>\n<\/div>\n<p>[\/vc_column_text][\/vc_column][\/vc_row]<\/p>\n","protected":false},"excerpt":{"rendered":"<p>[vc_row][vc_column width=&#8221;1\/2&#8243;][vc_column_text css_animation=&#8221;bounceIn&#8221;] Pour les demandes de carte d&#8217;identit\u00e9 et passeport&#8230; [\/vc_column_text][\/vc_column][vc_column width=&#8221;1\/2&#8243;][vc_column_text css_animation=&#8221;bounceIn&#8221;] Pour toutes les autres d\u00e9marches&#8230; [\/vc_column_text][\/vc_column][\/vc_row][vc_row disable_element=&#8221;yes&#8221;][vc_column][vc_cta h2=&#8221;Pont de l\u2019Ascension&#8221; style=&#8221;outline&#8221; color=&#8221;vista-blue&#8221;]\u00c9LECTIONS D\u00c9PARTEMENTALES ET R\u00c9GIONALES SCRUTINS &#8230; <\/p>\n","protected":false},"author":3,"featured_media":0,"parent":0,"menu_order":0,"comment_status":"closed","ping_status":"closed","template":"","meta":[],"yoast_head":"<!-- This site is optimized with the Yoast SEO plugin v17.8 - https:\/\/yoast.com\/wordpress\/plugins\/seo\/ -->\n<title>D\u00e9marches administratives - Ville de Brive<\/title>\n<meta name=\"robots\" content=\"index, follow, max-snippet:-1, max-image-preview:large, max-video-preview:-1\" \/>\n<link rel=\"canonical\" href=\"http:\/\/740jw955i52c.brive.org\/index.php\/demarches-administratives\/\" \/>\n<meta property=\"og:locale\" content=\"fr_FR\" \/>\n<meta property=\"og:type\" content=\"article\" \/>\n<meta property=\"og:title\" content=\"D\u00e9marches administratives - Ville de Brive\" \/>\n<meta property=\"og:description\" content=\"[vc_row][vc_column width=&#8221;1\/2&#8243;][vc_column_text css_animation=&#8221;bounceIn&#8221;] Pour les demandes de carte d&#8217;identit\u00e9 et passeport&#8230; [\/vc_column_text][\/vc_column][vc_column width=&#8221;1\/2&#8243;][vc_column_text css_animation=&#8221;bounceIn&#8221;] Pour toutes les autres d\u00e9marches&#8230; [\/vc_column_text][\/vc_column][\/vc_row][vc_row disable_element=&#8221;yes&#8221;][vc_column][vc_cta h2=&#8221;Pont de l\u2019Ascension&#8221; style=&#8221;outline&#8221; color=&#8221;vista-blue&#8221;]\u00c9LECTIONS D\u00c9PARTEMENTALES ET R\u00c9GIONALES SCRUTINS ...\" \/>\n<meta property=\"og:url\" content=\"http:\/\/740jw955i52c.brive.org\/index.php\/demarches-administratives\/\" \/>\n<meta property=\"og:site_name\" content=\"Ville de Brive\" \/>\n<meta property=\"article:modified_time\" content=\"2024-09-12T07:31:45+00:00\" \/>\n<meta property=\"og:image\" content=\"http:\/\/740jw955i52c.brive.org\/wp-content\/uploads\/2020\/11\/Bouton-Prendre-RDV-Etat-Civil-Ville-de-Brive.png\" \/>\n<meta name=\"twitter:card\" content=\"summary_large_image\" \/>\n<meta name=\"twitter:label1\" content=\"Dur\u00e9e de lecture estim\u00e9e\" \/>\n\t<meta name=\"twitter:data1\" content=\"20 minutes\" \/>\n<script type=\"application\/ld+json\" class=\"yoast-schema-graph\">{\"@context\":\"https:\/\/schema.org\",\"@graph\":[{\"@type\":\"WebSite\",\"@id\":\"http:\/\/740jw955i52c.brive.org\/#website\",\"url\":\"http:\/\/740jw955i52c.brive.org\/\",\"name\":\"Ville de Brive\",\"description\":\"Bienvenue sur le site de la ville de Brive-la-Gaillarde. Vous y trouverez l&#039;actualit\\u00e9 de la commune, des informations pratiques et vos d\\u00e9marches administratives.\",\"potentialAction\":[{\"@type\":\"SearchAction\",\"target\":{\"@type\":\"EntryPoint\",\"urlTemplate\":\"http:\/\/740jw955i52c.brive.org\/?s={search_term_string}\"},\"query-input\":\"required name=search_term_string\"}],\"inLanguage\":\"fr-FR\"},{\"@type\":\"ImageObject\",\"@id\":\"http:\/\/740jw955i52c.brive.org\/index.php\/demarches-administratives\/#primaryimage\",\"inLanguage\":\"fr-FR\",\"url\":\"http:\/\/740jw955i52c.brive.org\/wp-content\/uploads\/2020\/11\/Bouton-Prendre-RDV-Etat-Civil-Ville-de-Brive.png\",\"contentUrl\":\"http:\/\/740jw955i52c.brive.org\/wp-content\/uploads\/2020\/11\/Bouton-Prendre-RDV-Etat-Civil-Ville-de-Brive.png\",\"width\":300,\"height\":140},{\"@type\":\"WebPage\",\"@id\":\"http:\/\/740jw955i52c.brive.org\/index.php\/demarches-administratives\/#webpage\",\"url\":\"http:\/\/740jw955i52c.brive.org\/index.php\/demarches-administratives\/\",\"name\":\"D\\u00e9marches administratives - Ville de Brive\",\"isPartOf\":{\"@id\":\"http:\/\/740jw955i52c.brive.org\/#website\"},\"primaryImageOfPage\":{\"@id\":\"http:\/\/740jw955i52c.brive.org\/index.php\/demarches-administratives\/#primaryimage\"},\"datePublished\":\"2016-01-19T10:29:53+00:00\",\"dateModified\":\"2024-09-12T07:31:45+00:00\",\"breadcrumb\":{\"@id\":\"http:\/\/740jw955i52c.brive.org\/index.php\/demarches-administratives\/#breadcrumb\"},\"inLanguage\":\"fr-FR\",\"potentialAction\":[{\"@type\":\"ReadAction\",\"target\":[\"http:\/\/740jw955i52c.brive.org\/index.php\/demarches-administratives\/\"]}]},{\"@type\":\"BreadcrumbList\",\"@id\":\"http:\/\/740jw955i52c.brive.org\/index.php\/demarches-administratives\/#breadcrumb\",\"itemListElement\":[{\"@type\":\"ListItem\",\"position\":1,\"name\":\"Accueil\",\"item\":\"http:\/\/740jw955i52c.brive.org\/\"},{\"@type\":\"ListItem\",\"position\":2,\"name\":\"D\\u00e9marches administratives\"}]}]}<\/script>\n<!-- \/ Yoast SEO plugin. -->","yoast_head_json":{"title":"D\u00e9marches administratives - Ville de Brive","robots":{"index":"index","follow":"follow","max-snippet":"max-snippet:-1","max-image-preview":"max-image-preview:large","max-video-preview":"max-video-preview:-1"},"canonical":"http:\/\/740jw955i52c.brive.org\/index.php\/demarches-administratives\/","og_locale":"fr_FR","og_type":"article","og_title":"D\u00e9marches administratives - Ville de Brive","og_description":"[vc_row][vc_column width=&#8221;1\/2&#8243;][vc_column_text css_animation=&#8221;bounceIn&#8221;] Pour les demandes de carte d&#8217;identit\u00e9 et passeport&#8230; [\/vc_column_text][\/vc_column][vc_column width=&#8221;1\/2&#8243;][vc_column_text css_animation=&#8221;bounceIn&#8221;] Pour toutes les autres d\u00e9marches&#8230; [\/vc_column_text][\/vc_column][\/vc_row][vc_row disable_element=&#8221;yes&#8221;][vc_column][vc_cta h2=&#8221;Pont de l\u2019Ascension&#8221; style=&#8221;outline&#8221; color=&#8221;vista-blue&#8221;]\u00c9LECTIONS D\u00c9PARTEMENTALES ET R\u00c9GIONALES SCRUTINS ...","og_url":"http:\/\/740jw955i52c.brive.org\/index.php\/demarches-administratives\/","og_site_name":"Ville de Brive","article_modified_time":"2024-09-12T07:31:45+00:00","og_image":[{"url":"http:\/\/740jw955i52c.brive.org\/wp-content\/uploads\/2020\/11\/Bouton-Prendre-RDV-Etat-Civil-Ville-de-Brive.png"}],"twitter_card":"summary_large_image","twitter_misc":{"Dur\u00e9e de lecture estim\u00e9e":"20 minutes"},"schema":{"@context":"https:\/\/schema.org","@graph":[{"@type":"WebSite","@id":"http:\/\/740jw955i52c.brive.org\/#website","url":"http:\/\/740jw955i52c.brive.org\/","name":"Ville de Brive","description":"Bienvenue sur le site de la ville de Brive-la-Gaillarde. Vous y trouverez l&#039;actualit\u00e9 de la commune, des informations pratiques et vos d\u00e9marches administratives.","potentialAction":[{"@type":"SearchAction","target":{"@type":"EntryPoint","urlTemplate":"http:\/\/740jw955i52c.brive.org\/?s={search_term_string}"},"query-input":"required name=search_term_string"}],"inLanguage":"fr-FR"},{"@type":"ImageObject","@id":"http:\/\/740jw955i52c.brive.org\/index.php\/demarches-administratives\/#primaryimage","inLanguage":"fr-FR","url":"http:\/\/740jw955i52c.brive.org\/wp-content\/uploads\/2020\/11\/Bouton-Prendre-RDV-Etat-Civil-Ville-de-Brive.png","contentUrl":"http:\/\/740jw955i52c.brive.org\/wp-content\/uploads\/2020\/11\/Bouton-Prendre-RDV-Etat-Civil-Ville-de-Brive.png","width":300,"height":140},{"@type":"WebPage","@id":"http:\/\/740jw955i52c.brive.org\/index.php\/demarches-administratives\/#webpage","url":"http:\/\/740jw955i52c.brive.org\/index.php\/demarches-administratives\/","name":"D\u00e9marches administratives - Ville de Brive","isPartOf":{"@id":"http:\/\/740jw955i52c.brive.org\/#website"},"primaryImageOfPage":{"@id":"http:\/\/740jw955i52c.brive.org\/index.php\/demarches-administratives\/#primaryimage"},"datePublished":"2016-01-19T10:29:53+00:00","dateModified":"2024-09-12T07:31:45+00:00","breadcrumb":{"@id":"http:\/\/740jw955i52c.brive.org\/index.php\/demarches-administratives\/#breadcrumb"},"inLanguage":"fr-FR","potentialAction":[{"@type":"ReadAction","target":["http:\/\/740jw955i52c.brive.org\/index.php\/demarches-administratives\/"]}]},{"@type":"BreadcrumbList","@id":"http:\/\/740jw955i52c.brive.org\/index.php\/demarches-administratives\/#breadcrumb","itemListElement":[{"@type":"ListItem","position":1,"name":"Accueil","item":"http:\/\/740jw955i52c.brive.org\/"},{"@type":"ListItem","position":2,"name":"D\u00e9marches administratives"}]}]}},"_links":{"self":[{"href":"http:\/\/740jw955i52c.brive.org\/index.php\/wp-json\/wp\/v2\/pages\/4020"}],"collection":[{"href":"http:\/\/740jw955i52c.brive.org\/index.php\/wp-json\/wp\/v2\/pages"}],"about":[{"href":"http:\/\/740jw955i52c.brive.org\/index.php\/wp-json\/wp\/v2\/types\/page"}],"author":[{"embeddable":true,"href":"http:\/\/740jw955i52c.brive.org\/index.php\/wp-json\/wp\/v2\/users\/3"}],"replies":[{"embeddable":true,"href":"http:\/\/740jw955i52c.brive.org\/index.php\/wp-json\/wp\/v2\/comments?post=4020"}],"version-history":[{"count":271,"href":"http:\/\/740jw955i52c.brive.org\/index.php\/wp-json\/wp\/v2\/pages\/4020\/revisions"}],"predecessor-version":[{"id":53385,"href":"http:\/\/740jw955i52c.brive.org\/index.php\/wp-json\/wp\/v2\/pages\/4020\/revisions\/53385"}],"wp:attachment":[{"href":"http:\/\/740jw955i52c.brive.org\/index.php\/wp-json\/wp\/v2\/media?parent=4020"}],"curies":[{"name":"wp","href":"https:\/\/api.w.org\/{rel}","templated":true}]}}