{"id":388,"date":"2015-10-05T09:23:17","date_gmt":"2015-10-05T07:23:17","guid":{"rendered":"http:\/\/740jw955i52c.brive.org?page_id=388"},"modified":"2024-02-20T16:20:58","modified_gmt":"2024-02-20T15:20:58","slug":"habitat-jeunes","status":"publish","type":"page","link":"http:\/\/740jw955i52c.brive.org\/index.php\/habitat-jeunes\/","title":{"rendered":"Habitat Jeunes"},"content":{"rendered":"<p>[vc_row][vc_column][vc_tta_tabs style=&#8221;modern&#8221; spacing=&#8221;30&#8243; active_section=&#8221;1&#8243; pagination_style=&#8221;outline-square&#8221; pagination_color=&#8221;sky&#8221;][vc_tta_section i_icon_fontawesome=&#8221;fa fa-home&#8221; add_icon=&#8221;true&#8221; tab_id=&#8221;1487066361085-21b125c4-14a6&#8243;][vc_row_inner][vc_column_inner][vc_column_text]<\/p>\n<p style=\"text-align: justify\">Le <strong>Service Habitat Jeunes<\/strong> a pour missions d\u2019<strong>accueillir des jeunes de 16 \u00e0 30 ans<\/strong> en cours d\u2019insertion sociale et professionnelle, de leur permettre d\u2019acc\u00e9der \u00e0 l\u2019autonomie par un accompagnement dans la vie quotidienne, la mobilit\u00e9, l\u2019emploi, la formation, la sant\u00e9, la culture et les loisirs. Le service vise \u00e0 r\u00e9pondre aux besoins des jeunes en mati\u00e8re de logement en proposant un accompagnement sp\u00e9cifique dans la r\u00e9sidence ou en sous-location.<\/p>\n<p>[\/vc_column_text][vc_single_image image=&#8221;30242&#8243; alignment=&#8221;center&#8221;][\/vc_column_inner][\/vc_row_inner][\/vc_tta_section][vc_tta_section title=&#8221;Logement&#8221; tab_id=&#8221;1487066267225-920e141b-15c4&#8243;][vc_row_inner][vc_column_inner width=&#8221;1\/2&#8243;][vc_column_text]<\/p>\n<p style=\"text-align: justify\">Situ\u00e9 dans un quartier calme, proche du centre-ville et des complexes sportifs, le<strong> Service Habitat Jeunes de Brive<\/strong> est agr\u00e9\u00e9 r\u00e9sidence sociale au titre de la loi 2002.2 pour 64 chambres (dont 2 chambres pour personnes \u00e0 mobilit\u00e9 r\u00e9duite) ouvrant droit aux APL. Des intervenants sociaux vous accompagnent dans vos demandes d\u2019aides d\u00e8s votre entr\u00e9e.<\/p>\n<p style=\"text-align: justify\">Ces logements de type T1 de 11 m2 sont \u00e9quip\u00e9s d\u2019un lit, d\u2019un bureau, d\u2019une salle d\u2019eau avec douche et WC.<\/p>\n<p style=\"text-align: justify\">La redevance mensuelle comprend : petit d\u00e9jeuner, kit literie hebdomadaire, eau, \u00e9lectricit\u00e9, chauffage.<\/p>\n<p style=\"text-align: justify\">La r\u00e9sidence est s\u00e9curis\u00e9e par un contr\u00f4le d\u2019acc\u00e8s et du personnel est pr\u00e9sent 24h\/24, 7j\/7.<\/p>\n<p><strong>Le service habitat jeunes<\/strong> propose \u00e9galement en acc\u00e8s libre :<\/p>\n<ul>\n<li>Une cuisine partag\u00e9e<\/li>\n<li>Une buanderie : lave-linge, s\u00e8che-linge<\/li>\n<li>Un salon partag\u00e9 : tv, journaux, billard, jeux de soci\u00e9t\u00e9, baby-foot<\/li>\n<li>Un parking et un garage \u00e0 v\u00e9lo s\u00e9curis\u00e9<\/li>\n<\/ul>\n<p>Le wifi gratuit[\/vc_column_text][\/vc_column_inner][vc_column_inner width=&#8221;1\/2&#8243;][vc_images_carousel images=&#8221;30241,24446,24447&#8243; img_size=&#8221;full&#8221; speed=&#8221;3000&#8243; autoplay=&#8221;yes&#8221; hide_prev_next_buttons=&#8221;yes&#8221; wrap=&#8221;yes&#8221;][\/vc_column_inner][\/vc_row_inner][\/vc_tta_section][vc_tta_section title=&#8221;Accompagnement&#8221; tab_id=&#8221;1487066267396-4e02aa78-92d8&#8243;][vc_row_inner][vc_column_inner width=&#8221;1\/2&#8243;][vc_column_text]<\/p>\n<p style=\"text-align: justify\"><strong>Le service habitat jeunes<\/strong> vous accompagne dans tous les actes de la vie quotidienne : habitat, insertion professionnelle, budget, sant\u00e9, \u2026<\/p>\n<p style=\"text-align: justify\">Des actions collectives et individuelles sont r\u00e9guli\u00e8rement programm\u00e9es autour de th\u00e8mes vari\u00e9s s\u2019inscrivant dans les objectifs du service en lien avec les r\u00e9sidents (mobilit\u00e9, logement, citoyennet\u00e9, culture et patrimoine, environnement, sport ..).<\/p>\n<p style=\"text-align: justify\"><strong>Un conseil de la vie sociale<\/strong> est institu\u00e9 et permet d\u2019associer repr\u00e9sentants des r\u00e9sidents, du personnel et de l\u2019organisme gestionnaire, pour toute question int\u00e9ressant le fonctionnement de la structure.<\/p>\n<p>[\/vc_column_text][\/vc_column_inner][vc_column_inner width=&#8221;1\/2&#8243;][vc_images_carousel images=&#8221;24445&#8243; img_size=&#8221;full&#8221; speed=&#8221;3000&#8243; autoplay=&#8221;yes&#8221; hide_prev_next_buttons=&#8221;yes&#8221; wrap=&#8221;yes&#8221;][\/vc_column_inner][\/vc_row_inner][\/vc_tta_section][vc_tta_section title=&#8221;Restauration&#8221; tab_id=&#8221;1487066527728-b9b09f2f-5dc5&#8243;][vc_row_inner][vc_column_inner width=&#8221;1\/2&#8243;][vc_column_text]<\/p>\n<p style=\"text-align: justify\">L\u2019\u00e9tablissement dispose d\u2019<strong>un self<\/strong> ouvert matin, midi et soir du lundi au vendredi, ainsi que le samedi matin, samedi midi et dimanche matin. Il est possible de prendre un repas \u00e0 emporter en cas de contraintes professionnelles ou personnelles.<\/p>\n<p style=\"text-align: justify\">Le service met \u00e9galement \u00e0 disposition <strong>une cuisine partag\u00e9e<\/strong> toute \u00e9quip\u00e9e accessible en journ\u00e9e et le soir.<\/p>\n<p style=\"text-align: justify\">Lors de l\u2019admission, un forfait 10 repas est obligatoirement contract\u00e9 et utilisable \u00e0 la convenance du r\u00e9sident. Des repas suppl\u00e9mentaires sont possibles.<\/p>\n<p style=\"text-align: justify\"><strong>Le service restauration<\/strong> est \u00e9galement ouvert le midi aux agents de la collectivit\u00e9 et accepte les titres restaurant.<\/p>\n<p style=\"text-align: justify\">Les menus sont disponibles sur les pages <a href=\"https:\/\/www.facebook.com\/ServiceHabitatJeunesBrive\" target=\"_blank\" rel=\"noopener\">Facebook<\/a> et <a href=\"https:\/\/www.instagram.com\/shajbrive\/\" target=\"_blank\" rel=\"noopener\">Instagram<\/a>.<\/p>\n<p>[\/vc_column_text][\/vc_column_inner][vc_column_inner width=&#8221;1\/2&#8243;][vc_images_carousel images=&#8221;24449,24448&#8243; img_size=&#8221;full&#8221; speed=&#8221;3000&#8243; autoplay=&#8221;yes&#8221; hide_prev_next_buttons=&#8221;yes&#8221; wrap=&#8221;yes&#8221;][\/vc_column_inner][\/vc_row_inner][\/vc_tta_section][vc_tta_section title=&#8221;Conditions d&#8217;admission&#8221; tab_id=&#8221;1487066583045-679a9718-2fd4&#8243;][vc_row_inner][vc_column_inner width=&#8221;1\/2&#8243;][vc_column_text]<strong>\u00catre \u00e2g\u00e9 de 16 \u00e0 30 ans<\/strong> (pour les mineurs, la d\u00e9marche doit \u00eatre accompagn\u00e9e et sign\u00e9e par le repr\u00e9sentant l\u00e9gal).<\/p>\n<ul>\n<li>\u00catre de nationalit\u00e9 fran\u00e7aise ou disposer d\u2019un titre de s\u00e9jour en cours de validit\u00e9<\/li>\n<li>Avoir un projet socioprofessionnel<\/li>\n<li>Avoir constitu\u00e9 le dossier d\u2019admission<\/li>\n<\/ul>\n<p><strong>Satisfaire aux conditions de ressources.<\/strong>[\/vc_column_text][\/vc_column_inner][vc_column_inner width=&#8221;1\/2&#8243;][vc_single_image image=&#8221;30241&#8243;][\/vc_column_inner][\/vc_row_inner][\/vc_tta_section][vc_tta_section title=&#8221;Location de salles&#8221; tab_id=&#8221;1487079449399-e25cd769-6e0b&#8221;][vc_row_inner][vc_column_inner width=&#8221;1\/2&#8243;][vc_column_text]<span style=\"color: #ffffff\">.<\/span><\/p>\n<p><span style=\"color: #ffffff\">.<\/span><\/p>\n<p>Tarifs de location des salles : <a href=\"http:\/\/740jw955i52c.brive.org\/wp-content\/uploads\/2024\/02\/2024-Location-de-salles.pdf\">2024 Location de salles<\/a>[\/vc_column_text][\/vc_column_inner][vc_column_inner width=&#8221;1\/2&#8243;][vc_images_carousel images=&#8221;24444&#8243; img_size=&#8221;full&#8221; speed=&#8221;3000&#8243; autoplay=&#8221;yes&#8221; hide_prev_next_buttons=&#8221;yes&#8221; wrap=&#8221;yes&#8221;][\/vc_column_inner][\/vc_row_inner][\/vc_tta_section][vc_tta_section title=&#8221;En savoir plus&#8221; tab_id=&#8221;1487068261051-21ff552f-faa3&#8243;][vc_row_inner][vc_column_inner width=&#8221;1\/2&#8243;][vc_empty_space height=&#8221;22px&#8221;][vc_column_text]<\/p>\n<ul>\n<li style=\"text-align: left\"><a href=\"http:\/\/740jw955i52c.brive.org\/wp-content\/uploads\/2024\/02\/Livret-daccueil.pdf\">Livret d&#8217;accueil<\/a><\/li>\n<li style=\"text-align: left\"><a href=\"http:\/\/740jw955i52c.brive.org\/wp-content\/uploads\/2024\/02\/2024-tarifs-pieces-exigees.pdf\">2024 tarifs + pi\u00e8ces exig\u00e9es<\/a><\/li>\n<li style=\"text-align: left\"><a href=\"http:\/\/740jw955i52c.brive.org\/wp-content\/uploads\/2024\/02\/2024-Location-de-salles-1.pdf\">2024 Location de salles<\/a><\/li>\n<li style=\"text-align: left\"><a href=\"http:\/\/740jw955i52c.brive.org\/wp-content\/uploads\/2024\/02\/Reglement-de-fonctionnement.pdf\">R\u00e8glement de fonctionnement<\/a><\/li>\n<\/ul>\n<p>[\/vc_column_text][\/vc_column_inner][vc_column_inner width=&#8221;1\/2&#8243;][vc_images_carousel images=&#8221;12014&#8243; img_size=&#8221;full&#8221; speed=&#8221;3000&#8243; autoplay=&#8221;yes&#8221; hide_prev_next_buttons=&#8221;yes&#8221; wrap=&#8221;yes&#8221;][\/vc_column_inner][\/vc_row_inner][\/vc_tta_section][\/vc_tta_tabs][\/vc_column][\/vc_row][vc_row][vc_column width=&#8221;1\/3&#8243;][vc_btn title=&#8221;Retour&#8221; style=&#8221;classic&#8221; shape=&#8221;rounded&#8221; size=&#8221;sm&#8221; align=&#8221;left&#8221; link=&#8221;url:http%3A%2F%2F740jw955i52c.brive.org%2Findex.php%2Fsocial%2F||&#8221;][\/vc_column][vc_column width=&#8221;2\/3&#8243;][\/vc_column][\/vc_row]<\/p>\n","protected":false},"excerpt":{"rendered":"<p>[vc_row][vc_column][vc_tta_tabs style=&#8221;modern&#8221; spacing=&#8221;30&#8243; active_section=&#8221;1&#8243; pagination_style=&#8221;outline-square&#8221; pagination_color=&#8221;sky&#8221;][vc_tta_section i_icon_fontawesome=&#8221;fa fa-home&#8221; add_icon=&#8221;true&#8221; tab_id=&#8221;1487066361085-21b125c4-14a6&#8243;][vc_row_inner][vc_column_inner][vc_column_text] Le Service Habitat Jeunes a pour missions d\u2019accueillir des jeunes de 16 \u00e0 30 ans en cours d\u2019insertion sociale et &#8230; <\/p>\n","protected":false},"author":3,"featured_media":0,"parent":0,"menu_order":0,"comment_status":"closed","ping_status":"closed","template":"","meta":[],"yoast_head":"<!-- This site is optimized with the Yoast SEO plugin v17.8 - https:\/\/yoast.com\/wordpress\/plugins\/seo\/ -->\n<title>Habitat Jeunes - Ville de Brive<\/title>\n<meta name=\"robots\" content=\"index, follow, max-snippet:-1, max-image-preview:large, max-video-preview:-1\" \/>\n<link rel=\"canonical\" href=\"http:\/\/740jw955i52c.brive.org\/index.php\/habitat-jeunes\/\" \/>\n<meta property=\"og:locale\" content=\"fr_FR\" \/>\n<meta property=\"og:type\" content=\"article\" \/>\n<meta property=\"og:title\" content=\"Habitat Jeunes - Ville de Brive\" \/>\n<meta property=\"og:description\" content=\"[vc_row][vc_column][vc_tta_tabs style=&#8221;modern&#8221; spacing=&#8221;30&#8243; active_section=&#8221;1&#8243; pagination_style=&#8221;outline-square&#8221; pagination_color=&#8221;sky&#8221;][vc_tta_section i_icon_fontawesome=&#8221;fa fa-home&#8221; add_icon=&#8221;true&#8221; tab_id=&#8221;1487066361085-21b125c4-14a6&#8243;][vc_row_inner][vc_column_inner][vc_column_text] Le Service Habitat Jeunes a pour missions d\u2019accueillir des jeunes de 16 \u00e0 30 ans en cours d\u2019insertion sociale et ...\" \/>\n<meta property=\"og:url\" content=\"http:\/\/740jw955i52c.brive.org\/index.php\/habitat-jeunes\/\" \/>\n<meta property=\"og:site_name\" content=\"Ville de Brive\" \/>\n<meta property=\"article:modified_time\" content=\"2024-02-20T15:20:58+00:00\" \/>\n<meta name=\"twitter:card\" content=\"summary_large_image\" \/>\n<meta name=\"twitter:label1\" content=\"Dur\u00e9e de lecture estim\u00e9e\" \/>\n\t<meta name=\"twitter:data1\" content=\"5 minutes\" \/>\n<script type=\"application\/ld+json\" class=\"yoast-schema-graph\">{\"@context\":\"https:\/\/schema.org\",\"@graph\":[{\"@type\":\"WebSite\",\"@id\":\"http:\/\/740jw955i52c.brive.org\/#website\",\"url\":\"http:\/\/740jw955i52c.brive.org\/\",\"name\":\"Ville de Brive\",\"description\":\"Bienvenue sur le site de la ville de Brive-la-Gaillarde. Vous y trouverez l&#039;actualit\\u00e9 de la commune, des informations pratiques et vos d\\u00e9marches administratives.\",\"potentialAction\":[{\"@type\":\"SearchAction\",\"target\":{\"@type\":\"EntryPoint\",\"urlTemplate\":\"http:\/\/740jw955i52c.brive.org\/?s={search_term_string}\"},\"query-input\":\"required name=search_term_string\"}],\"inLanguage\":\"fr-FR\"},{\"@type\":\"WebPage\",\"@id\":\"http:\/\/740jw955i52c.brive.org\/index.php\/habitat-jeunes\/#webpage\",\"url\":\"http:\/\/740jw955i52c.brive.org\/index.php\/habitat-jeunes\/\",\"name\":\"Habitat Jeunes - Ville de Brive\",\"isPartOf\":{\"@id\":\"http:\/\/740jw955i52c.brive.org\/#website\"},\"datePublished\":\"2015-10-05T07:23:17+00:00\",\"dateModified\":\"2024-02-20T15:20:58+00:00\",\"breadcrumb\":{\"@id\":\"http:\/\/740jw955i52c.brive.org\/index.php\/habitat-jeunes\/#breadcrumb\"},\"inLanguage\":\"fr-FR\",\"potentialAction\":[{\"@type\":\"ReadAction\",\"target\":[\"http:\/\/740jw955i52c.brive.org\/index.php\/habitat-jeunes\/\"]}]},{\"@type\":\"BreadcrumbList\",\"@id\":\"http:\/\/740jw955i52c.brive.org\/index.php\/habitat-jeunes\/#breadcrumb\",\"itemListElement\":[{\"@type\":\"ListItem\",\"position\":1,\"name\":\"Accueil\",\"item\":\"http:\/\/740jw955i52c.brive.org\/\"},{\"@type\":\"ListItem\",\"position\":2,\"name\":\"Habitat Jeunes\"}]}]}<\/script>\n<!-- \/ Yoast SEO plugin. -->","yoast_head_json":{"title":"Habitat Jeunes - Ville de Brive","robots":{"index":"index","follow":"follow","max-snippet":"max-snippet:-1","max-image-preview":"max-image-preview:large","max-video-preview":"max-video-preview:-1"},"canonical":"http:\/\/740jw955i52c.brive.org\/index.php\/habitat-jeunes\/","og_locale":"fr_FR","og_type":"article","og_title":"Habitat Jeunes - Ville de Brive","og_description":"[vc_row][vc_column][vc_tta_tabs style=&#8221;modern&#8221; spacing=&#8221;30&#8243; active_section=&#8221;1&#8243; pagination_style=&#8221;outline-square&#8221; pagination_color=&#8221;sky&#8221;][vc_tta_section i_icon_fontawesome=&#8221;fa fa-home&#8221; add_icon=&#8221;true&#8221; tab_id=&#8221;1487066361085-21b125c4-14a6&#8243;][vc_row_inner][vc_column_inner][vc_column_text] Le Service Habitat Jeunes a pour missions d\u2019accueillir des jeunes de 16 \u00e0 30 ans en cours d\u2019insertion sociale et ...","og_url":"http:\/\/740jw955i52c.brive.org\/index.php\/habitat-jeunes\/","og_site_name":"Ville de Brive","article_modified_time":"2024-02-20T15:20:58+00:00","twitter_card":"summary_large_image","twitter_misc":{"Dur\u00e9e de lecture estim\u00e9e":"5 minutes"},"schema":{"@context":"https:\/\/schema.org","@graph":[{"@type":"WebSite","@id":"http:\/\/740jw955i52c.brive.org\/#website","url":"http:\/\/740jw955i52c.brive.org\/","name":"Ville de Brive","description":"Bienvenue sur le site de la ville de Brive-la-Gaillarde. Vous y trouverez l&#039;actualit\u00e9 de la commune, des informations pratiques et vos d\u00e9marches administratives.","potentialAction":[{"@type":"SearchAction","target":{"@type":"EntryPoint","urlTemplate":"http:\/\/740jw955i52c.brive.org\/?s={search_term_string}"},"query-input":"required name=search_term_string"}],"inLanguage":"fr-FR"},{"@type":"WebPage","@id":"http:\/\/740jw955i52c.brive.org\/index.php\/habitat-jeunes\/#webpage","url":"http:\/\/740jw955i52c.brive.org\/index.php\/habitat-jeunes\/","name":"Habitat Jeunes - Ville de Brive","isPartOf":{"@id":"http:\/\/740jw955i52c.brive.org\/#website"},"datePublished":"2015-10-05T07:23:17+00:00","dateModified":"2024-02-20T15:20:58+00:00","breadcrumb":{"@id":"http:\/\/740jw955i52c.brive.org\/index.php\/habitat-jeunes\/#breadcrumb"},"inLanguage":"fr-FR","potentialAction":[{"@type":"ReadAction","target":["http:\/\/740jw955i52c.brive.org\/index.php\/habitat-jeunes\/"]}]},{"@type":"BreadcrumbList","@id":"http:\/\/740jw955i52c.brive.org\/index.php\/habitat-jeunes\/#breadcrumb","itemListElement":[{"@type":"ListItem","position":1,"name":"Accueil","item":"http:\/\/740jw955i52c.brive.org\/"},{"@type":"ListItem","position":2,"name":"Habitat Jeunes"}]}]}},"_links":{"self":[{"href":"http:\/\/740jw955i52c.brive.org\/index.php\/wp-json\/wp\/v2\/pages\/388"}],"collection":[{"href":"http:\/\/740jw955i52c.brive.org\/index.php\/wp-json\/wp\/v2\/pages"}],"about":[{"href":"http:\/\/740jw955i52c.brive.org\/index.php\/wp-json\/wp\/v2\/types\/page"}],"author":[{"embeddable":true,"href":"http:\/\/740jw955i52c.brive.org\/index.php\/wp-json\/wp\/v2\/users\/3"}],"replies":[{"embeddable":true,"href":"http:\/\/740jw955i52c.brive.org\/index.php\/wp-json\/wp\/v2\/comments?post=388"}],"version-history":[{"count":88,"href":"http:\/\/740jw955i52c.brive.org\/index.php\/wp-json\/wp\/v2\/pages\/388\/revisions"}],"predecessor-version":[{"id":51833,"href":"http:\/\/740jw955i52c.brive.org\/index.php\/wp-json\/wp\/v2\/pages\/388\/revisions\/51833"}],"wp:attachment":[{"href":"http:\/\/740jw955i52c.brive.org\/index.php\/wp-json\/wp\/v2\/media?parent=388"}],"curies":[{"name":"wp","href":"https:\/\/api.w.org\/{rel}","templated":true}]}}