{"id":386,"date":"2015-10-05T09:22:47","date_gmt":"2015-10-05T07:22:47","guid":{"rendered":"http:\/\/740jw955i52c.brive.org?page_id=386"},"modified":"2024-11-29T10:33:03","modified_gmt":"2024-11-29T09:33:03","slug":"conseil-municipal-des-enfants","status":"publish","type":"page","link":"http:\/\/740jw955i52c.brive.org\/index.php\/conseil-municipal-des-enfants\/","title":{"rendered":"Conseil municipal des enfants"},"content":{"rendered":"<p>[vc_row disable_element=&#8221;yes&#8221;][vc_column width=&#8221;1\/2&#8243;][vc_single_image image=&#8221;53329&#8243; onclick=&#8221;zoom&#8221;][\/vc_column][vc_column width=&#8221;1\/2&#8243;][vc_cta h2=&#8221;Elections du Conseil Municipal des Enfants&#8221; style=&#8221;outline&#8221; color=&#8221;sky&#8221;]Afin de pr\u00e9senter la d\u00e9marche aux enfants, les <strong>interventions dans les \u00e9coles de la ville se feront du 23 septembre jusqu\u2019au 4 Octobre. <\/strong><\/p>\n<p>\u00c0 la suite des interventions les\u00a0 enfants de CM1 pourront pr\u00e9senter leur candidature au sein de leur classe jusqu\u2019au jour des \u00e9lections qui permettront de d\u00e9signer un \u00e9l\u00e8ve qui sera le porte-parole de son \u00e9cole au CME pour un mandat de 2 ans.<\/p>\n<p>Urnes et enveloppes seront livr\u00e9es dans les \u00e9coles <strong>la semaine du 14 Octobre. <\/strong><\/p>\n<p><strong>le jour d\u2019 \u00e9lections est fix\u00e9 au Jeudi 17 Octobre.<\/strong><\/p>\n<p>L\u2019officialisation des fonctions des enfants \u00e9lus se fera le <strong>Samedi 23 Novembre<\/strong> \u00e0 la salle du Conseil de la Mairie de Brive en pr\u00e9sence de Mr le Maire Fr\u00e9d\u00e9ric SOULIER, Mme Taurisson 1\u00e8re adjointe et Mr Bonnie \u00e9lu \u00e0 la Jeunesse.[\/vc_cta][\/vc_column][\/vc_row][vc_row][vc_column][vc_column_text]<\/p>\n<h1><span style=\"color: #336699;font-size: 48px;font-family: Georgia, serif\">\u00c0 l&#8217;\u00e9cole de la d\u00e9mocratie&#8230;<\/span><\/h1>\n<p>[\/vc_column_text][\/vc_column][\/vc_row][vc_row][vc_column width=&#8221;2\/3&#8243;][vc_column_text]<\/p>\n<p style=\"text-align: justify\">Cr\u00e9\u00e9 en 2021, le <strong>conseil municipal des enfants (CME)<\/strong> peut d\u00e9sormais travailler en configuration compl\u00e8te \u00e0 <strong>28 \u00e9l\u00e8ves de CM1 et CM2<\/strong> (venant de 17 \u00e9coles \u00e9l\u00e9mentaires, 13 publiques et 4 priv\u00e9es). Le conseil municipal des enfants donne ainsi la parole aux \u00e9l\u00e8ves en fin de cycle \u00e9l\u00e9mentaire, et les fait <strong>participer \u00e0 la vie locale<\/strong> en tant que <strong>force de propositions de projets<\/strong> qu\u2019ils portent jusque devant le conseil municipal, celui des adultes. <strong>\u00c9lus en classe pour un mandat de deux ans<\/strong>, ils ont une approche tr\u00e8s concr\u00e8te de la d\u00e9mocratie avant leur entr\u00e9e au coll\u00e8ge. \u00c0 commencer par de vraies \u00e9lections, avec candidats en campagne sur un programme, bulletins de vote dans les urnes, d\u00e9pouillements, scrutateurs\u2026<\/p>\n<p>[\/vc_column_text][vc_single_image image=&#8221;47394&#8243;][vc_column_text]<\/p>\n<p style=\"text-align: justify\">Ils vont aussi r\u00e9fl\u00e9chir sur de nombreux sujets en commissions de travail : le <strong>harc\u00e8lement<\/strong>, la s\u00e9curit\u00e9 aux abords de leurs \u00e9tablissements scolaires, l\u2019<strong>am\u00e9nagement de ronds-points par les \u00e9coles<\/strong> en partenariat avec les espaces verts, mettre en place des <strong>moments participatifs avec les personnes \u00e2g\u00e9es<\/strong>, de la <strong>pr\u00e9vention sur l\u2019utilisation du skate parc<\/strong>, <strong>\u201cd\u2019\u00e9co-brigadiers\u201d<\/strong> au sein des \u00e9coles pour sensibiliser les \u00e9l\u00e8ves \u00e0 l\u2019environnement\u2026<\/p>\n<p style=\"text-align: justify\">Des <strong>propositions tr\u00e8s concr\u00e8tes pour changer leur quotidien<\/strong>.<\/p>\n<p>[\/vc_column_text][\/vc_column][vc_column width=&#8221;1\/3&#8243;]<blockquote  class=\"normal  uxb-blockquote\">\r\n                <p>\r\n                    <span style=\"font-family: Georgia, serif;color: #2c82c9\"><em>\u275d \u00a0S\u2019engager, c\u2019est le ciment de la vie publique, \u00e7a permet de faire \u00e9voluer la place de l\u2019homme sur son territoire \u275e <\/em><\/span>\r\n                <\/p>\r\n            <\/blockquote><blockquote  class=\"normal  uxb-blockquote\">\r\n                <p>\r\n                    <\/p>\n<p style=\"text-align: left\">Fr\u00e9d\u00e9ric Soulier, maire de Brive<\/p>\n<p>\r\n                <\/p>\r\n            <\/blockquote><blockquote  class=\"normal  uxb-blockquote\">\r\n                <p>\r\n                    <\/p>\n<p><span style=\"font-family: Georgia, serif;color: #2c82c9\"><em>\u275d \u00c0 votre \u00e2ge, c\u2019est une chance de faire partie du conseil municipal des enfants. Une exp\u00e9rience dont vous vous souviendrez tr\u00e8s longtemps. Nous attendons de vous des id\u00e9es, des projets. J\u2019esp\u00e8re que nous allons en mener beaucoup ensemble. \u275e <\/em><\/span><\/p>\n<p>\r\n                <\/p>\r\n            <\/blockquote>[\/vc_column][\/vc_row][vc_row][vc_column][vc_video link=&#8221;https:\/\/youtu.be\/yvRKuUWjPJ8&#8243;]<blockquote  class=\"normal  uxb-blockquote\">\r\n                <p>\r\n                    <\/p>\n<h2><span style=\"font-family: Georgia, serif;color: #2c82c9\"><em>\u00ab Ce n\u2019est pas un jeu\u00a0! La d\u00e9mocratie n\u2019a pas d\u2019\u00e2ge, vous \u00eates des yeux, des oreilles et nous comptons sur vos id\u00e9es\u00a0\u00bb<\/em><\/span><\/h2>\n<p>\r\n                <\/p>\r\n            <\/blockquote>[\/vc_column][\/vc_row][vc_row][vc_column][vc_text_separator title=&#8221;\u00c9lus le 30 Novembre 2023&#8243;][vc_row_inner][vc_column_inner width=&#8221;1\/4&#8243;][vc_single_image image=&#8221;54009&#8243;][vc_column_text]<\/p>\n<p style=\"text-align: center\">PENAUD Louis<br \/>\nBossuet<\/p>\n<p>[\/vc_column_text][\/vc_column_inner][vc_column_inner width=&#8221;1\/4&#8243;][vc_single_image image=&#8221;54013&#8243;][vc_column_text]<\/p>\n<p style=\"text-align: center\">THEO Keylia<br \/>\nBouquet<\/p>\n<p>[\/vc_column_text][\/vc_column_inner][vc_column_inner width=&#8221;1\/4&#8243;][vc_single_image image=&#8221;54014&#8243;][vc_column_text]<\/p>\n<p style=\"text-align: center\">MORAIS Romane<br \/>\nHenri G\u00e9rard<\/p>\n<p>[\/vc_column_text][\/vc_column_inner][vc_column_inner width=&#8221;1\/4&#8243;][vc_single_image image=&#8221;54015&#8243;][vc_column_text]<\/p>\n<p style=\"text-align: center\">AUGUSTE Axel<br \/>\nHenri Sautet<\/p>\n<p>[\/vc_column_text][\/vc_column_inner][\/vc_row_inner][vc_row_inner][vc_column_inner width=&#8221;1\/4&#8243;][vc_single_image image=&#8221;54018&#8243;][vc_column_text]<\/p>\n<p style=\"text-align: center\">COMBEZOU Violette<br \/>\nJules Ferry<\/p>\n<p>[\/vc_column_text][\/vc_column_inner][vc_column_inner width=&#8221;1\/4&#8243;][vc_single_image image=&#8221;54019&#8243;][vc_column_text]<\/p>\n<p style=\"text-align: center\">NOURI Salma<br \/>\nJules Romains<\/p>\n<p>[\/vc_column_text][\/vc_column_inner][vc_column_inner width=&#8221;1\/4&#8243;][vc_single_image image=&#8221;54020&#8243;][vc_column_text]<\/p>\n<p style=\"text-align: center\">BELLIN Adela\u00efde<br \/>\nJeanne d&#8217;Arc<\/p>\n<p>[\/vc_column_text][\/vc_column_inner][vc_column_inner width=&#8221;1\/4&#8243;][vc_single_image image=&#8221;54021&#8243;][vc_column_text]<\/p>\n<p style=\"text-align: center\">DIENG Bachir<br \/>\nJules Vall\u00e8s<\/p>\n<p>[\/vc_column_text][\/vc_column_inner][\/vc_row_inner][vc_row_inner][vc_column_inner width=&#8221;1\/4&#8243;][vc_single_image image=&#8221;54023&#8243;][vc_column_text]<\/p>\n<p style=\"text-align: center\">GUAL Romain<br \/>\nLa Salle<\/p>\n<p>[\/vc_column_text][\/vc_column_inner][vc_column_inner width=&#8221;1\/4&#8243;][vc_single_image image=&#8221;54024&#8243;][vc_column_text]<\/p>\n<p style=\"text-align: center\">SEGUIN Faustine<br \/>\nLouis Pons<\/p>\n<p>[\/vc_column_text][\/vc_column_inner][vc_column_inner width=&#8221;1\/4&#8243;][vc_single_image image=&#8221;54025&#8243;][vc_column_text]<\/p>\n<p style=\"text-align: center\">KEAY Raphael<br \/>\nMichel Peyramaure<\/p>\n<p>[\/vc_column_text][\/vc_column_inner][vc_column_inner width=&#8221;1\/4&#8243;][vc_single_image image=&#8221;54026&#8243;][vc_column_text]<\/p>\n<p style=\"text-align: center\">GUINET Lina<br \/>\nNotre Dame<\/p>\n<p>[\/vc_column_text][\/vc_column_inner][\/vc_row_inner][vc_row_inner][vc_column_inner width=&#8221;1\/4&#8243;][vc_single_image image=&#8221;54029&#8243;][vc_column_text]<\/p>\n<p style=\"text-align: center\">FAUCHER Eug\u00e9nie<br \/>\nPaul de Salvandy<\/p>\n<p>[\/vc_column_text][\/vc_column_inner][vc_column_inner width=&#8221;1\/4&#8243;][vc_single_image image=&#8221;54030&#8243;][vc_column_text]<\/p>\n<p style=\"text-align: center\">TATO Nell<br \/>\nGouffault<\/p>\n<p>[\/vc_column_text][\/vc_column_inner][vc_column_inner width=&#8221;1\/4&#8243;][vc_single_image image=&#8221;54031&#8243;][vc_column_text]<\/p>\n<p style=\"text-align: center\">BELHACHEMI Linda<br \/>\nTh\u00e9r\u00e8se Simonet<\/p>\n<p>[\/vc_column_text][\/vc_column_inner][vc_column_inner width=&#8221;1\/4&#8243;][\/vc_column_inner][\/vc_row_inner][vc_text_separator title=&#8221;\u00c9lus le 17 Octobre 2024&#8243;][vc_row_inner][vc_column_inner width=&#8221;1\/4&#8243;][vc_single_image][vc_column_text]<\/p>\n<p style=\"text-align: center\">GRAVENDAAL DOUSSAUD Jules<br \/>\nBossuet<\/p>\n<p>[\/vc_column_text][\/vc_column_inner][vc_column_inner width=&#8221;1\/4&#8243;][vc_single_image image=&#8221;54034&#8243;][vc_column_text]<\/p>\n<p style=\"text-align: center\">GHOUATI Anwar<br \/>\nBouquet<\/p>\n<p>[\/vc_column_text][\/vc_column_inner][vc_column_inner width=&#8221;1\/4&#8243;][vc_single_image image=&#8221;54035&#8243;][vc_column_text]<\/p>\n<p style=\"text-align: center\">DELMAS M\u00e9lissa<br \/>\nHenri G\u00e9rard<\/p>\n<p>[\/vc_column_text][\/vc_column_inner][vc_column_inner width=&#8221;1\/4&#8243;][vc_single_image image=&#8221;54036&#8243;][vc_column_text]<\/p>\n<p style=\"text-align: center\">MORAINE Calypso<br \/>\nHenri Sautet<\/p>\n<p>[\/vc_column_text][\/vc_column_inner][\/vc_row_inner][vc_row_inner][vc_column_inner width=&#8221;1\/4&#8243;][vc_single_image image=&#8221;54038&#8243;][vc_column_text]<\/p>\n<p style=\"text-align: center\">MAKLACHE Mayar<br \/>\nJules Romains<\/p>\n<p>[\/vc_column_text][\/vc_column_inner][vc_column_inner width=&#8221;1\/4&#8243;][vc_single_image image=&#8221;54039&#8243;][vc_column_text]<\/p>\n<p style=\"text-align: center\">AOUT Capucine<br \/>\nJeanne D&#8217;Arc<\/p>\n<p>[\/vc_column_text][\/vc_column_inner][vc_column_inner width=&#8221;1\/4&#8243;][vc_single_image image=&#8221;54040&#8243;][vc_column_text]<\/p>\n<p style=\"text-align: center\">EROGLU Kaya<br \/>\nJules Vall\u00e8s<\/p>\n<p>[\/vc_column_text][\/vc_column_inner][vc_column_inner width=&#8221;1\/4&#8243;][vc_single_image image=&#8221;54041&#8243;][vc_column_text]<\/p>\n<p style=\"text-align: center\">CHEVRE Arthur<br \/>\nLa Salle<\/p>\n<p>[\/vc_column_text][\/vc_column_inner][\/vc_row_inner][vc_row_inner][vc_column_inner width=&#8221;1\/4&#8243;][vc_single_image image=&#8221;54043&#8243;][vc_column_text]<\/p>\n<p style=\"text-align: center\">POUZET Nina<br \/>\nLouis Pons<\/p>\n<p>[\/vc_column_text][\/vc_column_inner][vc_column_inner width=&#8221;1\/4&#8243;][vc_single_image image=&#8221;54044&#8243;][vc_column_text]<\/p>\n<p style=\"text-align: center\">VINCENT Daphn\u00e9e<br \/>\nMichel Peyramaure<\/p>\n<p>[\/vc_column_text][\/vc_column_inner][vc_column_inner width=&#8221;1\/4&#8243;][vc_single_image image=&#8221;54045&#8243;][vc_column_text]<\/p>\n<p style=\"text-align: center\">CAPEL Louise<br \/>\nNotre Dame<\/p>\n<p>[\/vc_column_text][\/vc_column_inner][vc_column_inner width=&#8221;1\/4&#8243;][vc_single_image image=&#8221;54046&#8243;][vc_column_text]<\/p>\n<p style=\"text-align: center\">BADORC Paul<br \/>\nPaul de Salvandy<\/p>\n<p>[\/vc_column_text][\/vc_column_inner][\/vc_row_inner][vc_row_inner][vc_column_inner width=&#8221;1\/4&#8243;][vc_single_image image=&#8221;54048&#8243;][vc_column_text]<\/p>\n<p style=\"text-align: center\">VELHO Bella<br \/>\nRoger Gouffault<\/p>\n<p>[\/vc_column_text][\/vc_column_inner][vc_column_inner width=&#8221;1\/4&#8243;][vc_single_image image=&#8221;54049&#8243;][vc_column_text]<\/p>\n<p style=\"text-align: center\">MAILLARD Sarah<br \/>\nTh\u00e9r\u00e8se Simonet<\/p>\n<p>[\/vc_column_text][\/vc_column_inner][vc_column_inner width=&#8221;1\/4&#8243;][\/vc_column_inner][vc_column_inner width=&#8221;1\/4&#8243;][\/vc_column_inner][\/vc_row_inner][vc_tta_accordion active_section=&#8221;&#8221;][vc_tta_section title=&#8221;Liste des conseillers 2023-2024&#8243; tab_id=&#8221;1661249575230-b77455d9-f687&#8243;][vc_row_inner][vc_column_inner width=&#8221;1\/2&#8243;][vc_column_text]Les enfants \u00e9lus pour 2 ans depuis le 30 Novembre 2023 continuent leur mandat jusqu\u2019en 2025.<\/p>\n<p><strong>Cette ann\u00e9e 5 gar\u00e7ons et 9 filles viennent soutenir les conseillers \u00e9lus l\u2019an dernier qui poursuivent leur 2<sup>nde<\/sup> ann\u00e9e de mandat. <\/strong><\/p>\n<p>La pl\u00e9ni\u00e8re s&#8217;est termin\u00e9e par une photo du groupe devant les marches de la Mairie avec Mr le Maire Fr\u00e9d\u00e9ric Soulier et Mme Val\u00e9rie Taurisson, 1\u00e8re adjointe.[\/vc_column_text][vc_cta h2=&#8221;Actions et interventions&#8221;]<strong>Petit rappel par les anciens des moments forts de leur mandat (actions et interventions)<\/strong><\/p>\n<ul>\n<li>Trousse solidaire au profit des enfants Maliens<\/li>\n<li>Journ\u00e9e des droits des enfants UNICEF sur l\u2019ALSH Cap ouest<\/li>\n<li>Visite de divers services de la ville (Archives, M\u00e9diath\u00e8que)<\/li>\n<li>Fresque du climat et r\u00e9flexion d\u2019actions pour notre plan\u00e8te avec Asso Z\u00e9ro d\u00e9chet<\/li>\n<li>Immersion \u00e0 la foire du livre avec rencontre de 2 Auteurs (prise de conscience de l\u2019importance de lire)<\/li>\n<li>Participation au devoir de m\u00e9moire avec les c\u00e9r\u00e9monie (retour d\u2019exp\u00e9rience de Fabien Devilliers\u00a0 \u00ab Aventure M\u00e9morielle \u00ab pr\u00e9vue le Mercredi 14 D\u00e9cembre)<\/li>\n<\/ul>\n<p><strong>Travail futur\u00a0:<\/strong><\/p>\n<ul>\n<li>Cr\u00e9ation logo CME et Gazette des Conseillers.<\/li>\n<li>Actions avec \u00e9picerie solidaire<\/li>\n<li>Sport et alimentation (ateliers ludique)<\/li>\n<li>D\u00e9veloppement durable (gaspido)<\/li>\n<\/ul>\n<p>[\/vc_cta][\/vc_column_inner][vc_column_inner width=&#8221;1\/2&#8243;][vc_column_text]<\/p>\n<table width=\"677\">\n<tbody>\n<tr>\n<td width=\"239\"><strong>PENAUD Louis<\/strong><\/td>\n<td width=\"158\"><strong>Bossuet<\/strong><\/td>\n<\/tr>\n<tr>\n<td width=\"239\"><strong>THEO Keylia<\/strong><\/td>\n<td width=\"158\"><strong>Bouquet<\/strong><\/td>\n<\/tr>\n<tr>\n<td width=\"239\"><strong>MORAIS Romane<\/strong><\/td>\n<td width=\"158\"><strong>Henri G\u00e9rard<\/strong><\/td>\n<\/tr>\n<tr>\n<td width=\"239\"><strong>AUGUSTE Axel<\/strong><\/td>\n<td width=\"158\"><strong>Henri Sautet<\/strong><\/td>\n<\/tr>\n<tr>\n<td width=\"239\"><strong>COMBEZOU Violette<\/strong><\/td>\n<td width=\"158\"><strong>Jules Ferry<\/strong><\/td>\n<\/tr>\n<tr>\n<td width=\"239\"><strong>NOURI Salma<\/strong><\/td>\n<td width=\"158\"><strong>Jules Romains<\/strong><\/td>\n<\/tr>\n<tr>\n<td width=\"239\"><strong>BELLIN Ad\u00e9la\u00efde<\/strong><\/td>\n<td width=\"158\"><strong>Jeanne D&#8217;arc<\/strong><\/td>\n<\/tr>\n<tr>\n<td width=\"239\"><strong>DIENG Bachir<\/strong><\/td>\n<td width=\"158\"><strong>Jules Vall\u00e8s<\/strong><\/td>\n<\/tr>\n<tr>\n<td width=\"239\"><strong>GUAL Romain<\/strong><\/td>\n<td width=\"158\"><strong>La Salle<\/strong><\/td>\n<\/tr>\n<tr>\n<td width=\"239\"><strong>SEGUIN Faustine<\/strong><\/td>\n<td width=\"158\"><strong>Louis Pons<\/strong><\/td>\n<\/tr>\n<tr>\n<td width=\"239\"><strong>KEAY Rapha\u00ebl<\/strong><\/td>\n<td width=\"158\"><strong>Michel Peyramaure<\/strong><\/td>\n<\/tr>\n<tr>\n<td width=\"239\"><strong>GUINET Lila<\/strong><\/td>\n<td width=\"158\"><strong>Notre Dame<\/strong><\/td>\n<\/tr>\n<tr>\n<td width=\"239\"><strong>FAUCHER Eug\u00e9nie<\/strong><\/td>\n<td width=\"158\"><strong>P.de Salvandy<\/strong><\/td>\n<\/tr>\n<tr>\n<td width=\"239\"><strong>TATO Nell<\/strong><\/td>\n<td width=\"158\"><strong>Gouffault<\/strong><\/td>\n<\/tr>\n<tr>\n<td width=\"239\"><strong>BELHACHEMI Linda<\/strong><\/td>\n<td width=\"158\"><strong>Th\u00e9r\u00e8se Simonet<\/strong><\/td>\n<\/tr>\n<\/tbody>\n<\/table>\n<p>[\/vc_column_text][vc_column_text]<\/p>\n<table width=\"677\">\n<tbody>\n<tr>\n<td width=\"158\"><strong>Bossuet<\/strong><\/td>\n<td width=\"280\"><strong>GRAVENDAAL DOUSSAUD Jules<\/strong><\/td>\n<\/tr>\n<tr>\n<td width=\"158\"><strong>Bouquet<\/strong><\/td>\n<td width=\"280\"><strong>GHOUATI Anwar\u00a0 \u00a0Gar\u00e7on<\/strong><\/td>\n<\/tr>\n<tr>\n<td width=\"158\"><strong>Henri G\u00e9rard<\/strong><\/td>\n<td width=\"280\"><strong>DELMAS M\u00e9lissa<\/strong><\/td>\n<\/tr>\n<tr>\n<td width=\"158\"><strong>Henri Sautet<\/strong><\/td>\n<td width=\"280\"><strong>MORAINE Calypso<\/strong><\/td>\n<\/tr>\n<tr>\n<td width=\"158\"><strong>Jules Ferry<\/strong><\/td>\n<td width=\"280\"><strong>\u00a0<\/strong><\/td>\n<\/tr>\n<tr>\n<td width=\"158\"><strong>Jules Romains<\/strong><\/td>\n<td width=\"280\"><strong>MAKLACHE Mayar Fille<\/strong><\/td>\n<\/tr>\n<tr>\n<td width=\"158\"><strong>Jeanne D&#8217;arc<\/strong><\/td>\n<td width=\"280\"><strong>AOUT Capucine<\/strong><\/td>\n<\/tr>\n<tr>\n<td width=\"158\"><strong>Jules Vall\u00e8s<\/strong><\/td>\n<td width=\"280\"><strong>EROGLU Kaya\u00a0 Gar\u00e7on<\/strong><\/td>\n<\/tr>\n<tr>\n<td width=\"158\"><strong>La Salle<\/strong><\/td>\n<td width=\"280\"><strong>CHEVRE Arthur<\/strong><\/td>\n<\/tr>\n<tr>\n<td width=\"158\"><strong>Louis Pons<\/strong><\/td>\n<td width=\"280\"><strong>POUZET Nina<\/strong><\/td>\n<\/tr>\n<tr>\n<td width=\"158\"><strong>Michel Peyramaure<\/strong><\/td>\n<td width=\"280\"><strong>VINCENT Daphn\u00e9e<\/strong><\/td>\n<\/tr>\n<tr>\n<td width=\"158\"><strong>Notre Dame<\/strong><\/td>\n<td width=\"280\"><strong>CAPEL Louise<\/strong><\/td>\n<\/tr>\n<tr>\n<td width=\"158\"><strong>P.de Salvandy<\/strong><\/td>\n<td width=\"280\"><strong>BADORC Paul<\/strong><\/td>\n<\/tr>\n<tr>\n<td width=\"158\"><strong>Gouffault<\/strong><\/td>\n<td width=\"280\"><strong>VELHO Bella<\/strong><\/td>\n<\/tr>\n<tr>\n<td width=\"158\"><strong>Th\u00e9r\u00e8se Simonet<\/strong><\/td>\n<td width=\"280\"><strong>MAILLARD Sarah<\/strong><\/td>\n<\/tr>\n<\/tbody>\n<\/table>\n<p>[\/vc_column_text][\/vc_column_inner][\/vc_row_inner][\/vc_tta_section][\/vc_tta_accordion][\/vc_column][\/vc_row][vc_row][vc_column][vc_single_image image=&#8221;54011&#8243;][\/vc_column][\/vc_row][vc_row][vc_column][vc_row_inner][vc_column_inner width=&#8221;1\/2&#8243;][vc_cta h2=&#8221;BRIVE VILLE AMIE DES ENFANTS&#8221; style=&#8221;outline&#8221; color=&#8221;sky&#8221;]<span id=\"page81R_mcid106\" class=\"markedContent\"><span dir=\"ltr\" role=\"presentation\">Concr\u00e9tis\u00e9 par une signature de convention avec l\u2019Unicef lors de l\u2019installation de ce CME, ce partenariat <\/span><\/span><span id=\"page81R_mcid107\" class=\"markedContent\"><\/span><span id=\"page81R_mcid108\" class=\"markedContent\"><span dir=\"ltr\" role=\"presentation\">s\u2019appuie sur un plan d\u2019action qui court jusqu\u2019en 2026. Des engagements qui visent \u00e0 favoriser <\/span><\/span><span id=\"page81R_mcid109\" class=\"markedContent\"><\/span><span id=\"page81R_mcid110\" class=\"markedContent\"><span dir=\"ltr\" role=\"presentation\">le bien-\u00eatre et l\u2019\u00e9panouissement des enfants, lutter contre l\u2019exclusion ou la discrimination, favoriser <\/span><\/span><span id=\"page81R_mcid111\" class=\"markedContent\"><\/span><span id=\"page81R_mcid112\" class=\"markedContent\"><span dir=\"ltr\" role=\"presentation\">un parcours \u00e9ducatif de qualit\u00e9, leur implication citoyenne et la participation \u00e0 des actions de l\u2019Unicef. <\/span><\/span><span id=\"page81R_mcid113\" class=\"markedContent\"><\/span>[\/vc_cta][\/vc_column_inner][vc_column_inner width=&#8221;1\/2&#8243;][vc_single_image image=&#8221;46874&#8243;][vc_empty_space height=&#8221;50px&#8221;][vc_column_text]<strong>Pour en savoir +<\/strong>[\/vc_column_text][vc_btn title=&#8221;\u25b6 Brive, Ville amie des enfants&#8221; style=&#8221;outline&#8221; color=&#8221;sky&#8221; size=&#8221;lg&#8221; css_animation=&#8221;bounceIn&#8221; link=&#8221;url:http%3A%2F%2F740jw955i52c.brive.org%2Findex.php%2Fville-amie-des-enfants%2F|||&#8221;][\/vc_column_inner][\/vc_row_inner][\/vc_column][\/vc_row][vc_row][vc_column][vc_single_image image=&#8221;47490&#8243;][\/vc_column][\/vc_row][vc_row][vc_column][vc_text_separator title=&#8221;Actualit\u00e9s&#8221; color=&#8221;sky&#8221; border_width=&#8221;3&#8243;][\/vc_column][\/vc_row][vc_row][vc_column width=&#8221;1\/3&#8243;]<div class='pushContainer 1x1' style='background-image:url(http:\/\/740jw955i52c.brive.org\/wp-content\/uploads\/2022\/08\/Portrait-Elsa-Conseil-municipal-des-enfants-de-la-ville-de-Brive-750x444.jpg);'><div class='pushInitialContent'><div class='wrapper'><h3>La parole aux enfants<\/h3><p>Le 11 mars 2022<\/p><\/div><\/div><script>console.log(' target=\"_blank\"');<\/script><a class='pushContent' href=\"http:\/\/www.brivemag.fr\/la-parole-aux-enfants\/\"  target=\"_blank\"><div class='wrapper'><h3>La parole aux enfants<\/h3><\/div><\/a><input type='hidden' class='pushSize' value='1'><input type='hidden' class='pushWidth' value='1'><\/div><div class='spacer'><\/div>[\/vc_column][vc_column width=&#8221;1\/3&#8243;]<div class='pushContainer 1x1' style='background-image:url(http:\/\/740jw955i52c.brive.org\/wp-content\/uploads\/2022\/08\/Conseil-municipal-des-Enfants-de-Brive-au-complet-750x563.jpeg);'><div class='pushInitialContent'><div class='wrapper'><h3>Le conseil municipal des enfants au complet<\/h3><p>Le 29 janvier 2022<\/p><\/div><\/div><script>console.log(' target=\"_blank\"');<\/script><a class='pushContent' href=\"http:\/\/www.brivemag.fr\/le-conseil-municipal-des-enfants-au-complet\/\"  target=\"_blank\"><div class='wrapper'><h3>Le conseil municipal des enfants au complet<\/h3><\/div><\/a><input type='hidden' class='pushSize' value='1'><input type='hidden' class='pushWidth' value='1'><\/div><div class='spacer'><\/div>[\/vc_column][vc_column width=&#8221;1\/3&#8243;]<div class='pushContainer 1x1' style='background-image:url(http:\/\/740jw955i52c.brive.org\/wp-content\/uploads\/2022\/08\/Election-a\u0300-Bossuet-du-conseil-municipal-des-enfants-Ville-de-Brive-750x351.jpg);'><div class='pushInitialContent'><div class='wrapper'><h3>Les enfants ont \u00e9lu leurs conseillers municipaux<\/h3><p>Le 3 d\u00e9cembre 2021<\/p><\/div><\/div><script>console.log(' target=\"_blank\"');<\/script><a class='pushContent' href=\"http:\/\/www.brivemag.fr\/les-enfants-ont-elu-leurs-conseillers-municipaux\/\"  target=\"_blank\"><div class='wrapper'><h3>Les enfants ont \u00e9lu leurs conseillers municipaux<\/h3><\/div><\/a><input type='hidden' class='pushSize' value='1'><input type='hidden' class='pushWidth' value='1'><\/div><div class='spacer'><\/div>[\/vc_column][\/vc_row][vc_row][vc_column width=&#8221;1\/3&#8243;]<div class='pushContainer 1x1' style='background-image:url(http:\/\/740jw955i52c.brive.org\/wp-content\/uploads\/2022\/08\/Conseil-Municipal-des-Enfants-Ville-de-Brive-750x399.jpg);'><div class='pushInitialContent'><div class='wrapper'><h3>Acte 2 pour le Conseil municipal des enfants<\/h3><p>Le 24 novembre 2021<\/p><\/div><\/div><script>console.log(' target=\"_blank\"');<\/script><a class='pushContent' href=\"http:\/\/www.brivemag.fr\/acte-2-pour-le-conseil-municipal-des-enfants\/\"  target=\"_blank\"><div class='wrapper'><h3>Acte 2 pour le Conseil municipal des enfants<\/h3><\/div><\/a><input type='hidden' class='pushSize' value='1'><input type='hidden' class='pushWidth' value='1'><\/div><div class='spacer'><\/div>[\/vc_column][vc_column width=&#8221;1\/3&#8243;]<div class='pushContainer 1x1' style='background-image:url(http:\/\/740jw955i52c.brive.org\/wp-content\/uploads\/2022\/08\/Conseil-municipal-des-enfants-installation-Ville-de-Brive-01-750x543.jpg);'><div class='pushInitialContent'><div class='wrapper'><h3>Le premier conseil municipal des enfants est install\u00e9<\/h3><p>Le 27 f\u00e9vrier 2021<\/p><\/div><\/div><script>console.log(' target=\"_blank\"');<\/script><a class='pushContent' href=\"http:\/\/www.brivemag.fr\/le-premier-conseil-municipal-des-enfants-est-installe\/\"  target=\"_blank\"><div class='wrapper'><h3>Le premier conseil municipal des enfants est install\u00e9<\/h3><\/div><\/a><input type='hidden' class='pushSize' value='1'><input type='hidden' class='pushWidth' value='1'><\/div><div class='spacer'><\/div>[\/vc_column][vc_column width=&#8221;1\/3&#8243;]<div class='pushContainer 1x1' style='background-image:url(http:\/\/740jw955i52c.brive.org\/wp-content\/uploads\/2022\/08\/Election-municipale-des-enfants-Ville-de-Brive.jpg);'><div class='pushInitialContent'><div class='wrapper'><h3>Les CM1 de Brive ont vot\u00e9 pour \u00e9lire leurs repr\u00e9sentants !<\/h3><p>Le 29 janvier 2021<\/p><\/div><\/div><script>console.log(' target=\"_blank\"');<\/script><a class='pushContent' href=\"http:\/\/www.brivemag.fr\/les-cm1-de-brive-ont-vote-pour-elire-leurs-representants\/\"  target=\"_blank\"><div class='wrapper'><h3>Les CM1 de Brive ont vot\u00e9 pour \u00e9lire leurs repr\u00e9sentants !<\/h3><\/div><\/a><input type='hidden' class='pushSize' value='1'><input type='hidden' class='pushWidth' value='1'><\/div><div class='spacer'><\/div>[\/vc_column][\/vc_row][vc_row][vc_column width=&#8221;1\/3&#8243;][\/vc_column][vc_column width=&#8221;1\/3&#8243;]<div class='pushContainer 1x1' style='background-image:url(http:\/\/740jw955i52c.brive.org\/wp-content\/uploads\/2022\/08\/e\u0301lection-conseil-municipal-des-enfants-de-Brive-750x262.jpg);'><div class='pushInitialContent'><div class='wrapper'><h3>Brive cr\u00e9e son Conseil municipal des enfants<\/h3><p>Le 1 d\u00e9cembre 2020<\/p><\/div><\/div><script>console.log(' target=\"_blank\"');<\/script><a class='pushContent' href=\"http:\/\/www.brivemag.fr\/brive-cree-son-conseil-municipal-des-enfants\/\"  target=\"_blank\"><div class='wrapper'><h3>Brive cr\u00e9e son Conseil municipal des enfants<\/h3><\/div><\/a><input type='hidden' class='pushSize' value='1'><input type='hidden' class='pushWidth' value='1'><\/div><div class='spacer'><\/div>[\/vc_column][vc_column width=&#8221;1\/3&#8243;][\/vc_column][\/vc_row]<\/p>\n","protected":false},"excerpt":{"rendered":"<p>[vc_row disable_element=&#8221;yes&#8221;][vc_column width=&#8221;1\/2&#8243;][vc_single_image image=&#8221;53329&#8243; onclick=&#8221;zoom&#8221;][\/vc_column][vc_column width=&#8221;1\/2&#8243;][vc_cta h2=&#8221;Elections du Conseil Municipal des Enfants&#8221; style=&#8221;outline&#8221; color=&#8221;sky&#8221;]Afin de pr\u00e9senter la d\u00e9marche aux enfants, les interventions dans les \u00e9coles de la ville se feront &#8230; <\/p>\n","protected":false},"author":1,"featured_media":0,"parent":0,"menu_order":0,"comment_status":"closed","ping_status":"closed","template":"","meta":[],"yoast_head":"<!-- This site is optimized with the Yoast SEO plugin v17.8 - https:\/\/yoast.com\/wordpress\/plugins\/seo\/ -->\n<title>Conseil municipal des enfants - Ville de Brive<\/title>\n<meta name=\"robots\" content=\"index, follow, max-snippet:-1, max-image-preview:large, max-video-preview:-1\" \/>\n<link rel=\"canonical\" href=\"http:\/\/740jw955i52c.brive.org\/index.php\/conseil-municipal-des-enfants\/\" \/>\n<meta property=\"og:locale\" content=\"fr_FR\" \/>\n<meta property=\"og:type\" content=\"article\" \/>\n<meta property=\"og:title\" content=\"Conseil municipal des enfants - Ville de Brive\" \/>\n<meta property=\"og:description\" content=\"[vc_row disable_element=&#8221;yes&#8221;][vc_column width=&#8221;1\/2&#8243;][vc_single_image image=&#8221;53329&#8243; onclick=&#8221;zoom&#8221;][\/vc_column][vc_column width=&#8221;1\/2&#8243;][vc_cta h2=&#8221;Elections du Conseil Municipal des Enfants&#8221; style=&#8221;outline&#8221; color=&#8221;sky&#8221;]Afin de pr\u00e9senter la d\u00e9marche aux enfants, les interventions dans les \u00e9coles de la ville se feront ...\" \/>\n<meta property=\"og:url\" content=\"http:\/\/740jw955i52c.brive.org\/index.php\/conseil-municipal-des-enfants\/\" \/>\n<meta property=\"og:site_name\" content=\"Ville de Brive\" \/>\n<meta property=\"article:modified_time\" content=\"2024-11-29T09:33:03+00:00\" \/>\n<meta name=\"twitter:card\" content=\"summary_large_image\" \/>\n<meta name=\"twitter:label1\" content=\"Dur\u00e9e de lecture estim\u00e9e\" \/>\n\t<meta name=\"twitter:data1\" content=\"4 minutes\" \/>\n<script type=\"application\/ld+json\" class=\"yoast-schema-graph\">{\"@context\":\"https:\/\/schema.org\",\"@graph\":[{\"@type\":\"WebSite\",\"@id\":\"http:\/\/740jw955i52c.brive.org\/#website\",\"url\":\"http:\/\/740jw955i52c.brive.org\/\",\"name\":\"Ville de Brive\",\"description\":\"Bienvenue sur le site de la ville de Brive-la-Gaillarde. Vous y trouverez l&#039;actualit\\u00e9 de la commune, des informations pratiques et vos d\\u00e9marches administratives.\",\"potentialAction\":[{\"@type\":\"SearchAction\",\"target\":{\"@type\":\"EntryPoint\",\"urlTemplate\":\"http:\/\/740jw955i52c.brive.org\/?s={search_term_string}\"},\"query-input\":\"required name=search_term_string\"}],\"inLanguage\":\"fr-FR\"},{\"@type\":\"WebPage\",\"@id\":\"http:\/\/740jw955i52c.brive.org\/index.php\/conseil-municipal-des-enfants\/#webpage\",\"url\":\"http:\/\/740jw955i52c.brive.org\/index.php\/conseil-municipal-des-enfants\/\",\"name\":\"Conseil municipal des enfants - Ville de Brive\",\"isPartOf\":{\"@id\":\"http:\/\/740jw955i52c.brive.org\/#website\"},\"datePublished\":\"2015-10-05T07:22:47+00:00\",\"dateModified\":\"2024-11-29T09:33:03+00:00\",\"breadcrumb\":{\"@id\":\"http:\/\/740jw955i52c.brive.org\/index.php\/conseil-municipal-des-enfants\/#breadcrumb\"},\"inLanguage\":\"fr-FR\",\"potentialAction\":[{\"@type\":\"ReadAction\",\"target\":[\"http:\/\/740jw955i52c.brive.org\/index.php\/conseil-municipal-des-enfants\/\"]}]},{\"@type\":\"BreadcrumbList\",\"@id\":\"http:\/\/740jw955i52c.brive.org\/index.php\/conseil-municipal-des-enfants\/#breadcrumb\",\"itemListElement\":[{\"@type\":\"ListItem\",\"position\":1,\"name\":\"Accueil\",\"item\":\"http:\/\/740jw955i52c.brive.org\/\"},{\"@type\":\"ListItem\",\"position\":2,\"name\":\"Conseil municipal des enfants\"}]}]}<\/script>\n<!-- \/ Yoast SEO plugin. -->","yoast_head_json":{"title":"Conseil municipal des enfants - Ville de Brive","robots":{"index":"index","follow":"follow","max-snippet":"max-snippet:-1","max-image-preview":"max-image-preview:large","max-video-preview":"max-video-preview:-1"},"canonical":"http:\/\/740jw955i52c.brive.org\/index.php\/conseil-municipal-des-enfants\/","og_locale":"fr_FR","og_type":"article","og_title":"Conseil municipal des enfants - Ville de Brive","og_description":"[vc_row disable_element=&#8221;yes&#8221;][vc_column width=&#8221;1\/2&#8243;][vc_single_image image=&#8221;53329&#8243; onclick=&#8221;zoom&#8221;][\/vc_column][vc_column width=&#8221;1\/2&#8243;][vc_cta h2=&#8221;Elections du Conseil Municipal des Enfants&#8221; style=&#8221;outline&#8221; color=&#8221;sky&#8221;]Afin de pr\u00e9senter la d\u00e9marche aux enfants, les interventions dans les \u00e9coles de la ville se feront ...","og_url":"http:\/\/740jw955i52c.brive.org\/index.php\/conseil-municipal-des-enfants\/","og_site_name":"Ville de Brive","article_modified_time":"2024-11-29T09:33:03+00:00","twitter_card":"summary_large_image","twitter_misc":{"Dur\u00e9e de lecture estim\u00e9e":"4 minutes"},"schema":{"@context":"https:\/\/schema.org","@graph":[{"@type":"WebSite","@id":"http:\/\/740jw955i52c.brive.org\/#website","url":"http:\/\/740jw955i52c.brive.org\/","name":"Ville de Brive","description":"Bienvenue sur le site de la ville de Brive-la-Gaillarde. Vous y trouverez l&#039;actualit\u00e9 de la commune, des informations pratiques et vos d\u00e9marches administratives.","potentialAction":[{"@type":"SearchAction","target":{"@type":"EntryPoint","urlTemplate":"http:\/\/740jw955i52c.brive.org\/?s={search_term_string}"},"query-input":"required name=search_term_string"}],"inLanguage":"fr-FR"},{"@type":"WebPage","@id":"http:\/\/740jw955i52c.brive.org\/index.php\/conseil-municipal-des-enfants\/#webpage","url":"http:\/\/740jw955i52c.brive.org\/index.php\/conseil-municipal-des-enfants\/","name":"Conseil municipal des enfants - Ville de Brive","isPartOf":{"@id":"http:\/\/740jw955i52c.brive.org\/#website"},"datePublished":"2015-10-05T07:22:47+00:00","dateModified":"2024-11-29T09:33:03+00:00","breadcrumb":{"@id":"http:\/\/740jw955i52c.brive.org\/index.php\/conseil-municipal-des-enfants\/#breadcrumb"},"inLanguage":"fr-FR","potentialAction":[{"@type":"ReadAction","target":["http:\/\/740jw955i52c.brive.org\/index.php\/conseil-municipal-des-enfants\/"]}]},{"@type":"BreadcrumbList","@id":"http:\/\/740jw955i52c.brive.org\/index.php\/conseil-municipal-des-enfants\/#breadcrumb","itemListElement":[{"@type":"ListItem","position":1,"name":"Accueil","item":"http:\/\/740jw955i52c.brive.org\/"},{"@type":"ListItem","position":2,"name":"Conseil municipal des enfants"}]}]}},"_links":{"self":[{"href":"http:\/\/740jw955i52c.brive.org\/index.php\/wp-json\/wp\/v2\/pages\/386"}],"collection":[{"href":"http:\/\/740jw955i52c.brive.org\/index.php\/wp-json\/wp\/v2\/pages"}],"about":[{"href":"http:\/\/740jw955i52c.brive.org\/index.php\/wp-json\/wp\/v2\/types\/page"}],"author":[{"embeddable":true,"href":"http:\/\/740jw955i52c.brive.org\/index.php\/wp-json\/wp\/v2\/users\/1"}],"replies":[{"embeddable":true,"href":"http:\/\/740jw955i52c.brive.org\/index.php\/wp-json\/wp\/v2\/comments?post=386"}],"version-history":[{"count":158,"href":"http:\/\/740jw955i52c.brive.org\/index.php\/wp-json\/wp\/v2\/pages\/386\/revisions"}],"predecessor-version":[{"id":54056,"href":"http:\/\/740jw955i52c.brive.org\/index.php\/wp-json\/wp\/v2\/pages\/386\/revisions\/54056"}],"wp:attachment":[{"href":"http:\/\/740jw955i52c.brive.org\/index.php\/wp-json\/wp\/v2\/media?parent=386"}],"curies":[{"name":"wp","href":"https:\/\/api.w.org\/{rel}","templated":true}]}}