{"id":382,"date":"2015-10-05T09:21:34","date_gmt":"2015-10-05T07:21:34","guid":{"rendered":"http:\/\/740jw955i52c.brive.org?page_id=382"},"modified":"2024-11-18T14:55:20","modified_gmt":"2024-11-18T13:55:20","slug":"erip-brive-agglomeration","status":"publish","type":"page","link":"http:\/\/740jw955i52c.brive.org\/index.php\/erip-brive-agglomeration\/","title":{"rendered":"M\u00e9tiers, Emploi, Formation (label ERIP)"},"content":{"rendered":"<p>[vc_row][vc_column][vc_column_text]<\/p>\n<div class=\"elementor-element elementor-element-1d03dc6d elementor-widget-laptop__width-initial elementor-widget-tablet__width-inherit elementor-widget elementor-widget-text-editor\" data-id=\"1d03dc6d\" data-element_type=\"widget\" data-widget_type=\"text-editor.default\">\n<div class=\"elementor-widget-container\">\n<p>Coll\u00e9giens, lyc\u00e9ens, demandeurs d\u2019emploi, personnes en reconversion, salari\u00e9s, jeunes des missions locales et entreprises du territoire de tous secteurs, le service enseignement sup\u00e9rieur et formation ne s\u2019adresse pas qu\u2019aux \u00e9tudiants.<\/p>\n<p>Acc\u00e9der \u00e0 l\u2019emploi ou \u00e0 la formation, d\u00e9finir ses comp\u00e9tences, vous aider dans votre (r\u00e9)orientation, d\u00e9couvrir des m\u00e9tiers ou tout simplement vous orienter vers le bon interlocuteur, d\u00e9couvrez l\u2019ensemble de nos missions dans ces domaines\u00a0!<\/p>\n<div class=\"elementor-element elementor-element-a0a60ad elementor-widget elementor-widget-heading\" data-id=\"a0a60ad\" data-element_type=\"widget\" data-widget_type=\"heading.default\">\n<div class=\"elementor-widget-container\">\n<h2 class=\"elementor-heading-title elementor-size-default\">Mieux se conna\u00eetre pour mieux s\u2019orienter et choisir sa formation<\/h2>\n<\/div>\n<\/div>\n<div class=\"elementor-element elementor-element-13383db elementor-widget-tablet__width-inherit elementor-widget elementor-widget-text-editor\" data-id=\"13383db\" data-element_type=\"widget\" data-widget_type=\"text-editor.default\">\n<div class=\"elementor-widget-container\">\n<p>Vous n\u2019avez aucune id\u00e9e de ce qui vous int\u00e9resse\u00a0?<\/p>\n<p>Vous cherchez \u00e0 confirmer vos pr\u00e9f\u00e9rences ou une id\u00e9e encore vague\u00a0?<\/p>\n<p>Vous ne savez pas quel pourrait \u00eatre votre m\u00e9tier\u00a0?<\/p>\n<\/div>\n<\/div>\n<\/div>\n<\/div>\n<p>[\/vc_column_text][vc_row_inner][vc_column_inner width=&#8221;1\/2&#8243;][vc_single_image image=&#8221;53552&#8243;][\/vc_column_inner][vc_column_inner width=&#8221;1\/2&#8243;][vc_column_text]<\/p>\n<div class=\"elementor-element elementor-element-9525fcb elementor-widget-tablet__width-inherit elementor-widget elementor-widget-text-editor\" data-id=\"9525fcb\" data-element_type=\"widget\" data-widget_type=\"text-editor.default\">\n<div class=\"elementor-widget-container\">\n<p>Le service dispose du <strong>logiciel Inforizon<\/strong>, outil ludique et innovant pouvant \u00eatre utilis\u00e9 individuellement ou en groupe\u00a0par les jeunes publics de <strong>13 \u00e0 25 ans<\/strong>\u00a0: coll\u00e9giens, lyc\u00e9ens, \u00e9tudiants et jeunes en insertion (Missions Locales, AFPA\u2026). Ce dernier peut \u00eatre une <strong>aide \u00e0 l\u2019orientation<\/strong> car il permet d\u2019apprendre \u00e0 mieux se conna\u00eetre <strong>en explorant ses centres d\u2019int\u00e9r\u00eats<\/strong> au travers de questionnaires tr\u00e8s intuitifs et d\u2019un <strong>travail sur la connaissance de soi<\/strong> (personnalit\u00e9, aptitudes, affinit\u00e9s pour tel ou tel domaine\u2026).<\/p>\n<p>Le logiciel Inforizon peut \u00eatre <strong>un premier pas vers un choix d\u2019orientation <\/strong>et permet de faire na\u00eetre ou m\u00fbrir une r\u00e9flexion afin de<strong> d\u00e9couvrir ou confirmer vos app\u00e9tences pour certains domaines, certains m\u00e9tiers voire g\u00e9n\u00e9rer une vocation<\/strong>.<\/p>\n<p>Les r\u00e9sultats du test sont conserv\u00e9s par l\u2019utilisateur et vous pourrez ensuite approfondir ces derniers en consultant \u00e0 votre rythme, depuis chez vous, les fiches m\u00e9tiers descriptives ou en visionnant autant de t\u00e9moignages vid\u00e9os de professionnels que vous le souhaitez dans chacune des familles de m\u00e9tiers\u00a0!<\/p>\n<p>Ce logiciel est labellis\u00e9 Reconnaissance d\u2019Int\u00e9r\u00eat P\u00e9dagogique (RIP) par le Minist\u00e8re de l\u2019Education nationale.<\/p>\n<p>Pour r\u00e9aliser une session, il suffit de prendre <strong>rendez-vous avec Estelle, l\u2019animatrice du service au 05 55\u00a018 18 44.<\/strong><\/p>\n<\/div>\n<\/div>\n<p>[\/vc_column_text][\/vc_column_inner][\/vc_row_inner][vc_row_inner][vc_column_inner][vc_column_text]<\/p>\n<div class=\"elementor-element elementor-element-9525fcb elementor-widget-tablet__width-inherit elementor-widget elementor-widget-text-editor\" data-id=\"9525fcb\" data-element_type=\"widget\" data-widget_type=\"text-editor.default\">\n<div class=\"elementor-widget-container\">\n<div class=\"elementor-element elementor-element-e2f4f74 elementor-widget elementor-widget-heading\" data-id=\"e2f4f74\" data-element_type=\"widget\" data-widget_type=\"heading.default\">\n<div class=\"elementor-widget-container\">\n<h3 class=\"elementor-heading-title elementor-size-default\">Le service est \u00e9galement \u00e9quip\u00e9 :<\/h3>\n<\/div>\n<\/div>\n<div class=\"elementor-element elementor-element-55676472 elementor-widget-tablet__width-inherit elementor-widget elementor-widget-text-editor\" data-id=\"55676472\" data-element_type=\"widget\" data-widget_type=\"text-editor.default\">\n<div class=\"elementor-widget-container\">\n<ul>\n<li><strong>de casques de r\u00e9alit\u00e9 virtuelle<\/strong> permettant une immersion \u00e0 360\u00b0 dans plus d\u2019une centaine d\u2019environnements professionnels et d\u2019entreprises fran\u00e7aises de diff\u00e9rents secteurs d\u2019activit\u00e9s <em>(pr\u00e9cautions d\u2019utilisation\u00a0: ne pas \u00eatre sujet \u00e0 l\u2019\u00e9pilepsie, ni avoir des soucis d\u2019oreille interne).<\/em><\/li>\n<li><strong>de fiches explicatives pour chaque profession, class\u00e9es par familles de m\u00e9tiers <\/strong>en libre consultation en format papier et pr\u00e9sentant le parcours de formation pour y parvenir.<\/li>\n<\/ul>\n<\/div>\n<\/div>\n<\/div>\n<\/div>\n<p>[\/vc_column_text][\/vc_column_inner][\/vc_row_inner][vc_row_inner][vc_column_inner width=&#8221;1\/2&#8243;][vc_column_text]<\/p>\n<div class=\"elementor-element elementor-element-9525fcb elementor-widget-tablet__width-inherit elementor-widget elementor-widget-text-editor\" data-id=\"9525fcb\" data-element_type=\"widget\" data-widget_type=\"text-editor.default\">\n<div class=\"elementor-widget-container\">\n<div class=\"elementor-element elementor-element-b5db3b8 elementor-widget elementor-widget-heading\" data-id=\"b5db3b8\" data-element_type=\"widget\" data-widget_type=\"heading.default\">\n<div class=\"elementor-widget-container\">\n<h2 class=\"elementor-heading-title elementor-size-default\">Choisir un m\u00e9tier<\/h2>\n<\/div>\n<\/div>\n<div class=\"elementor-element elementor-element-dcd911e e-grid e-con-full e-con e-child\" data-id=\"dcd911e\" data-element_type=\"container\">\n<div class=\"elementor-element elementor-element-c8c8ef5 elementor-widget-tablet__width-inherit elementor-widget elementor-widget-text-editor\" data-id=\"c8c8ef5\" data-element_type=\"widget\" data-widget_type=\"text-editor.default\">\n<div class=\"elementor-widget-container\">\n<p>Avec <b>l\u2019atelier \u00ab Mon futur m\u00e9tier \u00bb<\/b> d\u00e9ploy\u00e9 depuis plus d\u2019un an dans plusieurs coll\u00e8ges brivistes, le service enseignement sup\u00e9rieur et formation permet \u00e0 de jeunes coll\u00e9giens de 5<sup>\u00e8me<\/sup> et 4<sup>\u00e8me<\/sup> de rencontrer des <b>professionnels de l\u2019industrie, du commerce, de l\u2019artisanat et du b\u00e2timent, de l\u2019agriculture, de la sant\u00e9, de l\u2019action sociale, de l\u2019h\u00f4tellerie-restauration, du tourisme, des transports et bien d\u2019autres secteurs<\/b> venant partager leurs m\u00e9tiers et leurs quotidiens respectifs.En petits groupes et aux c\u00f4t\u00e9s d\u2019un professionnel de chaque secteur, ils abordent dans le d\u00e9tail ses missions, son lieu de travail, les publics qu\u2019ils c\u00f4toient, les contraintes associ\u00e9es \u00e0 son m\u00e9tier, son parcours professionnel et de formation, les qualit\u00e9s requises, etc.<\/p>\n<p>Le m\u00e9tier est ensuite pr\u00e9sent\u00e9 \u00e0 l\u2019ensemble de la classe.<\/p>\n<p>Envie de donner de votre temps dans ce cadre et de venir pr\u00e9senter votre profession ?<\/p>\n<p>Contactez-nous au 05 55 18 18 44 pour recevoir le planning 2024\/2025.<\/p>\n<\/div>\n<\/div>\n<\/div>\n<\/div>\n<\/div>\n<p>[\/vc_column_text][\/vc_column_inner][vc_column_inner width=&#8221;1\/2&#8243;][vc_single_image image=&#8221;53486&#8243;][\/vc_column_inner][\/vc_row_inner][vc_row_inner][vc_column_inner width=&#8221;1\/2&#8243;][vc_single_image image=&#8221;53487&#8243;][\/vc_column_inner][vc_column_inner width=&#8221;1\/2&#8243;][vc_column_text]<\/p>\n<div class=\"elementor-element elementor-element-9525fcb elementor-widget-tablet__width-inherit elementor-widget elementor-widget-text-editor\" data-id=\"9525fcb\" data-element_type=\"widget\" data-widget_type=\"text-editor.default\">\n<div class=\"elementor-widget-container\">\n<div class=\"elementor-element elementor-element-568bc62 elementor-widget elementor-widget-heading\" data-id=\"568bc62\" data-element_type=\"widget\" data-widget_type=\"heading.default\">\n<div class=\"elementor-widget-container\">\n<h2 class=\"elementor-heading-title elementor-size-default\">Conna\u00eetre ses comp\u00e9tences<br \/>\n(Re)construire son projet professionnel<\/h2>\n<\/div>\n<\/div>\n<div class=\"elementor-element elementor-element-d2575cf e-grid e-con-full e-con e-child\" data-id=\"d2575cf\" data-element_type=\"container\">\n<div class=\"elementor-element elementor-element-544fdde elementor-widget-tablet__width-inherit elementor-widget elementor-widget-text-editor\" data-id=\"544fdde\" data-element_type=\"widget\" data-widget_type=\"text-editor.default\">\n<div class=\"elementor-widget-container\">\n<p>Deux logiciels peuvent \u00eatre mobilis\u00e9s\u00a0pour le public actif (salari\u00e9s, personnes en reconversion, demandeurs d\u2019emploi), et de tous niveaux de qualification\u00a0:<\/p>\n<p><b>Transf\u00e9rence<\/b>\u00a0vous aidera \u00e0 <b>identifier et analyser vos comp\u00e9tences <\/b>afin de<b> savoir si elles sont transf\u00e9rables dans d\u2019autres m\u00e9tiers<\/b>. L\u2019utilisation du logiciel Transf\u00e9rence a pour objectif de faciliter votre r\u00e9flexion tout en travaillant \u00e0 la fois sur la d\u00e9finition des comp\u00e9tences qui sont les v\u00f4tres et \u00e0 valoriser.<\/p>\n<p>Il ne remplace pas un bilan de comp\u00e9tences classique mais le compl\u00e8te. Pour aller plus loin, l\u2019animatrice du service pourra vous orienter vers un organisme sp\u00e9cialis\u00e9 dans la r\u00e9alisation de ces derniers.<\/p>\n<p>Les \u00e9tudiants et jeunes dipl\u00f4m\u00e9s peuvent \u00e9galement avoir recours \u00e0 Transf\u00e9rence \u00e0 condition d\u2019avoir d\u00e9j\u00e0 une exp\u00e9rience professionnelle\u00a0: alternance, job \u00e9tudiant, service civique, stage\u2026<\/p>\n<p><strong>Pass\u2019avenir<\/strong>, quant \u00e0 lui, vous permettra de <strong>vous projeter dans le monde professionnel<\/strong> via l\u2019exploration vos traits de personnalit\u00e9, de vos aptitudes, des conditions de travail souhait\u00e9es et d\u2019identifier les m\u00e9tiers qui s\u2019y rapportent. Vous pourrez \u00e9galement d\u00e9couvrir des m\u00e9tiers voisins \u00e0 partir d\u2019un ou plusieurs m\u00e9tiers envisag\u00e9s ou d\u00e9j\u00e0 exerc\u00e9s par le pass\u00e9.<\/p>\n<\/div>\n<\/div>\n<\/div>\n<div class=\"elementor-element elementor-element-9878f8c elementor-widget elementor-widget-text-editor\" data-id=\"9878f8c\" data-element_type=\"widget\" data-widget_type=\"text-editor.default\">\n<div class=\"elementor-widget-container\">\n<p><strong>Transf\u00e9rence et Pass\u2019avenir sont compl\u00e9mentaires\u00a0et vous aideront \u00e0 y voir plus clair !<\/strong><\/p>\n<\/div>\n<\/div>\n<\/div>\n<\/div>\n<p>[\/vc_column_text][\/vc_column_inner][\/vc_row_inner][vc_row_inner][vc_column_inner][vc_column_text]<\/p>\n<div class=\"elementor-element elementor-element-9525fcb elementor-widget-tablet__width-inherit elementor-widget elementor-widget-text-editor\" data-id=\"9525fcb\" data-element_type=\"widget\" data-widget_type=\"text-editor.default\">\n<div class=\"elementor-widget-container\">\n<div class=\"elementor-element elementor-element-1aef45e elementor-widget elementor-widget-heading\" data-id=\"1aef45e\" data-element_type=\"widget\" data-widget_type=\"heading.default\">\n<div class=\"elementor-widget-container\">\n<h2 class=\"elementor-heading-title elementor-size-default\">Trouver une formation, un emploi<br \/>\nConna\u00eetre le territoire et les secteurs qui recrutent<\/h2>\n<\/div>\n<\/div>\n<div class=\"elementor-element elementor-element-7864a1e elementor-widget elementor-widget-text-editor\" data-id=\"7864a1e\" data-element_type=\"widget\" data-widget_type=\"text-editor.default\">\n<div class=\"elementor-widget-container\">\n<p>Le service enseignement sup\u00e9rieur et formation organise plusieurs \u00e9v\u00e8nements pouvant vous permettre de rencontrer votre futur employeur, ma\u00eetre de stage ou d\u2019apprentissage, que vous soyez demandeur d\u2019emploi, \u00e9tudiant(e), d\u00e9j\u00e0 salari\u00e9(e) d\u2019une entreprise sur ou en dehors du territoire ou envisageant une reconversion.<\/p>\n<h4><\/h4>\n<h4>Voici les \u00e9v\u00e8nements \u00e0 ne manquer\u00a0:<\/h4>\n<\/div>\n<\/div>\n<\/div>\n<\/div>\n<p>[\/vc_column_text][\/vc_column_inner][\/vc_row_inner][vc_row_inner][vc_column_inner][vc_column_text]<\/p>\n<div class=\"elementor-element elementor-element-9525fcb elementor-widget-tablet__width-inherit elementor-widget elementor-widget-text-editor\" data-id=\"9525fcb\" data-element_type=\"widget\" data-widget_type=\"text-editor.default\">\n<div class=\"elementor-widget-container\">\n<h3>La semaine de l\u2019industrie<\/h3>\n<p>Chaque ann\u00e9e, la Ville et l\u2019Agglo de Brive, aux c\u00f4t\u00e9s de leurs partenaires, les diff\u00e9rentes initiatives organis\u00e9es dans le cadre de la Semaine de l\u2019Industrie.<\/p>\n<p>Au programme\u00a0:<\/p>\n<ul>\n<li>Un forum m\u00ealant entreprises qui recrutent, organismes de formation et stands d\u00e9di\u00e9s \u00e0 la d\u00e9couverte des m\u00e9tiers,<\/li>\n<li>Visites d\u2019entreprises industrielles locales,<\/li>\n<li>Visites des plateaux techniques et des centres de formation li\u00e9s aux m\u00e9tiers de ce secteur (IUT, Lyc\u00e9e Cabanis, ASFO, CFA acad\u00e9mique, Maison de l\u2019Industrie),<\/li>\n<li>Ateliers th\u00e9matiques (management, marque employeur, m\u00e9thodes de recrutement\u2026)<\/li>\n<li>T\u00e9moignages de salari\u00e9s sur leurs professions, leurs quotidiens, leurs parcours, les clich\u00e9s parfois associ\u00e9s \u00e0 l\u2019industrie et qu\u2019ils souhaitent d\u00e9construire,<\/li>\n<li>Interventions en classe\u2026<\/li>\n<\/ul>\n<p>&nbsp;<\/p>\n<p>Cette semaine th\u00e9matique a pour objectifs de participer \u00e0 l\u2019insertion professionnelle des jeunes, susciter des vocations, valoriser la diversit\u00e9 et la mixit\u00e9 des m\u00e9tiers dans l\u2019industrie, accompagner vers le recrutement et le d\u00e9veloppement de l\u2019apprentissage.<\/p>\n<p>Un<a href=\"http:\/\/740jw955i52c.brive.org\/index.php\/etudier\/enseignement-superieur-et-formation-2-2-2-2-2\/?preview_id=51933&amp;preview_nonce=27f50d5f97&amp;_thumbnail_id=-1&amp;preview=true#1709650674019-a04498d8-281d\" target=\"_blank\" rel=\"noopener\"> <strong>programme \u00e0 t\u00e9l\u00e9charger ici.<\/strong><\/a><\/p>\n<p>Pour en savoir plus sur les \u00e9v\u00e8nements et animations qui auront lieu sur votre territoire ou obtenir le programme de l\u2019\u00e9dition 2024, contactez-nous au 05 55 18 81 88 ou 05 55 18 18 44.<\/p>\n<\/div>\n<\/div>\n<p>[\/vc_column_text][\/vc_column_inner][\/vc_row_inner][vc_row_inner][vc_column_inner width=&#8221;1\/4&#8243;][vc_video link=&#8221;https:\/\/youtu.be\/ln4OiGHDcpw?si=wFCi6TZdHbe9Ulfz&#8221;][vc_video link=&#8221;https:\/\/youtu.be\/2D10s-_6_8A?si=-J7R6kS7m5PzR-KH&#8221;][vc_video link=&#8221;https:\/\/youtu.be\/yVHXFSlda0k?si=Tw9G3jeEn2U37jse&#8221;][\/vc_column_inner][vc_column_inner width=&#8221;1\/4&#8243;][vc_video link=&#8221;https:\/\/youtu.be\/VFiSCmKlY7A?si=fRm-YAH8qVhr0QYL&#8221;][vc_video link=&#8221;https:\/\/youtu.be\/i-0PHKsqNVE?si=NgwY9bzwfU3HLdZH&#8221;][vc_video link=&#8221;https:\/\/youtu.be\/tk8VykK-8jk?si=RR2aALGnnXeSfQ_T&#8221;][\/vc_column_inner][vc_column_inner width=&#8221;1\/4&#8243;][vc_video link=&#8221;https:\/\/youtu.be\/YU34yzKHdsY?si=tlklT5ZDHe7q6Q_K&#8221;][vc_video link=&#8221;https:\/\/youtu.be\/PVRq-g8PDm0?si=w1vMX8ImpUYn8Wnq&#8221;][vc_video link=&#8221;https:\/\/youtu.be\/P8UruvyLyKM?si=uq7CY5gE5pKmjLtM&#8221;][\/vc_column_inner][vc_column_inner width=&#8221;1\/4&#8243;][vc_video link=&#8221;https:\/\/youtu.be\/z2mElA5wTbQ?si=nXgsaQXhkt3XWezo&#8221;][vc_video link=&#8221;https:\/\/youtu.be\/80TiEll-5W4?si=ZQzaTD5PacI_HATy&#8221;][vc_video link=&#8221;https:\/\/youtu.be\/okvwnkMCfp8?si=3YBFVRTPZ0CTHsVE&#8221;][\/vc_column_inner][\/vc_row_inner][vc_row_inner][vc_column_inner width=&#8221;1\/2&#8243;][vc_column_text]<\/p>\n<div class=\"elementor-element elementor-element-9525fcb elementor-widget-tablet__width-inherit elementor-widget elementor-widget-text-editor\" data-id=\"9525fcb\" data-element_type=\"widget\" data-widget_type=\"text-editor.default\">\n<div class=\"elementor-widget-container\">\n<p>Le Forum de l\u2019Industrie s\u2019adresse aussi bien aux demandeurs d\u2019emploi, qu\u2019aux personnes souhaitant se reconvertir, salari\u00e9s en recherche de mobilit\u00e9, coll\u00e9giens, lyc\u00e9ens, \u00e9tudiants, jeunes des Missions Locales et grand public curieux d\u2019en savoir plus.<\/p>\n<p>Sur place, vous retrouverez trois espaces\u00a0:<\/p>\n<ul>\n<li>Un p\u00f4le \u00ab\u00a0recrutement\u00a0\u00bb avec une trentaine d\u2019entreprises dont la pr\u00e9sence est mat\u00e9rialis\u00e9e par une signal\u00e9tique de couleur selon leurs besoins\u00a0: job dating (CDD\/CDI\/int\u00e9rim) et\/ou stage dating et\/ou contrats en alternance.<\/li>\n<li>Un p\u00f4le \u00ab Formation\u00a0\u00bb int\u00e9grant des acteurs de la formation professionnelle pour adultes, infrabac (CAP, BEP) et post bac du territoire ainsi que des experts dans l\u2019accompagnement \u00e0 la reconversion ou \u00e0 la recherche d\u2019un emploi.<\/li>\n<li>Un p\u00f4le \u00ab\u00a0D\u00e9couverte des m\u00e9tiers\u00a0\u00bb o\u00f9 sont pr\u00e9sents des outils ludiques et p\u00e9dagogiques permettant au public et de tous les \u00e2ges, de d\u00e9couvrir les m\u00e9tiers de l\u2019industrie et les environnements professionnels associ\u00e9s via le geste, la r\u00e9alit\u00e9 virtuelle ou augment\u00e9e, des robots, etc.<\/li>\n<\/ul>\n<p>&nbsp;<\/p>\n<p>Mardi 19 novembre 2024, Espace des Trois Provinces \u00e0 Brive \u2013 de 14h \u00e0 18h<\/p>\n<p>Entr\u00e9e libre et gratuite<\/p>\n<p>Plus d\u2019informations au 05 55 18 81 88<\/p>\n<\/div>\n<\/div>\n<p>[\/vc_column_text][\/vc_column_inner][vc_column_inner width=&#8221;1\/2&#8243;][vc_cta h2=&#8221;Forum de l\u2019Industrie&#8221; style=&#8221;outline&#8221; color=&#8221;peacoc&#8221;]<a href=\"http:\/\/740jw955i52c.brive.org\/wp-content\/uploads\/2024\/09\/FORUM-INDUSTRIE-2024-POST-INSTA.jpg\"><img decoding=\"async\" loading=\"lazy\" class=\"aligncenter size-full wp-image-53555\" src=\"http:\/\/740jw955i52c.brive.org\/wp-content\/uploads\/2024\/09\/FORUM-INDUSTRIE-2024-POST-INSTA.jpg\" alt=\"\" width=\"1080\" height=\"1080\" srcset=\"http:\/\/740jw955i52c.brive.org\/wp-content\/uploads\/2024\/09\/FORUM-INDUSTRIE-2024-POST-INSTA.jpg 1080w, http:\/\/740jw955i52c.brive.org\/wp-content\/uploads\/2024\/09\/FORUM-INDUSTRIE-2024-POST-INSTA-300x300.jpg 300w, http:\/\/740jw955i52c.brive.org\/wp-content\/uploads\/2024\/09\/FORUM-INDUSTRIE-2024-POST-INSTA-750x750.jpg 750w, http:\/\/740jw955i52c.brive.org\/wp-content\/uploads\/2024\/09\/FORUM-INDUSTRIE-2024-POST-INSTA-200x200.jpg 200w, http:\/\/740jw955i52c.brive.org\/wp-content\/uploads\/2024\/09\/FORUM-INDUSTRIE-2024-POST-INSTA-600x600.jpg 600w, http:\/\/740jw955i52c.brive.org\/wp-content\/uploads\/2024\/09\/FORUM-INDUSTRIE-2024-POST-INSTA-230x230.jpg 230w, http:\/\/740jw955i52c.brive.org\/wp-content\/uploads\/2024\/09\/FORUM-INDUSTRIE-2024-POST-INSTA-198x198.jpg 198w, http:\/\/740jw955i52c.brive.org\/wp-content\/uploads\/2024\/09\/FORUM-INDUSTRIE-2024-POST-INSTA-60x60.jpg 60w, http:\/\/740jw955i52c.brive.org\/wp-content\/uploads\/2024\/09\/FORUM-INDUSTRIE-2024-POST-INSTA-285x285.jpg 285w, http:\/\/740jw955i52c.brive.org\/wp-content\/uploads\/2024\/09\/FORUM-INDUSTRIE-2024-POST-INSTA-206x206.jpg 206w, http:\/\/740jw955i52c.brive.org\/wp-content\/uploads\/2024\/09\/FORUM-INDUSTRIE-2024-POST-INSTA-916x916.jpg 916w, http:\/\/740jw955i52c.brive.org\/wp-content\/uploads\/2024\/09\/FORUM-INDUSTRIE-2024-POST-INSTA-590x590.jpg 590w, http:\/\/740jw955i52c.brive.org\/wp-content\/uploads\/2024\/09\/FORUM-INDUSTRIE-2024-POST-INSTA-363x363.jpg 363w, http:\/\/740jw955i52c.brive.org\/wp-content\/uploads\/2024\/09\/FORUM-INDUSTRIE-2024-POST-INSTA-200x200@2x.jpg 400w\" sizes=\"(max-width: 1080px) 100vw, 1080px\" \/><\/a>[\/vc_cta][\/vc_column_inner][\/vc_row_inner][vc_row_inner][vc_column_inner width=&#8221;1\/2&#8243;][vc_cta h2=&#8221;Forum de l\u2019emploi&#8221; style=&#8221;outline&#8221; color=&#8221;peacoc&#8221;]<a href=\"http:\/\/740jw955i52c.brive.org\/wp-content\/uploads\/2024\/05\/Forum-Emploi-site.jpg\"><img decoding=\"async\" loading=\"lazy\" class=\"aligncenter size-full wp-image-52482\" src=\"http:\/\/740jw955i52c.brive.org\/wp-content\/uploads\/2024\/05\/Forum-Emploi-site.jpg\" alt=\"\" width=\"567\" height=\"567\" srcset=\"http:\/\/740jw955i52c.brive.org\/wp-content\/uploads\/2024\/05\/Forum-Emploi-site.jpg 567w, http:\/\/740jw955i52c.brive.org\/wp-content\/uploads\/2024\/05\/Forum-Emploi-site-300x300.jpg 300w, http:\/\/740jw955i52c.brive.org\/wp-content\/uploads\/2024\/05\/Forum-Emploi-site-200x200.jpg 200w, http:\/\/740jw955i52c.brive.org\/wp-content\/uploads\/2024\/05\/Forum-Emploi-site-230x230.jpg 230w, http:\/\/740jw955i52c.brive.org\/wp-content\/uploads\/2024\/05\/Forum-Emploi-site-198x198.jpg 198w, http:\/\/740jw955i52c.brive.org\/wp-content\/uploads\/2024\/05\/Forum-Emploi-site-60x60.jpg 60w, http:\/\/740jw955i52c.brive.org\/wp-content\/uploads\/2024\/05\/Forum-Emploi-site-285x285.jpg 285w, http:\/\/740jw955i52c.brive.org\/wp-content\/uploads\/2024\/05\/Forum-Emploi-site-206x206.jpg 206w, http:\/\/740jw955i52c.brive.org\/wp-content\/uploads\/2024\/05\/Forum-Emploi-site-363x363.jpg 363w, http:\/\/740jw955i52c.brive.org\/wp-content\/uploads\/2024\/05\/Forum-Emploi-site-200x200@2x.jpg 400w\" sizes=\"(max-width: 567px) 100vw, 567px\" \/><\/a>[\/vc_cta][\/vc_column_inner][vc_column_inner width=&#8221;1\/2&#8243;][vc_column_text]<\/p>\n<div class=\"elementor-element elementor-element-9525fcb elementor-widget-tablet__width-inherit elementor-widget elementor-widget-text-editor\" data-id=\"9525fcb\" data-element_type=\"widget\" data-widget_type=\"text-editor.default\">\n<div class=\"elementor-widget-container\">\n<h3>Le Forum de l\u2019Emploi dans le cadre de la Semaine de l\u2019Emploi :<\/h3>\n<ul>\n<li>Vous cherchez un emploi ?<\/li>\n<li>Vous envisagez une reconversion et vous vous interrogez sur le fait de r\u00e9aliser une formation mais avec quel organisme, combien \u00e7a co\u00fbte, comment \u00e7a marche\u00a0?<\/li>\n<li>Vous \u00eates salari\u00e9(e) dans une entreprise et vous avez envie de changer en mobilisant vos comp\u00e9tences dans une autre structure ?<\/li>\n<li>Vous \u00eates jeune dipl\u00f4m\u00e9(e) ou bient\u00f4t \u00e0 la fin de vos \u00e9tudes\u00a0?<\/li>\n<\/ul>\n<p>&nbsp;<\/p>\n<p>Ce Forum est l\u2019\u00e9v\u00e8nement \u00e0 ne pas rater car il r\u00e9unit chaque ann\u00e9e plus de <strong>90 exposants, des entreprises du territoire, tous secteurs d\u2019activit\u00e9s confondus <\/strong>(industrie, commerce, administration et fonction publique, b\u00e2timent, services, agriculture, transports\u2026) et <strong>des centaines d\u2019offres \u00e0 pourvoir en CDI, CDD et int\u00e9rim. <\/strong><\/p>\n<p>La date est d\u00e9j\u00e0 fix\u00e9e pour 2025 alors \u00e0 vos agendas\u00a0!<\/p>\n<p>Mardi 13 Mai 2025, Espace des Trois Provinces \u00e0 Brive \u2013 de 9h \u00e0 13h<\/p>\n<p>Entr\u00e9e libre et gratuite<\/p>\n<p>Plus d\u2019informations au 05 55 18 81 88<\/p>\n<\/div>\n<\/div>\n<p>[\/vc_column_text][\/vc_column_inner][\/vc_row_inner][vc_row_inner][vc_column_inner width=&#8221;1\/2&#8243;][vc_single_image image=&#8221;42753&#8243;][\/vc_column_inner][vc_column_inner width=&#8221;1\/2&#8243;][vc_single_image image=&#8221;47913&#8243;][\/vc_column_inner][\/vc_row_inner][\/vc_column][\/vc_row]<\/p>\n","protected":false},"excerpt":{"rendered":"<p>[vc_row][vc_column][vc_column_text] Coll\u00e9giens, lyc\u00e9ens, demandeurs d\u2019emploi, personnes en reconversion, salari\u00e9s, jeunes des missions locales et entreprises du territoire de tous secteurs, le service enseignement sup\u00e9rieur et formation ne s\u2019adresse pas qu\u2019aux &#8230; <\/p>\n","protected":false},"author":3,"featured_media":0,"parent":0,"menu_order":0,"comment_status":"closed","ping_status":"closed","template":"","meta":[],"yoast_head":"<!-- This site is optimized with the Yoast SEO plugin v17.8 - https:\/\/yoast.com\/wordpress\/plugins\/seo\/ -->\n<title>M\u00e9tiers, Emploi, Formation (label ERIP) - Ville de Brive<\/title>\n<meta name=\"robots\" content=\"index, follow, max-snippet:-1, max-image-preview:large, max-video-preview:-1\" \/>\n<link rel=\"canonical\" href=\"http:\/\/740jw955i52c.brive.org\/index.php\/erip-brive-agglomeration\/\" \/>\n<meta property=\"og:locale\" content=\"fr_FR\" \/>\n<meta property=\"og:type\" content=\"article\" \/>\n<meta property=\"og:title\" content=\"M\u00e9tiers, Emploi, Formation (label ERIP) - Ville de Brive\" \/>\n<meta property=\"og:description\" content=\"[vc_row][vc_column][vc_column_text] Coll\u00e9giens, lyc\u00e9ens, demandeurs d\u2019emploi, personnes en reconversion, salari\u00e9s, jeunes des missions locales et entreprises du territoire de tous secteurs, le service enseignement sup\u00e9rieur et formation ne s\u2019adresse pas qu\u2019aux ...\" \/>\n<meta property=\"og:url\" content=\"http:\/\/740jw955i52c.brive.org\/index.php\/erip-brive-agglomeration\/\" \/>\n<meta property=\"og:site_name\" content=\"Ville de Brive\" \/>\n<meta property=\"article:modified_time\" content=\"2024-11-18T13:55:20+00:00\" \/>\n<meta property=\"og:image\" content=\"http:\/\/740jw955i52c.brive.org\/wp-content\/uploads\/2024\/09\/FORUM-INDUSTRIE-2024-POST-INSTA.jpg\" \/>\n<meta name=\"twitter:card\" content=\"summary_large_image\" \/>\n<meta name=\"twitter:label1\" content=\"Dur\u00e9e de lecture estim\u00e9e\" \/>\n\t<meta name=\"twitter:data1\" content=\"10 minutes\" \/>\n<script type=\"application\/ld+json\" class=\"yoast-schema-graph\">{\"@context\":\"https:\/\/schema.org\",\"@graph\":[{\"@type\":\"WebSite\",\"@id\":\"http:\/\/740jw955i52c.brive.org\/#website\",\"url\":\"http:\/\/740jw955i52c.brive.org\/\",\"name\":\"Ville de Brive\",\"description\":\"Bienvenue sur le site de la ville de Brive-la-Gaillarde. Vous y trouverez l&#039;actualit\\u00e9 de la commune, des informations pratiques et vos d\\u00e9marches administratives.\",\"potentialAction\":[{\"@type\":\"SearchAction\",\"target\":{\"@type\":\"EntryPoint\",\"urlTemplate\":\"http:\/\/740jw955i52c.brive.org\/?s={search_term_string}\"},\"query-input\":\"required name=search_term_string\"}],\"inLanguage\":\"fr-FR\"},{\"@type\":\"ImageObject\",\"@id\":\"http:\/\/740jw955i52c.brive.org\/index.php\/erip-brive-agglomeration\/#primaryimage\",\"inLanguage\":\"fr-FR\",\"url\":\"http:\/\/740jw955i52c.brive.org\/wp-content\/uploads\/2024\/09\/FORUM-INDUSTRIE-2024-POST-INSTA.jpg\",\"contentUrl\":\"http:\/\/740jw955i52c.brive.org\/wp-content\/uploads\/2024\/09\/FORUM-INDUSTRIE-2024-POST-INSTA.jpg\",\"width\":1080,\"height\":1080},{\"@type\":\"WebPage\",\"@id\":\"http:\/\/740jw955i52c.brive.org\/index.php\/erip-brive-agglomeration\/#webpage\",\"url\":\"http:\/\/740jw955i52c.brive.org\/index.php\/erip-brive-agglomeration\/\",\"name\":\"M\\u00e9tiers, Emploi, Formation (label ERIP) - Ville de Brive\",\"isPartOf\":{\"@id\":\"http:\/\/740jw955i52c.brive.org\/#website\"},\"primaryImageOfPage\":{\"@id\":\"http:\/\/740jw955i52c.brive.org\/index.php\/erip-brive-agglomeration\/#primaryimage\"},\"datePublished\":\"2015-10-05T07:21:34+00:00\",\"dateModified\":\"2024-11-18T13:55:20+00:00\",\"breadcrumb\":{\"@id\":\"http:\/\/740jw955i52c.brive.org\/index.php\/erip-brive-agglomeration\/#breadcrumb\"},\"inLanguage\":\"fr-FR\",\"potentialAction\":[{\"@type\":\"ReadAction\",\"target\":[\"http:\/\/740jw955i52c.brive.org\/index.php\/erip-brive-agglomeration\/\"]}]},{\"@type\":\"BreadcrumbList\",\"@id\":\"http:\/\/740jw955i52c.brive.org\/index.php\/erip-brive-agglomeration\/#breadcrumb\",\"itemListElement\":[{\"@type\":\"ListItem\",\"position\":1,\"name\":\"Accueil\",\"item\":\"http:\/\/740jw955i52c.brive.org\/\"},{\"@type\":\"ListItem\",\"position\":2,\"name\":\"M\\u00e9tiers, Emploi, Formation (label ERIP)\"}]}]}<\/script>\n<!-- \/ Yoast SEO plugin. -->","yoast_head_json":{"title":"M\u00e9tiers, Emploi, Formation (label ERIP) - Ville de Brive","robots":{"index":"index","follow":"follow","max-snippet":"max-snippet:-1","max-image-preview":"max-image-preview:large","max-video-preview":"max-video-preview:-1"},"canonical":"http:\/\/740jw955i52c.brive.org\/index.php\/erip-brive-agglomeration\/","og_locale":"fr_FR","og_type":"article","og_title":"M\u00e9tiers, Emploi, Formation (label ERIP) - Ville de Brive","og_description":"[vc_row][vc_column][vc_column_text] Coll\u00e9giens, lyc\u00e9ens, demandeurs d\u2019emploi, personnes en reconversion, salari\u00e9s, jeunes des missions locales et entreprises du territoire de tous secteurs, le service enseignement sup\u00e9rieur et formation ne s\u2019adresse pas qu\u2019aux ...","og_url":"http:\/\/740jw955i52c.brive.org\/index.php\/erip-brive-agglomeration\/","og_site_name":"Ville de Brive","article_modified_time":"2024-11-18T13:55:20+00:00","og_image":[{"url":"http:\/\/740jw955i52c.brive.org\/wp-content\/uploads\/2024\/09\/FORUM-INDUSTRIE-2024-POST-INSTA.jpg"}],"twitter_card":"summary_large_image","twitter_misc":{"Dur\u00e9e de lecture estim\u00e9e":"10 minutes"},"schema":{"@context":"https:\/\/schema.org","@graph":[{"@type":"WebSite","@id":"http:\/\/740jw955i52c.brive.org\/#website","url":"http:\/\/740jw955i52c.brive.org\/","name":"Ville de Brive","description":"Bienvenue sur le site de la ville de Brive-la-Gaillarde. Vous y trouverez l&#039;actualit\u00e9 de la commune, des informations pratiques et vos d\u00e9marches administratives.","potentialAction":[{"@type":"SearchAction","target":{"@type":"EntryPoint","urlTemplate":"http:\/\/740jw955i52c.brive.org\/?s={search_term_string}"},"query-input":"required name=search_term_string"}],"inLanguage":"fr-FR"},{"@type":"ImageObject","@id":"http:\/\/740jw955i52c.brive.org\/index.php\/erip-brive-agglomeration\/#primaryimage","inLanguage":"fr-FR","url":"http:\/\/740jw955i52c.brive.org\/wp-content\/uploads\/2024\/09\/FORUM-INDUSTRIE-2024-POST-INSTA.jpg","contentUrl":"http:\/\/740jw955i52c.brive.org\/wp-content\/uploads\/2024\/09\/FORUM-INDUSTRIE-2024-POST-INSTA.jpg","width":1080,"height":1080},{"@type":"WebPage","@id":"http:\/\/740jw955i52c.brive.org\/index.php\/erip-brive-agglomeration\/#webpage","url":"http:\/\/740jw955i52c.brive.org\/index.php\/erip-brive-agglomeration\/","name":"M\u00e9tiers, Emploi, Formation (label ERIP) - Ville de Brive","isPartOf":{"@id":"http:\/\/740jw955i52c.brive.org\/#website"},"primaryImageOfPage":{"@id":"http:\/\/740jw955i52c.brive.org\/index.php\/erip-brive-agglomeration\/#primaryimage"},"datePublished":"2015-10-05T07:21:34+00:00","dateModified":"2024-11-18T13:55:20+00:00","breadcrumb":{"@id":"http:\/\/740jw955i52c.brive.org\/index.php\/erip-brive-agglomeration\/#breadcrumb"},"inLanguage":"fr-FR","potentialAction":[{"@type":"ReadAction","target":["http:\/\/740jw955i52c.brive.org\/index.php\/erip-brive-agglomeration\/"]}]},{"@type":"BreadcrumbList","@id":"http:\/\/740jw955i52c.brive.org\/index.php\/erip-brive-agglomeration\/#breadcrumb","itemListElement":[{"@type":"ListItem","position":1,"name":"Accueil","item":"http:\/\/740jw955i52c.brive.org\/"},{"@type":"ListItem","position":2,"name":"M\u00e9tiers, Emploi, Formation (label ERIP)"}]}]}},"_links":{"self":[{"href":"http:\/\/740jw955i52c.brive.org\/index.php\/wp-json\/wp\/v2\/pages\/382"}],"collection":[{"href":"http:\/\/740jw955i52c.brive.org\/index.php\/wp-json\/wp\/v2\/pages"}],"about":[{"href":"http:\/\/740jw955i52c.brive.org\/index.php\/wp-json\/wp\/v2\/types\/page"}],"author":[{"embeddable":true,"href":"http:\/\/740jw955i52c.brive.org\/index.php\/wp-json\/wp\/v2\/users\/3"}],"replies":[{"embeddable":true,"href":"http:\/\/740jw955i52c.brive.org\/index.php\/wp-json\/wp\/v2\/comments?post=382"}],"version-history":[{"count":238,"href":"http:\/\/740jw955i52c.brive.org\/index.php\/wp-json\/wp\/v2\/pages\/382\/revisions"}],"predecessor-version":[{"id":45216,"href":"http:\/\/740jw955i52c.brive.org\/index.php\/wp-json\/wp\/v2\/pages\/382\/revisions\/45216"}],"wp:attachment":[{"href":"http:\/\/740jw955i52c.brive.org\/index.php\/wp-json\/wp\/v2\/media?parent=382"}],"curies":[{"name":"wp","href":"https:\/\/api.w.org\/{rel}","templated":true}]}}