{"id":378,"date":"2015-10-05T09:20:40","date_gmt":"2015-10-05T07:20:40","guid":{"rendered":"http:\/\/740jw955i52c.brive.org?page_id=378"},"modified":"2023-06-13T15:49:11","modified_gmt":"2023-06-13T13:49:11","slug":"etudier","status":"publish","type":"page","link":"http:\/\/740jw955i52c.brive.org\/index.php\/etudier\/","title":{"rendered":"\u00c9tudier"},"content":{"rendered":"<p>[vc_row][vc_column width=&#8221;1\/2&#8243;]<div class=\"uxb-exte\"><h3 class=\"    uxb-heading\">Ecoles maternelles<\/h3><\/div>[vc_tta_accordion style=&#8221;outline&#8221; shape=&#8221;square&#8221; color=&#8221;sky&#8221; c_icon=&#8221;triangle&#8221; active_section=&#8221;&#8221; no_fill=&#8221;true&#8221; collapsible_all=&#8221;true&#8221;][vc_tta_section title=&#8221;Ecoles maternelles publiques&#8221; tab_id=&#8221;1537517630740-cac0cc17-9ece&#8221;][vc_column_text]<strong>Lucie Aubrac<\/strong><br \/>\n79, boulevard Roger Combes<br \/>\n05 55 88 06 99<br \/>\n<a class=\"mail\" href=\"mailto:maternellebeylieshautes19@wanadoo.fr\" target=\"_blank\" rel=\"noopener noreferrer\">nous \u00e9crire<\/a><\/p>\n<p><strong>Bouquet<br \/>\n<\/strong>rue L\u00e9once Bourliaguet<br \/>\n05 55 86 09 50<br \/>\n<a class=\"mail\" href=\"mailto:ecole.bouquet-mat@wanadoo.fr\" target=\"_blank\" rel=\"noopener noreferrer\">nous \u00e9crire<\/a><\/p>\n<p><strong>Pont Cardinal<br \/>\n<\/strong>5, avenue Maillard<br \/>\n05 55 74 13 20<br \/>\n<a class=\"mail\" href=\"mailto:ecole.brive-salvandy@ac-limoges.fr\" target=\"_blank\" rel=\"noopener noreferrer\">nous \u00e9crire<\/a><\/p>\n<p><strong>Marie Curie<br \/>\n<\/strong>27, rue Louis Thomas<br \/>\n05 55 87 40 78<br \/>\n<a class=\"mail\" href=\"mailto:maternellemariecurie19@wanadoo.fr\" target=\"_blank\" rel=\"noopener noreferrer\">nous \u00e9crire<\/a><\/p>\n<p><strong>Henri G\u00e9rard<br \/>\n<\/strong>26 bis, avenue Guyemer<br \/>\n05 55 87 31 20<br \/>\n<a class=\"mail\" href=\"mailto:maternellehenrigerard19@wanadoo.fr\" target=\"_blank\" rel=\"noopener noreferrer\">nous \u00e9crire<\/a><\/p>\n<p><strong>Jean de la Fontaine<br \/>\n<\/strong>13, rue Courteline<br \/>\n05 55 23 07 86<br \/>\n<a class=\"mail\" href=\"mailto:maternellejeandelafontaine19@wanadoo.fr\" target=\"_blank\" rel=\"noopener noreferrer\">nous \u00e9crire<\/a><\/p>\n<p><strong>Michel PEYRAMAURE<\/strong><br \/>\n1, rue Berlioz<br \/>\n05 55 24 14 70<br \/>\n<a class=\"mail\" href=\"mailto:ecole.brive-st-germain-mat@ac-limoges.fr\" target=\"_blank\" rel=\"noopener noreferrer\">nous \u00e9crire<\/a><\/p>\n<p><strong>Roger Gouffault <\/strong>(anciennement cit\u00e9 des Roses<b>)<\/b><br \/>\n1, rue Henri Aupert<br \/>\n05 55 87 40 64<br \/>\n<a class=\"mail\" href=\"mailto:maternellecitedesroses19@wanadoo.fr\" target=\"_blank\" rel=\"noopener noreferrer\">nous \u00e9crire<\/a><\/p>\n<p><strong>Louis Pons<br \/>\n<\/strong>7,rue Muzac<br \/>\n05 55 24 39 50<br \/>\n<a class=\"mail\" href=\"mailto:ecole.brive-pons-mat@ac-limoges.fr\" target=\"_blank\" rel=\"noopener noreferrer\">nous \u00e9crire<\/a><\/p>\n<p><strong>Blaise Raynal<br \/>\n<\/strong>6 bis, rue Blaise Raynal<br \/>\n05 55 24 14 58<br \/>\n<a class=\"mail\" href=\"mailto:ecole.brive-raynal-mat@ac-limoges.fr\" target=\"_blank\" rel=\"noopener noreferrer\">nous \u00e9crire<\/a><\/p>\n<p><strong>Jules Romains<\/strong><br \/>\n6, rue Jules Romains<br \/>\n05 55 87 17 06<br \/>\n<a class=\"mail\" href=\"mailto:ecole.jules-romains@ac-limoges.fr\" target=\"_blank\" rel=\"noopener noreferrer\">nous \u00e9crire<\/a><\/p>\n<p><strong>Paul de Salvandy<\/strong><br \/>\n7bis, rue Paul de Salvandy<br \/>\n05 55 24 21 55<\/p>\n<p><strong>Henri Sautet<br \/>\n<\/strong>17, rue Henri Sautet<br \/>\n05 55 87 45 15<br \/>\n<a class=\"mail\" href=\"mailto:maternellehenrisautet19@wanadoo.fr\" target=\"_blank\" rel=\"noopener noreferrer\">nous \u00e9crire<\/a><\/p>\n<p><strong>Th\u00e9r\u00e8se Simonet<\/strong><br \/>\n4, rue Th\u00e9r\u00e8se Simonet<br \/>\n05 55 24 17 88<br \/>\n<a class=\"mail\" href=\"mailto:ce.0190157t@ac-limoges.fr\" target=\"_blank\" rel=\"noopener noreferrer\">nous \u00e9crire<\/a><\/p>\n<p><strong>Jules Vall\u00e8s<br \/>\n<\/strong>34, rue Eug\u00e8ne Delacroix<br \/>\n05 55 86 93 28<br \/>\n<a class=\"mail\" href=\"mailto:maternellejulesvalles19@wanadoo.fr\" target=\"_blank\" rel=\"noopener noreferrer\">nous \u00e9crire<\/a>[\/vc_column_text][\/vc_tta_section][vc_tta_section title=&#8221;Ecoles maternelles priv\u00e9es&#8221; tab_id=&#8221;1537517630776-f0170039-86db&#8221;][vc_column_text]<strong>Ecole maternelle Bossuet<\/strong><br \/>\n11, rue Bossuet<br \/>\n05.55.86.74.00<\/p>\n<p><strong>Ecole maternelle Notre-Dame<\/strong><br \/>\n3, rue Bernard Denoix<br \/>\n05.55.17.61.70<\/p>\n<p><strong>Ecole maternelle Jeanne d\u2019Arc<\/strong><br \/>\n7, rue soliers<br \/>\n05.55.17.61.90<\/p>\n<p><strong>Ecole maternelle de la Salle<\/strong><br \/>\n3, avenue Thiers<br \/>\n05.55.24.12.27[\/vc_column_text][\/vc_tta_section][\/vc_tta_accordion][\/vc_column][vc_column width=&#8221;1\/2&#8243;]<div class=\"uxb-exte\"><h3 class=\"    uxb-heading\">Ecoles \u00e9l\u00e9mentaires<\/h3><\/div>[vc_tta_accordion style=&#8221;outline&#8221; shape=&#8221;square&#8221; color=&#8221;sky&#8221; c_icon=&#8221;triangle&#8221; active_section=&#8221;&#8221; no_fill=&#8221;true&#8221; collapsible_all=&#8221;true&#8221;][vc_tta_section title=&#8221;Ecoles \u00e9l\u00e9mentaires publiques&#8221; tab_id=&#8221;1537517540291-9bce8491-5b56&#8243;][vc_column_text]<strong>Lucie Aubrac<\/strong><br \/>\n79, boulevard Roger Combes<br \/>\nt\u00e9l : 05 55 87 16 40<br \/>\n<a class=\"mail\" href=\"mailto:ecole.brive-rivet-ele@ac-limoges.fr\" target=\"_blank\" rel=\"noopener noreferrer\">nous \u00e9crire<\/a><\/p>\n<p><strong>Bouquet<br \/>\n<\/strong>85, rue L\u00e9once Bourliaguet<br \/>\nt\u00e9l : 05.87.09.30.12<br \/>\n<a class=\"mail\" href=\"mailto:bouquet19@wanadoo.fr\" target=\"_blank\" rel=\"noopener noreferrer\">nous \u00e9crire<\/a><\/p>\n<p><strong>Michel PEYRAMAURE<\/strong><br \/>\n4\/6, Avenue Mozart<br \/>\nt\u00e9l : 05 55 24 14 56<br \/>\n<a class=\"mail\" href=\"mailto:pontcardinal19@wanadoo.fr\" target=\"_blank\" rel=\"noopener noreferrer\">nous \u00e9crire<\/a><\/p>\n<p><strong>Marie Curie<br \/>\n<\/strong>29, rue Louis Thomas<br \/>\n05 55 87 40 78<br \/>\n<a class=\"mail\" href=\"mailto:ecole.brive-curie@ac-limoges.fr\" target=\"_blank\" rel=\"noopener noreferrer\">nous \u00e9crire<\/a><\/p>\n<p><strong>Jules Ferry<br \/>\n<\/strong>15, boulevard Jules Fery<br \/>\nt\u00e9l : 05 55 24 11 91<br \/>\n<a class=\"mail\" href=\"mailto:ce.0190135u@ac-limoges.fr\" target=\"_blank\" rel=\"noopener noreferrer\">nous \u00e9crire<\/a><\/p>\n<p><strong>Henri G\u00e9rard<br \/>\n<\/strong>26, avenue Guyemer<br \/>\nt\u00e9l : 05 55 87 08 82<br \/>\n<a class=\"mail\" href=\"mailto:ecole.brive-henri-gerard@ac-limoges.fr\" target=\"_blank\" rel=\"noopener noreferrer\">nous \u00e9crire<\/a><\/p>\n<p><strong>Saint Germain<\/strong><br \/>\n4, avenue Mozart<br \/>\nt\u00e9l : 05 55 24 42 60<br \/>\n<a class=\"mail\" href=\"mailto:ce.0190150k@ac-limoges.fr\" target=\"_blank\" rel=\"noopener noreferrer\">nous \u00e9crire<\/a><\/p>\n<p><strong>Roger Gouffault<\/strong> (anciennement Cit\u00e9 des Roses)<br \/>\n1, rue Henri Aupert<br \/>\nt\u00e9l : 05 55 87 40 63<br \/>\n<a class=\"mail\" href=\"mailto:ce.0190823s@ac-limoges.fr\" target=\"_blank\" rel=\"noopener noreferrer\">nous \u00e9crire<\/a><\/p>\n<p><strong>Louis Pons<br \/>\n<\/strong>26, avenue Louis Pons<br \/>\nt\u00e9l : 05 55 24 14 54<br \/>\n<a class=\"mail\" href=\"mailto:ecole.brive-pons1@ac-limoges.fr\" target=\"_blank\" rel=\"noopener noreferrer\">nous \u00e9crire<\/a><\/p>\n<p><strong>Jules Romains<br \/>\n<\/strong>6, rue Jules Romains<br \/>\nt\u00e9l : 05 55 87 05 11<br \/>\n<a class=\"mail\" href=\"mailto:ecole.jules-romains@ac-limoges.fr\" target=\"_blank\" rel=\"noopener noreferrer\">nous \u00e9crire<\/a><\/p>\n<p><strong>Paul de Salvandy<br \/>\n<\/strong>7 bis, rue Paul de Salvandy<br \/>\nt\u00e9l : 05 55 24 21 55<br \/>\n<a class=\"mail\" href=\"mailto:paulsalvandy19@wanadoo.fr\" target=\"_blank\" rel=\"noopener noreferrer\">nous \u00e9crire<\/a><\/p>\n<p><strong>Henri Sautet<\/strong><br \/>\n15, rue Henri Sautet<br \/>\nt\u00e9l : 05 55 87 16 71<br \/>\n<a class=\"mail\" href=\"mailto:ce.0190667x@ac-limoges.fr\" target=\"_blank\" rel=\"noopener noreferrer\">nous \u00e9crire<\/a><\/p>\n<p><strong>Th\u00e9r\u00e8se Simonet<\/strong><br \/>\n2, rue Th\u00e9r\u00e8se Simonet<br \/>\n05 55 24 39 51<br \/>\n<a class=\"mail\" href=\"mailto:ecole.brive-simonet2@ac-limoges.fr\" target=\"_blank\" rel=\"noopener noreferrer\">nous \u00e9crire<\/a><\/p>\n<p><strong>Jules Vall\u00e8s<\/strong><br \/>\n34, rue Eug\u00e8ne Delacroix<br \/>\nt\u00e9l : 05 55 87 17 18<br \/>\n<a class=\"mail\" href=\"mailto:julesvalles19@wanadoo.fr\" target=\"_blank\" rel=\"noopener noreferrer\">nous \u00e9crire<\/a>[\/vc_column_text][\/vc_tta_section][vc_tta_section title=&#8221;Ecoles \u00e9l\u00e9mentaires priv\u00e9es&#8221; tab_id=&#8221;1537517540329-833f67eb-0208&#8243;][vc_column_text]<strong>Ecole \u00e9l\u00e9mentaire de Bossuet<\/strong><br \/>\n11, rue Bossuet<br \/>\n05.55.86.74.00<br \/>\n<a class=\"mail\" href=\"mailto:secreta-bossuet@freesurf.fr\" target=\"_blank\" rel=\"noopener noreferrer\">nous \u00e9crire<\/a><\/p>\n<p><strong>Ecole \u00e9l\u00e9mentaire\u00a0Notre-Dame<\/strong><br \/>\n3, rue Bernard Denoix<br \/>\n05.55.17.61.70<br \/>\n<a class=\"mail\" href=\"mailto:college.ndja@wanadoo.fr\" target=\"_blank\" rel=\"noopener noreferrer\">nous \u00e9crire<\/a><\/p>\n<p><strong>Ecole \u00e9l\u00e9mentaire\u00a0Jeanne d\u2019Arc<\/strong><br \/>\n7, rue Soliers<br \/>\n05.55.17.61.90<br \/>\n<a class=\"mail\" href=\"mailto:college.ndja@wanadoo.fr\" target=\"_blank\" rel=\"noopener noreferrer\">nous \u00e9crire<\/a><\/p>\n<p><strong>Ecole \u00e9l\u00e9mentaire de la Salle<\/strong><br \/>\n3, avenue Thiers<br \/>\n05.55.24.12.27<br \/>\n<a class=\"mail\" href=\"mailto:ecole.lasalle@netcourrier.com\" target=\"_blank\" rel=\"noopener noreferrer\">nous \u00e9crire<\/a>[\/vc_column_text][\/vc_tta_section][\/vc_tta_accordion][\/vc_column][\/vc_row][vc_row][vc_column width=&#8221;1\/2&#8243;]<div class=\"uxb-exte\"><h3 class=\"    uxb-heading\">Coll\u00e8ges<\/h3><\/div>[vc_tta_accordion style=&#8221;outline&#8221; shape=&#8221;square&#8221; color=&#8221;sky&#8221; c_icon=&#8221;triangle&#8221; active_section=&#8221;&#8221; no_fill=&#8221;true&#8221; collapsible_all=&#8221;true&#8221;][vc_tta_section title=&#8221;Coll\u00e8ges publics&#8221; tab_id=&#8221;1537517636227-71247540-b55f&#8221;][vc_column_text]<strong>Coll\u00e8ges Jean Lur\u00e7at<br \/>\n1, <\/strong>Rue Ren\u00e9 Audierne<br \/>\nT\u00e9l. 05 55.18.07.80<\/p>\n<p><strong><br \/>\nSEGPA<br \/>\n<\/strong>(Section enseignement g\u00e9n\u00e9ral professionnel adapt\u00e9)<br \/>\n\u2013 G\u00e9nie civil<br \/>\n\u2013 Construction et bois<br \/>\n\u2013 Services aux personnes<\/p>\n<p><strong><br \/>\nColl\u00e8ges Jean Moulin<br \/>\n<\/strong>3, Rue Fran\u00e7ois Mauriac<br \/>\nT\u00e9l. 05 55.87.15.41<\/p>\n<p><strong><br \/>\nColl\u00e8ges D\u2019Arsonval<br \/>\n<\/strong>Cours du 15 Ao\u00fbt 1944<br \/>\nT\u00e9l. 05 55.18.66.00<br \/>\n<a class=\"mail\" href=\"mailto:Ce.019011j@ac-limoges.fr\">Ecrivez nous<\/a><\/p>\n<p><strong><br \/>\nColl\u00e8ges Georges Cabanis<br \/>\n<\/strong>2, bd Henri de Jouvenel<br \/>\nT\u00e9l. 05 55.88 97.50<\/p>\n<p><strong><br \/>\nColl\u00e8ges Maurice Rollinat<br \/>\n<\/strong>43, Rue Maurice Rollinat<br \/>\nT\u00e9l. 05 55.17.21.70<br \/>\n<a class=\"mail\" href=\"mailto:Ce.0190671b@ac-limoges.fr\">Ecrivez nous<br \/>\n<\/a><a class=\"lienExterne\" href=\"http:\/\/www.clg-rollinat.ac-limoges.fr\/\">Site Internet<\/a>[\/vc_column_text][\/vc_tta_section][vc_tta_section title=&#8221;Coll\u00e8ges priv\u00e9s&#8221; tab_id=&#8221;1537517636271-6cc1552c-1dab&#8221;][vc_column_text]<strong>Coll\u00e8ges Bossuet<br \/>\n<\/strong>11, rue Bossuet<br \/>\n05.55.86.74.00<br \/>\n<a class=\"mail\" href=\"mailto:ecrire@edmichelet-brive.fr\" target=\"_blank\" rel=\"noopener noreferrer\">Ecrivez nous<br \/>\n<\/a><a class=\"lienExterne\" href=\"http:\/\/www.edmichelet-brive.fr\/web\/\" target=\"_blank\" rel=\"noopener noreferrer\">Site Internet<\/a><\/p>\n<p><strong>Coll\u00e8ges Notre-Dame<br \/>\n<\/strong>3, rue Bernard Denoix<br \/>\n05.55.17.61.70<br \/>\n<a class=\"mail\" href=\"mailto:ecrire@edmichelet-brive.fr\" target=\"_blank\" rel=\"noopener noreferrer\">Ecrivez nous<br \/>\n<\/a><a class=\"lienExterne\" href=\"http:\/\/www.edmichelet-brive.fr\/web\/\" target=\"_blank\" rel=\"noopener noreferrer\">Site Internet<\/a><\/p>\n<p><strong>Coll\u00e8ge La Salle<\/strong><br \/>\n3, Avenue Thiers<br \/>\n05 55 24 12 27<br \/>\n<a class=\"mail\" href=\"mailto:ecole.lasalle@netcourrier.com\" target=\"_blank\" rel=\"noopener noreferrer\">Ecrivez nous<\/a>[\/vc_column_text][\/vc_tta_section][\/vc_tta_accordion][\/vc_column][vc_column width=&#8221;1\/2&#8243;]<div class=\"uxb-exte\"><h3 class=\"    uxb-heading\">Lyc\u00e9es<\/h3><\/div>[vc_tta_accordion style=&#8221;outline&#8221; shape=&#8221;square&#8221; color=&#8221;sky&#8221; c_icon=&#8221;triangle&#8221; active_section=&#8221;&#8221; no_fill=&#8221;true&#8221; collapsible_all=&#8221;true&#8221;][vc_tta_section title=&#8221;Lyc\u00e9es publics&#8221; tab_id=&#8221;1537517642727-df232e3b-0eb2&#8243;][vc_column_text]<strong>Lyc\u00e9e D\u2019arsonval<\/strong><br \/>\nCours du 15 Ao\u00fbt 1944<br \/>\nT\u00e9l. 05.55.18.66.00<br \/>\n<a class=\"ecrivezNous\" href=\"mailto:Ce.0190011j@ac-limoges.fr\">Ecrivez nous<\/a><br \/>\n<a class=\"lienExterne\" href=\"http:\/\/www.lyc-arsonval-brive.ac-limoges.fr\/site\/\" target=\"_blank\" rel=\"noopener noreferrer\">Site Internet<\/a><\/p>\n<p><b><br \/>\n<\/b><strong>Lyc\u00e9e G\u00e9n\u00e9ral et Technologique<br \/>\nLyc\u00e9e Professionnel Georges Cabanis<\/strong><br \/>\n6, bd Henri de Jouvenel<br \/>\nT\u00e9l. 05.55.87.38.50<br \/>\n<a class=\"ecrivezNous\" href=\"mailto:Lycee.Cabanis@wanadoo.fr\">Ecrivez nous<\/a><br \/>\n<a class=\"lienExterne\" href=\"http:\/\/www.lyc-cabanis.ac-limoges.fr\/\" target=\"_blank\" rel=\"noopener noreferrer\">Site Internet<\/a><\/p>\n<p><b><br \/>\n<\/b><strong>Lyc\u00e9e g\u00e9n\u00e9ral et technologique Danton<\/strong><br \/>\n21, Rue Evariste Galois<br \/>\nT\u00e9l. 05.55 87 38 73<br \/>\n<a class=\"ecrivezNous\" href=\"mailto:lycee.danton@wanadoo.fr\">Ecrivez nous<\/a><br \/>\n<a class=\"lienExterne\" href=\"http:\/\/apella.ac-limoges.fr\/lyc-danton-brive\/\" target=\"_blank\" rel=\"noopener noreferrer\">Site Internet<\/a><\/p>\n<p><b><br \/>\n<\/b><strong>Lyc\u00e9e technique Lavoisier<\/strong><br \/>\n28, Rue Lavoisier<br \/>\nT\u00e9l. 05.55.86.44.00<br \/>\n<a class=\"ecrivezNous\" href=\"mailto:ce.0190701j@ac-limoges.fr\">Ecrivez nous<\/a><br \/>\n<a class=\"lienExterne\" href=\"http:\/\/www.lycee-lavoisier.com\/\" target=\"_blank\" rel=\"noopener noreferrer\">Site Internet<\/a>[\/vc_column_text][\/vc_tta_section][vc_tta_section title=&#8221;Lyc\u00e9es priv\u00e9s&#8221; tab_id=&#8221;1537517642789-e92aa284-bf35&#8243;][vc_column_text]<strong>Lyc\u00e9e Bossuet<\/strong><br \/>\n11, rue Bossuet<br \/>\n05.55.86.74.00<br \/>\n<a class=\"ecrivezNous\" href=\"mailto:ecrire@edmichelet-brive.fr\">Ecrivez nous<\/a><br \/>\n<a class=\"lienExterne\" href=\"http:\/\/www.edmichelet-brive.fr\/web\/\" target=\"_blank\" rel=\"noopener noreferrer\">Site Internet<\/a><\/p>\n<p><b><br \/>\n<\/b><strong>Lyc\u00e9e technique Bahuet<\/strong><br \/>\n41 bis, Avenue Edmond Michelet<br \/>\nT\u00e9l. 05.55.92.83.00<br \/>\n<a class=\"ecrivezNous\" href=\"mailto:direction@bahuet.org\">Ecrivez nous<\/a><br \/>\n<a class=\"lienExterne\" href=\"http:\/\/www.bahuet.fr\/site\/nouveau_site\/\" target=\"_blank\" rel=\"noopener noreferrer\">Site Internet<\/a>[\/vc_column_text][\/vc_tta_section][\/vc_tta_accordion][\/vc_column][\/vc_row][vc_row][vc_column width=&#8221;1\/2&#8243;]<div class=\"uxb-exte\"><h3 class=\"    uxb-heading\">Enseignement sup\u00e9rieur<\/h3><\/div>[vc_tta_accordion style=&#8221;outline&#8221; shape=&#8221;square&#8221; color=&#8221;sky&#8221; c_icon=&#8221;triangle&#8221; active_section=&#8221;&#8221; no_fill=&#8221;true&#8221; collapsible_all=&#8221;true&#8221;][vc_tta_section title=&#8221;Enseignement sup\u00e9rieur&#8221; tab_id=&#8221;1537517542675-2ef908b1-9fa7&#8243;][vc_column_text]<strong>IUT g\u00e9nie \u00e9lectrique et informatique industrielle<br \/>\n<\/strong>7, rue Jules Vall\u00e8s<br \/>\n05.55.86.48.00<br \/>\n<a class=\"lienExterne\" href=\"https:\/\/www.brive.unilim.fr\/\" target=\"_blank\" rel=\"noopener noreferrer\">Site<\/a><\/p>\n<p><strong>IUT gestion des entreprises et des administrations<br \/>\n<\/strong>7, rue Jules Vall\u00e8s<br \/>\n05.55.86.73.06<br \/>\n<a class=\"lienExterne\" href=\"https:\/\/www.brive.unilim.fr\/\" target=\"_blank\" rel=\"noopener noreferrer\">\u00a0IUT GEA &amp; GEII<\/a><\/p>\n<p><strong>Facult\u00e9 des sciences et techniques des activit\u00e9s physiques et sportives STAPS<br \/>\n<\/strong>D\u00e9partement Sciences du Sport<br \/>\n7, rue Jules Vall\u00e8s<br \/>\n05.55.88.02.71<br \/>\nfax : 05.55.88.00.61<br \/>\n<a class=\"lienExterne\" href=\"http:\/\/www.sciences.unilim.fr\/formation\/discipline\/staps\/\" target=\"_blank\" rel=\"noopener noreferrer\">Site<\/a><\/p>\n<p><strong>Centre juridique de Brive<br \/>\n<\/strong>16, rue Jules Vall\u00e8s<br \/>\n05.55.86.48.13<br \/>\ncapacit\u00e9 et licence en droit<br \/>\n<a class=\"lienExterne\" href=\"http:\/\/www.fdse.unilim.fr\/article14.html\" target=\"_blank\" rel=\"noopener noreferrer\">Site<\/a><\/p>\n<p><strong>Ecole de gestion et de commerce Chambre de Commerce<br \/>\n<\/strong>Immeuble consulaire<br \/>\n10, avenue g\u00e9n\u00e9ral Leclerc<br \/>\n05.55.18.94.27<br \/>\n<a class=\"lienExterne\" href=\"http:\/\/www.correze.cci.fr\/ecole-de-gestion-et-de-commerce.html\" target=\"_blank\" rel=\"noopener noreferrer\">Site<\/a><\/p>\n<p><strong>I.B.S.A.C.<br \/>\n<\/strong>(Institut briviste sup\u00e9rieur d\u2019administration et de commerce)<br \/>\n1, rue Ernest Rupin<br \/>\n05.55.87.30.30<br \/>\n<a href=\"http:\/\/ibsac-ceforep.ecole.pagespro-orange.fr\/index.html\" target=\"_blank\" rel=\"noopener noreferrer\">Site<\/a><\/p>\n<p><strong>XLIM institut de recherche<br \/>\n<\/strong>7 rue Jules Vall\u00e8s<br \/>\nTel 05 55 86 73 00<br \/>\nFax 05 55 86 14 26<br \/>\n<a class=\"lienExterne\" href=\"http:\/\/www.xlim.fr\/\" target=\"_blank\" rel=\"noopener noreferrer\">Site<\/a><\/p>\n<p><strong>Ecole de soins infirmiers<br \/>\n<\/strong>Boulevard Docteur Verlhac<br \/>\n05.55.92.79.55<br \/>\n<a href=\"http:\/\/www.ifsibrive.fr\/home.php\" target=\"_blank\" rel=\"noopener noreferrer\">\u00c9cole d\u2019infirmi\u00e8res (ifsi)<\/a><\/p>\n<p><strong>Lyc\u00e9e Georges Cabanis<br \/>\n<\/strong>(formations post-bac)<br \/>\n2, boulevard Henri de Jouvenel<br \/>\n05.55.87.38.50<br \/>\n<a class=\"lienExterne\" title=\"En savoir plus sur le lyc\u00e9e Cabanis\" href=\"http:\/\/www.lyc-cabanis.ac-limoges.fr\/\" target=\"_blank\" rel=\"noopener noreferrer\">Site<\/a><\/p>\n<p><strong>Lyc\u00e9e g\u00e9n\u00e9ral et technique Danton<br \/>\n<\/strong>(formation post-bac)<br \/>\nrue Danton<br \/>\n05.55.87.38.73<br \/>\n<a class=\"lienExterne\" title=\"En savoir plus sur le lyc\u00e9e Danton\" href=\"http:\/\/www.cite-danton.ac-limoges.fr\/\" target=\"_blank\" rel=\"noopener noreferrer\">Site<\/a><\/p>\n<p><strong>Lyc\u00e9e technique Marguerite Bahuet<br \/>\n<\/strong>41, avenue Edmond Michelet<br \/>\n05.55.92.83.00<br \/>\n<a class=\"lienExterne\" title=\"En savoir plus sur le lyc\u00e9e Bahuet\" href=\"http:\/\/www.bahuet.fr\/site\/nouveau_site\/\" target=\"_blank\" rel=\"noopener noreferrer\">Site<\/a><\/p>\n<p><b>Lyc\u00e9e d\u2019Arsonval<br \/>\n<\/b>Cours du 15 ao\u00fbt 1944<br \/>\n05 55.18.66.00<br \/>\n<a class=\"lienExterne\" href=\"http:\/\/www.lyc-arsonval-brive.ac-limoges.fr\/site\/\" target=\"_blank\" rel=\"noopener noreferrer\">Site Internet<\/a><\/p>\n<p><b>CFA de Pr\u00e9parateur en pharmacie<br \/>\n<\/b>8, Rue Chateaubriand<br \/>\n05.55.23.34.33<br \/>\n<a href=\"www.formation-pharmacie-19.com\" target=\"_blank\" rel=\"noopener noreferrer\">Site internet<\/a><\/p>\n<p><b>LEGTA de Brive Objat<br \/>\n<\/b>19130 VOUTEZAC<br \/>\n05.55.25.82.31<br \/>\n<a class=\"lienExterne\" href=\"http:\/\/legta.briveobjat.free.fr\/\" target=\"_blank\" rel=\"noopener noreferrer\">Site Internet<\/a><\/p>\n<p><strong>Centre d\u2019<\/strong><strong>Information<\/strong><strong> et d\u2019<\/strong><strong>Orientation<\/strong> (CIO)<br \/>\n5, rue Paul Dejean<br \/>\nT\u00e9l : <span class=\"LrzXr zdqRlf kno-fv\">05 87 01 21 19<\/span><br \/>\n<a class=\"mail\" href=\"mailto:ce.cio.brive@ac-limoges.fr\" target=\"_blank\" rel=\"noopener noreferrer\">Ecrire<\/a>[\/vc_column_text][\/vc_tta_section][vc_tta_section title=&#8221;Formation en altermance&#8221; tab_id=&#8221;1537517542734-721c0e70-68fc&#8221;][vc_column_text]<strong>I.B.S.A.C.<\/strong> (Institut briviste sup\u00e9rieur d\u2019administration et de commerce)<br \/>\n1, rue Ernest Rupin<br \/>\n05.55.87.30.30<br \/>\n<a class=\"lienExterne\" href=\"http:\/\/ecole.orange.fr\/ibsac-ceforep\/\" target=\"_blank\" rel=\"noopener noreferrer\">Site Internet<\/a><\/p>\n<p><strong><br \/>\nCentre Permanent Professionnel Lyc\u00e9e g\u00e9n\u00e9ral et technique Danton<\/strong><br \/>\nrue Danton<br \/>\n05.55.88.96.66<br \/>\n<a class=\"lienExterne\" href=\"http:\/\/www.cite-danton.ac-limoges.fr\/\" target=\"_blank\" rel=\"noopener noreferrer\">Site Internet<\/a><\/p>\n<p><strong><br \/>\nGRETA de Corr\u00e8ze-sud<\/strong><br \/>\n2, boulevard Henri de Jouvenel<br \/>\n05 55 88 25 76.<br \/>\n<a class=\"lienExterne\" href=\"http:\/\/www.reseaugretalimousin.com\" target=\"_blank\" rel=\"noopener noreferrer\">Site Internet<\/a><\/p>\n<p><strong><br \/>\nCFA des pr\u00e9parateurs en pharmacie<\/strong><br \/>\n8, Rue Chateaubriand<br \/>\n05.55.23.34.33<br \/>\n<a href=\"http:\/\/www.formation-pharmacie-19.com\" target=\"_blank\" rel=\"noopener noreferrer\">Site internet<\/a><\/p>\n<p><strong><br \/>\nINISUP<br \/>\n<\/strong>25, avenue Edouard Herriot<br \/>\nCS 60247<br \/>\n19109 Brive Cedex 1<br \/>\n05.55.18.94.36<br \/>\n<a href=\"http:\/\/www.correze.cci.fr\/inisup-centre-de-formation-et-de-gestion-des-competences.html\" target=\"_blank\" rel=\"noopener noreferrer\">Site internet<\/a>[\/vc_column_text][\/vc_tta_section][\/vc_tta_accordion][\/vc_column][vc_column width=&#8221;1\/2&#8243;]<div class=\"uxb-exte\"><h3 class=\"    uxb-heading\">Enseignement professionnel<\/h3><\/div>[vc_tta_accordion style=&#8221;outline&#8221; shape=&#8221;square&#8221; color=&#8221;sky&#8221; c_icon=&#8221;triangle&#8221; active_section=&#8221;&#8221; no_fill=&#8221;true&#8221; collapsible_all=&#8221;true&#8221;][vc_tta_section title=&#8221;Les organismes locaux&#8221; tab_id=&#8221;1537517371382-35ae286e-4174&#8243;][vc_column_text]<\/p>\n<ul>\n<li><strong>AFPA<\/strong><br \/>\nFormations entreprise, qualifiante, en alternance.<br \/>\n53, avenue Maurice Rollinat<br \/>\nT\u00e9l. 3936<br \/>\n<a class=\"lienExterne\" href=\"http:\/\/www.afpa.fr\/\" target=\"_blank\" rel=\"noopener noreferrer\">Site<\/a><\/li>\n<\/ul>\n<ul>\n<li><strong>ASFO<\/strong> D\u00e9veloppement Limousin<br \/>\nFormation continue \u00e0 destination des salari\u00e9s, des jeunes sous contrat d\u2019alternance, des demandeurs d\u2019emploi.<br \/>\n3, rue Roger Roncier<br \/>\nT\u00e9l. 05 55 17 59 80<br \/>\n<a class=\"lienExterne\" href=\"http:\/\/www.asfo-developpement-limousin.fr\/\" target=\"_blank\" rel=\"noopener noreferrer\">Site<\/a><\/li>\n<\/ul>\n<ul>\n<li><strong>Atelier p\u00e9dagogique<\/strong> personnalis\u00e9<br \/>\nFormations destin\u00e9es aux demandeurs d\u2019emploi, aux b\u00e9n\u00e9ficiaires du RMI, aux stagiaires ou apprentis et aux salari\u00e9s (sous certaines conditions).<br \/>\n8, rue Chateaubriand<br \/>\nT\u00e9l. 05 55 87 58 57<\/li>\n<\/ul>\n<ul>\n<li><strong>Carix<\/strong><br \/>\nFormation informatique<br \/>\n12 , place Jean-Marie Dauzier<br \/>\nT\u00e9l. 05 55 24 26 64<br \/>\n<a class=\"lienExterne\" href=\"http:\/\/www.carix.net\/home.php\" target=\"_blank\" rel=\"noopener noreferrer\">Site<\/a><\/li>\n<\/ul>\n<ul>\n<li><strong>Chambre de commerce et d\u2019industrie<\/strong><br \/>\nCentre de formation<br \/>\n10 avenue du Mar\u00e9chal Leclerc<br \/>\nT\u00e9l. 05 55 18 94 00<br \/>\n<a class=\"lienExterne\" href=\"http:\/\/www.correze.cci.fr\/\" target=\"_blank\" rel=\"noopener noreferrer\">Site<br \/>\n<\/a><\/li>\n<\/ul>\n<ul>\n<li><strong>CNAM<\/strong><br \/>\nGamme de formations pr\u00e9paratoires ou dipl\u00f4mantes ouvertes \u00e0 tous.<br \/>\n8, rue Ch\u00e2teaubriand<br \/>\nT\u00e9l. 05 55 87 63 93<br \/>\n<a class=\"lienExterne\" href=\"http:\/\/www.cnam-limousin.fr\/\" target=\"_blank\" rel=\"noopener noreferrer\">Site<br \/>\n<\/a><\/li>\n<\/ul>\n<ul>\n<li><strong>Greta Corr\u00e8ze sud<\/strong><br \/>\nAnalyse et d\u00e9finition de plans de formations, validation des acquis professionnels, aide au recrutement des candidats dans le cadre des contrats en alternance ing\u00e9nierie financi\u00e8re (capital de temps de formation, EDF, FSE\u2026), \u00e9tude de poste, \u00e9laboration de r\u00e9f\u00e9rentiel m\u00e9tier\/formation.<br \/>\n6, boulevard Henri de Jouvenel<br \/>\nT\u00e9l. 05 55 88 25 76<\/li>\n<\/ul>\n<p><strong>Les Ecoles Priv\u00e9es hors contrat<\/strong><\/p>\n<ul>\n<li style=\"list-style-type: none\">\n<ul>\n<li>Ecole professionnelle priv\u00e9e d\u2019esth\u00e9tique<br \/>\n22, rue Andr\u00e9 Devaud<br \/>\nT\u00e9l. 05 55 24 52 45<\/li>\n<\/ul>\n<\/li>\n<li style=\"list-style-type: none\">\n<ul>\n<li>Ecole d\u2019auxiliaire de pu\u00e9riculture<br \/>\n3, boulevard Anatole France<br \/>\nT\u00e9l. 05 55 23 79 79<\/li>\n<\/ul>\n<\/li>\n<\/ul>\n<p>[\/vc_column_text][\/vc_tta_section][\/vc_tta_accordion][\/vc_column][\/vc_row][vc_row][vc_column width=&#8221;1\/2&#8243;]<div class=\"uxb-exte\"><h3 class=\"    uxb-heading\">Enseignement \u00e0 distance<\/h3><\/div>[vc_tta_accordion style=&#8221;outline&#8221; shape=&#8221;square&#8221; color=&#8221;sky&#8221; c_icon=&#8221;triangle&#8221; active_section=&#8221;&#8221; no_fill=&#8221;true&#8221; collapsible_all=&#8221;true&#8221;][vc_tta_section title=&#8221;Campus Connect\u00e9&#8221; tab_id=&#8221;1633353048231-1ccdfb28-099b&#8221;][vc_column_text]<strong>Campus Connect\u00e9<\/strong><br \/>\n<span class=\"css-901oao css-16my406 r-poiln3 r-bcqeeo r-qvutc0\">10 avenue G\u00e9n\u00e9ral Leclerc\u00a0<\/span><br \/>\n<span class=\"css-901oao css-16my406 r-poiln3 r-bcqeeo r-qvutc0\">05 55 23 43 80\u00a0\u00a0<\/span><br \/>\n<a href=\"mailto:campusconnecte@brive.fr\"><span class=\"css-901oao css-16my406 r-poiln3 r-bcqeeo r-qvutc0\">campusconnecte@brive.fr\u00a0<\/span><\/a><\/p>\n<p><a href=\"http:\/\/740jw955i52c.brive.org\/index.php\/campus-connecte\/\">\u25b6 Page Internet<\/a>[\/vc_column_text][\/vc_tta_section][\/vc_tta_accordion][\/vc_column][vc_column width=&#8221;1\/2&#8243;]<div class=\"uxb-exte\"><h3 class=\"    uxb-heading\">Campus de Brive<\/h3><\/div>[vc_tta_accordion style=&#8221;outline&#8221; shape=&#8221;square&#8221; color=&#8221;sky&#8221; c_icon=&#8221;triangle&#8221; active_section=&#8221;&#8221; no_fill=&#8221;true&#8221; collapsible_all=&#8221;true&#8221;][vc_tta_section title=&#8221;Biblioth\u00e8que du Campus&#8221; tab_id=&#8221;1633353049532-cdb3f83c-d499&#8243;][vc_column_text]<a href=\"http:\/\/740jw955i52c.brive.org\/index.php\/bibliotheque-du-campus\/\">\u25b6 Page Internet<\/a>[\/vc_column_text][\/vc_tta_section][\/vc_tta_accordion][\/vc_column][\/vc_row]<\/p>\n","protected":false},"excerpt":{"rendered":"<p>[vc_row][vc_column width=&#8221;1\/2&#8243;][vc_tta_accordion style=&#8221;outline&#8221; shape=&#8221;square&#8221; color=&#8221;sky&#8221; c_icon=&#8221;triangle&#8221; active_section=&#8221;&#8221; no_fill=&#8221;true&#8221; collapsible_all=&#8221;true&#8221;][vc_tta_section title=&#8221;Ecoles maternelles publiques&#8221; tab_id=&#8221;1537517630740-cac0cc17-9ece&#8221;][vc_column_text]Lucie Aubrac 79, boulevard Roger Combes 05 55 88 06 99 nous \u00e9crire Bouquet rue L\u00e9once Bourliaguet 05 &#8230; <\/p>\n","protected":false},"author":3,"featured_media":0,"parent":0,"menu_order":0,"comment_status":"closed","ping_status":"closed","template":"","meta":[],"yoast_head":"<!-- This site is optimized with the Yoast SEO plugin v17.8 - https:\/\/yoast.com\/wordpress\/plugins\/seo\/ -->\n<title>\u00c9tudier - Ville de Brive<\/title>\n<meta name=\"robots\" content=\"index, follow, max-snippet:-1, max-image-preview:large, max-video-preview:-1\" \/>\n<link rel=\"canonical\" href=\"http:\/\/740jw955i52c.brive.org\/index.php\/etudier\/\" \/>\n<meta property=\"og:locale\" content=\"fr_FR\" \/>\n<meta property=\"og:type\" content=\"article\" \/>\n<meta property=\"og:title\" content=\"\u00c9tudier - Ville de Brive\" \/>\n<meta property=\"og:description\" content=\"[vc_row][vc_column width=&#8221;1\/2&#8243;][vc_tta_accordion style=&#8221;outline&#8221; shape=&#8221;square&#8221; color=&#8221;sky&#8221; c_icon=&#8221;triangle&#8221; active_section=&#8221;&#8221; no_fill=&#8221;true&#8221; collapsible_all=&#8221;true&#8221;][vc_tta_section title=&#8221;Ecoles maternelles publiques&#8221; tab_id=&#8221;1537517630740-cac0cc17-9ece&#8221;][vc_column_text]Lucie Aubrac 79, boulevard Roger Combes 05 55 88 06 99 nous \u00e9crire Bouquet rue L\u00e9once Bourliaguet 05 ...\" \/>\n<meta property=\"og:url\" content=\"http:\/\/740jw955i52c.brive.org\/index.php\/etudier\/\" \/>\n<meta property=\"og:site_name\" content=\"Ville de Brive\" \/>\n<meta property=\"article:modified_time\" content=\"2023-06-13T13:49:11+00:00\" \/>\n<meta name=\"twitter:card\" content=\"summary_large_image\" \/>\n<meta name=\"twitter:label1\" content=\"Dur\u00e9e de lecture estim\u00e9e\" \/>\n\t<meta name=\"twitter:data1\" content=\"8 minutes\" \/>\n<script type=\"application\/ld+json\" class=\"yoast-schema-graph\">{\"@context\":\"https:\/\/schema.org\",\"@graph\":[{\"@type\":\"WebSite\",\"@id\":\"http:\/\/740jw955i52c.brive.org\/#website\",\"url\":\"http:\/\/740jw955i52c.brive.org\/\",\"name\":\"Ville de Brive\",\"description\":\"Bienvenue sur le site de la ville de Brive-la-Gaillarde. Vous y trouverez l&#039;actualit\\u00e9 de la commune, des informations pratiques et vos d\\u00e9marches administratives.\",\"potentialAction\":[{\"@type\":\"SearchAction\",\"target\":{\"@type\":\"EntryPoint\",\"urlTemplate\":\"http:\/\/740jw955i52c.brive.org\/?s={search_term_string}\"},\"query-input\":\"required name=search_term_string\"}],\"inLanguage\":\"fr-FR\"},{\"@type\":\"WebPage\",\"@id\":\"http:\/\/740jw955i52c.brive.org\/index.php\/etudier\/#webpage\",\"url\":\"http:\/\/740jw955i52c.brive.org\/index.php\/etudier\/\",\"name\":\"\\u00c9tudier - Ville de Brive\",\"isPartOf\":{\"@id\":\"http:\/\/740jw955i52c.brive.org\/#website\"},\"datePublished\":\"2015-10-05T07:20:40+00:00\",\"dateModified\":\"2023-06-13T13:49:11+00:00\",\"breadcrumb\":{\"@id\":\"http:\/\/740jw955i52c.brive.org\/index.php\/etudier\/#breadcrumb\"},\"inLanguage\":\"fr-FR\",\"potentialAction\":[{\"@type\":\"ReadAction\",\"target\":[\"http:\/\/740jw955i52c.brive.org\/index.php\/etudier\/\"]}]},{\"@type\":\"BreadcrumbList\",\"@id\":\"http:\/\/740jw955i52c.brive.org\/index.php\/etudier\/#breadcrumb\",\"itemListElement\":[{\"@type\":\"ListItem\",\"position\":1,\"name\":\"Accueil\",\"item\":\"http:\/\/740jw955i52c.brive.org\/\"},{\"@type\":\"ListItem\",\"position\":2,\"name\":\"\\u00c9tudier\"}]}]}<\/script>\n<!-- \/ Yoast SEO plugin. -->","yoast_head_json":{"title":"\u00c9tudier - Ville de Brive","robots":{"index":"index","follow":"follow","max-snippet":"max-snippet:-1","max-image-preview":"max-image-preview:large","max-video-preview":"max-video-preview:-1"},"canonical":"http:\/\/740jw955i52c.brive.org\/index.php\/etudier\/","og_locale":"fr_FR","og_type":"article","og_title":"\u00c9tudier - Ville de Brive","og_description":"[vc_row][vc_column width=&#8221;1\/2&#8243;][vc_tta_accordion style=&#8221;outline&#8221; shape=&#8221;square&#8221; color=&#8221;sky&#8221; c_icon=&#8221;triangle&#8221; active_section=&#8221;&#8221; no_fill=&#8221;true&#8221; collapsible_all=&#8221;true&#8221;][vc_tta_section title=&#8221;Ecoles maternelles publiques&#8221; tab_id=&#8221;1537517630740-cac0cc17-9ece&#8221;][vc_column_text]Lucie Aubrac 79, boulevard Roger Combes 05 55 88 06 99 nous \u00e9crire Bouquet rue L\u00e9once Bourliaguet 05 ...","og_url":"http:\/\/740jw955i52c.brive.org\/index.php\/etudier\/","og_site_name":"Ville de Brive","article_modified_time":"2023-06-13T13:49:11+00:00","twitter_card":"summary_large_image","twitter_misc":{"Dur\u00e9e de lecture estim\u00e9e":"8 minutes"},"schema":{"@context":"https:\/\/schema.org","@graph":[{"@type":"WebSite","@id":"http:\/\/740jw955i52c.brive.org\/#website","url":"http:\/\/740jw955i52c.brive.org\/","name":"Ville de Brive","description":"Bienvenue sur le site de la ville de Brive-la-Gaillarde. Vous y trouverez l&#039;actualit\u00e9 de la commune, des informations pratiques et vos d\u00e9marches administratives.","potentialAction":[{"@type":"SearchAction","target":{"@type":"EntryPoint","urlTemplate":"http:\/\/740jw955i52c.brive.org\/?s={search_term_string}"},"query-input":"required name=search_term_string"}],"inLanguage":"fr-FR"},{"@type":"WebPage","@id":"http:\/\/740jw955i52c.brive.org\/index.php\/etudier\/#webpage","url":"http:\/\/740jw955i52c.brive.org\/index.php\/etudier\/","name":"\u00c9tudier - Ville de Brive","isPartOf":{"@id":"http:\/\/740jw955i52c.brive.org\/#website"},"datePublished":"2015-10-05T07:20:40+00:00","dateModified":"2023-06-13T13:49:11+00:00","breadcrumb":{"@id":"http:\/\/740jw955i52c.brive.org\/index.php\/etudier\/#breadcrumb"},"inLanguage":"fr-FR","potentialAction":[{"@type":"ReadAction","target":["http:\/\/740jw955i52c.brive.org\/index.php\/etudier\/"]}]},{"@type":"BreadcrumbList","@id":"http:\/\/740jw955i52c.brive.org\/index.php\/etudier\/#breadcrumb","itemListElement":[{"@type":"ListItem","position":1,"name":"Accueil","item":"http:\/\/740jw955i52c.brive.org\/"},{"@type":"ListItem","position":2,"name":"\u00c9tudier"}]}]}},"_links":{"self":[{"href":"http:\/\/740jw955i52c.brive.org\/index.php\/wp-json\/wp\/v2\/pages\/378"}],"collection":[{"href":"http:\/\/740jw955i52c.brive.org\/index.php\/wp-json\/wp\/v2\/pages"}],"about":[{"href":"http:\/\/740jw955i52c.brive.org\/index.php\/wp-json\/wp\/v2\/types\/page"}],"author":[{"embeddable":true,"href":"http:\/\/740jw955i52c.brive.org\/index.php\/wp-json\/wp\/v2\/users\/3"}],"replies":[{"embeddable":true,"href":"http:\/\/740jw955i52c.brive.org\/index.php\/wp-json\/wp\/v2\/comments?post=378"}],"version-history":[{"count":47,"href":"http:\/\/740jw955i52c.brive.org\/index.php\/wp-json\/wp\/v2\/pages\/378\/revisions"}],"predecessor-version":[{"id":49935,"href":"http:\/\/740jw955i52c.brive.org\/index.php\/wp-json\/wp\/v2\/pages\/378\/revisions\/49935"}],"wp:attachment":[{"href":"http:\/\/740jw955i52c.brive.org\/index.php\/wp-json\/wp\/v2\/media?parent=378"}],"curies":[{"name":"wp","href":"https:\/\/api.w.org\/{rel}","templated":true}]}}