{"id":374,"date":"2015-10-05T09:18:53","date_gmt":"2015-10-05T07:18:53","guid":{"rendered":"http:\/\/740jw955i52c.brive.org?page_id=374"},"modified":"2019-12-05T17:11:35","modified_gmt":"2019-12-05T16:11:35","slug":"seniors","status":"publish","type":"page","link":"http:\/\/740jw955i52c.brive.org\/index.php\/accueil-2\/seniors\/","title":{"rendered":"S\u00e9niors"},"content":{"rendered":"<p>[vc_row css=&#8221;.vc_custom_1525354729829{background-color: #f7f7f7 !important;}&#8221;][vc_column]<div class=\"uxb-exte\"><h4 class=\"   has-line   uxb-heading\">Aider chacun \u00e0 mieux vivre sa retraite, tel est l'engagement de la ville de Brive envers ses ``Seniors``<\/h4><\/div>[vc_row_inner][vc_column_inner width=&#8221;1\/4&#8243;]\n<div id=\"interactive-banner-1-wrap-5630\" class=\"ult-banner-block ult-adjust-bottom-margin ult-bb-box  banner-style01 \"   style=\"\">\n\t<img src=\"http:\/\/740jw955i52c.brive.org\/wp-content\/uploads\/2018\/05\/1-CLIC.jpg\" alt=\"null\">\n\t<h3  data-ultimate-target='#interactive-banner-1-wrap-5630 .bb-top-title '  data-responsive-json-new='{\"font-size\":\"\",\"line-height\":\"\"}'  class=\"title-center bb-top-title ult-responsive\" style=\"font-weight:normal;background:#5aa1e3;color:#ffffff;\">Le CLIC<\/h3>\n\t<div class=\"mask opaque-background\" style=\"background:#f7f7f7;\">\n\t\t<div  data-ultimate-target='#interactive-banner-1-wrap-5630 .bb-description'  data-responsive-json-new='{\"font-size\":\"\",\"line-height\":\"\"}'  class=\"bb-description ult-responsive\" style=\"font-weight:normal;color:#1e73be;\">Vieillir pose question !<br \/>\nLe CLIC peut vous aider...<\/div>\n\t<\/div><a class=\"bb-link\" href=\"http:\/\/740jw955i52c.brive.org\/index.php\/le-clic\/\" ><\/a>\n<\/div>[\/vc_column_inner][vc_column_inner width=&#8221;1\/4&#8243;]\n<div id=\"interactive-banner-1-wrap-1096\" class=\"ult-banner-block ult-adjust-bottom-margin ult-bb-box  banner-style01 \"   style=\"\">\n\t<img src=\"http:\/\/740jw955i52c.brive.org\/wp-content\/uploads\/2018\/05\/2-RAD.jpg\" alt=\"null\">\n\t<h3  data-ultimate-target='#interactive-banner-1-wrap-1096 .bb-top-title '  data-responsive-json-new='{\"font-size\":\"\",\"line-height\":\"\"}'  class=\"title-center bb-top-title ult-responsive\" style=\"font-weight:normal;background:#5aa1e3;color:#ffffff;\">Repas \u00e0 domicile<\/h3>\n\t<div class=\"mask opaque-background\" style=\"background:#f7f7f7;\">\n\t\t<div  data-ultimate-target='#interactive-banner-1-wrap-1096 .bb-description'  data-responsive-json-new='{\"font-size\":\"\",\"line-height\":\"\"}'  class=\"bb-description ult-responsive\" style=\"font-weight:normal;color:#1e73be;\">Des repas \u00e9quilibr\u00e9s<br \/>\nUn service \u00e0 la personne<br \/>\nUn service de proximit\u00e9<\/div>\n\t<\/div><a class=\"bb-link\" href=\"http:\/\/740jw955i52c.brive.org\/index.php\/social\/services-aux-seniors\" ><\/a>\n<\/div>[\/vc_column_inner][vc_column_inner width=&#8221;1\/4&#8243;]\n<div id=\"interactive-banner-1-wrap-7553\" class=\"ult-banner-block ult-adjust-bottom-margin ult-bb-box  banner-style01 \"   style=\"\">\n\t<img src=\"http:\/\/740jw955i52c.brive.org\/wp-content\/uploads\/2018\/05\/3-ESAD.jpg\" alt=\"null\">\n\t<h3  data-ultimate-target='#interactive-banner-1-wrap-7553 .bb-top-title '  data-responsive-json-new='{\"font-size\":\"\",\"line-height\":\"\"}'  class=\"title-center bb-top-title ult-responsive\" style=\"font-weight:normal;background:#5aa1e3;color:#ffffff;\">ESAD<\/h3>\n\t<div class=\"mask opaque-background\" style=\"background:#f7f7f7;\">\n\t\t<div  data-ultimate-target='#interactive-banner-1-wrap-7553 .bb-description'  data-responsive-json-new='{\"font-size\":\"\",\"line-height\":\"\"}'  class=\"bb-description ult-responsive\" style=\"font-weight:normal;color:#1e73be;\">\u00c9quipe sp\u00e9cialis\u00e9e dans le soin des personnes atteintes de la maladie d'Alzheimer et apparent\u00e9e, \u00e0 domicile<\/div>\n\t<\/div><a class=\"bb-link\" href=\"http:\/\/740jw955i52c.brive.org\/index.php\/social\/services-aux-seniors\" ><\/a>\n<\/div>[\/vc_column_inner][vc_column_inner width=&#8221;1\/4&#8243;]\n<div id=\"interactive-banner-1-wrap-9709\" class=\"ult-banner-block ult-adjust-bottom-margin ult-bb-box  banner-style01 \"   style=\"\">\n\t<img src=\"http:\/\/740jw955i52c.brive.org\/wp-content\/uploads\/2018\/05\/4-SSIAD.jpg\" alt=\"null\">\n\t<h3  data-ultimate-target='#interactive-banner-1-wrap-9709 .bb-top-title '  data-responsive-json-new='{\"font-size\":\"\",\"line-height\":\"\"}'  class=\"title-center bb-top-title ult-responsive\" style=\"font-weight:normal;background:#5aa1e3;color:#ffffff;\">SSIAD<\/h3>\n\t<div class=\"mask opaque-background\" style=\"background:#f7f7f7;\">\n\t\t<div  data-ultimate-target='#interactive-banner-1-wrap-9709 .bb-description'  data-responsive-json-new='{\"font-size\":\"\",\"line-height\":\"\"}'  class=\"bb-description ult-responsive\" style=\"font-weight:normal;color:#1e73be;\">Service de Soins Infirmiers \u00e0 domicile<\/div>\n\t<\/div><a class=\"bb-link\" href=\"http:\/\/740jw955i52c.brive.org\/index.php\/social\/services-aux-seniors\" ><\/a>\n<\/div>[\/vc_column_inner][\/vc_row_inner][vc_row_inner][vc_column_inner width=&#8221;1\/4&#8243;]\n<div id=\"interactive-banner-1-wrap-9047\" class=\"ult-banner-block ult-adjust-bottom-margin ult-bb-box  banner-style01 \"   style=\"\">\n\t<img src=\"http:\/\/740jw955i52c.brive.org\/wp-content\/uploads\/2018\/05\/depannage.jpg\" alt=\"null\">\n\t<h3  data-ultimate-target='#interactive-banner-1-wrap-9047 .bb-top-title '  data-responsive-json-new='{\"font-size\":\"\",\"line-height\":\"\"}'  class=\"title-center bb-top-title ult-responsive\" style=\"font-weight:normal;background:#5aa1e3;color:#ffffff;\">CCAS d\u00e9pannages<\/h3>\n\t<div class=\"mask opaque-background\" style=\"background:#f7f7f7;\">\n\t\t<div  data-ultimate-target='#interactive-banner-1-wrap-9047 .bb-description'  data-responsive-json-new='{\"font-size\":\"\",\"line-height\":\"\"}'  class=\"bb-description ult-responsive\" style=\"font-weight:normal;color:#1e73be;\">Les interventions sont r\u00e9alis\u00e9es, sur rendez-vous, du lundi au vendredi. L\u2019achat des fournitures n\u00e9cessaires \u00e0 la r\u00e9paration reste \u00e0 la charge du demandeur.<br \/>\nLire la suite ...<\/div>\n\t<\/div><a class=\"bb-link\" href=\"http:\/\/740jw955i52c.brive.org\/index.php\/social\/services-aux-seniors\/\" ><\/a>\n<\/div>[\/vc_column_inner][vc_column_inner width=&#8221;1\/4&#8243;]\n<div id=\"interactive-banner-1-wrap-1738\" class=\"ult-banner-block ult-adjust-bottom-margin ult-bb-box  banner-style01 \"   style=\"\">\n\t<img src=\"http:\/\/740jw955i52c.brive.org\/wp-content\/uploads\/2018\/05\/seniors-2.jpg\" alt=\"null\">\n\t<h3  data-ultimate-target='#interactive-banner-1-wrap-1738 .bb-top-title '  data-responsive-json-new='{\"font-size\":\"\",\"line-height\":\"\"}'  class=\"title-center bb-top-title ult-responsive\" style=\"font-weight:normal;background:#5aa1e3;color:#ffffff;\">Les Actions<\/h3>\n\t<div class=\"mask opaque-background\" style=\"background:#f7f7f7;\">\n\t\t<div  data-ultimate-target='#interactive-banner-1-wrap-1738 .bb-description'  data-responsive-json-new='{\"font-size\":\"\",\"line-height\":\"\"}'  class=\"bb-description ult-responsive\" style=\"font-weight:normal;color:#1e73be;\">Labellis\u00e9e \u00ab Bien Vieillir Vivre Ensemble \u00bb, adh\u00e9rente au R\u00e9seau Francophone Villes Amies des A\u00een\u00e9s.<br \/>\nLire la suite...<\/div>\n\t<\/div><a class=\"bb-link\" href=\"http:\/\/740jw955i52c.brive.org\/index.php\/les-actions-specifiques-seniors\/\" ><\/a>\n<\/div>[\/vc_column_inner][vc_column_inner width=&#8221;1\/4&#8243;]\n<div id=\"interactive-banner-1-wrap-3378\" class=\"ult-banner-block ult-adjust-bottom-margin ult-bb-box  banner-style01 \"   style=\"\">\n\t<img src=\"http:\/\/740jw955i52c.brive.org\/wp-content\/uploads\/2018\/05\/residence-logement.jpg\" alt=\"null\">\n\t<h3  data-ultimate-target='#interactive-banner-1-wrap-3378 .bb-top-title '  data-responsive-json-new='{\"font-size\":\"\",\"line-height\":\"\"}'  class=\"title-center bb-top-title ult-responsive\" style=\"font-weight:normal;background:#5aa1e3;color:#ffffff;\">Les r\u00e9sidences<\/h3>\n\t<div class=\"mask opaque-background\" style=\"background:#f7f7f7;\">\n\t\t<div  data-ultimate-target='#interactive-banner-1-wrap-3378 .bb-description'  data-responsive-json-new='{\"font-size\":\"\",\"line-height\":\"\"}'  class=\"bb-description ult-responsive\" style=\"font-weight:normal;color:#1e73be;\">Les r\u00e9sidences autonomie : une solution de logement s\u00e9curisante pour les s\u00e9niors ...<\/div>\n\t<\/div><a class=\"bb-link\" href=\"http:\/\/740jw955i52c.brive.org\/index.php\/accueil-3\/seniors\/residences-autonomie\/\" ><\/a>\n<\/div>[\/vc_column_inner][vc_column_inner width=&#8221;1\/4&#8243;]\n<div id=\"interactive-banner-1-wrap-3722\" class=\"ult-banner-block ult-adjust-bottom-margin ult-bb-box  banner-style01 \"   style=\"\">\n\t<img src=\"http:\/\/740jw955i52c.brive.org\/wp-content\/uploads\/2018\/05\/libeo.jpg\" alt=\"null\">\n\t<h3  data-ultimate-target='#interactive-banner-1-wrap-3722 .bb-top-title '  data-responsive-json-new='{\"font-size\":\"\",\"line-height\":\"\"}'  class=\"title-center bb-top-title ult-responsive\" style=\"font-weight:normal;background:#5aa1e3;color:#ffffff;\">Les transports<\/h3>\n\t<div class=\"mask opaque-background\" style=\"background:#f7f7f7;\">\n\t\t<div  data-ultimate-target='#interactive-banner-1-wrap-3722 .bb-description'  data-responsive-json-new='{\"font-size\":\"\",\"line-height\":\"\"}'  class=\"bb-description ult-responsive\" style=\"font-weight:normal;color:#1e73be;\">Le r\u00e9seau Lib\u00e9o ...<br \/>\nL'ensemble du r\u00e9seau gratuit pour les plus de 65 ans.<\/div>\n\t<\/div><a class=\"bb-link\" href=\"https:\/\/www.libeo-brive.fr\/\" target=\" _blank\"><\/a>\n<\/div>[\/vc_column_inner][\/vc_row_inner][vc_row_inner][vc_column_inner width=&#8221;1\/2&#8243;][vc_empty_space height=&#8221;10px&#8221;]<div id=\"modal-trg-txt-wrap-9547\" class=\"ult-modal-input-wrapper ult-adjust-bottom-margin  \"><button  data-ultimate-target='#modal-trg-txt-wrap-9547 .btn-modal'  data-responsive-json-new='{\"font-size\":\"\",\"line-height\":\"\"}'  style=\"background:#dd3333;border-color:#dd3333;color:#ffffff; font-weight:bold;\" data-class-id=\"content-69f16d3d2f69d\" class=\"btn-modal ult-responsive btn-primary btn-modal-md overlay-show ult-align-center\" data-overlay-class=\"overlay-doorvertical\">\u00ab UNE VISITE UN SOURIRE \u00bb recherche des b\u00e9n\u00e9voles ...<\/button><\/div>\n<div class=\"ult-overlay content-69f16d3d2f69d \" data-class=\"content-69f16d3d2f69d\" id=\"button-click-overlay\" style=\"background:rgba(90,161,227,0.6); display:none;\">\n\t<div class=\"ult_modal ult-fade ult-block\">\n\t\t<div id=\"ult-modal-wrap-3233\" class=\"ult_modal-content ult-hide\" style=\"border-style:solid;border-width:2px;border-radius:0px;border-color:#333333;\">\n\t\t\t<div class=\"ult_modal-header\" style=\"background:#5aa1e3;color:#ffffff;font-weight:bold;border-color:#333333;\">\n\t\t\t\t<h3  data-ultimate-target='#ult-modal-wrap-3233 .ult_modal-title'  data-responsive-json-new='{\"font-size\":\"\",\"line-height\":\"\"}'  class=\"ult_modal-title ult-responsive\">\u00ab UNE VISITE UN SOURIRE \u00bb Le CCAS recherche des b\u00e9n\u00e9voles...<\/h3>\n\t\t\t<\/div>\n\t\t\t<div  data-ultimate-target='#ult-modal-wrap-3233 .ult_modal-body'  data-responsive-json-new='{\"font-size\":\"\",\"line-height\":\"\"}'  class=\"ult_modal-body ult-responsive ult-html\" style=\"color:#5aa1e3;\">\n\t\t\t<\/p>\n<p style=\"text-align: center\"><strong>Lutte contre l\u2019isolement des Personnes Ag\u00e9es sur le territoire de Brive<\/strong><\/p>\n<p style=\"text-align: center\"><strong>\u00abUne visite un sourire\u00bb<\/strong><\/p>\n<p>Vous \u00eates disponibles et souhaitez partager votre temps, discuter et \u00e9couter,\u00a0 alors ensemble combattons l\u2019isolement et venez nous rejoindre.<\/p>\n<p>L\u2019action \u00ab\u00a0 Une visite un sourire\u00a0\u00bb est faite pour vous.<\/p>\n<p>Le CCAS recherche des b\u00e9n\u00e9voles pour assurer\u00a0 des visites de convivialit\u00e9 chez\u00a0 les personnes \u00e2g\u00e9es de 65 ans et plus et vivant seules \u00e0 leur domicile sur le territoire de la ville de Brive.<\/p>\n<p>Pour tous renseignements, contactez le 05 55 23 82 34\u00a0 ou venez nous rencontrer au CCAS 22 rue Berlioz \u00e0 Brive.\n\t\t\t<\/div>\n\t<\/div>\n\t<\/div>\n\t<div class=\"ult-overlay-close\">Close<\/div>\n<\/div>[\/vc_column_inner][vc_column_inner width=&#8221;1\/2&#8243;][vc_btn title=&#8221;Les nouveaut\u00e9s du transport urbain SENIORS&#8221; style=&#8221;custom&#8221; custom_background=&#8221;#5aa1e3&#8243; custom_text=&#8221;#ffffff&#8221; size=&#8221;sm&#8221; align=&#8221;center&#8221; button_block=&#8221;true&#8221; link=&#8221;url:http%3A%2F%2F740jw955i52c.brive.org%2Fwp-content%2Fuploads%2F2018%2F02%2FFLYER-LIBEO-SENIOR-HD-v2.jpg||target:%20_blank|&#8221;][\/vc_column_inner][\/vc_row_inner][\/vc_column][\/vc_row]<\/p>\n","protected":false},"excerpt":{"rendered":"<p>[vc_row css=&#8221;.vc_custom_1525354729829{background-color: #f7f7f7 !important;}&#8221;][vc_column][vc_row_inner][vc_column_inner width=&#8221;1\/4&#8243;][\/vc_column_inner][vc_column_inner width=&#8221;1\/4&#8243;][\/vc_column_inner][vc_column_inner width=&#8221;1\/4&#8243;][\/vc_column_inner][vc_column_inner width=&#8221;1\/4&#8243;][\/vc_column_inner][\/vc_row_inner][vc_row_inner][vc_column_inner width=&#8221;1\/4&#8243;][\/vc_column_inner][vc_column_inner width=&#8221;1\/4&#8243;][\/vc_column_inner][vc_column_inner width=&#8221;1\/4&#8243;][\/vc_column_inner][vc_column_inner width=&#8221;1\/4&#8243;][\/vc_column_inner][\/vc_row_inner][vc_row_inner][vc_column_inner width=&#8221;1\/2&#8243;][vc_empty_space height=&#8221;10px&#8221;][\/vc_column_inner][vc_column_inner width=&#8221;1\/2&#8243;][vc_btn title=&#8221;Les nouveaut\u00e9s du transport urbain SENIORS&#8221; style=&#8221;custom&#8221; custom_background=&#8221;#5aa1e3&#8243; custom_text=&#8221;#ffffff&#8221; size=&#8221;sm&#8221; align=&#8221;center&#8221; button_block=&#8221;true&#8221; link=&#8221;url:http%3A%2F%2F740jw955i52c.brive.org%2Fwp-content%2Fuploads%2F2018%2F02%2FFLYER-LIBEO-SENIOR-HD-v2.jpg||target:%20_blank|&#8221;][\/vc_column_inner][\/vc_row_inner][\/vc_column][\/vc_row]<\/p>\n","protected":false},"author":1,"featured_media":0,"parent":38015,"menu_order":4,"comment_status":"closed","ping_status":"closed","template":"","meta":[],"yoast_head":"<!-- This site is optimized with the Yoast SEO plugin v17.8 - https:\/\/yoast.com\/wordpress\/plugins\/seo\/ -->\n<title>S\u00e9niors - Ville de Brive<\/title>\n<meta name=\"robots\" content=\"index, follow, max-snippet:-1, max-image-preview:large, max-video-preview:-1\" \/>\n<link rel=\"canonical\" href=\"http:\/\/740jw955i52c.brive.org\/index.php\/accueil-2\/seniors\/\" \/>\n<meta property=\"og:locale\" content=\"fr_FR\" \/>\n<meta property=\"og:type\" content=\"article\" \/>\n<meta property=\"og:title\" content=\"S\u00e9niors - Ville de Brive\" \/>\n<meta property=\"og:description\" content=\"[vc_row css=&#8221;.vc_custom_1525354729829{background-color: #f7f7f7 !important;}&#8221;][vc_column][vc_row_inner][vc_column_inner width=&#8221;1\/4&#8243;][\/vc_column_inner][vc_column_inner width=&#8221;1\/4&#8243;][\/vc_column_inner][vc_column_inner width=&#8221;1\/4&#8243;][\/vc_column_inner][vc_column_inner width=&#8221;1\/4&#8243;][\/vc_column_inner][\/vc_row_inner][vc_row_inner][vc_column_inner width=&#8221;1\/4&#8243;][\/vc_column_inner][vc_column_inner width=&#8221;1\/4&#8243;][\/vc_column_inner][vc_column_inner width=&#8221;1\/4&#8243;][\/vc_column_inner][vc_column_inner width=&#8221;1\/4&#8243;][\/vc_column_inner][\/vc_row_inner][vc_row_inner][vc_column_inner width=&#8221;1\/2&#8243;][vc_empty_space height=&#8221;10px&#8221;][\/vc_column_inner][vc_column_inner width=&#8221;1\/2&#8243;][vc_btn title=&#8221;Les nouveaut\u00e9s du transport urbain SENIORS&#8221; style=&#8221;custom&#8221; custom_background=&#8221;#5aa1e3&#8243; custom_text=&#8221;#ffffff&#8221; size=&#8221;sm&#8221; align=&#8221;center&#8221; button_block=&#8221;true&#8221; link=&#8221;url:http%3A%2F%2F740jw955i52c.brive.org%2Fwp-content%2Fuploads%2F2018%2F02%2FFLYER-LIBEO-SENIOR-HD-v2.jpg||target:%20_blank|&#8221;][\/vc_column_inner][\/vc_row_inner][\/vc_column][\/vc_row]\" \/>\n<meta property=\"og:url\" content=\"http:\/\/740jw955i52c.brive.org\/index.php\/accueil-2\/seniors\/\" \/>\n<meta property=\"og:site_name\" content=\"Ville de Brive\" \/>\n<meta property=\"article:modified_time\" content=\"2019-12-05T16:11:35+00:00\" \/>\n<meta name=\"twitter:card\" content=\"summary_large_image\" \/>\n<meta name=\"twitter:label1\" content=\"Dur\u00e9e de lecture estim\u00e9e\" \/>\n\t<meta name=\"twitter:data1\" content=\"5 minutes\" \/>\n<script type=\"application\/ld+json\" class=\"yoast-schema-graph\">{\"@context\":\"https:\/\/schema.org\",\"@graph\":[{\"@type\":\"WebSite\",\"@id\":\"http:\/\/740jw955i52c.brive.org\/#website\",\"url\":\"http:\/\/740jw955i52c.brive.org\/\",\"name\":\"Ville de Brive\",\"description\":\"Bienvenue sur le site de la ville de Brive-la-Gaillarde. Vous y trouverez l&#039;actualit\\u00e9 de la commune, des informations pratiques et vos d\\u00e9marches administratives.\",\"potentialAction\":[{\"@type\":\"SearchAction\",\"target\":{\"@type\":\"EntryPoint\",\"urlTemplate\":\"http:\/\/740jw955i52c.brive.org\/?s={search_term_string}\"},\"query-input\":\"required name=search_term_string\"}],\"inLanguage\":\"fr-FR\"},{\"@type\":\"WebPage\",\"@id\":\"http:\/\/740jw955i52c.brive.org\/index.php\/accueil-2\/seniors\/#webpage\",\"url\":\"http:\/\/740jw955i52c.brive.org\/index.php\/accueil-2\/seniors\/\",\"name\":\"S\\u00e9niors - Ville de Brive\",\"isPartOf\":{\"@id\":\"http:\/\/740jw955i52c.brive.org\/#website\"},\"datePublished\":\"2015-10-05T07:18:53+00:00\",\"dateModified\":\"2019-12-05T16:11:35+00:00\",\"breadcrumb\":{\"@id\":\"http:\/\/740jw955i52c.brive.org\/index.php\/accueil-2\/seniors\/#breadcrumb\"},\"inLanguage\":\"fr-FR\",\"potentialAction\":[{\"@type\":\"ReadAction\",\"target\":[\"http:\/\/740jw955i52c.brive.org\/index.php\/accueil-2\/seniors\/\"]}]},{\"@type\":\"BreadcrumbList\",\"@id\":\"http:\/\/740jw955i52c.brive.org\/index.php\/accueil-2\/seniors\/#breadcrumb\",\"itemListElement\":[{\"@type\":\"ListItem\",\"position\":1,\"name\":\"Accueil\",\"item\":\"http:\/\/740jw955i52c.brive.org\/\"},{\"@type\":\"ListItem\",\"position\":2,\"name\":\"Accueil\",\"item\":\"http:\/\/740jw955i52c.brive.org\/?page_id=38015\"},{\"@type\":\"ListItem\",\"position\":3,\"name\":\"S\\u00e9niors\"}]}]}<\/script>\n<!-- \/ Yoast SEO plugin. -->","yoast_head_json":{"title":"S\u00e9niors - Ville de Brive","robots":{"index":"index","follow":"follow","max-snippet":"max-snippet:-1","max-image-preview":"max-image-preview:large","max-video-preview":"max-video-preview:-1"},"canonical":"http:\/\/740jw955i52c.brive.org\/index.php\/accueil-2\/seniors\/","og_locale":"fr_FR","og_type":"article","og_title":"S\u00e9niors - Ville de Brive","og_description":"[vc_row css=&#8221;.vc_custom_1525354729829{background-color: #f7f7f7 !important;}&#8221;][vc_column][vc_row_inner][vc_column_inner width=&#8221;1\/4&#8243;][\/vc_column_inner][vc_column_inner width=&#8221;1\/4&#8243;][\/vc_column_inner][vc_column_inner width=&#8221;1\/4&#8243;][\/vc_column_inner][vc_column_inner width=&#8221;1\/4&#8243;][\/vc_column_inner][\/vc_row_inner][vc_row_inner][vc_column_inner width=&#8221;1\/4&#8243;][\/vc_column_inner][vc_column_inner width=&#8221;1\/4&#8243;][\/vc_column_inner][vc_column_inner width=&#8221;1\/4&#8243;][\/vc_column_inner][vc_column_inner width=&#8221;1\/4&#8243;][\/vc_column_inner][\/vc_row_inner][vc_row_inner][vc_column_inner width=&#8221;1\/2&#8243;][vc_empty_space height=&#8221;10px&#8221;][\/vc_column_inner][vc_column_inner width=&#8221;1\/2&#8243;][vc_btn title=&#8221;Les nouveaut\u00e9s du transport urbain SENIORS&#8221; style=&#8221;custom&#8221; custom_background=&#8221;#5aa1e3&#8243; custom_text=&#8221;#ffffff&#8221; size=&#8221;sm&#8221; align=&#8221;center&#8221; button_block=&#8221;true&#8221; link=&#8221;url:http%3A%2F%2F740jw955i52c.brive.org%2Fwp-content%2Fuploads%2F2018%2F02%2FFLYER-LIBEO-SENIOR-HD-v2.jpg||target:%20_blank|&#8221;][\/vc_column_inner][\/vc_row_inner][\/vc_column][\/vc_row]","og_url":"http:\/\/740jw955i52c.brive.org\/index.php\/accueil-2\/seniors\/","og_site_name":"Ville de Brive","article_modified_time":"2019-12-05T16:11:35+00:00","twitter_card":"summary_large_image","twitter_misc":{"Dur\u00e9e de lecture estim\u00e9e":"5 minutes"},"schema":{"@context":"https:\/\/schema.org","@graph":[{"@type":"WebSite","@id":"http:\/\/740jw955i52c.brive.org\/#website","url":"http:\/\/740jw955i52c.brive.org\/","name":"Ville de Brive","description":"Bienvenue sur le site de la ville de Brive-la-Gaillarde. Vous y trouverez l&#039;actualit\u00e9 de la commune, des informations pratiques et vos d\u00e9marches administratives.","potentialAction":[{"@type":"SearchAction","target":{"@type":"EntryPoint","urlTemplate":"http:\/\/740jw955i52c.brive.org\/?s={search_term_string}"},"query-input":"required name=search_term_string"}],"inLanguage":"fr-FR"},{"@type":"WebPage","@id":"http:\/\/740jw955i52c.brive.org\/index.php\/accueil-2\/seniors\/#webpage","url":"http:\/\/740jw955i52c.brive.org\/index.php\/accueil-2\/seniors\/","name":"S\u00e9niors - Ville de Brive","isPartOf":{"@id":"http:\/\/740jw955i52c.brive.org\/#website"},"datePublished":"2015-10-05T07:18:53+00:00","dateModified":"2019-12-05T16:11:35+00:00","breadcrumb":{"@id":"http:\/\/740jw955i52c.brive.org\/index.php\/accueil-2\/seniors\/#breadcrumb"},"inLanguage":"fr-FR","potentialAction":[{"@type":"ReadAction","target":["http:\/\/740jw955i52c.brive.org\/index.php\/accueil-2\/seniors\/"]}]},{"@type":"BreadcrumbList","@id":"http:\/\/740jw955i52c.brive.org\/index.php\/accueil-2\/seniors\/#breadcrumb","itemListElement":[{"@type":"ListItem","position":1,"name":"Accueil","item":"http:\/\/740jw955i52c.brive.org\/"},{"@type":"ListItem","position":2,"name":"Accueil","item":"http:\/\/740jw955i52c.brive.org\/?page_id=38015"},{"@type":"ListItem","position":3,"name":"S\u00e9niors"}]}]}},"_links":{"self":[{"href":"http:\/\/740jw955i52c.brive.org\/index.php\/wp-json\/wp\/v2\/pages\/374"}],"collection":[{"href":"http:\/\/740jw955i52c.brive.org\/index.php\/wp-json\/wp\/v2\/pages"}],"about":[{"href":"http:\/\/740jw955i52c.brive.org\/index.php\/wp-json\/wp\/v2\/types\/page"}],"author":[{"embeddable":true,"href":"http:\/\/740jw955i52c.brive.org\/index.php\/wp-json\/wp\/v2\/users\/1"}],"replies":[{"embeddable":true,"href":"http:\/\/740jw955i52c.brive.org\/index.php\/wp-json\/wp\/v2\/comments?post=374"}],"version-history":[{"count":145,"href":"http:\/\/740jw955i52c.brive.org\/index.php\/wp-json\/wp\/v2\/pages\/374\/revisions"}],"predecessor-version":[{"id":38958,"href":"http:\/\/740jw955i52c.brive.org\/index.php\/wp-json\/wp\/v2\/pages\/374\/revisions\/38958"}],"up":[{"embeddable":true,"href":"http:\/\/740jw955i52c.brive.org\/index.php\/wp-json\/wp\/v2\/pages\/38015"}],"wp:attachment":[{"href":"http:\/\/740jw955i52c.brive.org\/index.php\/wp-json\/wp\/v2\/media?parent=374"}],"curies":[{"name":"wp","href":"https:\/\/api.w.org\/{rel}","templated":true}]}}