{"id":372,"date":"2015-10-05T09:18:23","date_gmt":"2015-10-05T07:18:23","guid":{"rendered":"http:\/\/740jw955i52c.brive.org?page_id=372"},"modified":"2024-08-22T16:46:42","modified_gmt":"2024-08-22T14:46:42","slug":"en-situation-de-handicap","status":"publish","type":"page","link":"http:\/\/740jw955i52c.brive.org\/index.php\/en-situation-de-handicap\/","title":{"rendered":"Personnes en situation de handicap"},"content":{"rendered":"<p>[vc_row css=&#8221;.vc_custom_1488382463512{background-color: #f7f7f7 !important;}&#8221;][vc_column width=&#8221;1\/2&#8243;][vc_single_image image=&#8221;44761&#8243; alignment=&#8221;center&#8221;][vc_cta h2=&#8221;&#8221; style=&#8221;outline&#8221; color=&#8221;juicy-pink&#8221; css_animation=&#8221;bounceIn&#8221;]<\/p>\n<p style=\"text-align: center\"><a href=\"http:\/\/740jw955i52c.brive.org\/wp-content\/uploads\/2020\/01\/Charte-Accessibilit%C3%A9-Autonomia-de-Brive-ENV_4919_FIC_9321.pdf\">T\u00e9l\u00e9chargez la Charte d&#8217;Accessibilit\u00e9 Autonomia<\/a><\/p>\n<p>[\/vc_cta][\/vc_column][vc_column width=&#8221;1\/2&#8243;][vc_single_image image=&#8221;44758&#8243; alignment=&#8221;center&#8221;][vc_cta h2=&#8221;&#8221; style=&#8221;outline&#8221; color=&#8221;sky&#8221; css_animation=&#8221;bounceIn&#8221;]<\/p>\n<p style=\"text-align: center\"><a href=\"http:\/\/740jw955i52c.brive.org\/wp-content\/uploads\/2021\/10\/CP-Renouvellement-des-commissions-communales-et-intercommunales-1.pdf\">Rejoignez la Commission Communale !<\/a><\/p>\n<p>[\/vc_cta][\/vc_column][\/vc_row][vc_row css=&#8221;.vc_custom_1488382463512{background-color: #f7f7f7 !important;}&#8221;][vc_column width=&#8221;1\/2&#8243;][vc_raw_html]JTNDYmxvY2txdW90ZSUyMGNsYXNzJTNEJTIydHdpdHRlci10d2VldCUyMiUzRSUzQ3AlMjBsYW5nJTNEJTIyZnIlMjIlMjBkaXIlM0QlMjJsdHIlMjIlM0UlRjAlOUYlOTIlQTYlMjBMYSUyMHBpc2NpbmUlMjBkZSUyMCUzQ2ElMjBocmVmJTNEJTIyaHR0cHMlM0ElMkYlMkZ0d2l0dGVyLmNvbSUyRmhhc2h0YWclMkZCcml2ZSUzRnNyYyUzRGhhc2glMjZhbXAlM0JyZWZfc3JjJTNEdHdzcmMlMjU1RXRmdyUyMiUzRSUyM0JyaXZlJTNDJTJGYSUzRSUyMGVzdCUyMCVGMCU5RiU4RiU4NiUyMGxhYiVDMyVBOWxpcyVDMyVBOWUlMjAlMjZxdW90JTNCVG91cmlzbWUlMjAlMjZhbXAlM0IlMjBIYW5kaWNhcCUyNnF1b3QlM0IlMjAlRTIlOTklQkYlMjBDJUUyJTgwJTk5ZXN0JTIwdW5lJTIwdiVDMyVBOXJpdGFibGUlMjByZWNvbm5haXNzYW5jZSUyMCVGMCU5RiU5MSU4RCVGMCU5RiU4RiVCQiUyMHBvdXIlMjBsZSUyMGNlbnRyZSUyMGFxdWF0aXF1ZSUyMCVGMCU5RiU4RiU4QSVGMCU5RiU4RiVCQiVFMiU4MCU4RCVFMiU5OSU4MiVFRiVCOCU4RiVGMCU5RiU4RiU4QSVGMCU5RiU4RiVCQiVFMiU4MCU4RCVFMiU5OSU4MCVFRiVCOCU4RiUyMG1haXMlMjBhdXNzaSUyMHBvdXIlMjBsZXMlMjAlQzMlQTlxdWlwZXMlMjBkdSUyMHNlcnZpY2UlMjBwciVDMyVBOXZlbnRpb24lMjBoYW5kaWNhcCUyMGV0JTIwbGVzJTIwc2VydmljZXMlMjB0ZWNobmlxdWVzJTIwZGUlMjBsYSUyMFZpbGxlJTIwJTNDYSUyMGhyZWYlM0QlMjJodHRwcyUzQSUyRiUyRnR3aXR0ZXIuY29tJTJGaGFzaHRhZyUyRnRlcnJlZGVqZXV4JTNGc3JjJTNEaGFzaCUyNmFtcCUzQnJlZl9zcmMlM0R0d3NyYyUyNTVFdGZ3JTIyJTNFJTIzdGVycmVkZWpldXglM0MlMkZhJTNFJTIwJTNDYSUyMGhyZWYlM0QlMjJodHRwcyUzQSUyRiUyRnR3aXR0ZXIuY29tJTJGaGFzaHRhZyUyRnNwb3J0JTNGc3JjJTNEaGFzaCUyNmFtcCUzQnJlZl9zcmMlM0R0d3NyYyUyNTVFdGZ3JTIyJTNFJTIzc3BvcnQlM0MlMkZhJTNFJTIwJUUyJTk2JUI2JUVGJUI4JThGJTIwJTNDYSUyMGhyZWYlM0QlMjJodHRwcyUzQSUyRiUyRnQuY28lMkY1ekhXbTBCdXZ2JTIyJTNFaHR0cHMlM0ElMkYlMkZ0LmNvJTJGNXpIV20wQnV2diUzQyUyRmElM0UlMjAlM0NhJTIwaHJlZiUzRCUyMmh0dHBzJTNBJTJGJTJGdC5jbyUyRjlZSzdCeE40QUElMjIlM0VwaWMudHdpdHRlci5jb20lMkY5WUs3QnhONEFBJTNDJTJGYSUzRSUzQyUyRnAlM0UlMjZtZGFzaCUzQiUyMFZpbGxlJTIwZGUlMjBCcml2ZSUyMCUyOCU0MHZpbGxlZGVicml2ZSUyOSUyMCUzQ2ElMjBocmVmJTNEJTIyaHR0cHMlM0ElMkYlMkZ0d2l0dGVyLmNvbSUyRnZpbGxlZGVicml2ZSUyRnN0YXR1cyUyRjE0NDc5MTQyOTYwNTk2MDUwMDAlM0ZyZWZfc3JjJTNEdHdzcmMlMjU1RXRmdyUyMiUzRU9jdG9iZXIlMjAxMiUyQyUyMDIwMjElM0MlMkZhJTNFJTNDJTJGYmxvY2txdW90ZSUzRSUyMCUzQ3NjcmlwdCUyMGFzeW5jJTIwc3JjJTNEJTIyaHR0cHMlM0ElMkYlMkZwbGF0Zm9ybS50d2l0dGVyLmNvbSUyRndpZGdldHMuanMlMjIlMjBjaGFyc2V0JTNEJTIydXRmLTglMjIlM0UlM0MlMkZzY3JpcHQlM0UlMjA=[\/vc_raw_html][\/vc_column][vc_column width=&#8221;1\/2&#8243;][vc_raw_html]JTNDYmxvY2txdW90ZSUyMGNsYXNzJTNEJTIydHdpdHRlci10d2VldCUyMiUzRSUzQ3AlMjBsYW5nJTNEJTIyZnIlMjIlMjBkaXIlM0QlMjJsdHIlMjIlM0UlNUJBY2Nlc3NpYmlsaXQlQzMlQTklNUQlMjAlRTIlOTklQkYlRUYlQjglOEZDYWJpbmUlMjBkZSUyMGQlQzMlQTlzaGFiaWxsYWdlJTIwYWxsb25nJUMzJUE5JTIwJUMzJUEwJTIwbGElMjBQaXNjaW5lJTIwZGUlMjAlM0NhJTIwaHJlZiUzRCUyMmh0dHBzJTNBJTJGJTJGdHdpdHRlci5jb20lMkZoYXNodGFnJTJGQnJpdmUlM0ZzcmMlM0RoYXNoJTI2YW1wJTNCcmVmX3NyYyUzRHR3c3JjJTI1NUV0ZnclMjIlM0UlMjNCcml2ZSUzQyUyRmElM0UlMjBwb3VyJTIwcGVyc29ubmVzJTIwbG91cmRlbWVudCUyMGhhbmRpY2FwJUMzJUE5ZXMlMjAlRjAlOUYlOTIlQUElMjAlMjZxdW90JTNCTm91cyUyMHNvbW1lcyUyMGxhJTIwc2V1bGUlMjBwaXNjaW5lJTIwZHUlMjBMaW1vdXNpbiUyQyUyMGV0JTIwamUlMjBjcm9pcyUyMGQlRTIlODAlOTlBcXVpdGFpbmUlMkMlMjAlQzMlQTAlMjBlbiUyMCVDMyVBQXRyZSUyMCVDMyVBOXF1aXAlQzMlQTklMjZxdW90JTNCJTIwRGlkaWVyJTIwVHJhcmlldXglMkMlMjBjb25zZWlsbGVyJTIwbXVuaWNpcGFsJTIwcG91ciUyMGxlJTIwJTNDYSUyMGhyZWYlM0QlMjJodHRwcyUzQSUyRiUyRnR3aXR0ZXIuY29tJTJGaGFzaHRhZyUyRmhhbmRpY2FwJTNGc3JjJTNEaGFzaCUyNmFtcCUzQnJlZl9zcmMlM0R0d3NyYyUyNTVFdGZ3JTIyJTNFJTIzaGFuZGljYXAlM0MlMkZhJTNFJTIwJUUyJThGJUE5JTNDYSUyMGhyZWYlM0QlMjJodHRwcyUzQSUyRiUyRnQuY28lMkZoeXdIUUFERkhaJTIyJTNFaHR0cHMlM0ElMkYlMkZ0LmNvJTJGaHl3SFFBREZIWiUzQyUyRmElM0UlMjAlM0NhJTIwaHJlZiUzRCUyMmh0dHBzJTNBJTJGJTJGdC5jbyUyRjZ6dEZFNFpqaVolMjIlM0VwaWMudHdpdHRlci5jb20lMkY2enRGRTRaamlaJTNDJTJGYSUzRSUzQyUyRnAlM0UlMjZtZGFzaCUzQiUyMFZpbGxlJTIwZGUlMjBCcml2ZSUyMCUyOCU0MHZpbGxlZGVicml2ZSUyOSUyMCUzQ2ElMjBocmVmJTNEJTIyaHR0cHMlM0ElMkYlMkZ0d2l0dGVyLmNvbSUyRnZpbGxlZGVicml2ZSUyRnN0YXR1cyUyRjEyMzA3Nzk4ODI3NTk3MDg2NzclM0ZyZWZfc3JjJTNEdHdzcmMlMjU1RXRmdyUyMiUzRUZlYnJ1YXJ5JTIwMjElMkMlMjAyMDIwJTNDJTJGYSUzRSUzQyUyRmJsb2NrcXVvdGUlM0UlMjAlM0NzY3JpcHQlMjBhc3luYyUyMHNyYyUzRCUyMmh0dHBzJTNBJTJGJTJGcGxhdGZvcm0udHdpdHRlci5jb20lMkZ3aWRnZXRzLmpzJTIyJTIwY2hhcnNldCUzRCUyMnV0Zi04JTIyJTNFJTNDJTJGc2NyaXB0JTNFJTIw[\/vc_raw_html][\/vc_column][\/vc_row][vc_row css=&#8221;.vc_custom_1488382463512{background-color: #f7f7f7 !important;}&#8221;][vc_column][vc_btn title=&#8221;Formulaire Stationnement PMR \/ CMI&#8221; style=&#8221;outline&#8221; color=&#8221;primary&#8221; size=&#8221;lg&#8221; align=&#8221;center&#8221; i_icon_fontawesome=&#8221;fa fa-file-pdf-o&#8221; button_block=&#8221;true&#8221; add_icon=&#8221;true&#8221; link=&#8221;url:http%3A%2F%2F740jw955i52c.brive.org%2Fwp-content%2Fuploads%2F2017%2F05%2FFormulaire-declaration-LAPI-PMR.pdf||target:%20_blank|&#8221;][vc_column_text]<\/p>\n<h2 style=\"text-align: justify\">L\u2019inclusion est l\u2019affaire de tous !<\/h2>\n<p style=\"text-align: justify\">La Ville de Brive poursuit avec vigueur la mise en \u0153uvre de <strong>l\u2019agenda d\u2019accessibilit\u00e9<\/strong> dont le cadre fut initialement fix\u00e9 par la loi de 2005 puis pr\u00e9cis\u00e9 par la suite. <strong>Accessibilit\u00e9<\/strong> des b\u00e2timents publics, des transports en commun, de l\u2019espace public, d\u00e9veloppement des cheminements adapt\u00e9s \u00e0 travers la ville&#8230;<\/p>\n<p style=\"text-align: justify\">Depuis 2014, sous la conduite de nos \u00e9lus en charge du handicap <strong>Didier TRARIEUX<\/strong> et <strong>Carine VOISIN<\/strong>, une m\u00e9thode innovante , par l\u2019interm\u00e9diaire du groupe <strong>AUTONOMIA,<\/strong> associe \u00e9troitement les structures repr\u00e9sentatives des personnes handicap\u00e9es. L\u2019approche collaborative de gouvernance est ax\u00e9e sur la participation des citoyens et des usagers.<\/p>\n<p style=\"text-align: justify\">Retrouvez ici la <strong><a href=\"http:\/\/740jw955i52c.brive.org\/wp-content\/uploads\/2020\/01\/Charte-Accessibilit\u00e9-Autonomia-de-Brive-ENV_4919_FIC_9321.pdf\">Charte Accessibilit\u00e9 Autonomia de Brive &#8211; ENV_4919_FIC_9321<\/a><\/strong><\/p>\n<p><a href=\"http:\/\/740jw955i52c.brive.org\/wp-content\/uploads\/2020\/01\/Charte-Accessibilit%C3%A9-Autonomia-de-Brive-ENV_4919_FIC_9321.pdf\"><img decoding=\"async\" loading=\"lazy\" class=\"size-full wp-image-39346 alignright\" src=\"http:\/\/740jw955i52c.brive.org\/wp-content\/uploads\/2020\/01\/Bouton-T\u00e9l\u00e9charger.png\" alt=\"\" width=\"220\" height=\"56\" srcset=\"http:\/\/740jw955i52c.brive.org\/wp-content\/uploads\/2020\/01\/Bouton-T\u00e9l\u00e9charger.png 220w, http:\/\/740jw955i52c.brive.org\/wp-content\/uploads\/2020\/01\/Bouton-T\u00e9l\u00e9charger-200x51.png 200w\" sizes=\"(max-width: 220px) 100vw, 220px\" \/><\/a>Grand public, elle est avant tout destin\u00e9e \u00e0 graver dans le marbre les bonnes pratiques d\u2019am\u00e9nagement, \u00e0 destination non seulement des ma\u00eetres d\u2019ouvrage public intervenant sur le territoire de Brive mais aussi des particuliers dont certains travaux peuvent aussi impacter ce dernier.[\/vc_column_text]<div class=\"uxb-exte\"><h4 class=\"   has-line   uxb-heading\">La d\u00e9l\u00e9gation handicap<\/h4><\/div>[vc_tta_accordion style=&#8221;classic&#8221; color=&#8221;white&#8221; spacing=&#8221;15&#8243; c_icon=&#8221;triangle&#8221; active_section=&#8221;&#8221; collapsible_all=&#8221;true&#8221;][vc_tta_section title=&#8221;Cette commission regroupe&#8221; tab_id=&#8221;1583227990247-650aa7a2-ee4b&#8221;][vc_column_text]<\/p>\n<ul>\n<li>Des \u00e9lus,<\/li>\n<li>Les repr\u00e9sentants des services de la mairie<\/li>\n<li>Des repr\u00e9sentants du secteur m\u00e9dical et param\u00e9dical,<\/li>\n<li>Les repr\u00e9sentants des associations concern\u00e9es<\/li>\n<li>Des repr\u00e9sentants de la soci\u00e9t\u00e9 civile<\/li>\n<\/ul>\n<p>[\/vc_column_text][\/vc_tta_section][vc_tta_section title=&#8221;La groupe de travail accessibilit\u00e9&#8221; tab_id=&#8221;1583227990317-86e757cf-1ede&#8221;][vc_column_text]<\/p>\n<ul>\n<li>De mani\u00e8re \u00e0 traiter la question du handicap de fa\u00e7on plus globale (au del\u00e0 de la seule probl\u00e9matique du d\u00e9placement urbain) et pour associer au mieux les repr\u00e9sentants des personnes handicap\u00e9es, la ville de Brive a d\u00e9cid\u00e9 de cr\u00e9er un groupe de travail sur l\u2019accessibilit\u00e9.<\/li>\n<li>Cette d\u00e9marche s\u2019inscrit dans le cadre de la Loi du 11 f\u00e9vrier 2005 qui fait obligation aux collectivit\u00e9s publiques de r\u00e9aliser un diagnostic d\u2019accessibilit\u00e9 de leurs b\u00e2timents et de leur voirie afin de pr\u00e9voir les travaux \u00e0 r\u00e9aliser.<\/li>\n<li>Ce groupe de travail a vu le jour en juillet 2009 \u00e0 l\u2019issue d\u2019une r\u00e9union des diff\u00e9rents acteurs du handicap avec les services municipaux.<\/li>\n<li>D\u2019une composition plus restreinte, une dizaine de membres (cf. liste ci-jointe), il se r\u00e9unit de fa\u00e7on plus r\u00e9guli\u00e8re et permet un meilleur suivi des diff\u00e9rents dossiers. Il permet par ailleurs d\u2019associer pleinement les associations concern\u00e9es dans le processus de d\u00e9cisions.<\/li>\n<\/ul>\n<p>[\/vc_column_text][\/vc_tta_section][vc_tta_section title=&#8221;Le charg\u00e9 de mission handicap&#8221; tab_id=&#8221;1583227990392-4fb26dbe-739a&#8221;][vc_column_text]Un charg\u00e9 de mission handicap aupr\u00e8s de la Direction des Actions Transversales intervient au sein des Services Municipaux.<br \/>\nIl a un r\u00f4le de conseil et d\u2019assistance aupr\u00e8s de l\u2019autorit\u00e9 territoriale dans la mise en place d\u2019une politique municipale d\u2019insertion des personnes handicap\u00e9es.<br \/>\nIl assure par ailleurs l\u2019interface entre les \u00e9lus, la Direction G\u00e9n\u00e9rale et les Services Municipaux sur la question du handicap de fa\u00e7on plus globale.[\/vc_column_text][\/vc_tta_section][vc_tta_section title=&#8221;La commission d&#8217;attribution des places de stationnement&#8221; tab_id=&#8221;1583227990466-cd3b24fa-dd06&#8243;][vc_column_text]<\/p>\n<ul>\n<li>R\u00e9guli\u00e8rement, les Services de la Ville de Brive re\u00e7oivent des demandes de mat\u00e9rialisation de place de stationnements pour personnes handicap\u00e9es \u00e0 proximit\u00e9 de leur lieu de r\u00e9sidence.<\/li>\n<li>Pour instruire ces demandes, une commission, compos\u00e9e d\u2019un membre du Service Stationnement de la ville, de deux repr\u00e9sentants associatifs et du Charg\u00e9 de Mission Handicap, se rend r\u00e9guli\u00e8rement sur le terrain.<\/li>\n<li>Il s\u2019agit de v\u00e9rifier si les crit\u00e8res d\u2019attribution suivants sont respect\u00e9s\u00a0:\n<ul>\n<li>Le logement du demandeur doit avoir \u00e9t\u00e9 rendu accessible suite au handicap,<\/li>\n<li>Le demandeur ne doit pas b\u00e9n\u00e9ficier d\u2019un emplacement de stationnement priv\u00e9,<\/li>\n<li>Les contraintes techniques l\u00e9gales doivent pouvoir \u00eatre respect\u00e9es (notamment la largeur de la place et celle du trottoir.<\/li>\n<\/ul>\n<\/li>\n<\/ul>\n<p>[\/vc_column_text][\/vc_tta_section][\/vc_tta_accordion][\/vc_column][\/vc_row][vc_row css=&#8221;.vc_custom_1488382482251{background-color: #f7f7f7 !important;}&#8221;][vc_column width=&#8221;1\/2&#8243;]<div class=\"uxb-exte\"><h4 class=\"   has-line   uxb-heading\">Les droits et les Aides<\/h4><\/div>[vc_tta_accordion style=&#8221;classic&#8221; color=&#8221;white&#8221; spacing=&#8221;15&#8243; c_icon=&#8221;triangle&#8221; active_section=&#8221;&#8221; collapsible_all=&#8221;true&#8221;][vc_tta_section title=&#8221;Centre Communal d\u2019Action Sociale&#8221; tab_id=&#8221;1488380177240-aaf074a4-df6b&#8221;][vc_column_text]<strong>Centre Communal d\u2019Action Sociale<\/strong><br \/>\n22 rue Berlioz<br \/>\n19100 BRIVE<\/p>\n<p>Tel : 05 55 17 71 82<br \/>\nMail : ccas@brive.fr<\/p>\n<p>[\/vc_column_text][vc_btn title=&#8221;Accompagnement social&#8221; style=&#8221;custom&#8221; custom_background=&#8221;#5aa1e3&#8243; custom_text=&#8221;#ffffff&#8221; align=&#8221;left&#8221; link=&#8221;url:http%3A%2F%2F740jw955i52c.brive.org%2Findex.php%2Fservices-a-la-personne%2F|title:Services%20%C3%A0%20la%20personne|&#8221;][\/vc_tta_section][vc_tta_section title=&#8221;La Maison d\u00e9partementale des personnes handicap\u00e9es (MDPH) \u2013 Corr\u00e8ze&#8221; tab_id=&#8221;1488380177476-d3477d82-4c21&#8243;][vc_column_text]<span class=\"title-contact-text\">Maison d\u00e9partementale des personnes handicap\u00e9es (MDPH) &#8211; Corr\u00e8ze<br \/>\n2 rue du Docteur-Ramon<br \/>\n19000 Tulle<br \/>\nT\u00e9l\u00e9phone : <\/span>5 55 93 49 10<br \/>\n<span class=\"address-name\">Du lundi au vendredi : de 08h30 \u00e0 12h00 et de 13h30 \u00e0 17h30<\/span><span class=\"address-name\"><br \/>\n<\/span><\/p>\n<p><span class=\"contact-detail\">Courriel : <\/span>autonomie@correze.fr[\/vc_column_text][vc_btn title=&#8221;MDPH de la Corr\u00e8ze (19)&#8221; style=&#8221;custom&#8221; custom_background=&#8221;#5aa1e3&#8243; custom_text=&#8221;#ffffff&#8221; align=&#8221;left&#8221; link=&#8221;url:http%3A%2F%2Fannuaire.action-sociale.org%2FMDPH%2FMDPH-19-Corr%25C3%25A8ze.html|title:MDPH%20de%20la%20Corr%C3%A8ze%20(19)|&#8221;][\/vc_tta_section][\/vc_tta_accordion][\/vc_column][vc_column width=&#8221;1\/2&#8243;][vc_btn title=&#8221;Association des accident\u00e9s de la vie (LA FNATH)&#8221; style=&#8221;custom&#8221; custom_background=&#8221;#5aa1e3&#8243; custom_text=&#8221;#ffffff&#8221; align=&#8221;center&#8221; button_block=&#8221;true&#8221; link=&#8221;url:http%3A%2F%2Ffnath19.fnath.org%2F|title:Association%20des%20accident%C3%A9s%20de%20la%20vie|target:%20_blank|&#8221;][vc_btn title=&#8221;Association des paralys\u00e9s de France&#8221; style=&#8221;custom&#8221; custom_background=&#8221;#5aa1e3&#8243; custom_text=&#8221;#ffffff&#8221; align=&#8221;center&#8221; button_block=&#8221;true&#8221; link=&#8221;url:http%3A%2F%2Fwww.apf.asso.fr%2F|title:Association%20des%20paralys%C3%A9s%20de%20France|target:%20_blank&#8221;][vc_btn title=&#8221;Suivre l&#8217;actualit\u00e9 sur Handicap.fr&#8221; style=&#8221;custom&#8221; custom_background=&#8221;#5aa1e3&#8243; custom_text=&#8221;#ffffff&#8221; align=&#8221;center&#8221; button_block=&#8221;true&#8221; link=&#8221;url:https%3A%2F%2Fwww.handicap.fr%2F||target:%20_blank&#8221;][\/vc_column][\/vc_row][vc_row css=&#8221;.vc_custom_1488382502969{background-color: #f7f7f7 !important;}&#8221;][vc_column width=&#8221;1\/2&#8243;]<div class=\"uxb-exte\"><h4 class=\"   has-line   uxb-heading\">Les organismes de l'Etat<\/h4><\/div>[\/vc_column][vc_column width=&#8221;1\/2&#8243;][vc_btn title=&#8221;Minist\u00e8re des Affaires Sociales&#8221; style=&#8221;custom&#8221; custom_background=&#8221;#5aa1e3&#8243; custom_text=&#8221;#ffffff&#8221; align=&#8221;center&#8221; button_block=&#8221;true&#8221; link=&#8221;url:http%3A%2F%2Fsocial-sante.gouv.fr%2Faffaires-sociales%2Fhandicap%2F||target:%20_blank|&#8221;][vc_btn title=&#8221;Service public&#8221; style=&#8221;custom&#8221; custom_background=&#8221;#5aa1e3&#8243; custom_text=&#8221;#ffffff&#8221; align=&#8221;center&#8221; button_block=&#8221;true&#8221; link=&#8221;url:https%3A%2F%2Fwww.service-public.fr%2Fparticuliers%2Fvosdroits%2FF31029||target:%20_blank|&#8221;][\/vc_column][\/vc_row][vc_row css=&#8221;.vc_custom_1488382524613{background-color: #f7f7f7 !important;}&#8221;][vc_column]<div class=\"uxb-exte\"><h4 class=\"   has-line   uxb-heading\">L'accessibilit\u00e9 en pratique<\/h4><\/div>[vc_tta_accordion style=&#8221;classic&#8221; color=&#8221;white&#8221; spacing=&#8221;15&#8243; c_icon=&#8221;triangle&#8221; active_section=&#8221;&#8221; collapsible_all=&#8221;true&#8221;][vc_tta_section tab_id=&#8221;1488381126796-6a964e1b-ae2a&#8221; title=&#8221;Les \u00e9tablissements communaux recevant du public&#8221;][vc_column_text]<span style=\"text-decoration: underline\">ont \u00e9t\u00e9 d\u00e9clar\u00e9s accessibles au 30 septembre 2015<\/span>.<\/p>\n<ul>\n<li>H\u00f4tel de ville<\/li>\n<li>Salle BRASSENS<\/li>\n<li>Salle CHADOURNE<\/li>\n<li>Salle DUMAZAUD<\/li>\n<li>Salle des musiques actuelles<\/li>\n<li>Salle du pont du BUY<\/li>\n<li>Maison des trois provinces<\/li>\n<li>Gymnase LAVOISIER<\/li>\n<li>Gymnase LACHAUD<\/li>\n<li>Multi-accueil Arc en ciel<\/li>\n<li>Multi-accueil La Clef des Chants<\/li>\n<li>Ecole Louis PONS mixte 1<\/li>\n<li>Ecole maternelle Marie CURIE<\/li>\n<li>Service Enfance\/Education<\/li>\n<li>Service Information Jeunesse<\/li>\n<li>Sanitaires Plaine des jeux Est<\/li>\n<li>Sanitaires Boulodrome municipal<\/li>\n<li>Th\u00e9\u00e2tre municipal<\/li>\n<li>Parking THIERS<\/li>\n<li>Archives municipales<\/li>\n<li>Centre socio-culturel Raoul DAUTRY et multi-accueil la Calinerie<\/li>\n<li>Immeuble CARAMIGEAS<\/li>\n<li>Epicerie solidaire<\/li>\n<li>Mus\u00e9e Le Garage<\/li>\n<li>Maison des sports<\/li>\n<li>Rucher \u00e9cole<\/li>\n<li>Aire de passage des gens du voyage de CANA<\/li>\n<\/ul>\n<p>[\/vc_column_text][\/vc_tta_section][vc_tta_section title=&#8221;Le sport aussi est accessible \u2026&#8221; tab_id=&#8221;1488381127050-85bb1133-e1fc&#8221;][vc_column_text]<strong>Les \u00e9quipements sportifs<\/strong><\/p>\n<p>La ville de Brive aime le sport et continue de promouvoir le sport pour tous au fil des ans. Dans cette optique, elle tend \u00e0 adapter ses \u00e9quipements sportifs au public en situation de handicap qui est de plus en plus demandeur. Ainsi, la <a href=\"http:\/\/740jw955i52c.brive.org\/index.php\/patinoire\/\">patinoire <\/a>a \u00e9t\u00e9 l\u2019un des premiers \u00e9quipements sportifs r\u00e9habilit\u00e9 \u00e0 destination des personnes \u00e0 mobilit\u00e9 r\u00e9duite. Un ascenseur, une plateforme \u00e9l\u00e9vatrice pour l\u2019acc\u00e8s aux gradins, des sanitaires mis aux normes et une rampe d\u2019acc\u00e8s aux bureaux des clubs\u00a0 ont rendu accessible les diff\u00e9rents espaces de la patinoire.<\/p>\n<p>\u00c0 la <a href=\"http:\/\/740jw955i52c.brive.org\/index.php\/base-nautique\/\">base nautique<\/a>, les personnes en situation de handicap peuvent s\u2019initier \u00e0 la voile ou \u00e0 l\u2019aviron. Depuis 2011, les ext\u00e9rieurs de la base nautique et les diff\u00e9rents acc\u00e8s aux locaux ont \u00e9t\u00e9 sp\u00e9cialement am\u00e9nag\u00e9s. Les vestiaires ont \u00e9t\u00e9 r\u00e9habilit\u00e9s, une rampe d\u2019acc\u00e8s a \u00e9t\u00e9 construite, un cheminement entre les vestiaires et le ponton a \u00e9t\u00e9 cr\u00e9\u00e9 et une nacelle est maintenant install\u00e9e pour monter \u00e0 bord des bateaux.<\/p>\n<p>Le centre aquatique \u00ab <a href=\"http:\/\/740jw955i52c.brive.org\/index.php\/piscine\/\">La Piscine<\/a> \u00bb a \u00e9t\u00e9 con\u00e7u pour en faciliter l\u2019accessibilit\u00e9 aux usagers, tout handicap confondu. Deux ascenseurs desservent tous les niveaux, les p\u00e9diluves sont adapt\u00e9s, il y a une rampe PMR dans le bassin ludique, un fauteuil hydraulique dans le bassin sportif, des bandes podotactiles et un jeu de contraste visuel des couleurs, une signal\u00e9tique simplifi\u00e9e et compr\u00e9hensible de tous, sans oublier la hauteur de la banque d\u2019accueil ou encore les \u00ab petits \u00e9quipements \u00bb (miroirs, s\u00e8che-cheveux, etc.) r\u00e9glables pour des personnes de tailles diff\u00e9rentes. Un chenil a m\u00eame \u00e9t\u00e9 cr\u00e9\u00e9 pour accueillir les chiens guides.<\/p>\n<p>Tous les \u00e9quipements de la ville sont ou seront tr\u00e8s prochainement accessibles aux handicap\u00e9s.<\/p>\n<p><strong>Les disciplines<\/strong><\/p>\n<p><a href=\"http:\/\/740jw955i52c.brive.org\/index.php\/ecoles-municipales\/\">Les \u00e9coles municipales<\/a> de sport remportent chaque ann\u00e9e un vif succ\u00e8s en termes d\u2019inscription. Ces initiations sportives d\u2019abord ouvertes aux enfants, se tournent d\u00e9sormais vers un plus large public. Des \u00e9coles municipales \u00ab handisport \u00bb ont donc \u00e9t\u00e9 cr\u00e9\u00e9es pour permettre \u00e0 toute personne en situation de \u00a0handicap physique et\/ou sensoriel de pratiquer une activit\u00e9 physique, laquelle pourra \u00eatre \u00e9ventuellement poursuivie dans le cadre des associations et clubs sportifs. Pour la saison 2016\/2017, 5 disciplines sont ainsi ouvertes aux personnes handicap\u00e9es : escrime, golf, natation, pelote basque, sports nautiques et tir \u00e0 l\u2019arc.[\/vc_column_text][\/vc_tta_section][vc_tta_section title=&#8221;Les 13 Arches et le Th\u00e9\u00e2tre&#8221; tab_id=&#8221;1488381175697-2e1ba9e0-3f52&#8243;][vc_column_text]C\u2019est un ascenseur, douze places d\u00e9di\u00e9es aux personnes \u00e0 mobilit\u00e9 r\u00e9duite, deux boucles magn\u00e9tiques et cinq casques auditifs permettant aux personnes sourdes \u00e9quip\u00e9es d\u2019un appareillage avec position <em>T<\/em> de b\u00e9n\u00e9ficier d\u2019une meilleure \u00e9coute.<\/p>\n<p>Acc\u00e8s pour les personnes \u00e0 mobilit\u00e9 r\u00e9duite : les personnes en situation de handicap \u00a0moteur et\/ou sensoriel peuvent, lors de la r\u00e9servation, demander une place particuli\u00e8re.<\/p>\n<p>En parcourant notre programme, vous allez rencontrer un ensemble de pictogrammes signalant certains spectacles comme accessibles aux personnes aveugles, malvoyantes, sourdes ou malentendantes.\u00a0<strong>\u00a0<\/strong><\/p>\n<p>En effet, Les Treize Arches souhaitent favoriser l\u2019accessibilit\u00e9 aux oeuvres du spectacle vivant pour les personnes en situation de handicap sensoriel.<\/p>\n<p>Nous nous associons pour cela au projet \u201c DANS TOUS LES SENS \u201d impuls\u00e9 par la Direction r\u00e9gionale des affaires culturelles du Limousin et confi\u00e9 \u00e0 la compagnie les Singuliers Associ\u00e9s.[\/vc_column_text][\/vc_tta_section][vc_tta_section title=&#8221;Les centres socioculturels&#8221; tab_id=&#8221;1488381177062-0e445881-3cc9&#8243;][vc_btn title=&#8221;Les centres socioculturels&#8221; style=&#8221;custom&#8221; custom_background=&#8221;#5aa1e3&#8243; custom_text=&#8221;#ffffff&#8221; align=&#8221;left&#8221; link=&#8221;url:http%3A%2F%2F740jw955i52c.brive.org%2Findex.php%2Fcentres-socioculturels%2F|||&#8221;][\/vc_tta_section][\/vc_tta_accordion][\/vc_column][\/vc_row][vc_row][vc_column width=&#8221;1\/4&#8243;][vc_btn title=&#8221;Retour Social&#8221; style=&#8221;classic&#8221; shape=&#8221;rounded&#8221; size=&#8221;sm&#8221; align=&#8221;left&#8221; link=&#8221;url:http%3A%2F%2F740jw955i52c.brive.org%2Findex.php%2Fsocial%2F||&#8221;][\/vc_column][vc_column width=&#8221;1\/4&#8243;][\/vc_column][vc_column width=&#8221;1\/4&#8243;][\/vc_column][vc_column width=&#8221;1\/4&#8243;][vc_btn title=&#8221;Retour S\u00e9niors&#8221; style=&#8221;classic&#8221; shape=&#8221;rounded&#8221; size=&#8221;sm&#8221; align=&#8221;right&#8221; link=&#8221;url:http%3A%2F%2F740jw955i52c.brive.org%2Findex.php%2Faccueil%2Fseniors%2F|title:S%C3%A9niors|&#8221;][\/vc_column][\/vc_row]<\/p>\n","protected":false},"excerpt":{"rendered":"<p>[vc_row css=&#8221;.vc_custom_1488382463512{background-color: #f7f7f7 !important;}&#8221;][vc_column width=&#8221;1\/2&#8243;][vc_single_image image=&#8221;44761&#8243; alignment=&#8221;center&#8221;][vc_cta h2=&#8221;&#8221; style=&#8221;outline&#8221; color=&#8221;juicy-pink&#8221; css_animation=&#8221;bounceIn&#8221;] T\u00e9l\u00e9chargez la Charte d&#8217;Accessibilit\u00e9 Autonomia [\/vc_cta][\/vc_column][vc_column width=&#8221;1\/2&#8243;][vc_single_image image=&#8221;44758&#8243; alignment=&#8221;center&#8221;][vc_cta h2=&#8221;&#8221; style=&#8221;outline&#8221; color=&#8221;sky&#8221; css_animation=&#8221;bounceIn&#8221;] Rejoignez la Commission Communale ! [\/vc_cta][\/vc_column][\/vc_row][vc_row &#8230; <\/p>\n","protected":false},"author":3,"featured_media":0,"parent":0,"menu_order":0,"comment_status":"closed","ping_status":"closed","template":"","meta":[],"yoast_head":"<!-- This site is optimized with the Yoast SEO plugin v17.8 - https:\/\/yoast.com\/wordpress\/plugins\/seo\/ -->\n<title>Personnes en situation de handicap - Ville de Brive<\/title>\n<meta name=\"robots\" content=\"index, follow, max-snippet:-1, max-image-preview:large, max-video-preview:-1\" \/>\n<link rel=\"canonical\" href=\"http:\/\/740jw955i52c.brive.org\/index.php\/en-situation-de-handicap\/\" \/>\n<meta property=\"og:locale\" content=\"fr_FR\" \/>\n<meta property=\"og:type\" content=\"article\" \/>\n<meta property=\"og:title\" content=\"Personnes en situation de handicap - Ville de Brive\" \/>\n<meta property=\"og:description\" content=\"[vc_row css=&#8221;.vc_custom_1488382463512{background-color: #f7f7f7 !important;}&#8221;][vc_column width=&#8221;1\/2&#8243;][vc_single_image image=&#8221;44761&#8243; alignment=&#8221;center&#8221;][vc_cta h2=&#8221;&#8221; style=&#8221;outline&#8221; color=&#8221;juicy-pink&#8221; css_animation=&#8221;bounceIn&#8221;] T\u00e9l\u00e9chargez la Charte d&#8217;Accessibilit\u00e9 Autonomia [\/vc_cta][\/vc_column][vc_column width=&#8221;1\/2&#8243;][vc_single_image image=&#8221;44758&#8243; alignment=&#8221;center&#8221;][vc_cta h2=&#8221;&#8221; style=&#8221;outline&#8221; color=&#8221;sky&#8221; css_animation=&#8221;bounceIn&#8221;] Rejoignez la Commission Communale ! [\/vc_cta][\/vc_column][\/vc_row][vc_row ...\" \/>\n<meta property=\"og:url\" content=\"http:\/\/740jw955i52c.brive.org\/index.php\/en-situation-de-handicap\/\" \/>\n<meta property=\"og:site_name\" content=\"Ville de Brive\" \/>\n<meta property=\"article:modified_time\" content=\"2024-08-22T14:46:42+00:00\" \/>\n<meta property=\"og:image\" content=\"http:\/\/740jw955i52c.brive.org\/wp-content\/uploads\/2020\/01\/Bouton-T\u00e9l\u00e9charger.png\" \/>\n<meta name=\"twitter:card\" content=\"summary_large_image\" \/>\n<meta name=\"twitter:label1\" content=\"Dur\u00e9e de lecture estim\u00e9e\" \/>\n\t<meta name=\"twitter:data1\" content=\"13 minutes\" \/>\n<script type=\"application\/ld+json\" class=\"yoast-schema-graph\">{\"@context\":\"https:\/\/schema.org\",\"@graph\":[{\"@type\":\"WebSite\",\"@id\":\"http:\/\/740jw955i52c.brive.org\/#website\",\"url\":\"http:\/\/740jw955i52c.brive.org\/\",\"name\":\"Ville de Brive\",\"description\":\"Bienvenue sur le site de la ville de Brive-la-Gaillarde. Vous y trouverez l&#039;actualit\\u00e9 de la commune, des informations pratiques et vos d\\u00e9marches administratives.\",\"potentialAction\":[{\"@type\":\"SearchAction\",\"target\":{\"@type\":\"EntryPoint\",\"urlTemplate\":\"http:\/\/740jw955i52c.brive.org\/?s={search_term_string}\"},\"query-input\":\"required name=search_term_string\"}],\"inLanguage\":\"fr-FR\"},{\"@type\":\"ImageObject\",\"@id\":\"http:\/\/740jw955i52c.brive.org\/index.php\/en-situation-de-handicap\/#primaryimage\",\"inLanguage\":\"fr-FR\",\"url\":\"http:\/\/740jw955i52c.brive.org\/wp-content\/uploads\/2020\/01\/Bouton-T\\u00e9l\\u00e9charger.png\",\"contentUrl\":\"http:\/\/740jw955i52c.brive.org\/wp-content\/uploads\/2020\/01\/Bouton-T\\u00e9l\\u00e9charger.png\",\"width\":220,\"height\":56},{\"@type\":\"WebPage\",\"@id\":\"http:\/\/740jw955i52c.brive.org\/index.php\/en-situation-de-handicap\/#webpage\",\"url\":\"http:\/\/740jw955i52c.brive.org\/index.php\/en-situation-de-handicap\/\",\"name\":\"Personnes en situation de handicap - Ville de Brive\",\"isPartOf\":{\"@id\":\"http:\/\/740jw955i52c.brive.org\/#website\"},\"primaryImageOfPage\":{\"@id\":\"http:\/\/740jw955i52c.brive.org\/index.php\/en-situation-de-handicap\/#primaryimage\"},\"datePublished\":\"2015-10-05T07:18:23+00:00\",\"dateModified\":\"2024-08-22T14:46:42+00:00\",\"breadcrumb\":{\"@id\":\"http:\/\/740jw955i52c.brive.org\/index.php\/en-situation-de-handicap\/#breadcrumb\"},\"inLanguage\":\"fr-FR\",\"potentialAction\":[{\"@type\":\"ReadAction\",\"target\":[\"http:\/\/740jw955i52c.brive.org\/index.php\/en-situation-de-handicap\/\"]}]},{\"@type\":\"BreadcrumbList\",\"@id\":\"http:\/\/740jw955i52c.brive.org\/index.php\/en-situation-de-handicap\/#breadcrumb\",\"itemListElement\":[{\"@type\":\"ListItem\",\"position\":1,\"name\":\"Accueil\",\"item\":\"http:\/\/740jw955i52c.brive.org\/\"},{\"@type\":\"ListItem\",\"position\":2,\"name\":\"Personnes en situation de handicap\"}]}]}<\/script>\n<!-- \/ Yoast SEO plugin. -->","yoast_head_json":{"title":"Personnes en situation de handicap - Ville de Brive","robots":{"index":"index","follow":"follow","max-snippet":"max-snippet:-1","max-image-preview":"max-image-preview:large","max-video-preview":"max-video-preview:-1"},"canonical":"http:\/\/740jw955i52c.brive.org\/index.php\/en-situation-de-handicap\/","og_locale":"fr_FR","og_type":"article","og_title":"Personnes en situation de handicap - Ville de Brive","og_description":"[vc_row css=&#8221;.vc_custom_1488382463512{background-color: #f7f7f7 !important;}&#8221;][vc_column width=&#8221;1\/2&#8243;][vc_single_image image=&#8221;44761&#8243; alignment=&#8221;center&#8221;][vc_cta h2=&#8221;&#8221; style=&#8221;outline&#8221; color=&#8221;juicy-pink&#8221; css_animation=&#8221;bounceIn&#8221;] T\u00e9l\u00e9chargez la Charte d&#8217;Accessibilit\u00e9 Autonomia [\/vc_cta][\/vc_column][vc_column width=&#8221;1\/2&#8243;][vc_single_image image=&#8221;44758&#8243; alignment=&#8221;center&#8221;][vc_cta h2=&#8221;&#8221; style=&#8221;outline&#8221; color=&#8221;sky&#8221; css_animation=&#8221;bounceIn&#8221;] Rejoignez la Commission Communale ! [\/vc_cta][\/vc_column][\/vc_row][vc_row ...","og_url":"http:\/\/740jw955i52c.brive.org\/index.php\/en-situation-de-handicap\/","og_site_name":"Ville de Brive","article_modified_time":"2024-08-22T14:46:42+00:00","og_image":[{"url":"http:\/\/740jw955i52c.brive.org\/wp-content\/uploads\/2020\/01\/Bouton-T\u00e9l\u00e9charger.png"}],"twitter_card":"summary_large_image","twitter_misc":{"Dur\u00e9e de lecture estim\u00e9e":"13 minutes"},"schema":{"@context":"https:\/\/schema.org","@graph":[{"@type":"WebSite","@id":"http:\/\/740jw955i52c.brive.org\/#website","url":"http:\/\/740jw955i52c.brive.org\/","name":"Ville de Brive","description":"Bienvenue sur le site de la ville de Brive-la-Gaillarde. Vous y trouverez l&#039;actualit\u00e9 de la commune, des informations pratiques et vos d\u00e9marches administratives.","potentialAction":[{"@type":"SearchAction","target":{"@type":"EntryPoint","urlTemplate":"http:\/\/740jw955i52c.brive.org\/?s={search_term_string}"},"query-input":"required name=search_term_string"}],"inLanguage":"fr-FR"},{"@type":"ImageObject","@id":"http:\/\/740jw955i52c.brive.org\/index.php\/en-situation-de-handicap\/#primaryimage","inLanguage":"fr-FR","url":"http:\/\/740jw955i52c.brive.org\/wp-content\/uploads\/2020\/01\/Bouton-T\u00e9l\u00e9charger.png","contentUrl":"http:\/\/740jw955i52c.brive.org\/wp-content\/uploads\/2020\/01\/Bouton-T\u00e9l\u00e9charger.png","width":220,"height":56},{"@type":"WebPage","@id":"http:\/\/740jw955i52c.brive.org\/index.php\/en-situation-de-handicap\/#webpage","url":"http:\/\/740jw955i52c.brive.org\/index.php\/en-situation-de-handicap\/","name":"Personnes en situation de handicap - Ville de Brive","isPartOf":{"@id":"http:\/\/740jw955i52c.brive.org\/#website"},"primaryImageOfPage":{"@id":"http:\/\/740jw955i52c.brive.org\/index.php\/en-situation-de-handicap\/#primaryimage"},"datePublished":"2015-10-05T07:18:23+00:00","dateModified":"2024-08-22T14:46:42+00:00","breadcrumb":{"@id":"http:\/\/740jw955i52c.brive.org\/index.php\/en-situation-de-handicap\/#breadcrumb"},"inLanguage":"fr-FR","potentialAction":[{"@type":"ReadAction","target":["http:\/\/740jw955i52c.brive.org\/index.php\/en-situation-de-handicap\/"]}]},{"@type":"BreadcrumbList","@id":"http:\/\/740jw955i52c.brive.org\/index.php\/en-situation-de-handicap\/#breadcrumb","itemListElement":[{"@type":"ListItem","position":1,"name":"Accueil","item":"http:\/\/740jw955i52c.brive.org\/"},{"@type":"ListItem","position":2,"name":"Personnes en situation de handicap"}]}]}},"_links":{"self":[{"href":"http:\/\/740jw955i52c.brive.org\/index.php\/wp-json\/wp\/v2\/pages\/372"}],"collection":[{"href":"http:\/\/740jw955i52c.brive.org\/index.php\/wp-json\/wp\/v2\/pages"}],"about":[{"href":"http:\/\/740jw955i52c.brive.org\/index.php\/wp-json\/wp\/v2\/types\/page"}],"author":[{"embeddable":true,"href":"http:\/\/740jw955i52c.brive.org\/index.php\/wp-json\/wp\/v2\/users\/3"}],"replies":[{"embeddable":true,"href":"http:\/\/740jw955i52c.brive.org\/index.php\/wp-json\/wp\/v2\/comments?post=372"}],"version-history":[{"count":169,"href":"http:\/\/740jw955i52c.brive.org\/index.php\/wp-json\/wp\/v2\/pages\/372\/revisions"}],"predecessor-version":[{"id":39340,"href":"http:\/\/740jw955i52c.brive.org\/index.php\/wp-json\/wp\/v2\/pages\/372\/revisions\/39340"}],"wp:attachment":[{"href":"http:\/\/740jw955i52c.brive.org\/index.php\/wp-json\/wp\/v2\/media?parent=372"}],"curies":[{"name":"wp","href":"https:\/\/api.w.org\/{rel}","templated":true}]}}