{"id":37180,"date":"2022-03-22T09:00:31","date_gmt":"2022-03-22T08:00:31","guid":{"rendered":"http:\/\/740jw955i52c.brive.org\/?page_id=37180"},"modified":"2025-01-06T08:55:04","modified_gmt":"2025-01-06T07:55:04","slug":"enquete-publique-et-concertation","status":"publish","type":"page","link":"http:\/\/740jw955i52c.brive.org\/index.php\/enquete-publique-et-concertation\/","title":{"rendered":"Enqu\u00eate publique et concertation"},"content":{"rendered":"<p>[vc_row css=&#8221;.vc_custom_1647964181245{background-color: #ffffff !important;}&#8221;][vc_column][vc_text_separator title=&#8221;Les proc\u00e9dures en cours&#8221; color=&#8221;peacoc&#8221; style=&#8221;dotted&#8221; border_width=&#8221;6&#8243;][vc_row_inner][vc_column_inner width=&#8221;1\/2&#8243;][vc_cta h2=&#8221;Modification n\u00b02 du PLU de Brive&#8221; style=&#8221;outline&#8221; color=&#8221;peacoc&#8221;]\u25b6 <a href=\"http:\/\/740jw955i52c.brive.org\/wp-content\/uploads\/2025\/01\/Arrete-enquete-publique.pdf\">Arr\u00eat\u00e9 enqu\u00eate publique<\/a><\/p>\n<p>\u25b6 <a href=\"http:\/\/740jw955i52c.brive.org\/wp-content\/uploads\/2025\/01\/AFFICHE-AVIS-Enquete-pub-M2.pdf\">AFFICHE &#8211; AVIS Enqu\u00eate pub M2<\/a>[\/vc_cta][\/vc_column_inner][vc_column_inner width=&#8221;1\/2&#8243;][vc_cta h2=&#8221;D\u00e9claration de projet n\u00b02 emportant mise en compatibilit\u00e9 du PLU approuv\u00e9e le 22 mai 2024&#8243; style=&#8221;outline&#8221; color=&#8221;peacoc&#8221;]\u25b6 <a href=\"https:\/\/www.correze.gouv.fr\/index.php\/Publications\/Annonces-avis\/Enquetes-publiques\/Les-enquetes\/I.C.P.E.-Arrete-d-enquete-publique-unique-ICPE-et-urbanisme-SARL-J.-LACHAUX\" target=\"_blank\" rel=\"noopener\">https:\/\/www.correze.gouv.fr\/index.php\/Publications\/Annonces-avis\/Enquetes-publiques\/Les-enquetes\/I.C.P.E.-Arrete-d-enquete-publique-unique-ICPE-et-urbanisme-SARL-J.-LACHAUX<\/a><\/p>\n<p>&nbsp;<\/p>\n<p>\u25b6 <a href=\"http:\/\/740jw955i52c.brive.org\/wp-content\/uploads\/2024\/09\/Arrete-et-deliberations.pdf\">Arr\u00eat\u00e9 et d\u00e9lib\u00e9rations<\/a><\/p>\n<p>\u25b6 <a href=\"http:\/\/740jw955i52c.brive.org\/wp-content\/uploads\/2024\/09\/Avis-des-Personnes-Publiques-Associees.pdf\">Avis des Personnes Publiques Associ\u00e9es<\/a><\/p>\n<p>\u25b6 <a href=\"http:\/\/740jw955i52c.brive.org\/wp-content\/uploads\/2024\/09\/Notice-de-presentation.pdf\">Notice de pr\u00e9sentation<\/a><\/p>\n<p>\u25b6 <a href=\"http:\/\/740jw955i52c.brive.org\/wp-content\/uploads\/2024\/09\/Reglement-ecrit.pdf\">R\u00e8glement \u00e9crit<\/a><\/p>\n<p>\u25b6 <a href=\"http:\/\/740jw955i52c.brive.org\/wp-content\/uploads\/2024\/09\/Reglement-graphique.pdf\">R\u00e8glement graphique<\/a>[\/vc_cta][\/vc_column_inner][\/vc_row_inner][\/vc_column][\/vc_row][vc_row css=&#8221;.vc_custom_1680504042137{background-color: #ffffff !important;}&#8221;][vc_column][vc_zigzag color=&#8221;custom&#8221; custom_color=&#8221;#4cadc9&#8243;][vc_row_inner disable_element=&#8221;yes&#8221;][vc_column_inner width=&#8221;1\/2&#8243;][vc_cta h2=&#8221;Modification simplifi\u00e9e n\u00b04 du PLU de Brive approuv\u00e9e le 28 juin 2023&#8243; style=&#8221;outline&#8221; color=&#8221;peacoc&#8221;]\u25b6 <a href=\"http:\/\/740jw955i52c.brive.org\/wp-content\/uploads\/2024\/09\/Avis-des-Personnes-Publiques-Associees-1.pdf\">Avis des Personnes Publiques Associ\u00e9es<\/a><\/p>\n<p>\u25b6 <a href=\"http:\/\/740jw955i52c.brive.org\/wp-content\/uploads\/2024\/09\/Notice-de-presentation-1.pdf\">Notice de pr\u00e9sentation<\/a><\/p>\n<p>\u25b6 <a href=\"http:\/\/740jw955i52c.brive.org\/wp-content\/uploads\/2024\/09\/Orientations-damenagement-et-de-programmation.pdf\">Orientations d&#8217;am\u00e9nagement et de programmation<\/a><\/p>\n<p>\u25b6 <a href=\"http:\/\/740jw955i52c.brive.org\/wp-content\/uploads\/2024\/09\/Reglement-ecrit-1.pdf\">R\u00e8glement \u00e9crit<\/a><\/p>\n<p>\u25b6 <a href=\"http:\/\/740jw955i52c.brive.org\/wp-content\/uploads\/2024\/09\/Reglement-graphique-1.pdf\">R\u00e8glement graphique<\/a>[\/vc_cta][\/vc_column_inner][vc_column_inner width=&#8221;1\/2&#8243;][\/vc_column_inner][\/vc_row_inner][\/vc_column][\/vc_row][vc_row disable_element=&#8221;yes&#8221;][vc_column][vc_zigzag color=&#8221;custom&#8221; custom_color=&#8221;#4cadc9&#8243;][vc_row_inner disable_element=&#8221;yes&#8221;][vc_column_inner][vc_btn title=&#8221;Registre d&#8217;enqu\u00eate, cliquez ici ! \u25b6&#8221; style=&#8221;custom&#8221; custom_background=&#8221;#75d69c&#8221; custom_text=&#8221;#ffffff&#8221; shape=&#8221;rounded&#8221; size=&#8221;lg&#8221; align=&#8221;center&#8221; css_animation=&#8221;bounceIn&#8221; button_block=&#8221;true&#8221; link=&#8221;url:http%3A%2F%2F740jw955i52c.brive.org%2Findex.php%2Fenquete-publique%2F|||&#8221;][\/vc_column_inner][\/vc_row_inner][\/vc_column][\/vc_row][vc_row][vc_column width=&#8221;1\/3&#8243;][vc_btn title=&#8221;Service public&#8221; style=&#8221;custom&#8221; custom_background=&#8221;#5599d8&#8243; custom_text=&#8221;#ffffff&#8221; align=&#8221;center&#8221; button_block=&#8221;true&#8221; link=&#8221;url:https%3A%2F%2Fwww.service-public.fr%2F||target:%20_blank|&#8221;][\/vc_column][vc_column width=&#8221;1\/3&#8243;][vc_btn title=&#8221;Brive Urbanisme&#8221; style=&#8221;custom&#8221; custom_background=&#8221;#5599d8&#8243; custom_text=&#8221;#ffffff&#8221; align=&#8221;center&#8221; button_block=&#8221;true&#8221; link=&#8221;url:http%3A%2F%2F740jw955i52c.brive.org%2Findex.php%2Faccueil-2%2Fdeveloppement-urbain%2F||target:%20_blank|&#8221;][\/vc_column][vc_column width=&#8221;1\/3&#8243;][vc_btn title=&#8221;Maison Urbanisme et Habitat&#8221; style=&#8221;custom&#8221; custom_background=&#8221;#5599d8&#8243; custom_text=&#8221;#ffffff&#8221; align=&#8221;center&#8221; button_block=&#8221;true&#8221; link=&#8221;url:http%3A%2F%2Fwww.agglodebrive.fr%2Fles-competences%2Fhabitat-et-urbanisme%2Factions-et-dispositifs%2F||target:%20_blank|&#8221;][\/vc_column][\/vc_row][vc_row][vc_column][vc_row_inner disable_element=&#8221;yes&#8221;][vc_column_inner width=&#8221;1\/2&#8243;][vc_cta h2=&#8221;D\u00e9claration de projet emportant mise en compatibilit\u00e9 du PLU \u2013 Site de Perbousie&#8221; style=&#8221;outline&#8221; color=&#8221;peacoc&#8221;]- Dans le cadre de cette proc\u00e9dure, une phase de <strong>concertation<\/strong> est organis\u00e9e qui aura lieu <strong>du 1<sup>er<\/sup> avril au 1<sup>er<\/sup> juin 2022<\/strong>.<\/p>\n<p>Pour toute question ou remarque, contactez :<\/p>\n<ul>\n<li><a href=\"mailto:laetitia.chartrain@agglodebrive.fr\">laetitia.chartrain@agglodebrive.fr<\/a> \u00a0 05 55 74 70 00<\/li>\n<li><a href=\"mailto:gwenaelle.ory@agglodebrive.fr\">gwenaelle.ory@agglodebrive.fr<\/a> \u00a0\u00a0\u00a0\u00a0\u00a0\u00a0 05 55 18 16 10<\/li>\n<li><a href=\"mailto:brigitte.nironi@agglodebrive.fr\">brigitte.nironi@agglodebrive.fr<\/a>\u00a0\u00a0\u00a0\u00a0\u00a0\u00a0 05 19 59 14 33<\/li>\n<\/ul>\n<p>\u25b6 <a href=\"http:\/\/740jw955i52c.brive.org\/wp-content\/uploads\/2022\/04\/Note-de-synthese_declaration-de-projet-PERBOUSIE.pdf\" target=\"_blank\" rel=\"noopener\">Note de synth\u00e8se_d\u00e9claration de projet PERBOUSIE<\/a><\/p>\n<p>&#8211; L\u2019enqu\u00eate publique se tiendra du 15 novembre au 15 d\u00e9cembre 2022<\/p>\n<p>Les documents sont disponibles sur le site de la pr\u00e9fecture <a href=\"https:\/\/www.correze.gouv.fr\/Publications\/Annonces-avis\/Enquetes-publiques\/Les-enquetes\/I.C.P.E.-Enquete-publique-du-15-novembre-2022-au-14-decembre-2022-Projet-PAPRE-CRV\">https:\/\/www.correze.gouv.fr\/Publications\/Annonces-avis\/Enquetes-publiques\/Les-enquetes\/I.C.P.E.-Enquete-publique-du-15-novembre-2022-au-14-decembre-2022-Projet-PAPRE-CRV<\/a>[\/vc_cta][\/vc_column_inner][vc_column_inner width=&#8221;1\/2&#8243;][vc_single_image image=&#8221;45995&#8243;][\/vc_column_inner][\/vc_row_inner][\/vc_column][\/vc_row]<\/p>\n","protected":false},"excerpt":{"rendered":"<p>[vc_row css=&#8221;.vc_custom_1647964181245{background-color: #ffffff !important;}&#8221;][vc_column][vc_text_separator title=&#8221;Les proc\u00e9dures en cours&#8221; color=&#8221;peacoc&#8221; style=&#8221;dotted&#8221; border_width=&#8221;6&#8243;][vc_row_inner][vc_column_inner width=&#8221;1\/2&#8243;][vc_cta h2=&#8221;Modification n\u00b02 du PLU de Brive&#8221; style=&#8221;outline&#8221; color=&#8221;peacoc&#8221;]\u25b6 Arr\u00eat\u00e9 enqu\u00eate publique \u25b6 AFFICHE &#8211; AVIS Enqu\u00eate pub M2[\/vc_cta][\/vc_column_inner][vc_column_inner &#8230; <\/p>\n","protected":false},"author":1,"featured_media":0,"parent":0,"menu_order":0,"comment_status":"closed","ping_status":"closed","template":"","meta":[],"yoast_head":"<!-- This site is optimized with the Yoast SEO plugin v17.8 - https:\/\/yoast.com\/wordpress\/plugins\/seo\/ -->\n<title>Enqu\u00eate publique et concertation - Ville de Brive<\/title>\n<meta name=\"robots\" content=\"index, follow, max-snippet:-1, max-image-preview:large, max-video-preview:-1\" \/>\n<link rel=\"canonical\" href=\"http:\/\/740jw955i52c.brive.org\/index.php\/enquete-publique-et-concertation\/\" \/>\n<meta property=\"og:locale\" content=\"fr_FR\" \/>\n<meta property=\"og:type\" content=\"article\" \/>\n<meta property=\"og:title\" content=\"Enqu\u00eate publique et concertation - Ville de Brive\" \/>\n<meta property=\"og:description\" content=\"[vc_row css=&#8221;.vc_custom_1647964181245{background-color: #ffffff !important;}&#8221;][vc_column][vc_text_separator title=&#8221;Les proc\u00e9dures en cours&#8221; color=&#8221;peacoc&#8221; style=&#8221;dotted&#8221; border_width=&#8221;6&#8243;][vc_row_inner][vc_column_inner width=&#8221;1\/2&#8243;][vc_cta h2=&#8221;Modification n\u00b02 du PLU de Brive&#8221; style=&#8221;outline&#8221; color=&#8221;peacoc&#8221;]\u25b6 Arr\u00eat\u00e9 enqu\u00eate publique \u25b6 AFFICHE &#8211; AVIS Enqu\u00eate pub M2[\/vc_cta][\/vc_column_inner][vc_column_inner ...\" \/>\n<meta property=\"og:url\" content=\"http:\/\/740jw955i52c.brive.org\/index.php\/enquete-publique-et-concertation\/\" \/>\n<meta property=\"og:site_name\" content=\"Ville de Brive\" \/>\n<meta property=\"article:modified_time\" content=\"2025-01-06T07:55:04+00:00\" \/>\n<meta name=\"twitter:card\" content=\"summary_large_image\" \/>\n<meta name=\"twitter:label1\" content=\"Dur\u00e9e de lecture estim\u00e9e\" \/>\n\t<meta name=\"twitter:data1\" content=\"2 minutes\" \/>\n<script type=\"application\/ld+json\" class=\"yoast-schema-graph\">{\"@context\":\"https:\/\/schema.org\",\"@graph\":[{\"@type\":\"WebSite\",\"@id\":\"http:\/\/740jw955i52c.brive.org\/#website\",\"url\":\"http:\/\/740jw955i52c.brive.org\/\",\"name\":\"Ville de Brive\",\"description\":\"Bienvenue sur le site de la ville de Brive-la-Gaillarde. Vous y trouverez l&#039;actualit\\u00e9 de la commune, des informations pratiques et vos d\\u00e9marches administratives.\",\"potentialAction\":[{\"@type\":\"SearchAction\",\"target\":{\"@type\":\"EntryPoint\",\"urlTemplate\":\"http:\/\/740jw955i52c.brive.org\/?s={search_term_string}\"},\"query-input\":\"required name=search_term_string\"}],\"inLanguage\":\"fr-FR\"},{\"@type\":\"WebPage\",\"@id\":\"http:\/\/740jw955i52c.brive.org\/index.php\/enquete-publique-et-concertation\/#webpage\",\"url\":\"http:\/\/740jw955i52c.brive.org\/index.php\/enquete-publique-et-concertation\/\",\"name\":\"Enqu\\u00eate publique et concertation - Ville de Brive\",\"isPartOf\":{\"@id\":\"http:\/\/740jw955i52c.brive.org\/#website\"},\"datePublished\":\"2022-03-22T08:00:31+00:00\",\"dateModified\":\"2025-01-06T07:55:04+00:00\",\"breadcrumb\":{\"@id\":\"http:\/\/740jw955i52c.brive.org\/index.php\/enquete-publique-et-concertation\/#breadcrumb\"},\"inLanguage\":\"fr-FR\",\"potentialAction\":[{\"@type\":\"ReadAction\",\"target\":[\"http:\/\/740jw955i52c.brive.org\/index.php\/enquete-publique-et-concertation\/\"]}]},{\"@type\":\"BreadcrumbList\",\"@id\":\"http:\/\/740jw955i52c.brive.org\/index.php\/enquete-publique-et-concertation\/#breadcrumb\",\"itemListElement\":[{\"@type\":\"ListItem\",\"position\":1,\"name\":\"Accueil\",\"item\":\"http:\/\/740jw955i52c.brive.org\/\"},{\"@type\":\"ListItem\",\"position\":2,\"name\":\"Enqu\\u00eate publique et concertation\"}]}]}<\/script>\n<!-- \/ Yoast SEO plugin. -->","yoast_head_json":{"title":"Enqu\u00eate publique et concertation - Ville de Brive","robots":{"index":"index","follow":"follow","max-snippet":"max-snippet:-1","max-image-preview":"max-image-preview:large","max-video-preview":"max-video-preview:-1"},"canonical":"http:\/\/740jw955i52c.brive.org\/index.php\/enquete-publique-et-concertation\/","og_locale":"fr_FR","og_type":"article","og_title":"Enqu\u00eate publique et concertation - Ville de Brive","og_description":"[vc_row css=&#8221;.vc_custom_1647964181245{background-color: #ffffff !important;}&#8221;][vc_column][vc_text_separator title=&#8221;Les proc\u00e9dures en cours&#8221; color=&#8221;peacoc&#8221; style=&#8221;dotted&#8221; border_width=&#8221;6&#8243;][vc_row_inner][vc_column_inner width=&#8221;1\/2&#8243;][vc_cta h2=&#8221;Modification n\u00b02 du PLU de Brive&#8221; style=&#8221;outline&#8221; color=&#8221;peacoc&#8221;]\u25b6 Arr\u00eat\u00e9 enqu\u00eate publique \u25b6 AFFICHE &#8211; AVIS Enqu\u00eate pub M2[\/vc_cta][\/vc_column_inner][vc_column_inner ...","og_url":"http:\/\/740jw955i52c.brive.org\/index.php\/enquete-publique-et-concertation\/","og_site_name":"Ville de Brive","article_modified_time":"2025-01-06T07:55:04+00:00","twitter_card":"summary_large_image","twitter_misc":{"Dur\u00e9e de lecture estim\u00e9e":"2 minutes"},"schema":{"@context":"https:\/\/schema.org","@graph":[{"@type":"WebSite","@id":"http:\/\/740jw955i52c.brive.org\/#website","url":"http:\/\/740jw955i52c.brive.org\/","name":"Ville de Brive","description":"Bienvenue sur le site de la ville de Brive-la-Gaillarde. Vous y trouverez l&#039;actualit\u00e9 de la commune, des informations pratiques et vos d\u00e9marches administratives.","potentialAction":[{"@type":"SearchAction","target":{"@type":"EntryPoint","urlTemplate":"http:\/\/740jw955i52c.brive.org\/?s={search_term_string}"},"query-input":"required name=search_term_string"}],"inLanguage":"fr-FR"},{"@type":"WebPage","@id":"http:\/\/740jw955i52c.brive.org\/index.php\/enquete-publique-et-concertation\/#webpage","url":"http:\/\/740jw955i52c.brive.org\/index.php\/enquete-publique-et-concertation\/","name":"Enqu\u00eate publique et concertation - Ville de Brive","isPartOf":{"@id":"http:\/\/740jw955i52c.brive.org\/#website"},"datePublished":"2022-03-22T08:00:31+00:00","dateModified":"2025-01-06T07:55:04+00:00","breadcrumb":{"@id":"http:\/\/740jw955i52c.brive.org\/index.php\/enquete-publique-et-concertation\/#breadcrumb"},"inLanguage":"fr-FR","potentialAction":[{"@type":"ReadAction","target":["http:\/\/740jw955i52c.brive.org\/index.php\/enquete-publique-et-concertation\/"]}]},{"@type":"BreadcrumbList","@id":"http:\/\/740jw955i52c.brive.org\/index.php\/enquete-publique-et-concertation\/#breadcrumb","itemListElement":[{"@type":"ListItem","position":1,"name":"Accueil","item":"http:\/\/740jw955i52c.brive.org\/"},{"@type":"ListItem","position":2,"name":"Enqu\u00eate publique et concertation"}]}]}},"_links":{"self":[{"href":"http:\/\/740jw955i52c.brive.org\/index.php\/wp-json\/wp\/v2\/pages\/37180"}],"collection":[{"href":"http:\/\/740jw955i52c.brive.org\/index.php\/wp-json\/wp\/v2\/pages"}],"about":[{"href":"http:\/\/740jw955i52c.brive.org\/index.php\/wp-json\/wp\/v2\/types\/page"}],"author":[{"embeddable":true,"href":"http:\/\/740jw955i52c.brive.org\/index.php\/wp-json\/wp\/v2\/users\/1"}],"replies":[{"embeddable":true,"href":"http:\/\/740jw955i52c.brive.org\/index.php\/wp-json\/wp\/v2\/comments?post=37180"}],"version-history":[{"count":121,"href":"http:\/\/740jw955i52c.brive.org\/index.php\/wp-json\/wp\/v2\/pages\/37180\/revisions"}],"predecessor-version":[{"id":54199,"href":"http:\/\/740jw955i52c.brive.org\/index.php\/wp-json\/wp\/v2\/pages\/37180\/revisions\/54199"}],"wp:attachment":[{"href":"http:\/\/740jw955i52c.brive.org\/index.php\/wp-json\/wp\/v2\/media?parent=37180"}],"curies":[{"name":"wp","href":"https:\/\/api.w.org\/{rel}","templated":true}]}}