{"id":366,"date":"2015-10-05T09:16:51","date_gmt":"2015-10-05T07:16:51","guid":{"rendered":"http:\/\/740jw955i52c.brive.org?page_id=366"},"modified":"2021-10-04T11:21:02","modified_gmt":"2021-10-04T09:21:02","slug":"politique-des-temps","status":"publish","type":"page","link":"http:\/\/740jw955i52c.brive.org\/index.php\/accueil-2\/politique-des-temps\/","title":{"rendered":"Temps de la ville"},"content":{"rendered":"<p>[vc_row][vc_column width=&#8221;1\/2&#8243;][vc_cta h2=&#8221;Vers une meilleure articulation des temps de vie pour tous&#8221; shape=&#8221;round&#8221; style=&#8221;outline&#8221; color=&#8221;violet&#8221;]Les <strong>Temps de la Ville<\/strong> c&#8217;est une meilleure articulation des temps de vie.<\/p>\n<p><em>En partenariat avec l&#8217;ensemble instrumental, la Ville de Brive cr\u00e9e les \u00ab <strong>Concerts sur le pouce<\/strong> \u00bb. Des rendez-vous gratuits entre 12h30 et 13h15 d&#8217;avril \u00e0 juin, dans des lieux accessibles au public, notamment salari\u00e9, o\u00f9 le spectateur peut d\u00e9ambuler et d\u00e9jeuner \u00e0 sa guise. <\/em><\/p>\n<p><em>Cette action permet de toucher aussi des personnes vivant en dehors de Brive et qui ne pourraient revenir le soir.<\/em>[\/vc_cta][\/vc_column][vc_column width=&#8221;1\/2&#8243;][vc_single_image image=&#8221;41000&#8243;][\/vc_column][\/vc_row][vc_row disable_element=&#8221;yes&#8221;][vc_column][vc_text_separator title=&#8221;Actualit\u00e9s des Temps de la Ville&#8221; color=&#8221;violet&#8221; style=&#8221;dotted&#8221; border_width=&#8221;3&#8243;][vc_row_inner][vc_column_inner width=&#8221;1\/2&#8243;][vc_raw_html]JTNDYmxvY2txdW90ZSUyMGNsYXNzJTNEJTIydHdpdHRlci10d2VldCUyMiUzRSUzQ3AlMjBsYW5nJTNEJTIyZnIlMjIlMjBkaXIlM0QlMjJsdHIlMjIlM0UlRjAlOUYlOTIlOUIlMjBKZSUyMHBhc3NlJTIwbCUyNiUyMzM5JTNCJUMzJUE5dCVDMyVBOSUyMCVDMyVBMCUyMCUzQ2ElMjBocmVmJTNEJTIyaHR0cHMlM0ElMkYlMkZ0d2l0dGVyLmNvbSUyRmhhc2h0YWclMkZCcml2ZSUzRnNyYyUzRGhhc2glMjZhbXAlM0JyZWZfc3JjJTNEdHdzcmMlMjU1RXRmdyUyMiUzRSUyM0JyaXZlJTNDJTJGYSUzRSUyMCUyMSUyMCVGMCU5RiU4QyVCNCUyMFJldHJvdXZleiUyMHRvdXQlMjBsZSUyMHByb2dyYW1tZSUyMGRlcyUyMGFuaW1hdGlvbnMlMjAlRjAlOUYlOEUlODklMjBtYW5pZmVzdGF0aW9ucyUyMCVGMCU5RiU4RSU4OCUyMGV4cG9zaXRpb25zJTIwJUYwJTlGJTk2JUJDJUVGJUI4JThGJTIwc3BlY3RhY2xlcyUyMCVGMCU5RiU4RSVBRCUyMGNvbmNlcnRzJTIwJUYwJTlGJThFJUI2JTIwYXRlbGllcnMlMjAlRjAlOUYlOEUlQTglMjBzdGFnZXMlMjAlRjAlOUYlOEYlOEMlRUYlQjglOEYlMjBwcm9wb3MlQzMlQTlzJTIwJUMzJUEwJTIwQnJpdmUlMjBldCUyMGF1JTIwTGFjJTIwZHUlMjBDYXVzc2UlMjBwb3VyJTIwSnVpbGxldC1BbyVDMyVCQnQlMjAlM0NhJTIwaHJlZiUzRCUyMmh0dHBzJTNBJTJGJTJGdHdpdHRlci5jb20lMkZoYXNodGFnJTJGSmVQYXNzZUwlMjVDMyUyNUE5dCUyNUMzJTI1QTklMjVDMyUyNUEwQnJpdmUlM0ZzcmMlM0RoYXNoJTI2YW1wJTNCcmVmX3NyYyUzRHR3c3JjJTI1NUV0ZnclMjIlM0UlMjNKZVBhc3NlTCVDMyVBOXQlQzMlQTklQzMlQTBCcml2ZSUzQyUyRmElM0UlMjAlRTIlOUIlQjElRUYlQjglOEYlRjAlOUYlOEQlQjklRjAlOUYlOTElOTIlRjAlOUYlOTIlQTYlMjAlRTIlOTYlQjYlRUYlQjglOEYlMjAlM0NhJTIwaHJlZiUzRCUyMmh0dHBzJTNBJTJGJTJGdC5jbyUyRks3NXpTelFXMjglMjIlM0VodHRwcyUzQSUyRiUyRnQuY28lMkZLNzV6U3pRVzI4JTNDJTJGYSUzRSUyMCUzQ2ElMjBocmVmJTNEJTIyaHR0cHMlM0ElMkYlMkZ0LmNvJTJGRHplZ3Q0RTY5ZyUyMiUzRXBpYy50d2l0dGVyLmNvbSUyRkR6ZWd0NEU2OWclM0MlMkZhJTNFJTNDJTJGcCUzRSUyNm1kYXNoJTNCJTIwVmlsbGUlMjBkZSUyMEJyaXZlJTIwJTI4JTQwdmlsbGVkZWJyaXZlJTI5JTIwJTNDYSUyMGhyZWYlM0QlMjJodHRwcyUzQSUyRiUyRnR3aXR0ZXIuY29tJTJGdmlsbGVkZWJyaXZlJTJGc3RhdHVzJTJGMTI4MTEzNTkxMjMxNTk5NDExMiUzRnJlZl9zcmMlM0R0d3NyYyUyNTVFdGZ3JTIyJTNFSnVseSUyMDklMkMlMjAyMDIwJTNDJTJGYSUzRSUzQyUyRmJsb2NrcXVvdGUlM0UlMjAlM0NzY3JpcHQlMjBhc3luYyUyMHNyYyUzRCUyMmh0dHBzJTNBJTJGJTJGcGxhdGZvcm0udHdpdHRlci5jb20lMkZ3aWRnZXRzLmpzJTIyJTIwY2hhcnNldCUzRCUyMnV0Zi04JTIyJTNFJTNDJTJGc2NyaXB0JTNFJTIw[\/vc_raw_html][\/vc_column_inner][vc_column_inner width=&#8221;1\/2&#8243;][vc_raw_html]JTNDYmxvY2txdW90ZSUyMGNsYXNzJTNEJTIydHdpdHRlci10d2VldCUyMiUzRSUzQ3AlMjBsYW5nJTNEJTIyZnIlMjIlMjBkaXIlM0QlMjJsdHIlMjIlM0UlRjAlOUYlOEUlQkMlMjAlQzMlODdhJTIwdmElMjBzd2luZ3VlciUyMCUyMSUyMFNlY29uZCUyMGNvbmNlcnQlMjBzdXIlMjBsZSUyMHBvdWNlJTIwJUMzJUEwJTIwZGlzdGFuY2UlMjBhdXglMjBjb3VsZXVycyUyMGR1JTIwSmF6eiUyMCVGMCU5RiU4RSU5OSVFRiVCOCU4RiVGMCU5RiU4RSVCOCVGMCU5RiU4RSVCQiUyMGNlJTIwamV1ZGklMjAyNSUyMGp1aW4lMjB0b3Vqb3VycyUyMCVDMyVBMCUyMDEyaDMwJTIwYXZlYyUyMGxhJTIwQ29tcGFnbmllJTIwRHUlMjBTb3VmZmxlJTIwYXV4JTIwY29yZGVzJTIwZXQlMjBzZXMlMjAlRTIlODAlOUNIaXN0b2lyZXMlMjBkZSUyMGphenolRTIlODAlOUQlMjAlM0NhJTIwaHJlZiUzRCUyMmh0dHBzJTNBJTJGJTJGdHdpdHRlci5jb20lMkZoYXNodGFnJTJGamF6eiUzRnNyYyUzRGhhc2glMjZhbXAlM0JyZWZfc3JjJTNEdHdzcmMlMjU1RXRmdyUyMiUzRSUyM2phenolM0MlMkZhJTNFJTIwJTNDYSUyMGhyZWYlM0QlMjJodHRwcyUzQSUyRiUyRnR3aXR0ZXIuY29tJTJGaGFzaHRhZyUyRmNvbmNlcnQlM0ZzcmMlM0RoYXNoJTI2YW1wJTNCcmVmX3NyYyUzRHR3c3JjJTI1NUV0ZnclMjIlM0UlMjNjb25jZXJ0JTNDJTJGYSUzRSUyMFZpbGxlJTIwZGUlMjAlM0NhJTIwaHJlZiUzRCUyMmh0dHBzJTNBJTJGJTJGdHdpdHRlci5jb20lMkZoYXNodGFnJTJGQnJpdmUlM0ZzcmMlM0RoYXNoJTI2YW1wJTNCcmVmX3NyYyUzRHR3c3JjJTI1NUV0ZnclMjIlM0UlMjNCcml2ZSUzQyUyRmElM0UlMjAlRjAlOUYlOTMlOUQlMjBSRFYlMjBzdXIlMjBZb3V0dWJlJTJDJTIwRmFjZWJvb2slMjBldCUyMCVFMiU5NiVCNiVFRiVCOCU4RiUyMCUzQ2ElMjBocmVmJTNEJTIyaHR0cHMlM0ElMkYlMkZ0LmNvJTJGMGFtTk5YV0ZacSUyMiUzRWh0dHBzJTNBJTJGJTJGdC5jbyUyRjBhbU5OWFdGWnElM0MlMkZhJTNFJTIwJTNDYSUyMGhyZWYlM0QlMjJodHRwcyUzQSUyRiUyRnQuY28lMkZWUFpjd3RwYlFsJTIyJTNFcGljLnR3aXR0ZXIuY29tJTJGVlBaY3d0cGJRbCUzQyUyRmElM0UlM0MlMkZwJTNFJTI2bWRhc2glM0IlMjBWaWxsZSUyMGRlJTIwQnJpdmUlMjAlMjglNDB2aWxsZWRlYnJpdmUlMjklMjAlM0NhJTIwaHJlZiUzRCUyMmh0dHBzJTNBJTJGJTJGdHdpdHRlci5jb20lMkZ2aWxsZWRlYnJpdmUlMkZzdGF0dXMlMkYxMjc1NzcyNTcyMjk5Mzg2ODg1JTNGcmVmX3NyYyUzRHR3c3JjJTI1NUV0ZnclMjIlM0VKdW5lJTIwMjQlMkMlMjAyMDIwJTNDJTJGYSUzRSUzQyUyRmJsb2NrcXVvdGUlM0UlMjAlM0NzY3JpcHQlMjBhc3luYyUyMHNyYyUzRCUyMmh0dHBzJTNBJTJGJTJGcGxhdGZvcm0udHdpdHRlci5jb20lMkZ3aWRnZXRzLmpzJTIyJTIwY2hhcnNldCUzRCUyMnV0Zi04JTIyJTNFJTNDJTJGc2NyaXB0JTNFJTIw[\/vc_raw_html][\/vc_column_inner][\/vc_row_inner][\/vc_column][\/vc_row][vc_row][vc_column][vc_text_separator title=&#8221;Les actions&#8221; color=&#8221;violet&#8221; style=&#8221;dotted&#8221; border_width=&#8221;3&#8243;][\/vc_column][\/vc_row][vc_row][vc_column width=&#8221;2\/3&#8243;][vc_tta_accordion style=&#8221;modern&#8221; gap=&#8221;30&#8243; c_icon=&#8221;triangle&#8221; active_section=&#8221;&#8221; collapsible_all=&#8221;true&#8221;][vc_tta_section title=&#8221;Les concerts sur le pouce&#8221; tab_id=&#8221;1487777027867-6958dbc1-c6a9&#8243;][vc_column_text]<\/p>\n<p style=\"text-align: justify\">Les concerts sur le pouce int\u00e9ressent particuli\u00e8rement les brivistes qui mangent sur le pouce avant de reprendre leur travail, mais aussi les personnes qui sont moins disponibles pour se rendre au spectacle le soir en raison de contraintes telles que la garde des enfants et le manque de moyens.<\/p>\n<p style=\"text-align: justify\">La programmation vari\u00e9e est adapt\u00e9e en termes d\u2019horaires et de dur\u00e9e \u00e0 un public qui travaille.<\/p>\n<p style=\"text-align: justify\">L\u2019entr\u00e9e est libre et gratuite. Il est possible d\u2019\u00e9couter en mangeant son sandwich.<\/p>\n<p style=\"text-align: justify\">Les concerts ont lieu d&#8217;octobre \u00e0 d\u00e9cembre et de mars \u00e0 juin, entre 12h30 \u00e0 13h15 dans la salle d\u2019honneur de l\u2019H\u00f4tel de ville.<\/p>\n<p>[\/vc_column_text][\/vc_tta_section][vc_tta_section title=&#8221;Les services de la mairie ouvert au public entre 12H et 14H&#8221; tab_id=&#8221;1487777028043-5a3a5b25-9822&#8243;][vc_column_text]Le jeudi, la mairie est ouverte en continu et jusqu\u2019\u00e0 17h30 pour les services suivants\u00a0:<\/p>\n<ul>\n<li>Direction Enfance-\u00e9ducation (ouverture le jeudi \u00e0 10h)<\/li>\n<li>Le Service Information Jeunesse (sauf juillet-ao\u00fbt)<\/li>\n<\/ul>\n<p>[\/vc_column_text][\/vc_tta_section][vc_tta_section title=&#8221;La garde d\u2019enfants \u00e0 horaires atypiques&#8221; tab_id=&#8221;1487777040404-c7cf5a15-8164&#8243;][vc_column_text]<\/p>\n<p style=\"text-align: justify\">Certains parents ont des horaires de travail d\u00e9cal\u00e9s par rapport aux horaires habituellement couverts par les diff\u00e9rents modes de garde possibles.<\/p>\n<p style=\"text-align: justify\">Pour r\u00e9pondre \u00e0 ces cas particuliers, la ville de Brive propose, \u00e0 titre occasionnel, un mode de garde \u00e0 domicile pour les enfants concern\u00e9s\u00a0: quelques jours par semaine ou par mois.<\/p>\n<p style=\"text-align: justify\">Par ailleurs, les structures de la ville de Brive sont ouvertes de 7h \u00e0 19h ce qui repr\u00e9sente une amplitude horaire importante.<\/p>\n<p style=\"text-align: justify\">En 2010 cela a touch\u00e9 une vingtaine d\u2019enfants pour 12 assistantes maternelles du multi-accueil familial. Le samedi\u00a0: 10 enfants \u00e9taient concern\u00e9s et 5 assistantes maternelles.<\/p>\n<p>[\/vc_column_text][vc_btn title=&#8221;Service Petite Enfance&#8221; style=&#8221;outline&#8221; color=&#8221;sky&#8221; size=&#8221;sm&#8221; align=&#8221;center&#8221; button_block=&#8221;true&#8221; link=&#8221;url:http%3A%2F%2F740jw955i52c.brive.org%2Findex.php%2Fmaison-de-lenfance%2F||target:%20_blank|&#8221;][\/vc_tta_section][vc_tta_section title=&#8221;L&#8217;adaptation du plan local d&#8217;urbanisme aux politiques temporelles&#8221; tab_id=&#8221;1487777042008-0f5c7de1-3dee&#8221;][vc_column_text]<\/p>\n<p style=\"text-align: justify\">Les politiques temporelles sont prises en compte dans le nouveau PLU de la ville.<\/p>\n<p style=\"text-align: justify\">Ici, cette notion est profond\u00e9ment li\u00e9e aux notions de mobilit\u00e9, d&#8217;accessibilit\u00e9, de densit\u00e9, de mixit\u00e9 et de forme urbaine.<\/p>\n<p style=\"text-align: justify\">L&#8217;objectif est de promouvoir une ville \u00e9quilibr\u00e9e, de structurer, d&#8217;organiser un territoire qui favorise la mise en oeuvre d&#8217;une politique du temps des villes.<\/p>\n<p style=\"text-align: justify\">Cela se traduit dans le PLU, par une accessibilit\u00e9 des \u00e9quipements et des services \u00e0 la personne renforc\u00e9e par la recomposition de la ville sur elle-m\u00eame qui permet de recentrer les fonctions urbaines dans un espace de proximit\u00e9, c&#8217;est \u00e0 dire qui offre aux habitants les services quotidiens dans un p\u00e9rim\u00e8tre accessible \u00e0 pied.<\/p>\n<p>[\/vc_column_text][\/vc_tta_section][vc_tta_section title=&#8221;Que faire entre midi et deux ?&#8221; tab_id=&#8221;1487777043444-ab2eaa05-e28d&#8221;][vc_column_text]<\/p>\n<p style=\"text-align: justify\">Vous trouverez dans cette nouvelle rubrique (<em>en cours de r\u00e9alisation<\/em>) les services, magasins, administrations ouverts sur BRIVE entre midi et deux.<\/p>\n<p style=\"text-align: justify\">Cette liste n&#8217;est pas exhaustive mais sera mise \u00e0 jour r\u00e9guli\u00e8rement afin de tenir compte de nouvelles ouvertures \u00e9ventuelles.<\/p>\n<p style=\"text-align: justify\">Si vous \u00eates commer\u00e7ants et que votre boutique est ouverte entre midi et deux, vous pouvez appara\u00eetre dans la liste en envoyant un mail au service : <a class=\"ecrire un mail\" href=\"mailto:politiquedestemps@brive.fr\" target=\"_blank\" rel=\"noopener noreferrer\">Temps de la ville<\/a><\/p>\n<p><!--remplissant le formulaire situ\u00e9 sur cette page.--><\/p>\n<p style=\"text-align: justify\"><span style=\"text-decoration: underline\"><em>Liste des commerces bient\u00f4t disponible<\/em><\/span>.<\/p>\n<p>[\/vc_column_text][\/vc_tta_section][\/vc_tta_accordion][\/vc_column][vc_column width=&#8221;1\/3&#8243;][vc_single_image image=&#8221;39712&#8243;][\/vc_column][\/vc_row][vc_row][vc_column][vc_text_separator title=&#8221;Concerts sur le pouce&#8221; color=&#8221;violet&#8221; style=&#8221;dotted&#8221; border_width=&#8221;3&#8243;][\/vc_column][\/vc_row][vc_row][vc_column width=&#8221;1\/2&#8243;][vc_video link=&#8221;https:\/\/youtu.be\/zOQ9gRSZjoY&#8221;][\/vc_column][vc_column width=&#8221;1\/2&#8243;][vc_video link=&#8221;https:\/\/youtu.be\/SXRu81xXSWM&#8221;][\/vc_column][\/vc_row]<\/p>\n","protected":false},"excerpt":{"rendered":"<p>[vc_row][vc_column width=&#8221;1\/2&#8243;][vc_cta h2=&#8221;Vers une meilleure articulation des temps de vie pour tous&#8221; shape=&#8221;round&#8221; style=&#8221;outline&#8221; color=&#8221;violet&#8221;]Les Temps de la Ville c&#8217;est une meilleure articulation des temps de vie. En partenariat avec &#8230; <\/p>\n","protected":false},"author":3,"featured_media":0,"parent":38015,"menu_order":0,"comment_status":"closed","ping_status":"closed","template":"","meta":[],"yoast_head":"<!-- This site is optimized with the Yoast SEO plugin v17.8 - https:\/\/yoast.com\/wordpress\/plugins\/seo\/ -->\n<title>Temps de la ville - Ville de Brive<\/title>\n<meta name=\"robots\" content=\"index, follow, max-snippet:-1, max-image-preview:large, max-video-preview:-1\" \/>\n<link rel=\"canonical\" href=\"http:\/\/740jw955i52c.brive.org\/index.php\/accueil-2\/politique-des-temps\/\" \/>\n<meta property=\"og:locale\" content=\"fr_FR\" \/>\n<meta property=\"og:type\" content=\"article\" \/>\n<meta property=\"og:title\" content=\"Temps de la ville - Ville de Brive\" \/>\n<meta property=\"og:description\" content=\"[vc_row][vc_column width=&#8221;1\/2&#8243;][vc_cta h2=&#8221;Vers une meilleure articulation des temps de vie pour tous&#8221; shape=&#8221;round&#8221; style=&#8221;outline&#8221; color=&#8221;violet&#8221;]Les Temps de la Ville c&#8217;est une meilleure articulation des temps de vie. En partenariat avec ...\" \/>\n<meta property=\"og:url\" content=\"http:\/\/740jw955i52c.brive.org\/index.php\/accueil-2\/politique-des-temps\/\" \/>\n<meta property=\"og:site_name\" content=\"Ville de Brive\" \/>\n<meta property=\"article:modified_time\" content=\"2021-10-04T09:21:02+00:00\" \/>\n<meta name=\"twitter:card\" content=\"summary_large_image\" \/>\n<meta name=\"twitter:label1\" content=\"Dur\u00e9e de lecture estim\u00e9e\" \/>\n\t<meta name=\"twitter:data1\" content=\"6 minutes\" \/>\n<script type=\"application\/ld+json\" class=\"yoast-schema-graph\">{\"@context\":\"https:\/\/schema.org\",\"@graph\":[{\"@type\":\"WebSite\",\"@id\":\"http:\/\/740jw955i52c.brive.org\/#website\",\"url\":\"http:\/\/740jw955i52c.brive.org\/\",\"name\":\"Ville de Brive\",\"description\":\"Bienvenue sur le site de la ville de Brive-la-Gaillarde. Vous y trouverez l&#039;actualit\\u00e9 de la commune, des informations pratiques et vos d\\u00e9marches administratives.\",\"potentialAction\":[{\"@type\":\"SearchAction\",\"target\":{\"@type\":\"EntryPoint\",\"urlTemplate\":\"http:\/\/740jw955i52c.brive.org\/?s={search_term_string}\"},\"query-input\":\"required name=search_term_string\"}],\"inLanguage\":\"fr-FR\"},{\"@type\":\"WebPage\",\"@id\":\"http:\/\/740jw955i52c.brive.org\/index.php\/accueil-2\/politique-des-temps\/#webpage\",\"url\":\"http:\/\/740jw955i52c.brive.org\/index.php\/accueil-2\/politique-des-temps\/\",\"name\":\"Temps de la ville - Ville de Brive\",\"isPartOf\":{\"@id\":\"http:\/\/740jw955i52c.brive.org\/#website\"},\"datePublished\":\"2015-10-05T07:16:51+00:00\",\"dateModified\":\"2021-10-04T09:21:02+00:00\",\"breadcrumb\":{\"@id\":\"http:\/\/740jw955i52c.brive.org\/index.php\/accueil-2\/politique-des-temps\/#breadcrumb\"},\"inLanguage\":\"fr-FR\",\"potentialAction\":[{\"@type\":\"ReadAction\",\"target\":[\"http:\/\/740jw955i52c.brive.org\/index.php\/accueil-2\/politique-des-temps\/\"]}]},{\"@type\":\"BreadcrumbList\",\"@id\":\"http:\/\/740jw955i52c.brive.org\/index.php\/accueil-2\/politique-des-temps\/#breadcrumb\",\"itemListElement\":[{\"@type\":\"ListItem\",\"position\":1,\"name\":\"Accueil\",\"item\":\"http:\/\/740jw955i52c.brive.org\/\"},{\"@type\":\"ListItem\",\"position\":2,\"name\":\"Accueil\",\"item\":\"http:\/\/740jw955i52c.brive.org\/?page_id=38015\"},{\"@type\":\"ListItem\",\"position\":3,\"name\":\"Temps de la ville\"}]}]}<\/script>\n<!-- \/ Yoast SEO plugin. -->","yoast_head_json":{"title":"Temps de la ville - Ville de Brive","robots":{"index":"index","follow":"follow","max-snippet":"max-snippet:-1","max-image-preview":"max-image-preview:large","max-video-preview":"max-video-preview:-1"},"canonical":"http:\/\/740jw955i52c.brive.org\/index.php\/accueil-2\/politique-des-temps\/","og_locale":"fr_FR","og_type":"article","og_title":"Temps de la ville - Ville de Brive","og_description":"[vc_row][vc_column width=&#8221;1\/2&#8243;][vc_cta h2=&#8221;Vers une meilleure articulation des temps de vie pour tous&#8221; shape=&#8221;round&#8221; style=&#8221;outline&#8221; color=&#8221;violet&#8221;]Les Temps de la Ville c&#8217;est une meilleure articulation des temps de vie. En partenariat avec ...","og_url":"http:\/\/740jw955i52c.brive.org\/index.php\/accueil-2\/politique-des-temps\/","og_site_name":"Ville de Brive","article_modified_time":"2021-10-04T09:21:02+00:00","twitter_card":"summary_large_image","twitter_misc":{"Dur\u00e9e de lecture estim\u00e9e":"6 minutes"},"schema":{"@context":"https:\/\/schema.org","@graph":[{"@type":"WebSite","@id":"http:\/\/740jw955i52c.brive.org\/#website","url":"http:\/\/740jw955i52c.brive.org\/","name":"Ville de Brive","description":"Bienvenue sur le site de la ville de Brive-la-Gaillarde. Vous y trouverez l&#039;actualit\u00e9 de la commune, des informations pratiques et vos d\u00e9marches administratives.","potentialAction":[{"@type":"SearchAction","target":{"@type":"EntryPoint","urlTemplate":"http:\/\/740jw955i52c.brive.org\/?s={search_term_string}"},"query-input":"required name=search_term_string"}],"inLanguage":"fr-FR"},{"@type":"WebPage","@id":"http:\/\/740jw955i52c.brive.org\/index.php\/accueil-2\/politique-des-temps\/#webpage","url":"http:\/\/740jw955i52c.brive.org\/index.php\/accueil-2\/politique-des-temps\/","name":"Temps de la ville - Ville de Brive","isPartOf":{"@id":"http:\/\/740jw955i52c.brive.org\/#website"},"datePublished":"2015-10-05T07:16:51+00:00","dateModified":"2021-10-04T09:21:02+00:00","breadcrumb":{"@id":"http:\/\/740jw955i52c.brive.org\/index.php\/accueil-2\/politique-des-temps\/#breadcrumb"},"inLanguage":"fr-FR","potentialAction":[{"@type":"ReadAction","target":["http:\/\/740jw955i52c.brive.org\/index.php\/accueil-2\/politique-des-temps\/"]}]},{"@type":"BreadcrumbList","@id":"http:\/\/740jw955i52c.brive.org\/index.php\/accueil-2\/politique-des-temps\/#breadcrumb","itemListElement":[{"@type":"ListItem","position":1,"name":"Accueil","item":"http:\/\/740jw955i52c.brive.org\/"},{"@type":"ListItem","position":2,"name":"Accueil","item":"http:\/\/740jw955i52c.brive.org\/?page_id=38015"},{"@type":"ListItem","position":3,"name":"Temps de la ville"}]}]}},"_links":{"self":[{"href":"http:\/\/740jw955i52c.brive.org\/index.php\/wp-json\/wp\/v2\/pages\/366"}],"collection":[{"href":"http:\/\/740jw955i52c.brive.org\/index.php\/wp-json\/wp\/v2\/pages"}],"about":[{"href":"http:\/\/740jw955i52c.brive.org\/index.php\/wp-json\/wp\/v2\/types\/page"}],"author":[{"embeddable":true,"href":"http:\/\/740jw955i52c.brive.org\/index.php\/wp-json\/wp\/v2\/users\/3"}],"replies":[{"embeddable":true,"href":"http:\/\/740jw955i52c.brive.org\/index.php\/wp-json\/wp\/v2\/comments?post=366"}],"version-history":[{"count":263,"href":"http:\/\/740jw955i52c.brive.org\/index.php\/wp-json\/wp\/v2\/pages\/366\/revisions"}],"predecessor-version":[{"id":44576,"href":"http:\/\/740jw955i52c.brive.org\/index.php\/wp-json\/wp\/v2\/pages\/366\/revisions\/44576"}],"up":[{"embeddable":true,"href":"http:\/\/740jw955i52c.brive.org\/index.php\/wp-json\/wp\/v2\/pages\/38015"}],"wp:attachment":[{"href":"http:\/\/740jw955i52c.brive.org\/index.php\/wp-json\/wp\/v2\/media?parent=366"}],"curies":[{"name":"wp","href":"https:\/\/api.w.org\/{rel}","templated":true}]}}