{"id":364,"date":"2015-10-05T09:16:16","date_gmt":"2015-10-05T07:16:16","guid":{"rendered":"http:\/\/740jw955i52c.brive.org?page_id=364"},"modified":"2024-02-08T15:01:39","modified_gmt":"2024-02-08T14:01:39","slug":"vie-des-quartiers","status":"publish","type":"page","link":"http:\/\/740jw955i52c.brive.org\/index.php\/vie-des-quartiers\/","title":{"rendered":"Vie des quartiers"},"content":{"rendered":"<p>[vc_row][vc_column width=&#8221;1\/2&#8243;][vc_cta h2=&#8221;Suivre l&#8217;actualit\u00e9 des quartiers&#8221; style=&#8221;outline&#8221; color=&#8221;vista-blue&#8221;]Cliquez ici pour d\u00e9couvrir la composition de chacun des 17 quartiers, suivre leur actualit\u00e9, et regardez les vid\u00e9os de pr\u00e9sentations&#8230;<\/p>\n<p>\u25b6 <strong><a href=\"http:\/\/740jw955i52c.brive.org\/index.php\/infos-des-quartiers\/\">Pr\u00e9sentations et actualit\u00e9s des 17 quartiers<\/a><\/strong>[\/vc_cta][\/vc_column][vc_column width=&#8221;1\/2&#8243;][vc_column_text]<a href=\"http:\/\/740jw955i52c.brive.org\/index.php\/infos-des-quartiers\/\"><img decoding=\"async\" loading=\"lazy\" class=\"alignnone size-full wp-image-47584\" src=\"http:\/\/740jw955i52c.brive.org\/wp-content\/uploads\/2022\/09\/Vie-des-quartiers-Ville-de-Brive.jpg\" alt=\"\" width=\"2160\" height=\"1080\" srcset=\"http:\/\/740jw955i52c.brive.org\/wp-content\/uploads\/2022\/09\/Vie-des-quartiers-Ville-de-Brive.jpg 2160w, http:\/\/740jw955i52c.brive.org\/wp-content\/uploads\/2022\/09\/Vie-des-quartiers-Ville-de-Brive-300x150.jpg 300w, http:\/\/740jw955i52c.brive.org\/wp-content\/uploads\/2022\/09\/Vie-des-quartiers-Ville-de-Brive-750x375.jpg 750w, http:\/\/740jw955i52c.brive.org\/wp-content\/uploads\/2022\/09\/Vie-des-quartiers-Ville-de-Brive-200x100.jpg 200w, http:\/\/740jw955i52c.brive.org\/wp-content\/uploads\/2022\/09\/Vie-des-quartiers-Ville-de-Brive-600x300.jpg 600w, http:\/\/740jw955i52c.brive.org\/wp-content\/uploads\/2022\/09\/Vie-des-quartiers-Ville-de-Brive-1536x768.jpg 1536w, http:\/\/740jw955i52c.brive.org\/wp-content\/uploads\/2022\/09\/Vie-des-quartiers-Ville-de-Brive-2048x1024.jpg 2048w, http:\/\/740jw955i52c.brive.org\/wp-content\/uploads\/2022\/09\/Vie-des-quartiers-Ville-de-Brive-916x458.jpg 916w, http:\/\/740jw955i52c.brive.org\/wp-content\/uploads\/2022\/09\/Vie-des-quartiers-Ville-de-Brive-590x295.jpg 590w, http:\/\/740jw955i52c.brive.org\/wp-content\/uploads\/2022\/09\/Vie-des-quartiers-Ville-de-Brive-363x182.jpg 363w, http:\/\/740jw955i52c.brive.org\/wp-content\/uploads\/2022\/09\/Vie-des-quartiers-Ville-de-Brive-200x100@2x.jpg 400w\" sizes=\"(max-width: 2160px) 100vw, 2160px\" \/><\/a>[\/vc_column_text][\/vc_column][\/vc_row][vc_row][vc_column width=&#8221;1\/2&#8243;][vc_cta h2=&#8221;Depuis 2016&#8243; style=&#8221;outline&#8221; color=&#8221;turquoise&#8221;]<b>484 actions <\/b>r\u00e9alis\u00e9es depuis 2016<b><br \/>\n<\/b><\/p>\n<p>Pour un <strong>budget de 12 millions d\u2019\u20ac<\/strong><\/p>\n<p>(16 x 750 000\u20ac)[\/vc_cta][\/vc_column][vc_column width=&#8221;1\/2&#8243;][vc_cta h2=&#8221;Jusqu&#8217;\u00e0 2026&#8243; style=&#8221;outline&#8221; color=&#8221;juicy-pink&#8221;]<strong>348 projets<\/strong> valid\u00e9s jusqu&#8217;\u00e0 2026<\/p>\n<p>Pour un <strong>budget de 12 750 000\u20ac<\/strong><\/p>\n<p>(17 x 750 000\u20ac)[\/vc_cta][\/vc_column][\/vc_row][vc_row][vc_column][vc_single_image image=&#8221;46453&#8243; onclick=&#8221;custom_link&#8221; img_link_target=&#8221;_blank&#8221; css_animation=&#8221;bounceIn&#8221; link=&#8221;http:\/\/740jw955i52c.brive.org\/wp-content\/uploads\/2022\/05\/Trombinoscope-elus-quartiers-VILLE-DE-BRIVE-Mai-2022.jpg&#8221;][\/vc_column][\/vc_row][vc_row disable_element=&#8221;yes&#8221;][vc_column][vc_text_separator title=&#8221;R\u00e9sultats quartier par quartier&#8221; color=&#8221;juicy_pink&#8221;][vc_column_text]<em>Vous trouverez ici les r\u00e9sultats et les fiches de pr\u00e9sentation de chaque candidat quartier par quartier.<\/em>[\/vc_column_text][vc_btn title=&#8221;R\u00e9sultats de tous les Quartiers&#8221; style=&#8221;outline&#8221; shape=&#8221;rounded&#8221; color=&#8221;danger&#8221; i_icon_fontawesome=&#8221;fa fa-file-text-o&#8221; add_icon=&#8221;true&#8221; link=&#8221;url:http%3A%2F%2F740jw955i52c.brive.org%2Fwp-content%2Fuploads%2F2021%2F05%2FR%C3%A9sultats-Vote-Elections-Conseils-de-Quartiers-Mai-2021-Ville-de-Brive.pdf||target:%20_blank|&#8221;][vc_tta_accordion active_section=&#8221;&#8221;][vc_tta_section title=&#8221;Quartier 1&#8243; tab_id=&#8221;1622042450751-51421555-398d&#8221;][vc_btn title=&#8221;R\u00e9sultat Quartier 01&#8243; style=&#8221;outline&#8221; shape=&#8221;rounded&#8221; color=&#8221;danger&#8221; i_icon_fontawesome=&#8221;fa fa-file-text-o&#8221; add_icon=&#8221;true&#8221; link=&#8221;url:http%3A%2F%2F740jw955i52c.brive.org%2Fwp-content%2Fuploads%2F2021%2F05%2FQ01.pdf||target:%20_blank|&#8221;][vc_column_text]<strong>Plan du Quartier : <\/strong><strong><a href=\"http:\/\/740jw955i52c.brive.org\/wp-content\/uploads\/2021\/04\/Q1-1.pdf\">Q1<\/a><\/strong><\/p>\n<p><strong>Quartier 1 <\/strong><strong>Association \u00ab C\u0153ur de Brive \u00bb <\/strong><\/p>\n<p><a href=\"http:\/\/740jw955i52c.brive.org\/wp-content\/uploads\/2021\/04\/Q1.1-CHAMPCLAUX-JEAN-PIERRE.pdf\">Q1.1 &#8211; CHAMPCLAUX JEAN PIERRE<\/a><\/p>\n<p><a href=\"http:\/\/740jw955i52c.brive.org\/wp-content\/uploads\/2021\/04\/Q1.2-CAUMEIL-FRANCOISE.pdf\">Q1.2 &#8211; CAUMEIL FRANCOISE<\/a><\/p>\n<p><a href=\"http:\/\/740jw955i52c.brive.org\/wp-content\/uploads\/2021\/04\/Q1.3-BROCQUE-MONIQUE.pdf\">Q1.3 &#8211; BROCQUE MONIQUE<\/a><\/p>\n<p><a href=\"http:\/\/740jw955i52c.brive.org\/wp-content\/uploads\/2021\/04\/Q1.4-FAUGERE-JEAN-JACQUES.pdf\" target=\"_blank\" rel=\"noopener noreferrer\">Q1.4 &#8211; FAUGERE JEAN-JACQUES<\/a><\/p>\n<p><a href=\"http:\/\/740jw955i52c.brive.org\/wp-content\/uploads\/2021\/04\/Q1.5-JAVALOYES-CHRISTOPHE.pdf\">Q1.5 &#8211; JAVALOYES CHRISTOPHE<\/a><\/p>\n<p><a href=\"http:\/\/740jw955i52c.brive.org\/wp-content\/uploads\/2021\/04\/Q1.6-LAVARDE-MICHEL.pdf\">Q1.6 &#8211; LAVARDE MICHEL<\/a><\/p>\n<p><a href=\"http:\/\/740jw955i52c.brive.org\/wp-content\/uploads\/2021\/04\/Q1.7-JACQUET-MARIE-JOSE.pdf\">Q1.7 &#8211; JACQUET MARIE JOSE<\/a><\/p>\n<p><a href=\"http:\/\/740jw955i52c.brive.org\/wp-content\/uploads\/2021\/04\/Q1.8-ROBERT-DIDIER.pdf\">Q1.8 &#8211; ROBERT DIDIER<\/a><\/p>\n<p><a href=\"http:\/\/740jw955i52c.brive.org\/wp-content\/uploads\/2021\/04\/Q1.9-AMOUROUX-CHRISTINE.pdf\">Q1.9 &#8211; AMOUROUX CHRISTINE<\/a><\/p>\n<p><a href=\"http:\/\/740jw955i52c.brive.org\/wp-content\/uploads\/2021\/04\/Q1.10-LABROUSSE-BRUNO.pdf\">Q1.10 &#8211; LABROUSSE BRUNO<\/a><\/p>\n<p><a href=\"http:\/\/740jw955i52c.brive.org\/wp-content\/uploads\/2021\/04\/Q1.11-EMERIT-JAQUELINE.pdf\">Q1.11 &#8211; EMERIT JAQUELINE<\/a><\/p>\n<p><a href=\"http:\/\/740jw955i52c.brive.org\/wp-content\/uploads\/2021\/04\/Q1.12-PAJAK-PHILIPPE.pdf\">Q1.12 &#8211; PAJAK PHILIPPE<\/a><\/p>\n<p><a href=\"http:\/\/740jw955i52c.brive.org\/wp-content\/uploads\/2021\/04\/Q1.13-DESFORGES-FELIX.pdf\">Q1.13 &#8211; DESFORGES FELIX<\/a>[\/vc_column_text][\/vc_tta_section][vc_tta_section title=&#8221;Quartier 2&#8243; tab_id=&#8221;1617777263428-574a6dac-3683&#8243;][vc_btn title=&#8221;R\u00e9sultat Quartier 02&#8243; style=&#8221;outline&#8221; shape=&#8221;rounded&#8221; color=&#8221;danger&#8221; i_icon_fontawesome=&#8221;fa fa-file-text-o&#8221; add_icon=&#8221;true&#8221; link=&#8221;url:http%3A%2F%2F740jw955i52c.brive.org%2Fwp-content%2Fuploads%2F2021%2F05%2FQ02.pdf||target:%20_blank|&#8221;][vc_column_text]<strong>Plan du quartier : <\/strong><strong><a href=\"http:\/\/740jw955i52c.brive.org\/wp-content\/uploads\/2021\/04\/Q2.pdf\">Q2<\/a><\/strong><\/p>\n<p><strong>Quartier 2 \u201cAssociation Louis Pons \u2013 Brune\u201d<\/strong><\/p>\n<p><a href=\"http:\/\/740jw955i52c.brive.org\/wp-content\/uploads\/2021\/04\/Q2.1-DEVIN-JUDICAEL.pdf\">Q2.1 &#8211; DEVIN JUDICAEL<\/a><\/p>\n<p><a href=\"http:\/\/740jw955i52c.brive.org\/wp-content\/uploads\/2021\/04\/Q2.2-CRETEAUX-JEAN-PIERRE.pdf\">Q2.2 &#8211; CRETEAUX JEAN PIERRE<\/a><\/p>\n<p><a href=\"http:\/\/740jw955i52c.brive.org\/wp-content\/uploads\/2021\/04\/Q2.3-LHOMOND-PIERRE.pdf\">Q2.3 &#8211; LHOMOND PIERRE<\/a><\/p>\n<p><a href=\"http:\/\/740jw955i52c.brive.org\/wp-content\/uploads\/2021\/04\/Q2.4-VILA-MAXIME.pdf\">Q2.4 &#8211; VILA MAXIME<\/a><\/p>\n<p><a href=\"http:\/\/740jw955i52c.brive.org\/wp-content\/uploads\/2021\/04\/Q2.5-GUEDES-MARIE-FERNANDE.pdf\">Q2.5 &#8211; GUEDES MARIE FERNANDE<\/a><\/p>\n<p><a href=\"http:\/\/740jw955i52c.brive.org\/wp-content\/uploads\/2021\/04\/Q2.6-LASFARGUE-YVETTE.pdf\">Q2.6 &#8211; LASFARGUE YVETTE<\/a><\/p>\n<p><a href=\"http:\/\/740jw955i52c.brive.org\/wp-content\/uploads\/2021\/04\/Q2.7-DE-SOUSA-ISABELLE.pdf\">Q2.7 &#8211; DE SOUSA ISABELLE<\/a><\/p>\n<p><a href=\"http:\/\/740jw955i52c.brive.org\/wp-content\/uploads\/2021\/04\/Q2.8-BONNIE-BORDERIE-OLIVIER.pdf\">Q2.8 &#8211; BONNIE BORDERIE OLIVIER<\/a><\/p>\n<p><a href=\"http:\/\/740jw955i52c.brive.org\/wp-content\/uploads\/2021\/04\/Q2.9-SALERNO-SYLVIE.pdf\">Q2.9 &#8211; SALERNO SYLVIE<\/a><\/p>\n<p><a href=\"http:\/\/740jw955i52c.brive.org\/wp-content\/uploads\/2021\/04\/Q2.10-PERDREAU-BENJAMIN.pdf\">Q2.10 &#8211; PERDREAU BENJAMIN<\/a><\/p>\n<p><a href=\"http:\/\/740jw955i52c.brive.org\/wp-content\/uploads\/2021\/04\/Q2.11-LAVIOLETTE-BERNARD.pdf\">Q2.11 &#8211; LAVIOLETTE BERNARD<\/a><\/p>\n<p><a href=\"http:\/\/740jw955i52c.brive.org\/wp-content\/uploads\/2021\/04\/Q2.12-POMAREL-DENIS-1.pdf\">Q2.12 &#8211; POMAREL-DENIS<\/a>[\/vc_column_text][\/vc_tta_section][vc_tta_section title=&#8221;Quartier 3&#8243; tab_id=&#8221;1617777711983-31d5709d-9a2b&#8221;][vc_btn title=&#8221;R\u00e9sultat Quartier 03&#8243; style=&#8221;outline&#8221; shape=&#8221;rounded&#8221; color=&#8221;danger&#8221; i_icon_fontawesome=&#8221;fa fa-file-text-o&#8221; add_icon=&#8221;true&#8221; link=&#8221;url:http%3A%2F%2F740jw955i52c.brive.org%2Fwp-content%2Fuploads%2F2021%2F05%2FQ03.pdf||target:%20_blank|&#8221;][vc_column_text]Plan du quartier : <a href=\"http:\/\/740jw955i52c.brive.org\/wp-content\/uploads\/2021\/04\/Q3.pdf\">Q3<\/a><\/p>\n<p><strong>Quartier 3 \u201cAsso Q3\u201d<\/strong><\/p>\n<p><a href=\"http:\/\/740jw955i52c.brive.org\/wp-content\/uploads\/2021\/04\/Q3.1-LABROUSSE-DENIS.pdf\">Q3.1 &#8211; LABROUSSE DENIS<\/a><\/p>\n<p><a href=\"http:\/\/740jw955i52c.brive.org\/wp-content\/uploads\/2021\/04\/Q3.2-BOYE-THIERRY.pdf\">Q3.2 &#8211; BOYE THIERRY<\/a><\/p>\n<p><a href=\"http:\/\/740jw955i52c.brive.org\/wp-content\/uploads\/2021\/04\/Q3.3-REVELLAT-BERNADETTE.pdf\">Q3.3 &#8211; REVELLAT BERNADETTE<\/a><\/p>\n<p><a href=\"http:\/\/740jw955i52c.brive.org\/wp-content\/uploads\/2021\/04\/Q3.4-DUSSERT-SIMONE-FRANCOISE.pdf\">Q3.4 &#8211; DUSSERT SIMONE FRANCOISE<\/a><\/p>\n<p><a href=\"http:\/\/740jw955i52c.brive.org\/wp-content\/uploads\/2021\/04\/Q3.5-DARLIGUIE-PIERRE.pdf\">Q3.5 &#8211; DARLIGUIE PIERRE<\/a><\/p>\n<p><a href=\"http:\/\/740jw955i52c.brive.org\/wp-content\/uploads\/2021\/04\/Q3.6-PERRIER-ANDREE.pdf\">Q3.6 &#8211; PERRIER ANDREE<\/a><\/p>\n<p><a href=\"http:\/\/740jw955i52c.brive.org\/wp-content\/uploads\/2021\/04\/Q3.7-BARREAU-PATRICK.pdf\">Q3.7 &#8211; BARREAU PATRICK<\/a><\/p>\n<p><a href=\"http:\/\/740jw955i52c.brive.org\/wp-content\/uploads\/2021\/04\/Q3.8-LARIVIERE-JOELLE.pdf\">Q3.8 &#8211; LARIVIERE JOELLE<\/a><\/p>\n<p><a href=\"http:\/\/740jw955i52c.brive.org\/wp-content\/uploads\/2021\/04\/Q3.9-FUZELLIER-DANIELLE.pdf\">Q3.9 &#8211; FUZELLIER DANIELLE<\/a><\/p>\n<p><a href=\"http:\/\/740jw955i52c.brive.org\/wp-content\/uploads\/2021\/04\/Q3.10-CAZAUX-ALEXANDRE.pdf\">Q3.10-CAZAUX-ALEXANDRE<\/a><\/p>\n<p><a href=\"http:\/\/740jw955i52c.brive.org\/wp-content\/uploads\/2021\/04\/Q3.11-PHELIZON-JOSIANE.pdf\">Q3.11 &#8211; PHELIZON JOSIANE<\/a><\/p>\n<p><a href=\"http:\/\/740jw955i52c.brive.org\/wp-content\/uploads\/2021\/04\/Q3.12-DELPECH-FRANCOISE.pdf\">Q3.12 &#8211; DELPECH FRANCOISE<\/a><\/p>\n<p><a href=\"http:\/\/740jw955i52c.brive.org\/wp-content\/uploads\/2021\/04\/Q3.13-LANICI-BERNARD.pdf\">Q3.13 &#8211; LANICI BERNARD<\/a><\/p>\n<p><a href=\"http:\/\/740jw955i52c.brive.org\/wp-content\/uploads\/2021\/04\/Q3.14-MINVIELLE-DEBAT-FRANCOIS.pdf\">Q3.14 &#8211; MINVIELLE DEBAT FRANCOIS<\/a>[\/vc_column_text][\/vc_tta_section][vc_tta_section title=&#8221;Quartier 4&#8243; tab_id=&#8221;1617777843533-b26e3248-58ec&#8221;][vc_btn title=&#8221;R\u00e9sultat Quartier 04&#8243; style=&#8221;outline&#8221; shape=&#8221;rounded&#8221; color=&#8221;danger&#8221; i_icon_fontawesome=&#8221;fa fa-file-text-o&#8221; add_icon=&#8221;true&#8221; link=&#8221;url:http%3A%2F%2F740jw955i52c.brive.org%2Fwp-content%2Fuploads%2F2021%2F05%2FQ04.pdf||target:%20_blank|&#8221;][vc_column_text]Plan du quartier : <a href=\"http:\/\/740jw955i52c.brive.org\/wp-content\/uploads\/2021\/04\/Q4.pdf\">Q4<\/a><\/p>\n<p><strong>Quartier 4 \u201cAgissons ensemble\u201d<\/strong><\/p>\n<p><a href=\"http:\/\/740jw955i52c.brive.org\/wp-content\/uploads\/2021\/04\/Q4.1-LEQUEUX-DOMINIQUE.pdf\">Q4.1 &#8211; LEQUEUX DOMINIQUE<\/a><\/p>\n<p><a href=\"http:\/\/740jw955i52c.brive.org\/wp-content\/uploads\/2021\/04\/Q4.2-LEQUEUX-NATHALIE.pdf\">Q4.2 &#8211; LEQUEUX NATHALIE<\/a><\/p>\n<p><a href=\"http:\/\/740jw955i52c.brive.org\/wp-content\/uploads\/2021\/04\/Q4.3-LAUMOND-MICHELLE.pdf\">Q4.3 &#8211; LAUMOND MICHELLE<\/a><\/p>\n<p><a href=\"http:\/\/740jw955i52c.brive.org\/wp-content\/uploads\/2021\/04\/Q4.4-CHASTANET-LOUIS.pdf\">Q4.4 &#8211; CHASTANET LOUIS<\/a><\/p>\n<p><a href=\"http:\/\/740jw955i52c.brive.org\/wp-content\/uploads\/2021\/04\/Q4.5-GUILHEM-ALAIN.pdf\">Q4.5 &#8211; GUILHEM ALAIN<\/a><\/p>\n<p><a href=\"http:\/\/740jw955i52c.brive.org\/wp-content\/uploads\/2021\/04\/Q4.6-GUILHEM-JOLITA.pdf\">Q4.6 &#8211; GUILHEM JOLITA<\/a><\/p>\n<p><a href=\"http:\/\/740jw955i52c.brive.org\/wp-content\/uploads\/2021\/04\/Q4.7-BODSON-FREDERIC.pdf\">Q4.7 &#8211; BODSON FREDERIC<\/a><\/p>\n<p><a href=\"http:\/\/740jw955i52c.brive.org\/wp-content\/uploads\/2021\/04\/Q4.8-DEYZAC-LUCIEN.pdf\">Q4.8 &#8211; DEYZAC LUCIEN<\/a><\/p>\n<p><a href=\"http:\/\/740jw955i52c.brive.org\/wp-content\/uploads\/2021\/04\/Q4.9-MISSONNIER-MARIE-FRANCE.pdf\">Q4.9 &#8211; MISSONNIER MARIE FRANCE<\/a><\/p>\n<p><a href=\"http:\/\/740jw955i52c.brive.org\/wp-content\/uploads\/2021\/04\/Q4.10-SOL-THIERRY.pdf\">Q4.10 &#8211; SOL THIERRY<\/a><\/p>\n<p><a href=\"http:\/\/740jw955i52c.brive.org\/wp-content\/uploads\/2021\/04\/Q4.11-DENECKER-GILLES.pdf\">Q4.11 &#8211; DENECKER GILLES<\/a>[\/vc_column_text][\/vc_tta_section][vc_tta_section title=&#8221;Quartier 5&#8243; tab_id=&#8221;1617777945634-733d1a4c-8134&#8243;][vc_btn title=&#8221;R\u00e9sultat Quartier 05&#8243; style=&#8221;outline&#8221; shape=&#8221;rounded&#8221; color=&#8221;danger&#8221; i_icon_fontawesome=&#8221;fa fa-file-text-o&#8221; add_icon=&#8221;true&#8221; link=&#8221;url:http%3A%2F%2F740jw955i52c.brive.org%2Fwp-content%2Fuploads%2F2021%2F05%2FQ05.pdf||target:%20_blank|&#8221;][vc_column_text]Plan du quartier : <a href=\"http:\/\/740jw955i52c.brive.org\/wp-content\/uploads\/2021\/04\/Q5.pdf\">Q5<\/a><\/p>\n<p><strong>Quartier 5 \u201cAssociation Quartier Q5\u201d<\/strong><\/p>\n<p><a href=\"http:\/\/740jw955i52c.brive.org\/wp-content\/uploads\/2021\/04\/Q5.1-PENDARIES-LUCAS-JULIE.pdf\">Q5.1 &#8211; PENDARIES LUCAS JULIE<\/a><\/p>\n<p><a href=\"http:\/\/740jw955i52c.brive.org\/wp-content\/uploads\/2021\/04\/Q5.2-BOURLOIS-MARIE.pdf\">Q5.2 &#8211; BOURLOIS MARIE<\/a><\/p>\n<p><a href=\"http:\/\/740jw955i52c.brive.org\/wp-content\/uploads\/2021\/04\/Q5.3-BOUCHERIE-ANDRE.pdf\">Q5.3 &#8211; BOUCHERIE ANDRE<\/a><\/p>\n<p><a href=\"http:\/\/740jw955i52c.brive.org\/wp-content\/uploads\/2021\/04\/Q5.4-BOISSERIE-RENE.pdf\">Q5.4 &#8211; BOISSERIE RENE<\/a><\/p>\n<p><a href=\"http:\/\/740jw955i52c.brive.org\/wp-content\/uploads\/2021\/04\/Q5.5-BROUXEL-JOSEPH.pdf\">Q5.5 &#8211; BROUXEL JOSEPH<\/a><\/p>\n<p><a href=\"http:\/\/740jw955i52c.brive.org\/wp-content\/uploads\/2021\/04\/Q5.6-MOURIGEAU-FRANCOISE.pdf\">Q5.6 &#8211; MOURIGEAU FRANCOISE<\/a><\/p>\n<p><a href=\"http:\/\/740jw955i52c.brive.org\/wp-content\/uploads\/2021\/04\/Q5.7-DELNAUD-MARIE.pdf\">Q5.7 &#8211; DELNAUD MARIE<\/a><\/p>\n<p><a href=\"http:\/\/740jw955i52c.brive.org\/wp-content\/uploads\/2021\/04\/Q5.8-GALETOU-KARINE.pdf\">Q5.8 &#8211; GALETOU KARINE<\/a>[\/vc_column_text][\/vc_tta_section][vc_tta_section title=&#8221;Quartier 6&#8243; tab_id=&#8221;1617778086615-81da6c07-a430&#8243;][vc_btn title=&#8221;R\u00e9sultat Quartier 06&#8243; style=&#8221;outline&#8221; shape=&#8221;rounded&#8221; color=&#8221;danger&#8221; i_icon_fontawesome=&#8221;fa fa-file-text-o&#8221; add_icon=&#8221;true&#8221; link=&#8221;url:http%3A%2F%2F740jw955i52c.brive.org%2Fwp-content%2Fuploads%2F2021%2F05%2FQ06.pdf||target:%20_blank|&#8221;][vc_column_text]Plan du quartier : <a href=\"http:\/\/740jw955i52c.brive.org\/wp-content\/uploads\/2021\/04\/Q6.pdf\">Q6<\/a><\/p>\n<p><strong>Quartier 6 Association Quartier Q6<\/strong><\/p>\n<p><a href=\"http:\/\/740jw955i52c.brive.org\/wp-content\/uploads\/2021\/04\/Q6.1-GERMAIN-ERIC.pdf\">Q6.1 &#8211; GERMAIN ERIC<\/a><\/p>\n<p><a href=\"http:\/\/740jw955i52c.brive.org\/wp-content\/uploads\/2021\/04\/Q6.2-MULLER-CHARLES.pdf\">Q6.2 &#8211; MULLER CHARLES<\/a><\/p>\n<p><a href=\"http:\/\/740jw955i52c.brive.org\/wp-content\/uploads\/2021\/04\/Q6.3-LOUPIAC-CHRISTOPHE.pdf\">Q6.3 &#8211; LOUPIAC CHRISTOPHE<\/a><\/p>\n<p><a href=\"http:\/\/740jw955i52c.brive.org\/wp-content\/uploads\/2021\/04\/Q6.4-CLEMENT-DANIELLE.pdf\">Q6.4 &#8211; CLEMENT DANIELLE<\/a><\/p>\n<p><a href=\"http:\/\/740jw955i52c.brive.org\/wp-content\/uploads\/2021\/04\/Q6.5-MANDER-MARIE-ODILE.pdf\">Q6.5 &#8211; MANDER MARIE ODILE<\/a><\/p>\n<p><a href=\"http:\/\/740jw955i52c.brive.org\/wp-content\/uploads\/2021\/04\/Q6.6-COHEN-JAMILA.pdf\">Q6.6 &#8211; COHEN JAMILA<\/a><\/p>\n<p><a href=\"http:\/\/740jw955i52c.brive.org\/wp-content\/uploads\/2021\/04\/Q6.7-VIRY-ALAIN.pdf\">Q6.7 &#8211; VIRY ALAIN<\/a><\/p>\n<p><a href=\"http:\/\/740jw955i52c.brive.org\/wp-content\/uploads\/2021\/04\/Q6.8-CLAUX-ROBERT.pdf\">Q6.8 &#8211; CLAUX ROBERT<\/a><\/p>\n<p><a href=\"http:\/\/740jw955i52c.brive.org\/wp-content\/uploads\/2021\/04\/Q6.9-DEJOINT-MONIQUE.pdf\">Q6.9 &#8211; DEJOINT MONIQUE<\/a><\/p>\n<p><a href=\"http:\/\/740jw955i52c.brive.org\/wp-content\/uploads\/2021\/04\/Q6.10-CLAUX-SYLVIE.pdf\">Q6.10 &#8211; CLAUX SYLVIE<\/a><\/p>\n<p><a href=\"http:\/\/740jw955i52c.brive.org\/wp-content\/uploads\/2021\/04\/Q6.11-BOUTOT-CEDRIC.pdf\">Q6.11 &#8211; BOUTOT CEDRIC<\/a><\/p>\n<p><a href=\"http:\/\/740jw955i52c.brive.org\/wp-content\/uploads\/2021\/04\/Q6.12-VIGNE-NATHALIE-1.pdf\">Q6.12 &#8211; VIGNE NATHALIE<\/a><\/p>\n<p><a href=\"http:\/\/740jw955i52c.brive.org\/wp-content\/uploads\/2021\/04\/Q6.13-SALOU-DIDIER.pdf\">Q6.13 &#8211; SALOU DIDIER<\/a><\/p>\n<p><a href=\"http:\/\/740jw955i52c.brive.org\/wp-content\/uploads\/2021\/04\/Q6.14-BOUILLAGUET-PAULETTE.pdf\">Q6.14 &#8211; BOUILLAGUET PAULETTE<\/a>[\/vc_column_text][\/vc_tta_section][vc_tta_section title=&#8221;Quartier 7&#8243; tab_id=&#8221;1617778182442-d1b0b284-50c0&#8243;][vc_btn title=&#8221;R\u00e9sultat Quartier 07&#8243; style=&#8221;outline&#8221; shape=&#8221;rounded&#8221; color=&#8221;danger&#8221; i_icon_fontawesome=&#8221;fa fa-file-text-o&#8221; add_icon=&#8221;true&#8221; link=&#8221;url:http%3A%2F%2F740jw955i52c.brive.org%2Fwp-content%2Fuploads%2F2021%2F05%2FQ07.pdf||target:%20_blank|&#8221;][vc_column_text]Plan du quartier : <a href=\"http:\/\/740jw955i52c.brive.org\/wp-content\/uploads\/2021\/04\/Q7.pdf\">Q7<\/a><\/p>\n<p><strong>Quartier 7 \u201cLES CHAPELIES\u201d<\/strong><\/p>\n<p><a href=\"http:\/\/740jw955i52c.brive.org\/wp-content\/uploads\/2021\/04\/Q7.1-FRANCY-JOEL.pdf\">Q7.1 &#8211; FRANCY JOEL<\/a><\/p>\n<p><a href=\"http:\/\/740jw955i52c.brive.org\/wp-content\/uploads\/2021\/04\/Q7.2-VIGNAL-JACQUES.pdf\">Q7.2 &#8211; VIGNAL JACQUES<\/a><\/p>\n<p><a href=\"http:\/\/740jw955i52c.brive.org\/wp-content\/uploads\/2021\/04\/Q7.3-HIRONDE-CECILE.pdf\">Q7.3 &#8211; HIRONDE CECILE<\/a><\/p>\n<p><a href=\"http:\/\/740jw955i52c.brive.org\/wp-content\/uploads\/2021\/04\/Q7.4-MONTEIL-JEAN-PIERRE.pdf\">Q7.4 &#8211; MONTEIL JEAN PIERRE<\/a><\/p>\n<p><a href=\"http:\/\/740jw955i52c.brive.org\/wp-content\/uploads\/2021\/04\/Q7.5-BENALI-RACHID.pdf\">Q7.5 &#8211; BENALI RACHID<\/a><\/p>\n<p><a href=\"http:\/\/740jw955i52c.brive.org\/wp-content\/uploads\/2021\/04\/Q7.6-FERNANDEZ-EMMANUEL.pdf\">Q7.6 &#8211; FERNANDEZ EMMANUEL<\/a><\/p>\n<p><a href=\"http:\/\/740jw955i52c.brive.org\/wp-content\/uploads\/2021\/04\/Q7.7-TARIF-JACQUES.pdf\">Q7.7 &#8211; TARIF JACQUES<\/a><\/p>\n<p><a href=\"http:\/\/740jw955i52c.brive.org\/wp-content\/uploads\/2021\/04\/Q7.8-ARAS-CENNET.pdf\">Q7.8 &#8211; ARAS CENNET<\/a><\/p>\n<p><a href=\"http:\/\/740jw955i52c.brive.org\/wp-content\/uploads\/2021\/04\/Q7.9-BUSSON-LAURENT.pdf\">Q7.9 &#8211; BUSSON LAURENT<\/a>[\/vc_column_text][\/vc_tta_section][vc_tta_section title=&#8221;Quartier 8&#8243; tab_id=&#8221;1617778254137-e3ab557a-8784&#8243;][vc_btn title=&#8221;R\u00e9sultat Quartier 08&#8243; style=&#8221;outline&#8221; shape=&#8221;rounded&#8221; color=&#8221;danger&#8221; i_icon_fontawesome=&#8221;fa fa-file-text-o&#8221; add_icon=&#8221;true&#8221; link=&#8221;url:http%3A%2F%2F740jw955i52c.brive.org%2Fwp-content%2Fuploads%2F2021%2F05%2FQ08.pdf||target:%20_blank|&#8221;][vc_column_text]Plan du quartier : <a href=\"http:\/\/740jw955i52c.brive.org\/wp-content\/uploads\/2021\/04\/Q8.pdf\">Q8<\/a><\/p>\n<p><strong>Quartier 8 Association \u00ab Les Relais du Quartier 8 \u00bb<\/strong><\/p>\n<p><a href=\"http:\/\/740jw955i52c.brive.org\/wp-content\/uploads\/2021\/04\/Q8-MEMBRES-DU-CONSEIL-Q8.pdf\">Q8 &#8211; MEMBRES DU CONSEIL Q8<\/a><\/p>\n<p><a href=\"http:\/\/740jw955i52c.brive.org\/wp-content\/uploads\/2021\/04\/Q8.12-LAVOUTE-JEAN-PIERRE.pdf\">Q8.12 &#8211; LAVOUTE JEAN PIERRE<\/a>[\/vc_column_text][\/vc_tta_section][vc_tta_section title=&#8221;Quartier 9&#8243; tab_id=&#8221;1617778324541-ba3c3a00-a830&#8243;][vc_btn title=&#8221;R\u00e9sultat Quartier 09&#8243; style=&#8221;outline&#8221; shape=&#8221;rounded&#8221; color=&#8221;danger&#8221; i_icon_fontawesome=&#8221;fa fa-file-text-o&#8221; add_icon=&#8221;true&#8221; link=&#8221;url:http%3A%2F%2F740jw955i52c.brive.org%2Fwp-content%2Fuploads%2F2021%2F05%2FQ09.pdf||target:%20_blank|&#8221;][vc_column_text]<b><a href=\"http:\/\/740jw955i52c.brive.org\/wp-content\/uploads\/2021\/04\/Q9.pdf\">Plan du quartier : Q9<\/a><\/b><\/p>\n<p><b>Quartier 9 \u2013 Association \u00ab Quartier de Saint Antoine \u00bb <\/b><\/p>\n<p><a href=\"http:\/\/740jw955i52c.brive.org\/wp-content\/uploads\/2021\/04\/Q9.1-GARCIA-MANUEL.pdf\">Q9.1 &#8211; GARCIA MANUEL<\/a><\/p>\n<p><a href=\"http:\/\/740jw955i52c.brive.org\/wp-content\/uploads\/2021\/04\/Q9.2-CUPPARI-SEBASTIEN.pdf\">Q9.2 &#8211; CUPPARI SEBASTIEN<\/a><\/p>\n<p><a href=\"http:\/\/740jw955i52c.brive.org\/wp-content\/uploads\/2021\/04\/Q9.3-NOIZAT-GERARD.pdf\">Q9.3 &#8211; NOIZAT GERARD<\/a><\/p>\n<p><a href=\"http:\/\/740jw955i52c.brive.org\/wp-content\/uploads\/2021\/04\/Q9.4-CHAUFFIER-JEAN-CLAUDE.pdf\">Q9.4 &#8211; CHAUFFIER JEAN CLAUDE<\/a><\/p>\n<p><a href=\"http:\/\/740jw955i52c.brive.org\/wp-content\/uploads\/2021\/04\/Q9.5-BRISSEAU-OLIVIER.pdf\">Q9.5 &#8211; BRISSEAU OLIVIER<\/a><\/p>\n<p><a href=\"http:\/\/740jw955i52c.brive.org\/wp-content\/uploads\/2021\/04\/Q9.6-DUPONT-VERGNE-JEAN-MARC.pdf\">Q9.6 &#8211; DUPONT VERGNE JEAN MARC<\/a><\/p>\n<p><a href=\"http:\/\/740jw955i52c.brive.org\/wp-content\/uploads\/2021\/04\/Q9.7-VILLENEUVE-FREDERIC.pdf\">Q9.7 &#8211; VILLENEUVE FREDERIC<\/a><\/p>\n<p><a href=\"http:\/\/740jw955i52c.brive.org\/wp-content\/uploads\/2021\/04\/Q9.8-DOUVENEAU-THOMAS.pdf\">Q9.8 &#8211; DOUVENEAU THOMAS<\/a><\/p>\n<p><a href=\"http:\/\/740jw955i52c.brive.org\/wp-content\/uploads\/2021\/04\/Q9.9-MAZET-FRANCOISE.pdf\">Q9.9 &#8211; MAZET FRANCOISE<\/a><\/p>\n<p><a href=\"http:\/\/740jw955i52c.brive.org\/wp-content\/uploads\/2021\/04\/Q9.10-DELSOL-JEAN-FRANCOIS.pdf\">Q9.10 &#8211; DELSOL JEAN FRANCOIS<\/a>[\/vc_column_text][\/vc_tta_section][vc_tta_section title=&#8221;Quartier 10&#8243; tab_id=&#8221;1617778426045-1dd40b53-e599&#8243;][vc_btn title=&#8221;R\u00e9sultat Quartier 10&#8243; style=&#8221;outline&#8221; shape=&#8221;rounded&#8221; color=&#8221;danger&#8221; i_icon_fontawesome=&#8221;fa fa-file-text-o&#8221; add_icon=&#8221;true&#8221; link=&#8221;url:http%3A%2F%2F740jw955i52c.brive.org%2Fwp-content%2Fuploads%2F2021%2F05%2FQ10.pdf||target:%20_blank|&#8221;][vc_column_text]Plan du quartier : <a href=\"http:\/\/740jw955i52c.brive.org\/wp-content\/uploads\/2021\/04\/Q10.pdf\">Q10<\/a><\/p>\n<p><b>Quartier 10 \u2013 Association des quartiers de la libert\u00e9<\/b><\/p>\n<p><a href=\"http:\/\/740jw955i52c.brive.org\/wp-content\/uploads\/2021\/04\/Q10.1-PHILIP-FRANCIS.pdf\">Q10.1 &#8211; PHILIP FRANCIS<\/a><\/p>\n<p><a href=\"http:\/\/740jw955i52c.brive.org\/wp-content\/uploads\/2021\/04\/Q10.2-NOWACKI-SYLVIE.pdf\">Q10.2 &#8211; NOWACKI SYLVIE<\/a><\/p>\n<p><a href=\"http:\/\/740jw955i52c.brive.org\/wp-content\/uploads\/2021\/04\/Q10.3-GUILLOIS-BERNADETTE.pdf\">Q10.3 &#8211; GUILLOIS BERNADETTE<\/a><\/p>\n<p><a href=\"http:\/\/740jw955i52c.brive.org\/wp-content\/uploads\/2021\/04\/Q10.4-FALTOT-JARGAUD-Martine.pdf\">Q10.4 &#8211; FALTOT JARGAUD Martine<\/a><\/p>\n<p><a href=\"http:\/\/740jw955i52c.brive.org\/wp-content\/uploads\/2021\/04\/Q10.5-DHUR-BRIGITTE.pdf\">Q10.5 &#8211; DHUR BRIGITTE<\/a><\/p>\n<p><a href=\"http:\/\/740jw955i52c.brive.org\/wp-content\/uploads\/2021\/04\/Q10.6-ESTAGERIE-JEAN-LOUIS.pdf\">Q10.6 &#8211; ESTAGERIE JEAN LOUIS<\/a><\/p>\n<p><a href=\"http:\/\/740jw955i52c.brive.org\/wp-content\/uploads\/2021\/04\/Q10.7-TRONCHE-JEAN-PIERRE.pdf\">Q10.7 &#8211; TRONCHE JEAN PIERRE<\/a><\/p>\n<p><a href=\"http:\/\/740jw955i52c.brive.org\/wp-content\/uploads\/2021\/04\/Q10.8-LEROUX-LUDOVIC.pdf\">Q10.8 &#8211; LEROUX LUDOVIC<\/a><\/p>\n<p><a href=\"http:\/\/740jw955i52c.brive.org\/wp-content\/uploads\/2021\/04\/Q10.9-SAUVINIAT-CELINE.pdf\">Q10.9 &#8211; SAUVINIAT CELINE<\/a>[\/vc_column_text][\/vc_tta_section][vc_tta_section title=&#8221;Quartier 11&#8243; tab_id=&#8221;1617778527383-41844872-9b18&#8243;][vc_btn title=&#8221;R\u00e9sultat Quartier 11&#8243; style=&#8221;outline&#8221; shape=&#8221;rounded&#8221; color=&#8221;danger&#8221; i_icon_fontawesome=&#8221;fa fa-file-text-o&#8221; add_icon=&#8221;true&#8221; link=&#8221;url:http%3A%2F%2F740jw955i52c.brive.org%2Fwp-content%2Fuploads%2F2021%2F05%2FQ11.pdf||target:%20_blank|&#8221;][vc_column_text]Plan du quartier : <a href=\"http:\/\/740jw955i52c.brive.org\/wp-content\/uploads\/2021\/04\/Q11.pdf\">Q11<\/a><\/p>\n<p><b>Quartier 11 \u2013 Association Quartier P\u00f4le universitaire<\/b><\/p>\n<p><a href=\"http:\/\/740jw955i52c.brive.org\/wp-content\/uploads\/2021\/04\/Q11.1-NUNES-JOSE.pdf\">Q11.1 &#8211; NUNES JOSE<\/a><\/p>\n<p><a href=\"http:\/\/740jw955i52c.brive.org\/wp-content\/uploads\/2021\/04\/Q11.2-WINGERT-RICHARD.pdf\">Q11.2 &#8211; WINGERT RICHARD<\/a><\/p>\n<p><a href=\"http:\/\/740jw955i52c.brive.org\/wp-content\/uploads\/2021\/04\/Q11.3-LACROIX-CHRISTOPHE.pdf\">Q11.3 &#8211; LACROIX CHRISTOPHE<\/a><\/p>\n<p><a href=\"http:\/\/740jw955i52c.brive.org\/wp-content\/uploads\/2021\/04\/Q11.4-RALAINOA-AGNES-CLIFF.pdf\">Q11.4 &#8211; RALAINOA AGNES CLIFF<\/a><\/p>\n<p><a href=\"http:\/\/740jw955i52c.brive.org\/wp-content\/uploads\/2021\/04\/Q11.5-MICHOT-JEAN-PIERRE.pdf\">Q11.5 &#8211; MICHOT JEAN PIERRE<\/a><\/p>\n<p><a href=\"http:\/\/740jw955i52c.brive.org\/wp-content\/uploads\/2021\/04\/Q11.6-BACELAR-MARIE.pdf\">Q11.6 &#8211; BACELAR MARIE<\/a><\/p>\n<p><a href=\"http:\/\/740jw955i52c.brive.org\/wp-content\/uploads\/2021\/04\/Q11.7-BUZON-MARYVONNE.pdf\">Q11.7 &#8211; BUZON MARYVONNE<\/a><\/p>\n<p><a href=\"http:\/\/740jw955i52c.brive.org\/wp-content\/uploads\/2021\/04\/Q11.8-BENTHAMI-VANESSA.pdf\">Q11.8-BENTHAMI-VANESSA<\/a><\/p>\n<p><a href=\"http:\/\/740jw955i52c.brive.org\/wp-content\/uploads\/2021\/04\/Q11.9-COURTAUD-GERARD.pdf\">Q11.9 &#8211; COURTAUD GERARD<\/a><\/p>\n<p><a href=\"http:\/\/740jw955i52c.brive.org\/wp-content\/uploads\/2021\/04\/Q11.10-MASSEDRE-CHRISTIAN.pdf\">Q11.10 &#8211; MASSEDRE CHRISTIAN<\/a><\/p>\n<p><a href=\"http:\/\/740jw955i52c.brive.org\/wp-content\/uploads\/2021\/04\/Q11.11-BEYSSEN-VIRGIL.pdf\">Q11.11 &#8211; BEYSSEN VIRGIL<\/a><\/p>\n<p><a href=\"http:\/\/740jw955i52c.brive.org\/wp-content\/uploads\/2021\/04\/Q11.12-MARCUCCI-SOPHIE.pdf\">Q11.12 &#8211; MARCUCCI SOPHIE<\/a><\/p>\n<p><a href=\"http:\/\/740jw955i52c.brive.org\/wp-content\/uploads\/2021\/04\/Q11.13-GIBERT-NADIA.pdf\">Q11.13 &#8211; GIBERT NADIA<\/a>[\/vc_column_text][\/vc_tta_section][vc_tta_section title=&#8221;Quartier 12&#8243; tab_id=&#8221;1617778615554-d08d464b-88ae&#8221;][vc_btn title=&#8221;R\u00e9sultat Quartier 12&#8243; style=&#8221;outline&#8221; shape=&#8221;rounded&#8221; color=&#8221;danger&#8221; i_icon_fontawesome=&#8221;fa fa-file-text-o&#8221; add_icon=&#8221;true&#8221; link=&#8221;url:http%3A%2F%2F740jw955i52c.brive.org%2Fwp-content%2Fuploads%2F2021%2F05%2FQ12.pdf||target:%20_blank|&#8221;][vc_column_text]Plan du quartier : <a href=\"http:\/\/740jw955i52c.brive.org\/wp-content\/uploads\/2021\/04\/Q12.pdf\">Q12<\/a><\/p>\n<p><b>Quartier 12 \u2013 Association \u00ab Bouquet Villages \u00bb <\/b><\/p>\n<p><a href=\"http:\/\/740jw955i52c.brive.org\/wp-content\/uploads\/2021\/04\/Q12.1-CHASSEUIL-YVETTE.pdf\">Q12.1 &#8211; CHASSEUIL YVETTE<\/a><\/p>\n<p><a href=\"http:\/\/740jw955i52c.brive.org\/wp-content\/uploads\/2021\/04\/Q12.2-ROUGIER-CATHERINE.pdf\">Q12.2 &#8211; ROUGIER CATHERINE<\/a><\/p>\n<p><a href=\"http:\/\/740jw955i52c.brive.org\/wp-content\/uploads\/2021\/04\/Q12.3-GUIRAL-RENAUD.pdf\">Q12.3 &#8211; GUIRAL RENAUD<\/a><\/p>\n<p><a href=\"http:\/\/740jw955i52c.brive.org\/wp-content\/uploads\/2021\/04\/Q12.4-VEYSSIERE-JEAN-PIERRE.pdf\">Q12.4 &#8211; VEYSSIERE JEAN PIERRE<\/a><\/p>\n<p><a href=\"http:\/\/740jw955i52c.brive.org\/wp-content\/uploads\/2021\/04\/Q12.5-BREGERE-GERARD.pdf\">Q12.5 &#8211; BREGERE GERARD<\/a><\/p>\n<p><a href=\"http:\/\/740jw955i52c.brive.org\/wp-content\/uploads\/2021\/04\/Q12.6-MONANGE-JEAN-NOEL.pdf\">Q12.6 &#8211; MONANGE JEAN NOEL<\/a><\/p>\n<p><a href=\"http:\/\/740jw955i52c.brive.org\/wp-content\/uploads\/2021\/04\/Q12.7-ANTIGNAC-TERROU-KARINE.pdf\">Q12.7 &#8211; ANTIGNAC TERROU KARINE<\/a><\/p>\n<p><a href=\"http:\/\/740jw955i52c.brive.org\/wp-content\/uploads\/2021\/04\/Q12.8-ROND-RAPHAEL.pdf\">Q12.8 &#8211; ROND RAPHAEL<\/a><\/p>\n<p><a href=\"http:\/\/740jw955i52c.brive.org\/wp-content\/uploads\/2021\/04\/Q12.9-MATHOU-LAURENT-PASCAL.pdf\">Q12.9 &#8211; MATHOU LAURENT PASCAL<\/a><\/p>\n<p><a href=\"http:\/\/740jw955i52c.brive.org\/wp-content\/uploads\/2021\/04\/Q12.10-MATHOU-KARINE.pdf\">Q12.10 &#8211; MATHOU KARINE<\/a><\/p>\n<p><a href=\"http:\/\/740jw955i52c.brive.org\/wp-content\/uploads\/2021\/04\/Q12.11-LACOSTE-COLETTE.pdf\">Q12.11 &#8211; LACOSTE COLETTE<\/a><\/p>\n<p><a href=\"http:\/\/740jw955i52c.brive.org\/wp-content\/uploads\/2021\/04\/Q12.12-SCHUHMACHER-VALERIE.pdf\">Q12.12 &#8211; SCHUHMACHER VALERIE<\/a><\/p>\n<p><a href=\"http:\/\/740jw955i52c.brive.org\/wp-content\/uploads\/2021\/04\/Q12.13-BEYLIE-DANIEL.pdf\">Q12.13 &#8211; BEYLIE DANIEL<\/a><\/p>\n<p><a href=\"http:\/\/740jw955i52c.brive.org\/wp-content\/uploads\/2021\/04\/Q12.14-CHAMPAGNE-PATRICE.pdf\">Q12.14 &#8211; CHAMPAGNE PATRICE<\/a>[\/vc_column_text][\/vc_tta_section][vc_tta_section title=&#8221;Quartier 13&#8243; tab_id=&#8221;1617778737014-a0cb998f-0342&#8243;][vc_btn title=&#8221;R\u00e9sultat Quartier 13&#8243; style=&#8221;outline&#8221; shape=&#8221;rounded&#8221; color=&#8221;danger&#8221; i_icon_fontawesome=&#8221;fa fa-file-text-o&#8221; add_icon=&#8221;true&#8221; link=&#8221;url:http%3A%2F%2F740jw955i52c.brive.org%2Fwp-content%2Fuploads%2F2021%2F05%2FQ13.pdf||target:%20_blank|&#8221;][vc_column_text]Plan du quartier : <a href=\"http:\/\/740jw955i52c.brive.org\/wp-content\/uploads\/2021\/04\/Q13.pdf\">Q13<\/a><\/p>\n<p><b>Quartier 13 \u2013 Association \u00abtreize \u00e0 la douzaine \u00bb<\/b><\/p>\n<p><a href=\"http:\/\/740jw955i52c.brive.org\/wp-content\/uploads\/2021\/04\/Q13.1-RHODDE-GISELE.pdf\">Q13.1 &#8211; RHODDE GISELE<\/a><\/p>\n<p><a href=\"http:\/\/740jw955i52c.brive.org\/wp-content\/uploads\/2021\/04\/Q13.2-DEBORD-MICHEL.pdf\">Q13.2 &#8211; DEBORD MICHEL<\/a><\/p>\n<p><a href=\"http:\/\/740jw955i52c.brive.org\/wp-content\/uploads\/2021\/04\/Q13.3-FLAMME-MARC.pdf\">Q13.3 &#8211; FLAMME MARC<\/a><\/p>\n<p><a href=\"http:\/\/740jw955i52c.brive.org\/wp-content\/uploads\/2021\/04\/Q13.4-EROGLU-KAZIM.pdf\">Q13.4 &#8211; EROGLU KAZIM<\/a><\/p>\n<p><a href=\"http:\/\/740jw955i52c.brive.org\/wp-content\/uploads\/2021\/04\/Q13.5-ZOUGARI-NISREDINE.pdf\">Q13.5 &#8211; ZOUGARI NISREDINE<\/a><\/p>\n<p><a href=\"http:\/\/740jw955i52c.brive.org\/wp-content\/uploads\/2021\/04\/Q13.6-ZOUGARI-NABIL.pdf\">Q13.6 &#8211; ZOUGARI NABIL<\/a><\/p>\n<p><a href=\"http:\/\/740jw955i52c.brive.org\/wp-content\/uploads\/2021\/04\/Q13.7-AMELLAL-KHALID.pdf\">Q13.7 &#8211; AMELLAL KHALID<\/a><\/p>\n<p><a href=\"http:\/\/740jw955i52c.brive.org\/wp-content\/uploads\/2021\/04\/Q13.8-ALMARHZA-MIMOUN.pdf\">Q13.8 &#8211; ALMARHZA MIMOUN<\/a><\/p>\n<p><a href=\"http:\/\/740jw955i52c.brive.org\/wp-content\/uploads\/2021\/04\/Q13.9-MENASRI-YOUSSEF.pdf\">Q13.9 &#8211; MENASRI YOUSSEF<\/a><\/p>\n<p><a href=\"http:\/\/740jw955i52c.brive.org\/wp-content\/uploads\/2021\/04\/Q13.10-SOULET-MARIE-HELENE.pdf\">Q13.10 &#8211; SOULET MARIE HELENE<\/a><\/p>\n<p><a href=\"http:\/\/740jw955i52c.brive.org\/wp-content\/uploads\/2021\/04\/Q13.11-DEMNATI-MOHAMED.pdf\">Q13.11 &#8211; DEMNATI MOHAMED<\/a><\/p>\n<p><a href=\"http:\/\/740jw955i52c.brive.org\/wp-content\/uploads\/2021\/04\/Q13.12-DEMNATI-LOUBNA.pdf\">Q13.12 &#8211; DEMNATI LOUBNA<\/a>[\/vc_column_text][\/vc_tta_section][vc_tta_section title=&#8221;Quartier 14&#8243; tab_id=&#8221;1617778812731-36a6fef3-51d0&#8243;][vc_btn title=&#8221;R\u00e9sultat Quartier 14&#8243; style=&#8221;outline&#8221; shape=&#8221;rounded&#8221; color=&#8221;danger&#8221; i_icon_fontawesome=&#8221;fa fa-file-text-o&#8221; add_icon=&#8221;true&#8221; link=&#8221;url:http%3A%2F%2F740jw955i52c.brive.org%2Fwp-content%2Fuploads%2F2021%2F05%2FQ14.pdf||target:%20_blank|&#8221;][vc_column_text]Plan du quartier : <a href=\"http:\/\/740jw955i52c.brive.org\/wp-content\/uploads\/2021\/04\/Q14.pdf\">Q14<\/a><\/p>\n<p><b>Quartier 14 \u2013 Association \u00ab vivre \u00e0 Gaubre \u00bb<\/b><\/p>\n<p><a href=\"http:\/\/740jw955i52c.brive.org\/wp-content\/uploads\/2021\/04\/Q14.1-PEYRONNET-CLAUDE.pdf\">Q14.1 &#8211; PEYRONNET CLAUDE<\/a><\/p>\n<p><a href=\"http:\/\/740jw955i52c.brive.org\/wp-content\/uploads\/2021\/04\/Q14.2-AIMARD-PATRICIA.pdf\">Q14.2-AIMARD-PATRICIA<\/a><\/p>\n<p><a href=\"http:\/\/740jw955i52c.brive.org\/wp-content\/uploads\/2021\/04\/Q14.3-NEUVIC-BERNARD.pdf\">Q14.3 &#8211; NEUVIC BERNARD<\/a><\/p>\n<p><a href=\"http:\/\/740jw955i52c.brive.org\/wp-content\/uploads\/2021\/04\/Q14.4-PICAT-SOLLADIE-BRIGITTE.pdf\">Q14.4 &#8211; PICAT SOLLADIE BRIGITTE<\/a><\/p>\n<p><a href=\"http:\/\/740jw955i52c.brive.org\/wp-content\/uploads\/2021\/04\/Q14.5-LASSIGNARDIE-JOSIE.pdf\">Q14.5 &#8211; LASSIGNARDIE JOSIE<\/a><\/p>\n<p><a href=\"http:\/\/740jw955i52c.brive.org\/wp-content\/uploads\/2021\/04\/Q14.6-GUVEN-ALI.pdf\">Q14.6 &#8211; GUVEN ALI<\/a><\/p>\n<p><a href=\"http:\/\/740jw955i52c.brive.org\/wp-content\/uploads\/2021\/04\/Q14.7-PEYRONNET-CHANTAL.pdf\">Q14.7 &#8211; PEYRONNET CHANTAL<\/a><\/p>\n<p><a href=\"http:\/\/740jw955i52c.brive.org\/wp-content\/uploads\/2021\/04\/Q14.8-FLUSTER-FLORENT.pdf\">Q14.8 &#8211; FLUSTER FLORENT<\/a><\/p>\n<p><a href=\"http:\/\/740jw955i52c.brive.org\/wp-content\/uploads\/2021\/04\/Q14.9-DAUDRIX-REGINE.pdf\">Q14.9 &#8211; DAUDRIX REGINE<\/a><\/p>\n<p><a href=\"http:\/\/740jw955i52c.brive.org\/wp-content\/uploads\/2021\/04\/Q14.10-RAHANIARIZAFY-MARIE-MADELEINE.pdf\">Q14.10 &#8211; RAHANIARIZAFY MARIE MADELEINE<\/a><\/p>\n<p><a href=\"http:\/\/740jw955i52c.brive.org\/wp-content\/uploads\/2021\/04\/Q14.11-GAULTIER-DENISE.pdf\">Q14.11 &#8211; GAULTIER DENISE<\/a><\/p>\n<p><a href=\"http:\/\/740jw955i52c.brive.org\/wp-content\/uploads\/2021\/04\/Q14.12-GACHET-PATRICK.pdf\">Q14.12 &#8211; GACHET PATRICK<\/a><\/p>\n<p><a href=\"http:\/\/740jw955i52c.brive.org\/wp-content\/uploads\/2021\/04\/Q14.13-BARRERE-MARIE.pdf\">Q14.13 &#8211; BARRERE MARIE<\/a><\/p>\n<p><a href=\"http:\/\/740jw955i52c.brive.org\/wp-content\/uploads\/2021\/04\/Q14.14-BRISSEAU-EVELYNE.pdf\">Q14.14 &#8211; BRISSEAU EVELYNE<\/a><\/p>\n<p><a href=\"http:\/\/740jw955i52c.brive.org\/wp-content\/uploads\/2021\/04\/Q14.15-BRISSEAU-PIERRE.pdf\">Q14.15 &#8211; BRISSEAU PIERRE<\/a><\/p>\n<p><a href=\"http:\/\/740jw955i52c.brive.org\/wp-content\/uploads\/2021\/04\/Q14.16-BOR-DAVID.pdf\">Q14.16 &#8211; BOR DAVID<\/a><\/p>\n<p><a href=\"http:\/\/740jw955i52c.brive.org\/wp-content\/uploads\/2021\/04\/Q14.17-BELFOUL-ELHALOUI-SMAHANE.pdf\">Q14.17 &#8211; BELFOUL ELHALOUI SMAHANE<\/a><\/p>\n<p><a href=\"http:\/\/740jw955i52c.brive.org\/wp-content\/uploads\/2021\/04\/Q14.18-TOKAT-HAMIZA.pdf\">Q14.18 -TOKAT HAMIZA<\/a>[\/vc_column_text][\/vc_tta_section][vc_tta_section title=&#8221;Quartier 15&#8243; tab_id=&#8221;1617778970162-d61be06d-749d&#8221;][vc_btn title=&#8221;R\u00e9sultat Quartier 15&#8243; style=&#8221;outline&#8221; shape=&#8221;rounded&#8221; color=&#8221;danger&#8221; i_icon_fontawesome=&#8221;fa fa-file-text-o&#8221; add_icon=&#8221;true&#8221; link=&#8221;url:http%3A%2F%2F740jw955i52c.brive.org%2Fwp-content%2Fuploads%2F2021%2F05%2FQ15.pdf||target:%20_blank|&#8221;][vc_column_text]Plan du quartier : <a href=\"http:\/\/740jw955i52c.brive.org\/wp-content\/uploads\/2021\/04\/Q15.pdf\">Q15<\/a><\/p>\n<p><b>Quartier 15 \u2013 <\/b><strong>Association \u00abQuartier Vialmur Rivet\u00bb<\/strong><\/p>\n<p><a href=\"http:\/\/740jw955i52c.brive.org\/wp-content\/uploads\/2021\/04\/Q15.1-BRAMAT-MARIE.pdf\">Q15.1 &#8211; BRAMAT MARIE<\/a><\/p>\n<p><a href=\"http:\/\/740jw955i52c.brive.org\/wp-content\/uploads\/2021\/04\/Q15.2-MARTINIE-FLORENCE.pdf\">Q15.2 &#8211; MARTINIE FLORENCE<\/a><\/p>\n<p><a href=\"http:\/\/740jw955i52c.brive.org\/wp-content\/uploads\/2021\/04\/Q15.3-POUZON-DANIEL.pdf\">Q15.3 &#8211; POUZON DANIEL<\/a><\/p>\n<p><a href=\"http:\/\/740jw955i52c.brive.org\/wp-content\/uploads\/2021\/04\/Q15.4-MOURNETAS-MARIE-PIERRE.pdf\">Q15.4 &#8211; MOURNETAS MARIE PIERRE<\/a><\/p>\n<p><a href=\"http:\/\/740jw955i52c.brive.org\/wp-content\/uploads\/2021\/04\/Q15.5-PETIT-SAMUEL.pdf\">Q15.5 &#8211; PETIT SAMUEL<\/a><\/p>\n<p><a href=\"http:\/\/740jw955i52c.brive.org\/wp-content\/uploads\/2021\/04\/Q15.6-GORSE-FRANCINE.pdf\">Q15.6- GORSE FRANCINE<\/a><\/p>\n<p><a href=\"http:\/\/740jw955i52c.brive.org\/wp-content\/uploads\/2021\/04\/Q15.7-DUMAS-HELENE.pdf\">Q15.7 &#8211; DUMAS HELENE<\/a><\/p>\n<p><a href=\"http:\/\/740jw955i52c.brive.org\/wp-content\/uploads\/2021\/04\/Q15.8-DULERY-REGINE.pdf\">Q15.8 &#8211; DULERY REGINE<\/a><\/p>\n<p><a href=\"http:\/\/740jw955i52c.brive.org\/wp-content\/uploads\/2021\/04\/Q15.9-BONNAFOUS-KARINE.pdf\">Q15.9 &#8211; BONNAFOUS KARINE<\/a>[\/vc_column_text][\/vc_tta_section][vc_tta_section title=&#8221;Quartier 16&#8243; tab_id=&#8221;1617779039319-82805add-3b91&#8243;][vc_btn title=&#8221;R\u00e9sultat Quartier 16&#8243; style=&#8221;outline&#8221; shape=&#8221;rounded&#8221; color=&#8221;danger&#8221; i_icon_fontawesome=&#8221;fa fa-file-text-o&#8221; add_icon=&#8221;true&#8221; link=&#8221;url:http%3A%2F%2F740jw955i52c.brive.org%2Fwp-content%2Fuploads%2F2021%2F05%2FQ16.pdf||target:%20_blank|&#8221;][vc_column_text]Plan du quartier : <a href=\"http:\/\/740jw955i52c.brive.org\/wp-content\/uploads\/2021\/04\/Q16.pdf\">Q16<\/a><\/p>\n<p><b>Quartier 16 \u2013 Association \u00ab seize rosiers pour l\u2019avenir \u00bb <\/b><\/p>\n<p><a href=\"http:\/\/740jw955i52c.brive.org\/wp-content\/uploads\/2021\/04\/Q16.2-TRONCHE-CHRISTIAN.pdf\">Q16.2 &#8211; TRONCHE CHRISTIAN<\/a><\/p>\n<p><a href=\"http:\/\/740jw955i52c.brive.org\/wp-content\/uploads\/2021\/04\/Q16.3-BLONDEL-JOEL.pdf\">Q16.3 &#8211; BLONDEL JOEL<\/a><\/p>\n<p><a href=\"http:\/\/740jw955i52c.brive.org\/wp-content\/uploads\/2021\/04\/Q16.4-CHEYROUX-PASCAL.pdf\">Q16.4 &#8211; CHEYROUX PASCAL<\/a><\/p>\n<p><a href=\"http:\/\/740jw955i52c.brive.org\/wp-content\/uploads\/2021\/04\/Q16.5-FRANCOUAL-JEAN-CLAUDE.pdf\">Q16.5 &#8211; FRANCOUAL JEAN CLAUDE<\/a><\/p>\n<p><a href=\"http:\/\/740jw955i52c.brive.org\/wp-content\/uploads\/2021\/04\/Q16.6-COURTAUD-BERTRAND.pdf\">Q16.6 &#8211; COURTAUD BERTRAND<\/a><\/p>\n<p><a href=\"http:\/\/740jw955i52c.brive.org\/wp-content\/uploads\/2021\/04\/Q16.7-PENAUD-BERNARD-ERYK.pdf\">Q16.7 &#8211; PENAUD BERNARD ERYK<\/a><\/p>\n<p><a href=\"http:\/\/740jw955i52c.brive.org\/wp-content\/uploads\/2021\/04\/Q16.8-BRAMAT-ANTONIN.pdf\">Q16.8 &#8211; BRAMAT ANTONIN<\/a><\/p>\n<p><a href=\"http:\/\/740jw955i52c.brive.org\/wp-content\/uploads\/2021\/04\/Q16.9-DUFLOS-EVA.pdf\">Q16.9 &#8211; DUFLOS EVA<\/a>[\/vc_column_text][\/vc_tta_section][vc_tta_section title=&#8221;Quartier 17&#8243; tab_id=&#8221;1617779136402-4ff4525c-8e80&#8243;][vc_btn title=&#8221;R\u00e9sultat Quartier 17&#8243; style=&#8221;outline&#8221; shape=&#8221;rounded&#8221; color=&#8221;danger&#8221; i_icon_fontawesome=&#8221;fa fa-file-text-o&#8221; add_icon=&#8221;true&#8221; link=&#8221;url:http%3A%2F%2F740jw955i52c.brive.org%2Fwp-content%2Fuploads%2F2021%2F05%2FQ17.pdf||target:%20_blank|&#8221;][vc_column_text]Plan du quartier : <a href=\"http:\/\/740jw955i52c.brive.org\/wp-content\/uploads\/2021\/04\/Q17.pdf\">Q17<\/a><\/p>\n<p><a href=\"http:\/\/740jw955i52c.brive.org\/wp-content\/uploads\/2021\/04\/Q17.1-FRANCOIS-JEAN-LUC.pdf\">Q17.1 &#8211; FRANCOIS JEAN LUC<\/a><\/p>\n<p><a href=\"http:\/\/740jw955i52c.brive.org\/wp-content\/uploads\/2021\/04\/Q17.2-CHAUVIGNAT-JEAN-CLAUDE.pdf\">Q17.2 &#8211; CHAUVIGNAT JEAN CLAUDE<\/a><\/p>\n<p><a href=\"http:\/\/740jw955i52c.brive.org\/wp-content\/uploads\/2021\/04\/Q17.3-TRAVERSAT-CHRISTINE.pdf\">Q17.3 &#8211; TRAVERSAT CHRISTINE<\/a><\/p>\n<p><a href=\"http:\/\/740jw955i52c.brive.org\/wp-content\/uploads\/2021\/04\/Q17.4-COULIE-HENRI.pdf\">Q17.4 &#8211; COULIE HENRI<\/a><\/p>\n<p><a href=\"http:\/\/740jw955i52c.brive.org\/wp-content\/uploads\/2021\/04\/Q17.5-PIARD-JEAN-LOUIS.pdf\">Q17.5 &#8211; PIARD JEAN LOUIS<\/a><\/p>\n<p><a href=\"http:\/\/740jw955i52c.brive.org\/wp-content\/uploads\/2021\/04\/Q17.6-SIMON-ISABELLE.pdf\">Q17.6 &#8211; SIMON ISABELLE<\/a><\/p>\n<p><a href=\"http:\/\/740jw955i52c.brive.org\/wp-content\/uploads\/2021\/04\/Q17.7-LACOSTE-LUDOVIC.pdf\">Q17.7 &#8211; LACOSTE LUDOVIC<\/a><\/p>\n<p><a href=\"http:\/\/740jw955i52c.brive.org\/wp-content\/uploads\/2021\/04\/Q17.8-CHAMP-JEAN-JACQUES.pdf\">Q17.8 &#8211; CHAMP JEAN JACQUES<\/a><\/p>\n<p><a href=\"http:\/\/740jw955i52c.brive.org\/wp-content\/uploads\/2021\/04\/Q17.9-LACHAUD-JOEL.pdf\">Q17.9 &#8211; LACHAUD JOEL<\/a><\/p>\n<p><a href=\"http:\/\/740jw955i52c.brive.org\/wp-content\/uploads\/2021\/04\/Q17.10-ROUCHI-JEAN-MARC.pdf\">Q17.10 &#8211; ROUCHI JEAN MARC<\/a><\/p>\n<p><a href=\"http:\/\/740jw955i52c.brive.org\/wp-content\/uploads\/2021\/04\/Q17.11-MARNEIX-REMY.pdf\">Q17.11 &#8211; MARNEIX REMY<\/a><\/p>\n<p><a href=\"http:\/\/740jw955i52c.brive.org\/wp-content\/uploads\/2021\/04\/Q17.12-SOURDOIRE-MARTINE.pdf\">Q17.12 &#8211; SOURDOIRE MARTINE<\/a><\/p>\n<p><a href=\"http:\/\/740jw955i52c.brive.org\/wp-content\/uploads\/2021\/04\/Q17.13-VALENTE-REMI.pdf\">Q17.13 &#8211; VALENTE REMI<\/a><\/p>\n<p><a href=\"http:\/\/740jw955i52c.brive.org\/wp-content\/uploads\/2021\/04\/Q17.14-CLAUZADE-HERVE.pdf\">Q17.14 &#8211; CLAUZADE HERVE<\/a><\/p>\n<p><a href=\"http:\/\/740jw955i52c.brive.org\/wp-content\/uploads\/2021\/04\/Q17.15-TOCABEN-ALAIN.pdf\">Q17.15 &#8211; TOCABEN ALAIN<\/a><\/p>\n<p><a href=\"http:\/\/740jw955i52c.brive.org\/wp-content\/uploads\/2021\/04\/Q17.16-DELLA-VEDOVA-DAVID.pdf\">Q17.16 &#8211; DELLA VEDOVA DAVID<\/a><\/p>\n<p><a href=\"http:\/\/740jw955i52c.brive.org\/wp-content\/uploads\/2021\/04\/Q17.17-SOLA-BERNADETTE.pdf\">Q17.17 &#8211; SOLA BERNADETTE<\/a>[\/vc_column_text][\/vc_tta_section][\/vc_tta_accordion][\/vc_column][\/vc_row][vc_row disable_element=&#8221;yes&#8221;][vc_column width=&#8221;1\/2&#8243;][vc_btn title=&#8221;T\u00e9l\u00e9chargez le formulaire de candidature&#8221; style=&#8221;outline&#8221; color=&#8221;danger&#8221; align=&#8221;center&#8221; i_icon_fontawesome=&#8221;fa fa-file-text&#8221; css_animation=&#8221;bounceIn&#8221; add_icon=&#8221;true&#8221; link=&#8221;url:http%3A%2F%2F740jw955i52c.brive.org%2Fwp-content%2Fuploads%2F2021%2F03%2FCOURRIER-CANDIDATURE-CONSEIL-DE-QUARTIERS-2021.docx||target:%20_blank|&#8221;][vc_cta h2=&#8221;Elections Conseils de Quartier&#8221; style=&#8221;outline&#8221; color=&#8221;peacoc&#8221;]<strong>Jusqu&#8217;au 2 avril 2021<\/strong> : <span style=\"color: #3366ff\"><strong>Engagez-vous pour votre quartier !<\/strong><\/span><\/p>\n<p><strong>Les \u00e9lections des conseils de quartier se d\u00e9rouleront du 17 au 21 mai.<\/strong> Pand\u00e9mie oblige et pour s\u00e9curiser au mieux ces \u00e9lections, les votes se feront par Internet ou correspondance. Un bureau sera toutefois mis en place en mairie pendant ces quatre jours pour les votants ne disposant pas du num\u00e9rique.<\/p>\n<p><strong>Vous avez jusqu\u2019au 2 avril pour \u00eatre candidat(e).<\/strong><\/p>\n<p>Avec ensuite tout le mois pour mener campagne.[\/vc_cta][\/vc_column][vc_column width=&#8221;1\/2&#8243;][vc_btn title=&#8221;T\u00e9l\u00e9chargez la fiche de motivation du candidat&#8221; style=&#8221;outline&#8221; color=&#8221;danger&#8221; align=&#8221;center&#8221; i_icon_fontawesome=&#8221;fa fa-file-text&#8221; css_animation=&#8221;bounceIn&#8221; add_icon=&#8221;true&#8221; link=&#8221;url:http%3A%2F%2F740jw955i52c.brive.org%2Fwp-content%2Fuploads%2F2021%2F03%2FFiche-de-motivation-Candidature-Conseils-de-Quartier-Ville-de-Brive-1.doc||target:%20_blank|&#8221;][vc_cta h2=&#8221;Comment \u00eatre candidat(e) ?&#8221; style=&#8221;outline&#8221; color=&#8221;peacoc&#8221;]&gt; Remplir <strong>le formulaire<\/strong> (\u00e0 t\u00e9l\u00e9charger sur brive.fr ou disponible en mairie au service Vie des quartiers) ;<br \/>\n&gt; Joindre une copie de <strong>la carte d\u2019identit\u00e9<\/strong>, <strong>un justificatif de domicile<\/strong> et <strong>une fiche de motivation<\/strong> (t\u00e9l\u00e9chargeable sur brive.fr). celle-ci sera mise en ligne et consultable par les \u00e9lecteurs ;<br \/>\n&gt; D\u00e9poser le dossier complet avant le vendredi 2 avril \u00e0 17h : par mail \u00e0 <a href=\"mailto:aurelie.pourtal@brive.fr\">aurelie.pourtal@brive.fr<\/a>, en le d\u00e9posant en mairie ou en l\u2019envoyant \u00e0 monsieur le maire de Brive, service Vie des quartiers, h\u00f4tel de ville, Bp 80433, 19312 Brive cedex.<br \/>\n\u2022 plus d\u2019infos aupr\u00e8s d\u2019<strong>Henri Lauzeral au 05.55.18.16.39<\/strong>.[\/vc_cta][\/vc_column][\/vc_row][vc_row][vc_column width=&#8221;1\/2&#8243;]<div class=\"uxb-exte\"><h4 class=\"   has-line   uxb-heading\">17 conseils de quartier dor\u00e9navant !<\/h4><\/div>[vc_column_text]<\/p>\n<p style=\"text-align: left\">Le d\u00e9coupage a \u00e9t\u00e9 fait pour que chacun d\u2019entre eux regroupe deux ou trois bureaux de vote, Brive en comptant trente-quatre.<\/p>\n<p style=\"text-align: left\">Chaque nouveau quartier compte entre deux mille et trois mille habitants.<\/p>\n<p style=\"text-align: left\">Cette strate permet d\u2019avoir une r\u00e9partition homog\u00e8ne de la population, \u00e0 tout point de vue, pour faire vivre ce processus d\u00e9mocratique.<\/p>\n<p>Chaque conseil est compos\u00e9 de 12 membres, \u00e9lus par les brivistes inscrits sur les listes \u00e9lectorales.<\/p>\n<p>[\/vc_column_text][vc_column_text]<\/p>\n<p><img decoding=\"async\" loading=\"lazy\" class=\"size-full wp-image-30723 aligncenter\" src=\"http:\/\/740jw955i52c.brive.org\/wp-content\/uploads\/2018\/02\/N\u00b0_VERT.jpg\" alt=\"\" width=\"200\" height=\"35\" srcset=\"http:\/\/740jw955i52c.brive.org\/wp-content\/uploads\/2018\/02\/N\u00b0_VERT.jpg 200w, http:\/\/740jw955i52c.brive.org\/wp-content\/uploads\/2018\/02\/N\u00b0_VERT-198x35.jpg 198w\" sizes=\"(max-width: 200px) 100vw, 200px\" \/><\/p>\n<p>[\/vc_column_text][vc_separator color=&#8221;white&#8221;][\/vc_column][vc_column width=&#8221;1\/2&#8243;][vc_btn title=&#8221;G\u00e9oQuartiers &#8230;&#8221; style=&#8221;custom&#8221; custom_background=&#8221;#5aa1e3&#8243; custom_text=&#8221;#ffffff&#8221; align=&#8221;center&#8221; button_block=&#8221;true&#8221; link=&#8221;url:https%3A%2F%2Fsig.agglodebrive.org%2Fadws%2Fapp%2F53717eb1-9140-11e6-be4e-470323ccc567%2Findex.html||target:%20_blank|&#8221;][vc_column_text]<\/p>\n<p style=\"text-align: left\"><strong>Une banque d\u2019accueil d\u00e9di\u00e9e aux quartiers est \u00e0 la disposition de chacun. <\/strong><br \/>\nElle sert \u00e0 centraliser toutes les demandes \u00e9manant des 16 conseils de quartier et suivre leur traitement dans les meilleurs d\u00e9lais.<\/p>\n<p style=\"text-align: left\"><strong>Elle se situe au niveau de l\u2019accueil de la mairie et est ouverte de 8h30 \u00e0 12h30 et de 13h30 \u00e0 17h30 du lundi au vendredi.<\/strong><\/p>\n<p>[\/vc_column_text][vc_row_inner][vc_column_inner width=&#8221;1\/2&#8243;][vc_single_image image=&#8221;4227&#8243; image_position=&#8221;normal-align-center&#8221; has_link=&#8221;false&#8221; link_type=&#8221;normal&#8221;][\/vc_column_inner][vc_column_inner width=&#8221;1\/2&#8243;][vc_single_image image=&#8221;10881&#8243; image_position=&#8221;normal-align-center&#8221; has_link=&#8221;false&#8221; link_type=&#8221;normal&#8221;][\/vc_column_inner][\/vc_row_inner][\/vc_column][\/vc_row][vc_row][vc_column]<div class=\"uxb-exte\"><h3 class=\"    uxb-heading\">Les conseils de quartier mode d'emploi<\/h3><\/div>[vc_tta_accordion style=&#8221;outline&#8221; shape=&#8221;square&#8221; color=&#8221;sky&#8221; c_icon=&#8221;triangle&#8221; active_section=&#8221;&#8221; collapsible_all=&#8221;true&#8221;][vc_tta_section tab_id=&#8221;1520432825160-2be1868f-6651&#8243; title=&#8221;Les \u00e9lus \u00e0 l&#8217;\u00e9coute des habitants&#8221;][vc_column_text]<\/p>\n<p><b><img decoding=\"async\" loading=\"lazy\" class=\"wp-image-41788 size-medium alignleft\" src=\"http:\/\/740jw955i52c.brive.org\/wp-content\/uploads\/2020\/10\/Veyssi\u00e8res-Jacques-300x350.jpg\" alt=\"\" width=\"300\" height=\"350\" srcset=\"http:\/\/740jw955i52c.brive.org\/wp-content\/uploads\/2020\/10\/Veyssi\u00e8res-Jacques-300x350.jpg 300w, http:\/\/740jw955i52c.brive.org\/wp-content\/uploads\/2020\/10\/Veyssi\u00e8res-Jacques-750x875.jpg 750w, http:\/\/740jw955i52c.brive.org\/wp-content\/uploads\/2020\/10\/Veyssi\u00e8res-Jacques-200x233.jpg 200w, http:\/\/740jw955i52c.brive.org\/wp-content\/uploads\/2020\/10\/Veyssi\u00e8res-Jacques-600x700.jpg 600w, http:\/\/740jw955i52c.brive.org\/wp-content\/uploads\/2020\/10\/Veyssi\u00e8res-Jacques-1317x1536.jpg 1317w, http:\/\/740jw955i52c.brive.org\/wp-content\/uploads\/2020\/10\/Veyssi\u00e8res-Jacques-916x1069.jpg 916w, http:\/\/740jw955i52c.brive.org\/wp-content\/uploads\/2020\/10\/Veyssi\u00e8res-Jacques-590x688.jpg 590w, http:\/\/740jw955i52c.brive.org\/wp-content\/uploads\/2020\/10\/Veyssi\u00e8res-Jacques-363x423.jpg 363w, http:\/\/740jw955i52c.brive.org\/wp-content\/uploads\/2020\/10\/Veyssi\u00e8res-Jacques.jpg 1519w\" sizes=\"(max-width: 300px) 100vw, 300px\" \/><\/b><\/p>\n<p><b>Jacques Veyssi\u00e8re<\/b> est adjoint au maire charg\u00e9 de la D\u00e9mocratie participative et de la vie des quartiers, ainsi que de l&#8217;am\u00e9nagement urbain.<br \/>\nLa cr\u00e9ation de ces seize conseils de quartier est \u00abla suite logique d\u2019une pr\u00e9occupation majeure du maire: \u00eatre pr\u00e8s des gens, \u00e0 l\u2019\u00e9coute, et r\u00e9pondre de mani\u00e8re rapide et efficiente aux attentes des Brivistes\u00bb.<\/p>\n<p>Le projet initial pr\u00e9voyait quinze quartiers \u00abmais dans un souci d\u2019\u00e9quilibre dans le nombre d\u2019habitants et la composition sociologique de chacun d\u2019entre eux, nous sommes pass\u00e9s \u00e0 seize\u00bb.<\/p>\n<p>\u00abL\u2019\u00e9quipe municipale est au plus pr\u00e8s des pr\u00e9occupations des citoyens. Il s\u2019ensuit une r\u00e9ponse et un d\u00e9lai pour celle-ci qui sont plus appropri\u00e9s\u00bb. De plus, \u00abchaque conseil de quartier a davantage de facilit\u00e9 \u00e0 faire \u00e9merger les points sur lesquels il faudra agir et investir, beaucoup plus qu\u2019auparavant o\u00f9 les conseils n\u2019\u00e9taient que quatre, trop grands, trop \u00e9tendus, avec des pr\u00e9occupations de leurs habitants qui n\u2019\u00e9taient pas forc\u00e9ment les m\u00eames d\u2019un bout \u00e0 l\u2019autre du quartier\u00bb.<\/p>\n<p>Enfin, \u00abpour vraiment faire vivre cette d\u00e9mocratie des quartiers, nous les dotons d\u2019un budget de fonctionnement (1000 euros par an) et d\u2019un budget d\u2019investissement (150000 euros par an sur toute la mandature), un vrai levier d\u2019action\u00bb. Et de conclure, \u00abc\u2019est une vraie chance pour les habitants d\u2019am\u00e9liorer leur bien vivre dans la ville, au quotidien, et sur le long terme\u00bb.[\/vc_column_text][\/vc_tta_section][\/vc_tta_accordion][vc_tta_accordion style=&#8221;outline&#8221; shape=&#8221;square&#8221; color=&#8221;sky&#8221; c_icon=&#8221;triangle&#8221; active_section=&#8221;&#8221; collapsible_all=&#8221;true&#8221;][vc_tta_section title=&#8221;Un conseil de quartier, \u00e7a sert \u00e0 quoi ?&#8221; tab_id=&#8221;1520435094292-e9cdb33b-8d15&#8243;][vc_column_text]Il s\u2019inscrit dans un processus de cod\u00e9cision. Am\u00e9lioration du cadre de vie, animation du quartier, probl\u00e8mes de voirie, d\u2019assainissement, am\u00e9nagements ou cr\u00e9ations d\u2019espaces verts, circulation, stationnement, s\u00e9curit\u00e9, propret\u00e9, sur de nombreux domaines, la Ville et le conseil mettront en commun leurs propositions, avec, \u00e0 la clef, des engagements de la municipalit\u00e9.<\/p>\n<ul>\n<li>C&#8217;est le contrat, \u00e9tabli pour la dur\u00e9e du mandat, et qui fait l\u2019objet d\u2019un suivi pour tenir compte des \u00e9v\u00e9nements de la vie du quartier et des projets \u00e0 r\u00e9aliser. Des objectifs sont act\u00e9s, et \u00e9valu\u00e9s tous les ans. Cette autonomie financi\u00e8re, fix\u00e9e \u00e0 150 000 euros, et destin\u00e9e \u00e0 r\u00e9pondre aux besoins et aux attentes des citoyens, permet \u00e0 chacun de s\u2019approprier, en quelque sorte, la vie de son quartier pour la rendre plus agr\u00e9able.<\/li>\n<li>L\u2019objectif est de d\u00e9velopper le principe de cod\u00e9cision et ainsi de gagner en confiance entre les riverains et les \u00e9lus. Discuter, partager des objectifs, travailler ensemble \u00e0 leur r\u00e9alisation est Proximit\u00e9 : de nouveaux conseils de quartier pour plus d\u2019efficacit\u00e9 un bon moyen de renouer le lien, par le pass\u00e9 distendu, entre les habitants et ceux qui ont la charge de leur quotidien.<\/li>\n<li>Cela permet \u00e9galement de responsabiliser davantage les habitants sur la mani\u00e8re de d\u00e9penser l\u2019argent public. Sans ce lien, il arrive souvent que des d\u00e9cisions prises par la mairie ne soient pas forc\u00e9ment bien per\u00e7ues par la population. Cette cod\u00e9cision et cette autonomie financi\u00e8re sont pour tous une fa\u00e7on plus pertinente d\u2019appr\u00e9hender le bien-fond\u00e9 d\u2019un projet, d\u2019une r\u00e9alisation, d\u2019une d\u00e9cision au regard d\u2019un budget disponible, mais pas extensible. Un effet p\u00e9dagogique ind\u00e9niable.<\/li>\n<\/ul>\n<p>Tout se fait bien entendu en totale concertation avec la mairie et ses services. Et, volont\u00e9 affirm\u00e9e, en dehors de toute consid\u00e9ration politique politicienne. On insiste \u00e0 la mairie sur le fait que la d\u00e9mocratie participative n\u2019est ni de droite ni de gauche, mais le r\u00e9sultat de la motivation et de l\u2019implication de tout citoyen \u00e0 am\u00e9liorer sa ville.[\/vc_column_text][\/vc_tta_section][\/vc_tta_accordion][\/vc_column][\/vc_row][vc_row][vc_column width=&#8221;1\/2&#8243;][vc_tta_accordion style=&#8221;outline&#8221; shape=&#8221;square&#8221; color=&#8221;sky&#8221; c_icon=&#8221;triangle&#8221; active_section=&#8221;&#8221; collapsible_all=&#8221;true&#8221;][vc_tta_section title=&#8221;La ville est compos\u00e9e de 17 quartiers dor\u00e9navant !&#8221; tab_id=&#8221;1520432470969-c7fb4f0f-5254&#8243;][vc_column_text]Le d\u00e9coupage a \u00e9t\u00e9 fait pour que chacun d\u2019entre eux regroupe deux ou trois bureaux de vote.<br \/>\nChaque nouveau quartier compte entre deux mille et trois mille habitants.<\/p>\n<p><b>Consultez la carte des quartiers :<\/b>[\/vc_column_text][vc_column_text css=&#8221;.vc_custom_1707400895462{background-color: #ffffff !important;}&#8221;]<\/p>\n<ul>\n<li class=\"pdf\"><a href=\"http:\/\/740jw955i52c.brive.org\/wp-content\/uploads\/2021\/03\/Plan-general.pdf\">Plan g\u00e9n\u00e9ral<\/a><\/li>\n<li class=\"pdf\"><a href=\"http:\/\/740jw955i52c.brive.org\/wp-content\/uploads\/2017\/12\/Q1.pdf\" target=\"_blank\" rel=\"noopener noreferrer\">Quartier 1 <\/a><\/li>\n<li class=\"pdf\"><a href=\"http:\/\/740jw955i52c.brive.org\/wp-content\/uploads\/2017\/12\/Q2.pdf\" target=\"_blank\" rel=\"noopener noreferrer\">Quartier 2 <\/a><\/li>\n<li class=\"pdf\"><a href=\"http:\/\/740jw955i52c.brive.org\/wp-content\/uploads\/2017\/12\/Q3.pdf\" target=\"_blank\" rel=\"noopener noreferrer\">Quartier 3<\/a><\/li>\n<li><a href=\"http:\/\/740jw955i52c.brive.org\/wp-content\/uploads\/2017\/12\/Q4.pdf\" target=\"_blank\" rel=\"noopener noreferrer\">Quartier 4<\/a><\/li>\n<li><a href=\"http:\/\/740jw955i52c.brive.org\/wp-content\/uploads\/2017\/12\/Q5.pdf\" target=\"_blank\" rel=\"noopener noreferrer\">Quartier 5<\/a><\/li>\n<li><a href=\"http:\/\/740jw955i52c.brive.org\/wp-content\/uploads\/2017\/12\/Q6.pdf\" target=\"_blank\" rel=\"noopener noreferrer\">Quartier 6<\/a><\/li>\n<li><a href=\"http:\/\/740jw955i52c.brive.org\/wp-content\/uploads\/2021\/03\/Q-7.pdf\" target=\"_blank\" rel=\"noopener noreferrer\">Quartier 7<\/a><\/li>\n<li><a href=\"http:\/\/740jw955i52c.brive.org\/wp-content\/uploads\/2017\/12\/Q8.pdf\" target=\"_blank\" rel=\"noopener noreferrer\">Quartier 8<\/a><\/li>\n<li><a href=\"http:\/\/740jw955i52c.brive.org\/wp-content\/uploads\/2024\/02\/Quartier-9-V.pdf\">Quartier 9<\/a><\/li>\n<li><a href=\"http:\/\/740jw955i52c.brive.org\/wp-content\/uploads\/2017\/12\/Q10.pdf\" target=\"_blank\" rel=\"noopener noreferrer\">Quartier 10<\/a><\/li>\n<li><a href=\"http:\/\/740jw955i52c.brive.org\/wp-content\/uploads\/2017\/12\/Q11.pdf\" target=\"_blank\" rel=\"noopener noreferrer\">Quartier 11<\/a><\/li>\n<li class=\"pdf\"><a href=\"http:\/\/740jw955i52c.brive.org\/wp-content\/uploads\/2021\/03\/Q-12.pdf\" target=\"_blank\" rel=\"noopener noreferrer\">Quartier 12<\/a><\/li>\n<li class=\"pdf\"><a href=\"http:\/\/740jw955i52c.brive.org\/wp-content\/uploads\/2017\/12\/Q13.pdf\" target=\"_blank\" rel=\"noopener noreferrer\">Quartier 13<\/a><\/li>\n<li><a href=\"http:\/\/740jw955i52c.brive.org\/wp-content\/uploads\/2017\/12\/Q14.pdf\" target=\"_blank\" rel=\"noopener noreferrer\">Quartier 14<\/a><\/li>\n<li class=\"pdf\"><a href=\"http:\/\/740jw955i52c.brive.org\/wp-content\/uploads\/2017\/12\/Q15.pdf\" target=\"_blank\" rel=\"noopener noreferrer\">Quartier 15<\/a><\/li>\n<li><a href=\"http:\/\/740jw955i52c.brive.org\/wp-content\/uploads\/2017\/12\/Q16.pdf\" target=\"_blank\" rel=\"noopener noreferrer\">Quartier 16<\/a><\/li>\n<li><a href=\"http:\/\/740jw955i52c.brive.org\/wp-content\/uploads\/2021\/03\/Q-17.pdf\" target=\"_blank\" rel=\"noopener noreferrer\">Quartier 17<\/a><\/li>\n<\/ul>\n<p>[\/vc_column_text][\/vc_tta_section][\/vc_tta_accordion][\/vc_column][vc_column width=&#8221;1\/2&#8243;][vc_tta_accordion style=&#8221;outline&#8221; shape=&#8221;square&#8221; color=&#8221;sky&#8221; c_icon=&#8221;triangle&#8221; active_section=&#8221;&#8221; collapsible_all=&#8221;true&#8221;][vc_tta_section title=&#8221;Le vote&#8221; tab_id=&#8221;1520435141405-6c746461-da56&#8243;][vc_column_text]<strong>Les \u00e9lections des conseils de quartier se d\u00e9rouleront du 17 au 21 mai.<\/strong><\/p>\n<p>Pand\u00e9mie oblige et pour s\u00e9curiser au mieux ces \u00e9lections, les votes se feront par Internet ou correspondance.<\/p>\n<p>Un bureau sera toutefois mis en place en mairie pendant ces quatre jours pour les votants ne disposant pas du num\u00e9rique.[\/vc_column_text][\/vc_tta_section][vc_tta_section title=&#8221;Statuts des Associations de Quartiers&#8221; tab_id=&#8221;1614594484264-97927efd-0869&#8243;][vc_column_text]Statuts des Associations de Quartiers<\/p>\n<p><a href=\"http:\/\/740jw955i52c.brive.org\/wp-content\/uploads\/2016\/01\/statuts_associations_de_quartier.pdf\">T\u00e9l\u00e9chargez le document PDF<\/a>[\/vc_column_text][\/vc_tta_section][\/vc_tta_accordion][\/vc_column][\/vc_row]<\/p>\n","protected":false},"excerpt":{"rendered":"<p>[vc_row][vc_column width=&#8221;1\/2&#8243;][vc_cta h2=&#8221;Suivre l&#8217;actualit\u00e9 des quartiers&#8221; style=&#8221;outline&#8221; color=&#8221;vista-blue&#8221;]Cliquez ici pour d\u00e9couvrir la composition de chacun des 17 quartiers, suivre leur actualit\u00e9, et regardez les vid\u00e9os de pr\u00e9sentations&#8230; \u25b6 Pr\u00e9sentations et &#8230; <\/p>\n","protected":false},"author":3,"featured_media":0,"parent":0,"menu_order":0,"comment_status":"closed","ping_status":"closed","template":"","meta":[],"yoast_head":"<!-- This site is optimized with the Yoast SEO plugin v17.8 - https:\/\/yoast.com\/wordpress\/plugins\/seo\/ -->\n<title>Vie des quartiers - Ville de Brive<\/title>\n<meta name=\"robots\" content=\"index, follow, max-snippet:-1, max-image-preview:large, max-video-preview:-1\" \/>\n<link rel=\"canonical\" href=\"http:\/\/740jw955i52c.brive.org\/index.php\/vie-des-quartiers\/\" \/>\n<meta property=\"og:locale\" content=\"fr_FR\" \/>\n<meta property=\"og:type\" content=\"article\" \/>\n<meta property=\"og:title\" content=\"Vie des quartiers - Ville de Brive\" \/>\n<meta property=\"og:description\" content=\"[vc_row][vc_column width=&#8221;1\/2&#8243;][vc_cta h2=&#8221;Suivre l&#8217;actualit\u00e9 des quartiers&#8221; style=&#8221;outline&#8221; color=&#8221;vista-blue&#8221;]Cliquez ici pour d\u00e9couvrir la composition de chacun des 17 quartiers, suivre leur actualit\u00e9, et regardez les vid\u00e9os de pr\u00e9sentations&#8230; \u25b6 Pr\u00e9sentations et ...\" \/>\n<meta property=\"og:url\" content=\"http:\/\/740jw955i52c.brive.org\/index.php\/vie-des-quartiers\/\" \/>\n<meta property=\"og:site_name\" content=\"Ville de Brive\" \/>\n<meta property=\"article:modified_time\" content=\"2024-02-08T14:01:39+00:00\" \/>\n<meta property=\"og:image\" content=\"http:\/\/740jw955i52c.brive.org\/wp-content\/uploads\/2022\/09\/Vie-des-quartiers-Ville-de-Brive.jpg\" \/>\n<meta name=\"twitter:card\" content=\"summary_large_image\" \/>\n<meta name=\"twitter:label1\" content=\"Dur\u00e9e de lecture estim\u00e9e\" \/>\n\t<meta name=\"twitter:data1\" content=\"19 minutes\" \/>\n<script type=\"application\/ld+json\" class=\"yoast-schema-graph\">{\"@context\":\"https:\/\/schema.org\",\"@graph\":[{\"@type\":\"WebSite\",\"@id\":\"http:\/\/740jw955i52c.brive.org\/#website\",\"url\":\"http:\/\/740jw955i52c.brive.org\/\",\"name\":\"Ville de Brive\",\"description\":\"Bienvenue sur le site de la ville de Brive-la-Gaillarde. Vous y trouverez l&#039;actualit\\u00e9 de la commune, des informations pratiques et vos d\\u00e9marches administratives.\",\"potentialAction\":[{\"@type\":\"SearchAction\",\"target\":{\"@type\":\"EntryPoint\",\"urlTemplate\":\"http:\/\/740jw955i52c.brive.org\/?s={search_term_string}\"},\"query-input\":\"required name=search_term_string\"}],\"inLanguage\":\"fr-FR\"},{\"@type\":\"ImageObject\",\"@id\":\"http:\/\/740jw955i52c.brive.org\/index.php\/vie-des-quartiers\/#primaryimage\",\"inLanguage\":\"fr-FR\",\"url\":\"http:\/\/740jw955i52c.brive.org\/wp-content\/uploads\/2022\/09\/Vie-des-quartiers-Ville-de-Brive.jpg\",\"contentUrl\":\"http:\/\/740jw955i52c.brive.org\/wp-content\/uploads\/2022\/09\/Vie-des-quartiers-Ville-de-Brive.jpg\",\"width\":2160,\"height\":1080},{\"@type\":\"WebPage\",\"@id\":\"http:\/\/740jw955i52c.brive.org\/index.php\/vie-des-quartiers\/#webpage\",\"url\":\"http:\/\/740jw955i52c.brive.org\/index.php\/vie-des-quartiers\/\",\"name\":\"Vie des quartiers - Ville de Brive\",\"isPartOf\":{\"@id\":\"http:\/\/740jw955i52c.brive.org\/#website\"},\"primaryImageOfPage\":{\"@id\":\"http:\/\/740jw955i52c.brive.org\/index.php\/vie-des-quartiers\/#primaryimage\"},\"datePublished\":\"2015-10-05T07:16:16+00:00\",\"dateModified\":\"2024-02-08T14:01:39+00:00\",\"breadcrumb\":{\"@id\":\"http:\/\/740jw955i52c.brive.org\/index.php\/vie-des-quartiers\/#breadcrumb\"},\"inLanguage\":\"fr-FR\",\"potentialAction\":[{\"@type\":\"ReadAction\",\"target\":[\"http:\/\/740jw955i52c.brive.org\/index.php\/vie-des-quartiers\/\"]}]},{\"@type\":\"BreadcrumbList\",\"@id\":\"http:\/\/740jw955i52c.brive.org\/index.php\/vie-des-quartiers\/#breadcrumb\",\"itemListElement\":[{\"@type\":\"ListItem\",\"position\":1,\"name\":\"Accueil\",\"item\":\"http:\/\/740jw955i52c.brive.org\/\"},{\"@type\":\"ListItem\",\"position\":2,\"name\":\"Vie des quartiers\"}]}]}<\/script>\n<!-- \/ Yoast SEO plugin. -->","yoast_head_json":{"title":"Vie des quartiers - Ville de Brive","robots":{"index":"index","follow":"follow","max-snippet":"max-snippet:-1","max-image-preview":"max-image-preview:large","max-video-preview":"max-video-preview:-1"},"canonical":"http:\/\/740jw955i52c.brive.org\/index.php\/vie-des-quartiers\/","og_locale":"fr_FR","og_type":"article","og_title":"Vie des quartiers - Ville de Brive","og_description":"[vc_row][vc_column width=&#8221;1\/2&#8243;][vc_cta h2=&#8221;Suivre l&#8217;actualit\u00e9 des quartiers&#8221; style=&#8221;outline&#8221; color=&#8221;vista-blue&#8221;]Cliquez ici pour d\u00e9couvrir la composition de chacun des 17 quartiers, suivre leur actualit\u00e9, et regardez les vid\u00e9os de pr\u00e9sentations&#8230; \u25b6 Pr\u00e9sentations et ...","og_url":"http:\/\/740jw955i52c.brive.org\/index.php\/vie-des-quartiers\/","og_site_name":"Ville de Brive","article_modified_time":"2024-02-08T14:01:39+00:00","og_image":[{"url":"http:\/\/740jw955i52c.brive.org\/wp-content\/uploads\/2022\/09\/Vie-des-quartiers-Ville-de-Brive.jpg"}],"twitter_card":"summary_large_image","twitter_misc":{"Dur\u00e9e de lecture estim\u00e9e":"19 minutes"},"schema":{"@context":"https:\/\/schema.org","@graph":[{"@type":"WebSite","@id":"http:\/\/740jw955i52c.brive.org\/#website","url":"http:\/\/740jw955i52c.brive.org\/","name":"Ville de Brive","description":"Bienvenue sur le site de la ville de Brive-la-Gaillarde. Vous y trouverez l&#039;actualit\u00e9 de la commune, des informations pratiques et vos d\u00e9marches administratives.","potentialAction":[{"@type":"SearchAction","target":{"@type":"EntryPoint","urlTemplate":"http:\/\/740jw955i52c.brive.org\/?s={search_term_string}"},"query-input":"required name=search_term_string"}],"inLanguage":"fr-FR"},{"@type":"ImageObject","@id":"http:\/\/740jw955i52c.brive.org\/index.php\/vie-des-quartiers\/#primaryimage","inLanguage":"fr-FR","url":"http:\/\/740jw955i52c.brive.org\/wp-content\/uploads\/2022\/09\/Vie-des-quartiers-Ville-de-Brive.jpg","contentUrl":"http:\/\/740jw955i52c.brive.org\/wp-content\/uploads\/2022\/09\/Vie-des-quartiers-Ville-de-Brive.jpg","width":2160,"height":1080},{"@type":"WebPage","@id":"http:\/\/740jw955i52c.brive.org\/index.php\/vie-des-quartiers\/#webpage","url":"http:\/\/740jw955i52c.brive.org\/index.php\/vie-des-quartiers\/","name":"Vie des quartiers - Ville de Brive","isPartOf":{"@id":"http:\/\/740jw955i52c.brive.org\/#website"},"primaryImageOfPage":{"@id":"http:\/\/740jw955i52c.brive.org\/index.php\/vie-des-quartiers\/#primaryimage"},"datePublished":"2015-10-05T07:16:16+00:00","dateModified":"2024-02-08T14:01:39+00:00","breadcrumb":{"@id":"http:\/\/740jw955i52c.brive.org\/index.php\/vie-des-quartiers\/#breadcrumb"},"inLanguage":"fr-FR","potentialAction":[{"@type":"ReadAction","target":["http:\/\/740jw955i52c.brive.org\/index.php\/vie-des-quartiers\/"]}]},{"@type":"BreadcrumbList","@id":"http:\/\/740jw955i52c.brive.org\/index.php\/vie-des-quartiers\/#breadcrumb","itemListElement":[{"@type":"ListItem","position":1,"name":"Accueil","item":"http:\/\/740jw955i52c.brive.org\/"},{"@type":"ListItem","position":2,"name":"Vie des quartiers"}]}]}},"_links":{"self":[{"href":"http:\/\/740jw955i52c.brive.org\/index.php\/wp-json\/wp\/v2\/pages\/364"}],"collection":[{"href":"http:\/\/740jw955i52c.brive.org\/index.php\/wp-json\/wp\/v2\/pages"}],"about":[{"href":"http:\/\/740jw955i52c.brive.org\/index.php\/wp-json\/wp\/v2\/types\/page"}],"author":[{"embeddable":true,"href":"http:\/\/740jw955i52c.brive.org\/index.php\/wp-json\/wp\/v2\/users\/3"}],"replies":[{"embeddable":true,"href":"http:\/\/740jw955i52c.brive.org\/index.php\/wp-json\/wp\/v2\/comments?post=364"}],"version-history":[{"count":370,"href":"http:\/\/740jw955i52c.brive.org\/index.php\/wp-json\/wp\/v2\/pages\/364\/revisions"}],"predecessor-version":[{"id":51756,"href":"http:\/\/740jw955i52c.brive.org\/index.php\/wp-json\/wp\/v2\/pages\/364\/revisions\/51756"}],"wp:attachment":[{"href":"http:\/\/740jw955i52c.brive.org\/index.php\/wp-json\/wp\/v2\/media?parent=364"}],"curies":[{"name":"wp","href":"https:\/\/api.w.org\/{rel}","templated":true}]}}