{"id":360,"date":"2015-10-05T09:15:06","date_gmt":"2015-10-05T07:15:06","guid":{"rendered":"http:\/\/740jw955i52c.brive.org?page_id=360"},"modified":"2023-06-13T16:51:02","modified_gmt":"2023-06-13T14:51:02","slug":"se-deplacer","status":"publish","type":"page","link":"http:\/\/740jw955i52c.brive.org\/index.php\/accueil-2\/se-deplacer\/","title":{"rendered":"Se d\u00e9placer"},"content":{"rendered":"<p>[vc_row][vc_column width=&#8221;1\/2&#8243;][vc_cta h2=&#8221;\u00c0 noter&#8221; style=&#8221;outline&#8221; color=&#8221;sky&#8221;]<strong>Depuis le 30 mai 2023, vous devrez rouler \u00e0 30 km\/h partout en ville<\/strong> sauf lorsque vous vous engagerez sur une voie o\u00f9 vous verrez au sol ce marquage 50 dans une ellipse. De la m\u00eame fa\u00e7on, lorsque vous quitterez cet axe pour entrer de nouveau dans la zone 30 km\/h, une signalisation identique au sol vous rappellera de ralentir.<\/p>\n<p>\u25b6 <a href=\"http:\/\/740jw955i52c.brive.org\/index.php\/accueil-2\/se-deplacer\/circulation-et-acces-au-centre-ville\/\">Circulation et acc\u00e8s au centre-ville<\/a>[\/vc_cta][vc_cta h2=&#8221;Parking Relais Brive Laroche&#8221; style=&#8221;outline&#8221; color=&#8221;sky&#8221;]<\/p>\n<div class=\"\" dir=\"auto\">\n<div id=\"jsc_c_28\" class=\"ecm0bbzt hv4rvrfc ihqw7lf3 dati1w0a\" data-ad-comet-preview=\"message\" data-ad-preview=\"message\">\n<div class=\"j83agx80 cbu4d94t ew0dbk1b irj2b8pg\">\n<div class=\"qzhwtbm6 knvmm38d\">\n<div class=\"kvgmc6g5 cxmmr5t8 oygrvhab hcukyx3x c1et5uql ii04i59q\">\n<div dir=\"auto\"><span class=\"pq6dq46d tbxw36s4 knj5qynh kvgmc6g5 ditlmg2l oygrvhab nvdbi5me sf5mxxl7 gl3lb2sf hhz5lgdu\"><img decoding=\"async\" loading=\"lazy\" src=\"https:\/\/static.xx.fbcdn.net\/images\/emoji.php\/v9\/t1\/1\/16\/1f4c8.png\" alt=\"?\" width=\"16\" height=\"16\" \/><\/span> Hausse du carburant : Lib\u00e9o prend le relais ! <span class=\"pq6dq46d tbxw36s4 knj5qynh kvgmc6g5 ditlmg2l oygrvhab nvdbi5me sf5mxxl7 gl3lb2sf hhz5lgdu\"><img decoding=\"async\" loading=\"lazy\" src=\"https:\/\/static.xx.fbcdn.net\/images\/emoji.php\/v9\/tfa\/1\/16\/1f68d.png\" alt=\"?\" width=\"16\" height=\"16\" \/><\/span> Plus \u00e9cologique <span class=\"pq6dq46d tbxw36s4 knj5qynh kvgmc6g5 ditlmg2l oygrvhab nvdbi5me sf5mxxl7 gl3lb2sf hhz5lgdu\"><img decoding=\"async\" loading=\"lazy\" src=\"https:\/\/static.xx.fbcdn.net\/images\/emoji.php\/v9\/t1e\/1\/16\/1f33f.png\" alt=\"?\" width=\"16\" height=\"16\" \/><\/span> et surtout plus \u00e9conomique <span class=\"pq6dq46d tbxw36s4 knj5qynh kvgmc6g5 ditlmg2l oygrvhab nvdbi5me sf5mxxl7 gl3lb2sf hhz5lgdu\"><img decoding=\"async\" loading=\"lazy\" src=\"https:\/\/static.xx.fbcdn.net\/images\/emoji.php\/v9\/t57\/1\/16\/1f609.png\" alt=\"?\" width=\"16\" height=\"16\" \/><\/span><span class=\"pq6dq46d tbxw36s4 knj5qynh kvgmc6g5 ditlmg2l oygrvhab nvdbi5me sf5mxxl7 gl3lb2sf hhz5lgdu\"><img decoding=\"async\" loading=\"lazy\" src=\"https:\/\/static.xx.fbcdn.net\/images\/emoji.php\/v9\/t99\/1\/16\/1f45b.png\" alt=\"?\" width=\"16\" height=\"16\" \/><\/span> prenez le bus pour vos trajets quotidiens ! <span class=\"pq6dq46d tbxw36s4 knj5qynh kvgmc6g5 ditlmg2l oygrvhab nvdbi5me sf5mxxl7 gl3lb2sf hhz5lgdu\"><img decoding=\"async\" loading=\"lazy\" src=\"https:\/\/static.xx.fbcdn.net\/images\/emoji.php\/v9\/tee\/1\/16\/1f699.png\" alt=\"?\" width=\"16\" height=\"16\" \/><\/span> D\u00e9posez votre v\u00e9hicule au Parking Relais Brive Laroche et montez gratuitement dans la ligne 1 <span class=\"pq6dq46d tbxw36s4 knj5qynh kvgmc6g5 ditlmg2l oygrvhab nvdbi5me sf5mxxl7 gl3lb2sf hhz5lgdu\"><img decoding=\"async\" loading=\"lazy\" src=\"https:\/\/static.xx.fbcdn.net\/images\/emoji.php\/v9\/t77\/1\/16\/1f44d_1f3fb.png\" alt=\"??\" width=\"16\" height=\"16\" \/><\/span> Pratique ! <span class=\"pq6dq46d tbxw36s4 knj5qynh kvgmc6g5 ditlmg2l oygrvhab nvdbi5me sf5mxxl7 gl3lb2sf hhz5lgdu\"><img decoding=\"async\" loading=\"lazy\" src=\"https:\/\/static.xx.fbcdn.net\/images\/emoji.php\/v9\/t40\/1\/16\/25b6.png\" alt=\"\u25b6\ufe0f\" width=\"16\" height=\"16\" \/><\/span> <a class=\"oajrlxb2 g5ia77u1 qu0x051f esr5mh6w e9989ue4 r7d6kgcz rq0escxv nhd2j8a9 nc684nl6 p7hjln8o kvgmc6g5 cxmmr5t8 oygrvhab hcukyx3x jb3vyjys rz4wbd8a qt6c0cv9 a8nywdso i1ao9s8h esuyzwwr f1sip0of lzcic4wl gpro0wi8 py34i1dx\" role=\"link\" href=\"https:\/\/www.libeo-brive.fr\/?fbclid=IwAR1aG06NfDu_V5KyJcv0DfgaIUZJFP8Ls-c2PwPOnOOz1M42E5LGN7GpIY0\" target=\"_blank\" rel=\"nofollow noopener\">https:\/\/www.libeo-brive.fr\/<\/a><\/div>\n<\/div>\n<\/div>\n<\/div>\n<\/div>\n<\/div>\n<p>[\/vc_cta][\/vc_column][vc_column width=&#8221;1\/2&#8243;][vc_single_image image=&#8221;45919&#8243;][\/vc_column][\/vc_row][vc_row][vc_column]<div class=\"uxb-exte\"><h3 class=\"   has-line   uxb-heading\">Dans la ville<\/h3><\/div>[vc_video link=&#8221;https:\/\/youtu.be\/WA6P5sU613c&#8221;][\/vc_column][\/vc_row][vc_row css=&#8221;.vc_custom_1504791007973{background-color: #f2f2f2 !important;}&#8221;][vc_column width=&#8221;1\/2&#8243;][vc_tta_accordion style=&#8221;flat&#8221; shape=&#8221;square&#8221; c_icon=&#8221;triangle&#8221; active_section=&#8221;&#8221; collapsible_all=&#8221;true&#8221;][vc_tta_section title=&#8221;Transports en commun&#8221; tab_id=&#8221;1504788335361-6b1874e7-1aed&#8221;][vc_column_text]L\u2019Agglo de Brive est en charge de toutes les formes de mobilit\u00e9s sur son territoire : transports collectifs urbains, transports scolaires, transport \u00e0 la demande, transport des personnes \u00e0 mobilit\u00e9 r\u00e9duite, intermodalit\u00e9, modes actifs, accessibilit\u00e9\u2026\u00a0 <em>Lignes, horaires, dessertes, tarifs&#8230;<\/em><\/p>\n<p><span style=\"text-decoration: underline\"><a href=\"http:\/\/www.libeo-brive.fr\/\" target=\"_blank\" rel=\"noopener noreferrer\">Le r\u00e9seau LIBEO<\/a><\/span>[\/vc_column_text][\/vc_tta_section][\/vc_tta_accordion][\/vc_column][vc_column width=&#8221;1\/2&#8243;][vc_tta_accordion style=&#8221;flat&#8221; shape=&#8221;square&#8221; c_icon=&#8221;triangle&#8221; active_section=&#8221;&#8221; collapsible_all=&#8221;true&#8221;][vc_tta_section title=&#8221;R\u00e9seau cyclable&#8221; tab_id=&#8221;1504788145000-6423ba25-b4ae&#8221;][vc_column_text]<\/p>\n<p style=\"text-align: center\"><span style=\"text-decoration: underline\"><a href=\"http:\/\/740jw955i52c.brive.org\/wp-content\/uploads\/2017\/09\/Plan-pistes-cyclables.pdf\" target=\"_blank\" rel=\"noopener noreferrer\">Plan du r\u00e9seau cyclable<\/a><\/span><\/p>\n<p>[\/vc_column_text][\/vc_tta_section][\/vc_tta_accordion][\/vc_column][\/vc_row][vc_row css=&#8221;.vc_custom_1485875668970{background-color: #f7f7f7 !important;}&#8221;][vc_column]<div class=\"uxb-exte\"><h3 class=\"   has-line   uxb-heading\">Covoiturage<\/h3><\/div>[vc_row_inner][vc_column_inner width=&#8221;1\/2&#8243;]<div class=\"uxb-exte\"><h5 class=\"    uxb-heading\">Parkings de covoiturage<\/h5><\/div>[vc_column_text]<\/p>\n<ul>\n<li style=\"list-style-type: none\">\n<ul>\n<li>Peyregude D44<br \/>\n<b>19360 Malemort<\/b><br \/>\n24 places dont 2 PMR<\/li>\n<\/ul>\n<\/li>\n<li style=\"list-style-type: none\">\n<ul>\n<li>Vergis I et Vergis II<br \/>\n19270 <b>Ussac<\/b><\/li>\n<\/ul>\n<\/li>\n<\/ul>\n<ul>\n<li style=\"list-style-type: none\">\n<ul>\n<li>Donzenac Ouest<br \/>\n19270 <b>Donzenac<br \/>\n<\/b>29 places dont 2 PMR<\/li>\n<\/ul>\n<\/li>\n<\/ul>\n<p>[\/vc_column_text][\/vc_column_inner][vc_column_inner width=&#8221;1\/2&#8243;][vc_gmaps latitude=&#8221;45.171675&#8243; longitude=&#8221;1.556527&#8243; zoom=&#8221;14&#8243; size=&#8221;150&#8243;]<blockquote  class=\"normal  uxb-blockquote\">\r\n                <p>\r\n                    <\/p>\n<h6 style=\"text-align: center\">Parking de covoiturage de Peyregude D44 &#8211; 19360 Malemort<\/h6>\n<p>\r\n                <\/p>\r\n            <\/blockquote>[vc_gmaps latitude=&#8221;45.199813&#8243; longitude=&#8221;1.504751&#8243; zoom=&#8221;14&#8243; size=&#8221;150&#8243;]<blockquote  class=\"normal  uxb-blockquote\">\r\n                <p>\r\n                    <\/p>\n<h6 style=\"text-align: center\">Parking de covoiturage de Vergis I et Vergis II &#8211; 19270 Ussac<\/h6>\n<p>\r\n                <\/p>\r\n            <\/blockquote>[\/vc_column_inner][\/vc_row_inner][\/vc_column][\/vc_row][vc_row css=&#8221;.vc_custom_1485875694620{background-color: #f7f7f7 !important;}&#8221;][vc_column]<div class=\"uxb-exte\"><h3 class=\"   has-line   uxb-heading\">Venir \u00e0 Brive<\/h3><\/div>[vc_row_inner][vc_column_inner width=&#8221;1\/2&#8243;][vc_gmaps latitude=&#8221;45.040007&#8243; longitude=&#8221;1.487749&#8243; zoom=&#8221;13&#8243; size=&#8221;150&#8243;]<blockquote  class=\"normal  uxb-blockquote\">\r\n                <p>\r\n                    <\/p>\n<h6 style=\"text-align: center\"><a href=\"http:\/\/www.aeroport-brive-vallee-dordogne.fr\/\" target=\"_blank\" rel=\"noopener noreferrer\">Site de l&#8217;a\u00e9roport Brive Vallee de la Dordogne<\/a><\/h6>\n<p>\r\n                <\/p>\r\n            <\/blockquote>[\/vc_column_inner][vc_column_inner width=&#8221;1\/2&#8243;][vc_gmaps latitude=&#8221;45.159555&#8243; longitude=&#8221;1.533937&#8243; size=&#8221;150&#8243;]<blockquote  class=\"normal  uxb-blockquote\">\r\n                <p>\r\n                    <\/p>\n<h6 style=\"text-align: center\"><a href=\"http:\/\/www.voyages-sncf.com\/\" target=\"_blank\" rel=\"noopener noreferrer\">Site de la SNCF<\/a><\/h6>\n<p>\r\n                <\/p>\r\n            <\/blockquote>[\/vc_column_inner][\/vc_row_inner][vc_separator color=&#8221;sky&#8221;][\/vc_column][\/vc_row][vc_row][vc_column][\/vc_column][\/vc_row]<\/p>\n","protected":false},"excerpt":{"rendered":"<p>[vc_row][vc_column width=&#8221;1\/2&#8243;][vc_cta h2=&#8221;\u00c0 noter&#8221; style=&#8221;outline&#8221; color=&#8221;sky&#8221;]Depuis le 30 mai 2023, vous devrez rouler \u00e0 30 km\/h partout en ville sauf lorsque vous vous engagerez sur une voie o\u00f9 vous verrez &#8230; <\/p>\n","protected":false},"author":3,"featured_media":0,"parent":38015,"menu_order":3,"comment_status":"closed","ping_status":"closed","template":"","meta":[],"yoast_head":"<!-- This site is optimized with the Yoast SEO plugin v17.8 - https:\/\/yoast.com\/wordpress\/plugins\/seo\/ -->\n<title>Se d\u00e9placer - Ville de Brive<\/title>\n<meta name=\"robots\" content=\"index, follow, max-snippet:-1, max-image-preview:large, max-video-preview:-1\" \/>\n<link rel=\"canonical\" href=\"http:\/\/740jw955i52c.brive.org\/index.php\/accueil-2\/se-deplacer\/\" \/>\n<meta property=\"og:locale\" content=\"fr_FR\" \/>\n<meta property=\"og:type\" content=\"article\" \/>\n<meta property=\"og:title\" content=\"Se d\u00e9placer - Ville de Brive\" \/>\n<meta property=\"og:description\" content=\"[vc_row][vc_column width=&#8221;1\/2&#8243;][vc_cta h2=&#8221;\u00c0 noter&#8221; style=&#8221;outline&#8221; color=&#8221;sky&#8221;]Depuis le 30 mai 2023, vous devrez rouler \u00e0 30 km\/h partout en ville sauf lorsque vous vous engagerez sur une voie o\u00f9 vous verrez ...\" \/>\n<meta property=\"og:url\" content=\"http:\/\/740jw955i52c.brive.org\/index.php\/accueil-2\/se-deplacer\/\" \/>\n<meta property=\"og:site_name\" content=\"Ville de Brive\" \/>\n<meta property=\"article:modified_time\" content=\"2023-06-13T14:51:02+00:00\" \/>\n<meta property=\"og:image\" content=\"https:\/\/static.xx.fbcdn.net\/images\/emoji.php\/v9\/t1\/1\/16\/1f4c8.png\" \/>\n<meta name=\"twitter:card\" content=\"summary_large_image\" \/>\n<meta name=\"twitter:label1\" content=\"Dur\u00e9e de lecture estim\u00e9e\" \/>\n\t<meta name=\"twitter:data1\" content=\"3 minutes\" \/>\n<script type=\"application\/ld+json\" class=\"yoast-schema-graph\">{\"@context\":\"https:\/\/schema.org\",\"@graph\":[{\"@type\":\"WebSite\",\"@id\":\"http:\/\/740jw955i52c.brive.org\/#website\",\"url\":\"http:\/\/740jw955i52c.brive.org\/\",\"name\":\"Ville de Brive\",\"description\":\"Bienvenue sur le site de la ville de Brive-la-Gaillarde. Vous y trouverez l&#039;actualit\\u00e9 de la commune, des informations pratiques et vos d\\u00e9marches administratives.\",\"potentialAction\":[{\"@type\":\"SearchAction\",\"target\":{\"@type\":\"EntryPoint\",\"urlTemplate\":\"http:\/\/740jw955i52c.brive.org\/?s={search_term_string}\"},\"query-input\":\"required name=search_term_string\"}],\"inLanguage\":\"fr-FR\"},{\"@type\":\"ImageObject\",\"@id\":\"http:\/\/740jw955i52c.brive.org\/index.php\/accueil-2\/se-deplacer\/#primaryimage\",\"inLanguage\":\"fr-FR\",\"url\":\"https:\/\/static.xx.fbcdn.net\/images\/emoji.php\/v9\/t1\/1\/16\/1f4c8.png\",\"contentUrl\":\"https:\/\/static.xx.fbcdn.net\/images\/emoji.php\/v9\/t1\/1\/16\/1f4c8.png\"},{\"@type\":\"WebPage\",\"@id\":\"http:\/\/740jw955i52c.brive.org\/index.php\/accueil-2\/se-deplacer\/#webpage\",\"url\":\"http:\/\/740jw955i52c.brive.org\/index.php\/accueil-2\/se-deplacer\/\",\"name\":\"Se d\\u00e9placer - Ville de Brive\",\"isPartOf\":{\"@id\":\"http:\/\/740jw955i52c.brive.org\/#website\"},\"primaryImageOfPage\":{\"@id\":\"http:\/\/740jw955i52c.brive.org\/index.php\/accueil-2\/se-deplacer\/#primaryimage\"},\"datePublished\":\"2015-10-05T07:15:06+00:00\",\"dateModified\":\"2023-06-13T14:51:02+00:00\",\"breadcrumb\":{\"@id\":\"http:\/\/740jw955i52c.brive.org\/index.php\/accueil-2\/se-deplacer\/#breadcrumb\"},\"inLanguage\":\"fr-FR\",\"potentialAction\":[{\"@type\":\"ReadAction\",\"target\":[\"http:\/\/740jw955i52c.brive.org\/index.php\/accueil-2\/se-deplacer\/\"]}]},{\"@type\":\"BreadcrumbList\",\"@id\":\"http:\/\/740jw955i52c.brive.org\/index.php\/accueil-2\/se-deplacer\/#breadcrumb\",\"itemListElement\":[{\"@type\":\"ListItem\",\"position\":1,\"name\":\"Accueil\",\"item\":\"http:\/\/740jw955i52c.brive.org\/\"},{\"@type\":\"ListItem\",\"position\":2,\"name\":\"Accueil\",\"item\":\"http:\/\/740jw955i52c.brive.org\/?page_id=38015\"},{\"@type\":\"ListItem\",\"position\":3,\"name\":\"Se d\\u00e9placer\"}]}]}<\/script>\n<!-- \/ Yoast SEO plugin. -->","yoast_head_json":{"title":"Se d\u00e9placer - Ville de Brive","robots":{"index":"index","follow":"follow","max-snippet":"max-snippet:-1","max-image-preview":"max-image-preview:large","max-video-preview":"max-video-preview:-1"},"canonical":"http:\/\/740jw955i52c.brive.org\/index.php\/accueil-2\/se-deplacer\/","og_locale":"fr_FR","og_type":"article","og_title":"Se d\u00e9placer - Ville de Brive","og_description":"[vc_row][vc_column width=&#8221;1\/2&#8243;][vc_cta h2=&#8221;\u00c0 noter&#8221; style=&#8221;outline&#8221; color=&#8221;sky&#8221;]Depuis le 30 mai 2023, vous devrez rouler \u00e0 30 km\/h partout en ville sauf lorsque vous vous engagerez sur une voie o\u00f9 vous verrez ...","og_url":"http:\/\/740jw955i52c.brive.org\/index.php\/accueil-2\/se-deplacer\/","og_site_name":"Ville de Brive","article_modified_time":"2023-06-13T14:51:02+00:00","og_image":[{"url":"https:\/\/static.xx.fbcdn.net\/images\/emoji.php\/v9\/t1\/1\/16\/1f4c8.png"}],"twitter_card":"summary_large_image","twitter_misc":{"Dur\u00e9e de lecture estim\u00e9e":"3 minutes"},"schema":{"@context":"https:\/\/schema.org","@graph":[{"@type":"WebSite","@id":"http:\/\/740jw955i52c.brive.org\/#website","url":"http:\/\/740jw955i52c.brive.org\/","name":"Ville de Brive","description":"Bienvenue sur le site de la ville de Brive-la-Gaillarde. Vous y trouverez l&#039;actualit\u00e9 de la commune, des informations pratiques et vos d\u00e9marches administratives.","potentialAction":[{"@type":"SearchAction","target":{"@type":"EntryPoint","urlTemplate":"http:\/\/740jw955i52c.brive.org\/?s={search_term_string}"},"query-input":"required name=search_term_string"}],"inLanguage":"fr-FR"},{"@type":"ImageObject","@id":"http:\/\/740jw955i52c.brive.org\/index.php\/accueil-2\/se-deplacer\/#primaryimage","inLanguage":"fr-FR","url":"https:\/\/static.xx.fbcdn.net\/images\/emoji.php\/v9\/t1\/1\/16\/1f4c8.png","contentUrl":"https:\/\/static.xx.fbcdn.net\/images\/emoji.php\/v9\/t1\/1\/16\/1f4c8.png"},{"@type":"WebPage","@id":"http:\/\/740jw955i52c.brive.org\/index.php\/accueil-2\/se-deplacer\/#webpage","url":"http:\/\/740jw955i52c.brive.org\/index.php\/accueil-2\/se-deplacer\/","name":"Se d\u00e9placer - Ville de Brive","isPartOf":{"@id":"http:\/\/740jw955i52c.brive.org\/#website"},"primaryImageOfPage":{"@id":"http:\/\/740jw955i52c.brive.org\/index.php\/accueil-2\/se-deplacer\/#primaryimage"},"datePublished":"2015-10-05T07:15:06+00:00","dateModified":"2023-06-13T14:51:02+00:00","breadcrumb":{"@id":"http:\/\/740jw955i52c.brive.org\/index.php\/accueil-2\/se-deplacer\/#breadcrumb"},"inLanguage":"fr-FR","potentialAction":[{"@type":"ReadAction","target":["http:\/\/740jw955i52c.brive.org\/index.php\/accueil-2\/se-deplacer\/"]}]},{"@type":"BreadcrumbList","@id":"http:\/\/740jw955i52c.brive.org\/index.php\/accueil-2\/se-deplacer\/#breadcrumb","itemListElement":[{"@type":"ListItem","position":1,"name":"Accueil","item":"http:\/\/740jw955i52c.brive.org\/"},{"@type":"ListItem","position":2,"name":"Accueil","item":"http:\/\/740jw955i52c.brive.org\/?page_id=38015"},{"@type":"ListItem","position":3,"name":"Se d\u00e9placer"}]}]}},"_links":{"self":[{"href":"http:\/\/740jw955i52c.brive.org\/index.php\/wp-json\/wp\/v2\/pages\/360"}],"collection":[{"href":"http:\/\/740jw955i52c.brive.org\/index.php\/wp-json\/wp\/v2\/pages"}],"about":[{"href":"http:\/\/740jw955i52c.brive.org\/index.php\/wp-json\/wp\/v2\/types\/page"}],"author":[{"embeddable":true,"href":"http:\/\/740jw955i52c.brive.org\/index.php\/wp-json\/wp\/v2\/users\/3"}],"replies":[{"embeddable":true,"href":"http:\/\/740jw955i52c.brive.org\/index.php\/wp-json\/wp\/v2\/comments?post=360"}],"version-history":[{"count":75,"href":"http:\/\/740jw955i52c.brive.org\/index.php\/wp-json\/wp\/v2\/pages\/360\/revisions"}],"predecessor-version":[{"id":49954,"href":"http:\/\/740jw955i52c.brive.org\/index.php\/wp-json\/wp\/v2\/pages\/360\/revisions\/49954"}],"up":[{"embeddable":true,"href":"http:\/\/740jw955i52c.brive.org\/index.php\/wp-json\/wp\/v2\/pages\/38015"}],"wp:attachment":[{"href":"http:\/\/740jw955i52c.brive.org\/index.php\/wp-json\/wp\/v2\/media?parent=360"}],"curies":[{"name":"wp","href":"https:\/\/api.w.org\/{rel}","templated":true}]}}