{"id":32075,"date":"2018-04-27T14:07:27","date_gmt":"2018-04-27T12:07:27","guid":{"rendered":"http:\/\/740jw955i52c.brive.org\/?page_id=32075"},"modified":"2022-06-28T10:06:48","modified_gmt":"2022-06-28T08:06:48","slug":"services-aux-seniors","status":"publish","type":"page","link":"http:\/\/740jw955i52c.brive.org\/index.php\/social\/services-aux-seniors\/","title":{"rendered":"Services aux S\u00e9niors"},"content":{"rendered":"<p>[vc_row css=&#8221;.vc_custom_1486738273811{background-color: #f9f9f9 !important;}&#8221;][vc_column width=&#8221;2\/3&#8243;]<div class=\"uxb-exte\"><h5 class=\"   has-line   uxb-heading\">Repas \u00e0 Domicile<\/h5><\/div>[vc_tta_accordion style=&#8221;modern&#8221; c_icon=&#8221;triangle&#8221; active_section=&#8221;&#8221; no_fill=&#8221;true&#8221; collapsible_all=&#8221;true&#8221;][vc_tta_section title=&#8221;6 jours sur 7 \u00e0 votre domicile&#8221; tab_id=&#8221;1525095566985-3244819f-4292&#8243;][vc_column_text]Le service de portage de repas \u00e0 domicile livre quotidiennement (repas du dimanche et f\u00e9ri\u00e9s livr\u00e9s la veille), des repas complets, \u00e9quilibr\u00e9s, pr\u00e9par\u00e9s par la Cuisine Centrale Municipale (sous contr\u00f4le d\u2019une di\u00e9t\u00e9ticienne). Ces repas sont livr\u00e9s selon le principe de la liaison froide selon la r\u00e8glementation en vigueur.<\/p>\n<p>Au-del\u00e0 d\u2019une simple prestation alimentaire, c\u2019est aussi un v\u00e9ritable lien social qui est instaur\u00e9.<\/p>\n<p><strong>Conditions d\u2019acc\u00e8s<\/strong> :<\/p>\n<p>Peuvent b\u00e9n\u00e9ficier du service de portage de Repas A Domicile, apr\u00e8s constitution du dossier de prise en charge r\u00e9alis\u00e9e par le service de coordination du CCAS de Brive, les personnes brivistes :<\/p>\n<ul>\n<li>\u00e2g\u00e9es de 75 ans et plus, et\/ou en situation de d\u00e9pendance (Gir 1 \u00e0 4) et\/ou b\u00e9n\u00e9ficiant d\u2019une reconnaissance du handicap (b\u00e9n\u00e9ficiaires de l\u2019AAH, b\u00e9n\u00e9ficiaires d\u2019une pension d\u2019invalidit\u00e9 cat\u00e9gorie 2 ou 3), sans condition de ressource<\/li>\n<li>\u00e2g\u00e9es de moins de 75 ans, non imposable, et souffrant d\u2019une incapacit\u00e9 temporaire et\/ou faisant l\u2019objet d\u2019une sortie d\u2019hospitalisation en urgence.<\/li>\n<\/ul>\n<p>Les tarifs, fix\u00e9s par le conseil d\u2019administration du CCAS, sont \u00e9tablis en fonction des ressources des b\u00e9n\u00e9ficiaires.<\/p>\n<p><strong>En savoir plus\u00a0: <span style=\"color: #ff0000\">PDF<\/span><br \/>\n<\/strong><\/p>\n<p><span style=\"color: #ff0000\">Pi\u00e8ces du dossier<\/span><\/p>\n<p>DIPC<\/p>\n<p><span style=\"color: #ff0000\">Livret d\u2019accueil <\/span><\/p>\n<p><span style=\"color: #ff0000\">R\u00e8glement de fonctionnement, <\/span><\/p>\n<p><span style=\"color: #ff0000\">Grille tarifaire<br \/>\n<\/span>[\/vc_column_text][\/vc_tta_section][\/vc_tta_accordion][\/vc_column][vc_column width=&#8221;1\/3&#8243;][vc_btn title=&#8221;Plus d&#8217;informations&#8221; style=&#8221;custom&#8221; custom_background=&#8221;#1e73be&#8221; custom_text=&#8221;#ffffff&#8221; align=&#8221;center&#8221; button_block=&#8221;true&#8221; link=&#8221;url:http%3A%2F%2F740jw955i52c.brive.org%2Fwp-content%2Fuploads%2F2022%2F06%2FDepliant-portage-de-repas-CCAS-Ville-de-Brive.pdf||target:%20_blank|&#8221;][\/vc_column][\/vc_row][vc_row css=&#8221;.vc_custom_1486738253505{background-color: #f9f9f9 !important;}&#8221;][vc_column width=&#8221;2\/3&#8243;]<div class=\"uxb-exte\"><h5 class=\"   has-line   uxb-heading\">Service de Soins Infirmiers \u00e0 Domicile<\/h5><\/div>[vc_tta_accordion style=&#8221;modern&#8221; c_icon=&#8221;triangle&#8221; active_section=&#8221;&#8221; no_fill=&#8221;true&#8221; collapsible_all=&#8221;true&#8221;][vc_tta_section title=&#8221;Le SSIAD&#8221; tab_id=&#8221;1525095416668-3e3b8df1-06d2&#8243;][vc_column_text]Le Service de Soins Infirmiers A Domicile (80 places) assure sur prescription m\u00e9dicale des soins d\u2019hygi\u00e8ne, de nursing et de confort \u00e0 domicile. Les soins d\u2019hygi\u00e8ne sont assur\u00e9s par les aides-soignants et\/ou aides m\u00e9dico-psychologiques et les soins infirmiers par les infirmiers lib\u00e9raux signataires d\u2019une convention avec le SSIAD.<\/p>\n<p>Le service assure une intervention 7j\/7 de 7h30 \u00e0 20h.<\/p>\n<p>Les modalit\u00e9s d\u2019interventions, (nombre de passages, types d\u2019aides et horaires) sont d\u00e9finies, en partenariat avec les personnes prises en soins en fonction de leurs besoins, de la prescription m\u00e9dicale, des possibilit\u00e9s du service et en coordination avec les autres intervenants. Ces modalit\u00e9s sont d\u00e9termin\u00e9es lors de la visite d\u2019\u00e9valuation effectu\u00e9e par l\u2019infirmi\u00e8re coordinatrice du service au domicile de l\u2019usager.<\/p>\n<p>Conditions d\u2019acc\u00e8s :<\/p>\n<p>Peuvent b\u00e9n\u00e9ficier du Service de Soins Infirmiers \u00e0 Domicile, sur prescription m\u00e9dicale et apr\u00e8s constitution d\u2019un dossier de prise en charge aupr\u00e8s du service directement, les personnes brivistes\u00a0r\u00e9sidant sur le territoire d\u2019intervention:<\/p>\n<ul>\n<li>\u00e2g\u00e9es de plus de 60 ans malades ou d\u00e9pendantes<\/li>\n<li>adultes, b\u00e9n\u00e9ficiant d\u2019une reconnaissance du handicap, ou pr\u00e9sentant une pathologie chronique, ou atteintes d\u2019une affection longue dur\u00e9e.<\/li>\n<\/ul>\n<p>[\/vc_column_text][\/vc_tta_section][\/vc_tta_accordion][\/vc_column][vc_column width=&#8221;1\/3&#8243;][vc_btn title=&#8221;Plus d&#8217;informations&#8221; style=&#8221;custom&#8221; custom_background=&#8221;#1e73be&#8221; custom_text=&#8221;#ffffff&#8221; align=&#8221;center&#8221; button_block=&#8221;true&#8221; link=&#8221;url:http%3A%2F%2F740jw955i52c.brive.org%2Fwp-content%2Fuploads%2F2018%2F04%2FSSIAD.pdf||target:%20_blank|&#8221;][\/vc_column][\/vc_row][vc_row css=&#8221;.vc_custom_1488383736987{background-color: #f7f7f7 !important;}&#8221;][vc_column width=&#8221;2\/3&#8243;]<div class=\"uxb-exte\"><h5 class=\"   has-line   uxb-heading\">Equipe Sp\u00e9cialis\u00e9e Alzheimer<\/h5><\/div>[vc_tta_accordion style=&#8221;modern&#8221; c_icon=&#8221;triangle&#8221; active_section=&#8221;&#8221; no_fill=&#8221;true&#8221; collapsible_all=&#8221;true&#8221;][vc_tta_section title=&#8221;L&#8217;ESAD&#8221; tab_id=&#8221;1525095517616-aafe21b6-e21d&#8221;][vc_column_text]L\u2019\u00e9quipe sp\u00e9cialis\u00e9e Alzheimer (10 places) r\u00e9alise sur prescription m\u00e9dicale des prestations de soins de r\u00e9habilitation et d\u2019accompagnement aupr\u00e8s de personnes atteintes de la maladie d\u2019Alzheimer ou apparent\u00e9e ainsi que des s\u00e9ances d\u2019accompagnement et d\u2019aide aux aidants.<\/p>\n<p>L\u2019\u00e9quipe est compos\u00e9e d\u2019une infirmi\u00e8re coordinatrice, d\u2019une psychomotricienne, d\u2019une ergoth\u00e9rapeute et d\u2019assistants de soins en g\u00e9rontologie.<\/p>\n<p>Le service est ouvert de 9h \u00e0 17h30 du lundi au vendredi et intervient sur 49 communes autour de la ville de BRIVE.<\/p>\n<p><strong>Conditions d\u2019acc\u00e8s :<\/strong><\/p>\n<p>Peuvent b\u00e9n\u00e9ficier d\u2019une prise en charge par l\u2019Equipe Sp\u00e9cialis\u00e9e Alzheimer, sur prescription m\u00e9dicale apr\u00e8s constitution d\u2019un dossier de prise en charge par le service directement\u00a0:<\/p>\n<ul>\n<li>les personnes r\u00e9sidant sur le territoire d\u2019intervention du service (mettre la carte d\u2019intervention en lien)<\/li>\n<li>une fois le diagnostic de maladie d\u2019Alzheimer ou maladies apparent\u00e9es pos\u00e9<\/li>\n<\/ul>\n<p>[\/vc_column_text][\/vc_tta_section][\/vc_tta_accordion][\/vc_column][vc_column width=&#8221;1\/3&#8243;][vc_btn title=&#8221;Plus d&#8217;informations&#8221; style=&#8221;custom&#8221; custom_background=&#8221;#1e73be&#8221; custom_text=&#8221;#ffffff&#8221; align=&#8221;center&#8221; button_block=&#8221;true&#8221; link=&#8221;url:http%3A%2F%2F740jw955i52c.brive.org%2Fwp-content%2Fuploads%2F2018%2F04%2FESAD.pdf||target:%20_blank|&#8221;][\/vc_column][\/vc_row][vc_row css=&#8221;.vc_custom_1488383758182{background-color: #f7f7f7 !important;}&#8221;][vc_column width=&#8221;2\/3&#8243;]<div class=\"uxb-exte\"><h5 class=\"   has-line   uxb-heading\">CCAS D\u00e9pannages<\/h5><\/div>[vc_tta_accordion style=&#8221;modern&#8221; c_icon=&#8221;triangle&#8221; active_section=&#8221;&#8221; no_fill=&#8221;true&#8221; collapsible_all=&#8221;true&#8221;][vc_tta_section title=&#8221;S&#8217;adresse aux personnes \u00e2g\u00e9es ou handicap\u00e9es&#8221; tab_id=&#8221;1525095619570-79341a34-07fc&#8221;][vc_column_text]Le service propose d\u2019effectuer gratuitement, au domicile des b\u00e9n\u00e9ficiaires, des petits travaux qui ne n\u00e9cessitent pas l\u2019intervention d\u2019un artisan et qui, en g\u00e9n\u00e9ral, pourraient \u00eatre effectu\u00e9s par un membre de la famille.<\/p>\n<p>Les interventions sont r\u00e9alis\u00e9es, sur rendez-vous, du lundi au vendredi. L\u2019achat des fournitures n\u00e9cessaires \u00e0 la r\u00e9paration reste \u00e0 la charge du demandeur.<\/p>\n<p><strong>Conditions d\u2019acc\u00e8s<\/strong><\/p>\n<p>Peuvent b\u00e9n\u00e9ficier de ce service, apr\u00e8s prise de rendez-vous aupr\u00e8s de l\u2019accueil du CLIC, toute personne briviste :<\/p>\n<ul>\n<li>\u00e2g\u00e9es de plus de 60 ans et\/ou retrait\u00e9e et\/ou b\u00e9n\u00e9ficiant d\u2019une reconnaissance du handicap (b\u00e9n\u00e9ficiaires de l\u2019AAH, b\u00e9n\u00e9ficiaires d\u2019une pension d\u2019invalidit\u00e9 cat\u00e9gorie 2 ou 3)<\/li>\n<\/ul>\n<p>[\/vc_column_text][\/vc_tta_section][\/vc_tta_accordion][\/vc_column][vc_column width=&#8221;1\/3&#8243;][vc_btn title=&#8221;Plus d&#8217;informations&#8221; style=&#8221;custom&#8221; custom_background=&#8221;#1e73be&#8221; custom_text=&#8221;#ffffff&#8221; align=&#8221;center&#8221; button_block=&#8221;true&#8221; link=&#8221;|||&#8221;][\/vc_column][\/vc_row][vc_row][vc_column width=&#8221;1\/2&#8243;][vc_btn title=&#8221;S\u00e9niors&#8221; style=&#8221;classic&#8221; shape=&#8221;rounded&#8221; size=&#8221;sm&#8221; align=&#8221;left&#8221; link=&#8221;url:http%3A%2F%2F740jw955i52c.brive.org%2Findex.php%2Faccueil%2Fhabiter%2Fvous-etes%2Fseniors%2F|title:S%C3%A9niors|&#8221;][\/vc_column][vc_column width=&#8221;1\/2&#8243;][vc_btn title=&#8221;Social&#8221; style=&#8221;classic&#8221; shape=&#8221;rounded&#8221; size=&#8221;sm&#8221; align=&#8221;right&#8221; link=&#8221;url:http%3A%2F%2F740jw955i52c.brive.org%2Findex.php%2Fsocial%2F|title:Social|&#8221;][\/vc_column][\/vc_row]<\/p>\n","protected":false},"excerpt":{"rendered":"<p>[vc_row css=&#8221;.vc_custom_1486738273811{background-color: #f9f9f9 !important;}&#8221;][vc_column width=&#8221;2\/3&#8243;][vc_tta_accordion style=&#8221;modern&#8221; c_icon=&#8221;triangle&#8221; active_section=&#8221;&#8221; no_fill=&#8221;true&#8221; collapsible_all=&#8221;true&#8221;][vc_tta_section title=&#8221;6 jours sur 7 \u00e0 votre domicile&#8221; tab_id=&#8221;1525095566985-3244819f-4292&#8243;][vc_column_text]Le service de portage de repas \u00e0 domicile livre quotidiennement (repas du dimanche &#8230; <\/p>\n","protected":false},"author":3,"featured_media":0,"parent":6026,"menu_order":0,"comment_status":"closed","ping_status":"closed","template":"","meta":[],"yoast_head":"<!-- This site is optimized with the Yoast SEO plugin v17.8 - https:\/\/yoast.com\/wordpress\/plugins\/seo\/ -->\n<title>Services aux S\u00e9niors - Ville de Brive<\/title>\n<meta name=\"robots\" content=\"index, follow, max-snippet:-1, max-image-preview:large, max-video-preview:-1\" \/>\n<link rel=\"canonical\" href=\"http:\/\/740jw955i52c.brive.org\/index.php\/social\/services-aux-seniors\/\" \/>\n<meta property=\"og:locale\" content=\"fr_FR\" \/>\n<meta property=\"og:type\" content=\"article\" \/>\n<meta property=\"og:title\" content=\"Services aux S\u00e9niors - Ville de Brive\" \/>\n<meta property=\"og:description\" content=\"[vc_row css=&#8221;.vc_custom_1486738273811{background-color: #f9f9f9 !important;}&#8221;][vc_column width=&#8221;2\/3&#8243;][vc_tta_accordion style=&#8221;modern&#8221; c_icon=&#8221;triangle&#8221; active_section=&#8221;&#8221; no_fill=&#8221;true&#8221; collapsible_all=&#8221;true&#8221;][vc_tta_section title=&#8221;6 jours sur 7 \u00e0 votre domicile&#8221; tab_id=&#8221;1525095566985-3244819f-4292&#8243;][vc_column_text]Le service de portage de repas \u00e0 domicile livre quotidiennement (repas du dimanche ...\" \/>\n<meta property=\"og:url\" content=\"http:\/\/740jw955i52c.brive.org\/index.php\/social\/services-aux-seniors\/\" \/>\n<meta property=\"og:site_name\" content=\"Ville de Brive\" \/>\n<meta property=\"article:modified_time\" content=\"2022-06-28T08:06:48+00:00\" \/>\n<meta name=\"twitter:card\" content=\"summary_large_image\" \/>\n<meta name=\"twitter:label1\" content=\"Dur\u00e9e de lecture estim\u00e9e\" \/>\n\t<meta name=\"twitter:data1\" content=\"6 minutes\" \/>\n<script type=\"application\/ld+json\" class=\"yoast-schema-graph\">{\"@context\":\"https:\/\/schema.org\",\"@graph\":[{\"@type\":\"WebSite\",\"@id\":\"http:\/\/740jw955i52c.brive.org\/#website\",\"url\":\"http:\/\/740jw955i52c.brive.org\/\",\"name\":\"Ville de Brive\",\"description\":\"Bienvenue sur le site de la ville de Brive-la-Gaillarde. Vous y trouverez l&#039;actualit\\u00e9 de la commune, des informations pratiques et vos d\\u00e9marches administratives.\",\"potentialAction\":[{\"@type\":\"SearchAction\",\"target\":{\"@type\":\"EntryPoint\",\"urlTemplate\":\"http:\/\/740jw955i52c.brive.org\/?s={search_term_string}\"},\"query-input\":\"required name=search_term_string\"}],\"inLanguage\":\"fr-FR\"},{\"@type\":\"WebPage\",\"@id\":\"http:\/\/740jw955i52c.brive.org\/index.php\/social\/services-aux-seniors\/#webpage\",\"url\":\"http:\/\/740jw955i52c.brive.org\/index.php\/social\/services-aux-seniors\/\",\"name\":\"Services aux S\\u00e9niors - Ville de Brive\",\"isPartOf\":{\"@id\":\"http:\/\/740jw955i52c.brive.org\/#website\"},\"datePublished\":\"2018-04-27T12:07:27+00:00\",\"dateModified\":\"2022-06-28T08:06:48+00:00\",\"breadcrumb\":{\"@id\":\"http:\/\/740jw955i52c.brive.org\/index.php\/social\/services-aux-seniors\/#breadcrumb\"},\"inLanguage\":\"fr-FR\",\"potentialAction\":[{\"@type\":\"ReadAction\",\"target\":[\"http:\/\/740jw955i52c.brive.org\/index.php\/social\/services-aux-seniors\/\"]}]},{\"@type\":\"BreadcrumbList\",\"@id\":\"http:\/\/740jw955i52c.brive.org\/index.php\/social\/services-aux-seniors\/#breadcrumb\",\"itemListElement\":[{\"@type\":\"ListItem\",\"position\":1,\"name\":\"Accueil\",\"item\":\"http:\/\/740jw955i52c.brive.org\/\"},{\"@type\":\"ListItem\",\"position\":2,\"name\":\"Social\",\"item\":\"http:\/\/740jw955i52c.brive.org\/index.php\/social\/\"},{\"@type\":\"ListItem\",\"position\":3,\"name\":\"Services aux S\\u00e9niors\"}]}]}<\/script>\n<!-- \/ Yoast SEO plugin. -->","yoast_head_json":{"title":"Services aux S\u00e9niors - Ville de Brive","robots":{"index":"index","follow":"follow","max-snippet":"max-snippet:-1","max-image-preview":"max-image-preview:large","max-video-preview":"max-video-preview:-1"},"canonical":"http:\/\/740jw955i52c.brive.org\/index.php\/social\/services-aux-seniors\/","og_locale":"fr_FR","og_type":"article","og_title":"Services aux S\u00e9niors - Ville de Brive","og_description":"[vc_row css=&#8221;.vc_custom_1486738273811{background-color: #f9f9f9 !important;}&#8221;][vc_column width=&#8221;2\/3&#8243;][vc_tta_accordion style=&#8221;modern&#8221; c_icon=&#8221;triangle&#8221; active_section=&#8221;&#8221; no_fill=&#8221;true&#8221; collapsible_all=&#8221;true&#8221;][vc_tta_section title=&#8221;6 jours sur 7 \u00e0 votre domicile&#8221; tab_id=&#8221;1525095566985-3244819f-4292&#8243;][vc_column_text]Le service de portage de repas \u00e0 domicile livre quotidiennement (repas du dimanche ...","og_url":"http:\/\/740jw955i52c.brive.org\/index.php\/social\/services-aux-seniors\/","og_site_name":"Ville de Brive","article_modified_time":"2022-06-28T08:06:48+00:00","twitter_card":"summary_large_image","twitter_misc":{"Dur\u00e9e de lecture estim\u00e9e":"6 minutes"},"schema":{"@context":"https:\/\/schema.org","@graph":[{"@type":"WebSite","@id":"http:\/\/740jw955i52c.brive.org\/#website","url":"http:\/\/740jw955i52c.brive.org\/","name":"Ville de Brive","description":"Bienvenue sur le site de la ville de Brive-la-Gaillarde. Vous y trouverez l&#039;actualit\u00e9 de la commune, des informations pratiques et vos d\u00e9marches administratives.","potentialAction":[{"@type":"SearchAction","target":{"@type":"EntryPoint","urlTemplate":"http:\/\/740jw955i52c.brive.org\/?s={search_term_string}"},"query-input":"required name=search_term_string"}],"inLanguage":"fr-FR"},{"@type":"WebPage","@id":"http:\/\/740jw955i52c.brive.org\/index.php\/social\/services-aux-seniors\/#webpage","url":"http:\/\/740jw955i52c.brive.org\/index.php\/social\/services-aux-seniors\/","name":"Services aux S\u00e9niors - Ville de Brive","isPartOf":{"@id":"http:\/\/740jw955i52c.brive.org\/#website"},"datePublished":"2018-04-27T12:07:27+00:00","dateModified":"2022-06-28T08:06:48+00:00","breadcrumb":{"@id":"http:\/\/740jw955i52c.brive.org\/index.php\/social\/services-aux-seniors\/#breadcrumb"},"inLanguage":"fr-FR","potentialAction":[{"@type":"ReadAction","target":["http:\/\/740jw955i52c.brive.org\/index.php\/social\/services-aux-seniors\/"]}]},{"@type":"BreadcrumbList","@id":"http:\/\/740jw955i52c.brive.org\/index.php\/social\/services-aux-seniors\/#breadcrumb","itemListElement":[{"@type":"ListItem","position":1,"name":"Accueil","item":"http:\/\/740jw955i52c.brive.org\/"},{"@type":"ListItem","position":2,"name":"Social","item":"http:\/\/740jw955i52c.brive.org\/index.php\/social\/"},{"@type":"ListItem","position":3,"name":"Services aux S\u00e9niors"}]}]}},"_links":{"self":[{"href":"http:\/\/740jw955i52c.brive.org\/index.php\/wp-json\/wp\/v2\/pages\/32075"}],"collection":[{"href":"http:\/\/740jw955i52c.brive.org\/index.php\/wp-json\/wp\/v2\/pages"}],"about":[{"href":"http:\/\/740jw955i52c.brive.org\/index.php\/wp-json\/wp\/v2\/types\/page"}],"author":[{"embeddable":true,"href":"http:\/\/740jw955i52c.brive.org\/index.php\/wp-json\/wp\/v2\/users\/3"}],"replies":[{"embeddable":true,"href":"http:\/\/740jw955i52c.brive.org\/index.php\/wp-json\/wp\/v2\/comments?post=32075"}],"version-history":[{"count":14,"href":"http:\/\/740jw955i52c.brive.org\/index.php\/wp-json\/wp\/v2\/pages\/32075\/revisions"}],"predecessor-version":[{"id":46997,"href":"http:\/\/740jw955i52c.brive.org\/index.php\/wp-json\/wp\/v2\/pages\/32075\/revisions\/46997"}],"up":[{"embeddable":true,"href":"http:\/\/740jw955i52c.brive.org\/index.php\/wp-json\/wp\/v2\/pages\/6026"}],"wp:attachment":[{"href":"http:\/\/740jw955i52c.brive.org\/index.php\/wp-json\/wp\/v2\/media?parent=32075"}],"curies":[{"name":"wp","href":"https:\/\/api.w.org\/{rel}","templated":true}]}}