{"id":2771,"date":"2015-12-14T10:03:52","date_gmt":"2015-12-14T09:03:52","guid":{"rendered":"http:\/\/740jw955i52c.brive.org\/?page_id=2771"},"modified":"2023-10-09T16:54:49","modified_gmt":"2023-10-09T14:54:49","slug":"la-fourriere-animale","status":"publish","type":"page","link":"http:\/\/740jw955i52c.brive.org\/index.php\/la-fourriere-animale\/","title":{"rendered":"La fourri\u00e8re animale"},"content":{"rendered":"<p>[vc_row][vc_column][vc_row_inner disable_element=&#8221;yes&#8221;][vc_column_inner][vc_cta h2=&#8221;Fermeture de la chatterie&#8221; style=&#8221;outline&#8221; color=&#8221;pink&#8221;]<\/p>\n<div class=\"\" dir=\"auto\">\n<div id=\":r5h:\" class=\"x1iorvi4 x1pi30zi x1l90r2v x1swvt13\" data-ad-comet-preview=\"message\" data-ad-preview=\"message\">\n<div class=\"x78zum5 xdt5ytf xz62fqu x16ldp7u\">\n<div class=\"xu06os2 x1ok221b\">\n<div class=\"xdj266r x11i5rnm xat24cr x1mh8g0r x1vvkbs x126k92a\">\n<div dir=\"auto\"><span class=\"x3nfvp2 x1j61x8r x1fcty0u xdj266r xhhsvwb xat24cr xgzva0m xxymvpz xlup9mm x1kky2od\">Jusqu&#8217;au 16 ao\u00fbt, la chatterie ferme ses portes pour nettoyage et d\u00e9sinfection. <\/span><\/div>\n<div dir=\"auto\"><span class=\"x3nfvp2 x1j61x8r x1fcty0u xdj266r xhhsvwb xat24cr xgzva0m xxymvpz xlup9mm x1kky2od\">D\u00fb \u00e0 une surpopulation de chatons et de chats, il y a eu un d\u00e9veloppement rapide du Coryza.<br \/>\n<\/span><\/div>\n<\/div>\n<\/div>\n<\/div>\n<\/div>\n<\/div>\n<p>[\/vc_cta][\/vc_column_inner][\/vc_row_inner][vc_row_inner][vc_column_inner width=&#8221;1\/2&#8243;][vc_btn title=&#8221;Fourri\u00e8re de Brive : 05.55.88.16.63&#8243; style=&#8221;custom&#8221; custom_background=&#8221;#dd3333&#8243; custom_text=&#8221;#ffffff&#8221; align=&#8221;center&#8221; i_icon_fontawesome=&#8221;fa fa-phone&#8221; css_animation=&#8221;bounceIn&#8221; button_block=&#8221;true&#8221; add_icon=&#8221;true&#8221; link=&#8221;|||&#8221;][\/vc_column_inner][vc_column_inner width=&#8221;1\/4&#8243;][vc_btn title=&#8221;SPA de Brive&#8221; style=&#8221;custom&#8221; custom_background=&#8221;#5aa1e3&#8243; custom_text=&#8221;#ffffff&#8221; align=&#8221;center&#8221; button_block=&#8221;true&#8221; link=&#8221;url:http%3A%2F%2Fwww.spabrive.fr%2F|title:Refuge%20SPA%20de%20Brive|target:%20_blank&#8221;][\/vc_column_inner][vc_column_inner width=&#8221;1\/4&#8243;][vc_btn title=&#8221;SPA de Chameyrat&#8221; style=&#8221;custom&#8221; custom_background=&#8221;#eb641a&#8221; custom_text=&#8221;#ffffff&#8221; align=&#8221;center&#8221; button_block=&#8221;true&#8221; link=&#8221;url:https%3A%2F%2Fwww.la-spa.fr%2Fetablissement%2Frefuge-spa-de-chameyrat-tulle%2F|title:SPA%20de%20Chameyrat|target:%20_blank|&#8221;][\/vc_column_inner][\/vc_row_inner][\/vc_column][\/vc_row][vc_row css_animation=&#8221;none&#8221; disable_element=&#8221;yes&#8221; css=&#8221;.vc_custom_1593419616444{border-radius: 2px !important;}&#8221;][vc_column][vc_cta h2=&#8221;Capacit\u00e9 d&#8217;h\u00e9bergement des chats et surveillance des maladies&#8221; style=&#8221;outline&#8221; color=&#8221;juicy-pink&#8221; css_animation=&#8221;bounceIn&#8221;]Nous sommes dans l\u2019obligation de fermer la fourri\u00e8re animale \u00e0 partir du mardi 31 ao\u00fbt \u00e0 8h00 jusqu\u2019au lundi 06 septembre \u00e0 14h00.<\/p>\n<p>Nos 28 unit\u00e9s d\u2019h\u00e9bergement \u00e9tant quasiment compl\u00e8tes, le risque d\u2019exposition aux maladies infectieuses augmente corr\u00e9lativement. Les 4 derniers box disponibles doivent par cons\u00e9quent \u00eatre laiss\u00e9s inoccup\u00e9s si d\u2019autres contraintes surviennent en cas d\u2019urgence et d\u2019urgence seulement. ( Maladie, accident, saisie par exemple )[\/vc_cta][vc_cta h2=&#8221;&#8221; style=&#8221;outline&#8221; color=&#8221;orange&#8221; css_animation=&#8221;appear&#8221;]<img decoding=\"async\" loading=\"lazy\" class=\"size-full wp-image-40610 alignleft\" src=\"http:\/\/740jw955i52c.brive.org\/wp-content\/uploads\/2020\/06\/icon-attention.png\" alt=\"\" width=\"96\" height=\"96\" srcset=\"http:\/\/740jw955i52c.brive.org\/wp-content\/uploads\/2020\/06\/icon-attention.png 96w, http:\/\/740jw955i52c.brive.org\/wp-content\/uploads\/2020\/06\/icon-attention-60x60.png 60w\" sizes=\"(max-width: 96px) 100vw, 96px\" \/><\/p>\n<p>En accord avec les services v\u00e9t\u00e9rinaires, nous proc\u00e9dons \u00e0 la <strong>fermeture de la chatterie de la fourri\u00e8re animale<\/strong> de la ville de Brive pour un <strong>vide sanitaire<\/strong>. La fermeture d\u00e9butera <strong>le mercredi 17 juin jusqu\u2019au vendredi 26 juin inclus<\/strong>. Il est rappel\u00e9, que tout d\u00e9p\u00f4t d\u2019animaux, par un particulier, doit \u00eatre obligatoirement accompagn\u00e9 d\u2019une convention sign\u00e9e par la mairie concern\u00e9e. La fourri\u00e8re est en droit de refuser les animaux sans pr\u00e9sentation de l\u2019autorisation de la commune. En vous remerciant de votre compr\u00e9hension[\/vc_cta][\/vc_column][\/vc_row][vc_row css=&#8221;.vc_custom_1546419492541{background-color: #f7f7f7 !important;}&#8221;][vc_column width=&#8221;1\/2&#8243;][vc_tta_accordion style=&#8221;outline&#8221; shape=&#8221;square&#8221; color=&#8221;sky&#8221; c_icon=&#8221;triangle&#8221; active_section=&#8221;&#8221; no_fill=&#8221;true&#8221; collapsible_all=&#8221;true&#8221;][vc_tta_section title=&#8221;La fourri\u00e8re animale accueille les animaux pris en divagation, lire la suite&#8230;&#8221; tab_id=&#8221;1530266697806-fd222b4d-f0c4&#8243;][vc_column_text]<\/p>\n<p style=\"text-align: justify\">La fourri\u00e8re animale de Brive-la-Gaillarde <strong>accueille les animaux pris en divagation<\/strong> sur le domaine public ou sur les propri\u00e9t\u00e9s priv\u00e9es du <a href=\"http:\/\/740jw955i52c.brive.org\/wp-content\/uploads\/2017\/07\/CARTE-FOURRIERE_2017.pdf\">territoire communal et des communes adh\u00e9rentes<\/a> conform\u00e9ment aux dispositions de l\u2019article L 211-24 et suivants du Code Rural.<\/p>\n<p style=\"text-align: justify\">Les animaux plac\u00e9s en fourri\u00e8re y sont maintenus aux frais du propri\u00e9taire ou du d\u00e9tenteur qui disposent d\u2019un <strong>d\u00e9lai de huit jours ouvr\u00e9s pour les r\u00e9clamer<\/strong>.<\/p>\n<p style=\"text-align: justify\">Le service de la fourri\u00e8re met tout en \u0153uvre pour rechercher activement le propri\u00e9taire de l\u2019animal. Il dispose pour cela d\u2019un acc\u00e8s direct au fichier de la Soci\u00e9t\u00e9 de la Centrale Canine et F\u00e9line.<\/p>\n<p style=\"text-align: justify\">Les animaux ne peuvent \u00eatre restitu\u00e9s \u00e0 leur propri\u00e9taire qu\u2019apr\u00e8s avoir \u00e9t\u00e9 identifi\u00e9s aux frais de ce dernier, conform\u00e9ment \u00e0 l\u2019article L 212-10 du Code Rural, apr\u00e8s paiement des frais de fourri\u00e8re et des frais v\u00e9t\u00e9rinaires \u00e9ventuels.<\/p>\n<p>[\/vc_column_text][\/vc_tta_section][\/vc_tta_accordion][vc_tta_accordion style=&#8221;outline&#8221; shape=&#8221;square&#8221; color=&#8221;sky&#8221; c_icon=&#8221;triangle&#8221; active_section=&#8221;&#8221; no_fill=&#8221;true&#8221; collapsible_all=&#8221;true&#8221;][vc_tta_section title=&#8221;Devenir des animaux non retir\u00e9s de la fourri\u00e8re&#8221; tab_id=&#8221;1525252507346-391e8f7d-cb28&#8243;][vc_column_text]<\/p>\n<p style=\"text-align: justify\">A l\u2019issue du d\u00e9lai de huit jours ouvr\u00e9s, si l\u2019animal n\u2019a pas \u00e9t\u00e9 r\u00e9clam\u00e9 par son propri\u00e9taire ou son d\u00e9tenteur, il est consid\u00e9r\u00e9 comme abandonn\u00e9 et devient la propri\u00e9t\u00e9 de la fourri\u00e8re (art L 211- 25 du Code Rural). Apr\u00e8s avis du v\u00e9t\u00e9rinaire de la fourri\u00e8re, cet animal est identifi\u00e9 et c\u00e9d\u00e9 gratuitement \u00e0 l\u2019association Sauver et Prot\u00e9ger les Animaux (SPA) de Brive-la-Gaillarde ou \u00e0 toutes autres fondations ou associations de protection des animaux qui disposent d\u2019un refuge et qui sont seules habilit\u00e9es \u00e0 proposer l&#8217;adoption des animaux \u00e0 un nouveau ma\u00eetre.<\/p>\n<p style=\"text-align: justify\">Les propri\u00e9taires qui n\u2019ont pas retir\u00e9 leur animal restent redevables des frais de mise en fourri\u00e8re et de garde et peuvent faire l&#8217;objet de poursuites au titre de l&#8217;article 521-1 du Code P\u00e9nal, pour abandon d&#8217;animaux.<\/p>\n<p>[\/vc_column_text][\/vc_tta_section][\/vc_tta_accordion][\/vc_column][vc_column width=&#8221;1\/2&#8243;][vc_tta_accordion style=&#8221;outline&#8221; shape=&#8221;square&#8221; color=&#8221;sky&#8221; c_icon=&#8221;triangle&#8221; active_section=&#8221;&#8221; no_fill=&#8221;true&#8221; collapsible_all=&#8221;true&#8221;][vc_tta_section title=&#8221;Modalit\u00e9s de reprise d\u2019un animal plac\u00e9 en fourri\u00e8re&#8221; tab_id=&#8221;1525252419616-dc0c2f88-e964&#8243;][vc_column_text]<\/p>\n<p style=\"text-align: justify\">Le retrait d\u2019un animal plac\u00e9 en fourri\u00e8re peut s\u2019effectuer directement au refuge fourri\u00e8re de Puym\u00e8ge durant les jours et heures d\u2019ouverture du service (tous les apr\u00e8s midi de 14 heures \u00e0 17 h 30, du lundi au vendredi &#8211; except\u00e9 les jours f\u00e9ri\u00e9s) apr\u00e8s paiement des frais de fourri\u00e8re par ch\u00e8que ou CB.<\/p>\n<p style=\"text-align: justify\">Pour les animaux identifi\u00e9s, sur pr\u00e9sentation d\u2019une pi\u00e8ce d\u2019identit\u00e9 et d&#8217;un justificatif de domicile et de tout justificatif de propri\u00e9t\u00e9 (carnet de sant\u00e9 de l&#8217;animal, certificat de cession, photos de l&#8217;animal avec son ma\u00eetre, etc&#8230;).<\/p>\n<p style=\"text-align: justify\">Pour les animaux non identifi\u00e9s, la restitution de l\u2019animal s\u2019effectue sur pr\u00e9sentation d&#8217;une pi\u00e8ce d&#8217;identit\u00e9, d&#8217;un justificatif de domicile et de tout justificatif de propri\u00e9t\u00e9 (carnet de sant\u00e9 de l\u2019animal, certificat de cession, photos de l\u2019animal avec son ma\u00eetre, etc \u2026).<\/p>\n<p>[\/vc_column_text][\/vc_tta_section][\/vc_tta_accordion][vc_tta_accordion style=&#8221;outline&#8221; shape=&#8221;square&#8221; color=&#8221;sky&#8221; c_icon=&#8221;triangle&#8221; active_section=&#8221;&#8221; no_fill=&#8221;true&#8221; collapsible_all=&#8221;true&#8221;][vc_tta_section title=&#8221;Les tarifs&#8221; tab_id=&#8221;1525252358793-46c6f477-a0e6&#8243;][vc_cta h2=&#8221;&#8221; shape=&#8221;rounded&#8221; style=&#8221;outline&#8221; color=&#8221;grey&#8221; use_custom_fonts_h4=&#8221;true&#8221;]<\/p>\n<table>\n<tbody>\n<tr>\n<td width=\"310\">\u00a0TARIFS<\/td>\n<td width=\"170\"><strong>Brivistes<\/strong><\/td>\n<td width=\"246\"><strong>Non Brivistes<\/strong><\/td>\n<\/tr>\n<tr>\n<td width=\"310\">Prise en charge et conduite en fourri\u00e8re<\/td>\n<td width=\"170\">&nbsp;<\/p>\n<p>44.05<\/td>\n<td width=\"246\">&nbsp;<\/p>\n<p>48.10<\/td>\n<\/tr>\n<tr>\n<td width=\"310\">Seconde capture<\/td>\n<td width=\"170\">47.10<\/td>\n<td width=\"246\">51.35<\/td>\n<\/tr>\n<tr>\n<td width=\"310\"><strong>Chien<\/strong><\/p>\n<p>H\u00e9bergement et nourriture (par jour)<\/td>\n<td width=\"170\">12.80<\/td>\n<td width=\"246\">14.20<\/td>\n<\/tr>\n<tr>\n<td width=\"310\"><strong>Chat<\/strong><\/p>\n<p>H\u00e9bergement et nourriture (par jour)<\/td>\n<td width=\"170\">9.40<\/td>\n<td width=\"246\">10.20<\/td>\n<\/tr>\n<tr>\n<td width=\"310\"><strong>Autre<\/strong><\/p>\n<p>H\u00e9bergement et nourriture (par jour)<\/td>\n<td width=\"170\">12.80<\/td>\n<td width=\"246\">14.20<\/td>\n<\/tr>\n<tr>\n<td width=\"310\">Identification<\/td>\n<td width=\"170\">63.50<\/td>\n<td width=\"246\">68.75<\/td>\n<\/tr>\n<tr>\n<td width=\"310\">Euthanasie \u00e0 la demande du propri\u00e9taire<\/td>\n<td width=\"170\">&nbsp;<\/p>\n<p>33.80<\/td>\n<td width=\"246\">&nbsp;<\/p>\n<p>36.00<\/td>\n<\/tr>\n<\/tbody>\n<\/table>\n<p>[\/vc_cta][\/vc_tta_section][\/vc_tta_accordion][\/vc_column][\/vc_row][vc_row css=&#8221;.vc_custom_1525253022216{background-color: #f2f2f2 !important;}&#8221;][vc_column]<div class=\"uxb-exte\"><h3 class=\"   has-line   uxb-heading\">Les animaux trouv\u00e9s<\/h3><\/div>[vc_column_text]<\/p>\n<script>console.log('1');<\/script><div style='width:100%;display:inline-block'><div class=\"at_container\"><h3>Chat<\/h3><script>console.log(3262);<\/script><IMG SRC=\"http:\/\/740jw955i52c.brive.org\/wp-content\/plugins\/animaux_trouves\/images\/Thumbs\/3262.png\"><br><strong>Type : <\/strong>Europ?en<br><strong>N&deg; de Registre : <\/strong>17098<br><strong>Sexe : <\/strong>MALE<br><strong>&Acirc;ge : <\/strong>Adulte<br><strong>Date d'entr&eacute;e : <\/strong>07.04.2025 \/ D?pos? clinique v?t?rinaire Voltaire<br><strong>Couleur : <\/strong>Noir et blanc<br><strong>Identification : <\/strong>Non identifi?<br><strong>Signes particuliers : <\/strong>Porte un collier anti puce<br><\/div><\/div>\n<p>[\/vc_column_text][vc_empty_space height=&#8221;30px&#8221;][vc_cta h2=&#8221;&#8221; style=&#8221;outline&#8221; color=&#8221;juicy-pink&#8221;]<\/p>\n<h4 style=\"text-align: center\">Vous avez reconnu votre animal, appelez le 05.55.24.03.72<\/h4>\n<p>[\/vc_cta][vc_row_inner][vc_column_inner width=&#8221;1\/2&#8243;][vc_btn title=&#8221;R\u00e9glementation en vigueur sur la d\u00e9tention d&#8217;un animal de compagnie &gt;&gt;&gt; www.servicepublic.fr&#8221; style=&#8221;custom&#8221; custom_background=&#8221;#dd3333&#8243; custom_text=&#8221;#ffffff&#8221; size=&#8221;sm&#8221; align=&#8221;center&#8221; button_block=&#8221;true&#8221; link=&#8221;url:https%3A%2F%2Fwww.service-public.fr%2Fparticuliers%2Fvosdroits%2FN18944||target:%20_blank&#8221;][\/vc_column_inner][vc_column_inner width=&#8221;1\/4&#8243;][vc_btn title=&#8221;SPA de Brive&#8221; style=&#8221;custom&#8221; custom_background=&#8221;#5aa1e3&#8243; custom_text=&#8221;#ffffff&#8221; align=&#8221;center&#8221; button_block=&#8221;true&#8221; link=&#8221;url:http%3A%2F%2Fwww.spabrive.fr%2F|title:Refuge%20SPA%20de%20Brive|target:%20_blank&#8221;][\/vc_column_inner][vc_column_inner width=&#8221;1\/4&#8243;][vc_btn title=&#8221;SPA de Chameyrat&#8221; style=&#8221;custom&#8221; custom_background=&#8221;#eb641a&#8221; custom_text=&#8221;#ffffff&#8221; align=&#8221;center&#8221; button_block=&#8221;true&#8221; link=&#8221;url:https%3A%2F%2Fwww.la-spa.fr%2Fetablissement%2Frefuge-spa-de-chameyrat-tulle%2F|title:SPA%20de%20Chameyrat|target:%20_blank|&#8221;][\/vc_column_inner][\/vc_row_inner][\/vc_column][\/vc_row][vc_row disable_element=&#8221;yes&#8221;][vc_column][vc_cta h2=&#8221;Devenez b\u00e9n\u00e9vole de la SPA&#8221; style=&#8221;outline&#8221; color=&#8221;sandy-brown&#8221;]<\/p>\n<p style=\"text-align: center\">Les animaux errants recueillis \u00e0 la fourri\u00e8re municipale, \u00e0 l\u2019issue du <strong>d\u00e9lai de huit jours ouvr\u00e9s<\/strong>, peuvent alors \u00eatre confi\u00e9s \u00e0 la SPA pour adoption, lib\u00e9rant ainsi les unit\u00e9s d\u2019h\u00e9bergement. Pour <strong>devenir b\u00e9n\u00e9voles \u00e0 la SPA<\/strong> cliquez sur le logo :<\/p>\n<p><a href=\"https:\/\/www.la-spa.fr\/agir-avec-la-spa\/rejoindre-la-spa\/devenir-benevole\/etre-benevole-de-la-spa\/\" target=\"_blank\" rel=\"noopener\"><img decoding=\"async\" loading=\"lazy\" class=\"wp-image-47798 aligncenter\" src=\"http:\/\/740jw955i52c.brive.org\/wp-content\/uploads\/2022\/09\/Logo_de_la_SPA_France.png\" alt=\"\" width=\"100\" height=\"111\" srcset=\"http:\/\/740jw955i52c.brive.org\/wp-content\/uploads\/2022\/09\/Logo_de_la_SPA_France.png 851w, http:\/\/740jw955i52c.brive.org\/wp-content\/uploads\/2022\/09\/Logo_de_la_SPA_France-300x332.png 300w, http:\/\/740jw955i52c.brive.org\/wp-content\/uploads\/2022\/09\/Logo_de_la_SPA_France-750x829.png 750w, http:\/\/740jw955i52c.brive.org\/wp-content\/uploads\/2022\/09\/Logo_de_la_SPA_France-200x221.png 200w, http:\/\/740jw955i52c.brive.org\/wp-content\/uploads\/2022\/09\/Logo_de_la_SPA_France-600x663.png 600w, http:\/\/740jw955i52c.brive.org\/wp-content\/uploads\/2022\/09\/Logo_de_la_SPA_France-590x652.png 590w, http:\/\/740jw955i52c.brive.org\/wp-content\/uploads\/2022\/09\/Logo_de_la_SPA_France-363x401.png 363w, http:\/\/740jw955i52c.brive.org\/wp-content\/uploads\/2022\/09\/Logo_de_la_SPA_France-200x221@2x.png 400w\" sizes=\"(max-width: 100px) 100vw, 100px\" \/><\/a>[\/vc_cta][\/vc_column][\/vc_row]<\/p>\n","protected":false},"excerpt":{"rendered":"<p>[vc_row][vc_column][vc_row_inner disable_element=&#8221;yes&#8221;][vc_column_inner][vc_cta h2=&#8221;Fermeture de la chatterie&#8221; style=&#8221;outline&#8221; color=&#8221;pink&#8221;] Jusqu&#8217;au 16 ao\u00fbt, la chatterie ferme ses portes pour nettoyage et d\u00e9sinfection. D\u00fb \u00e0 une surpopulation de chatons et de chats, il &#8230; <\/p>\n","protected":false},"author":3,"featured_media":0,"parent":0,"menu_order":0,"comment_status":"closed","ping_status":"closed","template":"","meta":[],"yoast_head":"<!-- This site is optimized with the Yoast SEO plugin v17.8 - https:\/\/yoast.com\/wordpress\/plugins\/seo\/ -->\n<title>La fourri\u00e8re animale - Ville de Brive<\/title>\n<meta name=\"robots\" content=\"index, follow, max-snippet:-1, max-image-preview:large, max-video-preview:-1\" \/>\n<link rel=\"canonical\" href=\"http:\/\/740jw955i52c.brive.org\/index.php\/la-fourriere-animale\/\" \/>\n<meta property=\"og:locale\" content=\"fr_FR\" \/>\n<meta property=\"og:type\" content=\"article\" \/>\n<meta property=\"og:title\" content=\"La fourri\u00e8re animale - Ville de Brive\" \/>\n<meta property=\"og:description\" content=\"[vc_row][vc_column][vc_row_inner disable_element=&#8221;yes&#8221;][vc_column_inner][vc_cta h2=&#8221;Fermeture de la chatterie&#8221; style=&#8221;outline&#8221; color=&#8221;pink&#8221;] Jusqu&#8217;au 16 ao\u00fbt, la chatterie ferme ses portes pour nettoyage et d\u00e9sinfection. D\u00fb \u00e0 une surpopulation de chatons et de chats, il ...\" \/>\n<meta property=\"og:url\" content=\"http:\/\/740jw955i52c.brive.org\/index.php\/la-fourriere-animale\/\" \/>\n<meta property=\"og:site_name\" content=\"Ville de Brive\" \/>\n<meta property=\"article:modified_time\" content=\"2023-10-09T14:54:49+00:00\" \/>\n<meta property=\"og:image\" content=\"http:\/\/740jw955i52c.brive.org\/wp-content\/uploads\/2020\/06\/icon-attention.png\" \/>\n<meta name=\"twitter:card\" content=\"summary_large_image\" \/>\n<meta name=\"twitter:label1\" content=\"Dur\u00e9e de lecture estim\u00e9e\" \/>\n\t<meta name=\"twitter:data1\" content=\"7 minutes\" \/>\n<script type=\"application\/ld+json\" class=\"yoast-schema-graph\">{\"@context\":\"https:\/\/schema.org\",\"@graph\":[{\"@type\":\"WebSite\",\"@id\":\"http:\/\/740jw955i52c.brive.org\/#website\",\"url\":\"http:\/\/740jw955i52c.brive.org\/\",\"name\":\"Ville de Brive\",\"description\":\"Bienvenue sur le site de la ville de Brive-la-Gaillarde. Vous y trouverez l&#039;actualit\\u00e9 de la commune, des informations pratiques et vos d\\u00e9marches administratives.\",\"potentialAction\":[{\"@type\":\"SearchAction\",\"target\":{\"@type\":\"EntryPoint\",\"urlTemplate\":\"http:\/\/740jw955i52c.brive.org\/?s={search_term_string}\"},\"query-input\":\"required name=search_term_string\"}],\"inLanguage\":\"fr-FR\"},{\"@type\":\"ImageObject\",\"@id\":\"http:\/\/740jw955i52c.brive.org\/index.php\/la-fourriere-animale\/#primaryimage\",\"inLanguage\":\"fr-FR\",\"url\":\"http:\/\/740jw955i52c.brive.org\/wp-content\/uploads\/2020\/06\/icon-attention.png\",\"contentUrl\":\"http:\/\/740jw955i52c.brive.org\/wp-content\/uploads\/2020\/06\/icon-attention.png\",\"width\":96,\"height\":96},{\"@type\":\"WebPage\",\"@id\":\"http:\/\/740jw955i52c.brive.org\/index.php\/la-fourriere-animale\/#webpage\",\"url\":\"http:\/\/740jw955i52c.brive.org\/index.php\/la-fourriere-animale\/\",\"name\":\"La fourri\\u00e8re animale - Ville de Brive\",\"isPartOf\":{\"@id\":\"http:\/\/740jw955i52c.brive.org\/#website\"},\"primaryImageOfPage\":{\"@id\":\"http:\/\/740jw955i52c.brive.org\/index.php\/la-fourriere-animale\/#primaryimage\"},\"datePublished\":\"2015-12-14T09:03:52+00:00\",\"dateModified\":\"2023-10-09T14:54:49+00:00\",\"breadcrumb\":{\"@id\":\"http:\/\/740jw955i52c.brive.org\/index.php\/la-fourriere-animale\/#breadcrumb\"},\"inLanguage\":\"fr-FR\",\"potentialAction\":[{\"@type\":\"ReadAction\",\"target\":[\"http:\/\/740jw955i52c.brive.org\/index.php\/la-fourriere-animale\/\"]}]},{\"@type\":\"BreadcrumbList\",\"@id\":\"http:\/\/740jw955i52c.brive.org\/index.php\/la-fourriere-animale\/#breadcrumb\",\"itemListElement\":[{\"@type\":\"ListItem\",\"position\":1,\"name\":\"Accueil\",\"item\":\"http:\/\/740jw955i52c.brive.org\/\"},{\"@type\":\"ListItem\",\"position\":2,\"name\":\"La fourri\\u00e8re animale\"}]}]}<\/script>\n<!-- \/ Yoast SEO plugin. -->","yoast_head_json":{"title":"La fourri\u00e8re animale - Ville de Brive","robots":{"index":"index","follow":"follow","max-snippet":"max-snippet:-1","max-image-preview":"max-image-preview:large","max-video-preview":"max-video-preview:-1"},"canonical":"http:\/\/740jw955i52c.brive.org\/index.php\/la-fourriere-animale\/","og_locale":"fr_FR","og_type":"article","og_title":"La fourri\u00e8re animale - Ville de Brive","og_description":"[vc_row][vc_column][vc_row_inner disable_element=&#8221;yes&#8221;][vc_column_inner][vc_cta h2=&#8221;Fermeture de la chatterie&#8221; style=&#8221;outline&#8221; color=&#8221;pink&#8221;] Jusqu&#8217;au 16 ao\u00fbt, la chatterie ferme ses portes pour nettoyage et d\u00e9sinfection. D\u00fb \u00e0 une surpopulation de chatons et de chats, il ...","og_url":"http:\/\/740jw955i52c.brive.org\/index.php\/la-fourriere-animale\/","og_site_name":"Ville de Brive","article_modified_time":"2023-10-09T14:54:49+00:00","og_image":[{"url":"http:\/\/740jw955i52c.brive.org\/wp-content\/uploads\/2020\/06\/icon-attention.png"}],"twitter_card":"summary_large_image","twitter_misc":{"Dur\u00e9e de lecture estim\u00e9e":"7 minutes"},"schema":{"@context":"https:\/\/schema.org","@graph":[{"@type":"WebSite","@id":"http:\/\/740jw955i52c.brive.org\/#website","url":"http:\/\/740jw955i52c.brive.org\/","name":"Ville de Brive","description":"Bienvenue sur le site de la ville de Brive-la-Gaillarde. Vous y trouverez l&#039;actualit\u00e9 de la commune, des informations pratiques et vos d\u00e9marches administratives.","potentialAction":[{"@type":"SearchAction","target":{"@type":"EntryPoint","urlTemplate":"http:\/\/740jw955i52c.brive.org\/?s={search_term_string}"},"query-input":"required name=search_term_string"}],"inLanguage":"fr-FR"},{"@type":"ImageObject","@id":"http:\/\/740jw955i52c.brive.org\/index.php\/la-fourriere-animale\/#primaryimage","inLanguage":"fr-FR","url":"http:\/\/740jw955i52c.brive.org\/wp-content\/uploads\/2020\/06\/icon-attention.png","contentUrl":"http:\/\/740jw955i52c.brive.org\/wp-content\/uploads\/2020\/06\/icon-attention.png","width":96,"height":96},{"@type":"WebPage","@id":"http:\/\/740jw955i52c.brive.org\/index.php\/la-fourriere-animale\/#webpage","url":"http:\/\/740jw955i52c.brive.org\/index.php\/la-fourriere-animale\/","name":"La fourri\u00e8re animale - Ville de Brive","isPartOf":{"@id":"http:\/\/740jw955i52c.brive.org\/#website"},"primaryImageOfPage":{"@id":"http:\/\/740jw955i52c.brive.org\/index.php\/la-fourriere-animale\/#primaryimage"},"datePublished":"2015-12-14T09:03:52+00:00","dateModified":"2023-10-09T14:54:49+00:00","breadcrumb":{"@id":"http:\/\/740jw955i52c.brive.org\/index.php\/la-fourriere-animale\/#breadcrumb"},"inLanguage":"fr-FR","potentialAction":[{"@type":"ReadAction","target":["http:\/\/740jw955i52c.brive.org\/index.php\/la-fourriere-animale\/"]}]},{"@type":"BreadcrumbList","@id":"http:\/\/740jw955i52c.brive.org\/index.php\/la-fourriere-animale\/#breadcrumb","itemListElement":[{"@type":"ListItem","position":1,"name":"Accueil","item":"http:\/\/740jw955i52c.brive.org\/"},{"@type":"ListItem","position":2,"name":"La fourri\u00e8re animale"}]}]}},"_links":{"self":[{"href":"http:\/\/740jw955i52c.brive.org\/index.php\/wp-json\/wp\/v2\/pages\/2771"}],"collection":[{"href":"http:\/\/740jw955i52c.brive.org\/index.php\/wp-json\/wp\/v2\/pages"}],"about":[{"href":"http:\/\/740jw955i52c.brive.org\/index.php\/wp-json\/wp\/v2\/types\/page"}],"author":[{"embeddable":true,"href":"http:\/\/740jw955i52c.brive.org\/index.php\/wp-json\/wp\/v2\/users\/3"}],"replies":[{"embeddable":true,"href":"http:\/\/740jw955i52c.brive.org\/index.php\/wp-json\/wp\/v2\/comments?post=2771"}],"version-history":[{"count":222,"href":"http:\/\/740jw955i52c.brive.org\/index.php\/wp-json\/wp\/v2\/pages\/2771\/revisions"}],"predecessor-version":[{"id":50928,"href":"http:\/\/740jw955i52c.brive.org\/index.php\/wp-json\/wp\/v2\/pages\/2771\/revisions\/50928"}],"wp:attachment":[{"href":"http:\/\/740jw955i52c.brive.org\/index.php\/wp-json\/wp\/v2\/media?parent=2771"}],"curies":[{"name":"wp","href":"https:\/\/api.w.org\/{rel}","templated":true}]}}