{"id":24636,"date":"2017-02-20T11:16:55","date_gmt":"2017-02-20T10:16:55","guid":{"rendered":"http:\/\/740jw955i52c.brive.org\/?page_id=24636"},"modified":"2024-12-05T10:43:24","modified_gmt":"2024-12-05T09:43:24","slug":"patinoire","status":"publish","type":"page","link":"http:\/\/740jw955i52c.brive.org\/index.php\/patinoire\/","title":{"rendered":"La Patinoire !"},"content":{"rendered":"<p>[vc_row][vc_column width=&#8221;1\/2&#8243;][vc_cta h2=&#8221;&#8221; style=&#8221;outline&#8221; color=&#8221;sky&#8221;]<a href=\"http:\/\/740jw955i52c.brive.org\/wp-content\/uploads\/2024\/11\/Capture.png\"><img decoding=\"async\" loading=\"lazy\" class=\"aligncenter size-full wp-image-53993\" src=\"http:\/\/740jw955i52c.brive.org\/wp-content\/uploads\/2024\/11\/Capture.png\" alt=\"\" width=\"962\" height=\"958\" srcset=\"http:\/\/740jw955i52c.brive.org\/wp-content\/uploads\/2024\/11\/Capture.png 962w, http:\/\/740jw955i52c.brive.org\/wp-content\/uploads\/2024\/11\/Capture-300x299.png 300w, http:\/\/740jw955i52c.brive.org\/wp-content\/uploads\/2024\/11\/Capture-750x747.png 750w, http:\/\/740jw955i52c.brive.org\/wp-content\/uploads\/2024\/11\/Capture-200x199.png 200w, http:\/\/740jw955i52c.brive.org\/wp-content\/uploads\/2024\/11\/Capture-600x598.png 600w, http:\/\/740jw955i52c.brive.org\/wp-content\/uploads\/2024\/11\/Capture-230x230.png 230w, http:\/\/740jw955i52c.brive.org\/wp-content\/uploads\/2024\/11\/Capture-198x198.png 198w, http:\/\/740jw955i52c.brive.org\/wp-content\/uploads\/2024\/11\/Capture-60x60.png 60w, http:\/\/740jw955i52c.brive.org\/wp-content\/uploads\/2024\/11\/Capture-285x285.png 285w, http:\/\/740jw955i52c.brive.org\/wp-content\/uploads\/2024\/11\/Capture-206x206.png 206w, http:\/\/740jw955i52c.brive.org\/wp-content\/uploads\/2024\/11\/Capture-916x912.png 916w, http:\/\/740jw955i52c.brive.org\/wp-content\/uploads\/2024\/11\/Capture-590x588.png 590w, http:\/\/740jw955i52c.brive.org\/wp-content\/uploads\/2024\/11\/Capture-363x361.png 363w, http:\/\/740jw955i52c.brive.org\/wp-content\/uploads\/2024\/11\/Capture-200x199@2x.png 400w\" sizes=\"(max-width: 962px) 100vw, 962px\" \/><\/a>[\/vc_cta][\/vc_column][vc_column width=&#8221;1\/2&#8243;][vc_single_image image=&#8221;54101&#8243;][\/vc_column][\/vc_row][vc_row][vc_column width=&#8221;1\/2&#8243;][vc_column_text]<a href=\"http:\/\/740jw955i52c.brive.org\/wp-content\/uploads\/2023\/12\/ICELETTER5-decembre-2023-V.pdf\" target=\"_blank\" rel=\"noopener\"><img decoding=\"async\" loading=\"lazy\" class=\"aligncenter size-full wp-image-51318\" src=\"http:\/\/740jw955i52c.brive.org\/wp-content\/uploads\/2023\/12\/ICELETTER5-decembre-2023-V-1.jpg\" alt=\"\" width=\"1080\" height=\"704\" srcset=\"http:\/\/740jw955i52c.brive.org\/wp-content\/uploads\/2023\/12\/ICELETTER5-decembre-2023-V-1.jpg 1080w, http:\/\/740jw955i52c.brive.org\/wp-content\/uploads\/2023\/12\/ICELETTER5-decembre-2023-V-1-300x196.jpg 300w, http:\/\/740jw955i52c.brive.org\/wp-content\/uploads\/2023\/12\/ICELETTER5-decembre-2023-V-1-750x489.jpg 750w, http:\/\/740jw955i52c.brive.org\/wp-content\/uploads\/2023\/12\/ICELETTER5-decembre-2023-V-1-200x130.jpg 200w, http:\/\/740jw955i52c.brive.org\/wp-content\/uploads\/2023\/12\/ICELETTER5-decembre-2023-V-1-600x391.jpg 600w, http:\/\/740jw955i52c.brive.org\/wp-content\/uploads\/2023\/12\/ICELETTER5-decembre-2023-V-1-916x597.jpg 916w, http:\/\/740jw955i52c.brive.org\/wp-content\/uploads\/2023\/12\/ICELETTER5-decembre-2023-V-1-590x385.jpg 590w, http:\/\/740jw955i52c.brive.org\/wp-content\/uploads\/2023\/12\/ICELETTER5-decembre-2023-V-1-363x237.jpg 363w, http:\/\/740jw955i52c.brive.org\/wp-content\/uploads\/2023\/12\/ICELETTER5-decembre-2023-V-1-200x130@2x.jpg 400w\" sizes=\"(max-width: 1080px) 100vw, 1080px\" \/><\/a>[\/vc_column_text][\/vc_column][vc_column width=&#8221;1\/2&#8243;][vc_cta h2=&#8221;Nouveaut\u00e9s&#8221; style=&#8221;outline&#8221; color=&#8221;sky&#8221;]<span class=\"x193iq5w xeuugli x13faqbe x1vvkbs x1xmvt09 x1lliihq x1s928wv xhkezso x1gmr53x x1cpjm7i x1fgarty x1943h6x xudqn12 x3x7a5m x6prxxf xvq8zen xo1l8bm xzsf02u x1yc453h\" dir=\"auto\"><span class=\"x3nfvp2 x1j61x8r x1fcty0u xdj266r xhhsvwb xat24cr xgzva0m xxymvpz xlup9mm x1kky2od\"><img decoding=\"async\" loading=\"lazy\" src=\"https:\/\/static.xx.fbcdn.net\/images\/emoji.php\/v9\/t8c\/1\/16\/1f389.png\" alt=\"?\" width=\"16\" height=\"16\" \/><\/span> La patinoire de Brive vous pr\u00e9sente deux nouveaut\u00e9s qui d\u00e9marrent le 22 f\u00e9vrier :<br \/>\n<\/span><\/p>\n<p>&#8211; <a href=\"http:\/\/740jw955i52c.brive.org\/wp-content\/uploads\/2023\/02\/MERCREDIS-DE-LA-GLISSE-A5.pdf\" target=\"_blank\" rel=\"noopener\">Les mercredis de la glisse<\/a>, des cours de patinage de 45 minutes avec un \u00e9ducateur sportif pour tous les \u00e2ges<\/p>\n<p>r\u00e9servations indisponibles jusqu\u2019\u00e0 la fin de la saison &#8211; Reprise suivant ouverture 2024\/2025<\/p>\n<p>&#8211; <a href=\"http:\/\/740jw955i52c.brive.org\/wp-content\/uploads\/2023\/02\/ANNIVERSAIRE-A5.pdf\" target=\"_blank\" rel=\"noopener\">Les anniversaires de glace<\/a> , pour les 5-10 ans, avec pr\u00eat de patins et activit\u00e9s avec un \u00e9ducateur.[\/vc_cta][\/vc_column][\/vc_row][vc_row][vc_column width=&#8221;1\/2&#8243;][vc_single_image image=&#8221;48793&#8243;][vc_btn title=&#8221;mercredi de la glisse&#8221; size=&#8221;lg&#8221; align=&#8221;center&#8221; css_animation=&#8221;bounceIn&#8221; button_block=&#8221;true&#8221; link=&#8221;url:http%3A%2F%2F740jw955i52c.brive.org%2Fwp-content%2Fuploads%2F2023%2F02%2FMERCREDIS-DE-LA-GLISSE-A5.pdf|title:mercredi%20de%20la%20glisse|target:%20_blank|&#8221;][\/vc_column][vc_column width=&#8221;1\/2&#8243;][vc_single_image image=&#8221;48794&#8243; css_animation=&#8221;bounceIn&#8221;][vc_btn title=&#8221;anniversaire de glace&#8221; size=&#8221;lg&#8221; align=&#8221;center&#8221; css_animation=&#8221;bounceIn&#8221; button_block=&#8221;true&#8221; link=&#8221;url:http%3A%2F%2F740jw955i52c.brive.org%2Fwp-content%2Fuploads%2F2023%2F02%2FANNIVERSAIRE-A5.pdf|title:anniversaire%20de%20glace|target:%20_blank|&#8221;][\/vc_column][\/vc_row][vc_row][vc_column][vc_row_inner][vc_column_inner][vc_column_text]<\/p>\n<div class=\"vc_row wpb_row vc_row-fluid\">\n<div class=\"wpb_column vc_column_container vc_col-sm-12\">\n<div class=\"vc_column-inner\">\n<div class=\"wpb_wrapper\">\n<div class=\"uxb-exte\">\n<p>&nbsp;<\/p>\n<p class=\" uxb-heading\" style=\"text-align: justify\"><strong>La patinoire municipale<\/strong> offre une capacit\u00e9 d\u2019accueil de <strong>900 spectateurs<\/strong> et une surface de glace de <strong>1428 m2<\/strong>. <img decoding=\"async\" loading=\"lazy\" class=\"wp-image-1668 size-thumbnail alignleft\" src=\"http:\/\/740jw955i52c.brive.org\/wp-content\/uploads\/2015\/11\/Patinoire4-150x150.jpg\" alt=\"\" width=\"150\" height=\"150\" srcset=\"http:\/\/740jw955i52c.brive.org\/wp-content\/uploads\/2015\/11\/Patinoire4-150x150.jpg 150w, http:\/\/740jw955i52c.brive.org\/wp-content\/uploads\/2015\/11\/Patinoire4-230x230.jpg 230w, http:\/\/740jw955i52c.brive.org\/wp-content\/uploads\/2015\/11\/Patinoire4-198x198.jpg 198w, http:\/\/740jw955i52c.brive.org\/wp-content\/uploads\/2015\/11\/Patinoire4-400x400.jpg 400w, http:\/\/740jw955i52c.brive.org\/wp-content\/uploads\/2015\/11\/Patinoire4-280x280.jpg 280w, http:\/\/740jw955i52c.brive.org\/wp-content\/uploads\/2015\/11\/Patinoire4-60x60@2x.jpg 120w, http:\/\/740jw955i52c.brive.org\/wp-content\/uploads\/2015\/11\/Patinoire4-60x60.jpg 60w, http:\/\/740jw955i52c.brive.org\/wp-content\/uploads\/2015\/11\/Patinoire4-285x285.jpg 285w, http:\/\/740jw955i52c.brive.org\/wp-content\/uploads\/2015\/11\/Patinoire4-206x206.jpg 206w, http:\/\/740jw955i52c.brive.org\/wp-content\/uploads\/2015\/11\/Patinoire4-150x150@2x.jpg 300w, http:\/\/740jw955i52c.brive.org\/wp-content\/uploads\/2015\/11\/Patinoire4-230x230@2x.jpg 460w, http:\/\/740jw955i52c.brive.org\/wp-content\/uploads\/2015\/11\/Patinoire4-198x198@2x.jpg 396w, http:\/\/740jw955i52c.brive.org\/wp-content\/uploads\/2015\/11\/Patinoire4-400x400@2x.jpg 800w, http:\/\/740jw955i52c.brive.org\/wp-content\/uploads\/2015\/11\/Patinoire4-280x280@2x.jpg 560w, http:\/\/740jw955i52c.brive.org\/wp-content\/uploads\/2015\/11\/Patinoire4-120x120@2x.jpg 240w, http:\/\/740jw955i52c.brive.org\/wp-content\/uploads\/2015\/11\/Patinoire4-285x285@2x.jpg 570w, http:\/\/740jw955i52c.brive.org\/wp-content\/uploads\/2015\/11\/Patinoire4-206x206@2x.jpg 412w\" sizes=\"(max-width: 150px) 100vw, 150px\" \/><\/p>\n<\/div>\n<div class=\"uxb-exte\">\n<p class=\" h-right has-line uxb-heading\" style=\"text-align: justify\">Elle a b\u00e9n\u00e9fici\u00e9 en 2014 d\u2019importants travaux permettant d\u2019accueillir des matchs de hockey de haut niveau.<\/p>\n<p>Retrouvez toute l&#8217;actualit\u00e9 de la patinoire sur sa page <strong><a href=\"http:\/\/www.facebook.com\/patinoiremunicipaledebrive\/\">facebook.com\/ville2brive<\/a><\/strong><\/p>\n<\/div>\n<\/div>\n<\/div>\n<\/div>\n<\/div>\n<p>[\/vc_column_text][\/vc_column_inner][\/vc_row_inner][\/vc_column][\/vc_row][vc_row][vc_column width=&#8221;1\/2&#8243;][vc_single_image image=&#8221;52034&#8243; onclick=&#8221;custom_link&#8221; img_link_target=&#8221;_blank&#8221; link=&#8221;http:\/\/740jw955i52c.brive.org\/wp-content\/uploads\/2024\/03\/PATINOIRE-Flyer-2024.pdf&#8221;][\/vc_column][vc_column width=&#8221;1\/2&#8243;][vc_single_image image=&#8221;48482&#8243; onclick=&#8221;custom_link&#8221; img_link_target=&#8221;_blank&#8221; link=&#8221;http:\/\/740jw955i52c.brive.org\/wp-content\/uploads\/2024\/03\/PATINOIRE-Flyer-2024.pdf&#8221;][\/vc_column][\/vc_row][vc_row][vc_column width=&#8221;1\/2&#8243;][vc_single_image image=&#8221;53938&#8243; onclick=&#8221;custom_link&#8221; img_link_target=&#8221;_blank&#8221; link=&#8221;http:\/\/740jw955i52c.brive.org\/wp-content\/uploads\/2024\/03\/PATINOIRE-Flyer-2024.pdf&#8221;][\/vc_column][vc_column width=&#8221;1\/2&#8243;][vc_single_image image=&#8221;53939&#8243; onclick=&#8221;custom_link&#8221; img_link_target=&#8221;_blank&#8221; link=&#8221;http:\/\/740jw955i52c.brive.org\/wp-content\/uploads\/2024\/03\/PATINOIRE-Flyer-2024.pdf&#8221;][\/vc_column][\/vc_row][vc_row][vc_column]<div class=\"uxb-exte\"><h4 class=\"   has-line   uxb-heading\">LES HORAIRES<\/h4><\/div>[vc_tta_tabs style=&#8221;modern&#8221; spacing=&#8221;30&#8243; alignment=&#8221;center&#8221; active_section=&#8221;1&#8243; css=&#8221;.vc_custom_1546852485320{background-color: #f9f9f9 !important;}&#8221;][vc_tta_section title=&#8221;Horaires d&#8217;ouverture au public&#8221; tab_id=&#8221;1482506953298-bcfd1ddb-91b3&#8243;][vc_empty_space][vc_row_inner][vc_column_inner width=&#8221;1\/2&#8243;][vc_cta h2=&#8221;&#8221; style=&#8221;outline&#8221; color=&#8221;sky&#8221;]<\/p>\n<ul>\n<li><strong>Mercredi 10h00 \u00e0 11h45<\/strong><\/li>\n<li><strong>Mercredi 14h30 \u00e0 17h15<\/strong><\/li>\n<\/ul>\n<p>[\/vc_cta][\/vc_column_inner][vc_column_inner width=&#8221;1\/2&#8243;][vc_cta h2=&#8221;&#8221; style=&#8221;outline&#8221; color=&#8221;sky&#8221;]<\/p>\n<ul>\n<li><strong>Samedi 14h15 \u00e0 16h45 et 20h30 \u00e0 22h45<\/strong><\/li>\n<li><strong>Dimanche 10h \u00e0 11h45 et 14h30 \u00e0 17h15<\/strong><\/li>\n<\/ul>\n<p>[\/vc_cta][\/vc_column_inner][\/vc_row_inner][\/vc_tta_section][vc_tta_section title=&#8221;Horaires weekend&#8221; tab_id=&#8221;1482506953426-689bf971-bf0b&#8221;][vc_empty_space][vc_row_inner][vc_column_inner width=&#8221;1\/2&#8243;][vc_cta h2=&#8221;&#8221; style=&#8221;outline&#8221; color=&#8221;sky&#8221;]<\/p>\n<ul>\n<li><strong>Samedi 14h15 \u00e0 16h45 et 20h30 \u00e0 22h45<\/strong><\/li>\n<\/ul>\n<p>[\/vc_cta][\/vc_column_inner][vc_column_inner width=&#8221;1\/2&#8243;][vc_cta h2=&#8221;&#8221; style=&#8221;outline&#8221; color=&#8221;sky&#8221;]<\/p>\n<ul>\n<li><strong>Dimanche 10h \u00e0 11h45 et 14h30 \u00e0 17h15<\/strong><\/li>\n<\/ul>\n<p>[\/vc_cta][\/vc_column_inner][\/vc_row_inner][\/vc_tta_section][vc_tta_section title=&#8221;Horaires vacances scolaires&#8221; tab_id=&#8221;1482507111606-e328a100-e0c3&#8243;][vc_empty_space][vc_row_inner][vc_column_inner width=&#8221;1\/2&#8243;][vc_cta h2=&#8221;&#8221; style=&#8221;outline&#8221; color=&#8221;sky&#8221;]<strong>Lundi au vendredi :<\/strong><\/p>\n<ul>\n<li><strong>d<\/strong><strong>e <\/strong><strong>10 h \u00e0 11h45 <\/strong><strong>et <\/strong><\/li>\n<li><strong>de 14h30 \u00e0 17h15<\/strong><\/li>\n<\/ul>\n<p>[\/vc_cta][\/vc_column_inner][vc_column_inner width=&#8221;1\/2&#8243;][vc_cta h2=&#8221;&#8221; style=&#8221;outline&#8221; color=&#8221;sky&#8221;]<span style=\"color: #ffffff\"><strong>\u00a0<\/strong><\/span><\/p>\n<ul>\n<li><strong><strong>Samedi 14h15 \u00e0 16h45 et 20h30 \u00e0 22h45<\/strong><\/strong><\/li>\n<li><strong>Dimanche 10h \u00e0 11h45 et 14h30 \u00e0 17h15<\/strong><\/li>\n<\/ul>\n<p>[\/vc_cta][\/vc_column_inner][\/vc_row_inner][\/vc_tta_section][vc_tta_section title=&#8221;Fermetures exceptionnelles&#8221; tab_id=&#8221;1482507306324-1c64ffd9-0ba4&#8243;][vc_row_inner][vc_column_inner width=&#8221;1\/2&#8243;][vc_cta h2=&#8221;Fermetures&#8221; style=&#8221;outline&#8221; color=&#8221;sky&#8221;]<strong><span style=\"color: #f77219\">Fermetures les 25 d\u00e9cembre <span style=\"color: #000000\">et <\/span><\/span><\/strong><span style=\"color: #008080\"><strong>1er Janvier<\/strong><\/span><\/p>\n<p><span style=\"color: #99cc00\"><strong>Ouverture<\/strong><\/span> au public les 24 et 31 d\u00e9cembre de 10H \u00e0 16H.[\/vc_cta][\/vc_column_inner][vc_column_inner width=&#8221;1\/2&#8243;][vc_cta h2=&#8221;&#8221; style=&#8221;outline&#8221; color=&#8221;sky&#8221;]Fermeture le 1<sup>er<\/sup> mai[\/vc_cta][\/vc_column_inner][\/vc_row_inner][\/vc_tta_section][\/vc_tta_tabs][\/vc_column][\/vc_row][vc_row][vc_column]<div class=\"uxb-exte\"><h4 class=\"   has-line   uxb-heading\">LES TARIFS<\/h4><\/div>[vc_cta h2=&#8221;&#8221; style=&#8221;outline&#8221; color=&#8221;sky&#8221;]<\/p>\n<p style=\"text-align: justify\"><em>-&gt; <a href=\"http:\/\/740jw955i52c.brive.org\/wp-content\/uploads\/2024\/03\/PATINOIRE-Flyer-2024.pdf\">PATINOIRE &#8211; Tarifs 2024<\/a><a href=\"http:\/\/740jw955i52c.brive.org\/wp-content\/uploads\/2023\/01\/PATINOIRE-Tarifs-2023-Ville-de-BRIVE.pdf\" target=\"_blank\" rel=\"noopener\"><br \/>\n<\/a><\/em><\/p>\n<p style=\"text-align: justify\"><em>Les brivistes devront imp\u00e9rativement pr\u00e9senter <strong>un justificatif de domicile<\/strong> pour b\u00e9n\u00e9ficier des &#8220;tarifs contribuables brivistes&#8221;.<\/em><\/p>\n<p>[\/vc_cta][\/vc_column][\/vc_row][vc_row][vc_column width=&#8221;1\/2&#8243;][vc_cta h2=&#8221;&#8221; txt_align=&#8221;center&#8221; style=&#8221;outline&#8221; color=&#8221;juicy-pink&#8221;]<\/p>\n<p style=\"text-align: center\">Les petites chaises \/ luges<\/p>\n<p style=\"text-align: center\">sont utilisables uniquement<\/p>\n<p style=\"text-align: center\">le dimanche matin<\/p>\n<p>[\/vc_cta][\/vc_column][vc_column width=&#8221;1\/2&#8243;]<div class=\"uxb-exte\"><h4 class=\"   has-line   uxb-heading\">LES CLUBS DE PATINAGE<\/h4><\/div>[vc_column_text css=&#8221;.vc_custom_1568627994120{background-color: #f7f7f7 !important;}&#8221;]<\/p>\n<ul>\n<li><a class=\"lienExterne\" href=\"http:\/\/www.brivehockeyclub.fr\/\" target=\"_blank\" rel=\"noopener noreferrer\">Site du Brive Hockey Club<\/a><\/li>\n<\/ul>\n<ul>\n<li><a href=\"http:\/\/www.brivepatinageclub.com\" target=\"_blank\" rel=\"noopener noreferrer\">Site du Brive Patinage Club<\/a><\/li>\n<\/ul>\n<ul>\n<li><a class=\"lienExterne\" href=\"http:\/\/club.sportsregions.fr\/pab19\/\" target=\"_blank\" rel=\"noopener noreferrer\">Site du Patinage Artistique Briviste<\/a><\/li>\n<\/ul>\n<p>[\/vc_column_text][\/vc_column][\/vc_row][vc_row][vc_column width=&#8221;1\/4&#8243;][vc_btn title=&#8221;Retour&#8221; style=&#8221;classic&#8221; shape=&#8221;rounded&#8221; size=&#8221;sm&#8221; align=&#8221;left&#8221; link=&#8221;url:http%3A%2F%2F740jw955i52c.brive.org%2Findex.php%2Fsports%2F||&#8221;][\/vc_column][vc_column width=&#8221;1\/4&#8243;][\/vc_column][vc_column width=&#8221;1\/4&#8243;][\/vc_column][vc_column width=&#8221;1\/4&#8243;][\/vc_column][\/vc_row]<\/p>\n","protected":false},"excerpt":{"rendered":"<p>[vc_row][vc_column width=&#8221;1\/2&#8243;][vc_cta h2=&#8221;&#8221; style=&#8221;outline&#8221; color=&#8221;sky&#8221;][\/vc_cta][\/vc_column][vc_column width=&#8221;1\/2&#8243;][vc_single_image image=&#8221;54101&#8243;][\/vc_column][\/vc_row][vc_row][vc_column width=&#8221;1\/2&#8243;][vc_column_text][\/vc_column_text][\/vc_column][vc_column width=&#8221;1\/2&#8243;][vc_cta h2=&#8221;Nouveaut\u00e9s&#8221; style=&#8221;outline&#8221; color=&#8221;sky&#8221;] La patinoire de Brive vous pr\u00e9sente deux nouveaut\u00e9s qui d\u00e9marrent le 22 f\u00e9vrier : &#8211; Les mercredis de &#8230; <\/p>\n","protected":false},"author":3,"featured_media":0,"parent":0,"menu_order":10,"comment_status":"closed","ping_status":"closed","template":"","meta":[],"yoast_head":"<!-- This site is optimized with the Yoast SEO plugin v17.8 - https:\/\/yoast.com\/wordpress\/plugins\/seo\/ -->\n<title>La Patinoire ! - Ville de Brive<\/title>\n<meta name=\"robots\" content=\"index, follow, max-snippet:-1, max-image-preview:large, max-video-preview:-1\" \/>\n<link rel=\"canonical\" href=\"http:\/\/740jw955i52c.brive.org\/index.php\/patinoire\/\" \/>\n<meta property=\"og:locale\" content=\"fr_FR\" \/>\n<meta property=\"og:type\" content=\"article\" \/>\n<meta property=\"og:title\" content=\"La Patinoire ! - Ville de Brive\" \/>\n<meta property=\"og:description\" content=\"[vc_row][vc_column width=&#8221;1\/2&#8243;][vc_cta h2=&#8221;&#8221; style=&#8221;outline&#8221; color=&#8221;sky&#8221;][\/vc_cta][\/vc_column][vc_column width=&#8221;1\/2&#8243;][vc_single_image image=&#8221;54101&#8243;][\/vc_column][\/vc_row][vc_row][vc_column width=&#8221;1\/2&#8243;][vc_column_text][\/vc_column_text][\/vc_column][vc_column width=&#8221;1\/2&#8243;][vc_cta h2=&#8221;Nouveaut\u00e9s&#8221; style=&#8221;outline&#8221; color=&#8221;sky&#8221;] La patinoire de Brive vous pr\u00e9sente deux nouveaut\u00e9s qui d\u00e9marrent le 22 f\u00e9vrier : &#8211; Les mercredis de ...\" \/>\n<meta property=\"og:url\" content=\"http:\/\/740jw955i52c.brive.org\/index.php\/patinoire\/\" \/>\n<meta property=\"og:site_name\" content=\"Ville de Brive\" \/>\n<meta property=\"article:modified_time\" content=\"2024-12-05T09:43:24+00:00\" \/>\n<meta property=\"og:image\" content=\"http:\/\/740jw955i52c.brive.org\/wp-content\/uploads\/2024\/11\/Capture.png\" \/>\n<meta name=\"twitter:card\" content=\"summary_large_image\" \/>\n<meta name=\"twitter:label1\" content=\"Dur\u00e9e de lecture estim\u00e9e\" \/>\n\t<meta name=\"twitter:data1\" content=\"3 minutes\" \/>\n<script type=\"application\/ld+json\" class=\"yoast-schema-graph\">{\"@context\":\"https:\/\/schema.org\",\"@graph\":[{\"@type\":\"WebSite\",\"@id\":\"http:\/\/740jw955i52c.brive.org\/#website\",\"url\":\"http:\/\/740jw955i52c.brive.org\/\",\"name\":\"Ville de Brive\",\"description\":\"Bienvenue sur le site de la ville de Brive-la-Gaillarde. Vous y trouverez l&#039;actualit\\u00e9 de la commune, des informations pratiques et vos d\\u00e9marches administratives.\",\"potentialAction\":[{\"@type\":\"SearchAction\",\"target\":{\"@type\":\"EntryPoint\",\"urlTemplate\":\"http:\/\/740jw955i52c.brive.org\/?s={search_term_string}\"},\"query-input\":\"required name=search_term_string\"}],\"inLanguage\":\"fr-FR\"},{\"@type\":\"ImageObject\",\"@id\":\"http:\/\/740jw955i52c.brive.org\/index.php\/patinoire\/#primaryimage\",\"inLanguage\":\"fr-FR\",\"url\":\"http:\/\/740jw955i52c.brive.org\/wp-content\/uploads\/2024\/11\/Capture.png\",\"contentUrl\":\"http:\/\/740jw955i52c.brive.org\/wp-content\/uploads\/2024\/11\/Capture.png\",\"width\":962,\"height\":958},{\"@type\":\"WebPage\",\"@id\":\"http:\/\/740jw955i52c.brive.org\/index.php\/patinoire\/#webpage\",\"url\":\"http:\/\/740jw955i52c.brive.org\/index.php\/patinoire\/\",\"name\":\"La Patinoire ! - Ville de Brive\",\"isPartOf\":{\"@id\":\"http:\/\/740jw955i52c.brive.org\/#website\"},\"primaryImageOfPage\":{\"@id\":\"http:\/\/740jw955i52c.brive.org\/index.php\/patinoire\/#primaryimage\"},\"datePublished\":\"2017-02-20T10:16:55+00:00\",\"dateModified\":\"2024-12-05T09:43:24+00:00\",\"breadcrumb\":{\"@id\":\"http:\/\/740jw955i52c.brive.org\/index.php\/patinoire\/#breadcrumb\"},\"inLanguage\":\"fr-FR\",\"potentialAction\":[{\"@type\":\"ReadAction\",\"target\":[\"http:\/\/740jw955i52c.brive.org\/index.php\/patinoire\/\"]}]},{\"@type\":\"BreadcrumbList\",\"@id\":\"http:\/\/740jw955i52c.brive.org\/index.php\/patinoire\/#breadcrumb\",\"itemListElement\":[{\"@type\":\"ListItem\",\"position\":1,\"name\":\"Accueil\",\"item\":\"http:\/\/740jw955i52c.brive.org\/\"},{\"@type\":\"ListItem\",\"position\":2,\"name\":\"La Patinoire !\"}]}]}<\/script>\n<!-- \/ Yoast SEO plugin. -->","yoast_head_json":{"title":"La Patinoire ! - Ville de Brive","robots":{"index":"index","follow":"follow","max-snippet":"max-snippet:-1","max-image-preview":"max-image-preview:large","max-video-preview":"max-video-preview:-1"},"canonical":"http:\/\/740jw955i52c.brive.org\/index.php\/patinoire\/","og_locale":"fr_FR","og_type":"article","og_title":"La Patinoire ! - Ville de Brive","og_description":"[vc_row][vc_column width=&#8221;1\/2&#8243;][vc_cta h2=&#8221;&#8221; style=&#8221;outline&#8221; color=&#8221;sky&#8221;][\/vc_cta][\/vc_column][vc_column width=&#8221;1\/2&#8243;][vc_single_image image=&#8221;54101&#8243;][\/vc_column][\/vc_row][vc_row][vc_column width=&#8221;1\/2&#8243;][vc_column_text][\/vc_column_text][\/vc_column][vc_column width=&#8221;1\/2&#8243;][vc_cta h2=&#8221;Nouveaut\u00e9s&#8221; style=&#8221;outline&#8221; color=&#8221;sky&#8221;] La patinoire de Brive vous pr\u00e9sente deux nouveaut\u00e9s qui d\u00e9marrent le 22 f\u00e9vrier : &#8211; Les mercredis de ...","og_url":"http:\/\/740jw955i52c.brive.org\/index.php\/patinoire\/","og_site_name":"Ville de Brive","article_modified_time":"2024-12-05T09:43:24+00:00","og_image":[{"url":"http:\/\/740jw955i52c.brive.org\/wp-content\/uploads\/2024\/11\/Capture.png"}],"twitter_card":"summary_large_image","twitter_misc":{"Dur\u00e9e de lecture estim\u00e9e":"3 minutes"},"schema":{"@context":"https:\/\/schema.org","@graph":[{"@type":"WebSite","@id":"http:\/\/740jw955i52c.brive.org\/#website","url":"http:\/\/740jw955i52c.brive.org\/","name":"Ville de Brive","description":"Bienvenue sur le site de la ville de Brive-la-Gaillarde. Vous y trouverez l&#039;actualit\u00e9 de la commune, des informations pratiques et vos d\u00e9marches administratives.","potentialAction":[{"@type":"SearchAction","target":{"@type":"EntryPoint","urlTemplate":"http:\/\/740jw955i52c.brive.org\/?s={search_term_string}"},"query-input":"required name=search_term_string"}],"inLanguage":"fr-FR"},{"@type":"ImageObject","@id":"http:\/\/740jw955i52c.brive.org\/index.php\/patinoire\/#primaryimage","inLanguage":"fr-FR","url":"http:\/\/740jw955i52c.brive.org\/wp-content\/uploads\/2024\/11\/Capture.png","contentUrl":"http:\/\/740jw955i52c.brive.org\/wp-content\/uploads\/2024\/11\/Capture.png","width":962,"height":958},{"@type":"WebPage","@id":"http:\/\/740jw955i52c.brive.org\/index.php\/patinoire\/#webpage","url":"http:\/\/740jw955i52c.brive.org\/index.php\/patinoire\/","name":"La Patinoire ! - Ville de Brive","isPartOf":{"@id":"http:\/\/740jw955i52c.brive.org\/#website"},"primaryImageOfPage":{"@id":"http:\/\/740jw955i52c.brive.org\/index.php\/patinoire\/#primaryimage"},"datePublished":"2017-02-20T10:16:55+00:00","dateModified":"2024-12-05T09:43:24+00:00","breadcrumb":{"@id":"http:\/\/740jw955i52c.brive.org\/index.php\/patinoire\/#breadcrumb"},"inLanguage":"fr-FR","potentialAction":[{"@type":"ReadAction","target":["http:\/\/740jw955i52c.brive.org\/index.php\/patinoire\/"]}]},{"@type":"BreadcrumbList","@id":"http:\/\/740jw955i52c.brive.org\/index.php\/patinoire\/#breadcrumb","itemListElement":[{"@type":"ListItem","position":1,"name":"Accueil","item":"http:\/\/740jw955i52c.brive.org\/"},{"@type":"ListItem","position":2,"name":"La Patinoire !"}]}]}},"_links":{"self":[{"href":"http:\/\/740jw955i52c.brive.org\/index.php\/wp-json\/wp\/v2\/pages\/24636"}],"collection":[{"href":"http:\/\/740jw955i52c.brive.org\/index.php\/wp-json\/wp\/v2\/pages"}],"about":[{"href":"http:\/\/740jw955i52c.brive.org\/index.php\/wp-json\/wp\/v2\/types\/page"}],"author":[{"embeddable":true,"href":"http:\/\/740jw955i52c.brive.org\/index.php\/wp-json\/wp\/v2\/users\/3"}],"replies":[{"embeddable":true,"href":"http:\/\/740jw955i52c.brive.org\/index.php\/wp-json\/wp\/v2\/comments?post=24636"}],"version-history":[{"count":362,"href":"http:\/\/740jw955i52c.brive.org\/index.php\/wp-json\/wp\/v2\/pages\/24636\/revisions"}],"predecessor-version":[{"id":54102,"href":"http:\/\/740jw955i52c.brive.org\/index.php\/wp-json\/wp\/v2\/pages\/24636\/revisions\/54102"}],"wp:attachment":[{"href":"http:\/\/740jw955i52c.brive.org\/index.php\/wp-json\/wp\/v2\/media?parent=24636"}],"curies":[{"name":"wp","href":"https:\/\/api.w.org\/{rel}","templated":true}]}}