{"id":24015,"date":"2017-02-08T09:00:54","date_gmt":"2017-02-08T08:00:54","guid":{"rendered":"http:\/\/740jw955i52c.brive.org\/?page_id=24015"},"modified":"2023-10-27T15:31:50","modified_gmt":"2023-10-27T13:31:50","slug":"solidarite-internationale","status":"publish","type":"page","link":"http:\/\/740jw955i52c.brive.org\/index.php\/solidarite-internationale\/","title":{"rendered":"Solidarit\u00e9 Internationale"},"content":{"rendered":"<p>[vc_row disable_element=&#8221;yes&#8221;][vc_column][vc_single_image image=&#8221;21188&#8243; alignment=&#8221;center&#8221;][\/vc_column][\/vc_row][vc_row disable_element=&#8221;yes&#8221;][vc_column width=&#8221;1\/2&#8243;][vc_cta h2=&#8221;&#8221; style=&#8221;3d&#8221;]<\/p>\n<p style=\"text-align: center\"><span style=\"color: #000000\">Pr\u00e9sentation de la semaine<\/span><br \/>\n<span style=\"color: #000000\"> de la solidarit\u00e9 internationale<\/span><br \/>\n<span style=\"color: #000000\"> par <strong>Jean-Marc COMAS<\/strong><\/span><br \/>\n<span style=\"color: #000000\"> Maire-Adjoint de la ville de Brive<\/span><br \/>\n<span style=\"color: #000000\">\u00a0en charge de la Culture<\/span><br \/>\n<span style=\"color: #000000\"> et des Relations Internationales<\/span><\/p>\n<p>[\/vc_cta][\/vc_column][vc_column width=&#8221;1\/2&#8243;][vc_column_text]<\/p>\n<div style=\"width: 640px;\" class=\"wp-video\"><!--[if lt IE 9]><script>document.createElement('video');<\/script><![endif]-->\n<video class=\"wp-video-shortcode\" id=\"video-24015-1\" width=\"640\" height=\"360\" poster=\"\/wp-content\/uploads\/ownupload\/video\/solidarite-internationale-brive.jpg\" preload=\"metadata\" controls=\"controls\"><source type=\"video\/mp4\" src=\"\/wp-content\/uploads\/ownupload\/video\/solidarite-internationale-brive.mp4?_=1\" \/><a href=\"\/wp-content\/uploads\/ownupload\/video\/solidarite-internationale-brive.mp4\">\/wp-content\/uploads\/ownupload\/video\/solidarite-internationale-brive.mp4<\/a><\/video><\/div>\n<p>[\/vc_column_text][\/vc_column][\/vc_row][vc_row][vc_column width=&#8221;1\/2&#8243;][vc_single_image image=&#8221;51059&#8243;][\/vc_column][vc_column width=&#8221;1\/2&#8243;][vc_column_text]Depuis plus de 20 ans, le Festival des Solidarit\u00e9s est <strong>le rendez-vous national pour promouvoir et c\u00e9l\u00e9brer une solidarit\u00e9 ouverte au monde et aux autres<\/strong>.<\/p>\n<p>Chaque ann\u00e9e en novembre, des associations, collectivit\u00e9s, \u00e9tablissements scolaires, structures socio-culturelles, acteurs \u00e9conomiques, groupes de citoyen(nes), etc\u2026 organisent pendant deux semaines des \u00e9v\u00e9nements conviviaux et engag\u00e9s pour <strong>donner envie aux citoyen (nes) de tout \u00e2ge d\u2019agir pour un monde juste, solidaire et durable<\/strong>.<\/p>\n<p><strong>L\u2019\u00e9dition 2023 se d\u00e9roulera du <u>17 Novembre au 03 D\u00e9cembre dans toute la France.<\/u><\/strong><\/p>\n<p><strong>A Brive le march\u00e9 de la solidarit\u00e9 aura lieu le samedi 18 novembre place Charles de GAULLE<\/strong><\/p>\n<p>&nbsp;<\/p>\n<p>Des animations sont pr\u00e9vues tout au long de la journ\u00e9e\u00a0:<\/p>\n<ul>\n<li>Exposition<\/li>\n<li>Vente de produits artisanaux<\/li>\n<\/ul>\n<p>[\/vc_column_text][\/vc_column][\/vc_row][vc_row][vc_column][vc_row_inner][vc_column_inner][vc_cta h2=&#8221;Les associations pr\u00e9sentes sur le march\u00e9 de la solidarit\u00e9 sont :&#8221; style=&#8221;outline&#8221; color=&#8221;turquoise&#8221;]<\/p>\n<ol>\n<li>Togo19<\/li>\n<li>Brive Sikasso<\/li>\n<li>Esp\u00e9ranto<\/li>\n<li>Unicef<\/li>\n<li>Amnesty International<\/li>\n<li>CCFD<\/li>\n<li>Mouvement pour la paix<\/li>\n<li>Emma\u00fcs<\/li>\n<\/ol>\n<p>Cette ann\u00e9e en marge du march\u00e9 le conseil municipal des enfants proposeront une action \u00ab\u00a0la trousse solidaire\u00a0\u00bb en partenariat avec l\u2019association Brive Sikasso et l\u2019association UNICEF dans le cadre de la journ\u00e9e internationale des droits de l\u2019enfance qui aura lieu le 20 novembre.[\/vc_cta][\/vc_column_inner][\/vc_row_inner]<div class=\"uxb-exte\"><h3 class=\" h-center  has-line   uxb-heading\">Les associations \u00e0 caract\u00e8re international et humanitaire participant au march\u00e9 de la solidarit\u00e9<\/h3><\/div>[vc_row_inner][vc_column_inner width=&#8221;1\/3&#8243;][vc_btn title=&#8221;Afro 19&#8243; style=&#8221;custom&#8221; custom_background=&#8221;#5aa1e3&#8243; custom_text=&#8221;#ffffff&#8221; shape=&#8221;rounded&#8221; size=&#8221;xs&#8221; align=&#8221;center&#8221; button_block=&#8221;true&#8221; link=&#8221;url:http%3A%2F%2F740jw955i52c.brive.org%2Findex.php%2Frelations-internationales-afro19%2F|||&#8221;][vc_btn title=&#8221;Amnesty International&#8221; style=&#8221;custom&#8221; custom_background=&#8221;#5aa1e3&#8243; custom_text=&#8221;#ffffff&#8221; shape=&#8221;rounded&#8221; size=&#8221;xs&#8221; align=&#8221;center&#8221; button_block=&#8221;true&#8221; link=&#8221;url:http%3A%2F%2F740jw955i52c.brive.org%2Findex.php%2Frelations-internationales-amnesty-international%2F|||&#8221;][vc_btn title=&#8221;La ligue des droits de l&#8217;Homme&#8221; style=&#8221;custom&#8221; custom_background=&#8221;#5aa1e3&#8243; custom_text=&#8221;#ffffff&#8221; shape=&#8221;rounded&#8221; size=&#8221;xs&#8221; align=&#8221;center&#8221; button_block=&#8221;true&#8221; link=&#8221;url:http%3A%2F%2F740jw955i52c.brive.org%2Findex.php%2Frelations-internationales-droits-de-l-homme%2F|||&#8221;][vc_btn title=&#8221;Terre de partages \/ Madagascar&#8221; style=&#8221;custom&#8221; custom_background=&#8221;#5aa1e3&#8243; custom_text=&#8221;#ffffff&#8221; shape=&#8221;rounded&#8221; size=&#8221;xs&#8221; align=&#8221;center&#8221; button_block=&#8221;true&#8221; link=&#8221;url:http%3A%2F%2F740jw955i52c.brive.org%2Findex.php%2Frelations-internationales-madagascar-terre-partages%2F|||&#8221;][\/vc_column_inner][vc_column_inner width=&#8221;1\/3&#8243;][vc_btn title=&#8221;Aide \u00e0 l&#8217;enfance tib\u00e9taine&#8221; style=&#8221;custom&#8221; custom_background=&#8221;#5aa1e3&#8243; custom_text=&#8221;#ffffff&#8221; shape=&#8221;rounded&#8221; size=&#8221;xs&#8221; align=&#8221;center&#8221; button_block=&#8221;true&#8221; link=&#8221;url:http%3A%2F%2F740jw955i52c.brive.org%2Findex.php%2Frelations-internationales-enfance-tibetaine%2F|||&#8221;][vc_btn title=&#8221;Brive Sikasso&#8221; style=&#8221;custom&#8221; custom_background=&#8221;#5aa1e3&#8243; custom_text=&#8221;#ffffff&#8221; shape=&#8221;rounded&#8221; size=&#8221;xs&#8221; align=&#8221;center&#8221; button_block=&#8221;true&#8221; link=&#8221;url:http%3A%2F%2F740jw955i52c.brive.org%2Findex.php%2Frelations-internationales-sikasso%2F|||&#8221;][vc_btn title=&#8221;Mouvement de la Paix&#8221; style=&#8221;custom&#8221; custom_background=&#8221;#5aa1e3&#8243; custom_text=&#8221;#ffffff&#8221; shape=&#8221;rounded&#8221; size=&#8221;xs&#8221; align=&#8221;center&#8221; button_block=&#8221;true&#8221; link=&#8221;url:http%3A%2F%2F740jw955i52c.brive.org%2Findex.php%2Frelations-internationales-mouvement-paix%2F|||&#8221;][vc_btn title=&#8221;Togo 19&#8243; style=&#8221;custom&#8221; custom_background=&#8221;#5aa1e3&#8243; custom_text=&#8221;#ffffff&#8221; shape=&#8221;rounded&#8221; size=&#8221;xs&#8221; align=&#8221;center&#8221; button_block=&#8221;true&#8221; link=&#8221;url:http%3A%2F%2F740jw955i52c.brive.org%2Findex.php%2Frelations-internationales-togo-19%2F|||&#8221;][\/vc_column_inner][vc_column_inner width=&#8221;1\/3&#8243;][vc_btn title=&#8221;Les amis d&#8217;esp\u00e9rance Liban&#8221; style=&#8221;custom&#8221; custom_background=&#8221;#5aa1e3&#8243; custom_text=&#8221;#ffffff&#8221; shape=&#8221;rounded&#8221; size=&#8221;xs&#8221; align=&#8221;center&#8221; button_block=&#8221;true&#8221; link=&#8221;url:http%3A%2F%2F740jw955i52c.brive.org%2Findex.php%2Frelations-internationales-esperance-liban%2F|||&#8221;][vc_btn title=&#8221;Ethique sur l&#8217;\u00e9tiquette&#8221; style=&#8221;custom&#8221; custom_background=&#8221;#5aa1e3&#8243; custom_text=&#8221;#ffffff&#8221; shape=&#8221;rounded&#8221; size=&#8221;xs&#8221; align=&#8221;center&#8221; button_block=&#8221;true&#8221; link=&#8221;url:http%3A%2F%2F740jw955i52c.brive.org%2Findex.php%2Frelations-internationales-ethique-sur-l-etiquette%2F|||&#8221;][vc_btn title=&#8221;N\u00e9pal, enfance et lumi\u00e8re&#8221; style=&#8221;custom&#8221; custom_background=&#8221;#5aa1e3&#8243; custom_text=&#8221;#ffffff&#8221; shape=&#8221;rounded&#8221; size=&#8221;xs&#8221; align=&#8221;center&#8221; button_block=&#8221;true&#8221; link=&#8221;url:http%3A%2F%2F740jw955i52c.brive.org%2Findex.php%2Frelations-internationales-nepal-enfance-lumiere%2F|||&#8221;][vc_btn title=&#8221;Unicef Brive Corr\u00e8ze&#8221; style=&#8221;custom&#8221; custom_background=&#8221;#5aa1e3&#8243; custom_text=&#8221;#ffffff&#8221; shape=&#8221;rounded&#8221; size=&#8221;xs&#8221; align=&#8221;center&#8221; button_block=&#8221;true&#8221; link=&#8221;url:http%3A%2F%2F740jw955i52c.brive.org%2Findex.php%2Frelations-internationales-unicef%2F|||&#8221;][\/vc_column_inner][\/vc_row_inner][vc_row_inner][vc_column_inner width=&#8221;1\/4&#8243;][vc_btn title=&#8221;Relations Internationales&#8221; style=&#8221;custom&#8221; custom_background=&#8221;#5aa1e3&#8243; custom_text=&#8221;#ffffff&#8221; shape=&#8221;rounded&#8221; size=&#8221;xs&#8221; align=&#8221;center&#8221; button_block=&#8221;true&#8221; link=&#8221;url:http%3A%2F%2F740jw955i52c.brive.org%2Findex.php%2Frelations-internationales%2F|||&#8221;][\/vc_column_inner][vc_column_inner width=&#8221;1\/2&#8243;][vc_empty_space height=&#8221;15px&#8221;]<hr class=\"light  divider uxb-divider\" \/>[\/vc_column_inner][vc_column_inner width=&#8221;1\/4&#8243;][vc_btn title=&#8221;Villes jumel\u00e9es&#8221; style=&#8221;custom&#8221; custom_background=&#8221;#5aa1e3&#8243; custom_text=&#8221;#ffffff&#8221; shape=&#8221;rounded&#8221; size=&#8221;xs&#8221; align=&#8221;center&#8221; button_block=&#8221;true&#8221; link=&#8221;url:http%3A%2F%2F740jw955i52c.brive.org%2Findex.php%2Faccueil%2Fvilles-jumelees%2F|||&#8221;][\/vc_column_inner][\/vc_row_inner][\/vc_column][\/vc_row]<\/p>\n","protected":false},"excerpt":{"rendered":"<p>[vc_row disable_element=&#8221;yes&#8221;][vc_column][vc_single_image image=&#8221;21188&#8243; alignment=&#8221;center&#8221;][\/vc_column][\/vc_row][vc_row disable_element=&#8221;yes&#8221;][vc_column width=&#8221;1\/2&#8243;][vc_cta h2=&#8221;&#8221; style=&#8221;3d&#8221;] Pr\u00e9sentation de la semaine de la solidarit\u00e9 internationale par Jean-Marc COMAS Maire-Adjoint de la ville de Brive \u00a0en charge de la Culture &#8230; <\/p>\n","protected":false},"author":3,"featured_media":0,"parent":0,"menu_order":0,"comment_status":"closed","ping_status":"closed","template":"","meta":[],"yoast_head":"<!-- This site is optimized with the Yoast SEO plugin v17.8 - https:\/\/yoast.com\/wordpress\/plugins\/seo\/ -->\n<title>Solidarit\u00e9 Internationale - Ville de Brive<\/title>\n<meta name=\"robots\" content=\"index, follow, max-snippet:-1, max-image-preview:large, max-video-preview:-1\" \/>\n<link rel=\"canonical\" href=\"http:\/\/740jw955i52c.brive.org\/index.php\/solidarite-internationale\/\" \/>\n<meta property=\"og:locale\" content=\"fr_FR\" \/>\n<meta property=\"og:type\" content=\"article\" \/>\n<meta property=\"og:title\" content=\"Solidarit\u00e9 Internationale - Ville de Brive\" \/>\n<meta property=\"og:description\" content=\"[vc_row disable_element=&#8221;yes&#8221;][vc_column][vc_single_image image=&#8221;21188&#8243; alignment=&#8221;center&#8221;][\/vc_column][\/vc_row][vc_row disable_element=&#8221;yes&#8221;][vc_column width=&#8221;1\/2&#8243;][vc_cta h2=&#8221;&#8221; style=&#8221;3d&#8221;] Pr\u00e9sentation de la semaine de la solidarit\u00e9 internationale par Jean-Marc COMAS Maire-Adjoint de la ville de Brive \u00a0en charge de la Culture ...\" \/>\n<meta property=\"og:url\" content=\"http:\/\/740jw955i52c.brive.org\/index.php\/solidarite-internationale\/\" \/>\n<meta property=\"og:site_name\" content=\"Ville de Brive\" \/>\n<meta property=\"article:modified_time\" content=\"2023-10-27T13:31:50+00:00\" \/>\n<meta name=\"twitter:card\" content=\"summary_large_image\" \/>\n<meta name=\"twitter:label1\" content=\"Dur\u00e9e de lecture estim\u00e9e\" \/>\n\t<meta name=\"twitter:data1\" content=\"5 minutes\" \/>\n<script type=\"application\/ld+json\" class=\"yoast-schema-graph\">{\"@context\":\"https:\/\/schema.org\",\"@graph\":[{\"@type\":\"WebSite\",\"@id\":\"http:\/\/740jw955i52c.brive.org\/#website\",\"url\":\"http:\/\/740jw955i52c.brive.org\/\",\"name\":\"Ville de Brive\",\"description\":\"Bienvenue sur le site de la ville de Brive-la-Gaillarde. Vous y trouverez l&#039;actualit\\u00e9 de la commune, des informations pratiques et vos d\\u00e9marches administratives.\",\"potentialAction\":[{\"@type\":\"SearchAction\",\"target\":{\"@type\":\"EntryPoint\",\"urlTemplate\":\"http:\/\/740jw955i52c.brive.org\/?s={search_term_string}\"},\"query-input\":\"required name=search_term_string\"}],\"inLanguage\":\"fr-FR\"},{\"@type\":\"WebPage\",\"@id\":\"http:\/\/740jw955i52c.brive.org\/index.php\/solidarite-internationale\/#webpage\",\"url\":\"http:\/\/740jw955i52c.brive.org\/index.php\/solidarite-internationale\/\",\"name\":\"Solidarit\\u00e9 Internationale - Ville de Brive\",\"isPartOf\":{\"@id\":\"http:\/\/740jw955i52c.brive.org\/#website\"},\"datePublished\":\"2017-02-08T08:00:54+00:00\",\"dateModified\":\"2023-10-27T13:31:50+00:00\",\"breadcrumb\":{\"@id\":\"http:\/\/740jw955i52c.brive.org\/index.php\/solidarite-internationale\/#breadcrumb\"},\"inLanguage\":\"fr-FR\",\"potentialAction\":[{\"@type\":\"ReadAction\",\"target\":[\"http:\/\/740jw955i52c.brive.org\/index.php\/solidarite-internationale\/\"]}]},{\"@type\":\"BreadcrumbList\",\"@id\":\"http:\/\/740jw955i52c.brive.org\/index.php\/solidarite-internationale\/#breadcrumb\",\"itemListElement\":[{\"@type\":\"ListItem\",\"position\":1,\"name\":\"Accueil\",\"item\":\"http:\/\/740jw955i52c.brive.org\/\"},{\"@type\":\"ListItem\",\"position\":2,\"name\":\"Solidarit\\u00e9 Internationale\"}]}]}<\/script>\n<!-- \/ Yoast SEO plugin. -->","yoast_head_json":{"title":"Solidarit\u00e9 Internationale - Ville de Brive","robots":{"index":"index","follow":"follow","max-snippet":"max-snippet:-1","max-image-preview":"max-image-preview:large","max-video-preview":"max-video-preview:-1"},"canonical":"http:\/\/740jw955i52c.brive.org\/index.php\/solidarite-internationale\/","og_locale":"fr_FR","og_type":"article","og_title":"Solidarit\u00e9 Internationale - Ville de Brive","og_description":"[vc_row disable_element=&#8221;yes&#8221;][vc_column][vc_single_image image=&#8221;21188&#8243; alignment=&#8221;center&#8221;][\/vc_column][\/vc_row][vc_row disable_element=&#8221;yes&#8221;][vc_column width=&#8221;1\/2&#8243;][vc_cta h2=&#8221;&#8221; style=&#8221;3d&#8221;] Pr\u00e9sentation de la semaine de la solidarit\u00e9 internationale par Jean-Marc COMAS Maire-Adjoint de la ville de Brive \u00a0en charge de la Culture ...","og_url":"http:\/\/740jw955i52c.brive.org\/index.php\/solidarite-internationale\/","og_site_name":"Ville de Brive","article_modified_time":"2023-10-27T13:31:50+00:00","twitter_card":"summary_large_image","twitter_misc":{"Dur\u00e9e de lecture estim\u00e9e":"5 minutes"},"schema":{"@context":"https:\/\/schema.org","@graph":[{"@type":"WebSite","@id":"http:\/\/740jw955i52c.brive.org\/#website","url":"http:\/\/740jw955i52c.brive.org\/","name":"Ville de Brive","description":"Bienvenue sur le site de la ville de Brive-la-Gaillarde. Vous y trouverez l&#039;actualit\u00e9 de la commune, des informations pratiques et vos d\u00e9marches administratives.","potentialAction":[{"@type":"SearchAction","target":{"@type":"EntryPoint","urlTemplate":"http:\/\/740jw955i52c.brive.org\/?s={search_term_string}"},"query-input":"required name=search_term_string"}],"inLanguage":"fr-FR"},{"@type":"WebPage","@id":"http:\/\/740jw955i52c.brive.org\/index.php\/solidarite-internationale\/#webpage","url":"http:\/\/740jw955i52c.brive.org\/index.php\/solidarite-internationale\/","name":"Solidarit\u00e9 Internationale - Ville de Brive","isPartOf":{"@id":"http:\/\/740jw955i52c.brive.org\/#website"},"datePublished":"2017-02-08T08:00:54+00:00","dateModified":"2023-10-27T13:31:50+00:00","breadcrumb":{"@id":"http:\/\/740jw955i52c.brive.org\/index.php\/solidarite-internationale\/#breadcrumb"},"inLanguage":"fr-FR","potentialAction":[{"@type":"ReadAction","target":["http:\/\/740jw955i52c.brive.org\/index.php\/solidarite-internationale\/"]}]},{"@type":"BreadcrumbList","@id":"http:\/\/740jw955i52c.brive.org\/index.php\/solidarite-internationale\/#breadcrumb","itemListElement":[{"@type":"ListItem","position":1,"name":"Accueil","item":"http:\/\/740jw955i52c.brive.org\/"},{"@type":"ListItem","position":2,"name":"Solidarit\u00e9 Internationale"}]}]}},"_links":{"self":[{"href":"http:\/\/740jw955i52c.brive.org\/index.php\/wp-json\/wp\/v2\/pages\/24015"}],"collection":[{"href":"http:\/\/740jw955i52c.brive.org\/index.php\/wp-json\/wp\/v2\/pages"}],"about":[{"href":"http:\/\/740jw955i52c.brive.org\/index.php\/wp-json\/wp\/v2\/types\/page"}],"author":[{"embeddable":true,"href":"http:\/\/740jw955i52c.brive.org\/index.php\/wp-json\/wp\/v2\/users\/3"}],"replies":[{"embeddable":true,"href":"http:\/\/740jw955i52c.brive.org\/index.php\/wp-json\/wp\/v2\/comments?post=24015"}],"version-history":[{"count":14,"href":"http:\/\/740jw955i52c.brive.org\/index.php\/wp-json\/wp\/v2\/pages\/24015\/revisions"}],"predecessor-version":[{"id":51069,"href":"http:\/\/740jw955i52c.brive.org\/index.php\/wp-json\/wp\/v2\/pages\/24015\/revisions\/51069"}],"wp:attachment":[{"href":"http:\/\/740jw955i52c.brive.org\/index.php\/wp-json\/wp\/v2\/media?parent=24015"}],"curies":[{"name":"wp","href":"https:\/\/api.w.org\/{rel}","templated":true}]}}