{"id":23887,"date":"2017-02-06T15:32:46","date_gmt":"2017-02-06T14:32:46","guid":{"rendered":"http:\/\/740jw955i52c.brive.org\/?page_id=23887"},"modified":"2023-03-16T08:36:35","modified_gmt":"2023-03-16T07:36:35","slug":"relations-internationales-unicef","status":"publish","type":"page","link":"http:\/\/740jw955i52c.brive.org\/index.php\/relations-internationales-unicef\/","title":{"rendered":"Unicef Brive Corr\u00e8ze"},"content":{"rendered":"<p>[vc_row][vc_column][vc_cta h2=&#8221;Unicef Corr\u00e8ze recherche un b\u00e9n\u00e9vole&#8221; style=&#8221;outline&#8221; color=&#8221;sky&#8221;]La d\u00e9l\u00e9gation Unicef Corr\u00e8ze recherche un b\u00e9n\u00e9vole engag\u00e9 et disponible pour les 3 prochaines ann\u00e9es pour assurer la responsabilit\u00e9 de la d\u00e9l\u00e9gation d\u00e9partementale.<\/p>\n<p>Apr\u00e8s une p\u00e9riode d&#8217;int\u00e9gration, de formation par l\u2019\u00e9quipe locale et les permanents d\u2019UNICEF France, vous pourrez prendre la responsabilit\u00e9 de la D\u00e9l\u00e9gation D\u00e9partementale Corr\u00e8ze.<\/p>\n<p>\u25b6 <a href=\"http:\/\/740jw955i52c.brive.org\/wp-content\/uploads\/2023\/01\/Unicef-Correze-recherche-un-benevole.pdf\">Unicef Corr\u00e8ze recherche un b\u00e9n\u00e9vole<\/a>[\/vc_cta][\/vc_column][\/vc_row][vc_row][vc_column width=&#8221;1\/2&#8243;][vc_cta h2=&#8221;&#8221; h4=&#8221;D\u00e9l\u00e9gation Unicef Corr\u00e8ze-Comit\u00e9 territorial Limousin&#8221; style=&#8221;3d&#8221;]<span style=\"font-family: Calibri\">Maison de quartier du Bouygue<br \/>\n<\/span><span style=\"font-family: Calibri\">All\u00e9e du Bouygue<br \/>\n<\/span><span style=\"font-family: Calibri\">19100 Brive<br \/>\n<\/span><span style=\"font-family: Calibri\">T\u00e9l. : 06 58 54 80 19<br \/>\n<\/span><span style=\"font-family: Calibri\">E-mail :\u00a0 <\/span><a href=\"mailto:ph.lamaze@gmail.com\">ph.lamaze@gmail.com<\/a><br \/>\n<a href=\"mailto:unicef19@unicef.fr\">unicef19@unicef.fr<\/a>[\/vc_cta][\/vc_column][vc_column width=&#8221;1\/2&#8243;][vc_column_text]<\/p>\n<div style=\"width: 640px;\" class=\"wp-video\"><!--[if lt IE 9]><script>document.createElement('video');<\/script><![endif]-->\n<video class=\"wp-video-shortcode\" id=\"video-23887-1\" width=\"640\" height=\"360\" poster=\"\/wp-content\/uploads\/ownupload\/video\/Ssi-2016-unicef-1.jpg\" preload=\"metadata\" controls=\"controls\"><source type=\"video\/mp4\" src=\"\/wp-content\/uploads\/ownupload\/video\/Ssi-2016-unicef-1.mp4?_=1\" \/><a href=\"\/wp-content\/uploads\/ownupload\/video\/Ssi-2016-unicef-1.mp4\">\/wp-content\/uploads\/ownupload\/video\/Ssi-2016-unicef-1.mp4<\/a><\/video><\/div>\n<p>[\/vc_column_text][\/vc_column][\/vc_row][vc_row][vc_column]<div class=\"uxb-exte\"><h3 class=\" h-center  has-line   uxb-heading\">Les associations \u00e0 caract\u00e8re international et humanitaire participant au march\u00e9 de la solidarit\u00e9<\/h3><\/div>[vc_row_inner][vc_column_inner width=&#8221;1\/3&#8243;][vc_btn title=&#8221;Afro 19&#8243; style=&#8221;custom&#8221; custom_background=&#8221;#5aa1e3&#8243; custom_text=&#8221;#ffffff&#8221; shape=&#8221;rounded&#8221; size=&#8221;xs&#8221; align=&#8221;center&#8221; button_block=&#8221;true&#8221; link=&#8221;url:http%3A%2F%2F740jw955i52c.brive.org%2Findex.php%2Frelations-internationales-afro19%2F|||&#8221;][vc_btn title=&#8221;Amnesty International&#8221; style=&#8221;custom&#8221; custom_background=&#8221;#5aa1e3&#8243; custom_text=&#8221;#ffffff&#8221; shape=&#8221;rounded&#8221; size=&#8221;xs&#8221; align=&#8221;center&#8221; button_block=&#8221;true&#8221; link=&#8221;url:http%3A%2F%2F740jw955i52c.brive.org%2Findex.php%2Frelations-internationales-amnesty-international%2F|||&#8221;][vc_btn title=&#8221;La ligue des droits de l&#8217;Homme&#8221; style=&#8221;custom&#8221; custom_background=&#8221;#5aa1e3&#8243; custom_text=&#8221;#ffffff&#8221; shape=&#8221;rounded&#8221; size=&#8221;xs&#8221; align=&#8221;center&#8221; button_block=&#8221;true&#8221; link=&#8221;url:http%3A%2F%2F740jw955i52c.brive.org%2Findex.php%2Frelations-internationales-droits-de-l-homme%2F|||&#8221;][vc_btn title=&#8221;Terre de partages \/ Madagascar&#8221; style=&#8221;custom&#8221; custom_background=&#8221;#5aa1e3&#8243; custom_text=&#8221;#ffffff&#8221; shape=&#8221;rounded&#8221; size=&#8221;xs&#8221; align=&#8221;center&#8221; button_block=&#8221;true&#8221; link=&#8221;url:http%3A%2F%2F740jw955i52c.brive.org%2Findex.php%2Frelations-internationales-madagascar-terre-partages%2F||target:%20_blank|&#8221;][\/vc_column_inner][vc_column_inner width=&#8221;1\/3&#8243;][vc_btn title=&#8221;Aide \u00e0 l&#8217;enfance tib\u00e9taine&#8221; style=&#8221;custom&#8221; custom_background=&#8221;#5aa1e3&#8243; custom_text=&#8221;#ffffff&#8221; shape=&#8221;rounded&#8221; size=&#8221;xs&#8221; align=&#8221;center&#8221; button_block=&#8221;true&#8221; link=&#8221;url:http%3A%2F%2F740jw955i52c.brive.org%2Findex.php%2Frelations-internationales-enfance-tibetaine%2F|||&#8221;][vc_btn title=&#8221;Brive Sikasso&#8221; style=&#8221;custom&#8221; custom_background=&#8221;#5aa1e3&#8243; custom_text=&#8221;#ffffff&#8221; shape=&#8221;rounded&#8221; size=&#8221;xs&#8221; align=&#8221;center&#8221; button_block=&#8221;true&#8221; link=&#8221;url:http%3A%2F%2F740jw955i52c.brive.org%2Findex.php%2Frelations-internationales-sikasso%2F|||&#8221;][vc_btn title=&#8221;Mouvement de la Paix&#8221; style=&#8221;custom&#8221; custom_background=&#8221;#5aa1e3&#8243; custom_text=&#8221;#ffffff&#8221; shape=&#8221;rounded&#8221; size=&#8221;xs&#8221; align=&#8221;center&#8221; button_block=&#8221;true&#8221; link=&#8221;url:http%3A%2F%2F740jw955i52c.brive.org%2Findex.php%2Frelations-internationales-mouvement-paix%2F|||&#8221;][vc_btn title=&#8221;Togo 19&#8243; style=&#8221;custom&#8221; custom_background=&#8221;#5aa1e3&#8243; custom_text=&#8221;#ffffff&#8221; shape=&#8221;rounded&#8221; size=&#8221;xs&#8221; align=&#8221;center&#8221; button_block=&#8221;true&#8221; link=&#8221;url:http%3A%2F%2F740jw955i52c.brive.org%2Findex.php%2Frelations-internationales-togo-19%2F|||&#8221;][\/vc_column_inner][vc_column_inner width=&#8221;1\/3&#8243;][vc_btn title=&#8221;Les amis d&#8217;esp\u00e9rance Liban&#8221; style=&#8221;custom&#8221; custom_background=&#8221;#5aa1e3&#8243; custom_text=&#8221;#ffffff&#8221; shape=&#8221;rounded&#8221; size=&#8221;xs&#8221; align=&#8221;center&#8221; button_block=&#8221;true&#8221; link=&#8221;url:http%3A%2F%2F740jw955i52c.brive.org%2Findex.php%2Frelations-internationales-esperance-liban%2F|||&#8221;][vc_btn title=&#8221;Ethique sur l&#8217;\u00e9tiquette&#8221; style=&#8221;custom&#8221; custom_background=&#8221;#5aa1e3&#8243; custom_text=&#8221;#ffffff&#8221; shape=&#8221;rounded&#8221; size=&#8221;xs&#8221; align=&#8221;center&#8221; button_block=&#8221;true&#8221; link=&#8221;url:http%3A%2F%2F740jw955i52c.brive.org%2Findex.php%2Frelations-internationales-ethique-sur-l-etiquette%2F|||&#8221;][vc_btn title=&#8221;N\u00e9pal, enfance et lumi\u00e8re&#8221; style=&#8221;custom&#8221; custom_background=&#8221;#5aa1e3&#8243; custom_text=&#8221;#ffffff&#8221; shape=&#8221;rounded&#8221; size=&#8221;xs&#8221; align=&#8221;center&#8221; button_block=&#8221;true&#8221; link=&#8221;url:http%3A%2F%2F740jw955i52c.brive.org%2Findex.php%2Frelations-internationales-nepal-enfance-lumiere%2F|||&#8221;][vc_btn title=&#8221;Unicef Brive Corr\u00e8ze&#8221; style=&#8221;custom&#8221; custom_background=&#8221;#f7f7f7&#8243; custom_text=&#8221;#1e73be&#8221; shape=&#8221;rounded&#8221; size=&#8221;xs&#8221; align=&#8221;center&#8221; button_block=&#8221;true&#8221; link=&#8221;|||&#8221;][\/vc_column_inner][\/vc_row_inner][vc_row_inner][vc_column_inner width=&#8221;1\/4&#8243;][vc_btn title=&#8221;Relations Internationales&#8221; style=&#8221;custom&#8221; custom_background=&#8221;#5aa1e3&#8243; custom_text=&#8221;#ffffff&#8221; shape=&#8221;rounded&#8221; size=&#8221;xs&#8221; align=&#8221;center&#8221; button_block=&#8221;true&#8221; link=&#8221;url:http%3A%2F%2F740jw955i52c.brive.org%2Findex.php%2Frelations-internationales%2F|||&#8221;][\/vc_column_inner][vc_column_inner width=&#8221;1\/2&#8243;][vc_empty_space height=&#8221;15px&#8221;]<hr class=\"light  divider uxb-divider\" \/>[\/vc_column_inner][vc_column_inner width=&#8221;1\/4&#8243;][vc_btn title=&#8221;Solidarit\u00e9 Internationale&#8221; style=&#8221;custom&#8221; custom_background=&#8221;#5aa1e3&#8243; custom_text=&#8221;#ffffff&#8221; shape=&#8221;rounded&#8221; size=&#8221;xs&#8221; align=&#8221;center&#8221; button_block=&#8221;true&#8221; link=&#8221;url:http%3A%2F%2F740jw955i52c.brive.org%2Findex.php%2Fsolidarite-internationale%2F|||&#8221;][\/vc_column_inner][\/vc_row_inner][\/vc_column][\/vc_row]<\/p>\n","protected":false},"excerpt":{"rendered":"<p>[vc_row][vc_column][vc_cta h2=&#8221;Unicef Corr\u00e8ze recherche un b\u00e9n\u00e9vole&#8221; style=&#8221;outline&#8221; color=&#8221;sky&#8221;]La d\u00e9l\u00e9gation Unicef Corr\u00e8ze recherche un b\u00e9n\u00e9vole engag\u00e9 et disponible pour les 3 prochaines ann\u00e9es pour assurer la responsabilit\u00e9 de la d\u00e9l\u00e9gation d\u00e9partementale. &#8230; <\/p>\n","protected":false},"author":3,"featured_media":0,"parent":0,"menu_order":0,"comment_status":"closed","ping_status":"closed","template":"","meta":[],"yoast_head":"<!-- This site is optimized with the Yoast SEO plugin v17.8 - https:\/\/yoast.com\/wordpress\/plugins\/seo\/ -->\n<title>Unicef Brive Corr\u00e8ze - Ville de Brive<\/title>\n<meta name=\"robots\" content=\"index, follow, max-snippet:-1, max-image-preview:large, max-video-preview:-1\" \/>\n<link rel=\"canonical\" href=\"http:\/\/740jw955i52c.brive.org\/index.php\/relations-internationales-unicef\/\" \/>\n<meta property=\"og:locale\" content=\"fr_FR\" \/>\n<meta property=\"og:type\" content=\"article\" \/>\n<meta property=\"og:title\" content=\"Unicef Brive Corr\u00e8ze - Ville de Brive\" \/>\n<meta property=\"og:description\" content=\"[vc_row][vc_column][vc_cta h2=&#8221;Unicef Corr\u00e8ze recherche un b\u00e9n\u00e9vole&#8221; style=&#8221;outline&#8221; color=&#8221;sky&#8221;]La d\u00e9l\u00e9gation Unicef Corr\u00e8ze recherche un b\u00e9n\u00e9vole engag\u00e9 et disponible pour les 3 prochaines ann\u00e9es pour assurer la responsabilit\u00e9 de la d\u00e9l\u00e9gation d\u00e9partementale. ...\" \/>\n<meta property=\"og:url\" content=\"http:\/\/740jw955i52c.brive.org\/index.php\/relations-internationales-unicef\/\" \/>\n<meta property=\"og:site_name\" content=\"Ville de Brive\" \/>\n<meta property=\"article:modified_time\" content=\"2023-03-16T07:36:35+00:00\" \/>\n<meta name=\"twitter:card\" content=\"summary_large_image\" \/>\n<meta name=\"twitter:label1\" content=\"Dur\u00e9e de lecture estim\u00e9e\" \/>\n\t<meta name=\"twitter:data1\" content=\"4 minutes\" \/>\n<script type=\"application\/ld+json\" class=\"yoast-schema-graph\">{\"@context\":\"https:\/\/schema.org\",\"@graph\":[{\"@type\":\"WebSite\",\"@id\":\"http:\/\/740jw955i52c.brive.org\/#website\",\"url\":\"http:\/\/740jw955i52c.brive.org\/\",\"name\":\"Ville de Brive\",\"description\":\"Bienvenue sur le site de la ville de Brive-la-Gaillarde. Vous y trouverez l&#039;actualit\\u00e9 de la commune, des informations pratiques et vos d\\u00e9marches administratives.\",\"potentialAction\":[{\"@type\":\"SearchAction\",\"target\":{\"@type\":\"EntryPoint\",\"urlTemplate\":\"http:\/\/740jw955i52c.brive.org\/?s={search_term_string}\"},\"query-input\":\"required name=search_term_string\"}],\"inLanguage\":\"fr-FR\"},{\"@type\":\"WebPage\",\"@id\":\"http:\/\/740jw955i52c.brive.org\/index.php\/relations-internationales-unicef\/#webpage\",\"url\":\"http:\/\/740jw955i52c.brive.org\/index.php\/relations-internationales-unicef\/\",\"name\":\"Unicef Brive Corr\\u00e8ze - Ville de Brive\",\"isPartOf\":{\"@id\":\"http:\/\/740jw955i52c.brive.org\/#website\"},\"datePublished\":\"2017-02-06T14:32:46+00:00\",\"dateModified\":\"2023-03-16T07:36:35+00:00\",\"breadcrumb\":{\"@id\":\"http:\/\/740jw955i52c.brive.org\/index.php\/relations-internationales-unicef\/#breadcrumb\"},\"inLanguage\":\"fr-FR\",\"potentialAction\":[{\"@type\":\"ReadAction\",\"target\":[\"http:\/\/740jw955i52c.brive.org\/index.php\/relations-internationales-unicef\/\"]}]},{\"@type\":\"BreadcrumbList\",\"@id\":\"http:\/\/740jw955i52c.brive.org\/index.php\/relations-internationales-unicef\/#breadcrumb\",\"itemListElement\":[{\"@type\":\"ListItem\",\"position\":1,\"name\":\"Accueil\",\"item\":\"http:\/\/740jw955i52c.brive.org\/\"},{\"@type\":\"ListItem\",\"position\":2,\"name\":\"Unicef Brive Corr\\u00e8ze\"}]}]}<\/script>\n<!-- \/ Yoast SEO plugin. -->","yoast_head_json":{"title":"Unicef Brive Corr\u00e8ze - Ville de Brive","robots":{"index":"index","follow":"follow","max-snippet":"max-snippet:-1","max-image-preview":"max-image-preview:large","max-video-preview":"max-video-preview:-1"},"canonical":"http:\/\/740jw955i52c.brive.org\/index.php\/relations-internationales-unicef\/","og_locale":"fr_FR","og_type":"article","og_title":"Unicef Brive Corr\u00e8ze - Ville de Brive","og_description":"[vc_row][vc_column][vc_cta h2=&#8221;Unicef Corr\u00e8ze recherche un b\u00e9n\u00e9vole&#8221; style=&#8221;outline&#8221; color=&#8221;sky&#8221;]La d\u00e9l\u00e9gation Unicef Corr\u00e8ze recherche un b\u00e9n\u00e9vole engag\u00e9 et disponible pour les 3 prochaines ann\u00e9es pour assurer la responsabilit\u00e9 de la d\u00e9l\u00e9gation d\u00e9partementale. ...","og_url":"http:\/\/740jw955i52c.brive.org\/index.php\/relations-internationales-unicef\/","og_site_name":"Ville de Brive","article_modified_time":"2023-03-16T07:36:35+00:00","twitter_card":"summary_large_image","twitter_misc":{"Dur\u00e9e de lecture estim\u00e9e":"4 minutes"},"schema":{"@context":"https:\/\/schema.org","@graph":[{"@type":"WebSite","@id":"http:\/\/740jw955i52c.brive.org\/#website","url":"http:\/\/740jw955i52c.brive.org\/","name":"Ville de Brive","description":"Bienvenue sur le site de la ville de Brive-la-Gaillarde. Vous y trouverez l&#039;actualit\u00e9 de la commune, des informations pratiques et vos d\u00e9marches administratives.","potentialAction":[{"@type":"SearchAction","target":{"@type":"EntryPoint","urlTemplate":"http:\/\/740jw955i52c.brive.org\/?s={search_term_string}"},"query-input":"required name=search_term_string"}],"inLanguage":"fr-FR"},{"@type":"WebPage","@id":"http:\/\/740jw955i52c.brive.org\/index.php\/relations-internationales-unicef\/#webpage","url":"http:\/\/740jw955i52c.brive.org\/index.php\/relations-internationales-unicef\/","name":"Unicef Brive Corr\u00e8ze - Ville de Brive","isPartOf":{"@id":"http:\/\/740jw955i52c.brive.org\/#website"},"datePublished":"2017-02-06T14:32:46+00:00","dateModified":"2023-03-16T07:36:35+00:00","breadcrumb":{"@id":"http:\/\/740jw955i52c.brive.org\/index.php\/relations-internationales-unicef\/#breadcrumb"},"inLanguage":"fr-FR","potentialAction":[{"@type":"ReadAction","target":["http:\/\/740jw955i52c.brive.org\/index.php\/relations-internationales-unicef\/"]}]},{"@type":"BreadcrumbList","@id":"http:\/\/740jw955i52c.brive.org\/index.php\/relations-internationales-unicef\/#breadcrumb","itemListElement":[{"@type":"ListItem","position":1,"name":"Accueil","item":"http:\/\/740jw955i52c.brive.org\/"},{"@type":"ListItem","position":2,"name":"Unicef Brive Corr\u00e8ze"}]}]}},"_links":{"self":[{"href":"http:\/\/740jw955i52c.brive.org\/index.php\/wp-json\/wp\/v2\/pages\/23887"}],"collection":[{"href":"http:\/\/740jw955i52c.brive.org\/index.php\/wp-json\/wp\/v2\/pages"}],"about":[{"href":"http:\/\/740jw955i52c.brive.org\/index.php\/wp-json\/wp\/v2\/types\/page"}],"author":[{"embeddable":true,"href":"http:\/\/740jw955i52c.brive.org\/index.php\/wp-json\/wp\/v2\/users\/3"}],"replies":[{"embeddable":true,"href":"http:\/\/740jw955i52c.brive.org\/index.php\/wp-json\/wp\/v2\/comments?post=23887"}],"version-history":[{"count":20,"href":"http:\/\/740jw955i52c.brive.org\/index.php\/wp-json\/wp\/v2\/pages\/23887\/revisions"}],"predecessor-version":[{"id":49167,"href":"http:\/\/740jw955i52c.brive.org\/index.php\/wp-json\/wp\/v2\/pages\/23887\/revisions\/49167"}],"wp:attachment":[{"href":"http:\/\/740jw955i52c.brive.org\/index.php\/wp-json\/wp\/v2\/media?parent=23887"}],"curies":[{"name":"wp","href":"https:\/\/api.w.org\/{rel}","templated":true}]}}