{"id":2388,"date":"2015-12-08T16:27:28","date_gmt":"2015-12-08T15:27:28","guid":{"rendered":"http:\/\/740jw955i52c.brive.org\/?page_id=2388"},"modified":"2024-12-10T10:20:51","modified_gmt":"2024-12-10T09:20:51","slug":"espace-de-rivet","status":"publish","type":"page","link":"http:\/\/740jw955i52c.brive.org\/index.php\/centres-socioculturels\/espace-de-rivet\/","title":{"rendered":"Centre de Rivet"},"content":{"rendered":"<p>[vc_row][vc_column width=&#8221;1\/3&#8243;][vc_btn title=&#8221;Les centres socioculturels&#8221; style=&#8221;custom&#8221; custom_background=&#8221;#5aa1e3&#8243; custom_text=&#8221;#ffffff&#8221; size=&#8221;sm&#8221; align=&#8221;center&#8221; button_block=&#8221;true&#8221; link=&#8221;url:http%3A%2F%2F740jw955i52c.brive.org%2Findex.php%2Fcentres-socioculturels%2F|title:Centres%20socioculturels||&#8221;][\/vc_column][vc_column width=&#8221;1\/3&#8243;][vc_btn title=&#8221;Centre socioculturel Raoul Dautry&#8221; style=&#8221;custom&#8221; custom_background=&#8221;#5aa1e3&#8243; custom_text=&#8221;#ffffff&#8221; size=&#8221;sm&#8221; align=&#8221;center&#8221; button_block=&#8221;true&#8221; link=&#8221;url:http%3A%2F%2F740jw955i52c.brive.org%2Findex.php%2Faccueil%2Fmairie%2Fcentres-sociaux-culturels%2Fcentre-raoul-dautry%2F|title:Centre%20socioculturel%20Raoul%20Dautry|&#8221;][\/vc_column][vc_column width=&#8221;1\/3&#8243;][vc_btn title=&#8221;Centre socioculturel Jacques Cartier&#8221; style=&#8221;custom&#8221; custom_background=&#8221;#5aa1e3&#8243; custom_text=&#8221;#ffffff&#8221; size=&#8221;sm&#8221; align=&#8221;center&#8221; button_block=&#8221;true&#8221; link=&#8221;url:http%3A%2F%2F740jw955i52c.brive.org%2Findex.php%2Faccueil%2Fmairie%2Fcentres-sociaux-culturels%2Fcentre-jacques-cartier%2F|title:Centre%20socioculturel%20Jacques%20Cartier|&#8221;][\/vc_column][\/vc_row][vc_row][vc_column][vc_text_separator title=&#8221;Activit\u00e9s et animations&#8221; color=&#8221;sky&#8221; style=&#8221;dotted&#8221; border_width=&#8221;6&#8243;][vc_single_image image=&#8221;54114&#8243;][\/vc_column][\/vc_row][vc_row][vc_column width=&#8221;1\/2&#8243;][vc_column_text]<\/p>\n<p style=\"text-align: justify\">Derni\u00e8re-n\u00e9e des structures socioculturelles municipales, <strong>le centre socioculturel de Rivet<\/strong> a obtenu l\u2019agr\u00e9ment \u00ab centre social \u00bb d\u00e9livr\u00e9 par la Caisse d\u2019Allocations Familiales de la Corr\u00e8ze le 1er ao\u00fbt 2012. Afin de rendre coh\u00e9rent le fonctionnement des services \u00e0 l\u2019\u00e9chelle de la commune, le centre socioculturel municipal de rivet s\u2019est <strong>appuy\u00e9 sur les deux autres centres municipaux pour structurer son \u00e9volution<\/strong>.<\/p>\n<p style=\"text-align: justify\">Actuellement, le centre est rattach\u00e9 \u00e0 la direction famille et coh\u00e9sion sociale au m\u00eame titre que l\u2019\u00e9ducation, la jeunesse, l\u2019hygi\u00e8ne et la sant\u00e9.<\/p>\n<p>[\/vc_column_text][\/vc_column][vc_column width=&#8221;1\/2&#8243;][vc_column_text]<\/p>\n<p style=\"text-align: justify\">Le centre de Rivet se situe sur <strong>un des quartiers prioritaires du nouveau contrat de ville<\/strong>, qui a pour objectifs de renforcer la mobilisation du droit commun, de faire jouer l\u2019effort de solidarit\u00e9 et la logique d\u2019agglom\u00e9ration par un portage intercommunal, et de mieux articuler les probl\u00e9matiques urbaines et sociales.<\/p>\n<p style=\"text-align: justify\">Le centre socioculturel municipal de Rivet propose de nombreux services, animations et ateliers \u00e0 destination du public de tous les \u00e2ges.<\/p>\n<p>[\/vc_column_text][\/vc_column][\/vc_row][vc_row][vc_column][vc_tta_accordion style=&#8221;outline&#8221; color=&#8221;sky&#8221; spacing=&#8221;15&#8243; gap=&#8221;3&#8243; c_icon=&#8221;triangle&#8221; active_section=&#8221;&#8221; collapsible_all=&#8221;true&#8221; css=&#8221;.vc_custom_1527772894527{background-color: #f7f7f7 !important;}&#8221;][vc_tta_section title=&#8221;Dans le cadre g\u00e9n\u00e9ral de l\u2019animation de la vie sociale, les centres socioculturels ont des missions compl\u00e9mentaires&#8221; tab_id=&#8221;1527758305348-f8d04bbf-b963&#8243;][vc_column_text]<\/p>\n<div class=\" row \">\n<div class=\"uxb-col large-12 columns \">\n<div class=\"wpb_wrapper\">\n<div class=\"wpb_text_column wpb_content_element \">\n<div class=\"wpb_wrapper\">\n<ul>\n<li>Organiser une fonction d\u2019accueil et d\u2019\u00e9coute des usagers-habitants, des familles et des groupes ou des associations.<\/li>\n<li>Assurer une attention particuli\u00e8re aux familles et aux publics fragilises.<\/li>\n<li>D\u00e9velopper des actions d\u2019interventions sociales adapt\u00e9es aux besoins de la population et du territoire.<\/li>\n<li>D\u00e9velopper la participation et la prise de responsabilit\u00e9 par les usagers et les b\u00e9n\u00e9voles.<\/li>\n<li>Organiser la concertation et la coordination avec les professionnels et les acteurs impliqu\u00e9s dans les probl\u00e9matiques sociales du territoire et \/ ou sur leurs axes d\u2019intervention prioritaires.<\/li>\n<\/ul>\n<\/div>\n<\/div>\n<\/div>\n<\/div>\n<\/div>\n<p>[\/vc_column_text][\/vc_tta_section][\/vc_tta_accordion][vc_tta_accordion style=&#8221;outline&#8221; color=&#8221;sky&#8221; spacing=&#8221;15&#8243; gap=&#8221;3&#8243; c_icon=&#8221;triangle&#8221; active_section=&#8221;&#8221; collapsible_all=&#8221;true&#8221; css=&#8221;.vc_custom_1527772905416{background-color: #f7f7f7 !important;}&#8221;][vc_tta_section title=&#8221;Lieux d\u2019\u00e9changes, de rencontres, de dialogue et de coh\u00e9sion sociale&#8221; tab_id=&#8221;1527760082296-a83299f1-a0c4&#8243;][vc_column_text]<strong>Lieux d\u2019\u00e9changes, de rencontres, de dialogue et de coh\u00e9sion sociale<\/strong> afin que chacun se sente acteur dans la vie de son quartier, le centre socioculturel de Rivet est un \u00e9quipement de quartier \u00e0 vocation sociale globale, familiale et pluri-g\u00e9n\u00e9rationnelle, sources d\u2019animations et d\u2019interventions sociales concert\u00e9es.<\/p>\n<p>V\u00e9ritable agitateur de vie locale, il joue un r\u00f4le f\u00e9d\u00e9rateur, tend \u00e0 impliquer chacun dans la vie de son quartier et permet d\u2019accompagner et de valoriser les actions initi\u00e9es par les habitants, les associations ou les acteurs locaux.[\/vc_column_text][\/vc_tta_section][\/vc_tta_accordion][\/vc_column][\/vc_row][vc_row][vc_column width=&#8221;1\/2&#8243;]<div class=\"uxb-exte\"><h4 class=\"   has-line   uxb-heading\">Enfants et Jeunes<\/h4><\/div>[vc_tta_accordion style=&#8221;outline&#8221; color=&#8221;sky&#8221; gap=&#8221;15&#8243; c_icon=&#8221;triangle&#8221; active_section=&#8221;&#8221; no_fill=&#8221;true&#8221; collapsible_all=&#8221;true&#8221;][vc_tta_section title=&#8221;Accueil de Loisirs Sans H\u00e9bergement&#8221; tab_id=&#8221;1527759214363-133345a4-2aa3&#8243;][vc_column_text]Pour les enfants de 5 \u00e0 12 ans : accueil les mercredis et lors des vacances scolaires de 7h \u00e0 19h. Des activit\u00e9s adapt\u00e9es et vari\u00e9es, encadr\u00e9es par des animateurs qualifi\u00e9s sont propos\u00e9es :<br \/>\n-Ateliers d\u2019activit\u00e9s manuelles et culturelles<br \/>\n-Animations de proximit\u00e9 (jeux sportifs\u2026)<br \/>\n-Stages sportifs<br \/>\n-Sorties culturelles et interg\u00e9n\u00e9rationnelles<\/p>\n<p>Pour les adolescents de 12 \u00e0 17 ans : accueil les mercredis de 13h30 \u00e0 18h00 et de 8h30 \u00e0 18h00 lors des vacances scolaires. Des projets d\u2019animation divers et vari\u00e9s sont propos\u00e9s (culturels, sportifs, artistiques\u2026). Les jeunes fr\u00e9quentant l\u2019accueil de loisirs du centre socioculturel municipal de rivet trouvent dans cette structure un espace d\u2019expression et d\u2019apprentissage de la vie en collectivit\u00e9.[\/vc_column_text][\/vc_tta_section][vc_tta_section title=&#8221;Accompagnement \u00e0 la scolarit\u00e9&#8221; tab_id=&#8221;1527759214401-285f48af-6b17&#8243;][vc_column_text]Pour les primaires : lundi et mardi de 16h30 \u00e0 17h30 \/ jeudi et vendredi de 16h30 \u00e0 18h (en p\u00e9riode scolaire uniquement).<\/p>\n<p>Pour les coll\u00e9giens\u00a0: lundi et mardi de 17h30 \u00e0 19h \/ jeudi et vendredi de 18h \u00e0 19h (en p\u00e9riode scolaire uniquement)<\/p>\n<p>&nbsp;<\/p>\n<p>Ce p\u00f4le propose, en plus d\u2019un accompagnement aux devoirs, des activit\u00e9s d\u2019\u00e9veil culturel (sous forme de projets, d\u2019ateliers et\/ou de sorties), l\u2019objectif \u00e9tant un accompagnement socio-\u00e9ducatif et un soutien \u00e0 la parentalit\u00e9.[\/vc_column_text][\/vc_tta_section][vc_tta_section title=&#8221;Ateliers socioculturels enfants&#8221; tab_id=&#8221;1527759325157-71b819f7-12c9&#8243;][vc_column_text]Danse (\u00e0 partir de 6 ans) : Les mercredis de 17h \u00e0 18h (sauf pendant les vacances scolaires).<\/p>\n<p>L\u2019apprentissage de la danse permet \u00a0\u00a0\u00a0d\u2019acqu\u00e9rir le rythme et une plus grande assurance. A plusieurs reprises durant l\u2019ann\u00e9e, les danseurs se regroupent pour pr\u00e9senter lors de spectacles, les chor\u00e9graphies apprises au cours de l\u2019ann\u00e9e.[\/vc_column_text][\/vc_tta_section][vc_tta_section title=&#8221;Ateliers socioculturels adultes&#8221; tab_id=&#8221;1729518197853-76d47d5f-2a48&#8243;][vc_column_text]Gym Danse<\/p>\n<p><strong>\u00a0<\/strong><\/p>\n<p>Les mercredis de 18h30 \u00e0 20h00 (sauf pendant les vacances scolaires). Cet atelier permet d\u2019acqu\u00e9rir ou de maintenir un capital sant\u00e9 dans un cadre de pratique convivial et en s\u00e9curit\u00e9.<\/p>\n<p>&nbsp;<\/p>\n<p>Gym S\u00e9niors<\/p>\n<p>Activit\u00e9 physique d\u2019entretien : tous les mardis de 9h30 \u00e0 10h30 (hors vacances scolaires), encadr\u00e9e par un \u00e9ducateur sportif, cet atelier permet \u00e0 un public s\u00e9nior de maintenir un capital sant\u00e9 : souplesse, \u00e9quilibre\u2026<\/p>\n<p>&nbsp;<\/p>\n<p>Initiation fitness<\/p>\n<p>Le vendredi de 9h \u00e0 10h, y compris pendant les vacances scolaires. Cet atelier permet d\u2019entretenir sa condition physique.[\/vc_column_text][\/vc_tta_section][\/vc_tta_accordion]<div class=\"uxb-exte\"><h4 class=\"   has-line   uxb-heading\">Adultes<\/h4><\/div>[vc_tta_accordion style=&#8221;outline&#8221; color=&#8221;sky&#8221; gap=&#8221;15&#8243; c_icon=&#8221;triangle&#8221; active_section=&#8221;&#8221; no_fill=&#8221;true&#8221; collapsible_all=&#8221;true&#8221;][vc_tta_section title=&#8221;Gym Danse&#8221; tab_id=&#8221;1527770441195-63a95ca8-b658&#8243;][vc_column_text]<strong>Gym Danse<\/strong> : Les mercredis de 18H30 \u00e0 20H00 (sauf pendant les vacances scolaires), anim\u00e9 par C\u00e9line Venzal, cet atelier permet d\u2019acqu\u00e9rir ou de maintenir un capital sant\u00e9 dans un cadre de pratique convivial et en s\u00e9curit\u00e9.[\/vc_column_text][\/vc_tta_section][\/vc_tta_accordion][\/vc_column][vc_column width=&#8221;1\/2&#8243;]<div class=\"uxb-exte\"><h4 class=\"   has-line   uxb-heading\">...<\/h4><\/div>[vc_tta_accordion style=&#8221;outline&#8221; color=&#8221;sky&#8221; spacing=&#8221;15&#8243; gap=&#8221;3&#8243; c_icon=&#8221;triangle&#8221; active_section=&#8221;&#8221; no_fill=&#8221;true&#8221; collapsible_all=&#8221;true&#8221;][vc_tta_section tab_id=&#8221;1527770486140-2ff487a3-1873&#8243; title=&#8221;S\u00e9niors&#8221;][vc_column_text]Activit\u00e9 physique d\u2019entretien : tous les mardis de 9h30 \u00e0 10h30 (maison de quartier de Rivet), encadr\u00e9 par un \u00e9ducateur sportif, cet atelier permet \u00e0 un public s\u00e9nior de maintenir un capital sant\u00e9 : souplesse, \u00e9quilibre\u2026[\/vc_column_text][\/vc_tta_section][\/vc_tta_accordion][vc_tta_accordion style=&#8221;outline&#8221; color=&#8221;sky&#8221; spacing=&#8221;15&#8243; gap=&#8221;3&#8243; c_icon=&#8221;triangle&#8221; active_section=&#8221;&#8221; no_fill=&#8221;true&#8221; collapsible_all=&#8221;true&#8221;][vc_tta_section tab_id=&#8221;1527771537561-bce54a67-1997&#8243; title=&#8221;Familles&#8221;][vc_column_text]Le secteur famille du centre socioculturel municipal de Rivet met en place un projet d\u2019animation collective famille visant \u00e0 am\u00e9liorer la vie quotidienne des familles par une offre adapt\u00e9e de services et d\u2019animations : soutien dans les d\u00e9marches administratives, ateliers parents, sorties familiales, accompagnement au d\u00e9part en vacances, m\u00e9diation scolaire\u2026[\/vc_column_text][\/vc_tta_section][\/vc_tta_accordion][vc_tta_accordion style=&#8221;outline&#8221; color=&#8221;sky&#8221; spacing=&#8221;15&#8243; gap=&#8221;3&#8243; c_icon=&#8221;triangle&#8221; active_section=&#8221;&#8221; no_fill=&#8221;true&#8221; collapsible_all=&#8221;true&#8221;][vc_tta_section tab_id=&#8221;1527771675929-60a2d47f-17b5&#8243; title=&#8221;Insertion socio-professionnelle&#8221;][vc_column_text]Ce p\u00f4le propose un accompagnement dans les d\u00e9marches d\u2019insertion : recherche d\u2019emploi, de stage, de formation, relais pour les travaux saisonniers\u2026Il apporte un soutien \u00e0 la construction d\u2019un projet professionnel.[\/vc_column_text][\/vc_tta_section][\/vc_tta_accordion][vc_tta_accordion style=&#8221;outline&#8221; color=&#8221;sky&#8221; spacing=&#8221;15&#8243; gap=&#8221;3&#8243; c_icon=&#8221;triangle&#8221; active_section=&#8221;&#8221; no_fill=&#8221;true&#8221; collapsible_all=&#8221;true&#8221;][vc_tta_section tab_id=&#8221;1527771536658-50b712b4-3770&#8243; title=&#8221;M\u00e9diation&#8221;][vc_column_text]Un m\u00e9diateur assure une pr\u00e9sence r\u00e9guli\u00e8re sur le lieu de vie des habitants pour mener une m\u00e9diation pr\u00e9ventive et renforcer le lien social entre les habitants, les acteurs locaux et les institutions.<\/p>\n<p>L\u2019espace jeunes accueille les jeunes \u00e0 partir de 13 ans les mardis, jeudis et vendredis de 19h \u00e0 21h00. Les jeunes, encadr\u00e9s et accompagn\u00e9s par le m\u00e9diateur, se r\u00e9unissent pour discuter et \u00e9changer, se documenter, r\u00e9aliser divers projets\u2026[\/vc_column_text][\/vc_tta_section][\/vc_tta_accordion][vc_tta_accordion style=&#8221;outline&#8221; color=&#8221;sky&#8221; spacing=&#8221;15&#8243; gap=&#8221;3&#8243; c_icon=&#8221;triangle&#8221; active_section=&#8221;&#8221; no_fill=&#8221;true&#8221; collapsible_all=&#8221;true&#8221;][vc_tta_section title=&#8221;Vie de quartier&#8221; tab_id=&#8221;1527771515418-55ab2cf8-111a&#8221;][vc_column_text]Soutien aux associations de quartier : Aide au montage de projet, soutien logistique, informations et accompagnement divers\u2026<\/p>\n<p>Proposition d\u2019animations et d\u2019activit\u00e9s ouvertes \u00e0 tous les habitants afin de leur permettre de se rencontrer et de cr\u00e9er du lien social, dans l\u2019objectif de les rendre acteurs de leur quartier par la suite.<\/p>\n<p>Organisation de manifestations avec les habitants\u00a0: f\u00eate de quartier, march\u00e9 de No\u00ebl\u2026[\/vc_column_text][\/vc_tta_section][\/vc_tta_accordion][vc_tta_accordion style=&#8221;outline&#8221; color=&#8221;sky&#8221; spacing=&#8221;15&#8243; gap=&#8221;3&#8243; c_icon=&#8221;triangle&#8221; active_section=&#8221;&#8221; no_fill=&#8221;true&#8221; collapsible_all=&#8221;true&#8221;][vc_tta_section title=&#8221;Les permanences&#8221; tab_id=&#8221;1527770488536-52120d8c-99aa&#8221;][vc_column_text]Mission locale\u00a0: Les mardis de 9h \u00e0 12h dans les locaux du centre socioculturel municipal de Rivet.[\/vc_column_text][\/vc_tta_section][vc_tta_section title=&#8221;Atelier socio-linguistique&#8221; tab_id=&#8221;1662387939917-da1e75ba-5610&#8243;][vc_column_text]<strong>Atelier socio-linguistique : les lundis de 9h30 \u00e0 11h30 <\/strong><\/p>\n<p>propos\u00e9s par l\u2019association \u00ab Apprendre avec nous \u00bb<\/p>\n<p>Cet atelier\u00a0 a pour objectif la formation linguistique,\u00a0 l\u2019ouverture culturelle multiple au travers d\u2019activit\u00e9s diverses, l\u2019autonomie dans la vie quotidienne, favorise un \u00e9change entre les personnes appartenant \u00e0 des univers culturels diff\u00e9rents.<\/p>\n<p>[\/vc_column_text][\/vc_tta_section][\/vc_tta_accordion][\/vc_column][\/vc_row][vc_row][vc_column][vc_cta h2=&#8221;&#8221; style=&#8221;outline&#8221; color=&#8221;sky&#8221;]<\/p>\n<h5 style=\"text-align: center\">La carte d\u2019adh\u00e9rent est valable pour les trois centres socioculturels Raoul Dautry, Jacques Cartier et Rivet.<\/h5>\n<p>[\/vc_cta][\/vc_column][\/vc_row][vc_row][vc_column width=&#8221;1\/4&#8243;][vc_btn title=&#8221;Retour&#8221; style=&#8221;classic&#8221; size=&#8221;sm&#8221; align=&#8221;left&#8221; link=&#8221;url:http%3A%2F%2F740jw955i52c.brive.org%2Findex.php%2Fcentres-socioculturels%2F|||&#8221;][\/vc_column][vc_column width=&#8221;3\/4&#8243;][\/vc_column][\/vc_row]<\/p>\n","protected":false},"excerpt":{"rendered":"<p>[vc_row][vc_column width=&#8221;1\/3&#8243;][vc_btn title=&#8221;Les centres socioculturels&#8221; style=&#8221;custom&#8221; custom_background=&#8221;#5aa1e3&#8243; custom_text=&#8221;#ffffff&#8221; size=&#8221;sm&#8221; align=&#8221;center&#8221; button_block=&#8221;true&#8221; link=&#8221;url:http%3A%2F%2F740jw955i52c.brive.org%2Findex.php%2Fcentres-socioculturels%2F|title:Centres%20socioculturels||&#8221;][\/vc_column][vc_column width=&#8221;1\/3&#8243;][vc_btn title=&#8221;Centre socioculturel Raoul Dautry&#8221; style=&#8221;custom&#8221; custom_background=&#8221;#5aa1e3&#8243; custom_text=&#8221;#ffffff&#8221; size=&#8221;sm&#8221; align=&#8221;center&#8221; button_block=&#8221;true&#8221; link=&#8221;url:http%3A%2F%2F740jw955i52c.brive.org%2Findex.php%2Faccueil%2Fmairie%2Fcentres-sociaux-culturels%2Fcentre-raoul-dautry%2F|title:Centre%20socioculturel%20Raoul%20Dautry|&#8221;][\/vc_column][vc_column width=&#8221;1\/3&#8243;][vc_btn title=&#8221;Centre socioculturel Jacques Cartier&#8221; style=&#8221;custom&#8221; &#8230; <\/p>\n","protected":false},"author":3,"featured_media":0,"parent":2040,"menu_order":5,"comment_status":"closed","ping_status":"closed","template":"","meta":[],"yoast_head":"<!-- This site is optimized with the Yoast SEO plugin v17.8 - https:\/\/yoast.com\/wordpress\/plugins\/seo\/ -->\n<title>Centre de Rivet - Ville de Brive<\/title>\n<meta name=\"robots\" content=\"index, follow, max-snippet:-1, max-image-preview:large, max-video-preview:-1\" \/>\n<link rel=\"canonical\" href=\"http:\/\/740jw955i52c.brive.org\/index.php\/centres-socioculturels\/espace-de-rivet\/\" \/>\n<meta property=\"og:locale\" content=\"fr_FR\" \/>\n<meta property=\"og:type\" content=\"article\" \/>\n<meta property=\"og:title\" content=\"Centre de Rivet - Ville de Brive\" \/>\n<meta property=\"og:description\" content=\"[vc_row][vc_column width=&#8221;1\/3&#8243;][vc_btn title=&#8221;Les centres socioculturels&#8221; style=&#8221;custom&#8221; custom_background=&#8221;#5aa1e3&#8243; custom_text=&#8221;#ffffff&#8221; size=&#8221;sm&#8221; align=&#8221;center&#8221; button_block=&#8221;true&#8221; link=&#8221;url:http%3A%2F%2F740jw955i52c.brive.org%2Findex.php%2Fcentres-socioculturels%2F|title:Centres%20socioculturels||&#8221;][\/vc_column][vc_column width=&#8221;1\/3&#8243;][vc_btn title=&#8221;Centre socioculturel Raoul Dautry&#8221; style=&#8221;custom&#8221; custom_background=&#8221;#5aa1e3&#8243; custom_text=&#8221;#ffffff&#8221; size=&#8221;sm&#8221; align=&#8221;center&#8221; button_block=&#8221;true&#8221; link=&#8221;url:http%3A%2F%2F740jw955i52c.brive.org%2Findex.php%2Faccueil%2Fmairie%2Fcentres-sociaux-culturels%2Fcentre-raoul-dautry%2F|title:Centre%20socioculturel%20Raoul%20Dautry|&#8221;][\/vc_column][vc_column width=&#8221;1\/3&#8243;][vc_btn title=&#8221;Centre socioculturel Jacques Cartier&#8221; style=&#8221;custom&#8221; ...\" \/>\n<meta property=\"og:url\" content=\"http:\/\/740jw955i52c.brive.org\/index.php\/centres-socioculturels\/espace-de-rivet\/\" \/>\n<meta property=\"og:site_name\" content=\"Ville de Brive\" \/>\n<meta property=\"article:modified_time\" content=\"2024-12-10T09:20:51+00:00\" \/>\n<meta name=\"twitter:card\" content=\"summary_large_image\" \/>\n<meta name=\"twitter:label1\" content=\"Dur\u00e9e de lecture estim\u00e9e\" \/>\n\t<meta name=\"twitter:data1\" content=\"10 minutes\" \/>\n<script type=\"application\/ld+json\" class=\"yoast-schema-graph\">{\"@context\":\"https:\/\/schema.org\",\"@graph\":[{\"@type\":\"WebSite\",\"@id\":\"http:\/\/740jw955i52c.brive.org\/#website\",\"url\":\"http:\/\/740jw955i52c.brive.org\/\",\"name\":\"Ville de Brive\",\"description\":\"Bienvenue sur le site de la ville de Brive-la-Gaillarde. Vous y trouverez l&#039;actualit\\u00e9 de la commune, des informations pratiques et vos d\\u00e9marches administratives.\",\"potentialAction\":[{\"@type\":\"SearchAction\",\"target\":{\"@type\":\"EntryPoint\",\"urlTemplate\":\"http:\/\/740jw955i52c.brive.org\/?s={search_term_string}\"},\"query-input\":\"required name=search_term_string\"}],\"inLanguage\":\"fr-FR\"},{\"@type\":\"WebPage\",\"@id\":\"http:\/\/740jw955i52c.brive.org\/index.php\/centres-socioculturels\/espace-de-rivet\/#webpage\",\"url\":\"http:\/\/740jw955i52c.brive.org\/index.php\/centres-socioculturels\/espace-de-rivet\/\",\"name\":\"Centre de Rivet - Ville de Brive\",\"isPartOf\":{\"@id\":\"http:\/\/740jw955i52c.brive.org\/#website\"},\"datePublished\":\"2015-12-08T15:27:28+00:00\",\"dateModified\":\"2024-12-10T09:20:51+00:00\",\"breadcrumb\":{\"@id\":\"http:\/\/740jw955i52c.brive.org\/index.php\/centres-socioculturels\/espace-de-rivet\/#breadcrumb\"},\"inLanguage\":\"fr-FR\",\"potentialAction\":[{\"@type\":\"ReadAction\",\"target\":[\"http:\/\/740jw955i52c.brive.org\/index.php\/centres-socioculturels\/espace-de-rivet\/\"]}]},{\"@type\":\"BreadcrumbList\",\"@id\":\"http:\/\/740jw955i52c.brive.org\/index.php\/centres-socioculturels\/espace-de-rivet\/#breadcrumb\",\"itemListElement\":[{\"@type\":\"ListItem\",\"position\":1,\"name\":\"Accueil\",\"item\":\"http:\/\/740jw955i52c.brive.org\/\"},{\"@type\":\"ListItem\",\"position\":2,\"name\":\"Les centres socioculturels\",\"item\":\"http:\/\/740jw955i52c.brive.org\/index.php\/centres-socioculturels\/\"},{\"@type\":\"ListItem\",\"position\":3,\"name\":\"Centre de Rivet\"}]}]}<\/script>\n<!-- \/ Yoast SEO plugin. -->","yoast_head_json":{"title":"Centre de Rivet - Ville de Brive","robots":{"index":"index","follow":"follow","max-snippet":"max-snippet:-1","max-image-preview":"max-image-preview:large","max-video-preview":"max-video-preview:-1"},"canonical":"http:\/\/740jw955i52c.brive.org\/index.php\/centres-socioculturels\/espace-de-rivet\/","og_locale":"fr_FR","og_type":"article","og_title":"Centre de Rivet - Ville de Brive","og_description":"[vc_row][vc_column width=&#8221;1\/3&#8243;][vc_btn title=&#8221;Les centres socioculturels&#8221; style=&#8221;custom&#8221; custom_background=&#8221;#5aa1e3&#8243; custom_text=&#8221;#ffffff&#8221; size=&#8221;sm&#8221; align=&#8221;center&#8221; button_block=&#8221;true&#8221; link=&#8221;url:http%3A%2F%2F740jw955i52c.brive.org%2Findex.php%2Fcentres-socioculturels%2F|title:Centres%20socioculturels||&#8221;][\/vc_column][vc_column width=&#8221;1\/3&#8243;][vc_btn title=&#8221;Centre socioculturel Raoul Dautry&#8221; style=&#8221;custom&#8221; custom_background=&#8221;#5aa1e3&#8243; custom_text=&#8221;#ffffff&#8221; size=&#8221;sm&#8221; align=&#8221;center&#8221; button_block=&#8221;true&#8221; link=&#8221;url:http%3A%2F%2F740jw955i52c.brive.org%2Findex.php%2Faccueil%2Fmairie%2Fcentres-sociaux-culturels%2Fcentre-raoul-dautry%2F|title:Centre%20socioculturel%20Raoul%20Dautry|&#8221;][\/vc_column][vc_column width=&#8221;1\/3&#8243;][vc_btn title=&#8221;Centre socioculturel Jacques Cartier&#8221; style=&#8221;custom&#8221; ...","og_url":"http:\/\/740jw955i52c.brive.org\/index.php\/centres-socioculturels\/espace-de-rivet\/","og_site_name":"Ville de Brive","article_modified_time":"2024-12-10T09:20:51+00:00","twitter_card":"summary_large_image","twitter_misc":{"Dur\u00e9e de lecture estim\u00e9e":"10 minutes"},"schema":{"@context":"https:\/\/schema.org","@graph":[{"@type":"WebSite","@id":"http:\/\/740jw955i52c.brive.org\/#website","url":"http:\/\/740jw955i52c.brive.org\/","name":"Ville de Brive","description":"Bienvenue sur le site de la ville de Brive-la-Gaillarde. Vous y trouverez l&#039;actualit\u00e9 de la commune, des informations pratiques et vos d\u00e9marches administratives.","potentialAction":[{"@type":"SearchAction","target":{"@type":"EntryPoint","urlTemplate":"http:\/\/740jw955i52c.brive.org\/?s={search_term_string}"},"query-input":"required name=search_term_string"}],"inLanguage":"fr-FR"},{"@type":"WebPage","@id":"http:\/\/740jw955i52c.brive.org\/index.php\/centres-socioculturels\/espace-de-rivet\/#webpage","url":"http:\/\/740jw955i52c.brive.org\/index.php\/centres-socioculturels\/espace-de-rivet\/","name":"Centre de Rivet - Ville de Brive","isPartOf":{"@id":"http:\/\/740jw955i52c.brive.org\/#website"},"datePublished":"2015-12-08T15:27:28+00:00","dateModified":"2024-12-10T09:20:51+00:00","breadcrumb":{"@id":"http:\/\/740jw955i52c.brive.org\/index.php\/centres-socioculturels\/espace-de-rivet\/#breadcrumb"},"inLanguage":"fr-FR","potentialAction":[{"@type":"ReadAction","target":["http:\/\/740jw955i52c.brive.org\/index.php\/centres-socioculturels\/espace-de-rivet\/"]}]},{"@type":"BreadcrumbList","@id":"http:\/\/740jw955i52c.brive.org\/index.php\/centres-socioculturels\/espace-de-rivet\/#breadcrumb","itemListElement":[{"@type":"ListItem","position":1,"name":"Accueil","item":"http:\/\/740jw955i52c.brive.org\/"},{"@type":"ListItem","position":2,"name":"Les centres socioculturels","item":"http:\/\/740jw955i52c.brive.org\/index.php\/centres-socioculturels\/"},{"@type":"ListItem","position":3,"name":"Centre de Rivet"}]}]}},"_links":{"self":[{"href":"http:\/\/740jw955i52c.brive.org\/index.php\/wp-json\/wp\/v2\/pages\/2388"}],"collection":[{"href":"http:\/\/740jw955i52c.brive.org\/index.php\/wp-json\/wp\/v2\/pages"}],"about":[{"href":"http:\/\/740jw955i52c.brive.org\/index.php\/wp-json\/wp\/v2\/types\/page"}],"author":[{"embeddable":true,"href":"http:\/\/740jw955i52c.brive.org\/index.php\/wp-json\/wp\/v2\/users\/3"}],"replies":[{"embeddable":true,"href":"http:\/\/740jw955i52c.brive.org\/index.php\/wp-json\/wp\/v2\/comments?post=2388"}],"version-history":[{"count":151,"href":"http:\/\/740jw955i52c.brive.org\/index.php\/wp-json\/wp\/v2\/pages\/2388\/revisions"}],"predecessor-version":[{"id":54115,"href":"http:\/\/740jw955i52c.brive.org\/index.php\/wp-json\/wp\/v2\/pages\/2388\/revisions\/54115"}],"up":[{"embeddable":true,"href":"http:\/\/740jw955i52c.brive.org\/index.php\/wp-json\/wp\/v2\/pages\/2040"}],"wp:attachment":[{"href":"http:\/\/740jw955i52c.brive.org\/index.php\/wp-json\/wp\/v2\/media?parent=2388"}],"curies":[{"name":"wp","href":"https:\/\/api.w.org\/{rel}","templated":true}]}}