{"id":2386,"date":"2015-12-08T16:26:55","date_gmt":"2015-12-08T15:26:55","guid":{"rendered":"http:\/\/740jw955i52c.brive.org\/?page_id=2386"},"modified":"2024-12-30T10:20:17","modified_gmt":"2024-12-30T09:20:17","slug":"centre-raoul-dautry","status":"publish","type":"page","link":"http:\/\/740jw955i52c.brive.org\/index.php\/centres-socioculturels\/centre-raoul-dautry\/","title":{"rendered":"Raoul Dautry"},"content":{"rendered":"<p>[vc_row][vc_column width=&#8221;1\/3&#8243;][vc_btn title=&#8221;Les centres socioculturels&#8221; style=&#8221;custom&#8221; custom_background=&#8221;#5aa1e3&#8243; custom_text=&#8221;#ffffff&#8221; size=&#8221;sm&#8221; align=&#8221;center&#8221; button_block=&#8221;true&#8221; link=&#8221;url:http%3A%2F%2F740jw955i52c.brive.org%2Findex.php%2Fcentres-socioculturels%2F|title:Centres%20socioculturels||&#8221;][\/vc_column][vc_column width=&#8221;1\/3&#8243;][vc_btn title=&#8221;Centre socioculturel Jacques Cartier&#8221; style=&#8221;custom&#8221; custom_background=&#8221;#5aa1e3&#8243; custom_text=&#8221;#ffffff&#8221; size=&#8221;sm&#8221; align=&#8221;center&#8221; button_block=&#8221;true&#8221; link=&#8221;url:http%3A%2F%2F740jw955i52c.brive.org%2Findex.php%2Faccueil%2Fmairie%2Fcentres-sociaux-culturels%2Fcentre-jacques-cartier%2F|title:Centre%20socioculturel%20Jacques%20Cartier|&#8221;][\/vc_column][vc_column width=&#8221;1\/3&#8243;][vc_btn title=&#8221;Centre socioculturel de Rivet&#8221; style=&#8221;custom&#8221; custom_background=&#8221;#5aa1e3&#8243; custom_text=&#8221;#ffffff&#8221; size=&#8221;sm&#8221; align=&#8221;center&#8221; button_block=&#8221;true&#8221; link=&#8221;url:http%3A%2F%2F740jw955i52c.brive.org%2Findex.php%2Faccueil%2Fmairie%2Fcentres-sociaux-culturels%2Fespace-de-rivet%2F|title:Espace%20socioculturel%20de%20Rivet|&#8221;][\/vc_column][\/vc_row][vc_row][vc_column][vc_text_separator title=&#8221;Activit\u00e9s et animations&#8221; color=&#8221;juicy_pink&#8221; style=&#8221;dotted&#8221; border_width=&#8221;4&#8243;][vc_row_inner][vc_column_inner width=&#8221;1\/2&#8243;][vc_btn title=&#8221;Programme 5-11 ans Janvier-F\u00e9vrier 2025&#8243; style=&#8221;outline&#8221; color=&#8221;danger&#8221; size=&#8221;lg&#8221; align=&#8221;center&#8221; i_icon_fontawesome=&#8221;fa fa-file-pdf-o&#8221; button_block=&#8221;true&#8221; add_icon=&#8221;true&#8221; link=&#8221;url:http%3A%2F%2F740jw955i52c.brive.org%2Fwp-content%2Fuploads%2F2024%2F12%2FProgramme-ALSH-Raoul-Dautry-5-11-ans-Janvier-Fevrier-2025.pdf||target:%20_blank|&#8221;][\/vc_column_inner][vc_column_inner width=&#8221;1\/2&#8243;][vc_btn title=&#8221;Programme Ados Janvier &#8211; F\u00e9vrier 2025&#8243; style=&#8221;outline&#8221; color=&#8221;danger&#8221; size=&#8221;lg&#8221; align=&#8221;center&#8221; i_icon_fontawesome=&#8221;fa fa-file-pdf-o&#8221; button_block=&#8221;true&#8221; add_icon=&#8221;true&#8221; link=&#8221;url:http%3A%2F%2F740jw955i52c.brive.org%2Fwp-content%2Fuploads%2F2024%2F12%2FProgramme-ALSH-Raoul-Dautry-Ados-Janvier-Fevrier-2025.pdf||target:%20_blank|&#8221;][\/vc_column_inner][\/vc_row_inner][vc_text_separator title=&#8221;L&#8217;accueil de loisirs sans h\u00e9bergement (ALSH)&#8221; color=&#8221;juicy_pink&#8221; style=&#8221;dotted&#8221; border_width=&#8221;4&#8243;][vc_row_inner][vc_column_inner width=&#8221;1\/2&#8243;][vc_single_image image=&#8221;53851&#8243;][vc_btn title=&#8221;Programme 5-11 ans Novembre &#8211; D\u00e9cembre 2024&#8243; style=&#8221;outline&#8221; color=&#8221;danger&#8221; size=&#8221;lg&#8221; align=&#8221;center&#8221; i_icon_fontawesome=&#8221;fa fa-file-pdf-o&#8221; button_block=&#8221;true&#8221; add_icon=&#8221;true&#8221; link=&#8221;url:http%3A%2F%2F740jw955i52c.brive.org%2Fwp-content%2Fuploads%2F2024%2F10%2F1-1.pdf||target:%20_blank|&#8221;][vc_btn title=&#8221;Programme Ados Novembre &#8211; D\u00e9cembre 2024&#8243; style=&#8221;outline&#8221; color=&#8221;danger&#8221; size=&#8221;lg&#8221; align=&#8221;center&#8221; i_icon_fontawesome=&#8221;fa fa-file-pdf-o&#8221; button_block=&#8221;true&#8221; add_icon=&#8221;true&#8221; link=&#8221;url:http%3A%2F%2F740jw955i52c.brive.org%2Fwp-content%2Fuploads%2F2024%2F10%2F1-2.pdf||target:%20_blank|&#8221;][\/vc_column_inner][vc_column_inner width=&#8221;1\/2&#8243;][vc_single_image image=&#8221;53976&#8243;][vc_btn title=&#8221;Programme 5-10 ans D\u00e9cembre 2024&#8243; style=&#8221;outline&#8221; color=&#8221;danger&#8221; size=&#8221;lg&#8221; align=&#8221;center&#8221; i_icon_fontawesome=&#8221;fa fa-file-pdf-o&#8221; button_block=&#8221;true&#8221; add_icon=&#8221;true&#8221; link=&#8221;url:http%3A%2F%2F740jw955i52c.brive.org%2Fwp-content%2Fuploads%2F2024%2F11%2F1-4.pdf||target:%20_blank|&#8221;][vc_btn title=&#8221;Programme Ados Decembre 2024&#8243; style=&#8221;outline&#8221; color=&#8221;danger&#8221; size=&#8221;lg&#8221; align=&#8221;center&#8221; i_icon_fontawesome=&#8221;fa fa-file-pdf-o&#8221; button_block=&#8221;true&#8221; add_icon=&#8221;true&#8221; link=&#8221;url:http%3A%2F%2F740jw955i52c.brive.org%2Fwp-content%2Fuploads%2F2024%2F11%2F1-5.pdf||target:%20_blank|&#8221;][\/vc_column_inner][\/vc_row_inner][\/vc_column][\/vc_row][vc_row][vc_column width=&#8221;1\/2&#8243;]<div class=\"uxb-exte\"><h4 class=\"   has-line   uxb-heading\">Enfants et Jeunes\u2026..<\/h4><\/div>[vc_tta_accordion style=&#8221;outline&#8221; color=&#8221;sky&#8221; gap=&#8221;10&#8243; c_icon=&#8221;triangle&#8221; active_section=&#8221;&#8221; collapsible_all=&#8221;true&#8221;][vc_tta_section title=&#8221;Accueil de Loisirs Sans H\u00e9bergement 5 ans jusqu&#8217;au CM2&#8243; tab_id=&#8221;1527774996532-ab9eb151-a80b&#8221;][vc_column_text]Accueil\u00a0mercredis apr\u00e8s-midi, et vacances scolaires de 7h \u00e0 19h.<\/p>\n<p>Animations organis\u00e9es autour d\u2019un th\u00e8me avec des objectifs p\u00e9dagogiques par \u00e2ge.<\/p>\n<p>Ces animations sont d\u00e9taill\u00e9es dans les programmes \u00e9dit\u00e9s \u00e0 chaque p\u00e9riode scolaire et \u00e0 chaque vacance scolaire.[\/vc_column_text][\/vc_tta_section][vc_tta_section title=&#8221;Accueil de Loisirs Sans H\u00e9bergement 6\u00e8me jusqu&#8217;\u00e0 17 ans&#8221; tab_id=&#8221;1527774996591-bb5903de-d17e&#8221;][vc_column_text]Accueil mercredis apr\u00e8s-midi ; et vacances scolaires de 9h00 \u00e0 12h00 et de 13h30 \u00e0 19h00.<br \/>\nLes adolescents participent \u00e0 la conception et \u00e0 la r\u00e9alisation de projets alliant d\u00e9couverte d\u2019activit\u00e9s et actions de sensibilisation et de pr\u00e9vention.<br \/>\nEn parall\u00e8le de ces projets, d\u2019autres animations leur sont propos\u00e9s.<br \/>\n\u2013 Stages sportifs, vid\u00e9o, danse \u2026<br \/>\n\u2013 Animations de proximit\u00e9 (jeux sportifs au city stade, patinoire \u2026)<br \/>\n\u2013 S\u00e9jours<br \/>\n\u2013 Ateliers d\u2019activit\u00e9s manuelles<br \/>\n\u2013 Sorties culturelles, ludiques\u2026[\/vc_column_text][\/vc_tta_section][vc_tta_section title=&#8221;Accompagnement \u00e0 la Scolarit\u00e9&#8221; tab_id=&#8221;1527777361196-8f683c3e-120b&#8221;][vc_column_text]<\/p>\n<ul>\n<li><strong>Primaire<\/strong> (CM1 et CM2) : tous les soirs de 16h30 \u00e0 17h30 ou 18h00 (sauf mercredis et vacances scolaires).<\/li>\n<li><strong>Coll\u00e8ge<\/strong> : tous les soirs, de 17h30, ou 18h, \u00e019h00 (sauf mercredis et vacances scolaires).<\/li>\n<\/ul>\n<p>Ce p\u00f4le propose des activit\u00e9s d\u2019\u00e9veils culturels (sous forme de projets, d\u2019ateliers et\/ou de sorties). L\u2019objectif \u00e9tant un accompagnement socio-\u00e9ducatif et un soutien \u00e0 la parentalit\u00e9, ainsi qu\u2019un accompagnement aux devoirs encadr\u00e9 par des animateurs qualifi\u00e9s.<\/p>\n<p>L\u2019accueil du CP au CE2 est r\u00e9alis\u00e9 par le Club Courteline \u00e0 la maison de quartier.[\/vc_column_text][\/vc_tta_section][vc_tta_section title=&#8221;Ateliers socioculturels&#8221; tab_id=&#8221;1527777408183-3a2e7340-187c&#8221;][vc_column_text]<strong><u>Enfants\u00a0<\/u><\/strong><strong>:<\/strong><\/p>\n<p>Contacter le centre pour toutes demandes\u00a0: inscriptions, cr\u00e9neaux par \u00e2ge, tarifs\u2026<\/p>\n<ul>\n<li><strong>Danse\u00a0:<\/strong>\u00e0 partir de 6 ans (diff\u00e9rents cr\u00e9neaux selon les \u00e2ges)<\/li>\n<\/ul>\n<p>\u2013 le mardi \u00e0 partir de 17h<\/p>\n<p>\u2013 le jeudi \u00e0 partir de 17h<\/p>\n<p>\u2013 le vendredi \u00e0 partir de 17h30<\/p>\n<ul>\n<li><strong>Atouts Sports<\/strong>: d\u00e9couverte multi sports<\/li>\n<\/ul>\n<p>&#8211; le lundi de 17h30 18h30 pour les <u>primaires uniquement<\/u>.<\/p>\n<ul>\n<li><strong>Initiation foot\u00a0: <\/strong><\/li>\n<\/ul>\n<p><strong>&#8211; <\/strong>le mercredi de 15h \u00e0 16h30 <u>pour les 7 \u00e0 9 ans<\/u>.<\/p>\n<p>&nbsp;<\/p>\n<p><strong><u>Adultes<\/u><\/strong><strong>:<\/strong><strong>\u00a0<\/strong><\/p>\n<ul>\n<li><strong>Informatique\u00a0: <\/strong><\/li>\n<\/ul>\n<p><strong>&#8211; <\/strong>le mardi matin \u00e0 partir de 9h (diff\u00e9rents cr\u00e9neaux selon les niveaux)<\/p>\n<p>&#8211; le jeudi matin \u00e0 partir de 9h et l\u2019apr\u00e8s-midi \u00e0 partir de 14h (diff\u00e9rents cr\u00e9neaux selon les niveaux)<\/p>\n<p>[\/vc_column_text][\/vc_tta_section][\/vc_tta_accordion][\/vc_column][vc_column width=&#8221;1\/2&#8243;]<div class=\"uxb-exte\"><h4 class=\"   has-line   uxb-heading\">En famille<\/h4><\/div>[vc_tta_accordion style=&#8221;outline&#8221; color=&#8221;sky&#8221; gap=&#8221;25&#8243; c_icon=&#8221;triangle&#8221; active_section=&#8221;&#8221; no_fill=&#8221;true&#8221; collapsible_all=&#8221;true&#8221;][vc_tta_section title=&#8221;Actions Familles&#8221; tab_id=&#8221;1527777019080-296b8fae-2c43&#8243;][vc_column_text]Dans le cadre de ces actions de nombreuses animations sont organis\u00e9es (sorties familles, mini s\u00e9jours&#8230;), activit\u00e9s th\u00e9matiques en direction des familles tout au long de l\u2019ann\u00e9e.<br \/>\n\u00c0\u00a0chaque p\u00e9riode de vacances scolaires, un programme d\u2019animation \u00e0 destination des familles est propos\u00e9.[\/vc_column_text][\/vc_tta_section][vc_tta_section title=&#8221;Actions Petite Enfance&#8221; tab_id=&#8221;1527777019132-ade0c3b1-61d7&#8243;][vc_column_text]Sont propos\u00e9s des animations r\u00e9currentes pour des 0\/3ans tout au long de l\u2019ann\u00e9e.<\/p>\n<p><strong>Atelier 1.2.3 \u00c9veil<\/strong> : gratuit et ouvert \u00e0 tous<\/p>\n<p style=\"text-indent: 35.4pt\">1<sup>er<\/sup> jeudi du mois, d\u2019octobre \u00e0 juillet, de 9h \u00e0 11h<\/p>\n<p>[\/vc_column_text][\/vc_tta_section][vc_tta_section title=&#8221;Actions Adultes&#8221; tab_id=&#8221;1527777122735-a3d655d7-8b61&#8243;][vc_column_text]Des temps d\u2019animations et\/ou d\u2019informations sont propos\u00e9s ponctuellement aupr\u00e8s des parents tout au long de l\u2019ann\u00e9e.<\/p>\n<p style=\"margin-left: 35.4pt;text-indent: 35.4pt\">Se r\u00e9f\u00e9rer au programme familles<\/p>\n<p>[\/vc_column_text][\/vc_tta_section][\/vc_tta_accordion][\/vc_column][\/vc_row][vc_row][vc_column width=&#8221;1\/2&#8243;]<div class=\"uxb-exte\"><h4 class=\"   has-line   uxb-heading\">Vie de quartier<\/h4><\/div>[vc_tta_accordion style=&#8221;outline&#8221; color=&#8221;sky&#8221; gap=&#8221;10&#8243; c_icon=&#8221;triangle&#8221; active_section=&#8221;&#8221; no_fill=&#8221;true&#8221; collapsible_all=&#8221;true&#8221;][vc_tta_section title=&#8221;Local soirs&#8221; tab_id=&#8221;1527778901794-f9534bb0-05a0&#8243;][vc_column_text]Du mardi au jeudi de 19h00 \u00e0 23h00<\/p>\n<p>Accueil en soir\u00e9e des adultes du quartier afin qu\u2019ils puissent se retrouver et \u00e9changer ensemble.<\/p>\n<p>Activit\u00e9s vari\u00e9es\u00a0: jeux, activit\u00e9s sportives, \u2026[\/vc_column_text][\/vc_tta_section][vc_tta_section title=&#8221;Animations \u00ab Pieds d\u2019immeubles \u00bb&#8221; tab_id=&#8221;1527778901895-ffe19873-70ee&#8221;][vc_column_text]Organisation d\u2019animations au c\u0153ur du quartier pour favoriser les rencontres et les \u00e9changes, permettant le \u00ab\u00a0aller vers\u00a0\u00bb des agents du centre vers les habitants ainsi que des partenaires invit\u00e9s<\/p>\n<p><strong>&#8211; Paus\u2019itive Caf\u00e9\u00a0:<\/strong> 1<sup>er<\/sup> mardi ou jeudi de chaque mois, en alternance, de septembre \u00e0 d\u00e9but juillet devant l\u2019\u00e9cole Th\u00e9r\u00e8se Simonet.<\/p>\n<p><strong>\u00a0<\/strong>[\/vc_column_text][\/vc_tta_section][vc_tta_section title=&#8221;Vie locale&#8221; tab_id=&#8221;1527779035753-db233427-1be7&#8243;][vc_column_text]Plusieurs animations sur divers th\u00e9matiques (cin\u00e9ma en plein air, spectacle, action de pr\u00e9vention\u2026), ouvertes \u00e0 tous, peuvent \u00eatre propos\u00e9es tout au long de l\u2019ann\u00e9e.[\/vc_column_text][\/vc_tta_section][vc_tta_section title=&#8221;Manifestations&#8221; tab_id=&#8221;1527779064273-ee11279f-fe44&#8243;][vc_column_text]<strong>\u2022 F\u00eate de quartier<\/strong> : Journ\u00e9e festive avec le plus souvent, barbecue, animations et spectacles, en collaboration avec les diverses associations du quartier et les partenaires du centre.<br \/>\n<strong>\u2022 T\u00e9l\u00e9thon<\/strong> : Journ\u00e9e organis\u00e9e en partenariat avec les associations du quartier et rythm\u00e9e par de multiples animations et cl\u00f4tur\u00e9e par le spectacle de l\u2019atelier danse du centre au profit du T\u00e9l\u00e9thon.<br \/>\n<strong>\u2022 March\u00e9 de No\u00ebl<\/strong> : Animations autour de l\u2019esprit festif de No\u00ebl avec les diverses associations du quartier et les partenaires du centre.<br \/>\n<strong>\u2022 Spectacles de danse<\/strong> : Plusieurs repr\u00e9sentations de l\u2019atelier danse du Centre sont programm\u00e9es deux fois par an.<br \/>\n<strong>\u2022 Participation<\/strong> de l\u2019atelier Danse du centre, aux <strong>sc\u00e8nes ouvertes<\/strong> du service de la culture.<br \/>\n<strong>\u2022 Les ateliers culturels du Centre<\/strong> exposent leurs r\u00e9alisations tout au long de l\u2019ann\u00e9e&#8230;[\/vc_column_text][\/vc_tta_section][\/vc_tta_accordion][\/vc_column][vc_column width=&#8221;1\/2&#8243;]<div class=\"uxb-exte\"><h4 class=\"   has-line   uxb-heading\">Nos services<\/h4><\/div>[vc_tta_accordion style=&#8221;outline&#8221; color=&#8221;sky&#8221; gap=&#8221;10&#8243; c_icon=&#8221;triangle&#8221; active_section=&#8221;&#8221; no_fill=&#8221;true&#8221; collapsible_all=&#8221;true&#8221;][vc_tta_section title=&#8221;Insertion socio-professionnelle&#8221; tab_id=&#8221;1527778869851-f2544c3c-88d2&#8243;][vc_column_text]Du lundi au vendredi\u00a0: <strong>sur rendez-vous aupr\u00e8s de l\u2019accueil du centre<\/strong>\u00a0:<\/p>\n<ul>\n<li>accompagnement dans les d\u00e9marches professionnelles (recherche d\u2019emploi, de stages\u2026)<\/li>\n<li>orientation vers les organismes comp\u00e9tents en fonction des demandes\u00a0de chacun (OPHLM, MSD, Mission Locale, France Travail \u2026.)<\/li>\n<li>aide \u00e0 la r\u00e9daction de CV, de courriers et de formulaires (ANTS\u2026) avec possibilit\u00e9 de \u00a0mise \u00e0 disposition d\u2019outils informatiques<\/li>\n<li>mise en place de projets d\u2019activit\u00e9s avec les habitants<\/li>\n<li>Relais de \u00ab\u00a0France Travail\u00a0\u00bb pour les travaux saisonniers de cueillette de pommes.<\/li>\n<li>\u2026<\/li>\n<\/ul>\n<p>[\/vc_column_text][\/vc_tta_section][vc_tta_section title=&#8221;Soutien aux associations de quartier&#8221; tab_id=&#8221;1527778869924-c8752ee8-ea8c&#8221;][vc_column_text]Aide au montage de projets, informations diverses (administratives, techniques\u2026)[\/vc_column_text][\/vc_tta_section][vc_tta_section title=&#8221;M\u00e9diation&#8221; tab_id=&#8221;1527779179192-75f561ee-7fa5&#8243;][vc_column_text]Les m\u00e9diateurs assurent une pr\u00e9sence r\u00e9guli\u00e8re sur le lieu de vie des habitants pour mener une m\u00e9diation pr\u00e9ventive et renforcer le lien social entre habitants, acteurs locaux, institutions et partenaires.<\/p>\n<p>Dans ce cadre pour renforcer ce lien, les &#8220;locals soirs&#8221; sont ouverts :<\/p>\n<p>le mardi, mercredi et jeudi de 19h \u00e0 23h.[\/vc_column_text][\/vc_tta_section][vc_tta_section title=&#8221;Acc\u00e8s Cyber \u2013 Espace (salle informatique)&#8221; tab_id=&#8221;1527779181101-05abf34a-fb8a&#8221;][vc_column_text]&#8230; \u00e0 la demande \u00e0 l\u2019accueil, en fonction de la disponibilit\u00e9 de la salle[\/vc_column_text][\/vc_tta_section][\/vc_tta_accordion][\/vc_column][\/vc_row][vc_row][vc_column width=&#8221;1\/2&#8243;]<div class=\"uxb-exte\"><h4 class=\"   has-line   uxb-heading\">Nos permanence et services de proximit\u00e9<\/h4><\/div>[vc_tta_accordion style=&#8221;outline&#8221; color=&#8221;sky&#8221; gap=&#8221;10&#8243; c_icon=&#8221;triangle&#8221; active_section=&#8221;&#8221; no_fill=&#8221;true&#8221; collapsible_all=&#8221;true&#8221;][vc_tta_section title=&#8221;Nos permanence et services de proximit\u00e9&#8221; tab_id=&#8221;1476867040358-1eaa7e05-48c5&#8243;][vc_column_text]<\/p>\n<ul>\n<li>Biblioth\u00e8que municipale de quartier Michel DUMAS- Place Nelson Mandela<br \/>\nTel : 05 55 18 17 50<\/li>\n<li>R\u00e9sidence autonomie des Genets &#8211; 1 rue le Corbusier- b\u00e2t. Les Gen\u00eats<br \/>\nTel : 05 55 17 18 96<\/li>\n<li>Multi-accueil petite enfance \u00ab La C\u00e2linerie \u00bb &#8211; rue Messager<br \/>\nTel : 05 55 23 04 88<\/li>\n<li>Accueil de Loisirs Sans H\u00e9bergement Maternelle Jean de la Fontaine \u2013 rue Andr\u00e9 Messager<br \/>\nTel : 05.55.24.38.70 ou 06.31.69.12.72<\/li>\n<li>Mission locale \u2013 8 av. Andr\u00e9 Jalinat<br \/>\nTel : 05 55 17 73 00<\/li>\n<li>Maison de la Solidarit\u00e9 D\u00e9partementale du Conseil G\u00e9n\u00e9ral \u2013 85 av. G.Pompidou Tel : 05 19 07 81 31<\/li>\n<li>Brive habitat. \u2013 49 rue Poncelet<br \/>\nT\u00e9l: 05 55 87 98 50<\/li>\n<\/ul>\n<p>[\/vc_column_text][\/vc_tta_section][\/vc_tta_accordion][\/vc_column][vc_column width=&#8221;1\/2&#8243;]<div class=\"uxb-exte\"><h4 class=\"   has-line   uxb-heading\">Les petits plus<\/h4><\/div>[vc_tta_accordion style=&#8221;outline&#8221; color=&#8221;sky&#8221; gap=&#8221;10&#8243; c_icon=&#8221;triangle&#8221; active_section=&#8221;&#8221; no_fill=&#8221;true&#8221; collapsible_all=&#8221;true&#8221;][vc_tta_section title=&#8221;Festival jeune public&#8221; tab_id=&#8221;1527777897593-d09c6106-d0c9&#8243;][vc_column_text]La premi\u00e8re semaine des vacances de f\u00e9vrier.<\/p>\n<p>Divers spectacles th\u00e9\u00e2traux (marionnettes, th\u00e9\u00e2tre, contes f\u00e9eriques \u2026\u2026) sont programm\u00e9s chaque jour pour des enfants de tout \u00e2ge jusqu\u2019\u00e0 12ans.[\/vc_column_text][\/vc_tta_section][\/vc_tta_accordion][\/vc_column][\/vc_row][vc_row][vc_column width=&#8221;1\/2&#8243;]<div class=\"uxb-exte\"><h4 class=\"   has-line   uxb-heading\">Les tarifs<\/h4><\/div>[vc_tta_accordion style=&#8221;outline&#8221; color=&#8221;sky&#8221; gap=&#8221;10&#8243; c_icon=&#8221;triangle&#8221; active_section=&#8221;&#8221; no_fill=&#8221;true&#8221; collapsible_all=&#8221;true&#8221;][vc_tta_section title=&#8221;Les tarifs&#8221; tab_id=&#8221;1527778189003-688d010f-4b25&#8243;][vc_cta h2=&#8221;&#8221; h4=&#8221;Tarifs&#8221; style=&#8221;outline&#8221; color=&#8221;sky&#8221;]<strong><u>2024<\/u><\/strong><\/p>\n<ul>\n<li><strong>Cotisation annuelle\u00a0Brive:<\/strong>\n<ul>\n<li>enfants et jeunes (jusqu\u2019\u00e0 18 ans) : 6.85 \u20ac<\/li>\n<li>Adultes : 13.60 \u20ac<\/li>\n<\/ul>\n<\/li>\n<li><strong>Cotisation annuelle Hors Brive:<\/strong>\n<ul>\n<li>enfants et jeunes (jusqu\u2019\u00e0 18 ans) : 11.75\u20ac<\/li>\n<li>Adultes : 35\u20ac<\/li>\n<\/ul>\n<\/li>\n<\/ul>\n<p>[\/vc_cta][\/vc_tta_section][\/vc_tta_accordion][\/vc_column][vc_column width=&#8221;1\/2&#8243;]<div class=\"uxb-exte\"><h4 class=\"   has-line   uxb-heading\">Et aussi\u2026<\/h4><\/div>[vc_tta_accordion style=&#8221;outline&#8221; color=&#8221;sky&#8221; gap=&#8221;10&#8243; c_icon=&#8221;triangle&#8221; active_section=&#8221;&#8221; no_fill=&#8221;true&#8221; collapsible_all=&#8221;true&#8221;][vc_tta_section title=&#8221;Associations&#8221; tab_id=&#8221;1527777544496-07923950-0d76&#8243;][vc_column_text]<\/p>\n<ul>\n<li><strong>Amicale des locataires\u00a0CNL &#8211;<\/strong> Pr\u00e9sidente : Mme Sentis<\/li>\n<li><strong>Couleurs Plurielles &#8211; <\/strong>Pr\u00e9sidente : Mme Hamid<\/li>\n<li><strong>Club Courteline \u2013 Bat. Les Genets<\/strong>.\u00a0Pr\u00e9sidente : Mme Zouad<\/li>\n<li><strong>Association culturelle et citoyenne &#8211;<\/strong>\u00a0Pr\u00e9sident : Mr Bougrini<\/li>\n<li><strong>Vivre Ensemble <\/strong>&#8211; Mme Sentis<\/li>\n<li>A<strong>ssociation Sportive Football Briviste Chap\u00e9lies \u2013\u00a0<\/strong>Pr\u00e9sident\u00a0: Mr Ulutas<\/li>\n<li><strong>Atelier Photographique Briviste \u2013 <\/strong>Pr\u00e9sidente\u00a0: Mme Bernolin<\/li>\n<li><strong>Association \u00ab\u00a0SOS violence conjugales\u00bb &#8211; <\/strong>Pr\u00e9sidente : Mme Chastanet<\/li>\n<\/ul>\n<p>[\/vc_column_text][\/vc_tta_section][\/vc_tta_accordion][\/vc_column][\/vc_row][vc_row][vc_column][vc_cta h2=&#8221;&#8221; txt_align=&#8221;center&#8221; shape=&#8221;rounded&#8221; style=&#8221;outline&#8221; color=&#8221;sky&#8221;]<\/p>\n<h5 style=\"text-align: center\">La carte d\u2019adh\u00e9rent est valable pour les trois centres socioculturels Raoul Dautry, Jacques Cartier et Rivet.<\/h5>\n<p>[\/vc_cta][\/vc_column][\/vc_row][vc_row][vc_column width=&#8221;1\/4&#8243;][vc_btn title=&#8221;Retour&#8221; style=&#8221;classic&#8221; size=&#8221;sm&#8221; align=&#8221;left&#8221; link=&#8221;url:http%3A%2F%2F740jw955i52c.brive.org%2Findex.php%2Fcentres-socioculturels%2F|||&#8221;][\/vc_column][vc_column width=&#8221;3\/4&#8243;][\/vc_column][\/vc_row]<\/p>\n","protected":false},"excerpt":{"rendered":"<p>[vc_row][vc_column width=&#8221;1\/3&#8243;][vc_btn title=&#8221;Les centres socioculturels&#8221; style=&#8221;custom&#8221; custom_background=&#8221;#5aa1e3&#8243; custom_text=&#8221;#ffffff&#8221; size=&#8221;sm&#8221; align=&#8221;center&#8221; button_block=&#8221;true&#8221; link=&#8221;url:http%3A%2F%2F740jw955i52c.brive.org%2Findex.php%2Fcentres-socioculturels%2F|title:Centres%20socioculturels||&#8221;][\/vc_column][vc_column width=&#8221;1\/3&#8243;][vc_btn title=&#8221;Centre socioculturel Jacques Cartier&#8221; style=&#8221;custom&#8221; custom_background=&#8221;#5aa1e3&#8243; custom_text=&#8221;#ffffff&#8221; size=&#8221;sm&#8221; align=&#8221;center&#8221; button_block=&#8221;true&#8221; link=&#8221;url:http%3A%2F%2F740jw955i52c.brive.org%2Findex.php%2Faccueil%2Fmairie%2Fcentres-sociaux-culturels%2Fcentre-jacques-cartier%2F|title:Centre%20socioculturel%20Jacques%20Cartier|&#8221;][\/vc_column][vc_column width=&#8221;1\/3&#8243;][vc_btn title=&#8221;Centre socioculturel de Rivet&#8221; style=&#8221;custom&#8221; &#8230; <\/p>\n","protected":false},"author":3,"featured_media":0,"parent":2040,"menu_order":0,"comment_status":"closed","ping_status":"closed","template":"","meta":[],"yoast_head":"<!-- This site is optimized with the Yoast SEO plugin v17.8 - https:\/\/yoast.com\/wordpress\/plugins\/seo\/ -->\n<title>Raoul Dautry - Ville de Brive<\/title>\n<meta name=\"robots\" content=\"index, follow, max-snippet:-1, max-image-preview:large, max-video-preview:-1\" \/>\n<link rel=\"canonical\" href=\"http:\/\/740jw955i52c.brive.org\/index.php\/centres-socioculturels\/centre-raoul-dautry\/\" \/>\n<meta property=\"og:locale\" content=\"fr_FR\" \/>\n<meta property=\"og:type\" content=\"article\" \/>\n<meta property=\"og:title\" content=\"Raoul Dautry - Ville de Brive\" \/>\n<meta property=\"og:description\" content=\"[vc_row][vc_column width=&#8221;1\/3&#8243;][vc_btn title=&#8221;Les centres socioculturels&#8221; style=&#8221;custom&#8221; custom_background=&#8221;#5aa1e3&#8243; custom_text=&#8221;#ffffff&#8221; size=&#8221;sm&#8221; align=&#8221;center&#8221; button_block=&#8221;true&#8221; link=&#8221;url:http%3A%2F%2F740jw955i52c.brive.org%2Findex.php%2Fcentres-socioculturels%2F|title:Centres%20socioculturels||&#8221;][\/vc_column][vc_column width=&#8221;1\/3&#8243;][vc_btn title=&#8221;Centre socioculturel Jacques Cartier&#8221; style=&#8221;custom&#8221; custom_background=&#8221;#5aa1e3&#8243; custom_text=&#8221;#ffffff&#8221; size=&#8221;sm&#8221; align=&#8221;center&#8221; button_block=&#8221;true&#8221; link=&#8221;url:http%3A%2F%2F740jw955i52c.brive.org%2Findex.php%2Faccueil%2Fmairie%2Fcentres-sociaux-culturels%2Fcentre-jacques-cartier%2F|title:Centre%20socioculturel%20Jacques%20Cartier|&#8221;][\/vc_column][vc_column width=&#8221;1\/3&#8243;][vc_btn title=&#8221;Centre socioculturel de Rivet&#8221; style=&#8221;custom&#8221; ...\" \/>\n<meta property=\"og:url\" content=\"http:\/\/740jw955i52c.brive.org\/index.php\/centres-socioculturels\/centre-raoul-dautry\/\" \/>\n<meta property=\"og:site_name\" content=\"Ville de Brive\" \/>\n<meta property=\"article:modified_time\" content=\"2024-12-30T09:20:17+00:00\" \/>\n<meta name=\"twitter:card\" content=\"summary_large_image\" \/>\n<meta name=\"twitter:label1\" content=\"Dur\u00e9e de lecture estim\u00e9e\" \/>\n\t<meta name=\"twitter:data1\" content=\"12 minutes\" \/>\n<script type=\"application\/ld+json\" class=\"yoast-schema-graph\">{\"@context\":\"https:\/\/schema.org\",\"@graph\":[{\"@type\":\"WebSite\",\"@id\":\"http:\/\/740jw955i52c.brive.org\/#website\",\"url\":\"http:\/\/740jw955i52c.brive.org\/\",\"name\":\"Ville de Brive\",\"description\":\"Bienvenue sur le site de la ville de Brive-la-Gaillarde. Vous y trouverez l&#039;actualit\\u00e9 de la commune, des informations pratiques et vos d\\u00e9marches administratives.\",\"potentialAction\":[{\"@type\":\"SearchAction\",\"target\":{\"@type\":\"EntryPoint\",\"urlTemplate\":\"http:\/\/740jw955i52c.brive.org\/?s={search_term_string}\"},\"query-input\":\"required name=search_term_string\"}],\"inLanguage\":\"fr-FR\"},{\"@type\":\"WebPage\",\"@id\":\"http:\/\/740jw955i52c.brive.org\/index.php\/centres-socioculturels\/centre-raoul-dautry\/#webpage\",\"url\":\"http:\/\/740jw955i52c.brive.org\/index.php\/centres-socioculturels\/centre-raoul-dautry\/\",\"name\":\"Raoul Dautry - Ville de Brive\",\"isPartOf\":{\"@id\":\"http:\/\/740jw955i52c.brive.org\/#website\"},\"datePublished\":\"2015-12-08T15:26:55+00:00\",\"dateModified\":\"2024-12-30T09:20:17+00:00\",\"breadcrumb\":{\"@id\":\"http:\/\/740jw955i52c.brive.org\/index.php\/centres-socioculturels\/centre-raoul-dautry\/#breadcrumb\"},\"inLanguage\":\"fr-FR\",\"potentialAction\":[{\"@type\":\"ReadAction\",\"target\":[\"http:\/\/740jw955i52c.brive.org\/index.php\/centres-socioculturels\/centre-raoul-dautry\/\"]}]},{\"@type\":\"BreadcrumbList\",\"@id\":\"http:\/\/740jw955i52c.brive.org\/index.php\/centres-socioculturels\/centre-raoul-dautry\/#breadcrumb\",\"itemListElement\":[{\"@type\":\"ListItem\",\"position\":1,\"name\":\"Accueil\",\"item\":\"http:\/\/740jw955i52c.brive.org\/\"},{\"@type\":\"ListItem\",\"position\":2,\"name\":\"Les centres socioculturels\",\"item\":\"http:\/\/740jw955i52c.brive.org\/index.php\/centres-socioculturels\/\"},{\"@type\":\"ListItem\",\"position\":3,\"name\":\"Raoul Dautry\"}]}]}<\/script>\n<!-- \/ Yoast SEO plugin. -->","yoast_head_json":{"title":"Raoul Dautry - Ville de Brive","robots":{"index":"index","follow":"follow","max-snippet":"max-snippet:-1","max-image-preview":"max-image-preview:large","max-video-preview":"max-video-preview:-1"},"canonical":"http:\/\/740jw955i52c.brive.org\/index.php\/centres-socioculturels\/centre-raoul-dautry\/","og_locale":"fr_FR","og_type":"article","og_title":"Raoul Dautry - Ville de Brive","og_description":"[vc_row][vc_column width=&#8221;1\/3&#8243;][vc_btn title=&#8221;Les centres socioculturels&#8221; style=&#8221;custom&#8221; custom_background=&#8221;#5aa1e3&#8243; custom_text=&#8221;#ffffff&#8221; size=&#8221;sm&#8221; align=&#8221;center&#8221; button_block=&#8221;true&#8221; link=&#8221;url:http%3A%2F%2F740jw955i52c.brive.org%2Findex.php%2Fcentres-socioculturels%2F|title:Centres%20socioculturels||&#8221;][\/vc_column][vc_column width=&#8221;1\/3&#8243;][vc_btn title=&#8221;Centre socioculturel Jacques Cartier&#8221; style=&#8221;custom&#8221; custom_background=&#8221;#5aa1e3&#8243; custom_text=&#8221;#ffffff&#8221; size=&#8221;sm&#8221; align=&#8221;center&#8221; button_block=&#8221;true&#8221; link=&#8221;url:http%3A%2F%2F740jw955i52c.brive.org%2Findex.php%2Faccueil%2Fmairie%2Fcentres-sociaux-culturels%2Fcentre-jacques-cartier%2F|title:Centre%20socioculturel%20Jacques%20Cartier|&#8221;][\/vc_column][vc_column width=&#8221;1\/3&#8243;][vc_btn title=&#8221;Centre socioculturel de Rivet&#8221; style=&#8221;custom&#8221; ...","og_url":"http:\/\/740jw955i52c.brive.org\/index.php\/centres-socioculturels\/centre-raoul-dautry\/","og_site_name":"Ville de Brive","article_modified_time":"2024-12-30T09:20:17+00:00","twitter_card":"summary_large_image","twitter_misc":{"Dur\u00e9e de lecture estim\u00e9e":"12 minutes"},"schema":{"@context":"https:\/\/schema.org","@graph":[{"@type":"WebSite","@id":"http:\/\/740jw955i52c.brive.org\/#website","url":"http:\/\/740jw955i52c.brive.org\/","name":"Ville de Brive","description":"Bienvenue sur le site de la ville de Brive-la-Gaillarde. Vous y trouverez l&#039;actualit\u00e9 de la commune, des informations pratiques et vos d\u00e9marches administratives.","potentialAction":[{"@type":"SearchAction","target":{"@type":"EntryPoint","urlTemplate":"http:\/\/740jw955i52c.brive.org\/?s={search_term_string}"},"query-input":"required name=search_term_string"}],"inLanguage":"fr-FR"},{"@type":"WebPage","@id":"http:\/\/740jw955i52c.brive.org\/index.php\/centres-socioculturels\/centre-raoul-dautry\/#webpage","url":"http:\/\/740jw955i52c.brive.org\/index.php\/centres-socioculturels\/centre-raoul-dautry\/","name":"Raoul Dautry - Ville de Brive","isPartOf":{"@id":"http:\/\/740jw955i52c.brive.org\/#website"},"datePublished":"2015-12-08T15:26:55+00:00","dateModified":"2024-12-30T09:20:17+00:00","breadcrumb":{"@id":"http:\/\/740jw955i52c.brive.org\/index.php\/centres-socioculturels\/centre-raoul-dautry\/#breadcrumb"},"inLanguage":"fr-FR","potentialAction":[{"@type":"ReadAction","target":["http:\/\/740jw955i52c.brive.org\/index.php\/centres-socioculturels\/centre-raoul-dautry\/"]}]},{"@type":"BreadcrumbList","@id":"http:\/\/740jw955i52c.brive.org\/index.php\/centres-socioculturels\/centre-raoul-dautry\/#breadcrumb","itemListElement":[{"@type":"ListItem","position":1,"name":"Accueil","item":"http:\/\/740jw955i52c.brive.org\/"},{"@type":"ListItem","position":2,"name":"Les centres socioculturels","item":"http:\/\/740jw955i52c.brive.org\/index.php\/centres-socioculturels\/"},{"@type":"ListItem","position":3,"name":"Raoul Dautry"}]}]}},"_links":{"self":[{"href":"http:\/\/740jw955i52c.brive.org\/index.php\/wp-json\/wp\/v2\/pages\/2386"}],"collection":[{"href":"http:\/\/740jw955i52c.brive.org\/index.php\/wp-json\/wp\/v2\/pages"}],"about":[{"href":"http:\/\/740jw955i52c.brive.org\/index.php\/wp-json\/wp\/v2\/types\/page"}],"author":[{"embeddable":true,"href":"http:\/\/740jw955i52c.brive.org\/index.php\/wp-json\/wp\/v2\/users\/3"}],"replies":[{"embeddable":true,"href":"http:\/\/740jw955i52c.brive.org\/index.php\/wp-json\/wp\/v2\/comments?post=2386"}],"version-history":[{"count":303,"href":"http:\/\/740jw955i52c.brive.org\/index.php\/wp-json\/wp\/v2\/pages\/2386\/revisions"}],"predecessor-version":[{"id":54149,"href":"http:\/\/740jw955i52c.brive.org\/index.php\/wp-json\/wp\/v2\/pages\/2386\/revisions\/54149"}],"up":[{"embeddable":true,"href":"http:\/\/740jw955i52c.brive.org\/index.php\/wp-json\/wp\/v2\/pages\/2040"}],"wp:attachment":[{"href":"http:\/\/740jw955i52c.brive.org\/index.php\/wp-json\/wp\/v2\/media?parent=2386"}],"curies":[{"name":"wp","href":"https:\/\/api.w.org\/{rel}","templated":true}]}}