{"id":2384,"date":"2015-12-08T16:26:09","date_gmt":"2015-12-08T15:26:09","guid":{"rendered":"http:\/\/740jw955i52c.brive.org\/?page_id=2384"},"modified":"2024-12-11T10:24:08","modified_gmt":"2024-12-11T09:24:08","slug":"centre-jacques-cartier","status":"publish","type":"page","link":"http:\/\/740jw955i52c.brive.org\/index.php\/centres-socioculturels\/centre-jacques-cartier\/","title":{"rendered":"Centre Jacques Cartier"},"content":{"rendered":"<p>[vc_row][vc_column width=&#8221;1\/3&#8243;][vc_btn title=&#8221;Les centres socioculturels&#8221; style=&#8221;custom&#8221; custom_background=&#8221;#5aa1e3&#8243; custom_text=&#8221;#ffffff&#8221; size=&#8221;sm&#8221; align=&#8221;center&#8221; button_block=&#8221;true&#8221; link=&#8221;url:http%3A%2F%2F740jw955i52c.brive.org%2Findex.php%2Fcentres-socioculturels%2F|title:Centres%20socioculturels||&#8221;][\/vc_column][vc_column width=&#8221;1\/3&#8243;][vc_btn title=&#8221;Centre socioculturel Raoul Dautry&#8221; style=&#8221;custom&#8221; custom_background=&#8221;#5aa1e3&#8243; custom_text=&#8221;#ffffff&#8221; size=&#8221;sm&#8221; align=&#8221;center&#8221; button_block=&#8221;true&#8221; link=&#8221;url:http%3A%2F%2F740jw955i52c.brive.org%2Findex.php%2Faccueil%2Fmairie%2Fcentres-sociaux-culturels%2Fcentre-raoul-dautry%2F|title:Centre%20socioculturel%20Raoul%20Dautry|&#8221;][\/vc_column][vc_column width=&#8221;1\/3&#8243;][vc_btn title=&#8221;Centre socioculturel de Rivet&#8221; style=&#8221;custom&#8221; custom_background=&#8221;#5aa1e3&#8243; custom_text=&#8221;#ffffff&#8221; size=&#8221;sm&#8221; align=&#8221;center&#8221; button_block=&#8221;true&#8221; link=&#8221;url:http%3A%2F%2F740jw955i52c.brive.org%2Findex.php%2Faccueil%2Fmairie%2Fcentres-sociaux-culturels%2Fespace-de-rivet%2F|title:Espace%20socioculturel%20de%20Rivet|&#8221;][\/vc_column][\/vc_row][vc_row][vc_column width=&#8221;1\/2&#8243;][vc_single_image image=&#8221;54091&#8243;][\/vc_column][vc_column width=&#8221;1\/2&#8243;][vc_column_text]<\/p>\n<div class=\"html-div xdj266r x11i5rnm xat24cr x1mh8g0r xexx8yu x4uap5 x18d9i69 xkhd6sd\" dir=\"auto\">\n<div class=\"html-div xdj266r x11i5rnm xat24cr x1mh8g0r xexx8yu x4uap5 x18d9i69 xkhd6sd\" data-ad-rendering-role=\"story_message\">\n<div id=\":r1dn:\" class=\"x1l90r2v x1pi30zi x1swvt13 x1iorvi4\" data-ad-comet-preview=\"message\" data-ad-preview=\"message\">\n<div class=\"x78zum5 xdt5ytf xz62fqu x16ldp7u\">\n<div class=\"xu06os2 x1ok221b\">\n<div class=\"xdj266r x11i5rnm xat24cr x1mh8g0r x1vvkbs x126k92a\">\n<div dir=\"auto\"><span class=\"html-span xexx8yu x4uap5 x18d9i69 xkhd6sd x1hl2dhg x16tdsg8 x1vvkbs x3nfvp2 x1j61x8r x1fcty0u xdj266r xat24cr xgzva0m xhhsvwb xxymvpz xlup9mm x1kky2od\"><img decoding=\"async\" loading=\"lazy\" class=\"xz74otr\" src=\"https:\/\/static.xx.fbcdn.net\/images\/emoji.php\/v9\/t7\/1\/16\/1f384.png\" alt=\"\ud83c\udf84\" width=\"16\" height=\"16\" \/><\/span> Le centre socioculturel Jacques Cartier f\u00eate n\u00f6el les 10 et 11 d\u00e9cembre <span class=\"html-span xexx8yu x4uap5 x18d9i69 xkhd6sd x1hl2dhg x16tdsg8 x1vvkbs x3nfvp2 x1j61x8r x1fcty0u xdj266r xat24cr xgzva0m xhhsvwb xxymvpz xlup9mm x1kky2od\"><img decoding=\"async\" loading=\"lazy\" class=\"xz74otr\" src=\"https:\/\/static.xx.fbcdn.net\/images\/emoji.php\/v9\/t5c\/1\/16\/1f5d3.png\" alt=\"\ud83d\uddd3\" width=\"16\" height=\"16\" \/><\/span> Venez profiter de l\u2019ambiance magique de No\u00ebl, d\u00e9couvrir des surprises et partager un moment convivial en famille ou entre amis <span class=\"html-span xexx8yu x4uap5 x18d9i69 xkhd6sd x1hl2dhg x16tdsg8 x1vvkbs x3nfvp2 x1j61x8r x1fcty0u xdj266r xat24cr xgzva0m xhhsvwb xxymvpz xlup9mm x1kky2od\"><img decoding=\"async\" loading=\"lazy\" class=\"xz74otr\" src=\"https:\/\/static.xx.fbcdn.net\/images\/emoji.php\/v9\/t49\/1\/16\/1faf6.png\" alt=\"\ud83e\udef6\" width=\"16\" height=\"16\" \/><\/span><\/div>\n<\/div>\n<\/div>\n<\/div>\n<\/div>\n<\/div>\n<\/div>\n<p>[\/vc_column_text][vc_btn title=&#8221;T\u00e9l\u00e9charger le Planning de No\u00ebl ALSH&#8221; style=&#8221;custom&#8221; custom_background=&#8221;#f80d45&#8243; custom_text=&#8221;#ffffff&#8221; size=&#8221;sm&#8221; align=&#8221;center&#8221; i_icon_fontawesome=&#8221;fa fa-file-pdf-o&#8221; button_block=&#8221;true&#8221; add_icon=&#8221;true&#8221; link=&#8221;url:http%3A%2F%2F740jw955i52c.brive.org%2Fwp-content%2Fuploads%2F2024%2F12%2FPlanning-Noel-CSC-Jacques-Cartier-Brive.pdf||target:%20_blank|&#8221;][\/vc_column][\/vc_row][vc_row][vc_column width=&#8221;1\/3&#8243;][vc_single_image image=&#8221;51815&#8243; onclick=&#8221;zoom&#8221;][\/vc_column][vc_column width=&#8221;1\/3&#8243;][vc_cta h2=&#8221;T\u00e9l\u00e9chargez notre plaquette&#8221; style=&#8221;outline&#8221; color=&#8221;turquoise&#8221; css_animation=&#8221;bounceIn&#8221;]<a href=\"http:\/\/740jw955i52c.brive.org\/wp-content\/uploads\/2020\/10\/Centre-socioculturel-municipal-Jacques-Cartier-Ville-de-Brive-plaquette-2020-2021.pdf\"><img decoding=\"async\" loading=\"lazy\" class=\"alignnone size-full wp-image-41811\" src=\"http:\/\/740jw955i52c.brive.org\/wp-content\/uploads\/2020\/10\/Centre-Socioculturel-Municipal-Jacques-Cartier-Ville-de-Brive-1.jpg\" alt=\"\" width=\"1784\" height=\"2480\" srcset=\"http:\/\/740jw955i52c.brive.org\/wp-content\/uploads\/2020\/10\/Centre-Socioculturel-Municipal-Jacques-Cartier-Ville-de-Brive-1.jpg 1784w, http:\/\/740jw955i52c.brive.org\/wp-content\/uploads\/2020\/10\/Centre-Socioculturel-Municipal-Jacques-Cartier-Ville-de-Brive-1-300x417.jpg 300w, http:\/\/740jw955i52c.brive.org\/wp-content\/uploads\/2020\/10\/Centre-Socioculturel-Municipal-Jacques-Cartier-Ville-de-Brive-1-750x1043.jpg 750w, http:\/\/740jw955i52c.brive.org\/wp-content\/uploads\/2020\/10\/Centre-Socioculturel-Municipal-Jacques-Cartier-Ville-de-Brive-1-200x278.jpg 200w, http:\/\/740jw955i52c.brive.org\/wp-content\/uploads\/2020\/10\/Centre-Socioculturel-Municipal-Jacques-Cartier-Ville-de-Brive-1-600x834.jpg 600w, http:\/\/740jw955i52c.brive.org\/wp-content\/uploads\/2020\/10\/Centre-Socioculturel-Municipal-Jacques-Cartier-Ville-de-Brive-1-1105x1536.jpg 1105w, http:\/\/740jw955i52c.brive.org\/wp-content\/uploads\/2020\/10\/Centre-Socioculturel-Municipal-Jacques-Cartier-Ville-de-Brive-1-1473x2048.jpg 1473w, http:\/\/740jw955i52c.brive.org\/wp-content\/uploads\/2020\/10\/Centre-Socioculturel-Municipal-Jacques-Cartier-Ville-de-Brive-1-916x1273.jpg 916w, http:\/\/740jw955i52c.brive.org\/wp-content\/uploads\/2020\/10\/Centre-Socioculturel-Municipal-Jacques-Cartier-Ville-de-Brive-1-590x820.jpg 590w, http:\/\/740jw955i52c.brive.org\/wp-content\/uploads\/2020\/10\/Centre-Socioculturel-Municipal-Jacques-Cartier-Ville-de-Brive-1-363x505.jpg 363w\" sizes=\"(max-width: 1784px) 100vw, 1784px\" \/><\/a>[\/vc_cta][\/vc_column][vc_column width=&#8221;1\/3&#8243;][\/vc_column][\/vc_row][vc_row][vc_column width=&#8221;2\/3&#8243;][vc_tta_accordion style=&#8221;outline&#8221; color=&#8221;sky&#8221; gap=&#8221;30&#8243; c_icon=&#8221;triangle&#8221; active_section=&#8221;&#8221; no_fill=&#8221;true&#8221; collapsible_all=&#8221;true&#8221;][vc_tta_section title=&#8221;Pour les enfants, pour les jeunes\u2026..&#8221; tab_id=&#8221;1670833034804-1a265ef8-b9d2&#8243;][vc_column_text]<u>Accueil de loisirs sans h\u00e9bergement (ALSH 5\/17 ans)<\/u><\/p>\n<ul>\n<li>Une \u00e9quipe qualifi\u00e9e tant dans le domaine de l\u2019animation que dans l\u2019accompagnement de tous les publics y compris ceux en situation de handicap, vous accueille\u00a0:\n<ul>\n<li>les mercredis de 7h \u00e0 19h.<\/li>\n<li>les vacances scolaires de 7h \u00e0 19h.<\/li>\n<\/ul>\n<\/li>\n<\/ul>\n<p>Un \u00e9ventail d\u2019activit\u00e9s dont les enfants et les jeunes sont les principaux acteurs tant dans la pr\u00e9paration que dans le d\u00e9roulement.<\/p>\n<p>Contact\u00a0: <u>centrejacquescartier<a href=\"mailto:abdel.barki@brive.fr\">@brive.fr<\/a><\/u><\/p>\n<p>&nbsp;<\/p>\n<h2>Accompagnement \u00e0 la scolarit\u00e9<\/h2>\n<p>(sauf mercredis et vacances scolaires)<\/p>\n<ul>\n<li>Primaire du CP au CM2\u00a0: lundi et vendredi de 16h30 \u00e0 18h00\u00a0 \/ mardi et jeudi 16h30 \u00e0 17h30<\/li>\n<li>Coll\u00e8ge\u00a0: lundi et vendredi\u00a0: 18h00 \u00e0 19h00 \/\u00a0 mardi et jeudi\u00a0: 17h30 \u00e0 19h00<\/li>\n<\/ul>\n<p>Ce p\u00f4le propose en plus d\u2019un accompagnement aux devoirs, des activit\u00e9s d\u2019\u00e9veil culturel (sous forme de projets, d\u2019ateliers et ou de sorties). L\u2019objectif est d\u2019accompagner sur le plan socio-\u00e9ducatif et d\u2019\u00eatre un soutien \u00e0 la parentalit\u00e9.<\/p>\n<p>Contact\u00a0: <a href=\"mailto:centrejacquescartier@brive.fr\">centrejacquescartier@brive.fr<\/a><\/p>\n<p>&nbsp;<\/p>\n<p><u>Ateliers socioculturels\u00a0: <\/u><\/p>\n<p>Contact\u00a0: <a href=\"mailto:centrejacquescartier@brive.fr\">centrejacquescartier@brive.fr<\/a>[\/vc_column_text][\/vc_tta_section][vc_tta_section title=&#8221;Pour les adultes\u2026.&#8221; tab_id=&#8221;1527768964333-f7112a7b-cfc5&#8243;][vc_column_text]( hors vacances scolaires)<\/p>\n<p><strong><u>Ateliers :<\/u><\/strong><\/p>\n<ul>\n<li>Peinture sur soie\u00a0: lundi de 14h \u00e0 16h<\/li>\n<li>Ateliers cr\u00e9atifs\u00a0: mardi de 14h \u00e0 16h<\/li>\n<\/ul>\n<p><strong><u>Sport\u00a0:<\/u><\/strong><\/p>\n<p>Multi-activit\u00e9s Sportives\u00a0: lundi de 14h00 \u00e0 16h00<\/p>\n<p>Handfit\u00a0: Mardi de 9h00 \u00e0 11h00<\/p>\n<p>Gymnastique douce\u00a0: Jeudi de 9h30 \u00e0 10h30 (Salle Georges Simon)[\/vc_column_text][\/vc_tta_section][vc_tta_section title=&#8221;En famille\u2026&#8221; tab_id=&#8221;1604914288385-71d25951-06bc&#8221;][vc_column_text]<\/p>\n<ul>\n<li>Des animations \u00e0 partager en famille : sorties \u00e0 la journ\u00e9e, soir\u00e9es \u00e0 th\u00e8me, activit\u00e9s diverses.<\/li>\n<li>Accompagnement au d\u00e9part en vacances : proposition d\u2019accompagnement aux diff\u00e9rents dispositifs (sous conditions) pour construire un projet vacances.<\/li>\n<li>M\u00e9diation scolaire : les missions de m\u00e9diation scolaire ont pour objectif de favoriser les relations parents-\u00e9coles \u00bb en partenariat avec les autres acteurs. Il est un facilitateur entre l\u2019\u00e9cole et la famille. Une m\u00e9diatrice intervient et couvre les \u00e9coles du quartier (Marie Curie et Jules Vall\u00e8s)<\/li>\n<\/ul>\n<p><strong>Contact\u00a0:<\/strong><\/p>\n<ul>\n<li>Julie TEIXEIRA R\u00e9f\u00e9rente Famille-m\u00e9diatrice scolaire\u00a0: <a href=\"mailto:julie.teixeira@brive.fr\">julie.teixeira@brive.fr<\/a> \/ 06.10.23.89.65<\/li>\n<\/ul>\n<p>[\/vc_column_text][\/vc_tta_section][vc_tta_section title=&#8221;Vie de quartier\u2026&#8221; tab_id=&#8221;1604914411068-656713d8-2913&#8243;][vc_column_text]Le Caf\u00e9 Cartier tous les jeudis de 9h00 \u00e0 11h00\u00a0: L\u2019\u00e9quipe du centre propose une parenth\u00e8se conviviale pour s\u2019informer, \u00e9changer, d\u00e9couvrir les projets, \u00eatre \u00e9cout\u00e9<\/p>\n<p><u>Les Manifestations\u00a0:<\/u><\/p>\n<ul>\n<li>Fin mai ou d\u00e9but juin, la f\u00eate de quartier\u00a0: Les associations du quartier, les partenaires institutionnels et les habitants s\u2019allient pour offrir \u00e0 tous l\u2019occasion de faire la f\u00eate ensemble. Repas, stands, jeux, musique pour petits et grands.<\/li>\n<li>March\u00e9 de No\u00ebl\u00a0: Mi-D\u00e9cembre: chalets aux mille saveurs, animations pour les enfants et visite du P\u00e8re No\u00ebl\u2026<\/li>\n<\/ul>\n<p>[\/vc_column_text][\/vc_tta_section][vc_tta_section title=&#8221;Culture\u2026&#8221; tab_id=&#8221;1527769092312-82ac8ddd-eea1&#8243;][vc_column_text]<u>Les expos de Cartier<\/u>\u00a0: Le centre organise de nombreuses expositions, elles explorent chacune un th\u00e8me diff\u00e9rent. Les expos b\u00e9n\u00e9ficient d\u2019une m\u00e9diation culturelle et p\u00e9dagogique sp\u00e9cifique.<\/p>\n<p>Contact\u00a0: <a href=\"mailto:centrejacquescartier@brive.fr\">centrejacquescartier@brive.fr<\/a>[\/vc_column_text][vc_video link=&#8221;https:\/\/youtu.be\/BqrX-ofs62c&#8221;][\/vc_tta_section][vc_tta_section title=&#8221;Nos services\u2026&#8221; tab_id=&#8221;1604914531720-ed10df17-95ed&#8221;][vc_column_text]<u>Insertion sociale et professionnelle\u00a0:<\/u><\/p>\n<p>Un accueil des personnes dans le cadre d\u2019une aide \u00e0 l\u2019insertion sociale et\/ou professionnelle et de soutien aux d\u00e9marches administratives. L\u2019accompagnement est individuel du lundi au vendredi aux horaires d\u2019ouverture de la structure. Les entretiens ont lieu sur rendez-vous.<\/p>\n<ul>\n<li>Aide \u00e0 la r\u00e9daction de CV, de lettres de motivation et de courriers administratifs.<\/li>\n<li>Accompagnement administratif<\/li>\n<li>Accompagnement et suivi individualis\u00e9 \u00e0 la recherche d\u2019un emploi<\/li>\n<li>Relais pour les travaux saisonniers de cueillette de pommes et de fruits rouges<\/li>\n<\/ul>\n<p>&nbsp;<\/p>\n<p><u>Atelier de formation socio-linguistique <\/u><\/p>\n<p>Les ateliers d\u2019apprentissage du fran\u00e7ais ont lieu au Centre Socioculturel Jacques Cartier.<br \/>\nContact : Apprendre avec nous : 06.95.64.80.32<\/p>\n<p>&nbsp;<\/p>\n<p><u>M\u00e9diation<\/u> : 3 m\u00e9diateurs en journ\u00e9e assurent une pr\u00e9sence r\u00e9guli\u00e8re sur le lieu de vie des habitants. Ils sont garants du lien entre habitants, commer\u00e7ants institutions et partenaires.<\/p>\n<p>&nbsp;<\/p>\n<p><u><span style=\"font-family: 'Calibri Light',sans-serif\">Appui \u00e0 la vie associative :<br \/>\n<\/span><\/u><\/p>\n<ul>\n<li>Un p\u00f4le ressource pour la vie associative de quartier<\/li>\n<li>Un accompagnement dans toutes les \u00e9tapes de projet collectif port\u00e9 par les associations de proximit\u00e9 ou des collectifs d\u2019habitants<\/li>\n<li>Un relais de communication<\/li>\n<\/ul>\n<p>&nbsp;<\/p>\n<p><u><span style=\"font-family: 'Calibri Light',sans-serif\">La Gestion Urbaine et Sociale de Proximit\u00e9<\/span><\/u><\/p>\n<p><span style=\"font-family: 'Calibri Light',sans-serif\">La GUSP vise \u00e0 am\u00e9liorer la qualit\u00e9 de vie des habitants en s\u2019appuyant sur l\u2019ensemble des intervenants pr\u00e9sents sur le quartier<\/span><\/p>\n<p><span style=\"font-family: 'Calibri Light',sans-serif\">\u00a0<\/span><\/p>\n<p>[\/vc_column_text][\/vc_tta_section][\/vc_tta_accordion][\/vc_column][vc_column width=&#8221;1\/3&#8243;][vc_cta h2=&#8221;horaires d\u2019accueil du Centre&#8221; style=&#8221;outline&#8221; color=&#8221;sky&#8221;]du lundi au vendredi 8h30 \u00e0 12h00 et 13h30-18h00[\/vc_cta][vc_cta h2=&#8221;&#8221; style=&#8221;outline&#8221; color=&#8221;sky&#8221;]<u>La carte d\u2019adh\u00e9sion<\/u> est valable pour les trois centres socioculturels, Raoul Dautry, Jacques Cartier et Rivet.[\/vc_cta][\/vc_column][\/vc_row][vc_row][vc_column][vc_btn title=&#8221;Retour&#8221; style=&#8221;classic&#8221; size=&#8221;sm&#8221; align=&#8221;left&#8221; link=&#8221;url:http%3A%2F%2F740jw955i52c.brive.org%2Findex.php%2Fcentres-socioculturels%2F|||&#8221;][\/vc_column][\/vc_row]<\/p>\n","protected":false},"excerpt":{"rendered":"<p>[vc_row][vc_column width=&#8221;1\/3&#8243;][vc_btn title=&#8221;Les centres socioculturels&#8221; style=&#8221;custom&#8221; custom_background=&#8221;#5aa1e3&#8243; custom_text=&#8221;#ffffff&#8221; size=&#8221;sm&#8221; align=&#8221;center&#8221; button_block=&#8221;true&#8221; link=&#8221;url:http%3A%2F%2F740jw955i52c.brive.org%2Findex.php%2Fcentres-socioculturels%2F|title:Centres%20socioculturels||&#8221;][\/vc_column][vc_column width=&#8221;1\/3&#8243;][vc_btn title=&#8221;Centre socioculturel Raoul Dautry&#8221; style=&#8221;custom&#8221; custom_background=&#8221;#5aa1e3&#8243; custom_text=&#8221;#ffffff&#8221; size=&#8221;sm&#8221; align=&#8221;center&#8221; button_block=&#8221;true&#8221; link=&#8221;url:http%3A%2F%2F740jw955i52c.brive.org%2Findex.php%2Faccueil%2Fmairie%2Fcentres-sociaux-culturels%2Fcentre-raoul-dautry%2F|title:Centre%20socioculturel%20Raoul%20Dautry|&#8221;][\/vc_column][vc_column width=&#8221;1\/3&#8243;][vc_btn title=&#8221;Centre socioculturel de Rivet&#8221; style=&#8221;custom&#8221; &#8230; <\/p>\n","protected":false},"author":3,"featured_media":0,"parent":2040,"menu_order":0,"comment_status":"closed","ping_status":"closed","template":"","meta":[],"yoast_head":"<!-- This site is optimized with the Yoast SEO plugin v17.8 - https:\/\/yoast.com\/wordpress\/plugins\/seo\/ -->\n<title>Centre Jacques Cartier - Ville de Brive<\/title>\n<meta name=\"robots\" content=\"index, follow, max-snippet:-1, max-image-preview:large, max-video-preview:-1\" \/>\n<link rel=\"canonical\" href=\"http:\/\/740jw955i52c.brive.org\/index.php\/centres-socioculturels\/centre-jacques-cartier\/\" \/>\n<meta property=\"og:locale\" content=\"fr_FR\" \/>\n<meta property=\"og:type\" content=\"article\" \/>\n<meta property=\"og:title\" content=\"Centre Jacques Cartier - Ville de Brive\" \/>\n<meta property=\"og:description\" content=\"[vc_row][vc_column width=&#8221;1\/3&#8243;][vc_btn title=&#8221;Les centres socioculturels&#8221; style=&#8221;custom&#8221; custom_background=&#8221;#5aa1e3&#8243; custom_text=&#8221;#ffffff&#8221; size=&#8221;sm&#8221; align=&#8221;center&#8221; button_block=&#8221;true&#8221; link=&#8221;url:http%3A%2F%2F740jw955i52c.brive.org%2Findex.php%2Fcentres-socioculturels%2F|title:Centres%20socioculturels||&#8221;][\/vc_column][vc_column width=&#8221;1\/3&#8243;][vc_btn title=&#8221;Centre socioculturel Raoul Dautry&#8221; style=&#8221;custom&#8221; custom_background=&#8221;#5aa1e3&#8243; custom_text=&#8221;#ffffff&#8221; size=&#8221;sm&#8221; align=&#8221;center&#8221; button_block=&#8221;true&#8221; link=&#8221;url:http%3A%2F%2F740jw955i52c.brive.org%2Findex.php%2Faccueil%2Fmairie%2Fcentres-sociaux-culturels%2Fcentre-raoul-dautry%2F|title:Centre%20socioculturel%20Raoul%20Dautry|&#8221;][\/vc_column][vc_column width=&#8221;1\/3&#8243;][vc_btn title=&#8221;Centre socioculturel de Rivet&#8221; style=&#8221;custom&#8221; ...\" \/>\n<meta property=\"og:url\" content=\"http:\/\/740jw955i52c.brive.org\/index.php\/centres-socioculturels\/centre-jacques-cartier\/\" \/>\n<meta property=\"og:site_name\" content=\"Ville de Brive\" \/>\n<meta property=\"article:modified_time\" content=\"2024-12-11T09:24:08+00:00\" \/>\n<meta property=\"og:image\" content=\"https:\/\/static.xx.fbcdn.net\/images\/emoji.php\/v9\/t7\/1\/16\/1f384.png\" \/>\n<meta name=\"twitter:card\" content=\"summary_large_image\" \/>\n<meta name=\"twitter:label1\" content=\"Dur\u00e9e de lecture estim\u00e9e\" \/>\n\t<meta name=\"twitter:data1\" content=\"8 minutes\" \/>\n<script type=\"application\/ld+json\" class=\"yoast-schema-graph\">{\"@context\":\"https:\/\/schema.org\",\"@graph\":[{\"@type\":\"WebSite\",\"@id\":\"http:\/\/740jw955i52c.brive.org\/#website\",\"url\":\"http:\/\/740jw955i52c.brive.org\/\",\"name\":\"Ville de Brive\",\"description\":\"Bienvenue sur le site de la ville de Brive-la-Gaillarde. Vous y trouverez l&#039;actualit\\u00e9 de la commune, des informations pratiques et vos d\\u00e9marches administratives.\",\"potentialAction\":[{\"@type\":\"SearchAction\",\"target\":{\"@type\":\"EntryPoint\",\"urlTemplate\":\"http:\/\/740jw955i52c.brive.org\/?s={search_term_string}\"},\"query-input\":\"required name=search_term_string\"}],\"inLanguage\":\"fr-FR\"},{\"@type\":\"ImageObject\",\"@id\":\"http:\/\/740jw955i52c.brive.org\/index.php\/centres-socioculturels\/centre-jacques-cartier\/#primaryimage\",\"inLanguage\":\"fr-FR\",\"url\":\"https:\/\/static.xx.fbcdn.net\/images\/emoji.php\/v9\/t7\/1\/16\/1f384.png\",\"contentUrl\":\"https:\/\/static.xx.fbcdn.net\/images\/emoji.php\/v9\/t7\/1\/16\/1f384.png\"},{\"@type\":\"WebPage\",\"@id\":\"http:\/\/740jw955i52c.brive.org\/index.php\/centres-socioculturels\/centre-jacques-cartier\/#webpage\",\"url\":\"http:\/\/740jw955i52c.brive.org\/index.php\/centres-socioculturels\/centre-jacques-cartier\/\",\"name\":\"Centre Jacques Cartier - Ville de Brive\",\"isPartOf\":{\"@id\":\"http:\/\/740jw955i52c.brive.org\/#website\"},\"primaryImageOfPage\":{\"@id\":\"http:\/\/740jw955i52c.brive.org\/index.php\/centres-socioculturels\/centre-jacques-cartier\/#primaryimage\"},\"datePublished\":\"2015-12-08T15:26:09+00:00\",\"dateModified\":\"2024-12-11T09:24:08+00:00\",\"breadcrumb\":{\"@id\":\"http:\/\/740jw955i52c.brive.org\/index.php\/centres-socioculturels\/centre-jacques-cartier\/#breadcrumb\"},\"inLanguage\":\"fr-FR\",\"potentialAction\":[{\"@type\":\"ReadAction\",\"target\":[\"http:\/\/740jw955i52c.brive.org\/index.php\/centres-socioculturels\/centre-jacques-cartier\/\"]}]},{\"@type\":\"BreadcrumbList\",\"@id\":\"http:\/\/740jw955i52c.brive.org\/index.php\/centres-socioculturels\/centre-jacques-cartier\/#breadcrumb\",\"itemListElement\":[{\"@type\":\"ListItem\",\"position\":1,\"name\":\"Accueil\",\"item\":\"http:\/\/740jw955i52c.brive.org\/\"},{\"@type\":\"ListItem\",\"position\":2,\"name\":\"Les centres socioculturels\",\"item\":\"http:\/\/740jw955i52c.brive.org\/index.php\/centres-socioculturels\/\"},{\"@type\":\"ListItem\",\"position\":3,\"name\":\"Centre Jacques Cartier\"}]}]}<\/script>\n<!-- \/ Yoast SEO plugin. -->","yoast_head_json":{"title":"Centre Jacques Cartier - Ville de Brive","robots":{"index":"index","follow":"follow","max-snippet":"max-snippet:-1","max-image-preview":"max-image-preview:large","max-video-preview":"max-video-preview:-1"},"canonical":"http:\/\/740jw955i52c.brive.org\/index.php\/centres-socioculturels\/centre-jacques-cartier\/","og_locale":"fr_FR","og_type":"article","og_title":"Centre Jacques Cartier - Ville de Brive","og_description":"[vc_row][vc_column width=&#8221;1\/3&#8243;][vc_btn title=&#8221;Les centres socioculturels&#8221; style=&#8221;custom&#8221; custom_background=&#8221;#5aa1e3&#8243; custom_text=&#8221;#ffffff&#8221; size=&#8221;sm&#8221; align=&#8221;center&#8221; button_block=&#8221;true&#8221; link=&#8221;url:http%3A%2F%2F740jw955i52c.brive.org%2Findex.php%2Fcentres-socioculturels%2F|title:Centres%20socioculturels||&#8221;][\/vc_column][vc_column width=&#8221;1\/3&#8243;][vc_btn title=&#8221;Centre socioculturel Raoul Dautry&#8221; style=&#8221;custom&#8221; custom_background=&#8221;#5aa1e3&#8243; custom_text=&#8221;#ffffff&#8221; size=&#8221;sm&#8221; align=&#8221;center&#8221; button_block=&#8221;true&#8221; link=&#8221;url:http%3A%2F%2F740jw955i52c.brive.org%2Findex.php%2Faccueil%2Fmairie%2Fcentres-sociaux-culturels%2Fcentre-raoul-dautry%2F|title:Centre%20socioculturel%20Raoul%20Dautry|&#8221;][\/vc_column][vc_column width=&#8221;1\/3&#8243;][vc_btn title=&#8221;Centre socioculturel de Rivet&#8221; style=&#8221;custom&#8221; ...","og_url":"http:\/\/740jw955i52c.brive.org\/index.php\/centres-socioculturels\/centre-jacques-cartier\/","og_site_name":"Ville de Brive","article_modified_time":"2024-12-11T09:24:08+00:00","og_image":[{"url":"https:\/\/static.xx.fbcdn.net\/images\/emoji.php\/v9\/t7\/1\/16\/1f384.png"}],"twitter_card":"summary_large_image","twitter_misc":{"Dur\u00e9e de lecture estim\u00e9e":"8 minutes"},"schema":{"@context":"https:\/\/schema.org","@graph":[{"@type":"WebSite","@id":"http:\/\/740jw955i52c.brive.org\/#website","url":"http:\/\/740jw955i52c.brive.org\/","name":"Ville de Brive","description":"Bienvenue sur le site de la ville de Brive-la-Gaillarde. Vous y trouverez l&#039;actualit\u00e9 de la commune, des informations pratiques et vos d\u00e9marches administratives.","potentialAction":[{"@type":"SearchAction","target":{"@type":"EntryPoint","urlTemplate":"http:\/\/740jw955i52c.brive.org\/?s={search_term_string}"},"query-input":"required name=search_term_string"}],"inLanguage":"fr-FR"},{"@type":"ImageObject","@id":"http:\/\/740jw955i52c.brive.org\/index.php\/centres-socioculturels\/centre-jacques-cartier\/#primaryimage","inLanguage":"fr-FR","url":"https:\/\/static.xx.fbcdn.net\/images\/emoji.php\/v9\/t7\/1\/16\/1f384.png","contentUrl":"https:\/\/static.xx.fbcdn.net\/images\/emoji.php\/v9\/t7\/1\/16\/1f384.png"},{"@type":"WebPage","@id":"http:\/\/740jw955i52c.brive.org\/index.php\/centres-socioculturels\/centre-jacques-cartier\/#webpage","url":"http:\/\/740jw955i52c.brive.org\/index.php\/centres-socioculturels\/centre-jacques-cartier\/","name":"Centre Jacques Cartier - Ville de Brive","isPartOf":{"@id":"http:\/\/740jw955i52c.brive.org\/#website"},"primaryImageOfPage":{"@id":"http:\/\/740jw955i52c.brive.org\/index.php\/centres-socioculturels\/centre-jacques-cartier\/#primaryimage"},"datePublished":"2015-12-08T15:26:09+00:00","dateModified":"2024-12-11T09:24:08+00:00","breadcrumb":{"@id":"http:\/\/740jw955i52c.brive.org\/index.php\/centres-socioculturels\/centre-jacques-cartier\/#breadcrumb"},"inLanguage":"fr-FR","potentialAction":[{"@type":"ReadAction","target":["http:\/\/740jw955i52c.brive.org\/index.php\/centres-socioculturels\/centre-jacques-cartier\/"]}]},{"@type":"BreadcrumbList","@id":"http:\/\/740jw955i52c.brive.org\/index.php\/centres-socioculturels\/centre-jacques-cartier\/#breadcrumb","itemListElement":[{"@type":"ListItem","position":1,"name":"Accueil","item":"http:\/\/740jw955i52c.brive.org\/"},{"@type":"ListItem","position":2,"name":"Les centres socioculturels","item":"http:\/\/740jw955i52c.brive.org\/index.php\/centres-socioculturels\/"},{"@type":"ListItem","position":3,"name":"Centre Jacques Cartier"}]}]}},"_links":{"self":[{"href":"http:\/\/740jw955i52c.brive.org\/index.php\/wp-json\/wp\/v2\/pages\/2384"}],"collection":[{"href":"http:\/\/740jw955i52c.brive.org\/index.php\/wp-json\/wp\/v2\/pages"}],"about":[{"href":"http:\/\/740jw955i52c.brive.org\/index.php\/wp-json\/wp\/v2\/types\/page"}],"author":[{"embeddable":true,"href":"http:\/\/740jw955i52c.brive.org\/index.php\/wp-json\/wp\/v2\/users\/3"}],"replies":[{"embeddable":true,"href":"http:\/\/740jw955i52c.brive.org\/index.php\/wp-json\/wp\/v2\/comments?post=2384"}],"version-history":[{"count":196,"href":"http:\/\/740jw955i52c.brive.org\/index.php\/wp-json\/wp\/v2\/pages\/2384\/revisions"}],"predecessor-version":[{"id":54119,"href":"http:\/\/740jw955i52c.brive.org\/index.php\/wp-json\/wp\/v2\/pages\/2384\/revisions\/54119"}],"up":[{"embeddable":true,"href":"http:\/\/740jw955i52c.brive.org\/index.php\/wp-json\/wp\/v2\/pages\/2040"}],"wp:attachment":[{"href":"http:\/\/740jw955i52c.brive.org\/index.php\/wp-json\/wp\/v2\/media?parent=2384"}],"curies":[{"name":"wp","href":"https:\/\/api.w.org\/{rel}","templated":true}]}}