{"id":23233,"date":"2017-01-19T17:08:15","date_gmt":"2017-01-19T16:08:15","guid":{"rendered":"http:\/\/740jw955i52c.brive.org\/?page_id=23233"},"modified":"2022-09-07T15:34:41","modified_gmt":"2022-09-07T13:34:41","slug":"relations-internationales","status":"publish","type":"page","link":"http:\/\/740jw955i52c.brive.org\/index.php\/relations-internationales\/","title":{"rendered":"Brive International"},"content":{"rendered":"<p>[vc_row][vc_column][vc_empty_space height=&#8221;100px&#8221;][\/vc_column][\/vc_row][vc_row][vc_column width=&#8221;1\/2&#8243;]<div class='pushContainer 2x2' style='background-image:url(http:\/\/740jw955i52c.brive.org\/wp-content\/uploads\/2017\/02\/marche-solidarite1-750x489.jpg);'><div class='pushInitialContent'><div class='wrapper'><h3>Solidarit\u00e9 internationale<\/h3><p><\/p><\/div><\/div><script>console.log('');<\/script><a class='pushContent' href=\"http:\/\/740jw955i52c.brive.org\/index.php\/solidarite-internationale\/\" ><div class='wrapper'><h3>Solidarit\u00e9 internationale<\/h3>Chaque ann\u00e9e la Ville de Brive organise la Semaine de la Solidarit\u00e9 Internationale \u00e0 laquelle participent 12 associations \u00e0 caract\u00e8re international et humanitaire.<br \/>\nLire la suite ...<\/div><\/a><input type='hidden' class='pushSize' value='1'><input type='hidden' class='pushWidth' value='2'><\/div><div class='spacer'><\/div>[\/vc_column][vc_column width=&#8221;1\/2&#8243;]<div class='pushContainer 2x2' style='background-image:url(http:\/\/740jw955i52c.brive.org\/wp-content\/uploads\/2017\/01\/drapeaux2-750x489.jpg);'><div class='pushInitialContent'><div class='wrapper'><h3>Villes jumel\u00e9es<\/h3><p><\/p><\/div><\/div><script>console.log('');<\/script><a class='pushContent' href=\"http:\/\/740jw955i52c.brive.org\/index.php\/backup-accueil\/villes-jumelees\/\" ><div class='wrapper'><h3>Villes jumel\u00e9es<\/h3>La ville de Brive est jumel\u00e9e avec huit villes r\u00e9parties sur trois continents, l'Europe, l'Afrique et l'Am\u00e9rique du Nord.<br \/>\nLire la suite ...<\/div><\/a><input type='hidden' class='pushSize' value='1'><input type='hidden' class='pushWidth' value='2'><\/div><div class='spacer'><\/div>[\/vc_column][\/vc_row][vc_row disable_element=&#8221;yes&#8221;][vc_column width=&#8221;1\/3&#8243;][vc_cta h2=&#8221;Solidarit\u00e9 internationale&#8221; txt_align=&#8221;center&#8221; style=&#8221;3d&#8221;]<a href=\"http:\/\/740jw955i52c.brive.org\/index.php\/solidarite-internationale\/\"><img decoding=\"async\" loading=\"lazy\" class=\"alignnone size-medium wp-image-24288\" src=\"http:\/\/740jw955i52c.brive.org\/wp-content\/uploads\/2017\/02\/foule-brive-300x200.jpg\" alt=\"\" width=\"300\" height=\"200\" srcset=\"http:\/\/740jw955i52c.brive.org\/wp-content\/uploads\/2017\/02\/foule-brive-300x200.jpg 300w, http:\/\/740jw955i52c.brive.org\/wp-content\/uploads\/2017\/02\/foule-brive-200x133.jpg 200w, http:\/\/740jw955i52c.brive.org\/wp-content\/uploads\/2017\/02\/foule-brive.jpg 750w, http:\/\/740jw955i52c.brive.org\/wp-content\/uploads\/2017\/02\/foule-brive-600x400.jpg 600w, http:\/\/740jw955i52c.brive.org\/wp-content\/uploads\/2017\/02\/foule-brive-590x393.jpg 590w\" sizes=\"(max-width: 300px) 100vw, 300px\" \/><\/a>[\/vc_cta][\/vc_column][vc_column width=&#8221;1\/3&#8243;][vc_cta h2=&#8221;Villes jumel\u00e9es&#8221; txt_align=&#8221;center&#8221; style=&#8221;flat&#8221;]<span style=\"color: #ffffff\">.<\/span><\/p>\n<p><a href=\"http:\/\/740jw955i52c.brive.org\/index.php\/backup-accueil\/villes-jumelees\/\"><img decoding=\"async\" loading=\"lazy\" class=\"alignnone size-medium wp-image-24295\" src=\"http:\/\/740jw955i52c.brive.org\/wp-content\/uploads\/2017\/02\/rond-point-300x200.jpg\" alt=\"\" width=\"300\" height=\"200\" srcset=\"http:\/\/740jw955i52c.brive.org\/wp-content\/uploads\/2017\/02\/rond-point-300x200.jpg 300w, http:\/\/740jw955i52c.brive.org\/wp-content\/uploads\/2017\/02\/rond-point-200x133.jpg 200w, http:\/\/740jw955i52c.brive.org\/wp-content\/uploads\/2017\/02\/rond-point.jpg 750w, http:\/\/740jw955i52c.brive.org\/wp-content\/uploads\/2017\/02\/rond-point-600x400.jpg 600w, http:\/\/740jw955i52c.brive.org\/wp-content\/uploads\/2017\/02\/rond-point-590x393.jpg 590w\" sizes=\"(max-width: 300px) 100vw, 300px\" \/><\/a>[\/vc_cta][\/vc_column][vc_column width=&#8221;1\/3&#8243;][vc_cta h2=&#8221;&#8221; txt_align=&#8221;center&#8221; style=&#8221;outline&#8221; color=&#8221;sky&#8221;]<img decoding=\"async\" loading=\"lazy\" class=\"alignnone size-medium wp-image-24295\" src=\"http:\/\/740jw955i52c.brive.org\/wp-content\/uploads\/2017\/02\/rond-point-300x200.jpg\" alt=\"\" width=\"300\" height=\"200\" srcset=\"http:\/\/740jw955i52c.brive.org\/wp-content\/uploads\/2017\/02\/rond-point-300x200.jpg 300w, http:\/\/740jw955i52c.brive.org\/wp-content\/uploads\/2017\/02\/rond-point-200x133.jpg 200w, http:\/\/740jw955i52c.brive.org\/wp-content\/uploads\/2017\/02\/rond-point.jpg 750w, http:\/\/740jw955i52c.brive.org\/wp-content\/uploads\/2017\/02\/rond-point-600x400.jpg 600w, http:\/\/740jw955i52c.brive.org\/wp-content\/uploads\/2017\/02\/rond-point-590x393.jpg 590w\" sizes=\"(max-width: 300px) 100vw, 300px\" \/>[\/vc_cta][vc_btn title=&#8221;Villes jumel\u00e9es&#8221; style=&#8221;custom&#8221; custom_background=&#8221;#5aa1e3&#8243; custom_text=&#8221;#ffffff&#8221; align=&#8221;center&#8221; link=&#8221;url:http%3A%2F%2F740jw955i52c.brive.org%2Findex.php%2Faccueil%2Fvilles-jumelees%2F|||&#8221; button_block=&#8221;true&#8221;][\/vc_column][\/vc_row][vc_row disable_element=&#8221;yes&#8221;][vc_column width=&#8221;1\/3&#8243;]<div class='pushContainer 1x1' style='background-image:url(http:\/\/740jw955i52c.brive.org\/wp-content\/uploads\/2017\/02\/foule-brive-750x500.jpg);'><div class='pushInitialContent'><div class='wrapper'><h3>Solidarit\u00e9 internationale<\/h3><p><\/p><\/div><\/div><script>console.log('');<\/script><a class='pushContent' href=\"http:\/\/740jw955i52c.brive.org\/index.php\/solidarite-internationale\/\" ><div class='wrapper'><h3>Solidarit\u00e9 internationale<\/h3>12 associations \u00e0 caract\u00e8re international et humanitaire participent chaque ann\u00e9e au march\u00e9 de la solidarit\u00e9 internationale.\nLire la suite ...<\/div><\/a><input type='hidden' class='pushSize' value='1'><input type='hidden' class='pushWidth' value='1'><\/div><div class='spacer'><\/div>[\/vc_column][vc_column width=&#8221;1\/3&#8243;]<div class='pushContainer 1x1' style='background-image:url(http:\/\/740jw955i52c.brive.org\/wp-content\/uploads\/2017\/02\/rond-point-750x500.jpg);'><div class='pushInitialContent'><div class='wrapper'><h3>Villes jumel\u00e9es<\/h3><p><\/p><\/div><\/div><script>console.log('');<\/script><a class='pushContent' href=\"http:\/\/740jw955i52c.brive.org\/index.php\/backup-accueil\/villes-jumelees\/\" ><div class='wrapper'><h3>Villes jumel\u00e9es<\/h3>Ce sont huit villes qui sont jumel\u00e9es avec notre cit\u00e9.\nLire la suite ...<\/div><\/a><input type='hidden' class='pushSize' value='1'><input type='hidden' class='pushWidth' value='1'><\/div><div class='spacer'><\/div>[\/vc_column][vc_column width=&#8221;1\/3&#8243;][vc_single_image image=&#8221;24288&#8243; alignment=&#8221;center&#8221;][vc_btn title=&#8221;Solidarit\u00e9 internationale&#8221; style=&#8221;custom&#8221; custom_background=&#8221;#5aa1e3&#8243; custom_text=&#8221;#ffffff&#8221; shape=&#8221;rounded&#8221; align=&#8221;center&#8221; link=&#8221;url:http%3A%2F%2F740jw955i52c.brive.org%2Findex.php%2Fsolidarite-internationale%2F|||&#8221; button_block=&#8221;true&#8221;][\/vc_column][\/vc_row][vc_row disable_element=&#8221;yes&#8221;][vc_column width=&#8221;1\/3&#8243;][vc_cta h2=&#8221;&#8221; txt_align=&#8221;center&#8221; shape=&#8221;rounded&#8221; style=&#8221;custom&#8221; custom_background=&#8221;#eaeaea&#8221; custom_text=&#8221;#ffffff&#8221;]<img decoding=\"async\" loading=\"lazy\" class=\"alignnone size-medium wp-image-24295\" src=\"http:\/\/740jw955i52c.brive.org\/wp-content\/uploads\/2017\/02\/rond-point-300x200.jpg\" alt=\"\" width=\"300\" height=\"200\" srcset=\"http:\/\/740jw955i52c.brive.org\/wp-content\/uploads\/2017\/02\/rond-point-300x200.jpg 300w, http:\/\/740jw955i52c.brive.org\/wp-content\/uploads\/2017\/02\/rond-point-200x133.jpg 200w, http:\/\/740jw955i52c.brive.org\/wp-content\/uploads\/2017\/02\/rond-point.jpg 750w, http:\/\/740jw955i52c.brive.org\/wp-content\/uploads\/2017\/02\/rond-point-600x400.jpg 600w, http:\/\/740jw955i52c.brive.org\/wp-content\/uploads\/2017\/02\/rond-point-590x393.jpg 590w\" sizes=\"(max-width: 300px) 100vw, 300px\" \/>[\/vc_cta][vc_btn title=&#8221;Villes jumel\u00e9es&#8221; style=&#8221;custom&#8221; custom_background=&#8221;#5aa1e3&#8243; custom_text=&#8221;#ffffff&#8221; align=&#8221;center&#8221; link=&#8221;url:http%3A%2F%2F740jw955i52c.brive.org%2Findex.php%2Faccueil%2Fvilles-jumelees%2F||target:%20_blank|&#8221; button_block=&#8221;true&#8221;][\/vc_column][vc_column width=&#8221;1\/3&#8243;][vc_cta h2=&#8221;&#8221; txt_align=&#8221;center&#8221; shape=&#8221;rounded&#8221; style=&#8221;3d&#8221; color=&#8221;grey&#8221;]<img decoding=\"async\" loading=\"lazy\" class=\"alignnone size-medium wp-image-24295\" src=\"http:\/\/740jw955i52c.brive.org\/wp-content\/uploads\/2017\/02\/rond-point-300x200.jpg\" alt=\"\" width=\"300\" height=\"200\" srcset=\"http:\/\/740jw955i52c.brive.org\/wp-content\/uploads\/2017\/02\/rond-point-300x200.jpg 300w, http:\/\/740jw955i52c.brive.org\/wp-content\/uploads\/2017\/02\/rond-point-200x133.jpg 200w, http:\/\/740jw955i52c.brive.org\/wp-content\/uploads\/2017\/02\/rond-point.jpg 750w, http:\/\/740jw955i52c.brive.org\/wp-content\/uploads\/2017\/02\/rond-point-600x400.jpg 600w, http:\/\/740jw955i52c.brive.org\/wp-content\/uploads\/2017\/02\/rond-point-590x393.jpg 590w\" sizes=\"(max-width: 300px) 100vw, 300px\" \/>[\/vc_cta][vc_btn title=&#8221;Solidarit\u00e9 internationale&#8221; style=&#8221;gradient&#8221; gradient_color_1=&#8221;sky&#8221; gradient_color_2=&#8221;grey&#8221; shape=&#8221;rounded&#8221; align=&#8221;center&#8221; link=&#8221;url:http%3A%2F%2F740jw955i52c.brive.org%2Findex.php%2Fsolidarite-internationale%2F||target:%20_blank|&#8221; button_block=&#8221;true&#8221;][\/vc_column][vc_column width=&#8221;1\/3&#8243;][vc_cta h2=&#8221;&#8221; txt_align=&#8221;center&#8221; style=&#8221;3d&#8221; color=&#8221;grey&#8221;]<img decoding=\"async\" loading=\"lazy\" class=\"alignnone size-medium wp-image-24295\" src=\"http:\/\/740jw955i52c.brive.org\/wp-content\/uploads\/2017\/02\/rond-point-300x200.jpg\" alt=\"\" width=\"300\" height=\"200\" srcset=\"http:\/\/740jw955i52c.brive.org\/wp-content\/uploads\/2017\/02\/rond-point-300x200.jpg 300w, http:\/\/740jw955i52c.brive.org\/wp-content\/uploads\/2017\/02\/rond-point-200x133.jpg 200w, http:\/\/740jw955i52c.brive.org\/wp-content\/uploads\/2017\/02\/rond-point.jpg 750w, http:\/\/740jw955i52c.brive.org\/wp-content\/uploads\/2017\/02\/rond-point-600x400.jpg 600w, http:\/\/740jw955i52c.brive.org\/wp-content\/uploads\/2017\/02\/rond-point-590x393.jpg 590w\" sizes=\"(max-width: 300px) 100vw, 300px\" \/>[\/vc_cta][vc_btn title=&#8221;Villes jumel\u00e9es&#8221; style=&#8221;gradient&#8221; gradient_color_1=&#8221;grey&#8221; gradient_color_2=&#8221;white&#8221; align=&#8221;center&#8221; link=&#8221;url:http%3A%2F%2F740jw955i52c.brive.org%2Findex.php%2Faccueil%2Fvilles-jumelees%2F||target:%20_blank|&#8221; button_block=&#8221;true&#8221;][\/vc_column][\/vc_row][vc_row disable_element=&#8221;yes&#8221;][vc_column][vc_cta h2=&#8221;&#8221; txt_align=&#8221;center&#8221; shape=&#8221;rounded&#8221; style=&#8221;3d&#8221;]<\/p>\n<h3 style=\"text-align: center\"><span style=\"color: #ff0000\">PAGE EN CONSTRUCTION<\/span><\/h3>\n<p>[\/vc_cta][\/vc_column][\/vc_row]<\/p>\n","protected":false},"excerpt":{"rendered":"<p>[vc_row][vc_column][vc_empty_space height=&#8221;100px&#8221;][\/vc_column][\/vc_row][vc_row][vc_column width=&#8221;1\/2&#8243;][\/vc_column][vc_column width=&#8221;1\/2&#8243;][\/vc_column][\/vc_row][vc_row disable_element=&#8221;yes&#8221;][vc_column width=&#8221;1\/3&#8243;][vc_cta h2=&#8221;Solidarit\u00e9 internationale&#8221; txt_align=&#8221;center&#8221; style=&#8221;3d&#8221;][\/vc_cta][\/vc_column][vc_column width=&#8221;1\/3&#8243;][vc_cta h2=&#8221;Villes jumel\u00e9es&#8221; txt_align=&#8221;center&#8221; style=&#8221;flat&#8221;]. [\/vc_cta][\/vc_column][vc_column width=&#8221;1\/3&#8243;][vc_cta h2=&#8221;&#8221; txt_align=&#8221;center&#8221; style=&#8221;outline&#8221; color=&#8221;sky&#8221;][\/vc_cta][vc_btn title=&#8221;Villes jumel\u00e9es&#8221; style=&#8221;custom&#8221; custom_background=&#8221;#5aa1e3&#8243; custom_text=&#8221;#ffffff&#8221; align=&#8221;center&#8221; link=&#8221;url:http%3A%2F%2F740jw955i52c.brive.org%2Findex.php%2Faccueil%2Fvilles-jumelees%2F|||&#8221; button_block=&#8221;true&#8221;][\/vc_column][\/vc_row][vc_row disable_element=&#8221;yes&#8221;][vc_column &#8230; <\/p>\n","protected":false},"author":3,"featured_media":0,"parent":0,"menu_order":0,"comment_status":"closed","ping_status":"closed","template":"","meta":[],"yoast_head":"<!-- This site is optimized with the Yoast SEO plugin v17.8 - https:\/\/yoast.com\/wordpress\/plugins\/seo\/ -->\n<title>Brive International - Ville de Brive<\/title>\n<meta name=\"robots\" content=\"index, follow, max-snippet:-1, max-image-preview:large, max-video-preview:-1\" \/>\n<link rel=\"canonical\" href=\"http:\/\/740jw955i52c.brive.org\/index.php\/relations-internationales\/\" \/>\n<meta property=\"og:locale\" content=\"fr_FR\" \/>\n<meta property=\"og:type\" content=\"article\" \/>\n<meta property=\"og:title\" content=\"Brive International - Ville de Brive\" \/>\n<meta property=\"og:description\" content=\"[vc_row][vc_column][vc_empty_space height=&#8221;100px&#8221;][\/vc_column][\/vc_row][vc_row][vc_column width=&#8221;1\/2&#8243;][\/vc_column][vc_column width=&#8221;1\/2&#8243;][\/vc_column][\/vc_row][vc_row disable_element=&#8221;yes&#8221;][vc_column width=&#8221;1\/3&#8243;][vc_cta h2=&#8221;Solidarit\u00e9 internationale&#8221; txt_align=&#8221;center&#8221; style=&#8221;3d&#8221;][\/vc_cta][\/vc_column][vc_column width=&#8221;1\/3&#8243;][vc_cta h2=&#8221;Villes jumel\u00e9es&#8221; txt_align=&#8221;center&#8221; style=&#8221;flat&#8221;]. [\/vc_cta][\/vc_column][vc_column width=&#8221;1\/3&#8243;][vc_cta h2=&#8221;&#8221; txt_align=&#8221;center&#8221; style=&#8221;outline&#8221; color=&#8221;sky&#8221;][\/vc_cta][vc_btn title=&#8221;Villes jumel\u00e9es&#8221; style=&#8221;custom&#8221; custom_background=&#8221;#5aa1e3&#8243; custom_text=&#8221;#ffffff&#8221; align=&#8221;center&#8221; link=&#8221;url:http%3A%2F%2F740jw955i52c.brive.org%2Findex.php%2Faccueil%2Fvilles-jumelees%2F|||&#8221; button_block=&#8221;true&#8221;][\/vc_column][\/vc_row][vc_row disable_element=&#8221;yes&#8221;][vc_column ...\" \/>\n<meta property=\"og:url\" content=\"http:\/\/740jw955i52c.brive.org\/index.php\/relations-internationales\/\" \/>\n<meta property=\"og:site_name\" content=\"Ville de Brive\" \/>\n<meta property=\"article:modified_time\" content=\"2022-09-07T13:34:41+00:00\" \/>\n<meta property=\"og:image\" content=\"http:\/\/740jw955i52c.brive.org\/wp-content\/uploads\/2017\/02\/foule-brive-300x200.jpg\" \/>\n<meta name=\"twitter:card\" content=\"summary_large_image\" \/>\n<meta name=\"twitter:label1\" content=\"Dur\u00e9e de lecture estim\u00e9e\" \/>\n\t<meta name=\"twitter:data1\" content=\"3 minutes\" \/>\n<script type=\"application\/ld+json\" class=\"yoast-schema-graph\">{\"@context\":\"https:\/\/schema.org\",\"@graph\":[{\"@type\":\"WebSite\",\"@id\":\"http:\/\/740jw955i52c.brive.org\/#website\",\"url\":\"http:\/\/740jw955i52c.brive.org\/\",\"name\":\"Ville de Brive\",\"description\":\"Bienvenue sur le site de la ville de Brive-la-Gaillarde. Vous y trouverez l&#039;actualit\\u00e9 de la commune, des informations pratiques et vos d\\u00e9marches administratives.\",\"potentialAction\":[{\"@type\":\"SearchAction\",\"target\":{\"@type\":\"EntryPoint\",\"urlTemplate\":\"http:\/\/740jw955i52c.brive.org\/?s={search_term_string}\"},\"query-input\":\"required name=search_term_string\"}],\"inLanguage\":\"fr-FR\"},{\"@type\":\"ImageObject\",\"@id\":\"http:\/\/740jw955i52c.brive.org\/index.php\/relations-internationales\/#primaryimage\",\"inLanguage\":\"fr-FR\",\"url\":\"http:\/\/740jw955i52c.brive.org\/wp-content\/uploads\/2017\/02\/foule-brive.jpg\",\"contentUrl\":\"http:\/\/740jw955i52c.brive.org\/wp-content\/uploads\/2017\/02\/foule-brive.jpg\",\"width\":750,\"height\":500},{\"@type\":\"WebPage\",\"@id\":\"http:\/\/740jw955i52c.brive.org\/index.php\/relations-internationales\/#webpage\",\"url\":\"http:\/\/740jw955i52c.brive.org\/index.php\/relations-internationales\/\",\"name\":\"Brive International - Ville de Brive\",\"isPartOf\":{\"@id\":\"http:\/\/740jw955i52c.brive.org\/#website\"},\"primaryImageOfPage\":{\"@id\":\"http:\/\/740jw955i52c.brive.org\/index.php\/relations-internationales\/#primaryimage\"},\"datePublished\":\"2017-01-19T16:08:15+00:00\",\"dateModified\":\"2022-09-07T13:34:41+00:00\",\"breadcrumb\":{\"@id\":\"http:\/\/740jw955i52c.brive.org\/index.php\/relations-internationales\/#breadcrumb\"},\"inLanguage\":\"fr-FR\",\"potentialAction\":[{\"@type\":\"ReadAction\",\"target\":[\"http:\/\/740jw955i52c.brive.org\/index.php\/relations-internationales\/\"]}]},{\"@type\":\"BreadcrumbList\",\"@id\":\"http:\/\/740jw955i52c.brive.org\/index.php\/relations-internationales\/#breadcrumb\",\"itemListElement\":[{\"@type\":\"ListItem\",\"position\":1,\"name\":\"Accueil\",\"item\":\"http:\/\/740jw955i52c.brive.org\/\"},{\"@type\":\"ListItem\",\"position\":2,\"name\":\"Brive International\"}]}]}<\/script>\n<!-- \/ Yoast SEO plugin. -->","yoast_head_json":{"title":"Brive International - Ville de Brive","robots":{"index":"index","follow":"follow","max-snippet":"max-snippet:-1","max-image-preview":"max-image-preview:large","max-video-preview":"max-video-preview:-1"},"canonical":"http:\/\/740jw955i52c.brive.org\/index.php\/relations-internationales\/","og_locale":"fr_FR","og_type":"article","og_title":"Brive International - Ville de Brive","og_description":"[vc_row][vc_column][vc_empty_space height=&#8221;100px&#8221;][\/vc_column][\/vc_row][vc_row][vc_column width=&#8221;1\/2&#8243;][\/vc_column][vc_column width=&#8221;1\/2&#8243;][\/vc_column][\/vc_row][vc_row disable_element=&#8221;yes&#8221;][vc_column width=&#8221;1\/3&#8243;][vc_cta h2=&#8221;Solidarit\u00e9 internationale&#8221; txt_align=&#8221;center&#8221; style=&#8221;3d&#8221;][\/vc_cta][\/vc_column][vc_column width=&#8221;1\/3&#8243;][vc_cta h2=&#8221;Villes jumel\u00e9es&#8221; txt_align=&#8221;center&#8221; style=&#8221;flat&#8221;]. [\/vc_cta][\/vc_column][vc_column width=&#8221;1\/3&#8243;][vc_cta h2=&#8221;&#8221; txt_align=&#8221;center&#8221; style=&#8221;outline&#8221; color=&#8221;sky&#8221;][\/vc_cta][vc_btn title=&#8221;Villes jumel\u00e9es&#8221; style=&#8221;custom&#8221; custom_background=&#8221;#5aa1e3&#8243; custom_text=&#8221;#ffffff&#8221; align=&#8221;center&#8221; link=&#8221;url:http%3A%2F%2F740jw955i52c.brive.org%2Findex.php%2Faccueil%2Fvilles-jumelees%2F|||&#8221; button_block=&#8221;true&#8221;][\/vc_column][\/vc_row][vc_row disable_element=&#8221;yes&#8221;][vc_column ...","og_url":"http:\/\/740jw955i52c.brive.org\/index.php\/relations-internationales\/","og_site_name":"Ville de Brive","article_modified_time":"2022-09-07T13:34:41+00:00","og_image":[{"url":"http:\/\/740jw955i52c.brive.org\/wp-content\/uploads\/2017\/02\/foule-brive-300x200.jpg"}],"twitter_card":"summary_large_image","twitter_misc":{"Dur\u00e9e de lecture estim\u00e9e":"3 minutes"},"schema":{"@context":"https:\/\/schema.org","@graph":[{"@type":"WebSite","@id":"http:\/\/740jw955i52c.brive.org\/#website","url":"http:\/\/740jw955i52c.brive.org\/","name":"Ville de Brive","description":"Bienvenue sur le site de la ville de Brive-la-Gaillarde. Vous y trouverez l&#039;actualit\u00e9 de la commune, des informations pratiques et vos d\u00e9marches administratives.","potentialAction":[{"@type":"SearchAction","target":{"@type":"EntryPoint","urlTemplate":"http:\/\/740jw955i52c.brive.org\/?s={search_term_string}"},"query-input":"required name=search_term_string"}],"inLanguage":"fr-FR"},{"@type":"ImageObject","@id":"http:\/\/740jw955i52c.brive.org\/index.php\/relations-internationales\/#primaryimage","inLanguage":"fr-FR","url":"http:\/\/740jw955i52c.brive.org\/wp-content\/uploads\/2017\/02\/foule-brive.jpg","contentUrl":"http:\/\/740jw955i52c.brive.org\/wp-content\/uploads\/2017\/02\/foule-brive.jpg","width":750,"height":500},{"@type":"WebPage","@id":"http:\/\/740jw955i52c.brive.org\/index.php\/relations-internationales\/#webpage","url":"http:\/\/740jw955i52c.brive.org\/index.php\/relations-internationales\/","name":"Brive International - Ville de Brive","isPartOf":{"@id":"http:\/\/740jw955i52c.brive.org\/#website"},"primaryImageOfPage":{"@id":"http:\/\/740jw955i52c.brive.org\/index.php\/relations-internationales\/#primaryimage"},"datePublished":"2017-01-19T16:08:15+00:00","dateModified":"2022-09-07T13:34:41+00:00","breadcrumb":{"@id":"http:\/\/740jw955i52c.brive.org\/index.php\/relations-internationales\/#breadcrumb"},"inLanguage":"fr-FR","potentialAction":[{"@type":"ReadAction","target":["http:\/\/740jw955i52c.brive.org\/index.php\/relations-internationales\/"]}]},{"@type":"BreadcrumbList","@id":"http:\/\/740jw955i52c.brive.org\/index.php\/relations-internationales\/#breadcrumb","itemListElement":[{"@type":"ListItem","position":1,"name":"Accueil","item":"http:\/\/740jw955i52c.brive.org\/"},{"@type":"ListItem","position":2,"name":"Brive International"}]}]}},"_links":{"self":[{"href":"http:\/\/740jw955i52c.brive.org\/index.php\/wp-json\/wp\/v2\/pages\/23233"}],"collection":[{"href":"http:\/\/740jw955i52c.brive.org\/index.php\/wp-json\/wp\/v2\/pages"}],"about":[{"href":"http:\/\/740jw955i52c.brive.org\/index.php\/wp-json\/wp\/v2\/types\/page"}],"author":[{"embeddable":true,"href":"http:\/\/740jw955i52c.brive.org\/index.php\/wp-json\/wp\/v2\/users\/3"}],"replies":[{"embeddable":true,"href":"http:\/\/740jw955i52c.brive.org\/index.php\/wp-json\/wp\/v2\/comments?post=23233"}],"version-history":[{"count":184,"href":"http:\/\/740jw955i52c.brive.org\/index.php\/wp-json\/wp\/v2\/pages\/23233\/revisions"}],"predecessor-version":[{"id":30976,"href":"http:\/\/740jw955i52c.brive.org\/index.php\/wp-json\/wp\/v2\/pages\/23233\/revisions\/30976"}],"wp:attachment":[{"href":"http:\/\/740jw955i52c.brive.org\/index.php\/wp-json\/wp\/v2\/media?parent=23233"}],"curies":[{"name":"wp","href":"https:\/\/api.w.org\/{rel}","templated":true}]}}