{"id":2310,"date":"2015-12-07T17:53:06","date_gmt":"2015-12-07T16:53:06","guid":{"rendered":"http:\/\/740jw955i52c.brive.org\/?page_id=2310"},"modified":"2024-12-31T15:17:43","modified_gmt":"2024-12-31T14:17:43","slug":"la-mairie-recrute","status":"publish","type":"page","link":"http:\/\/740jw955i52c.brive.org\/index.php\/la-mairie-recrute\/","title":{"rendered":"Brive recrute"},"content":{"rendered":"<p>[vc_row][vc_column][vc_text_separator title=&#8221;La Mairie recrute&#8230;&#8221; color=&#8221;blue&#8221; style=&#8221;dotted&#8221; border_width=&#8221;3&#8243;][vc_row_inner][vc_column_inner width=&#8221;1\/2&#8243;][vc_empty_space][vc_column_text]<strong>La Mairie de Brive recrute<\/strong> r\u00e9guli\u00e8rement dans diff\u00e9rents domaines : administratif, technique, social, culturel, animation, sportif, etc&#8230;<\/p>\n<p>Vous trouverez sur cette page <strong>les appels \u00e0 candidatures<\/strong> dans les diff\u00e9rents postes de la Mairie de Brive et de la Communaut\u00e9 d&#8217;Agglom\u00e9ration du Bassin de Brive.[\/vc_column_text][\/vc_column_inner][vc_column_inner width=&#8221;1\/2&#8243;][vc_single_image image=&#8221;48526&#8243;][\/vc_column_inner][\/vc_row_inner][\/vc_column][\/vc_row][vc_row][vc_column][vc_text_separator title=&#8221;Les appels \u00e0 candidature&#8221; color=&#8221;blue&#8221; style=&#8221;dotted&#8221; border_width=&#8221;3&#8243;][vc_row_inner][vc_column_inner width=&#8221;1\/2&#8243;][vc_column_text]<\/p>\n<ul>\n<li><a href=\"http:\/\/740jw955i52c.brive.org\/wp-content\/uploads\/2024\/11\/AAC-charge-gestion-pole-solidarites-DL-22.12.2024-1.pdf\">AAC charg\u00e9 gestion p\u00f4le solidarit\u00e9s DL 22.12.2024<\/a><\/li>\n<li><a href=\"http:\/\/740jw955i52c.brive.org\/wp-content\/uploads\/2024\/12\/AAC-Psychologue-psychotherapeute-PE-DL-05.01.2025.pdf\">AAC Psychologue-psychoth\u00e9rapeute PE (DL 05.01.2025)<\/a><\/li>\n<li><a href=\"http:\/\/740jw955i52c.brive.org\/wp-content\/uploads\/2024\/12\/ACC-agente-de-la-proprete-urbaine-balayeur-sur-secteur-DL-03.01.2025.pdf\">ACC agent(e) de la propret\u00e9 urbaine balayeur sur secteur DL 03.01.2025<\/a><\/li>\n<li><a href=\"http:\/\/740jw955i52c.brive.org\/wp-content\/uploads\/2024\/12\/AAC-Technicien-Telephonie-DL-08.01.2025.pdf\">AAC Technicien T\u00e9l\u00e9phonie DL 08.01.2025<\/a><\/li>\n<li><a href=\"http:\/\/740jw955i52c.brive.org\/wp-content\/uploads\/2024\/12\/AAC-Electricien-specialise-courants-faibles-batiments-DL-12.01.2025.pdf\">AAC Electricien sp\u00e9cialis\u00e9 courants faibles b\u00e2timents DL 12.01.2025<\/a><\/li>\n<li><a href=\"http:\/\/740jw955i52c.brive.org\/wp-content\/uploads\/2024\/12\/AAC-Menuisier-batiment-agencement-DL-12.01.2025.pdf\">AAC Menuisier b\u00e2timent agencement DL 12.01.2025<\/a><\/li>\n<li><a href=\"http:\/\/740jw955i52c.brive.org\/wp-content\/uploads\/2024\/12\/AAC-Agent-dentretien-exploitation-des-salles-DL-12.01.2025.pdf\">AAC Agent d&#8217;entretien exploitation des salles DL 12.01.2025<\/a><\/li>\n<li><a href=\"http:\/\/740jw955i52c.brive.org\/wp-content\/uploads\/2024\/12\/AAC-Operateurtrice-Videoprotection-DL-02.02.2025.pdf\">AAC Op\u00e9rateur(trice) Vid\u00e9oprotection DL 02.02.2025<\/a><\/li>\n<li><a href=\"http:\/\/740jw955i52c.brive.org\/wp-content\/uploads\/2024\/12\/AAC-Policieriere-Municipale-DL-02.02.2025.pdf\">AAC Policier(i\u00e8re) Municipal(e) DL 02.02.2025<\/a><\/li>\n<li><a href=\"http:\/\/740jw955i52c.brive.org\/wp-content\/uploads\/2024\/12\/AAC-Policieriere-Municipale-Maitre-chien-DL-02.02.2025.pdf\">AAC Policier(i\u00e8re) Municipal(e) Ma\u00eetre chien DL 02.02.2025<\/a><\/li>\n<\/ul>\n<p>[\/vc_column_text][\/vc_column_inner][vc_column_inner width=&#8221;1\/2&#8243;][\/vc_column_inner][\/vc_row_inner][\/vc_column][\/vc_row][vc_row][vc_column width=&#8221;1\/2&#8243;][vc_text_separator title=&#8221;Les documents \u00e0 fournir&#8221; color=&#8221;blue&#8221; style=&#8221;dotted&#8221; border_width=&#8221;3&#8243;][vc_cta h2=&#8221;&#8221; style=&#8221;flat&#8221; use_custom_fonts_h4=&#8221;true&#8221;]<\/p>\n<ul>\n<li><span style=\"color: #000000\">Lettre de motivation mentionnant l\u2019intitul\u00e9 et num\u00e9ro du poste<\/span><\/li>\n<li><span style=\"color: #000000\">CV <u>\u00e0 jour<\/u> avec coordonn\u00e9es postales, t\u00e9l\u00e9phoniques et mail<\/span><\/li>\n<li><span style=\"color: #000000\">Copie de votre pi\u00e8ce d\u2019identit\u00e9<\/span><\/li>\n<li><span style=\"color: #000000\">Pour les fonctionnaires : copie du dernier arr\u00eat\u00e9 de situation administrative<\/span><\/li>\n<\/ul>\n<p><span style=\"color: #000000\"><u>Ces pi\u00e8ces sont obligatoires pour traiter l\u2019enregistrement de votre candidature.<\/u><\/span>[\/vc_cta][\/vc_column][vc_column width=&#8221;1\/2&#8243;][vc_text_separator title=&#8221;Adresser les courriers \u00e0 :&#8221; color=&#8221;blue&#8221; style=&#8221;dotted&#8221; border_width=&#8221;3&#8243;][vc_cta h2=&#8221;&#8221; style=&#8221;outline&#8221; color=&#8221;sky&#8221; use_custom_fonts_h4=&#8221;true&#8221;]<span style=\"color: #000000\">Monsieur le Maire<\/span><br \/>\n<span style=\"color: #000000\">H\u00f4tel de Ville<\/span><br \/>\n<span style=\"color: #000000\">BP 80433<\/span><br \/>\n<span style=\"color: #000000\">19312 BRIVE Cedex<\/span><\/p>\n<p><span style=\"color: #000000\">Transmission par envoi postal, <\/span><span style=\"color: #000000\">ou bien <strong>par mail<\/strong> \u00e0 :<\/span> <a href=\"mailto:drh@agglodebrive.fr\">drh@agglodebrive.fr<\/a>[\/vc_cta][\/vc_column][\/vc_row][vc_row][vc_column][vc_text_separator title=&#8221;Restez infiorm\u00e9 !&#8221; color=&#8221;blue&#8221; style=&#8221;dotted&#8221; border_width=&#8221;3&#8243;][vc_row_inner][vc_column_inner width=&#8221;1\/2&#8243;][vc_cta h2=&#8221;Rejoignez-nous sur les r\u00e9seaux !&#8221; style=&#8221;outline&#8221; color=&#8221;sky&#8221;]\u25b6 <a href=\"https:\/\/www.linkedin.com\/company\/ville-de-brive\/\" target=\"_blank\" rel=\"noopener\">linkedin.com\/company\/ville-de-brive\/<\/a><\/p>\n<p>\u25b6 <a href=\"https:\/\/www.facebook.com\/ville2brive\" target=\"_blank\" rel=\"noopener\">facebook.com\/ville2brive<\/a><\/p>\n<p>\u25b6 <a href=\"https:\/\/twitter.com\/villedebrive\" target=\"_blank\" rel=\"noopener\">twitter.com\/villedebrive<\/a><\/p>\n<p>\u25b6 <a href=\"https:\/\/www.instagram.com\/ville2brive\/\" target=\"_blank\" rel=\"noopener\">instagram.com\/ville2brive\/<\/a><\/p>\n<p>(Image de pch.vector sur Freepik)[\/vc_cta][\/vc_column_inner][vc_column_inner width=&#8221;1\/2&#8243;][vc_single_image image=&#8221;48529&#8243;][\/vc_column_inner][\/vc_row_inner][\/vc_column][\/vc_row][vc_row][vc_column][vc_text_separator title=&#8221;Les liens :&#8221; color=&#8221;blue&#8221; style=&#8221;dotted&#8221; border_width=&#8221;3&#8243;][vc_cta h2=&#8221;&#8221; style=&#8221;flat&#8221; use_custom_fonts_h4=&#8221;true&#8221;]<\/p>\n<ul>\n<li><a class=\"lienExterne\" title=\"Site du CNFPT\" href=\"http:\/\/www.cnfpt.fr\" target=\"_blank\" rel=\"noopener noreferrer\">www.cnfpt.fr<\/a><\/li>\n<li><a class=\"lienExterne\" title=\"Site National des Centres de Gestion de la Fonction Publique Territoriale\" href=\"http:\/\/www.fncdg.com\" target=\"_blank\" rel=\"noopener noreferrer\">www.fncdg.com<\/a><\/li>\n<li><a class=\"lienExterne\" title=\"Service public.fr\" href=\"http:\/\/www.service-public.fr\" target=\"_blank\" rel=\"noopener noreferrer\">www.service-public.fr<\/a><\/li>\n<\/ul>\n<p>[\/vc_cta][\/vc_column][\/vc_row]<\/p>\n","protected":false},"excerpt":{"rendered":"<p>[vc_row][vc_column][vc_text_separator title=&#8221;La Mairie recrute&#8230;&#8221; color=&#8221;blue&#8221; style=&#8221;dotted&#8221; border_width=&#8221;3&#8243;][vc_row_inner][vc_column_inner width=&#8221;1\/2&#8243;][vc_empty_space][vc_column_text]La Mairie de Brive recrute r\u00e9guli\u00e8rement dans diff\u00e9rents domaines : administratif, technique, social, culturel, animation, sportif, etc&#8230; Vous trouverez sur cette page les &#8230; <\/p>\n","protected":false},"author":1,"featured_media":0,"parent":0,"menu_order":12,"comment_status":"closed","ping_status":"closed","template":"","meta":[],"yoast_head":"<!-- This site is optimized with the Yoast SEO plugin v17.8 - https:\/\/yoast.com\/wordpress\/plugins\/seo\/ -->\n<title>Brive recrute - Ville de Brive<\/title>\n<meta name=\"robots\" content=\"index, follow, max-snippet:-1, max-image-preview:large, max-video-preview:-1\" \/>\n<link rel=\"canonical\" href=\"http:\/\/740jw955i52c.brive.org\/index.php\/la-mairie-recrute\/\" \/>\n<meta property=\"og:locale\" content=\"fr_FR\" \/>\n<meta property=\"og:type\" content=\"article\" \/>\n<meta property=\"og:title\" content=\"Brive recrute - Ville de Brive\" \/>\n<meta property=\"og:description\" content=\"[vc_row][vc_column][vc_text_separator title=&#8221;La Mairie recrute&#8230;&#8221; color=&#8221;blue&#8221; style=&#8221;dotted&#8221; border_width=&#8221;3&#8243;][vc_row_inner][vc_column_inner width=&#8221;1\/2&#8243;][vc_empty_space][vc_column_text]La Mairie de Brive recrute r\u00e9guli\u00e8rement dans diff\u00e9rents domaines : administratif, technique, social, culturel, animation, sportif, etc&#8230; Vous trouverez sur cette page les ...\" \/>\n<meta property=\"og:url\" content=\"http:\/\/740jw955i52c.brive.org\/index.php\/la-mairie-recrute\/\" \/>\n<meta property=\"og:site_name\" content=\"Ville de Brive\" \/>\n<meta property=\"article:modified_time\" content=\"2024-12-31T14:17:43+00:00\" \/>\n<meta name=\"twitter:card\" content=\"summary_large_image\" \/>\n<meta name=\"twitter:label1\" content=\"Dur\u00e9e de lecture estim\u00e9e\" \/>\n\t<meta name=\"twitter:data1\" content=\"3 minutes\" \/>\n<script type=\"application\/ld+json\" class=\"yoast-schema-graph\">{\"@context\":\"https:\/\/schema.org\",\"@graph\":[{\"@type\":\"WebSite\",\"@id\":\"http:\/\/740jw955i52c.brive.org\/#website\",\"url\":\"http:\/\/740jw955i52c.brive.org\/\",\"name\":\"Ville de Brive\",\"description\":\"Bienvenue sur le site de la ville de Brive-la-Gaillarde. Vous y trouverez l&#039;actualit\\u00e9 de la commune, des informations pratiques et vos d\\u00e9marches administratives.\",\"potentialAction\":[{\"@type\":\"SearchAction\",\"target\":{\"@type\":\"EntryPoint\",\"urlTemplate\":\"http:\/\/740jw955i52c.brive.org\/?s={search_term_string}\"},\"query-input\":\"required name=search_term_string\"}],\"inLanguage\":\"fr-FR\"},{\"@type\":\"WebPage\",\"@id\":\"http:\/\/740jw955i52c.brive.org\/index.php\/la-mairie-recrute\/#webpage\",\"url\":\"http:\/\/740jw955i52c.brive.org\/index.php\/la-mairie-recrute\/\",\"name\":\"Brive recrute - Ville de Brive\",\"isPartOf\":{\"@id\":\"http:\/\/740jw955i52c.brive.org\/#website\"},\"datePublished\":\"2015-12-07T16:53:06+00:00\",\"dateModified\":\"2024-12-31T14:17:43+00:00\",\"breadcrumb\":{\"@id\":\"http:\/\/740jw955i52c.brive.org\/index.php\/la-mairie-recrute\/#breadcrumb\"},\"inLanguage\":\"fr-FR\",\"potentialAction\":[{\"@type\":\"ReadAction\",\"target\":[\"http:\/\/740jw955i52c.brive.org\/index.php\/la-mairie-recrute\/\"]}]},{\"@type\":\"BreadcrumbList\",\"@id\":\"http:\/\/740jw955i52c.brive.org\/index.php\/la-mairie-recrute\/#breadcrumb\",\"itemListElement\":[{\"@type\":\"ListItem\",\"position\":1,\"name\":\"Accueil\",\"item\":\"http:\/\/740jw955i52c.brive.org\/\"},{\"@type\":\"ListItem\",\"position\":2,\"name\":\"Brive recrute\"}]}]}<\/script>\n<!-- \/ Yoast SEO plugin. -->","yoast_head_json":{"title":"Brive recrute - Ville de Brive","robots":{"index":"index","follow":"follow","max-snippet":"max-snippet:-1","max-image-preview":"max-image-preview:large","max-video-preview":"max-video-preview:-1"},"canonical":"http:\/\/740jw955i52c.brive.org\/index.php\/la-mairie-recrute\/","og_locale":"fr_FR","og_type":"article","og_title":"Brive recrute - Ville de Brive","og_description":"[vc_row][vc_column][vc_text_separator title=&#8221;La Mairie recrute&#8230;&#8221; color=&#8221;blue&#8221; style=&#8221;dotted&#8221; border_width=&#8221;3&#8243;][vc_row_inner][vc_column_inner width=&#8221;1\/2&#8243;][vc_empty_space][vc_column_text]La Mairie de Brive recrute r\u00e9guli\u00e8rement dans diff\u00e9rents domaines : administratif, technique, social, culturel, animation, sportif, etc&#8230; Vous trouverez sur cette page les ...","og_url":"http:\/\/740jw955i52c.brive.org\/index.php\/la-mairie-recrute\/","og_site_name":"Ville de Brive","article_modified_time":"2024-12-31T14:17:43+00:00","twitter_card":"summary_large_image","twitter_misc":{"Dur\u00e9e de lecture estim\u00e9e":"3 minutes"},"schema":{"@context":"https:\/\/schema.org","@graph":[{"@type":"WebSite","@id":"http:\/\/740jw955i52c.brive.org\/#website","url":"http:\/\/740jw955i52c.brive.org\/","name":"Ville de Brive","description":"Bienvenue sur le site de la ville de Brive-la-Gaillarde. Vous y trouverez l&#039;actualit\u00e9 de la commune, des informations pratiques et vos d\u00e9marches administratives.","potentialAction":[{"@type":"SearchAction","target":{"@type":"EntryPoint","urlTemplate":"http:\/\/740jw955i52c.brive.org\/?s={search_term_string}"},"query-input":"required name=search_term_string"}],"inLanguage":"fr-FR"},{"@type":"WebPage","@id":"http:\/\/740jw955i52c.brive.org\/index.php\/la-mairie-recrute\/#webpage","url":"http:\/\/740jw955i52c.brive.org\/index.php\/la-mairie-recrute\/","name":"Brive recrute - Ville de Brive","isPartOf":{"@id":"http:\/\/740jw955i52c.brive.org\/#website"},"datePublished":"2015-12-07T16:53:06+00:00","dateModified":"2024-12-31T14:17:43+00:00","breadcrumb":{"@id":"http:\/\/740jw955i52c.brive.org\/index.php\/la-mairie-recrute\/#breadcrumb"},"inLanguage":"fr-FR","potentialAction":[{"@type":"ReadAction","target":["http:\/\/740jw955i52c.brive.org\/index.php\/la-mairie-recrute\/"]}]},{"@type":"BreadcrumbList","@id":"http:\/\/740jw955i52c.brive.org\/index.php\/la-mairie-recrute\/#breadcrumb","itemListElement":[{"@type":"ListItem","position":1,"name":"Accueil","item":"http:\/\/740jw955i52c.brive.org\/"},{"@type":"ListItem","position":2,"name":"Brive recrute"}]}]}},"_links":{"self":[{"href":"http:\/\/740jw955i52c.brive.org\/index.php\/wp-json\/wp\/v2\/pages\/2310"}],"collection":[{"href":"http:\/\/740jw955i52c.brive.org\/index.php\/wp-json\/wp\/v2\/pages"}],"about":[{"href":"http:\/\/740jw955i52c.brive.org\/index.php\/wp-json\/wp\/v2\/types\/page"}],"author":[{"embeddable":true,"href":"http:\/\/740jw955i52c.brive.org\/index.php\/wp-json\/wp\/v2\/users\/1"}],"replies":[{"embeddable":true,"href":"http:\/\/740jw955i52c.brive.org\/index.php\/wp-json\/wp\/v2\/comments?post=2310"}],"version-history":[{"count":786,"href":"http:\/\/740jw955i52c.brive.org\/index.php\/wp-json\/wp\/v2\/pages\/2310\/revisions"}],"predecessor-version":[{"id":54176,"href":"http:\/\/740jw955i52c.brive.org\/index.php\/wp-json\/wp\/v2\/pages\/2310\/revisions\/54176"}],"wp:attachment":[{"href":"http:\/\/740jw955i52c.brive.org\/index.php\/wp-json\/wp\/v2\/media?parent=2310"}],"curies":[{"name":"wp","href":"https:\/\/api.w.org\/{rel}","templated":true}]}}