{"id":2308,"date":"2015-12-07T17:45:57","date_gmt":"2015-12-07T16:45:57","guid":{"rendered":"http:\/\/740jw955i52c.brive.org\/?page_id=2308"},"modified":"2019-12-06T13:46:02","modified_gmt":"2019-12-06T12:46:02","slug":"delegataires-de-service-public","status":"publish","type":"page","link":"http:\/\/740jw955i52c.brive.org\/index.php\/accueil-2\/delegataires-de-service-public\/","title":{"rendered":"D\u00e9l\u00e9gataires de service public"},"content":{"rendered":"<p>[vc_row css=&#8221;.vc_custom_1529332211601{background-color: #f7f7f7 !important;}&#8221;][vc_column width=&#8221;1\/2&#8243;][vc_column_text]<\/p>\n<p style=\"text-align: justify\"><strong>La d\u00e9l\u00e9gation de service public se d\u00e9finit comme le contrat par lequel une personne morale de droit public confie la gestion d\u2019un service public dont elle a la responsabilit\u00e9 \u00e0 un d\u00e9l\u00e9gataire public ou priv\u00e9<\/strong>, dont la r\u00e9mun\u00e9ration est substantiellement li\u00e9e aux r\u00e9sultats de l\u2019exploitation du service.<\/p>\n<p style=\"text-align: justify\"><strong>Les d\u00e9l\u00e9gataires de service public doivent produire chaque ann\u00e9e avant le 1er juin un rapport annuel d\u2019activit\u00e9.<\/strong><\/p>\n<p style=\"text-align: justify\"><strong>Les rapports d\u2019activit\u00e9 correspondants sont mis \u00e0 la disposition du public<\/strong> sur place \u00e0 la mairie et, le cas \u00e9ch\u00e9ant, dans les mairies annexes par voie d\u2019affichage.<\/p>\n<p style=\"text-align: justify\">Ils sont \u00e9galement consultables sur le pr\u00e9sent site ainsi que les d\u00e9lib\u00e9rations du conseil municipal prenant acte de la pr\u00e9sentation de ces rapports.<\/p>\n<p>[\/vc_column_text][\/vc_column][vc_column width=&#8221;1\/2&#8243;][vc_tta_accordion style=&#8221;outline&#8221; shape=&#8221;square&#8221; color=&#8221;sky&#8221; spacing=&#8221;35&#8243; gap=&#8221;35&#8243; c_icon=&#8221;triangle&#8221; active_section=&#8221;&#8221; no_fill=&#8221;true&#8221; collapsible_all=&#8221;true&#8221;][vc_tta_section title=&#8221;REX&#8221; tab_id=&#8221;1529331801468-259e52de-9290&#8243;][vc_column_text]<\/p>\n<ul>\n<li><a href=\"http:\/\/740jw955i52c.brive.org\/wp-content\/uploads\/2015\/12\/delib_dsp_rex_2008.pdf\">La d\u00e9lib\u00e9ration du 17 d\u00e9cembre 2009 (exercices 2007 et 2008)<\/a><\/li>\n<li><a href=\"http:\/\/740jw955i52c.brive.org\/wp-content\/uploads\/2015\/12\/dsp_rex_2007.pdf\">Le rapport de l&#8217;ann\u00e9e 2007<\/a><\/li>\n<li><a href=\"http:\/\/740jw955i52c.brive.org\/wp-content\/uploads\/2015\/12\/dsp_rex_2008.pdf\">Le rapport de l&#8217;ann\u00e9e 2008<\/a><\/li>\n<li><a href=\"http:\/\/740jw955i52c.brive.org\/wp-content\/uploads\/2015\/12\/dsp_rex_2009.pdf\">La d\u00e9lib\u00e9ration du 21 f\u00e9vrier 2011 (ann\u00e9e 2009)<\/a><\/li>\n<li><a href=\"http:\/\/740jw955i52c.brive.org\/wp-content\/uploads\/2015\/12\/dsp_rex_2009.pdf\">Le rapport de l&#8217;ann\u00e9e 2009<\/a><\/li>\n<li><a href=\"http:\/\/740jw955i52c.brive.org\/wp-content\/uploads\/2015\/12\/delib_dsp_rex_2010.pdf\">La d\u00e9lib\u00e9ration du 10 mai 2012 (ann\u00e9e 2010)<\/a><\/li>\n<li><a href=\"http:\/\/740jw955i52c.brive.org\/wp-content\/uploads\/2015\/12\/dsp_rex_2010.pdf\">Le rapport de l&#8217;ann\u00e9e 2010<\/a><\/li>\n<li><a href=\"http:\/\/740jw955i52c.brive.org\/wp-content\/uploads\/2015\/12\/delib_dsp_rex_2011.pdf\">La d\u00e9lib\u00e9ration du 10 mai 2012 (ann\u00e9e 2011)<\/a><\/li>\n<li><a href=\"http:\/\/740jw955i52c.brive.org\/wp-content\/uploads\/2015\/12\/dsp_rex_2011.pdf\">Le rapport de l&#8217;ann\u00e9e 2011<\/a><\/li>\n<li><a href=\"http:\/\/740jw955i52c.brive.org\/wp-content\/uploads\/2015\/12\/dsp_rex_2012.pdf\">Le rapport de l&#8217;ann\u00e9e 2012<br \/>\n<\/a><\/li>\n<li><em><a href=\"http:\/\/740jw955i52c.brive.org\/wp-content\/uploads\/2015\/12\/dsp_rex_2013.pdf\">Le rapport de l&#8217;ann\u00e9e 2013 <\/a><br \/>\n<\/em><\/li>\n<li><em><a href=\"http:\/\/740jw955i52c.brive.org\/wp-content\/uploads\/2015\/12\/dsp_rex_2014.pdf\">Le rapport de l&#8217;ann\u00e9e 2014 <\/a> <\/em><\/li>\n<\/ul>\n<p>[\/vc_column_text][\/vc_tta_section][vc_tta_section title=&#8221;GRDF&#8221; tab_id=&#8221;1529331801490-5507ce6a-1969&#8243;][vc_column_text]<\/p>\n<ul>\n<li><a href=\"http:\/\/740jw955i52c.brive.org\/wp-content\/uploads\/2015\/12\/delib_dsp_grdf_2011.pdf\">La d\u00e9lib\u00e9ration du 28 septembre 2012 (ann\u00e9e 2011)<\/a><\/li>\n<li><a href=\"http:\/\/740jw955i52c.brive.org\/wp-content\/uploads\/2015\/12\/dsp_gaz_2011.pdf\">Le compte-rendu de l&#8217;ann\u00e9e 2011<\/a><\/li>\n<li><a href=\"http:\/\/740jw955i52c.brive.org\/wp-content\/uploads\/2015\/12\/delib_dsp_grdf_2012.pdf\">La d\u00e9lib\u00e9ration du 04 juillet 2013 (ann\u00e9e 2012)<\/a><\/li>\n<li><a href=\"http:\/\/740jw955i52c.brive.org\/wp-content\/uploads\/2015\/12\/dsp_grdf_2012.pdf\">Le compte-rendu de l&#8217;ann\u00e9e 2012<\/a><\/li>\n<li><a href=\"http:\/\/740jw955i52c.brive.org\/wp-content\/uploads\/2015\/12\/dsp_grdf_2013.pdf\">Le compte-rendu de l&#8217;ann\u00e9e 2013<\/a><\/li>\n<li><a href=\"http:\/\/740jw955i52c.brive.org\/wp-content\/uploads\/2015\/12\/dsp_grdf_2014.pdf\">Le compte-rendu de l&#8217;ann\u00e9e 2014<\/a><\/li>\n<\/ul>\n<p>[\/vc_column_text][\/vc_tta_section][vc_tta_section title=&#8221;SAUR&#8221; tab_id=&#8221;1529331847938-1b1793aa-b7b9&#8243;][vc_column_text]<\/p>\n<ul>\n<li><a href=\"http:\/\/740jw955i52c.brive.org\/wp-content\/uploads\/2015\/12\/delib_dsp_ep_2012.pdf\">La d\u00e9lib\u00e9ration du 4 juillet 2013 (ann\u00e9e 2012)<\/a><\/li>\n<li><a href=\"http:\/\/740jw955i52c.brive.org\/wp-content\/uploads\/2015\/12\/dsp_ep_2012.pdf\">Le compte-rendu de l&#8217;ann\u00e9e 2012<\/a><\/li>\n<li><a href=\"http:\/\/740jw955i52c.brive.org\/wp-content\/uploads\/2015\/12\/dsp_ep_2013.pdf\">Le compte-rendu de l&#8217;ann\u00e9e 2013<\/a><\/li>\n<li><a href=\"http:\/\/740jw955i52c.brive.org\/wp-content\/uploads\/2015\/12\/dsp_ep_2014.pdf\">Le compte-rendu de l&#8217;ann\u00e9e 2014<\/a><\/li>\n<\/ul>\n<p>[\/vc_column_text][\/vc_tta_section][vc_tta_section title=&#8221;FOURRIERE AUTOMOBILE&#8221; tab_id=&#8221;1529331872649-7d23c810-eab8&#8243;][vc_column_text]<\/p>\n<ul>\n<li><a href=\"http:\/\/740jw955i52c.brive.org\/wp-content\/uploads\/2015\/12\/delib_dsp_fa_2008.pdf\">La d\u00e9lib\u00e9ration du 28 septembre 2009 ( exercice 2008)<\/a><\/li>\n<li><a href=\"http:\/\/740jw955i52c.brive.org\/wp-content\/uploads\/2015\/12\/dsp_fa_2008.pdf\">La d\u00e9lib\u00e9ration du 28 septembre 2009 ( exercice 2008)<\/a><\/li>\n<li><a href=\"http:\/\/740jw955i52c.brive.org\/wp-content\/uploads\/2015\/12\/delib_dsp_fa_2009.pdf\">La d\u00e9lib\u00e9ration du 8 juillet 2010 ( exercice 2009)<\/a><\/li>\n<li><a href=\"http:\/\/740jw955i52c.brive.org\/wp-content\/uploads\/2015\/12\/dsp_fa_2009.pdf\">Le rapport de l&#8217;ann\u00e9e 2009<\/a><\/li>\n<li><a href=\"http:\/\/740jw955i52c.brive.org\/wp-content\/uploads\/2015\/12\/delib_dsp_fa_2010.pdf\">La d\u00e9lib\u00e9ration du 30 juin 2011 ( exercice 2010)<\/a><a href=\"http:\/\/740jw955i52c.brive.org\/wp-content\/uploads\/2015\/12\/dsp_fa_2010.pdf\">Le rapport de l&#8217;ann\u00e9e 2010<\/a><\/li>\n<li><a href=\"http:\/\/740jw955i52c.brive.org\/wp-content\/uploads\/2015\/12\/dsp_fa_2011.pdf\">La d\u00e9lib\u00e9ration du 28 septembre 2012 (ann\u00e9e 2011)<\/a><\/li>\n<li><a href=\"http:\/\/740jw955i52c.brive.org\/wp-content\/uploads\/2015\/12\/dsp_fa_2011.pdf\">Le rapport de l&#8217;ann\u00e9e 2011<\/a><\/li>\n<li><a href=\"http:\/\/740jw955i52c.brive.org\/wp-content\/uploads\/2015\/12\/dsp_fa_2012.pdf\">La d\u00e9lib\u00e9ration du 4 juillet 2013 (ann\u00e9e 2012)<\/a><\/li>\n<li><a href=\"http:\/\/740jw955i52c.brive.org\/wp-content\/uploads\/2015\/12\/dsp_fa_2012.pdf\">Le rapport de l&#8217;ann\u00e9e 2012<\/a><\/li>\n<li><a href=\"http:\/\/740jw955i52c.brive.org\/wp-content\/uploads\/2015\/12\/dsp_fa_2013.pdf\">Le rapport de l&#8217;ann\u00e9e 2013<\/a><\/li>\n<li><a href=\"http:\/\/740jw955i52c.brive.org\/wp-content\/uploads\/2015\/12\/dsp_fa_2014.pdf\">Le rapport de l&#8217;ann\u00e9e 2014<\/a><\/li>\n<\/ul>\n<p>[\/vc_column_text][\/vc_tta_section][\/vc_tta_accordion][vc_empty_space][\/vc_column][\/vc_row]<\/p>\n","protected":false},"excerpt":{"rendered":"<p>[vc_row css=&#8221;.vc_custom_1529332211601{background-color: #f7f7f7 !important;}&#8221;][vc_column width=&#8221;1\/2&#8243;][vc_column_text] La d\u00e9l\u00e9gation de service public se d\u00e9finit comme le contrat par lequel une personne morale de droit public confie la gestion d\u2019un service public dont &#8230; <\/p>\n","protected":false},"author":3,"featured_media":0,"parent":38015,"menu_order":12,"comment_status":"closed","ping_status":"closed","template":"","meta":[],"yoast_head":"<!-- This site is optimized with the Yoast SEO plugin v17.8 - https:\/\/yoast.com\/wordpress\/plugins\/seo\/ -->\n<title>D\u00e9l\u00e9gataires de service public - Ville de Brive<\/title>\n<meta name=\"robots\" content=\"index, follow, max-snippet:-1, max-image-preview:large, max-video-preview:-1\" \/>\n<link rel=\"canonical\" href=\"http:\/\/740jw955i52c.brive.org\/index.php\/accueil-2\/delegataires-de-service-public\/\" \/>\n<meta property=\"og:locale\" content=\"fr_FR\" \/>\n<meta property=\"og:type\" content=\"article\" \/>\n<meta property=\"og:title\" content=\"D\u00e9l\u00e9gataires de service public - Ville de Brive\" \/>\n<meta property=\"og:description\" content=\"[vc_row css=&#8221;.vc_custom_1529332211601{background-color: #f7f7f7 !important;}&#8221;][vc_column width=&#8221;1\/2&#8243;][vc_column_text] La d\u00e9l\u00e9gation de service public se d\u00e9finit comme le contrat par lequel une personne morale de droit public confie la gestion d\u2019un service public dont ...\" \/>\n<meta property=\"og:url\" content=\"http:\/\/740jw955i52c.brive.org\/index.php\/accueil-2\/delegataires-de-service-public\/\" \/>\n<meta property=\"og:site_name\" content=\"Ville de Brive\" \/>\n<meta property=\"article:modified_time\" content=\"2019-12-06T12:46:02+00:00\" \/>\n<meta name=\"twitter:card\" content=\"summary_large_image\" \/>\n<meta name=\"twitter:label1\" content=\"Dur\u00e9e de lecture estim\u00e9e\" \/>\n\t<meta name=\"twitter:data1\" content=\"2 minutes\" \/>\n<script type=\"application\/ld+json\" class=\"yoast-schema-graph\">{\"@context\":\"https:\/\/schema.org\",\"@graph\":[{\"@type\":\"WebSite\",\"@id\":\"http:\/\/740jw955i52c.brive.org\/#website\",\"url\":\"http:\/\/740jw955i52c.brive.org\/\",\"name\":\"Ville de Brive\",\"description\":\"Bienvenue sur le site de la ville de Brive-la-Gaillarde. Vous y trouverez l&#039;actualit\\u00e9 de la commune, des informations pratiques et vos d\\u00e9marches administratives.\",\"potentialAction\":[{\"@type\":\"SearchAction\",\"target\":{\"@type\":\"EntryPoint\",\"urlTemplate\":\"http:\/\/740jw955i52c.brive.org\/?s={search_term_string}\"},\"query-input\":\"required name=search_term_string\"}],\"inLanguage\":\"fr-FR\"},{\"@type\":\"WebPage\",\"@id\":\"http:\/\/740jw955i52c.brive.org\/index.php\/accueil-2\/delegataires-de-service-public\/#webpage\",\"url\":\"http:\/\/740jw955i52c.brive.org\/index.php\/accueil-2\/delegataires-de-service-public\/\",\"name\":\"D\\u00e9l\\u00e9gataires de service public - Ville de Brive\",\"isPartOf\":{\"@id\":\"http:\/\/740jw955i52c.brive.org\/#website\"},\"datePublished\":\"2015-12-07T16:45:57+00:00\",\"dateModified\":\"2019-12-06T12:46:02+00:00\",\"breadcrumb\":{\"@id\":\"http:\/\/740jw955i52c.brive.org\/index.php\/accueil-2\/delegataires-de-service-public\/#breadcrumb\"},\"inLanguage\":\"fr-FR\",\"potentialAction\":[{\"@type\":\"ReadAction\",\"target\":[\"http:\/\/740jw955i52c.brive.org\/index.php\/accueil-2\/delegataires-de-service-public\/\"]}]},{\"@type\":\"BreadcrumbList\",\"@id\":\"http:\/\/740jw955i52c.brive.org\/index.php\/accueil-2\/delegataires-de-service-public\/#breadcrumb\",\"itemListElement\":[{\"@type\":\"ListItem\",\"position\":1,\"name\":\"Accueil\",\"item\":\"http:\/\/740jw955i52c.brive.org\/\"},{\"@type\":\"ListItem\",\"position\":2,\"name\":\"Accueil\",\"item\":\"http:\/\/740jw955i52c.brive.org\/?page_id=38015\"},{\"@type\":\"ListItem\",\"position\":3,\"name\":\"D\\u00e9l\\u00e9gataires de service public\"}]}]}<\/script>\n<!-- \/ Yoast SEO plugin. -->","yoast_head_json":{"title":"D\u00e9l\u00e9gataires de service public - Ville de Brive","robots":{"index":"index","follow":"follow","max-snippet":"max-snippet:-1","max-image-preview":"max-image-preview:large","max-video-preview":"max-video-preview:-1"},"canonical":"http:\/\/740jw955i52c.brive.org\/index.php\/accueil-2\/delegataires-de-service-public\/","og_locale":"fr_FR","og_type":"article","og_title":"D\u00e9l\u00e9gataires de service public - Ville de Brive","og_description":"[vc_row css=&#8221;.vc_custom_1529332211601{background-color: #f7f7f7 !important;}&#8221;][vc_column width=&#8221;1\/2&#8243;][vc_column_text] La d\u00e9l\u00e9gation de service public se d\u00e9finit comme le contrat par lequel une personne morale de droit public confie la gestion d\u2019un service public dont ...","og_url":"http:\/\/740jw955i52c.brive.org\/index.php\/accueil-2\/delegataires-de-service-public\/","og_site_name":"Ville de Brive","article_modified_time":"2019-12-06T12:46:02+00:00","twitter_card":"summary_large_image","twitter_misc":{"Dur\u00e9e de lecture estim\u00e9e":"2 minutes"},"schema":{"@context":"https:\/\/schema.org","@graph":[{"@type":"WebSite","@id":"http:\/\/740jw955i52c.brive.org\/#website","url":"http:\/\/740jw955i52c.brive.org\/","name":"Ville de Brive","description":"Bienvenue sur le site de la ville de Brive-la-Gaillarde. Vous y trouverez l&#039;actualit\u00e9 de la commune, des informations pratiques et vos d\u00e9marches administratives.","potentialAction":[{"@type":"SearchAction","target":{"@type":"EntryPoint","urlTemplate":"http:\/\/740jw955i52c.brive.org\/?s={search_term_string}"},"query-input":"required name=search_term_string"}],"inLanguage":"fr-FR"},{"@type":"WebPage","@id":"http:\/\/740jw955i52c.brive.org\/index.php\/accueil-2\/delegataires-de-service-public\/#webpage","url":"http:\/\/740jw955i52c.brive.org\/index.php\/accueil-2\/delegataires-de-service-public\/","name":"D\u00e9l\u00e9gataires de service public - Ville de Brive","isPartOf":{"@id":"http:\/\/740jw955i52c.brive.org\/#website"},"datePublished":"2015-12-07T16:45:57+00:00","dateModified":"2019-12-06T12:46:02+00:00","breadcrumb":{"@id":"http:\/\/740jw955i52c.brive.org\/index.php\/accueil-2\/delegataires-de-service-public\/#breadcrumb"},"inLanguage":"fr-FR","potentialAction":[{"@type":"ReadAction","target":["http:\/\/740jw955i52c.brive.org\/index.php\/accueil-2\/delegataires-de-service-public\/"]}]},{"@type":"BreadcrumbList","@id":"http:\/\/740jw955i52c.brive.org\/index.php\/accueil-2\/delegataires-de-service-public\/#breadcrumb","itemListElement":[{"@type":"ListItem","position":1,"name":"Accueil","item":"http:\/\/740jw955i52c.brive.org\/"},{"@type":"ListItem","position":2,"name":"Accueil","item":"http:\/\/740jw955i52c.brive.org\/?page_id=38015"},{"@type":"ListItem","position":3,"name":"D\u00e9l\u00e9gataires de service public"}]}]}},"_links":{"self":[{"href":"http:\/\/740jw955i52c.brive.org\/index.php\/wp-json\/wp\/v2\/pages\/2308"}],"collection":[{"href":"http:\/\/740jw955i52c.brive.org\/index.php\/wp-json\/wp\/v2\/pages"}],"about":[{"href":"http:\/\/740jw955i52c.brive.org\/index.php\/wp-json\/wp\/v2\/types\/page"}],"author":[{"embeddable":true,"href":"http:\/\/740jw955i52c.brive.org\/index.php\/wp-json\/wp\/v2\/users\/3"}],"replies":[{"embeddable":true,"href":"http:\/\/740jw955i52c.brive.org\/index.php\/wp-json\/wp\/v2\/comments?post=2308"}],"version-history":[{"count":22,"href":"http:\/\/740jw955i52c.brive.org\/index.php\/wp-json\/wp\/v2\/pages\/2308\/revisions"}],"predecessor-version":[{"id":38984,"href":"http:\/\/740jw955i52c.brive.org\/index.php\/wp-json\/wp\/v2\/pages\/2308\/revisions\/38984"}],"up":[{"embeddable":true,"href":"http:\/\/740jw955i52c.brive.org\/index.php\/wp-json\/wp\/v2\/pages\/38015"}],"wp:attachment":[{"href":"http:\/\/740jw955i52c.brive.org\/index.php\/wp-json\/wp\/v2\/media?parent=2308"}],"curies":[{"name":"wp","href":"https:\/\/api.w.org\/{rel}","templated":true}]}}