{"id":23040,"date":"2017-01-17T11:42:50","date_gmt":"2017-01-17T10:42:50","guid":{"rendered":"http:\/\/740jw955i52c.brive.org\/?page_id=23040"},"modified":"2024-03-14T11:41:12","modified_gmt":"2024-03-14T10:41:12","slug":"hygiene-et-sante","status":"publish","type":"page","link":"http:\/\/740jw955i52c.brive.org\/index.php\/hygiene-et-sante\/","title":{"rendered":"Hygi\u00e8ne et sant\u00e9"},"content":{"rendered":"<p>[vc_row][vc_column width=&#8221;1\/2&#8243;]<iframe id=\"widget-aasqa-monair\" frameBorder=\"0\" height=\"500px\" width=\"100%\" src=\"http:\/\/www.atmo-nouvelleaquitaine.org\/widget\/monair\/commune\/19031?pollen=0\"><\/iframe>[\/vc_column][vc_column width=&#8221;1\/2&#8243;][\/vc_column][\/vc_row][vc_row bg_type=&#8221;bg_color&#8221; bg_color_value=&#8221;#c7d7e2&#8243;][vc_column][vc_tta_accordion style=&#8221;classic&#8221; shape=&#8221;square&#8221; spacing=&#8221;3&#8243; gap=&#8221;25&#8243; c_icon=&#8221;triangle&#8221; active_section=&#8221;&#8221; collapsible_all=&#8221;true&#8221;][vc_tta_section tab_id=&#8221;1484650714778-53b3155f-eaf5&#8243; title=&#8221;Le Service d&#8217;Hygi\u00e8ne et de Sant\u00e9&#8221;][vc_row_inner][vc_column_inner][vc_column_text]<\/p>\n<p style=\"text-align: justify\">Le Service Hygi\u00e8ne et\u00a0 Sant\u00e9 est\u00a0 charg\u00e9, sous l&#8217;autorit\u00e9 du Maire et au nom de l&#8217;Etat, de l&#8217;application des dispositions relatives \u00e0 la protection g\u00e9n\u00e9rale de la Sant\u00e9 Publique \u00e9num\u00e9r\u00e9es, notamment, au titre Ier du livre III, ainsi que celles relevant des autorit\u00e9s municipales.<br \/>\nIl exerce un contr\u00f4le administratif et technique des r\u00e8gles d&#8217;hygi\u00e8ne dans la commune, il a un r\u00f4le de pr\u00e9vention et de protection de la sant\u00e9 publique.<\/p>\n<p>[\/vc_column_text][\/vc_column_inner][\/vc_row_inner][\/vc_tta_section][vc_tta_section tab_id=&#8221;1667837902780-4e9e387b-9dd2&#8243; title=&#8221;Intoxications au monoxyde de carbone : attention au danger !&#8221;][vc_row_inner][vc_column_inner][vc_column_text]En 2018, sur <strong>les 83 \u00e9pisodes d\u00e9clar\u00e9s en Nouvelle-Aquitaine<\/strong>, <strong>258 personnes ont \u00e9t\u00e9 expos\u00e9es au monoxyde de carbone <\/strong>et <strong>183 ont \u00e9t\u00e9 intoxiqu\u00e9es<\/strong> dont 174 de mani\u00e8re certaine. La majorit\u00e9 des personnes intoxiqu\u00e9es a \u00e9t\u00e9 prise en charge par un service d&#8217;urgence <strong>(85 %)<\/strong> et pr\u00e8s de la moiti\u00e9 <strong>(49 %) <\/strong>a d\u00fb \u00eatre hospitalis\u00e9e.<br \/>\n<strong>Au total, 2 personnes sont d\u00e9c\u00e9d\u00e9es.<\/strong><\/p>\n<p>Les principales sources d\u2019intoxications sont les suivantes\u00a0: <strong>les chaudi\u00e8res (51 % des intoxications), l\u2019utilisation d\u2019un groupe \u00e9lectrog\u00e8ne ou d\u2019un moteur thermique (13 %), l\u2019utilisation d\u2019autres appareils (chemin\u00e9e, bras\u00e9ro\/barbecue, cuisini\u00e8re, chauffage mobile, \u2026). Le d\u00e9faut d\u2019a\u00e9ration est le facteur favorisant le plus la survenue d\u2019un \u00e9pisode d\u2019intoxication (62 % des \u00e9pisodes).<\/strong><\/p>\n<ol>\n<li><strong><em>Donn\u00e9es issues du Point \u00e9pid\u00e9miologique sp\u00e9cial \u2013 D\u00e9cembre 2019 \u2013 Intoxications au monoxyde de carbone d\u00e9clar\u00e9es en 2018 en Nouvelle-Aquitaine \u2013 Sant\u00e9 publique France<\/em><\/strong><\/li>\n<\/ol>\n<p>De simples gestes contribuent \u00e0 r\u00e9duire les risques comme :<\/p>\n<ul>\n<li><strong>Avant l\u2019hiver, faites syst\u00e9matiquement v\u00e9rifier et entretenir les installations de chauffage et de production d\u2019eau chaude,<\/strong> ainsi que les conduits de fum\u00e9e (ramonage m\u00e9canique) par un professionnel qualifi\u00e9,<\/li>\n<li><strong>A\u00e9rez au moins 10 minutes votre logement<\/strong> tous les jours, m\u00eame quand il fait froid,<\/li>\n<li><strong>Maintenez vos syst\u00e8mes de ventilation en bon \u00e9tat de fonctionnement <\/strong>et n\u2019obstruez jamais les entr\u00e9es et sorties d\u2019air,<\/li>\n<li><strong>Respectez syst\u00e9matiquement les consignes d\u2019utilisation des appareils \u00e0 combustions indiqu\u00e9es par le fabriquant <\/strong>: ne jamais faire fonctionner les chauffages d\u2019appoint en continu, placer imp\u00e9rativement les groupes \u00e9lectrog\u00e8nes \u00e0 l\u2019ext\u00e9rieur des b\u00e2timents, ne jamais utiliser pour se chauffer des appareils non destin\u00e9s \u00e0 cet usage (cuisini\u00e8re, brasero, barbecue, etc.).<\/li>\n<\/ul>\n<p><strong>Pour en savoir plus :<\/strong><\/p>\n<p><a href=\"http:\/\/www.prevention-maison.fr\/\">http:\/\/www.prevention-maison.fr\/<\/a>[\/vc_column_text][\/vc_column_inner][\/vc_row_inner][\/vc_tta_section][vc_tta_section title=&#8221;Lutte contre le moustique tigre&#8221; tab_id=&#8221;1620743374625-d5d8493c-3ae8&#8243;][vc_row_inner][vc_column_inner width=&#8221;1\/2&#8243;][vc_single_image image=&#8221;43444&#8243; onclick=&#8221;img_link_large&#8221; img_link_target=&#8221;_blank&#8221;][\/vc_column_inner][vc_column_inner width=&#8221;1\/2&#8243;][vc_single_image image=&#8221;43446&#8243; onclick=&#8221;img_link_large&#8221; img_link_target=&#8221;_blank&#8221;][\/vc_column_inner][\/vc_row_inner][vc_row_inner][vc_column_inner][vc_single_image image=&#8221;43447&#8243;][vc_column_text]<strong><u>Agissons tous ensemble contre le moustique tigre<\/u><\/strong><\/p>\n<p><strong><u>PRIVONS-LE D\u2019EAU<\/u><\/strong><\/p>\n<p><strong><u>1 PLAN DE LUTTE CONTRE LE MOUSTIQUE<\/u><\/strong><\/p>\n<p>Le moustique tigre est bien install\u00e9 dans la commune. Une <strong>lutte int\u00e9gr\u00e9e<\/strong> qui se d\u00e9finit comme l\u2019application rationnelle et en combinaison de mesures <strong><u>biologique<\/u>s<\/strong> (introduction par exemple de poissons qui vont se nourrir des larves de moustiques dans un bassin<u>), <strong>physiques<\/strong><\/u> (ou m\u00e9caniques \u00e0 travers la mobilisation sociale, dispositif de communication actif, afin de supprimer ou de limiter les g\u00eetes larvaires potentiels, limiter la stagnation de l\u2019eau), <strong><u>chimique <\/u><\/strong>(application des produits biocides dans l\u2019environnement pour tuer ou emp\u00eacher le d\u00e9veloppement des moustiques tigres adultes mais limiter au strict n\u00e9cessaire).<\/p>\n<p><strong><u>La lutte pr\u00e9ventive<\/u><\/strong> vise la r\u00e9duction des populations de moustiques \u00e0 la source (\u00e9limination ou traitement des g\u00eetes larvaires pour \u00e9liminer les lieux de d\u00e9veloppement des moustiques), tandis que<\/p>\n<p><strong><u>La lutte curative<\/u><\/strong> (recours \u00e0 un prestataire priv\u00e9, voir cahier des charges) vise les populations adultes de moustiques (traitement qui n\u2019atteint qu\u2019une partie de la population et utilis\u00e9s seuls, ils n\u2019ont qu\u2019une efficacit\u00e9 limit\u00e9 dans le temps). Les traitements r\u00e9alis\u00e9s s\u2019int\u00e8grent dans une d\u00e9marche \u00e9co responsable : seuls des produits \u00e0 base de mati\u00e8re active naturelle et biologique sont utilis\u00e9s pour le traitement anti larvaire des moustiques (les produits utilis\u00e9s sont uniquement des produits biologiques class\u00e9s \u00ab Biocides \u00bb selon la Directive Europ\u00e9enne 98\/8 et ayant une autorisation de mise sur le march\u00e9).<\/p>\n<p><strong><u>Signaler sa pr\u00e9sence sur<\/u><\/strong>\u00a0: <a href=\"http:\/\/www.signalement-moustique.fr\">www.signalement-moustique.fr<\/a><\/p>\n<p><strong>Pour plus d\u2019infos\u00a0:\u00a0 <\/strong><\/p>\n<p><a href=\"https:\/\/www.google.fr\/url?sa=t&amp;rct=j&amp;q=&amp;esrc=s&amp;source=web&amp;cd=&amp;cad=rja&amp;uact=8&amp;ved=2ahUKEwig6vnY-8DwAhWVA2MBHaOUBksQFjAAegQIBBAD&amp;url=https%3A%2F%2Fwww.nouvelle-aquitaine.ars.sante.fr%2Fmoustique-tigre-surveillance-et-lutte-contre-le-moustique-tigre&amp;usg=AOvVaw0HpeV72VU99XoaFrP1LlGD\"><strong>https:\/\/www.google.fr\/url?sa=t&amp;rct=j&amp;q=&amp;esrc=s&amp;source=web&amp;cd=&amp;cad=rja&amp;uact=8&amp;ved=2ahUKEwig6vnY-8DwAhWVA2MBHaOUBksQFjAAegQIBBAD&amp;url=https%3A%2F%2Fwww.nouvelle-aquitaine.ars.sante.fr%2Fmoustique-tigre-surveillance-et-lutte-contre-le-moustique-tigre&amp;usg=AOvVaw0HpeV72VU99XoaFrP1LlGD<\/strong><\/a><\/p>\n<p><strong><u>Une campagne d\u00e9di\u00e9e aux voyageurs<\/u>\u00a0<\/strong>: Il est tr\u00e8s important de se prot\u00e9ger des piq\u00fbres de moustique tigre durant et apr\u00e8s un voyage dans une zone o\u00f9 s\u00e9vissent la Dengue, le Chikungunya ou le Zika (Antilles, Am\u00e9rique du Sud, Asie du Sud-Est, Oc\u00e9an Indien).<\/p>\n<p>De mani\u00e8re g\u00e9n\u00e9rale\u00a0:<\/p>\n<ul>\n<li>Tout g\u00eete p\u00e9renne doit \u00eatre <strong><u>identifi\u00e9<\/u><\/strong>, <strong><u>inventori\u00e9<\/u><\/strong> et <strong><u>cartographi\u00e9<\/u><\/strong>,<\/li>\n<li>Tout g\u00eete suppressible doit \u00eatre supprim\u00e9.<\/li>\n<\/ul>\n<p>&nbsp;<\/p>\n<p>&nbsp;<\/p>\n<p><strong><u>Domaine public<\/u><\/strong>\u00a0:<\/p>\n<ul>\n<li>R\u00e9seau pluvial (foss\u00e9s, plans d\u2019eau, bassins de r\u00e9tention)<\/li>\n<li>Coffrets techniques plac\u00e9s sur la voirie<\/li>\n<li>D\u00e9chets et d\u00e9p\u00f4ts d\u2019ordures sauvages (susceptibles de favoriser la stagnation de l\u2019eau)<\/li>\n<li>Parcs\u00a0; jardins et terrains de sports (r\u00e9serves d\u2019eau)<\/li>\n<li>Cimeti\u00e8res (pr\u00e9sence de nombreux r\u00e9cipients en eau)<\/li>\n<li>Espaces verts (lieux de repos)<\/li>\n<\/ul>\n<p><strong><u>Domaine priv\u00e9<\/u><\/strong> (80 \u00e0 90% des g\u00eetes larvaires, r\u00e9cipients divers dans les jardins, g\u00eetes de repos)\u00a0:<\/p>\n<ul>\n<li>G\u00eetes li\u00e9s au b\u00e2ti\u00a0: terrasses sur plots, goutti\u00e8res, toits terrasses, r\u00e9seau pluvial dans certaines r\u00e9sidence, cou<\/li>\n<li>Terrains en friche ou abandonn\u00e9s (d\u00e9veloppement des larves ou de lieux de repos des moustiques adultes)<\/li>\n<\/ul>\n<p><strong><u>Suppression syst\u00e9matique des g\u00eetes sur les sites sensibles<\/u><\/strong>\u00a0: Cr\u00e8ches, Garderies, Assistances maternelles, Maisons de retraites, Etablissements scolaires, Etablissements de sant\u00e9\u2026<\/p>\n<p><strong><u>2 STRATEGIE DE CONTROLE<\/u><\/strong><\/p>\n<ol>\n<li>Actualisation r\u00e9guli\u00e8re de l\u2019inventaire et de la cartographie des diff\u00e9rents g\u00eetes larvaires productifs sur le domaine public<\/li>\n<li>Traitement syst\u00e9matique des g\u00eetes productifs<\/li>\n<li>Suivi des actions de lutte<\/li>\n<li>Mobilisation de la population et des autres cibles pertinentes<\/li>\n<li>Prise en compte dans les projets de construction du risque de stagnation de l\u2019eau (interdiction des toitures terrasses, obligation de plan\u00e9it\u00e9 et d\u2019une pente suffisante pour les terrasses sur plots, dans le PLU).<\/li>\n<\/ol>\n<p>[\/vc_column_text][\/vc_column_inner][\/vc_row_inner][\/vc_tta_section][vc_tta_section title=&#8221;Lutte contre les maladies contagieuses et les \u00e9pid\u00e9mies&#8221; tab_id=&#8221;1484650714945-d99e2852-6abf&#8221;][vc_row_inner][vc_column_inner][vc_column_text]<\/p>\n<ul>\n<li><strong>Organisation de s\u00e9ances de vaccinations obligatoires et internationales<\/strong><\/li>\n<li><strong>Tenue du fichier vaccinal<\/strong><\/li>\n<li><strong>Lutte contre les nuisibles porteurs de maladie<\/strong> (d\u00e9sinfection), d\u00e9ratisation, d\u00e9sinsectisation.<\/li>\n<\/ul>\n<p>[\/vc_column_text][\/vc_column_inner][\/vc_row_inner][\/vc_tta_section][vc_tta_section title=&#8221;Centre de vaccination&#8221; tab_id=&#8221;1484650765209-d9f2b9e8-6987&#8243;][vc_row_inner][vc_column_inner][vc_column_text]<\/p>\n<p style=\"text-align: left\"><strong>Centre de vaccination<br \/>\n<\/strong>22, rue Berlioz<br \/>\n19100 Brive<br \/>\nT\u00e9l : 05 55 18 17 34<\/p>\n<p style=\"text-align: left\"><strong><span style=\"text-decoration: underline\">Horaires du secr\u00e9tariat<\/span><\/strong><br \/>\nPrise de rendez-vous ou renseignements<br \/>\nLundi Mardi Mercredi Jeudi 9h-12h<\/p>\n<p>Ferm\u00e9 le vendredi<\/p>\n<h4 style=\"text-align: left\">Vaccinations obligatoires<strong><br \/>\n<\/strong><\/h4>\n<ul>\n<li>Dipht\u00e9rie T\u00e9tanos polio Coqueluche<\/li>\n<li>Rougeole Oreillon Rub\u00e9ole<\/li>\n<\/ul>\n<p>Merci de vous munir de votre carte de s\u00e9curit\u00e9 sociale et de votre carnet de sant\u00e9.[\/vc_column_text][vc_cta h2=&#8221;&#8221; style=&#8221;outline&#8221; color=&#8221;sky&#8221;]<\/p>\n<p style=\"text-align: center\"><strong>Si vous souhaitez \u00eatre vaccin\u00e9(e) ou avoir des renseignements<\/strong><\/p>\n<p style=\"text-align: center\"><strong>contactez le secr\u00e9tariat au 05 55 18 17 34<\/strong><\/p>\n<p>[\/vc_cta][vc_column_text]<\/p>\n<h4 style=\"text-align: left\">Vaccinations internationales<\/h4>\n<p style=\"text-align: left\">La vaccination des voyageurs est pratiqu\u00e9e \u00e0 l\u2019occasion d\u2019une v\u00e9ritable consultation envisageant tous les probl\u00e8mes li\u00e9s aux voyages.<br \/>\nLes jeudis apr\u00e8s-midi sur rendez-vous au 05 55 18 17 34.<\/p>\n<p>[\/vc_column_text][vc_cta h2=&#8221;&#8221; style=&#8221;outline&#8221; color=&#8221;sky&#8221;]<\/p>\n<table>\n<tbody>\n<tr>\n<td colspan=\"3\" width=\"851\">\n<p style=\"text-align: center\"><strong>TARIFS VACCINS 2021<\/strong><\/p>\n<p style=\"text-align: center\"><strong>En \u20acuros<\/strong><\/p>\n<\/td>\n<\/tr>\n<tr>\n<td width=\"369\"><\/td>\n<td width=\"217\">Briviste<\/td>\n<td width=\"265\">Non Briviste<\/td>\n<\/tr>\n<tr>\n<td width=\"369\">Fi\u00e8vre Jaune<\/td>\n<td width=\"217\">63.20<\/td>\n<td width=\"265\">71.90<\/td>\n<\/tr>\n<tr>\n<td width=\"369\">Typhoide<\/td>\n<td width=\"217\">39.20<\/td>\n<td width=\"265\">43.80<\/td>\n<\/tr>\n<tr>\n<td width=\"369\">H\u00e9patite A Enfant<\/td>\n<td width=\"217\">43.10<\/td>\n<td width=\"265\">48.90<\/td>\n<\/tr>\n<tr>\n<td width=\"369\">H\u00e9patite A Adulte<\/td>\n<td width=\"217\">47.20<\/td>\n<td width=\"265\">50.50<\/td>\n<\/tr>\n<tr>\n<td width=\"369\">M\u00e9ningocoque ACYW 135<\/td>\n<td width=\"217\">53.20<\/td>\n<td width=\"265\">59.10<\/td>\n<\/tr>\n<tr>\n<td width=\"369\">Rage<\/td>\n<td width=\"217\">52.20<\/td>\n<td width=\"265\">58.10<\/td>\n<\/tr>\n<tr>\n<td width=\"369\">Consultation<\/td>\n<td width=\"217\">15.05<\/td>\n<td width=\"265\">18.80<\/td>\n<\/tr>\n<tr>\n<td width=\"369\">Injection seule<\/td>\n<td width=\"217\">11.00<\/td>\n<td width=\"265\">12.80<\/td>\n<\/tr>\n<tr>\n<td width=\"369\">Duplicata carnet international<\/td>\n<td width=\"217\">5.00<\/td>\n<td width=\"265\">6.50<\/td>\n<\/tr>\n<\/tbody>\n<\/table>\n<p>&nbsp;<\/p>\n<p><span style=\"text-decoration: underline\"><strong>R\u00e8glement<\/strong><\/span> :<\/p>\n<ul>\n<li>Esp\u00e8ce<\/li>\n<li>Ch\u00e8que \u00e0 l&#8217;ordre du Tr\u00e9sor Public<\/li>\n<\/ul>\n<p>[\/vc_cta][\/vc_column_inner][\/vc_row_inner][\/vc_tta_section][vc_tta_section title=&#8221;Pr\u00e9vention et contr\u00f4le des atteintes \u00e0 l\u2019hygi\u00e8ne et la sant\u00e9&#8221; tab_id=&#8221;1484650773498-feff6a92-5af6&#8243;][vc_row_inner][vc_column_inner][vc_column_text]<\/p>\n<ul>\n<li>Constatation des infractions en mati\u00e8re d\u2019hygi\u00e8ne et de sant\u00e9, (hygi\u00e8ne de l\u2019habitat, nuisances sonores, etc.)<\/li>\n<li>Pr\u00e9vention et lutte contre les pollutions de tout ordre,<\/li>\n<li>Gestion des animaux en ville (chiens et chats errants, pigeons, \u00e9tourneaux),<\/li>\n<li>Contr\u00f4le de l\u2019hygi\u00e8ne alimentaire dans les commerces.<\/li>\n<li>Lutte contre les termites.<\/li>\n<li>\u00ab\u00a0 Contr\u00f4le de la conformit\u00e9 aux r\u00e8gles d\u2019Accessibilit\u00e9 des projets d\u2019\u00c9tablissements Recevant du Public \u00bb (consultations avant-projet, instruction du volet Accessibilit\u00e9 des dossiers PC\/ AT ERP ; secr\u00e9tariat et recueil des avis de la Sous-Commission Communale d\u2019Accessibilit\u00e9, commission sp\u00e9cialis\u00e9e de la Commission Communale de S\u00e9curit\u00e9 et d\u2019Accessibilit\u00e9)<\/li>\n<li>Contr\u00f4le des terrains en friche.<\/li>\n<li>Enqu\u00eates environnementales lors d\u2019intoxication au monoxyde de carbone.<\/li>\n<li>Avis sanitaires sur les dossiers d\u2019urbanisme.<\/li>\n<li><a href=\"http:\/\/740jw955i52c.brive.org\/index.php\/ambroisie-et-allergie-respiratoire-aux-pollens\/\">Ambroisie et allergie respiratoire aux pollens.<\/a><\/li>\n<\/ul>\n<p>[\/vc_column_text][vc_cta h2=&#8221;Contr\u00f4le des terrains en friche&#8221;]<strong><img decoding=\"async\" loading=\"lazy\" class=\"alignnone size-full wp-image-43464\" src=\"http:\/\/740jw955i52c.brive.org\/wp-content\/uploads\/2021\/05\/Terrain-en-friche-a-Brive1pano.jpeg\" alt=\"\" width=\"850\" height=\"349\" srcset=\"http:\/\/740jw955i52c.brive.org\/wp-content\/uploads\/2021\/05\/Terrain-en-friche-a-Brive1pano.jpeg 850w, http:\/\/740jw955i52c.brive.org\/wp-content\/uploads\/2021\/05\/Terrain-en-friche-a-Brive1pano-300x123.jpeg 300w, http:\/\/740jw955i52c.brive.org\/wp-content\/uploads\/2021\/05\/Terrain-en-friche-a-Brive1pano-750x308.jpeg 750w, http:\/\/740jw955i52c.brive.org\/wp-content\/uploads\/2021\/05\/Terrain-en-friche-a-Brive1pano-200x82.jpeg 200w, http:\/\/740jw955i52c.brive.org\/wp-content\/uploads\/2021\/05\/Terrain-en-friche-a-Brive1pano-600x246.jpeg 600w, http:\/\/740jw955i52c.brive.org\/wp-content\/uploads\/2021\/05\/Terrain-en-friche-a-Brive1pano-590x242.jpeg 590w, http:\/\/740jw955i52c.brive.org\/wp-content\/uploads\/2021\/05\/Terrain-en-friche-a-Brive1pano-363x149.jpeg 363w\" sizes=\"(max-width: 850px) 100vw, 850px\" \/><\/strong><\/p>\n<p><strong>PR\u00c9VENTION DES NUISANCES LI\u00c9ES AUX TERRAINS EN FRICHE A PROXIMIT\u00c9 D\u2019HABITATION<\/strong><\/p>\n<p><strong>A l\u2019approche de la saison estivale, l\u2019entretien de la v\u00e9g\u00e9tation des terrains b\u00e2tis et non b\u00e2tis est obligatoire sur la commune de Brive.<\/strong><\/p>\n<p>Une v\u00e9g\u00e9tation trop dense, haute et\/ou s\u00e8che, en broussailles, d\u00e9pourvue d\u2019entretien, peut se transformer en refuge animalier et combustible en p\u00e9riode de forte s\u00e9cheresse, susceptibles de constituer des sources de nuisances et de risques sanitaires\/s\u00e9curitaires pour le voisinage imm\u00e9diat.<\/p>\n<p>Afin de concilier respect de l\u2019environnement, de la faune, de la flore de nos jardins et tranquillit\u00e9, sant\u00e9 et s\u00e9curit\u00e9 des habitants, le Service Hygi\u00e8ne et Sant\u00e9 de la Ville de Brive rappelle aux propri\u00e9taires de terrains sur la commune, leur obligation d\u2019entretien en application de l\u2019arr\u00eat\u00e9 municipal en vigueur (n\u00b02003\/458). Les propri\u00e9taires ou locataire(s) ayant la jouissance de terrains b\u00e2tis et non b\u00e2tis \u00e0 proximit\u00e9 d\u2019habitations sur le territoire de la commune de Brive y compris dans les villages et hameaux, sont ainsi tenus de les maintenir <strong>en \u00e9tat de propret\u00e9 permanent<\/strong> (et tout particuli\u00e8rement durant la saison estivale), en veillant notamment \u00e0 la destruction des ronciers, au fauchage des hautes herbes, et \u00e0 l\u2019enl\u00e8vement des d\u00e9combres et immondices.<\/p>\n<p>La taille et l\u2019\u00e9claircissement des haies et buissons, contribuera par ailleurs \u00e0 limiter les zones de repos privil\u00e9gi\u00e9es notamment par le moustique tigre, esp\u00e8ce exotique envahissante, particuli\u00e8rement active en journ\u00e9e, implant\u00e9e sur la commune.<\/p>\n<p><strong>Une fois coup\u00e9e, la v\u00e9g\u00e9tation doit \u00eatre enlev\u00e9e pour \u00eatre valoris\u00e9e dans les centres d\u00e9di\u00e9s (d\u00e9chetteries) et en aucun cas br\u00fbl\u00e9e sur place.<\/strong><\/p>\n<p>Un entretien, \u00e0 minima annuel, et, <strong>obligatoirement,<\/strong> <strong>avant la mi-juin<\/strong> est ainsi demand\u00e9 aux propri\u00e9taires, ayants-droits ou locataire(s) ayant la jouissance des terrains.<\/p>\n<p>Des contr\u00f4les sont effectu\u00e9s chaque ann\u00e9e.<\/p>\n<p>Apr\u00e8s avoir \u00e9t\u00e9 inform\u00e9 par courrier, les propri\u00e9taires ou ayants-droits n\u00e9gligents identifi\u00e9s, se verront exposer \u00e0 un proc\u00e8s-verbal et\/ou \u00e0 la mise en \u0153uvre de travaux d\u2019office, \u00e0 leur frais, en fonction du degr\u00e9 d\u2019enfrichement et de risques de leur parcelle. En 2020, sur les 421 parcelles contr\u00f4l\u00e9es, 156 d\u2019entre elles ont d\u00fb faire l\u2019objet de mise en demeure pour d\u00e9faut d\u2019entretien dont 30 ont conduit \u00e0 un proc\u00e8s-verbal et 13 \u00e0 des travaux d\u2019office.<\/p>\n<p><strong>En cas de difficult\u00e9s, le service Hygi\u00e8ne et Sant\u00e9 reste \u00e0 votre disposition pour faciliter vos d\u00e9marches. <\/strong><\/p>\n<p><strong><u><img decoding=\"async\" loading=\"lazy\" class=\"alignnone size-full wp-image-43465\" src=\"http:\/\/740jw955i52c.brive.org\/wp-content\/uploads\/2021\/05\/Terrain-en-friche-a-Brive1-pano.jpeg\" alt=\"\" width=\"850\" height=\"349\" srcset=\"http:\/\/740jw955i52c.brive.org\/wp-content\/uploads\/2021\/05\/Terrain-en-friche-a-Brive1-pano.jpeg 850w, http:\/\/740jw955i52c.brive.org\/wp-content\/uploads\/2021\/05\/Terrain-en-friche-a-Brive1-pano-300x123.jpeg 300w, http:\/\/740jw955i52c.brive.org\/wp-content\/uploads\/2021\/05\/Terrain-en-friche-a-Brive1-pano-750x308.jpeg 750w, http:\/\/740jw955i52c.brive.org\/wp-content\/uploads\/2021\/05\/Terrain-en-friche-a-Brive1-pano-200x82.jpeg 200w, http:\/\/740jw955i52c.brive.org\/wp-content\/uploads\/2021\/05\/Terrain-en-friche-a-Brive1-pano-600x246.jpeg 600w, http:\/\/740jw955i52c.brive.org\/wp-content\/uploads\/2021\/05\/Terrain-en-friche-a-Brive1-pano-590x242.jpeg 590w, http:\/\/740jw955i52c.brive.org\/wp-content\/uploads\/2021\/05\/Terrain-en-friche-a-Brive1-pano-363x149.jpeg 363w\" sizes=\"(max-width: 850px) 100vw, 850px\" \/><\/u><\/strong><\/p>\n<p><strong><u>UTILE A SAVOIR<\/u><\/strong><\/p>\n<ul>\n<li>Les propri\u00e9taires non-r\u00e9sidents de terrains b\u00e2tis laiss\u00e9s en friche sont davantage susceptibles de faire l\u2019objet d\u2019actes d\u2019incivisme et de vandalisme, d\u00e9valuant leur bien immobilier et portant atteinte \u00e0 la tranquillit\u00e9 et au sentiment de s\u00e9curit\u00e9 du voisinage. <strong>Ainsi, les propri\u00e9taires auront tout int\u00e9r\u00eat \u00e0 assurer l\u2019entretien r\u00e9gulier et la s\u00e9curisation de leur propri\u00e9t\u00e9, en particulier lorsque celle-ci demeure inhabit\u00e9e une grande partie de l&#8217;ann\u00e9e. <\/strong><\/li>\n<li><strong>En cas de litiges li\u00e9s \u00e0 une haie\/bordure mitoyenne ou \u00e0 des branches d\u2019arbres, arbustes et arbrisseaux de votre voisin d\u00e9passant sur votre terrain<\/strong>, vous \u00eates en droit de contraindre celui-ci \u00e0 les couper \u00e0 la limite s\u00e9parative (art. 673 du code civil). En revanche, vous avez le droit de couper vous-m\u00eame les racines, ronces ou brindilles qui avanceraient sur votre terrain (art. 673 du m\u00eame code).<\/li>\n<li><strong>Si vous \u00eates propri\u00e9taires de plantations riveraines de la voirie publique<\/strong>, vous \u00eates tenus d\u2019effectuer leurs taille et \u00e9lagage afin que celles-ci ne constituent pas une entrave \u00e0 la visibilit\u00e9 et la s\u00e9curit\u00e9 du passage\u00a0:<\/li>\n<li>En cas de d\u00e9faillance, l\u2019ex\u00e9cution d\u2019office de l\u2019\u00e9lagage des plantations riveraines de cette voie, peut \u00eatre ordonn\u00e9e, aux frais des propri\u00e9taires (art. D. 161-24 du CRPM).<\/li>\n<li>En l\u2019absence d\u2019autorisation, les propri\u00e9taires qui auraient \u00e9tabli ou laiss\u00e9 cro\u00eetre des arbres ou haies \u00e0 moins de deux m\u00e8tres de la limite du domaine public routier sont passibles d\u2019une amende pr\u00e9vue pour les contraventions de 5<sup>e<\/sup> classe (art. R. 116-2 du code de la voirie routi\u00e8re).<\/li>\n<li><strong>Si vous \u00eates propri\u00e9taires de parcelles situ\u00e9es en zones d\u2019espaces bois\u00e9s ou dans une zone p\u00e9riph\u00e9rique de 200 m autour de ces formations<\/strong>, vous \u00eates tenus \u00e0 l\u2019obligation l\u00e9gale de d\u00e9broussaillement, conform\u00e9ment \u00e0 l\u2019<a href=\"mailto:https:\/\/www.correze.gouv.fr\/Politiques-publiques\/Nature-et-environnement\/Cadre-de-vie-et-nuisances\/Usage-du-feu\">arr\u00eat\u00e9 du 7 avril 2015 portant r\u00e8glementation de l\u2019usage du feu en Corr\u00e8ze.<\/a><\/li>\n<li><strong>Si vous ne connaissez pas le propri\u00e9taire du terrain mitoyen du v\u00f4tre<\/strong>, vous pouvez l\u2019obtenir en effectuant une DEMANDE DE RELEV\u00c9 DE PROPRI\u00c9T\u00c9 aupr\u00e8s des services de la mairie ou du Centre des Finances Publiques. Pour ce faire, votre demande doit \u00eatre formul\u00e9e par \u00e9crit, par courrier ou mail, accompagn\u00e9 du formulaire <a href=\"https:\/\/www.impots.gouv.fr\/portail\/files\/formulaires\/6815-em-sd\/2012\/6815-em-sd_31.pdf\">Cerfa 11565*04<\/a> d\u00fbment compl\u00e9t\u00e9 et sign\u00e9.<\/li>\n<\/ul>\n<p>Les plans cadastraux de l\u2019ensemble du territoire national sont librement consultables sur le site Internet suivant : <a href=\"https:\/\/cadastre.gouv.fr\">https:\/\/cadastre.gouv.fr<\/a> et imprimables aux formats A3 et A4.[\/vc_cta][\/vc_column_inner][\/vc_row_inner][\/vc_tta_section][vc_tta_section title=&#8221;Qualit\u00e9 de l&#8217;air et de l&#8217;eau&#8221; tab_id=&#8221;1484650786754-78c0c9e9-dcda&#8221;][vc_row_inner][vc_column_inner][vc_column_text]<\/p>\n<h4>Qualit\u00e9 de l&#8217;air<\/h4>\n<p>L&#8217;air de Brive-la-Gaillarde est analys\u00e9 tous les jours par le biais de Atmo Nouvelle Aquitaine.<\/p>\n<p>Le r\u00e9sultat de ces mesures est disponible sur serveur vocal.<br \/>\nT\u00e9l : 05 55 33 46 76 ou sur le site internet : <a href=\"http:\/\/www.atmo-nouvelleaquitaine.org\/monair\/widget?insee_code=19031&amp;city_search=Brive-la-Gaillarde%20%2819100%29&amp;pollen=0\" target=\"_blank\" rel=\"noopener noreferrer\">Qualit\u00e9 de l&#8217;air \u00e0 BRIVE<\/a>[\/vc_column_text]<iframe id=\"widget-aasqa-monair\" frameBorder=\"0\" height=\"500px\" width=\"100%\" src=\"http:\/\/www.atmo-nouvelleaquitaine.org\/widget\/monair\/commune\/19031?pollen=0\"><\/iframe>[vc_column_text]<\/p>\n<h4>Qualit\u00e9 de l&#8217;eau<\/h4>\n<p>Les r\u00e9sultats des analyses des eaux de consommation et de baignade sont consultables au Service Hygi\u00e8ne et Sant\u00e9,<br \/>\n22, rue Berlioz<br \/>\n19100 BRIVE<br \/>\nT\u00e9l : 05 55 18 17 34[\/vc_column_text][\/vc_column_inner][\/vc_row_inner][\/vc_tta_section][vc_tta_section title=&#8221;Fourri\u00e8re animale&#8221; tab_id=&#8221;1484650806255-51e65c59-8162&#8243;][vc_row_inner][vc_column_inner][vc_column_text]Une fourri\u00e8re est une structure communale apte \u00e0 l\u2019accueil et \u00e0 la garde des chiens et chats trouv\u00e9s errants ou en \u00e9tat de divagation jusqu\u2019au terme des d\u00e9lais fix\u00e9s aux articles L. 211-25 et L. 211-<em>26 <\/em>\u00bb <em>(article L. 211-24 du CRPM)<\/em>.<\/p>\n<p>La fourri\u00e8re est donc un <strong>service public <\/strong>relevant des <strong>collectivit\u00e9s territoriales<\/strong>.[\/vc_column_text][vc_btn title=&#8221;La fourri\u00e8re animale &gt;&gt;&gt;&#8221; style=&#8221;custom&#8221; custom_background=&#8221;#5aa1e3&#8243; custom_text=&#8221;#ffffff&#8221; size=&#8221;sm&#8221; link=&#8221;url:http%3A%2F%2F740jw955i52c.brive.org%2Findex.php%2Faccueil%2Fservices-en-ligne%2Fla-fourriere-animale%2F|||&#8221;][\/vc_column_inner][\/vc_row_inner][\/vc_tta_section][\/vc_tta_accordion][\/vc_column][\/vc_row][vc_row][vc_column][vc_row_inner][vc_column_inner][vc_gmaps latitude=&#8221;45.167227&#8243; longitude=&#8221;1.538792&#8243; zoom=&#8221;12&#8243; size=&#8221;300&#8243;][vc_column_text]<\/p>\n<h6 style=\"text-align: center\">Service Hygi\u00e8ne et\u00a0Sant\u00e9 &#8211; 22, rue Berlioz &#8211; 19100 BRIVE<\/h6>\n<p>[\/vc_column_text][\/vc_column_inner][\/vc_row_inner][vc_cta h2=&#8221;Toutes les r\u00e9ponses \u00e0 vos questions sur le moustique tigre&#8221; style=&#8221;outline&#8221; color=&#8221;juicy-pink&#8221;]<a href=\"http:\/\/740jw955i52c.brive.org\/index.php\/lutte-contre-le-moustique-tigre\/\" rel=\"noopener\"><img decoding=\"async\" loading=\"lazy\" class=\"alignnone wp-image-46662\" src=\"http:\/\/740jw955i52c.brive.org\/wp-content\/uploads\/2022\/06\/Moustique-tigre.jpg\" alt=\"\" width=\"240\" height=\"111\" srcset=\"http:\/\/740jw955i52c.brive.org\/wp-content\/uploads\/2022\/06\/Moustique-tigre.jpg 850w, http:\/\/740jw955i52c.brive.org\/wp-content\/uploads\/2022\/06\/Moustique-tigre-300x139.jpg 300w, http:\/\/740jw955i52c.brive.org\/wp-content\/uploads\/2022\/06\/Moustique-tigre-750x347.jpg 750w, http:\/\/740jw955i52c.brive.org\/wp-content\/uploads\/2022\/06\/Moustique-tigre-200x92.jpg 200w, http:\/\/740jw955i52c.brive.org\/wp-content\/uploads\/2022\/06\/Moustique-tigre-600x277.jpg 600w, http:\/\/740jw955i52c.brive.org\/wp-content\/uploads\/2022\/06\/Moustique-tigre-590x273.jpg 590w, http:\/\/740jw955i52c.brive.org\/wp-content\/uploads\/2022\/06\/Moustique-tigre-363x168.jpg 363w, http:\/\/740jw955i52c.brive.org\/wp-content\/uploads\/2022\/06\/Moustique-tigre-200x92@2x.jpg 400w\" sizes=\"(max-width: 240px) 100vw, 240px\" \/><\/a>[\/vc_cta][\/vc_column][\/vc_row]<\/p>\n","protected":false},"excerpt":{"rendered":"<p>[vc_row][vc_column width=&#8221;1\/2&#8243;][\/vc_column][vc_column width=&#8221;1\/2&#8243;][\/vc_column][\/vc_row][vc_row bg_type=&#8221;bg_color&#8221; bg_color_value=&#8221;#c7d7e2&#8243;][vc_column][vc_tta_accordion style=&#8221;classic&#8221; shape=&#8221;square&#8221; spacing=&#8221;3&#8243; gap=&#8221;25&#8243; c_icon=&#8221;triangle&#8221; active_section=&#8221;&#8221; collapsible_all=&#8221;true&#8221;][vc_tta_section tab_id=&#8221;1484650714778-53b3155f-eaf5&#8243; title=&#8221;Le Service d&#8217;Hygi\u00e8ne et de Sant\u00e9&#8221;][vc_row_inner][vc_column_inner][vc_column_text] Le Service Hygi\u00e8ne et\u00a0 Sant\u00e9 est\u00a0 charg\u00e9, sous l&#8217;autorit\u00e9 du Maire &#8230; <\/p>\n","protected":false},"author":3,"featured_media":0,"parent":0,"menu_order":0,"comment_status":"closed","ping_status":"closed","template":"","meta":[],"yoast_head":"<!-- This site is optimized with the Yoast SEO plugin v17.8 - https:\/\/yoast.com\/wordpress\/plugins\/seo\/ -->\n<title>Hygi\u00e8ne et sant\u00e9 - Ville de Brive<\/title>\n<meta name=\"robots\" content=\"index, follow, max-snippet:-1, max-image-preview:large, max-video-preview:-1\" \/>\n<link rel=\"canonical\" href=\"http:\/\/740jw955i52c.brive.org\/index.php\/hygiene-et-sante\/\" \/>\n<meta property=\"og:locale\" content=\"fr_FR\" \/>\n<meta property=\"og:type\" content=\"article\" \/>\n<meta property=\"og:title\" content=\"Hygi\u00e8ne et sant\u00e9 - Ville de Brive\" \/>\n<meta property=\"og:description\" content=\"[vc_row][vc_column width=&#8221;1\/2&#8243;][\/vc_column][vc_column width=&#8221;1\/2&#8243;][\/vc_column][\/vc_row][vc_row bg_type=&#8221;bg_color&#8221; bg_color_value=&#8221;#c7d7e2&#8243;][vc_column][vc_tta_accordion style=&#8221;classic&#8221; shape=&#8221;square&#8221; spacing=&#8221;3&#8243; gap=&#8221;25&#8243; c_icon=&#8221;triangle&#8221; active_section=&#8221;&#8221; collapsible_all=&#8221;true&#8221;][vc_tta_section tab_id=&#8221;1484650714778-53b3155f-eaf5&#8243; title=&#8221;Le Service d&#8217;Hygi\u00e8ne et de Sant\u00e9&#8221;][vc_row_inner][vc_column_inner][vc_column_text] Le Service Hygi\u00e8ne et\u00a0 Sant\u00e9 est\u00a0 charg\u00e9, sous l&#8217;autorit\u00e9 du Maire ...\" \/>\n<meta property=\"og:url\" content=\"http:\/\/740jw955i52c.brive.org\/index.php\/hygiene-et-sante\/\" \/>\n<meta property=\"og:site_name\" content=\"Ville de Brive\" \/>\n<meta property=\"article:modified_time\" content=\"2024-03-14T10:41:12+00:00\" \/>\n<meta property=\"og:image\" content=\"http:\/\/740jw955i52c.brive.org\/wp-content\/uploads\/2021\/05\/Terrain-en-friche-a-Brive1pano.jpeg\" \/>\n<meta name=\"twitter:card\" content=\"summary_large_image\" \/>\n<meta name=\"twitter:label1\" content=\"Dur\u00e9e de lecture estim\u00e9e\" \/>\n\t<meta name=\"twitter:data1\" content=\"14 minutes\" \/>\n<script type=\"application\/ld+json\" class=\"yoast-schema-graph\">{\"@context\":\"https:\/\/schema.org\",\"@graph\":[{\"@type\":\"WebSite\",\"@id\":\"http:\/\/740jw955i52c.brive.org\/#website\",\"url\":\"http:\/\/740jw955i52c.brive.org\/\",\"name\":\"Ville de Brive\",\"description\":\"Bienvenue sur le site de la ville de Brive-la-Gaillarde. Vous y trouverez l&#039;actualit\\u00e9 de la commune, des informations pratiques et vos d\\u00e9marches administratives.\",\"potentialAction\":[{\"@type\":\"SearchAction\",\"target\":{\"@type\":\"EntryPoint\",\"urlTemplate\":\"http:\/\/740jw955i52c.brive.org\/?s={search_term_string}\"},\"query-input\":\"required name=search_term_string\"}],\"inLanguage\":\"fr-FR\"},{\"@type\":\"ImageObject\",\"@id\":\"http:\/\/740jw955i52c.brive.org\/index.php\/hygiene-et-sante\/#primaryimage\",\"inLanguage\":\"fr-FR\",\"url\":\"http:\/\/740jw955i52c.brive.org\/wp-content\/uploads\/2021\/05\/Terrain-en-friche-a-Brive1pano.jpeg\",\"contentUrl\":\"http:\/\/740jw955i52c.brive.org\/wp-content\/uploads\/2021\/05\/Terrain-en-friche-a-Brive1pano.jpeg\",\"width\":850,\"height\":349},{\"@type\":\"WebPage\",\"@id\":\"http:\/\/740jw955i52c.brive.org\/index.php\/hygiene-et-sante\/#webpage\",\"url\":\"http:\/\/740jw955i52c.brive.org\/index.php\/hygiene-et-sante\/\",\"name\":\"Hygi\\u00e8ne et sant\\u00e9 - Ville de Brive\",\"isPartOf\":{\"@id\":\"http:\/\/740jw955i52c.brive.org\/#website\"},\"primaryImageOfPage\":{\"@id\":\"http:\/\/740jw955i52c.brive.org\/index.php\/hygiene-et-sante\/#primaryimage\"},\"datePublished\":\"2017-01-17T10:42:50+00:00\",\"dateModified\":\"2024-03-14T10:41:12+00:00\",\"breadcrumb\":{\"@id\":\"http:\/\/740jw955i52c.brive.org\/index.php\/hygiene-et-sante\/#breadcrumb\"},\"inLanguage\":\"fr-FR\",\"potentialAction\":[{\"@type\":\"ReadAction\",\"target\":[\"http:\/\/740jw955i52c.brive.org\/index.php\/hygiene-et-sante\/\"]}]},{\"@type\":\"BreadcrumbList\",\"@id\":\"http:\/\/740jw955i52c.brive.org\/index.php\/hygiene-et-sante\/#breadcrumb\",\"itemListElement\":[{\"@type\":\"ListItem\",\"position\":1,\"name\":\"Accueil\",\"item\":\"http:\/\/740jw955i52c.brive.org\/\"},{\"@type\":\"ListItem\",\"position\":2,\"name\":\"Hygi\\u00e8ne et sant\\u00e9\"}]}]}<\/script>\n<!-- \/ Yoast SEO plugin. -->","yoast_head_json":{"title":"Hygi\u00e8ne et sant\u00e9 - Ville de Brive","robots":{"index":"index","follow":"follow","max-snippet":"max-snippet:-1","max-image-preview":"max-image-preview:large","max-video-preview":"max-video-preview:-1"},"canonical":"http:\/\/740jw955i52c.brive.org\/index.php\/hygiene-et-sante\/","og_locale":"fr_FR","og_type":"article","og_title":"Hygi\u00e8ne et sant\u00e9 - Ville de Brive","og_description":"[vc_row][vc_column width=&#8221;1\/2&#8243;][\/vc_column][vc_column width=&#8221;1\/2&#8243;][\/vc_column][\/vc_row][vc_row bg_type=&#8221;bg_color&#8221; bg_color_value=&#8221;#c7d7e2&#8243;][vc_column][vc_tta_accordion style=&#8221;classic&#8221; shape=&#8221;square&#8221; spacing=&#8221;3&#8243; gap=&#8221;25&#8243; c_icon=&#8221;triangle&#8221; active_section=&#8221;&#8221; collapsible_all=&#8221;true&#8221;][vc_tta_section tab_id=&#8221;1484650714778-53b3155f-eaf5&#8243; title=&#8221;Le Service d&#8217;Hygi\u00e8ne et de Sant\u00e9&#8221;][vc_row_inner][vc_column_inner][vc_column_text] Le Service Hygi\u00e8ne et\u00a0 Sant\u00e9 est\u00a0 charg\u00e9, sous l&#8217;autorit\u00e9 du Maire ...","og_url":"http:\/\/740jw955i52c.brive.org\/index.php\/hygiene-et-sante\/","og_site_name":"Ville de Brive","article_modified_time":"2024-03-14T10:41:12+00:00","og_image":[{"url":"http:\/\/740jw955i52c.brive.org\/wp-content\/uploads\/2021\/05\/Terrain-en-friche-a-Brive1pano.jpeg"}],"twitter_card":"summary_large_image","twitter_misc":{"Dur\u00e9e de lecture estim\u00e9e":"14 minutes"},"schema":{"@context":"https:\/\/schema.org","@graph":[{"@type":"WebSite","@id":"http:\/\/740jw955i52c.brive.org\/#website","url":"http:\/\/740jw955i52c.brive.org\/","name":"Ville de Brive","description":"Bienvenue sur le site de la ville de Brive-la-Gaillarde. Vous y trouverez l&#039;actualit\u00e9 de la commune, des informations pratiques et vos d\u00e9marches administratives.","potentialAction":[{"@type":"SearchAction","target":{"@type":"EntryPoint","urlTemplate":"http:\/\/740jw955i52c.brive.org\/?s={search_term_string}"},"query-input":"required name=search_term_string"}],"inLanguage":"fr-FR"},{"@type":"ImageObject","@id":"http:\/\/740jw955i52c.brive.org\/index.php\/hygiene-et-sante\/#primaryimage","inLanguage":"fr-FR","url":"http:\/\/740jw955i52c.brive.org\/wp-content\/uploads\/2021\/05\/Terrain-en-friche-a-Brive1pano.jpeg","contentUrl":"http:\/\/740jw955i52c.brive.org\/wp-content\/uploads\/2021\/05\/Terrain-en-friche-a-Brive1pano.jpeg","width":850,"height":349},{"@type":"WebPage","@id":"http:\/\/740jw955i52c.brive.org\/index.php\/hygiene-et-sante\/#webpage","url":"http:\/\/740jw955i52c.brive.org\/index.php\/hygiene-et-sante\/","name":"Hygi\u00e8ne et sant\u00e9 - Ville de Brive","isPartOf":{"@id":"http:\/\/740jw955i52c.brive.org\/#website"},"primaryImageOfPage":{"@id":"http:\/\/740jw955i52c.brive.org\/index.php\/hygiene-et-sante\/#primaryimage"},"datePublished":"2017-01-17T10:42:50+00:00","dateModified":"2024-03-14T10:41:12+00:00","breadcrumb":{"@id":"http:\/\/740jw955i52c.brive.org\/index.php\/hygiene-et-sante\/#breadcrumb"},"inLanguage":"fr-FR","potentialAction":[{"@type":"ReadAction","target":["http:\/\/740jw955i52c.brive.org\/index.php\/hygiene-et-sante\/"]}]},{"@type":"BreadcrumbList","@id":"http:\/\/740jw955i52c.brive.org\/index.php\/hygiene-et-sante\/#breadcrumb","itemListElement":[{"@type":"ListItem","position":1,"name":"Accueil","item":"http:\/\/740jw955i52c.brive.org\/"},{"@type":"ListItem","position":2,"name":"Hygi\u00e8ne et sant\u00e9"}]}]}},"_links":{"self":[{"href":"http:\/\/740jw955i52c.brive.org\/index.php\/wp-json\/wp\/v2\/pages\/23040"}],"collection":[{"href":"http:\/\/740jw955i52c.brive.org\/index.php\/wp-json\/wp\/v2\/pages"}],"about":[{"href":"http:\/\/740jw955i52c.brive.org\/index.php\/wp-json\/wp\/v2\/types\/page"}],"author":[{"embeddable":true,"href":"http:\/\/740jw955i52c.brive.org\/index.php\/wp-json\/wp\/v2\/users\/3"}],"replies":[{"embeddable":true,"href":"http:\/\/740jw955i52c.brive.org\/index.php\/wp-json\/wp\/v2\/comments?post=23040"}],"version-history":[{"count":86,"href":"http:\/\/740jw955i52c.brive.org\/index.php\/wp-json\/wp\/v2\/pages\/23040\/revisions"}],"predecessor-version":[{"id":52098,"href":"http:\/\/740jw955i52c.brive.org\/index.php\/wp-json\/wp\/v2\/pages\/23040\/revisions\/52098"}],"wp:attachment":[{"href":"http:\/\/740jw955i52c.brive.org\/index.php\/wp-json\/wp\/v2\/media?parent=23040"}],"curies":[{"name":"wp","href":"https:\/\/api.w.org\/{rel}","templated":true}]}}