{"id":17163,"date":"2016-08-23T22:29:40","date_gmt":"2016-08-23T20:29:40","guid":{"rendered":"http:\/\/740jw955i52c.brive.org\/?page_id=17163"},"modified":"2024-12-13T15:18:28","modified_gmt":"2024-12-13T14:18:28","slug":"infos-des-quartiers","status":"publish","type":"page","link":"http:\/\/740jw955i52c.brive.org\/index.php\/infos-des-quartiers\/","title":{"rendered":"Infos Quartiers"},"content":{"rendered":"<p>[vc_row][vc_column][vc_tta_tabs style=&#8221;outline&#8221; color=&#8221;sky&#8221; spacing=&#8221;3&#8243; active_section=&#8221;1&#8243;][vc_tta_section title=&#8221;1&#8243; tab_id=&#8221;1471339948048-88a005cb-1964&#8243;][vc_row_inner][vc_column_inner][vc_column_text]<\/p>\n<h1>Quartier 1 &#8211; &#8221; C\u0153ur de ville &#8221; de Brive<\/h1>\n<p>[\/vc_column_text][\/vc_column_inner][\/vc_row_inner][vc_row_inner][vc_column_inner][vc_video link=&#8221;https:\/\/youtu.be\/CYPXgEF-3V0&#8243; align=&#8221;center&#8221;][vc_column_text]<strong>Composition du conseil de quartier<\/strong> : <a href=\"http:\/\/740jw955i52c.brive.org\/wp-content\/uploads\/2024\/10\/Conseil-de-Quartier-Q1-Coeur-de-Brive-03102024.pdf\">Conseil de Quartier Q1 &#8211; Coeur de Brive &#8211; 03102024<\/a>[\/vc_column_text][vc_cta h2=&#8221;Principaux projets d&#8217;ici 2026&#8243; style=&#8221;outline&#8221; color=&#8221;sky&#8221;]<\/p>\n<ul>\n<li>Participation \u00e0 la mise \u00e0 niveau des chauss\u00e9es du centre historique<\/li>\n<li>Participation \u00e0 l\u2019am\u00e9nagement du fond du parc de la Guierle<\/li>\n<\/ul>\n<p>[\/vc_cta][\/vc_column_inner][\/vc_row_inner][\/vc_tta_section][vc_tta_section title=&#8221;2&#8243; tab_id=&#8221;1471340013540-ff13ea4c-bad5&#8243;][vc_row_inner][vc_column_inner][vc_column_text]<\/p>\n<h1>Quartier 2 &#8211; Louis Pons &#8211; Brune &#8211; Thiers &#8211; La Poste<\/h1>\n<p>[\/vc_column_text][\/vc_column_inner][\/vc_row_inner][vc_row_inner][vc_column_inner][vc_video link=&#8221;https:\/\/youtu.be\/QsNRhqrUtk4&#8243; align=&#8221;center&#8221;][vc_column_text]<strong>Quartier 2 &#8220;Association Louis Pons &#8211; Brune&#8221;<\/strong><\/p>\n<p>Composition du conseil de quartier : <a href=\"http:\/\/740jw955i52c.brive.org\/wp-content\/uploads\/2024\/10\/Conseil-de-quartier-Q2-Louis-Pons-Brune-Thiers-Poste-Centrale.pdf\">Conseil de quartier Q2 &#8211; Louis Pons &#8211; Brune Thiers &#8211; Poste Centrale<\/a>[\/vc_column_text][vc_cta h2=&#8221;Principaux projets d&#8217;ici 2026&#8243; style=&#8221;outline&#8221; color=&#8221;sky&#8221;]<\/p>\n<ul>\n<li>Participation au projet de r\u00e9am\u00e9nagement de la place Winston Churchil, Square Scamaroni<\/li>\n<li>Cr\u00e9ation d\u2019aires de jeux dans le secteur de la caserne Brune<\/li>\n<\/ul>\n<p>[\/vc_cta][\/vc_column_inner][\/vc_row_inner][\/vc_tta_section][vc_tta_section title=&#8221;3&#8243; tab_id=&#8221;1471340015442-976e5e34-775a&#8221;][vc_row_inner][vc_column_inner][vc_column_text]<\/p>\n<h1>Quartier 3 &#8211; Roosevelt &#8211; Lyc\u00e9es<\/h1>\n<p>[\/vc_column_text][\/vc_column_inner][\/vc_row_inner][vc_row_inner][vc_column_inner][vc_video link=&#8221;https:\/\/youtu.be\/AT3Hss7o6go&#8221; align=&#8221;center&#8221;][vc_column_text]<strong>\u00a0<\/strong><\/p>\n<p>Composition du conseil de quartier : <a href=\"http:\/\/740jw955i52c.brive.org\/wp-content\/uploads\/2024\/01\/Q3-V2.pdf\" target=\"_blank\" rel=\"noopener\">Conseil de Quartier Q3 (nouvelle version)<\/a>[\/vc_column_text][vc_cta h2=&#8221;Principaux projets d&#8217;ici 2026&#8243; style=&#8221;outline&#8221; color=&#8221;sky&#8221;]<\/p>\n<ul>\n<li>R\u00e9am\u00e9nagement des rues du secteur Fran\u00e7ois Mialet<\/li>\n<li>Participation au projet de l\u2019avenue \u00c9mile Zola<\/li>\n<\/ul>\n<p>[\/vc_cta][\/vc_column_inner][\/vc_row_inner][\/vc_tta_section][vc_tta_section title=&#8221;4&#8243; tab_id=&#8221;1471340018566-be97095e-3a31&#8243;][vc_row_inner][vc_column_inner][vc_column_text]<\/p>\n<h1>Quartier 4 &#8211; Pont Cardinal &#8211; Pigeonnie<\/h1>\n<p>[\/vc_column_text][\/vc_column_inner][\/vc_row_inner][vc_row_inner][vc_column_inner][vc_video link=&#8221;https:\/\/youtu.be\/6kvE6ARleUE&#8221; align=&#8221;center&#8221;][vc_column_text]Composition du conseil de quartier : <a href=\"http:\/\/740jw955i52c.brive.org\/wp-content\/uploads\/2021\/12\/Quartier-04.pdf\">Quartier-04<\/a><\/p>\n<p>[\/vc_column_text][vc_cta h2=&#8221;Principaux projets d&#8217;ici 2026&#8243; style=&#8221;outline&#8221; color=&#8221;sky&#8221;]<\/p>\n<ul>\n<li>Am\u00e9nagement de s\u00e9curit\u00e9 pour lutter contre la vitesse<\/li>\n<li>Am\u00e9lioration de parc (aires de jeux, cl\u00f4tures, \u2026)<\/li>\n<\/ul>\n<p>[\/vc_cta][vc_cta h2=&#8221;Conf\u00e9rence Galette&#8221; style=&#8221;outline&#8221; color=&#8221;sky&#8221;]<strong>Vendredi 24 janvier 2025, \u00e0 18h30<br \/>\nSalle d&#8217;Honneur de la Mairie de Brive<br \/>\n<\/strong><br \/>\nLes QUARTIERS 4 et 6 vous invitent<br \/>\n\u00e0 une <u>&#8220;Conf\u00e9rence \/ Galette&#8221;<\/u><br \/>\nsur le th\u00e8me :<\/p>\n<p><em>&#8221; la Communaut\u00e9 Corr\u00e9zienne de Cadix<\/em><em><br \/>\nau XVII\u00e8me et XVIII\u00e8me si\u00e8cle&#8221;.<\/em><\/p>\n<p>qui sera anim\u00e9e par Chantal Sobieniak, membre de la Soci\u00e9t\u00e9 scientifique,<br \/>\nhistorique et arch\u00e9ologique de la Corr\u00e8ze.<\/p>\n<p>Nous partagerons la galette \u00e0 l&#8217;issue de son intervention<br \/>\nL&#8217;entr\u00e9e est gratuite et sans r\u00e9servation.<br \/>\n<u>Q4 :<\/u> <a href=\"mailto:CQuartier4@gmail.com\">CQuartier4@gmail.com<\/a><br \/>\n<u>Q6 :<\/u> <a href=\"mailto:associationq6@gmail.com\">associationq6@gmail.com<\/a>[\/vc_cta][\/vc_column_inner][\/vc_row_inner][\/vc_tta_section][vc_tta_section title=&#8221;5&#8243; tab_id=&#8221;1471340019686-c3fe6b7c-77b5&#8243;][vc_row_inner][vc_column_inner][vc_column_text]<\/p>\n<h1>Quartier 5 &#8211; Jean-Lur\u00e7at<\/h1>\n<p>[\/vc_column_text][\/vc_column_inner][\/vc_row_inner][vc_row_inner][vc_column_inner][vc_video link=&#8221;https:\/\/youtu.be\/ZNNJA8E2sOI&#8221; align=&#8221;center&#8221;][vc_column_text]Composition du conseil de quartier : <a href=\"http:\/\/740jw955i52c.brive.org\/wp-content\/uploads\/2021\/12\/Quartier-05.pdf\">Quartier-05<\/a><\/p>\n<p>[\/vc_column_text][vc_cta h2=&#8221;Actualit\u00e9&#8221; style=&#8221;outline&#8221; color=&#8221;sky&#8221;]<\/p>\n<p class=\"x_MsoNormal\"><i>Le quartier 5 a chang\u00e9 d&#8217;adresse postale et de lieu de r\u00e9union. Pour nous contacter, deux m\u00e9thodes :<\/i><\/p>\n<p class=\"x_MsoNormal\"><b><i>\u25aa par courrier postal adress\u00e9 \u00e0 Association Quartier 5 &#8211; Chalet Blanqui &#8211; Rue Auguste Blanqui &#8211; 19100 Brive. <\/i><\/b><\/p>\n<p class=\"x_MsoNormal\"><b><i>\u25aa par courriel \u00e0 <a href=\"mailto:briveq5@gmail.com\" target=\"_blank\" rel=\"noopener noreferrer\">briveq5@gmail.com<\/a>.<\/i><\/b><\/p>\n<p class=\"x_MsoNormal\"><b><i>\u00a0<\/i><\/b><\/p>\n<p>[\/vc_cta][vc_cta h2=&#8221;Principaux projets d&#8217;ici 2026&#8243; style=&#8221;outline&#8221; color=&#8221;sky&#8221;]<\/p>\n<ul>\n<li>R\u00e9fection des trottoirs avec cheminement pi\u00e9tons boulevard Max Dormoy<\/li>\n<li>Travaux importants de r\u00e9fection de chauss\u00e9es<\/li>\n<\/ul>\n<p>[\/vc_cta][\/vc_column_inner][\/vc_row_inner][\/vc_tta_section][vc_tta_section title=&#8221;6&#8243; tab_id=&#8221;1471340020649-48528e5c-a033&#8243;][vc_row_inner][vc_column_inner][vc_video link=&#8221;https:\/\/youtu.be\/ZcQ4fLbmOXo&#8221; align=&#8221;center&#8221; title=&#8221;Quartier 6 &#8211; Roseraie &#8211; Stadium&#8221;][vc_column_text]Composition du conseil de quartier : <a href=\"http:\/\/740jw955i52c.brive.org\/wp-content\/uploads\/2024\/01\/Conseil-de-quartier-6-Ville-de-Brive.pdf\" target=\"_blank\" rel=\"noopener\">Quartier-06<\/a><\/p>\n<p>&nbsp;<\/p>\n<p>Afin de pouvoir tenir inform\u00e9s les r\u00e9sidents du Quartier 6 des \u00e9v\u00e8nements et manifestations qu\u2019elle organise, l\u2019Association Quartier N\u00b0 6 les invite \u00e0 communiquer leur adresse mail \u00e0 l\u2019adresse\u00a0:<\/p>\n<p><a href=\"mailto:associationq6@gmail.com\" target=\"_blank\" rel=\"noopener\">associationq6@gmail.com<\/a><\/p>\n<p>Renseignements :<br \/>\nT\u00e9l : 06.74.15.37.51 \/ Adresse e-mail :\u00a0<a href=\"mailto:associationq6@gmail.com\" target=\"_blank\" rel=\"noopener\">associationq6@gmail.com<\/a>[\/vc_column_text][vc_cta h2=&#8221;Principaux projets d&#8217;ici 2026&#8243; style=&#8221;outline&#8221; color=&#8221;sky&#8221;]<\/p>\n<ul>\n<li>Am\u00e9nagement avenue l\u00e9o Lagrange (table, bancs, plantations, \u2026)<\/li>\n<li>Am\u00e9nagement parc de la Roseraie (trottoirs, plantations, \u2026)<\/li>\n<\/ul>\n<p>[\/vc_cta][vc_cta h2=&#8221;Conf\u00e9rence Galette&#8221; style=&#8221;outline&#8221; color=&#8221;sky&#8221;]<strong>Vendredi 24 janvier 2025, \u00e0 18h30<br \/>\nSalle d&#8217;Honneur de la Mairie de Brive<br \/>\n<\/strong><br \/>\nLes QUARTIERS 4 et 6 vous invitent<br \/>\n\u00e0 une <u>&#8220;Conf\u00e9rence \/ Galette&#8221;<\/u><br \/>\nsur le th\u00e8me :<\/p>\n<p><em>&#8221; la Communaut\u00e9 Corr\u00e9zienne de Cadix<\/em><em><br \/>\nau XVII\u00e8me et XVIII\u00e8me si\u00e8cle&#8221;.<\/em><\/p>\n<p>qui sera anim\u00e9e par Chantal Sobieniak, membre de la Soci\u00e9t\u00e9 scientifique,<br \/>\nhistorique et arch\u00e9ologique de la Corr\u00e8ze.<\/p>\n<p>Nous partagerons la galette \u00e0 l&#8217;issue de son intervention<br \/>\nL&#8217;entr\u00e9e est gratuite et sans r\u00e9servation.<br \/>\n<u>Q4 :<\/u> <a href=\"mailto:CQuartier4@gmail.com\">CQuartier4@gmail.com<\/a><br \/>\n<u>Q6 :<\/u> <a href=\"mailto:associationq6@gmail.com\">associationq6@gmail.com<\/a>[\/vc_cta][\/vc_column_inner][\/vc_row_inner][\/vc_tta_section][vc_tta_section title=&#8221;7&#8243; tab_id=&#8221;1471340021685-8ff7e650-afe1&#8243;][vc_row_inner][vc_column_inner][vc_video link=&#8221;https:\/\/youtu.be\/3rCDOgPXoRk&#8221; align=&#8221;center&#8221;][vc_column_text]Composition du conseil de quartier : <a href=\"http:\/\/740jw955i52c.brive.org\/wp-content\/uploads\/2022\/12\/Conseil-du-Q7-ville-de-Brive-Decembre-2022.pdf\">Conseil du Q7 &#8211; ville de Brive &#8211; D\u00e9cembre 2022<\/a>[\/vc_column_text][vc_cta h2=&#8221;Contactez-nous&#8221;]<a href=\"mailto:associationquartier7@gmail.com\" target=\"_blank\" rel=\"noopener\">associationquartier7@gmail.com<\/a>[\/vc_cta][vc_cta h2=&#8221;Principaux projets d&#8217;ici 2026&#8243; style=&#8221;outline&#8221; color=&#8221;sky&#8221;]<\/p>\n<ul>\n<li>Am\u00e9nagement de s\u00e9curit\u00e9 routi\u00e8re : feux tricolore, syst\u00e8mes de ralentissement<\/li>\n<li>Cr\u00e9ation de jardins partag\u00e9s<\/li>\n<\/ul>\n<p>[\/vc_cta][vc_cta h2=&#8221;Un itin\u00e9raire doux des Chap\u00e9lies au centre-ville&#8221;]Le conseil de quartier 7 a am\u00e9nag\u00e9 un itin\u00e9raire \u00ab doux \u00bb afin que les pi\u00e9tons puissent se rendre des Chap\u00e9lies jusqu\u2019au centre-ville confortablement, dans un environnement apais\u00e9.<\/p>\n<p><img decoding=\"async\" loading=\"lazy\" class=\"alignnone size-full wp-image-47109\" src=\"http:\/\/740jw955i52c.brive.org\/wp-content\/uploads\/2022\/07\/itineraire-doux-Q7.jpg\" alt=\"\" width=\"1209\" height=\"830\" srcset=\"http:\/\/740jw955i52c.brive.org\/wp-content\/uploads\/2022\/07\/itineraire-doux-Q7.jpg 1209w, http:\/\/740jw955i52c.brive.org\/wp-content\/uploads\/2022\/07\/itineraire-doux-Q7-300x206.jpg 300w, http:\/\/740jw955i52c.brive.org\/wp-content\/uploads\/2022\/07\/itineraire-doux-Q7-750x515.jpg 750w, http:\/\/740jw955i52c.brive.org\/wp-content\/uploads\/2022\/07\/itineraire-doux-Q7-200x137.jpg 200w, http:\/\/740jw955i52c.brive.org\/wp-content\/uploads\/2022\/07\/itineraire-doux-Q7-600x412.jpg 600w, http:\/\/740jw955i52c.brive.org\/wp-content\/uploads\/2022\/07\/itineraire-doux-Q7-916x629.jpg 916w, http:\/\/740jw955i52c.brive.org\/wp-content\/uploads\/2022\/07\/itineraire-doux-Q7-590x405.jpg 590w, http:\/\/740jw955i52c.brive.org\/wp-content\/uploads\/2022\/07\/itineraire-doux-Q7-363x249.jpg 363w, http:\/\/740jw955i52c.brive.org\/wp-content\/uploads\/2022\/07\/itineraire-doux-Q7-200x137@2x.jpg 400w\" sizes=\"(max-width: 1209px) 100vw, 1209px\" \/><br \/>\nCe cheminement emprunte les rues Normandie-Ni\u00e9men, Littr\u00e9, Bon Accueil, G\u00e9n\u00e9ral Souham, Balzac, d\u2019Arsonval, Marc Sangnier, Amiral Grivel et Parmentier)<br \/>\nLes travaux ont consist\u00e9 \u00e0 rendre accessible l\u2019itin\u00e9raire aux PMR (Personnes \u00e0 Mobilit\u00e9 R\u00e9duite) :<\/p>\n<p>&#8211; Am\u00e9nagement des passages-pi\u00e9tons<br \/>\n&#8211; Rev\u00eatement de trottoirs<br \/>\n&#8211; Pictogrammes \u00ab pi\u00e9tons \u00bb jalonnant tout l\u2019itin\u00e9raire.<\/p>\n<p>Les pi\u00e9tons peuvent donc se rendre en ville rapidement dans un cadre calme \u00e0 l\u2019\u00e9cart du bruit et de la circulation de l\u2019avenue Pompidou.[\/vc_cta][\/vc_column_inner][\/vc_row_inner][\/vc_tta_section][vc_tta_section title=&#8221;8&#8243; tab_id=&#8221;1471340023831-65afdcbf-06c4&#8243;][vc_row_inner][vc_column_inner][vc_video link=&#8221;https:\/\/youtu.be\/HBhTOUwDqh0&#8243; align=&#8221;center&#8221; title=&#8221;Quartier 8 &#8211; Rollinat&#8221;][\/vc_column_inner][\/vc_row_inner][vc_column_text]Composition du conseil de quartier : <a href=\"http:\/\/740jw955i52c.brive.org\/wp-content\/uploads\/2021\/12\/Quartier-08.pdf\">Quartier-08<\/a><\/p>\n<p>[\/vc_column_text][vc_row_inner][vc_column_inner][vc_cta h2=&#8221;Principaux projets d&#8217;ici 2026&#8243; style=&#8221;outline&#8221; color=&#8221;sky&#8221;]<\/p>\n<ul>\n<li>Cr\u00e9ation de trottoirs rue Georges Duhamel<\/li>\n<li>R\u00e9fection de voirie et trottoirs rue Henri-Dunant, rue Emile-Pagnon<\/li>\n<\/ul>\n<p>[\/vc_cta][\/vc_column_inner][\/vc_row_inner][\/vc_tta_section][vc_tta_section title=&#8221;9&#8243; tab_id=&#8221;1471340024638-fc07a91c-668c&#8221;][vc_row_inner][vc_column_inner][vc_video link=&#8221;https:\/\/youtu.be\/V9TxoSn7TiI&#8221; align=&#8221;center&#8221; title=&#8221;Quartier 9 \u2013 Saint-Antoine&#8221;][vc_column_text]Composition du conseil de quartier : <a href=\"http:\/\/740jw955i52c.brive.org\/wp-content\/uploads\/2022\/03\/Conseil-de-quartier-9-Association-quartier-Saint-Antoine.pdf\" target=\"_blank\" rel=\"noopener\">Quartier Saint Antoine<\/a>[\/vc_column_text][vc_cta h2=&#8221;Principaux projets d&#8217;ici 2026&#8243; style=&#8221;outline&#8221; color=&#8221;sky&#8221;]<\/p>\n<ul>\n<li>Plantations d\u2019arbres en entr\u00e9e de ville<\/li>\n<li>Divers syst\u00e8mes de ralentissement<\/li>\n<\/ul>\n<p>[\/vc_cta][\/vc_column_inner][\/vc_row_inner][\/vc_tta_section][vc_tta_section title=&#8221;10&#8243; tab_id=&#8221;1471340025562-61a74b2f-2a69&#8243;][vc_row_inner][vc_column_inner][vc_video link=&#8221;https:\/\/youtu.be\/BmeRXC0xMB4&#8243; align=&#8221;center&#8221; title=&#8221;Quartier 10 &#8211; La Libert\u00e9&#8221;][vc_column_text]Composition du conseil de quartier : <a href=\"http:\/\/740jw955i52c.brive.org\/wp-content\/uploads\/2024\/10\/Conseil-de-quartier-Q10-La-Liberte-03102024.pdf\">Conseil de quartier Q10 &#8211; La Libert\u00e9 &#8211; 03102024<\/a>[\/vc_column_text][vc_cta h2=&#8221;Principaux projets d&#8217;ici 2026&#8243; style=&#8221;outline&#8221; color=&#8221;sky&#8221;]<\/p>\n<ul>\n<li>Extension parking des Trois Lyc\u00e9es (Rue Romain Rolland)<\/li>\n<li>R\u00e9fection de chauss\u00e9e et trottoirs rue Alexis-Jaubert, rue Delambre<\/li>\n<\/ul>\n<p>[\/vc_cta][\/vc_column_inner][\/vc_row_inner][\/vc_tta_section][vc_tta_section title=&#8221;11&#8243; tab_id=&#8221;1471340026450-cb142b4d-cb04&#8243;][vc_row_inner][vc_column_inner][vc_video link=&#8221;https:\/\/youtu.be\/HW0bDYsZNv8&#8243; align=&#8221;center&#8221; title=&#8221;Quartier 11 \u2013 P\u00f4le universitaire&#8221;][vc_column_text]Composition du conseil de quartier : <a href=\"http:\/\/740jw955i52c.brive.org\/wp-content\/uploads\/2022\/03\/Quartier-11-\u2013-Association-Quartier-Pole-universitaire-Brive.pdf\" target=\"_blank\" rel=\"noopener\">Quartier 11 \u2013 P\u00f4le universitaire &#8211; Brive<\/a>[\/vc_column_text][vc_cta h2=&#8221;Principaux projets d&#8217;ici 2026&#8243; style=&#8221;outline&#8221; color=&#8221;sky&#8221;]<\/p>\n<ul>\n<li>Am\u00e9nagement espace rue des fr\u00e8res Goncourt (all\u00e9es, plantations, stationnement,\u2026)<\/li>\n<li>Participation \u00e0 la cr\u00e9ation d\u2019un parking secteur Campus<\/li>\n<\/ul>\n<p>[\/vc_cta][\/vc_column_inner][vc_column_inner][\/vc_column_inner][\/vc_row_inner][\/vc_tta_section][vc_tta_section title=&#8221;12&#8243; tab_id=&#8221;1471340027424-e3879f70-ee59&#8243;][vc_row_inner][vc_column_inner][vc_video link=&#8221;https:\/\/youtu.be\/yojQoOnL1Uk&#8221; align=&#8221;center&#8221; title=&#8221;Quartier 12 \u2013 Bouquet Villages&#8221;][vc_column_text]Composition du conseil de quartier : <a href=\"http:\/\/740jw955i52c.brive.org\/wp-content\/uploads\/2024\/12\/Conseil-du-quartier-Bouquet-village-Q12.pdf\">Conseil du quartier Bouquet village Q12<\/a>[\/vc_column_text][vc_cta h2=&#8221;Principaux projets d&#8217;ici 2026&#8243; style=&#8221;outline&#8221; color=&#8221;sky&#8221;]<\/p>\n<ul>\n<li>Participation au r\u00e9am\u00e9nagement de l\u2019ancienne piscine (stade Ga\u00ebtan Devaud) aires de jeux, skate-park\u2026<\/li>\n<li>R\u00e9fection de chauss\u00e9e chemin Charles Trenet, rue Yemaux<\/li>\n<\/ul>\n<p>[\/vc_cta][\/vc_column_inner][\/vc_row_inner][\/vc_tta_section][vc_tta_section title=&#8221;13&#8243; tab_id=&#8221;1471340028374-2a51cda4-6c08&#8243;][vc_row_inner][vc_column_inner][vc_video link=&#8221;https:\/\/youtu.be\/hKxerV7-zjQ&#8221; align=&#8221;center&#8221; title=&#8221;Quartier 13 \u2013 Tujac&#8221;][vc_column_text]Composition du conseil de quartier : <a href=\"http:\/\/740jw955i52c.brive.org\/wp-content\/uploads\/2023\/08\/Conseil-de-quartier-Q13.pdf\">Conseil de quartier Q13<\/a>[\/vc_column_text][vc_cta h2=&#8221;Principaux projets d&#8217;ici 2026&#8243; style=&#8221;outline&#8221; color=&#8221;sky&#8221;]<\/p>\n<ul>\n<li>Participation \u00e0 la r\u00e9fection de la rue Pierre Chaumeil<\/li>\n<li>Am\u00e9nagement Parc J. Pr\u00e9vert<\/li>\n<\/ul>\n<p>[\/vc_cta][\/vc_column_inner][\/vc_row_inner][\/vc_tta_section][vc_tta_section title=&#8221;14&#8243; tab_id=&#8221;1471340030344-684c9e63-e43c&#8221;][vc_row_inner][vc_column_inner][vc_video link=&#8221;https:\/\/youtu.be\/u0KMhEJcoFk&#8221; align=&#8221;center&#8221; title=&#8221;Quartier 14 \u2013 Gaubre&#8221;][vc_column_text]Composition du conseil de quartier : <a href=\"http:\/\/740jw955i52c.brive.org\/wp-content\/uploads\/2024\/11\/Conseillers-du-Quartier-14.pdf\">Conseillers du Quartier 14<\/a>[\/vc_column_text][vc_cta h2=&#8221;Principaux projets d&#8217;ici 2026&#8243; style=&#8221;outline&#8221; color=&#8221;sky&#8221;]<\/p>\n<ul>\n<li>Am\u00e9nagement de jardins partag\u00e9s au Prieur avec r\u00e9novation du boulodrome, du parking, pose de mobiliers, implantation de toilettes, installation de jardins potagers<\/li>\n<\/ul>\n<p>[\/vc_cta][\/vc_column_inner][\/vc_row_inner][\/vc_tta_section][vc_tta_section title=&#8221;15&#8243; tab_id=&#8221;1471340031496-1569af0d-14bf&#8221;][vc_row_inner][vc_column_inner][vc_video link=&#8221;https:\/\/youtu.be\/woH8euKJr9g&#8221; align=&#8221;center&#8221; title=&#8221;Quartier 15 \u2013 Vialmur-Rivet&#8221;][vc_column_text]Composition du conseil de quartier : <a href=\"http:\/\/740jw955i52c.brive.org\/wp-content\/uploads\/2024\/07\/Conseil-de-quartier-Q15.pdf\">Conseil de quartier Q15<\/a> (11\/07\/2024)[\/vc_column_text][vc_cta h2=&#8221;Principaux projets d&#8217;ici 2026&#8243; style=&#8221;outline&#8221; color=&#8221;sky&#8221;]<\/p>\n<ul>\n<li>Cr\u00e9ation d\u2019un rond-point au carrefour de l\u2019avenue Andr\u00e9 Malraux et du boulevard Roger Combe<\/li>\n<li>Travaux de voirie rue Commandant Marchal et Beaus\u00e9jour.<\/li>\n<\/ul>\n<p>[\/vc_cta][\/vc_column_inner][\/vc_row_inner][\/vc_tta_section][vc_tta_section title=&#8221;16&#8243; tab_id=&#8221;1521187872168-8743a236-a1c5&#8243;][vc_row_inner][vc_column_inner][vc_video link=&#8221;https:\/\/youtu.be\/FxAxXz6G6pM&#8221; align=&#8221;center&#8221; title=&#8221;Quartier 16 \u2013 Rosiers&#8221;][vc_column_text]Composition du conseil de quartier : <a href=\"http:\/\/740jw955i52c.brive.org\/wp-content\/uploads\/2024\/05\/Conseil-du-Quartier-Q16-Mai-2024.pdf\">Conseil du Quartier Q16 &#8211; Mai 2024<\/a>[\/vc_column_text][vc_cta h2=&#8221;Assembl\u00e9e G\u00e9n\u00e9rale&#8221; style=&#8221;outline&#8221; color=&#8221;sky&#8221;]<strong>Assembl\u00e9es G\u00e9n\u00e9rales en pr\u00e9sence de M. Le Maire :<\/strong><\/p>\n<p><strong>Q16 \u00a0\u00a0 le 08\/10\/2024 \u00e0 19h\u00a0\u00a0\u00a0\u00a0\u00a0\u00a0\u00a0\u00a0\u00a0\u00a0\u00a0\u00a0\u00a0\u00a0\u00a0\u00a0 Cantine \u00c9cole Roger Gouffault<\/strong>[\/vc_cta][vc_cta h2=&#8221;Principaux projets d&#8217;ici 2026&#8243; style=&#8221;outline&#8221; color=&#8221;sky&#8221;]<\/p>\n<ul>\n<li>Am\u00e9nagement d\u2019un Pumptrack entre la voie verte et la rue de l&#8217;\u00eele-du-Roi<\/li>\n<li>Voirie et plantations d&#8217;arbres rue Mar\u00e9chal Juin<\/li>\n<li>installation de ralentisseurs rue Labiche<\/li>\n<\/ul>\n<p>[\/vc_cta][\/vc_column_inner][\/vc_row_inner][\/vc_tta_section][vc_tta_section title=&#8221;17&#8243; tab_id=&#8221;1638462383461-4af52b64-951d&#8221;][vc_row_inner][vc_column_inner][vc_video link=&#8221;https:\/\/youtu.be\/w843VdSE_rE&#8221; title=&#8221;Quartier 17 &#8211; Les villages Sud de Brive&#8221;][vc_column_text]Composition du conseil de quartier : <a href=\"http:\/\/740jw955i52c.brive.org\/wp-content\/uploads\/2021\/12\/Quartier-17.pdf\">Quartier-17<\/a>[\/vc_column_text][vc_cta h2=&#8221;Assembl\u00e9e G\u00e9n\u00e9rale&#8221; style=&#8221;outline&#8221; color=&#8221;sky&#8221;]<strong>Assembl\u00e9es G\u00e9n\u00e9rales :<br \/>\n<\/strong><\/p>\n<p><strong>Q17\u00a0\u00a0\u00a0 le 03\/10\/2024 \u00e0 19h\u00a0\u00a0\u00a0\u00a0\u00a0\u00a0\u00a0\u00a0\u00a0\u00a0\u00a0\u00a0\u00a0\u00a0 \u00c9cole des Vergnes<\/strong>[\/vc_cta][vc_cta h2=&#8221;Principaux projets d&#8217;ici 2026&#8243; style=&#8221;outline&#8221; color=&#8221;sky&#8221;]<\/p>\n<ul>\n<li>Installation de r\u00e9serves d\u2019eau pour la d\u00e9fense incendie<\/li>\n<li>R\u00e9novation des voiries des villages<\/li>\n<\/ul>\n<p>[\/vc_cta][\/vc_column_inner][\/vc_row_inner][\/vc_tta_section][\/vc_tta_tabs][\/vc_column][\/vc_row][vc_row][vc_column width=&#8221;1\/4&#8243;][vc_btn title=&#8221;Retour&#8221; style=&#8221;modern&#8221; shape=&#8221;rounded&#8221; size=&#8221;sm&#8221; align=&#8221;left&#8221; link=&#8221;url:http%3A%2F%2F740jw955i52c.brive.org%2Findex.php%2Faccueil-2%2Fvie-des-quartiers%2F|||&#8221;][\/vc_column][vc_column width=&#8221;3\/4&#8243;][vc_row_inner][vc_column_inner][\/vc_column_inner][\/vc_row_inner][\/vc_column][\/vc_row]<\/p>\n","protected":false},"excerpt":{"rendered":"<p>[vc_row][vc_column][vc_tta_tabs style=&#8221;outline&#8221; color=&#8221;sky&#8221; spacing=&#8221;3&#8243; active_section=&#8221;1&#8243;][vc_tta_section title=&#8221;1&#8243; tab_id=&#8221;1471339948048-88a005cb-1964&#8243;][vc_row_inner][vc_column_inner][vc_column_text] Quartier 1 &#8211; &#8221; C\u0153ur de ville &#8221; de Brive [\/vc_column_text][\/vc_column_inner][\/vc_row_inner][vc_row_inner][vc_column_inner][vc_video link=&#8221;https:\/\/youtu.be\/CYPXgEF-3V0&#8243; align=&#8221;center&#8221;][vc_column_text]Composition du conseil de quartier : Conseil de Quartier Q1 &#8211; &#8230; <\/p>\n","protected":false},"author":3,"featured_media":0,"parent":0,"menu_order":0,"comment_status":"closed","ping_status":"closed","template":"","meta":[],"yoast_head":"<!-- This site is optimized with the Yoast SEO plugin v17.8 - https:\/\/yoast.com\/wordpress\/plugins\/seo\/ -->\n<title>Infos Quartiers - Ville de Brive<\/title>\n<meta name=\"robots\" content=\"index, follow, max-snippet:-1, max-image-preview:large, max-video-preview:-1\" \/>\n<link rel=\"canonical\" href=\"http:\/\/740jw955i52c.brive.org\/index.php\/infos-des-quartiers\/\" \/>\n<meta property=\"og:locale\" content=\"fr_FR\" \/>\n<meta property=\"og:type\" content=\"article\" \/>\n<meta property=\"og:title\" content=\"Infos Quartiers - Ville de Brive\" \/>\n<meta property=\"og:description\" content=\"[vc_row][vc_column][vc_tta_tabs style=&#8221;outline&#8221; color=&#8221;sky&#8221; spacing=&#8221;3&#8243; active_section=&#8221;1&#8243;][vc_tta_section title=&#8221;1&#8243; tab_id=&#8221;1471339948048-88a005cb-1964&#8243;][vc_row_inner][vc_column_inner][vc_column_text] Quartier 1 &#8211; &#8221; C\u0153ur de ville &#8221; de Brive [\/vc_column_text][\/vc_column_inner][\/vc_row_inner][vc_row_inner][vc_column_inner][vc_video link=&#8221;https:\/\/youtu.be\/CYPXgEF-3V0&#8243; align=&#8221;center&#8221;][vc_column_text]Composition du conseil de quartier : Conseil de Quartier Q1 &#8211; ...\" \/>\n<meta property=\"og:url\" content=\"http:\/\/740jw955i52c.brive.org\/index.php\/infos-des-quartiers\/\" \/>\n<meta property=\"og:site_name\" content=\"Ville de Brive\" \/>\n<meta property=\"article:modified_time\" content=\"2024-12-13T14:18:28+00:00\" \/>\n<meta property=\"og:image\" content=\"http:\/\/740jw955i52c.brive.org\/wp-content\/uploads\/2022\/07\/itineraire-doux-Q7.jpg\" \/>\n<meta name=\"twitter:card\" content=\"summary_large_image\" \/>\n<meta name=\"twitter:label1\" content=\"Dur\u00e9e de lecture estim\u00e9e\" \/>\n\t<meta name=\"twitter:data1\" content=\"9 minutes\" \/>\n<script type=\"application\/ld+json\" class=\"yoast-schema-graph\">{\"@context\":\"https:\/\/schema.org\",\"@graph\":[{\"@type\":\"WebSite\",\"@id\":\"http:\/\/740jw955i52c.brive.org\/#website\",\"url\":\"http:\/\/740jw955i52c.brive.org\/\",\"name\":\"Ville de Brive\",\"description\":\"Bienvenue sur le site de la ville de Brive-la-Gaillarde. Vous y trouverez l&#039;actualit\\u00e9 de la commune, des informations pratiques et vos d\\u00e9marches administratives.\",\"potentialAction\":[{\"@type\":\"SearchAction\",\"target\":{\"@type\":\"EntryPoint\",\"urlTemplate\":\"http:\/\/740jw955i52c.brive.org\/?s={search_term_string}\"},\"query-input\":\"required name=search_term_string\"}],\"inLanguage\":\"fr-FR\"},{\"@type\":\"ImageObject\",\"@id\":\"http:\/\/740jw955i52c.brive.org\/index.php\/infos-des-quartiers\/#primaryimage\",\"inLanguage\":\"fr-FR\",\"url\":\"http:\/\/740jw955i52c.brive.org\/wp-content\/uploads\/2022\/07\/itineraire-doux-Q7.jpg\",\"contentUrl\":\"http:\/\/740jw955i52c.brive.org\/wp-content\/uploads\/2022\/07\/itineraire-doux-Q7.jpg\",\"width\":1209,\"height\":830},{\"@type\":\"WebPage\",\"@id\":\"http:\/\/740jw955i52c.brive.org\/index.php\/infos-des-quartiers\/#webpage\",\"url\":\"http:\/\/740jw955i52c.brive.org\/index.php\/infos-des-quartiers\/\",\"name\":\"Infos Quartiers - Ville de Brive\",\"isPartOf\":{\"@id\":\"http:\/\/740jw955i52c.brive.org\/#website\"},\"primaryImageOfPage\":{\"@id\":\"http:\/\/740jw955i52c.brive.org\/index.php\/infos-des-quartiers\/#primaryimage\"},\"datePublished\":\"2016-08-23T20:29:40+00:00\",\"dateModified\":\"2024-12-13T14:18:28+00:00\",\"breadcrumb\":{\"@id\":\"http:\/\/740jw955i52c.brive.org\/index.php\/infos-des-quartiers\/#breadcrumb\"},\"inLanguage\":\"fr-FR\",\"potentialAction\":[{\"@type\":\"ReadAction\",\"target\":[\"http:\/\/740jw955i52c.brive.org\/index.php\/infos-des-quartiers\/\"]}]},{\"@type\":\"BreadcrumbList\",\"@id\":\"http:\/\/740jw955i52c.brive.org\/index.php\/infos-des-quartiers\/#breadcrumb\",\"itemListElement\":[{\"@type\":\"ListItem\",\"position\":1,\"name\":\"Accueil\",\"item\":\"http:\/\/740jw955i52c.brive.org\/\"},{\"@type\":\"ListItem\",\"position\":2,\"name\":\"Infos Quartiers\"}]}]}<\/script>\n<!-- \/ Yoast SEO plugin. -->","yoast_head_json":{"title":"Infos Quartiers - Ville de Brive","robots":{"index":"index","follow":"follow","max-snippet":"max-snippet:-1","max-image-preview":"max-image-preview:large","max-video-preview":"max-video-preview:-1"},"canonical":"http:\/\/740jw955i52c.brive.org\/index.php\/infos-des-quartiers\/","og_locale":"fr_FR","og_type":"article","og_title":"Infos Quartiers - Ville de Brive","og_description":"[vc_row][vc_column][vc_tta_tabs style=&#8221;outline&#8221; color=&#8221;sky&#8221; spacing=&#8221;3&#8243; active_section=&#8221;1&#8243;][vc_tta_section title=&#8221;1&#8243; tab_id=&#8221;1471339948048-88a005cb-1964&#8243;][vc_row_inner][vc_column_inner][vc_column_text] Quartier 1 &#8211; &#8221; C\u0153ur de ville &#8221; de Brive [\/vc_column_text][\/vc_column_inner][\/vc_row_inner][vc_row_inner][vc_column_inner][vc_video link=&#8221;https:\/\/youtu.be\/CYPXgEF-3V0&#8243; align=&#8221;center&#8221;][vc_column_text]Composition du conseil de quartier : Conseil de Quartier Q1 &#8211; ...","og_url":"http:\/\/740jw955i52c.brive.org\/index.php\/infos-des-quartiers\/","og_site_name":"Ville de Brive","article_modified_time":"2024-12-13T14:18:28+00:00","og_image":[{"url":"http:\/\/740jw955i52c.brive.org\/wp-content\/uploads\/2022\/07\/itineraire-doux-Q7.jpg"}],"twitter_card":"summary_large_image","twitter_misc":{"Dur\u00e9e de lecture estim\u00e9e":"9 minutes"},"schema":{"@context":"https:\/\/schema.org","@graph":[{"@type":"WebSite","@id":"http:\/\/740jw955i52c.brive.org\/#website","url":"http:\/\/740jw955i52c.brive.org\/","name":"Ville de Brive","description":"Bienvenue sur le site de la ville de Brive-la-Gaillarde. Vous y trouverez l&#039;actualit\u00e9 de la commune, des informations pratiques et vos d\u00e9marches administratives.","potentialAction":[{"@type":"SearchAction","target":{"@type":"EntryPoint","urlTemplate":"http:\/\/740jw955i52c.brive.org\/?s={search_term_string}"},"query-input":"required name=search_term_string"}],"inLanguage":"fr-FR"},{"@type":"ImageObject","@id":"http:\/\/740jw955i52c.brive.org\/index.php\/infos-des-quartiers\/#primaryimage","inLanguage":"fr-FR","url":"http:\/\/740jw955i52c.brive.org\/wp-content\/uploads\/2022\/07\/itineraire-doux-Q7.jpg","contentUrl":"http:\/\/740jw955i52c.brive.org\/wp-content\/uploads\/2022\/07\/itineraire-doux-Q7.jpg","width":1209,"height":830},{"@type":"WebPage","@id":"http:\/\/740jw955i52c.brive.org\/index.php\/infos-des-quartiers\/#webpage","url":"http:\/\/740jw955i52c.brive.org\/index.php\/infos-des-quartiers\/","name":"Infos Quartiers - Ville de Brive","isPartOf":{"@id":"http:\/\/740jw955i52c.brive.org\/#website"},"primaryImageOfPage":{"@id":"http:\/\/740jw955i52c.brive.org\/index.php\/infos-des-quartiers\/#primaryimage"},"datePublished":"2016-08-23T20:29:40+00:00","dateModified":"2024-12-13T14:18:28+00:00","breadcrumb":{"@id":"http:\/\/740jw955i52c.brive.org\/index.php\/infos-des-quartiers\/#breadcrumb"},"inLanguage":"fr-FR","potentialAction":[{"@type":"ReadAction","target":["http:\/\/740jw955i52c.brive.org\/index.php\/infos-des-quartiers\/"]}]},{"@type":"BreadcrumbList","@id":"http:\/\/740jw955i52c.brive.org\/index.php\/infos-des-quartiers\/#breadcrumb","itemListElement":[{"@type":"ListItem","position":1,"name":"Accueil","item":"http:\/\/740jw955i52c.brive.org\/"},{"@type":"ListItem","position":2,"name":"Infos Quartiers"}]}]}},"_links":{"self":[{"href":"http:\/\/740jw955i52c.brive.org\/index.php\/wp-json\/wp\/v2\/pages\/17163"}],"collection":[{"href":"http:\/\/740jw955i52c.brive.org\/index.php\/wp-json\/wp\/v2\/pages"}],"about":[{"href":"http:\/\/740jw955i52c.brive.org\/index.php\/wp-json\/wp\/v2\/types\/page"}],"author":[{"embeddable":true,"href":"http:\/\/740jw955i52c.brive.org\/index.php\/wp-json\/wp\/v2\/users\/3"}],"replies":[{"embeddable":true,"href":"http:\/\/740jw955i52c.brive.org\/index.php\/wp-json\/wp\/v2\/comments?post=17163"}],"version-history":[{"count":482,"href":"http:\/\/740jw955i52c.brive.org\/index.php\/wp-json\/wp\/v2\/pages\/17163\/revisions"}],"predecessor-version":[{"id":54137,"href":"http:\/\/740jw955i52c.brive.org\/index.php\/wp-json\/wp\/v2\/pages\/17163\/revisions\/54137"}],"wp:attachment":[{"href":"http:\/\/740jw955i52c.brive.org\/index.php\/wp-json\/wp\/v2\/media?parent=17163"}],"curies":[{"name":"wp","href":"https:\/\/api.w.org\/{rel}","templated":true}]}}