{"id":17146,"date":"2016-08-23T21:35:28","date_gmt":"2016-08-23T19:35:28","guid":{"rendered":"http:\/\/740jw955i52c.brive.org\/?page_id=17146"},"modified":"2018-04-10T16:46:19","modified_gmt":"2018-04-10T14:46:19","slug":"ecrire-a-un-elu","status":"publish","type":"page","link":"http:\/\/740jw955i52c.brive.org\/index.php\/ecrire-a-un-elu\/","title":{"rendered":"Ecrire \u00e0 un(e) \u00e9lu(e)"},"content":{"rendered":"<p>[vc_row][vc_column width=&#8221;5\/6&#8243; css=&#8221;.vc_custom_1523001104704{background-color: #ededed !important;}&#8221;]<div class=\"uxb-exte\"><h3 class=\" h-center  has-line   uxb-heading\">Adjoints - Conseillers d\u00e9l\u00e9gu\u00e9s - Conseillers municipaux<\/h3><\/div><div class=\"wpforms-container wpforms-container-full\" id=\"wpforms-31639\"><form id=\"wpforms-form-31639\" class=\"wpforms-validate wpforms-form\" data-formid=\"31639\" method=\"post\" enctype=\"multipart\/form-data\" action=\"\/index.php\/wp-json\/wp\/v2\/pages\/17146\" data-token=\"ef091a267ff72f9f9613de4427f1e77a\"><noscript class=\"wpforms-error-noscript\">Veuillez activer JavaScript dans votre navigateur pour remplir ce formulaire.<\/noscript><div class=\"wpforms-field-container\"><div id=\"wpforms-31639-field_0-container\" class=\"wpforms-field wpforms-field-name\" data-field-id=\"0\"><label class=\"wpforms-field-label\" for=\"wpforms-31639-field_0\">Nom et pr\u00e9nom <span class=\"wpforms-required-label\">*<\/span><\/label><input type=\"text\" id=\"wpforms-31639-field_0\" class=\"wpforms-field-medium wpforms-field-required\" name=\"wpforms[fields][0]\" required><\/div><div id=\"wpforms-31639-field_1-container\" class=\"wpforms-field wpforms-field-email\" data-field-id=\"1\"><label class=\"wpforms-field-label\" for=\"wpforms-31639-field_1\">MAIL <span class=\"wpforms-required-label\">*<\/span><\/label><input type=\"email\" id=\"wpforms-31639-field_1\" class=\"wpforms-field-medium wpforms-field-required\" name=\"wpforms[fields][1]\" required><\/div><div id=\"wpforms-31639-field_5-container\" class=\"wpforms-field wpforms-field-text\" data-field-id=\"5\"><label class=\"wpforms-field-label\" for=\"wpforms-31639-field_5\">T\u00e9l\u00e9phone(s) <span class=\"wpforms-required-label\">*<\/span><\/label><input type=\"text\" id=\"wpforms-31639-field_5\" class=\"wpforms-field-medium wpforms-field-required\" name=\"wpforms[fields][5]\" required><\/div><div id=\"wpforms-31639-field_7-container\" class=\"wpforms-field wpforms-field-textarea\" data-field-id=\"7\"><label class=\"wpforms-field-label\" for=\"wpforms-31639-field_7\">Adresse postale <span class=\"wpforms-required-label\">*<\/span><\/label><textarea id=\"wpforms-31639-field_7\" class=\"wpforms-field-medium wpforms-field-required\" name=\"wpforms[fields][7]\" required><\/textarea><\/div><div id=\"wpforms-31639-field_3-container\" class=\"wpforms-field wpforms-field-select wpforms-field-select-style-classic\" data-field-id=\"3\"><label class=\"wpforms-field-label\" for=\"wpforms-31639-field_3\">A l&#039;attention de ( choisir un(e) \u00e9lu(e) ) :<\/label><select id=\"wpforms-31639-field_3\" class=\"wpforms-field-large\" name=\"wpforms[fields][3]\"><option value=\"---\" >---<\/option><option value=\"Val\u00e9rie TAURISSON 1er Adjointe \u00e0 la Famille et \u00e0 l\u2019Enseignement\" >Val\u00e9rie TAURISSON 1er Adjointe \u00e0 la Famille et \u00e0 l\u2019Enseignement<\/option><option value=\"Sandrine MAURIN 2\u00e8me Adjointe \u00e0 la Coh\u00e9sion Sociale\" >Sandrine MAURIN 2\u00e8me Adjointe \u00e0 la Coh\u00e9sion Sociale<\/option><option value=\"Philippe DELARUE 3\u00e8me Adjoint Sports et Vie Associative\" >Philippe DELARUE 3\u00e8me Adjoint Sports et Vie Associative<\/option><option value=\"Dominique EYSSARTIER 4\u00e8me Adjointe \u00e0 la S\u00e9curit\u00e9\" >Dominique EYSSARTIER 4\u00e8me Adjointe \u00e0 la S\u00e9curit\u00e9<\/option><option value=\"Philippe LESCURE 5\u00e8me Adjoint \u00e0 la Culture\" >Philippe LESCURE 5\u00e8me Adjoint \u00e0 la Culture<\/option><option value=\"Marie-Christine LACOMBE 6\u00e8me Adjointe \u00e0 l\u2019Administration G\u00e9n\u00e9rale et aux Anciens Combattants\" >Marie-Christine LACOMBE 6\u00e8me Adjointe \u00e0 l\u2019Administration G\u00e9n\u00e9rale et aux Anciens Combattants<\/option><option value=\"Michel DA CUNHA 7\u00e8me Adjoint \u00e0 l\u2019Action Sociale\" >Michel DA CUNHA 7\u00e8me Adjoint \u00e0 l\u2019Action Sociale<\/option><option value=\"Martine JOUVE 8\u00e8me Adjointe aux Ressources Humaines\" >Martine JOUVE 8\u00e8me Adjointe aux Ressources Humaines<\/option><option value=\"Pierre MONTEIL 9\u00e8me Adjoint aux Finances\" >Pierre MONTEIL 9\u00e8me Adjoint aux Finances<\/option><option value=\"Jacques VEYSSI\u00c8RE 10\u00e8me Adjoint \u00e0 la D\u00e9mocratie participative et vie des quartiers - Am\u00e9nagements urbain\" >Jacques VEYSSI\u00c8RE 10\u00e8me Adjoint \u00e0 la D\u00e9mocratie participative et vie des quartiers - Am\u00e9nagements urbain<\/option><option value=\"Daniel VILATTE 11\u00e8me Adjoint aux Espaces Verts et Equipements Publics\" >Daniel VILATTE 11\u00e8me Adjoint aux Espaces Verts et Equipements Publics<\/option><option value=\"Jean-Luc SOUQUI\u00c8RES Conseiller d\u00e9l\u00e9gu\u00e9 aupr\u00e8s du Maire aux Affaires Agricoles\" >Jean-Luc SOUQUI\u00c8RES Conseiller d\u00e9l\u00e9gu\u00e9 aupr\u00e8s du Maire aux Affaires Agricoles<\/option><option value=\"Sylvie PLAS Conseill\u00e8re d\u00e9l\u00e9gu\u00e9e aupr\u00e8s du Maire \u00e0 l\u2019Enseignement Sup\u00e9rieur\" >Sylvie PLAS Conseill\u00e8re d\u00e9l\u00e9gu\u00e9e aupr\u00e8s du Maire \u00e0 l\u2019Enseignement Sup\u00e9rieur<\/option><option value=\"Alexandre BONNIE Conseiller d\u00e9l\u00e9gu\u00e9 \u00e0 la Jeunesse (aupr\u00e8s de Val\u00e9rie TAURISSON) et aux Relations Internationales (aupr\u00e8s de Marie-Christine LACOMBE)\" >Alexandre BONNIE Conseiller d\u00e9l\u00e9gu\u00e9 \u00e0 la Jeunesse (aupr\u00e8s de Val\u00e9rie TAURISSON) et aux Relations Internationales (aupr\u00e8s de Marie-Christine LACOMBE)<\/option><option value=\"Sandrine MARTIN Conseill\u00e8re d\u00e9l\u00e9gu\u00e9e \u00e0 la Promotion du B\u00e9n\u00e9volat (aupr\u00e8s de Philippe DELARUE) \u00e0 la Proximit\u00e9 (aupr\u00e8s de Pierre MONTEIL)\" >Sandrine MARTIN Conseill\u00e8re d\u00e9l\u00e9gu\u00e9e \u00e0 la Promotion du B\u00e9n\u00e9volat (aupr\u00e8s de Philippe DELARUE) \u00e0 la Proximit\u00e9 (aupr\u00e8s de Pierre MONTEIL)<\/option><option value=\"Marie FINDELING Conseill\u00e8re d\u00e9l\u00e9gu\u00e9e \u00e0 la Tranquillit\u00e9 et \u00e0 la Salubrit\u00e9 (aupr\u00e8s de Dominique EYSSARTIER)\" >Marie FINDELING Conseill\u00e8re d\u00e9l\u00e9gu\u00e9e \u00e0 la Tranquillit\u00e9 et \u00e0 la Salubrit\u00e9 (aupr\u00e8s de Dominique EYSSARTIER)<\/option><option value=\"Carine VOISIN-TRENY Conseill\u00e8re d\u00e9l\u00e9gu\u00e9e aux Affaires G\u00e9n\u00e9rales (aupr\u00e8s de Marie Christine LACOMBE)\" >Carine VOISIN-TRENY Conseill\u00e8re d\u00e9l\u00e9gu\u00e9e aux Affaires G\u00e9n\u00e9rales (aupr\u00e8s de Marie Christine LACOMBE)<\/option><option value=\"Anne COLASSON Conseill\u00e8re d\u00e9l\u00e9gu\u00e9e \u00e0 la Lecture Publique, aux Enseignements Artistiques (musique, danse, th\u00e9\u00e2tre et arts plastiques) (aupr\u00e8s de Philippe LESCURE)\" >Anne COLASSON Conseill\u00e8re d\u00e9l\u00e9gu\u00e9e \u00e0 la Lecture Publique, aux Enseignements Artistiques (musique, danse, th\u00e9\u00e2tre et arts plastiques) (aupr\u00e8s de Philippe LESCURE)<\/option><option value=\"Fatima JACINTO Conseill\u00e8re d\u00e9l\u00e9gu\u00e9e aux Personnes \u00c2g\u00e9es (aupr\u00e8s de Michel DA CUNHA)\" >Fatima JACINTO Conseill\u00e8re d\u00e9l\u00e9gu\u00e9e aux Personnes \u00c2g\u00e9es (aupr\u00e8s de Michel DA CUNHA)<\/option><option value=\"Franck PEYRET Conseiller d\u00e9l\u00e9gu\u00e9 \u00e0 l\u2019Urbanisme (aupr\u00e8s de Jacques VEYSSIERE)\" >Franck PEYRET Conseiller d\u00e9l\u00e9gu\u00e9 \u00e0 l\u2019Urbanisme (aupr\u00e8s de Jacques VEYSSIERE)<\/option><option value=\"Sabine DELORD Conseiller Charg\u00e9 de Mission aupr\u00e8s du Maire \u00e0 l\u2019Inclusion des Personnes Atteintes de Handicap\" >Sabine DELORD Conseiller Charg\u00e9 de Mission aupr\u00e8s du Maire \u00e0 l\u2019Inclusion des Personnes Atteintes de Handicap<\/option><option value=\"Steve CLOG-DACHARRY Conseiller Charg\u00e9 de Mission aupr\u00e8s du Maire au Commerce et \u00e0 l\u2019Artisanat, \u00e0 l\u2019Attractivit\u00e9 du Centre Ville\" >Steve CLOG-DACHARRY Conseiller Charg\u00e9 de Mission aupr\u00e8s du Maire au Commerce et \u00e0 l\u2019Artisanat, \u00e0 l\u2019Attractivit\u00e9 du Centre Ville<\/option><option value=\"Jean-Claude DESCHAMPS\" >Jean-Claude DESCHAMPS<\/option><option value=\"Christian PRADAYROL\" >Christian PRADAYROL<\/option><option value=\"Jean PONCHARAL\" >Jean PONCHARAL<\/option><option value=\"Najat DELDOULI\" >Najat DELDOULI<\/option><option value=\"Sabine DELORD\" >Sabine DELORD<\/option><option value=\"Julien BOUNIE\" >Julien BOUNIE<\/option><option value=\"S\u00e9verine BROUSSEAUD\" >S\u00e9verine BROUSSEAUD<\/option><option value=\"H\u00e9l\u00e8ne COURTARIE\" >H\u00e9l\u00e8ne COURTARIE<\/option><option value=\"Philippe CL\u00c9MENT\" >Philippe CL\u00c9MENT<\/option><option value=\"Anne CLERGERIE\" >Anne CLERGERIE<\/option><option value=\"Audrey BARTOUT\" >Audrey BARTOUT<\/option><option value=\"Marine COURNIL\" >Marine COURNIL<\/option><option value=\"Paul ROCHE Brive notre avenir\" >Paul ROCHE Brive notre avenir<\/option><option value=\"Catherine GABRIEL Brive notre avenir\" >Catherine GABRIEL Brive notre avenir<\/option><option value=\"Jean-Yves SOULIER Brive notre avenir\" >Jean-Yves SOULIER Brive notre avenir<\/option><option value=\"Martine CONTIE Brive notre avenir\" >Martine CONTIE Brive notre avenir<\/option><option value=\"Shamira KASRI Brive un futur en commun\" >Shamira KASRI Brive un futur en commun<\/option><option value=\"Emilio CAMPOS Brive un futur en commun\" >Emilio CAMPOS Brive un futur en commun<\/option><option value=\"Chlo\u00e9 HERZHAFT Liste \u00e9cologique et citoyenne de Brive\" >Chlo\u00e9 HERZHAFT Liste \u00e9cologique et citoyenne de Brive<\/option><option value=\"Florian HURARD\" >Florian HURARD<\/option><\/select><\/div><div id=\"wpforms-31639-field_2-container\" class=\"wpforms-field wpforms-field-textarea\" data-field-id=\"2\"><label class=\"wpforms-field-label\" for=\"wpforms-31639-field_2\">Votre message <span class=\"wpforms-required-label\">*<\/span><\/label><textarea id=\"wpforms-31639-field_2\" class=\"wpforms-field-medium wpforms-field-required\" name=\"wpforms[fields][2]\" required><\/textarea><\/div><\/div><div class=\"wpforms-recaptcha-container wpforms-is-recaptcha\"><div class=\"g-recaptcha\" data-sitekey=\"6LdL1KYUAAAAAI3RCcIKEvT5ris3GX8tEsHvgXWO\"><\/div><input type=\"text\" name=\"g-recaptcha-hidden\" class=\"wpforms-recaptcha-hidden\" style=\"position:absolute!important;clip:rect(0,0,0,0)!important;height:1px!important;width:1px!important;border:0!important;overflow:hidden!important;padding:0!important;margin:0!important;\" required><\/div><div class=\"wpforms-submit-container\"><input type=\"hidden\" name=\"wpforms[id]\" value=\"31639\"><input type=\"hidden\" name=\"wpforms[author]\" value=\"3\"><button type=\"submit\" name=\"wpforms[submit]\" id=\"wpforms-submit-31639\" class=\"wpforms-submit\" aria-live=\"assertive\" value=\"wpforms-submit\">ENVOYER<\/button><\/div><\/form><\/div>  <!-- .wpforms-container -->[\/vc_column][vc_column width=&#8221;1\/6&#8243;][\/vc_column][\/vc_row][vc_row][vc_column][vc_btn title=&#8221;RETOUR&#8221; style=&#8221;modern&#8221; size=&#8221;sm&#8221; align=&#8221;left&#8221; link=&#8221;url:http%3A%2F%2F740jw955i52c.brive.org%2Findex.php%2Fcontact%2F|||&#8221;][\/vc_column][\/vc_row]<\/p>\n","protected":false},"excerpt":{"rendered":"<p>[vc_row][vc_column width=&#8221;5\/6&#8243; css=&#8221;.vc_custom_1523001104704{background-color: #ededed !important;}&#8221;][\/vc_column][vc_column width=&#8221;1\/6&#8243;][\/vc_column][\/vc_row][vc_row][vc_column][vc_btn title=&#8221;RETOUR&#8221; style=&#8221;modern&#8221; size=&#8221;sm&#8221; align=&#8221;left&#8221; link=&#8221;url:http%3A%2F%2F740jw955i52c.brive.org%2Findex.php%2Fcontact%2F|||&#8221;][\/vc_column][\/vc_row]<\/p>\n","protected":false},"author":3,"featured_media":0,"parent":0,"menu_order":0,"comment_status":"closed","ping_status":"closed","template":"","meta":[],"yoast_head":"<!-- This site is optimized with the Yoast SEO plugin v17.8 - https:\/\/yoast.com\/wordpress\/plugins\/seo\/ -->\n<title>Ecrire \u00e0 un(e) \u00e9lu(e) - Ville de Brive<\/title>\n<meta name=\"robots\" content=\"index, follow, max-snippet:-1, max-image-preview:large, max-video-preview:-1\" \/>\n<link rel=\"canonical\" href=\"http:\/\/740jw955i52c.brive.org\/index.php\/ecrire-a-un-elu\/\" \/>\n<meta property=\"og:locale\" content=\"fr_FR\" \/>\n<meta property=\"og:type\" content=\"article\" \/>\n<meta property=\"og:title\" content=\"Ecrire \u00e0 un(e) \u00e9lu(e) - Ville de Brive\" \/>\n<meta property=\"og:description\" content=\"[vc_row][vc_column width=&#8221;5\/6&#8243; css=&#8221;.vc_custom_1523001104704{background-color: #ededed !important;}&#8221;][\/vc_column][vc_column width=&#8221;1\/6&#8243;][\/vc_column][\/vc_row][vc_row][vc_column][vc_btn title=&#8221;RETOUR&#8221; style=&#8221;modern&#8221; size=&#8221;sm&#8221; align=&#8221;left&#8221; link=&#8221;url:http%3A%2F%2F740jw955i52c.brive.org%2Findex.php%2Fcontact%2F|||&#8221;][\/vc_column][\/vc_row]\" \/>\n<meta property=\"og:url\" content=\"http:\/\/740jw955i52c.brive.org\/index.php\/ecrire-a-un-elu\/\" \/>\n<meta property=\"og:site_name\" content=\"Ville de Brive\" \/>\n<meta property=\"article:modified_time\" content=\"2018-04-10T14:46:19+00:00\" \/>\n<meta name=\"twitter:card\" content=\"summary_large_image\" \/>\n<script type=\"application\/ld+json\" class=\"yoast-schema-graph\">{\"@context\":\"https:\/\/schema.org\",\"@graph\":[{\"@type\":\"WebSite\",\"@id\":\"http:\/\/740jw955i52c.brive.org\/#website\",\"url\":\"http:\/\/740jw955i52c.brive.org\/\",\"name\":\"Ville de Brive\",\"description\":\"Bienvenue sur le site de la ville de Brive-la-Gaillarde. Vous y trouverez l&#039;actualit\\u00e9 de la commune, des informations pratiques et vos d\\u00e9marches administratives.\",\"potentialAction\":[{\"@type\":\"SearchAction\",\"target\":{\"@type\":\"EntryPoint\",\"urlTemplate\":\"http:\/\/740jw955i52c.brive.org\/?s={search_term_string}\"},\"query-input\":\"required name=search_term_string\"}],\"inLanguage\":\"fr-FR\"},{\"@type\":\"WebPage\",\"@id\":\"http:\/\/740jw955i52c.brive.org\/index.php\/ecrire-a-un-elu\/#webpage\",\"url\":\"http:\/\/740jw955i52c.brive.org\/index.php\/ecrire-a-un-elu\/\",\"name\":\"Ecrire \\u00e0 un(e) \\u00e9lu(e) - Ville de Brive\",\"isPartOf\":{\"@id\":\"http:\/\/740jw955i52c.brive.org\/#website\"},\"datePublished\":\"2016-08-23T19:35:28+00:00\",\"dateModified\":\"2018-04-10T14:46:19+00:00\",\"breadcrumb\":{\"@id\":\"http:\/\/740jw955i52c.brive.org\/index.php\/ecrire-a-un-elu\/#breadcrumb\"},\"inLanguage\":\"fr-FR\",\"potentialAction\":[{\"@type\":\"ReadAction\",\"target\":[\"http:\/\/740jw955i52c.brive.org\/index.php\/ecrire-a-un-elu\/\"]}]},{\"@type\":\"BreadcrumbList\",\"@id\":\"http:\/\/740jw955i52c.brive.org\/index.php\/ecrire-a-un-elu\/#breadcrumb\",\"itemListElement\":[{\"@type\":\"ListItem\",\"position\":1,\"name\":\"Accueil\",\"item\":\"http:\/\/740jw955i52c.brive.org\/\"},{\"@type\":\"ListItem\",\"position\":2,\"name\":\"Ecrire \\u00e0 un(e) \\u00e9lu(e)\"}]}]}<\/script>\n<!-- \/ Yoast SEO plugin. -->","yoast_head_json":{"title":"Ecrire \u00e0 un(e) \u00e9lu(e) - Ville de Brive","robots":{"index":"index","follow":"follow","max-snippet":"max-snippet:-1","max-image-preview":"max-image-preview:large","max-video-preview":"max-video-preview:-1"},"canonical":"http:\/\/740jw955i52c.brive.org\/index.php\/ecrire-a-un-elu\/","og_locale":"fr_FR","og_type":"article","og_title":"Ecrire \u00e0 un(e) \u00e9lu(e) - Ville de Brive","og_description":"[vc_row][vc_column width=&#8221;5\/6&#8243; css=&#8221;.vc_custom_1523001104704{background-color: #ededed !important;}&#8221;][\/vc_column][vc_column width=&#8221;1\/6&#8243;][\/vc_column][\/vc_row][vc_row][vc_column][vc_btn title=&#8221;RETOUR&#8221; style=&#8221;modern&#8221; size=&#8221;sm&#8221; align=&#8221;left&#8221; link=&#8221;url:http%3A%2F%2F740jw955i52c.brive.org%2Findex.php%2Fcontact%2F|||&#8221;][\/vc_column][\/vc_row]","og_url":"http:\/\/740jw955i52c.brive.org\/index.php\/ecrire-a-un-elu\/","og_site_name":"Ville de Brive","article_modified_time":"2018-04-10T14:46:19+00:00","twitter_card":"summary_large_image","schema":{"@context":"https:\/\/schema.org","@graph":[{"@type":"WebSite","@id":"http:\/\/740jw955i52c.brive.org\/#website","url":"http:\/\/740jw955i52c.brive.org\/","name":"Ville de Brive","description":"Bienvenue sur le site de la ville de Brive-la-Gaillarde. Vous y trouverez l&#039;actualit\u00e9 de la commune, des informations pratiques et vos d\u00e9marches administratives.","potentialAction":[{"@type":"SearchAction","target":{"@type":"EntryPoint","urlTemplate":"http:\/\/740jw955i52c.brive.org\/?s={search_term_string}"},"query-input":"required name=search_term_string"}],"inLanguage":"fr-FR"},{"@type":"WebPage","@id":"http:\/\/740jw955i52c.brive.org\/index.php\/ecrire-a-un-elu\/#webpage","url":"http:\/\/740jw955i52c.brive.org\/index.php\/ecrire-a-un-elu\/","name":"Ecrire \u00e0 un(e) \u00e9lu(e) - Ville de Brive","isPartOf":{"@id":"http:\/\/740jw955i52c.brive.org\/#website"},"datePublished":"2016-08-23T19:35:28+00:00","dateModified":"2018-04-10T14:46:19+00:00","breadcrumb":{"@id":"http:\/\/740jw955i52c.brive.org\/index.php\/ecrire-a-un-elu\/#breadcrumb"},"inLanguage":"fr-FR","potentialAction":[{"@type":"ReadAction","target":["http:\/\/740jw955i52c.brive.org\/index.php\/ecrire-a-un-elu\/"]}]},{"@type":"BreadcrumbList","@id":"http:\/\/740jw955i52c.brive.org\/index.php\/ecrire-a-un-elu\/#breadcrumb","itemListElement":[{"@type":"ListItem","position":1,"name":"Accueil","item":"http:\/\/740jw955i52c.brive.org\/"},{"@type":"ListItem","position":2,"name":"Ecrire \u00e0 un(e) \u00e9lu(e)"}]}]}},"_links":{"self":[{"href":"http:\/\/740jw955i52c.brive.org\/index.php\/wp-json\/wp\/v2\/pages\/17146"}],"collection":[{"href":"http:\/\/740jw955i52c.brive.org\/index.php\/wp-json\/wp\/v2\/pages"}],"about":[{"href":"http:\/\/740jw955i52c.brive.org\/index.php\/wp-json\/wp\/v2\/types\/page"}],"author":[{"embeddable":true,"href":"http:\/\/740jw955i52c.brive.org\/index.php\/wp-json\/wp\/v2\/users\/3"}],"replies":[{"embeddable":true,"href":"http:\/\/740jw955i52c.brive.org\/index.php\/wp-json\/wp\/v2\/comments?post=17146"}],"version-history":[{"count":24,"href":"http:\/\/740jw955i52c.brive.org\/index.php\/wp-json\/wp\/v2\/pages\/17146\/revisions"}],"predecessor-version":[{"id":31748,"href":"http:\/\/740jw955i52c.brive.org\/index.php\/wp-json\/wp\/v2\/pages\/17146\/revisions\/31748"}],"wp:attachment":[{"href":"http:\/\/740jw955i52c.brive.org\/index.php\/wp-json\/wp\/v2\/media?parent=17146"}],"curies":[{"name":"wp","href":"https:\/\/api.w.org\/{rel}","templated":true}]}}