{"id":16671,"date":"2016-08-07T17:08:00","date_gmt":"2016-08-07T15:08:00","guid":{"rendered":"http:\/\/740jw955i52c.brive.org\/?page_id=16671"},"modified":"2024-11-27T16:48:04","modified_gmt":"2024-11-27T15:48:04","slug":"les-arts-plastiques","status":"publish","type":"page","link":"http:\/\/740jw955i52c.brive.org\/index.php\/les-arts-plastiques\/","title":{"rendered":"Arts Plastiques"},"content":{"rendered":"<p>[vc_row][vc_column][vc_custom_heading text=&#8221;\u00c9cole Municipale d&#8217;Art&#8221; font_container=&#8221;tag:h2|text_align:center|color:%235aa1e3&#8243;][vc_tta_tabs style=&#8221;modern&#8221; spacing=&#8221;15&#8243; active_section=&#8221;1&#8243; pagination_style=&#8221;flat-rounded&#8221;][vc_tta_section title=&#8221;Accueil&#8221; tab_id=&#8221;1470164886984-713b2f14-edc1&#8243;][vc_row_inner][vc_column_inner width=&#8221;1\/2&#8243;][vc_column_text]<\/p>\n<div class=\"vc_tta-panel-body\">\n<div class=\"wpb_text_column wpb_content_element \">\n<div class=\"wpb_wrapper\">\n<p>L\u2019<strong>\u00c9cole Municipale d\u2019Art<\/strong> propose <strong>des cours de pratiques artistiques<\/strong> aux enfants \u00e0 partir de 6 ans, aux adolescents et aux adultes : peinture, expression graphique, techniques multiples, gravure, volume, bande dessin\u00e9e, infographie, arts graphiques et plastiques.<\/p>\n<p><strong>Des stages<\/strong> d\u2019initiation, de d\u00e9couverte et de perfectionnement sont organis\u00e9s en cours d\u2019ann\u00e9e et des <strong>ateliers d\u00e9couvertes<\/strong> pendant les journ\u00e9es portes ouvertes permettent de d\u00e9couvrir les diff\u00e9rentes pratiques enseign\u00e9es.<\/p>\n<\/div>\n<\/div>\n<\/div>\n<p>[\/vc_column_text][\/vc_column_inner][vc_column_inner width=&#8221;1\/2&#8243;][vc_btn title=&#8221;\u25b6 R\u00c9INSCRIPTIONS des \u00e9l\u00e8ves inscrits en 2023-2024&#8243; style=&#8221;outline&#8221; color=&#8221;primary&#8221; size=&#8221;lg&#8221; align=&#8221;center&#8221; button_block=&#8221;true&#8221; link=&#8221;url:https%3A%2F%2Fwww.imuse-brive.fr%2Fextranet%2Fextranet2%2Fportail_nc.php%3Fp%3Dnc_connexion%26t%3Dusager||target:%20_blank|&#8221;][vc_btn title=&#8221;\u25b6 inscriptions nouveaux \u00e9l\u00e8ves&#8221; style=&#8221;outline&#8221; color=&#8221;danger&#8221; size=&#8221;lg&#8221; align=&#8221;center&#8221; button_block=&#8221;true&#8221; link=&#8221;url:https%3A%2F%2Fwww.imuse-brive.fr%2Fextranet%2Fextranet2%2Fportail_nc.php%3Fp%3Dnc_connexion%26t%3Dpreinscription||target:%20_blank|&#8221;][vc_btn title=&#8221;\u25b6 Programme des stages (pdf)&#8221; style=&#8221;outline&#8221; color=&#8221;danger&#8221; size=&#8221;lg&#8221; align=&#8221;center&#8221; button_block=&#8221;true&#8221; link=&#8221;url:http%3A%2F%2F740jw955i52c.brive.org%2Fwp-content%2Fuploads%2F2024%2F05%2FStages-ete-2024-EMA-1.pdf||target:%20_blank|&#8221;][\/vc_column_inner][\/vc_row_inner][\/vc_tta_section][vc_tta_section title=&#8221;Stages&#8221; tab_id=&#8221;1670337358439-c930987e-22e8&#8243;][vc_row_inner][vc_column_inner][vc_text_separator title=&#8221;Stages de No\u00ebl&#8221; color=&#8221;pink&#8221; style=&#8221;dotted&#8221; border_width=&#8221;6&#8243;][\/vc_column_inner][\/vc_row_inner][vc_row_inner][vc_column_inner width=&#8221;1\/2&#8243;][vc_single_image image=&#8221;54005&#8243;][\/vc_column_inner][vc_column_inner width=&#8221;1\/2&#8243;][vc_single_image image=&#8221;54006&#8243;][\/vc_column_inner][\/vc_row_inner][vc_row_inner][vc_column_inner][vc_text_separator title=&#8221;Stages pass\u00e9s&#8221; color=&#8221;pink&#8221; style=&#8221;dotted&#8221; border_width=&#8221;6&#8243;][\/vc_column_inner][\/vc_row_inner][vc_row_inner][vc_column_inner width=&#8221;1\/4&#8243;][vc_single_image image=&#8221;51483&#8243;][\/vc_column_inner][vc_column_inner width=&#8221;1\/4&#8243;][vc_single_image image=&#8221;51484&#8243;][\/vc_column_inner][vc_column_inner width=&#8221;1\/4&#8243;][vc_single_image image=&#8221;51485&#8243;][\/vc_column_inner][vc_column_inner width=&#8221;1\/4&#8243;][vc_single_image image=&#8221;50848&#8243;][\/vc_column_inner][\/vc_row_inner][vc_row_inner][vc_column_inner width=&#8221;1\/4&#8243;][vc_single_image image=&#8221;50075&#8243;][\/vc_column_inner][vc_column_inner width=&#8221;1\/4&#8243;][vc_single_image image=&#8221;50072&#8243;][\/vc_column_inner][vc_column_inner width=&#8221;1\/4&#8243;][vc_single_image image=&#8221;50069&#8243;][\/vc_column_inner][vc_column_inner width=&#8221;1\/4&#8243;][vc_single_image image=&#8221;49914&#8243;][\/vc_column_inner][\/vc_row_inner][\/vc_tta_section][vc_tta_section title=&#8221;Pr\u00e9sentation&#8221; tab_id=&#8221;1469906879382-dc07a566-b3cd&#8221;][vc_row_inner][vc_column_inner width=&#8221;1\/4&#8243;][vc_empty_space height=&#8221;60px&#8221;][vc_single_image image=&#8221;16723&#8243;][\/vc_column_inner][vc_column_inner width=&#8221;3\/4&#8243;]<div class=\"uxb-exte\"><h5 class=\"   has-line   uxb-heading\">Petite histoire des cours municipaux d\u2019arts plastiques\u2026 \u00e0 Brive<\/h5><\/div>[vc_column_text]Cr\u00e9\u00e9 en 2000, le Centre Municipal d\u2019Arts Plastiques est devenu l\u2019<strong>\u00c9cole Municipale d\u2019Art<\/strong> en 2022. Elle accueille aujourd\u2019hui, chaque semaine <strong>pr\u00e8s de 300 \u00e9l\u00e8ves<\/strong>.<\/p>\n<p>L\u2019\u00c9cole Municipale d\u2019Art est non dipl\u00f4mante. Elle a pour mission d\u2019offrir, dans les meilleures conditions p\u00e9dagogiques, \u00e0 l\u2019ensemble des \u00e9l\u00e8ves, p<strong>ratique et culture artistique<\/strong> dans les diff\u00e9rentes disciplines propos\u00e9es.<\/p>\n<p>Les cours sont dispens\u00e9s par <strong>des artistes-enseignants<\/strong> qualifi\u00e9s et impliqu\u00e9s \u00e0 la fois dans la vie de l\u2019\u00e9tablissement mais aussi dans une d\u00e9marche artistique personnelle.<br \/>\nLes techniques propos\u00e9es sont vari\u00e9es et les supports refl\u00e8tent la <strong>diversit\u00e9 des modes d\u2019expression<\/strong>. Ainsi, l\u2019\u00c9cole Municipale d\u2019Art est un v\u00e9ritable lieu de <strong>convivialit\u00e9<\/strong> et de <strong>cr\u00e9ativit\u00e9<\/strong> o\u00f9 chacun peut d\u00e9velopper sa passion et partager son exp\u00e9rience artistique.<\/p>\n<p>Le d\u00e9veloppement des <strong>arts graphiques<\/strong> (propre au dessin) <strong>et plastiques<\/strong> (pluridisciplinaire : dessin, peinture, volume\u2026) passe par une meilleure \u00ab information et formation \u00bb du public, par <strong>un apprentissage des techniques d\u2019expression et de l\u2019histoire de l\u2019art<\/strong>.[\/vc_column_text][\/vc_column_inner][\/vc_row_inner][\/vc_tta_section][vc_tta_section title=&#8221;Equipe p\u00e9dagogique&#8221; tab_id=&#8221;1469906879466-12998cec-50e1&#8243;][vc_row_inner][vc_column_inner width=&#8221;1\/3&#8243;][\/vc_column_inner][vc_column_inner width=&#8221;2\/3&#8243;][vc_empty_space]<div class=\"uxb-exte\"><h5 class=\"   has-line   uxb-heading\">L\u2019Equipe Administrative<\/h5><\/div>[vc_column_text]<\/p>\n<ul>\n<li><span style=\"font-size: 10.0pt;font-family: 'Helvetica','sans-serif';color: black\">Direction et enseignement : Camille Cathudal<\/span><\/li>\n<\/ul>\n<p>[\/vc_column_text]<div class=\"uxb-exte\"><h5 class=\"   has-line   uxb-heading\">Les Enseignants<\/h5><\/div>[vc_column_text]<\/p>\n<ul>\n<li><span style=\"font-size: 10.0pt;font-family: 'Helvetica','sans-serif';color: black\">Bryan Leytere : Peinture<\/span><\/li>\n<li><span style=\"font-size: 10.0pt;font-family: 'Helvetica','sans-serif';color: black\">Marie-Caroline Locquet, enseignante en volume et arts plastiques<\/span><\/li>\n<li><span style=\"font-size: 10.0pt;font-family: 'Helvetica','sans-serif';color: black\">Amandine Marty : Gravure, Mod\u00e8le vivant, Arts Graphiques.<\/span><\/li>\n<li><span style=\"font-size: 10.0pt;font-family: 'Helvetica','sans-serif';color: black\">Isabelle Mal\u00e8ze : Expression graphique, Pratiques picturales.<\/span><\/li>\n<li><span style=\"font-size: 10.0pt;font-family: 'Helvetica','sans-serif';color: black\">Antoine Quaresma : Narration s\u00e9quentielle \/ Bande dessin\u00e9e, Illustration, Arts plastiques et graphiques, Expression graphique.<\/span><\/li>\n<li><span style=\"font-size: 10.0pt;font-family: 'Helvetica','sans-serif';color: black\">Camille Cathudal : Parcours pr\u00e9paratoire, Arts Plastiques, Techniques multiples (&#8220;le Lab&#8221;)<\/span><\/li>\n<\/ul>\n<p>[\/vc_column_text][vc_separator color=&#8221;sky&#8221;][\/vc_column_inner][\/vc_row_inner][\/vc_tta_section][vc_tta_section title=&#8221;Ateliers&#8221; tab_id=&#8221;1470582552235-9fe669db-c4ef&#8221;][vc_row_inner][vc_column_inner][vc_btn title=&#8221;\u25b6 T\u00e9l\u00e9chargez la plaquette&#8221; style=&#8221;outline&#8221; color=&#8221;primary&#8221; size=&#8221;lg&#8221; align=&#8221;center&#8221; button_block=&#8221;true&#8221; link=&#8221;url:http%3A%2F%2F740jw955i52c.brive.org%2Fwp-content%2Fuploads%2F2024%2F02%2Fplaquette-EMA-Brive-2024.pdf||target:%20_blank|&#8221;][vc_single_image image=&#8221;51845&#8243; onclick=&#8221;img_link_large&#8221; img_link_target=&#8221;_blank&#8221;][\/vc_column_inner][\/vc_row_inner][\/vc_tta_section][vc_tta_section title=&#8221;Inscriptions&#8221; tab_id=&#8221;1469915356775-b3405204-836a&#8221;][vc_row_inner][vc_column_inner width=&#8221;1\/2&#8243;][vc_column_text]<strong>IMPORTANT :<\/strong><br \/>\nL\u2019inscription est valid\u00e9e si le dossier est complet et le r\u00e8glement effectu\u00e9.<br \/>\nAucune inscription ne sera prise par t\u00e9l\u00e9phone ou par mail.<\/p>\n<h3>Renseignements sur place, par t\u00e9l\u00e9phone ou par mail :<\/h3>\n<p>\u00c9cole Municipale d\u2019Art<br \/>\nAdresse : 5, avenue Bourzat, 19100 Brive-la-Gaillarde<br \/>\nT\u00e9l\u00e9phone : 05 55 18 01 21 ou 05 55 18 17 80<br \/>\nMail : <a href=\"mailto:ema@brive.fr\">ema@brive.fr<\/a><\/p>\n<p><em><u>Pour informations<\/u><\/em><em> : Les renseignements recueillis lors de l\u2019inscription restent confidentiels et ne sont pas transmis \u00e0 d\u2019autres organismes.<\/em>[\/vc_column_text][\/vc_column_inner][vc_column_inner width=&#8221;1\/2&#8243;][vc_cta h2=&#8221;Du 16 au 26 mai 2024 :&#8221; style=&#8221;outline&#8221; color=&#8221;peacoc&#8221;]<strong>\u25b6 <a href=\"https:\/\/www.imuse-brive.fr\/extranet\/extranet2\/portail_nc.php?p=nc_connexion&amp;t=usager\" target=\"_blank\" rel=\"noopener\">R\u00c9INSCRIPTIONS des \u00e9l\u00e8ves inscrits en 2023-2024<\/a> <\/strong>[\/vc_cta][vc_cta h2=&#8221;\u00e0 partir du 20 juin 2024 :&#8221; style=&#8221;outline&#8221; color=&#8221;peacoc&#8221;]<strong>\u25b6 <\/strong><strong><a href=\"https:\/\/www.imuse-brive.fr\/extranet\/extranet2\/portail_nc.php?p=nc_connexion&amp;t=preinscription\" target=\"_blank\" rel=\"noopener\">NOUVEAUX INSCRITS<\/a> <\/strong>[\/vc_cta][vc_cta h2=&#8221;Rentr\u00e9e&#8221; style=&#8221;outline&#8221; color=&#8221;juicy-pink&#8221;]<strong>Reprise des cours : Lundi 9 septembre 2024<\/strong>[\/vc_cta][\/vc_column_inner][\/vc_row_inner][\/vc_tta_section][vc_tta_section title=&#8221;Infos pratiques&#8221; tab_id=&#8221;1469914869595-341bd702-913c&#8221;][vc_row_inner][vc_column_inner width=&#8221;1\/4&#8243;][\/vc_column_inner][vc_column_inner width=&#8221;3\/4&#8243;][vc_column_text]L\u2019\u00c9cole Municipale d\u2019Art est <strong>ouverte pendant les p\u00e9riodes scolaires<\/strong>.<\/p>\n<p>Les cours commencent la deuxi\u00e8me semaine du mois de septembre et se terminent \u00e0 la fin du mois de juin pour laisser place aux stages d\u2019\u00e9t\u00e9 la premi\u00e8re semaine du mois de juillet.<\/p>\n<p>Les cours ont lieu du lundi au vendredi et des stages peuvent \u00eatre organis\u00e9s les samedis en cours d\u2019ann\u00e9e.<\/p>\n<p>Le secr\u00e9tariat est ouvert les lundis, mercredis et vendredis matin de 8h30 \u00e0 12h00 et les mardis et jeudis apr\u00e8s-midi de 13h30 \u00e0 17h30.<br \/>\nL\u2019EMA est ferm\u00e9e pendant les vacances scolaires.<\/p>\n<p>CONTACT :<br \/>\n\u00c9cole Municipale d\u2019Art<br \/>\nAdresse : 5, avenue Bourzat, 19100 Brive-la-Gaillarde<br \/>\nT\u00e9l\u00e9phone : 05 55 18 01 21<br \/>\nMail : <a href=\"mailto:ema@brive.fr\" target=\"_blank\" rel=\"noopener\">ema@brive.fr<\/a>[\/vc_column_text][\/vc_column_inner][\/vc_row_inner][\/vc_tta_section][vc_tta_section title=&#8221;Expos&#8221; tab_id=&#8221;1657119670812-79c09889-d5d5&#8243;][vc_row_inner][vc_column_inner width=&#8221;1\/2&#8243;][vc_single_image image=&#8221;52622&#8243; onclick=&#8221;zoom&#8221; css_animation=&#8221;bounceIn&#8221;][\/vc_column_inner][vc_column_inner width=&#8221;1\/2&#8243;][vc_single_image image=&#8221;52623&#8243; onclick=&#8221;zoom&#8221; css_animation=&#8221;bounceIn&#8221;][\/vc_column_inner][\/vc_row_inner][vc_row_inner][vc_column_inner width=&#8221;1\/2&#8243;][vc_single_image image=&#8221;51550&#8243; onclick=&#8221;zoom&#8221; css_animation=&#8221;bounceIn&#8221;][\/vc_column_inner][vc_column_inner width=&#8221;1\/2&#8243;][vc_single_image image=&#8221;50540&#8243; onclick=&#8221;zoom&#8221; css_animation=&#8221;bounceIn&#8221;][\/vc_column_inner][\/vc_row_inner][vc_row_inner][vc_column_inner width=&#8221;1\/2&#8243;][vc_single_image image=&#8221;49713&#8243; onclick=&#8221;zoom&#8221; css_animation=&#8221;bounceIn&#8221;][\/vc_column_inner][vc_column_inner width=&#8221;1\/2&#8243;][vc_single_image image=&#8221;44799&#8243; onclick=&#8221;zoom&#8221; css_animation=&#8221;bounceIn&#8221;][\/vc_column_inner][\/vc_row_inner][vc_row_inner][vc_column_inner width=&#8221;1\/2&#8243;][vc_single_image image=&#8221;48701&#8243; onclick=&#8221;zoom&#8221; css_animation=&#8221;bounceIn&#8221;][\/vc_column_inner][vc_column_inner width=&#8221;1\/2&#8243;][vc_single_image image=&#8221;48108&#8243; onclick=&#8221;zoom&#8221; css_animation=&#8221;bounceIn&#8221;][\/vc_column_inner][\/vc_row_inner][\/vc_tta_section][\/vc_tta_tabs][\/vc_column][\/vc_row]<\/p>\n","protected":false},"excerpt":{"rendered":"<p>[vc_row][vc_column][vc_custom_heading text=&#8221;\u00c9cole Municipale d&#8217;Art&#8221; font_container=&#8221;tag:h2|text_align:center|color:%235aa1e3&#8243;][vc_tta_tabs style=&#8221;modern&#8221; spacing=&#8221;15&#8243; active_section=&#8221;1&#8243; pagination_style=&#8221;flat-rounded&#8221;][vc_tta_section title=&#8221;Accueil&#8221; tab_id=&#8221;1470164886984-713b2f14-edc1&#8243;][vc_row_inner][vc_column_inner width=&#8221;1\/2&#8243;][vc_column_text] L\u2019\u00c9cole Municipale d\u2019Art propose des cours de pratiques artistiques aux enfants \u00e0 partir de 6 ans, aux adolescents &#8230; <\/p>\n","protected":false},"author":1,"featured_media":0,"parent":0,"menu_order":0,"comment_status":"closed","ping_status":"closed","template":"","meta":[],"yoast_head":"<!-- This site is optimized with the Yoast SEO plugin v17.8 - https:\/\/yoast.com\/wordpress\/plugins\/seo\/ -->\n<title>Arts Plastiques - Ville de Brive<\/title>\n<meta name=\"robots\" content=\"index, follow, max-snippet:-1, max-image-preview:large, max-video-preview:-1\" \/>\n<link rel=\"canonical\" href=\"http:\/\/740jw955i52c.brive.org\/index.php\/les-arts-plastiques\/\" \/>\n<meta property=\"og:locale\" content=\"fr_FR\" \/>\n<meta property=\"og:type\" content=\"article\" \/>\n<meta property=\"og:title\" content=\"Arts Plastiques - Ville de Brive\" \/>\n<meta property=\"og:description\" content=\"[vc_row][vc_column][vc_custom_heading text=&#8221;\u00c9cole Municipale d&#8217;Art&#8221; font_container=&#8221;tag:h2|text_align:center|color:%235aa1e3&#8243;][vc_tta_tabs style=&#8221;modern&#8221; spacing=&#8221;15&#8243; active_section=&#8221;1&#8243; pagination_style=&#8221;flat-rounded&#8221;][vc_tta_section title=&#8221;Accueil&#8221; tab_id=&#8221;1470164886984-713b2f14-edc1&#8243;][vc_row_inner][vc_column_inner width=&#8221;1\/2&#8243;][vc_column_text] L\u2019\u00c9cole Municipale d\u2019Art propose des cours de pratiques artistiques aux enfants \u00e0 partir de 6 ans, aux adolescents ...\" \/>\n<meta property=\"og:url\" content=\"http:\/\/740jw955i52c.brive.org\/index.php\/les-arts-plastiques\/\" \/>\n<meta property=\"og:site_name\" content=\"Ville de Brive\" \/>\n<meta property=\"article:modified_time\" content=\"2024-11-27T15:48:04+00:00\" \/>\n<meta name=\"twitter:card\" content=\"summary_large_image\" \/>\n<meta name=\"twitter:label1\" content=\"Dur\u00e9e de lecture estim\u00e9e\" \/>\n\t<meta name=\"twitter:data1\" content=\"7 minutes\" \/>\n<script type=\"application\/ld+json\" class=\"yoast-schema-graph\">{\"@context\":\"https:\/\/schema.org\",\"@graph\":[{\"@type\":\"WebSite\",\"@id\":\"http:\/\/740jw955i52c.brive.org\/#website\",\"url\":\"http:\/\/740jw955i52c.brive.org\/\",\"name\":\"Ville de Brive\",\"description\":\"Bienvenue sur le site de la ville de Brive-la-Gaillarde. Vous y trouverez l&#039;actualit\\u00e9 de la commune, des informations pratiques et vos d\\u00e9marches administratives.\",\"potentialAction\":[{\"@type\":\"SearchAction\",\"target\":{\"@type\":\"EntryPoint\",\"urlTemplate\":\"http:\/\/740jw955i52c.brive.org\/?s={search_term_string}\"},\"query-input\":\"required name=search_term_string\"}],\"inLanguage\":\"fr-FR\"},{\"@type\":\"WebPage\",\"@id\":\"http:\/\/740jw955i52c.brive.org\/index.php\/les-arts-plastiques\/#webpage\",\"url\":\"http:\/\/740jw955i52c.brive.org\/index.php\/les-arts-plastiques\/\",\"name\":\"Arts Plastiques - Ville de Brive\",\"isPartOf\":{\"@id\":\"http:\/\/740jw955i52c.brive.org\/#website\"},\"datePublished\":\"2016-08-07T15:08:00+00:00\",\"dateModified\":\"2024-11-27T15:48:04+00:00\",\"breadcrumb\":{\"@id\":\"http:\/\/740jw955i52c.brive.org\/index.php\/les-arts-plastiques\/#breadcrumb\"},\"inLanguage\":\"fr-FR\",\"potentialAction\":[{\"@type\":\"ReadAction\",\"target\":[\"http:\/\/740jw955i52c.brive.org\/index.php\/les-arts-plastiques\/\"]}]},{\"@type\":\"BreadcrumbList\",\"@id\":\"http:\/\/740jw955i52c.brive.org\/index.php\/les-arts-plastiques\/#breadcrumb\",\"itemListElement\":[{\"@type\":\"ListItem\",\"position\":1,\"name\":\"Accueil\",\"item\":\"http:\/\/740jw955i52c.brive.org\/\"},{\"@type\":\"ListItem\",\"position\":2,\"name\":\"Arts Plastiques\"}]}]}<\/script>\n<!-- \/ Yoast SEO plugin. -->","yoast_head_json":{"title":"Arts Plastiques - Ville de Brive","robots":{"index":"index","follow":"follow","max-snippet":"max-snippet:-1","max-image-preview":"max-image-preview:large","max-video-preview":"max-video-preview:-1"},"canonical":"http:\/\/740jw955i52c.brive.org\/index.php\/les-arts-plastiques\/","og_locale":"fr_FR","og_type":"article","og_title":"Arts Plastiques - Ville de Brive","og_description":"[vc_row][vc_column][vc_custom_heading text=&#8221;\u00c9cole Municipale d&#8217;Art&#8221; font_container=&#8221;tag:h2|text_align:center|color:%235aa1e3&#8243;][vc_tta_tabs style=&#8221;modern&#8221; spacing=&#8221;15&#8243; active_section=&#8221;1&#8243; pagination_style=&#8221;flat-rounded&#8221;][vc_tta_section title=&#8221;Accueil&#8221; tab_id=&#8221;1470164886984-713b2f14-edc1&#8243;][vc_row_inner][vc_column_inner width=&#8221;1\/2&#8243;][vc_column_text] L\u2019\u00c9cole Municipale d\u2019Art propose des cours de pratiques artistiques aux enfants \u00e0 partir de 6 ans, aux adolescents ...","og_url":"http:\/\/740jw955i52c.brive.org\/index.php\/les-arts-plastiques\/","og_site_name":"Ville de Brive","article_modified_time":"2024-11-27T15:48:04+00:00","twitter_card":"summary_large_image","twitter_misc":{"Dur\u00e9e de lecture estim\u00e9e":"7 minutes"},"schema":{"@context":"https:\/\/schema.org","@graph":[{"@type":"WebSite","@id":"http:\/\/740jw955i52c.brive.org\/#website","url":"http:\/\/740jw955i52c.brive.org\/","name":"Ville de Brive","description":"Bienvenue sur le site de la ville de Brive-la-Gaillarde. Vous y trouverez l&#039;actualit\u00e9 de la commune, des informations pratiques et vos d\u00e9marches administratives.","potentialAction":[{"@type":"SearchAction","target":{"@type":"EntryPoint","urlTemplate":"http:\/\/740jw955i52c.brive.org\/?s={search_term_string}"},"query-input":"required name=search_term_string"}],"inLanguage":"fr-FR"},{"@type":"WebPage","@id":"http:\/\/740jw955i52c.brive.org\/index.php\/les-arts-plastiques\/#webpage","url":"http:\/\/740jw955i52c.brive.org\/index.php\/les-arts-plastiques\/","name":"Arts Plastiques - Ville de Brive","isPartOf":{"@id":"http:\/\/740jw955i52c.brive.org\/#website"},"datePublished":"2016-08-07T15:08:00+00:00","dateModified":"2024-11-27T15:48:04+00:00","breadcrumb":{"@id":"http:\/\/740jw955i52c.brive.org\/index.php\/les-arts-plastiques\/#breadcrumb"},"inLanguage":"fr-FR","potentialAction":[{"@type":"ReadAction","target":["http:\/\/740jw955i52c.brive.org\/index.php\/les-arts-plastiques\/"]}]},{"@type":"BreadcrumbList","@id":"http:\/\/740jw955i52c.brive.org\/index.php\/les-arts-plastiques\/#breadcrumb","itemListElement":[{"@type":"ListItem","position":1,"name":"Accueil","item":"http:\/\/740jw955i52c.brive.org\/"},{"@type":"ListItem","position":2,"name":"Arts Plastiques"}]}]}},"_links":{"self":[{"href":"http:\/\/740jw955i52c.brive.org\/index.php\/wp-json\/wp\/v2\/pages\/16671"}],"collection":[{"href":"http:\/\/740jw955i52c.brive.org\/index.php\/wp-json\/wp\/v2\/pages"}],"about":[{"href":"http:\/\/740jw955i52c.brive.org\/index.php\/wp-json\/wp\/v2\/types\/page"}],"author":[{"embeddable":true,"href":"http:\/\/740jw955i52c.brive.org\/index.php\/wp-json\/wp\/v2\/users\/1"}],"replies":[{"embeddable":true,"href":"http:\/\/740jw955i52c.brive.org\/index.php\/wp-json\/wp\/v2\/comments?post=16671"}],"version-history":[{"count":262,"href":"http:\/\/740jw955i52c.brive.org\/index.php\/wp-json\/wp\/v2\/pages\/16671\/revisions"}],"predecessor-version":[{"id":54007,"href":"http:\/\/740jw955i52c.brive.org\/index.php\/wp-json\/wp\/v2\/pages\/16671\/revisions\/54007"}],"wp:attachment":[{"href":"http:\/\/740jw955i52c.brive.org\/index.php\/wp-json\/wp\/v2\/media?parent=16671"}],"curies":[{"name":"wp","href":"https:\/\/api.w.org\/{rel}","templated":true}]}}