{"id":13526,"date":"2016-06-27T09:32:14","date_gmt":"2016-06-27T07:32:14","guid":{"rendered":"http:\/\/740jw955i52c.brive.org\/?page_id=13526"},"modified":"2024-09-20T15:43:20","modified_gmt":"2024-09-20T13:43:20","slug":"bourse-jeunes","status":"publish","type":"page","link":"http:\/\/740jw955i52c.brive.org\/index.php\/bourse-jeunes\/","title":{"rendered":"Bourse jeunes"},"content":{"rendered":"<p>[vc_row][vc_column]<div class=\"uxb-exte\"><h4 class=\"   has-line   uxb-heading\">La BOURSE JEUNES est une aide pour favoriser l\u2019acc\u00e8s \u00e0 l\u2019emploi<\/h4><\/div>[vc_tta_tabs style=&#8221;modern&#8221; active_section=&#8221;1&#8243;][vc_tta_section title=&#8221;La Bourse Jeunes&#8221; tab_id=&#8221;1485423519424-adb86693-0537&#8243;][vc_row_inner][vc_column_inner][vc_empty_space height=&#8221;20px&#8221;][vc_column_text]<\/p>\n<div class=\"elementor-element elementor-element-7faf6b31 elementor-widget-tablet__width-inherit elementor-widget elementor-widget-text-editor\" data-id=\"7faf6b31\" data-element_type=\"widget\" data-widget_type=\"text-editor.default\">\n<div class=\"elementor-widget-container\">\n<p>Cette aide financi\u00e8re a pour objectif d\u2019encourager les jeunes \u00e0 effectuer un stage ou un s\u00e9jour universitaire en dehors de leur ville d\u2019\u00e9tudes (Europe\/hors Europe) en r\u00e9duisant les difficult\u00e9s mat\u00e9rielles qu\u2019un projet de ce type peut repr\u00e9senter.<\/p>\n<p>Une mobilit\u00e9, dans un parcours de formation, contribue ind\u00e9niablement \u00e0 d\u00e9velopper ou consolider des comp\u00e9tences, \u00e0 renforcer l\u2019employabilit\u00e9 du jeune sur le march\u00e9 du travail.<\/p>\n<p>Chaque \u00e9tudiant(e) remplissant les conditions d\u2019\u00e9ligibilit\u00e9 ne peut en b\u00e9n\u00e9ficier qu\u2019une seule fois.<\/p>\n<\/div>\n<\/div>\n<p>[\/vc_column_text][\/vc_column_inner][\/vc_row_inner][\/vc_tta_section][vc_tta_section title=&#8221;Les conditions&#8221; tab_id=&#8221;1485423519663-60766585-5281&#8243;][vc_row_inner][vc_column_inner][vc_column_text]<\/p>\n<div class=\"elementor-element elementor-element-63926d72 elementor-widget-tablet__width-inherit elementor-widget elementor-widget-text-editor\" data-id=\"63926d72\" data-element_type=\"widget\" data-widget_type=\"text-editor.default\">\n<div class=\"elementor-widget-container\">Plusieurs conditions sont requises pour pr\u00e9tendre \u00e0 l\u2019obtention de la BOURSE JEUNES :<\/div>\n<\/div>\n<ul>\n<li class=\"elementor-icon-list-item\"><span class=\"elementor-icon-list-text\">\u00catre domicili\u00e9e sur Brive (parents de l\u2019\u00e9tudiant(e) concern\u00e9(e) ou \u00e9tudiant(e) r\u00e9sidant sur la commune),<\/span><\/li>\n<li class=\"elementor-icon-list-item\"><span class=\"elementor-icon-list-text\">Avoir un \u00e2ge compris entre 16 et 25 ans \u00e0 la date d\u2019octroi de la Bourse, <\/span><\/li>\n<li class=\"elementor-icon-list-item\"><span class=\"elementor-icon-list-text\">Avoir pour niveau d\u2019\u00e9tudes ou r\u00e9aliser une formation du type CAP, Brevet, Professionnel, Bac, Bac pro, BTS, Licence, Master 1 et 2 <\/span><\/li>\n<li class=\"elementor-icon-list-item\"><span class=\"elementor-icon-list-text\">La pr\u00e9sentation d\u2019un projet de mobilit\u00e9 : r\u00e9alisation d\u2019un stage ou d\u2019un s\u00e9jour acad\u00e9mique en dehors de sa ville d\u2019\u00e9tudes (en Europe ou hors Europe).<\/span><\/li>\n<li class=\"elementor-icon-list-item\"><span class=\"elementor-icon-list-text\">Pr\u00e9senter un projet professionnel induisant une int\u00e9gration du march\u00e9 de l\u2019emploi sous 2 ans maximum ; ce dernier pouvant \u00eatre sur le territoire de la commune ou en dehors,<\/span><\/li>\n<\/ul>\n<div class=\"elementor-element elementor-element-2fb8ddd5 elementor-icon-list--layout-traditional elementor-list-item-link-full_width elementor-widget elementor-widget-icon-list\" data-id=\"2fb8ddd5\" data-element_type=\"widget\" data-widget_type=\"icon-list.default\">\n<div class=\"elementor-widget-container\">\n<ul class=\"elementor-icon-list-items\">\n<li class=\"elementor-icon-list-item\"><span class=\"elementor-icon-list-text\">Avoir \u00e9tabli et pr\u00e9sent\u00e9 les justificatifs li\u00e9s au budget de votre projet dans le dossier de candidature (charges et ressources).<\/span><\/li>\n<\/ul>\n<\/div>\n<\/div>\n<div class=\"elementor-element elementor-element-840a735 elementor-widget elementor-widget-text-editor\" data-id=\"840a735\" data-element_type=\"widget\" data-widget_type=\"text-editor.default\">\n<div class=\"elementor-widget-container\">\n<p>Son montant ne peut d\u00e9passer 2\u00a0000 euros et n\u2019exc\u00e8de pas 70% du reste \u00e0 charge une fois les aides \u00e9ventuelles et autres ressources renseign\u00e9es soustraites.<\/p>\n<\/div>\n<\/div>\n<p>[\/vc_column_text][\/vc_column_inner][\/vc_row_inner][\/vc_tta_section][vc_tta_section title=&#8221;La candidature&#8221; tab_id=&#8221;1485423990660-c8d3f69c-8d21&#8243;][vc_row_inner][vc_column_inner][vc_column_text]<\/p>\n<div class=\"elementor-element elementor-element-2eb8021 elementor-widget-tablet__width-inherit elementor-widget elementor-widget-text-editor\" data-id=\"2eb8021\" data-element_type=\"widget\" data-widget_type=\"text-editor.default\">\n<div class=\"elementor-widget-container\">\n<p>Comment d\u00e9poser sa candidature ?<\/p>\n<\/div>\n<\/div>\n<div class=\"elementor-element elementor-element-7836391 elementor-widget elementor-widget-text-editor\" data-id=\"7836391\" data-element_type=\"widget\" data-widget_type=\"text-editor.default\">\n<div class=\"elementor-widget-container\">\n<p>Vous pouvez venir d\u00e9poser votre dossier et les pi\u00e8ces justificatives requises directement aupr\u00e8s du service enseignement sup\u00e9rieur et formation 4, rue Marie Rose Guillot \u00e0 Brive ou bien nous le transmettre par mail \u00e0 l\u2019adresse <a href=\"mailto:estelle.rezigat@brive.fr\">estelle.rezigat@brive.fr<\/a><\/p>\n<\/div>\n<\/div>\n<div class=\"elementor-element elementor-element-23ed11d1 elementor-icon-list--layout-traditional elementor-list-item-link-full_width elementor-widget elementor-widget-icon-list\" data-id=\"23ed11d1\" data-element_type=\"widget\" data-widget_type=\"icon-list.default\">\n<div class=\"elementor-widget-container\">\n<ul class=\"elementor-icon-list-items\">\n<li class=\"elementor-icon-list-item\"><a href=\"http:\/\/740jw955i52c.brive.org\/wp-content\/uploads\/2024\/08\/DOSSIER-CANDIDATURE-BOURSE-JEUNES.docx\" target=\"_blank\" rel=\"noopener\"><span class=\"elementor-icon-list-text\">Dossier de candidature &#8211; t\u00e9l\u00e9charger<\/span> <\/a><\/li>\n<\/ul>\n<\/div>\n<\/div>\n<div class=\"elementor-element elementor-element-15c4b98 elementor-widget elementor-widget-text-editor\" data-id=\"15c4b98\" data-element_type=\"widget\" data-widget_type=\"text-editor.default\">\n<div class=\"elementor-widget-container\">\n<p>Attention, les modalit\u00e9s du dispositif Bourse Jeunes ne permettent pas de co-financer de fa\u00e7on r\u00e9troactive un projet de mobilit\u00e9 d\u00e9j\u00e0 r\u00e9alis\u00e9 donc veillez bien \u00e0 d\u00e9poser votre dossier avant le commencement de votre stage ou de votre s\u00e9jour acad\u00e9mique\/universitaire.<\/p>\n<p>Plus d\u2019informations au 05 55 18 18 44<\/p>\n<\/div>\n<\/div>\n<p>[\/vc_column_text][\/vc_column_inner][\/vc_row_inner][\/vc_tta_section][vc_tta_section title=&#8221;Le dossier&#8221; tab_id=&#8221;1485424033864-e515cceb-85b1&#8243;][vc_row_inner][vc_column_inner][vc_column_text]T\u00e9l\u00e9chargez le<a href=\"http:\/\/740jw955i52c.brive.org\/wp-content\/uploads\/2024\/08\/DOSSIER-CANDIDATURE-BOURSE-JEUNES.docx\"> DOSSIER CANDIDATURE BOURSE JEUNES<\/a>\u00a0 et \u00e0 retourner d\u00fbment compl\u00e9t\u00e9 \u00e0 :<\/p>\n<ul>\n<li>\n<div class=\"elementor-element elementor-element-fc06b92 titreOr elementor-widget elementor-widget-heading\" data-id=\"fc06b92\" data-element_type=\"widget\" data-widget_type=\"heading.default\">\n<div class=\"elementor-widget-container\">\n<p class=\"elementor-heading-title elementor-size-default\">Service Enseignement sup\u00e9rieur et formation (ERIP)<\/p>\n<\/div>\n<\/div>\n<div class=\"elementor-element elementor-element-c07487a jedv-enabled--yes elementor-widget elementor-widget-heading\" data-id=\"c07487a\" data-element_type=\"widget\" data-widget_type=\"heading.default\">\n<div class=\"elementor-widget-container\">\n<div class=\"elementor-heading-title elementor-size-default\">Responsable : Estelle REZIGAT<br \/>\nAnimatrice emploi, m\u00e9tiers et formation<br \/>\nCoordinatrice ERIP<\/div>\n<\/div>\n<\/div>\n<div class=\"elementor-element elementor-element-de70178 jedv-enabled--yes elementor-widget elementor-widget-heading\" data-id=\"de70178\" data-element_type=\"widget\" data-widget_type=\"heading.default\">\n<div class=\"elementor-widget-container\">\n<div class=\"elementor-heading-title elementor-size-default\">4 rue Marie-Rose GUILLOT<br \/>\nPlace Saint Pierre<br \/>\n19100 BRIVE<\/div>\n<\/div>\n<\/div>\n<div class=\"elementor-element elementor-element-aff8fb0 jedv-enabled--yes elementor-widget elementor-widget-heading\" data-id=\"aff8fb0\" data-element_type=\"widget\" data-widget_type=\"heading.default\">\n<div class=\"elementor-widget-container\">\n<div class=\"elementor-heading-title elementor-size-default\">05 55 18 18 44<\/div>\n<\/div>\n<\/div>\n<div class=\"elementor-element elementor-element-cdda74b jedv-enabled--yes elementor-widget elementor-widget-heading\" data-id=\"cdda74b\" data-element_type=\"widget\" data-widget_type=\"heading.default\">\n<div class=\"elementor-widget-container\">\n<div class=\"elementor-heading-title elementor-size-default\"><a href=\"mailto:erip.agglo@brive.fr%20\">erip.agglo@brive.fr <\/a><\/div>\n<\/div>\n<\/div>\n<\/li>\n<\/ul>\n<p>[\/vc_column_text][\/vc_column_inner][\/vc_row_inner][\/vc_tta_section][\/vc_tta_tabs][\/vc_column][\/vc_row]<\/p>\n","protected":false},"excerpt":{"rendered":"<p>[vc_row][vc_column][vc_tta_tabs style=&#8221;modern&#8221; active_section=&#8221;1&#8243;][vc_tta_section title=&#8221;La Bourse Jeunes&#8221; tab_id=&#8221;1485423519424-adb86693-0537&#8243;][vc_row_inner][vc_column_inner][vc_empty_space height=&#8221;20px&#8221;][vc_column_text] Cette aide financi\u00e8re a pour objectif d\u2019encourager les jeunes \u00e0 effectuer un stage ou un s\u00e9jour universitaire en dehors de leur ville &#8230; <\/p>\n","protected":false},"author":3,"featured_media":0,"parent":0,"menu_order":0,"comment_status":"closed","ping_status":"closed","template":"","meta":[],"yoast_head":"<!-- This site is optimized with the Yoast SEO plugin v17.8 - https:\/\/yoast.com\/wordpress\/plugins\/seo\/ -->\n<title>Bourse jeunes - Ville de Brive<\/title>\n<meta name=\"robots\" content=\"index, follow, max-snippet:-1, max-image-preview:large, max-video-preview:-1\" \/>\n<link rel=\"canonical\" href=\"http:\/\/740jw955i52c.brive.org\/index.php\/bourse-jeunes\/\" \/>\n<meta property=\"og:locale\" content=\"fr_FR\" \/>\n<meta property=\"og:type\" content=\"article\" \/>\n<meta property=\"og:title\" content=\"Bourse jeunes - Ville de Brive\" \/>\n<meta property=\"og:description\" content=\"[vc_row][vc_column][vc_tta_tabs style=&#8221;modern&#8221; active_section=&#8221;1&#8243;][vc_tta_section title=&#8221;La Bourse Jeunes&#8221; tab_id=&#8221;1485423519424-adb86693-0537&#8243;][vc_row_inner][vc_column_inner][vc_empty_space height=&#8221;20px&#8221;][vc_column_text] Cette aide financi\u00e8re a pour objectif d\u2019encourager les jeunes \u00e0 effectuer un stage ou un s\u00e9jour universitaire en dehors de leur ville ...\" \/>\n<meta property=\"og:url\" content=\"http:\/\/740jw955i52c.brive.org\/index.php\/bourse-jeunes\/\" \/>\n<meta property=\"og:site_name\" content=\"Ville de Brive\" \/>\n<meta property=\"article:modified_time\" content=\"2024-09-20T13:43:20+00:00\" \/>\n<meta name=\"twitter:card\" content=\"summary_large_image\" \/>\n<meta name=\"twitter:label1\" content=\"Dur\u00e9e de lecture estim\u00e9e\" \/>\n\t<meta name=\"twitter:data1\" content=\"3 minutes\" \/>\n<script type=\"application\/ld+json\" class=\"yoast-schema-graph\">{\"@context\":\"https:\/\/schema.org\",\"@graph\":[{\"@type\":\"WebSite\",\"@id\":\"http:\/\/740jw955i52c.brive.org\/#website\",\"url\":\"http:\/\/740jw955i52c.brive.org\/\",\"name\":\"Ville de Brive\",\"description\":\"Bienvenue sur le site de la ville de Brive-la-Gaillarde. Vous y trouverez l&#039;actualit\\u00e9 de la commune, des informations pratiques et vos d\\u00e9marches administratives.\",\"potentialAction\":[{\"@type\":\"SearchAction\",\"target\":{\"@type\":\"EntryPoint\",\"urlTemplate\":\"http:\/\/740jw955i52c.brive.org\/?s={search_term_string}\"},\"query-input\":\"required name=search_term_string\"}],\"inLanguage\":\"fr-FR\"},{\"@type\":\"WebPage\",\"@id\":\"http:\/\/740jw955i52c.brive.org\/index.php\/bourse-jeunes\/#webpage\",\"url\":\"http:\/\/740jw955i52c.brive.org\/index.php\/bourse-jeunes\/\",\"name\":\"Bourse jeunes - Ville de Brive\",\"isPartOf\":{\"@id\":\"http:\/\/740jw955i52c.brive.org\/#website\"},\"datePublished\":\"2016-06-27T07:32:14+00:00\",\"dateModified\":\"2024-09-20T13:43:20+00:00\",\"breadcrumb\":{\"@id\":\"http:\/\/740jw955i52c.brive.org\/index.php\/bourse-jeunes\/#breadcrumb\"},\"inLanguage\":\"fr-FR\",\"potentialAction\":[{\"@type\":\"ReadAction\",\"target\":[\"http:\/\/740jw955i52c.brive.org\/index.php\/bourse-jeunes\/\"]}]},{\"@type\":\"BreadcrumbList\",\"@id\":\"http:\/\/740jw955i52c.brive.org\/index.php\/bourse-jeunes\/#breadcrumb\",\"itemListElement\":[{\"@type\":\"ListItem\",\"position\":1,\"name\":\"Accueil\",\"item\":\"http:\/\/740jw955i52c.brive.org\/\"},{\"@type\":\"ListItem\",\"position\":2,\"name\":\"Bourse jeunes\"}]}]}<\/script>\n<!-- \/ Yoast SEO plugin. -->","yoast_head_json":{"title":"Bourse jeunes - Ville de Brive","robots":{"index":"index","follow":"follow","max-snippet":"max-snippet:-1","max-image-preview":"max-image-preview:large","max-video-preview":"max-video-preview:-1"},"canonical":"http:\/\/740jw955i52c.brive.org\/index.php\/bourse-jeunes\/","og_locale":"fr_FR","og_type":"article","og_title":"Bourse jeunes - Ville de Brive","og_description":"[vc_row][vc_column][vc_tta_tabs style=&#8221;modern&#8221; active_section=&#8221;1&#8243;][vc_tta_section title=&#8221;La Bourse Jeunes&#8221; tab_id=&#8221;1485423519424-adb86693-0537&#8243;][vc_row_inner][vc_column_inner][vc_empty_space height=&#8221;20px&#8221;][vc_column_text] Cette aide financi\u00e8re a pour objectif d\u2019encourager les jeunes \u00e0 effectuer un stage ou un s\u00e9jour universitaire en dehors de leur ville ...","og_url":"http:\/\/740jw955i52c.brive.org\/index.php\/bourse-jeunes\/","og_site_name":"Ville de Brive","article_modified_time":"2024-09-20T13:43:20+00:00","twitter_card":"summary_large_image","twitter_misc":{"Dur\u00e9e de lecture estim\u00e9e":"3 minutes"},"schema":{"@context":"https:\/\/schema.org","@graph":[{"@type":"WebSite","@id":"http:\/\/740jw955i52c.brive.org\/#website","url":"http:\/\/740jw955i52c.brive.org\/","name":"Ville de Brive","description":"Bienvenue sur le site de la ville de Brive-la-Gaillarde. Vous y trouverez l&#039;actualit\u00e9 de la commune, des informations pratiques et vos d\u00e9marches administratives.","potentialAction":[{"@type":"SearchAction","target":{"@type":"EntryPoint","urlTemplate":"http:\/\/740jw955i52c.brive.org\/?s={search_term_string}"},"query-input":"required name=search_term_string"}],"inLanguage":"fr-FR"},{"@type":"WebPage","@id":"http:\/\/740jw955i52c.brive.org\/index.php\/bourse-jeunes\/#webpage","url":"http:\/\/740jw955i52c.brive.org\/index.php\/bourse-jeunes\/","name":"Bourse jeunes - Ville de Brive","isPartOf":{"@id":"http:\/\/740jw955i52c.brive.org\/#website"},"datePublished":"2016-06-27T07:32:14+00:00","dateModified":"2024-09-20T13:43:20+00:00","breadcrumb":{"@id":"http:\/\/740jw955i52c.brive.org\/index.php\/bourse-jeunes\/#breadcrumb"},"inLanguage":"fr-FR","potentialAction":[{"@type":"ReadAction","target":["http:\/\/740jw955i52c.brive.org\/index.php\/bourse-jeunes\/"]}]},{"@type":"BreadcrumbList","@id":"http:\/\/740jw955i52c.brive.org\/index.php\/bourse-jeunes\/#breadcrumb","itemListElement":[{"@type":"ListItem","position":1,"name":"Accueil","item":"http:\/\/740jw955i52c.brive.org\/"},{"@type":"ListItem","position":2,"name":"Bourse jeunes"}]}]}},"_links":{"self":[{"href":"http:\/\/740jw955i52c.brive.org\/index.php\/wp-json\/wp\/v2\/pages\/13526"}],"collection":[{"href":"http:\/\/740jw955i52c.brive.org\/index.php\/wp-json\/wp\/v2\/pages"}],"about":[{"href":"http:\/\/740jw955i52c.brive.org\/index.php\/wp-json\/wp\/v2\/types\/page"}],"author":[{"embeddable":true,"href":"http:\/\/740jw955i52c.brive.org\/index.php\/wp-json\/wp\/v2\/users\/3"}],"replies":[{"embeddable":true,"href":"http:\/\/740jw955i52c.brive.org\/index.php\/wp-json\/wp\/v2\/comments?post=13526"}],"version-history":[{"count":45,"href":"http:\/\/740jw955i52c.brive.org\/index.php\/wp-json\/wp\/v2\/pages\/13526\/revisions"}],"predecessor-version":[{"id":53469,"href":"http:\/\/740jw955i52c.brive.org\/index.php\/wp-json\/wp\/v2\/pages\/13526\/revisions\/53469"}],"wp:attachment":[{"href":"http:\/\/740jw955i52c.brive.org\/index.php\/wp-json\/wp\/v2\/media?parent=13526"}],"curies":[{"name":"wp","href":"https:\/\/api.w.org\/{rel}","templated":true}]}}