{"id":13494,"date":"2016-06-25T12:05:31","date_gmt":"2016-06-25T10:05:31","guid":{"rendered":"http:\/\/740jw955i52c.brive.org\/?page_id=13494"},"modified":"2024-06-28T14:02:25","modified_gmt":"2024-06-28T12:02:25","slug":"evenements-culturels","status":"publish","type":"page","link":"http:\/\/740jw955i52c.brive.org\/index.php\/evenements-culturels\/","title":{"rendered":"Grands \u00c9v\u00e9nements"},"content":{"rendered":"<p>[vc_row][vc_column][vc_row_inner][vc_column_inner][vc_video link=&#8221;https:\/\/youtu.be\/4JK9PZXf030&#8243;][\/vc_column_inner][\/vc_row_inner][\/vc_column][\/vc_row][vc_row][vc_column][\/vc_column][\/vc_row][vc_row][vc_column][vc_row_inner disable_element=&#8221;yes&#8221;][vc_column_inner width=&#8221;1\/2&#8243;][vc_single_image image=&#8221;46096&#8243;][\/vc_column_inner][vc_column_inner width=&#8221;1\/2&#8243;][vc_btn title=&#8221;Fiche d&#8217;inscription&#8221; style=&#8221;outline&#8221; color=&#8221;primary&#8221; size=&#8221;lg&#8221; align=&#8221;center&#8221; i_icon_fontawesome=&#8221;fa fa-file-pdf-o&#8221; css_animation=&#8221;bounceIn&#8221; button_block=&#8221;true&#8221; add_icon=&#8221;true&#8221; link=&#8221;url:http%3A%2F%2F740jw955i52c.brive.org%2Fwp-content%2Fuploads%2F2023%2F02%2FInscription-Fete-de-la-musique-2023.pdf||target:%20_blank|&#8221;][vc_cta h2=&#8221;Mercredi 21 juin 2023, faites de la musique !&#8221; style=&#8221;outline&#8221; color=&#8221;juicy-pink&#8221;]Musiciens, vous voulez participer \u00e0 la prochaine <strong>F\u00eate de la musique<\/strong>. \u00c0 retourner avant le 2 avril pour vous inscrire.<\/p>\n<p>Plus d\u2019infos : Les Studios <span id=\"page241R_mcid21\" class=\"markedContent\"><span dir=\"ltr\" role=\"presentation\">au <strong>05.55.22.47.02<\/strong> ou par mail <a href=\"mailto:studios@brive.fr\" target=\"_blank\" rel=\"noopener\">studios@brive.fr<\/a><\/span><\/span>[\/vc_cta][\/vc_column_inner][\/vc_row_inner][\/vc_column][\/vc_row][vc_row][vc_column][vc_tta_accordion style=&#8221;outline&#8221; shape=&#8221;square&#8221; color=&#8221;sky&#8221; c_icon=&#8221;triangle&#8221; active_section=&#8221;&#8221; no_fill=&#8221;true&#8221; collapsible_all=&#8221;true&#8221;][vc_tta_section title=&#8221;La Nuit des conservatoires (Janvier)&#8221; tab_id=&#8221;1711555763973-df02b437-039a&#8221;][vc_row_inner][vc_column_inner width=&#8221;1\/2&#8243;][vc_column_text]<\/p>\n<div class=\"xyinxu5 x4uap5 x1g2khh7 xkhd6sd\"><span class=\"x193iq5w xeuugli x13faqbe x1vvkbs x1xmvt09 x1lliihq x1s928wv xhkezso x1gmr53x x1cpjm7i x1fgarty x1943h6x xudqn12 x3x7a5m x6prxxf xvq8zen xo1l8bm xzsf02u\" dir=\"auto\"><span class=\"x3nfvp2 x1j61x8r x1fcty0u xdj266r xhhsvwb xat24cr xgzva0m xxymvpz xlup9mm x1kky2od\"><img decoding=\"async\" loading=\"lazy\" class=\"xz74otr\" src=\"https:\/\/static.xx.fbcdn.net\/images\/emoji.php\/v9\/tcc\/1\/16\/1f3bc.png\" alt=\"\ud83c\udfbc\" width=\"16\" height=\"16\" \/><\/span> La Nuit des Conservatoires <span class=\"x3nfvp2 x1j61x8r x1fcty0u xdj266r xhhsvwb xat24cr xgzva0m xxymvpz xlup9mm x1kky2od\"><img decoding=\"async\" loading=\"lazy\" class=\"xz74otr\" src=\"https:\/\/static.xx.fbcdn.net\/images\/emoji.php\/v9\/t12\/1\/16\/1fa70.png\" alt=\"\ud83e\ude70\" width=\"16\" height=\"16\" \/><\/span> D\u00e9couvrir, de nuit, les disciplines artistiques enseign\u00e9es le jour : musique, danse, th\u00e9\u00e2tre <span class=\"x3nfvp2 x1j61x8r x1fcty0u xdj266r xhhsvwb xat24cr xgzva0m xxymvpz xlup9mm x1kky2od\"><img decoding=\"async\" loading=\"lazy\" class=\"xz74otr\" src=\"https:\/\/static.xx.fbcdn.net\/images\/emoji.php\/v9\/t5c\/1\/16\/1f5d3.png\" alt=\"\ud83d\uddd3\ufe0f\" width=\"16\" height=\"16\" \/><\/span> Vendredi 26 Janvier 2024 \u00e0 partir de 18h30 et jusqu&#8217;\u00e0 23h30 <span class=\"x3nfvp2 x1j61x8r x1fcty0u xdj266r xhhsvwb xat24cr xgzva0m xxymvpz xlup9mm x1kky2od\"><img decoding=\"async\" loading=\"lazy\" class=\"xz74otr\" src=\"https:\/\/static.xx.fbcdn.net\/images\/emoji.php\/v9\/t2d\/1\/16\/1f4cd.png\" alt=\"\ud83d\udccd\" width=\"16\" height=\"16\" \/><\/span> au Conservatoire de Brive <span class=\"x3nfvp2 x1j61x8r x1fcty0u xdj266r xhhsvwb xat24cr xgzva0m xxymvpz xlup9mm x1kky2od\"><img decoding=\"async\" loading=\"lazy\" class=\"xz74otr\" src=\"https:\/\/static.xx.fbcdn.net\/images\/emoji.php\/v9\/t57\/1\/16\/1f609.png\" alt=\"\ud83d\ude09\" width=\"16\" height=\"16\" \/><\/span> Entr\u00e9e libre et gratuite <\/span><\/div>\n<div class=\"xyinxu5 x4uap5 x1g2khh7 xkhd6sd\"><span class=\"x193iq5w xeuugli x13faqbe x1vvkbs x1xmvt09 x1lliihq x1s928wv xhkezso x1gmr53x x1cpjm7i x1fgarty x1943h6x xudqn12 x3x7a5m x6prxxf xvq8zen xo1l8bm xzsf02u\" dir=\"auto\"><br \/>\n<span class=\"x3nfvp2 x1j61x8r x1fcty0u xdj266r xhhsvwb xat24cr xgzva0m xxymvpz xlup9mm x1kky2od\"><img decoding=\"async\" loading=\"lazy\" class=\"xz74otr\" src=\"https:\/\/static.xx.fbcdn.net\/images\/emoji.php\/v9\/t40\/1\/16\/25b6.png\" alt=\"\u25b6\ufe0f\" width=\"16\" height=\"16\" \/><\/span> <a class=\"x1i10hfl xjbqb8w x1ejq31n xd10rxx x1sy0etr x17r0tee x972fbf xcfux6l x1qhh985 xm0m39n x9f619 x1ypdohk xt0psk2 xe8uvvx xdj266r x11i5rnm xat24cr x1mh8g0r xexx8yu x4uap5 x18d9i69 xkhd6sd x16tdsg8 x1hl2dhg xggy1nq x1a2a7pz xt0b8zv x1fey0fg\" role=\"link\" href=\"http:\/\/conservatoire.brive.fr\/?fbclid=IwAR0roulHlwR1NiKGTtdYXk6ye-h80MdAu8I1qFCF1nD3uiZTGrBmcWElKW0_aem_AWreemkynCZ1u5-2kVLEgBbS73lDcuJfRAfKQkz1hSheVZyAwO3SEd3b5fpsQbrHmhNsatd1YFQV-0trpvs5-12r\" target=\"_blank\" rel=\"nofollow noopener noreferrer\">http:\/\/conservatoire.brive.fr\/<\/a><\/span><\/div>\n<p>[\/vc_column_text][\/vc_column_inner][vc_column_inner width=&#8221;1\/2&#8243;][vc_single_image image=&#8221;52214&#8243;][\/vc_column_inner][\/vc_row_inner][\/vc_tta_section][vc_tta_section title=&#8221;Les Nuits de la Lecture (Janvier)&#8221; tab_id=&#8221;1711556406297-6e8f5c7a-0a77&#8243;][vc_row_inner][vc_column_inner width=&#8221;1\/2&#8243;][vc_column_text]<\/p>\n<div class=\"xyinxu5 x4uap5 x1g2khh7 xkhd6sd\"><span class=\"x193iq5w xeuugli x13faqbe x1vvkbs x1xmvt09 x1lliihq x1s928wv xhkezso x1gmr53x x1cpjm7i x1fgarty x1943h6x xudqn12 x3x7a5m x6prxxf xvq8zen xo1l8bm xzsf02u\" dir=\"auto\"><span class=\"x3nfvp2 x1j61x8r x1fcty0u xdj266r xhhsvwb xat24cr xgzva0m xxymvpz xlup9mm x1kky2od\"><img decoding=\"async\" loading=\"lazy\" class=\"xz74otr\" src=\"https:\/\/static.xx.fbcdn.net\/images\/emoji.php\/v9\/tae\/1\/16\/1f314.png\" alt=\"\ud83c\udf14\" width=\"16\" height=\"16\" \/><\/span> Nuits de la lecture 2024 <span class=\"x3nfvp2 x1j61x8r x1fcty0u xdj266r xhhsvwb xat24cr xgzva0m xxymvpz xlup9mm x1kky2od\"><img decoding=\"async\" loading=\"lazy\" class=\"xz74otr\" src=\"https:\/\/static.xx.fbcdn.net\/images\/emoji.php\/v9\/t49\/1\/16\/1f4da.png\" alt=\"\ud83d\udcda\" width=\"16\" height=\"16\" \/><\/span> \u00e0 la m\u00e9diath\u00e8que ce <\/span><\/div>\n<div class=\"xyinxu5 x4uap5 x1g2khh7 xkhd6sd\"><span class=\"x193iq5w xeuugli x13faqbe x1vvkbs x1xmvt09 x1lliihq x1s928wv xhkezso x1gmr53x x1cpjm7i x1fgarty x1943h6x xudqn12 x3x7a5m x6prxxf xvq8zen xo1l8bm xzsf02u\" dir=\"auto\"><span class=\"x3nfvp2 x1j61x8r x1fcty0u xdj266r xhhsvwb xat24cr xgzva0m xxymvpz xlup9mm x1kky2od\"><img decoding=\"async\" loading=\"lazy\" class=\"xz74otr\" src=\"https:\/\/static.xx.fbcdn.net\/images\/emoji.php\/v9\/t5c\/1\/16\/1f5d3.png\" alt=\"\ud83d\uddd3\ufe0f\" width=\"16\" height=\"16\" \/><\/span> Vendredi 19 janvier \u00e0 19H <span class=\"x3nfvp2 x1j61x8r x1fcty0u xdj266r xhhsvwb xat24cr xgzva0m xxymvpz xlup9mm x1kky2od\"><img decoding=\"async\" loading=\"lazy\" class=\"xz74otr\" src=\"https:\/\/static.xx.fbcdn.net\/images\/emoji.php\/v9\/tcc\/1\/16\/1f4dd.png\" alt=\"\ud83d\udcdd\" width=\"16\" height=\"16\" \/><\/span> <\/span><\/div>\n<div class=\"xyinxu5 x4uap5 x1g2khh7 xkhd6sd\"><span class=\"x193iq5w xeuugli x13faqbe x1vvkbs x1xmvt09 x1lliihq x1s928wv xhkezso x1gmr53x x1cpjm7i x1fgarty x1943h6x xudqn12 x3x7a5m x6prxxf xvq8zen xo1l8bm xzsf02u\" dir=\"auto\"><span class=\"x3nfvp2 x1j61x8r x1fcty0u xdj266r xhhsvwb xat24cr xgzva0m xxymvpz xlup9mm x1kky2od\"><img decoding=\"async\" loading=\"lazy\" class=\"xz74otr\" src=\"https:\/\/static.xx.fbcdn.net\/images\/emoji.php\/v9\/t9e\/1\/16\/1f4d6.png\" alt=\"\ud83d\udcd6\" width=\"16\" height=\"16\" \/><\/span> ainsi que lectures, animations et spectacles <\/span><\/div>\n<div class=\"xyinxu5 x4uap5 x1g2khh7 xkhd6sd\"><span class=\"x193iq5w xeuugli x13faqbe x1vvkbs x1xmvt09 x1lliihq x1s928wv xhkezso x1gmr53x x1cpjm7i x1fgarty x1943h6x xudqn12 x3x7a5m x6prxxf xvq8zen xo1l8bm xzsf02u\" dir=\"auto\"><span class=\"x3nfvp2 x1j61x8r x1fcty0u xdj266r xhhsvwb xat24cr xgzva0m xxymvpz xlup9mm x1kky2od\"><img decoding=\"async\" loading=\"lazy\" class=\"xz74otr\" src=\"https:\/\/static.xx.fbcdn.net\/images\/emoji.php\/v9\/t5c\/1\/16\/1f5d3.png\" alt=\"\ud83d\uddd3\ufe0f\" width=\"16\" height=\"16\" \/><\/span> Samedi 20 janvier d\u00e8s 18h <\/span><\/div>\n<div class=\"xyinxu5 x4uap5 x1g2khh7 xkhd6sd\"><span class=\"x193iq5w xeuugli x13faqbe x1vvkbs x1xmvt09 x1lliihq x1s928wv xhkezso x1gmr53x x1cpjm7i x1fgarty x1943h6x xudqn12 x3x7a5m x6prxxf xvq8zen xo1l8bm xzsf02u\" dir=\"auto\"><span class=\"x3nfvp2 x1j61x8r x1fcty0u xdj266r xhhsvwb xat24cr xgzva0m xxymvpz xlup9mm x1kky2od\"><img decoding=\"async\" loading=\"lazy\" class=\"xz74otr\" src=\"https:\/\/static.xx.fbcdn.net\/images\/emoji.php\/v9\/t40\/1\/16\/25b6.png\" alt=\"\u25b6\ufe0f\" width=\"16\" height=\"16\" \/><\/span> <a class=\"x1i10hfl xjbqb8w x1ejq31n xd10rxx x1sy0etr x17r0tee x972fbf xcfux6l x1qhh985 xm0m39n x9f619 x1ypdohk xt0psk2 xe8uvvx xdj266r x11i5rnm xat24cr x1mh8g0r xexx8yu x4uap5 x18d9i69 xkhd6sd x16tdsg8 x1hl2dhg xggy1nq x1a2a7pz xt0b8zv x1fey0fg\" role=\"link\" href=\"https:\/\/mediatheque.brive.fr\/?fbclid=IwAR0-gHy6eJ82FoPibs9DKSGmpNVjQoYWoxJjKr6mVVpXaPfvI5wBM7whU4c_aem_AWr2uKn4qkY0C8wvKPEE5E8ilMao4gK_CeNaOo0XbMfKwsQeuObv16kkQatDoA2zTagFGVJvZu5Inn-khJl8LXog\" target=\"_blank\" rel=\"nofollow noopener noreferrer\">https:\/\/mediatheque.brive.fr<\/a><\/span><\/div>\n<p>[\/vc_column_text][\/vc_column_inner][vc_column_inner width=&#8221;1\/2&#8243;][vc_single_image image=&#8221;52217&#8243;][\/vc_column_inner][\/vc_row_inner][\/vc_tta_section][vc_tta_section title=&#8221;La F\u00eate du court m\u00e9trage (Mars)&#8221; tab_id=&#8221;1676037776360-3f03eaaf-a675&#8243;][vc_row_inner][vc_column_inner width=&#8221;1\/2&#8243;][vc_single_image image=&#8221;52194&#8243;][\/vc_column_inner][vc_column_inner width=&#8221;1\/2&#8243;][vc_column_text]<strong>Du 20 au 26 mars 2024, Brive f\u00eate le court m\u00e9trage !<\/strong><\/p>\n<p>Dans les lieux culturels et les \u00e9tablissements scolaires, associ\u00e9s \u00e0 la manifestation, auront lieu des projections, des ateliers, des rencontres\u2026 propos\u00e9s par Les Yeux Verts. Une belle occasion de faire d\u00e9couvrir la diversit\u00e9 et la richesse du format court, aux petits comme aux grands !<\/p>\n<p><a href=\"https:\/\/www.lafeteducourt.com\/\" target=\"_blank\" rel=\"noopener\">\u25b6 https:\/\/www.lafeteducourt.com\/<\/a><\/p>\n<p>P\u00f4le d\u2019\u00e9ducation aux images, intervenant sur le territoire limousin, <strong>Les Yeux Verts<\/strong> a pour mission premi\u00e8re la mise en r\u00e9seau des partenaires culturels et des porteurs de projets autour du cin\u00e9ma. Il coordonne de nombreux dispositifs et met en place des ateliers de pratique artistique, des formations, plus particuli\u00e8rement en direction du jeune public.<\/p>\n<p><a href=\"https:\/\/www.lesyeuxverts.com\/\" target=\"_blank\" rel=\"noopener\">\u25b6 www.lesyeuxverts.com<\/a>[\/vc_column_text][\/vc_column_inner][\/vc_row_inner][\/vc_tta_section][vc_tta_section title=&#8221;Festival du Cin\u00e9ma de Brive (Avril)&#8221; tab_id=&#8221;1648626445480-bf939655-3225&#8243;][vc_row_inner][vc_column_inner width=&#8221;1\/2&#8243;][vc_single_image image=&#8221;52202&#8243;][\/vc_column_inner][vc_column_inner width=&#8221;1\/2&#8243;][vc_column_text]<\/p>\n<p style=\"text-align: justify\"><strong>Le festival du cin\u00e9ma de Brive<\/strong>, \u00e9galement intitul\u00e9 <strong>Rencontres internationales du moyen m\u00e9trage<\/strong>, est un festival cin\u00e9matographique annuel pr\u00e9sentant une s\u00e9lection de films de moyens m\u00e9trages et organisant des rencontres autour de ce format \u00e0 <strong>Brive-la-Gaillarde.<\/strong><\/p>\n<p><span class=\"st\">La <strong>21e \u00e9dition<\/strong> du <em>Festival<\/em> du <em>cin\u00e9ma<\/em> de <em>Brive<\/em> aura bien lieu <strong>d<span class=\"d2edcug0 hpfvmrgz qv66sw1b c1et5uql lr9zc1uh a8c37x1j keod5gw0 nxhoafnm aigsh9s9 d3f4x2em fe6kdd0r mau55g9w c8b282yb iv3no6db jq4qci2q a3bd9o3v knj5qynh oo9gr5id hzawbc8m\" dir=\"auto\"><span class=\"x193iq5w xeuugli x13faqbe x1vvkbs x1xmvt09 x1lliihq x1s928wv xhkezso x1gmr53x x1cpjm7i x1fgarty x1943h6x xudqn12 x3x7a5m x6prxxf xvq8zen xo1l8bm xzsf02u\" dir=\"auto\">u 8 au 13 avril 2024<\/span><\/span><\/strong><\/span><\/p>\n<p><a href=\"https:\/\/festivalcinemabrive.fr\/\" target=\"_blank\" rel=\"noopener\">\u25b6 festivalcinemabrive.fr<\/a>[\/vc_column_text][\/vc_column_inner][\/vc_row_inner][vc_row_inner][vc_column_inner width=&#8221;1\/2&#8243;][vc_raw_html]JTNDaWZyYW1lJTIwd2lkdGglM0QlMjI0NDAlMjIlMjBoZWlnaHQlM0QlMjI0NDAlMjIlMjBzcmMlM0QlMjJodHRwcyUzQSUyRiUyRnlvdXR1YmUuY29tJTJGZW1iZWQlMkZBMmFyZXRVeVlyOCUyMiUyMHRpdGxlJTNEJTIyWW91VHViZSUyMHZpZGVvJTIwcGxheWVyJTIyJTIwZnJhbWVib3JkZXIlM0QlMjIwJTIyJTIwYWxsb3clM0QlMjJhY2NlbGVyb21ldGVyJTNCJTIwYXV0b3BsYXklM0IlMjBjbGlwYm9hcmQtd3JpdGUlM0IlMjBlbmNyeXB0ZWQtbWVkaWElM0IlMjBneXJvc2NvcGUlM0IlMjBwaWN0dXJlLWluLXBpY3R1cmUlMjIlMjBhbGxvd2Z1bGxzY3JlZW4lM0UlM0MlMkZpZnJhbWUlM0U=[\/vc_raw_html][\/vc_column_inner][vc_column_inner width=&#8221;1\/2&#8243;][vc_raw_html]JTNDaWZyYW1lJTIwd2lkdGglM0QlMjI0NDAlMjIlMjBoZWlnaHQlM0QlMjI0NDAlMjIlMjBzcmMlM0QlMjJodHRwcyUzQSUyRiUyRnlvdXR1YmUuY29tJTJGZW1iZWQlMkZjR3NrcnQ5RWpDNCUyMiUyMHRpdGxlJTNEJTIyWW91VHViZSUyMHZpZGVvJTIwcGxheWVyJTIyJTIwZnJhbWVib3JkZXIlM0QlMjIwJTIyJTIwYWxsb3clM0QlMjJhY2NlbGVyb21ldGVyJTNCJTIwYXV0b3BsYXklM0IlMjBjbGlwYm9hcmQtd3JpdGUlM0IlMjBlbmNyeXB0ZWQtbWVkaWElM0IlMjBneXJvc2NvcGUlM0IlMjBwaWN0dXJlLWluLXBpY3R1cmUlMjIlMjBhbGxvd2Z1bGxzY3JlZW4lM0UlM0MlMkZpZnJhbWUlM0U=[\/vc_raw_html][\/vc_column_inner][\/vc_row_inner][\/vc_tta_section][vc_tta_section title=&#8221;Nuit Europ\u00e9enne des Mus\u00e9es (Mai)&#8221; tab_id=&#8221;1715605523596-95a92c5c-9c7f&#8221;][vc_row_inner][vc_column_inner width=&#8221;1\/2&#8243;][vc_column_text]<a href=\"http:\/\/740jw955i52c.brive.org\/wp-content\/uploads\/2024\/04\/Programme-Nuit-europeenne-des-musees-a-Brive-Samedi-18-mai-2024.pdf\" target=\"_blank\" rel=\"noopener\"><img decoding=\"async\" loading=\"lazy\" class=\"aligncenter size-full wp-image-52376\" src=\"http:\/\/740jw955i52c.brive.org\/wp-content\/uploads\/2024\/04\/Nuit-europeenne-des-musees-samedi-18-mai-2024-a-Brive.jpg\" alt=\"\" width=\"1056\" height=\"1500\" srcset=\"http:\/\/740jw955i52c.brive.org\/wp-content\/uploads\/2024\/04\/Nuit-europeenne-des-musees-samedi-18-mai-2024-a-Brive.jpg 1056w, http:\/\/740jw955i52c.brive.org\/wp-content\/uploads\/2024\/04\/Nuit-europeenne-des-musees-samedi-18-mai-2024-a-Brive-300x426.jpg 300w, http:\/\/740jw955i52c.brive.org\/wp-content\/uploads\/2024\/04\/Nuit-europeenne-des-musees-samedi-18-mai-2024-a-Brive-750x1065.jpg 750w, http:\/\/740jw955i52c.brive.org\/wp-content\/uploads\/2024\/04\/Nuit-europeenne-des-musees-samedi-18-mai-2024-a-Brive-200x284.jpg 200w, http:\/\/740jw955i52c.brive.org\/wp-content\/uploads\/2024\/04\/Nuit-europeenne-des-musees-samedi-18-mai-2024-a-Brive-600x852.jpg 600w, http:\/\/740jw955i52c.brive.org\/wp-content\/uploads\/2024\/04\/Nuit-europeenne-des-musees-samedi-18-mai-2024-a-Brive-916x1301.jpg 916w, http:\/\/740jw955i52c.brive.org\/wp-content\/uploads\/2024\/04\/Nuit-europeenne-des-musees-samedi-18-mai-2024-a-Brive-590x838.jpg 590w, http:\/\/740jw955i52c.brive.org\/wp-content\/uploads\/2024\/04\/Nuit-europeenne-des-musees-samedi-18-mai-2024-a-Brive-363x516.jpg 363w, http:\/\/740jw955i52c.brive.org\/wp-content\/uploads\/2024\/04\/Nuit-europeenne-des-musees-samedi-18-mai-2024-a-Brive-200x284@2x.jpg 400w\" sizes=\"(max-width: 1056px) 100vw, 1056px\" \/><\/a>[\/vc_column_text][\/vc_column_inner][vc_column_inner width=&#8221;1\/2&#8243;][vc_column_text]<strong>La nuit europ\u00e9enne des mus\u00e9es<\/strong> aura lieu le <strong>samedi 18 mai 2024<\/strong>. Ce soir-l\u00e0, de nombreux mus\u00e9es ouvriront gratuitement leurs portes en France et en Europe, de la tomb\u00e9e de la nuit jusqu&#8217;\u00e0 minuit. Visites \u00e9clair\u00e9es, parcours ludiques, projections, animations exceptionnelles donneront \u00e0 vivre au public une exp\u00e9rience du mus\u00e9e \u00e0 la fois conviviale et ludique.<\/p>\n<p><a href=\"https:\/\/nuitdesmusees.culture.gouv.fr\/\" target=\"_blank\" rel=\"noopener\">\u25b6 https:\/\/nuitdesmusees.culture.gouv.fr\/<\/a>[\/vc_column_text][vc_btn title=&#8221;T\u00e9l\u00e9chargez le programme&#8221; style=&#8221;outline&#8221; color=&#8221;danger&#8221; size=&#8221;lg&#8221; align=&#8221;center&#8221; i_icon_fontawesome=&#8221;fa fa-file-pdf-o&#8221; button_block=&#8221;true&#8221; add_icon=&#8221;true&#8221; link=&#8221;url:http%3A%2F%2F740jw955i52c.brive.org%2Fwp-content%2Fuploads%2F2024%2F04%2FProgramme-Nuit-europeenne-des-musees-a-Brive-Samedi-18-mai-2024.pdf||target:%20_blank|&#8221;][\/vc_column_inner][\/vc_row_inner][\/vc_tta_section][vc_tta_section title=&#8221;F\u00eate de la Musique (Juin)&#8221; tab_id=&#8221;1648627649386-248415b6-6af8&#8243;][vc_row_inner][vc_column_inner width=&#8221;1\/2&#8243;][vc_single_image image=&#8221;46096&#8243;][\/vc_column_inner][vc_column_inner width=&#8221;1\/2&#8243;][vc_single_image image=&#8221;46100&#8243;][\/vc_column_inner][\/vc_row_inner][vc_row_inner][vc_column_inner][vc_video link=&#8221;https:\/\/youtu.be\/2CLULokt78E&#8221;][\/vc_column_inner][\/vc_row_inner][\/vc_tta_section][vc_tta_section title=&#8221;Brive Festival (Juillet)&#8221; tab_id=&#8221;1648627218898-284b93a1-c67d&#8221;][vc_row_inner][vc_column_inner width=&#8221;1\/2&#8243;][vc_column_text]<\/p>\n<div class=\"x78zum5\">\n<div>\n<div class=\"xjyslct xjbqb8w x972fbf xcfux6l x1qhh985 xm0m39n x9f619 x1rg5ohu xdj266r x11i5rnm xat24cr x1mh8g0r xexx8yu x4uap5 x18d9i69 xkhd6sd x1n2onr6 x16tdsg8 xh8yej3\">\n<div class=\"x78zum5 xdt5ytf xwib8y2 x1y1aw1k\">\n<div class=\"x9f619 x1n2onr6 x1ja2u2z x78zum5 x2lah0s x1nhvcw1 x1cy8zhl xozqiw3 x1q0g3np x1pi30zi x1swvt13 xexx8yu xykv574 xbmpl8g x4cne27 xifccgj\">\n<div class=\"x9f619 x1n2onr6 x1ja2u2z x78zum5 xdt5ytf x193iq5w xeuugli x1r8uery x1iyjqo2 xs83m0k xamitd3 xsyo7zv x16hj40l x10b6aqq x1yrsyyn\">\n<div class=\"x78zum5 xdt5ytf xz62fqu x16ldp7u\">\n<div class=\"xu06os2 x1ok221b\">\n<div class=\"x78zum5 xdt5ytf xz62fqu x16ldp7u\">\n<div class=\"xu06os2 x1ok221b\">\n<div class=\"x11i5rnm xat24cr x1mh8g0r x1vvkbs xdj266r\">\n<h1>Festival de Musique &#8211; urbain et familial<\/h1>\n<div dir=\"auto\">\u00c9lu \u00ab Meilleur Festival de musique actuelle 2022 \u00bb !<\/div>\n<h2>En 2024 &#8211;&gt;<\/h2>\n<div dir=\"auto\">Au Parc des 3 Provinces &#8211; Brive (19)<\/div>\n<div dir=\"auto\"><strong>Du 11 au 14 juillet !<\/strong><\/div>\n<\/div>\n<\/div>\n<\/div>\n<\/div>\n<\/div>\n<\/div>\n<\/div>\n<\/div>\n<\/div>\n<\/div>\n<div class=\"x78zum5 x1gryazu x1pi30zi xz9dl7a\"><\/div>\n<\/div>\n<div class=\"x78zum5\">\n<div>\n<div class=\"xjyslct xjbqb8w x972fbf xcfux6l x1qhh985 xm0m39n x9f619 x1rg5ohu xdj266r x11i5rnm xat24cr x1mh8g0r xexx8yu x4uap5 x18d9i69 xkhd6sd x1n2onr6 x16tdsg8 xh8yej3\">\n<div class=\"x78zum5 xdt5ytf xwib8y2 x1y1aw1k\">\n<div class=\"x9f619 x1n2onr6 x1ja2u2z x78zum5 x2lah0s x1nhvcw1 x1cy8zhl xozqiw3 x1q0g3np x1pi30zi x1swvt13 xexx8yu xykv574 xbmpl8g x4cne27 xifccgj\">\n<div class=\"x9f619 x1n2onr6 x1ja2u2z x78zum5 xdt5ytf x2lah0s x193iq5w xeuugli xsyo7zv x16hj40l x10b6aqq x1yrsyyn\"><\/div>\n<div class=\"x9f619 x1n2onr6 x1ja2u2z x78zum5 xdt5ytf x193iq5w xeuugli x1r8uery x1iyjqo2 xs83m0k xamitd3 xsyo7zv x16hj40l x10b6aqq x1yrsyyn\">\n<div class=\"x78zum5 xdt5ytf xz62fqu x16ldp7u\">\n<div class=\"xu06os2 x1ok221b\">\n<div class=\"x78zum5 xdt5ytf xz62fqu x16ldp7u\">\n<div class=\"xu06os2 x1ok221b\">\n<div class=\"x11i5rnm xat24cr x1mh8g0r x1vvkbs xdj266r\">\n<div dir=\"auto\"><strong>Festival de musique<\/strong> \u00e0 taille humaine, accueillant tout aussi bien les artistes phares de la sc\u00e8ne nationale et internationale que les jeunes pousses de la r\u00e9gion. Au d\u00e9part simple animation estivale, Brive Festival a su grandir en 17 ans pour devenir l\u2019un des premiers festivals du Sud Ouest de la France. Sans perdre de vue sa vocation premi\u00e8re il a su proposer une programmation vari\u00e9e aux festivaliers, les pieds dans le sable d\u2019une plage recr\u00e9\u00e9e en centre-ville dans une ambiance festive et conviviale.<\/div>\n<div dir=\"auto\">Les artistes eux-m\u00eames se laissent volontiers charmer par cet endroit atypique, son bar, sa plage deviennent naturellement le point de rassemblement par excellence, o\u00f9 les \u00ab afters \u00bb r\u00e9servent chaque ann\u00e9e de nouvelles surprises\u2026<\/div>\n<\/div>\n<\/div>\n<\/div>\n<\/div>\n<\/div>\n<\/div>\n<\/div>\n<\/div>\n<\/div>\n<\/div>\n<\/div>\n<p><span style=\"color: #ff0000\"><strong><a style=\"color: #ff0000\" href=\"http:\/\/brivefestival.com\/\" target=\"_blank\" rel=\"noopener noreferrer\">\u25b6 brivefestival.com<\/a><\/strong><\/span>[\/vc_column_text][\/vc_column_inner][vc_column_inner width=&#8221;1\/2&#8243;][vc_single_image image=&#8221;52219&#8243;][\/vc_column_inner][\/vc_row_inner][\/vc_tta_section][vc_tta_section title=&#8221;Festival de la V\u00e9z\u00e8re (Juillet-Ao\u00fbt)&#8221; tab_id=&#8221;1648627158286-8b92b1e5-d505&#8243;][vc_row_inner][vc_column_inner][vc_single_image image=&#8221;52318&#8243;][\/vc_column_inner][\/vc_row_inner][vc_row_inner][vc_column_inner][vc_column_text]<\/p>\n<h1 style=\"background: white\">Festival de la V\u00e9z\u00e8re<\/h1>\n<h2>Le 43e Festival de la V\u00e9z\u00e8re aura lieu du 8 juillet au 12 ao\u00fbt 2024<\/h2>\n<div>Chaque \u00e9t\u00e9 \u00e0 Brive et dans les\u00a0villages de Corr\u00e8ze,<strong> pr\u00e8s de 8000 spectateurs<\/strong> se retrouvent pour partager la passion de la\u00a0musique.\u00a0150 artistes \u00e9taient r\u00e9unis en 2022 pour 19 \u00e9v\u00e9nements dans 13 lieux dont deux in\u00e9dits : <a href=\"https:\/\/www.facebook.com\/lesjardinsdecolette.correze\/?__cft__%5B0%5D=AZUXqszdIJDqGAvAjvnUV_BWkJXHQeDjqMi2CRUILRJ6j6EHyZIfRVqcT-MYIosd50O8U0FqhuRPK-eaCQRtedF80GKNtk4N8f3f4DQ7Q5Rp0Qt6iuZOB6p8y7ehA4XHQe7Pb-Bqa7vOQLA_bYiWNSfU&amp;__tn__=kK-R\" target=\"_blank\" rel=\"noopener noreferrer\">Les Jardins de Colette<\/a>\u00a0\u00e0 Varetz\u00a0et\u00a0<a href=\"https:\/\/www.facebook.com\/lespans\/?__cft__%5B0%5D=AZUXqszdIJDqGAvAjvnUV_BWkJXHQeDjqMi2CRUILRJ6j6EHyZIfRVqcT-MYIosd50O8U0FqhuRPK-eaCQRtedF80GKNtk4N8f3f4DQ7Q5Rp0Qt6iuZOB6p8y7ehA4XHQe7Pb-Bqa7vOQLA_bYiWNSfU&amp;__tn__=kK-R\" target=\"_blank\" rel=\"noopener noreferrer\">Les pans de Travassac<\/a>\u00a0\u00e0 Donzenac.<\/div>\n<div><\/div>\n<div>Programme et r\u00e9servations : <a href=\"https:\/\/www.festival-vezere.com\/\" target=\"_blank\" rel=\"noopener\">www.festival-vezere.com<\/a><\/div>\n<p>[\/vc_column_text][\/vc_column_inner][\/vc_row_inner][vc_row_inner][vc_column_inner][vc_single_image image=&#8221;49051&#8243;][\/vc_column_inner][\/vc_row_inner][vc_row_inner][vc_column_inner width=&#8221;1\/2&#8243;][vc_raw_html]JTNDaWZyYW1lJTIwd2lkdGglM0QlMjI0NDAlMjIlMjBoZWlnaHQlM0QlMjI0NDAlMjIlMjBzcmMlM0QlMjJodHRwcyUzQSUyRiUyRnlvdXR1YmUuY29tJTJGZW1iZWQlMkYwdUlYS1BSZ1MxVSUyMiUyMHRpdGxlJTNEJTIyWW91VHViZSUyMHZpZGVvJTIwcGxheWVyJTIyJTIwZnJhbWVib3JkZXIlM0QlMjIwJTIyJTIwYWxsb3clM0QlMjJhY2NlbGVyb21ldGVyJTNCJTIwYXV0b3BsYXklM0IlMjBjbGlwYm9hcmQtd3JpdGUlM0IlMjBlbmNyeXB0ZWQtbWVkaWElM0IlMjBneXJvc2NvcGUlM0IlMjBwaWN0dXJlLWluLXBpY3R1cmUlMjIlMjBhbGxvd2Z1bGxzY3JlZW4lM0UlM0MlMkZpZnJhbWUlM0U=[\/vc_raw_html][\/vc_column_inner][vc_column_inner width=&#8221;1\/2&#8243;][vc_raw_html]JTNDaWZyYW1lJTIwd2lkdGglM0QlMjI0NDAlMjIlMjBoZWlnaHQlM0QlMjI0NDAlMjIlMjBzcmMlM0QlMjJodHRwcyUzQSUyRiUyRnlvdXR1YmUuY29tJTJGZW1iZWQlMkZIZGg2bWVzMlotayUyMiUyMHRpdGxlJTNEJTIyWW91VHViZSUyMHZpZGVvJTIwcGxheWVyJTIyJTIwZnJhbWVib3JkZXIlM0QlMjIwJTIyJTIwYWxsb3clM0QlMjJhY2NlbGVyb21ldGVyJTNCJTIwYXV0b3BsYXklM0IlMjBjbGlwYm9hcmQtd3JpdGUlM0IlMjBlbmNyeXB0ZWQtbWVkaWElM0IlMjBneXJvc2NvcGUlM0IlMjBwaWN0dXJlLWluLXBpY3R1cmUlMjIlMjBhbGxvd2Z1bGxzY3JlZW4lM0UlM0MlMkZpZnJhbWUlM0U=[\/vc_raw_html][\/vc_column_inner][\/vc_row_inner][\/vc_tta_section][vc_tta_section title=&#8221;Festival de l&#8217;\u00e9levage \u00e0 Brive (Ao\u00fbt)&#8221; tab_id=&#8221;1677601479666-12a4513e-df52&#8243;][vc_video link=&#8221;https:\/\/youtu.be\/B4l6Dr_qjWU&#8221;][vc_column_text]<span class=\"yt-core-attributed-string yt-core-attributed-string--white-space-pre-wrap\" role=\"text\">? 31.000 Mercis ! Une \u00e9dition record ! ? La 53e \u00e9dition du Festival de l\u2019\u00e9levage, du bien \u00e9lever au bien manger est un succ\u00e8s ! ? Plus de 204 \u00e9leveurs ont fait le d\u00e9placement et plus de 400 b\u00eates ont \u00e9t\u00e9 accueillies sur une surface d\u2019exposition de plus de 10 000 m2 ?????????? Avec en plus cette ann\u00e9e cette ann\u00e9e un parrain hors norme : Guillaume Gomez ambassadeur de la Gastronomie fran\u00e7aise ! ?\u200d? Rendez-vous \u00e0 l&#8217;ann\u00e9e prochaine ! ? <\/span><\/p>\n<p><span class=\"yt-core-attributed-string yt-core-attributed-string--white-space-pre-wrap\" role=\"text\">&#8212; R\u00e9gion Nouvelle-Aquitaine \/ Corr\u00e8ze D\u00e9partement \/ Chambre d&#8217;agriculture de la Corr\u00e8ze \/ Groupama \/ Jeunes Agriculteurs Corr\u00e8ze \/ UNION PAYSANNE \/ Cr\u00e9dit Agricole Centre France \/ Interbev Nouvelle-Aquitaine \/ Les Tables Gaillardes \/ KBS Genetic \/ Coop\u00e9rative Capel \/ Temaco Contenants \/ TOTEM &#8211; Tous les tempos de la radio &#8212; <\/span><\/p>\n<p><span class=\"yt-core-attributed-string yt-core-attributed-string--white-space-pre-wrap\" role=\"text\">(R\u00e9alisation : \u00a9 ijicom &#8211; R\u00e9alisation : Nicolas Bonadei pour le service communication de la Ville de Brive 2022)<\/span>[\/vc_column_text][vc_row_inner][vc_column_inner width=&#8221;1\/2&#8243;][vc_video link=&#8221;https:\/\/youtu.be\/rUJW0vqEyJI&#8221;][\/vc_column_inner][vc_column_inner width=&#8221;1\/2&#8243;][vc_video link=&#8221;https:\/\/youtu.be\/t4MEC7UzPxM&#8221;][\/vc_column_inner][\/vc_row_inner][vc_row_inner][vc_column_inner width=&#8221;1\/2&#8243;][vc_video link=&#8221;https:\/\/youtu.be\/QJTTaNbDINg&#8221;][\/vc_column_inner][vc_column_inner width=&#8221;1\/2&#8243;][vc_video link=&#8221;https:\/\/youtu.be\/9uG5hMJvH8o&#8221;][\/vc_column_inner][\/vc_row_inner][\/vc_tta_section][vc_tta_section title=&#8221;Journ\u00e9es du Patrimoine (Septembre)&#8221; tab_id=&#8221;1648630613230-6cc8f8c3-986f&#8221;][vc_video link=&#8221;https:\/\/youtu.be\/9fM-_K2yn-0&#8243;][vc_column_text]<\/p>\n<h1><span class=\"yt-core-attributed-string yt-core-attributed-string--white-space-pre-wrap\" role=\"text\">Journ\u00e9es de la culture et du patrimoine de Brive <\/span><\/h1>\n<p><span class=\"yt-core-attributed-string yt-core-attributed-string--white-space-pre-wrap\" role=\"text\">C\u2019est un week-end tr\u00e8s \u00e9clectique et festif qui vous attend \u00e0 partir du village sur le parvis de la coll\u00e9giale et dans plus d\u2019une vingtaine de lieux. Profitant des habituelles journ\u00e9es europ\u00e9ennes du patrimoine, la Ville et les associations lancent les \u00ab <strong>Journ\u00e9es de la culture et du patrimoine de Briv<\/strong>e \u00bb. Une grande premi\u00e8re, enti\u00e8rement gratuite, avec visites guid\u00e9es, d\u00e9monstrations, conf\u00e9rences, ateliers, lectures, th\u00e9\u00e2tre et plein d\u2019autres rencontres et animations.<\/span><\/p>\n<p><span class=\"yt-core-attributed-string yt-core-attributed-string--white-space-pre-wrap\" role=\"text\">\u00a0<\/span>[\/vc_column_text][\/vc_tta_section][vc_tta_section title=&#8221;Foire du Livre de Brive (Novembre)&#8221; tab_id=&#8221;1648626445460-08d7cf7f-224e&#8221;][vc_column_text]<a href=\"http:\/\/740jw955i52c.brive.org\/wp-content\/uploads\/2024\/06\/Foire-du-Livre-de-Brive-2024-banniere.jpg\"><img decoding=\"async\" loading=\"lazy\" class=\"aligncenter size-full wp-image-52960\" src=\"http:\/\/740jw955i52c.brive.org\/wp-content\/uploads\/2024\/06\/Foire-du-Livre-de-Brive-2024-banniere.jpg\" alt=\"\" width=\"1420\" height=\"310\" srcset=\"http:\/\/740jw955i52c.brive.org\/wp-content\/uploads\/2024\/06\/Foire-du-Livre-de-Brive-2024-banniere.jpg 1420w, http:\/\/740jw955i52c.brive.org\/wp-content\/uploads\/2024\/06\/Foire-du-Livre-de-Brive-2024-banniere-300x65.jpg 300w, http:\/\/740jw955i52c.brive.org\/wp-content\/uploads\/2024\/06\/Foire-du-Livre-de-Brive-2024-banniere-750x164.jpg 750w, http:\/\/740jw955i52c.brive.org\/wp-content\/uploads\/2024\/06\/Foire-du-Livre-de-Brive-2024-banniere-200x44.jpg 200w, http:\/\/740jw955i52c.brive.org\/wp-content\/uploads\/2024\/06\/Foire-du-Livre-de-Brive-2024-banniere-600x131.jpg 600w, http:\/\/740jw955i52c.brive.org\/wp-content\/uploads\/2024\/06\/Foire-du-Livre-de-Brive-2024-banniere-916x200.jpg 916w, http:\/\/740jw955i52c.brive.org\/wp-content\/uploads\/2024\/06\/Foire-du-Livre-de-Brive-2024-banniere-590x129.jpg 590w, http:\/\/740jw955i52c.brive.org\/wp-content\/uploads\/2024\/06\/Foire-du-Livre-de-Brive-2024-banniere-363x79.jpg 363w, http:\/\/740jw955i52c.brive.org\/wp-content\/uploads\/2024\/06\/Foire-du-Livre-de-Brive-2024-banniere-200x44@2x.jpg 400w\" sizes=\"(max-width: 1420px) 100vw, 1420px\" \/><\/a>[\/vc_column_text][vc_column_text]<\/p>\n<h1>42e Foire du Livre de Brive<\/h1>\n<p>La <strong>42e \u00e9dition de la Foire du livre<\/strong> se d\u00e9roulera <strong>les 8, 9 et 10 novembre<\/strong> prochains, sous la pr\u00e9sidence du journaliste et \u00e9crivain <strong>J\u00e9r\u00f4me Garcin<\/strong>. Apr\u00e8s la rivi\u00e8re de livres en 2023, <strong>Mathieu Persan<\/strong> signe cette ann\u00e9e encore un visuel avec un ancrage fort. On y retrouve le phare de la Guierle bien connu dans la cit\u00e9 et le style \u00e9pur\u00e9 et retro qui le caract\u00e9rise. M\u00e9taphorique et po\u00e9tique, <strong>cette affiche fait l&#8217;\u00e9loge de la lecture<\/strong> qui, \u00e0 l\u2019instar du phare, montre le cap et nous \u00e9l\u00e8ve.<\/p>\n<p>Comme l\u2019an dernier, la <strong>Halle Brassens<\/strong> accueillera la litt\u00e9rature g\u00e9n\u00e9rale, tandis que la jeunesse et la bande dessin\u00e9e seront \u00e0 l\u2019honneur \u00e0 l\u2019<strong>Espace des Trois provinces<\/strong>.<\/p>\n<p><a href=\"http:\/\/www.foiredulivredebrive.net\" target=\"_blank\" rel=\"noopener\"><span id=\"page241R_mcid21\" class=\"markedContent\"><span dir=\"ltr\" role=\"presentation\">foiredulivredebrive.net<\/span><\/span><\/a>[\/vc_column_text][vc_row_inner][vc_column_inner width=&#8221;1\/2&#8243;][vc_single_image image=&#8221;52962&#8243; onclick=&#8221;zoom&#8221;][\/vc_column_inner][vc_column_inner width=&#8221;1\/2&#8243;][vc_btn title=&#8221;\u25b6 Communiqu\u00e9 de Presse (13\/05\/2024)&#8221; style=&#8221;outline&#8221; color=&#8221;primary&#8221; size=&#8221;lg&#8221; align=&#8221;left&#8221; i_icon_fontawesome=&#8221;fa fa-file-pdf-o&#8221; css_animation=&#8221;bounceIn&#8221; button_block=&#8221;true&#8221; add_icon=&#8221;true&#8221; link=&#8221;url:http%3A%2F%2F740jw955i52c.brive.org%2Fwp-content%2Fuploads%2F2024%2F05%2FFoire-du-Livre-de-Brive-2024-CP-President.pdf||target:%20_blank|&#8221;][vc_btn title=&#8221;\u25b6 Communiqu\u00e9 de Presse (28\/06\/2024)&#8221; style=&#8221;outline&#8221; color=&#8221;primary&#8221; size=&#8221;lg&#8221; align=&#8221;left&#8221; i_icon_fontawesome=&#8221;fa fa-file-pdf-o&#8221; css_animation=&#8221;bounceIn&#8221; button_block=&#8221;true&#8221; add_icon=&#8221;true&#8221; link=&#8221;url:http%3A%2F%2F740jw955i52c.brive.org%2Fwp-content%2Fuploads%2F2024%2F06%2FFDL24-CP-Affiche.pdf||target:%20_blank|&#8221;][\/vc_column_inner][\/vc_row_inner][vc_row_inner][vc_column_inner width=&#8221;1\/2&#8243;][vc_video link=&#8221;https:\/\/youtu.be\/ZXgXtzLO4Fk&#8221;][\/vc_column_inner][vc_column_inner width=&#8221;1\/2&#8243;][vc_video link=&#8221;https:\/\/youtu.be\/1BJjEQnJG4k&#8221;][\/vc_column_inner][\/vc_row_inner][vc_row_inner][vc_column_inner width=&#8221;1\/2&#8243;][vc_video link=&#8221;https:\/\/youtu.be\/V1QIhAk7UEM&#8221;][\/vc_column_inner][vc_column_inner width=&#8221;1\/2&#8243;][vc_video link=&#8221;https:\/\/youtu.be\/_zJXjmJ_GdM&#8221;][\/vc_column_inner][\/vc_row_inner][vc_row_inner][vc_column_inner width=&#8221;1\/2&#8243;][vc_video link=&#8221;https:\/\/youtu.be\/v6flvHEu66U&#8221;][\/vc_column_inner][vc_column_inner width=&#8221;1\/2&#8243;][vc_video link=&#8221;https:\/\/youtu.be\/blWJSdVsyhc&#8221;][\/vc_column_inner][\/vc_row_inner][\/vc_tta_section][vc_tta_section title=&#8221;Brive f\u00eate No\u00ebl (D\u00e9cembre)&#8221; tab_id=&#8221;1677600311269-b556bdbe-e6d7&#8243;][vc_video link=&#8221;https:\/\/youtu.be\/5jlLQ01gYkg&#8221;][vc_video link=&#8221;https:\/\/youtu.be\/hX4IWJmmi_o&#8221;][vc_video link=&#8221;https:\/\/youtu.be\/nFqvWiacrmE&#8221;][vc_video link=&#8221;https:\/\/youtu.be\/wUj7vHiUXJM&#8221;][\/vc_tta_section][\/vc_tta_accordion][\/vc_column][\/vc_row][vc_row][vc_column width=&#8221;1\/4&#8243;][vc_btn title=&#8221;Retour&#8221; style=&#8221;classic&#8221; size=&#8221;sm&#8221; align=&#8221;left&#8221; link=&#8221;url:http%3A%2F%2F740jw955i52c.brive.org%2Findex.php%2Fculture1%2F||&#8221;][\/vc_column][vc_column width=&#8221;3\/4&#8243;][\/vc_column][\/vc_row][vc_row disable_element=&#8221;yes&#8221;][vc_column][vc_column_text]<\/p>\n<h4 class=\"blog-title\">Le concert du nouvel an donne \u00e0 voir le conservatoire tel qu\u2019il est vraiment<\/h4>\n<p><img decoding=\"async\" loading=\"lazy\" class=\"alignnone size-full wp-image-46132\" src=\"http:\/\/740jw955i52c.brive.org\/wp-content\/uploads\/2022\/03\/concert-du-nouvel-an-Ville-de-Brive.jpg\" alt=\"\" width=\"850\" height=\"302\" srcset=\"http:\/\/740jw955i52c.brive.org\/wp-content\/uploads\/2022\/03\/concert-du-nouvel-an-Ville-de-Brive.jpg 850w, http:\/\/740jw955i52c.brive.org\/wp-content\/uploads\/2022\/03\/concert-du-nouvel-an-Ville-de-Brive-300x107.jpg 300w, http:\/\/740jw955i52c.brive.org\/wp-content\/uploads\/2022\/03\/concert-du-nouvel-an-Ville-de-Brive-750x266.jpg 750w, http:\/\/740jw955i52c.brive.org\/wp-content\/uploads\/2022\/03\/concert-du-nouvel-an-Ville-de-Brive-200x71.jpg 200w, http:\/\/740jw955i52c.brive.org\/wp-content\/uploads\/2022\/03\/concert-du-nouvel-an-Ville-de-Brive-600x213.jpg 600w, http:\/\/740jw955i52c.brive.org\/wp-content\/uploads\/2022\/03\/concert-du-nouvel-an-Ville-de-Brive-590x210.jpg 590w, http:\/\/740jw955i52c.brive.org\/wp-content\/uploads\/2022\/03\/concert-du-nouvel-an-Ville-de-Brive-363x129.jpg 363w, http:\/\/740jw955i52c.brive.org\/wp-content\/uploads\/2022\/03\/concert-du-nouvel-an-Ville-de-Brive-200x71@2x.jpg 400w\" sizes=\"(max-width: 850px) 100vw, 850px\" \/><\/p>\n<p>Pr\u00e8s de <strong>300 musiciens, danseurs et artistes de 10 \u00e0 76 ans<\/strong> sont rassembl\u00e9s en janvier sur la sc\u00e8ne de l\u2019Espace des trois provinces pour le traditionnel <strong>concert du nouvel an<\/strong>. Si la <strong>qualit\u00e9 et le succ\u00e8s<\/strong> ont fait de ce spectacle un \u00e9v\u00e9nement incontournable dans la cit\u00e9, ce concert a aussi cette autre vertu de montrer le conservatoire tel qu\u2019il est vraiment : tourn\u00e9 vers <strong>la pratique collective, le faire ensemble<\/strong>.[\/vc_column_text][vc_video link=&#8221;https:\/\/youtu.be\/RPv-YLcf_QY&#8221;][\/vc_column][\/vc_row]<\/p>\n","protected":false},"excerpt":{"rendered":"<p>[vc_row][vc_column][vc_row_inner][vc_column_inner][vc_video link=&#8221;https:\/\/youtu.be\/4JK9PZXf030&#8243;][\/vc_column_inner][\/vc_row_inner][\/vc_column][\/vc_row][vc_row][vc_column][\/vc_column][\/vc_row][vc_row][vc_column][vc_row_inner disable_element=&#8221;yes&#8221;][vc_column_inner width=&#8221;1\/2&#8243;][vc_single_image image=&#8221;46096&#8243;][\/vc_column_inner][vc_column_inner width=&#8221;1\/2&#8243;][vc_btn title=&#8221;Fiche d&#8217;inscription&#8221; style=&#8221;outline&#8221; color=&#8221;primary&#8221; size=&#8221;lg&#8221; align=&#8221;center&#8221; i_icon_fontawesome=&#8221;fa fa-file-pdf-o&#8221; css_animation=&#8221;bounceIn&#8221; button_block=&#8221;true&#8221; add_icon=&#8221;true&#8221; link=&#8221;url:http%3A%2F%2F740jw955i52c.brive.org%2Fwp-content%2Fuploads%2F2023%2F02%2FInscription-Fete-de-la-musique-2023.pdf||target:%20_blank|&#8221;][vc_cta h2=&#8221;Mercredi 21 juin 2023, faites de la musique !&#8221; style=&#8221;outline&#8221; color=&#8221;juicy-pink&#8221;]Musiciens, vous &#8230; <\/p>\n","protected":false},"author":3,"featured_media":0,"parent":0,"menu_order":1,"comment_status":"closed","ping_status":"closed","template":"","meta":[],"yoast_head":"<!-- This site is optimized with the Yoast SEO plugin v17.8 - https:\/\/yoast.com\/wordpress\/plugins\/seo\/ -->\n<title>Grands \u00c9v\u00e9nements - Ville de Brive<\/title>\n<meta name=\"robots\" content=\"index, follow, max-snippet:-1, max-image-preview:large, max-video-preview:-1\" \/>\n<link rel=\"canonical\" href=\"http:\/\/740jw955i52c.brive.org\/index.php\/evenements-culturels\/\" \/>\n<meta property=\"og:locale\" content=\"fr_FR\" \/>\n<meta property=\"og:type\" content=\"article\" \/>\n<meta property=\"og:title\" content=\"Grands \u00c9v\u00e9nements - Ville de Brive\" \/>\n<meta property=\"og:description\" content=\"[vc_row][vc_column][vc_row_inner][vc_column_inner][vc_video link=&#8221;https:\/\/youtu.be\/4JK9PZXf030&#8243;][\/vc_column_inner][\/vc_row_inner][\/vc_column][\/vc_row][vc_row][vc_column][\/vc_column][\/vc_row][vc_row][vc_column][vc_row_inner disable_element=&#8221;yes&#8221;][vc_column_inner width=&#8221;1\/2&#8243;][vc_single_image image=&#8221;46096&#8243;][\/vc_column_inner][vc_column_inner width=&#8221;1\/2&#8243;][vc_btn title=&#8221;Fiche d&#8217;inscription&#8221; style=&#8221;outline&#8221; color=&#8221;primary&#8221; size=&#8221;lg&#8221; align=&#8221;center&#8221; i_icon_fontawesome=&#8221;fa fa-file-pdf-o&#8221; css_animation=&#8221;bounceIn&#8221; button_block=&#8221;true&#8221; add_icon=&#8221;true&#8221; link=&#8221;url:http%3A%2F%2F740jw955i52c.brive.org%2Fwp-content%2Fuploads%2F2023%2F02%2FInscription-Fete-de-la-musique-2023.pdf||target:%20_blank|&#8221;][vc_cta h2=&#8221;Mercredi 21 juin 2023, faites de la musique !&#8221; style=&#8221;outline&#8221; color=&#8221;juicy-pink&#8221;]Musiciens, vous ...\" \/>\n<meta property=\"og:url\" content=\"http:\/\/740jw955i52c.brive.org\/index.php\/evenements-culturels\/\" \/>\n<meta property=\"og:site_name\" content=\"Ville de Brive\" \/>\n<meta property=\"article:modified_time\" content=\"2024-06-28T12:02:25+00:00\" \/>\n<meta property=\"og:image\" content=\"https:\/\/static.xx.fbcdn.net\/images\/emoji.php\/v9\/tcc\/1\/16\/1f3bc.png\" \/>\n<meta name=\"twitter:card\" content=\"summary_large_image\" \/>\n<meta name=\"twitter:label1\" content=\"Dur\u00e9e de lecture estim\u00e9e\" \/>\n\t<meta name=\"twitter:data1\" content=\"6 minutes\" \/>\n<script type=\"application\/ld+json\" class=\"yoast-schema-graph\">{\"@context\":\"https:\/\/schema.org\",\"@graph\":[{\"@type\":\"WebSite\",\"@id\":\"http:\/\/740jw955i52c.brive.org\/#website\",\"url\":\"http:\/\/740jw955i52c.brive.org\/\",\"name\":\"Ville de Brive\",\"description\":\"Bienvenue sur le site de la ville de Brive-la-Gaillarde. Vous y trouverez l&#039;actualit\\u00e9 de la commune, des informations pratiques et vos d\\u00e9marches administratives.\",\"potentialAction\":[{\"@type\":\"SearchAction\",\"target\":{\"@type\":\"EntryPoint\",\"urlTemplate\":\"http:\/\/740jw955i52c.brive.org\/?s={search_term_string}\"},\"query-input\":\"required name=search_term_string\"}],\"inLanguage\":\"fr-FR\"},{\"@type\":\"ImageObject\",\"@id\":\"http:\/\/740jw955i52c.brive.org\/index.php\/evenements-culturels\/#primaryimage\",\"inLanguage\":\"fr-FR\",\"url\":\"https:\/\/static.xx.fbcdn.net\/images\/emoji.php\/v9\/tcc\/1\/16\/1f3bc.png\",\"contentUrl\":\"https:\/\/static.xx.fbcdn.net\/images\/emoji.php\/v9\/tcc\/1\/16\/1f3bc.png\"},{\"@type\":\"WebPage\",\"@id\":\"http:\/\/740jw955i52c.brive.org\/index.php\/evenements-culturels\/#webpage\",\"url\":\"http:\/\/740jw955i52c.brive.org\/index.php\/evenements-culturels\/\",\"name\":\"Grands \\u00c9v\\u00e9nements - Ville de Brive\",\"isPartOf\":{\"@id\":\"http:\/\/740jw955i52c.brive.org\/#website\"},\"primaryImageOfPage\":{\"@id\":\"http:\/\/740jw955i52c.brive.org\/index.php\/evenements-culturels\/#primaryimage\"},\"datePublished\":\"2016-06-25T10:05:31+00:00\",\"dateModified\":\"2024-06-28T12:02:25+00:00\",\"breadcrumb\":{\"@id\":\"http:\/\/740jw955i52c.brive.org\/index.php\/evenements-culturels\/#breadcrumb\"},\"inLanguage\":\"fr-FR\",\"potentialAction\":[{\"@type\":\"ReadAction\",\"target\":[\"http:\/\/740jw955i52c.brive.org\/index.php\/evenements-culturels\/\"]}]},{\"@type\":\"BreadcrumbList\",\"@id\":\"http:\/\/740jw955i52c.brive.org\/index.php\/evenements-culturels\/#breadcrumb\",\"itemListElement\":[{\"@type\":\"ListItem\",\"position\":1,\"name\":\"Accueil\",\"item\":\"http:\/\/740jw955i52c.brive.org\/\"},{\"@type\":\"ListItem\",\"position\":2,\"name\":\"Grands \\u00c9v\\u00e9nements\"}]}]}<\/script>\n<!-- \/ Yoast SEO plugin. -->","yoast_head_json":{"title":"Grands \u00c9v\u00e9nements - Ville de Brive","robots":{"index":"index","follow":"follow","max-snippet":"max-snippet:-1","max-image-preview":"max-image-preview:large","max-video-preview":"max-video-preview:-1"},"canonical":"http:\/\/740jw955i52c.brive.org\/index.php\/evenements-culturels\/","og_locale":"fr_FR","og_type":"article","og_title":"Grands \u00c9v\u00e9nements - Ville de Brive","og_description":"[vc_row][vc_column][vc_row_inner][vc_column_inner][vc_video link=&#8221;https:\/\/youtu.be\/4JK9PZXf030&#8243;][\/vc_column_inner][\/vc_row_inner][\/vc_column][\/vc_row][vc_row][vc_column][\/vc_column][\/vc_row][vc_row][vc_column][vc_row_inner disable_element=&#8221;yes&#8221;][vc_column_inner width=&#8221;1\/2&#8243;][vc_single_image image=&#8221;46096&#8243;][\/vc_column_inner][vc_column_inner width=&#8221;1\/2&#8243;][vc_btn title=&#8221;Fiche d&#8217;inscription&#8221; style=&#8221;outline&#8221; color=&#8221;primary&#8221; size=&#8221;lg&#8221; align=&#8221;center&#8221; i_icon_fontawesome=&#8221;fa fa-file-pdf-o&#8221; css_animation=&#8221;bounceIn&#8221; button_block=&#8221;true&#8221; add_icon=&#8221;true&#8221; link=&#8221;url:http%3A%2F%2F740jw955i52c.brive.org%2Fwp-content%2Fuploads%2F2023%2F02%2FInscription-Fete-de-la-musique-2023.pdf||target:%20_blank|&#8221;][vc_cta h2=&#8221;Mercredi 21 juin 2023, faites de la musique !&#8221; style=&#8221;outline&#8221; color=&#8221;juicy-pink&#8221;]Musiciens, vous ...","og_url":"http:\/\/740jw955i52c.brive.org\/index.php\/evenements-culturels\/","og_site_name":"Ville de Brive","article_modified_time":"2024-06-28T12:02:25+00:00","og_image":[{"url":"https:\/\/static.xx.fbcdn.net\/images\/emoji.php\/v9\/tcc\/1\/16\/1f3bc.png"}],"twitter_card":"summary_large_image","twitter_misc":{"Dur\u00e9e de lecture estim\u00e9e":"6 minutes"},"schema":{"@context":"https:\/\/schema.org","@graph":[{"@type":"WebSite","@id":"http:\/\/740jw955i52c.brive.org\/#website","url":"http:\/\/740jw955i52c.brive.org\/","name":"Ville de Brive","description":"Bienvenue sur le site de la ville de Brive-la-Gaillarde. Vous y trouverez l&#039;actualit\u00e9 de la commune, des informations pratiques et vos d\u00e9marches administratives.","potentialAction":[{"@type":"SearchAction","target":{"@type":"EntryPoint","urlTemplate":"http:\/\/740jw955i52c.brive.org\/?s={search_term_string}"},"query-input":"required name=search_term_string"}],"inLanguage":"fr-FR"},{"@type":"ImageObject","@id":"http:\/\/740jw955i52c.brive.org\/index.php\/evenements-culturels\/#primaryimage","inLanguage":"fr-FR","url":"https:\/\/static.xx.fbcdn.net\/images\/emoji.php\/v9\/tcc\/1\/16\/1f3bc.png","contentUrl":"https:\/\/static.xx.fbcdn.net\/images\/emoji.php\/v9\/tcc\/1\/16\/1f3bc.png"},{"@type":"WebPage","@id":"http:\/\/740jw955i52c.brive.org\/index.php\/evenements-culturels\/#webpage","url":"http:\/\/740jw955i52c.brive.org\/index.php\/evenements-culturels\/","name":"Grands \u00c9v\u00e9nements - Ville de Brive","isPartOf":{"@id":"http:\/\/740jw955i52c.brive.org\/#website"},"primaryImageOfPage":{"@id":"http:\/\/740jw955i52c.brive.org\/index.php\/evenements-culturels\/#primaryimage"},"datePublished":"2016-06-25T10:05:31+00:00","dateModified":"2024-06-28T12:02:25+00:00","breadcrumb":{"@id":"http:\/\/740jw955i52c.brive.org\/index.php\/evenements-culturels\/#breadcrumb"},"inLanguage":"fr-FR","potentialAction":[{"@type":"ReadAction","target":["http:\/\/740jw955i52c.brive.org\/index.php\/evenements-culturels\/"]}]},{"@type":"BreadcrumbList","@id":"http:\/\/740jw955i52c.brive.org\/index.php\/evenements-culturels\/#breadcrumb","itemListElement":[{"@type":"ListItem","position":1,"name":"Accueil","item":"http:\/\/740jw955i52c.brive.org\/"},{"@type":"ListItem","position":2,"name":"Grands \u00c9v\u00e9nements"}]}]}},"_links":{"self":[{"href":"http:\/\/740jw955i52c.brive.org\/index.php\/wp-json\/wp\/v2\/pages\/13494"}],"collection":[{"href":"http:\/\/740jw955i52c.brive.org\/index.php\/wp-json\/wp\/v2\/pages"}],"about":[{"href":"http:\/\/740jw955i52c.brive.org\/index.php\/wp-json\/wp\/v2\/types\/page"}],"author":[{"embeddable":true,"href":"http:\/\/740jw955i52c.brive.org\/index.php\/wp-json\/wp\/v2\/users\/3"}],"replies":[{"embeddable":true,"href":"http:\/\/740jw955i52c.brive.org\/index.php\/wp-json\/wp\/v2\/comments?post=13494"}],"version-history":[{"count":289,"href":"http:\/\/740jw955i52c.brive.org\/index.php\/wp-json\/wp\/v2\/pages\/13494\/revisions"}],"predecessor-version":[{"id":52968,"href":"http:\/\/740jw955i52c.brive.org\/index.php\/wp-json\/wp\/v2\/pages\/13494\/revisions\/52968"}],"wp:attachment":[{"href":"http:\/\/740jw955i52c.brive.org\/index.php\/wp-json\/wp\/v2\/media?parent=13494"}],"curies":[{"name":"wp","href":"https:\/\/api.w.org\/{rel}","templated":true}]}}